{"id":99,"date":"2023-03-27T08:39:27","date_gmt":"2023-03-27T08:39:27","guid":{"rendered":"http:\/\/baukultur.dclabs.ch\/?page_id=99"},"modified":"2026-01-19T14:37:33","modified_gmt":"2026-01-19T13:37:33","slug":"chi-siamo","status":"publish","type":"page","link":"https:\/\/baukulturschweiz.ch\/it\/chi-siamo\/","title":{"rendered":"Chi siamo"},"content":{"rendered":"<div data-elementor-type=\"wp-page\" data-elementor-id=\"99\" class=\"elementor elementor-99\" data-elementor-post-type=\"page\">\n\t\t\t\t<div class=\"elementor-element elementor-element-77eeaac e-con-full u-sidePadding e-flex e-con e-parent\" data-id=\"77eeaac\" data-element_type=\"container\">\n\t\t\t\t<div class=\"elementor-element elementor-element-a00f91a u-leadText elementor-widget elementor-widget-dcwi-text-block\" data-id=\"a00f91a\" data-element_type=\"widget\" data-widget_type=\"dcwi-text-block.default\">\n\t\t\t\t<div class=\"elementor-widget-container\">\n\t\t\t\t\t<div class=\"m-textBlock\" data-no-translation><p>Noi tutti facciamo parte della cultura della costruzione. Siamo noi che diamo forma al nostro ambiente di vita e, a sua volta, l\u2019ambiente antropico, vale a dire l\u2019ambiente che abbiamo progettato e creato, plasma le nostre esistenze. Riflettere su una cultura della costruzione di qualit\u00e0 significa quindi, anche e sempre, porsi due domande di fondo: \u00abCome vogliamo vivere?\u00bb e \u00abCome vogliamo risolvere le pi\u00f9 pressanti sfide sociali?\u00bb.<\/p>\n<p>La piattaforma web \u00abCultura della costruzione Svizzera\u00bb stimola il dibattito sul nostro ambiente antropico. Inoltre, affianca i diversi protagonisti attivi localmente e a livello internazionale, aiutandoli a intessere contatti, offre un palcoscenico dove scambiare saperi e conoscenze, ma anche uno spazio in cui trovare fonte di ispirazione.<\/p>\n<p>La piattaforma web \u00abCultura della costruzione Svizzera\u00bb \u00e8 un progetto in divenire. L\u2019idea nasce dalla volont\u00e0 comune di tre organismi: la Tavola rotonda Cultura della costruzione svizzera, istituita nel 2010, la Societ\u00e0 svizzera degli ingegneri e degli architetti (SIA) e l\u2019Ufficio federale della cultura (UFC).<\/p>\n<p>In seno al gruppo di lavoro responsabile della piattaforma web \u00abCultura della costruzione Svizzera\u00bb collaborano:<\/p>\n <\/div>\t\t\t\t<\/div>\n\t\t\t\t<\/div>\n\t\t\t\t<div class=\"elementor-element elementor-element-3cce8d6 elementor-widget elementor-widget-dcwi-content-block\" data-id=\"3cce8d6\" data-element_type=\"widget\" data-widget_type=\"dcwi-content-block.default\">\n\t\t\t\t<div class=\"elementor-widget-container\">\n\t\t\t\t\t        <div class=\"m-contentBlock   -borderTop\" data-no-translation>\n                        <div class=\"m-contentBlock__inner\">\n                <div class=\"m-contentBlock__imageWrapper\"><img fetchpriority=\"high\" decoding=\"async\" width=\"1600\" height=\"1000\" src=\"https:\/\/baukulturschweiz.ch\/wp-content\/uploads\/2024\/03\/SIA_113_bearbeitet-Kopie.jpg\" class=\"m-contentBlock__image\" alt=\"\" srcset=\"https:\/\/baukulturschweiz.ch\/wp-content\/uploads\/2024\/03\/SIA_113_bearbeitet-Kopie.jpg 1600w, https:\/\/baukulturschweiz.ch\/wp-content\/uploads\/2024\/03\/SIA_113_bearbeitet-Kopie-300x188.jpg 300w, https:\/\/baukulturschweiz.ch\/wp-content\/uploads\/2024\/03\/SIA_113_bearbeitet-Kopie-1024x640.jpg 1024w, https:\/\/baukulturschweiz.ch\/wp-content\/uploads\/2024\/03\/SIA_113_bearbeitet-Kopie-768x480.jpg 768w, https:\/\/baukulturschweiz.ch\/wp-content\/uploads\/2024\/03\/SIA_113_bearbeitet-Kopie-1536x960.jpg 1536w, https:\/\/baukulturschweiz.ch\/wp-content\/uploads\/2024\/03\/SIA_113_bearbeitet-Kopie-18x12.jpg 18w\" sizes=\"(max-width: 1600px) 100vw, 1600px\" \/><\/div>                <div class=\"m-contentBlock__content\">\n                    <p>Claudia Schwalfenberg<br \/>Societ\u00e0 svizzera degli ingegneri e degli architetti (SIA)<br \/>Caposervizio Temi prioritari<br \/>Responsabile Cultura della costruzione<\/p>\n                                    <\/div>\n            <\/div>\n        <\/div>\n        \t\t\t\t<\/div>\n\t\t\t\t<\/div>\n\t\t\t\t<div class=\"elementor-element elementor-element-b5ef269 elementor-widget elementor-widget-dcwi-content-block\" data-id=\"b5ef269\" data-element_type=\"widget\" data-widget_type=\"dcwi-content-block.default\">\n\t\t\t\t<div class=\"elementor-widget-container\">\n\t\t\t\t\t        <div class=\"m-contentBlock   -borderTop\" data-no-translation>\n                        <div class=\"m-contentBlock__inner\">\n                <div class=\"m-contentBlock__imageWrapper\"><img decoding=\"async\" width=\"1771\" height=\"1108\" src=\"https:\/\/baukulturschweiz.ch\/wp-content\/uploads\/2023\/09\/2023-09-18-161043-pfeil-anne-bak-1771x1108-1.jpg\" class=\"m-contentBlock__image\" alt=\"\" srcset=\"https:\/\/baukulturschweiz.ch\/wp-content\/uploads\/2023\/09\/2023-09-18-161043-pfeil-anne-bak-1771x1108-1.jpg 1771w, https:\/\/baukulturschweiz.ch\/wp-content\/uploads\/2023\/09\/2023-09-18-161043-pfeil-anne-bak-1771x1108-1-300x188.jpg 300w, https:\/\/baukulturschweiz.ch\/wp-content\/uploads\/2023\/09\/2023-09-18-161043-pfeil-anne-bak-1771x1108-1-1024x641.jpg 1024w, https:\/\/baukulturschweiz.ch\/wp-content\/uploads\/2023\/09\/2023-09-18-161043-pfeil-anne-bak-1771x1108-1-768x480.jpg 768w, https:\/\/baukulturschweiz.ch\/wp-content\/uploads\/2023\/09\/2023-09-18-161043-pfeil-anne-bak-1771x1108-1-1536x961.jpg 1536w, https:\/\/baukulturschweiz.ch\/wp-content\/uploads\/2023\/09\/2023-09-18-161043-pfeil-anne-bak-1771x1108-1-18x12.jpg 18w\" sizes=\"(max-width: 1771px) 100vw, 1771px\" \/><\/div>                <div class=\"m-contentBlock__content\">\n                    <p>Anne Pfeil<br \/>Ufficio federale della cultura (UFC)<br \/>Responsabile Basi e progetti<\/p>\n                                    <\/div>\n            <\/div>\n        <\/div>\n        \t\t\t\t<\/div>\n\t\t\t\t<\/div>\n\t\t\t\t<div class=\"elementor-element elementor-element-aa2ec54 elementor-widget elementor-widget-dcwi-content-block\" data-id=\"aa2ec54\" data-element_type=\"widget\" data-widget_type=\"dcwi-content-block.default\">\n\t\t\t\t<div class=\"elementor-widget-container\">\n\t\t\t\t\t        <div class=\"m-contentBlock   -borderTop\" data-no-translation>\n                        <div class=\"m-contentBlock__inner\">\n                <div class=\"m-contentBlock__imageWrapper\"><img decoding=\"async\" width=\"2295\" height=\"1435\" src=\"https:\/\/baukulturschweiz.ch\/wp-content\/uploads\/2026\/01\/Konrad-Scheffer.jpg\" class=\"m-contentBlock__image\" alt=\"\" srcset=\"https:\/\/baukulturschweiz.ch\/wp-content\/uploads\/2026\/01\/Konrad-Scheffer.jpg 2295w, https:\/\/baukulturschweiz.ch\/wp-content\/uploads\/2026\/01\/Konrad-Scheffer-300x188.jpg 300w, https:\/\/baukulturschweiz.ch\/wp-content\/uploads\/2026\/01\/Konrad-Scheffer-1024x640.jpg 1024w, https:\/\/baukulturschweiz.ch\/wp-content\/uploads\/2026\/01\/Konrad-Scheffer-768x480.jpg 768w, https:\/\/baukulturschweiz.ch\/wp-content\/uploads\/2026\/01\/Konrad-Scheffer-1536x960.jpg 1536w, https:\/\/baukulturschweiz.ch\/wp-content\/uploads\/2026\/01\/Konrad-Scheffer-2048x1281.jpg 2048w, https:\/\/baukulturschweiz.ch\/wp-content\/uploads\/2026\/01\/Konrad-Scheffer-18x12.jpg 18w\" sizes=\"(max-width: 2295px) 100vw, 2295px\" \/><\/div>                <div class=\"m-contentBlock__content\">\n                    <p>Konrad Scheffer<br \/>Federazione Architette e Architetti Svizzeri (BSA-FAS)<br \/>Segretario generale<\/p>\n                                    <\/div>\n            <\/div>\n        <\/div>\n        \t\t\t\t<\/div>\n\t\t\t\t<\/div>\n\t\t\t\t<div class=\"elementor-element elementor-element-a4d4f0c elementor-widget elementor-widget-dcwi-content-block\" data-id=\"a4d4f0c\" data-element_type=\"widget\" data-widget_type=\"dcwi-content-block.default\">\n\t\t\t\t<div class=\"elementor-widget-container\">\n\t\t\t\t\t        <div class=\"m-contentBlock   -borderTop\" data-no-translation>\n                        <div class=\"m-contentBlock__inner\">\n                <div class=\"m-contentBlock__imageWrapper\"><img loading=\"lazy\" decoding=\"async\" width=\"1800\" height=\"1125\" src=\"https:\/\/baukulturschweiz.ch\/wp-content\/uploads\/2023\/06\/2022-06-22-140322-regula-steinmann.jpg\" class=\"m-contentBlock__image\" alt=\"Regula Steinmann\" srcset=\"https:\/\/baukulturschweiz.ch\/wp-content\/uploads\/2023\/06\/2022-06-22-140322-regula-steinmann.jpg 1800w, https:\/\/baukulturschweiz.ch\/wp-content\/uploads\/2023\/06\/2022-06-22-140322-regula-steinmann-300x188.jpg 300w, https:\/\/baukulturschweiz.ch\/wp-content\/uploads\/2023\/06\/2022-06-22-140322-regula-steinmann-1024x640.jpg 1024w, https:\/\/baukulturschweiz.ch\/wp-content\/uploads\/2023\/06\/2022-06-22-140322-regula-steinmann-768x480.jpg 768w, https:\/\/baukulturschweiz.ch\/wp-content\/uploads\/2023\/06\/2022-06-22-140322-regula-steinmann-1536x960.jpg 1536w, https:\/\/baukulturschweiz.ch\/wp-content\/uploads\/2023\/06\/2022-06-22-140322-regula-steinmann-18x12.jpg 18w\" sizes=\"(max-width: 1800px) 100vw, 1800px\" \/><\/div>                <div class=\"m-contentBlock__content\">\n                    <p>Regula Steinmann<br \/>Patrimonio svizzero<br \/>Responsabile Cultura della costruzione<\/p>\n                                    <\/div>\n            <\/div>\n        <\/div>\n        \t\t\t\t<\/div>\n\t\t\t\t<\/div>\n\t\t\t\t<div class=\"elementor-element elementor-element-a8df597 elementor-widget elementor-widget-dcwi-content-block\" data-id=\"a8df597\" data-element_type=\"widget\" data-widget_type=\"dcwi-content-block.default\">\n\t\t\t\t<div class=\"elementor-widget-container\">\n\t\t\t\t\t        <div class=\"m-contentBlock   -borderTop\" data-no-translation>\n                        <div class=\"m-contentBlock__inner\">\n                <div class=\"m-contentBlock__imageWrapper\"><img loading=\"lazy\" decoding=\"async\" width=\"1600\" height=\"1000\" src=\"https:\/\/baukulturschweiz.ch\/wp-content\/uploads\/2023\/06\/2023-03-13-122045-norbert-russi.jpg\" class=\"m-contentBlock__image\" alt=\"\" srcset=\"https:\/\/baukulturschweiz.ch\/wp-content\/uploads\/2023\/06\/2023-03-13-122045-norbert-russi.jpg 1600w, https:\/\/baukulturschweiz.ch\/wp-content\/uploads\/2023\/06\/2023-03-13-122045-norbert-russi-300x188.jpg 300w, https:\/\/baukulturschweiz.ch\/wp-content\/uploads\/2023\/06\/2023-03-13-122045-norbert-russi-1024x640.jpg 1024w, https:\/\/baukulturschweiz.ch\/wp-content\/uploads\/2023\/06\/2023-03-13-122045-norbert-russi-768x480.jpg 768w, https:\/\/baukulturschweiz.ch\/wp-content\/uploads\/2023\/06\/2023-03-13-122045-norbert-russi-1536x960.jpg 1536w, https:\/\/baukulturschweiz.ch\/wp-content\/uploads\/2023\/06\/2023-03-13-122045-norbert-russi-18x12.jpg 18w\" sizes=\"(max-width: 1600px) 100vw, 1600px\" \/><\/div>                <div class=\"m-contentBlock__content\">\n                    <p>Norbert Russi<br \/>EspaceSuisse<br \/>Team Consulenza per lo sviluppo degli insediamenti<\/p>\n                                    <\/div>\n            <\/div>\n        <\/div>\n        \t\t\t\t<\/div>\n\t\t\t\t<\/div>\n\t\t\t\t<div class=\"elementor-element elementor-element-f237d71 elementor-widget elementor-widget-dcwi-content-block\" data-id=\"f237d71\" data-element_type=\"widget\" data-widget_type=\"dcwi-content-block.default\">\n\t\t\t\t<div class=\"elementor-widget-container\">\n\t\t\t\t\t        <div class=\"m-contentBlock   -borderTop\" data-no-translation>\n                        <div class=\"m-contentBlock__inner\">\n                <div class=\"m-contentBlock__imageWrapper\"><img loading=\"lazy\" decoding=\"async\" width=\"1800\" height=\"1125\" src=\"https:\/\/baukulturschweiz.ch\/wp-content\/uploads\/2023\/06\/2022-06-22-140011-patrick-schoeck.jpg\" class=\"m-contentBlock__image\" alt=\"Patrick Schoeck-Ritschard\" srcset=\"https:\/\/baukulturschweiz.ch\/wp-content\/uploads\/2023\/06\/2022-06-22-140011-patrick-schoeck.jpg 1800w, https:\/\/baukulturschweiz.ch\/wp-content\/uploads\/2023\/06\/2022-06-22-140011-patrick-schoeck-300x188.jpg 300w, https:\/\/baukulturschweiz.ch\/wp-content\/uploads\/2023\/06\/2022-06-22-140011-patrick-schoeck-1024x640.jpg 1024w, https:\/\/baukulturschweiz.ch\/wp-content\/uploads\/2023\/06\/2022-06-22-140011-patrick-schoeck-768x480.jpg 768w, https:\/\/baukulturschweiz.ch\/wp-content\/uploads\/2023\/06\/2022-06-22-140011-patrick-schoeck-1536x960.jpg 1536w, https:\/\/baukulturschweiz.ch\/wp-content\/uploads\/2023\/06\/2022-06-22-140011-patrick-schoeck-18x12.jpg 18w\" sizes=\"(max-width: 1800px) 100vw, 1800px\" \/><\/div>                <div class=\"m-contentBlock__content\">\n                    <p>Patrick Schoeck-Ritschard<br \/>Federazione Svizzera Architetti Paesaggisti (FSAP)<br \/>Direttore generale<\/p>\n                                    <\/div>\n            <\/div>\n        <\/div>\n        \t\t\t\t<\/div>\n\t\t\t\t<\/div>\n\t\t\t\t<div class=\"elementor-element elementor-element-fc11641 elementor-widget elementor-widget-dcwi-content-block\" data-id=\"fc11641\" data-element_type=\"widget\" data-widget_type=\"dcwi-content-block.default\">\n\t\t\t\t<div class=\"elementor-widget-container\">\n\t\t\t\t\t        <div class=\"m-contentBlock   -borderTop\" data-no-translation>\n                        <div class=\"m-contentBlock__inner\">\n                <div class=\"m-contentBlock__imageWrapper\"><img loading=\"lazy\" decoding=\"async\" width=\"1600\" height=\"1000\" src=\"https:\/\/baukulturschweiz.ch\/wp-content\/uploads\/2024\/04\/Eveline-Althaus.jpg\" class=\"m-contentBlock__image\" alt=\"\" srcset=\"https:\/\/baukulturschweiz.ch\/wp-content\/uploads\/2024\/04\/Eveline-Althaus.jpg 1600w, https:\/\/baukulturschweiz.ch\/wp-content\/uploads\/2024\/04\/Eveline-Althaus-300x188.jpg 300w, https:\/\/baukulturschweiz.ch\/wp-content\/uploads\/2024\/04\/Eveline-Althaus-1024x640.jpg 1024w, https:\/\/baukulturschweiz.ch\/wp-content\/uploads\/2024\/04\/Eveline-Althaus-768x480.jpg 768w, https:\/\/baukulturschweiz.ch\/wp-content\/uploads\/2024\/04\/Eveline-Althaus-1536x960.jpg 1536w, https:\/\/baukulturschweiz.ch\/wp-content\/uploads\/2024\/04\/Eveline-Althaus-18x12.jpg 18w\" sizes=\"(max-width: 1600px) 100vw, 1600px\" \/><\/div>                <div class=\"m-contentBlock__content\">\n                    <p>Eveline Althaus<br \/>Archijeunes<br \/>Direttrice<\/p>\n                                    <\/div>\n            <\/div>\n        <\/div>\n        \t\t\t\t<\/div>\n\t\t\t\t<\/div>\n\t\t\t\t<div class=\"elementor-element elementor-element-93ed5c6 elementor-widget elementor-widget-dcwi-content-block\" data-id=\"93ed5c6\" data-element_type=\"widget\" data-widget_type=\"dcwi-content-block.default\">\n\t\t\t\t<div class=\"elementor-widget-container\">\n\t\t\t\t\t        <div class=\"m-contentBlock   -borderTop\" data-no-translation>\n                        <div class=\"m-contentBlock__inner\">\n                <div class=\"m-contentBlock__imageWrapper\"><img loading=\"lazy\" decoding=\"async\" width=\"1600\" height=\"1000\" src=\"https:\/\/baukulturschweiz.ch\/wp-content\/uploads\/2024\/03\/andrea-0116-Kopie.jpg\" class=\"m-contentBlock__image\" alt=\"\" srcset=\"https:\/\/baukulturschweiz.ch\/wp-content\/uploads\/2024\/03\/andrea-0116-Kopie.jpg 1600w, https:\/\/baukulturschweiz.ch\/wp-content\/uploads\/2024\/03\/andrea-0116-Kopie-300x188.jpg 300w, https:\/\/baukulturschweiz.ch\/wp-content\/uploads\/2024\/03\/andrea-0116-Kopie-1024x640.jpg 1024w, https:\/\/baukulturschweiz.ch\/wp-content\/uploads\/2024\/03\/andrea-0116-Kopie-768x480.jpg 768w, https:\/\/baukulturschweiz.ch\/wp-content\/uploads\/2024\/03\/andrea-0116-Kopie-1536x960.jpg 1536w, https:\/\/baukulturschweiz.ch\/wp-content\/uploads\/2024\/03\/andrea-0116-Kopie-18x12.jpg 18w\" sizes=\"(max-width: 1600px) 100vw, 1600px\" \/><\/div>                <div class=\"m-contentBlock__content\">\n                    <p>Andrea Schaer<br \/><span class=\"desktop_only\">Rete svizzera per il patrimonio culturale<\/span><br \/>Collaboratrice scientifica Politica e Formazione continua<\/p>\n                                    <\/div>\n            <\/div>\n        <\/div>\n        \t\t\t\t<\/div>\n\t\t\t\t<\/div>\n\t\t\t\t<div class=\"elementor-element elementor-element-314d335 elementor-widget elementor-widget-dcwi-content-block\" data-id=\"314d335\" data-element_type=\"widget\" data-widget_type=\"dcwi-content-block.default\">\n\t\t\t\t<div class=\"elementor-widget-container\">\n\t\t\t\t\t        <div class=\"m-contentBlock   -borderTop\" data-no-translation>\n                        <div class=\"m-contentBlock__inner\">\n                <div class=\"m-contentBlock__imageWrapper\"><img loading=\"lazy\" decoding=\"async\" width=\"1800\" height=\"1125\" src=\"https:\/\/baukulturschweiz.ch\/wp-content\/uploads\/2023\/06\/2022-06-22-141109-daniel-klos.jpg\" class=\"m-contentBlock__image\" alt=\"Daniel Klos\" srcset=\"https:\/\/baukulturschweiz.ch\/wp-content\/uploads\/2023\/06\/2022-06-22-141109-daniel-klos.jpg 1800w, https:\/\/baukulturschweiz.ch\/wp-content\/uploads\/2023\/06\/2022-06-22-141109-daniel-klos-300x188.jpg 300w, https:\/\/baukulturschweiz.ch\/wp-content\/uploads\/2023\/06\/2022-06-22-141109-daniel-klos-1024x640.jpg 1024w, https:\/\/baukulturschweiz.ch\/wp-content\/uploads\/2023\/06\/2022-06-22-141109-daniel-klos-768x480.jpg 768w, https:\/\/baukulturschweiz.ch\/wp-content\/uploads\/2023\/06\/2022-06-22-141109-daniel-klos-1536x960.jpg 1536w, https:\/\/baukulturschweiz.ch\/wp-content\/uploads\/2023\/06\/2022-06-22-141109-daniel-klos-18x12.jpg 18w\" sizes=\"(max-width: 1800px) 100vw, 1800px\" \/><\/div>                <div class=\"m-contentBlock__content\">\n                    <p>Daniel Klos<br \/>Societ\u00e0 svizzera degli ingegneri e degli architetti (SIA)<br \/>Specialista Temi prioritari, Cultura della costruzione e i Premi Master della SIA<\/p>\n                                    <\/div>\n            <\/div>\n        <\/div>\n        \t\t\t\t<\/div>\n\t\t\t\t<\/div>\n\t\t\t\t<\/div>\n\t\t\t\t<\/div>","protected":false},"excerpt":{"rendered":"<p>Wir alle sind Teil der Baukultur. Wir pr\u00e4gen den gestalteten Lebensraum, und er pr\u00e4gt uns. Die Frage nach einer hohen Baukultur ist deshalb immer auch die Frage: \u00abWie wollen wir leben?\u00bb Und: \u00abWie l\u00f6sen wir dr\u00e4ngende gesellschaftliche Herausforderungen?\u00bb Die Webplattform \u00abBaukultur Schweiz\u00bb f\u00f6rdert das Gespr\u00e4ch \u00fcber den gestalteten Lebensraum. Sie vernetzt Akteure von der lokalen [&hellip;]<\/p>","protected":false},"author":1,"featured_media":0,"parent":0,"menu_order":0,"comment_status":"closed","ping_status":"closed","template":"","meta":{"_acf_changed":false,"_relevanssi_hide_post":"","_relevanssi_hide_content":"","_relevanssi_pin_for_all":"","_relevanssi_pin_keywords":"linkedin","_relevanssi_unpin_keywords":"","_relevanssi_related_keywords":"","_relevanssi_related_include_ids":"","_relevanssi_related_exclude_ids":"","_relevanssi_related_no_append":"","_relevanssi_related_not_related":"","_relevanssi_related_posts":"","_relevanssi_noindex_reason":"","footnotes":""},"class_list":["post-99","page","type-page","status-publish","hentry"],"acf":[],"yoast_head":"<!-- This site is optimized with the Yoast SEO plugin v26.1.1 - https:\/\/yoast.com\/wordpress\/plugins\/seo\/ -->\n<title>About &#8211; Baukultur Schweiz<\/title>\n<meta name=\"robots\" content=\"index, follow, max-snippet:-1, max-image-preview:large, max-video-preview:-1\" \/>\n<link rel=\"canonical\" href=\"https:\/\/baukulturschweiz.ch\/it\/chi-siamo\/\" \/>\n<meta property=\"og:locale\" content=\"it_IT\" \/>\n<meta property=\"og:type\" content=\"article\" \/>\n<meta property=\"og:title\" content=\"About &#8211; Baukultur Schweiz\" \/>\n<meta property=\"og:description\" content=\"Wir alle sind Teil der Baukultur. Wir pr\u00e4gen den gestalteten Lebensraum, und er pr\u00e4gt uns. Die Frage nach einer hohen Baukultur ist deshalb immer auch die Frage: \u00abWie wollen wir leben?\u00bb Und: \u00abWie l\u00f6sen wir dr\u00e4ngende gesellschaftliche Herausforderungen?\u00bb Die Webplattform \u00abBaukultur Schweiz\u00bb f\u00f6rdert das Gespr\u00e4ch \u00fcber den gestalteten Lebensraum. Sie vernetzt Akteure von der lokalen [&hellip;]\" \/>\n<meta property=\"og:url\" content=\"https:\/\/baukulturschweiz.ch\/it\/chi-siamo\/\" \/>\n<meta property=\"og:site_name\" content=\"Baukultur Schweiz\" \/>\n<meta property=\"article:modified_time\" content=\"2026-01-19T13:37:33+00:00\" \/>\n<meta property=\"og:image\" content=\"https:\/\/baukulturschweiz.ch\/wp-content\/uploads\/2024\/03\/SIA_113_bearbeitet-Kopie.jpg\" \/>\n<meta name=\"twitter:card\" content=\"summary_large_image\" \/>\n<meta name=\"twitter:label1\" content=\"Tempo di lettura stimato\" \/>\n\t<meta name=\"twitter:data1\" content=\"3 minuti\" \/>\n<script type=\"application\/ld+json\" class=\"yoast-schema-graph\">{\"@context\":\"https:\/\/schema.org\",\"@graph\":[{\"@type\":\"WebPage\",\"@id\":\"https:\/\/baukulturschweiz.ch\/about\/\",\"url\":\"https:\/\/baukulturschweiz.ch\/about\/\",\"name\":\"About &#8211; Baukultur Schweiz\",\"isPartOf\":{\"@id\":\"https:\/\/baukulturschweiz.ch\/de\/#website\"},\"primaryImageOfPage\":{\"@id\":\"https:\/\/baukulturschweiz.ch\/about\/#primaryimage\"},\"image\":{\"@id\":\"https:\/\/baukulturschweiz.ch\/about\/#primaryimage\"},\"thumbnailUrl\":\"https:\/\/baukulturschweiz.ch\/wp-content\/uploads\/2024\/03\/SIA_113_bearbeitet-Kopie.jpg\",\"datePublished\":\"2023-03-27T08:39:27+00:00\",\"dateModified\":\"2026-01-19T13:37:33+00:00\",\"breadcrumb\":{\"@id\":\"https:\/\/baukulturschweiz.ch\/about\/#breadcrumb\"},\"inLanguage\":\"it-IT\",\"potentialAction\":[{\"@type\":\"ReadAction\",\"target\":[\"https:\/\/baukulturschweiz.ch\/about\/\"]}]},{\"@type\":\"ImageObject\",\"inLanguage\":\"it-IT\",\"@id\":\"https:\/\/baukulturschweiz.ch\/about\/#primaryimage\",\"url\":\"https:\/\/baukulturschweiz.ch\/wp-content\/uploads\/2024\/03\/SIA_113_bearbeitet-Kopie.jpg\",\"contentUrl\":\"https:\/\/baukulturschweiz.ch\/wp-content\/uploads\/2024\/03\/SIA_113_bearbeitet-Kopie.jpg\"},{\"@type\":\"BreadcrumbList\",\"@id\":\"https:\/\/baukulturschweiz.ch\/about\/#breadcrumb\",\"itemListElement\":[{\"@type\":\"ListItem\",\"position\":1,\"name\":\"Startseite\",\"item\":\"https:\/\/baukulturschweiz.ch\/\"},{\"@type\":\"ListItem\",\"position\":2,\"name\":\"About\"}]},{\"@type\":\"WebSite\",\"@id\":\"https:\/\/baukulturschweiz.ch\/de\/#website\",\"url\":\"https:\/\/baukulturschweiz.ch\/de\/\",\"name\":\"Baukultur Schweiz\",\"description\":\"My WordPress Blog\",\"potentialAction\":[{\"@type\":\"SearchAction\",\"target\":{\"@type\":\"EntryPoint\",\"urlTemplate\":\"https:\/\/baukulturschweiz.ch\/de\/?s={search_term_string}\"},\"query-input\":{\"@type\":\"PropertyValueSpecification\",\"valueRequired\":true,\"valueName\":\"search_term_string\"}}],\"inLanguage\":\"it-IT\"}]}<\/script>\n<!-- \/ Yoast SEO plugin. -->","yoast_head_json":{"title":"About &#8211; Baukultur Schweiz","robots":{"index":"index","follow":"follow","max-snippet":"max-snippet:-1","max-image-preview":"max-image-preview:large","max-video-preview":"max-video-preview:-1"},"canonical":"https:\/\/baukulturschweiz.ch\/it\/chi-siamo\/","og_locale":"it_IT","og_type":"article","og_title":"About &#8211; Baukultur Schweiz","og_description":"Wir alle sind Teil der Baukultur. Wir pr\u00e4gen den gestalteten Lebensraum, und er pr\u00e4gt uns. Die Frage nach einer hohen Baukultur ist deshalb immer auch die Frage: \u00abWie wollen wir leben?\u00bb Und: \u00abWie l\u00f6sen wir dr\u00e4ngende gesellschaftliche Herausforderungen?\u00bb Die Webplattform \u00abBaukultur Schweiz\u00bb f\u00f6rdert das Gespr\u00e4ch \u00fcber den gestalteten Lebensraum. Sie vernetzt Akteure von der lokalen [&hellip;]","og_url":"https:\/\/baukulturschweiz.ch\/it\/chi-siamo\/","og_site_name":"Baukultur Schweiz","article_modified_time":"2026-01-19T13:37:33+00:00","og_image":[{"url":"https:\/\/baukulturschweiz.ch\/wp-content\/uploads\/2024\/03\/SIA_113_bearbeitet-Kopie.jpg","type":"","width":"","height":""}],"twitter_card":"summary_large_image","twitter_misc":{"Tempo di lettura stimato":"3 minuti"},"schema":{"@context":"https:\/\/schema.org","@graph":[{"@type":"WebPage","@id":"https:\/\/baukulturschweiz.ch\/about\/","url":"https:\/\/baukulturschweiz.ch\/about\/","name":"About &#8211; Baukultur Schweiz","isPartOf":{"@id":"https:\/\/baukulturschweiz.ch\/de\/#website"},"primaryImageOfPage":{"@id":"https:\/\/baukulturschweiz.ch\/about\/#primaryimage"},"image":{"@id":"https:\/\/baukulturschweiz.ch\/about\/#primaryimage"},"thumbnailUrl":"https:\/\/baukulturschweiz.ch\/wp-content\/uploads\/2024\/03\/SIA_113_bearbeitet-Kopie.jpg","datePublished":"2023-03-27T08:39:27+00:00","dateModified":"2026-01-19T13:37:33+00:00","breadcrumb":{"@id":"https:\/\/baukulturschweiz.ch\/about\/#breadcrumb"},"inLanguage":"it-IT","potentialAction":[{"@type":"ReadAction","target":["https:\/\/baukulturschweiz.ch\/about\/"]}]},{"@type":"ImageObject","inLanguage":"it-IT","@id":"https:\/\/baukulturschweiz.ch\/about\/#primaryimage","url":"https:\/\/baukulturschweiz.ch\/wp-content\/uploads\/2024\/03\/SIA_113_bearbeitet-Kopie.jpg","contentUrl":"https:\/\/baukulturschweiz.ch\/wp-content\/uploads\/2024\/03\/SIA_113_bearbeitet-Kopie.jpg"},{"@type":"BreadcrumbList","@id":"https:\/\/baukulturschweiz.ch\/about\/#breadcrumb","itemListElement":[{"@type":"ListItem","position":1,"name":"Startseite","item":"https:\/\/baukulturschweiz.ch\/"},{"@type":"ListItem","position":2,"name":"About"}]},{"@type":"WebSite","@id":"https:\/\/baukulturschweiz.ch\/de\/#website","url":"https:\/\/baukulturschweiz.ch\/de\/","name":"Cultura della costruzione Svizzera","description":"My WordPress Blog","potentialAction":[{"@type":"SearchAction","target":{"@type":"EntryPoint","urlTemplate":"https:\/\/baukulturschweiz.ch\/de\/?s={search_term_string}"},"query-input":{"@type":"PropertyValueSpecification","valueRequired":true,"valueName":"search_term_string"}}],"inLanguage":"it-IT"}]}},"_links":{"self":[{"href":"https:\/\/baukulturschweiz.ch\/it\/wp-json\/wp\/v2\/pages\/99","targetHints":{"allow":["GET"]}}],"collection":[{"href":"https:\/\/baukulturschweiz.ch\/it\/wp-json\/wp\/v2\/pages"}],"about":[{"href":"https:\/\/baukulturschweiz.ch\/it\/wp-json\/wp\/v2\/types\/page"}],"author":[{"embeddable":true,"href":"https:\/\/baukulturschweiz.ch\/it\/wp-json\/wp\/v2\/users\/1"}],"replies":[{"embeddable":true,"href":"https:\/\/baukulturschweiz.ch\/it\/wp-json\/wp\/v2\/comments?post=99"}],"version-history":[{"count":253,"href":"https:\/\/baukulturschweiz.ch\/it\/wp-json\/wp\/v2\/pages\/99\/revisions"}],"predecessor-version":[{"id":5709,"href":"https:\/\/baukulturschweiz.ch\/it\/wp-json\/wp\/v2\/pages\/99\/revisions\/5709"}],"wp:attachment":[{"href":"https:\/\/baukulturschweiz.ch\/it\/wp-json\/wp\/v2\/media?parent=99"}],"curies":[{"name":"wp","href":"https:\/\/api.w.org\/{rel}","templated":true}]}}