{"id":92,"date":"2023-03-24T09:05:25","date_gmt":"2023-03-24T09:05:25","guid":{"rendered":"http:\/\/baukultur.dclabs.ch\/?page_id=92"},"modified":"2025-10-16T18:45:46","modified_gmt":"2025-10-16T16:45:46","slug":"dialog","status":"publish","type":"page","link":"https:\/\/baukulturschweiz.ch\/it\/dialog\/","title":{"rendered":"Dialogo"},"content":{"rendered":"<div data-elementor-type=\"wp-page\" data-elementor-id=\"92\" class=\"elementor elementor-92\" data-elementor-post-type=\"page\">\n\t\t\t\t<div class=\"elementor-element elementor-element-7b6fdfd3 e-con-full e-flex e-con e-parent\" data-id=\"7b6fdfd3\" data-element_type=\"container\">\n\t\t\t\t<div class=\"elementor-element elementor-element-1db0bc1e elementor-widget elementor-widget-heading\" data-id=\"1db0bc1e\" data-element_type=\"widget\" data-widget_type=\"heading.default\">\n\t\t\t\t<div class=\"elementor-widget-container\">\n\t\t\t\t\t<h1 class=\"elementor-heading-title elementor-size-default\">Dialogo<\/h1>\t\t\t\t<\/div>\n\t\t\t\t<\/div>\n\t\t\t\t<\/div>\n\t\t<div class=\"elementor-element elementor-element-33db15cc e-con-full e-flex e-con e-parent\" data-id=\"33db15cc\" data-element_type=\"container\">\n\t\t\t\t<div class=\"elementor-element elementor-element-7207fd0 u-leadText elementor-widget__width-initial elementor-widget elementor-widget-text-editor\" data-id=\"7207fd0\" data-element_type=\"widget\" data-widget_type=\"text-editor.default\">\n\t\t\t\t<div class=\"elementor-widget-container\">\n\t\t\t\t\t\t\t\t\t<p>Come vogliamo vivere? Come possiamo risolvere le sfide sociali pi\u00f9 impellenti? In Svizzera, il dialogo sulla cultura della costruzione \u00e8 molteplice e impegnativo, prende vita attraverso diversi canali e sulla piattaforma \u00abCultura della costruzione Svizzera\u00bb acquista visibilit\u00e0. Quali sono le idee, i progetti o le visioni politiche che animano la discussione? Lasciatevi ispirare dalla domanda del mese e partecipate al dibattito, tramite il canale LinkedIn di \u00abCultura della costruzione Svizzera\u00bb o i vostri canali.<\/p>\t\t\t\t\t\t\t\t<\/div>\n\t\t\t\t<\/div>\n\t\t\t\t<\/div>\n\t\t<div class=\"elementor-element elementor-element-6c3e5eb8 e-con-full e-flex e-con e-parent\" data-id=\"6c3e5eb8\" data-element_type=\"container\">\n\t\t\t\t<div class=\"elementor-element elementor-element-6e86d31 m-dialogTabs e-n-tabs-mobile elementor-widget elementor-widget-n-tabs\" data-id=\"6e86d31\" data-element_type=\"widget\" data-settings=\"{&quot;horizontal_scroll&quot;:&quot;disable&quot;}\" data-widget_type=\"nested-tabs.default\">\n\t\t\t\t<div class=\"elementor-widget-container\">\n\t\t\t\t\t\t\t<div class=\"e-n-tabs\" data-widget-number=\"115895601\" aria-label=\"Tabs. Open items with Enter or Space, close with Escape and navigate using the Arrow keys.\">\n\t\t\t<div class=\"e-n-tabs-heading\" role=\"tablist\">\n\t\t\t\t\t<button id=\"e-n-tab-title-1158956011\" class=\"e-n-tab-title\" aria-selected=\"true\" data-tab-index=\"1\" role=\"tab\" tabindex=\"0\" aria-controls=\"e-n-tab-content-1158956011\" style=\"--n-tabs-title-order: 1;\">\n\t\t\t\t\t\t<span class=\"e-n-tab-title-text\">\n\t\t\t\tDomanda del mese\t\t\t<\/span>\n\t\t<\/button>\n\t\t\t\t<button id=\"e-n-tab-title-1158956012\" class=\"e-n-tab-title\" aria-selected=\"false\" data-tab-index=\"2\" role=\"tab\" tabindex=\"-1\" aria-controls=\"e-n-tab-content-1158956012\" style=\"--n-tabs-title-order: 2;\">\n\t\t\t\t\t\t<span class=\"e-n-tab-title-text\">\n\t\t\t\tSocial Media\t\t\t<\/span>\n\t\t<\/button>\n\t\t\t\t\t<\/div>\n\t\t\t<div class=\"e-n-tabs-content\">\n\t\t\t\t<div id=\"e-n-tab-content-1158956011\" role=\"tabpanel\" aria-labelledby=\"e-n-tab-title-1158956011\" data-tab-index=\"1\" style=\"--n-tabs-title-order: 1;\" class=\"e-active elementor-element elementor-element-920fc89 e-con-full e-flex e-con e-child\" data-id=\"920fc89\" data-element_type=\"container\">\n\t\t\t\t<div class=\"elementor-element elementor-element-2550ca8 elementor-hidden-mobile elementor-widget elementor-widget-heading\" data-id=\"2550ca8\" data-element_type=\"widget\" data-widget_type=\"heading.default\">\n\t\t\t\t<div class=\"elementor-widget-container\">\n\t\t\t\t\t<h4 class=\"elementor-heading-title elementor-size-default\">Domanda del mese<\/h4>\t\t\t\t<\/div>\n\t\t\t\t<\/div>\n\t\t\t\t<div class=\"elementor-element elementor-element-b20355 elementor-widget elementor-widget-shortcode\" data-id=\"b20355\" data-element_type=\"widget\" data-widget_type=\"shortcode.default\">\n\t\t\t\t<div class=\"elementor-widget-container\">\n\t\t\t\t\t\t\t<div class=\"elementor-shortcode\"><div class=\"sia-frage-des-monats-grid\"><div class=\"sia-frage-des-monats-wrapper\"><div class=\"sia-frage-des-monats-q active\" data-id=\"5933\"><h1>Per quale motivo le opere sotterranee sono importanti?<\/h1><div class=\"sia-frage-des-monats-answer active\"><div class=\"img sia-fragedesmonats-lazy-bg\" style=\"background-image:url(https:\/\/baukulturschweiz.ch\/wp-content\/uploads\/2026\/04\/Jade-Senn-scaled-e1774277480480-768x768.jpg);\"><\/div><p>Le opere sotterranee rappresentano un ramo fondamentale dell\u2019ingegneria civile, ci\u00f2 non soltanto perch\u00e9 infondono dinamismo nella societ\u00e0 intera, dal punto di vista economico, energetico e culturale, ma anche perch\u00e9 offrono un collegamento che supera gli ostacoli naturali e antropici. Le infrastrutture sotterranee hanno un\u2019importanza cruciale: contemplano sistemi di trasporto altamente performanti che danno accesso a nuove vie di transito e a nuovi assi di approvvigionamento energetico. Offrono anche un grande potenziale come spazi di stoccaggio, in grado di darci libert\u00e0 del tutto nuove.<\/p><p>Jade Senn<br \/>Ing. civile EPFL, capogruppo Opere Sotterranee Svizzera occidentale presso WSP Ing\u00e9nieurs Conseils<\/p><\/div><\/div><\/div><div class=\"sia-frage-des-monats-wrapper\"><div class=\"sia-frage-des-monats-q active\" data-id=\"5933\"><h1>Per quale motivo le opere sotterranee sono importanti?<\/h1><div class=\"sia-frage-des-monats-answer active\"><div class=\"img sia-fragedesmonats-lazy-bg\" style=\"background-image:url(https:\/\/baukulturschweiz.ch\/wp-content\/uploads\/2026\/04\/Davide-Fabbri-e1774277421191-768x768.jpg);\"><\/div><p>Le opere sotterranee sono spesso percepite negativamente a seguito dell\u2019impatto generato dai cantieri in fase di realizzazione (emissioni, gestione del materiale di scavo, fabbisogno d\u2019energia, possibili rischi ambientali) e dal fatto di presentare, inevitabilmente, un bilancio CO2 negativo (le opere sotterranee non possono raggiungere \u00abnet zero\u00bb). Tuttavia, in un contesto di urbanizzazione e mobilit\u00e0 crescenti, e di penuria di superfici disponibili, le opere sotterranee costituiscono una risposta molto efficace e permettono di attuare soluzioni innovative in grado di influenzare positivamente lo sviluppo sociale ed economico dei luoghi e delle regioni nei quali vengono realizzate.<\/p><p>Davide Fabbri<br \/>Presidente del Gruppo specializzato per lavori in sotterraneo GLS<\/p><\/div><\/div><\/div><div class=\"sia-frage-des-monats-wrapper\"><div class=\"sia-frage-des-monats-q active\" data-id=\"5926\"><h1>Occorre inasprire le prescrizioni della protezione antincendio?<\/h1><div class=\"sia-frage-des-monats-answer active\"><div class=\"img sia-fragedesmonats-lazy-bg\" style=\"background-image:url(https:\/\/baukulturschweiz.ch\/wp-content\/uploads\/2026\/02\/Jean-Francois-Steiert-\u00a9-Pierre-Yves-Massot-scaled-e1771922604652-768x768.jpg);\"><\/div><p>L\u2019esempio del Cantone del Vallese, che vanta in materia una delle legislazioni pi\u00f9 severe di tutta la Svizzera, lo dimostra: le sfide non risiedono tanto nella severit\u00e0 delle norme tecniche, bens\u00ec e quanto pi\u00f9 nella loro applicazione: i controlli devono essere effettuati da chi ne attesta le competenze e con la necessaria imparzialit\u00e0, possibilmente rispettando requisiti minimi validi sul territorio nazionale. Le risorse sono limitate e dovremmo impiegarle in modo mirato, tenendo conto del rischio. In altre parole, ci vuole pi\u00f9 rigore nei luoghi maggiormente esposti ai rischi, ma anche minori controlli e pi\u00f9 responsabilit\u00e0 individuale, laddove il rischio \u00e8 pi\u00f9 contenuto.<\/p><p>Jean-Fran\u00e7ois Steiert<br \/>Consigliere di Stato, a capo della Direzione per lo sviluppo territoriale, le infrastrutture, la mobilit\u00e0 e l\u2019ambiente (RIMU), Cantone di Friburgo<\/p><\/div><\/div><\/div><div class=\"sia-frage-des-monats-wrapper\"><div class=\"sia-frage-des-monats-q active\" data-id=\"5926\"><h1>Occorre inasprire le prescrizioni della protezione antincendio?<\/h1><div class=\"sia-frage-des-monats-answer active\"><div class=\"img sia-fragedesmonats-lazy-bg\" style=\"background-image:url(https:\/\/baukulturschweiz.ch\/wp-content\/uploads\/2026\/02\/Hans-Wicki-scaled-e1771922679414-768x768.jpg);\"><\/div><p>Nell\u2019ambito della revisione in corso bisogna tenere seriamente conto della lezione tratta dal tragico incendio di quest\u2019inizio anno. Ci\u00f2, tuttavia, senza mettere a repentaglio tutto il lavoro svolto negli scorsi anni, in favore di una protezione antincendio attuabile, finanziabile e conforme agli standard richiesti dal punto di vista tecnico.<\/p><p>Hans Wicki<br \/>Consigliere agli Stati, presidente di Costruzionesvizzera<\/p><\/div><\/div><\/div><div class=\"sia-frage-des-monats-wrapper\"><div class=\"sia-frage-des-monats-q active\" data-id=\"5694\"><h1>Demolire o non demolire?<\/h1><div class=\"sia-frage-des-monats-answer active\"><div class=\"img sia-fragedesmonats-lazy-bg\" style=\"background-image:url(https:\/\/baukulturschweiz.ch\/wp-content\/uploads\/2026\/02\/Stefan-Kurath-scaled-e1768308337283-768x768.jpg);\"><\/div><p>Non demolire! Dobbiamo lavorare, con urgenza, al miglioramento delle condizioni quadro esistenti. Occorre adeguare le normative edilizie, in modo che il costruire nel costruito diventi sostenibile economicamente, come standard e parte integrante delle procedure. Non dobbiamo considerare gli immobili solo come un bene rifugio. Le norme devono ammettere eccezioni. La societ\u00e0 intera deve essere aperta alla sperimentazione. Bisogna che la tutela dei monumenti storici e la protezione del patrimonio culturale guardino oltre, al di l\u00e0 dei propri limiti. Inoltre, e dobbiamo riconoscerlo, talvolta gli adeguamenti urbanistici ci vogliono se vogliamo creare un valore aggiunto per le generazioni future. Insomma, dobbiamo giungere a una cultura della costruzione che verte sulla sostanza edilizia esistente, e dobbiamo riuscirci con urgenza.<\/p><p>Stefan Kurath <br \/>Professore presso l\u2019Institut Urban Landscape della ZHAW<\/p><\/div><\/div><\/div><div class=\"sia-frage-des-monats-wrapper\"><div class=\"sia-frage-des-monats-q active\" data-id=\"5694\"><h1>Demolire o non demolire?<\/h1><div class=\"sia-frage-des-monats-answer active\"><div class=\"img sia-fragedesmonats-lazy-bg\" style=\"background-image:url(https:\/\/baukulturschweiz.ch\/wp-content\/uploads\/2026\/02\/Lisa-Mazzone-scaled-e1768308068523-768x941.jpg);\"><\/div><p>Tenuto conto delle sfide climatiche e al fine di tutelare le nostre risorse naturali, bisognerebbe, in linea di principio, evitare di demolire gli edifici esistenti. Oggi, quando si rinnova un edificio, \u00e8 possibile riutilizzare moltissimi elementi strutturali, permettendo cos\u00ec uno sviluppo centripeto di alto valore qualitativo. Lo mostra a chiare lettere l\u2019esempio della cooperativa d\u2019abitazione Warmb\u00e4chli, a Berna, nata dalla trasformazione dell\u2019ex deposito della Chocolat Tobler. Tuttavia, per preservare le zone agricole e il paesaggio, il contributo per la demolizione di edifici al di fuori delle zone edificabili, introdotto con la revisione della legge sulla pianificazione del territorio (LPT 2), \u00e8 certamente una buona cosa. <\/p><p>Lisa Mazzone<br \/>Presidente dei Verdi svizzeri<\/p><\/div><\/div><\/div><div class=\"sia-frage-des-monats-wrapper\"><div class=\"sia-frage-des-monats-q active\" data-id=\"5609\"><h1>Che cosa significa \u00abGenius loci\u00bb?<\/h1><div class=\"sia-frage-des-monats-answer active\"><div class=\"img sia-fragedesmonats-lazy-bg\" style=\"background-image:url(https:\/\/baukulturschweiz.ch\/wp-content\/uploads\/2025\/02\/Adrienne-Gret-Regamey-e1738318040469.jpg);\"><\/div><p>Il Genius loci incarna le qualit\u00e0 distintive di un luogo che plasmano e sono plasmate dall\u2019esperienza umana. Il Genius loci acquista significato attraverso i legami emotivi, funzionali e identitari che le persone sviluppano con un luogo in virt\u00f9 delle sue qualit\u00e0 fisiche, culturali e sensoriali. Lo \u00abspirito del luogo\u00bb si dispiega attraverso la continua interazione tra le qualit\u00e0 intrinseche di un luogo e il modo in cui le persone lo vivono, vi reagiscono e gli attribuiscono significato nel corso del tempo.<\/p><p>Adrienne Gr\u00eat-Regamey<br \/>Professoressa in pianificazione del paesaggio, ETH di Zurigo, Chair of Planning Landscape and Urban Systems<\/p><\/div><\/div><\/div><div class=\"sia-frage-des-monats-wrapper\"><div class=\"sia-frage-des-monats-q active\" data-id=\"5609\"><h1>Che cosa significa \u00abGenius loci\u00bb?<\/h1><div class=\"sia-frage-des-monats-answer active\"><div class=\"img sia-fragedesmonats-lazy-bg\" style=\"background-image:url(https:\/\/baukulturschweiz.ch\/wp-content\/uploads\/2026\/01\/Flurina-Wartmann_crop-768x768.jpg);\"><\/div><p>Il concetto di \u00abGenius loci\u00bb indicava nell\u2019antichit\u00e0 romana la divinit\u00e0 protettrice di un luogo. Oggi identifica il carattere speciale che conferisce a un luogo la sua identit\u00e0. Il Genius loci \u00e8 strettamente correlato al concetto inglese di \u00absense of place\u00bb, un termine della geografia umana con cui si designa la \u00abpercezione del luogo\u00bb che nasce dall\u2019interazione tra l\u2019ambiente naturale e quello costruito e dalle sensazioni individuali delle persone. Ci sono luoghi in cui vi sentite immediatamente a vostro agio, che non si possono sostituire con altri ma hanno un carattere tutto loro? Allora, sicuramente, lo \u00abspirito del luogo\u00bb che vi alegger\u00e0 sar\u00e0 buono!<\/p><p>Flurina Wartmann<br \/>Senior Lecturer \/ Associate Professor in Geography and Environment, Universit\u00e0 di Aberdeen, Regno Unito<\/p><\/div><\/div><\/div><div class=\"sia-frage-des-monats-wrapper\"><div class=\"sia-frage-des-monats-q active\" data-id=\"5467\"><h1>Qualche idea per un inverno all\u2019insegna della cultura della costruzione?<\/h1><div class=\"sia-frage-des-monats-answer active\"><div class=\"img sia-fragedesmonats-lazy-bg\" style=\"background-image:url(https:\/\/baukulturschweiz.ch\/wp-content\/uploads\/2025\/11\/Muck-Petzet-\u00a9-Gerhardt-Kellermann-768x768.jpg);\"><\/div><p>In inverno? Si parte verso Sud: destinazione Sicilia! L\u2019isola, ben raggiungibile in treno e in traghetto, offre interessanti spunti di discussione in ambito architettonico: ad esempio, il tema del cosiddetto \u00abIncompiuto siciliano\u00bb. Il collettivo Alterazioni Video e lo studio Fosbury Architecture spiegano bene come oggi quello del \u00abnon finito\u00bb sia ormai considerato alla stregua di un vero e proprio stile architettonico che caratterizza l\u2019Italia di questi ultimi cinquant\u2019anni. Giarre, in provincia di Catania, con il suo stadio per il polo e il teatro, entrambi lasciati a met\u00e0, \u00e8 la \u00abcapitale dell\u2019Incompiuto\u00bb per antonomasia. Un altro esempio palese \u00e8 quello del Quartiere di Librino, la citt\u00e0 satellite progettata da Kenzo Tange a Catania, ma mai portata a termine e oggi in stato di degrado. Insomma, l\u2019Incompiuto come sinonimo di qualit\u00e0 e potenzialit\u00e0 in Sicilia \u00e8 una realt\u00e0, dura e cruda.<\/p><p>Muck Petzet<br \/>Professore, USI-ARC, IAST Istituto per l\u2019architettura sostenibile e la tecnologia<\/p><\/div><\/div><\/div><div class=\"sia-frage-des-monats-wrapper\"><div class=\"sia-frage-des-monats-q active\" data-id=\"5467\"><h1>Qualche idea per un inverno all\u2019insegna della cultura della costruzione?<\/h1><div class=\"sia-frage-des-monats-answer active\"><div class=\"img sia-fragedesmonats-lazy-bg\" style=\"background-image:url(https:\/\/baukulturschweiz.ch\/wp-content\/uploads\/2025\/11\/Valentina-DAvenia-768x768.jpg);\"><\/div><p>Si pu\u00f2 approfittare dell\u2019inverno per visitare mostre e ascoltare conferenze ricche di spunti interessanti, tutte in cartellone nei mesi di dicembre e gennaio. Ad esempio, Clara e Philippe Simay (FR), come pure Xu Tiantian (CN) saranno al Pavillon Sicli per parlare del proprio lavoro. La Stadtgalerie Chur presenta invece \u00abArchitecture of Memory\u00bb, un\u2019esposizione che riunisce una sessantina di disegni realizzati da diversi architetti svizzeri e ispirati al tema del ricordo. Non da ultimo, un altro appuntamento assolutamente da non perdere \u00e8 SAY 2025\/26, curato da Andreas Ruby e Yuma Shinohara. L\u2019evento si terr\u00e0 all\u2019i2a di Lugano e presenta trenta progetti svizzeri di grande eccellenza tutti da scoprire.<\/p><p>Valentina D\u2019Avenia<br \/>Specialista Arti visive, Pro Helvetia<\/p><\/div><\/div><\/div><div class=\"sia-frage-des-monats-wrapper\"><div class=\"sia-frage-des-monats-q active\" data-id=\"5391\"><h1>Che cosa ha a che vedere la cultura della costruzione con il servizio pubblico?<\/h1><div class=\"sia-frage-des-monats-answer active\"><div class=\"img sia-fragedesmonats-lazy-bg\" style=\"background-image:url(https:\/\/baukulturschweiz.ch\/wp-content\/uploads\/2025\/11\/Serena-Vanbutsele-768x768.jpg);\"><\/div><p>Nelle zone rurali, con meno di 10 000 abitanti, si trovano diversi progetti incentrati sulla trasformazione di infrastrutture un tempo di servizio pubblico. In ragione della loro qualit\u00e0 architettonica, tali progetti si sono aggiudicati premi e sono stati oggetto di varie pubblicazioni. Si tratta di riconversioni in sale multiuso, centri culturali, luoghi multigenerazionali o di prossimit\u00e0 oppure mercati coperti. Questi utilizzi versatili richiedono spazi ampi e generosi, con diverse possibilit\u00e0 di utilizzo, poche limitazioni e grande flessibilit\u00e0 nella suddivisione spaziale.<\/p><p>S\u00e9r\u00e9na Vanbutsele<br \/>Professoressa di architettura e urbanistica presso la Scuola di ingegneria e architettura di Friburgo (HEIA-FR), Institut TRANSFORM<\/p><\/div><\/div><\/div><div class=\"sia-frage-des-monats-wrapper\"><div class=\"sia-frage-des-monats-q active\" data-id=\"5391\"><h1>Che cosa ha a che vedere la cultura della costruzione con il servizio pubblico?<\/h1><div class=\"sia-frage-des-monats-answer active\"><div class=\"img sia-fragedesmonats-lazy-bg\" style=\"background-image:url(https:\/\/baukulturschweiz.ch\/wp-content\/uploads\/2025\/11\/Thomas-Egger-768x858.jpg);\"><\/div><p>I servizi di interesse generale sono in evoluzione. Infrastrutture come stazioni ferroviarie, uffici postali e altre strutture vengono chiuse. Queste infrastrutture sono spesso situate nel cuore dei villaggi e protette. La loro trasformazione verso nuove funzionalit\u00e0 consente di rivalutare il centro dei villaggi e di aumentarne l\u2019attrattiva. Ecco perch\u00e9, quando \u00e8 in corso un processo di trasformazione nei comuni rurali, \u00e8 importante portare avanti insieme lo sviluppo della cultura della costruzione e delle prestazioni offerte dal servizio pubblico. \u00c8 in questo contesto che il progetto COBASI cerca soluzioni adeguate alle specificit\u00e0 locali, ci\u00f2 nell\u2019ambito del PNR 81 \u00abBaukultur\u00bb, il programma nazionale di ricerca dedicato alla cultura della costruzione. <\/p><p>Thomas Egger<br \/>Direttore, Gruppo svizzero per le regioni di montagna SAB<\/p><\/div><\/div><\/div><div class=\"sia-frage-des-monats-wrapper\"><div class=\"sia-frage-des-monats-q active\" data-id=\"5248\"><h1>Che effetti produce la partecipazione?<\/h1><div class=\"sia-frage-des-monats-answer active\"><div class=\"img sia-fragedesmonats-lazy-bg\" style=\"background-image:url(https:\/\/baukulturschweiz.ch\/wp-content\/uploads\/2025\/10\/CG_P_002-scaled-e1759137965156-768x768.jpg);\"><\/div><p>La partecipazione offre numerosi vantaggi: permette di adattare i progetti di costruzione alle reali esigenze degli abitanti e contribuisce cos\u00ec a migliorarne la qualit\u00e0. Coinvolgendo la popolazione nel processo decisionale, la partecipazione favorisce l\u2019accettazione dei progetti riducendo i casi di ricorso o di blocco dei lavori. La partecipazione svolge anche un ruolo essenziale sul piano democratico, perch\u00e9 rinvigorisce la reciproca fiducia tra istituzioni e cittadini. Promuove inoltre una migliore comprensione delle sfide urbane, ambientali e finanziarie e quindi anche l\u2019impegno collettivo e il senso di responsabilit\u00e0.<\/p><p>Christophe Gnaegi<br \/>Architetto e urbanista FSU, socio direttore, TRIBU architecture<\/p><\/div><\/div><\/div><div class=\"sia-frage-des-monats-wrapper\"><div class=\"sia-frage-des-monats-q active\" data-id=\"5248\"><h1>Che effetti produce la partecipazione?<\/h1><div class=\"sia-frage-des-monats-answer active\"><div class=\"img sia-fragedesmonats-lazy-bg\" style=\"background-image:url(https:\/\/baukulturschweiz.ch\/wp-content\/uploads\/2025\/10\/Regula_Luescher-Foto__c__Daniel_Kunzfeld-scaled-e1759138265531-768x768.jpeg);\"><\/div><p>La partecipazione genera valore aggiunto. I quartieri celano un tesoro di conoscenze gi\u00e0 disponibili sul posto, che arricchiscono i progetti e si devono sfruttare per la programmazione. Lo scopo della partecipazione \u00e8 apprendere gli uni dagli altri, non ottenere l\u2019accettazione dei progetti. Servono allora processi decisionali trasparenti: tutti devono sapere chi prende una decisione su cosa, quando lo fa, e quali sono i confini della collaborazione. La partecipazione non \u00e8 la chiave di un successo assicurato, ma senza di essa \u00e8 garantito il fallimento. Una buona cultura della partecipazione \u00e8 cultura dei processi, e quindi cultura della costruzione.<\/p><p>Regula L\u00fcscher<br \/>\u00abDie Stadtmacherin\u00bb, ex direttrice dell\u2019Ufficio edilizia del Senato di Berlino \/ segretaria di Stato di Berlino<\/p><\/div><\/div><\/div><div class=\"sia-frage-des-monats-wrapper\"><div class=\"sia-frage-des-monats-q active\" data-id=\"5039\"><h1>Di chi \u00e8 il patrimonio che conta?<\/h1><div class=\"sia-frage-des-monats-answer active\"><div class=\"img sia-fragedesmonats-lazy-bg\" style=\"background-image:url(https:\/\/baukulturschweiz.ch\/wp-content\/uploads\/2025\/09\/Foto-Oliver-Gassner-scaled-e1752488236483-768x768.jpg);\"><\/div><p>Sotto il profilo della conservazione delle opere edili, il patrimonio conta laddove un\u2019opera viene compresa non soltanto per la sua funzione, ma anche come portatrice di valori legati alla cultura della costruzione, alla tecnica edilizia, all\u2019architettura e all\u2019economia. La conservazione non concerne soltanto le opere protette come monumenti storici, ma tutti i manufatti la cui sicurezza, idoneit\u00e0 all\u2019uso, funzionalit\u00e0 e importanza architettonica vanno tutelate lungo l\u2019intero ciclo di vita. Ogni opera, infatti, \u00e8 espressione del proprio tempo \u2013 il suo patrimonio conta se pu\u00f2 continuare a esistere, nella sua sostanza e nel suo significato, grazie a una pianificazione e a provvedimenti a regola d\u2019arte, volti alla sua conservazione.<\/p><p>Oliver Gassner<br \/>Presidente del Gruppo specializzato per la conservazione delle costruzioni (GCC) della SIA<\/p><\/div><\/div><\/div><div class=\"sia-frage-des-monats-wrapper\"><div class=\"sia-frage-des-monats-q active\" data-id=\"5039\"><h1>Di chi \u00e8 il patrimonio che conta?<\/h1><div class=\"sia-frage-des-monats-answer active\"><div class=\"img sia-fragedesmonats-lazy-bg\" style=\"background-image:url(https:\/\/baukulturschweiz.ch\/wp-content\/uploads\/2025\/09\/Silke_Langenberg_2023_F0A0334-scaled-e1750173001685-768x965.jpg);\"><\/div><p>Il patrimonio culturale va conservato: \u00e8 un diritto che spetta a ognuno di noi ed \u00e8 un interesse nutrito, in generale, da tutta la collettivit\u00e0, una collettivit\u00e0 di cui, ovviamente, fanno parte anche le minoranze. All\u2019interesse nella conservazione del patrimonio culturale va dato un peso maggiore rispetto agli interessi individuali. Tuttavia, ancora prima di chiedersi di chi sia il patrimonio che conta, mi sembra pi\u00f9 opportuno domandarsi che cosa venga effettivamente percepito come patrimonio culturale. Sono infatti molteplici le opinioni in merito a che cosa sia davvero importante conservare. Questo aspetto deve rispecchiarsi anche negli inventari e nelle opere protette come monumenti storici.<\/p><p>Silke Langenberg<br \/>Professoressa in patrimonio edilizio e conservazione dei monumenti, ETH di Zurigo<\/p><\/div><\/div><\/div><div class=\"sia-frage-des-monats-wrapper\"><div class=\"sia-frage-des-monats-q active\" data-id=\"5037\"><h1>La cultura della costruzione fa parte dell\u2019identit\u00e0 nazionale?<\/h1><div class=\"sia-frage-des-monats-answer active\"><div class=\"img sia-fragedesmonats-lazy-bg\" style=\"background-image:url(https:\/\/baukulturschweiz.ch\/wp-content\/uploads\/2025\/08\/Romana-Heuberger-scaled-e1752151070419-768x768.jpg);\"><\/div><p>La cultura della costruzione crea identit\u00e0, qualit\u00e0 di vita e accettazione nei confronti della densificazione, lasciando un\u2019impronta diversa nelle varie regioni. Per rendersene conto basta osservare Engadina, Zurigo, Neuch\u00e2tel o Ticino. Eppure, negli ultimi anni, sono sorti in molti luoghi edifici del tutto anonimi, senza storia e senza alcun legame con il luogo. Pu\u00f2 darsi che tale sviluppo abbia rafforzato l\u2019esigenza di contare su disposizioni che garantissero la qualit\u00e0 e tutelassero il costruito. Oggi, tuttavia, quello di proteggere il passato \u00e8 spesso un pretesto di cui si abusa allo scopo di impedire il rinnovamento. Insomma, la cultura della costruzione deve saper trovare la giusta via che conduce a una trasformazione di qualit\u00e0, senza tuttavia introdurre altre regolamentazioni.<\/p><p>Romana Heuberger<br \/>Collaboratrice scientifica, Societ\u00e0 Svizzera degli Impresari-Costruttori<\/p><\/div><\/div><\/div><div class=\"sia-frage-des-monats-wrapper\"><div class=\"sia-frage-des-monats-q active\" data-id=\"5037\"><h1>La cultura della costruzione fa parte dell\u2019identit\u00e0 nazionale?<\/h1><div class=\"sia-frage-des-monats-answer active\"><div class=\"img sia-fragedesmonats-lazy-bg\" style=\"background-image:url(https:\/\/baukulturschweiz.ch\/wp-content\/uploads\/2025\/08\/SBB_SALOME-MALL_20241218_233-768x1112.jpg);\"><\/div><p>Assolutamente s\u00ec! Per me la cultura della costruzione \u00e8 strettamente legata all\u2019identit\u00e0 svizzera. Incarna la nostra tradizione di qualit\u00e0, precisione e senso di comunit\u00e0. Alle FFS ci\u00f2 si rende evidente soprattutto se si considera il patrimonio ferroviario. Esso testimonia come le nostre infrastrutture siano capaci di creare connessioni, \u00e8 un patrimonio che non resta statico. Insieme alle Citt\u00e0 e ai Comuni, continuiamo infatti a lavorare al suo sviluppo, creando attorno ai nodi strategici quartieri vivaci che rafforzano il vivere insieme e l\u2019interazione sociale.<\/p><p>Salom\u00e9 Mall<br \/>Membro della Direzione FFS Immobili, responsabile Development<\/p><\/div><\/div><\/div><div class=\"sia-frage-des-monats-wrapper\"><div class=\"sia-frage-des-monats-q active\" data-id=\"5014\"><h1>Che cosa significa funzionalit\u00e0?<\/h1><div class=\"sia-frage-des-monats-answer active\"><div class=\"img sia-fragedesmonats-lazy-bg\" style=\"background-image:url(https:\/\/baukulturschweiz.ch\/wp-content\/uploads\/2025\/06\/EB_Portrait01_Sept19-768x807.jpg);\"><\/div><p>La funzionalit\u00e0 dei ponti risiede nella loro capacit\u00e0 di portare in tutta sicurezza carichi di traffico definiti all\u2019interno di uno specifico profilo spaziale. Questa funzionalit\u00e0 \u00e8 fondamentale per i ponti. Tuttavia, da sola, non \u00e8 sufficiente per creare una cultura della costruzione. I ponti devono sempre essere di elevata qualit\u00e0 anche dal punto di vista economico ed estetico, tutto ci\u00f2 consumando le minori risorse possibili. Quando si parla di conservazione dei ponti, i professionisti considerano la cultura della costruzione una vera e propria sfida, nella migliore delle ipotesi. I ponti, tuttavia, vanno visti e compresi come cultura della costruzione solo cos\u00ec, infatti, \u00e8 possibile garantire la loro conservazione a un elevato livello qualitativo.<\/p><p>Eugen Br\u00fchwiler<br \/>Professore emerito all'EPFL<\/p><\/div><\/div><\/div><div class=\"sia-frage-des-monats-wrapper\"><div class=\"sia-frage-des-monats-q active\" data-id=\"5014\"><h1>Che cosa significa funzionalit\u00e0?<\/h1><div class=\"sia-frage-des-monats-answer active\"><div class=\"img sia-fragedesmonats-lazy-bg\" style=\"background-image:url(https:\/\/baukulturschweiz.ch\/wp-content\/uploads\/2025\/06\/PortraitED-Kopie2-768x871.jpg);\"><\/div><p>La funzionalit\u00e0 costituisce parte integrante della cultura della costruzione, poich\u00e9 garantisce che gli edifici siano progettati in modo da soddisfare le esigenze dell\u2019utenza. La cultura della costruzione per\u00f2 va ben oltre la mera funzionalit\u00e0; essa riflette infatti anche i valori culturali, estetici e storici di una regione. Da un\u2019interazione armoniosa tra funzionalit\u00e0 e aspetti culturali nasce un\u2019architettura che non si limita ad essere soltanto funzionale, ma anche portatrice d\u2019identit\u00e0.<\/p><p>Erol Doguoglu<br \/>Architetto e capo del servizio cantonale delle costruzioni, San Gallo<\/p><\/div><\/div><\/div><div class=\"sia-frage-des-monats-wrapper\"><div class=\"sia-frage-des-monats-q active\" data-id=\"4240\"><h1>Gli spazi pubblici sono sottovalutati?<\/h1><div class=\"sia-frage-des-monats-answer active\"><div class=\"img sia-fragedesmonats-lazy-bg\" style=\"background-image:url(https:\/\/baukulturschweiz.ch\/wp-content\/uploads\/2025\/05\/Claudia-Schwalfenberg-scaled-e1746449394527-768x768.jpg);\"><\/div><p>Non si potr\u00e0 mai sopravvalutare lo spazio pubblico: la mediterraneizzazione dello stile di vita invoglia a stare all\u2019aria aperta. La differenziazione sociale e la densificazione urbana fanno nascere l\u2019esigenza di luoghi di incontro. E la digitalizzazione rafforza il bisogno di autocoscienza nel mondo fisico. Ci\u00f2 rende allora pi\u00f9 importanti che mai i salotti pubblici e gli spazi aperti ben progettati. I quali vantano una lunga tradizione. Ci sono molti modi per immergersi nel passato e nel presente delle piazze svizzere. Uno di questi \u00e8 l\u2019app Swiss Squares, che vi porta alla scoperta di 175 piazze.<\/p><p>Claudia Schwalfenberg<br \/>Capo Servizio Temi prioritari, responsabile Cultura della costruzione, Societ\u00e0 svizzera degli ingegneri e degli architetti (SIA)<\/p><\/div><\/div><\/div><div class=\"sia-frage-des-monats-wrapper\"><div class=\"sia-frage-des-monats-q active\" data-id=\"4240\"><h1>Gli spazi pubblici sono sottovalutati?<\/h1><div class=\"sia-frage-des-monats-answer active\"><div class=\"img sia-fragedesmonats-lazy-bg\" style=\"background-image:url(https:\/\/baukulturschweiz.ch\/wp-content\/uploads\/2025\/05\/Sibylla-Amstutz-Portrait-Fotograf-Urs-Bigler-e1746449491463-768x768.jpg);\"><\/div><p>Ni. Dipende dal tipo e dall\u2019ubicazione dello spazio pubblico, nonch\u00e9 dagli interessi dei gruppi target. Gli spazi pubblici nei centri cittadini, come ad esempio a Lucerna, sono molto curati, si prestano a tante attivit\u00e0 e fanno parte del marketing della citt\u00e0. Nei quartieri urbani, tuttavia, spesso risulta carente la qualit\u00e0 della permanenza. Non servono piazze ampie: anche i piccoli \u00abpocket park\u00bb con la possibilit\u00e0 di sedersi senza per forza consumare qualcosa possono avere un grande impatto e contribuire alla vita del quartiere.<\/p><p>Sibylla Amstutz<br \/>Responsabile Ricerca in architettura d\u2019interni HSLU, Comitato dell\u2019Associazione svizzera degli architetti d\u2019interni (VSI.ASAI.)<\/p><\/div><\/div><\/div><div class=\"sia-frage-des-monats-wrapper\"><div class=\"sia-frage-des-monats-q active\" data-id=\"4188\"><h1>Misure di sgravio: s\u00ec o no?<\/h1><div class=\"sia-frage-des-monats-answer active\"><div class=\"img sia-fragedesmonats-lazy-bg\" style=\"background-image:url(https:\/\/baukulturschweiz.ch\/wp-content\/uploads\/2025\/05\/sebastian_steiner_2025_20633-768x511.jpg);\"><\/div><p>No, non nella forma attuale. Le misure di sgravio applicabili dal 2027 colpiscono oltre misura l\u2019ambito della cultura della costruzione, trasferendo l\u2019onere finanziario sui Cantoni. Un taglio di 12 milioni di franchi, vale a dire pari a quasi il 10 per cento dell\u2019importo previsto nel messaggio sulla cultura, ha gravi conseguenze sulla conservazione dei monumenti storici e dei siti archeologici. Insomma, il giro di vite previsto dalla Confederazione per quanto riguarda i fondi a favore della formazione e del perfezionamento professionale di specialisti, ma anche per quanto concerne il finanziamento degli interventi di servizio civile, non fa che indebolire ulteriormente la tutela dei monumenti e dei siti archeologici. <\/p><p>Sebastian Steiner<br \/>Direttore Rete svizzera per il patrimonio culturale (ex NIKE)<\/p><\/div><\/div><\/div><div class=\"sia-frage-des-monats-wrapper\"><div class=\"sia-frage-des-monats-q active\" data-id=\"4188\"><h1>Misure di sgravio: s\u00ec o no?<\/h1><div class=\"sia-frage-des-monats-answer active\"><div class=\"img sia-fragedesmonats-lazy-bg\" style=\"background-image:url(https:\/\/baukulturschweiz.ch\/wp-content\/uploads\/2025\/04\/Stefan-Kunz_44_klein-768x768.jpg);\"><\/div><p>A Palazzo federale il consuntivo provvisorio lo dimostra: il temuto deficit di 2,6 miliardi di franchi \u00e8 svanito nel nulla. Sulla base di questa constatazione e sapendo che andiamo incontro a un crescente riscaldamento climatico, ma anche all\u2019estinzione di molte specie, i tagli annunciati sono, a dir poco, decisamente fuori posto. Circa un quarto dei risparmi previsti concerne infatti la protezione della natura e del clima, cos\u00ec come i trasporti pubblici. Il pacchetto risparmio si trasforma dunque in un pacchetto di ignoranza che peser\u00e0 enormemente sulle spalle delle prossime generazioni. Una natura intatta \u00e8 la nostra assicurazione sulla vita. E allora non scaviamoci la fossa da soli! <\/p><p>Stefan Kunz<br \/>Responsabile Politica e Affari internazionali, membro della Direzione di Pro Natura<\/p><\/div><\/div><\/div><div class=\"sia-frage-des-monats-wrapper\"><div class=\"sia-frage-des-monats-q active\" data-id=\"4090\"><h1>Quanto \u00e8 valido il Progetto territoriale Svizzera 2050?<\/h1><div class=\"sia-frage-des-monats-answer active\"><div class=\"img sia-fragedesmonats-lazy-bg\" style=\"background-image:url(https:\/\/baukulturschweiz.ch\/wp-content\/uploads\/2025\/04\/Francesca_Pedrina-002_web-768x768.jpg);\"><\/div><p>\u00c8 un modello condiviso fra i livelli istituzionali che tiene conto delle diversit\u00e0 facendo buon uso del suolo. L\u2019edizione 2012 va aggiornata affrontando sfide climatiche, perdita di biodiversit\u00e0, crescita demografica e approvvigionamento di energia. Mantenendo la sua struttura chiara e pragmatica, sono da rafforzare strategie, ridefinire priorit\u00e0 e aggiungere nuovi ambiti d\u2019intervento validi per tutto il Paese. La tutela e l\u2019incremento delle basi naturali della vita richiedono una nuova ponderazione di interessi per sviluppare insediamenti rispettosi del clima e socialmente responsabili.<\/p><p>Francesca Pedrina<br \/>Copresidente Federazione svizzera degli urbanisti FSU<\/p><\/div><\/div><\/div><div class=\"sia-frage-des-monats-wrapper\"><div class=\"sia-frage-des-monats-q active\" data-id=\"4090\"><h1>Quanto \u00e8 valido il Progetto territoriale Svizzera 2050?<\/h1><div class=\"sia-frage-des-monats-answer active\"><div class=\"img sia-fragedesmonats-lazy-bg\" style=\"background-image:url(https:\/\/baukulturschweiz.ch\/wp-content\/uploads\/2025\/03\/Schneider_Andreas_2023_01-768x768.jpg);\"><\/div><p>Sono deluso. Il progetto non soltanto, nel concreto, si rivela meno attuabile rispetto alla versione del 2012, ma non affronta nemmeno veramente le principali sfide che il futuro pone e che andranno a caratterizzare lo sviluppo territoriale della Svizzera, penso ad esempio all\u2019obiettivo dello zero netto entro il 2050. A prescindere dal fatto che, da qui al 2050, c\u2019\u00e8 troppo poco tempo per attuare in modo serio una strategia territoriale su scala nazionale, devo dire che ogni pianificazione infrastrutturale nazionale va gi\u00e0 ben oltre! <\/p><p>Andreas Schneider<br \/>Professore in sviluppo territoriale, Scuola universitaria professionale della Svizzera orientale (OST)<\/p><\/div><\/div><\/div><div class=\"sia-frage-des-monats-wrapper\"><div class=\"sia-frage-des-monats-q active\" data-id=\"3940\"><h1>Quanto \u00e8 importante la forma nell\u2019architettura del paesaggio?<\/h1><div class=\"sia-frage-des-monats-answer active\"><div class=\"img sia-fragedesmonats-lazy-bg\" style=\"background-image:url(https:\/\/baukulturschweiz.ch\/wp-content\/uploads\/2025\/03\/Sonja-Mueller-e1738855551103-768x768.jpg);\"><\/div><p>L\u2019idea concettuale che sta alla base della progettazione di uno spazio paesaggistico potrebbe certamente essere sviluppata in modo \u00abamorfo\u00bb, cio\u00e8 senza riflettere su quali forme scegliere. Eppure, il contesto ci obbliga a cercare strutture che possano confluire nella progettazione e darle una forma espressiva. Ed \u00e8 proprio tale espressione, la forma appunto, a decidere se la progettazione di uno spazio, nel suo contesto specifico, pu\u00f2 dirsi riuscita: le forme creano ordine, risvegliano emozioni e danno un orientamento. Forgiano la percezione delle dimensioni, delle proporzioni e della materialit\u00e0. Perch\u00e9 un\u2019architettura del paesaggio possa dirsi riuscita la forma \u00e8 insomma essenziale.<\/p><p>Sonja M\u00fcller<br \/>Architetta del paesaggio SUP FSAP, partner META Landschafts&shy;architektur<\/p><\/div><\/div><\/div><div class=\"sia-frage-des-monats-wrapper\"><div class=\"sia-frage-des-monats-q active\" data-id=\"3940\"><h1>Quanto \u00e8 importante la forma nell\u2019architettura del paesaggio?<\/h1><div class=\"sia-frage-des-monats-answer active\"><div class=\"img sia-fragedesmonats-lazy-bg\" style=\"background-image:url(https:\/\/baukulturschweiz.ch\/wp-content\/uploads\/2025\/03\/Jan-Forster-scaled-e1738855616847-768x768.jpg);\"><\/div><p>Guardiamo le foglie: nelle regioni fredde hanno bordi frastagliati, nella foresta pluviale sono dotate di punte di sgocciolamento, mentre nel deserto hanno uno spessore maggiore. In natura, la forma rispecchia sempre la funzione. Anche l\u2019architettura del paesaggio sfrutta questa stessa strategia nel modellare lo spazio circostante. La forma nasce dai requisiti che il contesto pone \u2013 permette di creare oasi resilienti al clima, promuove la biodiversit\u00e0 e genera rifugi urbani. Per i 100 anni della FSAP si evince con chiarezza come l\u2019architettura del paesaggio si sia trasformata in uno strumento che non si limita a perseguire principi estetici, ma integra funzioni vitali, proprio come accade nel processo evolutivo.<\/p><p>Jan Forster<br \/>Fondatore e direttore Forster Paysages SA, membro del comitato e tesoriere FSAP<\/p><\/div><\/div><\/div><div class=\"sia-frage-des-monats-wrapper\"><div class=\"sia-frage-des-monats-q active\" data-id=\"3936\"><h1>Quali aspettative ripone nel PNR Cultura della costruzione?<\/h1><div class=\"sia-frage-des-monats-answer active\"><div class=\"img sia-fragedesmonats-lazy-bg\" style=\"background-image:url(https:\/\/baukulturschweiz.ch\/wp-content\/uploads\/2025\/02\/Nina-Mekacher-768x633.jpg);\"><\/div><p>Mi aspetto che il Programma nazionale di ricerca \u00abCultura della costruzione\u00bb possa fornire delle risposte sostenibili alle sfide attuali: il Programma promuove la riflessione scientifica sulla \u00abcultura della costruzione\u00bb e contribuisce a sancirla nel discorso teorico. Nel quadro dei progetti di ricerca sorgono nuove soluzioni orientate all\u2019azione che potranno migliorare concretamente la cultura della costruzione svizzera. E, non da ultimo, mi attendo che il programma agisca su ampia scala, creando una rete tra le discipline, le sfere specialistiche e l\u2019intera collettivit\u00e0, unendole nella ricerca comune della qualit\u00e0, dando cos\u00ec un impulso significativo per il futuro.<\/p><p>Nina Mekacher<br \/>Direttrice del Dipartimento di Conservazione e Restauro presso l\u2019Universit\u00e0 delle Arti di Berna (HKB) <\/p><\/div><\/div><\/div><div class=\"sia-frage-des-monats-wrapper\"><div class=\"sia-frage-des-monats-q active\" data-id=\"3936\"><h1>Quali aspettative ripone nel PNR Cultura della costruzione?<\/h1><div class=\"sia-frage-des-monats-answer active\"><div class=\"img sia-fragedesmonats-lazy-bg\" style=\"background-image:url(https:\/\/baukulturschweiz.ch\/wp-content\/uploads\/2025\/02\/Adrienne-Gret-Regamey-e1738318040469.jpg);\"><\/div><p>Il Programma nazionale di ricerca \u00abCultura della costruzione\u00bb (PNR 81) non dovrebbe essere soltanto un motore di spinta per la promozione delle innovazioni scientifiche bens\u00ec servire anche da catalizzatore per la trasformazione sociale. Il PNR 81 offre inoltre un\u2019occasione unica per considerare l\u2019ambiente progettato e costruito come un bene culturale e sociale portatore d\u2019identit\u00e0. L\u2019obiettivo \u00e8 quello di sviluppare soluzioni con cui creare qualit\u00e0 legate alla cultura della costruzione che possano servire da modello. Ci\u00f2 richiede il consolidamento degli approcci e l\u2019istituzionalizzazione di una rete tra ricerca, prassi e amministrazione.<\/p><p>Adrienne Gr\u00eat-Regamey<br \/>Professoressa in pianificazione del paesaggio, ETH di Zurigo, Chair of Planning Landscape and Urban Systems<\/p><\/div><\/div><\/div><div class=\"sia-frage-des-monats-wrapper\"><div class=\"sia-frage-des-monats-q active\" data-id=\"3908\"><h1>Cosa significa \u201cbellezza\u201d?<\/h1><div class=\"sia-frage-des-monats-answer active\"><div class=\"img sia-fragedesmonats-lazy-bg\" style=\"background-image:url(https:\/\/baukulturschweiz.ch\/wp-content\/uploads\/2025\/01\/EPFL-People-Aprea--e1734358949789-768x768.jpg);\"><\/div><p>\u00abLa bellezza non \u00e8 che una promessa di felicit\u00e0\u00bb, scriveva Stendhal, mettendo cos\u00ec in discussione i canoni classici, successivamente seguito da Nietzsche e Adorno. Dalla letteratura alla filosofia, dall'arte alla cultura della costruzione, questa idea invita a concepire, costruire, preservare o trasformare luoghi fisici e spirituali per realizzare la felicit\u00e0 attraverso la dimensione estetica della soggettivit\u00e0 individuale. Dopo decenni di divieti, la cultura della costruzione riafferma la ricerca della bellezza, rispondendo al bisogno contemporaneo di una promessa di felicit\u00e0 e di spazi per concretizzarla.<\/p><p>Salvatore Aprea<br \/>Direttore, Archives de la construction moderne, Politecnico federale di Losanna<\/p><\/div><\/div><\/div><div class=\"sia-frage-des-monats-wrapper\"><div class=\"sia-frage-des-monats-q active\" data-id=\"3908\"><h1>Cosa significa \u201cbellezza\u201d?<\/h1><div class=\"sia-frage-des-monats-answer active\"><div class=\"img sia-fragedesmonats-lazy-bg\" style=\"background-image:url(https:\/\/baukulturschweiz.ch\/wp-content\/uploads\/2025\/01\/HVV_102-e1734359041878-768x768.jpg);\"><\/div><p>La bellezza \u00e8 relativa. La bellezza cresce, si perde, affascina e vive solo tra le persone. Ci circonda ovunque camminiamo, guardiamo, ascoltiamo, annusiamo, tocchiamo e sentiamo. La bellezza fa bene. Bisogna imparare a riconoscerla. Solo i miei studi di architettura mi hanno aperto gli occhi per esempio sulla bellezza nascosta di uno stabilimento industriale di cemento dismesso. A molte persone manca questo occhio allenato. Sarebbe bello se noi architetti riuscissimo ad aprire pi\u00f9 occhi.<\/p><p>Helen van Vemde<br \/>Fondatrice e Presidente del Consiglio di fondazione, Sotto Voce Fondation<\/p><\/div><\/div><\/div><div class=\"sia-frage-des-monats-wrapper\"><div class=\"sia-frage-des-monats-q active\" data-id=\"3796\"><h1>Cosa spera per la cultura della costruzione nel 2025?<\/h1><div class=\"sia-frage-des-monats-answer active\"><div class=\"img sia-fragedesmonats-lazy-bg\" style=\"background-image:url(https:\/\/baukulturschweiz.ch\/wp-content\/uploads\/2024\/12\/FranzenBarbaraPortrait6982-002-e1731938053427-768x768.jpg);\"><\/div><p>Per me, la cultura della costruzione \u00e8 il legame tra la storia e la pianificazione del domani. Per il 2025, mi auguro che un'attenta gestione del patrimonio costruito che caratterizza le nostre citt\u00e0 e i nostri villaggi possa costituire un ponte per lo sviluppo di nuove idee o addirittura visioni per la vita e la convivenza delle persone. In questo contesto, i monumenti e gli insediamenti non sono solo casa, ma anche un punto di partenza e una fonte di ispirazione.<\/p><p>Barbara Franzen<br \/>Direttrice generale CSSM, Conferenza svizzera delle soprintendenti e dei soprintendenti ai monumenti<\/p><\/div><\/div><\/div><div class=\"sia-frage-des-monats-wrapper\"><div class=\"sia-frage-des-monats-q active\" data-id=\"3796\"><h1>Cosa spera per la cultura della costruzione nel 2025?<\/h1><div class=\"sia-frage-des-monats-answer active\"><div class=\"img sia-fragedesmonats-lazy-bg\" style=\"background-image:url(https:\/\/baukulturschweiz.ch\/wp-content\/uploads\/2024\/12\/Beat-Aeberhard_crop-e1731937931344-768x768.jpg);\"><\/div><p>La mia speranza per il 2025 \u00e8 che saremo in grado di diffondere una comprensione pi\u00f9 ampia del mantenimento e dell'ulteriore sviluppo di un elevato standard di cultura della costruzione. Nessuno \u00e8 contrario alla cultura della costruzione di qualit\u00e0 di per s\u00e9. Eppure deve sempre essere negoziata e difesa da altre rivendicazioni. A Basilea, dal 2018 cerchiamo un ampio dialogo con la popolazione con il \u00abForum St\u00e4dtebau Basilea 2050\u00bb e affrontiamo il tema della cultura della costruzione in vari formati. Spero che attraverso il dialogo, la cooperazione e la negoziazione riusciremo a conciliare nel 2025 ad esempio la necessaria offensiva solare con le preoccupazioni di un buon design.<\/p><p>Beat Aeberhard<br \/>Architetto cantonale Basilea Citt\u00e0<\/p><\/div><\/div><\/div><div class=\"sia-frage-des-monats-wrapper\"><div class=\"sia-frage-des-monats-q active\" data-id=\"3771\"><h1>L'ISOS \u00e8 una maledizione o una benedizione?<\/h1><div class=\"sia-frage-des-monats-answer active\"><div class=\"img sia-fragedesmonats-lazy-bg\" style=\"background-image:url(https:\/\/baukulturschweiz.ch\/wp-content\/uploads\/2024\/10\/ClaudiaHametner_MG_0085_Ausschnitt-e1729585244446-768x806.jpg);\"><\/div><p>Conciliare la tutela del patrimonio edilizio (ISOS), la densificazione di qualit\u00e0 verso l'interno (LPT) e il fabbisogno energetico sul territorio \u00e8 un vero rompicapo per i comuni svizzeri. Risanare gli edifici storici e aumentare la densit\u00e0 per combattere l'espansione urbana spesso mina il carattere delle localit\u00e0. ISOS svolge un compito centrale: evitare che si verifichino danni irreversibili. Per quanto importante, le autorit\u00e0 locali devono avere il margine di manovra necessario per sviluppare i loro siti in modo che ISOS non abbia un effetto \u00abcartolina\u00bb.<\/p><p>Claudia Kratochvil-Hametner<br \/>Direttrice Associazione dei Comuni Svizzeri<\/p><\/div><\/div><\/div><div class=\"sia-frage-des-monats-wrapper\"><div class=\"sia-frage-des-monats-q active\" data-id=\"3771\"><h1>L'ISOS \u00e8 una maledizione o una benedizione?<\/h1><div class=\"sia-frage-des-monats-answer active\"><div class=\"img sia-fragedesmonats-lazy-bg\" style=\"background-image:url(https:\/\/baukulturschweiz.ch\/wp-content\/uploads\/2024\/10\/David-Vuillaume-2024-e1729585212220-768x636.png);\"><\/div><p>Per me, un inventario come ISOS \u00e8 prima di tutto un elenco di luoghi da godere e da fare propri. Lo sviluppo delle aree edificate in modo da rispettare la sostanza, la struttura o almeno il carattere dell'ambiente circostante svolge un ruolo importante nell'aiutare le persone a identificarsi con il luogo in cui vivono. In questo senso, ISOS \u00e8 una garanzia di qualit\u00e0. Naturalmente non sono ingenuo e so che ISOS \u00e8 anche un terreno di scontro, ma capisco poco coloro che lo vedono come il principale freno allo sviluppo dell'edilizia e che lo considerano un intervento superfluo del governo federale negli affari locali.<\/p><p>David Vuillaume<br \/>Segretario generale Patrimonio Svizzero<\/p><\/div><\/div><\/div><div class=\"sia-frage-des-monats-wrapper\"><div class=\"sia-frage-des-monats-q active\" data-id=\"3673\"><h1>Il vostro consiglio di cultura della costruzione per l'autunno?<\/h1><div class=\"sia-frage-des-monats-answer active\"><div class=\"img sia-fragedesmonats-lazy-bg\" style=\"background-image:url(https:\/\/baukulturschweiz.ch\/wp-content\/uploads\/2024\/09\/Peter_Staub_FdM_Okt24-scaled-e1727691239366-768x743.jpg);\"><\/div><p>La cultura della costruzione \u00e8 un processo orientato al futuro plasmato dalle persone. I lavori del Premio Master della SIA, che quest'anno viene assegnato per la terza volta in collaborazione con il Consiglio svizzero dell'architettura, mostra come tale processo si stia sviluppando. I 33 progetti degli studenti nominati, provenienti dalle universit\u00e0 svizzere, riflettono i temi attuali dell'insegnamento e della ricerca che oggi conferiscono un'impronta al discorso accademico e che in un futuro non troppo lontano influenzeranno la cultura della costruzione realizzata. I progetti saranno esposti alla ZHAW di Winterthur dal 7 ottobre fino alla cerimonia di premiazione del 17 ottobre 2024.<\/p><p>Peter Staub<br \/>Direttore dell'Universit\u00e0 di Scienze Applicate di Berna - Architettura, Legno e Costruzione<\/p><\/div><\/div><\/div><div class=\"sia-frage-des-monats-wrapper\"><div class=\"sia-frage-des-monats-q active\" data-id=\"3673\"><h1>Il vostro consiglio di cultura della costruzione per l'autunno?<\/h1><div class=\"sia-frage-des-monats-answer active\"><div class=\"img sia-fragedesmonats-lazy-bg\" style=\"background-image:url(https:\/\/baukulturschweiz.ch\/wp-content\/uploads\/2024\/09\/Nicole_Bauermeister_FdM_Okt24-768x914.jpg);\"><\/div><p>Il mio consiglio: scoprire gli inizi della cultura della costruzione in un contesto contemporaneo. Il Lat\u00e9nium, sulle rive del lago di Neuch\u00e2tel, offre uno scorcio delle testimonianze archeologiche che hanno preannunciato la costruzione di edifici alle nostre latitudini. Il museo mette in evidenza i modi in cui l'uomo ha lasciato la sua impronta sull'ambiente per vivere meglio in esso. In quei tempi lontani, i nostri antenati proteggevano le loro focolari con la pietra, erigevano megaliti e costruivano stazioni palafitticole: tutti accattivanti segni precursori dell'architettura che conosciamo.<\/p><p>Nicole Bauermeister<br \/>Direttrice della Societ\u00e0 di storia dell'arte in Svizzera<\/p><\/div><\/div><\/div><div class=\"sia-frage-des-monats-wrapper\"><div class=\"sia-frage-des-monats-q active\" data-id=\"3660\"><h1>La Svizzera \u00e8 abbastanza libera da ostacoli?<\/h1><div class=\"sia-frage-des-monats-answer active\"><div class=\"img sia-fragedesmonats-lazy-bg\" style=\"background-image:url(https:\/\/baukulturschweiz.ch\/wp-content\/uploads\/2024\/08\/Wiebke-Roesler-Haefliger_profilbild-unify01.jpg);\"><\/div><p>Per gli edifici di propriet\u00e0 della Citt\u00e0 di Zurigo, possiamo attribuire alla costruzione senza ostacoli, come aspetto della sostenibilit\u00e0 sociale, la stessa importanza attribuita agli aspetti ecologici ed economici. Dalla fase iniziale di pianificazione alla procedura per ottenere il permesso di costruire fino all'esecuzione, la costruzione senza ostacoli \u00e8 parte integrante dei nostri progetti edilizi. Dopotutto Zurigo vuole essere una citt\u00e0 vivibile anche per le persone con disabilit\u00e0, impegnandosi cos\u00ec per una Svizzera senza ostacoli.<\/p><p>Wiebke R\u00f6sler H\u00e4fliger<br \/>Direttrice Amt f\u00fcr Hochbauten (Ufficio edilizia pubblica), Citt\u00e0 di Zurigo<\/p><\/div><\/div><\/div><div class=\"sia-frage-des-monats-wrapper\"><div class=\"sia-frage-des-monats-q active\" data-id=\"3660\"><h1>La Svizzera \u00e8 abbastanza libera da ostacoli?<\/h1><div class=\"sia-frage-des-monats-answer active\"><div class=\"img sia-fragedesmonats-lazy-bg\" style=\"background-image:url(https:\/\/baukulturschweiz.ch\/wp-content\/uploads\/2024\/08\/EvaSchmidt-Personen_29_Portraits_neu_changeamble_-_Markus_Daeppen-768x768.jpg);\"><\/div><p>No, c'\u00e8 ancora molto da fare. Non si d\u00e0 abbastanza peso alla caratteristica qualitativa decisiva: gli spazi costruiti devono essere facilmente accessibili e poter essere utilizzati in vari modi da persone in tutte le situazioni di vita e di tutte le et\u00e0. La costruzione senza ostacoli fa parte di una cultura della costruzione olistica e contemporanea. Porta a un notevole aumento del valore e a una migliore qualit\u00e0 della vita per tutti. L'\u00ababitazione adattabile\u00bb ne \u00e8 un esempio: progettati con lungimiranza, gli appartamenti si adattano alle esigenze di ciascun individuo. Occorrono argomenti pi\u00f9 convincenti?<\/p><p>Eva Schmidt<br \/>Direttrice del Centro svizzero specializzato per l'architettura senza ostacoli<\/p><\/div><\/div><\/div><div class=\"sia-frage-des-monats-wrapper\"><div class=\"sia-frage-des-monats-q active\" data-id=\"3606\"><h1>Hanno senso le toilette gender neutral?<\/h1><div class=\"sia-frage-des-monats-answer active\"><div class=\"img sia-fragedesmonats-lazy-bg\" style=\"background-image:url(https:\/\/baukulturschweiz.ch\/wp-content\/uploads\/2024\/07\/Alexa-Bodammer.jpg);\"><\/div><p>I servizi igienici sono una questione esistenziale che riguarda la dignit\u00e0 umana, anche se raramente entra nel discorso della cultura della costruzione. I servizi igienici sono di per s\u00e9 neutri dal punto di vista del genere, tutti ne hanno bisogno con la stessa urgenza. Ma storicamente ci sono pi\u00f9 toilette pubbliche per gli uomini. \u00c8 qui che inizia il trattamento ingiusto delle persone. Sono necessari pi\u00f9 servizi igienici per tutte le persone di tutti i generi e nel maggior numero possibile per tutti. \u00c8 giusto che sia cos\u00ec. Le toilette gender neutral sono una soluzione al problema.<\/p><p>Alexa Bodammer<br \/>Docente e responsabile di progetto Scuola universitaria professionale di Lucerna<\/p><\/div><\/div><\/div><div class=\"sia-frage-des-monats-wrapper\"><div class=\"sia-frage-des-monats-q active\" data-id=\"3606\"><h1>Hanno senso le toilette gender neutral?<\/h1><div class=\"sia-frage-des-monats-answer active\"><div class=\"img sia-fragedesmonats-lazy-bg\" style=\"background-image:url(https:\/\/baukulturschweiz.ch\/wp-content\/uploads\/2024\/07\/Portrait-Andreas-Ruby-\u00a9Wilma-Leskowitsch.jpg-scaled-e1720706679150-768x816.jpeg);\"><\/div><p>S\u00ec. A casa mia c'\u00e8 un solo bagno per tutti e non \u00e8 mai stato un problema. Nel nostro ufficio \u00e8 la stessa cosa. A mio avviso, quindi, non c'\u00e8 nulla da obiettare a questo proposito. Una toilette per tutti ci rende consapevoli delle nostre differenze; una per ogni tipo di identit\u00e0 ci separa gli uni dagli altri. Evitare inutili differenziazioni rafforza l'inclusione.<\/p><p>Andreas Ruby<br \/>Direttore S AM<\/p><\/div><\/div><\/div><div class=\"sia-frage-des-monats-wrapper\"><div class=\"sia-frage-des-monats-q active\" data-id=\"3499\"><h1>Perch\u00e9 la cultura della costruzione \u00e8 importante per i bambini?<\/h1><div class=\"sia-frage-des-monats-answer active\"><div class=\"img sia-fragedesmonats-lazy-bg\" style=\"background-image:url(https:\/\/baukulturschweiz.ch\/wp-content\/uploads\/2024\/06\/BarbaraWindholz_FdM_Juli24-768x512.jpg);\"><\/div><p>La formazione nel contesto della cultura della costruzione \u00e8 essenziale per esperienze di apprendimento vicine alla realt\u00e0. Suscita nei bambini e nei giovani la curiosit\u00e0 di confrontarsi con l'estetica, la funzionalit\u00e0 e la sostenibilit\u00e0 di ambienti ben strutturati e con l'interazione sociale che vi si svolge. La formazione nel contesto della cultura della costruzione promuove la consapevolezza della partecipazione e della responsabilit\u00e0 mediante il lavoro di gruppo creativo e partecipativo.<\/p><p>Barbara Windholz<br \/>Consiglio della Conferenza delle scuole pedagogiche svizzere, Presidente di LABforKids<\/p><\/div><\/div><\/div><div class=\"sia-frage-des-monats-wrapper\"><div class=\"sia-frage-des-monats-q active\" data-id=\"3499\"><h1>Perch\u00e9 la cultura della costruzione \u00e8 importante per i bambini?<\/h1><div class=\"sia-frage-des-monats-answer active\"><div class=\"img sia-fragedesmonats-lazy-bg\" style=\"background-image:url(https:\/\/baukulturschweiz.ch\/wp-content\/uploads\/2024\/06\/LaurentAudergon_FdM_Juli24-768x1064.jpg);\"><\/div><p>Il modo in cui trattiamo l'ambiente costruito solleva delle domande. Anche i bambini devono analizzare e comprendere il loro ambiente e tradurlo in aspettative. I bambini sperimentano gli spazi dal loro punto di vista personale, definiscono le qualit\u00e0 spaziali soggettive e formulano le loro esigenze su questa base. Abbiamo potuto osservare tutto questo durante il nostro concorso di collage sul tema \u00abRiprogettazione intelligente del mio quartiere con le costruzioni in acciaio\u00bb presso la scuola secondaria di Bulle. Questa sensibilizzazione \u00e8 un compito comune a tutti e i bambini ne fanno assolutamente parte!<\/p><p>Laurent Audergon<br \/>Amministratore delegato SZS, Delegato alla cultura della costruzione del Gruppo professionale SIA Ingegneria civile<\/p><\/div><\/div><\/div><div class=\"sia-frage-des-monats-wrapper\"><div class=\"sia-frage-des-monats-q active\" data-id=\"3358\"><h1>Qual \u00e8 la differenza tra architettura e architettura d'interni?<\/h1><div class=\"sia-frage-des-monats-answer active\"><div class=\"img sia-fragedesmonats-lazy-bg\" style=\"background-image:url(https:\/\/baukulturschweiz.ch\/wp-content\/uploads\/2024\/05\/Remo_Derungs_FrageDesMonats_Juni24-768x1152.jpg);\"><\/div><p>La differenza sta spesso nella scala. Se l'architettura inizia su larga scala e si sviluppa nella profondit\u00e0 degli ambienti, l'architettura d'interni inizia su scala ridotta. Parte dalle persone e dalle loro esigenze e prosegue poi con la progettazione degli spazi, tenendo conto degli aspetti estetici, funzionali, strutturali e tecnici e dell'ambiente culturale, sociale, economico ed ecologico degli utenti. Dall'interno verso l'esterno e dall'esterno verso l'interno, come Peter Zumthor descrive giustamente il suo modo meticoloso di lavorare.<\/p><p>Remo Derungs<br \/>Presidente VSI.ASAI.<\/p><\/div><\/div><\/div><div class=\"sia-frage-des-monats-wrapper\"><div class=\"sia-frage-des-monats-q active\" data-id=\"3358\"><h1>Qual \u00e8 la differenza tra architettura e architettura d'interni?<\/h1><div class=\"sia-frage-des-monats-answer active\"><div class=\"img sia-fragedesmonats-lazy-bg\" style=\"background-image:url(https:\/\/baukulturschweiz.ch\/wp-content\/uploads\/2024\/05\/Stefan_Graf_FrageDesMonats_Juni24-768x768.jpg);\"><\/div><p>L'architettura si concentra sulla progettazione spaziale e sulla costruzione di edifici in un contesto pi\u00f9 ampio. L'architettura d'interni si concentra invece sulla progettazione e sull'utilizzo degli spazi interni. L'architettura e l'architettura d'interni sono di importanza decisiva per l'effetto complessivo e la funzionalit\u00e0 di un edificio. Entrambe le discipline dipendono l'una dall'altra, devono completarsi a vicenda, fondersi l'una nell'altra o talvolta addirittura contrastarsi. \u00c8 quasi necessario che instaurino una sorta di relazione d'amore. Solo cos\u00ec sar\u00e0 possibile creare edifici concepiti in modo olistico e architettonicamente eccezionali.<\/p><p>Stefan Graf<br \/>Bauart Architekten und Planer<\/p><\/div><\/div><\/div><div class=\"sia-frage-des-monats-wrapper\"><div class=\"sia-frage-des-monats-q active\" data-id=\"3250\"><h1>In che modo la Biennale d'arte ispira la cultura della costruzione?<\/h1><div class=\"sia-frage-des-monats-answer active\"><div class=\"img sia-fragedesmonats-lazy-bg\" style=\"background-image:url(https:\/\/baukulturschweiz.ch\/wp-content\/uploads\/2024\/04\/Victoria-Easton-c-Photo-Lukas-Wassmann-768x768.jpeg);\"><\/div><p>Le recenti edizioni della Biennale hanno, tra l'altro, ospitato artisti il cui lavoro si \u00e8 mantenuto lontano dalle luci della ribalta. Questa scelta curatoriale ha permesso a un pubblico internazionale di fare importanti scoperte nella cornice di uno dei principali appuntamenti culturali del mondo. La cultura della costruzione prospera non solo grazie alle opere di autori famosi, ma anche per merito di una serie di posizioni meno conosciute, ma onnipresenti. La strategia della Biennale ci ispira a riconoscere le qualit\u00e0 di fondo di un ambiente costruito che va oltre i gesti eclatanti.<\/p><p>Victoria Easton<br \/>Membro della Commissione federale d'arte e partner di Christ &amp; Gantenbein<\/p><\/div><\/div><\/div><div class=\"sia-frage-des-monats-wrapper\"><div class=\"sia-frage-des-monats-q active\" data-id=\"3250\"><h1>In che modo la Biennale d'arte ispira la cultura della costruzione?<\/h1><div class=\"sia-frage-des-monats-answer active\"><div class=\"img sia-fragedesmonats-lazy-bg\" style=\"background-image:url(https:\/\/baukulturschweiz.ch\/wp-content\/uploads\/2024\/04\/Adrien-Jutard-768x914.jpg);\"><\/div><p>La cultura della costruzione deve consentire alla diversit\u00e0 di partecipare all'identit\u00e0 culturale. La Biennale di Venezia 2024 \u00abStranieri ovunque - Foreigners everywhere\u00bb evidenzia la natura globale della condizione di essere o sentirsi stranieri, confermando il valore culturale dell'espressione derivante da questa condizione o sensazione. Per la cultura della costruzione, \u00e8 un esempio stimolante andare a Venezia per osservare le arti visive, che sembrano prendere sul serio una delle pi\u00f9 grandi sfide contemporanee: creare una societ\u00e0 capace di includere le singolarit\u00e0...<\/p><p>Adrien Jutard<br \/>Membro del comitato centrale di visarte.ch<\/p><\/div><\/div><\/div><div class=\"sia-frage-des-monats-wrapper\"><div class=\"sia-frage-des-monats-q active\" data-id=\"3131\"><h1>Come risolvere la carenza di alloggi?<\/h1><div class=\"sia-frage-des-monats-answer active\"><div class=\"img sia-fragedesmonats-lazy-bg\" style=\"background-image:url(https:\/\/baukulturschweiz.ch\/wp-content\/uploads\/2024\/02\/KarinBuehrer_08-scaled-e1708953015298-768x768.jpg);\"><\/div><p>Consentire di costruire, eliminare i blocchi: le lunghe code che oggi osserviamo davanti agli appartamenti sono anche una conseguenza dell'invisibile attesa di mesi per ottenere i permessi di costruzione, ulteriormente prolungata da ricorsi illegittimi. Sfruttare correttamente le scarse zone edificabili: pi\u00f9 alto \u00e8 il tasso di utilizzo e pi\u00f9 bassi sono gli standard di distanza tra i confini, pi\u00f9 un sistema edilizio ad alta densit\u00e0 pu\u00f2 creare spazio abitativo su una zona edificabile limitata. Anche rendere pi\u00f9 flessibili i piani di zona pu\u00f2 essere utile. Diamoci da fare per sbloccare insieme l'edilizia residenziale, perch\u00e9 solo se saranno (ri)costruiti potremo trovare gli appartamenti adatti alle nostre esigenze.<\/p><p>Karin B\u00fchrer<br \/>Amministratrice delegata Entwicklung Schweiz (Sviluppo Svizzera)<\/p><\/div><\/div><\/div><div class=\"sia-frage-des-monats-wrapper\"><div class=\"sia-frage-des-monats-q active\" data-id=\"3131\"><h1>Come risolvere la carenza di alloggi?<\/h1><div class=\"sia-frage-des-monats-answer active\"><div class=\"img sia-fragedesmonats-lazy-bg\" style=\"background-image:url(https:\/\/baukulturschweiz.ch\/wp-content\/uploads\/2024\/02\/DamianJerjen_0720_27-scaled-e1708953104730-768x768.jpg);\"><\/div><p>Solo insieme, investitori, progettisti e autorit\u00e0. Con i suoi strumenti, la pianificazione del territorio pu\u00f2 fornire un contributo fondamentale allo sviluppo centripeto ottimale e, di conseguenza, a uno spazio abitativo orientato alla domanda. I comuni che riescono in questa impresa sono quelli che agiscono in modo proattivo e lungimirante, coinvolgendo le parti interessate con tempestivit\u00e0. E: laddove sar\u00e0 possibile dimostrare che la densificazione preserva le qualit\u00e0, elimina i deficit e crea valore aggiunto, essa verr\u00e0 anche accettata.<\/p><p>Damian Jerjen<br \/>Direttore di EspaceSuisse<\/p><\/div><\/div><\/div><div class=\"sia-frage-des-monats-wrapper\"><div class=\"sia-frage-des-monats-q active\" data-id=\"3128\"><h1>La cultura della costruzione deve essere sancita per legge?<\/h1><div class=\"sia-frage-des-monats-answer active\"><div class=\"img sia-fragedesmonats-lazy-bg\" style=\"background-image:url(https:\/\/baukulturschweiz.ch\/wp-content\/uploads\/2024\/02\/Oliver-Martin-BAK-gr-e1708952496830-768x768.jpg);\"><\/div><p>La sempre pi\u00f9 carente qualit\u00e0 degli spazi vitali edificati pu\u00f2 essere corretta solo attraverso un maggiore coordinamento delle politiche settoriali, una migliore cooperazione tra le parti interessate e obiettivi comuni di cultura della costruzione. Potremo diventare pi\u00f9 efficienti solo disponendo di norme di legge chiare, che non siano ulteriori regole che generano costi aggiuntivi, ma direttive volte a migliorare la pianificazione e la costruzione. Una base giuridica che possa garantire un alto livello di cultura della costruzione, quindi, \u00e8 tanto necessaria quanto urgente.<\/p><p>Oliver Martin<br \/>Responsabile della sezione Cultura della costruzione, Ufficio federale della cultura<\/p><\/div><\/div><\/div><div class=\"sia-frage-des-monats-wrapper\"><div class=\"sia-frage-des-monats-q active\" data-id=\"3128\"><h1>La cultura della costruzione deve essere sancita per legge?<\/h1><div class=\"sia-frage-des-monats-answer active\"><div class=\"img sia-fragedesmonats-lazy-bg\" style=\"background-image:url(https:\/\/baukulturschweiz.ch\/wp-content\/uploads\/2024\/02\/Eveline-Althaus-scaled-e1708952655500-768x768.jpg);\"><\/div><p>S\u00ec, il radicamento di una concezione globale della cultura della costruzione nella Legge federale sulla protezione della natura e del paesaggio \u00e8 importante. Solo con una cultura della costruzione globale possiamo risolvere sfide sociali urgenti come la carenza di alloggi, il cambiamento climatico o la scarsit\u00e0 di risorse. Sancire il tutto per legge consentir\u00e0 alla Confederazione di promuovere la cultura della costruzione, favorendo, non da ultima, anche l'educazione alla cultura della costruzione di bambini e giovani: solo chi \u00e8 in grado di esprimere giudizi competenti pu\u00f2 dare un contributo qualificato allo sviluppo del nostro spazio vitale.<\/p><p>Eveline Althaus<br \/>Direttrice di Archijeunes<\/p><\/div><\/div><\/div><div class=\"sia-frage-des-monats-wrapper\"><div class=\"sia-frage-des-monats-q active\" data-id=\"3069\"><h1>Quale contributo apportano gli archivi alla cultura della costruzione?<\/h1><div class=\"sia-frage-des-monats-answer active\"><div class=\"img sia-fragedesmonats-lazy-bg\" style=\"background-image:url(https:\/\/baukulturschweiz.ch\/wp-content\/uploads\/2024\/01\/Navone-IMG_0024_quadratisch-768x768.jpg);\"><\/div><p>Gli archivi del progetto (denominazione che tiene conto di quelle discipline \u2013 ingegneria, urbanistica, paesaggismo, design, ecc. \u2013 rappresentate, accanto all\u2019architettura, in questi complessi documentari) contribuiscono alla cultura della costruzione grazie all\u2019attivit\u00e0 di valorizzazione e divulgazione scientifica ch\u2019essi promuovono a partire dai loro fondi, per il necessario legame che corre tra conservazione e studio, che non possiamo considerare come due momenti distinti, ma come un medesimo atto intimamente connesso.<\/p><p>Nicola Navone<br \/>Vicedirettore Archivio del Moderno, USI<\/p><\/div><\/div><\/div><div class=\"sia-frage-des-monats-wrapper\"><div class=\"sia-frage-des-monats-q active\" data-id=\"3069\"><h1>Quale contributo apportano gli archivi alla cultura della costruzione?<\/h1><div class=\"sia-frage-des-monats-answer active\"><div class=\"img sia-fragedesmonats-lazy-bg\" style=\"background-image:url(https:\/\/baukulturschweiz.ch\/wp-content\/uploads\/2024\/01\/2023-Yvonne-Radecker-01_quadratisch-768x768.png);\"><\/div><p>Se parliamo di archivi come di \u00abistituzioni della memoria\u00bb e se, riferendoci alla \u00abcultura della costruzione\u00bb, intendiamo le caratteristiche di cosa e di come progettare i nostri ambienti di vita e di lavoro, c\u2019\u00e8 una cosa che mi sta a cuore: chi vuole costruire meglio il futuro, deve capire il passato e saper giudicare il presente. Per questo ci vogliono, tra le altre cose, archivi in grado di fornire informazioni affidabili e trasferire conoscenze, meglio se in modo dinamico. (Foto: Bettina Matthiessen)<\/p><p>Yvonne Radecker<br \/>Direttrice Material-Archiv<\/p><\/div><\/div><\/div><div class=\"sia-frage-des-monats-wrapper\"><div class=\"sia-frage-des-monats-q active\" data-id=\"2738\"><h1>Swissbau \u00e8 una roccaforte della cultura della costruzione?<\/h1><div class=\"sia-frage-des-monats-answer active\"><div class=\"img sia-fragedesmonats-lazy-bg\" style=\"background-image:url(https:\/\/baukulturschweiz.ch\/wp-content\/uploads\/2023\/12\/IMG_PeterWullschleger_Farbe-scaled-e1703146851543-768x768.jpeg);\"><\/div><p>La cultura della costruzione \u00e8 una cultura viva. Lo scambio tra i diversi attori e le diverse discipline dell'ambiente costruito \u00e8 di fondamentale importanza. La pianificazione lungimirante del nostro spazio abitativo e l'alta qualit\u00e0 del paesaggio fanno parte della cultura della costruzione tanto quanto l'attenta progettazione e realizzazione dei singoli progetti. Pianificatori territoriali, paesaggisti, architetti, imprenditori edili, muratori: tutti si incontrano a Swissbau per conoscere lo stato dell'arte e discutere le sfide del futuro. In questo senso, la Swissbau \u00e8 senza dubbio una roccaforte, un luogo, una parte della cultura della costruzione.<\/p><p>Peter Wullschleger<br \/>Segretario generale della FSAP dal 1995 al 2023<\/p><\/div><\/div><\/div><div class=\"sia-frage-des-monats-wrapper\"><div class=\"sia-frage-des-monats-q active\" data-id=\"2738\"><h1>Swissbau \u00e8 una roccaforte della cultura della costruzione?<\/h1><div class=\"sia-frage-des-monats-answer active\"><div class=\"img sia-fragedesmonats-lazy-bg\" style=\"background-image:url(https:\/\/baukulturschweiz.ch\/wp-content\/uploads\/2023\/12\/CristinaSchaffner_Bauenschweiz_gross_farbig-scaled-e1703146818569-768x768.jpg);\"><\/div><p>Il programma Swissbau riflette la seguente situazione iniziale: l'industria delle costruzioni sta affrontando grandi cambiamenti e al momento \u00e8 chiamata a fronteggiare sfide importanti come gli obiettivi in materia di risorse e clima, l'economia circolare e lo sviluppo centripeto. Tutti questi argomenti sono legati agli otto criteri del \u00abSistema Davos per la qualit\u00e0 nella cultura della costruzione\u00bb. Da questo punto di vista, Swissbau \u00e8 una roccaforte della cultura della costruzione.<\/p><p>Cristina Schaffner<br \/>Direttrice di Costruzionesvizzera<\/p><\/div><\/div><\/div><div class=\"sia-frage-des-monats-wrapper\"><div class=\"sia-frage-des-monats-q active\" data-id=\"2529\"><h1>Che cosa ha a che vedere il Natale con la cultura della costruzione?<\/h1><div class=\"sia-frage-des-monats-answer active\"><div class=\"img sia-fragedesmonats-lazy-bg\" style=\"background-image:url(https:\/\/baukulturschweiz.ch\/wp-content\/uploads\/2023\/11\/Caspar-Schaerer-e1700558384371-768x768.jpg);\"><\/div><p>In inverno, durante la stagione pi\u00f9 buia dell\u2019anno, e in particolare nel periodo natalizio, trascorriamo pi\u00f9 tempo all\u2019interno, nel tepore delle mura domestiche. In questo momento dell\u2019anno, poter fruire di spazi di qualit\u00e0 \u00e8 un aspetto che acquista ancora pi\u00f9 importanza e concerne sia i locali in cui viviamo sia gli altri spazi in cui ci capita di intrattenerci. Alcuni luoghi pubblici, illuminati e addobbati a festa, ci fanno sentire bene. Anche se fuori fa freddo, l\u2019accoglienza degli spazi ci trasmette calore e senso di protezione.<\/p><p>Caspar Sch\u00e4rer<br \/>Segretario generale BSA-FAS<\/p><\/div><\/div><\/div><div class=\"sia-frage-des-monats-wrapper\"><div class=\"sia-frage-des-monats-q active\" data-id=\"2529\"><h1>Che cosa ha a che vedere il Natale con la cultura della costruzione?<\/h1><div class=\"sia-frage-des-monats-answer active\"><div class=\"img sia-fragedesmonats-lazy-bg\" style=\"background-image:url(https:\/\/baukulturschweiz.ch\/wp-content\/uploads\/2023\/11\/Monika-Litscher-1-scaled-e1700558468851-768x768.jpg);\"><\/div><p>A Natale le attenzioni sono rivolte alla convivialit\u00e0 e alla famiglia. Anche la cultura della costruzione, per dirsi riuscita, deve essere plasmata e vissuta collettivamente, dai diversi attori coinvolti. Le feste e la cultura sono anch\u2019esse accomunate dalla necessit\u00e0 di fare un uso responsabile, creativo e sostenibile dei mezzi a disposizione. A tale proposito, e a prescindere che si tratti di Natale o di pratiche legate alla cultura della costruzione, possono servirci da bussola alcuni elementi strutturanti, adattabili ai diversi contesti, strumenti che possono essere costantemente rinnovati e tutelati, nell\u2019ottica di una tradizione vera e vissuta.<\/p><p>Monika Litscher<br \/>Vicedirettrice Unione delle citt\u00e0 svizzere<\/p><\/div><\/div><\/div><\/div><\/div>\n\t\t\t\t\t\t<\/div>\n\t\t\t\t<\/div>\n\t\t\t\t<\/div>\n\t\t<div id=\"e-n-tab-content-1158956012\" role=\"tabpanel\" aria-labelledby=\"e-n-tab-title-1158956012\" data-tab-index=\"2\" style=\"--n-tabs-title-order: 2;\" class=\"elementor-element elementor-element-b3983c5 e-con-full e-flex e-con e-child\" data-id=\"b3983c5\" data-element_type=\"container\">\n\t\t\t\t<div class=\"elementor-element elementor-element-f1eb7d3 elementor-hidden-mobile elementor-widget elementor-widget-heading\" data-id=\"f1eb7d3\" data-element_type=\"widget\" data-widget_type=\"heading.default\">\n\t\t\t\t<div class=\"elementor-widget-container\">\n\t\t\t\t\t<h4 class=\"elementor-heading-title elementor-size-default\">Social Media<\/h4>\t\t\t\t<\/div>\n\t\t\t\t<\/div>\n\t\t\t\t<div class=\"elementor-element elementor-element-2305c901 elementor-widget elementor-widget-html\" data-id=\"2305c901\" data-element_type=\"widget\" data-no-translation=\"\" data-widget_type=\"html.default\">\n\t\t\t\t<div class=\"elementor-widget-container\">\n\t\t\t\t\t<style>.elementor-element-2305c901{display:none !important}<\/style>\t\t\t\t<\/div>\n\t\t\t\t<\/div>\n\t\t\t\t<div class=\"elementor-element elementor-element-5bb750dc elementor-widget elementor-widget-html\" data-id=\"5bb750dc\" data-element_type=\"widget\" data-no-translation=\"\" data-widget_type=\"html.default\">\n\t\t\t\t<div class=\"elementor-widget-container\">\n\t\t\t\t\t<style>.elementor-element-5bb750dc{display:none !important}<\/style>\t\t\t\t<\/div>\n\t\t\t\t<\/div>\n\t\t\t\t<div class=\"elementor-element elementor-element-3d4c02d2 elementor-widget elementor-widget-html\" data-id=\"3d4c02d2\" data-element_type=\"widget\" data-no-translation=\"\" data-widget_type=\"html.default\">\n\t\t\t\t<div class=\"elementor-widget-container\">\n\t\t\t\t\t<div id=\"flockler-embed-18bfc53d9e101e057684782a1cedbb8e\"><\/div>\n<script src=\"https:\/\/plugins.flockler.com\/embed\/18bf715d940045f1a3f31f80980b8e22\/18bfc53d9e101e057684782a1cedbb8e\" async><\/script>\t\t\t\t<\/div>\n\t\t\t\t<\/div>\n\t\t\t\t<div class=\"elementor-element elementor-element-25a8242a elementor-widget elementor-widget-html\" data-id=\"25a8242a\" data-element_type=\"widget\" data-no-translation=\"\" data-widget_type=\"html.default\">\n\t\t\t\t<div class=\"elementor-widget-container\">\n\t\t\t\t\t<style>.elementor-element-25a8242a{display:none !important}<\/style>\t\t\t\t<\/div>\n\t\t\t\t<\/div>\n\t\t\t\t<\/div>\n\t\t\t\t\t<\/div>\n\t\t<\/div>\n\t\t\t\t\t\t<\/div>\n\t\t\t\t<\/div>\n\t\t\t\t<\/div>\n\t\t\t\t<\/div>","protected":false},"excerpt":{"rendered":"<p>Dialog Wie wollen wir leben? Wie l\u00f6sen wir dr\u00e4ngende gesellschaftliche Herausforderungen? Der Dialog zur Baukultur in der Schweiz ist vielseitig und anspruchsvoll \u2013 und findet auf unterschiedlichen Kan\u00e4len statt. Die Plattform Baukultur Schweiz macht den Dialog sichtbar. Welche Ideen, Projekte oder politische Vorhaben geben aktuell zu reden? Lassen Sie sich von der Frage des Monats [&hellip;]<\/p>","protected":false},"author":1,"featured_media":0,"parent":0,"menu_order":0,"comment_status":"closed","ping_status":"closed","template":"templates\/no-menu-boxed.php","meta":{"_acf_changed":false,"_relevanssi_hide_post":"","_relevanssi_hide_content":"","_relevanssi_pin_for_all":"","_relevanssi_pin_keywords":"hochparterre","_relevanssi_unpin_keywords":"","_relevanssi_related_keywords":"","_relevanssi_related_include_ids":"","_relevanssi_related_exclude_ids":"","_relevanssi_related_no_append":"","_relevanssi_related_not_related":"","_relevanssi_related_posts":"","_relevanssi_noindex_reason":"","footnotes":""},"class_list":["post-92","page","type-page","status-publish","hentry"],"acf":[],"yoast_head":"<!-- This site is optimized with the Yoast SEO plugin v26.1.1 - https:\/\/yoast.com\/wordpress\/plugins\/seo\/ -->\n<title>Dialog zur Baukultur mitgestalten: Kommunikation und Architektur<\/title>\n<meta name=\"description\" content=\"Architektur durch Kommunikation f\u00f6rdern und Fragen zur Baukultur auf LinkedIn diskutieren. Jetzt mitreden und unseren Lebensraum gestalten.\" \/>\n<meta name=\"robots\" content=\"index, follow, max-snippet:-1, max-image-preview:large, max-video-preview:-1\" \/>\n<link rel=\"canonical\" href=\"https:\/\/baukulturschweiz.ch\/it\/dialog\/\" \/>\n<meta property=\"og:locale\" content=\"it_IT\" \/>\n<meta property=\"og:type\" content=\"article\" \/>\n<meta property=\"og:title\" content=\"Dialog zur Baukultur mitgestalten: Kommunikation und Architektur\" \/>\n<meta property=\"og:description\" content=\"Architektur durch Kommunikation f\u00f6rdern und Fragen zur Baukultur auf LinkedIn diskutieren. Jetzt mitreden und unseren Lebensraum gestalten.\" \/>\n<meta property=\"og:url\" content=\"https:\/\/baukulturschweiz.ch\/it\/dialog\/\" \/>\n<meta property=\"og:site_name\" content=\"Baukultur Schweiz\" \/>\n<meta property=\"article:modified_time\" content=\"2025-10-16T16:45:46+00:00\" \/>\n<meta name=\"twitter:card\" content=\"summary_large_image\" \/>\n<meta name=\"twitter:label1\" content=\"Tempo di lettura stimato\" \/>\n\t<meta name=\"twitter:data1\" content=\"23 minuti\" \/>\n<script type=\"application\/ld+json\" class=\"yoast-schema-graph\">{\"@context\":\"https:\/\/schema.org\",\"@graph\":[{\"@type\":\"WebPage\",\"@id\":\"https:\/\/baukulturschweiz.ch\/dialog\/\",\"url\":\"https:\/\/baukulturschweiz.ch\/dialog\/\",\"name\":\"Dialog zur Baukultur mitgestalten: Kommunikation und Architektur\",\"isPartOf\":{\"@id\":\"https:\/\/baukulturschweiz.ch\/de\/#website\"},\"datePublished\":\"2023-03-24T09:05:25+00:00\",\"dateModified\":\"2025-10-16T16:45:46+00:00\",\"description\":\"Architektur durch Kommunikation f\u00f6rdern und Fragen zur Baukultur auf LinkedIn diskutieren. Jetzt mitreden und unseren Lebensraum gestalten.\",\"breadcrumb\":{\"@id\":\"https:\/\/baukulturschweiz.ch\/dialog\/#breadcrumb\"},\"inLanguage\":\"it-IT\",\"potentialAction\":[{\"@type\":\"ReadAction\",\"target\":[\"https:\/\/baukulturschweiz.ch\/dialog\/\"]}]},{\"@type\":\"BreadcrumbList\",\"@id\":\"https:\/\/baukulturschweiz.ch\/dialog\/#breadcrumb\",\"itemListElement\":[{\"@type\":\"ListItem\",\"position\":1,\"name\":\"Startseite\",\"item\":\"https:\/\/baukulturschweiz.ch\/\"},{\"@type\":\"ListItem\",\"position\":2,\"name\":\"Dialog\"}]},{\"@type\":\"WebSite\",\"@id\":\"https:\/\/baukulturschweiz.ch\/de\/#website\",\"url\":\"https:\/\/baukulturschweiz.ch\/de\/\",\"name\":\"Baukultur Schweiz\",\"description\":\"My WordPress Blog\",\"potentialAction\":[{\"@type\":\"SearchAction\",\"target\":{\"@type\":\"EntryPoint\",\"urlTemplate\":\"https:\/\/baukulturschweiz.ch\/de\/?s={search_term_string}\"},\"query-input\":{\"@type\":\"PropertyValueSpecification\",\"valueRequired\":true,\"valueName\":\"search_term_string\"}}],\"inLanguage\":\"it-IT\"}]}<\/script>\n<!-- \/ Yoast SEO plugin. -->","yoast_head_json":{"title":"Dialog zur Baukultur mitgestalten: Kommunikation und Architektur","description":"Architektur durch Kommunikation f\u00f6rdern und Fragen zur Baukultur auf LinkedIn diskutieren. Jetzt mitreden und unseren Lebensraum gestalten.","robots":{"index":"index","follow":"follow","max-snippet":"max-snippet:-1","max-image-preview":"max-image-preview:large","max-video-preview":"max-video-preview:-1"},"canonical":"https:\/\/baukulturschweiz.ch\/it\/dialog\/","og_locale":"it_IT","og_type":"article","og_title":"Dialog zur Baukultur mitgestalten: Kommunikation und Architektur","og_description":"Architektur durch Kommunikation f\u00f6rdern und Fragen zur Baukultur auf LinkedIn diskutieren. Jetzt mitreden und unseren Lebensraum gestalten.","og_url":"https:\/\/baukulturschweiz.ch\/it\/dialog\/","og_site_name":"Baukultur Schweiz","article_modified_time":"2025-10-16T16:45:46+00:00","twitter_card":"summary_large_image","twitter_misc":{"Tempo di lettura stimato":"23 minuti"},"schema":{"@context":"https:\/\/schema.org","@graph":[{"@type":"WebPage","@id":"https:\/\/baukulturschweiz.ch\/dialog\/","url":"https:\/\/baukulturschweiz.ch\/dialog\/","name":"Dialog zur Baukultur mitgestalten: Kommunikation und Architektur","isPartOf":{"@id":"https:\/\/baukulturschweiz.ch\/de\/#website"},"datePublished":"2023-03-24T09:05:25+00:00","dateModified":"2025-10-16T16:45:46+00:00","description":"Architektur durch Kommunikation f\u00f6rdern und Fragen zur Baukultur auf LinkedIn diskutieren. Jetzt mitreden und unseren Lebensraum gestalten.","breadcrumb":{"@id":"https:\/\/baukulturschweiz.ch\/dialog\/#breadcrumb"},"inLanguage":"it-IT","potentialAction":[{"@type":"ReadAction","target":["https:\/\/baukulturschweiz.ch\/dialog\/"]}]},{"@type":"BreadcrumbList","@id":"https:\/\/baukulturschweiz.ch\/dialog\/#breadcrumb","itemListElement":[{"@type":"ListItem","position":1,"name":"Startseite","item":"https:\/\/baukulturschweiz.ch\/"},{"@type":"ListItem","position":2,"name":"Dialog"}]},{"@type":"WebSite","@id":"https:\/\/baukulturschweiz.ch\/de\/#website","url":"https:\/\/baukulturschweiz.ch\/de\/","name":"Cultura della costruzione Svizzera","description":"My WordPress Blog","potentialAction":[{"@type":"SearchAction","target":{"@type":"EntryPoint","urlTemplate":"https:\/\/baukulturschweiz.ch\/de\/?s={search_term_string}"},"query-input":{"@type":"PropertyValueSpecification","valueRequired":true,"valueName":"search_term_string"}}],"inLanguage":"it-IT"}]}},"_links":{"self":[{"href":"https:\/\/baukulturschweiz.ch\/it\/wp-json\/wp\/v2\/pages\/92","targetHints":{"allow":["GET"]}}],"collection":[{"href":"https:\/\/baukulturschweiz.ch\/it\/wp-json\/wp\/v2\/pages"}],"about":[{"href":"https:\/\/baukulturschweiz.ch\/it\/wp-json\/wp\/v2\/types\/page"}],"author":[{"embeddable":true,"href":"https:\/\/baukulturschweiz.ch\/it\/wp-json\/wp\/v2\/users\/1"}],"replies":[{"embeddable":true,"href":"https:\/\/baukulturschweiz.ch\/it\/wp-json\/wp\/v2\/comments?post=92"}],"version-history":[{"count":39,"href":"https:\/\/baukulturschweiz.ch\/it\/wp-json\/wp\/v2\/pages\/92\/revisions"}],"predecessor-version":[{"id":5365,"href":"https:\/\/baukulturschweiz.ch\/it\/wp-json\/wp\/v2\/pages\/92\/revisions\/5365"}],"wp:attachment":[{"href":"https:\/\/baukulturschweiz.ch\/it\/wp-json\/wp\/v2\/media?parent=92"}],"curies":[{"name":"wp","href":"https:\/\/api.w.org\/{rel}","templated":true}]}}