{"id":90,"date":"2023-03-24T09:05:11","date_gmt":"2023-03-24T09:05:11","guid":{"rendered":"http:\/\/baukultur.dclabs.ch\/?page_id=90"},"modified":"2023-06-19T08:42:58","modified_gmt":"2023-06-19T08:42:58","slug":"agenda","status":"publish","type":"page","link":"https:\/\/baukulturschweiz.ch\/it\/agenda\/","title":{"rendered":"Agenda"},"content":{"rendered":"<div class=\"espazium-agenda-wrapper\" data-lang=\"it_IT\" data-no-translate><div class=\"espazium-agenda-header\"><h3 class=\"agenda-label\">In corso<\/h3><div class=\"espazium-coop\"><small>Agenda in collaborazione con<\/small><a href=\"https:\/\/events.espazium.ch\/it\" target=\"_blank\" rel=\"noopener\"><img decoding=\"async\" src=\"https:\/\/baukulturschweiz.ch\/wp-content\/plugins\/espazium-agenda\/assets\/images\/logo-espazium-white.svg\" \/><\/a><\/div><button class=\"agenda-filter\"><span>FILTER<\/span><svg aria-hidden=\"true\" focusable=\"false\" role=\"img\" xmlns=\"http:\/\/www.w3.org\/2000\/svg\" viewbox=\"0 0 384 512\" width=\"384\" height=\"512\"><path fill=\"#fff\" d=\"M324.5 411.1c6.2 6.2 16.4 6.2 22.6 0s6.2-16.4 0-22.6L214.6 256 347.1 123.5c6.2-6.2 6.2-16.4 0-22.6s-16.4-6.2-22.6 0L192 233.4 59.5 100.9c-6.2-6.2-16.4-6.2-22.6 0s-6.2 16.4 0 22.6L169.4 256 36.9 388.5c-6.2 6.2-6.2 16.4 0 22.6s16.4 6.2 22.6 0L192 278.6 324.5 411.1z\"><\/path><\/svg><\/button><button class=\"agenda-scroll-top\"><span>In corso<\/span><svg aria-hidden=\"true\" focusable=\"false\" role=\"img\" xmlns=\"http:\/\/www.w3.org\/2000\/svg\" viewbox=\"0 0 384 512\" width=\"384\" height=\"512\"><path fill=\"#fff\" d=\"M203.3 36.7c-6.2-6.2-16.4-6.2-22.6 0l-176 176c-6.2 6.2-6.2 16.4 0 22.6s16.4 6.2 22.6 0L176 86.6V464c0 8.8 7.2 16 16 16s16-7.2 16-16V86.6L356.7 235.3c6.2 6.2 16.4 6.2 22.6 0s6.2-16.4 0-22.6l-176-176z\"><\/path><\/svg><\/button><\/div><section class=\"espazium-agenda-section current\" data-date=\"In corso\"><div class=\"espazium-agenda-section-header\"><\/div><div class=\"espazium-agenda-tile-wrapper\"><article class=\"espazium-agenda-tile\"  data-url=\"https:\/\/baukulturschweiz.ch\/it\/agenda\/boltshauser-architekten-prinzip-reduktion\" data-slug=\"boltshauser-architekten-prinzip-reduktion\" onclick=\"return window.espaziumAgenda.showArticle(this);\"><a class=\"espazium-agenda-tile-link\" href=\"https:\/\/baukulturschweiz.ch\/it\/agenda\/boltshauser-architekten-prinzip-reduktion\"><span class=\"title\">Boltshauser Architekten - Prinzip Reduktion<\/span><span class=\"thumbnail\"><img loading=\"lazy\" decoding=\"async\" class=\"thumbnail\" src=\"https:\/\/espazium.s3.eu-central-1.amazonaws.com\/files\/styles\/media_image_mobile\/public\/2026-04\/Boltshauser-Architekten-Prinzip-Reduktion-Brunnen-17-April-20-September-2026.jpg?itok=DFJqzTgN\" width=\"720\" height=\"480\" alt=\"Boltshauser Architekten | Prinzip Reduktion, Brunnen, 17. April bis 20. September 2026\" title=\"\" \/><\/span><span class=\"date\">17\/4\/2026 - 20\/9\/2026<\/span><span class=\"location\">Kloster Ingenbohl, Brunnen<\/span><span class=\"event-type\">Esposizione<\/span><\/a><\/article><article class=\"espazium-agenda-tile\"  data-url=\"https:\/\/baukulturschweiz.ch\/it\/agenda\/bauen-fur-die-macht\" data-slug=\"bauen-fur-die-macht\" onclick=\"return window.espaziumAgenda.showArticle(this);\"><a class=\"espazium-agenda-tile-link\" href=\"https:\/\/baukulturschweiz.ch\/it\/agenda\/bauen-fur-die-macht\"><span class=\"title\">Bauen f\u00fcr die Macht<\/span><span class=\"thumbnail\"><img loading=\"lazy\" decoding=\"async\" class=\"thumbnail\" src=\"https:\/\/espazium.s3.eu-central-1.amazonaws.com\/files\/styles\/media_image_mobile\/public\/2026-03\/Bauen-fuer-die-Macht-Zuerich-17-April-29-November-2026.jpg?itok=U8pSGWWy\" width=\"720\" height=\"480\" alt=\"Bauen f&uuml;r die Macht, Z&uuml;rich, 17. April &ndash; 29. November 2026\" title=\"\" \/><\/span><span class=\"date\">17\/4\/2026 - 29\/11\/2026<\/span><span class=\"location\">Pavillon Le Corbusier, Z\u00fcrich<\/span><span class=\"event-type\">Esposizione<\/span><\/a><\/article><article class=\"espazium-agenda-tile\"  data-url=\"https:\/\/baukulturschweiz.ch\/it\/agenda\/barbara-buser-pionierin-der-nachhaltigkeit-pionniere-du-durable\" data-slug=\"barbara-buser-pionierin-der-nachhaltigkeit-pionniere-du-durable\" onclick=\"return window.espaziumAgenda.showArticle(this);\"><a class=\"espazium-agenda-tile-link\" href=\"https:\/\/baukulturschweiz.ch\/it\/agenda\/barbara-buser-pionierin-der-nachhaltigkeit-pionniere-du-durable\"><span class=\"title\">Barbara Buser - Pionierin der Nachhaltigkeit \/ Pionni\u00e8re du durable<\/span><span class=\"thumbnail\"><img loading=\"lazy\" decoding=\"async\" class=\"thumbnail\" src=\"https:\/\/espazium.s3.eu-central-1.amazonaws.com\/files\/styles\/media_image_mobile\/public\/2026-02\/Barbara-Buser-Pionierin-der-Nachhaltigkeit-ab-April-2026-im-Kino-Deutschschweiz-Romandie-Ticino.jpg?itok=lMNpQmGO\" width=\"720\" height=\"480\" alt=\"Barbara Buser - Pionierin der Nachhaltigkeit \/ Pionni&egrave;re du durable, ab April 2026 im Kino, Deutschschweiz, Romandie, Ticino\" title=\"\" \/><\/span><span class=\"date\">13\/4\/2026 - 30\/4\/2026<\/span><span class=\"location\">im Kino \/ en salles<\/span><span class=\"event-type\">Proiezione<\/span><\/a><\/article><article class=\"espazium-agenda-tile\" data-actor-2964=\"2964\" data-url=\"https:\/\/baukulturschweiz.ch\/it\/agenda\/architektur-der-offenheit-offen-erschlossen-ansatze-zum-weiterbauen\" data-slug=\"architektur-der-offenheit-offen-erschlossen-ansatze-zum-weiterbauen\" onclick=\"return window.espaziumAgenda.showArticle(this);\"><a class=\"espazium-agenda-tile-link\" href=\"https:\/\/baukulturschweiz.ch\/it\/agenda\/architektur-der-offenheit-offen-erschlossen-ansatze-zum-weiterbauen\"><span class=\"title\">Architektur der Offenheit | offen erschlossen - Ans\u00e4tze zum Weiterbauen<\/span><span class=\"thumbnail\"><img loading=\"lazy\" decoding=\"async\" class=\"thumbnail\" src=\"https:\/\/espazium.s3.eu-central-1.amazonaws.com\/files\/styles\/media_image_mobile\/public\/2026-04\/Architektur-der-Offenheit-offen-erschlossen-Ansaetze-zum-Weiterbauen-Winterthur-8-April-5-Mai-2026.jpg?itok=Li8CudIs\" width=\"720\" height=\"480\" alt=\"Architektur der Offenheit | offen erschlossen - Ans&auml;tze zum Weiterbauen, Winterthur, 8. April bis 5. Mai 2026\" title=\"\" \/><\/span><span class=\"date\">8\/4\/2026 - 5\/5\/2026<\/span><span class=\"location\">ZHAW, Winterthur<\/span><span class=\"event-type\">Esposizione<\/span><\/a><a href=\"https:\/\/baukulturschweiz.ch\/it\/agenda\/filter\/bund-schweizer-architektinnen-und-architekten-bsa-fas\" class=\"event-actor\" onclick=\"return window.espaziumAgenda.filterBy(event, this);\" data-actor=\"2964\" data-slug=\"bund-schweizer-architektinnen-und-architekten-bsa-fas\"><small>Bund Schweizer Architektinnen und Architekten BSA FAS<\/small><\/a><\/article><article class=\"espazium-agenda-tile\"  data-url=\"https:\/\/baukulturschweiz.ch\/it\/agenda\/neue-wildnis\" data-slug=\"neue-wildnis\" onclick=\"return window.espaziumAgenda.showArticle(this);\"><a class=\"espazium-agenda-tile-link\" href=\"https:\/\/baukulturschweiz.ch\/it\/agenda\/neue-wildnis\"><span class=\"title\">Neue Wildnis<\/span><span class=\"thumbnail\"><img loading=\"lazy\" decoding=\"async\" class=\"thumbnail\" src=\"https:\/\/espazium.s3.eu-central-1.amazonaws.com\/files\/styles\/media_image_mobile\/public\/2026-03\/Neue-Wildnis-Winterthur-2-April-23-August-2026.jpg?itok=Mkyz8gnh\" width=\"720\" height=\"480\" alt=\"Neue Wildnis, Winterthur, 2. April bis 23. August 2026\" title=\"\" \/><\/span><span class=\"date\">2\/4\/2026 - 23\/8\/2026<\/span><span class=\"location\">Gewerbemuseum, Winterthur<\/span><span class=\"event-type\">Esposizione<\/span><\/a><\/article><article class=\"espazium-agenda-tile\" data-actor-3052=\"3052\" data-url=\"https:\/\/baukulturschweiz.ch\/it\/agenda\/thomas-hirschhorn-pavillon-simone-weil\" data-slug=\"thomas-hirschhorn-pavillon-simone-weil\" onclick=\"return window.espaziumAgenda.showArticle(this);\"><a class=\"espazium-agenda-tile-link\" href=\"https:\/\/baukulturschweiz.ch\/it\/agenda\/thomas-hirschhorn-pavillon-simone-weil\"><span class=\"title\">Thomas Hirschhorn |\u00a0Pavillon Simone Weil<\/span><span class=\"thumbnail\"><img loading=\"lazy\" decoding=\"async\" class=\"thumbnail\" src=\"https:\/\/espazium.s3.eu-central-1.amazonaws.com\/files\/styles\/media_image_mobile\/public\/2026-03\/Thomas-Hirschhorn-Pavillon-Simone-Weil-Geneve-31-mars-16-juin-2026.jpg?itok=8WU9X0GV\" width=\"720\" height=\"480\" alt=\"Thomas Hirschhorn |&nbsp;Pavillon Simone Weil, Gen&egrave;ve, du 31 mars au 16 juin 2026\" title=\"\" \/><\/span><span class=\"date\">31\/3\/2026 - 16\/6\/2026<\/span><span class=\"location\">Pavillon Sicli, Gen\u00e8ve<\/span><span class=\"event-type\">Esposizione<\/span><\/a><a href=\"https:\/\/baukulturschweiz.ch\/it\/agenda\/filter\/fondation-pavillon-sicli\" class=\"event-actor\" onclick=\"return window.espaziumAgenda.filterBy(event, this);\" data-actor=\"3052\" data-slug=\"fondation-pavillon-sicli\"><small>Fondation Pavillon Sicli<\/small><\/a><\/article><article class=\"espazium-agenda-tile\"  data-url=\"https:\/\/baukulturschweiz.ch\/it\/agenda\/ernst-studer-1931-2001-buro-j-naef-e-studer-g-studer\" data-slug=\"ernst-studer-1931-2001-buro-j-naef-e-studer-g-studer\" onclick=\"return window.espaziumAgenda.showArticle(this);\"><a class=\"espazium-agenda-tile-link\" href=\"https:\/\/baukulturschweiz.ch\/it\/agenda\/ernst-studer-1931-2001-buro-j-naef-e-studer-g-studer\"><span class=\"title\">Ernst Studer (1931-2001) | B\u00fcro J. Naef + E. Studer + G. Studer<\/span><span class=\"thumbnail\"><img loading=\"lazy\" decoding=\"async\" class=\"thumbnail\" src=\"https:\/\/espazium.s3.eu-central-1.amazonaws.com\/files\/styles\/media_image_mobile\/public\/2026-03\/Ernst-Studer-1931-2001-Buero-J-Naef-E-Studer-G-Studer-Winterthur-31-Maerz-19-Juni-2026.jpg?itok=T3gqFjGo\" width=\"720\" height=\"480\" alt=\"Ernst Studer (1931-2001) und das B&uuml;ro J. Naef + E. Studer + G. Studer, Winterthur, 31. M&auml;rz bis 19. Juni 2026\" title=\"\" \/><\/span><span class=\"date\">31\/3\/2026 - 19\/6\/2026<\/span><span class=\"location\">ZHAW, Winterthur<\/span><span class=\"event-type\">Esposizione<\/span><\/a><\/article><article class=\"espazium-agenda-tile\"  data-url=\"https:\/\/baukulturschweiz.ch\/it\/agenda\/education-real-l-atelier-cantafora-l-epfl\" data-slug=\"education-real-l-atelier-cantafora-l-epfl\" onclick=\"return window.espaziumAgenda.showArticle(this);\"><a class=\"espazium-agenda-tile-link\" href=\"https:\/\/baukulturschweiz.ch\/it\/agenda\/education-real-l-atelier-cantafora-l-epfl\"><span class=\"title\">An Education in the Real \u2013 L\u2019Atelier Cant\u00e0fora \u00e0 l\u2019EPFL<\/span><span class=\"thumbnail\"><img loading=\"lazy\" decoding=\"async\" class=\"thumbnail\" src=\"https:\/\/espazium.s3.eu-central-1.amazonaws.com\/files\/styles\/media_image_mobile\/public\/2026-03\/An-Education-in-the-Real-L-Atelier-Cantafora-a-l-EPFL-Lausanne-18-mars-5-juin-2026.jpg?itok=bE5veG9Q\" width=\"720\" height=\"480\" alt=\"An Education in the Real &ndash; L&rsquo;Atelier Cant&agrave;fora &agrave; l&rsquo;EPFL, Lausanne, du 18 mars au 5 juin 2026\" title=\"\" \/><\/span><span class=\"date\">18\/3\/2026 - 5\/6\/2026<\/span><span class=\"location\">Archizoom, Lausanne<\/span><span class=\"event-type\">Esposizione<\/span><\/a><\/article><article class=\"espazium-agenda-tile\"  data-url=\"https:\/\/baukulturschweiz.ch\/it\/agenda\/hella-jongerius-whispering-things\" data-slug=\"hella-jongerius-whispering-things\" onclick=\"return window.espaziumAgenda.showArticle(this);\"><a class=\"espazium-agenda-tile-link\" href=\"https:\/\/baukulturschweiz.ch\/it\/agenda\/hella-jongerius-whispering-things\"><span class=\"title\">Hella Jongerius - Whispering Things<\/span><span class=\"thumbnail\"><img loading=\"lazy\" decoding=\"async\" class=\"thumbnail\" src=\"https:\/\/espazium.s3.eu-central-1.amazonaws.com\/files\/styles\/media_image_mobile\/public\/2026-03\/Hella-Jongerius-Whispering-Things-Weil-am-Rhein-14-Maerz-6-September-2026.jpg?itok=oyv_ybPS\" width=\"720\" height=\"480\" alt=\"Hella Jongerius - Whispering Things, Weil am Rhein, 14. M&auml;rz bis 6. September 2026\" title=\"\" \/><\/span><span class=\"date\">14\/3\/2026 - 6\/9\/2026<\/span><span class=\"location\">Vitra Design Museum, Weil am Rhein<\/span><span class=\"event-type\">Esposizione<\/span><\/a><\/article><article class=\"espazium-agenda-tile\"  data-url=\"https:\/\/baukulturschweiz.ch\/it\/agenda\/ccp07-architetture-transizione-17-architetture-di-citta-del-messico\" data-slug=\"ccp07-architetture-transizione-17-architetture-di-citta-del-messico\" onclick=\"return window.espaziumAgenda.showArticle(this);\"><a class=\"espazium-agenda-tile-link\" href=\"https:\/\/baukulturschweiz.ch\/it\/agenda\/ccp07-architetture-transizione-17-architetture-di-citta-del-messico\"><span class=\"title\">CCP07 \u2013 Architetture in transizione - 17 Architetture di Citt\u00e0 del Messico<\/span><span class=\"thumbnail\"><img loading=\"lazy\" decoding=\"async\" class=\"thumbnail\" src=\"https:\/\/espazium.s3.eu-central-1.amazonaws.com\/files\/styles\/media_image_mobile\/public\/2026-02\/CCP07-Architetture-in-transizione-17-Architetture-di-Citta-del-Messico-Lugano-13-marzo-30-aprile-2026%20.jpg?itok=cWM69oOg\" width=\"720\" height=\"480\" alt=\"CCP07 &ndash; Architetture in transizione - 17 Architetture di Citt&agrave; del Messico, Lugano, dal 13 marzo al 30 aprile 2026 \" title=\"\" \/><\/span><span class=\"date\">13\/3\/2026 - 30\/4\/2026<\/span><span class=\"location\">Limonaia di Villa Saroli, Lugano<\/span><span class=\"event-type\">Esposizione<\/span><\/a><\/article><article class=\"espazium-agenda-tile\" data-actor-2962=\"2962\" data-url=\"https:\/\/baukulturschweiz.ch\/it\/agenda\/women-writing-architecture-1700-1900\" data-slug=\"women-writing-architecture-1700-1900\" onclick=\"return window.espaziumAgenda.showArticle(this);\"><a class=\"espazium-agenda-tile-link\" href=\"https:\/\/baukulturschweiz.ch\/it\/agenda\/women-writing-architecture-1700-1900\"><span class=\"title\">Women Writing Architecture 1700-1900<\/span><span class=\"thumbnail\"><img loading=\"lazy\" decoding=\"async\" class=\"thumbnail\" src=\"https:\/\/espazium.s3.eu-central-1.amazonaws.com\/files\/styles\/media_image_mobile\/public\/2026-03\/Women-Writing-Architecture-1700-1900-Zuerich-4-Maerz-8-Mai-2026.jpg?itok=x_-sXix5\" width=\"720\" height=\"480\" alt=\"Women Writing Architecture 1700-1900, Z&uuml;rich, 4. M&auml;rz bis 8. Mai 2026\" title=\"\" \/><\/span><span class=\"date\">4\/3\/2026 - 8\/5\/2026<\/span><span class=\"location\">ETH H\u00f6nggerberg | gta Ausstellungen, Z\u00fcrich<\/span><span class=\"event-type\">Esposizione<\/span><\/a><a href=\"https:\/\/baukulturschweiz.ch\/it\/agenda\/filter\/departement-architektur-eth-zuerich\" class=\"event-actor\" onclick=\"return window.espaziumAgenda.filterBy(event, this);\" data-actor=\"2962\" data-slug=\"departement-architektur-eth-zuerich\"><small>Dipartimento di architettura, ETH Zurigo<\/small><\/a><\/article><article class=\"espazium-agenda-tile\" data-actor-2962=\"2962\" data-actor-2956=\"2956\" data-url=\"https:\/\/baukulturschweiz.ch\/it\/agenda\/tendenzen-at-50-portrait-of-an-exhibition\" data-slug=\"tendenzen-at-50-portrait-of-an-exhibition\" onclick=\"return window.espaziumAgenda.showArticle(this);\"><a class=\"espazium-agenda-tile-link\" href=\"https:\/\/baukulturschweiz.ch\/it\/agenda\/tendenzen-at-50-portrait-of-an-exhibition\"><span class=\"title\">Tendenzen at 50: Portrait of an Exhibition<\/span><span class=\"thumbnail\"><img loading=\"lazy\" decoding=\"async\" class=\"thumbnail\" src=\"https:\/\/espazium.s3.eu-central-1.amazonaws.com\/files\/styles\/media_image_mobile\/public\/2026-03\/Tendenzen-at-50-Portrait-of-an-Exhibition-Zuerich-4-Maerz-8-Mai-2026.jpg?itok=eFAb7HTm\" width=\"720\" height=\"480\" alt=\"Tendenzen at 50: Portrait of an Exhibition, Z&uuml;rich, 4. M&auml;rz bis 8. Mai 2026\" title=\"\" \/><\/span><span class=\"date\">4\/3\/2026 - 8\/5\/2026<\/span><span class=\"location\">ETH H\u00f6nggerberg | gta Ausstellungen, Z\u00fcrich<\/span><span class=\"event-type\">Esposizione<\/span><\/a><a href=\"https:\/\/baukulturschweiz.ch\/it\/agenda\/filter\/departement-architektur-eth-zuerich\" class=\"event-actor\" onclick=\"return window.espaziumAgenda.filterBy(event, this);\" data-actor=\"2962\" data-slug=\"departement-architektur-eth-zuerich\"><small>Dipartimento di architettura, ETH Zurigo<\/small><\/a><a href=\"https:\/\/baukulturschweiz.ch\/it\/agenda\/filter\/gta-archiv-eth-zuerich\" class=\"event-actor\" onclick=\"return window.espaziumAgenda.filterBy(event, this);\" data-actor=\"2956\" data-slug=\"gta-archiv-eth-zuerich\"><small>gta Archiv \/ ETH Z\u00fcrich<\/small><\/a><\/article><article class=\"espazium-agenda-tile\" data-actor-2969=\"2969\" data-url=\"https:\/\/baukulturschweiz.ch\/it\/agenda\/des-cedres-dorigny-batir-l-ecole-d-architecture\" data-slug=\"des-cedres-dorigny-batir-l-ecole-d-architecture\" onclick=\"return window.espaziumAgenda.showArticle(this);\"><a class=\"espazium-agenda-tile-link\" href=\"https:\/\/baukulturschweiz.ch\/it\/agenda\/des-cedres-dorigny-batir-l-ecole-d-architecture\"><span class=\"title\">Des C\u00e8dres \u00e0 Dorigny, b\u00e2tir l\u2019\u00e9cole d\u2019architecture<\/span><span class=\"thumbnail\"><img loading=\"lazy\" decoding=\"async\" class=\"thumbnail\" src=\"https:\/\/espazium.s3.eu-central-1.amazonaws.com\/files\/styles\/media_image_mobile\/public\/2026-02\/Des-Cedres-a-Dorigny-batir-l-ecole-d-architecture-Lausanne-4-mars-29-septembre-2026.jpg?itok=IaJtpdbA\" width=\"720\" height=\"480\" alt=\"Des C&egrave;dres &agrave; Dorigny, b&acirc;tir l&rsquo;&eacute;cole d&rsquo;architecture, Lausanne, du 4 mars au 29 septembre 2026\" title=\"\" \/><\/span><span class=\"date\">4\/3\/2026 - 29\/9\/2026<\/span><span class=\"location\">Archizoom, Lausanne<\/span><span class=\"event-type\">Esposizione<\/span><\/a><a href=\"https:\/\/baukulturschweiz.ch\/it\/agenda\/filter\/archives-de-la-construction-moderne-acm\" class=\"event-actor\" onclick=\"return window.espaziumAgenda.filterBy(event, this);\" data-actor=\"2969\" data-slug=\"archives-de-la-construction-moderne-acm\"><small>Archives de la construction moderne (Acm)<\/small><\/a><\/article><article class=\"espazium-agenda-tile\" data-actor-5565=\"5565\" data-actor-2962=\"2962\" data-actor-2956=\"2956\" data-url=\"https:\/\/baukulturschweiz.ch\/it\/agenda\/zurich-dialoge-zur-verdichtung-dialogues-densification\" data-slug=\"zurich-dialoge-zur-verdichtung-dialogues-densification\" onclick=\"return window.espaziumAgenda.showArticle(this);\"><a class=\"espazium-agenda-tile-link\" href=\"https:\/\/baukulturschweiz.ch\/it\/agenda\/zurich-dialoge-zur-verdichtung-dialogues-densification\"><span class=\"title\">Z\u00fcrich: Dialoge zur Verdichtung \/ Dialogues on Densification<\/span><span class=\"thumbnail\"><img loading=\"lazy\" decoding=\"async\" class=\"thumbnail\" src=\"https:\/\/espazium.s3.eu-central-1.amazonaws.com\/files\/styles\/media_image_mobile\/public\/2026-02\/Zuerich-Dialoge-zur-Verdichtung-Dialogues-on-Densification-27-Februar-28-Juni-2026.jpg?itok=M1ky5w-j\" width=\"720\" height=\"480\" alt=\"Z&uuml;rich: Dialoge zur Verdichtung \/ Dialogues on Densification, 27. Februar bis 28. Juni 2026\" title=\"\" \/><\/span><span class=\"date\">27\/2\/2026 - 28\/6\/2026<\/span><span class=\"location\">ZAZ Bellerive, Z\u00fcrich<\/span><span class=\"event-type\">Esposizione<\/span><\/a><a href=\"https:\/\/baukulturschweiz.ch\/it\/agenda\/filter\/zaz-bellerive\" class=\"event-actor\" onclick=\"return window.espaziumAgenda.filterBy(event, this);\" data-actor=\"5565\" data-slug=\"zaz-bellerive\"><small>ZAZ Bellerive<\/small><\/a><a href=\"https:\/\/baukulturschweiz.ch\/it\/agenda\/filter\/departement-architektur-eth-zuerich\" class=\"event-actor\" onclick=\"return window.espaziumAgenda.filterBy(event, this);\" data-actor=\"2962\" data-slug=\"departement-architektur-eth-zuerich\"><small>Dipartimento di architettura, ETH Zurigo<\/small><\/a><a href=\"https:\/\/baukulturschweiz.ch\/it\/agenda\/filter\/gta-archiv-eth-zuerich\" class=\"event-actor\" onclick=\"return window.espaziumAgenda.filterBy(event, this);\" data-actor=\"2956\" data-slug=\"gta-archiv-eth-zuerich\"><small>gta Archiv \/ ETH Z\u00fcrich<\/small><\/a><\/article><article class=\"espazium-agenda-tile\"  data-url=\"https:\/\/baukulturschweiz.ch\/it\/agenda\/maisons-meres-architectures-utopiques-et-concretes\" data-slug=\"maisons-meres-architectures-utopiques-et-concretes\" onclick=\"return window.espaziumAgenda.showArticle(this);\"><a class=\"espazium-agenda-tile-link\" href=\"https:\/\/baukulturschweiz.ch\/it\/agenda\/maisons-meres-architectures-utopiques-et-concretes\"><span class=\"title\">Maisons-m\u00e8res. Architectures utopiques et concr\u00e8tes<\/span><span class=\"thumbnail\"><img loading=\"lazy\" decoding=\"async\" class=\"thumbnail\" src=\"https:\/\/espazium.s3.eu-central-1.amazonaws.com\/files\/styles\/media_image_mobile\/public\/2026-02\/Maisons-meres-Architectures-utopiques-et-concretes-Renens-12-fevrier-21-juin-2026.jpg?itok=p1anILxg\" width=\"720\" height=\"480\" alt=\"Maisons-m&egrave;res. Architectures utopiques et concr&egrave;tes, Renens, du 12 f&eacute;vrier au 21 juin 2026\" title=\"\" \/><\/span><span class=\"date\">12\/2\/2026 - 21\/6\/2026<\/span><span class=\"location\">La Ferme des Tilleuls, Renens<\/span><span class=\"event-type\">Esposizione<\/span><\/a><\/article><article class=\"espazium-agenda-tile\"  data-url=\"https:\/\/baukulturschweiz.ch\/it\/agenda\/wie-zirkular-lebst-du-zirkulares-denken-im-alltag-und-im-bauen\" data-slug=\"wie-zirkular-lebst-du-zirkulares-denken-im-alltag-und-im-bauen\" onclick=\"return window.espaziumAgenda.showArticle(this);\"><a class=\"espazium-agenda-tile-link\" href=\"https:\/\/baukulturschweiz.ch\/it\/agenda\/wie-zirkular-lebst-du-zirkulares-denken-im-alltag-und-im-bauen\"><span class=\"title\">Wie zirkul\u00e4r lebst du? Zirkul\u00e4res Denken im Alltag und im Bauen<\/span><span class=\"thumbnail\"><img loading=\"lazy\" decoding=\"async\" class=\"thumbnail\" src=\"https:\/\/espazium.s3.eu-central-1.amazonaws.com\/files\/styles\/media_image_mobile\/public\/2026-02\/Wie-zirkulaer-lebst-du-Zirkulaeres-Denken-im-Alltag-und-im-Bauen-Triesen-2026.jpg?itok=jGzerAhW\" width=\"720\" height=\"480\" alt=\"Wie zirkul&auml;r lebst du? Zirkul&auml;res Denken im Alltag und im Bauen, Triesen, 2026\" title=\"\" \/><\/span><span class=\"date\">31\/12\/2025 - 31\/12\/2026<\/span><span class=\"location\">ZirkuLIE \u2013 Zentrum f\u00fcr Zirkul\u00e4res Bauen, Triesen<\/span><span class=\"event-type\">Esposizione<\/span><\/a><\/article><article class=\"espazium-agenda-tile\" data-actor-2955=\"2955\" data-url=\"https:\/\/baukulturschweiz.ch\/it\/agenda\/kosmos-altstadt\" data-slug=\"kosmos-altstadt\" onclick=\"return window.espaziumAgenda.showArticle(this);\"><a class=\"espazium-agenda-tile-link\" href=\"https:\/\/baukulturschweiz.ch\/it\/agenda\/kosmos-altstadt\"><span class=\"title\">Kosmos Altstadt<\/span><span class=\"thumbnail\"><img loading=\"lazy\" decoding=\"async\" class=\"thumbnail\" src=\"https:\/\/espazium.s3.eu-central-1.amazonaws.com\/files\/styles\/media_image_mobile\/public\/2025-06\/Kosmos-Altstadt-Zuerich-ab-22-Mai-2025.jpg?itok=yF9kRfS9\" width=\"720\" height=\"480\" alt=\"Kosmos Altstadt, Z&uuml;rich, ab 22. Mai 2025\" title=\"\" \/><\/span><span class=\"date\">22\/5\/2025 - 31\/12\/2026<\/span><span class=\"location\">Heimatschutzzentrum Villa Patumbah, Z\u00fcrich<\/span><span class=\"event-type\">Esposizione<\/span><\/a><a href=\"https:\/\/baukulturschweiz.ch\/it\/agenda\/filter\/schweizer-heimatschutz\" class=\"event-actor\" onclick=\"return window.espaziumAgenda.filterBy(event, this);\" data-actor=\"2955\" data-slug=\"schweizer-heimatschutz\"><small>Patrimonio svizzero<\/small><\/a><\/article><\/div><\/section><section class=\"espazium-agenda-section\" data-date=\"Aprile 2026\"><div class=\"espazium-agenda-section-header\"><h3>2026<br \/>Aprile<\/h3><\/div><div class=\"espazium-agenda-day-wrapper\"><div class=\"day\">28<\/div><div class=\"espazium-agenda-tile-wrapper\"><article class=\"espazium-agenda-tile\"  data-url=\"https:\/\/baukulturschweiz.ch\/it\/agenda\/community-vol-2-anna-puigjaner-maio-opera-aperta\" data-slug=\"community-vol-2-anna-puigjaner-maio-opera-aperta\" onclick=\"return window.espaziumAgenda.showArticle(this);\"><a class=\"espazium-agenda-tile-link\" href=\"https:\/\/baukulturschweiz.ch\/it\/agenda\/community-vol-2-anna-puigjaner-maio-opera-aperta\"><span class=\"title\">Community Vol.2 | Anna Puigjaner - MAIO : Opera Aperta<\/span><span class=\"thumbnail\"><img loading=\"lazy\" decoding=\"async\" class=\"thumbnail\" src=\"https:\/\/espazium.s3.eu-central-1.amazonaws.com\/files\/styles\/media_image_mobile\/public\/2026-02\/School-Lecture-Series-Community-Vol-2-Lausanne-Spring-2026.jpg?itok=iv9idS5b\" width=\"720\" height=\"480\" alt=\"School Lecture Series COMMUNITY VOL.2, Lausanne, Spring 2026\" title=\"\" \/><\/span><span class=\"date\">28\/4\/2026<\/span><span class=\"location\">EPFL Architecture, Lausanne<\/span><span class=\"event-type\">Conferenza<\/span><\/a><\/article><article class=\"espazium-agenda-tile\" data-actor-2962=\"2962\" data-url=\"https:\/\/baukulturschweiz.ch\/it\/agenda\/haus-energie-und-co-ein-handbuch-buchvernissage\" data-slug=\"haus-energie-und-co-ein-handbuch-buchvernissage\" onclick=\"return window.espaziumAgenda.showArticle(this);\"><a class=\"espazium-agenda-tile-link\" href=\"https:\/\/baukulturschweiz.ch\/it\/agenda\/haus-energie-und-co-ein-handbuch-buchvernissage\"><span class=\"title\">Haus, Energie und CO\u2082 \u2013 Ein Handbuch | Buchvernissage<\/span><span class=\"thumbnail\"><img loading=\"lazy\" decoding=\"async\" class=\"thumbnail\" src=\"https:\/\/espazium.s3.eu-central-1.amazonaws.com\/files\/styles\/media_image_mobile\/public\/2026-04\/Haus-Energie-Co2-Ein-Handbuch-Buchvernissage-Zuerich-28-April-2026_0.jpg?itok=hq9kNDI5\" width=\"720\" height=\"480\" alt=\"Haus, Energie &amp; Co2 &ndash; Ein Handbuch | Buchvernissage, Z&uuml;rich, 28. April 2026\" title=\"\" \/><\/span><span class=\"date\">28\/4\/2026<\/span><span class=\"location\">Architekturforum, Z\u00fcrich<\/span><span class=\"event-type\">Varie<\/span><\/a><a href=\"https:\/\/baukulturschweiz.ch\/it\/agenda\/filter\/departement-architektur-eth-zuerich\" class=\"event-actor\" onclick=\"return window.espaziumAgenda.filterBy(event, this);\" data-actor=\"2962\" data-slug=\"departement-architektur-eth-zuerich\"><small>Dipartimento di architettura, ETH Zurigo<\/small><\/a><\/article><article class=\"espazium-agenda-tile\"  data-url=\"https:\/\/baukulturschweiz.ch\/it\/agenda\/-ein-haus-christina-kochling-asthetik-der-technik\" data-slug=\"-ein-haus-christina-kochling-asthetik-der-technik\" onclick=\"return window.espaziumAgenda.showArticle(this);\"><a class=\"espazium-agenda-tile-link\" href=\"https:\/\/baukulturschweiz.ch\/it\/agenda\/-ein-haus-christina-kochling-asthetik-der-technik\"><span class=\"title\">\u00abEin Haus...\u00bb | Christina K\u00f6chling: \u00c4sthetik der Technik<\/span><span class=\"thumbnail\"><img loading=\"lazy\" decoding=\"async\" class=\"thumbnail\" src=\"https:\/\/espazium.s3.eu-central-1.amazonaws.com\/files\/styles\/media_image_mobile\/public\/2026-04\/Ein-Haus-Christina-Koechling-Aesthetik-der-Technik-Basel-28-April-2026.jpg?itok=XBPPLtOW\" width=\"720\" height=\"480\" alt=\"&laquo;Ein Haus...&raquo; | Christina K&ouml;chling: &Auml;sthetik der Technik, Basel, 28. April 2026\" title=\"\" \/><\/span><span class=\"date\">28\/4\/2026<\/span><span class=\"location\">Bar du Nord, Basel<\/span><span class=\"event-type\">Conferenza<\/span><\/a><\/article><\/div><\/div><div class=\"espazium-agenda-day-wrapper\"><div class=\"day\">29<\/div><div class=\"espazium-agenda-tile-wrapper\"><article class=\"espazium-agenda-tile\"  data-url=\"https:\/\/baukulturschweiz.ch\/it\/agenda\/holzbau-beruhren-exkursion-ins-koch-quartier\" data-slug=\"holzbau-beruhren-exkursion-ins-koch-quartier\" onclick=\"return window.espaziumAgenda.showArticle(this);\"><a class=\"espazium-agenda-tile-link\" href=\"https:\/\/baukulturschweiz.ch\/it\/agenda\/holzbau-beruhren-exkursion-ins-koch-quartier\"><span class=\"title\">Holzbau ber\u00fchren | Exkursion ins Koch-Quartier<\/span><span class=\"thumbnail\"><img loading=\"lazy\" decoding=\"async\" class=\"thumbnail\" src=\"https:\/\/espazium.s3.eu-central-1.amazonaws.com\/files\/styles\/media_image_mobile\/public\/2026-04\/2021_KW1_KOCH_Visualisierung-Forum.jpg?itok=Txbm0z76\" width=\"720\" height=\"429\" alt=\"Siedlung Koch Z&uuml;rich\" title=\"\" \/><\/span><span class=\"date\">29\/4\/2026<\/span><span class=\"location\">Siedlung Koch, Z\u00fcrich, Z\u00fcrich<\/span><span class=\"event-type\">Visita<\/span><\/a><\/article><article class=\"espazium-agenda-tile\" data-actor-2945=\"2945\" data-url=\"https:\/\/baukulturschweiz.ch\/it\/agenda\/energiezentrale-unterfeld-zug-baar\" data-slug=\"energiezentrale-unterfeld-zug-baar\" onclick=\"return window.espaziumAgenda.showArticle(this);\"><a class=\"espazium-agenda-tile-link\" href=\"https:\/\/baukulturschweiz.ch\/it\/agenda\/energiezentrale-unterfeld-zug-baar\"><span class=\"title\">Energiezentrale Unterfeld Zug \/ Baar<\/span><span class=\"thumbnail\"><img loading=\"lazy\" decoding=\"async\" class=\"thumbnail\" src=\"https:\/\/espazium.s3.eu-central-1.amazonaws.com\/files\/styles\/media_image_mobile\/public\/2026-04\/Energiezentrale-Unterfeld-Zug-Baar-29-April-2026.jpg?itok=vYFNEM_5\" width=\"720\" height=\"480\" alt=\"Energiezentrale Unterfeld Zug \/ Baar, 29. April 2026 \" title=\"\" \/><\/span><span class=\"date\">29\/4\/2026<\/span><span class=\"location\">WWZ Energie AG, Baar<\/span><span class=\"event-type\">Visita<\/span><\/a><a href=\"https:\/\/baukulturschweiz.ch\/it\/agenda\/filter\/schweizerischer-ingenieur-und-architektenverein-sia\" class=\"event-actor\" onclick=\"return window.espaziumAgenda.filterBy(event, this);\" data-actor=\"2945\" data-slug=\"schweizerischer-ingenieur-und-architektenverein-sia\"><small>Societ\u00e0 svizzera degli ingegneri e degli architetti (SIA)<\/small><\/a><\/article><article class=\"espazium-agenda-tile\"  data-url=\"https:\/\/baukulturschweiz.ch\/it\/agenda\/small-changes-lots-character-quand-le-detail-devient-langage\" data-slug=\"small-changes-lots-character-quand-le-detail-devient-langage\" onclick=\"return window.espaziumAgenda.showArticle(this);\"><a class=\"espazium-agenda-tile-link\" href=\"https:\/\/baukulturschweiz.ch\/it\/agenda\/small-changes-lots-character-quand-le-detail-devient-langage\"><span class=\"title\">Small Changes \u2013 Lots of Character | Quand le d\u00e9tail devient langage<\/span><span class=\"thumbnail\"><img loading=\"lazy\" decoding=\"async\" class=\"thumbnail\" src=\"https:\/\/espazium.s3.eu-central-1.amazonaws.com\/files\/styles\/media_image_mobile\/public\/2026-04\/Small-Changes-Lots-of-Character-Quand-le-detail-devient-langage-Lausanne-29-avril-2026.jpg?itok=r69Vw4hf\" width=\"720\" height=\"480\" alt=\"Small Changes &ndash; Lots of Character | Quand le d&eacute;tail devient langage, Lausanne, 29 avril 2026\" title=\"\" \/><\/span><span class=\"date\">29\/4\/2026<\/span><span class=\"location\">Mus\u00e9e Olympique, Lausanne<\/span><span class=\"event-type\">Conferenza<\/span><\/a><\/article><article class=\"espazium-agenda-tile\"  data-url=\"https:\/\/baukulturschweiz.ch\/it\/agenda\/thuns-un-orte\" data-slug=\"thuns-un-orte\" onclick=\"return window.espaziumAgenda.showArticle(this);\"><a class=\"espazium-agenda-tile-link\" href=\"https:\/\/baukulturschweiz.ch\/it\/agenda\/thuns-un-orte\"><span class=\"title\">Thuns (Un)Orte<\/span><span class=\"thumbnail\"><img loading=\"lazy\" decoding=\"async\" class=\"thumbnail\" src=\"https:\/\/espazium.s3.eu-central-1.amazonaws.com\/files\/styles\/media_image_mobile\/public\/2026-04\/Thuns-Un-Orte-29-April-2026.jpg?itok=60WYQ2-U\" width=\"720\" height=\"480\" alt=\"Thuns (Un)Orte, 29. April 2026\" title=\"\" \/><\/span><span class=\"date\">29\/4\/2026<\/span><span class=\"location\">FrachtRaum, Thun<\/span><span class=\"event-type\">Tavola rotonda<\/span><\/a><\/article><article class=\"espazium-agenda-tile\"  data-url=\"https:\/\/baukulturschweiz.ch\/it\/agenda\/prix-beton-2025-exposition-itinerante-etape-geneve\" data-slug=\"prix-beton-2025-exposition-itinerante-etape-geneve\" onclick=\"return window.espaziumAgenda.showArticle(this);\"><a class=\"espazium-agenda-tile-link\" href=\"https:\/\/baukulturschweiz.ch\/it\/agenda\/prix-beton-2025-exposition-itinerante-etape-geneve\"><span class=\"title\">Prix B\u00e9ton 2025 | exposition itin\u00e9rante | \u00e9tape: Gen\u00e8ve<\/span><span class=\"thumbnail\"><img loading=\"lazy\" decoding=\"async\" class=\"thumbnail\" src=\"https:\/\/espazium.s3.eu-central-1.amazonaws.com\/files\/styles\/media_image_mobile\/public\/2026-04\/Prix-Beton-2025-exposition-itinerante-2026.jpg?itok=TCdM13bT\" width=\"720\" height=\"480\" alt=\"Prix B&eacute;ton 2025 | exposition itin&eacute;rante 2026\" title=\"\" \/><\/span><span class=\"date\">29\/4\/2026<\/span><span class=\"location\">HEPIA, Gen\u00e8ve<\/span><span class=\"event-type\">Esposizione<\/span><\/a><\/article><\/div><\/div><\/section><section class=\"espazium-agenda-section\" data-date=\"Maggio 2026\"><div class=\"espazium-agenda-section-header\"><h3>2026<br \/>Maggio<\/h3><\/div><div class=\"espazium-agenda-day-wrapper\"><div class=\"day\">05<\/div><div class=\"espazium-agenda-tile-wrapper\"><article class=\"espazium-agenda-tile\" data-actor-2945=\"2945\" data-url=\"https:\/\/baukulturschweiz.ch\/it\/agenda\/repenser-la-construction-quand-la-realite-soutient-les-ambitions-du-changement\" data-slug=\"repenser-la-construction-quand-la-realite-soutient-les-ambitions-du-changement\" onclick=\"return window.espaziumAgenda.showArticle(this);\"><a class=\"espazium-agenda-tile-link\" href=\"https:\/\/baukulturschweiz.ch\/it\/agenda\/repenser-la-construction-quand-la-realite-soutient-les-ambitions-du-changement\"><span class=\"title\">Repenser la construction : quand la r\u00e9alit\u00e9 soutient les ambitions du changement<\/span><span class=\"thumbnail\"><img loading=\"lazy\" decoding=\"async\" class=\"thumbnail\" src=\"https:\/\/espazium.s3.eu-central-1.amazonaws.com\/files\/styles\/media_image_mobile\/public\/2026-04\/Repenser-la-construction-quand-la-realite-soutient-les-ambitions-du-changement-Fribourg-5-mai-2026.jpg?itok=HwQ-kR61\" width=\"720\" height=\"480\" alt=\"Repenser la construction : quand la r&eacute;alit&eacute; soutient les ambitions du changement, Fribourg, 5 mai 2026\" title=\"\" \/><\/span><span class=\"date\">5\/5\/2026<\/span><span class=\"location\">bluefactory, Fribourg<\/span><span class=\"event-type\">Congresso<\/span><\/a><a href=\"https:\/\/baukulturschweiz.ch\/it\/agenda\/filter\/schweizerischer-ingenieur-und-architektenverein-sia\" class=\"event-actor\" onclick=\"return window.espaziumAgenda.filterBy(event, this);\" data-actor=\"2945\" data-slug=\"schweizerischer-ingenieur-und-architektenverein-sia\"><small>Societ\u00e0 svizzera degli ingegneri e degli architetti (SIA)<\/small><\/a><\/article><\/div><\/div><div class=\"espazium-agenda-day-wrapper\"><div class=\"day\">06<\/div><div class=\"espazium-agenda-tile-wrapper\"><article class=\"espazium-agenda-tile\"  data-url=\"https:\/\/baukulturschweiz.ch\/it\/agenda\/ecobau-seminaire-romand\" data-slug=\"ecobau-seminaire-romand\" onclick=\"return window.espaziumAgenda.showArticle(this);\"><a class=\"espazium-agenda-tile-link\" href=\"https:\/\/baukulturschweiz.ch\/it\/agenda\/ecobau-seminaire-romand\"><span class=\"title\">ecobau - s\u00e9minaire romand<\/span><span class=\"thumbnail\"><img loading=\"lazy\" decoding=\"async\" class=\"thumbnail\" src=\"https:\/\/espazium.s3.eu-central-1.amazonaws.com\/files\/styles\/media_image_mobile\/public\/2026-03\/01-CF066826_2025-07-07-09-34-05.jpg?itok=6-CtB7ws\" width=\"720\" height=\"540\" alt=\"ecobau-s&eacute;minaire-romand\" title=\"ecobau-s&eacute;minaire-romand\" \/><\/span><span class=\"date\">6\/5\/2026<\/span><span class=\"location\">La Tani\u00e8re, quartier des Plaines-du-Loup, lausanne<\/span><span class=\"event-type\">Congresso<\/span><\/a><\/article><article class=\"espazium-agenda-tile\"  data-url=\"https:\/\/baukulturschweiz.ch\/it\/agenda\/progettare-la-durabilita-negli-edifici-legno\" data-slug=\"progettare-la-durabilita-negli-edifici-legno\" onclick=\"return window.espaziumAgenda.showArticle(this);\"><a class=\"espazium-agenda-tile-link\" href=\"https:\/\/baukulturschweiz.ch\/it\/agenda\/progettare-la-durabilita-negli-edifici-legno\"><span class=\"title\">Progettare la durabilit\u00e0 negli edifici in legno<\/span><span class=\"thumbnail\"><img loading=\"lazy\" decoding=\"async\" class=\"thumbnail\" src=\"https:\/\/espazium.s3.eu-central-1.amazonaws.com\/files\/styles\/media_image_mobile\/public\/2026-04\/Progettare-la-durabilita-negli-edifici-in-legno-Lugano-6-Maggio-2026.jpg?itok=o927lr3M\" width=\"720\" height=\"480\" alt=\"Progettare la durabilit&agrave; negli edifici in legno, Lugano, 6 Maggio 2026\" title=\"\" \/><\/span><span class=\"date\">6\/5\/2026<\/span><span class=\"location\">Atelier Essedecor, Lugano<\/span><span class=\"event-type\">Conferenza<\/span><\/a><\/article><\/div><\/div><div class=\"espazium-agenda-day-wrapper\"><div class=\"day\">07<\/div><div class=\"espazium-agenda-tile-wrapper\"><article class=\"espazium-agenda-tile\" data-actor-2945=\"2945\" data-url=\"https:\/\/baukulturschweiz.ch\/it\/agenda\/zukunft-beton-innovation-und-nachhaltigkeit-verbinden\" data-slug=\"zukunft-beton-innovation-und-nachhaltigkeit-verbinden\" onclick=\"return window.espaziumAgenda.showArticle(this);\"><a class=\"espazium-agenda-tile-link\" href=\"https:\/\/baukulturschweiz.ch\/it\/agenda\/zukunft-beton-innovation-und-nachhaltigkeit-verbinden\"><span class=\"title\">Zukunft Beton - Innovation und Nachhaltigkeit verbinden<\/span><span class=\"thumbnail\"><img loading=\"lazy\" decoding=\"async\" class=\"thumbnail\" src=\"https:\/\/espazium.s3.eu-central-1.amazonaws.com\/files\/styles\/media_image_mobile\/public\/2026-02\/Zukunft-Beton-Innovation-und-Nachhaltigkeit-verbinden-Urdorf-7-Mai-2026.jpg?itok=cl0-OcmA\" width=\"720\" height=\"480\" alt=\"Zukunft Beton - Innovation und Nachhaltigkeit verbinden, Urdorf, 7. Mai 2026\" title=\"\" \/><\/span><span class=\"date\">7\/5\/2026<\/span><span class=\"location\">Kantonsschule Limmattal, Urdorf<\/span><span class=\"event-type\">Congresso<\/span><\/a><a href=\"https:\/\/baukulturschweiz.ch\/it\/agenda\/filter\/schweizerischer-ingenieur-und-architektenverein-sia\" class=\"event-actor\" onclick=\"return window.espaziumAgenda.filterBy(event, this);\" data-actor=\"2945\" data-slug=\"schweizerischer-ingenieur-und-architektenverein-sia\"><small>Societ\u00e0 svizzera degli ingegneri e degli architetti (SIA)<\/small><\/a><\/article><\/div><\/div><div class=\"espazium-agenda-day-wrapper\"><div class=\"day\">09<\/div><div class=\"espazium-agenda-tile-wrapper\"><article class=\"espazium-agenda-tile\"  data-url=\"https:\/\/baukulturschweiz.ch\/it\/agenda\/architektur-und-handwerk-eine-wiederannaherung-praxiserfahrungen-im-dialog\" data-slug=\"architektur-und-handwerk-eine-wiederannaherung-praxiserfahrungen-im-dialog\" onclick=\"return window.espaziumAgenda.showArticle(this);\"><a class=\"espazium-agenda-tile-link\" href=\"https:\/\/baukulturschweiz.ch\/it\/agenda\/architektur-und-handwerk-eine-wiederannaherung-praxiserfahrungen-im-dialog\"><span class=\"title\">Architektur und Handwerk: Eine Wiederann\u00e4herung? Praxiserfahrungen im Dialog<\/span><span class=\"thumbnail\"><img loading=\"lazy\" decoding=\"async\" class=\"thumbnail\" src=\"https:\/\/espazium.s3.eu-central-1.amazonaws.com\/files\/styles\/media_image_mobile\/public\/2026-03\/Architektur-Handwerk-Wiederannaeherung-Praxiserfahrungen-Dialog-Winterthur-9-Mai-2026.jpg?itok=jyWyjqtV\" width=\"720\" height=\"480\" alt=\"Architektur und Handwerk: Eine Wiederann&auml;herung? Praxiserfahrungen im Dialog, Winterthur, 9. Mai 2026\" title=\"\" \/><\/span><span class=\"date\">9\/5\/2026<\/span><span class=\"location\">ZHAW, Winterthur<\/span><span class=\"event-type\">Congresso<\/span><\/a><\/article><article class=\"espazium-agenda-tile\" data-actor-7665=\"7665\" data-url=\"https:\/\/baukulturschweiz.ch\/it\/agenda\/open-house-basel-2026\" data-slug=\"open-house-basel-2026\" onclick=\"return window.espaziumAgenda.showArticle(this);\"><a class=\"espazium-agenda-tile-link\" href=\"https:\/\/baukulturschweiz.ch\/it\/agenda\/open-house-basel-2026\"><span class=\"title\">Open House Basel 2026<\/span><span class=\"thumbnail\"><img loading=\"lazy\" decoding=\"async\" class=\"thumbnail\" src=\"https:\/\/espazium.s3.eu-central-1.amazonaws.com\/files\/styles\/media_image_mobile\/public\/2026-04\/Open-House-Basel-9-10-Mai-2026.jpg?itok=FpIXQLif\" width=\"720\" height=\"480\" alt=\"Open House Basel, 9. und 10. Mai 2026\" title=\"\" \/><\/span><span class=\"date\">9\/5\/2026<\/span><span class=\"location\">116 Geb\u00e4ude<\/span><span class=\"event-type\">Visita<\/span><\/a><a href=\"https:\/\/baukulturschweiz.ch\/it\/agenda\/filter\/verein-open-house-basel-architektur-fuer-alle\" class=\"event-actor\" onclick=\"return window.espaziumAgenda.filterBy(event, this);\" data-actor=\"7665\" data-slug=\"verein-open-house-basel-architektur-fuer-alle\"><small>Verein Open House Basel \u2013 Architektur f\u00fcr alle<\/small><\/a><\/article><\/div><\/div><div class=\"espazium-agenda-day-wrapper\"><div class=\"day\">19<\/div><div class=\"espazium-agenda-tile-wrapper\"><article class=\"espazium-agenda-tile\"  data-url=\"https:\/\/baukulturschweiz.ch\/it\/agenda\/9-waldrechtstagung\" data-slug=\"9-waldrechtstagung\" onclick=\"return window.espaziumAgenda.showArticle(this);\"><a class=\"espazium-agenda-tile-link\" href=\"https:\/\/baukulturschweiz.ch\/it\/agenda\/9-waldrechtstagung\"><span class=\"title\">9. Waldrechtstagung<\/span><span class=\"thumbnail\"><img loading=\"lazy\" decoding=\"async\" class=\"thumbnail\" src=\"https:\/\/espazium.s3.eu-central-1.amazonaws.com\/files\/styles\/media_image_mobile\/public\/2026-04\/9-Waldrechtstagung-Luzern-19-Mai-2026.jpg?itok=RuaH8bsJ\" width=\"720\" height=\"480\" alt=\"9. Waldrechtstagung, Luzern, 19. Mai 2026\" title=\"\" \/><\/span><span class=\"date\">19\/5\/2026<\/span><span class=\"location\">Universit\u00e4t, Luzern<\/span><span class=\"event-type\">Congresso<\/span><\/a><\/article><\/div><\/div><div class=\"espazium-agenda-day-wrapper\"><div class=\"day\">20<\/div><div class=\"espazium-agenda-tile-wrapper\"><article class=\"espazium-agenda-tile\"  data-url=\"https:\/\/baukulturschweiz.ch\/it\/agenda\/rewire-une-exploration-bureau-mijong-architecture\" data-slug=\"rewire-une-exploration-bureau-mijong-architecture\" onclick=\"return window.espaziumAgenda.showArticle(this);\"><a class=\"espazium-agenda-tile-link\" href=\"https:\/\/baukulturschweiz.ch\/it\/agenda\/rewire-une-exploration-bureau-mijong-architecture\"><span class=\"title\">Rewire - une exploration |\u00a0bureau mijong architecture<\/span><span class=\"thumbnail\"><img loading=\"lazy\" decoding=\"async\" class=\"thumbnail\" src=\"https:\/\/espazium.s3.eu-central-1.amazonaws.com\/files\/styles\/media_image_mobile\/public\/2026-04\/Rewire-une-exploration-bureau-mijong-architecture-Fribourg-20-mai-2026.jpg?itok=0tkODcbj\" width=\"720\" height=\"480\" alt=\"Rewire - une exploration |&nbsp;bureau mijong architecture, Fribourg, 20 mai 2026\" title=\"\" \/><\/span><span class=\"date\">20\/5\/2026<\/span><span class=\"location\">HEIA-FR, Fribourg<\/span><span class=\"event-type\">Conferenza<\/span><\/a><\/article><article class=\"espazium-agenda-tile\" data-actor-2962=\"2962\" data-url=\"https:\/\/baukulturschweiz.ch\/it\/agenda\/future-construction-symposium-2026-construction-future-s\" data-slug=\"future-construction-symposium-2026-construction-future-s\" onclick=\"return window.espaziumAgenda.showArticle(this);\"><a class=\"espazium-agenda-tile-link\" href=\"https:\/\/baukulturschweiz.ch\/it\/agenda\/future-construction-symposium-2026-construction-future-s\"><span class=\"title\">Future of Construction Symposium 2026: Construction of Future\/s<\/span><span class=\"thumbnail\"><img loading=\"lazy\" decoding=\"async\" class=\"thumbnail\" src=\"https:\/\/espazium.s3.eu-central-1.amazonaws.com\/files\/styles\/media_image_mobile\/public\/2026-03\/Future-of-Construction-Symposium-2026-Construction-of-Future-s-Zurich-20-23-May.jpg?itok=8QR22BmY\" width=\"720\" height=\"480\" alt=\"Future of Construction Symposium 2026: Construction of Future\/s, Zurich, 20-23 May 2026\" title=\"\" \/><\/span><span class=\"date\">20\/5\/2026<\/span><span class=\"location\">ETH Zentrum + H\u00f6nggerberg, Z\u00fcrich<\/span><span class=\"event-type\">Congresso<\/span><\/a><a href=\"https:\/\/baukulturschweiz.ch\/it\/agenda\/filter\/departement-architektur-eth-zuerich\" class=\"event-actor\" onclick=\"return window.espaziumAgenda.filterBy(event, this);\" data-actor=\"2962\" data-slug=\"departement-architektur-eth-zuerich\"><small>Dipartimento di architettura, ETH Zurigo<\/small><\/a><\/article><\/div><\/div><\/section><section class=\"espazium-agenda-section\" data-date=\"Giugno 2026\"><div class=\"espazium-agenda-section-header\"><h3>2026<br \/>Giugno<\/h3><\/div><div class=\"espazium-agenda-day-wrapper\"><div class=\"day\">11<\/div><div class=\"espazium-agenda-tile-wrapper\"><article class=\"espazium-agenda-tile\" data-actor-2945=\"2945\" data-url=\"https:\/\/baukulturschweiz.ch\/it\/agenda\/prix-sia-2026-ceremony\" data-slug=\"prix-sia-2026-ceremony\" onclick=\"return window.espaziumAgenda.showArticle(this);\"><a class=\"espazium-agenda-tile-link\" href=\"https:\/\/baukulturschweiz.ch\/it\/agenda\/prix-sia-2026-ceremony\"><span class=\"title\">Prix SIA 2026 | Ceremony<\/span><span class=\"thumbnail\"><img loading=\"lazy\" decoding=\"async\" class=\"thumbnail\" src=\"https:\/\/espazium.s3.eu-central-1.amazonaws.com\/files\/styles\/media_image_mobile\/public\/2026-03\/Prix-SIA-2026-Preisverleihung-Save-the-Date-Fribourg-11-Juni-2026.jpg?itok=LOqMHxRj\" width=\"720\" height=\"480\" alt=\"Prix SIA 2026 | Preisverleihung | Save the Date, Fribourg, 11. Juni 2026\" title=\"\" \/><\/span><span class=\"date\">11\/6\/2026<\/span><span class=\"location\">Th\u00e9\u00e2tre Equilibre, Fribourg<\/span><span class=\"event-type\">Varie<\/span><\/a><a href=\"https:\/\/baukulturschweiz.ch\/it\/agenda\/filter\/schweizerischer-ingenieur-und-architektenverein-sia\" class=\"event-actor\" onclick=\"return window.espaziumAgenda.filterBy(event, this);\" data-actor=\"2945\" data-slug=\"schweizerischer-ingenieur-und-architektenverein-sia\"><small>Societ\u00e0 svizzera degli ingegneri e degli architetti (SIA)<\/small><\/a><\/article><\/div><\/div><div class=\"espazium-agenda-day-wrapper\"><div class=\"day\">12<\/div><div class=\"espazium-agenda-tile-wrapper\"><article class=\"espazium-agenda-tile\"  data-url=\"https:\/\/baukulturschweiz.ch\/it\/agenda\/architektur-und-energiereise-2026\" data-slug=\"architektur-und-energiereise-2026\" onclick=\"return window.espaziumAgenda.showArticle(this);\"><a class=\"espazium-agenda-tile-link\" href=\"https:\/\/baukulturschweiz.ch\/it\/agenda\/architektur-und-energiereise-2026\"><span class=\"title\">Architektur- und Energiereise 2026<\/span><span class=\"thumbnail\"><img loading=\"lazy\" decoding=\"async\" class=\"thumbnail\" src=\"https:\/\/espazium.s3.eu-central-1.amazonaws.com\/files\/styles\/media_image_mobile\/public\/2026-03\/Architektur-und-Energiereise-Mailand-12-13-Juni-2026.jpg?itok=NkUbaDKj\" width=\"720\" height=\"480\" alt=\"Architektur- und Energiereise 2026, Mailand, 12. bis 13. Juni 2026\" title=\"\" \/><\/span><span class=\"date\">12\/6\/2026<\/span><span class=\"location\">Verschiedene Viertel und Projekte<\/span><span class=\"event-type\">Varie<\/span><\/a><\/article><\/div><\/div><div class=\"espazium-agenda-day-wrapper\"><div class=\"day\">18<\/div><div class=\"espazium-agenda-tile-wrapper\"><article class=\"espazium-agenda-tile\"  data-url=\"https:\/\/baukulturschweiz.ch\/it\/agenda\/pop-up-panel-was-wird-aus-der-kuche-\" data-slug=\"pop-up-panel-was-wird-aus-der-kuche-\" onclick=\"return window.espaziumAgenda.showArticle(this);\"><a class=\"espazium-agenda-tile-link\" href=\"https:\/\/baukulturschweiz.ch\/it\/agenda\/pop-up-panel-was-wird-aus-der-kuche-\"><span class=\"title\">Pop-up-Panel: Was wird aus der K\u00fcche?<\/span><span class=\"thumbnail\"><img loading=\"lazy\" decoding=\"async\" class=\"thumbnail\" src=\"https:\/\/espazium.s3.eu-central-1.amazonaws.com\/files\/styles\/media_image_mobile\/public\/2026-04\/Pop-up-Panel-Was-wird-aus-der-Kueche-Zuerich-18-Juni-2026.jpg?itok=V33bLrHX\" width=\"720\" height=\"480\" alt=\"Pop-up-Panel: Was wird aus der K&uuml;che?, Z&uuml;rich, 18. Juni 2026\" title=\"\" \/><\/span><span class=\"date\">18\/6\/2026<\/span><span class=\"location\">Buck40, 8048<\/span><span class=\"event-type\">Tavola rotonda<\/span><\/a><\/article><\/div><\/div><div class=\"espazium-agenda-day-wrapper\"><div class=\"day\">26<\/div><div class=\"espazium-agenda-tile-wrapper\"><article class=\"espazium-agenda-tile\" data-actor-2946=\"2946\" data-url=\"https:\/\/baukulturschweiz.ch\/it\/agenda\/tag-der-bauwirtschaft-journee-de-la-construction-giornata-della-costruzione-2026\" data-slug=\"tag-der-bauwirtschaft-journee-de-la-construction-giornata-della-costruzione-2026\" onclick=\"return window.espaziumAgenda.showArticle(this);\"><a class=\"espazium-agenda-tile-link\" href=\"https:\/\/baukulturschweiz.ch\/it\/agenda\/tag-der-bauwirtschaft-journee-de-la-construction-giornata-della-costruzione-2026\"><span class=\"title\">Tag der Bauwirtschaft | Journ\u00e9e de la construction | Giornata della costruzione 2026<\/span><span class=\"thumbnail\"><img loading=\"lazy\" decoding=\"async\" class=\"thumbnail\" src=\"https:\/\/espazium.s3.eu-central-1.amazonaws.com\/files\/styles\/media_image_mobile\/public\/2026-03\/Tag-der-Bauwirtschaft-Journee-de-la-construction-Campus-Sursee-Oberkirch-26-Juni-2026.jpg?itok=dMXptg8G\" width=\"720\" height=\"480\" alt=\"Tag-der-Bauwirtschaft-Journee-de-la-construction-Campus-Sursee-Oberkirch-26-Juni-2026\" title=\"\" \/><\/span><span class=\"date\">26\/6\/2026<\/span><span class=\"location\">Campus Sursee, Oberkirch<\/span><span class=\"event-type\">Congresso<\/span><\/a><a href=\"https:\/\/baukulturschweiz.ch\/it\/agenda\/filter\/schweizerischer-baumeisterverband-sbv\" class=\"event-actor\" onclick=\"return window.espaziumAgenda.filterBy(event, this);\" data-actor=\"2946\" data-slug=\"schweizerischer-baumeisterverband-sbv\"><small>Societ\u00e0 Svizzera degli Impresari-Costruttori (SSIC)<\/small><\/a><\/article><article class=\"espazium-agenda-tile\"  data-url=\"https:\/\/baukulturschweiz.ch\/it\/agenda\/27-symposium-bauwerksdynamik-und-erschutterungsmessungen\" data-slug=\"27-symposium-bauwerksdynamik-und-erschutterungsmessungen\" onclick=\"return window.espaziumAgenda.showArticle(this);\"><a class=\"espazium-agenda-tile-link\" href=\"https:\/\/baukulturschweiz.ch\/it\/agenda\/27-symposium-bauwerksdynamik-und-erschutterungsmessungen\"><span class=\"title\">27. Symposium Bauwerksdynamik und Ersch\u00fctterungsmessungen<\/span><span class=\"thumbnail\"><img loading=\"lazy\" decoding=\"async\" class=\"thumbnail\" src=\"https:\/\/espazium.s3.eu-central-1.amazonaws.com\/files\/styles\/media_image_mobile\/public\/2026-04\/27-Symposium-Bauwerksdynamik-Erschuetterungsmessungen-Duebendorf-26-Juni-2026.jpg?itok=Pc0w2Cor\" width=\"720\" height=\"480\" alt=\"27. Symposium Bauwerksdynamik und Ersch&uuml;tterungsmessungen, D&uuml;bendorf, 26. Juni 2026\" title=\"\" \/><\/span><span class=\"date\">26\/6\/2026<\/span><span class=\"location\">Empa, D\u00fcbendorf<\/span><span class=\"event-type\">Congresso<\/span><\/a><\/article><\/div><\/div><div class=\"espazium-agenda-day-wrapper\"><div class=\"day\">27<\/div><div class=\"espazium-agenda-tile-wrapper\"><article class=\"espazium-agenda-tile\"  data-url=\"https:\/\/baukulturschweiz.ch\/it\/agenda\/open-doors-engadin-2026\" data-slug=\"open-doors-engadin-2026\" onclick=\"return window.espaziumAgenda.showArticle(this);\"><a class=\"espazium-agenda-tile-link\" href=\"https:\/\/baukulturschweiz.ch\/it\/agenda\/open-doors-engadin-2026\"><span class=\"title\">Open Doors Engadin 2026<\/span><span class=\"thumbnail\"><img loading=\"lazy\" decoding=\"async\" class=\"thumbnail\" src=\"https:\/\/espazium.s3.eu-central-1.amazonaws.com\/files\/styles\/media_image_mobile\/public\/2026-03\/Open-Doors-Engadin-27-28-Juni-2026.jpg?itok=w9QJ5qxj\" width=\"720\" height=\"480\" alt=\"Open Doors Engadin, 27. + 28. Juni 2026\" title=\"\" \/><\/span><span class=\"date\">27\/6\/2026<\/span><span class=\"location\">Engadin, La Punt Chamues-ch | Patronatsgemeinde 2026<\/span><span class=\"event-type\">Visita<\/span><\/a><\/article><\/div><\/div><\/section><section class=\"espazium-agenda-section\" data-date=\"Agosto 2026\"><div class=\"espazium-agenda-section-header\"><h3>2026<br \/>Agosto<\/h3><\/div><div class=\"espazium-agenda-day-wrapper\"><div class=\"day\">20<\/div><div class=\"espazium-agenda-tile-wrapper\"><article class=\"espazium-agenda-tile\"  data-url=\"https:\/\/baukulturschweiz.ch\/it\/agenda\/boltshauser-architekten-prinzip-reduktion-vortrag-roger-boltshauser\" data-slug=\"boltshauser-architekten-prinzip-reduktion-vortrag-roger-boltshauser\" onclick=\"return window.espaziumAgenda.showArticle(this);\"><a class=\"espazium-agenda-tile-link\" href=\"https:\/\/baukulturschweiz.ch\/it\/agenda\/boltshauser-architekten-prinzip-reduktion-vortrag-roger-boltshauser\"><span class=\"title\">Boltshauser Architekten - Prinzip Reduktion | Vortrag Roger Boltshauser<\/span><span class=\"thumbnail\"><img loading=\"lazy\" decoding=\"async\" class=\"thumbnail\" src=\"https:\/\/espazium.s3.eu-central-1.amazonaws.com\/files\/styles\/media_image_mobile\/public\/2026-04\/Boltshauser-Architekten-Prinzip-Reduktion-Brunnen-17-April-20-September-2026.jpg?itok=DFJqzTgN\" width=\"720\" height=\"480\" alt=\"Boltshauser Architekten | Prinzip Reduktion, Brunnen, 17. April bis 20. September 2026\" title=\"\" \/><\/span><span class=\"date\">20\/8\/2026<\/span><span class=\"location\">Kloster Ingenbohl, Brunnen<\/span><span class=\"event-type\">Conferenza<\/span><\/a><\/article><\/div><\/div><\/section><section class=\"espazium-agenda-section\" data-date=\"Settembre 2026\"><div class=\"espazium-agenda-section-header\"><h3>2026<br \/>Settembre<\/h3><\/div><div class=\"espazium-agenda-day-wrapper\"><div class=\"day\">17<\/div><div class=\"espazium-agenda-tile-wrapper\"><article class=\"espazium-agenda-tile\"  data-url=\"https:\/\/baukulturschweiz.ch\/it\/agenda\/burgdorfer-bruckenbautag-2026\" data-slug=\"burgdorfer-bruckenbautag-2026\" onclick=\"return window.espaziumAgenda.showArticle(this);\"><a class=\"espazium-agenda-tile-link\" href=\"https:\/\/baukulturschweiz.ch\/it\/agenda\/burgdorfer-bruckenbautag-2026\"><span class=\"title\">Burgdorfer Br\u00fcckenbautag 2026<\/span><span class=\"thumbnail\"><img loading=\"lazy\" decoding=\"async\" class=\"thumbnail\" src=\"https:\/\/espazium.s3.eu-central-1.amazonaws.com\/files\/styles\/media_image_mobile\/public\/2026-02\/Burgdorfer-Brueckenbautag-Burgdorf-17-September-2026.jpg?itok=X_n7Sayl\" width=\"720\" height=\"480\" alt=\"Burgdorfer Br&uuml;ckenbautag, Burgdorf, 17. September 2026\" title=\"\" \/><\/span><span class=\"date\">17\/9\/2026<\/span><span class=\"location\">Auditorium BFH AHB, Burgdorf<\/span><span class=\"event-type\">Congresso<\/span><\/a><\/article><\/div><\/div><\/section><\/div>","protected":false},"excerpt":{"rendered":"","protected":false},"author":1,"featured_media":0,"parent":0,"menu_order":0,"comment_status":"closed","ping_status":"closed","template":"templates\/agenda-beratung.php","meta":{"_acf_changed":false,"_relevanssi_hide_post":"","_relevanssi_hide_content":"","_relevanssi_pin_for_all":"","_relevanssi_pin_keywords":"","_relevanssi_unpin_keywords":"","_relevanssi_related_keywords":"","_relevanssi_related_include_ids":"","_relevanssi_related_exclude_ids":"","_relevanssi_related_no_append":"","_relevanssi_related_not_related":"","_relevanssi_related_posts":"","_relevanssi_noindex_reason":"","footnotes":""},"class_list":["post-90","page","type-page","status-publish","hentry"],"acf":[],"yoast_head":"<!-- This site is optimized with the Yoast SEO plugin v26.1.1 - https:\/\/yoast.com\/wordpress\/plugins\/seo\/ -->\n<title>Agenda &#8211; Baukultur Schweiz<\/title>\n<meta name=\"robots\" content=\"index, follow, max-snippet:-1, max-image-preview:large, max-video-preview:-1\" \/>\n<link rel=\"canonical\" href=\"https:\/\/baukulturschweiz.ch\/it\/agenda\/\" \/>\n<meta property=\"og:locale\" content=\"it_IT\" \/>\n<meta property=\"og:type\" content=\"article\" \/>\n<meta property=\"og:title\" content=\"Agenda &#8211; Baukultur Schweiz\" \/>\n<meta property=\"og:url\" content=\"https:\/\/baukulturschweiz.ch\/it\/agenda\/\" \/>\n<meta property=\"og:site_name\" content=\"Baukultur Schweiz\" \/>\n<meta property=\"article:modified_time\" content=\"2023-06-19T08:42:58+00:00\" \/>\n<meta name=\"twitter:card\" content=\"summary_large_image\" \/>\n<script type=\"application\/ld+json\" class=\"yoast-schema-graph\">{\"@context\":\"https:\/\/schema.org\",\"@graph\":[{\"@type\":\"WebPage\",\"@id\":\"https:\/\/baukulturschweiz.ch\/en\/agenda\/\",\"url\":\"https:\/\/baukulturschweiz.ch\/en\/agenda\/\",\"name\":\"Agenda &#8211; Baukultur Schweiz\",\"isPartOf\":{\"@id\":\"https:\/\/baukulturschweiz.ch\/de\/#website\"},\"datePublished\":\"2023-03-24T09:05:11+00:00\",\"dateModified\":\"2023-06-19T08:42:58+00:00\",\"breadcrumb\":{\"@id\":\"https:\/\/baukulturschweiz.ch\/en\/agenda\/#breadcrumb\"},\"inLanguage\":\"it-IT\",\"potentialAction\":[{\"@type\":\"ReadAction\",\"target\":[\"https:\/\/baukulturschweiz.ch\/en\/agenda\/\"]}]},{\"@type\":\"BreadcrumbList\",\"@id\":\"https:\/\/baukulturschweiz.ch\/en\/agenda\/#breadcrumb\",\"itemListElement\":[{\"@type\":\"ListItem\",\"position\":1,\"name\":\"Startseite\",\"item\":\"https:\/\/baukulturschweiz.ch\/\"},{\"@type\":\"ListItem\",\"position\":2,\"name\":\"Agenda\"}]},{\"@type\":\"WebSite\",\"@id\":\"https:\/\/baukulturschweiz.ch\/de\/#website\",\"url\":\"https:\/\/baukulturschweiz.ch\/de\/\",\"name\":\"Baukultur Schweiz\",\"description\":\"My WordPress Blog\",\"potentialAction\":[{\"@type\":\"SearchAction\",\"target\":{\"@type\":\"EntryPoint\",\"urlTemplate\":\"https:\/\/baukulturschweiz.ch\/de\/?s={search_term_string}\"},\"query-input\":{\"@type\":\"PropertyValueSpecification\",\"valueRequired\":true,\"valueName\":\"search_term_string\"}}],\"inLanguage\":\"it-IT\"}]}<\/script>\n<!-- \/ Yoast SEO plugin. -->","yoast_head_json":{"title":"Agenda &#8211; Baukultur Schweiz","robots":{"index":"index","follow":"follow","max-snippet":"max-snippet:-1","max-image-preview":"max-image-preview:large","max-video-preview":"max-video-preview:-1"},"canonical":"https:\/\/baukulturschweiz.ch\/it\/agenda\/","og_locale":"it_IT","og_type":"article","og_title":"Agenda &#8211; Baukultur Schweiz","og_url":"https:\/\/baukulturschweiz.ch\/it\/agenda\/","og_site_name":"Baukultur Schweiz","article_modified_time":"2023-06-19T08:42:58+00:00","twitter_card":"summary_large_image","schema":{"@context":"https:\/\/schema.org","@graph":[{"@type":"WebPage","@id":"https:\/\/baukulturschweiz.ch\/en\/agenda\/","url":"https:\/\/baukulturschweiz.ch\/en\/agenda\/","name":"Agenda &#8211; Baukultur Schweiz","isPartOf":{"@id":"https:\/\/baukulturschweiz.ch\/de\/#website"},"datePublished":"2023-03-24T09:05:11+00:00","dateModified":"2023-06-19T08:42:58+00:00","breadcrumb":{"@id":"https:\/\/baukulturschweiz.ch\/en\/agenda\/#breadcrumb"},"inLanguage":"it-IT","potentialAction":[{"@type":"ReadAction","target":["https:\/\/baukulturschweiz.ch\/en\/agenda\/"]}]},{"@type":"BreadcrumbList","@id":"https:\/\/baukulturschweiz.ch\/en\/agenda\/#breadcrumb","itemListElement":[{"@type":"ListItem","position":1,"name":"Startseite","item":"https:\/\/baukulturschweiz.ch\/"},{"@type":"ListItem","position":2,"name":"Agenda"}]},{"@type":"WebSite","@id":"https:\/\/baukulturschweiz.ch\/de\/#website","url":"https:\/\/baukulturschweiz.ch\/de\/","name":"Cultura della costruzione Svizzera","description":"My WordPress Blog","potentialAction":[{"@type":"SearchAction","target":{"@type":"EntryPoint","urlTemplate":"https:\/\/baukulturschweiz.ch\/de\/?s={search_term_string}"},"query-input":{"@type":"PropertyValueSpecification","valueRequired":true,"valueName":"search_term_string"}}],"inLanguage":"it-IT"}]}},"_links":{"self":[{"href":"https:\/\/baukulturschweiz.ch\/it\/wp-json\/wp\/v2\/pages\/90","targetHints":{"allow":["GET"]}}],"collection":[{"href":"https:\/\/baukulturschweiz.ch\/it\/wp-json\/wp\/v2\/pages"}],"about":[{"href":"https:\/\/baukulturschweiz.ch\/it\/wp-json\/wp\/v2\/types\/page"}],"author":[{"embeddable":true,"href":"https:\/\/baukulturschweiz.ch\/it\/wp-json\/wp\/v2\/users\/1"}],"replies":[{"embeddable":true,"href":"https:\/\/baukulturschweiz.ch\/it\/wp-json\/wp\/v2\/comments?post=90"}],"version-history":[{"count":2,"href":"https:\/\/baukulturschweiz.ch\/it\/wp-json\/wp\/v2\/pages\/90\/revisions"}],"predecessor-version":[{"id":1358,"href":"https:\/\/baukulturschweiz.ch\/it\/wp-json\/wp\/v2\/pages\/90\/revisions\/1358"}],"wp:attachment":[{"href":"https:\/\/baukulturschweiz.ch\/it\/wp-json\/wp\/v2\/media?parent=90"}],"curies":[{"name":"wp","href":"https:\/\/api.w.org\/{rel}","templated":true}]}}