{"id":94,"date":"2023-03-24T09:05:34","date_gmt":"2023-03-24T09:05:34","guid":{"rendered":"http:\/\/baukultur.dclabs.ch\/?page_id=94"},"modified":"2024-05-08T12:56:54","modified_gmt":"2024-05-08T10:56:54","slug":"conseil","status":"publish","type":"page","link":"https:\/\/baukulturschweiz.ch\/fr\/conseil\/","title":{"rendered":"Conseil"},"content":{"rendered":"<div class=\"sia-beratung-wrapper\"><div id=\"siaBeratungMap\" class=\"sia-beratung-map m-dcwiMap\"><div class=\"m-dcwiMap__overlay\"><\/div><\/div><div class=\"sia-beratung-wrapper-inner\"><nav class=\"sia-beratung-nav\"><div class=\"sia-beratung-nav-inner\"><a data-area=\"intro\" href=\"#\">Einleitung<\/a><a data-area=\"topics\" href=\"#\">Affichage par th\u00e8mes<\/a><a data-area=\"database\" href=\"#\">Bases de donn\u00e9es<\/a><a data-area=\"map\" href=\"#\">Affichage cartographique<\/a><\/div><\/nav><section class=\"sia-beratung-intro\" data-area=\"intro\"><div><div class=\"sia-beratung-intro-block\"><p>D\u00e9velopp\u00e9 par l\u2019Office f\u00e9d\u00e9ral de la culture, le site internet Conseil, a pour but de soutenir et d\u2019inspirer celles et ceux qui planifient et am\u00e9nagent nos espaces de vie. Ici, vous trouverez les offres de conseil propos\u00e9es par les cantons, les communes, les hautes \u00e9coles et d\u2019autres institutions. Des guides, des directives, des formations ainsi que des exemples concrets issus de la pratique d\u00e9montrent comment une culture du b\u00e2ti de qualit\u00e9 fait de nos communes et nos villes des lieux o\u00f9 il fait bon vivre.<\/p>\n<\/div><div class=\"sia-beratung-intro-block\"><strong><a href=\"https:\/\/baukulturschweiz.ch\/fr\/wp-json\/wp\/v2\/pages\/94\/topics\" onclick=\"return window.siaBeratung.goToArea('topics');\">Affichage par th\u00e8mes<\/a><\/strong><p>Qu&#8217;entend-on par culture du b\u00e2ti&nbsp;? De courts textes explicatifs vous permettent de naviguer dans les bases de donn\u00e9es en fonction des th\u00e8mes qui vous int\u00e9ressent.<\/p>\n<\/div><div class=\"sia-beratung-intro-block\"><strong><a href=\"https:\/\/baukulturschweiz.ch\/fr\/wp-json\/wp\/v2\/pages\/94\/database\" onclick=\"return window.siaBeratung.goToArea('database');\">Bases de donn\u00e9es<\/a><\/strong><p>Que contient la base de donn\u00e9es&nbsp;? Les informations peuvent y \u00eatre recherch\u00e9es par th\u00e8me, instrument, prestataire ou format. Ainsi, un exemple pratique concernant un th\u00e8me particulier peut mener \u00e0 une offre de conseil adapt\u00e9e.<\/p>\n<\/div><\/div><div><div class=\"sia-beratung-intro-block\"><strong><a href=\"https:\/\/baukulturschweiz.ch\/fr\/wp-json\/wp\/v2\/pages\/94\/map\" onclick=\"return window.siaBeratung.goToArea('map');\">Affichage cartographique<\/a><\/strong><p>Quelles sont les offres disponibles dans ma r\u00e9gion&nbsp;? Les exemples pratiques ainsi que les offres de formation initiales et continues peuvent \u00eatre localis\u00e9s sur une carte interactive.<\/p>\n<p>Avez-vous une question ou une suggestion pour une offre de conseil&nbsp;? Ecrivez-nous \u00e0 l&#8217;adresse <a class=\"\" title=\"conseil.culturedubati@bak.admin.ch\" href=\"mailto:conseil.culturedubati@bak.admin.ch\" target=\"_blank\" rel=\"noopener\">conseil.culturedubati@bak.admin.ch<\/a>.<\/p>\n<p>Nous sommes \u00e9galement sur LinkedIn&nbsp;: rejoignez le groupe <a href=\"https:\/\/www.linkedin.com\/groups\/12792657\/\" target=\"_blank\" rel=\"noopener\">\u00ab #baukultur Beratung \u2013 Conseil \u2013 Consulenza \u00bb !<\/a><\/p>\n<\/div><\/div><\/section><section class=\"sia-beratung-filtergroups-wrapper\" data-area=\"topics\"><article class=\"sia-beratung-filtergroup\" data-slug=\"planungsinstrumente-und-prozesse\" data-filter=\"139,151,152,167\" onclick=\"return window.siaBeratung.showFilterGroup(this);\"><h1>Outils de planification et processus<\/h1><div class=\"sia-beratung-filtergroup-columns\"><img fetchpriority=\"high\" decoding=\"async\" width=\"1000\" height=\"590\" src=\"https:\/\/baukulturschweiz.ch\/wp-content\/uploads\/2023\/06\/Planungsinstrumente-und-Prozesse-1.jpg\" class=\"attachment-large size-large wp-post-image\" alt=\"\" srcset=\"https:\/\/baukulturschweiz.ch\/wp-content\/uploads\/2023\/06\/Planungsinstrumente-und-Prozesse-1.jpg 1000w, https:\/\/baukulturschweiz.ch\/wp-content\/uploads\/2023\/06\/Planungsinstrumente-und-Prozesse-1-300x177.jpg 300w, https:\/\/baukulturschweiz.ch\/wp-content\/uploads\/2023\/06\/Planungsinstrumente-und-Prozesse-1-768x453.jpg 768w, https:\/\/baukulturschweiz.ch\/wp-content\/uploads\/2023\/06\/Planungsinstrumente-und-Prozesse-1-18x12.jpg 18w\" sizes=\"(max-width: 1000px) 100vw, 1000px\" \/><div class=\"sia-beratung-filtergroup-text u-leadText\"><p>Nous avons besoin de strat\u00e9gies pour planifier et am\u00e9nager nos espaces de vie tout en am\u00e9liorant leur qualit\u00e9. Le succ\u00e8s r\u00e9side dans la combinaison des \u00e9l\u00e9ments techniques avec des exigences \u00e9cologiques, \u00e9conomiques, mais aussi soci\u00e9tales et culturelles. Une discussion ouverte sur le sujet peut d\u00e9boucher sur une strat\u00e9gie ou un sch\u00e9ma de d\u00e9veloppement territorial. Une vision soutenue autant par les autorit\u00e9s politiques que par la population facilite les processus de planification \u00e0 toutes les \u00e9chelles. Quels sont les instruments ad\u00e9quats&nbsp;? Et comment exploiter au mieux les marges de man\u0153uvre&nbsp;?<\/p>\n<\/div><\/div><a class=\"sia-beratung-filtergroup-x\" onclick=\"return window.siaBeratung.closeFilterGroup(event,this);\"><\/a><\/article><article class=\"sia-beratung-filtergroup\" data-slug=\"innenentwicklung-und-bauen-im-bestand\" data-filter=\"135,142\" onclick=\"return window.siaBeratung.showFilterGroup(this);\"><h1>D\u00e9veloppement vers l'int\u00e9rieur et dans l'existant<\/h1><div class=\"sia-beratung-filtergroup-columns\"><img decoding=\"async\" width=\"1000\" height=\"603\" src=\"https:\/\/baukulturschweiz.ch\/wp-content\/uploads\/2023\/06\/Innenentwicklung-und-Bauen-im-Bestand-1.jpg\" class=\"attachment-large size-large wp-post-image\" alt=\"\" srcset=\"https:\/\/baukulturschweiz.ch\/wp-content\/uploads\/2023\/06\/Innenentwicklung-und-Bauen-im-Bestand-1.jpg 1000w, https:\/\/baukulturschweiz.ch\/wp-content\/uploads\/2023\/06\/Innenentwicklung-und-Bauen-im-Bestand-1-300x181.jpg 300w, https:\/\/baukulturschweiz.ch\/wp-content\/uploads\/2023\/06\/Innenentwicklung-und-Bauen-im-Bestand-1-768x463.jpg 768w, https:\/\/baukulturschweiz.ch\/wp-content\/uploads\/2023\/06\/Innenentwicklung-und-Bauen-im-Bestand-1-18x12.jpg 18w\" sizes=\"(max-width: 1000px) 100vw, 1000px\" \/><div class=\"sia-beratung-filtergroup-text u-leadText\"><p>Le d\u00e9veloppement \u00e0 l\u2019int\u00e9rieur du milieu b\u00e2ti augmente la pression sur les espaces publics et sur le b\u00e2ti existant. Or, dans de nombreux endroits, les restaurants et les magasins restent inoccup\u00e9s. A quoi ressemble un centre-ville ou un centre de village attrayant aujourd\u2019hui&nbsp;? Quels sont les usages et les qualit\u00e9s qui caract\u00e9risent des quartiers et voisinages vivants pour toutes et tous&nbsp;? Quelles sont les actrices et les acteurs locaux&nbsp;? Et comment une culture du b\u00e2ti de qualit\u00e9 peut contribuer \u00e0 la revitalisation des centres&nbsp;? Comment adapter les b\u00e2timents d\u2019hier&nbsp;? Comment concevoir aujourd\u2019hui des b\u00e2timents qui pourront \u00eatre adapt\u00e9s demain&nbsp;?<\/p>\n<\/div><\/div><a class=\"sia-beratung-filtergroup-x\" onclick=\"return window.siaBeratung.closeFilterGroup(event,this);\"><\/a><\/article><article class=\"sia-beratung-filtergroup\" data-slug=\"landschaft-und-freiraum\" data-filter=\"144,149\" onclick=\"return window.siaBeratung.showFilterGroup(this);\"><h1>Paysage et espaces publics<\/h1><div class=\"sia-beratung-filtergroup-columns\"><img decoding=\"async\" width=\"1024\" height=\"638\" src=\"https:\/\/baukulturschweiz.ch\/wp-content\/uploads\/2023\/07\/Landschaft-und-Freiraum-2-1024x638.jpg\" class=\"attachment-large size-large wp-post-image\" alt=\"\" srcset=\"https:\/\/baukulturschweiz.ch\/wp-content\/uploads\/2023\/07\/Landschaft-und-Freiraum-2-1024x638.jpg 1024w, https:\/\/baukulturschweiz.ch\/wp-content\/uploads\/2023\/07\/Landschaft-und-Freiraum-2-300x187.jpg 300w, https:\/\/baukulturschweiz.ch\/wp-content\/uploads\/2023\/07\/Landschaft-und-Freiraum-2-768x479.jpg 768w, https:\/\/baukulturschweiz.ch\/wp-content\/uploads\/2023\/07\/Landschaft-und-Freiraum-2-18x12.jpg 18w, https:\/\/baukulturschweiz.ch\/wp-content\/uploads\/2023\/07\/Landschaft-und-Freiraum-2.jpg 1210w\" sizes=\"(max-width: 1024px) 100vw, 1024px\" \/><div class=\"sia-beratung-filtergroup-text u-leadText\"><p>Quels types de places, d\u2019espaces verts et d\u2019espaces publics voulons-nous d\u00e9couvrir lorsque nous nous promenons dans un village ou dans une ville&nbsp;? Quels paysages voulons-nous cr\u00e9er autours de nos espaces de vie, pour que l\u2019agriculture subsiste et que ses sols soient pr\u00e9serv\u00e9s comme source de vie de qualit\u00e9 pour les \u00eatres humains, les animaux et les plantes&nbsp;? Les pouvoirs publics peuvent soutenir activement le maintien et le d\u00e9veloppement d&#8217;espaces agricoles, naturels et r\u00e9cr\u00e9atifs diversifi\u00e9s. Comment y parvenir au mieux&nbsp;?<\/p>\n<\/div><\/div><a class=\"sia-beratung-filtergroup-x\" onclick=\"return window.siaBeratung.closeFilterGroup(event,this);\"><\/a><\/article><article class=\"sia-beratung-filtergroup\" data-slug=\"klima-und-biodiversitaet\" data-filter=\"136,143\" onclick=\"return window.siaBeratung.showFilterGroup(this);\"><h1>Climat et biodiversit\u00e9<\/h1><div class=\"sia-beratung-filtergroup-columns\"><img loading=\"lazy\" decoding=\"async\" width=\"1000\" height=\"603\" src=\"https:\/\/baukulturschweiz.ch\/wp-content\/uploads\/2023\/06\/Klima-und-Biodiversitaet-1.jpg\" class=\"attachment-large size-large wp-post-image\" alt=\"\" srcset=\"https:\/\/baukulturschweiz.ch\/wp-content\/uploads\/2023\/06\/Klima-und-Biodiversitaet-1.jpg 1000w, https:\/\/baukulturschweiz.ch\/wp-content\/uploads\/2023\/06\/Klima-und-Biodiversitaet-1-300x181.jpg 300w, https:\/\/baukulturschweiz.ch\/wp-content\/uploads\/2023\/06\/Klima-und-Biodiversitaet-1-768x463.jpg 768w, https:\/\/baukulturschweiz.ch\/wp-content\/uploads\/2023\/06\/Klima-und-Biodiversitaet-1-18x12.jpg 18w\" sizes=\"(max-width: 1000px) 100vw, 1000px\" \/><div class=\"sia-beratung-filtergroup-text u-leadText\"><p>La diversit\u00e9 de la faune et de la flore diminue drastiquement. Les cons\u00e9quences du r\u00e9chauffement climatique se font sentir partout. Aujourd\u2019hui, les zones urbanis\u00e9es ne sont gu\u00e8re adapt\u00e9es aux nouvelles conditions climatiques et contribuent encore peu \u00e0 la biodiversit\u00e9. Plus nos quartiers, nos villages et nos villes se densifient, plus il est important d&#8217;avoir des espaces publics verts diversifi\u00e9s et des constructions durables adapt\u00e9es au climat. Comment allons-nous g\u00e9rer les chaleurs estivales et les inondations qui se multiplient&nbsp;? Comment refroidir et r\u00e9chauffer nos espaces de mani\u00e8re durable&nbsp;?<\/p>\n<\/div><\/div><a class=\"sia-beratung-filtergroup-x\" onclick=\"return window.siaBeratung.closeFilterGroup(event,this);\"><\/a><\/article><article class=\"sia-beratung-filtergroup\" data-slug=\"ortsbilder-und-denkmaeler\" data-filter=\"138,150\" onclick=\"return window.siaBeratung.showFilterGroup(this);\"><h1>Sites construits et monuments<\/h1><div class=\"sia-beratung-filtergroup-columns\"><img loading=\"lazy\" decoding=\"async\" width=\"1000\" height=\"505\" src=\"https:\/\/baukulturschweiz.ch\/wp-content\/uploads\/2023\/06\/Ortsbilder-und-Denkmaeler-1.jpg\" class=\"attachment-large size-large wp-post-image\" alt=\"\" srcset=\"https:\/\/baukulturschweiz.ch\/wp-content\/uploads\/2023\/06\/Ortsbilder-und-Denkmaeler-1.jpg 1000w, https:\/\/baukulturschweiz.ch\/wp-content\/uploads\/2023\/06\/Ortsbilder-und-Denkmaeler-1-300x152.jpg 300w, https:\/\/baukulturschweiz.ch\/wp-content\/uploads\/2023\/06\/Ortsbilder-und-Denkmaeler-1-768x388.jpg 768w, https:\/\/baukulturschweiz.ch\/wp-content\/uploads\/2023\/06\/Ortsbilder-und-Denkmaeler-1-18x9.jpg 18w\" sizes=\"(max-width: 1000px) 100vw, 1000px\" \/><div class=\"sia-beratung-filtergroup-text u-leadText\"><div class=\"src-scripts-containers-Main-modules-Advice-Focus-row\">\n<div class=\"src-scripts-containers-Main-modules-Advice-Focus-column\">\n<div class=\"aztHelpersMarkdownContainer src-scripts-containers-Main-modules-Advice-Focus-text\">\n<p>Les sites construits t\u00e9moignent de notre histoire tout en faisant partie int\u00e9grante de nos espaces vie actuels. Les constructions individuelles et les ensembles historiques m\u00e9ritent d\u2019\u00eatre prot\u00e9g\u00e9s en tant que monuments. La qualit\u00e9 de l\u2019ensemble d\u2019un site construit, les \u00e9l\u00e9ments qui le composent et les liens entre eux d\u00e9terminent si une attention particuli\u00e8re leur est accord\u00e9e. Les sites les plus importants sont r\u00e9pertori\u00e9s dans l&#8217;Inventaire f\u00e9d\u00e9ral des sites construits d&#8217;importance nationale \u00e0 prot\u00e9ger en Suisse (ISOS) et les monuments dans les inventaires des constructions. Les sites construits ISOS et les monuments peuvent aussi \u00eatre d\u00e9velopp\u00e9s &#8211; mais comment&nbsp;?<\/p>\n<\/div>\n<\/div>\n<\/div>\n<\/div><\/div><a class=\"sia-beratung-filtergroup-x\" onclick=\"return window.siaBeratung.closeFilterGroup(event,this);\"><\/a><\/article><article class=\"sia-beratung-filtergroup\" data-slug=\"dialog-und-mitwirkung\" data-filter=\"139,146\" onclick=\"return window.siaBeratung.showFilterGroup(this);\"><h1>Dialogue et participation<\/h1><div class=\"sia-beratung-filtergroup-columns\"><img loading=\"lazy\" decoding=\"async\" width=\"1000\" height=\"623\" src=\"https:\/\/baukulturschweiz.ch\/wp-content\/uploads\/2023\/06\/Dialog-und-Mitwirkung-1.jpg\" class=\"attachment-large size-large wp-post-image\" alt=\"\" srcset=\"https:\/\/baukulturschweiz.ch\/wp-content\/uploads\/2023\/06\/Dialog-und-Mitwirkung-1.jpg 1000w, https:\/\/baukulturschweiz.ch\/wp-content\/uploads\/2023\/06\/Dialog-und-Mitwirkung-1-300x187.jpg 300w, https:\/\/baukulturschweiz.ch\/wp-content\/uploads\/2023\/06\/Dialog-und-Mitwirkung-1-768x478.jpg 768w, https:\/\/baukulturschweiz.ch\/wp-content\/uploads\/2023\/06\/Dialog-und-Mitwirkung-1-18x12.jpg 18w\" sizes=\"(max-width: 1000px) 100vw, 1000px\" \/><div class=\"sia-beratung-filtergroup-text u-leadText\"><div class=\"src-scripts-containers-Main-modules-Advice-Focus-row\">\n<div class=\"src-scripts-containers-Main-modules-Advice-Focus-column\">\n<div class=\"aztHelpersMarkdownContainer src-scripts-containers-Main-modules-Advice-Focus-text\">\n<p>Une culture du b\u00e2ti de qualit\u00e9 ne peut voir le jour que si non seulement les sp\u00e9cialistes, mais aussi toutes les personnes concern\u00e9es et impliqu\u00e9es s&#8217;y engagent, si la sensibilisation et une v\u00e9ritable participation sont encourag\u00e9es. Quels processus permettent un dialogue large et ouvert&nbsp;? Comment garantir un acc\u00e8s facile aux offres de conseil&nbsp;? Quelles m\u00e9thodes tiennent compte des besoins et des attentes des personnes concern\u00e9es tout autant que des connaissances et du savoir-faire des sp\u00e9cialistes&nbsp;?<\/p>\n<\/div>\n<\/div>\n<\/div>\n<\/div><\/div><a class=\"sia-beratung-filtergroup-x\" onclick=\"return window.siaBeratung.closeFilterGroup(event,this);\"><\/a><\/article><article class=\"sia-beratung-filtergroup\" data-slug=\"nachhaltigkeit-und-energie\" data-filter=\"140,148\" onclick=\"return window.siaBeratung.showFilterGroup(this);\"><h1>Durabilit\u00e9 et \u00e9nergie<\/h1><div class=\"sia-beratung-filtergroup-columns\"><img loading=\"lazy\" decoding=\"async\" width=\"1000\" height=\"699\" src=\"https:\/\/baukulturschweiz.ch\/wp-content\/uploads\/2023\/06\/Nachhaltigkeit-und-Energie-1.jpg\" class=\"attachment-large size-large wp-post-image\" alt=\"\" srcset=\"https:\/\/baukulturschweiz.ch\/wp-content\/uploads\/2023\/06\/Nachhaltigkeit-und-Energie-1.jpg 1000w, https:\/\/baukulturschweiz.ch\/wp-content\/uploads\/2023\/06\/Nachhaltigkeit-und-Energie-1-300x210.jpg 300w, https:\/\/baukulturschweiz.ch\/wp-content\/uploads\/2023\/06\/Nachhaltigkeit-und-Energie-1-768x537.jpg 768w, https:\/\/baukulturschweiz.ch\/wp-content\/uploads\/2023\/06\/Nachhaltigkeit-und-Energie-1-18x12.jpg 18w\" sizes=\"(max-width: 1000px) 100vw, 1000px\" \/><div class=\"sia-beratung-filtergroup-text u-leadText\"><div class=\"src-scripts-containers-Main-modules-Advice-Focus-column\">\n<div class=\"aztHelpersMarkdownContainer src-scripts-containers-Main-modules-Advice-Focus-text\">\n<p>Pour pr\u00e9server nos bases de vie, le secteur du b\u00e2timent doit lui aussi devenir plus durable. Cela implique de construire de nouveaux b\u00e2timents qui consomment peu de surface et d\u2019\u00e9nergie, mais aussi de transformer le b\u00e2ti existant. Les \u00e9nergies fossiles sont \u00e0 remplacer par des \u00e9nergies renouvelables. Les communes peuvent planifier et promouvoir l\u2019\u00e9nergie solaire sur leur territoire et dans leurs b\u00e2timents de mani\u00e8re globale. Comment exploitons-nous le grand potentiel de r\u00e9duction de CO2 dans les constructions existantes&nbsp;? Comment prenons-nous en compte l\u2019entier du cycle de vie des b\u00e2timents, de la fourniture des mat\u00e9riaux de constructions jusqu\u2019\u00e0 leur \u00e9limination ou r\u00e9utilisation&nbsp;?<\/p>\n<\/div>\n<\/div>\n<\/div><\/div><a class=\"sia-beratung-filtergroup-x\" onclick=\"return window.siaBeratung.closeFilterGroup(event,this);\"><\/a><\/article><article class=\"sia-beratung-filtergroup\" data-slug=\"boden-und-liegenschaftspolitik\" data-filter=\"137,145,161\" onclick=\"return window.siaBeratung.showFilterGroup(this);\"><h1>Politique fonci\u00e8re et immobili\u00e8re<\/h1><div class=\"sia-beratung-filtergroup-columns\"><img loading=\"lazy\" decoding=\"async\" width=\"1024\" height=\"638\" src=\"https:\/\/baukulturschweiz.ch\/wp-content\/uploads\/2023\/07\/Boden-und-Liegenschaftspolitik-2-1024x638.jpg\" class=\"attachment-large size-large wp-post-image\" alt=\"\" srcset=\"https:\/\/baukulturschweiz.ch\/wp-content\/uploads\/2023\/07\/Boden-und-Liegenschaftspolitik-2-1024x638.jpg 1024w, https:\/\/baukulturschweiz.ch\/wp-content\/uploads\/2023\/07\/Boden-und-Liegenschaftspolitik-2-300x187.jpg 300w, https:\/\/baukulturschweiz.ch\/wp-content\/uploads\/2023\/07\/Boden-und-Liegenschaftspolitik-2-768x479.jpg 768w, https:\/\/baukulturschweiz.ch\/wp-content\/uploads\/2023\/07\/Boden-und-Liegenschaftspolitik-2-18x12.jpg 18w, https:\/\/baukulturschweiz.ch\/wp-content\/uploads\/2023\/07\/Boden-und-Liegenschaftspolitik-2.jpg 1277w\" sizes=\"(max-width: 1024px) 100vw, 1024px\" \/><div class=\"sia-beratung-filtergroup-text u-leadText\"><p>En jouant un r\u00f4le actif dans la politique fonci\u00e8re et immobili\u00e8re, une commune peut mettre en \u0153uvre une strat\u00e9gie de d\u00e9veloppement de mani\u00e8re concr\u00e8te et sur le long terme. Soit une commune construit elle-m\u00eame, soit elle c\u00e8de ses terrains en droit de superficie \u00e0 des priv\u00e9s ou des coop\u00e9ratives. Elle encourage les partenariats publics-priv\u00e9s ou les \u00e9changes de terrains. De cette mani\u00e8re, elle a un grand impact sur la qualit\u00e9 de la culture du b\u00e2ti sur son territoire. Comment une commune peut-elle mettre des terrains \u00e0 disposition de tiers, et permettre ainsi la cr\u00e9ation de logements d\u2019utilit\u00e9 publique ou d\u2019espace publics bien am\u00e9nag\u00e9s comme lieu de vie pour toutes et tous&nbsp;?<\/p>\n<\/div><\/div><a class=\"sia-beratung-filtergroup-x\" onclick=\"return window.siaBeratung.closeFilterGroup(event,this);\"><\/a><\/article><article class=\"sia-beratung-filtergroup\" data-slug=\"mobilitaet-und-infrastruktur\" data-filter=\"141,147\" onclick=\"return window.siaBeratung.showFilterGroup(this);\"><h1>Mobilit\u00e9 et infrastructure<\/h1><div class=\"sia-beratung-filtergroup-columns\"><img loading=\"lazy\" decoding=\"async\" width=\"1000\" height=\"576\" src=\"https:\/\/baukulturschweiz.ch\/wp-content\/uploads\/2023\/06\/Mobilitaet-und-Infrastruktur-1.jpg\" class=\"attachment-large size-large wp-post-image\" alt=\"\" srcset=\"https:\/\/baukulturschweiz.ch\/wp-content\/uploads\/2023\/06\/Mobilitaet-und-Infrastruktur-1.jpg 1000w, https:\/\/baukulturschweiz.ch\/wp-content\/uploads\/2023\/06\/Mobilitaet-und-Infrastruktur-1-300x173.jpg 300w, https:\/\/baukulturschweiz.ch\/wp-content\/uploads\/2023\/06\/Mobilitaet-und-Infrastruktur-1-768x442.jpg 768w, https:\/\/baukulturschweiz.ch\/wp-content\/uploads\/2023\/06\/Mobilitaet-und-Infrastruktur-1-18x10.jpg 18w\" sizes=\"(max-width: 1000px) 100vw, 1000px\" \/><div class=\"sia-beratung-filtergroup-text u-leadText\"><div class=\"src-scripts-containers-Main-modules-Advice-Focus-row\">\n<div class=\"src-scripts-containers-Main-modules-Advice-Focus-column\">\n<div class=\"aztHelpersMarkdownContainer src-scripts-containers-Main-modules-Advice-Focus-text\">\n<p>Les bons projets et les bonnes solutions font que nos autoroutes et nos routes de village, nos parkings et nos usines de traitement des d\u00e9chets peuvent \u00eatre plus que de simples infrastructures. Les infrastructures routi\u00e8res, ferroviaires ou de mobilit\u00e9 douce, ainsi que les r\u00e9seaux de conduites en surface ou souterrains, occupent de grandes surfaces et ont un grand impact sur le territoire, notamment par leurs nuisances. Quelles mesures permettent de transformer les espaces de circulation en espaces de vie de qualit\u00e9&nbsp;? Comment les infrastructures peuvent-elles g\u00e9n\u00e9rer une plus-value sur le plan de la culture du b\u00e2timent&nbsp;?<\/p>\n<\/div>\n<\/div>\n<\/div>\n<\/div><\/div><a class=\"sia-beratung-filtergroup-x\" onclick=\"return window.siaBeratung.closeFilterGroup(event,this);\"><\/a><\/article><\/section><section class=\"sia-beratung-big-filter\" data-area=\"database\"><label class=\"has-children main-label\" onclick=\"return window.siaBeratung.toggleMobileFilterChildren(this);\"><span class=\"label\">Filter<a class=\"sia-beratung-filter-toggle\" onclick=\"return true;\"><span class=\"sia-beratung-angle\"><\/span><\/a><\/span><a class=\"sia-beratung-button clear-filters\" href=\"#\" onclick=\"return window.siaBeratung.clearFilters(event);\">Filter l\u00f6schen<\/a><\/label><ul class=\"sia-beratung-filter-wrap\"><li><label class=\"has-children\" onclick=\"return window.siaBeratung.toggleMobileFilterChildren(this);\" data-count=\"18\"><span class=\"label\">Th\u00e8mes<a class=\"sia-beratung-filter-toggle\" onclick=\"return true;\"><span class=\"sia-beratung-angle\"><\/span><\/a><\/span><\/label><ul class=\"sia-beratung-filter-level-2\"><li data-count=\"102\"><label><input type=\"checkbox\" name=\"sia_beratung_filter[]\" value=\"135\" autocomplete=\"off\" \/><span class=\"checkbox\"><\/span><span class=\"label\">Construire dans le b\u00e2ti existant<\/span><\/label><\/li><li data-count=\"53\"><label><input type=\"checkbox\" name=\"sia_beratung_filter[]\" value=\"136\" autocomplete=\"off\" \/><span class=\"checkbox\"><\/span><span class=\"label\">Biodiversit\u00e9<\/span><\/label><\/li><li data-count=\"28\"><label><input type=\"checkbox\" name=\"sia_beratung_filter[]\" value=\"137\" autocomplete=\"off\" \/><span class=\"checkbox\"><\/span><span class=\"label\">Politique fonci\u00e8re<\/span><\/label><\/li><li data-count=\"43\"><label><input type=\"checkbox\" name=\"sia_beratung_filter[]\" value=\"138\" autocomplete=\"off\" \/><span class=\"checkbox\"><\/span><span class=\"label\">Monuments<\/span><\/label><\/li><li data-count=\"93\"><label><input type=\"checkbox\" name=\"sia_beratung_filter[]\" value=\"139\" autocomplete=\"off\" \/><span class=\"checkbox\"><\/span><span class=\"label\">Dialogue<\/span><\/label><\/li><li data-count=\"47\"><label><input type=\"checkbox\" name=\"sia_beratung_filter[]\" value=\"140\" autocomplete=\"off\" \/><span class=\"checkbox\"><\/span><span class=\"label\">Energie<\/span><\/label><\/li><li data-count=\"56\"><label><input type=\"checkbox\" name=\"sia_beratung_filter[]\" value=\"141\" autocomplete=\"off\" \/><span class=\"checkbox\"><\/span><span class=\"label\">Infrastructure<\/span><\/label><\/li><li data-count=\"116\"><label><input type=\"checkbox\" name=\"sia_beratung_filter[]\" value=\"142\" autocomplete=\"off\" \/><span class=\"checkbox\"><\/span><span class=\"label\">D\u00e9veloppement \u00e0 l\u2019int\u00e9rieur du milieu b\u00e2ti<\/span><\/label><\/li><li data-count=\"70\"><label><input type=\"checkbox\" name=\"sia_beratung_filter[]\" value=\"143\" autocomplete=\"off\" \/><span class=\"checkbox\"><\/span><span class=\"label\">Climat<\/span><\/label><\/li><li data-count=\"83\"><label><input type=\"checkbox\" name=\"sia_beratung_filter[]\" value=\"144\" autocomplete=\"off\" \/><span class=\"checkbox\"><\/span><span class=\"label\">Paysage<\/span><\/label><\/li><li data-count=\"28\"><label><input type=\"checkbox\" name=\"sia_beratung_filter[]\" value=\"145\" autocomplete=\"off\" \/><span class=\"checkbox\"><\/span><span class=\"label\">Politique immobili\u00e8re<\/span><\/label><\/li><li data-count=\"58\"><label><input type=\"checkbox\" name=\"sia_beratung_filter[]\" value=\"146\" autocomplete=\"off\" \/><span class=\"checkbox\"><\/span><span class=\"label\">Participation<\/span><\/label><\/li><li data-count=\"58\"><label><input type=\"checkbox\" name=\"sia_beratung_filter[]\" value=\"147\" autocomplete=\"off\" \/><span class=\"checkbox\"><\/span><span class=\"label\">Mobilit\u00e9<\/span><\/label><\/li><li data-count=\"127\"><label><input type=\"checkbox\" name=\"sia_beratung_filter[]\" value=\"148\" autocomplete=\"off\" \/><span class=\"checkbox\"><\/span><span class=\"label\">Durabilit\u00e9<\/span><\/label><\/li><li data-count=\"105\"><label><input type=\"checkbox\" name=\"sia_beratung_filter[]\" value=\"149\" autocomplete=\"off\" \/><span class=\"checkbox\"><\/span><span class=\"label\">Espace public<\/span><\/label><\/li><li data-count=\"72\"><label><input type=\"checkbox\" name=\"sia_beratung_filter[]\" value=\"150\" autocomplete=\"off\" \/><span class=\"checkbox\"><\/span><span class=\"label\">Sites construits<\/span><\/label><\/li><li data-count=\"108\"><label><input type=\"checkbox\" name=\"sia_beratung_filter[]\" value=\"151\" autocomplete=\"off\" \/><span class=\"checkbox\"><\/span><span class=\"label\">Outils de planification<\/span><\/label><\/li><li data-count=\"75\"><label><input type=\"checkbox\" name=\"sia_beratung_filter[]\" value=\"152\" autocomplete=\"off\" \/><span class=\"checkbox\"><\/span><span class=\"label\">Processus<\/span><\/label><\/li><\/ul><\/li><li><label class=\"has-children\" onclick=\"return window.siaBeratung.toggleMobileFilterChildren(this);\" data-count=\"16\"><span class=\"label\">Instruments<a class=\"sia-beratung-filter-toggle\" onclick=\"return true;\"><span class=\"sia-beratung-angle\"><\/span><\/a><\/span><\/label><ul class=\"sia-beratung-filter-level-2\"><li data-count=\"31\"><label><input type=\"checkbox\" name=\"sia_beratung_filter[]\" value=\"154\" autocomplete=\"off\" \/><span class=\"checkbox\"><\/span><span class=\"label\">Proc\u00e9dures d\u2019autorisation de construire<\/span><\/label><\/li><li data-count=\"13\"><label><input type=\"checkbox\" name=\"sia_beratung_filter[]\" value=\"155\" autocomplete=\"off\" \/><span class=\"checkbox\"><\/span><span class=\"label\">Construction hors zone \u00e0 b\u00e2tir<\/span><\/label><\/li><li data-count=\"21\"><label><input type=\"checkbox\" name=\"sia_beratung_filter[]\" value=\"156\" autocomplete=\"off\" \/><span class=\"checkbox\"><\/span><span class=\"label\">Conseil par les communes<\/span><\/label><\/li><li data-count=\"51\"><label><input type=\"checkbox\" name=\"sia_beratung_filter[]\" value=\"157\" autocomplete=\"off\" \/><span class=\"checkbox\"><\/span><span class=\"label\">Formation continue pour le personnel politique et administratif<\/span><\/label><\/li><li data-count=\"2\"><label><input type=\"checkbox\" name=\"sia_beratung_filter[]\" value=\"158\" autocomplete=\"off\" \/><span class=\"checkbox\"><\/span><span class=\"label\">Fusion de communes<\/span><\/label><\/li><li data-count=\"6\"><label><input type=\"checkbox\" name=\"sia_beratung_filter[]\" value=\"159\" autocomplete=\"off\" \/><span class=\"checkbox\"><\/span><span class=\"label\">Commissions d\u2019urbanisme<\/span><\/label><\/li><li data-count=\"50\"><label><input type=\"checkbox\" name=\"sia_beratung_filter[]\" value=\"160\" autocomplete=\"off\" \/><span class=\"checkbox\"><\/span><span class=\"label\">Inventaires<\/span><\/label><\/li><li data-count=\"65\"><label><input type=\"checkbox\" name=\"sia_beratung_filter[]\" value=\"161\" autocomplete=\"off\" \/><span class=\"checkbox\"><\/span><span class=\"label\">Projets de construction communaux<\/span><\/label><\/li><li data-count=\"6\"><label><input type=\"checkbox\" name=\"sia_beratung_filter[]\" value=\"162\" autocomplete=\"off\" \/><span class=\"checkbox\"><\/span><span class=\"label\">Taxation de la plus-value<\/span><\/label><\/li><li data-count=\"43\"><label><input type=\"checkbox\" name=\"sia_beratung_filter[]\" value=\"163\" autocomplete=\"off\" \/><span class=\"checkbox\"><\/span><span class=\"label\">Plans d\u2019affectation<\/span><\/label><\/li><li data-count=\"11\"><label><input type=\"checkbox\" name=\"sia_beratung_filter[]\" value=\"164\" autocomplete=\"off\" \/><span class=\"checkbox\"><\/span><span class=\"label\">Partenariat public-priv\u00e9<\/span><\/label><\/li><li data-count=\"18\"><label><input type=\"checkbox\" name=\"sia_beratung_filter[]\" value=\"165\" autocomplete=\"off\" \/><span class=\"checkbox\"><\/span><span class=\"label\">Soutien de projets<\/span><\/label><\/li><li data-count=\"36\"><label><input type=\"checkbox\" name=\"sia_beratung_filter[]\" value=\"166\" autocomplete=\"off\" \/><span class=\"checkbox\"><\/span><span class=\"label\">Proc\u00e9dures d\u2019assurance qualit\u00e9<\/span><\/label><\/li><li data-count=\"61\"><label><input type=\"checkbox\" name=\"sia_beratung_filter[]\" value=\"167\" autocomplete=\"off\" \/><span class=\"checkbox\"><\/span><span class=\"label\">Strat\u00e9gies de d\u00e9veloppement territorial<\/span><\/label><\/li><li data-count=\"28\"><label><input type=\"checkbox\" name=\"sia_beratung_filter[]\" value=\"168\" autocomplete=\"off\" \/><span class=\"checkbox\"><\/span><span class=\"label\">Coop\u00e9ration r\u00e9gionale<\/span><\/label><\/li><li data-count=\"29\"><label><input type=\"checkbox\" name=\"sia_beratung_filter[]\" value=\"169\" autocomplete=\"off\" \/><span class=\"checkbox\"><\/span><span class=\"label\">Plans d\u2019affectation sp\u00e9ciaux<\/span><\/label><\/li><\/ul><\/li><li><label class=\"has-children\" onclick=\"return window.siaBeratung.toggleMobileFilterChildren(this);\" data-count=\"109\"><span class=\"label\">Prestataire de l\u2019offre<a class=\"sia-beratung-filter-toggle\" onclick=\"return true;\"><span class=\"sia-beratung-angle\"><\/span><\/a><\/span><\/label><ul class=\"sia-beratung-filter-level-2\"><li data-count=\"0\"><label class=\"has-children\"><input type=\"checkbox\" name=\"sia_beratung_filter[]\" value=\"171\" autocomplete=\"off\" \/><span class=\"checkbox\"><\/span><span class=\"label\">Conf\u00e9d\u00e9ration<a class=\"sia-beratung-filter-toggle\" onclick=\"return window.siaBeratung.toggleFilterChildren(this);\"><span class=\"sia-beratung-angle\"><\/span><\/a><\/span><\/label><ul class=\"sia-beratung-filter-level-3\"><li data-count=\"11\"><label><input type=\"checkbox\" name=\"sia_beratung_filter[]\" value=\"172\" autocomplete=\"off\" \/><span class=\"checkbox\"><\/span><span class=\"label\">ARE Office f\u00e9d\u00e9ral du d\u00e9veloppement territorial<\/span><\/label><\/li><li data-count=\"3\"><label><input type=\"checkbox\" name=\"sia_beratung_filter[]\" value=\"173\" autocomplete=\"off\" \/><span class=\"checkbox\"><\/span><span class=\"label\">OFROU Office f\u00e9d\u00e9ral des routes<\/span><\/label><\/li><li data-count=\"1\"><label><input type=\"checkbox\" name=\"sia_beratung_filter[]\" value=\"174\" autocomplete=\"off\" \/><span class=\"checkbox\"><\/span><span class=\"label\">OFPP Office f\u00e9d\u00e9ral de la protection de la population<\/span><\/label><\/li><li data-count=\"13\"><label><input type=\"checkbox\" name=\"sia_beratung_filter[]\" value=\"175\" autocomplete=\"off\" \/><span class=\"checkbox\"><\/span><span class=\"label\">OFEV Office f\u00e9d\u00e9ral de l'environnement<\/span><\/label><\/li><li data-count=\"2\"><label><input type=\"checkbox\" name=\"sia_beratung_filter[]\" value=\"176\" autocomplete=\"off\" \/><span class=\"checkbox\"><\/span><span class=\"label\">OFSP Office f\u00e9d\u00e9ral de la sant\u00e9 publique<\/span><\/label><\/li><li data-count=\"4\"><label><input type=\"checkbox\" name=\"sia_beratung_filter[]\" value=\"177\" autocomplete=\"off\" \/><span class=\"checkbox\"><\/span><span class=\"label\">OFC Office f\u00e9d\u00e9ral de la culture<\/span><\/label><\/li><li data-count=\"1\"><label><input type=\"checkbox\" name=\"sia_beratung_filter[]\" value=\"178\" autocomplete=\"off\" \/><span class=\"checkbox\"><\/span><span class=\"label\">OFSPO Office f\u00e9d\u00e9ral du sport<\/span><\/label><\/li><li data-count=\"1\"><label><input type=\"checkbox\" name=\"sia_beratung_filter[]\" value=\"179\" autocomplete=\"off\" \/><span class=\"checkbox\"><\/span><span class=\"label\">OFCL Office f\u00e9d\u00e9ral des constructions et de la logistique<\/span><\/label><\/li><li data-count=\"5\"><label><input type=\"checkbox\" name=\"sia_beratung_filter[]\" value=\"180\" autocomplete=\"off\" \/><span class=\"checkbox\"><\/span><span class=\"label\">OFEN Office f\u00e9d\u00e9ral de l'\u00e9nergie<\/span><\/label><\/li><li data-count=\"1\"><label><input type=\"checkbox\" name=\"sia_beratung_filter[]\" value=\"181\" autocomplete=\"off\" \/><span class=\"checkbox\"><\/span><span class=\"label\">OSAV Office f\u00e9d\u00e9ral de la s\u00e9curit\u00e9 alimentaire et des affaires v\u00e9t\u00e9rinaires<\/span><\/label><\/li><li data-count=\"2\"><label><input type=\"checkbox\" name=\"sia_beratung_filter[]\" value=\"182\" autocomplete=\"off\" \/><span class=\"checkbox\"><\/span><span class=\"label\">OFAG Office f\u00e9d\u00e9ral de l'agriculture<\/span><\/label><\/li><li data-count=\"8\"><label><input type=\"checkbox\" name=\"sia_beratung_filter[]\" value=\"183\" autocomplete=\"off\" \/><span class=\"checkbox\"><\/span><span class=\"label\">OFL Office f\u00e9d\u00e9ral du logement<\/span><\/label><\/li><li data-count=\"2\"><label><input type=\"checkbox\" name=\"sia_beratung_filter[]\" value=\"184\" autocomplete=\"off\" \/><span class=\"checkbox\"><\/span><span class=\"label\">CFM Commission f\u00e9d\u00e9rale des migrations<\/span><\/label><\/li><li data-count=\"1\"><label><input type=\"checkbox\" name=\"sia_beratung_filter[]\" value=\"185\" autocomplete=\"off\" \/><span class=\"checkbox\"><\/span><span class=\"label\">SLR Service de lutte contre le racisme<\/span><\/label><\/li><li data-count=\"1\"><label><input type=\"checkbox\" name=\"sia_beratung_filter[]\" value=\"186\" autocomplete=\"off\" \/><span class=\"checkbox\"><\/span><span class=\"label\">KBOB Conf\u00e9rence de coordination des services de la construction et des immeubles des ma\u00eetres d\u2019ouvrage public<\/span><\/label><\/li><li data-count=\"1\"><label><input type=\"checkbox\" name=\"sia_beratung_filter[]\" value=\"187\" autocomplete=\"off\" \/><span class=\"checkbox\"><\/span><span class=\"label\">SECO Secr\u00e9tariat d'Etat \u00e0 l'\u00e9conomie<\/span><\/label><\/li><li data-count=\"1\"><label><input type=\"checkbox\" name=\"sia_beratung_filter[]\" value=\"188\" autocomplete=\"off\" \/><span class=\"checkbox\"><\/span><span class=\"label\">SEM Secr\u00e9tariat d'Etat aux migrations<\/span><\/label><\/li><\/ul><\/li><li data-count=\"20\"><label><input type=\"checkbox\" name=\"sia_beratung_filter[]\" value=\"189\" autocomplete=\"off\" \/><span class=\"checkbox\"><\/span><span class=\"label\">Commune<\/span><\/label><\/li><li data-count=\"0\"><label class=\"has-children\"><input type=\"checkbox\" name=\"sia_beratung_filter[]\" value=\"190\" autocomplete=\"off\" \/><span class=\"checkbox\"><\/span><span class=\"label\">Hautes \u00e9coles et \u00e9coles professionnelles<a class=\"sia-beratung-filter-toggle\" onclick=\"return window.siaBeratung.toggleFilterChildren(this);\"><span class=\"sia-beratung-angle\"><\/span><\/a><\/span><\/label><ul class=\"sia-beratung-filter-level-3\"><li data-count=\"1\"><label><input type=\"checkbox\" name=\"sia_beratung_filter[]\" value=\"191\" autocomplete=\"off\" \/><span class=\"checkbox\"><\/span><span class=\"label\">Akademie St.Gallen<\/span><\/label><\/li><li data-count=\"1\"><label><input type=\"checkbox\" name=\"sia_beratung_filter[]\" value=\"192\" autocomplete=\"off\" \/><span class=\"checkbox\"><\/span><span class=\"label\">Avenir formation<\/span><\/label><\/li><li data-count=\"8\"><label><input type=\"checkbox\" name=\"sia_beratung_filter[]\" value=\"193\" autocomplete=\"off\" \/><span class=\"checkbox\"><\/span><span class=\"label\">FH Haute \u00e9cole sp\u00e9cialis\u00e9e de Berne<\/span><\/label><\/li><li data-count=\"3\"><label><input type=\"checkbox\" name=\"sia_beratung_filter[]\" value=\"194\" autocomplete=\"off\" \/><span class=\"checkbox\"><\/span><span class=\"label\">BWD Bern Bildungszentrum f\u00fcr Wirtschaft und Dienstleistung<\/span><\/label><\/li><li data-count=\"1\"><label><input type=\"checkbox\" name=\"sia_beratung_filter[]\" value=\"195\" autocomplete=\"off\" \/><span class=\"checkbox\"><\/span><span class=\"label\">BZWW Thurgau Bildungszentrum f\u00fcr Wirtschaft Weinfelden<\/span><\/label><\/li><li data-count=\"5\"><label><input type=\"checkbox\" name=\"sia_beratung_filter[]\" value=\"196\" autocomplete=\"off\" \/><span class=\"checkbox\"><\/span><span class=\"label\">EPFL \u00c9cole polytechnique f\u00e9d\u00e9rale de Lausanne<\/span><\/label><\/li><li data-count=\"6\"><label><input type=\"checkbox\" name=\"sia_beratung_filter[]\" value=\"197\" autocomplete=\"off\" \/><span class=\"checkbox\"><\/span><span class=\"label\">ETHZ<\/span><\/label><\/li><li data-count=\"5\"><label><input type=\"checkbox\" name=\"sia_beratung_filter[]\" value=\"198\" autocomplete=\"off\" \/><span class=\"checkbox\"><\/span><span class=\"label\">FHGR Fachhochschule Graub\u00fcnden<\/span><\/label><\/li><li data-count=\"3\"><label><input type=\"checkbox\" name=\"sia_beratung_filter[]\" value=\"199\" autocomplete=\"off\" \/><span class=\"checkbox\"><\/span><span class=\"label\">FHNW Fachhochschule Nordwestschweiz<\/span><\/label><\/li><li data-count=\"2\"><label><input type=\"checkbox\" name=\"sia_beratung_filter[]\" value=\"302\" autocomplete=\"off\" \/><span class=\"checkbox\"><\/span><span class=\"label\">Haus der Farbe<\/span><\/label><\/li><li data-count=\"6\"><label><input type=\"checkbox\" name=\"sia_beratung_filter[]\" value=\"200\" autocomplete=\"off\" \/><span class=\"checkbox\"><\/span><span class=\"label\">HEIG-VD Haute Ecole d'Ing\u00e9nierie et de Gestion du Canton de Vaud<\/span><\/label><\/li><li data-count=\"6\"><label><input type=\"checkbox\" name=\"sia_beratung_filter[]\" value=\"201\" autocomplete=\"off\" \/><span class=\"checkbox\"><\/span><span class=\"label\">HEPIA Haute \u00e9cole du paysage, d'ing\u00e9nierie et d'architecture de Gen\u00e8ve<\/span><\/label><\/li><li data-count=\"4\"><label><input type=\"checkbox\" name=\"sia_beratung_filter[]\" value=\"202\" autocomplete=\"off\" \/><span class=\"checkbox\"><\/span><span class=\"label\">HES-SO Valais-Wallis<\/span><\/label><\/li><li data-count=\"0\"><label><input type=\"checkbox\" name=\"sia_beratung_filter[]\" value=\"203\" autocomplete=\"off\" \/><span class=\"checkbox\"><\/span><span class=\"label\">HETS-GE Haute \u00e9cole de travail social Gen\u00e8ve<\/span><\/label><\/li><li data-count=\"13\"><label><input type=\"checkbox\" name=\"sia_beratung_filter[]\" value=\"204\" autocomplete=\"off\" \/><span class=\"checkbox\"><\/span><span class=\"label\">HSLU Hochschule Luzern<\/span><\/label><\/li><li data-count=\"8\"><label><input type=\"checkbox\" name=\"sia_beratung_filter[]\" value=\"205\" autocomplete=\"off\" \/><span class=\"checkbox\"><\/span><span class=\"label\">HEIA-FR Haute \u00e9cole d'ing\u00e9nierie et d'architecture de Fribourg<\/span><\/label><\/li><li data-count=\"8\"><label><input type=\"checkbox\" name=\"sia_beratung_filter[]\" value=\"206\" autocomplete=\"off\" \/><span class=\"checkbox\"><\/span><span class=\"label\">OST Ostschweizer Fachhochschule<\/span><\/label><\/li><li data-count=\"2\"><label><input type=\"checkbox\" name=\"sia_beratung_filter[]\" value=\"207\" autocomplete=\"off\" \/><span class=\"checkbox\"><\/span><span class=\"label\">SUPSI Scuola universitaria professionale della Svizzera italiana<\/span><\/label><\/li><li data-count=\"1\"><label><input type=\"checkbox\" name=\"sia_beratung_filter[]\" value=\"305\" autocomplete=\"off\" \/><span class=\"checkbox\"><\/span><span class=\"label\">Universit\u00e4t Bern<\/span><\/label><\/li><li data-count=\"4\"><label><input type=\"checkbox\" name=\"sia_beratung_filter[]\" value=\"208\" autocomplete=\"off\" \/><span class=\"checkbox\"><\/span><span class=\"label\">Universit\u00e9 de Gen\u00e8ve<\/span><\/label><\/li><li data-count=\"2\"><label><input type=\"checkbox\" name=\"sia_beratung_filter[]\" value=\"300\" autocomplete=\"off\" \/><span class=\"checkbox\"><\/span><span class=\"label\">UNIL Universit\u00e9 de Lausanne<\/span><\/label><\/li><li data-count=\"2\"><label><input type=\"checkbox\" name=\"sia_beratung_filter[]\" value=\"209\" autocomplete=\"off\" \/><span class=\"checkbox\"><\/span><span class=\"label\">UZH Universit\u00e4t Z\u00fcrich<\/span><\/label><\/li><li data-count=\"12\"><label><input type=\"checkbox\" name=\"sia_beratung_filter[]\" value=\"210\" autocomplete=\"off\" \/><span class=\"checkbox\"><\/span><span class=\"label\">ZHAW Z\u00fcrcher Hochschule f\u00fcr Angewandte Wissenschaften<\/span><\/label><\/li><\/ul><\/li><li data-count=\"0\"><label class=\"has-children\"><input type=\"checkbox\" name=\"sia_beratung_filter[]\" value=\"211\" autocomplete=\"off\" \/><span class=\"checkbox\"><\/span><span class=\"label\">Canton<a class=\"sia-beratung-filter-toggle\" onclick=\"return window.siaBeratung.toggleFilterChildren(this);\"><span class=\"sia-beratung-angle\"><\/span><\/a><\/span><\/label><ul class=\"sia-beratung-filter-level-3\"><li data-count=\"0\"><label><input type=\"checkbox\" name=\"sia_beratung_filter[]\" value=\"214\" autocomplete=\"off\" \/><span class=\"checkbox\"><\/span><span class=\"label\">Appenzell Rhodes int\u00e9rieure<\/span><\/label><\/li><li data-count=\"1\"><label><input type=\"checkbox\" name=\"sia_beratung_filter[]\" value=\"213\" autocomplete=\"off\" \/><span class=\"checkbox\"><\/span><span class=\"label\">Appenzell Rhodes-Ext\u00e9rieures<\/span><\/label><\/li><li data-count=\"7\"><label><input type=\"checkbox\" name=\"sia_beratung_filter[]\" value=\"212\" autocomplete=\"off\" \/><span class=\"checkbox\"><\/span><span class=\"label\">Argovie<\/span><\/label><\/li><li data-count=\"1\"><label><input type=\"checkbox\" name=\"sia_beratung_filter[]\" value=\"215\" autocomplete=\"off\" \/><span class=\"checkbox\"><\/span><span class=\"label\">B\u00e2le-Campagne<\/span><\/label><\/li><li data-count=\"1\"><label><input type=\"checkbox\" name=\"sia_beratung_filter[]\" value=\"216\" autocomplete=\"off\" \/><span class=\"checkbox\"><\/span><span class=\"label\">B\u00e2le-Ville<\/span><\/label><\/li><li data-count=\"4\"><label><input type=\"checkbox\" name=\"sia_beratung_filter[]\" value=\"217\" autocomplete=\"off\" \/><span class=\"checkbox\"><\/span><span class=\"label\">Berne<\/span><\/label><\/li><li data-count=\"4\"><label><input type=\"checkbox\" name=\"sia_beratung_filter[]\" value=\"218\" autocomplete=\"off\" \/><span class=\"checkbox\"><\/span><span class=\"label\">Fribourg<\/span><\/label><\/li><li data-count=\"5\"><label><input type=\"checkbox\" name=\"sia_beratung_filter[]\" value=\"219\" autocomplete=\"off\" \/><span class=\"checkbox\"><\/span><span class=\"label\">Gen\u00e8ve<\/span><\/label><\/li><li data-count=\"0\"><label><input type=\"checkbox\" name=\"sia_beratung_filter[]\" value=\"220\" autocomplete=\"off\" \/><span class=\"checkbox\"><\/span><span class=\"label\">Glaris<\/span><\/label><\/li><li data-count=\"4\"><label><input type=\"checkbox\" name=\"sia_beratung_filter[]\" value=\"221\" autocomplete=\"off\" \/><span class=\"checkbox\"><\/span><span class=\"label\">Grisons<\/span><\/label><\/li><li data-count=\"1\"><label><input type=\"checkbox\" name=\"sia_beratung_filter[]\" value=\"222\" autocomplete=\"off\" \/><span class=\"checkbox\"><\/span><span class=\"label\">Jura<\/span><\/label><\/li><li data-count=\"3\"><label><input type=\"checkbox\" name=\"sia_beratung_filter[]\" value=\"223\" autocomplete=\"off\" \/><span class=\"checkbox\"><\/span><span class=\"label\">Lucerne<\/span><\/label><\/li><li data-count=\"2\"><label><input type=\"checkbox\" name=\"sia_beratung_filter[]\" value=\"224\" autocomplete=\"off\" \/><span class=\"checkbox\"><\/span><span class=\"label\">Neuch\u00e2tel<\/span><\/label><\/li><li data-count=\"2\"><label><input type=\"checkbox\" name=\"sia_beratung_filter[]\" value=\"225\" autocomplete=\"off\" \/><span class=\"checkbox\"><\/span><span class=\"label\">Nidwald<\/span><\/label><\/li><li data-count=\"2\"><label><input type=\"checkbox\" name=\"sia_beratung_filter[]\" value=\"226\" autocomplete=\"off\" \/><span class=\"checkbox\"><\/span><span class=\"label\">Obwald<\/span><\/label><\/li><li data-count=\"0\"><label><input type=\"checkbox\" name=\"sia_beratung_filter[]\" value=\"230\" autocomplete=\"off\" \/><span class=\"checkbox\"><\/span><span class=\"label\">Saint-Gall<\/span><\/label><\/li><li data-count=\"2\"><label><input type=\"checkbox\" name=\"sia_beratung_filter[]\" value=\"227\" autocomplete=\"off\" \/><span class=\"checkbox\"><\/span><span class=\"label\">Schaffhouse<\/span><\/label><\/li><li data-count=\"2\"><label><input type=\"checkbox\" name=\"sia_beratung_filter[]\" value=\"228\" autocomplete=\"off\" \/><span class=\"checkbox\"><\/span><span class=\"label\">Schwyz<\/span><\/label><\/li><li data-count=\"0\"><label><input type=\"checkbox\" name=\"sia_beratung_filter[]\" value=\"229\" autocomplete=\"off\" \/><span class=\"checkbox\"><\/span><span class=\"label\">Soleure<\/span><\/label><\/li><li data-count=\"1\"><label><input type=\"checkbox\" name=\"sia_beratung_filter[]\" value=\"231\" autocomplete=\"off\" \/><span class=\"checkbox\"><\/span><span class=\"label\">Tessin<\/span><\/label><\/li><li data-count=\"2\"><label><input type=\"checkbox\" name=\"sia_beratung_filter[]\" value=\"232\" autocomplete=\"off\" \/><span class=\"checkbox\"><\/span><span class=\"label\">Thurgovie<\/span><\/label><\/li><li data-count=\"2\"><label><input type=\"checkbox\" name=\"sia_beratung_filter[]\" value=\"233\" autocomplete=\"off\" \/><span class=\"checkbox\"><\/span><span class=\"label\">Uri<\/span><\/label><\/li><li data-count=\"3\"><label><input type=\"checkbox\" name=\"sia_beratung_filter[]\" value=\"235\" autocomplete=\"off\" \/><span class=\"checkbox\"><\/span><span class=\"label\">Valais<\/span><\/label><\/li><li data-count=\"4\"><label><input type=\"checkbox\" name=\"sia_beratung_filter[]\" value=\"234\" autocomplete=\"off\" \/><span class=\"checkbox\"><\/span><span class=\"label\">Vaud<\/span><\/label><\/li><li data-count=\"1\"><label><input type=\"checkbox\" name=\"sia_beratung_filter[]\" value=\"237\" autocomplete=\"off\" \/><span class=\"checkbox\"><\/span><span class=\"label\">Zoug<\/span><\/label><\/li><li data-count=\"2\"><label><input type=\"checkbox\" name=\"sia_beratung_filter[]\" value=\"236\" autocomplete=\"off\" \/><span class=\"checkbox\"><\/span><span class=\"label\">Zurich<\/span><\/label><\/li><\/ul><\/li><li data-count=\"0\"><label class=\"has-children\"><input type=\"checkbox\" name=\"sia_beratung_filter[]\" value=\"238\" autocomplete=\"off\" \/><span class=\"checkbox\"><\/span><span class=\"label\">Association<a class=\"sia-beratung-filter-toggle\" onclick=\"return window.siaBeratung.toggleFilterChildren(this);\"><span class=\"sia-beratung-angle\"><\/span><\/a><\/span><\/label><ul class=\"sia-beratung-filter-level-3\"><li data-count=\"2\"><label><input type=\"checkbox\" name=\"sia_beratung_filter[]\" value=\"312\" autocomplete=\"off\" \/><span class=\"checkbox\"><\/span><span class=\"label\">Siedlungsnatur<\/span><\/label><\/li><li data-count=\"1\"><label><input type=\"checkbox\" name=\"sia_beratung_filter[]\" value=\"311\" autocomplete=\"off\" \/><span class=\"checkbox\"><\/span><span class=\"label\">Velokonferenz Schweiz<\/span><\/label><\/li><li data-count=\"1\"><label><input type=\"checkbox\" name=\"sia_beratung_filter[]\" value=\"310\" autocomplete=\"off\" \/><span class=\"checkbox\"><\/span><span class=\"label\">Sensability<\/span><\/label><\/li><li data-count=\"1\"><label><input type=\"checkbox\" name=\"sia_beratung_filter[]\" value=\"321\" autocomplete=\"off\" \/><span class=\"checkbox\"><\/span><span class=\"label\">SCNAT Acad\u00e9mie suisse des sciences naturelles<\/span><\/label><\/li><li data-count=\"1\"><label><input type=\"checkbox\" name=\"sia_beratung_filter[]\" value=\"322\" autocomplete=\"off\" \/><span class=\"checkbox\"><\/span><span class=\"label\">VCS Verkehrs-Club der Schweiz<\/span><\/label><\/li><li data-count=\"1\"><label><input type=\"checkbox\" name=\"sia_beratung_filter[]\" value=\"239\" autocomplete=\"off\" \/><span class=\"checkbox\"><\/span><span class=\"label\">Groupe de travail protection du patrimoine<\/span><\/label><\/li><li data-count=\"2\"><label><input type=\"checkbox\" name=\"sia_beratung_filter[]\" value=\"240\" autocomplete=\"off\" \/><span class=\"checkbox\"><\/span><span class=\"label\">DTAP Conf\u00e9rence suisse des directeurs cantonaux des travaux publics, de l'am\u00e9nagement du territoire et de l'environnement<\/span><\/label><\/li><li data-count=\"5\"><label><input type=\"checkbox\" name=\"sia_beratung_filter[]\" value=\"241\" autocomplete=\"off\" \/><span class=\"checkbox\"><\/span><span class=\"label\">FAS F\u00e9d\u00e9ration des Architectes Suisses<\/span><\/label><\/li><li data-count=\"1\"><label><input type=\"checkbox\" name=\"sia_beratung_filter[]\" value=\"242\" autocomplete=\"off\" \/><span class=\"checkbox\"><\/span><span class=\"label\">FSAP F\u00e9d\u00e9ration Suisse des Architectes Paysagistes<\/span><\/label><\/li><li data-count=\"1\"><label><input type=\"checkbox\" name=\"sia_beratung_filter[]\" value=\"243\" autocomplete=\"off\" \/><span class=\"checkbox\"><\/span><span class=\"label\">BVR B\u00fcndner Vereinigung f\u00fcr Raumentwicklung<\/span><\/label><\/li><li data-count=\"2\"><label><input type=\"checkbox\" name=\"sia_beratung_filter[]\" value=\"244\" autocomplete=\"off\" \/><span class=\"checkbox\"><\/span><span class=\"label\">Cercl'Air Soci\u00e9t\u00e9 suisse des responsables de l\u2019hygi\u00e8ne de l\u2019air<\/span><\/label><\/li><li data-count=\"4\"><label><input type=\"checkbox\" name=\"sia_beratung_filter[]\" value=\"245\" autocomplete=\"off\" \/><span class=\"checkbox\"><\/span><span class=\"label\">SuisseEnergie<\/span><\/label><\/li><li data-count=\"14\"><label><input type=\"checkbox\" name=\"sia_beratung_filter[]\" value=\"246\" autocomplete=\"off\" \/><span class=\"checkbox\"><\/span><span class=\"label\">EspaceSuisse<\/span><\/label><\/li><li data-count=\"6\"><label><input type=\"checkbox\" name=\"sia_beratung_filter[]\" value=\"247\" autocomplete=\"off\" \/><span class=\"checkbox\"><\/span><span class=\"label\">Mobilit\u00e9 pi\u00e9tonne Suisse<\/span><\/label><\/li><li data-count=\"0\"><label><input type=\"checkbox\" name=\"sia_beratung_filter[]\" value=\"249\" autocomplete=\"off\" \/><span class=\"checkbox\"><\/span><span class=\"label\">FVE F\u00e9d\u00e9ration vaudoise des entrepreneurs<\/span><\/label><\/li><li data-count=\"1\"><label><input type=\"checkbox\" name=\"sia_beratung_filter[]\" value=\"248\" autocomplete=\"off\" \/><span class=\"checkbox\"><\/span><span class=\"label\">Forum Territoire Suisse<\/span><\/label><\/li><li data-count=\"1\"><label><input type=\"checkbox\" name=\"sia_beratung_filter[]\" value=\"250\" autocomplete=\"off\" \/><span class=\"checkbox\"><\/span><span class=\"label\">Gute Bauten Graub\u00fcnden<\/span><\/label><\/li><li data-count=\"1\"><label><input type=\"checkbox\" name=\"sia_beratung_filter[]\" value=\"251\" autocomplete=\"off\" \/><span class=\"checkbox\"><\/span><span class=\"label\">CdC Conf\u00e9rence des gouvernements cantonaux<\/span><\/label><\/li><li data-count=\"1\"><label><input type=\"checkbox\" name=\"sia_beratung_filter[]\" value=\"252\" autocomplete=\"off\" \/><span class=\"checkbox\"><\/span><span class=\"label\">Campagne climat et Culture du b\u00e2ti<\/span><\/label><\/li><li data-count=\"1\"><label><input type=\"checkbox\" name=\"sia_beratung_filter[]\" value=\"253\" autocomplete=\"off\" \/><span class=\"checkbox\"><\/span><span class=\"label\">Paysage de l'ann\u00e9e<\/span><\/label><\/li><li data-count=\"1\"><label><input type=\"checkbox\" name=\"sia_beratung_filter[]\" value=\"303\" autocomplete=\"off\" \/><span class=\"checkbox\"><\/span><span class=\"label\">mobilservice<\/span><\/label><\/li><li data-count=\"1\"><label><input type=\"checkbox\" name=\"sia_beratung_filter[]\" value=\"254\" autocomplete=\"off\" \/><span class=\"checkbox\"><\/span><span class=\"label\">RCDD R\u00e9seau cantonal de d\u00e9veloppement durable<\/span><\/label><\/li><li data-count=\"1\"><label><input type=\"checkbox\" name=\"sia_beratung_filter[]\" value=\"255\" autocomplete=\"off\" \/><span class=\"checkbox\"><\/span><span class=\"label\">NNBS R\u00e9seau Construction durable Suisse<\/span><\/label><\/li><li data-count=\"4\"><label><input type=\"checkbox\" name=\"sia_beratung_filter[]\" value=\"256\" autocomplete=\"off\" \/><span class=\"checkbox\"><\/span><span class=\"label\">Patrimoine suisse<\/span><\/label><\/li><li data-count=\"1\"><label><input type=\"checkbox\" name=\"sia_beratung_filter[]\" value=\"257\" autocomplete=\"off\" \/><span class=\"checkbox\"><\/span><span class=\"label\">USAM Union suisse des arts et m\u00e9tiers<\/span><\/label><\/li><li data-count=\"7\"><label><input type=\"checkbox\" name=\"sia_beratung_filter[]\" value=\"258\" autocomplete=\"off\" \/><span class=\"checkbox\"><\/span><span class=\"label\">ACS Association des Communes Suisses<\/span><\/label><\/li><li data-count=\"5\"><label><input type=\"checkbox\" name=\"sia_beratung_filter[]\" value=\"259\" autocomplete=\"off\" \/><span class=\"checkbox\"><\/span><span class=\"label\">SIA Soci\u00e9t\u00e9 suisse des ingenieurs et des architectes<\/span><\/label><\/li><li data-count=\"5\"><label><input type=\"checkbox\" name=\"sia_beratung_filter[]\" value=\"260\" autocomplete=\"off\" \/><span class=\"checkbox\"><\/span><span class=\"label\">UVS Union des villes suisses<\/span><\/label><\/li><li data-count=\"1\"><label><input type=\"checkbox\" name=\"sia_beratung_filter[]\" value=\"261\" autocomplete=\"off\" \/><span class=\"checkbox\"><\/span><span class=\"label\">Fondation Culture du b\u00e2ti Suisse<\/span><\/label><\/li><li data-count=\"1\"><label><input type=\"checkbox\" name=\"sia_beratung_filter[]\" value=\"262\" autocomplete=\"off\" \/><span class=\"checkbox\"><\/span><span class=\"label\">suisse.ing<\/span><\/label><\/li><li data-count=\"1\"><label><input type=\"checkbox\" name=\"sia_beratung_filter[]\" value=\"263\" autocomplete=\"off\" \/><span class=\"checkbox\"><\/span><span class=\"label\">ASIC Association suisse Infrastructures communales<\/span><\/label><\/li><li data-count=\"1\"><label><input type=\"checkbox\" name=\"sia_beratung_filter[]\" value=\"264\" autocomplete=\"off\" \/><span class=\"checkbox\"><\/span><span class=\"label\">UCV Union des Communes Vaudoises<\/span><\/label><\/li><li data-count=\"1\"><label><input type=\"checkbox\" name=\"sia_beratung_filter[]\" value=\"265\" autocomplete=\"off\" \/><span class=\"checkbox\"><\/span><span class=\"label\">Verein Beobachtung f\u00fcr Wettbewerbe und Ausschreibungen<\/span><\/label><\/li><li data-count=\"1\"><label><input type=\"checkbox\" name=\"sia_beratung_filter[]\" value=\"304\" autocomplete=\"off\" \/><span class=\"checkbox\"><\/span><span class=\"label\">UTP Union des transports publiques<\/span><\/label><\/li><li data-count=\"2\"><label><input type=\"checkbox\" name=\"sia_beratung_filter[]\" value=\"266\" autocomplete=\"off\" \/><span class=\"checkbox\"><\/span><span class=\"label\">VTG Verband Thurgauer Gemeinden<\/span><\/label><\/li><\/ul><\/li><li data-count=\"10\"><label class=\"has-children\"><input type=\"checkbox\" name=\"sia_beratung_filter[]\" value=\"267\" autocomplete=\"off\" \/><span class=\"checkbox\"><\/span><span class=\"label\">Divers<a class=\"sia-beratung-filter-toggle\" onclick=\"return window.siaBeratung.toggleFilterChildren(this);\"><span class=\"sia-beratung-angle\"><\/span><\/a><\/span><\/label><ul class=\"sia-beratung-filter-level-3\"><li data-count=\"2\"><label><input type=\"checkbox\" name=\"sia_beratung_filter[]\" value=\"307\" autocomplete=\"off\" \/><span class=\"checkbox\"><\/span><span class=\"label\">Espazium<\/span><\/label><\/li><li data-count=\"11\"><label><input type=\"checkbox\" name=\"sia_beratung_filter[]\" value=\"268\" autocomplete=\"off\" \/><span class=\"checkbox\"><\/span><span class=\"label\">Hochparterre<\/span><\/label><\/li><\/ul><\/li><\/ul><\/li><li><label class=\"has-children\" onclick=\"return window.siaBeratung.toggleMobileFilterChildren(this);\" data-count=\"18\"><span class=\"label\">Format<a class=\"sia-beratung-filter-toggle\" onclick=\"return true;\"><span class=\"sia-beratung-angle\"><\/span><\/a><\/span><\/label><ul class=\"sia-beratung-filter-level-2\"><li data-count=\"1\"><label><input type=\"checkbox\" name=\"sia_beratung_filter[]\" value=\"306\" autocomplete=\"off\" \/><span class=\"checkbox\"><\/span><span class=\"label\">Master of Arts<\/span><\/label><\/li><li data-count=\"70\"><label><input type=\"checkbox\" name=\"sia_beratung_filter[]\" value=\"270\" autocomplete=\"off\" \/><span class=\"checkbox\"><\/span><span class=\"label\">Guide<\/span><\/label><\/li><li data-count=\"1\"><label><input type=\"checkbox\" name=\"sia_beratung_filter[]\" value=\"271\" autocomplete=\"off\" \/><span class=\"checkbox\"><\/span><span class=\"label\">Exposition<\/span><\/label><\/li><li data-count=\"47\"><label><input type=\"checkbox\" name=\"sia_beratung_filter[]\" value=\"272\" autocomplete=\"off\" \/><span class=\"checkbox\"><\/span><span class=\"label\">CAS<\/span><\/label><\/li><li data-count=\"1\"><label><input type=\"checkbox\" name=\"sia_beratung_filter[]\" value=\"273\" autocomplete=\"off\" \/><span class=\"checkbox\"><\/span><span class=\"label\">DAS<\/span><\/label><\/li><li data-count=\"3\"><label><input type=\"checkbox\" name=\"sia_beratung_filter[]\" value=\"274\" autocomplete=\"off\" \/><span class=\"checkbox\"><\/span><span class=\"label\">Programme de dipl\u00f4me<\/span><\/label><\/li><li data-count=\"11\"><label><input type=\"checkbox\" name=\"sia_beratung_filter[]\" value=\"275\" autocomplete=\"off\" \/><span class=\"checkbox\"><\/span><span class=\"label\">Conseil direct<\/span><\/label><\/li><li data-count=\"4\"><label><input type=\"checkbox\" name=\"sia_beratung_filter[]\" value=\"276\" autocomplete=\"off\" \/><span class=\"checkbox\"><\/span><span class=\"label\">Partage d'exp\u00e9riences<\/span><\/label><\/li><li data-count=\"4\"><label><input type=\"checkbox\" name=\"sia_beratung_filter[]\" value=\"277\" autocomplete=\"off\" \/><span class=\"checkbox\"><\/span><span class=\"label\">Projet de recherche<\/span><\/label><\/li><li data-count=\"2\"><label><input type=\"checkbox\" name=\"sia_beratung_filter[]\" value=\"278\" autocomplete=\"off\" \/><span class=\"checkbox\"><\/span><span class=\"label\">Brevet cantonal<\/span><\/label><\/li><li data-count=\"16\"><label><input type=\"checkbox\" name=\"sia_beratung_filter[]\" value=\"279\" autocomplete=\"off\" \/><span class=\"checkbox\"><\/span><span class=\"label\">Cours et colloques<\/span><\/label><\/li><li data-count=\"5\"><label><input type=\"checkbox\" name=\"sia_beratung_filter[]\" value=\"280\" autocomplete=\"off\" \/><span class=\"checkbox\"><\/span><span class=\"label\">Films didactiques<\/span><\/label><\/li><li data-count=\"1\"><label><input type=\"checkbox\" name=\"sia_beratung_filter[]\" value=\"281\" autocomplete=\"off\" \/><span class=\"checkbox\"><\/span><span class=\"label\">Mat\u00e9riel didactique<\/span><\/label><\/li><li data-count=\"9\"><label><input type=\"checkbox\" name=\"sia_beratung_filter[]\" value=\"282\" autocomplete=\"off\" \/><span class=\"checkbox\"><\/span><span class=\"label\">MAS<\/span><\/label><\/li><li data-count=\"35\"><label><input type=\"checkbox\" name=\"sia_beratung_filter[]\" value=\"283\" autocomplete=\"off\" \/><span class=\"checkbox\"><\/span><span class=\"label\">Plateforme<\/span><\/label><\/li><li data-count=\"5\"><label><input type=\"checkbox\" name=\"sia_beratung_filter[]\" value=\"284\" autocomplete=\"off\" \/><span class=\"checkbox\"><\/span><span class=\"label\">Soutien de projets<\/span><\/label><\/li><li data-count=\"1\"><label><input type=\"checkbox\" name=\"sia_beratung_filter[]\" value=\"285\" autocomplete=\"off\" \/><span class=\"checkbox\"><\/span><span class=\"label\">R\u00e9glementation<\/span><\/label><\/li><li data-count=\"3\"><label><input type=\"checkbox\" name=\"sia_beratung_filter[]\" value=\"286\" autocomplete=\"off\" \/><span class=\"checkbox\"><\/span><span class=\"label\">Bo\u00eete \u00e0 outils<\/span><\/label><\/li><\/ul><\/li><li><label class=\"has-children\" onclick=\"return window.siaBeratung.toggleMobileFilterChildren(this);\" data-count=\"3\"><span class=\"label\">Langue<a class=\"sia-beratung-filter-toggle\" onclick=\"return true;\"><span class=\"sia-beratung-angle\"><\/span><\/a><\/span><\/label><ul class=\"sia-beratung-filter-level-2\"><li data-count=\"202\"><label><input type=\"checkbox\" name=\"sia_beratung_filter[]\" value=\"288\" autocomplete=\"off\" \/><span class=\"checkbox\"><\/span><span class=\"label\">fr<\/span><\/label><\/li><li data-count=\"141\"><label><input type=\"checkbox\" name=\"sia_beratung_filter[]\" value=\"289\" autocomplete=\"off\" \/><span class=\"checkbox\"><\/span><span class=\"label\">fr<\/span><\/label><\/li><li data-count=\"81\"><label><input type=\"checkbox\" name=\"sia_beratung_filter[]\" value=\"290\" autocomplete=\"off\" \/><span class=\"checkbox\"><\/span><span class=\"label\">it<\/span><\/label><\/li><\/ul><\/li><\/ul><div class=\"sia-beratung-big-filter-buttons\"><button class=\"sia-beratung-button clear-filters\" href=\"#\" onclick=\"return window.siaBeratung.clearFilters(event);\">Filter l\u00f6schen<\/button><button class=\"sia-beratung-button sia-beratung-button-icon\" href=\"#\" onclick=\"return window.siaBeratung.closeFilters();\"><svg aria-hidden=\"true\" xmlns=\"http:\/\/www.w3.org\/2000\/svg\" viewbox=\"0 0 320 512\" width=\"320\" height=\"512\"><path fill=\"#fff\" d=\"M20.7 267.3c-6.2-6.2-6.2-16.4 0-22.6l192-192c6.2-6.2 16.4-6.2 22.6 0s6.2 16.4 0 22.6L54.6 256 235.3 436.7c6.2 6.2 6.2 16.4 0 22.6s-16.4 6.2-22.6 0l-192-192z\"><\/path><\/svg><\/button><\/div><\/section><section class=\"sia-beratung-navbar\"><form action=\"#\" class=\"sia-beratung-search\" data-trp-original-action=\"#\"><input type=\"text\" name=\"sia_beratung_search\" placeholder=\"Suche...\" autocomplete=\"off\" \/><a class=\"sia-beratung-clear-search\" onclick=\"return window.siaBeratung.clearSearch(this);\">&#10005;<\/a><input type=\"hidden\" name=\"trp-form-language\" value=\"fr\"\/><\/form><div class=\"sia-beratung-cpt-nav\"><button onclick=\"return window.siaBeratung.setCpt('sia-beispiele');\" data-cpt=\"sia-beispiele\" class=\"sia-beratung-button active\" href=\"#\" data-count=\"56\"><span>Exemples<\/span><\/button><button onclick=\"return window.siaBeratung.setCpt('sia-angebote');\" data-cpt=\"sia-angebote\" class=\"sia-beratung-button\" href=\"#\" data-count=\"120\"><span>Offres<\/span><\/button><button onclick=\"return window.siaBeratung.setCpt('sia-ausbildung');\" data-cpt=\"sia-ausbildung\" class=\"sia-beratung-button\" href=\"#\" data-count=\"75\"><span>Formations<\/span><\/button><\/div><div class=\"sia-beratung-viewswitches\"><button class=\"sia-beratung-button clear-filters\" href=\"#\" onclick=\"return window.siaBeratung.clearFilters(event);\">Filter l\u00f6schen<\/button><button data-view=\"map\" class=\"sia-beratung-button sia-beratung-button-icon sia-beratung-view-switch\" href=\"#\" title=\"Affichage cartographique\" onclick=\"return window.siaBeratung.switchView(this,'map');\"><svg aria-hidden=\"true\" focusable=\"false\" xmlns=\"http:\/\/www.w3.org\/2000\/svg\" viewbox=\"0 0 384 512\" width=\"384\" height=\"512\"><path fill=\"#fff\" d=\"M215.7 499.2C267 435 384 279.4 384 192C384 86 298 0 192 0S0 86 0 192c0 87.4 117 243 168.3 307.2c12.3 15.3 35.1 15.3 47.4 0zM192 128a64 64 0 1 1 0 128 64 64 0 1 1 0-128z\"><\/path><\/svg><\/button><button data-view=\"list\" class=\"sia-beratung-button sia-beratung-button-icon sia-beratung-view-switch active\" href=\"#\" title=\"Listenansicht\" onclick=\"return window.siaBeratung.switchView(this,'list');\"><svg aria-hidden=\"true\" focusable=\"false\" xmlns=\"http:\/\/www.w3.org\/2000\/svg\" viewbox=\"0 0 512 512\" width=\"512\" height=\"512\"><path fill=\"#fff\" d=\"M64 64a32 32 0 1 0 0 64 32 32 0 1 0 0-64zM176 80c-8.8 0-16 7.2-16 16s7.2 16 16 16H496c8.8 0 16-7.2 16-16s-7.2-16-16-16H176zm0 160c-8.8 0-16 7.2-16 16s7.2 16 16 16H496c8.8 0 16-7.2 16-16s-7.2-16-16-16H176zm0 160c-8.8 0-16 7.2-16 16s7.2 16 16 16H496c8.8 0 16-7.2 16-16s-7.2-16-16-16H176zM96 256a32 32 0 1 0 -64 0 32 32 0 1 0 64 0zM64 384a32 32 0 1 0 0 64 32 32 0 1 0 0-64z\"><\/path><\/svg><\/button><\/div><\/section><section class=\"sia-beratung-navbar-mobile\"><div class=\"sia-beratung-cpt-nav\"><button onclick=\"return window.siaBeratung.setCpt('sia-beispiele');\" data-cpt=\"sia-beispiele\" class=\"sia-beratung-button active\" href=\"#\" data-count=\"56\"><span>Exemples<\/span><\/button><button onclick=\"return window.siaBeratung.setCpt('sia-angebote');\" data-cpt=\"sia-angebote\" class=\"sia-beratung-button\" href=\"#\" data-count=\"120\"><span>Offres<\/span><\/button><button onclick=\"return window.siaBeratung.setCpt('sia-ausbildung');\" data-cpt=\"sia-ausbildung\" class=\"sia-beratung-button\" href=\"#\" data-count=\"75\"><span>Formations<\/span><\/button><\/div><\/section><section class=\"sia-beratung-database\" data-area=\"database\" data-cpt=\"sia-beispiele\"><article class=\"sia-beratung-db-entry\" data-id=\"1539\" data-cpt=\"sia-angebote\" data-slug=\"anpassung-an-den-klimawandel-online-tool-fuer-gemeinden\" data-lang-slug-de_de=\"\" data-lang-slug-en_gb=\"\" data-lang-slug-fr_fr=\"\" data-lang-slug-it_it=\"\" data-lat=\"53.5507112\" data-lng=\"10.0006485\" data-filter-143=\"1\" data-filter-147=\"1\" data-filter-148=\"1\" data-filter-149=\"1\" data-filter-175=\"1\" data-filter-270=\"1\" data-filter-283=\"1\" data-filter-288=\"1\" data-filter-289=\"1\" data-filter-290=\"1\" data-all-filter=\"143,147,148,149,175,270,283,288,289,290\"><div class=\"sia-beratung-db-entry-header\" onclick=\"return window.siaBeratung.toggleCpt(this);\"><div class=\"col-1\">Adaptation aux changements climatiques \u2013 Outil en ligne pour les communes<\/div><div class=\"col-2\"><span>OFEV Office f\u00e9d\u00e9ral de l'environnement<\/span><\/div><div class=\"col-3\"><span>Guide<\/span><span>Plateforme<\/span><\/div><div class=\"sia-beratung-db-angle\"><span class=\"sia-beratung-angle\"><\/span><\/div><\/div><div class=\"sia-beratung-db-entry-content\"><div class=\"sia-beratung-db-entry-content-columns\"><div class=\"col-1\"><p>L\u2019outil en ligne \u00ab Adaptation aux changements climatiques en Suisse \u00bb d\u00e9velopp\u00e9 par l\u2019Office f\u00e9d\u00e9ral de l\u2019environnement vous livre un aper\u00e7u clair des risques locaux qui peuvent menacer la s\u00e9curit\u00e9 des habitants de votre commune. \u00c0 l\u2019aide d\u2019exp\u00e9riences tir\u00e9es de communes similiaires \u00e0 la v\u00f4tre, d\u00e9couvrez \u00e9galement des mesures concr\u00e8tes qui peuvent vous aider \u00e0 r\u00e9agir efficacement face \u00e0 ces dangers naturels.<\/p>\n<\/div><div class=\"col-2\"><\/div><\/div><div class=\"sia-beratung-db-entry-footer\"><div class=\"col-1\"><a href=\"https:\/\/www.onlinetool-klimaanpassung.ch\/#\/video\" class=\"sia-beratung-db-entry-link\" target=\"_blank\" rel=\"noopener\">Link zum Angebot<\/a><\/div><div class=\"col-2\"><div class=\"sia-beratung-db-filterbox\"><label class=\"toggle\" onclick=\"return window.siaBeratung.toggleFilterBox(this);\"><span>Guide<\/span><span>OFEV Office f\u00e9d\u00e9ral de l'environnement<\/span><span>Climat<\/span><span>Mobilit\u00e9<\/span><span>Durabilit\u00e9<\/span><span>Espace public<\/span><span>Plateforme<\/span><\/label><div class=\"options\"><a href=\"#\" onclick=\"return window.siaBeratung.setFilterBoxFilter(270);\">Guide<\/a><a href=\"#\" onclick=\"return window.siaBeratung.setFilterBoxFilter(175);\">OFEV Office f\u00e9d\u00e9ral de l'environnement<\/a><a href=\"#\" onclick=\"return window.siaBeratung.setFilterBoxFilter(143);\">Climat<\/a><a href=\"#\" onclick=\"return window.siaBeratung.setFilterBoxFilter(147);\">Mobilit\u00e9<\/a><a href=\"#\" onclick=\"return window.siaBeratung.setFilterBoxFilter(148);\">Durabilit\u00e9<\/a><a href=\"#\" onclick=\"return window.siaBeratung.setFilterBoxFilter(149);\">Espace public<\/a><a href=\"#\" onclick=\"return window.siaBeratung.setFilterBoxFilter(283);\">Plateforme<\/a><a href=\"#\" onclick=\"return window.siaBeratung.setFilterBoxFilter([143,147,148,149,175,270,283,288,289,290]);\">Alle Filter ausw\u00e4hlen<\/a><\/div><\/div><label class=\"sia-beratung-db-filterbox-spacer\">&nbsp;<\/label><\/div><\/div><\/div><div class=\"sia-beratung-db-entry-searchtext\">anpassung an den klimawandel \u2013 online-tool f\u00fcr gemeinden | l\u2019outil en ligne \u00ab adaptation aux changements climatiques en suisse \u00bb d\u00e9velopp\u00e9 par l\u2019office f\u00e9d\u00e9ral de l\u2019environnement vous livre un aper\u00e7u clair des risques locaux qui peuvent menacer la s\u00e9curit\u00e9 des habitants de votre commune. \u00e0 l\u2019aide d\u2019exp\u00e9riences tir\u00e9es de communes similiaires \u00e0 la v\u00f4tre, d\u00e9couvrez \u00e9galement des mesures concr\u00e8tes qui peuvent vous aider \u00e0 r\u00e9agir efficacement face \u00e0 ces dangers naturels. | klima | mobilit\u00e4t | nachhaltigkeit | \u00f6ffentlicher raum | bafu bundesamt f\u00fcr umwelt | arbeitshilfe | plattform | de | fr | it<\/div><\/article><article class=\"sia-beratung-db-entry\" data-id=\"1447\" data-cpt=\"sia-beispiele\" data-slug=\"langenthal-pappelhoefe-auf-baukultur-gebaut\" data-lat=\"47.2116393\" data-lng=\"7.7889633\" data-filter-135=\"1\" data-filter-136=\"1\" data-filter-138=\"1\" data-filter-140=\"1\" data-filter-142=\"1\" data-filter-143=\"1\" data-filter-148=\"1\" data-filter-154=\"1\" data-filter-156=\"1\" data-filter-160=\"1\" data-filter-162=\"1\" data-filter-169=\"1\" data-filter-288=\"1\" data-filter-289=\"1\" data-filter-290=\"1\" data-all-filter=\"135,136,138,140,142,143,148,154,156,160,162,169,288,289,290\"><div class=\"sia-beratung-db-entry-header\" onclick=\"return window.siaBeratung.toggleCpt(this);\"><div class=\"col-1\">\u00c0 Langenthal, les Pappelh\u00f6fe misent sur la culture du b\u00e2ti<\/div><div class=\"col-2\">Langenthal, BE<\/div><div class=\"sia-beratung-db-angle\"><span class=\"sia-beratung-angle\"><\/span><\/div><\/div><div class=\"sia-beratung-db-entry-content\"><div class=\"sia-beratung-db-entry-content-columns\"><div class=\"col-1\"><div class=\"sia-beratung-db-entry-slides\"><div class=\"sia-beratung-db-entry-swiper\"><div class=\"swiper-wrapper\"><div class=\"swiper-slide\"><img loading=\"lazy\" decoding=\"async\" src=\"https:\/\/baukulturschweiz.ch\/wp-content\/uploads\/2023\/06\/2023-04-19-161402-be-langenthal-1-c-wohnbaugesellschaft-langenten-ag-1024x772.jpg\" width=\"1024\" height=\"772\" \/><\/div><div class=\"swiper-slide\"><img loading=\"lazy\" decoding=\"async\" src=\"https:\/\/baukulturschweiz.ch\/wp-content\/uploads\/2023\/06\/2023-04-19-161548-be-langenthal-2-c-wohnbaugesellschaft-langenten-ag-1024x677.jpg\" width=\"1024\" height=\"677\" \/><\/div><div class=\"swiper-slide\"><img loading=\"lazy\" decoding=\"async\" src=\"https:\/\/baukulturschweiz.ch\/wp-content\/uploads\/2023\/06\/2023-04-19-161653-be-langenthal-3-c-wohnbaugesellschaft-langenten-ag-1024x768.jpg\" width=\"1024\" height=\"768\" \/><\/div><div class=\"swiper-slide\"><img loading=\"lazy\" decoding=\"async\" src=\"https:\/\/baukulturschweiz.ch\/wp-content\/uploads\/2023\/06\/2023-04-19-161901-be-langenthal-4c-c-wohnbaugesellschaft-langenten-ag-1024x768.jpeg\" width=\"1024\" height=\"768\" \/><\/div><div class=\"swiper-slide\"><img loading=\"lazy\" decoding=\"async\" src=\"https:\/\/baukulturschweiz.ch\/wp-content\/uploads\/2023\/06\/2023-04-19-161924-be-langenthal-5-c-swisstopo-1024x768.jpeg\" width=\"1024\" height=\"768\" \/><\/div><\/div><\/div><a class=\"swiper-button swiper-button-prev\"><\/a><a class=\"swiper-button swiper-button-next mobile\"><\/a><div class=\"sia-beratung-db-slide-legends\"><small data-index=\"0\">Les b\u00e2timents des Pappelh\u00f6fe dans leur contexte urbain<br \/>\r\n\u00a9 Wohnbaugesellschaft Langenten AG<\/small><small data-index=\"1\" style=\"display:none;\">Faire \u00e9volue la typologie historique du b\u00e2ti<br \/>\r\n\u00a9 Wohnbaugesellschaft Langenten AG<\/small><small data-index=\"2\" style=\"display:none;\">D\u00e9velopper consiste \u00e0 remettre en \u00e9tat, compl\u00e9ter, remplacer<br \/>\r\n\u00a9 Wohnbaugesellschaft Langenten AG<\/small><small data-index=\"3\" style=\"display:none;\">La culture du b\u00e2ti et la strat\u00e9gie \u00e9nerg\u00e9tique convergent de mani\u00e8re harmonieuse<br \/>\r\n\u00a9 Wohnbaugesellschaft Langenten AG<\/small><small data-index=\"4\" style=\"display:none;\">\u00a9 Swisstopo<\/small><small class=\"pageNo\">1\/5<\/small><\/div><\/div><\/div><div class=\"col-2\"><div class=\"sia-beratung-db-slide-texts\"><div class=\"sia-beratung-db-slide-text\" data-index=\"0\"><p>Le projet Pappelh\u00f6fe marque des points gr\u00e2ce \u00e0 sa sensibilit\u00e9 pour la culture du b\u00e2ti existante et \u00e0 sa compr\u00e9hension des d\u00e9fis contemporains.<\/p>\n<p><strong>R\u00f4le de la commune&nbsp;:<\/strong>\u00a0rendre possible, conseiller, d\u00e9cider, l\u00e9gitimer<br \/>\n<strong>Organismes responsables\u00a0:<\/strong>\u00a0priv\u00e9s<br \/>\n<strong>Architecture&nbsp;:<\/strong>\u00a0Rolf M\u00fchlethaler Architekt, Berne<br \/>\n<strong>Architecture paysag\u00e8re&nbsp;:<\/strong>\u00a0W+S Landschaftsarchitektur, Soleure<br \/>\n<strong>Am\u00e9nagement du territoire&nbsp;:<\/strong>\u00a0Panorama AG f\u00fcr Raumplanung, Architektur und Landschaft, Berne<\/p>\n<\/div><div class=\"sia-beratung-db-slide-text\" data-index=\"1\" style=\"display:none;\"><p>Au Pappelweg, des logements \u00e9tonnamment nouveaux ont vu le jour. Avec le projet des Pappelh\u00f6fe, une soci\u00e9t\u00e9 de construction de logements a r\u00e9alis\u00e9 68 appartements locatifs dans le but de cr\u00e9er une meilleure qualit\u00e9 de vie et une meilleure qualit\u00e9 r\u00e9sidentielle. Le lotissement se fonde sur l\u2019am\u00e9nagement existant, inspir\u00e9 de la tradition des cit\u00e9s-jardins. Le projet \u00ab Pappelh\u00f6fe \u00bb pr\u00e9serve les b\u00e2timents les plus int\u00e9ressants du point de vue du patrimoine architectural, en les compl\u00e9tant toutefois de nouveaux \u00e9difices. Il cr\u00e9e ainsi une offre de logements int\u00e9ressante et diversifi\u00e9e. En combinant d\u2019anciens immeubles des ann\u00e9es 1942\u20131949 \u00e0 des corps de b\u00e2timents modernes, on cr\u00e9e des cours, des rues r\u00e9serv\u00e9es au jeu et des jardins attrayants. Une nouvelle petite cit\u00e9-jardin voit le jour. Le ma\u00eetre d\u2019ouvrage tient \u00e0 concilier les dimensions \u00e9cologique, \u00e9conomique et sociale. Comme le d\u00e9veloppement durable figure au c\u0153ur du projet, le concept \u00e9nerg\u00e9\u00actique des Pappelh\u00f6fe est aussi particuli\u00e8rement abouti.<\/p>\n<\/div><div class=\"sia-beratung-db-slide-text\" data-index=\"2\" style=\"display:none;\"><p class=\"translation-block\">Six b\u00e2timents sont maintenus dans leur forme initiale. Ils sont remis en \u00e9tat avec prudence, en tenant compte de leur valeur de t\u00e9moins historiques, et optimis\u00e9s sur le plan \u00e9nerg\u00e9tique. Trois nouvelles maisons en bois de deux \u00e9tages sont construites entre les lignes de b\u00e2timents existantes. Quatre immeubles de deux \u00e9tages sont remplac\u00e9s par des constructions de quatre \u00e9tages. La typologie du tissu b\u00e2ti est conserv\u00e9e, mais elle est densifi\u00e9e. Les cours, les jardins et les rues constituent un espace de rencontre. Les cours d\u2019entr\u00e9e sont ouvertes, communicatives et collectives.<br \/>\nL\u2019am\u00e9nagement int\u00e9rieur des nouveaux b\u00e2timents est fait uniquement de bois&nbsp;: il r\u00e9pond aux conditions requises par un mode de construction enti\u00e8rement pr\u00e9fabriqu\u00e9, qui s\u2019av\u00e8re aussi \u00e9cologique qu\u2019\u00e9conomique.<\/p>\n<\/div><div class=\"sia-beratung-db-slide-text\" data-index=\"3\" style=\"display:none;\"><p class=\"translation-block\">Pour les investisseurs, il \u00e9tait important d\u2019am\u00e9nager les Pappelh\u00f6fe et leurs appartements avec le plus de variations possible, afin de r\u00e9pondre aux besoins de g\u00e9n\u00e9rations et groupes de population diversifi\u00e9s.<br \/> La soci\u00e9t\u00e9 s\u2019individualise. Les personnes \u00e2g\u00e9es restent actives de plus en plus longtemps et veulent participer \u00e0 la vie sociale. Les m\u00e9nages traditionnels coexistent avec de nouvelles formes de communaut\u00e9s de vie. Les appartements des Pappelh\u00f6fe s\u2019adressent \u00e0 tous ces projets de vie, \u00e0 des prix attrayants. Ils doivent proposer des lieux o\u00f9 vivre et s\u2019\u00e9panouir pour un m\u00e9lange color\u00e9 de personnes et de g\u00e9n\u00e9rations.<\/p>\n<\/div><div class=\"sia-beratung-db-slide-text\" data-index=\"4\" style=\"display:none;\"><p>L\u2019approvisionnement \u00e9nerg\u00e9tique durable des Pappelh\u00f6fe se fonde sur trois piliers. Sur les toits, des installations photovolta\u00efques produisent de l\u2019\u00e9lectricit\u00e9 utilis\u00e9e sur place. Le r\u00e9seau de chauffage Hard constitue en outre un partenaire id\u00e9al, qui fournit de la chaleur \u00e0 distance provenant des environs. Ce r\u00e9seau construit \u00e0 proximit\u00e9, dans le gymnase de l\u2019Oberaargau, une centrale de chauffage \u00e0 pellets neutre en carbone. Le reste des besoins \u00e9nerg\u00e9tiques est couvert par des sources 100 % renouvelables. Une station de recharge pour v\u00e9hicules \u00e9lectriques est \u00e9galement construite&nbsp;: munie d\u2019un accumulateur, elle est aliment\u00e9e par la production photovolta\u00efque du site. Par rapport \u00e0 un chauffage conventionnel \u00e0 gaz ou \u00e0 mazout, les \u00e9missions de CO2 des b\u00e2timents des Pappelh\u00f6fe sont r\u00e9duites de 120 000 tonnes par an. On obtient ainsi un approvisionnement \u00e9nerg\u00e9tique durable et neutre en carbone, dont les locataires profitent aussi sur le long terme.<\/p>\n<\/div><\/div><div class=\"sia-beratung-db-filterbox\"><label class=\"toggle\" onclick=\"return window.siaBeratung.toggleFilterBox(this);\"><span>Proc\u00e9dures d\u2019autorisation de construire<\/span><span>Construire dans le b\u00e2ti existant<\/span><span>Conseil par les communes<\/span><span>Biodiversit\u00e9<\/span><span>Monuments<\/span><span>Energie<\/span><span>D\u00e9veloppement \u00e0 l\u2019int\u00e9rieur du milieu b\u00e2ti<\/span><span>Inventaires<\/span><span>Climat<\/span><span>Taxation de la plus-value<\/span><span>Durabilit\u00e9<\/span><span>Plans d\u2019affectation sp\u00e9ciaux<\/span><\/label><div class=\"options\"><a href=\"#\" onclick=\"return window.siaBeratung.setFilterBoxFilter(154);\">Proc\u00e9dures d\u2019autorisation de construire<\/a><a href=\"#\" onclick=\"return window.siaBeratung.setFilterBoxFilter(135);\">Construire dans le b\u00e2ti existant<\/a><a href=\"#\" onclick=\"return window.siaBeratung.setFilterBoxFilter(156);\">Conseil par les communes<\/a><a href=\"#\" onclick=\"return window.siaBeratung.setFilterBoxFilter(136);\">Biodiversit\u00e9<\/a><a href=\"#\" onclick=\"return window.siaBeratung.setFilterBoxFilter(138);\">Monuments<\/a><a href=\"#\" onclick=\"return window.siaBeratung.setFilterBoxFilter(140);\">Energie<\/a><a href=\"#\" onclick=\"return window.siaBeratung.setFilterBoxFilter(142);\">D\u00e9veloppement \u00e0 l\u2019int\u00e9rieur du milieu b\u00e2ti<\/a><a href=\"#\" onclick=\"return window.siaBeratung.setFilterBoxFilter(160);\">Inventaires<\/a><a href=\"#\" onclick=\"return window.siaBeratung.setFilterBoxFilter(143);\">Climat<\/a><a href=\"#\" onclick=\"return window.siaBeratung.setFilterBoxFilter(162);\">Taxation de la plus-value<\/a><a href=\"#\" onclick=\"return window.siaBeratung.setFilterBoxFilter(148);\">Durabilit\u00e9<\/a><a href=\"#\" onclick=\"return window.siaBeratung.setFilterBoxFilter(169);\">Plans d\u2019affectation sp\u00e9ciaux<\/a><a href=\"#\" onclick=\"return window.siaBeratung.setFilterBoxFilter([135,136,138,140,142,143,148,154,156,160,162,169,288,289,290]);\">Alle Filter ausw\u00e4hlen<\/a><\/div><\/div><label class=\"sia-beratung-db-filterbox-spacer\">&nbsp;<\/label><\/div><a class=\"swiper-button swiper-button-next desktop\"><\/a><\/div><\/div><div class=\"sia-beratung-db-entry-searchtext\">langenthal pappelh\u00f6fe: auf baukultur gebaut | le projet pappelh\u00f6fe marque des points gr\u00e2ce \u00e0 sa sensibilit\u00e9 pour la culture du b\u00e2ti existante et \u00e0 sa compr\u00e9hension des d\u00e9fis contemporains.r\u00f4le de la commune&nbsp;:\u00a0rendre possible, conseiller, d\u00e9cider, l\u00e9gitimerorganismes responsables\u00a0:\u00a0priv\u00e9sarchitecture&nbsp;:\u00a0rolf m\u00fchlethaler architekt, bernearchitecture paysag\u00e8re&nbsp;:\u00a0w+s landschaftsarchitektur, soleuream\u00e9nagement du territoire&nbsp;:\u00a0panorama ag f\u00fcr raumplanung, architektur und landschaft, berne | les b\u00e2timents des pappelh\u00f6fe dans leur contexte urbain\r\u00a9 wohnbaugesellschaft langenten ag | au pappelweg, des logements \u00e9tonnamment nouveaux ont vu le jour. avec le projet des pappelh\u00f6fe, une soci\u00e9t\u00e9 de construction de logements a r\u00e9alis\u00e9 68 appartements locatifs dans le but de cr\u00e9er une meilleure qualit\u00e9 de vie et une meilleure qualit\u00e9 r\u00e9sidentielle. le lotissement se fonde sur l\u2019am\u00e9nagement existant, inspir\u00e9 de la tradition des cit\u00e9s-jardins. le projet \u00ab pappelh\u00f6fe \u00bb pr\u00e9serve les b\u00e2timents les plus int\u00e9ressants du point de vue du patrimoine architectural, en les compl\u00e9tant toutefois de nouveaux \u00e9difices. il cr\u00e9e ainsi une offre de logements int\u00e9ressante et diversifi\u00e9e. en combinant d\u2019anciens immeubles des ann\u00e9es 1942\u20131949 \u00e0 des corps de b\u00e2timents modernes, on cr\u00e9e des cours, des rues r\u00e9serv\u00e9es au jeu et des jardins attrayants. une nouvelle petite cit\u00e9-jardin voit le jour. le ma\u00eetre d\u2019ouvrage tient \u00e0 concilier les dimensions \u00e9cologique, \u00e9conomique et sociale. comme le d\u00e9veloppement durable figure au c\u0153ur du projet, le concept \u00e9nerg\u00e9\u00actique des pappelh\u00f6fe est aussi particuli\u00e8rement abouti. | faire \u00e9volue la typologie historique du b\u00e2ti\r\u00a9 wohnbaugesellschaft langenten ag | six b\u00e2timents sont maintenus dans leur forme initiale. ils sont remis en \u00e9tat avec prudence, en tenant compte de leur valeur de t\u00e9moins historiques, et optimis\u00e9s sur le plan \u00e9nerg\u00e9tique. trois nouvelles maisons en bois de deux \u00e9tages sont construites entre les lignes de b\u00e2timents existantes. quatre immeubles de deux \u00e9tages sont remplac\u00e9s par des constructions de quatre \u00e9tages. la typologie du tissu b\u00e2ti est conserv\u00e9e, mais elle est densifi\u00e9e. les cours, les jardins et les rues constituent un espace de rencontre. les cours d\u2019entr\u00e9e sont ouvertes, communicatives et collectives.l\u2019am\u00e9nagement int\u00e9rieur des nouveaux b\u00e2timents est fait uniquement de bois&nbsp;: il r\u00e9pond aux conditions requises par un mode de construction enti\u00e8rement pr\u00e9fabriqu\u00e9, qui s\u2019av\u00e8re aussi \u00e9cologique qu\u2019\u00e9conomique. | d\u00e9velopper consiste \u00e0 remettre en \u00e9tat, compl\u00e9ter, remplacer\r\u00a9 wohnbaugesellschaft langenten ag | pour les investisseurs, il \u00e9tait important d\u2019am\u00e9nager les pappelh\u00f6fe et leurs appartements avec le plus de variations possible, afin de r\u00e9pondre aux besoins de g\u00e9n\u00e9rations et groupes de population diversifi\u00e9s. la soci\u00e9t\u00e9 s\u2019individualise. les personnes \u00e2g\u00e9es restent actives de plus en plus longtemps et veulent participer \u00e0 la vie sociale. les m\u00e9nages traditionnels coexistent avec de nouvelles formes de communaut\u00e9s de vie. les appartements des pappelh\u00f6fe s\u2019adressent \u00e0 tous ces projets de vie, \u00e0 des prix attrayants. ils doivent proposer des lieux o\u00f9 vivre et s\u2019\u00e9panouir pour un m\u00e9lange color\u00e9 de personnes et de g\u00e9n\u00e9rations. | la culture du b\u00e2ti et la strat\u00e9gie \u00e9nerg\u00e9tique convergent de mani\u00e8re harmonieuse\r\u00a9 wohnbaugesellschaft langenten ag | l\u2019approvisionnement \u00e9nerg\u00e9tique durable des pappelh\u00f6fe se fonde sur trois piliers. sur les toits, des installations photovolta\u00efques produisent de l\u2019\u00e9lectricit\u00e9 utilis\u00e9e sur place. le r\u00e9seau de chauffage hard constitue en outre un partenaire id\u00e9al, qui fournit de la chaleur \u00e0 distance provenant des environs. ce r\u00e9seau construit \u00e0 proximit\u00e9, dans le gymnase de l\u2019oberaargau, une centrale de chauffage \u00e0 pellets neutre en carbone. le reste des besoins \u00e9nerg\u00e9tiques est couvert par des sources 100 % renouvelables. une station de recharge pour v\u00e9hicules \u00e9lectriques est \u00e9galement construite&nbsp;: munie d\u2019un accumulateur, elle est aliment\u00e9e par la production photovolta\u00efque du site. par rapport \u00e0 un chauffage conventionnel \u00e0 gaz ou \u00e0 mazout, les \u00e9missions de co2 des b\u00e2timents des pappelh\u00f6fe sont r\u00e9duites de 120 000 tonnes par an. on obtient ainsi un approvisionnement \u00e9nerg\u00e9tique durable et neutre en carbone, dont les locataires profitent aussi sur le long terme. | \u00a9 swisstopo | bauen im bestand | biodiversit\u00e4t | denkm\u00e4ler | energie | innenentwicklung | klima | nachhaltigkeit | baubewilligungsverfahren | beratung durch gemeinden | inventare | mehrwertabsch\u00f6pfung | sondernutzplanung | de | fr | it<\/div><\/article><article class=\"sia-beratung-db-entry\" data-id=\"1643\" data-cpt=\"sia-ausbildung\" data-slug=\"amenagement-du-territoire\" data-lat=\"46.4779358366984\" data-lng=\"6.84238240494351\" data-filter-142=\"1\" data-filter-151=\"1\" data-filter-152=\"1\" data-filter-157=\"1\" data-filter-163=\"1\" data-filter-167=\"1\" data-filter-169=\"1\" data-filter-264=\"1\" data-filter-279=\"1\" data-filter-289=\"1\" data-all-filter=\"142,151,152,157,163,167,169,264,279,289\"><div class=\"sia-beratung-db-entry-header\" onclick=\"return window.siaBeratung.toggleCpt(this);\"><div class=\"col-1\">Am\u00e9nagement du territoire<\/div><div class=\"col-2\"><span>UCV Union des Communes Vaudoises<\/span><\/div><div class=\"col-3\"><span>Cours et colloques<\/span><\/div><div class=\"sia-beratung-db-angle\"><span class=\"sia-beratung-angle\"><\/span><\/div><\/div><div class=\"sia-beratung-db-entry-content\"><div class=\"sia-beratung-db-entry-content-columns\"><div class=\"col-1\"><p>L&#8217;am\u00e9nagement du territoire est un vaste domaine qui fait parfois transpirer les \u00e9lus communaux&#8230; De par la complexit\u00e9 de la l\u00e9gislation en vigueur, ainsi que l&#8217;ensemble des sujets touch\u00e9s, cette th\u00e9matique demande des pr\u00e9requis indispensables pour prendre les bonnes d\u00e9cisions. Am\u00e9nager le territoire d&#8217;une commune suppose un certain nombre d&#8217;\u00e9tapes indispensables que cette formation propose d&#8217;aborder.<\/p>\n<\/div><div class=\"col-2\"><\/div><\/div><div class=\"sia-beratung-db-entry-footer\"><div class=\"col-1\"><a href=\"https:\/\/www.ucv.ch\/formations\/offre-de-formation\/liste-des-cours\/amenagement-du-territoire\" class=\"sia-beratung-db-entry-link\" target=\"_blank\" rel=\"noopener\">Link zum Angebot<\/a><\/div><div class=\"col-2\"><div class=\"sia-beratung-db-filterbox\"><label class=\"toggle\" onclick=\"return window.siaBeratung.toggleFilterBox(this);\"><span>Formation continue pour le personnel politique et administratif<\/span><span>D\u00e9veloppement \u00e0 l\u2019int\u00e9rieur du milieu b\u00e2ti<\/span><span>Cours et colloques<\/span><span>Plans d\u2019affectation<\/span><span>Outils de planification<\/span><span>Processus<\/span><span>Strat\u00e9gies de d\u00e9veloppement territorial<\/span><span>Plans d\u2019affectation sp\u00e9ciaux<\/span><span>UCV Union des Communes Vaudoises<\/span><\/label><div class=\"options\"><a href=\"#\" onclick=\"return window.siaBeratung.setFilterBoxFilter(157);\">Formation continue pour le personnel politique et administratif<\/a><a href=\"#\" onclick=\"return window.siaBeratung.setFilterBoxFilter(142);\">D\u00e9veloppement \u00e0 l\u2019int\u00e9rieur du milieu b\u00e2ti<\/a><a href=\"#\" onclick=\"return window.siaBeratung.setFilterBoxFilter(279);\">Cours et colloques<\/a><a href=\"#\" onclick=\"return window.siaBeratung.setFilterBoxFilter(163);\">Plans d\u2019affectation<\/a><a href=\"#\" onclick=\"return window.siaBeratung.setFilterBoxFilter(151);\">Outils de planification<\/a><a href=\"#\" onclick=\"return window.siaBeratung.setFilterBoxFilter(152);\">Processus<\/a><a href=\"#\" onclick=\"return window.siaBeratung.setFilterBoxFilter(167);\">Strat\u00e9gies de d\u00e9veloppement territorial<\/a><a href=\"#\" onclick=\"return window.siaBeratung.setFilterBoxFilter(169);\">Plans d\u2019affectation sp\u00e9ciaux<\/a><a href=\"#\" onclick=\"return window.siaBeratung.setFilterBoxFilter(264);\">UCV Union des Communes Vaudoises<\/a><a href=\"#\" onclick=\"return window.siaBeratung.setFilterBoxFilter([142,151,152,157,163,167,169,264,279,289]);\">Alle Filter ausw\u00e4hlen<\/a><\/div><\/div><label class=\"sia-beratung-db-filterbox-spacer\">&nbsp;<\/label><\/div><\/div><\/div><div class=\"sia-beratung-db-entry-searchtext\">am\u00e9nagement du territoire | l&#8217;am\u00e9nagement du territoire est un vaste domaine qui fait parfois transpirer les \u00e9lus communaux&#8230; de par la complexit\u00e9 de la l\u00e9gislation en vigueur, ainsi que l&#8217;ensemble des sujets touch\u00e9s, cette th\u00e9matique demande des pr\u00e9requis indispensables pour prendre les bonnes d\u00e9cisions. am\u00e9nager le territoire d&#8217;une commune suppose un certain nombre d&#8217;\u00e9tapes indispensables que cette formation propose d&#8217;aborder. | innenentwicklung | planungsinstrumente | prozesse | fortbildung f\u00fcr politik und verwaltung | nutzungsplanung | r\u00e4umliche entwicklungsleitbilder | sondernutzplanung | ucv union des communes vaudoises | kurse und tagungen | fr<\/div><\/article><article class=\"sia-beratung-db-entry\" data-id=\"1644\" data-cpt=\"sia-ausbildung\" data-slug=\"analyse-energetique-des-batiments\" data-lat=\"47.223917931812\" data-lng=\"8.81725938401256\" data-filter-135=\"1\" data-filter-140=\"1\" data-filter-142=\"1\" data-filter-143=\"1\" data-filter-148=\"1\" data-filter-151=\"1\" data-filter-161=\"1\" data-filter-202=\"1\" data-filter-205=\"1\" data-filter-272=\"1\" data-filter-289=\"1\" data-all-filter=\"135,140,142,143,148,151,161,202,205,272,289\"><div class=\"sia-beratung-db-entry-header\" onclick=\"return window.siaBeratung.toggleCpt(this);\"><div class=\"col-1\">Analyse \u00e9nerg\u00e9tique des b\u00e2timents<\/div><div class=\"col-2\"><span>HES-SO Valais-Wallis<\/span><span>HEIA-FR Haute \u00e9cole d'ing\u00e9nierie et d'architecture de Fribourg<\/span><\/div><div class=\"col-3\"><span>CAS<\/span><\/div><div class=\"sia-beratung-db-angle\"><span class=\"sia-beratung-angle\"><\/span><\/div><\/div><div class=\"sia-beratung-db-entry-content\"><div class=\"sia-beratung-db-entry-content-columns\"><div class=\"col-1\"><p>La r\u00e9novation \u00e9nerg\u00e9tique du parc immobilier constitue un enjeu fondamental de la strat\u00e9gie \u00e9nerg\u00e9tique 2050. Ce CAS forme des experts \u00e0 m\u00eame d\u2019\u00e9valuer les caract\u00e9ristiques \u00e9nerg\u00e9tiques d\u2019un b\u00e2timent sur une \u00e9chelle de A \u00e0 G et de proposer des recommandations de r\u00e9novation.<\/p>\n<\/div><div class=\"col-2\"><\/div><\/div><div class=\"sia-beratung-db-entry-footer\"><div class=\"col-1\"><a href=\"https:\/\/www.hevs.ch\/fr\/autres-formations\/cas-hes-so-en-analyse-energetique-des-batiments-24158\" class=\"sia-beratung-db-entry-link\" target=\"_blank\" rel=\"noopener\">Link zum Angebot<\/a><\/div><div class=\"col-2\"><div class=\"sia-beratung-db-filterbox\"><label class=\"toggle\" onclick=\"return window.siaBeratung.toggleFilterBox(this);\"><span>Construire dans le b\u00e2ti existant<\/span><span>CAS<\/span><span>Energie<\/span><span>HES-SO Valais-Wallis<\/span><span>HEIA-FR Haute \u00e9cole d'ing\u00e9nierie et d'architecture de Fribourg<\/span><span>D\u00e9veloppement \u00e0 l\u2019int\u00e9rieur du milieu b\u00e2ti<\/span><span>Climat<\/span><span>Projets de construction communaux<\/span><span>Durabilit\u00e9<\/span><span>Outils de planification<\/span><\/label><div class=\"options\"><a href=\"#\" onclick=\"return window.siaBeratung.setFilterBoxFilter(135);\">Construire dans le b\u00e2ti existant<\/a><a href=\"#\" onclick=\"return window.siaBeratung.setFilterBoxFilter(272);\">CAS<\/a><a href=\"#\" onclick=\"return window.siaBeratung.setFilterBoxFilter(140);\">Energie<\/a><a href=\"#\" onclick=\"return window.siaBeratung.setFilterBoxFilter(202);\">HES-SO Valais-Wallis<\/a><a href=\"#\" onclick=\"return window.siaBeratung.setFilterBoxFilter(205);\">HEIA-FR Haute \u00e9cole d'ing\u00e9nierie et d'architecture de Fribourg<\/a><a href=\"#\" onclick=\"return window.siaBeratung.setFilterBoxFilter(142);\">D\u00e9veloppement \u00e0 l\u2019int\u00e9rieur du milieu b\u00e2ti<\/a><a href=\"#\" onclick=\"return window.siaBeratung.setFilterBoxFilter(143);\">Climat<\/a><a href=\"#\" onclick=\"return window.siaBeratung.setFilterBoxFilter(161);\">Projets de construction communaux<\/a><a href=\"#\" onclick=\"return window.siaBeratung.setFilterBoxFilter(148);\">Durabilit\u00e9<\/a><a href=\"#\" onclick=\"return window.siaBeratung.setFilterBoxFilter(151);\">Outils de planification<\/a><a href=\"#\" onclick=\"return window.siaBeratung.setFilterBoxFilter([135,140,142,143,148,151,161,202,205,272,289]);\">Alle Filter ausw\u00e4hlen<\/a><\/div><\/div><label class=\"sia-beratung-db-filterbox-spacer\">&nbsp;<\/label><\/div><\/div><\/div><div class=\"sia-beratung-db-entry-searchtext\">analyse \u00e9nerg\u00e9tique des b\u00e2timents | la r\u00e9novation \u00e9nerg\u00e9tique du parc immobilier constitue un enjeu fondamental de la strat\u00e9gie \u00e9nerg\u00e9tique 2050. ce cas forme des experts \u00e0 m\u00eame d\u2019\u00e9valuer les caract\u00e9ristiques \u00e9nerg\u00e9tiques d\u2019un b\u00e2timent sur une \u00e9chelle de a \u00e0 g et de proposer des recommandations de r\u00e9novation. | bauen im bestand | energie | innenentwicklung | klima | nachhaltigkeit | planungsinstrumente | kommunale bauprojekte | hes-so valais-wallis | hta-fr hochschule f\u00fcr technik und architektur freiburg | cas | fr<\/div><\/article><article class=\"sia-beratung-db-entry\" data-id=\"3920\" data-cpt=\"sia-beispiele\" data-slug=\"aproz-test\" data-lang-slug-de_de=\"\" data-lang-slug-en_gb=\"\" data-lang-slug-fr_fr=\"\" data-lang-slug-it_it=\"\" data-lat=\"46.2045176\" data-lng=\"7.3137617\" data-filter-135=\"1\" data-filter-148=\"1\" data-filter-149=\"1\" data-filter-161=\"1\" data-all-filter=\"135,148,149,161\"><div class=\"sia-beratung-db-entry-header\" onclick=\"return window.siaBeratung.toggleCpt(this);\"><div class=\"col-1\">Aproz: r\u00e9inventer la place de jeu<\/div><div class=\"col-2\">Aproz, VS<\/div><div class=\"sia-beratung-db-angle\"><span class=\"sia-beratung-angle\"><\/span><\/div><\/div><div class=\"sia-beratung-db-entry-content\"><div class=\"sia-beratung-db-entry-content-columns\"><div class=\"col-1\"><div class=\"sia-beratung-db-entry-slides\"><div class=\"sia-beratung-db-entry-swiper\"><div class=\"swiper-wrapper\"><div class=\"swiper-slide\"><img loading=\"lazy\" decoding=\"async\" src=\"https:\/\/baukulturschweiz.ch\/wp-content\/uploads\/2025\/01\/Photo-1-e1771414280454-1024x720.png\" width=\"1024\" height=\"720\" \/><\/div><div class=\"swiper-slide\"><img loading=\"lazy\" decoding=\"async\" src=\"https:\/\/baukulturschweiz.ch\/wp-content\/uploads\/2025\/01\/210322_Aproz-STEP_\u252c\u00ae_en_dehors-e1771414670698-1024x716.jpg\" width=\"1024\" height=\"716\" \/><\/div><div class=\"swiper-slide\"><img loading=\"lazy\" decoding=\"async\" src=\"https:\/\/baukulturschweiz.ch\/wp-content\/uploads\/2025\/01\/Plan-1024x717.webp\" width=\"1024\" height=\"717\" \/><\/div><div class=\"swiper-slide\"><img loading=\"lazy\" decoding=\"async\" src=\"https:\/\/baukulturschweiz.ch\/wp-content\/uploads\/2025\/01\/Format_website-1024x720.jpg\" width=\"1024\" height=\"720\" \/><\/div><div class=\"swiper-slide\"><img loading=\"lazy\" decoding=\"async\" src=\"https:\/\/baukulturschweiz.ch\/wp-content\/uploads\/2025\/01\/Aproz_final-e1771415116798-1024x715.png\" width=\"1024\" height=\"715\" \/><\/div><\/div><\/div><a class=\"swiper-button swiper-button-prev\"><\/a><a class=\"swiper-button swiper-button-next mobile\"><\/a><div class=\"sia-beratung-db-slide-legends\"><small data-index=\"0\">Les couleurs invitent \u00e0 explorer l\u2019ancien bassin d\u2019\u00e9puration \u00a9 En Dehors<\/small><small data-index=\"1\" style=\"display:none;\">D\u00e9saffect\u00e9, le bassin est vou\u00e9 \u00e0 la d\u00e9molition \u00a9 En Dehors<\/small><small data-index=\"2\" style=\"display:none;\">L\u2019aire de jeux combine modules ludiques, v\u00e9g\u00e9tation et jeux de couleur \u00a9 En Dehors<\/small><small data-index=\"3\" style=\"display:none;\">L\u2019eau constitue un \u00e9l\u00e9ment central du r\u00e9am\u00e9nagement \u00a9 En Dehors<\/small><small data-index=\"4\" style=\"display:none;\">\u00a9 Swisstopo<\/small><small class=\"pageNo\">1\/5<\/small><\/div><\/div><\/div><div class=\"col-2\"><div class=\"sia-beratung-db-slide-texts\"><div class=\"sia-beratung-db-slide-text\" data-index=\"0\"><p>A Aproz (VS), extension urbaine des ann\u00e9es 1960, les espaces publics sont rares. Gr\u00e2ce \u00e0 l\u2019impulsion des communes de Sion et de Nendaz, le bureau d\u2019urbanisme En Dehors a transform\u00e9 un ancien bassin de station d\u2019\u00e9puration d\u00e9saffect\u00e9 en une place de jeu. Ce lieu, d\u2019apparence hostile et inopportun, se mue en un espace de rencontre attractif.<\/p>\n<p>&nbsp;<\/p>\n<p><strong data-start=\"77\" data-end=\"101\">R\u00f4le de la commune:<\/strong> initier, financer, autoriser, s\u2019ouvrir \u00e0 de nouvelles id\u00e9es, l\u00e9gitimer<br data-start=\"172\" data-end=\"175\" \/><strong data-start=\"177\" data-end=\"206\" data-is-only-node=\"\">Organismes responsables:<\/strong> communes de Sion et Nendaz<br data-start=\"233\" data-end=\"236\" \/><strong data-start=\"238\" data-end=\"255\">Architectes:<\/strong> En Dehors<br data-start=\"265\" data-end=\"268\" \/><strong data-start=\"270\" data-end=\"283\">Sources:<\/strong> <a href=\"https:\/\/en-dehors.ch\/fr\/work\/aproz-step-wastewater-treatment\">EN-DEHORS<\/a><\/p>\n<\/div><div class=\"sia-beratung-db-slide-text\" data-index=\"1\" style=\"display:none;\"><p>Dans le quartier r\u00e9sidentiel d\u2019Aproz (VS), au sud-ouest de Sion, se dessinent des rues principalement occup\u00e9es par la voiture, ponctu\u00e9es par des jardins privatifs (Vorg\u00e4rten). Parmi les lieux de rencontre se distinguent un caf\u00e9, une \u00e9picerie et la cour d\u2019une \u00e9cole primaire. Dans son plan directeur communal de 2019, Sion appelle Aproz un \u00ab\u00a0quartier village\u00a0\u00bb, soulignant sa volont\u00e9 d\u2019y cr\u00e9er une certaine centralit\u00e9. am\u00e9nageant des espaces publics de qualit\u00e9. Dans ce cadre, le bureau d\u2019architecture paysag\u00e8re En Dehors est charg\u00e9 d\u2019imaginer une place de jeu sur ce terrain strat\u00e9gique, une r\u00e9serve importante de terrain \u00e0 b\u00e2tir.<\/p>\n<p>&nbsp;<\/p>\n<p>&nbsp;<\/p>\n<p>&nbsp;<\/p>\n<\/div><div class=\"sia-beratung-db-slide-text\" data-index=\"2\" style=\"display:none;\"><p>Plut\u00f4t que de d\u00e9molir l\u2019ancienne station d\u2019\u00e9puration, les architectes paysagistes choisissent une approche de r\u00e9emploi : le bassin de d\u00e9cantation b\u00e9tonn\u00e9 est transform\u00e9 en aire de jeux avec un mur d\u2019escalade, un toboggan et des rampes d\u2019acc\u00e8s r\u00e9interpr\u00e9tant les \u00e9l\u00e9ments existants. Fabriqu\u00e9 avec des pierres et du bois de la r\u00e9gion, le mobilier est lui aussi issu du r\u00e9emploi. Les \u00e9l\u00e8ves du quartier participent \u00e0 r\u00e9inventer le lieu en y peignant une fresque murale. Enfin, l\u2019eau occupe une place importante dans la conception de la place. Pour temp\u00e9rer les lieux en p\u00e9riode estivale, des jeux d\u2019eaux ponctuent la structure en b\u00e9ton.<\/p>\n<\/div><div class=\"sia-beratung-db-slide-text\" data-index=\"3\" style=\"display:none;\"><p>Comme toute place de jeux, le projet doit r\u00e9pondre \u00e0 des normes de s\u00e9curit\u00e9 strictes, souvent \u00e0 l\u2019origine d\u2019une certaine uniformisation des espaces. L\u2019homologation du le bassin de d\u00e9cantation r\u00e9affect\u00e9 ne s\u2019est pas conclue sans difficult\u00e9s, en raison de la forte pr\u00e9sence du b\u00e9ton. Pour r\u00e9pondre aux prescriptions, des rev\u00eatements souples et color\u00e9s sont int\u00e9gr\u00e9s. D\u00e8s lors, la couleur a une place centrale dans le projet. Elle contraste avec la rigueur du b\u00e9ton, attirant le regard et invitant \u00e0 s\u2019y d\u00e9tendre.<\/p>\n<\/div><div class=\"sia-beratung-db-slide-text\" data-index=\"4\" style=\"display:none;\"><p>Certaines zones sont laiss\u00e9es de c\u00f4t\u00e9, faute de moyens financiers ou parce qu\u2019elles se sont r\u00e9v\u00e9l\u00e9es inadaptables \u00e0 une utilisation comme aire de jeux, tandis que d\u2019autres sont volontairement \u00e9pur\u00e9es en vue de futurs am\u00e9nagements. Ce choix illustre l\u2019adaptabilit\u00e9 du projet face aux contraintes techniques et financi\u00e8res, ainsi que son caract\u00e8re exp\u00e9rimental. Il t\u00e9moigne \u00e9galement de la souplesse des communes de Sion et de Nendaz, qui ont su accompagner une approche \u00e9volutive et cr\u00e9ative de l\u2019espace public.<\/p>\n<\/div><\/div><div class=\"sia-beratung-db-filterbox\"><label class=\"toggle\" onclick=\"return window.siaBeratung.toggleFilterBox(this);\"><span>Construire dans le b\u00e2ti existant<\/span><span>Projets de construction communaux<\/span><span>Durabilit\u00e9<\/span><span>Espace public<\/span><\/label><div class=\"options\"><a href=\"#\" onclick=\"return window.siaBeratung.setFilterBoxFilter(135);\">Construire dans le b\u00e2ti existant<\/a><a href=\"#\" onclick=\"return window.siaBeratung.setFilterBoxFilter(161);\">Projets de construction communaux<\/a><a href=\"#\" onclick=\"return window.siaBeratung.setFilterBoxFilter(148);\">Durabilit\u00e9<\/a><a href=\"#\" onclick=\"return window.siaBeratung.setFilterBoxFilter(149);\">Espace public<\/a><a href=\"#\" onclick=\"return window.siaBeratung.setFilterBoxFilter([135,148,149,161]);\">Alle Filter ausw\u00e4hlen<\/a><\/div><\/div><label class=\"sia-beratung-db-filterbox-spacer\">&nbsp;<\/label><\/div><a class=\"swiper-button swiper-button-next desktop\"><\/a><\/div><\/div><div class=\"sia-beratung-db-entry-searchtext\">aproz: den spielplatz neu erfinden | a aproz (vs), extension urbaine des ann\u00e9es 1960, les espaces publics sont rares. gr\u00e2ce \u00e0 l\u2019impulsion des communes de sion et de nendaz, le bureau d\u2019urbanisme en dehors a transform\u00e9 un ancien bassin de station d\u2019\u00e9puration d\u00e9saffect\u00e9 en une place de jeu. ce lieu, d\u2019apparence hostile et inopportun, se mue en un espace de rencontre attractif.&nbsp;r\u00f4le de la commune: initier, financer, autoriser, s\u2019ouvrir \u00e0 de nouvelles id\u00e9es, l\u00e9gitimerorganismes responsables: communes de sion et nendazarchitectes: en dehorssources: en-dehors | les couleurs invitent \u00e0 explorer l\u2019ancien bassin d\u2019\u00e9puration \u00a9 en dehors | dans le quartier r\u00e9sidentiel d\u2019aproz (vs), au sud-ouest de sion, se dessinent des rues principalement occup\u00e9es par la voiture, ponctu\u00e9es par des jardins privatifs (vorg\u00e4rten). parmi les lieux de rencontre se distinguent un caf\u00e9, une \u00e9picerie et la cour d\u2019une \u00e9cole primaire. dans son plan directeur communal de 2019, sion appelle aproz un \u00ab\u00a0quartier village\u00a0\u00bb, soulignant sa volont\u00e9 d\u2019y cr\u00e9er une certaine centralit\u00e9. am\u00e9nageant des espaces publics de qualit\u00e9. dans ce cadre, le bureau d\u2019architecture paysag\u00e8re en dehors est charg\u00e9 d\u2019imaginer une place de jeu sur ce terrain strat\u00e9gique, une r\u00e9serve importante de terrain \u00e0 b\u00e2tir.&nbsp;&nbsp;&nbsp; | d\u00e9saffect\u00e9, le bassin est vou\u00e9 \u00e0 la d\u00e9molition \u00a9 en dehors | plut\u00f4t que de d\u00e9molir l\u2019ancienne station d\u2019\u00e9puration, les architectes paysagistes choisissent une approche de r\u00e9emploi : le bassin de d\u00e9cantation b\u00e9tonn\u00e9 est transform\u00e9 en aire de jeux avec un mur d\u2019escalade, un toboggan et des rampes d\u2019acc\u00e8s r\u00e9interpr\u00e9tant les \u00e9l\u00e9ments existants. fabriqu\u00e9 avec des pierres et du bois de la r\u00e9gion, le mobilier est lui aussi issu du r\u00e9emploi. les \u00e9l\u00e8ves du quartier participent \u00e0 r\u00e9inventer le lieu en y peignant une fresque murale. enfin, l\u2019eau occupe une place importante dans la conception de la place. pour temp\u00e9rer les lieux en p\u00e9riode estivale, des jeux d\u2019eaux ponctuent la structure en b\u00e9ton. | l\u2019aire de jeux combine modules ludiques, v\u00e9g\u00e9tation et jeux de couleur \u00a9 en dehors | comme toute place de jeux, le projet doit r\u00e9pondre \u00e0 des normes de s\u00e9curit\u00e9 strictes, souvent \u00e0 l\u2019origine d\u2019une certaine uniformisation des espaces. l\u2019homologation du le bassin de d\u00e9cantation r\u00e9affect\u00e9 ne s\u2019est pas conclue sans difficult\u00e9s, en raison de la forte pr\u00e9sence du b\u00e9ton. pour r\u00e9pondre aux prescriptions, des rev\u00eatements souples et color\u00e9s sont int\u00e9gr\u00e9s. d\u00e8s lors, la couleur a une place centrale dans le projet. elle contraste avec la rigueur du b\u00e9ton, attirant le regard et invitant \u00e0 s\u2019y d\u00e9tendre. | l\u2019eau constitue un \u00e9l\u00e9ment central du r\u00e9am\u00e9nagement \u00a9 en dehors | certaines zones sont laiss\u00e9es de c\u00f4t\u00e9, faute de moyens financiers ou parce qu\u2019elles se sont r\u00e9v\u00e9l\u00e9es inadaptables \u00e0 une utilisation comme aire de jeux, tandis que d\u2019autres sont volontairement \u00e9pur\u00e9es en vue de futurs am\u00e9nagements. ce choix illustre l\u2019adaptabilit\u00e9 du projet face aux contraintes techniques et financi\u00e8res, ainsi que son caract\u00e8re exp\u00e9rimental. il t\u00e9moigne \u00e9galement de la souplesse des communes de sion et de nendaz, qui ont su accompagner une approche \u00e9volutive et cr\u00e9ative de l\u2019espace public. | \u00a9 swisstopo | bauen im bestand | nachhaltigkeit | \u00f6ffentlicher raum | kommunale bauprojekte<\/div><\/article><article class=\"sia-beratung-db-entry\" data-id=\"1540\" data-cpt=\"sia-angebote\" data-slug=\"arbeitshilfe-denkmalpflege-und-ortsbildschutz\" data-lat=\"53.5507112\" data-lng=\"10.0006485\" data-filter-135=\"1\" data-filter-138=\"1\" data-filter-139=\"1\" data-filter-150=\"1\" data-filter-152=\"1\" data-filter-154=\"1\" data-filter-160=\"1\" data-filter-227=\"1\" data-filter-270=\"1\" data-filter-288=\"1\" data-all-filter=\"135,138,139,150,152,154,160,227,270,288\"><div class=\"sia-beratung-db-entry-header\" onclick=\"return window.siaBeratung.toggleCpt(this);\"><div class=\"col-1\">Arbeitshilfe Denkmalpflege und Ortsbildschutz<\/div><div class=\"col-2\"><span>Schaffhouse<\/span><\/div><div class=\"col-3\"><span>Guide<\/span><\/div><div class=\"sia-beratung-db-angle\"><span class=\"sia-beratung-angle\"><\/span><\/div><\/div><div class=\"sia-beratung-db-entry-content\"><div class=\"sia-beratung-db-entry-content-columns\"><div class=\"col-1\"><p>Mit der Revision des Natur- und Heimatschutzgesetzes des Kantons Schaffhausen (NHG, SHR 451.100) per 1.1.2019 haben sich die Kompetenzen und Aufgaben bei den Gemeinden und beim Kanton ver\u00e4ndert. Die vorliegende Arbeitshilfe erl\u00e4utert konkret, welche neuen Gesetzesvorgaben die Gemeinden im Bereich Denkmalpflege und Ortsbildschutz beachten m\u00fcssen.<\/p>\n<\/div><div class=\"col-2\"><\/div><\/div><div class=\"sia-beratung-db-entry-footer\"><div class=\"col-1\"><a href=\"https:\/\/sh.ch\/CMS\/Webseite\/Kanton-Schaffhausen\/Beh-rde\/Verwaltung\/Baudepartement\/Amt-f-r-Denkmalpflege-und-Arch-ologie\/Denkmalpflege-Schaffhausen-2099251-DE.html\" class=\"sia-beratung-db-entry-link\" target=\"_blank\" rel=\"noopener\">Link zum Angebot<\/a><\/div><div class=\"col-2\"><div class=\"sia-beratung-db-filterbox\"><label class=\"toggle\" onclick=\"return window.siaBeratung.toggleFilterBox(this);\"><span>Guide<\/span><span>Proc\u00e9dures d\u2019autorisation de construire<\/span><span>Construire dans le b\u00e2ti existant<\/span><span>Monuments<\/span><span>Dialogue<\/span><span>Inventaires<\/span><span>Sites construits<\/span><span>Processus<\/span><span>Schaffhouse<\/span><\/label><div class=\"options\"><a href=\"#\" onclick=\"return window.siaBeratung.setFilterBoxFilter(270);\">Guide<\/a><a href=\"#\" onclick=\"return window.siaBeratung.setFilterBoxFilter(154);\">Proc\u00e9dures d\u2019autorisation de construire<\/a><a href=\"#\" onclick=\"return window.siaBeratung.setFilterBoxFilter(135);\">Construire dans le b\u00e2ti existant<\/a><a href=\"#\" onclick=\"return window.siaBeratung.setFilterBoxFilter(138);\">Monuments<\/a><a href=\"#\" onclick=\"return window.siaBeratung.setFilterBoxFilter(139);\">Dialogue<\/a><a href=\"#\" onclick=\"return window.siaBeratung.setFilterBoxFilter(160);\">Inventaires<\/a><a href=\"#\" onclick=\"return window.siaBeratung.setFilterBoxFilter(150);\">Sites construits<\/a><a href=\"#\" onclick=\"return window.siaBeratung.setFilterBoxFilter(152);\">Processus<\/a><a href=\"#\" onclick=\"return window.siaBeratung.setFilterBoxFilter(227);\">Schaffhouse<\/a><a href=\"#\" onclick=\"return window.siaBeratung.setFilterBoxFilter([135,138,139,150,152,154,160,227,270,288]);\">Alle Filter ausw\u00e4hlen<\/a><\/div><\/div><label class=\"sia-beratung-db-filterbox-spacer\">&nbsp;<\/label><\/div><\/div><\/div><div class=\"sia-beratung-db-entry-searchtext\">arbeitshilfe denkmalpflege und ortsbildschutz | mit der revision des natur- und heimatschutzgesetzes des kantons schaffhausen (nhg, shr 451.100) per 1.1.2019 haben sich die kompetenzen und aufgaben bei den gemeinden und beim kanton ver\u00e4ndert. die vorliegende arbeitshilfe erl\u00e4utert konkret, welche neuen gesetzesvorgaben die gemeinden im bereich denkmalpflege und ortsbildschutz beachten m\u00fcssen. | bauen im bestand | denkm\u00e4ler | dialog | ortsbilder | prozesse | baubewilligungsverfahren | inventare | schaffhausen | arbeitshilfe | de<\/div><\/article><article class=\"sia-beratung-db-entry\" data-id=\"1541\" data-cpt=\"sia-angebote\" data-slug=\"arbeitshilfe-innenentwicklung\" data-lat=\"53.5507112\" data-lng=\"10.0006485\" data-filter-135=\"1\" data-filter-142=\"1\" data-filter-150=\"1\" data-filter-167=\"1\" data-filter-232=\"1\" data-filter-270=\"1\" data-filter-288=\"1\" data-all-filter=\"135,142,150,167,232,270,288\"><div class=\"sia-beratung-db-entry-header\" onclick=\"return window.siaBeratung.toggleCpt(this);\"><div class=\"col-1\">Arbeitshilfe Innenentwicklung<\/div><div class=\"col-2\"><span>Thurgovie<\/span><\/div><div class=\"col-3\"><span>Guide<\/span><\/div><div class=\"sia-beratung-db-angle\"><span class=\"sia-beratung-angle\"><\/span><\/div><\/div><div class=\"sia-beratung-db-entry-content\"><div class=\"sia-beratung-db-entry-content-columns\"><div class=\"col-1\"><p>Die bauliche Entwicklung im Bestand ist ein Prozess, der nur \u00fcber einen l\u00e4ngeren Zeitraum erfolgen kann. Den Gemeinden kommt in der Innenentwicklung eine zentrale Rolle zu. Der vorliegende Leitfaden soll den Gemeinden und St\u00e4dten in den verschiedenen Prozessen der Innenentwicklung Unterst\u00fctzung und Orientierung bieten.<\/p>\n<\/div><div class=\"col-2\"><\/div><\/div><div class=\"sia-beratung-db-entry-footer\"><div class=\"col-1\"><a href=\"https:\/\/raumentwicklung.tg.ch\/themen\/siedlungsentwicklung-nach-innen.html\/8347#js-accordion_control--01\" class=\"sia-beratung-db-entry-link\" target=\"_blank\" rel=\"noopener\">Link zum Angebot<\/a><\/div><div class=\"col-2\"><div class=\"sia-beratung-db-filterbox\"><label class=\"toggle\" onclick=\"return window.siaBeratung.toggleFilterBox(this);\"><span>Guide<\/span><span>Construire dans le b\u00e2ti existant<\/span><span>D\u00e9veloppement \u00e0 l\u2019int\u00e9rieur du milieu b\u00e2ti<\/span><span>Sites construits<\/span><span>Strat\u00e9gies de d\u00e9veloppement territorial<\/span><span>Thurgovie<\/span><\/label><div class=\"options\"><a href=\"#\" onclick=\"return window.siaBeratung.setFilterBoxFilter(270);\">Guide<\/a><a href=\"#\" onclick=\"return window.siaBeratung.setFilterBoxFilter(135);\">Construire dans le b\u00e2ti existant<\/a><a href=\"#\" onclick=\"return window.siaBeratung.setFilterBoxFilter(142);\">D\u00e9veloppement \u00e0 l\u2019int\u00e9rieur du milieu b\u00e2ti<\/a><a href=\"#\" onclick=\"return window.siaBeratung.setFilterBoxFilter(150);\">Sites construits<\/a><a href=\"#\" onclick=\"return window.siaBeratung.setFilterBoxFilter(167);\">Strat\u00e9gies de d\u00e9veloppement territorial<\/a><a href=\"#\" onclick=\"return window.siaBeratung.setFilterBoxFilter(232);\">Thurgovie<\/a><a href=\"#\" onclick=\"return window.siaBeratung.setFilterBoxFilter([135,142,150,167,232,270,288]);\">Alle Filter ausw\u00e4hlen<\/a><\/div><\/div><label class=\"sia-beratung-db-filterbox-spacer\">&nbsp;<\/label><\/div><\/div><\/div><div class=\"sia-beratung-db-entry-searchtext\">arbeitshilfe innenentwicklung | die bauliche entwicklung im bestand ist ein prozess, der nur \u00fcber einen l\u00e4ngeren zeitraum erfolgen kann. den gemeinden kommt in der innenentwicklung eine zentrale rolle zu. der vorliegende leitfaden soll den gemeinden und st\u00e4dten in den verschiedenen prozessen der innenentwicklung unterst\u00fctzung und orientierung bieten. | bauen im bestand | innenentwicklung | ortsbilder | r\u00e4umliche entwicklungsleitbilder | thurgau | arbeitshilfe | de<\/div><\/article><article class=\"sia-beratung-db-entry\" data-id=\"1542\" data-cpt=\"sia-angebote\" data-slug=\"arbeitshilfe-kommunale-planungszonen\" data-lang-slug-de_de=\"\" data-lang-slug-en_gb=\"\" data-lang-slug-fr_fr=\"\" data-lang-slug-it_it=\"\" data-lat=\"53.5507112\" data-lng=\"10.0009918\" data-filter-151=\"1\" data-filter-152=\"1\" data-filter-163=\"1\" data-filter-169=\"1\" data-filter-221=\"1\" data-filter-270=\"1\" data-filter-288=\"1\" data-filter-290=\"1\" data-all-filter=\"151,152,163,169,221,270,288,290\"><div class=\"sia-beratung-db-entry-header\" onclick=\"return window.siaBeratung.toggleCpt(this);\"><div class=\"col-1\">Arbeitshilfe kommunale Planungszonen<\/div><div class=\"col-2\"><span>Grisons<\/span><\/div><div class=\"col-3\"><span>Guide<\/span><\/div><div class=\"sia-beratung-db-angle\"><span class=\"sia-beratung-angle\"><\/span><\/div><\/div><div class=\"sia-beratung-db-entry-content\"><div class=\"sia-beratung-db-entry-content-columns\"><div class=\"col-1\"><p>Diese Wegleitung soll den Erlass und die Bewirtschaftung von Planungszonen f\u00fcr Gemeinden und deren Planungsb\u00fcros sowie Datenverwaltungsstellen unterst\u00fctzen und eine einheitliche Handhabung sicherstellen.<\/p>\n<\/div><div class=\"col-2\"><\/div><\/div><div class=\"sia-beratung-db-entry-footer\"><div class=\"col-1\"><a href=\"https:\/\/www.gr.ch\/DE\/institutionen\/verwaltung\/dvs\/are\/nutzungsplanung\/Arbeitshilfe%20kommunale%20Planungszonen.pdf\" class=\"sia-beratung-db-entry-link\" target=\"_blank\" rel=\"noopener\">Link zum Angebot<\/a><\/div><div class=\"col-2\"><div class=\"sia-beratung-db-filterbox\"><label class=\"toggle\" onclick=\"return window.siaBeratung.toggleFilterBox(this);\"><span>Guide<\/span><span>Grisons<\/span><span>Plans d\u2019affectation<\/span><span>Outils de planification<\/span><span>Processus<\/span><span>Plans d\u2019affectation sp\u00e9ciaux<\/span><\/label><div class=\"options\"><a href=\"#\" onclick=\"return window.siaBeratung.setFilterBoxFilter(270);\">Guide<\/a><a href=\"#\" onclick=\"return window.siaBeratung.setFilterBoxFilter(221);\">Grisons<\/a><a href=\"#\" onclick=\"return window.siaBeratung.setFilterBoxFilter(163);\">Plans d\u2019affectation<\/a><a href=\"#\" onclick=\"return window.siaBeratung.setFilterBoxFilter(151);\">Outils de planification<\/a><a href=\"#\" onclick=\"return window.siaBeratung.setFilterBoxFilter(152);\">Processus<\/a><a href=\"#\" onclick=\"return window.siaBeratung.setFilterBoxFilter(169);\">Plans d\u2019affectation sp\u00e9ciaux<\/a><a href=\"#\" onclick=\"return window.siaBeratung.setFilterBoxFilter([151,152,163,169,221,270,288,290]);\">Alle Filter ausw\u00e4hlen<\/a><\/div><\/div><label class=\"sia-beratung-db-filterbox-spacer\">&nbsp;<\/label><\/div><\/div><\/div><div class=\"sia-beratung-db-entry-searchtext\">arbeitshilfe kommunale planungszonen | diese wegleitung soll den erlass und die bewirtschaftung von planungszonen f\u00fcr gemeinden und deren planungsb\u00fcros sowie datenverwaltungsstellen unterst\u00fctzen und eine einheitliche handhabung sicherstellen. | planungsinstrumente | prozesse | nutzungsplanung | sondernutzplanung | graub\u00fcnden | arbeitshilfe | de | it<\/div><\/article><article class=\"sia-beratung-db-entry\" data-id=\"1545\" data-cpt=\"sia-angebote\" data-slug=\"arbeitshilfe-kommunale-planung-arbeitshilfe-siedlungsleitbild\" data-lat=\"53.5507112\" data-lng=\"10.0006485\" data-filter-135=\"1\" data-filter-151=\"1\" data-filter-142=\"1\" data-filter-167=\"1\" data-filter-233=\"1\" data-filter-270=\"1\" data-filter-288=\"1\" data-all-filter=\"135,151,142,167,233,270,288\"><div class=\"sia-beratung-db-entry-header\" onclick=\"return window.siaBeratung.toggleCpt(this);\"><div class=\"col-1\">Arbeitshilfe kommunale Planung \u2013 Arbeitshilfe Siedlungsleitbild<\/div><div class=\"col-2\"><span>Uri<\/span><\/div><div class=\"col-3\"><span>Guide<\/span><\/div><div class=\"sia-beratung-db-angle\"><span class=\"sia-beratung-angle\"><\/span><\/div><\/div><div class=\"sia-beratung-db-entry-content\"><div class=\"sia-beratung-db-entry-content-columns\"><div class=\"col-1\"><p>Diese Arbeitshilfe versteht sich als Hilfsmittel und Leitfaden f\u00fcr die Gemeinden und die beauftragten Ortsplaner mit dem Ziel, die Erarbeitung ihres kommunalen Siedlungsleitbildes bez\u00fcglich Prozess und Inhalt zu erleichtern.<\/p>\n<\/div><div class=\"col-2\"><\/div><\/div><div class=\"sia-beratung-db-entry-footer\"><div class=\"col-1\"><a href=\"https:\/\/www.ur.ch\/_docn\/172910\/01_ARBEITSHILFE_UR_SLB\" class=\"sia-beratung-db-entry-link\" target=\"_blank\" rel=\"noopener\">Link zum Angebot<\/a><\/div><div class=\"col-2\"><div class=\"sia-beratung-db-filterbox\"><label class=\"toggle\" onclick=\"return window.siaBeratung.toggleFilterBox(this);\"><span>Guide<\/span><span>Construire dans le b\u00e2ti existant<\/span><span>D\u00e9veloppement \u00e0 l\u2019int\u00e9rieur du milieu b\u00e2ti<\/span><span>Outils de planification<\/span><span>Strat\u00e9gies de d\u00e9veloppement territorial<\/span><span>Uri<\/span><\/label><div class=\"options\"><a href=\"#\" onclick=\"return window.siaBeratung.setFilterBoxFilter(270);\">Guide<\/a><a href=\"#\" onclick=\"return window.siaBeratung.setFilterBoxFilter(135);\">Construire dans le b\u00e2ti existant<\/a><a href=\"#\" onclick=\"return window.siaBeratung.setFilterBoxFilter(142);\">D\u00e9veloppement \u00e0 l\u2019int\u00e9rieur du milieu b\u00e2ti<\/a><a href=\"#\" onclick=\"return window.siaBeratung.setFilterBoxFilter(151);\">Outils de planification<\/a><a href=\"#\" onclick=\"return window.siaBeratung.setFilterBoxFilter(167);\">Strat\u00e9gies de d\u00e9veloppement territorial<\/a><a href=\"#\" onclick=\"return window.siaBeratung.setFilterBoxFilter(233);\">Uri<\/a><a href=\"#\" onclick=\"return window.siaBeratung.setFilterBoxFilter([135,151,142,167,233,270,288]);\">Alle Filter ausw\u00e4hlen<\/a><\/div><\/div><label class=\"sia-beratung-db-filterbox-spacer\">&nbsp;<\/label><\/div><\/div><\/div><div class=\"sia-beratung-db-entry-searchtext\">arbeitshilfe kommunale planung \u2013 arbeitshilfe siedlungsleitbild | diese arbeitshilfe versteht sich als hilfsmittel und leitfaden f\u00fcr die gemeinden und die beauftragten ortsplaner mit dem ziel, die erarbeitung ihres kommunalen siedlungsleitbildes bez\u00fcglich prozess und inhalt zu erleichtern. | bauen im bestand | planungsinstrumente | innenentwicklung | r\u00e4umliche entwicklungsleitbilder | uri | arbeitshilfe | de<\/div><\/article><article class=\"sia-beratung-db-entry\" data-id=\"1543\" data-cpt=\"sia-angebote\" data-slug=\"arbeitshilfe-kommunales-siedlungsleitbild\" data-lat=\"53.5507112\" data-lng=\"10.0006485\" data-filter-139=\"1\" data-filter-142=\"1\" data-filter-151=\"1\" data-filter-152=\"1\" data-filter-167=\"1\" data-filter-223=\"1\" data-filter-270=\"1\" data-filter-288=\"1\" data-all-filter=\"139,142,151,152,167,223,270,288\"><div class=\"sia-beratung-db-entry-header\" onclick=\"return window.siaBeratung.toggleCpt(this);\"><div class=\"col-1\">Arbeitshilfe kommunales Siedlungsleitbild<\/div><div class=\"col-2\"><span>Lucerne<\/span><\/div><div class=\"col-3\"><span>Guide<\/span><\/div><div class=\"sia-beratung-db-angle\"><span class=\"sia-beratung-angle\"><\/span><\/div><\/div><div class=\"sia-beratung-db-entry-content\"><div class=\"sia-beratung-db-entry-content-columns\"><div class=\"col-1\"><p>Die Arbeitshilfe versteht sich als Hilfsmittel f\u00fcr die Gemeinden und die beauftragten Ortsplaner mit dem Ziel, einen Orientierungsrahmen zu geben und somit die Erarbeitung ihres kommunalen Siedlungsleitbildes bez\u00fcglich dem Prozess und den Inhalten zu erleichtern.<\/p>\n<\/div><div class=\"col-2\"><\/div><\/div><div class=\"sia-beratung-db-entry-footer\"><div class=\"col-1\"><a href=\"https:\/\/rawi.lu.ch\/-\/media\/RAWI\/Dokumente\/Downloads\/raumentwicklung\/AH_Komm_Siedlungsleitbild_Juni_2016.pdf?la=de-CH\" class=\"sia-beratung-db-entry-link\" target=\"_blank\" rel=\"noopener\">Link zum Angebot<\/a><\/div><div class=\"col-2\"><div class=\"sia-beratung-db-filterbox\"><label class=\"toggle\" onclick=\"return window.siaBeratung.toggleFilterBox(this);\"><span>Guide<\/span><span>Dialogue<\/span><span>D\u00e9veloppement \u00e0 l\u2019int\u00e9rieur du milieu b\u00e2ti<\/span><span>Lucerne<\/span><span>Outils de planification<\/span><span>Processus<\/span><span>Strat\u00e9gies de d\u00e9veloppement territorial<\/span><\/label><div class=\"options\"><a href=\"#\" onclick=\"return window.siaBeratung.setFilterBoxFilter(270);\">Guide<\/a><a href=\"#\" onclick=\"return window.siaBeratung.setFilterBoxFilter(139);\">Dialogue<\/a><a href=\"#\" onclick=\"return window.siaBeratung.setFilterBoxFilter(142);\">D\u00e9veloppement \u00e0 l\u2019int\u00e9rieur du milieu b\u00e2ti<\/a><a href=\"#\" onclick=\"return window.siaBeratung.setFilterBoxFilter(223);\">Lucerne<\/a><a href=\"#\" onclick=\"return window.siaBeratung.setFilterBoxFilter(151);\">Outils de planification<\/a><a href=\"#\" onclick=\"return window.siaBeratung.setFilterBoxFilter(152);\">Processus<\/a><a href=\"#\" onclick=\"return window.siaBeratung.setFilterBoxFilter(167);\">Strat\u00e9gies de d\u00e9veloppement territorial<\/a><a href=\"#\" onclick=\"return window.siaBeratung.setFilterBoxFilter([139,142,151,152,167,223,270,288]);\">Alle Filter ausw\u00e4hlen<\/a><\/div><\/div><label class=\"sia-beratung-db-filterbox-spacer\">&nbsp;<\/label><\/div><\/div><\/div><div class=\"sia-beratung-db-entry-searchtext\">arbeitshilfe kommunales siedlungsleitbild | die arbeitshilfe versteht sich als hilfsmittel f\u00fcr die gemeinden und die beauftragten ortsplaner mit dem ziel, einen orientierungsrahmen zu geben und somit die erarbeitung ihres kommunalen siedlungsleitbildes bez\u00fcglich dem prozess und den inhalten zu erleichtern. | dialog | innenentwicklung | planungsinstrumente | prozesse | r\u00e4umliche entwicklungsleitbilder | luzern | arbeitshilfe | de<\/div><\/article><article class=\"sia-beratung-db-entry\" data-id=\"1373\" data-cpt=\"sia-beispiele\" data-slug=\"arbon-gemeinde-forder-und-foerdert-gruenes\" data-lat=\"47.514882\" data-lng=\"9.4307327\" data-filter-135=\"1\" data-filter-136=\"1\" data-filter-142=\"1\" data-filter-143=\"1\" data-filter-144=\"1\" data-filter-145=\"1\" data-filter-147=\"1\" data-filter-148=\"1\" data-filter-149=\"1\" data-filter-164=\"1\" data-filter-166=\"1\" data-filter-167=\"1\" data-filter-267=\"1\" data-filter-268=\"1\" data-filter-288=\"1\" data-filter-289=\"1\" data-filter-290=\"1\" data-all-filter=\"135,136,142,143,144,145,147,148,149,164,166,167,267,268,288,289,290\"><div class=\"sia-beratung-db-entry-header\" onclick=\"return window.siaBeratung.toggleCpt(this);\"><div class=\"col-1\">Arbon&nbsp;: la commune fait la promotion des espaces verts<\/div><div class=\"col-2\">Arbon, TG<\/div><div class=\"sia-beratung-db-angle\"><span class=\"sia-beratung-angle\"><\/span><\/div><\/div><div class=\"sia-beratung-db-entry-content\"><div class=\"sia-beratung-db-entry-content-columns\"><div class=\"col-1\"><div class=\"sia-beratung-db-entry-slides\"><div class=\"sia-beratung-db-entry-swiper\"><div class=\"swiper-wrapper\"><div class=\"swiper-slide\"><img loading=\"lazy\" decoding=\"async\" src=\"https:\/\/baukulturschweiz.ch\/wp-content\/uploads\/2023\/06\/2023-04-17-144204-arbon-1-krebs-und-herde-landschaftsarchitektur-1024x768.jpg\" width=\"1024\" height=\"768\" \/><\/div><div class=\"swiper-slide\"><img loading=\"lazy\" decoding=\"async\" src=\"https:\/\/baukulturschweiz.ch\/wp-content\/uploads\/2023\/06\/2023-04-17-144433-arbon-2-georg-aerni-1024x768.jpg\" width=\"1024\" height=\"768\" \/><\/div><div class=\"swiper-slide\"><img loading=\"lazy\" decoding=\"async\" src=\"https:\/\/baukulturschweiz.ch\/wp-content\/uploads\/2023\/06\/2023-04-17-144505-arbon-3-georg-aerni-1024x768.jpg\" width=\"1024\" height=\"768\" \/><\/div><div class=\"swiper-slide\"><img loading=\"lazy\" decoding=\"async\" src=\"https:\/\/baukulturschweiz.ch\/wp-content\/uploads\/2023\/06\/2023-04-17-144610-be-arbon-5-c-swisstopo-1024x768.jpg\" width=\"1024\" height=\"768\" \/><\/div><\/div><\/div><a class=\"swiper-button swiper-button-prev\"><\/a><a class=\"swiper-button swiper-button-next mobile\"><\/a><div class=\"sia-beratung-db-slide-legends\"><small data-index=\"0\">L\u2019espace vert, un \u00e9l\u00e9ment de liaison qui renforce l\u2019identit\u00e9.<br \/>\r\n\u00a9 Krebs und Herde Landschaftsarchitektur<\/small><small data-index=\"1\" style=\"display:none;\">Des \u00eeles vertes pour am\u00e9liorer la biodiversit\u00e9 et le climat<br \/>\r\n\u00a9 Georg Aerni<\/small><small data-index=\"2\" style=\"display:none;\">La v\u00e9g\u00e9tation rend les espaces de d\u00e9tente plus attrayants.<br \/>\r\n\u00a9 Georg Aerni<br \/>\r\n<\/small><small data-index=\"3\" style=\"display:none;\">\u00a9 Swisstopo<\/small><small class=\"pageNo\">1\/4<\/small><\/div><\/div><\/div><div class=\"col-2\"><div class=\"sia-beratung-db-slide-texts\"><div class=\"sia-beratung-db-slide-text\" data-index=\"0\"><div class=\"aztHelpersMarkdownContainer src-scripts-containers-Main-modules-Advice-Lists-Results-ListItem-types-Example-description\">\n<p>Avec la transformation de la friche Saurer, la commune exige et encourage \u00e0 la fois des espaces verts de qualit\u00e9. Un concours a \u00e9t\u00e9 lanc\u00e9 en coop\u00e9ration avec les responsables des futures constructions, de mani\u00e8re \u00e0 ce que le meilleur projet d\u2019espaces non b\u00e2tis soit ex\u00e9cut\u00e9. La ville d\u2019Arbon montre ainsi que la culture du b\u00e2ti peut \u2013 et doit \u2013 \u00eatre promue pour le bien de toutes les parties prenantes.<\/p>\n<p><strong>R\u00f4le de la commune&nbsp;:<\/strong> investiguer, n\u00e9gocier, faire aboutir, mettre au concours, \u00e9valuer, d\u00e9cider<br \/>\n<strong>Organismes responsables\u00a0:<\/strong> commune, priv\u00e9s<br \/>\n<strong>Architecture paysag\u00e8re&nbsp;:<\/strong> Krebs und Herde, Winterthour<br \/>\n<strong>Source&nbsp;:<\/strong> <a class=\"external\" title=\"Hochparterre, Hase in Landschaftsarchitektur, mention (r\u00e9serv\u00e9 aux abonn\u00e9s) \" href=\"https:\/\/www.hochparterre.ch\/diebesten\/schollenlandschaft-auf-industrieboden\/\/\" target=\"_blank\" rel=\"noopener\">Hochparterre, Hase in Landschaftsarchitektur, mention (r\u00e9serv\u00e9 aux abonn\u00e9s) <\/a>, <a class=\"external\" title=\"Article PDF\" href=\"\/wp-content\/uploads\/2023\/06\/2023-04-17-150135-arbon-hochparterre-schollenlandschaft-auf-industrieboden.pdf\" target=\"_blank\" rel=\"noopener\">Article PDF<\/a><\/p>\n<\/div>\n<\/div><div class=\"sia-beratung-db-slide-text\" data-index=\"1\" style=\"display:none;\"><p>Un nouveau quartier urbain voit le jour sur le site de l\u2019ancienne fabrique de machines Saurer \u00e0 Arbon. C\u2019est en 1869 que Franz Saurer a lanc\u00e9 la production de machines \u00e0 tricoter \u00e0 c\u00f4t\u00e9 de la gare d\u2019Arbon. Sur les bords du lac de Constance, d\u00e8s 1903, on construit aussi des camions, puis des v\u00e9hicules militaires. En 1920, pr\u00e8s de 3000 personnes entrent chaque jour dans cette ville-usine, et leur nombre d\u00e9passe m\u00eame 4500 en 1963. L\u2019usine Saurer Maschinenfabrik Arbon a \u00e9t\u00e9 ferm\u00e9e vers la fin des ann\u00e9es 1990. En 2012, une soci\u00e9t\u00e9 immobili\u00e8re rach\u00e8te la friche industrielle de vingt hectares, en promettant d\u2019investir un demi-milliard de francs dans un nouveau quartier combinant habitat et activit\u00e9s professionnelles, et de construire un grand parc de deux hectares en coop\u00e9ration avec la ville. Cet espace non b\u00e2ti en forme d\u2019arc relie la gare aux berges accueillantes de l\u2019Aach, cr\u00e9e de nouveaux trac\u00e9s \u00e0 travers le site pour les pi\u00e9tons et les cyclistes, et fait office de liaison entre les nouveaux b\u00e2timents \u2013 aussi grands que des halles industrielles \u2013 et les maisons ouvri\u00e8res existantes.<\/p>\n<\/div><div class=\"sia-beratung-db-slide-text\" data-index=\"2\" style=\"display:none;\"><p>Une surface non b\u00e2tie arqu\u00e9e m\u00e8ne du lac de Constance aux rives de l\u2019Aach (un affluent du lac) \u00e0 travers l\u2019ancien site industriel. Elle relie aussi les anciennes constructions aux nouveaux immeubles. Le parc est compos\u00e9 d\u2019un r\u00e9seau de petites places urbaines et d\u2019une bande intens\u00e9ment v\u00e9g\u00e9talis\u00e9e qui forment un tout. L\u2019am\u00e9nagement reprend des th\u00e8mes li\u00e9s au pass\u00e9 de cette aire industrielle. Comme le site est contamin\u00e9, les modifications de terrain ont \u00e9t\u00e9 limit\u00e9es \u00e0 des interventions ponctuelles ; le parc a \u00e9t\u00e9 mis en place sur les sols industriels existants, sans modifications. Des surfaces vertes y constituent un r\u00e9seau aux lignes fluides qui se prolonge dans les placettes sous la forme de lentilles de gravier prises dans le sol asphalt\u00e9.<\/p>\n<\/div><div class=\"sia-beratung-db-slide-text\" data-index=\"3\" style=\"display:none;\"><p>La cl\u00f4ture de l\u2019usine et des restes de rails servent de rappels historiques&nbsp;: la voie combl\u00e9e de b\u00e9ton utilise de mani\u00e8re r\u00e9fl\u00e9chie le patrimoine b\u00e2ti pour r\u00e9pondre \u00e0 des besoins actuels, alors que la cl\u00f4ture en bois soigneusement restaur\u00e9e ne fait pas seulement office de limite, mais \u00e9tablit aussi une liaison entre les logements petits-bourgeois b\u00e2tis pour les employ\u00e9s de l\u2019usine et le quartier urbain moderne. Afin de tenir compte du sol essentiellement min\u00e9ral, une association v\u00e9g\u00e9tale pionni\u00e8re, exp\u00e9rimentale et sp\u00e9cifique au site a \u00e9t\u00e9 mise en place&nbsp;: elle comprend des esp\u00e8ces capables de s\u2019\u00e9panouir sur le gravier qui ne sont pas g\u00ean\u00e9es par le niveau \u00e9lev\u00e9 des eaux souterraines. Des groupes d\u2019arbres \u00e0 plusieurs troncs plant\u00e9s d\u00e9lib\u00e9r\u00e9ment de mani\u00e8re oblique ont \u00e9t\u00e9 plac\u00e9s entre les tron\u00e7ons de rails&nbsp;: ils forment une structure arboris\u00e9e qui influencera l\u2019espace sur le long terme, en cr\u00e9ant des clairi\u00e8res et en mettant les placettes en \u00e9vidence.<\/p>\n<\/div><\/div><div class=\"sia-beratung-db-filterbox\"><label class=\"toggle\" onclick=\"return window.siaBeratung.toggleFilterBox(this);\"><span>Construire dans le b\u00e2ti existant<\/span><span>Biodiversit\u00e9<\/span><span>Hochparterre<\/span><span>D\u00e9veloppement \u00e0 l\u2019int\u00e9rieur du milieu b\u00e2ti<\/span><span>Climat<\/span><span>Paysage<\/span><span>Politique immobili\u00e8re<\/span><span>Mobilit\u00e9<\/span><span>Durabilit\u00e9<\/span><span>Espace public<\/span><span>Partenariat public-priv\u00e9<\/span><span>Proc\u00e9dures d\u2019assurance qualit\u00e9<\/span><span>Strat\u00e9gies de d\u00e9veloppement territorial<\/span><span>Divers<\/span><\/label><div class=\"options\"><a href=\"#\" onclick=\"return window.siaBeratung.setFilterBoxFilter(135);\">Construire dans le b\u00e2ti existant<\/a><a href=\"#\" onclick=\"return window.siaBeratung.setFilterBoxFilter(136);\">Biodiversit\u00e9<\/a><a href=\"#\" onclick=\"return window.siaBeratung.setFilterBoxFilter(268);\">Hochparterre<\/a><a href=\"#\" onclick=\"return window.siaBeratung.setFilterBoxFilter(142);\">D\u00e9veloppement \u00e0 l\u2019int\u00e9rieur du milieu b\u00e2ti<\/a><a href=\"#\" onclick=\"return window.siaBeratung.setFilterBoxFilter(143);\">Climat<\/a><a href=\"#\" onclick=\"return window.siaBeratung.setFilterBoxFilter(144);\">Paysage<\/a><a href=\"#\" onclick=\"return window.siaBeratung.setFilterBoxFilter(145);\">Politique immobili\u00e8re<\/a><a href=\"#\" onclick=\"return window.siaBeratung.setFilterBoxFilter(147);\">Mobilit\u00e9<\/a><a href=\"#\" onclick=\"return window.siaBeratung.setFilterBoxFilter(148);\">Durabilit\u00e9<\/a><a href=\"#\" onclick=\"return window.siaBeratung.setFilterBoxFilter(149);\">Espace public<\/a><a href=\"#\" onclick=\"return window.siaBeratung.setFilterBoxFilter(164);\">Partenariat public-priv\u00e9<\/a><a href=\"#\" onclick=\"return window.siaBeratung.setFilterBoxFilter(166);\">Proc\u00e9dures d\u2019assurance qualit\u00e9<\/a><a href=\"#\" onclick=\"return window.siaBeratung.setFilterBoxFilter(167);\">Strat\u00e9gies de d\u00e9veloppement territorial<\/a><a href=\"#\" onclick=\"return window.siaBeratung.setFilterBoxFilter(267);\">Divers<\/a><a href=\"#\" onclick=\"return window.siaBeratung.setFilterBoxFilter([135,136,142,143,144,145,147,148,149,164,166,167,267,268,288,289,290]);\">Alle Filter ausw\u00e4hlen<\/a><\/div><\/div><label class=\"sia-beratung-db-filterbox-spacer\">&nbsp;<\/label><\/div><a class=\"swiper-button swiper-button-next desktop\"><\/a><\/div><\/div><div class=\"sia-beratung-db-entry-searchtext\">arbon: gemeinde fordert und f\u00f6rdert gr\u00fcnes | avec la transformation de la friche saurer, la commune exige et encourage \u00e0 la fois des espaces verts de qualit\u00e9. un concours a \u00e9t\u00e9 lanc\u00e9 en coop\u00e9ration avec les responsables des futures constructions, de mani\u00e8re \u00e0 ce que le meilleur projet d\u2019espaces non b\u00e2tis soit ex\u00e9cut\u00e9. la ville d\u2019arbon montre ainsi que la culture du b\u00e2ti peut \u2013 et doit \u2013 \u00eatre promue pour le bien de toutes les parties prenantes.r\u00f4le de la commune&nbsp;: investiguer, n\u00e9gocier, faire aboutir, mettre au concours, \u00e9valuer, d\u00e9ciderorganismes responsables\u00a0: commune, priv\u00e9sarchitecture paysag\u00e8re&nbsp;: krebs und herde, winterthoursource&nbsp;: hochparterre, hase in landschaftsarchitektur, mention (r\u00e9serv\u00e9 aux abonn\u00e9s) , article pdf | l\u2019espace vert, un \u00e9l\u00e9ment de liaison qui renforce l\u2019identit\u00e9.\r\u00a9 krebs und herde landschaftsarchitektur | un nouveau quartier urbain voit le jour sur le site de l\u2019ancienne fabrique de machines saurer \u00e0 arbon. c\u2019est en 1869 que franz saurer a lanc\u00e9 la production de machines \u00e0 tricoter \u00e0 c\u00f4t\u00e9 de la gare d\u2019arbon. sur les bords du lac de constance, d\u00e8s 1903, on construit aussi des camions, puis des v\u00e9hicules militaires. en 1920, pr\u00e8s de 3000 personnes entrent chaque jour dans cette ville-usine, et leur nombre d\u00e9passe m\u00eame 4500 en 1963. l\u2019usine saurer maschinenfabrik arbon a \u00e9t\u00e9 ferm\u00e9e vers la fin des ann\u00e9es 1990. en 2012, une soci\u00e9t\u00e9 immobili\u00e8re rach\u00e8te la friche industrielle de vingt hectares, en promettant d\u2019investir un demi-milliard de francs dans un nouveau quartier combinant habitat et activit\u00e9s professionnelles, et de construire un grand parc de deux hectares en coop\u00e9ration avec la ville. cet espace non b\u00e2ti en forme d\u2019arc relie la gare aux berges accueillantes de l\u2019aach, cr\u00e9e de nouveaux trac\u00e9s \u00e0 travers le site pour les pi\u00e9tons et les cyclistes, et fait office de liaison entre les nouveaux b\u00e2timents \u2013 aussi grands que des halles industrielles \u2013 et les maisons ouvri\u00e8res existantes. | des \u00eeles vertes pour am\u00e9liorer la biodiversit\u00e9 et le climat\r\u00a9 georg aerni | une surface non b\u00e2tie arqu\u00e9e m\u00e8ne du lac de constance aux rives de l\u2019aach (un affluent du lac) \u00e0 travers l\u2019ancien site industriel. elle relie aussi les anciennes constructions aux nouveaux immeubles. le parc est compos\u00e9 d\u2019un r\u00e9seau de petites places urbaines et d\u2019une bande intens\u00e9ment v\u00e9g\u00e9talis\u00e9e qui forment un tout. l\u2019am\u00e9nagement reprend des th\u00e8mes li\u00e9s au pass\u00e9 de cette aire industrielle. comme le site est contamin\u00e9, les modifications de terrain ont \u00e9t\u00e9 limit\u00e9es \u00e0 des interventions ponctuelles ; le parc a \u00e9t\u00e9 mis en place sur les sols industriels existants, sans modifications. des surfaces vertes y constituent un r\u00e9seau aux lignes fluides qui se prolonge dans les placettes sous la forme de lentilles de gravier prises dans le sol asphalt\u00e9. | la v\u00e9g\u00e9tation rend les espaces de d\u00e9tente plus attrayants.\r\u00a9 georg aerni\r | la cl\u00f4ture de l\u2019usine et des restes de rails servent de rappels historiques&nbsp;: la voie combl\u00e9e de b\u00e9ton utilise de mani\u00e8re r\u00e9fl\u00e9chie le patrimoine b\u00e2ti pour r\u00e9pondre \u00e0 des besoins actuels, alors que la cl\u00f4ture en bois soigneusement restaur\u00e9e ne fait pas seulement office de limite, mais \u00e9tablit aussi une liaison entre les logements petits-bourgeois b\u00e2tis pour les employ\u00e9s de l\u2019usine et le quartier urbain moderne. afin de tenir compte du sol essentiellement min\u00e9ral, une association v\u00e9g\u00e9tale pionni\u00e8re, exp\u00e9rimentale et sp\u00e9cifique au site a \u00e9t\u00e9 mise en place&nbsp;: elle comprend des esp\u00e8ces capables de s\u2019\u00e9panouir sur le gravier qui ne sont pas g\u00ean\u00e9es par le niveau \u00e9lev\u00e9 des eaux souterraines. des groupes d\u2019arbres \u00e0 plusieurs troncs plant\u00e9s d\u00e9lib\u00e9r\u00e9ment de mani\u00e8re oblique ont \u00e9t\u00e9 plac\u00e9s entre les tron\u00e7ons de rails&nbsp;: ils forment une structure arboris\u00e9e qui influencera l\u2019espace sur le long terme, en cr\u00e9ant des clairi\u00e8res et en mettant les placettes en \u00e9vidence. | \u00a9 swisstopo | bauen im bestand | biodiversit\u00e4t | innenentwicklung | klima | landschaft | liegenschaftspolitik | mobilit\u00e4t | nachhaltigkeit | \u00f6ffentlicher raum | ppp | qualit\u00e4tssichernde verfahren | r\u00e4umliche entwicklungsleitbilder | verschiedene | hochparterre | de | fr | it<\/div><\/article><article class=\"sia-beratung-db-entry\" data-id=\"2881\" data-cpt=\"sia-angebote\" data-slug=\"der-baumbestand-im-siedlungsraum-und-klimawandel\" data-lang-slug-de_de=\"der-baumbestand-im-siedlungsraum-und-klimawandel\" data-lang-slug-en_gb=\"\" data-lang-slug-fr_fr=\"\" data-lang-slug-it_it=\"\" data-lat=\"53.5507112\" data-lng=\"10.0008202\" data-filter-136=\"1\" data-filter-143=\"1\" data-filter-144=\"1\" data-filter-148=\"1\" data-filter-151=\"1\" data-filter-218=\"1\" data-filter-270=\"1\" data-filter-288=\"1\" data-filter-289=\"1\" data-all-filter=\"136,143,144,148,151,218,270,288,289\"><div class=\"sia-beratung-db-entry-header\" onclick=\"return window.siaBeratung.toggleCpt(this);\"><div class=\"col-1\">Arborisation en milieu  b\u00e2ti et changements climatiques. Guide pour les communes.<\/div><div class=\"col-2\"><span>Fribourg<\/span><\/div><div class=\"col-3\"><span>Guide<\/span><\/div><div class=\"sia-beratung-db-angle\"><span class=\"sia-beratung-angle\"><\/span><\/div><\/div><div class=\"sia-beratung-db-entry-content\"><div class=\"sia-beratung-db-entry-content-columns\"><div class=\"col-1\"><p>Le Service des for\u00eats et de la nature a \u00e9labor\u00e9 un guide \u00e0 l&#8217;intention des communes sur la mani\u00e8re de planifier leur patrimoine arbor\u00e9.<br \/>\nDans le contexte du changement climatique, il est particuli\u00e8rement important de diversifier les esp\u00e8ces d&#8217;arbres dans une commune. Si une esp\u00e8ce d&#8217;arbre venait \u00e0 dispara\u00eetre en raison du changement climatique ou d&#8217;une maladie, cela aurait moins d&#8217;impact dans une commune o\u00f9 de nombreuses esp\u00e8ces d&#8217;arbres diff\u00e9rentes ont \u00e9t\u00e9 plant\u00e9es que dans une commune qui s&#8217;est fortement concentr\u00e9e sur une seule esp\u00e8ce.<\/p>\n<\/div><div class=\"col-2\"><\/div><\/div><div class=\"sia-beratung-db-entry-footer\"><div class=\"col-1\"><a href=\"https:\/\/www.fr.ch\/sites\/default\/files\/2023-06\/guidearborisationavenir.pdf\" class=\"sia-beratung-db-entry-link\" target=\"_blank\" rel=\"noopener\">Link zum Angebot<\/a><\/div><div class=\"col-2\"><div class=\"sia-beratung-db-filterbox\"><label class=\"toggle\" onclick=\"return window.siaBeratung.toggleFilterBox(this);\"><span>Guide<\/span><span>Biodiversit\u00e9<\/span><span>Fribourg<\/span><span>Climat<\/span><span>Paysage<\/span><span>Durabilit\u00e9<\/span><span>Outils de planification<\/span><\/label><div class=\"options\"><a href=\"#\" onclick=\"return window.siaBeratung.setFilterBoxFilter(270);\">Guide<\/a><a href=\"#\" onclick=\"return window.siaBeratung.setFilterBoxFilter(136);\">Biodiversit\u00e9<\/a><a href=\"#\" onclick=\"return window.siaBeratung.setFilterBoxFilter(218);\">Fribourg<\/a><a href=\"#\" onclick=\"return window.siaBeratung.setFilterBoxFilter(143);\">Climat<\/a><a href=\"#\" onclick=\"return window.siaBeratung.setFilterBoxFilter(144);\">Paysage<\/a><a href=\"#\" onclick=\"return window.siaBeratung.setFilterBoxFilter(148);\">Durabilit\u00e9<\/a><a href=\"#\" onclick=\"return window.siaBeratung.setFilterBoxFilter(151);\">Outils de planification<\/a><a href=\"#\" onclick=\"return window.siaBeratung.setFilterBoxFilter([136,143,144,148,151,218,270,288,289]);\">Alle Filter ausw\u00e4hlen<\/a><\/div><\/div><label class=\"sia-beratung-db-filterbox-spacer\">&nbsp;<\/label><\/div><\/div><\/div><div class=\"sia-beratung-db-entry-searchtext\">der baumbestand im siedlungsraum und klimawandel. leitfaden f\u00fcr gemeinden. | le service des for\u00eats et de la nature a \u00e9labor\u00e9 un guide \u00e0 l&#8217;intention des communes sur la mani\u00e8re de planifier leur patrimoine arbor\u00e9.dans le contexte du changement climatique, il est particuli\u00e8rement important de diversifier les esp\u00e8ces d&#8217;arbres dans une commune. si une esp\u00e8ce d&#8217;arbre venait \u00e0 dispara\u00eetre en raison du changement climatique ou d&#8217;une maladie, cela aurait moins d&#8217;impact dans une commune o\u00f9 de nombreuses esp\u00e8ces d&#8217;arbres diff\u00e9rentes ont \u00e9t\u00e9 plant\u00e9es que dans une commune qui s&#8217;est fortement concentr\u00e9e sur une seule esp\u00e8ce. | biodiversit\u00e4t | klima | landschaft | nachhaltigkeit | planungsinstrumente | freiburg | arbeitshilfe | de | fr<\/div><\/article><article class=\"sia-beratung-db-entry\" data-id=\"1645\" data-cpt=\"sia-ausbildung\" data-slug=\"architecture-climatique\" data-lat=\"46.7792215374578\" data-lng=\"6.65930376933155\" data-filter-135=\"1\" data-filter-136=\"1\" data-filter-140=\"1\" data-filter-142=\"1\" data-filter-143=\"1\" data-filter-148=\"1\" data-filter-200=\"1\" data-filter-201=\"1\" data-filter-202=\"1\" data-filter-205=\"1\" data-filter-272=\"1\" data-filter-289=\"1\" data-all-filter=\"135,136,140,142,143,148,200,201,202,205,272,289\"><div class=\"sia-beratung-db-entry-header\" onclick=\"return window.siaBeratung.toggleCpt(this);\"><div class=\"col-1\">Architecture climatique<\/div><div class=\"col-2\"><span>HEIG-VD Haute Ecole d'Ing\u00e9nierie et de Gestion du Canton de Vaud<\/span><span>HEPIA Haute \u00e9cole du paysage, d'ing\u00e9nierie et d'architecture de Gen\u00e8ve<\/span><span>HES-SO Valais-Wallis<\/span><span>HEIA-FR Haute \u00e9cole d'ing\u00e9nierie et d'architecture de Fribourg<\/span><\/div><div class=\"col-3\"><span>CAS<\/span><\/div><div class=\"sia-beratung-db-angle\"><span class=\"sia-beratung-angle\"><\/span><\/div><\/div><div class=\"sia-beratung-db-entry-content\"><div class=\"sia-beratung-db-entry-content-columns\"><div class=\"col-1\"><p>Ce CAS a pour objectifs f&#8217;apporter des connaissances dans les domaines de l\u2019environnement int\u00e9rieur et des constructions \u00e9cologiques, i.e. des conditions d&#8217;existence et des interactions entre les b\u00e2timents et son environnement.<\/p>\n<\/div><div class=\"col-2\"><\/div><\/div><div class=\"sia-beratung-db-entry-footer\"><div class=\"col-1\"><a href=\"http:\/\/www.mas-eddbat.ch\/programme\/cas-ac.aspx\" class=\"sia-beratung-db-entry-link\" target=\"_blank\" rel=\"noopener\">Link zum Angebot<\/a><\/div><div class=\"col-2\"><div class=\"sia-beratung-db-filterbox\"><label class=\"toggle\" onclick=\"return window.siaBeratung.toggleFilterBox(this);\"><span>Construire dans le b\u00e2ti existant<\/span><span>Biodiversit\u00e9<\/span><span>CAS<\/span><span>Energie<\/span><span>HEIG-VD Haute Ecole d'Ing\u00e9nierie et de Gestion du Canton de Vaud<\/span><span>HEPIA Haute \u00e9cole du paysage, d'ing\u00e9nierie et d'architecture de Gen\u00e8ve<\/span><span>HES-SO Valais-Wallis<\/span><span>HEIA-FR Haute \u00e9cole d'ing\u00e9nierie et d'architecture de Fribourg<\/span><span>D\u00e9veloppement \u00e0 l\u2019int\u00e9rieur du milieu b\u00e2ti<\/span><span>Climat<\/span><span>Durabilit\u00e9<\/span><\/label><div class=\"options\"><a href=\"#\" onclick=\"return window.siaBeratung.setFilterBoxFilter(135);\">Construire dans le b\u00e2ti existant<\/a><a href=\"#\" onclick=\"return window.siaBeratung.setFilterBoxFilter(136);\">Biodiversit\u00e9<\/a><a href=\"#\" onclick=\"return window.siaBeratung.setFilterBoxFilter(272);\">CAS<\/a><a href=\"#\" onclick=\"return window.siaBeratung.setFilterBoxFilter(140);\">Energie<\/a><a href=\"#\" onclick=\"return window.siaBeratung.setFilterBoxFilter(200);\">HEIG-VD Haute Ecole d'Ing\u00e9nierie et de Gestion du Canton de Vaud<\/a><a href=\"#\" onclick=\"return window.siaBeratung.setFilterBoxFilter(201);\">HEPIA Haute \u00e9cole du paysage, d'ing\u00e9nierie et d'architecture de Gen\u00e8ve<\/a><a href=\"#\" onclick=\"return window.siaBeratung.setFilterBoxFilter(202);\">HES-SO Valais-Wallis<\/a><a href=\"#\" onclick=\"return window.siaBeratung.setFilterBoxFilter(205);\">HEIA-FR Haute \u00e9cole d'ing\u00e9nierie et d'architecture de Fribourg<\/a><a href=\"#\" onclick=\"return window.siaBeratung.setFilterBoxFilter(142);\">D\u00e9veloppement \u00e0 l\u2019int\u00e9rieur du milieu b\u00e2ti<\/a><a href=\"#\" onclick=\"return window.siaBeratung.setFilterBoxFilter(143);\">Climat<\/a><a href=\"#\" onclick=\"return window.siaBeratung.setFilterBoxFilter(148);\">Durabilit\u00e9<\/a><a href=\"#\" onclick=\"return window.siaBeratung.setFilterBoxFilter([135,136,140,142,143,148,200,201,202,205,272,289]);\">Alle Filter ausw\u00e4hlen<\/a><\/div><\/div><label class=\"sia-beratung-db-filterbox-spacer\">&nbsp;<\/label><\/div><\/div><\/div><div class=\"sia-beratung-db-entry-searchtext\">architecture climatique | ce cas a pour objectifs f&#8217;apporter des connaissances dans les domaines de l\u2019environnement int\u00e9rieur et des constructions \u00e9cologiques, i.e. des conditions d&#8217;existence et des interactions entre les b\u00e2timents et son environnement. | bauen im bestand | biodiversit\u00e4t | energie | innenentwicklung | klima | nachhaltigkeit | heig-vd haute ecole d'ing\u00e9nierie et de gestion du canton de vaud | hepia haute \u00e9cole du paysage, d'ing\u00e9nierie et d'architecture de gen\u00e8ve | hes-so valais-wallis | hta-fr hochschule f\u00fcr technik und architektur freiburg | cas | fr<\/div><\/article><article class=\"sia-beratung-db-entry\" data-id=\"1624\" data-cpt=\"sia-angebote\" data-slug=\"solare-architektur-jetzt-und-fuer-die-zukunft\" data-lang-slug-de_de=\"\" data-lang-slug-en_gb=\"\" data-lang-slug-fr_fr=\"\" data-lang-slug-it_it=\"\" data-lat=\"53.5507112\" data-lng=\"10.0008202\" data-filter-140=\"1\" data-filter-143=\"1\" data-filter-148=\"1\" data-filter-180=\"1\" data-filter-270=\"1\" data-filter-288=\"1\" data-filter-289=\"1\" data-all-filter=\"140,143,148,180,270,288,289\"><div class=\"sia-beratung-db-entry-header\" onclick=\"return window.siaBeratung.toggleCpt(this);\"><div class=\"col-1\">Architecture solaire \u2013 aujourd'hui et pour demain<\/div><div class=\"col-2\"><span>OFEN Office f\u00e9d\u00e9ral de l'\u00e9nergie<\/span><\/div><div class=\"col-3\"><span>Guide<\/span><\/div><div class=\"sia-beratung-db-angle\"><span class=\"sia-beratung-angle\"><\/span><\/div><\/div><div class=\"sia-beratung-db-entry-content\"><div class=\"sia-beratung-db-entry-content-columns\"><div class=\"col-1\"><p>Dans la brochure &#8222;Architecture solaire &#8211; Maintenant et pour l&#8217;avenir&#8220;, vous trouverez des informations sur des th\u00e8mes tels que les diff\u00e9rentes technologies solaires, la conception architecturale avec l&#8217;\u00e9nergie solaire et l&#8217;int\u00e9gration dans les toits.<\/p>\n<\/div><div class=\"col-2\"><\/div><\/div><div class=\"sia-beratung-db-entry-footer\"><div class=\"col-1\"><a href=\"https:\/\/www.bfe.admin.ch\/bfe\/de\/home\/news-und-medien\/publikationen.exturl.html\/aHR0cHM6Ly9wdWJkYi5iZmUuYWRtaW4uY2gvZnIvcHVibGljYX\/Rpb24vZG93bmxvYWQvOTY2Mg==.html\" class=\"sia-beratung-db-entry-link\" target=\"_blank\" rel=\"noopener\">Link zum Angebot<\/a><\/div><div class=\"col-2\"><div class=\"sia-beratung-db-filterbox\"><label class=\"toggle\" onclick=\"return window.siaBeratung.toggleFilterBox(this);\"><span>Guide<\/span><span>OFEN Office f\u00e9d\u00e9ral de l'\u00e9nergie<\/span><span>Energie<\/span><span>Climat<\/span><span>Durabilit\u00e9<\/span><\/label><div class=\"options\"><a href=\"#\" onclick=\"return window.siaBeratung.setFilterBoxFilter(270);\">Guide<\/a><a href=\"#\" onclick=\"return window.siaBeratung.setFilterBoxFilter(180);\">OFEN Office f\u00e9d\u00e9ral de l'\u00e9nergie<\/a><a href=\"#\" onclick=\"return window.siaBeratung.setFilterBoxFilter(140);\">Energie<\/a><a href=\"#\" onclick=\"return window.siaBeratung.setFilterBoxFilter(143);\">Climat<\/a><a href=\"#\" onclick=\"return window.siaBeratung.setFilterBoxFilter(148);\">Durabilit\u00e9<\/a><a href=\"#\" onclick=\"return window.siaBeratung.setFilterBoxFilter([140,143,148,180,270,288,289]);\">Alle Filter ausw\u00e4hlen<\/a><\/div><\/div><label class=\"sia-beratung-db-filterbox-spacer\">&nbsp;<\/label><\/div><\/div><\/div><div class=\"sia-beratung-db-entry-searchtext\">solare architektur \u2013 jetzt und f\u00fcr die zukunft | dans la brochure &#8222;architecture solaire &#8211; maintenant et pour l&#8217;avenir&#8220;, vous trouverez des informations sur des th\u00e8mes tels que les diff\u00e9rentes technologies solaires, la conception architecturale avec l&#8217;\u00e9nergie solaire et l&#8217;int\u00e9gration dans les toits. | energie | klima | nachhaltigkeit | bfe bundesamt f\u00fcr energie | arbeitshilfe | de | fr<\/div><\/article><article class=\"sia-beratung-db-entry\" data-id=\"1646\" data-cpt=\"sia-ausbildung\" data-slug=\"areal-und-immobilienprojektentwicklung\" data-lang-slug-de_de=\"\" data-lang-slug-en_gb=\"\" data-lang-slug-fr_fr=\"\" data-lang-slug-it_it=\"\" data-lat=\"47.0624020457509\" data-lng=\"7.61420934217055\" data-filter-135=\"1\" data-filter-142=\"1\" data-filter-144=\"1\" data-filter-146=\"1\" data-filter-148=\"1\" data-filter-149=\"1\" data-filter-151=\"1\" data-filter-152=\"1\" data-filter-154=\"1\" data-filter-161=\"1\" data-filter-166=\"1\" data-filter-169=\"1\" data-filter-193=\"1\" data-filter-272=\"1\" data-filter-288=\"1\" data-all-filter=\"135,142,144,146,148,149,151,152,154,161,166,169,193,272,288\"><div class=\"sia-beratung-db-entry-header\" onclick=\"return window.siaBeratung.toggleCpt(this);\"><div class=\"col-1\">Areal- und Immobilienprojektentwicklung<\/div><div class=\"col-2\"><span>FH Haute \u00e9cole sp\u00e9cialis\u00e9e de Berne<\/span><\/div><div class=\"col-3\"><span>CAS<\/span><\/div><div class=\"sia-beratung-db-angle\"><span class=\"sia-beratung-angle\"><\/span><\/div><\/div><div class=\"sia-beratung-db-entry-content\"><div class=\"sia-beratung-db-entry-content-columns\"><div class=\"col-1\"><p>Im CAS Areal- und Immobilienprojektentwicklung lernen Sie, die Bed\u00fcrfnisse der Investoren und Nutzer bei der Entwicklung von Arealen und Immobilien in fr\u00fchen Phasen (Phase 0\/1\/2) miteinzubeziehen. Die Methoden der Arealentwicklung unterscheiden sich zu den bereits etablierten Immobilienentwicklungsprozessen deutlich!<\/p>\n<\/div><div class=\"col-2\"><\/div><\/div><div class=\"sia-beratung-db-entry-footer\"><div class=\"col-1\"><a href=\"https:\/\/www.bfh.ch\/ahb\/de\/weiterbildung\/cas\/areal-immobilienprojektentwicklung\/\" class=\"sia-beratung-db-entry-link\" target=\"_blank\" rel=\"noopener\">Link zum Angebot<\/a><\/div><div class=\"col-2\"><div class=\"sia-beratung-db-filterbox\"><label class=\"toggle\" onclick=\"return window.siaBeratung.toggleFilterBox(this);\"><span>Proc\u00e9dures d\u2019autorisation de construire<\/span><span>Construire dans le b\u00e2ti existant<\/span><span>FH Haute \u00e9cole sp\u00e9cialis\u00e9e de Berne<\/span><span>CAS<\/span><span>D\u00e9veloppement \u00e0 l\u2019int\u00e9rieur du milieu b\u00e2ti<\/span><span>Projets de construction communaux<\/span><span>Paysage<\/span><span>Participation<\/span><span>Durabilit\u00e9<\/span><span>Espace public<\/span><span>Outils de planification<\/span><span>Processus<\/span><span>Proc\u00e9dures d\u2019assurance qualit\u00e9<\/span><span>Plans d\u2019affectation sp\u00e9ciaux<\/span><\/label><div class=\"options\"><a href=\"#\" onclick=\"return window.siaBeratung.setFilterBoxFilter(154);\">Proc\u00e9dures d\u2019autorisation de construire<\/a><a href=\"#\" onclick=\"return window.siaBeratung.setFilterBoxFilter(135);\">Construire dans le b\u00e2ti existant<\/a><a href=\"#\" onclick=\"return window.siaBeratung.setFilterBoxFilter(193);\">FH Haute \u00e9cole sp\u00e9cialis\u00e9e de Berne<\/a><a href=\"#\" onclick=\"return window.siaBeratung.setFilterBoxFilter(272);\">CAS<\/a><a href=\"#\" onclick=\"return window.siaBeratung.setFilterBoxFilter(142);\">D\u00e9veloppement \u00e0 l\u2019int\u00e9rieur du milieu b\u00e2ti<\/a><a href=\"#\" onclick=\"return window.siaBeratung.setFilterBoxFilter(161);\">Projets de construction communaux<\/a><a href=\"#\" onclick=\"return window.siaBeratung.setFilterBoxFilter(144);\">Paysage<\/a><a href=\"#\" onclick=\"return window.siaBeratung.setFilterBoxFilter(146);\">Participation<\/a><a href=\"#\" onclick=\"return window.siaBeratung.setFilterBoxFilter(148);\">Durabilit\u00e9<\/a><a href=\"#\" onclick=\"return window.siaBeratung.setFilterBoxFilter(149);\">Espace public<\/a><a href=\"#\" onclick=\"return window.siaBeratung.setFilterBoxFilter(151);\">Outils de planification<\/a><a href=\"#\" onclick=\"return window.siaBeratung.setFilterBoxFilter(152);\">Processus<\/a><a href=\"#\" onclick=\"return window.siaBeratung.setFilterBoxFilter(166);\">Proc\u00e9dures d\u2019assurance qualit\u00e9<\/a><a href=\"#\" onclick=\"return window.siaBeratung.setFilterBoxFilter(169);\">Plans d\u2019affectation sp\u00e9ciaux<\/a><a href=\"#\" onclick=\"return window.siaBeratung.setFilterBoxFilter([135,142,144,146,148,149,151,152,154,161,166,169,193,272,288]);\">Alle Filter ausw\u00e4hlen<\/a><\/div><\/div><label class=\"sia-beratung-db-filterbox-spacer\">&nbsp;<\/label><\/div><\/div><\/div><div class=\"sia-beratung-db-entry-searchtext\">areal- und immobilienprojektentwicklung | im cas areal- und immobilienprojektentwicklung lernen sie, die bed\u00fcrfnisse der investoren und nutzer bei der entwicklung von arealen und immobilien in fr\u00fchen phasen (phase 0\/1\/2) miteinzubeziehen. die methoden der arealentwicklung unterscheiden sich zu den bereits etablierten immobilienentwicklungsprozessen deutlich! | bauen im bestand | innenentwicklung | landschaft | mitwirkung | nachhaltigkeit | \u00f6ffentlicher raum | planungsinstrumente | prozesse | baubewilligungsverfahren | kommunale bauprojekte | qualit\u00e4tssichernde verfahren | sondernutzplanung | bfh berner fachhochschule | cas | de<\/div><\/article><article class=\"sia-beratung-db-entry\" data-id=\"5623\" data-cpt=\"sia-beispiele\" data-slug=\"basel-bs-sonnenenergie-im-dienste-der-baukultur\" data-lang-slug-de_de=\"\" data-lang-slug-en_gb=\"\" data-lang-slug-fr_fr=\"\" data-lang-slug-it_it=\"\" data-lat=\"47.5465385\" data-lng=\"7.5784206\" data-filter-135=\"1\" data-filter-140=\"1\" data-filter-148=\"1\" data-filter-154=\"1\" data-all-filter=\"135,140,148,154\"><div class=\"sia-beratung-db-entry-header\" onclick=\"return window.siaBeratung.toggleCpt(this);\"><div class=\"col-1\">B\u00e2le: le solaire au service de la qualit\u00e9<\/div><div class=\"col-2\">Basel, BS<\/div><div class=\"sia-beratung-db-angle\"><span class=\"sia-beratung-angle\"><\/span><\/div><\/div><div class=\"sia-beratung-db-entry-content\"><div class=\"sia-beratung-db-entry-content-columns\"><div class=\"col-1\"><div class=\"sia-beratung-db-entry-slides\"><div class=\"sia-beratung-db-entry-swiper\"><div class=\"swiper-wrapper\"><div class=\"swiper-slide\"><img loading=\"lazy\" decoding=\"async\" src=\"https:\/\/baukulturschweiz.ch\/wp-content\/uploads\/2025\/12\/Photo-1-2-1024x768.jpg\" width=\"1024\" height=\"768\" \/><\/div><div class=\"swiper-slide\"><img loading=\"lazy\" decoding=\"async\" src=\"https:\/\/baukulturschweiz.ch\/wp-content\/uploads\/2025\/12\/Photo-2-2-1024x768.jpg\" width=\"1024\" height=\"768\" \/><\/div><div class=\"swiper-slide\"><img loading=\"lazy\" decoding=\"async\" src=\"https:\/\/baukulturschweiz.ch\/wp-content\/uploads\/2026\/02\/website_1-1024x768.jpg\" width=\"1024\" height=\"768\" \/><\/div><div class=\"swiper-slide\"><img loading=\"lazy\" decoding=\"async\" src=\"https:\/\/baukulturschweiz.ch\/wp-content\/uploads\/2026\/02\/website_2-1024x768.jpg\" width=\"1024\" height=\"768\" \/><\/div><div class=\"swiper-slide\"><img loading=\"lazy\" decoding=\"async\" src=\"https:\/\/baukulturschweiz.ch\/wp-content\/uploads\/2025\/12\/Basel_final-1024x675.png\" width=\"1024\" height=\"675\" \/><\/div><\/div><\/div><a class=\"swiper-button swiper-button-prev\"><\/a><a class=\"swiper-button swiper-button-next mobile\"><\/a><div class=\"sia-beratung-db-slide-legends\"><small data-index=\"0\">A droite, l\u2019immeuble r\u00e9sidentiel a \u00e9t\u00e9 r\u00e9nov\u00e9 en int\u00e9grant du photovoltaique \u00a9 Salath\u00e9 Architekten<\/small><small data-index=\"1\" style=\"display:none;\">Construit dans les ann\u00e9es 1960, l\u2019immeuble illustre la typologie caract\u00e9ristique du quartier de Bachletten \u00a9 Salath\u00e9 Architekten<\/small><small data-index=\"2\" style=\"display:none;\">Int\u00e9gration discr\u00e8te des modules sur l\u2019enveloppe du b\u00e2timent \u00a9 Salath\u00e9 Architekten<\/small><small data-index=\"3\" style=\"display:none;\">Jeu d\u2019inclinaison des modules, afin d\u2019\u00e9viter une uniformisation excessive \u00a9 Salath\u00e9 Architekten<\/small><small data-index=\"4\" style=\"display:none;\">\u00a9 Swisstopo<\/small><small class=\"pageNo\">1\/5<\/small><\/div><\/div><\/div><div class=\"col-2\"><div class=\"sia-beratung-db-slide-texts\"><div class=\"sia-beratung-db-slide-text\" data-index=\"0\"><p>A l\u2019Oberwilerstrasse, un b\u00e2timent se pare de vert : des fa\u00e7ades renouvel\u00e9es r\u00e9v\u00e8lent une int\u00e9gration solaire discr\u00e8te, sans alt\u00e9rer la substance du b\u00e2timent.<\/p>\n<p>&nbsp;<\/p>\n<div class=\"pointer-events-none h-px w-px absolute bottom-0\" aria-hidden=\"true\" data-edge=\"true\"><strong>R\u00f4le de la commune:<\/strong> autoriser, l\u00e9gitimer<br data-start=\"104\" data-end=\"107\" \/><strong>Organisme responsable:<\/strong> parc zoologique de B\u00e2les<br data-start=\"147\" data-end=\"150\" \/><strong>Architectes:<\/strong> Salath\u00e9 Architectes<br data-start=\"182\" data-end=\"185\" \/><strong>Source:<\/strong> <a href=\"https:\/\/www.espazium.ch\/fr\/node\/37348\">Espazium<\/a><\/div>\n<\/div><div class=\"sia-beratung-db-slide-text\" data-index=\"1\" style=\"display:none;\"><p>La Oberwilerstrasse, situ\u00e9e dans le quartier bourgeois de Bachletten \u00e0 B\u00e2le, se distingue par ses immeubles de cinq \u00e9tages aux fa\u00e7ades ocre-jaun\u00e2tre, typiques des ann\u00e9es 1960. R\u00e9cemment, une touche de vert y a fait son apparition. \u00c0 l\u2019origine de ce changement : le zoo de B\u00e2le, propri\u00e9taire d\u2019un immeuble r\u00e9sidentiel dans son parc immobilier, a souhait\u00e9 le transformer en un centre \u00e9nerg\u00e9tique durable. Il a lanc\u00e9 un appel d\u2019offres portant \u00e0 la fois sur la r\u00e9novation de l\u2019enveloppe du b\u00e2timent et sur l\u2019int\u00e9gration d\u2019une installation solaire, en toiture ou en fa\u00e7ade.<\/p>\n<\/div><div class=\"sia-beratung-db-slide-text\" data-index=\"2\" style=\"display:none;\"><p>Construit en 1962, le b\u00e2timent est r\u00e9nov\u00e9 entre 2020 et 2022 par l\u2019agence Salath\u00e9 architectes. Les \u00e9l\u00e9vations sud, est et ouest sont \u00e9quip\u00e9es de modules photovolta\u00efques vert fonc\u00e9, conf\u00e9rant au b\u00e2timent une nouvelle identit\u00e9 visuelle. Ce choix de teinte, qui entraine une perte de rendement d\u2019environ 25 % par rapport \u00e0 des panneaux noirs classiques, apporte en revanche une expression architecturale singuli\u00e8re et \u00e9l\u00e9gante. Les \u00e9l\u00e9ments sont pos\u00e9s en bandeaux horizontaux l\u00e9g\u00e8rement inclin\u00e9s, offrant une composition rythm\u00e9e. Contrairement \u00e0 de nombreuses constructions solaires au rendu monolithique et fig\u00e9, ce b\u00e2timent d\u00e9gage une impression de l\u00e9g\u00e8ret\u00e9. Les modules, aux joints volontairement irr\u00e9guliers, animent les fa\u00e7ades et \u00e9vitent toute uniformit\u00e9 excessive. L\u2019aspect mat et rainur\u00e9 du verre, combin\u00e9 \u00e0 la couleur vert fonc\u00e9, renforce cette finesse d\u2019ensemble. Ici, l&#8217;int\u00e9gration solaire ne se superpose pas au b\u00e2timent : elle s\u2019adapte, elle compose, et elle dialogue avec l\u2019existant.<\/p>\n<\/div><div class=\"sia-beratung-db-slide-text\" data-index=\"3\" style=\"display:none;\"><p>Avec ses 350 m\u00b2 de surface solaire, le b\u00e2timent produit d\u00e9sormais 71 000 kWh par an. Ce choix de r\u00e9novation partielle constitue une alternative \u00e9conomique et durable \u00e0 une reconstruction totale. En conservant les volumes, les agencements int\u00e9rieurs et les mat\u00e9riaux d\u2019origine, le projet privil\u00e9gie une approche sobre mais efficace. Il d\u00e9montre que performance \u00e9nerg\u00e9tique et qualit\u00e9 architecturale peuvent coexister. Le secteur solaire reconna\u00eet d\u00e9sormais l\u2019importance d\u2019une int\u00e9gration soign\u00e9e des installations dans l\u2019environnement b\u00e2ti.<\/p>\n<\/div><div class=\"sia-beratung-db-slide-text\" data-index=\"4\" style=\"display:none;\"><p>Une gamme plus diversifi\u00e9e de verres et de teintes permet d\u00e9sormais aux concepteurs et conceptrices d\u2019adapter leurs choix esth\u00e9tiques et techniques aux particularit\u00e9s de chaque site. Ce projet en est une illustration convaincante : il rappelle que l\u2019int\u00e9gration du photovolta\u00efque doit \u00eatre pens\u00e9e en fonction du contexte et des contraintes architecturales.<\/p>\n<\/div><\/div><div class=\"sia-beratung-db-filterbox\"><label class=\"toggle\" onclick=\"return window.siaBeratung.toggleFilterBox(this);\"><span>Proc\u00e9dures d\u2019autorisation de construire<\/span><span>Construire dans le b\u00e2ti existant<\/span><span>Energie<\/span><span>Durabilit\u00e9<\/span><\/label><div class=\"options\"><a href=\"#\" onclick=\"return window.siaBeratung.setFilterBoxFilter(154);\">Proc\u00e9dures d\u2019autorisation de construire<\/a><a href=\"#\" onclick=\"return window.siaBeratung.setFilterBoxFilter(135);\">Construire dans le b\u00e2ti existant<\/a><a href=\"#\" onclick=\"return window.siaBeratung.setFilterBoxFilter(140);\">Energie<\/a><a href=\"#\" onclick=\"return window.siaBeratung.setFilterBoxFilter(148);\">Durabilit\u00e9<\/a><a href=\"#\" onclick=\"return window.siaBeratung.setFilterBoxFilter([135,140,148,154]);\">Alle Filter ausw\u00e4hlen<\/a><\/div><\/div><label class=\"sia-beratung-db-filterbox-spacer\">&nbsp;<\/label><\/div><a class=\"swiper-button swiper-button-next desktop\"><\/a><\/div><\/div><div class=\"sia-beratung-db-entry-searchtext\">basel: sonnenenergie im dienste der baukultur | a l\u2019oberwilerstrasse, un b\u00e2timent se pare de vert : des fa\u00e7ades renouvel\u00e9es r\u00e9v\u00e8lent une int\u00e9gration solaire discr\u00e8te, sans alt\u00e9rer la substance du b\u00e2timent.&nbsp;r\u00f4le de la commune: autoriser, l\u00e9gitimerorganisme responsable: parc zoologique de b\u00e2lesarchitectes: salath\u00e9 architectessource: espazium | a droite, l\u2019immeuble r\u00e9sidentiel a \u00e9t\u00e9 r\u00e9nov\u00e9 en int\u00e9grant du photovoltaique \u00a9 salath\u00e9 architekten | la oberwilerstrasse, situ\u00e9e dans le quartier bourgeois de bachletten \u00e0 b\u00e2le, se distingue par ses immeubles de cinq \u00e9tages aux fa\u00e7ades ocre-jaun\u00e2tre, typiques des ann\u00e9es 1960. r\u00e9cemment, une touche de vert y a fait son apparition. \u00e0 l\u2019origine de ce changement : le zoo de b\u00e2le, propri\u00e9taire d\u2019un immeuble r\u00e9sidentiel dans son parc immobilier, a souhait\u00e9 le transformer en un centre \u00e9nerg\u00e9tique durable. il a lanc\u00e9 un appel d\u2019offres portant \u00e0 la fois sur la r\u00e9novation de l\u2019enveloppe du b\u00e2timent et sur l\u2019int\u00e9gration d\u2019une installation solaire, en toiture ou en fa\u00e7ade. | construit dans les ann\u00e9es 1960, l\u2019immeuble illustre la typologie caract\u00e9ristique du quartier de bachletten \u00a9 salath\u00e9 architekten | construit en 1962, le b\u00e2timent est r\u00e9nov\u00e9 entre 2020 et 2022 par l\u2019agence salath\u00e9 architectes. les \u00e9l\u00e9vations sud, est et ouest sont \u00e9quip\u00e9es de modules photovolta\u00efques vert fonc\u00e9, conf\u00e9rant au b\u00e2timent une nouvelle identit\u00e9 visuelle. ce choix de teinte, qui entraine une perte de rendement d\u2019environ 25 % par rapport \u00e0 des panneaux noirs classiques, apporte en revanche une expression architecturale singuli\u00e8re et \u00e9l\u00e9gante. les \u00e9l\u00e9ments sont pos\u00e9s en bandeaux horizontaux l\u00e9g\u00e8rement inclin\u00e9s, offrant une composition rythm\u00e9e. contrairement \u00e0 de nombreuses constructions solaires au rendu monolithique et fig\u00e9, ce b\u00e2timent d\u00e9gage une impression de l\u00e9g\u00e8ret\u00e9. les modules, aux joints volontairement irr\u00e9guliers, animent les fa\u00e7ades et \u00e9vitent toute uniformit\u00e9 excessive. l\u2019aspect mat et rainur\u00e9 du verre, combin\u00e9 \u00e0 la couleur vert fonc\u00e9, renforce cette finesse d\u2019ensemble. ici, l&#8217;int\u00e9gration solaire ne se superpose pas au b\u00e2timent : elle s\u2019adapte, elle compose, et elle dialogue avec l\u2019existant. | int\u00e9gration discr\u00e8te des modules sur l\u2019enveloppe du b\u00e2timent \u00a9 salath\u00e9 architekten | avec ses 350 m\u00b2 de surface solaire, le b\u00e2timent produit d\u00e9sormais 71 000 kwh par an. ce choix de r\u00e9novation partielle constitue une alternative \u00e9conomique et durable \u00e0 une reconstruction totale. en conservant les volumes, les agencements int\u00e9rieurs et les mat\u00e9riaux d\u2019origine, le projet privil\u00e9gie une approche sobre mais efficace. il d\u00e9montre que performance \u00e9nerg\u00e9tique et qualit\u00e9 architecturale peuvent coexister. le secteur solaire reconna\u00eet d\u00e9sormais l\u2019importance d\u2019une int\u00e9gration soign\u00e9e des installations dans l\u2019environnement b\u00e2ti. | jeu d\u2019inclinaison des modules, afin d\u2019\u00e9viter une uniformisation excessive \u00a9 salath\u00e9 architekten | une gamme plus diversifi\u00e9e de verres et de teintes permet d\u00e9sormais aux concepteurs et conceptrices d\u2019adapter leurs choix esth\u00e9tiques et techniques aux particularit\u00e9s de chaque site. ce projet en est une illustration convaincante : il rappelle que l\u2019int\u00e9gration du photovolta\u00efque doit \u00eatre pens\u00e9e en fonction du contexte et des contraintes architecturales. | \u00a9 swisstopo | bauen im bestand | energie | nachhaltigkeit | baubewilligungsverfahren<\/div><\/article><article class=\"sia-beratung-db-entry\" data-id=\"2964\" data-cpt=\"sia-beispiele\" data-slug=\"strategischer-stadtentwicklungsprozess-basel-2050\" data-lang-slug-de_de=\"\" data-lang-slug-en_gb=\"\" data-lang-slug-fr_fr=\"\" data-lang-slug-it_it=\"\" data-lat=\"47.5579939\" data-lng=\"7.5879478\" data-filter-139=\"1\" data-filter-146=\"1\" data-filter-151=\"1\" data-filter-152=\"1\" data-filter-166=\"1\" data-filter-167=\"1\" data-filter-168=\"1\" data-filter-216=\"1\" data-filter-288=\"1\" data-filter-289=\"1\" data-filter-290=\"1\" data-all-filter=\"139,146,151,152,166,167,168,216,288,289,290\"><div class=\"sia-beratung-db-entry-header\" onclick=\"return window.siaBeratung.toggleCpt(this);\"><div class=\"col-1\">Basel 2050\u00a0: processus strat\u00e9gique de d\u00e9veloppement de la ville<\/div><div class=\"col-2\">Basel, BS<\/div><div class=\"sia-beratung-db-angle\"><span class=\"sia-beratung-angle\"><\/span><\/div><\/div><div class=\"sia-beratung-db-entry-content\"><div class=\"sia-beratung-db-entry-content-columns\"><div class=\"col-1\"><div class=\"sia-beratung-db-entry-slides\"><div class=\"sia-beratung-db-entry-swiper\"><div class=\"swiper-wrapper\"><div class=\"swiper-slide\"><img loading=\"lazy\" decoding=\"async\" src=\"https:\/\/baukulturschweiz.ch\/wp-content\/uploads\/2024\/05\/01_Basel_photo-maquette_cTomBisig-copie-1024x768.jpg\" width=\"1024\" height=\"768\" \/><\/div><div class=\"swiper-slide\"><img loading=\"lazy\" decoding=\"async\" src=\"https:\/\/baukulturschweiz.ch\/wp-content\/uploads\/2024\/05\/04_Basel_2_photo-interieurcTomBisig_copie-1024x768.jpg\" width=\"1024\" height=\"768\" \/><\/div><div class=\"swiper-slide\"><img loading=\"lazy\" decoding=\"async\" src=\"https:\/\/baukulturschweiz.ch\/wp-content\/uploads\/2024\/05\/04_Basel_3cStaedtebauArchitektur-copie-1024x768.jpg\" width=\"1024\" height=\"768\" \/><\/div><div class=\"swiper-slide\"><img loading=\"lazy\" decoding=\"async\" src=\"https:\/\/baukulturschweiz.ch\/wp-content\/uploads\/2024\/05\/04_Basel_4cTomBisig-1024x768.jpg\" width=\"1024\" height=\"768\" \/><\/div><\/div><\/div><a class=\"swiper-button swiper-button-prev\"><\/a><a class=\"swiper-button swiper-button-next mobile\"><\/a><div class=\"sia-beratung-db-slide-legends\"><small data-index=\"0\">En 1960, le service S&amp;A commande deux maquettes de la ville. Le mod\u00e8le historique est rest\u00e9 inchang\u00e9 depuis lors, tandis que le mod\u00e8le dit \"de travail\" est constamment compl\u00e9t\u00e9, \u00e9largi et expos\u00e9 \u00e0 l\u2019attention de la population et des visiteurs.<br \/>\r\n\u00a9 Tom Bisig<\/small><small data-index=\"1\" style=\"display:none;\">La r\u00e9flexion sur l\u2019espace de vie urbain doit \u00eatre rendue accessible \u00e0 la population, photo d\u2019une des journ\u00e9es de dialogue.<br \/>\r\n\u00a9Tom Bisig<\/small><small data-index=\"2\" style=\"display:none;\">Pr\u00e9sentation de la position A avec la page \"Mes id\u00e9es\", sur laquelle la population peut partager son avis.<br \/>\r\n\u00a9 St\u00e4dtebau &amp; Architektur<\/small><small data-index=\"3\" style=\"display:none;\">\u00a9 Tom Bisig<\/small><small class=\"pageNo\">1\/4<\/small><\/div><\/div><\/div><div class=\"col-2\"><div class=\"sia-beratung-db-slide-texts\"><div class=\"sia-beratung-db-slide-text\" data-index=\"0\"><p>Environ 200 000 personnes de 200 nationalit\u00e9s diff\u00e9rentes r\u00e9sident \u00e0 B\u00e2le, faisant de cette ville le centre d&#8217;une vaste r\u00e9gion trinationale gr\u00e2ce \u00e0 son industrie chimique et pharmaceutique, \u00e0 sa foire mondialement renomm\u00e9e, ainsi qu&#8217;\u00e0 son r\u00f4le de place financi\u00e8re et bancaire. Les communes de Riehen et Bettingen forment avec la ville et B\u00e2le le plus petit canton suisse en termes de superficie, soient 37 kilom\u00e8tres carr\u00e9s.<\/p>\n<p>Au cours des derni\u00e8res ann\u00e9es, la ville a consid\u00e9rablement renforc\u00e9 son attractivit\u00e9 en tant que lieu de vie et de travail. Malgr\u00e9 sa taille restreinte, la lib\u00e9ration presque simultan\u00e9e vers la fin des ann\u00e9es 2010 de plusieurs sites industriels et infrastructurels, repr\u00e9sentant environ 5% de B\u00e2le-Ville (113 hectares), a n\u00e9cessit\u00e9 la reconsid\u00e9ration du territoire et de ses dynamiques. Dans ce contexte, l&#8217;\u00e9laboration d&#8217;une perspective urbaine globale, d\u00e9finissant les liens entre les diff\u00e9rentes zones et favorisant des interrelations, est devenue indispensable. Pour r\u00e9pondre \u00e0 ce besoin, le service de l&#8217;urbanisme et de l&#8217;architecture (S &amp; A), sous la direction de l&#8217;architecte cantonal Beat Aeberhard, a initi\u00e9 le processus \u00ab Forum St\u00e4dtebau Basel 2050 \u00bb.<\/p>\n<p>Deux directions guident le projet. Outre la cr\u00e9ation d\u2019un groupe d\u2019accompagnement urbanistique compos\u00e9 de plusieurs professionnels qui assurent la continuit\u00e9 du d\u00e9veloppement urbain en apportant une perspective critique \u00e0 un niveau strat\u00e9gique, le \u00ab Forum St\u00e4dtebau Basel 2050 \u00bb stimule le d\u00e9bat de mani\u00e8re \u00e9tendue aupr\u00e8s de la population.<\/p>\n<p><strong>R\u00f4le du canton\u00a0:<\/strong> Lancer, guider et accompagner le processus, \u00e9couter\u2026<br \/>\n<strong>Organismes responsables\u00a0: <\/strong>Bau- und Verkehrsdepartement Kanton Basel-Stadt, St\u00e4dtebau &amp; Architektur; Kantons- und Stadtentwickung, Pr\u00e4sidialdepartement Kanton Basel-Stadt; Immobilien Basel-Stadt, Finanzdepartement Kanton Basel-Stadt<br \/>\n<strong>Partenaires des journ\u00e9es de dialogue 2023 : <\/strong>FAS F\u00e9d\u00e9ration des Architectes Suisses ; FSAP F\u00e9d\u00e9ration Suisse des Architectes Paysagistes ; SIA; Institut d\u2019architecture FHNW ; AGGLO BASEL ; les secr\u00e9tariats de district Kleinbasel et B\u00e2le-Ouest ; Association Gundeldingen Koordination ; Fondation Christoph Merian CMS ; k\u00fchne wicki\/Future Stuff; divers services administratifs de B\u00e2le-Ville et B\u00e2le-Campagne, les parlements des jeunes (der Juner Rat BS).<br \/>\n<strong>Site du projet : <\/strong><a href=\"https:\/\/www.basel2050.ch\/\">Basel 2050 &#8211; Willkommen<\/a><\/p>\n<\/div><div class=\"sia-beratung-db-slide-text\" data-index=\"1\" style=\"display:none;\"><p>La croissance et la transformation de la ville de B\u00e2le se d\u00e9ploient dans un contexte marqu\u00e9 par les d\u00e9fis des changements climatiques, de la crise des ressources et de la biodiversit\u00e9, de la migration, ainsi que des nouvelles formes d&#8217;habitat et de travail. Dans ce contexte dynamique, la culture du b\u00e2ti joue un r\u00f4le crucial. Le \u00ab Forum St\u00e4dtebau Basel 2050 \u00bb stimule la discussion sur la culture du b\u00e2ti et l\u2019urbanisme, encourage le dialogue et promeut l&#8217;acquisition de connaissances entre les divers acteurs impliqu\u00e9s dans la ville et son avenir. L&#8217;objectif de ce forum est de favoriser un d\u00e9bat aussi large que possible, en int\u00e9grant en permanence les exigences changeantes et croissantes auxquelles la ville de B\u00e2le est confront\u00e9e. L\u2019espoir est de fa\u00e7onner collectivement l&#8217;avenir urbain en tenant compte des multiples d\u00e9fis contemporains.<\/p>\n<\/div><div class=\"sia-beratung-db-slide-text\" data-index=\"2\" style=\"display:none;\"><p>Le \u00ab Forum St\u00e4dtebau Basel 2050 \u00bb a organis\u00e9 son premier \u00e9v\u00e9nement public \u00e0 l&#8217;automne 2020 au Mus\u00e9e suisse d&#8217;architecture (S AM) sous la forme d\u2019une exposition et de discussions mettant en lumi\u00e8re le d\u00e9veloppement urbain de B\u00e2le, tant pass\u00e9 que futur. L&#8217;exposition, accompagn\u00e9e de dix tables rondes, de visites guid\u00e9es et de pr\u00e9sentations de films, a offert une opportunit\u00e9 unique au public de participer activement aux d\u00e9bats.<\/p>\n<p>Les enjeux majeurs de la ville de B\u00e2le ont \u00e9merg\u00e9 de ces discussions, donnant naissance \u00e0 la \u00ab Position 2022 \u00bb. Con\u00e7ue \u00e0 la fois comme un guide pour la gestion urbaine et un outil de communication, elle se compose de six slogans engageants :<\/p>\n<ul>\n<li>A B\u00e2le a besoin d&#8217;identit\u00e9s suppl\u00e9mentaires !<\/li>\n<li>B L&#8217;espace public appartient \u00e0 tout le monde !<\/li>\n<li>C B\u00e2le collabore avec ses voisins !<\/li>\n<li>D Sans participation, pas de ville vivante !<\/li>\n<li>E Construire \u00e0 B\u00e2le, c&#8217;est continuer \u00e0 construire !<\/li>\n<li>F Les zones de d\u00e9veloppement sont les laboratoires de la ville de B\u00e2le !<\/li>\n<\/ul>\n<p>&nbsp;<\/p>\n<\/div><div class=\"sia-beratung-db-slide-text\" data-index=\"3\" style=\"display:none;\"><p>Dans la continuit\u00e9 de cette d\u00e9marche, le S &amp; A a organis\u00e9 les \u00ab Journ\u00e9es de dialogue 2023 \u00bb, impliquant la population ainsi que divers services internes et externes \u00e0 l&#8217;administration. Le programme vari\u00e9 comprend trois journ\u00e9es th\u00e9matiques ax\u00e9es sur les questions suivantes : \u00ab Continuer \u00e0 construire &#8211; mais comment ? \u00bb, \u00ab L&#8217;espace m\u00e9tropolitain de B\u00e2le ? \u00bb et \u00ab La ville face au changement climatique ? \u00bb.<\/p>\n<p>Le Forum joue d\u00e9j\u00e0 un r\u00f4le crucial dans la stimulation du d\u00e9veloppement de la culture du b\u00e2ti. En poursuivant l&#8217;approche it\u00e9rative de cette initiative, les r\u00e9sultats des \u00ab Journ\u00e9es de dialogue 2023 \u00bb seront trait\u00e9s pour aboutir \u00e0 une conclusion, la \u00ab Position 2024 \u00bb qui constituera une base significative pour orienter le d\u00e9veloppement urbain de la ville en int\u00e9grant les retours et les id\u00e9es \u00e9manant de ces dialogues participatifs innovants.<\/p>\n<\/div><\/div><div class=\"sia-beratung-db-filterbox\"><label class=\"toggle\" onclick=\"return window.siaBeratung.toggleFilterBox(this);\"><span>B\u00e2le-Ville<\/span><span>Dialogue<\/span><span>Participation<\/span><span>Outils de planification<\/span><span>Processus<\/span><span>Proc\u00e9dures d\u2019assurance qualit\u00e9<\/span><span>Strat\u00e9gies de d\u00e9veloppement territorial<\/span><span>Coop\u00e9ration r\u00e9gionale<\/span><\/label><div class=\"options\"><a href=\"#\" onclick=\"return window.siaBeratung.setFilterBoxFilter(216);\">B\u00e2le-Ville<\/a><a href=\"#\" onclick=\"return window.siaBeratung.setFilterBoxFilter(139);\">Dialogue<\/a><a href=\"#\" onclick=\"return window.siaBeratung.setFilterBoxFilter(146);\">Participation<\/a><a href=\"#\" onclick=\"return window.siaBeratung.setFilterBoxFilter(151);\">Outils de planification<\/a><a href=\"#\" onclick=\"return window.siaBeratung.setFilterBoxFilter(152);\">Processus<\/a><a href=\"#\" onclick=\"return window.siaBeratung.setFilterBoxFilter(166);\">Proc\u00e9dures d\u2019assurance qualit\u00e9<\/a><a href=\"#\" onclick=\"return window.siaBeratung.setFilterBoxFilter(167);\">Strat\u00e9gies de d\u00e9veloppement territorial<\/a><a href=\"#\" onclick=\"return window.siaBeratung.setFilterBoxFilter(168);\">Coop\u00e9ration r\u00e9gionale<\/a><a href=\"#\" onclick=\"return window.siaBeratung.setFilterBoxFilter([139,146,151,152,166,167,168,216,288,289,290]);\">Alle Filter ausw\u00e4hlen<\/a><\/div><\/div><label class=\"sia-beratung-db-filterbox-spacer\">&nbsp;<\/label><\/div><a class=\"swiper-button swiper-button-next desktop\"><\/a><\/div><\/div><div class=\"sia-beratung-db-entry-searchtext\">basel 2050: strategischer stadtentwicklungsprozess | environ 200 000 personnes de 200 nationalit\u00e9s diff\u00e9rentes r\u00e9sident \u00e0 b\u00e2le, faisant de cette ville le centre d&#8217;une vaste r\u00e9gion trinationale gr\u00e2ce \u00e0 son industrie chimique et pharmaceutique, \u00e0 sa foire mondialement renomm\u00e9e, ainsi qu&#8217;\u00e0 son r\u00f4le de place financi\u00e8re et bancaire. les communes de riehen et bettingen forment avec la ville et b\u00e2le le plus petit canton suisse en termes de superficie, soient 37 kilom\u00e8tres carr\u00e9s.au cours des derni\u00e8res ann\u00e9es, la ville a consid\u00e9rablement renforc\u00e9 son attractivit\u00e9 en tant que lieu de vie et de travail. malgr\u00e9 sa taille restreinte, la lib\u00e9ration presque simultan\u00e9e vers la fin des ann\u00e9es 2010 de plusieurs sites industriels et infrastructurels, repr\u00e9sentant environ 5% de b\u00e2le-ville (113 hectares), a n\u00e9cessit\u00e9 la reconsid\u00e9ration du territoire et de ses dynamiques. dans ce contexte, l&#8217;\u00e9laboration d&#8217;une perspective urbaine globale, d\u00e9finissant les liens entre les diff\u00e9rentes zones et favorisant des interrelations, est devenue indispensable. pour r\u00e9pondre \u00e0 ce besoin, le service de l&#8217;urbanisme et de l&#8217;architecture (s &amp; a), sous la direction de l&#8217;architecte cantonal beat aeberhard, a initi\u00e9 le processus \u00ab forum st\u00e4dtebau basel 2050 \u00bb.deux directions guident le projet. outre la cr\u00e9ation d\u2019un groupe d\u2019accompagnement urbanistique compos\u00e9 de plusieurs professionnels qui assurent la continuit\u00e9 du d\u00e9veloppement urbain en apportant une perspective critique \u00e0 un niveau strat\u00e9gique, le \u00ab forum st\u00e4dtebau basel 2050 \u00bb stimule le d\u00e9bat de mani\u00e8re \u00e9tendue aupr\u00e8s de la population.r\u00f4le du canton\u00a0: lancer, guider et accompagner le processus, \u00e9couter\u2026organismes responsables\u00a0: bau- und verkehrsdepartement kanton basel-stadt, st\u00e4dtebau &amp; architektur; kantons- und stadtentwickung, pr\u00e4sidialdepartement kanton basel-stadt; immobilien basel-stadt, finanzdepartement kanton basel-stadtpartenaires des journ\u00e9es de dialogue 2023 : fas f\u00e9d\u00e9ration des architectes suisses ; fsap f\u00e9d\u00e9ration suisse des architectes paysagistes ; sia; institut d\u2019architecture fhnw ; agglo basel ; les secr\u00e9tariats de district kleinbasel et b\u00e2le-ouest ; association gundeldingen koordination ; fondation christoph merian cms ; k\u00fchne wicki\/future stuff; divers services administratifs de b\u00e2le-ville et b\u00e2le-campagne, les parlements des jeunes (der juner rat bs).site du projet : basel 2050 &#8211; willkommen | en 1960, le service s&amp;a commande deux maquettes de la ville. le mod\u00e8le historique est rest\u00e9 inchang\u00e9 depuis lors, tandis que le mod\u00e8le dit \"de travail\" est constamment compl\u00e9t\u00e9, \u00e9largi et expos\u00e9 \u00e0 l\u2019attention de la population et des visiteurs.\r\u00a9 tom bisig | la croissance et la transformation de la ville de b\u00e2le se d\u00e9ploient dans un contexte marqu\u00e9 par les d\u00e9fis des changements climatiques, de la crise des ressources et de la biodiversit\u00e9, de la migration, ainsi que des nouvelles formes d&#8217;habitat et de travail. dans ce contexte dynamique, la culture du b\u00e2ti joue un r\u00f4le crucial. le \u00ab forum st\u00e4dtebau basel 2050 \u00bb stimule la discussion sur la culture du b\u00e2ti et l\u2019urbanisme, encourage le dialogue et promeut l&#8217;acquisition de connaissances entre les divers acteurs impliqu\u00e9s dans la ville et son avenir. l&#8217;objectif de ce forum est de favoriser un d\u00e9bat aussi large que possible, en int\u00e9grant en permanence les exigences changeantes et croissantes auxquelles la ville de b\u00e2le est confront\u00e9e. l\u2019espoir est de fa\u00e7onner collectivement l&#8217;avenir urbain en tenant compte des multiples d\u00e9fis contemporains. | la r\u00e9flexion sur l\u2019espace de vie urbain doit \u00eatre rendue accessible \u00e0 la population, photo d\u2019une des journ\u00e9es de dialogue.\r\u00a9tom bisig | le \u00ab forum st\u00e4dtebau basel 2050 \u00bb a organis\u00e9 son premier \u00e9v\u00e9nement public \u00e0 l&#8217;automne 2020 au mus\u00e9e suisse d&#8217;architecture (s am) sous la forme d\u2019une exposition et de discussions mettant en lumi\u00e8re le d\u00e9veloppement urbain de b\u00e2le, tant pass\u00e9 que futur. l&#8217;exposition, accompagn\u00e9e de dix tables rondes, de visites guid\u00e9es et de pr\u00e9sentations de films, a offert une opportunit\u00e9 unique au public de participer activement aux d\u00e9bats.les enjeux majeurs de la ville de b\u00e2le ont \u00e9merg\u00e9 de ces discussions, donnant naissance \u00e0 la \u00ab position 2022 \u00bb. con\u00e7ue \u00e0 la fois comme un guide pour la gestion urbaine et un outil de communication, elle se compose de six slogans engageants :a b\u00e2le a besoin d&#8217;identit\u00e9s suppl\u00e9mentaires !b l&#8217;espace public appartient \u00e0 tout le monde !c b\u00e2le collabore avec ses voisins !d sans participation, pas de ville vivante !e construire \u00e0 b\u00e2le, c&#8217;est continuer \u00e0 construire !f les zones de d\u00e9veloppement sont les laboratoires de la ville de b\u00e2le !&nbsp; | pr\u00e9sentation de la position a avec la page \"mes id\u00e9es\", sur laquelle la population peut partager son avis.\r\u00a9 st\u00e4dtebau &amp; architektur | dans la continuit\u00e9 de cette d\u00e9marche, le s &amp; a a organis\u00e9 les \u00ab journ\u00e9es de dialogue 2023 \u00bb, impliquant la population ainsi que divers services internes et externes \u00e0 l&#8217;administration. le programme vari\u00e9 comprend trois journ\u00e9es th\u00e9matiques ax\u00e9es sur les questions suivantes : \u00ab continuer \u00e0 construire &#8211; mais comment ? \u00bb, \u00ab l&#8217;espace m\u00e9tropolitain de b\u00e2le ? \u00bb et \u00ab la ville face au changement climatique ? \u00bb.le forum joue d\u00e9j\u00e0 un r\u00f4le crucial dans la stimulation du d\u00e9veloppement de la culture du b\u00e2ti. en poursuivant l&#8217;approche it\u00e9rative de cette initiative, les r\u00e9sultats des \u00ab journ\u00e9es de dialogue 2023 \u00bb seront trait\u00e9s pour aboutir \u00e0 une conclusion, la \u00ab position 2024 \u00bb qui constituera une base significative pour orienter le d\u00e9veloppement urbain de la ville en int\u00e9grant les retours et les id\u00e9es \u00e9manant de ces dialogues participatifs innovants. | \u00a9 tom bisig | dialog | mitwirkung | planungsinstrumente | prozesse | qualit\u00e4tssichernde verfahren | r\u00e4umliche entwicklungsleitbilder | regionale zusammenarbeit | basel stadt | de | fr | it<\/div><\/article><article class=\"sia-beratung-db-entry\" data-id=\"1647\" data-cpt=\"sia-ausbildung\" data-slug=\"bau-und-planungswesen\" data-lat=\"47.5659569551881\" data-lng=\"9.10564008718249\" data-filter-151=\"1\" data-filter-152=\"1\" data-filter-154=\"1\" data-filter-157=\"1\" data-filter-163=\"1\" data-filter-167=\"1\" data-filter-169=\"1\" data-filter-266=\"1\" data-filter-279=\"1\" data-filter-288=\"1\" data-all-filter=\"151,152,154,157,163,167,169,266,279,288\"><div class=\"sia-beratung-db-entry-header\" onclick=\"return window.siaBeratung.toggleCpt(this);\"><div class=\"col-1\">Bau- und Planungswesen<\/div><div class=\"col-2\"><span>VTG Verband Thurgauer Gemeinden<\/span><\/div><div class=\"col-3\"><span>Cours et colloques<\/span><\/div><div class=\"sia-beratung-db-angle\"><span class=\"sia-beratung-angle\"><\/span><\/div><\/div><div class=\"sia-beratung-db-entry-content\"><div class=\"sia-beratung-db-entry-content-columns\"><div class=\"col-1\"><p>Das Angebot richtet sich in erster Linie an neu ins Amt eingetretene Personen. Daneben sind aber ausdr\u00fccklich auch Amtsinhaber\/-innen eingeladen.<\/p>\n<\/div><div class=\"col-2\"><\/div><\/div><div class=\"sia-beratung-db-entry-footer\"><div class=\"col-1\"><a href=\"https:\/\/www.vtg.ch\/veranstaltung\/627\" class=\"sia-beratung-db-entry-link\" target=\"_blank\" rel=\"noopener\">Link zum Angebot<\/a><\/div><div class=\"col-2\"><div class=\"sia-beratung-db-filterbox\"><label class=\"toggle\" onclick=\"return window.siaBeratung.toggleFilterBox(this);\"><span>Proc\u00e9dures d\u2019autorisation de construire<\/span><span>Formation continue pour le personnel politique et administratif<\/span><span>Cours et colloques<\/span><span>Plans d\u2019affectation<\/span><span>Outils de planification<\/span><span>Processus<\/span><span>Strat\u00e9gies de d\u00e9veloppement territorial<\/span><span>Plans d\u2019affectation sp\u00e9ciaux<\/span><span>VTG Verband Thurgauer Gemeinden<\/span><\/label><div class=\"options\"><a href=\"#\" onclick=\"return window.siaBeratung.setFilterBoxFilter(154);\">Proc\u00e9dures d\u2019autorisation de construire<\/a><a href=\"#\" onclick=\"return window.siaBeratung.setFilterBoxFilter(157);\">Formation continue pour le personnel politique et administratif<\/a><a href=\"#\" onclick=\"return window.siaBeratung.setFilterBoxFilter(279);\">Cours et colloques<\/a><a href=\"#\" onclick=\"return window.siaBeratung.setFilterBoxFilter(163);\">Plans d\u2019affectation<\/a><a href=\"#\" onclick=\"return window.siaBeratung.setFilterBoxFilter(151);\">Outils de planification<\/a><a href=\"#\" onclick=\"return window.siaBeratung.setFilterBoxFilter(152);\">Processus<\/a><a href=\"#\" onclick=\"return window.siaBeratung.setFilterBoxFilter(167);\">Strat\u00e9gies de d\u00e9veloppement territorial<\/a><a href=\"#\" onclick=\"return window.siaBeratung.setFilterBoxFilter(169);\">Plans d\u2019affectation sp\u00e9ciaux<\/a><a href=\"#\" onclick=\"return window.siaBeratung.setFilterBoxFilter(266);\">VTG Verband Thurgauer Gemeinden<\/a><a href=\"#\" onclick=\"return window.siaBeratung.setFilterBoxFilter([151,152,154,157,163,167,169,266,279,288]);\">Alle Filter ausw\u00e4hlen<\/a><\/div><\/div><label class=\"sia-beratung-db-filterbox-spacer\">&nbsp;<\/label><\/div><\/div><\/div><div class=\"sia-beratung-db-entry-searchtext\">bau- und planungswesen | das angebot richtet sich in erster linie an neu ins amt eingetretene personen. daneben sind aber ausdr\u00fccklich auch amtsinhaber\/-innen eingeladen. | planungsinstrumente | prozesse | baubewilligungsverfahren | fortbildung f\u00fcr politik und verwaltung | nutzungsplanung | r\u00e4umliche entwicklungsleitbilder | sondernutzplanung | vtg verband thurgauer gemeinden | kurse und tagungen | de<\/div><\/article><article class=\"sia-beratung-db-entry\" data-id=\"2369\" data-cpt=\"sia-angebote\" data-slug=\"bauatlas-appenzellerland\" data-lang-slug-de_de=\"\" data-lang-slug-en_gb=\"\" data-lang-slug-fr_fr=\"\" data-lang-slug-it_it=\"\" data-lat=\"53.5507112\" data-lng=\"10.0008202\" data-filter-135=\"1\" data-filter-138=\"1\" data-filter-142=\"1\" data-filter-151=\"1\" data-filter-160=\"1\" data-filter-259=\"1\" data-filter-283=\"1\" data-filter-288=\"1\" data-all-filter=\"135,138,142,151,160,259,283,288\"><div class=\"sia-beratung-db-entry-header\" onclick=\"return window.siaBeratung.toggleCpt(this);\"><div class=\"col-1\">Bauatlas Appenzellerland<\/div><div class=\"col-2\"><span>SIA Soci\u00e9t\u00e9 suisse des ingenieurs et des architectes<\/span><\/div><div class=\"col-3\"><span>Plateforme<\/span><\/div><div class=\"sia-beratung-db-angle\"><span class=\"sia-beratung-angle\"><\/span><\/div><\/div><div class=\"sia-beratung-db-entry-content\"><div class=\"sia-beratung-db-entry-content-columns\"><div class=\"col-1\"><p>Das E-Nachschlagewerk ist ein Grundlagenwerk mit den typischen Baudetails von Appenzellerh\u00e4usern. Es dient als Arbeitsgrundlage mit Rezeptcharakter f\u00fcr k\u00fcnftige Bauarbeiten und ihre Planung.<\/p>\n<\/div><div class=\"col-2\"><\/div><\/div><div class=\"sia-beratung-db-entry-footer\"><div class=\"col-1\"><a href=\"https:\/\/appenzellerland.bauatlas.ch\/\" class=\"sia-beratung-db-entry-link\" target=\"_blank\" rel=\"noopener\">Link zum Angebot<\/a><\/div><div class=\"col-2\"><div class=\"sia-beratung-db-filterbox\"><label class=\"toggle\" onclick=\"return window.siaBeratung.toggleFilterBox(this);\"><span>Construire dans le b\u00e2ti existant<\/span><span>Monuments<\/span><span>D\u00e9veloppement \u00e0 l\u2019int\u00e9rieur du milieu b\u00e2ti<\/span><span>Inventaires<\/span><span>Outils de planification<\/span><span>Plateforme<\/span><span>SIA Soci\u00e9t\u00e9 suisse des ingenieurs et des architectes<\/span><\/label><div class=\"options\"><a href=\"#\" onclick=\"return window.siaBeratung.setFilterBoxFilter(135);\">Construire dans le b\u00e2ti existant<\/a><a href=\"#\" onclick=\"return window.siaBeratung.setFilterBoxFilter(138);\">Monuments<\/a><a href=\"#\" onclick=\"return window.siaBeratung.setFilterBoxFilter(142);\">D\u00e9veloppement \u00e0 l\u2019int\u00e9rieur du milieu b\u00e2ti<\/a><a href=\"#\" onclick=\"return window.siaBeratung.setFilterBoxFilter(160);\">Inventaires<\/a><a href=\"#\" onclick=\"return window.siaBeratung.setFilterBoxFilter(151);\">Outils de planification<\/a><a href=\"#\" onclick=\"return window.siaBeratung.setFilterBoxFilter(283);\">Plateforme<\/a><a href=\"#\" onclick=\"return window.siaBeratung.setFilterBoxFilter(259);\">SIA Soci\u00e9t\u00e9 suisse des ingenieurs et des architectes<\/a><a href=\"#\" onclick=\"return window.siaBeratung.setFilterBoxFilter([135,138,142,151,160,259,283,288]);\">Alle Filter ausw\u00e4hlen<\/a><\/div><\/div><label class=\"sia-beratung-db-filterbox-spacer\">&nbsp;<\/label><\/div><\/div><\/div><div class=\"sia-beratung-db-entry-searchtext\">bauatlas appenzellerland | das e-nachschlagewerk ist ein grundlagenwerk mit den typischen baudetails von appenzellerh\u00e4usern. es dient als arbeitsgrundlage mit rezeptcharakter f\u00fcr k\u00fcnftige bauarbeiten und ihre planung. | bauen im bestand | denkm\u00e4ler | innenentwicklung | planungsinstrumente | inventare | sia schweizerischer ingenieur- und architektenverein | plattform | de<\/div><\/article><article class=\"sia-beratung-db-entry\" data-id=\"1548\" data-cpt=\"sia-angebote\" data-slug=\"bauen-in-der-landschaft-planungshilfe\" data-lang-slug-de_de=\"\" data-lang-slug-en_gb=\"\" data-lang-slug-fr_fr=\"\" data-lang-slug-it_it=\"\" data-lat=\"53.5507112\" data-lng=\"10.0008202\" data-filter-135=\"1\" data-filter-138=\"1\" data-filter-142=\"1\" data-filter-144=\"1\" data-filter-150=\"1\" data-filter-151=\"1\" data-filter-155=\"1\" data-filter-167=\"1\" data-filter-228=\"1\" data-filter-270=\"1\" data-filter-288=\"1\" data-all-filter=\"135,138,142,144,150,151,155,167,228,270,288\"><div class=\"sia-beratung-db-entry-header\" onclick=\"return window.siaBeratung.toggleCpt(this);\"><div class=\"col-1\">Bauen in der Landschaft Planungshilfe<\/div><div class=\"col-2\"><span>Schwyz<\/span><\/div><div class=\"col-3\"><span>Guide<\/span><\/div><div class=\"sia-beratung-db-angle\"><span class=\"sia-beratung-angle\"><\/span><\/div><\/div><div class=\"sia-beratung-db-entry-content\"><div class=\"sia-beratung-db-entry-content-columns\"><div class=\"col-1\"><p>Die vorliegende Brosch\u00fcre versteht sich als Planungshilfe. Sie soll den Bauherren, Architekten und Gemeinden als Leitfaden dienen. Ziel ist es, Planungsleerl\u00e4ufe zu vermeiden und Rechtssicherheit zu schaffen.<\/p>\n<\/div><div class=\"col-2\"><\/div><\/div><div class=\"sia-beratung-db-entry-footer\"><div class=\"col-1\"><a href=\"https:\/\/www.sz.ch\/public\/upload\/assets\/28160\/Bauen_in_der_Landschaft_Planungshilfe.pdf?fp=4\" class=\"sia-beratung-db-entry-link\" target=\"_blank\" rel=\"noopener\">Link zum Angebot<\/a><\/div><div class=\"col-2\"><div class=\"sia-beratung-db-filterbox\"><label class=\"toggle\" onclick=\"return window.siaBeratung.toggleFilterBox(this);\"><span>Guide<\/span><span>Construction hors zone \u00e0 b\u00e2tir<\/span><span>Construire dans le b\u00e2ti existant<\/span><span>Monuments<\/span><span>D\u00e9veloppement \u00e0 l\u2019int\u00e9rieur du milieu b\u00e2ti<\/span><span>Paysage<\/span><span>Sites construits<\/span><span>Outils de planification<\/span><span>Strat\u00e9gies de d\u00e9veloppement territorial<\/span><span>Schwyz<\/span><\/label><div class=\"options\"><a href=\"#\" onclick=\"return window.siaBeratung.setFilterBoxFilter(270);\">Guide<\/a><a href=\"#\" onclick=\"return window.siaBeratung.setFilterBoxFilter(155);\">Construction hors zone \u00e0 b\u00e2tir<\/a><a href=\"#\" onclick=\"return window.siaBeratung.setFilterBoxFilter(135);\">Construire dans le b\u00e2ti existant<\/a><a href=\"#\" onclick=\"return window.siaBeratung.setFilterBoxFilter(138);\">Monuments<\/a><a href=\"#\" onclick=\"return window.siaBeratung.setFilterBoxFilter(142);\">D\u00e9veloppement \u00e0 l\u2019int\u00e9rieur du milieu b\u00e2ti<\/a><a href=\"#\" onclick=\"return window.siaBeratung.setFilterBoxFilter(144);\">Paysage<\/a><a href=\"#\" onclick=\"return window.siaBeratung.setFilterBoxFilter(150);\">Sites construits<\/a><a href=\"#\" onclick=\"return window.siaBeratung.setFilterBoxFilter(151);\">Outils de planification<\/a><a href=\"#\" onclick=\"return window.siaBeratung.setFilterBoxFilter(167);\">Strat\u00e9gies de d\u00e9veloppement territorial<\/a><a href=\"#\" onclick=\"return window.siaBeratung.setFilterBoxFilter(228);\">Schwyz<\/a><a href=\"#\" onclick=\"return window.siaBeratung.setFilterBoxFilter([135,138,142,144,150,151,155,167,228,270,288]);\">Alle Filter ausw\u00e4hlen<\/a><\/div><\/div><label class=\"sia-beratung-db-filterbox-spacer\">&nbsp;<\/label><\/div><\/div><\/div><div class=\"sia-beratung-db-entry-searchtext\">bauen in der landschaft planungshilfe | die vorliegende brosch\u00fcre versteht sich als planungshilfe. sie soll den bauherren, architekten und gemeinden als leitfaden dienen. ziel ist es, planungsleerl\u00e4ufe zu vermeiden und rechtssicherheit zu schaffen. | bauen im bestand | denkm\u00e4ler | innenentwicklung | landschaft | ortsbilder | planungsinstrumente | bauen ausserhalb der bauzone | r\u00e4umliche entwicklungsleitbilder | schwyz | arbeitshilfe | de<\/div><\/article><article class=\"sia-beratung-db-entry\" data-id=\"1649\" data-cpt=\"sia-ausbildung\" data-slug=\"bauherrenkompetenz-kbch\" data-lat=\"47.0468019912432\" data-lng=\"8.31493121125425\" data-filter-135=\"1\" data-filter-137=\"1\" data-filter-139=\"1\" data-filter-140=\"1\" data-filter-141=\"1\" data-filter-142=\"1\" data-filter-145=\"1\" data-filter-146=\"1\" data-filter-147=\"1\" data-filter-148=\"1\" data-filter-149=\"1\" data-filter-151=\"1\" data-filter-152=\"1\" data-filter-157=\"1\" data-filter-161=\"1\" data-filter-166=\"1\" data-filter-204=\"1\" data-filter-272=\"1\" data-filter-288=\"1\" data-all-filter=\"135,137,139,140,141,142,145,146,147,148,149,151,152,157,161,166,204,272,288\"><div class=\"sia-beratung-db-entry-header\" onclick=\"return window.siaBeratung.toggleCpt(this);\"><div class=\"col-1\">Bauherrenkompetenz KB&#8217;CH<\/div><div class=\"col-2\"><span>HSLU Hochschule Luzern<\/span><\/div><div class=\"col-3\"><span>CAS<\/span><\/div><div class=\"sia-beratung-db-angle\"><span class=\"sia-beratung-angle\"><\/span><\/div><\/div><div class=\"sia-beratung-db-entry-content\"><div class=\"sia-beratung-db-entry-content-columns\"><div class=\"col-1\"><p>Weiterbildung f\u00fcr Baufachleute \u00f6ffentlicher Hochbau- und Immobilienfachstellen. Im Fokus steht dabei das Gesamtverst\u00e4ndnis f\u00fcr den Leistungsauftrag eines Immobilien- und Hochbauamtes aber auch f\u00fcr eine integrale Betrachtungsweise des Lebenszyklus der Liegenschaften.<\/p>\n<\/div><div class=\"col-2\"><\/div><\/div><div class=\"sia-beratung-db-entry-footer\"><div class=\"col-1\"><a href=\"https:\/\/www.hslu.ch\/de-ch\/technik-architektur\/weiterbildung\/bau\/cas-bauherrenkompetenz\/\" class=\"sia-beratung-db-entry-link\" target=\"_blank\" rel=\"noopener\">Link zum Angebot<\/a><\/div><div class=\"col-2\"><div class=\"sia-beratung-db-filterbox\"><label class=\"toggle\" onclick=\"return window.siaBeratung.toggleFilterBox(this);\"><span>Construire dans le b\u00e2ti existant<\/span><span>Politique fonci\u00e8re<\/span><span>CAS<\/span><span>Dialogue<\/span><span>Energie<\/span><span>Formation continue pour le personnel politique et administratif<\/span><span>HSLU Hochschule Luzern<\/span><span>Infrastructure<\/span><span>D\u00e9veloppement \u00e0 l\u2019int\u00e9rieur du milieu b\u00e2ti<\/span><span>Projets de construction communaux<\/span><span>Politique immobili\u00e8re<\/span><span>Participation<\/span><span>Mobilit\u00e9<\/span><span>Durabilit\u00e9<\/span><span>Espace public<\/span><span>Outils de planification<\/span><span>Processus<\/span><span>Proc\u00e9dures d\u2019assurance qualit\u00e9<\/span><\/label><div class=\"options\"><a href=\"#\" onclick=\"return window.siaBeratung.setFilterBoxFilter(135);\">Construire dans le b\u00e2ti existant<\/a><a href=\"#\" onclick=\"return window.siaBeratung.setFilterBoxFilter(137);\">Politique fonci\u00e8re<\/a><a href=\"#\" onclick=\"return window.siaBeratung.setFilterBoxFilter(272);\">CAS<\/a><a href=\"#\" onclick=\"return window.siaBeratung.setFilterBoxFilter(139);\">Dialogue<\/a><a href=\"#\" onclick=\"return window.siaBeratung.setFilterBoxFilter(140);\">Energie<\/a><a href=\"#\" onclick=\"return window.siaBeratung.setFilterBoxFilter(157);\">Formation continue pour le personnel politique et administratif<\/a><a href=\"#\" onclick=\"return window.siaBeratung.setFilterBoxFilter(204);\">HSLU Hochschule Luzern<\/a><a href=\"#\" onclick=\"return window.siaBeratung.setFilterBoxFilter(141);\">Infrastructure<\/a><a href=\"#\" onclick=\"return window.siaBeratung.setFilterBoxFilter(142);\">D\u00e9veloppement \u00e0 l\u2019int\u00e9rieur du milieu b\u00e2ti<\/a><a href=\"#\" onclick=\"return window.siaBeratung.setFilterBoxFilter(161);\">Projets de construction communaux<\/a><a href=\"#\" onclick=\"return window.siaBeratung.setFilterBoxFilter(145);\">Politique immobili\u00e8re<\/a><a href=\"#\" onclick=\"return window.siaBeratung.setFilterBoxFilter(146);\">Participation<\/a><a href=\"#\" onclick=\"return window.siaBeratung.setFilterBoxFilter(147);\">Mobilit\u00e9<\/a><a href=\"#\" onclick=\"return window.siaBeratung.setFilterBoxFilter(148);\">Durabilit\u00e9<\/a><a href=\"#\" onclick=\"return window.siaBeratung.setFilterBoxFilter(149);\">Espace public<\/a><a href=\"#\" onclick=\"return window.siaBeratung.setFilterBoxFilter(151);\">Outils de planification<\/a><a href=\"#\" onclick=\"return window.siaBeratung.setFilterBoxFilter(152);\">Processus<\/a><a href=\"#\" onclick=\"return window.siaBeratung.setFilterBoxFilter(166);\">Proc\u00e9dures d\u2019assurance qualit\u00e9<\/a><a href=\"#\" onclick=\"return window.siaBeratung.setFilterBoxFilter([135,137,139,140,141,142,145,146,147,148,149,151,152,157,161,166,204,272,288]);\">Alle Filter ausw\u00e4hlen<\/a><\/div><\/div><label class=\"sia-beratung-db-filterbox-spacer\">&nbsp;<\/label><\/div><\/div><\/div><div class=\"sia-beratung-db-entry-searchtext\">bauherrenkompetenz kb'ch | weiterbildung f\u00fcr baufachleute \u00f6ffentlicher hochbau- und immobilienfachstellen. im fokus steht dabei das gesamtverst\u00e4ndnis f\u00fcr den leistungsauftrag eines immobilien- und hochbauamtes aber auch f\u00fcr eine integrale betrachtungsweise des lebenszyklus der liegenschaften. | bauen im bestand | bodenpolitik | dialog | energie | infrastruktur | innenentwicklung | liegenschaftspolitik | mitwirkung | mobilit\u00e4t | nachhaltigkeit | \u00f6ffentlicher raum | planungsinstrumente | prozesse | fortbildung f\u00fcr politik und verwaltung | kommunale bauprojekte | qualit\u00e4tssichernde verfahren | hslu hochschule luzern | cas | de<\/div><\/article><article class=\"sia-beratung-db-entry\" data-id=\"1650\" data-cpt=\"sia-ausbildung\" data-slug=\"baukultur\" data-lat=\"47.0468019912432\" data-lng=\"8.31493121125425\" data-filter-135=\"1\" data-filter-138=\"1\" data-filter-141=\"1\" data-filter-142=\"1\" data-filter-144=\"1\" data-filter-146=\"1\" data-filter-147=\"1\" data-filter-148=\"1\" data-filter-149=\"1\" data-filter-150=\"1\" data-filter-151=\"1\" data-filter-155=\"1\" data-filter-157=\"1\" data-filter-159=\"1\" data-filter-160=\"1\" data-filter-166=\"1\" data-filter-204=\"1\" data-filter-272=\"1\" data-filter-288=\"1\" data-all-filter=\"135,138,141,142,144,146,147,148,149,150,151,155,157,159,160,166,204,272,288\"><div class=\"sia-beratung-db-entry-header\" onclick=\"return window.siaBeratung.toggleCpt(this);\"><div class=\"col-1\">Baukultur<\/div><div class=\"col-2\"><span>HSLU Hochschule Luzern<\/span><\/div><div class=\"col-3\"><span>CAS<\/span><\/div><div class=\"sia-beratung-db-angle\"><span class=\"sia-beratung-angle\"><\/span><\/div><\/div><div class=\"sia-beratung-db-entry-content\"><div class=\"sia-beratung-db-entry-content-columns\"><div class=\"col-1\"><p>Diese Weiterbildung vermittelt Fachpersonen, die an baulichen Planungs- und Entscheidungsprozessen beteiligt sind, das notwendige inhaltliche und methodische Wissen f\u00fcr ein hochwertiges Weiterbauen von Bauwerken, Siedlungen und Landschaften.<\/p>\n<\/div><div class=\"col-2\"><\/div><\/div><div class=\"sia-beratung-db-entry-footer\"><div class=\"col-1\"><a href=\"https:\/\/www.hslu.ch\/de-ch\/technik-architektur\/weiterbildung\/bau\/cas-baukultur\/\" class=\"sia-beratung-db-entry-link\" target=\"_blank\" rel=\"noopener\">Link zum Angebot<\/a><\/div><div class=\"col-2\"><div class=\"sia-beratung-db-filterbox\"><label class=\"toggle\" onclick=\"return window.siaBeratung.toggleFilterBox(this);\"><span>Construction hors zone \u00e0 b\u00e2tir<\/span><span>Construire dans le b\u00e2ti existant<\/span><span>CAS<\/span><span>Monuments<\/span><span>Formation continue pour le personnel politique et administratif<\/span><span>Commissions d\u2019urbanisme<\/span><span>HSLU Hochschule Luzern<\/span><span>Infrastructure<\/span><span>D\u00e9veloppement \u00e0 l\u2019int\u00e9rieur du milieu b\u00e2ti<\/span><span>Inventaires<\/span><span>Paysage<\/span><span>Participation<\/span><span>Mobilit\u00e9<\/span><span>Durabilit\u00e9<\/span><span>Espace public<\/span><span>Sites construits<\/span><span>Outils de planification<\/span><span>Proc\u00e9dures d\u2019assurance qualit\u00e9<\/span><\/label><div class=\"options\"><a href=\"#\" onclick=\"return window.siaBeratung.setFilterBoxFilter(155);\">Construction hors zone \u00e0 b\u00e2tir<\/a><a href=\"#\" onclick=\"return window.siaBeratung.setFilterBoxFilter(135);\">Construire dans le b\u00e2ti existant<\/a><a href=\"#\" onclick=\"return window.siaBeratung.setFilterBoxFilter(272);\">CAS<\/a><a href=\"#\" onclick=\"return window.siaBeratung.setFilterBoxFilter(138);\">Monuments<\/a><a href=\"#\" onclick=\"return window.siaBeratung.setFilterBoxFilter(157);\">Formation continue pour le personnel politique et administratif<\/a><a href=\"#\" onclick=\"return window.siaBeratung.setFilterBoxFilter(159);\">Commissions d\u2019urbanisme<\/a><a href=\"#\" onclick=\"return window.siaBeratung.setFilterBoxFilter(204);\">HSLU Hochschule Luzern<\/a><a href=\"#\" onclick=\"return window.siaBeratung.setFilterBoxFilter(141);\">Infrastructure<\/a><a href=\"#\" onclick=\"return window.siaBeratung.setFilterBoxFilter(142);\">D\u00e9veloppement \u00e0 l\u2019int\u00e9rieur du milieu b\u00e2ti<\/a><a href=\"#\" onclick=\"return window.siaBeratung.setFilterBoxFilter(160);\">Inventaires<\/a><a href=\"#\" onclick=\"return window.siaBeratung.setFilterBoxFilter(144);\">Paysage<\/a><a href=\"#\" onclick=\"return window.siaBeratung.setFilterBoxFilter(146);\">Participation<\/a><a href=\"#\" onclick=\"return window.siaBeratung.setFilterBoxFilter(147);\">Mobilit\u00e9<\/a><a href=\"#\" onclick=\"return window.siaBeratung.setFilterBoxFilter(148);\">Durabilit\u00e9<\/a><a href=\"#\" onclick=\"return window.siaBeratung.setFilterBoxFilter(149);\">Espace public<\/a><a href=\"#\" onclick=\"return window.siaBeratung.setFilterBoxFilter(150);\">Sites construits<\/a><a href=\"#\" onclick=\"return window.siaBeratung.setFilterBoxFilter(151);\">Outils de planification<\/a><a href=\"#\" onclick=\"return window.siaBeratung.setFilterBoxFilter(166);\">Proc\u00e9dures d\u2019assurance qualit\u00e9<\/a><a href=\"#\" onclick=\"return window.siaBeratung.setFilterBoxFilter([135,138,141,142,144,146,147,148,149,150,151,155,157,159,160,166,204,272,288]);\">Alle Filter ausw\u00e4hlen<\/a><\/div><\/div><label class=\"sia-beratung-db-filterbox-spacer\">&nbsp;<\/label><\/div><\/div><\/div><div class=\"sia-beratung-db-entry-searchtext\">baukultur | diese weiterbildung vermittelt fachpersonen, die an baulichen planungs- und entscheidungsprozessen beteiligt sind, das notwendige inhaltliche und methodische wissen f\u00fcr ein hochwertiges weiterbauen von bauwerken, siedlungen und landschaften. | bauen im bestand | denkm\u00e4ler | infrastruktur | innenentwicklung | landschaft | mitwirkung | mobilit\u00e4t | nachhaltigkeit | \u00f6ffentlicher raum | ortsbilder | planungsinstrumente | bauen ausserhalb der bauzone | fortbildung f\u00fcr politik und verwaltung | gestaltungsbeir\u00e4te | inventare | qualit\u00e4tssichernde verfahren | hslu hochschule luzern | cas | de<\/div><\/article><article class=\"sia-beratung-db-entry\" data-id=\"1551\" data-cpt=\"sia-angebote\" data-slug=\"baukultur-laerm-ch\" data-lat=\"53.5507112\" data-lng=\"10.0006485\" data-filter-139=\"1\" data-filter-141=\"1\" data-filter-147=\"1\" data-filter-149=\"1\" data-filter-151=\"1\" data-filter-142=\"1\" data-filter-154=\"1\" data-filter-210=\"1\" data-filter-283=\"1\" data-filter-288=\"1\" data-all-filter=\"139,141,147,149,151,142,154,210,283,288\"><div class=\"sia-beratung-db-entry-header\" onclick=\"return window.siaBeratung.toggleCpt(this);\"><div class=\"col-1\">Baukultur-laerm.ch<\/div><div class=\"col-2\"><span>ZHAW Z\u00fcrcher Hochschule f\u00fcr Angewandte Wissenschaften<\/span><\/div><div class=\"col-3\"><span>Plateforme<\/span><\/div><div class=\"sia-beratung-db-angle\"><span class=\"sia-beratung-angle\"><\/span><\/div><\/div><div class=\"sia-beratung-db-entry-content\"><div class=\"sia-beratung-db-entry-content-columns\"><div class=\"col-1\"><p>Werkzeuge f\u00fcr mehr Baukultur an l\u00e4rmigen Lagen<\/p>\n<\/div><div class=\"col-2\"><\/div><\/div><div class=\"sia-beratung-db-entry-footer\"><div class=\"col-1\"><a href=\"https:\/\/baukultur-laerm.ch\/\" class=\"sia-beratung-db-entry-link\" target=\"_blank\" rel=\"noopener\">Link zum Angebot<\/a><\/div><div class=\"col-2\"><div class=\"sia-beratung-db-filterbox\"><label class=\"toggle\" onclick=\"return window.siaBeratung.toggleFilterBox(this);\"><span>Proc\u00e9dures d\u2019autorisation de construire<\/span><span>Dialogue<\/span><span>Infrastructure<\/span><span>D\u00e9veloppement \u00e0 l\u2019int\u00e9rieur du milieu b\u00e2ti<\/span><span>Mobilit\u00e9<\/span><span>Espace public<\/span><span>Outils de planification<\/span><span>Plateforme<\/span><span>ZHAW Z\u00fcrcher Hochschule f\u00fcr Angewandte Wissenschaften<\/span><\/label><div class=\"options\"><a href=\"#\" onclick=\"return window.siaBeratung.setFilterBoxFilter(154);\">Proc\u00e9dures d\u2019autorisation de construire<\/a><a href=\"#\" onclick=\"return window.siaBeratung.setFilterBoxFilter(139);\">Dialogue<\/a><a href=\"#\" onclick=\"return window.siaBeratung.setFilterBoxFilter(141);\">Infrastructure<\/a><a href=\"#\" onclick=\"return window.siaBeratung.setFilterBoxFilter(142);\">D\u00e9veloppement \u00e0 l\u2019int\u00e9rieur du milieu b\u00e2ti<\/a><a href=\"#\" onclick=\"return window.siaBeratung.setFilterBoxFilter(147);\">Mobilit\u00e9<\/a><a href=\"#\" onclick=\"return window.siaBeratung.setFilterBoxFilter(149);\">Espace public<\/a><a href=\"#\" onclick=\"return window.siaBeratung.setFilterBoxFilter(151);\">Outils de planification<\/a><a href=\"#\" onclick=\"return window.siaBeratung.setFilterBoxFilter(283);\">Plateforme<\/a><a href=\"#\" onclick=\"return window.siaBeratung.setFilterBoxFilter(210);\">ZHAW Z\u00fcrcher Hochschule f\u00fcr Angewandte Wissenschaften<\/a><a href=\"#\" onclick=\"return window.siaBeratung.setFilterBoxFilter([139,141,147,149,151,142,154,210,283,288]);\">Alle Filter ausw\u00e4hlen<\/a><\/div><\/div><label class=\"sia-beratung-db-filterbox-spacer\">&nbsp;<\/label><\/div><\/div><\/div><div class=\"sia-beratung-db-entry-searchtext\">baukultur-laerm.ch | werkzeuge f\u00fcr mehr baukultur an l\u00e4rmigen lagen | dialog | infrastruktur | mobilit\u00e4t | \u00f6ffentlicher raum | planungsinstrumente | innenentwicklung | baubewilligungsverfahren | zhaw z\u00fcrcher hochschule f\u00fcr angewandte wissenschaften | plattform | de<\/div><\/article><article class=\"sia-beratung-db-entry\" data-id=\"1549\" data-cpt=\"sia-angebote\" data-slug=\"baukultur-im-aargau-zukunft-bauen-geschichte-weiterbauen\" data-lat=\"53.5507112\" data-lng=\"10.0006485\" data-filter-135=\"1\" data-filter-139=\"1\" data-filter-150=\"1\" data-filter-142=\"1\" data-filter-212=\"1\" data-filter-270=\"1\" data-filter-288=\"1\" data-all-filter=\"135,139,150,142,212,270,288\"><div class=\"sia-beratung-db-entry-header\" onclick=\"return window.siaBeratung.toggleCpt(this);\"><div class=\"col-1\">Baukultur im Aargau: Zukunft bauen \u2013 Geschichte weiterbauen<\/div><div class=\"col-2\"><span>Argovie<\/span><\/div><div class=\"col-3\"><span>Guide<\/span><\/div><div class=\"sia-beratung-db-angle\"><span class=\"sia-beratung-angle\"><\/span><\/div><\/div><div class=\"sia-beratung-db-entry-content\"><div class=\"sia-beratung-db-entry-content-columns\"><div class=\"col-1\"><p>Bauvorhaben im bereits gebauten Umfeld sind eine Herausforderung f\u00fcr alle Beteiligten, besonders in historischen Ortsbildern oder bei schutzw\u00fcrdigen Bauten. Die Publikation zur Baukultur im Aargau &#8222;Zukunft bauen \u2013 Geschichte weiterbauen&#8220; zeigt die Resultate solcher Ideen und die Menschen, die hinter diesen H\u00e4usern stehen.<\/p>\n<\/div><div class=\"col-2\"><\/div><\/div><div class=\"sia-beratung-db-entry-footer\"><div class=\"col-1\"><a href=\"https:\/\/www.ag.ch\/de\/verwaltung\/bvu\/raumentwicklung\/baukultur-im-aargau\/zukunft-bauen-geschichte-weiterbauen\" class=\"sia-beratung-db-entry-link\" target=\"_blank\" rel=\"noopener\">Link zum Angebot<\/a><\/div><div class=\"col-2\"><div class=\"sia-beratung-db-filterbox\"><label class=\"toggle\" onclick=\"return window.siaBeratung.toggleFilterBox(this);\"><span>Argovie<\/span><span>Guide<\/span><span>Construire dans le b\u00e2ti existant<\/span><span>Dialogue<\/span><span>D\u00e9veloppement \u00e0 l\u2019int\u00e9rieur du milieu b\u00e2ti<\/span><span>Sites construits<\/span><\/label><div class=\"options\"><a href=\"#\" onclick=\"return window.siaBeratung.setFilterBoxFilter(212);\">Argovie<\/a><a href=\"#\" onclick=\"return window.siaBeratung.setFilterBoxFilter(270);\">Guide<\/a><a href=\"#\" onclick=\"return window.siaBeratung.setFilterBoxFilter(135);\">Construire dans le b\u00e2ti existant<\/a><a href=\"#\" onclick=\"return window.siaBeratung.setFilterBoxFilter(139);\">Dialogue<\/a><a href=\"#\" onclick=\"return window.siaBeratung.setFilterBoxFilter(142);\">D\u00e9veloppement \u00e0 l\u2019int\u00e9rieur du milieu b\u00e2ti<\/a><a href=\"#\" onclick=\"return window.siaBeratung.setFilterBoxFilter(150);\">Sites construits<\/a><a href=\"#\" onclick=\"return window.siaBeratung.setFilterBoxFilter([135,139,150,142,212,270,288]);\">Alle Filter ausw\u00e4hlen<\/a><\/div><\/div><label class=\"sia-beratung-db-filterbox-spacer\">&nbsp;<\/label><\/div><\/div><\/div><div class=\"sia-beratung-db-entry-searchtext\">baukultur im aargau: zukunft bauen \u2013 geschichte weiterbauen | bauvorhaben im bereits gebauten umfeld sind eine herausforderung f\u00fcr alle beteiligten, besonders in historischen ortsbildern oder bei schutzw\u00fcrdigen bauten. die publikation zur baukultur im aargau &#8222;zukunft bauen \u2013 geschichte weiterbauen&#8220; zeigt die resultate solcher ideen und die menschen, die hinter diesen h\u00e4usern stehen. | bauen im bestand | dialog | ortsbilder | innenentwicklung | aargau | arbeitshilfe | de<\/div><\/article><article class=\"sia-beratung-db-entry\" data-id=\"1550\" data-cpt=\"sia-angebote\" data-slug=\"baukultur-konkret\" data-lat=\"53.5507112\" data-lng=\"10.0006485\" data-filter-139=\"1\" data-filter-146=\"1\" data-filter-148=\"1\" data-filter-149=\"1\" data-filter-164=\"1\" data-filter-204=\"1\" data-filter-261=\"1\" data-filter-270=\"1\" data-filter-288=\"1\" data-all-filter=\"139,146,148,149,164,204,261,270,288\"><div class=\"sia-beratung-db-entry-header\" onclick=\"return window.siaBeratung.toggleCpt(this);\"><div class=\"col-1\">Baukultur konkret<\/div><div class=\"col-2\"><span>HSLU Hochschule Luzern<\/span><span>Fondation Culture du b\u00e2ti Suisse<\/span><\/div><div class=\"col-3\"><span>Guide<\/span><\/div><div class=\"sia-beratung-db-angle\"><span class=\"sia-beratung-angle\"><\/span><\/div><\/div><div class=\"sia-beratung-db-entry-content\"><div class=\"sia-beratung-db-entry-content-columns\"><div class=\"col-1\"><p>Im Sommer 2022 besuchte die Stiftung Baukultur Schweiz in Zusammenarbeit mit der HSLU das Quartier Zwicky-S\u00fcd in D\u00fcbendorf an der Grenze zu Z\u00fcrich und Wallisellen. In sechs thematischen Interviews erfahren wir Konkretes \u00fcber den Alltag im Pionier-Quartier, die Mitwirkung der Bewohnenden und k\u00f6nnen teilnehmen an der interessanten Podiumsdiskussion, die im Anschluss an die Spazierg\u00e4nge \u2013 den \u00abWalking Think Tanks\u00bb durchs Quartier stattfand.<\/p>\n<\/div><div class=\"col-2\"><\/div><\/div><div class=\"sia-beratung-db-entry-footer\"><div class=\"col-1\"><a href=\"https:\/\/www.stiftung-baukultur-schweiz.ch\/blog\/quartiersbesichtigung-die-bewegt\" class=\"sia-beratung-db-entry-link\" target=\"_blank\" rel=\"noopener\">Link zum Angebot<\/a><\/div><div class=\"col-2\"><div class=\"sia-beratung-db-filterbox\"><label class=\"toggle\" onclick=\"return window.siaBeratung.toggleFilterBox(this);\"><span>Guide<\/span><span>Dialogue<\/span><span>HSLU Hochschule Luzern<\/span><span>Participation<\/span><span>Durabilit\u00e9<\/span><span>Espace public<\/span><span>Partenariat public-priv\u00e9<\/span><span>Fondation Culture du b\u00e2ti Suisse<\/span><\/label><div class=\"options\"><a href=\"#\" onclick=\"return window.siaBeratung.setFilterBoxFilter(270);\">Guide<\/a><a href=\"#\" onclick=\"return window.siaBeratung.setFilterBoxFilter(139);\">Dialogue<\/a><a href=\"#\" onclick=\"return window.siaBeratung.setFilterBoxFilter(204);\">HSLU Hochschule Luzern<\/a><a href=\"#\" onclick=\"return window.siaBeratung.setFilterBoxFilter(146);\">Participation<\/a><a href=\"#\" onclick=\"return window.siaBeratung.setFilterBoxFilter(148);\">Durabilit\u00e9<\/a><a href=\"#\" onclick=\"return window.siaBeratung.setFilterBoxFilter(149);\">Espace public<\/a><a href=\"#\" onclick=\"return window.siaBeratung.setFilterBoxFilter(164);\">Partenariat public-priv\u00e9<\/a><a href=\"#\" onclick=\"return window.siaBeratung.setFilterBoxFilter(261);\">Fondation Culture du b\u00e2ti Suisse<\/a><a href=\"#\" onclick=\"return window.siaBeratung.setFilterBoxFilter([139,146,148,149,164,204,261,270,288]);\">Alle Filter ausw\u00e4hlen<\/a><\/div><\/div><label class=\"sia-beratung-db-filterbox-spacer\">&nbsp;<\/label><\/div><\/div><\/div><div class=\"sia-beratung-db-entry-searchtext\">baukultur konkret | im sommer 2022 besuchte die stiftung baukultur schweiz in zusammenarbeit mit der hslu das quartier zwicky-s\u00fcd in d\u00fcbendorf an der grenze zu z\u00fcrich und wallisellen. in sechs thematischen interviews erfahren wir konkretes \u00fcber den alltag im pionier-quartier, die mitwirkung der bewohnenden und k\u00f6nnen teilnehmen an der interessanten podiumsdiskussion, die im anschluss an die spazierg\u00e4nge \u2013 den \u00abwalking think tanks\u00bb durchs quartier stattfand. | dialog | mitwirkung | nachhaltigkeit | \u00f6ffentlicher raum | ppp | hslu hochschule luzern | stiftung baukultur schweiz | arbeitshilfe | de<\/div><\/article><article class=\"sia-beratung-db-entry\" data-id=\"1553\" data-cpt=\"sia-angebote\" data-slug=\"baumemorandum\" data-lat=\"53.5507112\" data-lng=\"10.0008202\" data-filter-135=\"1\" data-filter-138=\"1\" data-filter-139=\"1\" data-filter-142=\"1\" data-filter-150=\"1\" data-filter-151=\"1\" data-filter-154=\"1\" data-filter-160=\"1\" data-filter-198=\"1\" data-filter-277=\"1\" data-filter-288=\"1\" data-all-filter=\"135,138,139,142,150,151,154,160,198,277,288\"><div class=\"sia-beratung-db-entry-header\" onclick=\"return window.siaBeratung.toggleCpt(this);\"><div class=\"col-1\">Baumemorandum<\/div><div class=\"col-2\"><span>FHGR Fachhochschule Graub\u00fcnden<\/span><\/div><div class=\"col-3\"><span>Projet de recherche<\/span><\/div><div class=\"sia-beratung-db-angle\"><span class=\"sia-beratung-angle\"><\/span><\/div><\/div><div class=\"sia-beratung-db-entry-content\"><div class=\"sia-beratung-db-entry-content-columns\"><div class=\"col-1\"><p>Im Forschungsfeld Siedlungsplanung und Ortsbildentwicklung wurde ein Instrument f\u00fcr Baubeh\u00f6rden, Planerinnen und Planer und Bauherrschaften entwickelt, welches die Frage der \u00e4sthetischen Qualit\u00e4ten einer Siedlung analytisch und ortsspezifisch beantworten kann. Das inzwischen in mehreren Gemeinden zum Einsatz kommende Baumemorandum ist ein Gestaltungswerkzeug, das dabei hilft, Siedlungsbilder zu erhalten, zu st\u00e4rken und weiterzuentwickeln.<\/p>\n<\/div><div class=\"col-2\"><\/div><\/div><div class=\"sia-beratung-db-entry-footer\"><div class=\"col-1\"><a href=\"https:\/\/www.fhgr.ch\/fh-graubuenden\/entwicklung-im-alpinen-raum\/institut-fuer-bauen-im-alpinen-raum-ibar\/projekte\/baumemorandum-ein-instrument-zur-ortsbildentwicklung\/\" class=\"sia-beratung-db-entry-link\" target=\"_blank\" rel=\"noopener\">Link zum Angebot<\/a><\/div><div class=\"col-2\"><div class=\"sia-beratung-db-filterbox\"><label class=\"toggle\" onclick=\"return window.siaBeratung.toggleFilterBox(this);\"><span>Proc\u00e9dures d\u2019autorisation de construire<\/span><span>Construire dans le b\u00e2ti existant<\/span><span>Monuments<\/span><span>Dialogue<\/span><span>FHGR Fachhochschule Graub\u00fcnden<\/span><span>Projet de recherche<\/span><span>D\u00e9veloppement \u00e0 l\u2019int\u00e9rieur du milieu b\u00e2ti<\/span><span>Inventaires<\/span><span>Sites construits<\/span><span>Outils de planification<\/span><\/label><div class=\"options\"><a href=\"#\" onclick=\"return window.siaBeratung.setFilterBoxFilter(154);\">Proc\u00e9dures d\u2019autorisation de construire<\/a><a href=\"#\" onclick=\"return window.siaBeratung.setFilterBoxFilter(135);\">Construire dans le b\u00e2ti existant<\/a><a href=\"#\" onclick=\"return window.siaBeratung.setFilterBoxFilter(138);\">Monuments<\/a><a href=\"#\" onclick=\"return window.siaBeratung.setFilterBoxFilter(139);\">Dialogue<\/a><a href=\"#\" onclick=\"return window.siaBeratung.setFilterBoxFilter(198);\">FHGR Fachhochschule Graub\u00fcnden<\/a><a href=\"#\" onclick=\"return window.siaBeratung.setFilterBoxFilter(277);\">Projet de recherche<\/a><a href=\"#\" onclick=\"return window.siaBeratung.setFilterBoxFilter(142);\">D\u00e9veloppement \u00e0 l\u2019int\u00e9rieur du milieu b\u00e2ti<\/a><a href=\"#\" onclick=\"return window.siaBeratung.setFilterBoxFilter(160);\">Inventaires<\/a><a href=\"#\" onclick=\"return window.siaBeratung.setFilterBoxFilter(150);\">Sites construits<\/a><a href=\"#\" onclick=\"return window.siaBeratung.setFilterBoxFilter(151);\">Outils de planification<\/a><a href=\"#\" onclick=\"return window.siaBeratung.setFilterBoxFilter([135,138,139,142,150,151,154,160,198,277,288]);\">Alle Filter ausw\u00e4hlen<\/a><\/div><\/div><label class=\"sia-beratung-db-filterbox-spacer\">&nbsp;<\/label><\/div><\/div><\/div><div class=\"sia-beratung-db-entry-searchtext\">baumemorandum | im forschungsfeld siedlungsplanung und ortsbildentwicklung wurde ein instrument f\u00fcr baubeh\u00f6rden, planerinnen und planer und bauherrschaften entwickelt, welches die frage der \u00e4sthetischen qualit\u00e4ten einer siedlung analytisch und ortsspezifisch beantworten kann. das inzwischen in mehreren gemeinden zum einsatz kommende baumemorandum ist ein gestaltungswerkzeug, das dabei hilft, siedlungsbilder zu erhalten, zu st\u00e4rken und weiterzuentwickeln. | bauen im bestand | denkm\u00e4ler | dialog | innenentwicklung | ortsbilder | planungsinstrumente | baubewilligungsverfahren | inventare | fhgr fachhochschule graub\u00fcnden | forschungsprojekt | de<\/div><\/article><article class=\"sia-beratung-db-entry\" data-id=\"5228\" data-cpt=\"sia-ausbildung\" data-slug=\"bauprojektmanagement\" data-lang-slug-de_de=\"\" data-lang-slug-en_gb=\"\" data-lang-slug-fr_fr=\"\" data-lang-slug-it_it=\"\" data-lat=\"46.9483873\" data-lng=\"7.434504\" data-filter-135=\"1\" data-filter-139=\"1\" data-filter-193=\"1\" data-filter-272=\"1\" data-all-filter=\"135,139,193,272\"><div class=\"sia-beratung-db-entry-header\" onclick=\"return window.siaBeratung.toggleCpt(this);\"><div class=\"col-1\">Bauprojektmanagement<\/div><div class=\"col-2\"><span>FH Haute \u00e9cole sp\u00e9cialis\u00e9e de Berne<\/span><\/div><div class=\"col-3\"><span>CAS<\/span><\/div><div class=\"sia-beratung-db-angle\"><span class=\"sia-beratung-angle\"><\/span><\/div><\/div><div class=\"sia-beratung-db-entry-content\"><div class=\"sia-beratung-db-entry-content-columns\"><div class=\"col-1\"><p>Das Bauen im zunehmend digitalisierten Umfeld wird immer komplexer, weshalb es heute wichtiger denn je ist, bei der Planung und Abwicklung von Bauprojekten professionelle Projektmanagementmethoden und Instrumente einzusetzen.\u00a0Gesellschaftlich bedingte Rahmenbedingungen wie Preisdruck, knappe Terminvorgaben bei gleichzeitigem Anspruch auf h\u00f6chste Qualit\u00e4t sind nur einige der massgebenden Faktoren, weshalb ein professionelles Projektmanagement f\u00fcr die erfolgreiche Abwicklung von Projekten notwendig ist.<\/p>\n<p>Das CAS Bauprojektmanagement vermittelt die dazu notwendigen Kompetenzen, Methoden und Werkzeuge zur erfolgreichen Planung und F\u00fchrung von Bauprojekten aller Art.<\/p>\n<\/div><div class=\"col-2\"><\/div><\/div><div class=\"sia-beratung-db-entry-footer\"><div class=\"col-1\"><a href=\"https:\/\/www.bfh.ch\/de\/weiterbildung\/cas\/bauprojektmanagement\/\" class=\"sia-beratung-db-entry-link\" target=\"_blank\" rel=\"noopener\">Link zum Angebot<\/a><\/div><div class=\"col-2\"><div class=\"sia-beratung-db-filterbox\"><label class=\"toggle\" onclick=\"return window.siaBeratung.toggleFilterBox(this);\"><span>Construire dans le b\u00e2ti existant<\/span><span>FH Haute \u00e9cole sp\u00e9cialis\u00e9e de Berne<\/span><span>CAS<\/span><span>Dialogue<\/span><\/label><div class=\"options\"><a href=\"#\" onclick=\"return window.siaBeratung.setFilterBoxFilter(135);\">Construire dans le b\u00e2ti existant<\/a><a href=\"#\" onclick=\"return window.siaBeratung.setFilterBoxFilter(193);\">FH Haute \u00e9cole sp\u00e9cialis\u00e9e de Berne<\/a><a href=\"#\" onclick=\"return window.siaBeratung.setFilterBoxFilter(272);\">CAS<\/a><a href=\"#\" onclick=\"return window.siaBeratung.setFilterBoxFilter(139);\">Dialogue<\/a><a href=\"#\" onclick=\"return window.siaBeratung.setFilterBoxFilter([135,139,193,272]);\">Alle Filter ausw\u00e4hlen<\/a><\/div><\/div><label class=\"sia-beratung-db-filterbox-spacer\">&nbsp;<\/label><\/div><\/div><\/div><div class=\"sia-beratung-db-entry-searchtext\">bauprojektmanagement | das bauen im zunehmend digitalisierten umfeld wird immer komplexer, weshalb es heute wichtiger denn je ist, bei der planung und abwicklung von bauprojekten professionelle projektmanagementmethoden und instrumente einzusetzen.\u00a0gesellschaftlich bedingte rahmenbedingungen wie preisdruck, knappe terminvorgaben bei gleichzeitigem anspruch auf h\u00f6chste qualit\u00e4t sind nur einige der massgebenden faktoren, weshalb ein professionelles projektmanagement f\u00fcr die erfolgreiche abwicklung von projekten notwendig ist.das cas bauprojektmanagement vermittelt die dazu notwendigen kompetenzen, methoden und werkzeuge zur erfolgreichen planung und f\u00fchrung von bauprojekten aller art. | bauen im bestand | dialog | bfh berner fachhochschule | cas<\/div><\/article><article class=\"sia-beratung-db-entry\" data-id=\"1651\" data-cpt=\"sia-ausbildung\" data-slug=\"bauverwalter-innen\" data-lang-slug-de_de=\"\" data-lang-slug-en_gb=\"\" data-lang-slug-fr_fr=\"\" data-lang-slug-it_it=\"\" data-lat=\"47.5659569551881\" data-lng=\"9.1056400871\" data-filter-151=\"1\" data-filter-152=\"1\" data-filter-154=\"1\" data-filter-157=\"1\" data-filter-163=\"1\" data-filter-167=\"1\" data-filter-169=\"1\" data-filter-266=\"1\" data-filter-279=\"1\" data-filter-288=\"1\" data-all-filter=\"151,152,154,157,163,167,169,266,279,288\"><div class=\"sia-beratung-db-entry-header\" onclick=\"return window.siaBeratung.toggleCpt(this);\"><div class=\"col-1\">Bauverwalter\/innen<\/div><div class=\"col-2\"><span>VTG Verband Thurgauer Gemeinden<\/span><\/div><div class=\"col-3\"><span>Cours et colloques<\/span><\/div><div class=\"sia-beratung-db-angle\"><span class=\"sia-beratung-angle\"><\/span><\/div><\/div><div class=\"sia-beratung-db-entry-content\"><div class=\"sia-beratung-db-entry-content-columns\"><div class=\"col-1\"><p>Zur Tagung sind dieBauverwalterinnen und Bauverwalter der Thurgauer Gemeinden oder deren Stellvertretung eingeladen (Eine Person pro Gemeinde).<\/p>\n<\/div><div class=\"col-2\"><\/div><\/div><div class=\"sia-beratung-db-entry-footer\"><div class=\"col-1\"><a href=\"https:\/\/www.vtg.ch\/veranstaltung\/830\" class=\"sia-beratung-db-entry-link\" target=\"_blank\" rel=\"noopener\">Link zum Angebot<\/a><\/div><div class=\"col-2\"><div class=\"sia-beratung-db-filterbox\"><label class=\"toggle\" onclick=\"return window.siaBeratung.toggleFilterBox(this);\"><span>Proc\u00e9dures d\u2019autorisation de construire<\/span><span>Formation continue pour le personnel politique et administratif<\/span><span>Cours et colloques<\/span><span>Plans d\u2019affectation<\/span><span>Outils de planification<\/span><span>Processus<\/span><span>Strat\u00e9gies de d\u00e9veloppement territorial<\/span><span>Plans d\u2019affectation sp\u00e9ciaux<\/span><span>VTG Verband Thurgauer Gemeinden<\/span><\/label><div class=\"options\"><a href=\"#\" onclick=\"return window.siaBeratung.setFilterBoxFilter(154);\">Proc\u00e9dures d\u2019autorisation de construire<\/a><a href=\"#\" onclick=\"return window.siaBeratung.setFilterBoxFilter(157);\">Formation continue pour le personnel politique et administratif<\/a><a href=\"#\" onclick=\"return window.siaBeratung.setFilterBoxFilter(279);\">Cours et colloques<\/a><a href=\"#\" onclick=\"return window.siaBeratung.setFilterBoxFilter(163);\">Plans d\u2019affectation<\/a><a href=\"#\" onclick=\"return window.siaBeratung.setFilterBoxFilter(151);\">Outils de planification<\/a><a href=\"#\" onclick=\"return window.siaBeratung.setFilterBoxFilter(152);\">Processus<\/a><a href=\"#\" onclick=\"return window.siaBeratung.setFilterBoxFilter(167);\">Strat\u00e9gies de d\u00e9veloppement territorial<\/a><a href=\"#\" onclick=\"return window.siaBeratung.setFilterBoxFilter(169);\">Plans d\u2019affectation sp\u00e9ciaux<\/a><a href=\"#\" onclick=\"return window.siaBeratung.setFilterBoxFilter(266);\">VTG Verband Thurgauer Gemeinden<\/a><a href=\"#\" onclick=\"return window.siaBeratung.setFilterBoxFilter([151,152,154,157,163,167,169,266,279,288]);\">Alle Filter ausw\u00e4hlen<\/a><\/div><\/div><label class=\"sia-beratung-db-filterbox-spacer\">&nbsp;<\/label><\/div><\/div><\/div><div class=\"sia-beratung-db-entry-searchtext\">bauverwalter\/innen | zur tagung sind diebauverwalterinnen und bauverwalter der thurgauer gemeinden oder deren stellvertretung eingeladen (eine person pro gemeinde). | planungsinstrumente | prozesse | baubewilligungsverfahren | fortbildung f\u00fcr politik und verwaltung | nutzungsplanung | r\u00e4umliche entwicklungsleitbilder | sondernutzplanung | vtg verband thurgauer gemeinden | kurse und tagungen | de<\/div><\/article><article class=\"sia-beratung-db-entry\" data-id=\"1556\" data-cpt=\"sia-angebote\" data-slug=\"beobachter-fuer-wettbewerbe-und-ausschreibungen\" data-lat=\"53.5507112\" data-lng=\"10.0006485\" data-filter-166=\"1\" data-filter-265=\"1\" data-filter-283=\"1\" data-filter-288=\"1\" data-all-filter=\"166,265,283,288\"><div class=\"sia-beratung-db-entry-header\" onclick=\"return window.siaBeratung.toggleCpt(this);\"><div class=\"col-1\">Beobachter f\u00fcr Wettbewerbe und Ausschreibungen<\/div><div class=\"col-2\"><span>Verein Beobachtung f\u00fcr Wettbewerbe und Ausschreibungen<\/span><\/div><div class=\"col-3\"><span>Plateforme<\/span><\/div><div class=\"sia-beratung-db-angle\"><span class=\"sia-beratung-angle\"><\/span><\/div><\/div><div class=\"sia-beratung-db-entry-content\"><div class=\"sia-beratung-db-entry-content-columns\"><div class=\"col-1\"><p>Der BWA ist ein partnerschaftlicher Zusammenschluss einzelner Vereine, welche die jeweiligen Regionen der Deutschschweiz vertreten.<\/p>\n<\/div><div class=\"col-2\"><\/div><\/div><div class=\"sia-beratung-db-entry-footer\"><div class=\"col-1\"><a href=\"https:\/\/bwa-smile.ch\/\" class=\"sia-beratung-db-entry-link\" target=\"_blank\" rel=\"noopener\">Link zum Angebot<\/a><\/div><div class=\"col-2\"><div class=\"sia-beratung-db-filterbox\"><label class=\"toggle\" onclick=\"return window.siaBeratung.toggleFilterBox(this);\"><span>Plateforme<\/span><span>Proc\u00e9dures d\u2019assurance qualit\u00e9<\/span><span>Verein Beobachtung f\u00fcr Wettbewerbe und Ausschreibungen<\/span><\/label><div class=\"options\"><a href=\"#\" onclick=\"return window.siaBeratung.setFilterBoxFilter(283);\">Plateforme<\/a><a href=\"#\" onclick=\"return window.siaBeratung.setFilterBoxFilter(166);\">Proc\u00e9dures d\u2019assurance qualit\u00e9<\/a><a href=\"#\" onclick=\"return window.siaBeratung.setFilterBoxFilter(265);\">Verein Beobachtung f\u00fcr Wettbewerbe und Ausschreibungen<\/a><a href=\"#\" onclick=\"return window.siaBeratung.setFilterBoxFilter([166,265,283,288]);\">Alle Filter ausw\u00e4hlen<\/a><\/div><\/div><label class=\"sia-beratung-db-filterbox-spacer\">&nbsp;<\/label><\/div><\/div><\/div><div class=\"sia-beratung-db-entry-searchtext\">beobachter f\u00fcr wettbewerbe und ausschreibungen | der bwa ist ein partnerschaftlicher zusammenschluss einzelner vereine, welche die jeweiligen regionen der deutschschweiz vertreten. | qualit\u00e4tssichernde verfahren | verein beobachtung f\u00fcr wettbewerbe und ausschreibungen | plattform | de<\/div><\/article><article class=\"sia-beratung-db-entry\" data-id=\"1379\" data-cpt=\"sia-beispiele\" data-slug=\"bern-nord-deshalb-arbeiten-gemeinden-gut-zusammen\" data-lat=\"46.8381193\" data-lng=\"7.6004791\" data-filter-139=\"1\" data-filter-149=\"1\" data-filter-150=\"1\" data-filter-152=\"1\" data-filter-154=\"1\" data-filter-156=\"1\" data-filter-159=\"1\" data-filter-166=\"1\" data-filter-168=\"1\" data-filter-288=\"1\" data-filter-289=\"1\" data-filter-290=\"1\" data-all-filter=\"139,149,150,152,154,156,159,166,168,288,289,290\"><div class=\"sia-beratung-db-entry-header\" onclick=\"return window.siaBeratung.toggleCpt(this);\"><div class=\"col-1\">Berne-Nord&nbsp;: pourquoi les communes aiment \u00e0 collaborer<\/div><div class=\"col-2\">Bremgarten, Kirchlindach, Meikirch et Wohlen, BE<\/div><div class=\"sia-beratung-db-angle\"><span class=\"sia-beratung-angle\"><\/span><\/div><\/div><div class=\"sia-beratung-db-entry-content\"><div class=\"sia-beratung-db-entry-content-columns\"><div class=\"col-1\"><div class=\"sia-beratung-db-entry-slides\"><div class=\"sia-beratung-db-entry-swiper\"><div class=\"swiper-wrapper\"><div class=\"swiper-slide\"><img loading=\"lazy\" decoding=\"async\" src=\"https:\/\/baukulturschweiz.ch\/wp-content\/uploads\/2023\/06\/2023-04-19-094801-bernnord-1-keine-angaben.jpg\" width=\"710\" height=\"533\" \/><\/div><div class=\"swiper-slide\"><img loading=\"lazy\" decoding=\"async\" src=\"https:\/\/baukulturschweiz.ch\/wp-content\/uploads\/2023\/06\/2023-04-19-105342-bernnord-2-keine-angaben.jpg\" width=\"756\" height=\"567\" \/><\/div><div class=\"swiper-slide\"><img loading=\"lazy\" decoding=\"async\" src=\"https:\/\/baukulturschweiz.ch\/wp-content\/uploads\/2023\/06\/2023-04-19-105940-christof-1024x768.jpg\" width=\"1024\" height=\"768\" \/><\/div><div class=\"swiper-slide\"><img loading=\"lazy\" decoding=\"async\" src=\"https:\/\/baukulturschweiz.ch\/wp-content\/uploads\/2023\/06\/2023-04-19-110010-be-bern-nord-4-c-swisstopo-1024x768.jpg\" width=\"1024\" height=\"768\" \/><\/div><\/div><\/div><a class=\"swiper-button swiper-button-prev\"><\/a><a class=\"swiper-button swiper-button-next mobile\"><\/a><div class=\"sia-beratung-db-slide-legends\"><small data-index=\"0\">Du fait de leurs racines communes en mati\u00e8re de culture du b\u00e2ti<\/small><small data-index=\"1\" style=\"display:none;\">Du fait de leurs buts communs en mati\u00e8re de culture du b\u00e2ti<\/small><small data-index=\"2\" style=\"display:none;\">Tout simplement: \u00abensemble, \u00e7a fonctionne mieux.\u00bb<br \/>\r\n\u00a9 Chistof Tscharland<\/small><small data-index=\"3\" style=\"display:none;\">\u00a9 Swisstopo<\/small><small class=\"pageNo\">1\/4<\/small><\/div><\/div><\/div><div class=\"col-2\"><div class=\"sia-beratung-db-slide-texts\"><div class=\"sia-beratung-db-slide-text\" data-index=\"0\"><p>La coop\u00e9ration intercommunale engendre un climat o\u00f9 les limites communales et les diverses appartenances politiques perdent en importance&nbsp;: la mise \u00e0 profit des synergies dans les diff\u00e9rents domaines passe \u00e0 l\u2019avant-plan, parce qu\u2019ensemble, \u00e7a fonctionne mieux. Gr\u00e2ce au groupe d\u2019experts intercommunal, les d\u00e9cisions li\u00e9es \u00e0 la planification et aux constructions gagnent clairement en qualit\u00e9. Le travail peut en outre \u00eatre mieux organis\u00e9, de mani\u00e8re plus professionnelle et \u00e0 meilleur prix. Bien des communes ne mettraient pas en place un tel organe de mani\u00e8re unilat\u00e9rale. Pour les communes de taille petite \u00e0 moyenne, les coop\u00e9rations du type du groupe d\u2019experts \u00ab Baugestaltung \u00bb offrent la possibilit\u00e9 d\u2019entretenir une culture du b\u00e2ti de qualit\u00e9.<\/p>\n<div class=\"src-scripts-containers-Main-modules-Advice-Lists-Results-ListItem-types-Example-column\">\n<div class=\"aztHelpersMarkdownContainer src-scripts-containers-Main-modules-Advice-Lists-Results-ListItem-types-Example-description\">\n<p><strong>R\u00f4le de la commune&nbsp;:<\/strong> trier, d\u00e9l\u00e9guer, \u00e9couter, \u00e9valuer, d\u00e9cider<br \/>\n<strong>Organismes responsables\u00a0:<\/strong> quatre communes<\/p>\n<\/div>\n<\/div>\n<\/div><div class=\"sia-beratung-db-slide-text\" data-index=\"1\" style=\"display:none;\"><p>Les communes et le type d\u2019organisation qu\u2019elles repr\u00e9sentent jouent un r\u00f4le crucial dans notre soci\u00e9t\u00e9 pour certains enjeux strat\u00e9giques et administratifs. Les communes offrent aussi des rep\u00e8res et un cadre de r\u00e9f\u00e9rence compr\u00e9hensible pour la population et le monde politique, tout en renfor\u00e7ant l\u2019identit\u00e9 locale. Sous bien des aspects, les communes voisines font d\u00e9j\u00e0 partie d\u2019une unit\u00e9 r\u00e9gionale de plus grande taille, par exemple en ce qui concerne la sp\u00e9cificit\u00e9 du paysage, les liens historiques, les infrastructures de transport partag\u00e9es, les \u00e9changes entretenus, la vie associative ou les coop\u00e9rations d\u00e9j\u00e0 \u00e9tablies (cercle scolaire, service social r\u00e9gional, service du feu, etc.).<\/p>\n<\/div><div class=\"sia-beratung-db-slide-text\" data-index=\"2\" style=\"display:none;\"><p>Les quatre communes de Wohlen, Meikirch, Bremgarten et Kirchlindach sont toutes situ\u00e9es au nord de la ville de Berne. En 2011, elles ont institu\u00e9 conjointement le groupe d\u2019experts \u00ab Baugestaltung \u00bb (am\u00e9nagement des constructions), qui regroupe trois sp\u00e9cialistes de l\u2019am\u00e9nagement du territoire, de l\u2019architecture et de l\u2019architecture paysag\u00e8re. Ce groupe est aussi mentionn\u00e9 dans les r\u00e8glements communaux des constructions. Les autorit\u00e9s de planification et d\u2019octroi des autorisations de construire le consultent au besoin pour les projets ayant une incidence sur l\u2019aspect des sites construits et des paysages, ou lorsque des questions particuli\u00e8res se posent en mati\u00e8re d\u2019am\u00e9nagement du territoire, d\u2019architecture ou de conception des espaces ext\u00e9rieurs. Le groupe d\u2019experts examine et \u00e9value du point de vue esth\u00e9tique les demandes d\u2019autorisation de construire et les demandes pr\u00e9alables portant sur des objets. Il r\u00e9dige un rapport, qui analyse et qui \u00e9value les propositions, puis adresse des demandes aux autorit\u00e9s de planification et d\u2019autorisation comp\u00e9tentes. Ces \u00e9valuations servent de fondement aux d\u00e9cisions prises par la suite. Le groupe d\u2019experts ne prend pas de d\u00e9cisions lui-m\u00eame. Ses membres ne n\u00e9gocient pas avec les personnes qui demandent les autorisations et n\u2019entretiennent pas non plus de correspondance avec elles&nbsp;: c\u2019est la commune concern\u00e9e qui sert d\u2019interlocutrice.<\/p>\n<\/div><div class=\"sia-beratung-db-slide-text\" data-index=\"3\" style=\"display:none;\"><p>Le groupe d\u2019experts se r\u00e9unit une fois par mois, ou en fonction des affaires \u00e0 traiter. C\u2019est le ma\u00eetre d\u2019ouvrage ou les auteurs du projet de la commune concern\u00e9e qui s\u2019annoncent aupr\u00e8s du groupe. Outre les membres de ce dernier, les s\u00e9ances r\u00e9unissent le ma\u00eetre d\u2019ouvrage, les auteurs du projet, ainsi que les personnes responsables du dossier au service des constructions. Le projet est pr\u00e9sent\u00e9 par le ma\u00eetre d\u2019ouvrage ou par ses auteurs \u00e0 l\u2019aide de plans et de mod\u00e8les. Le groupe d\u2019experts ne re\u00e7oit aucun document avant la s\u00e9ance. Apr\u00e8s les d\u00e9lib\u00e9rations, l\u2019\u00e9valuation du groupe est pr\u00e9sent\u00e9e oralement aux personnes pr\u00e9sentes. Un rapport \u00e9crit suit dans les deux semaines. Il est remis aux auteurs du projet par l\u2019interm\u00e9diaire de la commune concern\u00e9e. L\u2019administration communale des constructions se tient \u00e0 disposition pour r\u00e9pondre aux questions ou apporter des \u00e9claircissements.<\/p>\n<\/div><\/div><div class=\"sia-beratung-db-filterbox\"><label class=\"toggle\" onclick=\"return window.siaBeratung.toggleFilterBox(this);\"><span>Proc\u00e9dures d\u2019autorisation de construire<\/span><span>Conseil par les communes<\/span><span>Dialogue<\/span><span>Commissions d\u2019urbanisme<\/span><span>Espace public<\/span><span>Sites construits<\/span><span>Processus<\/span><span>Proc\u00e9dures d\u2019assurance qualit\u00e9<\/span><span>Coop\u00e9ration r\u00e9gionale<\/span><\/label><div class=\"options\"><a href=\"#\" onclick=\"return window.siaBeratung.setFilterBoxFilter(154);\">Proc\u00e9dures d\u2019autorisation de construire<\/a><a href=\"#\" onclick=\"return window.siaBeratung.setFilterBoxFilter(156);\">Conseil par les communes<\/a><a href=\"#\" onclick=\"return window.siaBeratung.setFilterBoxFilter(139);\">Dialogue<\/a><a href=\"#\" onclick=\"return window.siaBeratung.setFilterBoxFilter(159);\">Commissions d\u2019urbanisme<\/a><a href=\"#\" onclick=\"return window.siaBeratung.setFilterBoxFilter(149);\">Espace public<\/a><a href=\"#\" onclick=\"return window.siaBeratung.setFilterBoxFilter(150);\">Sites construits<\/a><a href=\"#\" onclick=\"return window.siaBeratung.setFilterBoxFilter(152);\">Processus<\/a><a href=\"#\" onclick=\"return window.siaBeratung.setFilterBoxFilter(166);\">Proc\u00e9dures d\u2019assurance qualit\u00e9<\/a><a href=\"#\" onclick=\"return window.siaBeratung.setFilterBoxFilter(168);\">Coop\u00e9ration r\u00e9gionale<\/a><a href=\"#\" onclick=\"return window.siaBeratung.setFilterBoxFilter([139,149,150,152,154,156,159,166,168,288,289,290]);\">Alle Filter ausw\u00e4hlen<\/a><\/div><\/div><label class=\"sia-beratung-db-filterbox-spacer\">&nbsp;<\/label><\/div><a class=\"swiper-button swiper-button-next desktop\"><\/a><\/div><\/div><div class=\"sia-beratung-db-entry-searchtext\">bern nord: deshalb arbeiten gemeinden gut zusammen | la coop\u00e9ration intercommunale engendre un climat o\u00f9 les limites communales et les diverses appartenances politiques perdent en importance&nbsp;: la mise \u00e0 profit des synergies dans les diff\u00e9rents domaines passe \u00e0 l\u2019avant-plan, parce qu\u2019ensemble, \u00e7a fonctionne mieux. gr\u00e2ce au groupe d\u2019experts intercommunal, les d\u00e9cisions li\u00e9es \u00e0 la planification et aux constructions gagnent clairement en qualit\u00e9. le travail peut en outre \u00eatre mieux organis\u00e9, de mani\u00e8re plus professionnelle et \u00e0 meilleur prix. bien des communes ne mettraient pas en place un tel organe de mani\u00e8re unilat\u00e9rale. pour les communes de taille petite \u00e0 moyenne, les coop\u00e9rations du type du groupe d\u2019experts \u00ab baugestaltung \u00bb offrent la possibilit\u00e9 d\u2019entretenir une culture du b\u00e2ti de qualit\u00e9.r\u00f4le de la commune&nbsp;: trier, d\u00e9l\u00e9guer, \u00e9couter, \u00e9valuer, d\u00e9ciderorganismes responsables\u00a0: quatre communes | du fait de leurs racines communes en mati\u00e8re de culture du b\u00e2ti | les communes et le type d\u2019organisation qu\u2019elles repr\u00e9sentent jouent un r\u00f4le crucial dans notre soci\u00e9t\u00e9 pour certains enjeux strat\u00e9giques et administratifs. les communes offrent aussi des rep\u00e8res et un cadre de r\u00e9f\u00e9rence compr\u00e9hensible pour la population et le monde politique, tout en renfor\u00e7ant l\u2019identit\u00e9 locale. sous bien des aspects, les communes voisines font d\u00e9j\u00e0 partie d\u2019une unit\u00e9 r\u00e9gionale de plus grande taille, par exemple en ce qui concerne la sp\u00e9cificit\u00e9 du paysage, les liens historiques, les infrastructures de transport partag\u00e9es, les \u00e9changes entretenus, la vie associative ou les coop\u00e9rations d\u00e9j\u00e0 \u00e9tablies (cercle scolaire, service social r\u00e9gional, service du feu, etc.). | du fait de leurs buts communs en mati\u00e8re de culture du b\u00e2ti | les quatre communes de wohlen, meikirch, bremgarten et kirchlindach sont toutes situ\u00e9es au nord de la ville de berne. en 2011, elles ont institu\u00e9 conjointement le groupe d\u2019experts \u00ab baugestaltung \u00bb (am\u00e9nagement des constructions), qui regroupe trois sp\u00e9cialistes de l\u2019am\u00e9nagement du territoire, de l\u2019architecture et de l\u2019architecture paysag\u00e8re. ce groupe est aussi mentionn\u00e9 dans les r\u00e8glements communaux des constructions. les autorit\u00e9s de planification et d\u2019octroi des autorisations de construire le consultent au besoin pour les projets ayant une incidence sur l\u2019aspect des sites construits et des paysages, ou lorsque des questions particuli\u00e8res se posent en mati\u00e8re d\u2019am\u00e9nagement du territoire, d\u2019architecture ou de conception des espaces ext\u00e9rieurs. le groupe d\u2019experts examine et \u00e9value du point de vue esth\u00e9tique les demandes d\u2019autorisation de construire et les demandes pr\u00e9alables portant sur des objets. il r\u00e9dige un rapport, qui analyse et qui \u00e9value les propositions, puis adresse des demandes aux autorit\u00e9s de planification et d\u2019autorisation comp\u00e9tentes. ces \u00e9valuations servent de fondement aux d\u00e9cisions prises par la suite. le groupe d\u2019experts ne prend pas de d\u00e9cisions lui-m\u00eame. ses membres ne n\u00e9gocient pas avec les personnes qui demandent les autorisations et n\u2019entretiennent pas non plus de correspondance avec elles&nbsp;: c\u2019est la commune concern\u00e9e qui sert d\u2019interlocutrice. | tout simplement: \u00abensemble, \u00e7a fonctionne mieux.\u00bb\r\u00a9 chistof tscharland | le groupe d\u2019experts se r\u00e9unit une fois par mois, ou en fonction des affaires \u00e0 traiter. c\u2019est le ma\u00eetre d\u2019ouvrage ou les auteurs du projet de la commune concern\u00e9e qui s\u2019annoncent aupr\u00e8s du groupe. outre les membres de ce dernier, les s\u00e9ances r\u00e9unissent le ma\u00eetre d\u2019ouvrage, les auteurs du projet, ainsi que les personnes responsables du dossier au service des constructions. le projet est pr\u00e9sent\u00e9 par le ma\u00eetre d\u2019ouvrage ou par ses auteurs \u00e0 l\u2019aide de plans et de mod\u00e8les. le groupe d\u2019experts ne re\u00e7oit aucun document avant la s\u00e9ance. apr\u00e8s les d\u00e9lib\u00e9rations, l\u2019\u00e9valuation du groupe est pr\u00e9sent\u00e9e oralement aux personnes pr\u00e9sentes. un rapport \u00e9crit suit dans les deux semaines. il est remis aux auteurs du projet par l\u2019interm\u00e9diaire de la commune concern\u00e9e. l\u2019administration communale des constructions se tient \u00e0 disposition pour r\u00e9pondre aux questions ou apporter des \u00e9claircissements. | \u00a9 swisstopo | dialog | \u00f6ffentlicher raum | ortsbilder | prozesse | baubewilligungsverfahren | beratung durch gemeinden | gestaltungsbeir\u00e4te | qualit\u00e4tssichernde verfahren | regionale zusammenarbeit | de | fr | it<\/div><\/article><article class=\"sia-beratung-db-entry\" data-id=\"1653\" data-cpt=\"sia-ausbildung\" data-slug=\"bernische-r-bauverwalter-in\" data-lat=\"46.9617603345847\" data-lng=\"7.46459399805445\" data-filter-137=\"1\" data-filter-138=\"1\" data-filter-141=\"1\" data-filter-142=\"1\" data-filter-144=\"1\" data-filter-145=\"1\" data-filter-147=\"1\" data-filter-148=\"1\" data-filter-149=\"1\" data-filter-150=\"1\" data-filter-151=\"1\" data-filter-152=\"1\" data-filter-154=\"1\" data-filter-155=\"1\" data-filter-157=\"1\" data-filter-162=\"1\" data-filter-163=\"1\" data-filter-194=\"1\" data-filter-274=\"1\" data-filter-288=\"1\" data-all-filter=\"137,138,141,142,144,145,147,148,149,150,151,152,154,155,157,162,163,194,274,288\"><div class=\"sia-beratung-db-entry-header\" onclick=\"return window.siaBeratung.toggleCpt(this);\"><div class=\"col-1\">Bernische\/r Bauverwalter\/in<\/div><div class=\"col-2\"><span>BWD Bern Bildungszentrum f\u00fcr Wirtschaft und Dienstleistung<\/span><\/div><div class=\"col-3\"><span>Programme de dipl\u00f4me<\/span><\/div><div class=\"sia-beratung-db-angle\"><span class=\"sia-beratung-angle\"><\/span><\/div><\/div><div class=\"sia-beratung-db-entry-content\"><div class=\"sia-beratung-db-entry-content-columns\"><div class=\"col-1\"><p>Die Diplomausbildung zum\/zur bernischen Bauverwalter\/in dauert drei Semester. Voraussetzung f\u00fcr den Besuch ist der vorg\u00e4ngige Abschluss als Gemeindefachmann\/Gemeindefachfrau. Ein Besuch ist aber auch als Hospitant m\u00f6glich, in diesem Fall jedoch das Diplom nicht erworben werden sondern es wird nur eine Lehrgangsbest\u00e4tigung ausgestellt.<\/p>\n<\/div><div class=\"col-2\"><\/div><\/div><div class=\"sia-beratung-db-entry-footer\"><div class=\"col-1\"><a href=\"https:\/\/bwdbern.ch\/wb\/gemeinden\/lehrgaenge\/diplomlehrgang-bernische-r-bauverwalter-in\/\" class=\"sia-beratung-db-entry-link\" target=\"_blank\" rel=\"noopener\">Link zum Angebot<\/a><\/div><div class=\"col-2\"><div class=\"sia-beratung-db-filterbox\"><label class=\"toggle\" onclick=\"return window.siaBeratung.toggleFilterBox(this);\"><span>Proc\u00e9dures d\u2019autorisation de construire<\/span><span>Construction hors zone \u00e0 b\u00e2tir<\/span><span>Politique fonci\u00e8re<\/span><span>BWD Bern Bildungszentrum f\u00fcr Wirtschaft und Dienstleistung<\/span><span>Monuments<\/span><span>Programme de dipl\u00f4me<\/span><span>Formation continue pour le personnel politique et administratif<\/span><span>Infrastructure<\/span><span>D\u00e9veloppement \u00e0 l\u2019int\u00e9rieur du milieu b\u00e2ti<\/span><span>Paysage<\/span><span>Politique immobili\u00e8re<\/span><span>Taxation de la plus-value<\/span><span>Mobilit\u00e9<\/span><span>Durabilit\u00e9<\/span><span>Plans d\u2019affectation<\/span><span>Espace public<\/span><span>Sites construits<\/span><span>Outils de planification<\/span><span>Processus<\/span><\/label><div class=\"options\"><a href=\"#\" onclick=\"return window.siaBeratung.setFilterBoxFilter(154);\">Proc\u00e9dures d\u2019autorisation de construire<\/a><a href=\"#\" onclick=\"return window.siaBeratung.setFilterBoxFilter(155);\">Construction hors zone \u00e0 b\u00e2tir<\/a><a href=\"#\" onclick=\"return window.siaBeratung.setFilterBoxFilter(137);\">Politique fonci\u00e8re<\/a><a href=\"#\" onclick=\"return window.siaBeratung.setFilterBoxFilter(194);\">BWD Bern Bildungszentrum f\u00fcr Wirtschaft und Dienstleistung<\/a><a href=\"#\" onclick=\"return window.siaBeratung.setFilterBoxFilter(138);\">Monuments<\/a><a href=\"#\" onclick=\"return window.siaBeratung.setFilterBoxFilter(274);\">Programme de dipl\u00f4me<\/a><a href=\"#\" onclick=\"return window.siaBeratung.setFilterBoxFilter(157);\">Formation continue pour le personnel politique et administratif<\/a><a href=\"#\" onclick=\"return window.siaBeratung.setFilterBoxFilter(141);\">Infrastructure<\/a><a href=\"#\" onclick=\"return window.siaBeratung.setFilterBoxFilter(142);\">D\u00e9veloppement \u00e0 l\u2019int\u00e9rieur du milieu b\u00e2ti<\/a><a href=\"#\" onclick=\"return window.siaBeratung.setFilterBoxFilter(144);\">Paysage<\/a><a href=\"#\" onclick=\"return window.siaBeratung.setFilterBoxFilter(145);\">Politique immobili\u00e8re<\/a><a href=\"#\" onclick=\"return window.siaBeratung.setFilterBoxFilter(162);\">Taxation de la plus-value<\/a><a href=\"#\" onclick=\"return window.siaBeratung.setFilterBoxFilter(147);\">Mobilit\u00e9<\/a><a href=\"#\" onclick=\"return window.siaBeratung.setFilterBoxFilter(148);\">Durabilit\u00e9<\/a><a href=\"#\" onclick=\"return window.siaBeratung.setFilterBoxFilter(163);\">Plans d\u2019affectation<\/a><a href=\"#\" onclick=\"return window.siaBeratung.setFilterBoxFilter(149);\">Espace public<\/a><a href=\"#\" onclick=\"return window.siaBeratung.setFilterBoxFilter(150);\">Sites construits<\/a><a href=\"#\" onclick=\"return window.siaBeratung.setFilterBoxFilter(151);\">Outils de planification<\/a><a href=\"#\" onclick=\"return window.siaBeratung.setFilterBoxFilter(152);\">Processus<\/a><a href=\"#\" onclick=\"return window.siaBeratung.setFilterBoxFilter([137,138,141,142,144,145,147,148,149,150,151,152,154,155,157,162,163,194,274,288]);\">Alle Filter ausw\u00e4hlen<\/a><\/div><\/div><label class=\"sia-beratung-db-filterbox-spacer\">&nbsp;<\/label><\/div><\/div><\/div><div class=\"sia-beratung-db-entry-searchtext\">bernische\/r bauverwalter\/in | die diplomausbildung zum\/zur bernischen bauverwalter\/in dauert drei semester. voraussetzung f\u00fcr den besuch ist der vorg\u00e4ngige abschluss als gemeindefachmann\/gemeindefachfrau. ein besuch ist aber auch als hospitant m\u00f6glich, in diesem fall jedoch das diplom nicht erworben werden sondern es wird nur eine lehrgangsbest\u00e4tigung ausgestellt. | bodenpolitik | denkm\u00e4ler | infrastruktur | innenentwicklung | landschaft | liegenschaftspolitik | mobilit\u00e4t | nachhaltigkeit | \u00f6ffentlicher raum | ortsbilder | planungsinstrumente | prozesse | baubewilligungsverfahren | bauen ausserhalb der bauzone | fortbildung f\u00fcr politik und verwaltung | mehrwertabsch\u00f6pfung | nutzungsplanung | bwd bern bildungszentrum f\u00fcr wirtschaft und dienstleistung | diplomlehrgang | de<\/div><\/article><article class=\"sia-beratung-db-entry\" data-id=\"1396\" data-cpt=\"sia-beispiele\" data-slug=\"burgdorf-bucherareal-nachhaltig-transformieren\" data-lang-slug-de_de=\"\" data-lang-slug-en_gb=\"\" data-lang-slug-fr_fr=\"\" data-lang-slug-it_it=\"\" data-lat=\"47.0598904\" data-lng=\"7.6320916\" data-filter-135=\"1\" data-filter-140=\"1\" data-filter-142=\"1\" data-filter-146=\"1\" data-filter-148=\"1\" data-filter-150=\"1\" data-filter-164=\"1\" data-filter-166=\"1\" data-filter-169=\"1\" data-filter-267=\"1\" data-filter-268=\"1\" data-filter-288=\"1\" data-filter-289=\"1\" data-filter-290=\"1\" data-all-filter=\"135,140,142,146,148,150,164,166,169,267,268,288,289,290\"><div class=\"sia-beratung-db-entry-header\" onclick=\"return window.siaBeratung.toggleCpt(this);\"><div class=\"col-1\">Berthoud&nbsp;: transformer durablement le site de Bucher AG<\/div><div class=\"col-2\">Berthoud, BE<\/div><div class=\"sia-beratung-db-angle\"><span class=\"sia-beratung-angle\"><\/span><\/div><\/div><div class=\"sia-beratung-db-entry-content\"><div class=\"sia-beratung-db-entry-content-columns\"><div class=\"col-1\"><div class=\"sia-beratung-db-entry-slides\"><div class=\"sia-beratung-db-entry-swiper\"><div class=\"swiper-wrapper\"><div class=\"swiper-slide\"><img loading=\"lazy\" decoding=\"async\" src=\"https:\/\/baukulturschweiz.ch\/wp-content\/uploads\/2023\/06\/2023-04-19-130411-be-burgdorf-1-c-matthias-schneider-pinc-1024x768.jpg\" width=\"1024\" height=\"768\" \/><\/div><div class=\"swiper-slide\"><img loading=\"lazy\" decoding=\"async\" src=\"https:\/\/baukulturschweiz.ch\/wp-content\/uploads\/2023\/06\/2023-04-19-130603-be-burgdorf-2-c-matthias-schneider-pinc-1024x768.jpg\" width=\"1024\" height=\"768\" \/><\/div><div class=\"swiper-slide\"><img loading=\"lazy\" decoding=\"async\" src=\"https:\/\/baukulturschweiz.ch\/wp-content\/uploads\/2023\/06\/2023-04-19-131139-be-burgdorf-3-c-matthias-schneider-pinc-1024x768.jpg\" width=\"1024\" height=\"768\" \/><\/div><div class=\"swiper-slide\"><img loading=\"lazy\" decoding=\"async\" src=\"https:\/\/baukulturschweiz.ch\/wp-content\/uploads\/2023\/06\/2023-04-19-131239-be-burgdorf-4-c-matthias-schneider-pinc-1024x768.jpg\" width=\"1024\" height=\"768\" \/><\/div><div class=\"swiper-slide\"><img loading=\"lazy\" decoding=\"async\" src=\"https:\/\/baukulturschweiz.ch\/wp-content\/uploads\/2023\/06\/2023-04-19-131335-be-burgdorf-5-c-swisstopo-1024x768.jpg\" width=\"1024\" height=\"768\" \/><\/div><\/div><\/div><a class=\"swiper-button swiper-button-prev\"><\/a><a class=\"swiper-button swiper-button-next mobile\"><\/a><div class=\"sia-beratung-db-slide-legends\"><small data-index=\"0\">Se mettre d\u2019accord sur une conception directrice<br \/>\r\n\u00a9Matthias_Schneider_p'inc<\/small><small data-index=\"1\" style=\"display:none;\">Transformer les potentiels en utilit\u00e9s<br \/>\r\n\u00a9Matthias_Schneider_p'inc<\/small><small data-index=\"2\" style=\"display:none;\">Faire jouer la concurrence<br \/>\r\n\u00a9Matthias_Schneider_p'inc<\/small><small data-index=\"3\" style=\"display:none;\">Tenter de nouvelles choses<br \/>\r\n\u00a9Matthias_Schneider_p'inc<\/small><small data-index=\"4\" style=\"display:none;\">\u00a9 Swisstopo<\/small><small class=\"pageNo\">1\/5<\/small><\/div><\/div><\/div><div class=\"col-2\"><div class=\"sia-beratung-db-slide-texts\"><div class=\"sia-beratung-db-slide-text\" data-index=\"0\"><p>L\u2019exemple du site de Bucher AG combine la transformation durable d\u2019un secteur industriel avec une approche respectant un patrimoine b\u00e2ti de valeur. Le r\u00e9sultat tient compte des exigences actuelles et apporte des r\u00e9ponses aux d\u00e9fis \u00e9nerg\u00e9tique et climatique de notre \u00e9poque.<\/p>\n<div class=\"src-scripts-containers-Main-modules-Advice-Lists-Results-ListItem-types-Example-column\">\n<div class=\"aztHelpersMarkdownContainer src-scripts-containers-Main-modules-Advice-Lists-Results-ListItem-types-Example-description\">\n<p><strong>R\u00f4le de la commune\u00a0:<\/strong> participer \u00e0 la r\u00e9flexion, conseiller, d\u00e9cider, l\u00e9gitimer<br \/>\n<strong>Organismes responsables\u00a0:<\/strong> commune et priv\u00e9s<br \/>\n<strong>Am\u00e9nagement du territoire\u00a0:<\/strong> Panorama AG f\u00fcr Raumplanung, Architektur und Landschaft, Berne<br \/>\n<strong>Architecture\u00a0:<\/strong> Jomini &amp; Zimmermann Architekten, Zurich<\/p>\n<\/div>\n<\/div>\n<\/div><div class=\"sia-beratung-db-slide-text\" data-index=\"1\" style=\"display:none;\"><p class=\"translation-block\">Le site de l\u2019ancienne usine de tissage de laine de Bucher AG est situ\u00e9 \u00e0 proximit\u00e9 de la gare et de la vieille ville de Berthoud. Une caisse de pensions a rachet\u00e9 le terrain pour l\u2019utiliser et le d\u00e9velopper de mani\u00e8re durable. Les b\u00e2timents de la fabrique ont \u00e9t\u00e9 revaloris\u00e9s dans le respect de leur valeur patrimoniale, en impliquant les locataires existants.<br \/>\nDe nouveaux b\u00e2timents densifient l\u2019offre d\u2019utilisations possibles, mais l\u2019histoire du site reste visible sur toute la surface. La petite centrale hydraulique a \u00e9t\u00e9 modernis\u00e9e et une installation photovolta\u00efque a pris place sur le toit en dents de scie.<br \/>\nPour commencer, les utilisatrices et utilisateurs, la ville, le service des biens culturels et d\u2019autres personnes ont \u00e9labor\u00e9 une conception directrice pour la transformation du site, dans le cadre d\u2019une d\u00e9marche participative. Cette conception a servi de fondement au plan d\u2019affection sp\u00e9cial requis pour poursuivre la proc\u00e9dure.<\/p>\n<\/div><div class=\"sia-beratung-db-slide-text\" data-index=\"2\" style=\"display:none;\"><p>Sur le site de Bucher AG, on accorde de l\u2019importance \u00e0 un appro-visionnement \u00e9nerg\u00e9tique durable, raison pour laquelle la petite centrale hydraulique a \u00e9t\u00e9 r\u00e9nov\u00e9e. Ce t\u00e9moin de l\u2019histoire est d\u00e9sormais \u00e9quip\u00e9 d\u2019une nouvelle turbine\u00a0: avec l\u2019installation photovolta\u00efque mont\u00e9e sur le toit en dents de scie, il alimente en \u00e9lectricit\u00e9 la nouvelle pompe \u00e0 chaleur, qui tire de l\u2019\u00e9nergie des eaux souterraines. \u00c0 l\u2019avenir, tout le site b\u00e9n\u00e9ficiera ainsi d\u2019une \u00e9nergie renouvelable \u00e9cologique. La petite centrale est rattach\u00e9e \u00e0 la coop\u00e9rative hydraulique de Berthoud.<\/p>\n<\/div><div class=\"sia-beratung-db-slide-text\" data-index=\"3\" style=\"display:none;\"><p>Pour d\u00e9terminer la meilleure fa\u00e7on de mener \u00e0 bien une densification urbanistique de ce site, on a lanc\u00e9 une proc\u00e9dure de concours. Le r\u00e9sultat devait r\u00e9pondre \u00e0 des exigences de qualit\u00e9 \u00e9lev\u00e9es, puisque Berthoud avec ce secteur figure \u00e0 l\u2019Inventaire f\u00e9d\u00e9ral des sites construits d\u2019importance nationale \u00e0 prot\u00e9ger en Suisse (ISOS). Les nouveaux b\u00e2timents comptant jusqu\u2019\u00e0 huit \u00e9tages de logements et d\u2019appartements-ateliers seront habit\u00e9s d\u00e8s 2023. L\u2019am\u00e9nagement des surfaces ext\u00e9rieures des nouveaux \u00e9difices sera finalis\u00e9 de mani\u00e8re participative au cours des premi\u00e8res locations. De nouveaux espaces utilisables de mani\u00e8re communautaire verront le jour autour de la place Bucher\u00a0: ils animeront l\u2019ensemble du site. Apr\u00e8s l\u2019arriv\u00e9e des utilisatrices et utilisateurs, deux associations \u2013 une pour le site et une pour les logements \u2013 exploiteront de mani\u00e8re autonome l\u2019espace collectif, les surfaces communautaires et le jardin.<\/p>\n<\/div><div class=\"sia-beratung-db-slide-text\" data-index=\"4\" style=\"display:none;\"><p>D\u00e8s le d\u00e9but, la ville de Berthoud a soutenu activement la d\u00e9marche et s\u2019est impliqu\u00e9e dans la conception. Un contrat de planification conclu entre les propri\u00e9taires et la ville de Berthoud r\u00e8gle la question des co\u00fbts de proc\u00e9dure et d\u2019infrastructure. La commune a \u00e9galement approuv\u00e9 en temps opportun le plan d\u2019affectation sp\u00e9cial. Une fois la transformation du site achev\u00e9e, celui-ci accueillera diverses petites entreprises, un groupe d\u2019habitation, neuf lofts ainsi qu\u2019environ cinquante logements\u00a0: neuf de ces derniers seront organis\u00e9s autour d\u2019espaces communs selon une forme semi-communautaire.<\/p>\n<\/div><\/div><div class=\"sia-beratung-db-filterbox\"><label class=\"toggle\" onclick=\"return window.siaBeratung.toggleFilterBox(this);\"><span>Construire dans le b\u00e2ti existant<\/span><span>Energie<\/span><span>Hochparterre<\/span><span>D\u00e9veloppement \u00e0 l\u2019int\u00e9rieur du milieu b\u00e2ti<\/span><span>Participation<\/span><span>Durabilit\u00e9<\/span><span>Sites construits<\/span><span>Partenariat public-priv\u00e9<\/span><span>Proc\u00e9dures d\u2019assurance qualit\u00e9<\/span><span>Plans d\u2019affectation sp\u00e9ciaux<\/span><span>Divers<\/span><\/label><div class=\"options\"><a href=\"#\" onclick=\"return window.siaBeratung.setFilterBoxFilter(135);\">Construire dans le b\u00e2ti existant<\/a><a href=\"#\" onclick=\"return window.siaBeratung.setFilterBoxFilter(140);\">Energie<\/a><a href=\"#\" onclick=\"return window.siaBeratung.setFilterBoxFilter(268);\">Hochparterre<\/a><a href=\"#\" onclick=\"return window.siaBeratung.setFilterBoxFilter(142);\">D\u00e9veloppement \u00e0 l\u2019int\u00e9rieur du milieu b\u00e2ti<\/a><a href=\"#\" onclick=\"return window.siaBeratung.setFilterBoxFilter(146);\">Participation<\/a><a href=\"#\" onclick=\"return window.siaBeratung.setFilterBoxFilter(148);\">Durabilit\u00e9<\/a><a href=\"#\" onclick=\"return window.siaBeratung.setFilterBoxFilter(150);\">Sites construits<\/a><a href=\"#\" onclick=\"return window.siaBeratung.setFilterBoxFilter(164);\">Partenariat public-priv\u00e9<\/a><a href=\"#\" onclick=\"return window.siaBeratung.setFilterBoxFilter(166);\">Proc\u00e9dures d\u2019assurance qualit\u00e9<\/a><a href=\"#\" onclick=\"return window.siaBeratung.setFilterBoxFilter(169);\">Plans d\u2019affectation sp\u00e9ciaux<\/a><a href=\"#\" onclick=\"return window.siaBeratung.setFilterBoxFilter(267);\">Divers<\/a><a href=\"#\" onclick=\"return window.siaBeratung.setFilterBoxFilter([135,140,142,146,148,150,164,166,169,267,268,288,289,290]);\">Alle Filter ausw\u00e4hlen<\/a><\/div><\/div><label class=\"sia-beratung-db-filterbox-spacer\">&nbsp;<\/label><\/div><a class=\"swiper-button swiper-button-next desktop\"><\/a><\/div><\/div><div class=\"sia-beratung-db-entry-searchtext\">burgdorf: bucherareal nachhaltig transformieren | l\u2019exemple du site de bucher ag combine la transformation durable d\u2019un secteur industriel avec une approche respectant un patrimoine b\u00e2ti de valeur. le r\u00e9sultat tient compte des exigences actuelles et apporte des r\u00e9ponses aux d\u00e9fis \u00e9nerg\u00e9tique et climatique de notre \u00e9poque.r\u00f4le de la commune\u00a0: participer \u00e0 la r\u00e9flexion, conseiller, d\u00e9cider, l\u00e9gitimerorganismes responsables\u00a0: commune et priv\u00e9sam\u00e9nagement du territoire\u00a0: panorama ag f\u00fcr raumplanung, architektur und landschaft, bernearchitecture\u00a0: jomini &amp; zimmermann architekten, zurich | se mettre d\u2019accord sur une conception directrice\r\u00a9matthias_schneider_p'inc | le site de l\u2019ancienne usine de tissage de laine de bucher ag est situ\u00e9 \u00e0 proximit\u00e9 de la gare et de la vieille ville de berthoud. une caisse de pensions a rachet\u00e9 le terrain pour l\u2019utiliser et le d\u00e9velopper de mani\u00e8re durable. les b\u00e2timents de la fabrique ont \u00e9t\u00e9 revaloris\u00e9s dans le respect de leur valeur patrimoniale, en impliquant les locataires existants.de nouveaux b\u00e2timents densifient l\u2019offre d\u2019utilisations possibles, mais l\u2019histoire du site reste visible sur toute la surface. la petite centrale hydraulique a \u00e9t\u00e9 modernis\u00e9e et une installation photovolta\u00efque a pris place sur le toit en dents de scie.pour commencer, les utilisatrices et utilisateurs, la ville, le service des biens culturels et d\u2019autres personnes ont \u00e9labor\u00e9 une conception directrice pour la transformation du site, dans le cadre d\u2019une d\u00e9marche participative. cette conception a servi de fondement au plan d\u2019affection sp\u00e9cial requis pour poursuivre la proc\u00e9dure. | transformer les potentiels en utilit\u00e9s\r\u00a9matthias_schneider_p'inc | sur le site de bucher ag, on accorde de l\u2019importance \u00e0 un appro-visionnement \u00e9nerg\u00e9tique durable, raison pour laquelle la petite centrale hydraulique a \u00e9t\u00e9 r\u00e9nov\u00e9e. ce t\u00e9moin de l\u2019histoire est d\u00e9sormais \u00e9quip\u00e9 d\u2019une nouvelle turbine\u00a0: avec l\u2019installation photovolta\u00efque mont\u00e9e sur le toit en dents de scie, il alimente en \u00e9lectricit\u00e9 la nouvelle pompe \u00e0 chaleur, qui tire de l\u2019\u00e9nergie des eaux souterraines. \u00e0 l\u2019avenir, tout le site b\u00e9n\u00e9ficiera ainsi d\u2019une \u00e9nergie renouvelable \u00e9cologique. la petite centrale est rattach\u00e9e \u00e0 la coop\u00e9rative hydraulique de berthoud. | faire jouer la concurrence\r\u00a9matthias_schneider_p'inc | pour d\u00e9terminer la meilleure fa\u00e7on de mener \u00e0 bien une densification urbanistique de ce site, on a lanc\u00e9 une proc\u00e9dure de concours. le r\u00e9sultat devait r\u00e9pondre \u00e0 des exigences de qualit\u00e9 \u00e9lev\u00e9es, puisque berthoud avec ce secteur figure \u00e0 l\u2019inventaire f\u00e9d\u00e9ral des sites construits d\u2019importance nationale \u00e0 prot\u00e9ger en suisse (isos). les nouveaux b\u00e2timents comptant jusqu\u2019\u00e0 huit \u00e9tages de logements et d\u2019appartements-ateliers seront habit\u00e9s d\u00e8s 2023. l\u2019am\u00e9nagement des surfaces ext\u00e9rieures des nouveaux \u00e9difices sera finalis\u00e9 de mani\u00e8re participative au cours des premi\u00e8res locations. de nouveaux espaces utilisables de mani\u00e8re communautaire verront le jour autour de la place bucher\u00a0: ils animeront l\u2019ensemble du site. apr\u00e8s l\u2019arriv\u00e9e des utilisatrices et utilisateurs, deux associations \u2013 une pour le site et une pour les logements \u2013 exploiteront de mani\u00e8re autonome l\u2019espace collectif, les surfaces communautaires et le jardin. | tenter de nouvelles choses\r\u00a9matthias_schneider_p'inc | d\u00e8s le d\u00e9but, la ville de berthoud a soutenu activement la d\u00e9marche et s\u2019est impliqu\u00e9e dans la conception. un contrat de planification conclu entre les propri\u00e9taires et la ville de berthoud r\u00e8gle la question des co\u00fbts de proc\u00e9dure et d\u2019infrastructure. la commune a \u00e9galement approuv\u00e9 en temps opportun le plan d\u2019affectation sp\u00e9cial. une fois la transformation du site achev\u00e9e, celui-ci accueillera diverses petites entreprises, un groupe d\u2019habitation, neuf lofts ainsi qu\u2019environ cinquante logements\u00a0: neuf de ces derniers seront organis\u00e9s autour d\u2019espaces communs selon une forme semi-communautaire. | \u00a9 swisstopo | bauen im bestand | energie | innenentwicklung | mitwirkung | nachhaltigkeit | ortsbilder | ppp | qualit\u00e4tssichernde verfahren | sondernutzplanung | verschiedene | hochparterre | de | fr | it<\/div><\/article><article class=\"sia-beratung-db-entry\" data-id=\"1657\" data-cpt=\"sia-ausbildung\" data-slug=\"bestellerkompetenz-projekt-und-gesamtleistung-im-bauprozess\" data-lat=\"47.4930848261245\" data-lng=\"8.7166741\" data-filter-137=\"1\" data-filter-141=\"1\" data-filter-142=\"1\" data-filter-145=\"1\" data-filter-148=\"1\" data-filter-149=\"1\" data-filter-152=\"1\" data-filter-161=\"1\" data-filter-166=\"1\" data-filter-210=\"1\" data-filter-272=\"1\" data-filter-288=\"1\" data-all-filter=\"137,141,142,145,148,149,152,161,166,210,272,288\"><div class=\"sia-beratung-db-entry-header\" onclick=\"return window.siaBeratung.toggleCpt(this);\"><div class=\"col-1\">Bestellerkompetenz \u2013 Projekt \u2013 und Gesamtleistung im Bauprozess<\/div><div class=\"col-2\"><span>ZHAW Z\u00fcrcher Hochschule f\u00fcr Angewandte Wissenschaften<\/span><\/div><div class=\"col-3\"><span>CAS<\/span><\/div><div class=\"sia-beratung-db-angle\"><span class=\"sia-beratung-angle\"><\/span><\/div><\/div><div class=\"sia-beratung-db-entry-content\"><div class=\"sia-beratung-db-entry-content-columns\"><div class=\"col-1\"><p>Zielorientierte Prozessf\u00fchrung Bauherren- und Anbieterseite, professionelle Leitung eines Teams, vertieftes Grundwissen der Projektsteuerung, Selbstreflexion im Bereich Sozialkompetenz.<\/p>\n<\/div><div class=\"col-2\"><\/div><\/div><div class=\"sia-beratung-db-entry-footer\"><div class=\"col-1\"><a href=\"https:\/\/www.zhaw.ch\/de\/archbau\/weiterbildung\/detail\/kurs\/cas-bestellerkompetenz-projekt-und-gesamtleitung-im-bauprozess\/\" class=\"sia-beratung-db-entry-link\" target=\"_blank\" rel=\"noopener\">Link zum Angebot<\/a><\/div><div class=\"col-2\"><div class=\"sia-beratung-db-filterbox\"><label class=\"toggle\" onclick=\"return window.siaBeratung.toggleFilterBox(this);\"><span>Politique fonci\u00e8re<\/span><span>CAS<\/span><span>Infrastructure<\/span><span>D\u00e9veloppement \u00e0 l\u2019int\u00e9rieur du milieu b\u00e2ti<\/span><span>Projets de construction communaux<\/span><span>Politique immobili\u00e8re<\/span><span>Durabilit\u00e9<\/span><span>Espace public<\/span><span>Processus<\/span><span>Proc\u00e9dures d\u2019assurance qualit\u00e9<\/span><span>ZHAW Z\u00fcrcher Hochschule f\u00fcr Angewandte Wissenschaften<\/span><\/label><div class=\"options\"><a href=\"#\" onclick=\"return window.siaBeratung.setFilterBoxFilter(137);\">Politique fonci\u00e8re<\/a><a href=\"#\" onclick=\"return window.siaBeratung.setFilterBoxFilter(272);\">CAS<\/a><a href=\"#\" onclick=\"return window.siaBeratung.setFilterBoxFilter(141);\">Infrastructure<\/a><a href=\"#\" onclick=\"return window.siaBeratung.setFilterBoxFilter(142);\">D\u00e9veloppement \u00e0 l\u2019int\u00e9rieur du milieu b\u00e2ti<\/a><a href=\"#\" onclick=\"return window.siaBeratung.setFilterBoxFilter(161);\">Projets de construction communaux<\/a><a href=\"#\" onclick=\"return window.siaBeratung.setFilterBoxFilter(145);\">Politique immobili\u00e8re<\/a><a href=\"#\" onclick=\"return window.siaBeratung.setFilterBoxFilter(148);\">Durabilit\u00e9<\/a><a href=\"#\" onclick=\"return window.siaBeratung.setFilterBoxFilter(149);\">Espace public<\/a><a href=\"#\" onclick=\"return window.siaBeratung.setFilterBoxFilter(152);\">Processus<\/a><a href=\"#\" onclick=\"return window.siaBeratung.setFilterBoxFilter(166);\">Proc\u00e9dures d\u2019assurance qualit\u00e9<\/a><a href=\"#\" onclick=\"return window.siaBeratung.setFilterBoxFilter(210);\">ZHAW Z\u00fcrcher Hochschule f\u00fcr Angewandte Wissenschaften<\/a><a href=\"#\" onclick=\"return window.siaBeratung.setFilterBoxFilter([137,141,142,145,148,149,152,161,166,210,272,288]);\">Alle Filter ausw\u00e4hlen<\/a><\/div><\/div><label class=\"sia-beratung-db-filterbox-spacer\">&nbsp;<\/label><\/div><\/div><\/div><div class=\"sia-beratung-db-entry-searchtext\">bestellerkompetenz \u2013 projekt \u2013 und gesamtleistung im bauprozess | zielorientierte prozessf\u00fchrung bauherren- und anbieterseite, professionelle leitung eines teams, vertieftes grundwissen der projektsteuerung, selbstreflexion im bereich sozialkompetenz. | bodenpolitik | infrastruktur | innenentwicklung | liegenschaftspolitik | nachhaltigkeit | \u00f6ffentlicher raum | prozesse | kommunale bauprojekte | qualit\u00e4tssichernde verfahren | zhaw z\u00fcrcher hochschule f\u00fcr angewandte wissenschaften | cas | de<\/div><\/article><article class=\"sia-beratung-db-entry\" data-id=\"3089\" data-cpt=\"sia-beispiele\" data-slug=\"inn-revitalisierungen-einer-auenlandschaft\" data-lang-slug-de_de=\"\" data-lang-slug-en_gb=\"\" data-lang-slug-fr_fr=\"\" data-lang-slug-it_it=\"\" data-lat=\"46.5449893\" data-lng=\"9.8910427\" data-filter-136=\"1\" data-filter-140=\"1\" data-filter-141=\"1\" data-filter-143=\"1\" data-filter-144=\"1\" data-filter-148=\"1\" data-filter-161=\"1\" data-filter-165=\"1\" data-filter-168=\"1\" data-filter-175=\"1\" data-filter-189=\"1\" data-filter-221=\"1\" data-filter-288=\"1\" data-filter-289=\"1\" data-filter-290=\"1\" data-all-filter=\"136,140,141,143,144,148,161,165,168,175,189,221,288,289,290\"><div class=\"sia-beratung-db-entry-header\" onclick=\"return window.siaBeratung.toggleCpt(this);\"><div class=\"col-1\">Bever : revitalisation du paysage alluvial de l\u2019Inn<\/div><div class=\"col-2\">Bever, GR<\/div><div class=\"sia-beratung-db-angle\"><span class=\"sia-beratung-angle\"><\/span><\/div><\/div><div class=\"sia-beratung-db-entry-content\"><div class=\"sia-beratung-db-entry-content-columns\"><div class=\"col-1\"><div class=\"sia-beratung-db-entry-slides\"><div class=\"sia-beratung-db-entry-swiper\"><div class=\"swiper-wrapper\"><div class=\"swiper-slide\"><img loading=\"lazy\" decoding=\"async\" src=\"https:\/\/baukulturschweiz.ch\/wp-content\/uploads\/2024\/01\/BE_Inn_1_cHerbert-Boehler-Flurin-Bertschinger_Ex-Press_BAFU-1024x768.jpg\" width=\"1024\" height=\"768\" \/><\/div><div class=\"swiper-slide\"><img loading=\"lazy\" decoding=\"async\" src=\"https:\/\/baukulturschweiz.ch\/wp-content\/uploads\/2024\/05\/12_Inn_2_auenlandschaft-renaturierung-engadin-08-1024x682-1-1024x768.jpg\" width=\"1024\" height=\"768\" \/><\/div><div class=\"swiper-slide\"><img loading=\"lazy\" decoding=\"async\" src=\"https:\/\/baukulturschweiz.ch\/wp-content\/uploads\/2024\/01\/12_Inn_cSwisstopo-1024x768.jpg\" width=\"1024\" height=\"768\" \/><\/div><div class=\"swiper-slide\"><img loading=\"lazy\" decoding=\"async\" src=\"https:\/\/baukulturschweiz.ch\/wp-content\/uploads\/2024\/05\/12_Inn_3-1024x768.jpg\" width=\"1024\" height=\"768\" \/><\/div><\/div><\/div><a class=\"swiper-button swiper-button-prev\"><\/a><a class=\"swiper-button swiper-button-next mobile\"><\/a><div class=\"sia-beratung-db-slide-legends\"><small data-index=\"0\">Belle pour l'humain et la nature : la revitalisation du paysage alluvial pr\u00e8s de Bever.<br \/>\r\n\u00a9 Herbert B\u00f6hler &amp; Flurin Bertschinger\/Ex-Press\/BAFU<\/small><small data-index=\"1\" style=\"display:none;\">Avant : l\u2019Inn canalis\u00e9 par les digues de protection contre les crues sur les deux c\u00f4t\u00e9s. <br \/>\r\n\u00a9 ecowert AG \/ Hydra AG<\/small><small data-index=\"2\" style=\"display:none;\">\u00a9 swisstopo<\/small><small data-index=\"3\" style=\"display:none;\">Paysage alluviale de l\u2019Inn ; Zone accueillant faune et flore diversifi\u00e9es et aire de d\u00e9tente.<br \/>\r\n\u00a9 Fabian Scheeder, Bever<\/small><small class=\"pageNo\">1\/4<\/small><\/div><\/div><\/div><div class=\"col-2\"><div class=\"sia-beratung-db-slide-texts\"><div class=\"sia-beratung-db-slide-text\" data-index=\"0\"><p>En Suisse, pr\u00e8s d&#8217;un quart des rivi\u00e8res et ruisseaux ont \u00e9t\u00e9 rectifi\u00e9s, am\u00e9nag\u00e9s ou couverts, ce qui a entra\u00een\u00e9 une perturbation significative de leur fonctionnement naturel. Cette situation est particuli\u00e8rement probl\u00e9matique sur le Plateau suisse : l&#8217;exploitation intensive a conduit \u00e0 ce que pr\u00e8s de la moiti\u00e9 des rivi\u00e8res ne correspondent plus \u00e0 leur \u00e9tat naturel. Ces interventions ont eu pour effet de menacer, voire de faire dispara\u00eetre de nombreuses esp\u00e8ces animales et v\u00e9g\u00e9tales.<\/p>\n<p>Depuis 2011, la nouvelle loi sur la protection des eaux (LEaux) impose aux cantons de planifier et de mettre en \u0153uvre des mesures de revitalisation. Ces processus de revitalisation sont essentiels pour restaurer l&#8217;\u00e9quilibre naturel des \u00e9cosyst\u00e8mes aquatiques suisses, pr\u00e9server la biodiversit\u00e9, renforcer la protection contre les crues tout en r\u00e9pondant aux besoins de la soci\u00e9t\u00e9 moderne.<\/p>\n<p><strong>R\u00f4le de la commune\u00a0:<\/strong> s\u2019ouvrir \u00e0 de nouvelles id\u00e9es, communiquer, coordonner, \u00e9couter, faire office de m\u00e9diateur, jouer les interm\u00e9diaires, mettre en \u0153uvre, n\u00e9gocier<br \/>\n<strong>Organismes responsables\u00a0:<\/strong> Commune de Bever<br \/>\n<strong>Auteurs du projet\u00a0:<\/strong> Groupement des bureaux d&#8217;ing\u00e9nieurs EichenbergerRevital, Hunziker, Zarn &amp; Partner et Ecowert<br \/>\n<strong>Source\u00a0:<\/strong>\u00a0<a class=\"external\" title=\"Densipedia\" href=\"https:\/\/plattform-renaturierung.ch\/revitalisierung\/hilfsmittel\/beispiele-revitalisierung-bafu-publikation\/inn-bever-gr\/\" target=\"_blank\" rel=\"noopener\">Plattform Renaturierung<\/a><\/p>\n<\/div><div class=\"sia-beratung-db-slide-text\" data-index=\"1\" style=\"display:none;\"><p>L&#8217;Inn est une rivi\u00e8re longue de 517 kilom\u00e8tres. Elle prend sa source en Haute-Engadine et continue son parcours en Suisse, en Autriche et ensuite en Allemagne o\u00f9 elle se jette dans le Danube. Deux tiers de son parcours passent \u00e0 l&#8217;int\u00e9rieur des Alpes.<\/p>\n<p>En 2010 la commune de Bever a constat\u00e9 que ses digues de protection contre les crues de l\u2019Inn, construites en 1950, \u00e9taient endommag\u00e9es. Les co\u00fbts de r\u00e9paration \u00e9tant tr\u00e8s \u00e9lev\u00e9s, la commune cherchait d&#8217;autres possibilit\u00e9s d&#8217;assainissement. C&#8217;est cette recherche qui a donn\u00e9 lieu au projet de revalorisation.<\/p>\n<p>Une \u00e9tude de l\u2019EPFZ a r\u00e9v\u00e9l\u00e9 le haut potentiel \u00e9cologique de l\u2019\u00e9largissement de l\u2019Inn. Les prairies humides le long du cours d\u2019eau sont des importantes zones de nidification, class\u00e9es \u00e0 l\u2019inventaire des zones alluviales d&#8217;importance nationale. Cependant, leur connexion \u00e0 la rivi\u00e8re pr\u00e9sentait des hautes carences dont le manque d\u2019alternances entre crues et \u00e9tiages, ce qui mena\u00e7ait le paysage riverain d\u2019ass\u00e8chement, et repr\u00e9sentait un risque pour la conservation de la biodiversit\u00e9 locale.<\/p>\n<\/div><div class=\"sia-beratung-db-slide-text\" data-index=\"2\" style=\"display:none;\"><p>L&#8217;implication de tous les groupes d&#8217;int\u00e9r\u00eat a \u00e9t\u00e9 tr\u00e8s importante pour l&#8217;acceptation et la mise en \u0153uvre du projet de revitalisation.<\/p>\n<p>Les propri\u00e9taires fonciers directement concern\u00e9s par le projet ont re\u00e7u de la commune un d\u00e9dommagement r\u00e9el pour les terrains concern\u00e9s, mais ils avaient n\u00e9anmoins de nombreuses pr\u00e9occupations. Ils ont donc \u00e9t\u00e9 int\u00e9gr\u00e9s au groupe d&#8217;accompagnement du projet compos\u00e9 de repr\u00e9sentants de divers services cantonaux, de repr\u00e9sentants d\u2019associations de protection de la nature et de la station ornithologique de Sempach.<\/p>\n<\/div><div class=\"sia-beratung-db-slide-text\" data-index=\"3\" style=\"display:none;\"><p>Le chemin vers la r\u00e9alisation a \u00e9t\u00e9 long, n\u00e9cessitant un intense travail de persuasion. Il a aussi n\u00e9cessit\u00e9 d\u2019importantes interventions m\u00e9caniques notamment pour la d\u00e9molition des digues, ce qui a perturb\u00e9 temporairement la faune et la flore.<\/p>\n<p>En 2020, les 660 m\u00e8tres initiaux ont \u00e9t\u00e9 compl\u00e9t\u00e9s par une deuxi\u00e8me phase de revitalisation sur une longueur de 2.3 km. Les co\u00fbts totaux de 10 millions de francs ont \u00e9t\u00e9 financ\u00e9s \u00e0 90 % par la Conf\u00e9d\u00e9ration et le canton. Le reste a \u00e9t\u00e9 financ\u00e9 par des communes et par le soutien de divers fonds et des fondations.<\/p>\n<p>Si tout se d\u00e9roule comme pr\u00e9vu, en 2030 l&#8217;Inn sera revaloris\u00e9 \u00e9cologiquement de mani\u00e8re quasi continue sur environ 12 kilom\u00e8tres de St-Moritz \u00e0 Zuoz. Il offrira un paysage alluvial de haute valeur pour la biodiversit\u00e9. Il s\u2019agit de la plus grande revitalisation d&#8217;une zone alluviale en Suisse.<\/p>\n<\/div><\/div><div class=\"sia-beratung-db-filterbox\"><label class=\"toggle\" onclick=\"return window.siaBeratung.toggleFilterBox(this);\"><span>OFEV Office f\u00e9d\u00e9ral de l'environnement<\/span><span>Biodiversit\u00e9<\/span><span>Energie<\/span><span>Commune<\/span><span>Grisons<\/span><span>Infrastructure<\/span><span>Climat<\/span><span>Projets de construction communaux<\/span><span>Paysage<\/span><span>Durabilit\u00e9<\/span><span>Soutien de projets<\/span><span>Coop\u00e9ration r\u00e9gionale<\/span><\/label><div class=\"options\"><a href=\"#\" onclick=\"return window.siaBeratung.setFilterBoxFilter(175);\">OFEV Office f\u00e9d\u00e9ral de l'environnement<\/a><a href=\"#\" onclick=\"return window.siaBeratung.setFilterBoxFilter(136);\">Biodiversit\u00e9<\/a><a href=\"#\" onclick=\"return window.siaBeratung.setFilterBoxFilter(140);\">Energie<\/a><a href=\"#\" onclick=\"return window.siaBeratung.setFilterBoxFilter(189);\">Commune<\/a><a href=\"#\" onclick=\"return window.siaBeratung.setFilterBoxFilter(221);\">Grisons<\/a><a href=\"#\" onclick=\"return window.siaBeratung.setFilterBoxFilter(141);\">Infrastructure<\/a><a href=\"#\" onclick=\"return window.siaBeratung.setFilterBoxFilter(143);\">Climat<\/a><a href=\"#\" onclick=\"return window.siaBeratung.setFilterBoxFilter(161);\">Projets de construction communaux<\/a><a href=\"#\" onclick=\"return window.siaBeratung.setFilterBoxFilter(144);\">Paysage<\/a><a href=\"#\" onclick=\"return window.siaBeratung.setFilterBoxFilter(148);\">Durabilit\u00e9<\/a><a href=\"#\" onclick=\"return window.siaBeratung.setFilterBoxFilter(165);\">Soutien de projets<\/a><a href=\"#\" onclick=\"return window.siaBeratung.setFilterBoxFilter(168);\">Coop\u00e9ration r\u00e9gionale<\/a><a href=\"#\" onclick=\"return window.siaBeratung.setFilterBoxFilter([136,140,141,143,144,148,161,165,168,175,189,221,288,289,290]);\">Alle Filter ausw\u00e4hlen<\/a><\/div><\/div><label class=\"sia-beratung-db-filterbox-spacer\">&nbsp;<\/label><\/div><a class=\"swiper-button swiper-button-next desktop\"><\/a><\/div><\/div><div class=\"sia-beratung-db-entry-searchtext\">bever: revitalisierung der innauenlandschaft | en suisse, pr\u00e8s d&#8217;un quart des rivi\u00e8res et ruisseaux ont \u00e9t\u00e9 rectifi\u00e9s, am\u00e9nag\u00e9s ou couverts, ce qui a entra\u00een\u00e9 une perturbation significative de leur fonctionnement naturel. cette situation est particuli\u00e8rement probl\u00e9matique sur le plateau suisse : l&#8217;exploitation intensive a conduit \u00e0 ce que pr\u00e8s de la moiti\u00e9 des rivi\u00e8res ne correspondent plus \u00e0 leur \u00e9tat naturel. ces interventions ont eu pour effet de menacer, voire de faire dispara\u00eetre de nombreuses esp\u00e8ces animales et v\u00e9g\u00e9tales.depuis 2011, la nouvelle loi sur la protection des eaux (leaux) impose aux cantons de planifier et de mettre en \u0153uvre des mesures de revitalisation. ces processus de revitalisation sont essentiels pour restaurer l&#8217;\u00e9quilibre naturel des \u00e9cosyst\u00e8mes aquatiques suisses, pr\u00e9server la biodiversit\u00e9, renforcer la protection contre les crues tout en r\u00e9pondant aux besoins de la soci\u00e9t\u00e9 moderne.r\u00f4le de la commune\u00a0: s\u2019ouvrir \u00e0 de nouvelles id\u00e9es, communiquer, coordonner, \u00e9couter, faire office de m\u00e9diateur, jouer les interm\u00e9diaires, mettre en \u0153uvre, n\u00e9gocierorganismes responsables\u00a0: commune de beverauteurs du projet\u00a0: groupement des bureaux d&#8217;ing\u00e9nieurs eichenbergerrevital, hunziker, zarn &amp; partner et ecowertsource\u00a0:\u00a0plattform renaturierung | belle pour l'humain et la nature : la revitalisation du paysage alluvial pr\u00e8s de bever.\r\u00a9 herbert b\u00f6hler &amp; flurin bertschinger\/ex-press\/bafu | l&#8217;inn est une rivi\u00e8re longue de 517 kilom\u00e8tres. elle prend sa source en haute-engadine et continue son parcours en suisse, en autriche et ensuite en allemagne o\u00f9 elle se jette dans le danube. deux tiers de son parcours passent \u00e0 l&#8217;int\u00e9rieur des alpes.en 2010 la commune de bever a constat\u00e9 que ses digues de protection contre les crues de l\u2019inn, construites en 1950, \u00e9taient endommag\u00e9es. les co\u00fbts de r\u00e9paration \u00e9tant tr\u00e8s \u00e9lev\u00e9s, la commune cherchait d&#8217;autres possibilit\u00e9s d&#8217;assainissement. c&#8217;est cette recherche qui a donn\u00e9 lieu au projet de revalorisation.une \u00e9tude de l\u2019epfz a r\u00e9v\u00e9l\u00e9 le haut potentiel \u00e9cologique de l\u2019\u00e9largissement de l\u2019inn. les prairies humides le long du cours d\u2019eau sont des importantes zones de nidification, class\u00e9es \u00e0 l\u2019inventaire des zones alluviales d&#8217;importance nationale. cependant, leur connexion \u00e0 la rivi\u00e8re pr\u00e9sentait des hautes carences dont le manque d\u2019alternances entre crues et \u00e9tiages, ce qui mena\u00e7ait le paysage riverain d\u2019ass\u00e8chement, et repr\u00e9sentait un risque pour la conservation de la biodiversit\u00e9 locale. | avant : l\u2019inn canalis\u00e9 par les digues de protection contre les crues sur les deux c\u00f4t\u00e9s. \r\u00a9 ecowert ag \/ hydra ag | l&#8217;implication de tous les groupes d&#8217;int\u00e9r\u00eat a \u00e9t\u00e9 tr\u00e8s importante pour l&#8217;acceptation et la mise en \u0153uvre du projet de revitalisation.les propri\u00e9taires fonciers directement concern\u00e9s par le projet ont re\u00e7u de la commune un d\u00e9dommagement r\u00e9el pour les terrains concern\u00e9s, mais ils avaient n\u00e9anmoins de nombreuses pr\u00e9occupations. ils ont donc \u00e9t\u00e9 int\u00e9gr\u00e9s au groupe d&#8217;accompagnement du projet compos\u00e9 de repr\u00e9sentants de divers services cantonaux, de repr\u00e9sentants d\u2019associations de protection de la nature et de la station ornithologique de sempach. | \u00a9 swisstopo | le chemin vers la r\u00e9alisation a \u00e9t\u00e9 long, n\u00e9cessitant un intense travail de persuasion. il a aussi n\u00e9cessit\u00e9 d\u2019importantes interventions m\u00e9caniques notamment pour la d\u00e9molition des digues, ce qui a perturb\u00e9 temporairement la faune et la flore.en 2020, les 660 m\u00e8tres initiaux ont \u00e9t\u00e9 compl\u00e9t\u00e9s par une deuxi\u00e8me phase de revitalisation sur une longueur de 2.3 km. les co\u00fbts totaux de 10 millions de francs ont \u00e9t\u00e9 financ\u00e9s \u00e0 90 % par la conf\u00e9d\u00e9ration et le canton. le reste a \u00e9t\u00e9 financ\u00e9 par des communes et par le soutien de divers fonds et des fondations.si tout se d\u00e9roule comme pr\u00e9vu, en 2030 l&#8217;inn sera revaloris\u00e9 \u00e9cologiquement de mani\u00e8re quasi continue sur environ 12 kilom\u00e8tres de st-moritz \u00e0 zuoz. il offrira un paysage alluvial de haute valeur pour la biodiversit\u00e9. il s\u2019agit de la plus grande revitalisation d&#8217;une zone alluviale en suisse. | paysage alluviale de l\u2019inn ; zone accueillant faune et flore diversifi\u00e9es et aire de d\u00e9tente.\r\u00a9 fabian scheeder, bever | biodiversit\u00e4t | energie | infrastruktur | klima | landschaft | nachhaltigkeit | kommunale bauprojekte | projektunterst\u00fctzung | regionale zusammenarbeit | bafu bundesamt f\u00fcr umwelt | gemeinde | graub\u00fcnden | de | fr | it<\/div><\/article><article class=\"sia-beratung-db-entry\" data-id=\"1587\" data-cpt=\"sia-angebote\" data-slug=\"klimabilanz-der-beitrag-der-baukultur\" data-lang-slug-de_de=\"\" data-lang-slug-en_gb=\"\" data-lang-slug-fr_fr=\"\" data-lang-slug-it_it=\"\" data-lat=\"53.5507112\" data-lng=\"10.0008202\" data-filter-135=\"1\" data-filter-136=\"1\" data-filter-140=\"1\" data-filter-142=\"1\" data-filter-143=\"1\" data-filter-144=\"1\" data-filter-148=\"1\" data-filter-149=\"1\" data-filter-241=\"1\" data-filter-270=\"1\" data-filter-288=\"1\" data-filter-289=\"1\" data-all-filter=\"135,136,140,142,143,144,148,149,241,270,288,289\"><div class=\"sia-beratung-db-entry-header\" onclick=\"return window.siaBeratung.toggleCpt(this);\"><div class=\"col-1\">Bilan climatique \u2013 la contribution de la culture du b\u00e2ti<\/div><div class=\"col-2\"><span>FAS F\u00e9d\u00e9ration des Architectes Suisses<\/span><\/div><div class=\"col-3\"><span>Guide<\/span><\/div><div class=\"sia-beratung-db-angle\"><span class=\"sia-beratung-angle\"><\/span><\/div><\/div><div class=\"sia-beratung-db-entry-content\"><div class=\"sia-beratung-db-entry-content-columns\"><div class=\"col-1\"><p>La publication rassemble les exp\u00e9riences de la Journ\u00e9e FAS 2021. Dans des interviews, les acteurs d\u00e9signent clairement les probl\u00e8mes et les d\u00e9fis, mais transmettent en m\u00eame temps un esprit de renouveau inspirant.<\/p>\n<\/div><div class=\"col-2\"><\/div><\/div><div class=\"sia-beratung-db-entry-footer\"><div class=\"col-1\"><a href=\"https:\/\/www.wbw.ch\/fr\/shop\/werk-edition\/klimabilanz.html\" class=\"sia-beratung-db-entry-link\" target=\"_blank\" rel=\"noopener\">Link zum Angebot<\/a><\/div><div class=\"col-2\"><div class=\"sia-beratung-db-filterbox\"><label class=\"toggle\" onclick=\"return window.siaBeratung.toggleFilterBox(this);\"><span>Guide<\/span><span>Construire dans le b\u00e2ti existant<\/span><span>Biodiversit\u00e9<\/span><span>FAS F\u00e9d\u00e9ration des Architectes Suisses<\/span><span>Energie<\/span><span>D\u00e9veloppement \u00e0 l\u2019int\u00e9rieur du milieu b\u00e2ti<\/span><span>Climat<\/span><span>Paysage<\/span><span>Durabilit\u00e9<\/span><span>Espace public<\/span><\/label><div class=\"options\"><a href=\"#\" onclick=\"return window.siaBeratung.setFilterBoxFilter(270);\">Guide<\/a><a href=\"#\" onclick=\"return window.siaBeratung.setFilterBoxFilter(135);\">Construire dans le b\u00e2ti existant<\/a><a href=\"#\" onclick=\"return window.siaBeratung.setFilterBoxFilter(136);\">Biodiversit\u00e9<\/a><a href=\"#\" onclick=\"return window.siaBeratung.setFilterBoxFilter(241);\">FAS F\u00e9d\u00e9ration des Architectes Suisses<\/a><a href=\"#\" onclick=\"return window.siaBeratung.setFilterBoxFilter(140);\">Energie<\/a><a href=\"#\" onclick=\"return window.siaBeratung.setFilterBoxFilter(142);\">D\u00e9veloppement \u00e0 l\u2019int\u00e9rieur du milieu b\u00e2ti<\/a><a href=\"#\" onclick=\"return window.siaBeratung.setFilterBoxFilter(143);\">Climat<\/a><a href=\"#\" onclick=\"return window.siaBeratung.setFilterBoxFilter(144);\">Paysage<\/a><a href=\"#\" onclick=\"return window.siaBeratung.setFilterBoxFilter(148);\">Durabilit\u00e9<\/a><a href=\"#\" onclick=\"return window.siaBeratung.setFilterBoxFilter(149);\">Espace public<\/a><a href=\"#\" onclick=\"return window.siaBeratung.setFilterBoxFilter([135,136,140,142,143,144,148,149,241,270,288,289]);\">Alle Filter ausw\u00e4hlen<\/a><\/div><\/div><label class=\"sia-beratung-db-filterbox-spacer\">&nbsp;<\/label><\/div><\/div><\/div><div class=\"sia-beratung-db-entry-searchtext\">klimabilanz \u2013 der beitrag der baukultur | la publication rassemble les exp\u00e9riences de la journ\u00e9e fas 2021. dans des interviews, les acteurs d\u00e9signent clairement les probl\u00e8mes et les d\u00e9fis, mais transmettent en m\u00eame temps un esprit de renouveau inspirant. | bauen im bestand | biodiversit\u00e4t | energie | innenentwicklung | klima | landschaft | nachhaltigkeit | \u00f6ffentlicher raum | bsa bund schweizer architektinnen und architekten | arbeitshilfe | de | fr<\/div><\/article><article class=\"sia-beratung-db-entry\" data-id=\"1557\" data-cpt=\"sia-angebote\" data-slug=\"biodiversitaet-in-gemeinden-ein-leitfaden-mit-12-praxisbeispielen\" data-lang-slug-de_de=\"\" data-lang-slug-en_gb=\"\" data-lang-slug-fr_fr=\"\" data-lang-slug-it_it=\"\" data-lat=\"53.5507112\" data-lng=\"10.0006485\" data-filter-136=\"1\" data-filter-141=\"1\" data-filter-143=\"1\" data-filter-144=\"1\" data-filter-148=\"1\" data-filter-149=\"1\" data-filter-163=\"1\" data-filter-167=\"1\" data-filter-258=\"1\" data-filter-270=\"1\" data-filter-288=\"1\" data-filter-289=\"1\" data-all-filter=\"136,141,143,144,148,149,163,167,258,270,288,289\"><div class=\"sia-beratung-db-entry-header\" onclick=\"return window.siaBeratung.toggleCpt(this);\"><div class=\"col-1\">Biodiversit\u00e9 dans les communes - Un guide assorti de douze exemples pratiques<\/div><div class=\"col-2\"><span>ACS Association des Communes Suisses<\/span><\/div><div class=\"col-3\"><span>Guide<\/span><\/div><div class=\"sia-beratung-db-angle\"><span class=\"sia-beratung-angle\"><\/span><\/div><\/div><div class=\"sia-beratung-db-entry-content\"><div class=\"sia-beratung-db-entry-content-columns\"><div class=\"col-1\"><p>Ce guide vous montre comment vous pouvez, en tant que commune, profiter de la biodiversit\u00e9 ainsi qu\u2019en prendre soin au moyen de mesures concr\u00e8tes et parfois surprenantes. Douze exemples de communes suisses illustrent les moyens et les possibilit\u00e9s pour encourager une riche biodiversit\u00e9. Laissez-vous inspirer!<\/p>\n<\/div><div class=\"col-2\"><\/div><\/div><div class=\"sia-beratung-db-entry-footer\"><div class=\"col-1\"><a href=\"https:\/\/www.chgemeinden.ch\/wAssets\/docs\/publikationen\/franzoesisch\/Leitfaden_Biodiversitaet_FR.pdf\" class=\"sia-beratung-db-entry-link\" target=\"_blank\" rel=\"noopener\">Link zum Angebot<\/a><\/div><div class=\"col-2\"><div class=\"sia-beratung-db-filterbox\"><label class=\"toggle\" onclick=\"return window.siaBeratung.toggleFilterBox(this);\"><span>Guide<\/span><span>Biodiversit\u00e9<\/span><span>Infrastructure<\/span><span>Climat<\/span><span>Paysage<\/span><span>Durabilit\u00e9<\/span><span>Plans d\u2019affectation<\/span><span>Espace public<\/span><span>Strat\u00e9gies de d\u00e9veloppement territorial<\/span><span>ACS Association des Communes Suisses<\/span><\/label><div class=\"options\"><a href=\"#\" onclick=\"return window.siaBeratung.setFilterBoxFilter(270);\">Guide<\/a><a href=\"#\" onclick=\"return window.siaBeratung.setFilterBoxFilter(136);\">Biodiversit\u00e9<\/a><a href=\"#\" onclick=\"return window.siaBeratung.setFilterBoxFilter(141);\">Infrastructure<\/a><a href=\"#\" onclick=\"return window.siaBeratung.setFilterBoxFilter(143);\">Climat<\/a><a href=\"#\" onclick=\"return window.siaBeratung.setFilterBoxFilter(144);\">Paysage<\/a><a href=\"#\" onclick=\"return window.siaBeratung.setFilterBoxFilter(148);\">Durabilit\u00e9<\/a><a href=\"#\" onclick=\"return window.siaBeratung.setFilterBoxFilter(163);\">Plans d\u2019affectation<\/a><a href=\"#\" onclick=\"return window.siaBeratung.setFilterBoxFilter(149);\">Espace public<\/a><a href=\"#\" onclick=\"return window.siaBeratung.setFilterBoxFilter(167);\">Strat\u00e9gies de d\u00e9veloppement territorial<\/a><a href=\"#\" onclick=\"return window.siaBeratung.setFilterBoxFilter(258);\">ACS Association des Communes Suisses<\/a><a href=\"#\" onclick=\"return window.siaBeratung.setFilterBoxFilter([136,141,143,144,148,149,163,167,258,270,288,289]);\">Alle Filter ausw\u00e4hlen<\/a><\/div><\/div><label class=\"sia-beratung-db-filterbox-spacer\">&nbsp;<\/label><\/div><\/div><\/div><div class=\"sia-beratung-db-entry-searchtext\">biodiversit\u00e4t in gemeinden \u2013 ein leitfaden mit 12 praxisbeispielen | ce guide vous montre comment vous pouvez, en tant que commune, profiter de la biodiversit\u00e9 ainsi qu\u2019en prendre soin au moyen de mesures concr\u00e8tes et parfois surprenantes. douze exemples de communes suisses illustrent les moyens et les possibilit\u00e9s pour encourager une riche biodiversit\u00e9. laissez-vous inspirer! | biodiversit\u00e4t | infrastruktur | klima | landschaft | nachhaltigkeit | \u00f6ffentlicher raum | nutzungsplanung | r\u00e4umliche entwicklungsleitbilder | sgv schweizerischer gemeindeverband | arbeitshilfe | de | fr<\/div><\/article><article class=\"sia-beratung-db-entry\" data-id=\"1558\" data-cpt=\"sia-angebote\" data-slug=\"biodiversitaet-und-landschaftsqualitaet-im-siedlungsgebiet\" data-lang-slug-de_de=\"\" data-lang-slug-en_gb=\"\" data-lang-slug-fr_fr=\"\" data-lang-slug-it_it=\"\" data-lat=\"53.5507112\" data-lng=\"10.0008202\" data-filter-142=\"1\" data-filter-143=\"1\" data-filter-144=\"1\" data-filter-148=\"1\" data-filter-149=\"1\" data-filter-175=\"1\" data-filter-270=\"1\" data-filter-288=\"1\" data-filter-289=\"1\" data-filter-290=\"1\" data-all-filter=\"142,143,144,148,149,175,270,288,289,290\"><div class=\"sia-beratung-db-entry-header\" onclick=\"return window.siaBeratung.toggleCpt(this);\"><div class=\"col-1\">Biodiversit\u00e9 et qualit\u00e9 paysag\u00e8re en zone b\u00e2tie<\/div><div class=\"col-2\"><span>OFEV Office f\u00e9d\u00e9ral de l'environnement<\/span><\/div><div class=\"col-3\"><span>Guide<\/span><\/div><div class=\"sia-beratung-db-angle\"><span class=\"sia-beratung-angle\"><\/span><\/div><\/div><div class=\"sia-beratung-db-entry-content\"><div class=\"sia-beratung-db-entry-content-columns\"><div class=\"col-1\"><p>Recommandations de dispositions de r\u00e9f\u00e9rence \u00e0 l\u2019intention des cantons et des communes. De nombreuses zones b\u00e2ties sont encore des lieux aux sols imperm\u00e9abilis\u00e9s o\u00f9 la nature a peu de place. La loi f\u00e9d\u00e9rale sur la protection de la nature et du paysage oblige pourtant les cantons et les communes \u00e0 veiller \u00e0 une compensation \u00e9cologique dans les r\u00e9gions o\u00f9 l\u2019exploitation du sol est intensive.<\/p>\n<\/div><div class=\"col-2\"><\/div><\/div><div class=\"sia-beratung-db-entry-footer\"><div class=\"col-1\"><a href=\"https:\/\/www.bafu.admin.ch\/fr\/publication?id=JaAOArKkL9-f\" class=\"sia-beratung-db-entry-link\" target=\"_blank\" rel=\"noopener\">Link zum Angebot<\/a><\/div><div class=\"col-2\"><div class=\"sia-beratung-db-filterbox\"><label class=\"toggle\" onclick=\"return window.siaBeratung.toggleFilterBox(this);\"><span>Guide<\/span><span>OFEV Office f\u00e9d\u00e9ral de l'environnement<\/span><span>D\u00e9veloppement \u00e0 l\u2019int\u00e9rieur du milieu b\u00e2ti<\/span><span>Climat<\/span><span>Paysage<\/span><span>Durabilit\u00e9<\/span><span>Espace public<\/span><\/label><div class=\"options\"><a href=\"#\" onclick=\"return window.siaBeratung.setFilterBoxFilter(270);\">Guide<\/a><a href=\"#\" onclick=\"return window.siaBeratung.setFilterBoxFilter(175);\">OFEV Office f\u00e9d\u00e9ral de l'environnement<\/a><a href=\"#\" onclick=\"return window.siaBeratung.setFilterBoxFilter(142);\">D\u00e9veloppement \u00e0 l\u2019int\u00e9rieur du milieu b\u00e2ti<\/a><a href=\"#\" onclick=\"return window.siaBeratung.setFilterBoxFilter(143);\">Climat<\/a><a href=\"#\" onclick=\"return window.siaBeratung.setFilterBoxFilter(144);\">Paysage<\/a><a href=\"#\" onclick=\"return window.siaBeratung.setFilterBoxFilter(148);\">Durabilit\u00e9<\/a><a href=\"#\" onclick=\"return window.siaBeratung.setFilterBoxFilter(149);\">Espace public<\/a><a href=\"#\" onclick=\"return window.siaBeratung.setFilterBoxFilter([142,143,144,148,149,175,270,288,289,290]);\">Alle Filter ausw\u00e4hlen<\/a><\/div><\/div><label class=\"sia-beratung-db-filterbox-spacer\">&nbsp;<\/label><\/div><\/div><\/div><div class=\"sia-beratung-db-entry-searchtext\">biodiversit\u00e4t und landschaftsqualit\u00e4t im siedlungsgebiet | recommandations de dispositions de r\u00e9f\u00e9rence \u00e0 l\u2019intention des cantons et des communes. de nombreuses zones b\u00e2ties sont encore des lieux aux sols imperm\u00e9abilis\u00e9s o\u00f9 la nature a peu de place. la loi f\u00e9d\u00e9rale sur la protection de la nature et du paysage oblige pourtant les cantons et les communes \u00e0 veiller \u00e0 une compensation \u00e9cologique dans les r\u00e9gions o\u00f9 l\u2019exploitation du sol est intensive. | innenentwicklung | klima | landschaft | nachhaltigkeit | \u00f6ffentlicher raum | bafu bundesamt f\u00fcr umwelt | arbeitshilfe | de | fr | it<\/div><\/article><article class=\"sia-beratung-db-entry\" data-id=\"3642\" data-cpt=\"sia-angebote\" data-slug=\"biovalues\" data-lang-slug-de_de=\"\" data-lang-slug-en_gb=\"\" data-lang-slug-fr_fr=\"\" data-lang-slug-it_it=\"\" data-lat=\"53.5507112\" data-lng=\"10.0008202\" data-filter-136=\"1\" data-filter-148=\"1\" data-filter-312=\"1\" data-filter-286=\"1\" data-filter-288=\"1\" data-filter-289=\"1\" data-all-filter=\"136,148,312,286,288,289\"><div class=\"sia-beratung-db-entry-header\" onclick=\"return window.siaBeratung.toggleCpt(this);\"><div class=\"col-1\">BioValues<\/div><div class=\"col-2\"><span>Siedlungsnatur<\/span><\/div><div class=\"col-3\"><span>Bo\u00eete \u00e0 outils<\/span><\/div><div class=\"sia-beratung-db-angle\"><span class=\"sia-beratung-angle\"><\/span><\/div><\/div><div class=\"sia-beratung-db-entry-content\"><div class=\"sia-beratung-db-entry-content-columns\"><div class=\"col-1\"><p class=\"lg:text-[3rem] lg:leading-[3.4rem] 2xl:text-xl\">Une nature diversifi\u00e9e dans le milieu urban n&#8217;est pas seulement pr\u00e9cieuse sur le plan \u00e9cologique, elle am\u00e9liore \u00e9galement la qualit\u00e9 de l&#8217;habitat et de l&#8217;environnement de travail. Avec BioValues, vous planifiez la biodiversit\u00e9 dans votre projet de construction d\u00e8s le d\u00e9but. Huit indicateurs simples vous montrent comment optimiser la planification afin de pr\u00e9server ou de cr\u00e9er des habitats et des structures naturels.<\/p>\n<div class=\"redactor-wrapper md:pr-[18%]\">\n<p>BioValues aide le secteur de la construction et de l&#8217;immobilier \u00e0 int\u00e9grer la biodiversit\u00e9 de mani\u00e8re structur\u00e9e dans les projets. La m\u00e9thodologie tient compte des fonctions importantes et cr\u00e9e des conditions optimales pour la biodiversit\u00e9 dans les zones urbaines. En revanche, vous trouverez des instructions techniques et des informations compl\u00e9mentaires pour une mise en \u0153uvre optimale des mesures d&#8217;encouragement dans la\u00a0<a href=\"https:\/\/toolbox.siedlungsnatur.ch\/fr\/\" target=\"_blank\" rel=\"noreferrer noopener\">Toolbox nature en milieu urbain<\/a><\/p>\n<p>Concr\u00e8tement, BioValues vous aide \u00e0 :<\/p>\n<ul>\n<li>d\u00e9finir des objectifs r\u00e9alistes en mati\u00e8re de biodiversit\u00e9,<\/li>\n<li>renforcer vos comp\u00e9tences en mati\u00e8re de commande pour la biodiversit\u00e9,<\/li>\n<li>planifier et de mettre en \u0153uvre des mesures efficaces de promotion de la biodiversit\u00e9,<\/li>\n<li>faciliter et d&#8217;objectiver les discussions entre les parties prenantes,<\/li>\n<li>trouver des solutions largement soutenues et qualitativement convaincantes,<\/li>\n<li>v\u00e9rifier, de comparer et d&#8217;optimiser en permanence la qualit\u00e9 des projets et des mesures de promotion.<\/li>\n<\/ul>\n<\/div>\n<\/div><div class=\"col-2\"><\/div><\/div><div class=\"sia-beratung-db-entry-footer\"><div class=\"col-1\"><a href=\"https:\/\/biovalues.siedlungsnatur.ch\/fr\/\" class=\"sia-beratung-db-entry-link\" target=\"_blank\" rel=\"noopener\">Link zum Angebot<\/a><\/div><div class=\"col-2\"><div class=\"sia-beratung-db-filterbox\"><label class=\"toggle\" onclick=\"return window.siaBeratung.toggleFilterBox(this);\"><span>Biodiversit\u00e9<\/span><span>Durabilit\u00e9<\/span><span>Siedlungsnatur<\/span><span>Bo\u00eete \u00e0 outils<\/span><\/label><div class=\"options\"><a href=\"#\" onclick=\"return window.siaBeratung.setFilterBoxFilter(136);\">Biodiversit\u00e9<\/a><a href=\"#\" onclick=\"return window.siaBeratung.setFilterBoxFilter(148);\">Durabilit\u00e9<\/a><a href=\"#\" onclick=\"return window.siaBeratung.setFilterBoxFilter(312);\">Siedlungsnatur<\/a><a href=\"#\" onclick=\"return window.siaBeratung.setFilterBoxFilter(286);\">Bo\u00eete \u00e0 outils<\/a><a href=\"#\" onclick=\"return window.siaBeratung.setFilterBoxFilter([136,148,312,286,288,289]);\">Alle Filter ausw\u00e4hlen<\/a><\/div><\/div><label class=\"sia-beratung-db-filterbox-spacer\">&nbsp;<\/label><\/div><\/div><\/div><div class=\"sia-beratung-db-entry-searchtext\">biovalues | une nature diversifi\u00e9e dans le milieu urban n&#8217;est pas seulement pr\u00e9cieuse sur le plan \u00e9cologique, elle am\u00e9liore \u00e9galement la qualit\u00e9 de l&#8217;habitat et de l&#8217;environnement de travail. avec biovalues, vous planifiez la biodiversit\u00e9 dans votre projet de construction d\u00e8s le d\u00e9but. huit indicateurs simples vous montrent comment optimiser la planification afin de pr\u00e9server ou de cr\u00e9er des habitats et des structures naturels.biovalues aide le secteur de la construction et de l&#8217;immobilier \u00e0 int\u00e9grer la biodiversit\u00e9 de mani\u00e8re structur\u00e9e dans les projets. la m\u00e9thodologie tient compte des fonctions importantes et cr\u00e9e des conditions optimales pour la biodiversit\u00e9 dans les zones urbaines. en revanche, vous trouverez des instructions techniques et des informations compl\u00e9mentaires pour une mise en \u0153uvre optimale des mesures d&#8217;encouragement dans la\u00a0toolbox nature en milieu urbainconcr\u00e8tement, biovalues vous aide \u00e0 :d\u00e9finir des objectifs r\u00e9alistes en mati\u00e8re de biodiversit\u00e9,renforcer vos comp\u00e9tences en mati\u00e8re de commande pour la biodiversit\u00e9,planifier et de mettre en \u0153uvre des mesures efficaces de promotion de la biodiversit\u00e9,faciliter et d&#8217;objectiver les discussions entre les parties prenantes,trouver des solutions largement soutenues et qualitativement convaincantes,v\u00e9rifier, de comparer et d&#8217;optimiser en permanence la qualit\u00e9 des projets et des mesures de promotion. | biodiversit\u00e4t | nachhaltigkeit | siedlungsnatur | werkzeugkasten | de | fr<\/div><\/article><article class=\"sia-beratung-db-entry\" data-id=\"5618\" data-cpt=\"sia-beispiele\" data-slug=\"birsstadt-baukultur-ueberwindet-gemeindegrenzen\" data-lang-slug-de_de=\"\" data-lang-slug-en_gb=\"\" data-lang-slug-fr_fr=\"\" data-lang-slug-it_it=\"\" data-lat=\"47.5042144\" data-lng=\"7.6236534\" data-filter-139=\"1\" data-filter-142=\"1\" data-filter-152=\"1\" data-filter-168=\"1\" data-filter-189=\"1\" data-all-filter=\"139,142,152,168,189\"><div class=\"sia-beratung-db-entry-header\" onclick=\"return window.siaBeratung.toggleCpt(this);\"><div class=\"col-1\">Birsstadt: une culture du b\u00e2ti au-del\u00e0 des fronti\u00e8res communales<\/div><div class=\"col-2\">Birsstadt (BL\/SO)<\/div><div class=\"sia-beratung-db-angle\"><span class=\"sia-beratung-angle\"><\/span><\/div><\/div><div class=\"sia-beratung-db-entry-content\"><div class=\"sia-beratung-db-entry-content-columns\"><div class=\"col-1\"><div class=\"sia-beratung-db-entry-slides\"><div class=\"sia-beratung-db-entry-swiper\"><div class=\"swiper-wrapper\"><div class=\"swiper-slide\"><img loading=\"lazy\" decoding=\"async\" src=\"https:\/\/baukulturschweiz.ch\/wp-content\/uploads\/2026\/02\/website2.jpg\" width=\"642\" height=\"899\" \/><\/div><div class=\"swiper-slide\"><img loading=\"lazy\" decoding=\"async\" src=\"https:\/\/baukulturschweiz.ch\/wp-content\/uploads\/2026\/02\/carte_website-731x1024.jpg\" width=\"731\" height=\"1024\" \/><\/div><div class=\"swiper-slide\"><img loading=\"lazy\" decoding=\"async\" src=\"https:\/\/baukulturschweiz.ch\/wp-content\/uploads\/2026\/02\/Photo_website.jpg\" width=\"537\" height=\"757\" \/><\/div><div class=\"swiper-slide\"><img loading=\"lazy\" decoding=\"async\" src=\"https:\/\/baukulturschweiz.ch\/wp-content\/uploads\/2026\/02\/swisstopo_final-731x1024.jpg\" width=\"731\" height=\"1024\" \/><\/div><\/div><\/div><a class=\"swiper-button swiper-button-prev\"><\/a><a class=\"swiper-button swiper-button-next mobile\"><\/a><div class=\"sia-beratung-db-slide-legends\"><small data-index=\"0\">La Birse traverse les dix communes de l\u2019association Birsstadt \u00a9 Hochparterre<\/small><small data-index=\"1\" style=\"display:none;\">La collaboration intercommunale porte notamment sur la mobilit\u00e9 \u00a9 Hochparterre<\/small><small data-index=\"2\" style=\"display:none;\">La d\u00e9finition d\u2019une culture du b\u00e2ti commune est au c\u0153ur de la d\u00e9marche \u00a9 Hochparterre<\/small><small data-index=\"3\" style=\"display:none;\">\u00a9 Swisstopo<\/small><small class=\"pageNo\">1\/4<\/small><\/div><\/div><\/div><div class=\"col-2\"><div class=\"sia-beratung-db-slide-texts\"><div class=\"sia-beratung-db-slide-text\" data-index=\"0\"><p>Les enjeux spatiaux d\u00e9passent souvent le cadre communal, n\u00e9cessitant un changement d\u2019\u00e9chelle tant dans la r\u00e9flexion que dans l\u2019intervention. Depuis 2018, la Verein Birsstadt incarne cette d\u00e9marche : dix communes travers\u00e9es par la Birse se sont group\u00e9es au sein d\u2019une association, favorisant une collaboration qui transcende les limites cantonales et communales.<\/p>\n<p><strong>Organisme responsable:<\/strong> Verein Birsstadt<br data-start=\"39\" data-end=\"42\" \/><strong>R\u00f4le des communes:<\/strong> Lancer des processus, coordonner, relier, informer, accompagner.<br data-start=\"125\" data-end=\"128\" \/><strong>Source: <\/strong><a href=\"https:\/\/www.patrimoinesuisse.ch\/details-actuels\/prix-wakker-2024-a-la-verein-birsstadt\">Prix Wakker 2024<\/a><\/p>\n<\/div><div class=\"sia-beratung-db-slide-text\" data-index=\"1\" style=\"display:none;\"><p>L\u2019id\u00e9e germe en 2013, sous l\u2019impulsion du canton de B\u00e2le-Campagne. Elle s\u2019inscrit dans un projet-mod\u00e8le de la Conf\u00e9d\u00e9ration centr\u00e9 sur l\u2019espace non b\u00e2ti de la Birse. De cette premi\u00e8re d\u00e9marche paysag\u00e8re \u00e9merge un plan d\u2019action pour l\u2019espace de la Birse. Rapidement, des r\u00e9flexions sur l\u2019urbanisation et la mobilit\u00e9 suivent et aboutissent \u00e0 la vision commune \u00ab\u00a0Birsstadt 2035\u00a0\u00bb, qui sert de base au d\u00e9veloppement concert\u00e9 des sept communes initialement impliqu\u00e9es. D\u2019autres concepts et outils d\u00e9coulent de cette collaboration suprar\u00e9gionale, comme des formulations-types pour r\u00e9glementer les plans de quartiers, un plan de mobilit\u00e9 et un concept d\u2019adaptation au changement climatique.<\/p>\n<\/div><div class=\"sia-beratung-db-slide-text\" data-index=\"2\" style=\"display:none;\"><p>Mais b\u00e2tir une coop\u00e9ration r\u00e9gionale ne va pas sans obstacles. La tentative de cr\u00e9er un syndicat intercommunal \u00e9choue, car il n\u2019existe pas de cadre juridique portant sur la coop\u00e9ration r\u00e9gionale \u00e0 B\u00e2le-Campagne et les communes craignent pour leur autonomie. C\u2019est finalement sous forme associative que l\u2019alliance voit le jour, offrant une structure souple et efficace. Si les d\u00e9cisions prises au sein de l\u2019association Birsstadt ne sont pas contraignantes, elles nourrissent un dialogue continu, permettant aux communes de penser \u00e0 une \u00e9chelle fonctionnelle et d\u2019\u00e9changer des bonnes pratiques. Ce dialogue intercommunal permet aussi de reconna\u00eetre une qualit\u00e9 commune au territoire et s\u2019ouvre largement \u00e0 la population. La sensibilisation des habitants \u00e0 la culture du b\u00e2ti locale et au patrimoine culturel de la r\u00e9gion est un pilier central de la d\u00e9marche.<\/p>\n<\/div><div class=\"sia-beratung-db-slide-text\" data-index=\"3\" style=\"display:none;\"><p>Cette nouvelle approche collective du territoire n\u2019est pas pass\u00e9e inaper\u00e7ue. En 2024, l\u2019association re\u00e7oit le Prix Wakker. La distinction salue la mise en valeur du paysage comme socle de d\u00e9veloppement, la reconversion respectueuse du patrimoine industriel et la promotion d\u2019une architecture de qualit\u00e9, en dialogue avec son contexte. Des sites embl\u00e9matiques incarnent cette mutation : le Birsepark, la transformation de la zone industrielle Dreispitz ou encore la r\u00e9invention de la cit\u00e9 ouvri\u00e8re Schappe.<\/p>\n<\/div><\/div><div class=\"sia-beratung-db-filterbox\"><label class=\"toggle\" onclick=\"return window.siaBeratung.toggleFilterBox(this);\"><span>Dialogue<\/span><span>Commune<\/span><span>D\u00e9veloppement \u00e0 l\u2019int\u00e9rieur du milieu b\u00e2ti<\/span><span>Processus<\/span><span>Coop\u00e9ration r\u00e9gionale<\/span><\/label><div class=\"options\"><a href=\"#\" onclick=\"return window.siaBeratung.setFilterBoxFilter(139);\">Dialogue<\/a><a href=\"#\" onclick=\"return window.siaBeratung.setFilterBoxFilter(189);\">Commune<\/a><a href=\"#\" onclick=\"return window.siaBeratung.setFilterBoxFilter(142);\">D\u00e9veloppement \u00e0 l\u2019int\u00e9rieur du milieu b\u00e2ti<\/a><a href=\"#\" onclick=\"return window.siaBeratung.setFilterBoxFilter(152);\">Processus<\/a><a href=\"#\" onclick=\"return window.siaBeratung.setFilterBoxFilter(168);\">Coop\u00e9ration r\u00e9gionale<\/a><a href=\"#\" onclick=\"return window.siaBeratung.setFilterBoxFilter([139,142,152,168,189]);\">Alle Filter ausw\u00e4hlen<\/a><\/div><\/div><label class=\"sia-beratung-db-filterbox-spacer\">&nbsp;<\/label><\/div><a class=\"swiper-button swiper-button-next desktop\"><\/a><\/div><\/div><div class=\"sia-beratung-db-entry-searchtext\">birsstadt: baukultur \u00fcberwindet gemeindegrenzen | les enjeux spatiaux d\u00e9passent souvent le cadre communal, n\u00e9cessitant un changement d\u2019\u00e9chelle tant dans la r\u00e9flexion que dans l\u2019intervention. depuis 2018, la verein birsstadt incarne cette d\u00e9marche : dix communes travers\u00e9es par la birse se sont group\u00e9es au sein d\u2019une association, favorisant une collaboration qui transcende les limites cantonales et communales.organisme responsable: verein birsstadtr\u00f4le des communes: lancer des processus, coordonner, relier, informer, accompagner.source: prix wakker 2024 | la birse traverse les dix communes de l\u2019association birsstadt \u00a9 hochparterre | l\u2019id\u00e9e germe en 2013, sous l\u2019impulsion du canton de b\u00e2le-campagne. elle s\u2019inscrit dans un projet-mod\u00e8le de la conf\u00e9d\u00e9ration centr\u00e9 sur l\u2019espace non b\u00e2ti de la birse. de cette premi\u00e8re d\u00e9marche paysag\u00e8re \u00e9merge un plan d\u2019action pour l\u2019espace de la birse. rapidement, des r\u00e9flexions sur l\u2019urbanisation et la mobilit\u00e9 suivent et aboutissent \u00e0 la vision commune \u00ab\u00a0birsstadt 2035\u00a0\u00bb, qui sert de base au d\u00e9veloppement concert\u00e9 des sept communes initialement impliqu\u00e9es. d\u2019autres concepts et outils d\u00e9coulent de cette collaboration suprar\u00e9gionale, comme des formulations-types pour r\u00e9glementer les plans de quartiers, un plan de mobilit\u00e9 et un concept d\u2019adaptation au changement climatique. | la collaboration intercommunale porte notamment sur la mobilit\u00e9 \u00a9 hochparterre | mais b\u00e2tir une coop\u00e9ration r\u00e9gionale ne va pas sans obstacles. la tentative de cr\u00e9er un syndicat intercommunal \u00e9choue, car il n\u2019existe pas de cadre juridique portant sur la coop\u00e9ration r\u00e9gionale \u00e0 b\u00e2le-campagne et les communes craignent pour leur autonomie. c\u2019est finalement sous forme associative que l\u2019alliance voit le jour, offrant une structure souple et efficace. si les d\u00e9cisions prises au sein de l\u2019association birsstadt ne sont pas contraignantes, elles nourrissent un dialogue continu, permettant aux communes de penser \u00e0 une \u00e9chelle fonctionnelle et d\u2019\u00e9changer des bonnes pratiques. ce dialogue intercommunal permet aussi de reconna\u00eetre une qualit\u00e9 commune au territoire et s\u2019ouvre largement \u00e0 la population. la sensibilisation des habitants \u00e0 la culture du b\u00e2ti locale et au patrimoine culturel de la r\u00e9gion est un pilier central de la d\u00e9marche. | la d\u00e9finition d\u2019une culture du b\u00e2ti commune est au c\u0153ur de la d\u00e9marche \u00a9 hochparterre | cette nouvelle approche collective du territoire n\u2019est pas pass\u00e9e inaper\u00e7ue. en 2024, l\u2019association re\u00e7oit le prix wakker. la distinction salue la mise en valeur du paysage comme socle de d\u00e9veloppement, la reconversion respectueuse du patrimoine industriel et la promotion d\u2019une architecture de qualit\u00e9, en dialogue avec son contexte. des sites embl\u00e9matiques incarnent cette mutation : le birsepark, la transformation de la zone industrielle dreispitz ou encore la r\u00e9invention de la cit\u00e9 ouvri\u00e8re schappe. | \u00a9 swisstopo | dialog | innenentwicklung | prozesse | regionale zusammenarbeit | gemeinde<\/div><\/article><article class=\"sia-beratung-db-entry\" data-id=\"1384\" data-cpt=\"sia-beispiele\" data-slug=\"bonaduz-mit-qualitaet-lange-leben\" data-lang-slug-de_de=\"\" data-lang-slug-en_gb=\"\" data-lang-slug-fr_fr=\"\" data-lang-slug-it_it=\"\" data-lat=\"46.8113392\" data-lng=\"9.3984604\" data-filter-135=\"1\" data-filter-137=\"1\" data-filter-139=\"1\" data-filter-140=\"1\" data-filter-146=\"1\" data-filter-148=\"1\" data-filter-166=\"1\" data-filter-221=\"1\" data-filter-288=\"1\" data-filter-289=\"1\" data-filter-290=\"1\" data-all-filter=\"135,137,139,140,146,148,166,221,288,289,290\"><div class=\"sia-beratung-db-entry-header\" onclick=\"return window.siaBeratung.toggleCpt(this);\"><div class=\"col-1\">Bonaduz&nbsp;: vivre longtemps et vivre bien<\/div><div class=\"col-2\">Bonaduz, GR<\/div><div class=\"sia-beratung-db-angle\"><span class=\"sia-beratung-angle\"><\/span><\/div><\/div><div class=\"sia-beratung-db-entry-content\"><div class=\"sia-beratung-db-entry-content-columns\"><div class=\"col-1\"><div class=\"sia-beratung-db-entry-slides\"><div class=\"sia-beratung-db-entry-swiper\"><div class=\"swiper-wrapper\"><div class=\"swiper-slide\"><img loading=\"lazy\" decoding=\"async\" src=\"https:\/\/baukulturschweiz.ch\/wp-content\/uploads\/2023\/06\/2023-04-19-113219-be-bonaduz-1-c-siedlungsentwicklung-nach-innen-rubd-ddte-dver-1024x768.jpg\" width=\"1024\" height=\"768\" \/><\/div><div class=\"swiper-slide\"><img loading=\"lazy\" decoding=\"async\" src=\"https:\/\/baukulturschweiz.ch\/wp-content\/uploads\/2023\/06\/2023-04-19-113553-bonaduz-2-burgi-scharer-architekten-ag-kopie-1024x768.jpg\" width=\"1024\" height=\"768\" \/><\/div><div class=\"swiper-slide\"><img loading=\"lazy\" decoding=\"async\" src=\"https:\/\/baukulturschweiz.ch\/wp-content\/uploads\/2023\/06\/2023-04-19-113805-bonaduz-3-burgi-scharer-architekten-ag-1024x768.png\" width=\"1024\" height=\"768\" \/><\/div><div class=\"swiper-slide\"><img loading=\"lazy\" decoding=\"async\" src=\"https:\/\/baukulturschweiz.ch\/wp-content\/uploads\/2023\/06\/2023-04-19-114221-bonaduz-4-burgi-scharer-architekten-ag-1024x768.jpg\" width=\"1024\" height=\"768\" \/><\/div><div class=\"swiper-slide\"><img loading=\"lazy\" decoding=\"async\" src=\"https:\/\/baukulturschweiz.ch\/wp-content\/uploads\/2023\/06\/2023-04-19-114431-be-bonaduz-5-c-swisstopo-1024x768.jpg\" width=\"1024\" height=\"768\" \/><\/div><\/div><\/div><a class=\"swiper-button swiper-button-prev\"><\/a><a class=\"swiper-button swiper-button-next mobile\"><\/a><div class=\"sia-beratung-db-slide-legends\"><small data-index=\"0\">Habiter au c\u0153ur de la localit\u00e9, \u00e0 un \u00e2ge avanc\u00e9<br \/>\r\n\u00a9 Siedlungsentwicklung nach Innen, RUBD,DDTE, DVER<\/small><small data-index=\"1\" style=\"display:none;\">Des commodit\u00e9s qui profitent tant au collectif qu\u2019\u00e0 l\u2019individu<br \/>\r\n\u00a9 B\u00fcrgi Sch\u00e4rer Architekten AG<\/small><small data-index=\"2\" style=\"display:none;\">Durable autant pour le climat que pour le porte-monnaie<br \/>\r\n\u00a9 B\u00fcrgi Sch\u00e4rer Architekten AG<\/small><small data-index=\"3\" style=\"display:none;\">Un habitat collectif et autog\u00e9r\u00e9 novateur<br \/>\r\n\u00a9 B\u00fcrgi Sch\u00e4rer Architekten AG<\/small><small data-index=\"4\" style=\"display:none;\">\u00a9 Swisstopo<\/small><small class=\"pageNo\">1\/5<\/small><\/div><\/div><\/div><div class=\"col-2\"><div class=\"sia-beratung-db-slide-texts\"><div class=\"sia-beratung-db-slide-text\" data-index=\"0\"><p>La culture du b\u00e2ti, con\u00e7ue comme un ensemble de normes et de valeurs v\u00e9cues sur le plan qualitatif, apporte une plus-value dans toutes les situations personnelles, un gain en qualit\u00e9 de vie \u2013 comme c\u2019est le cas ici pour les personnes \u00e2g\u00e9es.<\/p>\n<p><strong>R\u00f4le de la commune\u00a0:<\/strong> soutenir, conseiller, autoriser<br \/>\n<strong>Organismes responsables\u00a0:<\/strong> priv\u00e9s<br \/>\n<strong>Architecture\u00a0:<\/strong> B\u00fcrgi Sch\u00e4rer, Architektur und Planung, Berne<br \/>\n<strong>Source\u00a0:<\/strong> <a class=\"external\" title=\"Les enjeux du d\u00e9veloppement vers l'int\u00e9rieur, DAEC, DDTE, DDET\" href=\"https:\/\/www.fr.ch\/territoire-amenagement-et-constructions\/territoire\/les-enjeux-du-developpement-vers-linterieur\" target=\"_blank\" rel=\"noopener\">Les enjeux du d\u00e9veloppement vers l&#8217;int\u00e9rieur, DAEC, DDTE, DDET<\/a><\/p>\n<\/div><div class=\"sia-beratung-db-slide-text\" data-index=\"1\" style=\"display:none;\"><p class=\"translation-block\">Un logement pour les plus de cinquante ans\u00a0: telle \u00e9tait l\u2019id\u00e9e des personnes \u2013 venues de diff\u00e9rents endroits \u2013 qui ont fond\u00e9 une coop\u00e9rative puis trouv\u00e9 \u00e0 Bonaduz un site appropri\u00e9 pour mettre en \u0153uvre leur projet. La gare, les commerces et les services sont facilement accessibles \u00e0 pied depuis cette parcelle id\u00e9alement situ\u00e9e au centre du village.<\/p>\n<p>Entre le c\u0153ur historique de la localit\u00e9 et la gare, deux nouveaux b\u00e2timents compl\u00e8tent la trame urbaine de Bonaduz. Sans fioritures, ces constructions en bois de trois et quatre \u00e9tages se r\u00e9f\u00e8rent \u00e0 la typologie des corps de ferme traditionnels du village et affichent une image \u00e0 la fois famili\u00e8re et nouvelle. Il s\u2019agit du premier projet coop\u00e9ratif de logements destin\u00e9s aux plus de cinquante ans dans le canton des Grisons.<\/p>\n<\/div><div class=\"sia-beratung-db-slide-text\" data-index=\"2\" style=\"display:none;\"><p>Les architectes ont \u00e9t\u00e9 choisis dans le cadre d\u2019un concours impliquant six bureaux. La pr\u00e9sentation des propositions a mis l\u2019accent sur la formulation d\u2019id\u00e9es et de concepts pour l\u2019organisation et la philosophie du lieu, sur l\u2019implication des futurs locataires et sur les divers types de logements. Les deux immeubles abritent 26 logements de taille variable destin\u00e9s \u00e0 des c\u00e9libataires et \u00e0 des couples. Des bureaux, une chambre d\u2019h\u00f4te utilisable par tous, un espace communautaire et un coin wellness sont disponibles. Tous les logements sont adapt\u00e9s aux personnes \u00e2g\u00e9es et offrent des vues diversifi\u00e9es sur l\u2019ext\u00e9rieur gr\u00e2ce \u00e0 des loggias d\u2019angle. Les espaces ext\u00e9rieurs comprennent un jardin communautaire entretenu par la coop\u00e9rative, dans lequel les habitantes et habitants peuvent aussi am\u00e9nager un petit jardin personnel.<\/p>\n<\/div><div class=\"sia-beratung-db-slide-text\" data-index=\"3\" style=\"display:none;\"><p>La typologie compacte de la construction, un degr\u00e9 d\u2019isolation thermique \u00e9lev\u00e9 et le recours aux \u00e9nergies renouvelables caract\u00e9risent le concept \u00e9nerg\u00e9tique. Une chaudi\u00e8re \u00e0 pellets assure le chauffage, et des collecteurs solaires la production d\u2019eau chaude. Les b\u00e2timents sont certifi\u00e9s Minergie-P-ECO.<br \/>\nLa structure de base en b\u00e9ton est compl\u00e9t\u00e9e de ma\u00e7onnerie. Des lattes de m\u00e9l\u00e8ze habillent les fa\u00e7ades. Les logements sont \u00e9quip\u00e9s d\u2019une a\u00e9ration douce avec r\u00e9cup\u00e9ration de chaleur. Au vu de la situation g\u00e9ographique et des besoins effectifs de mobilit\u00e9, le nombre de places de stationnement a \u00e9t\u00e9 limit\u00e9 \u00e0 dix dans le parking souterrain et \u00e0 une douzaine en surface, en incluant les places visiteurs.<\/p>\n<\/div><div class=\"sia-beratung-db-slide-text\" data-index=\"4\" style=\"display:none;\"><p>Le concept d\u2019habitat collectif autog\u00e9r\u00e9 pour personnes \u00e2g\u00e9es est novateur dans ce contexte rural. En contribuant \u00e0 la mixit\u00e9 de l\u2019habitat, le projet apporte une plus-value bienvenue \u00e0 Bonaduz et ses environs. Les structures modulables, les salles communes et les options d\u2019utilisation compl\u00e9mentaires telles que la chambre d\u2019h\u00f4te, les bureaux, les ateliers ou le sauna sont attrayants pour les personnes d\u2019\u00e2ge plus avanc\u00e9.<\/p>\n<\/div><\/div><div class=\"sia-beratung-db-filterbox\"><label class=\"toggle\" onclick=\"return window.siaBeratung.toggleFilterBox(this);\"><span>Construire dans le b\u00e2ti existant<\/span><span>Politique fonci\u00e8re<\/span><span>Dialogue<\/span><span>Energie<\/span><span>Grisons<\/span><span>Participation<\/span><span>Durabilit\u00e9<\/span><span>Proc\u00e9dures d\u2019assurance qualit\u00e9<\/span><\/label><div class=\"options\"><a href=\"#\" onclick=\"return window.siaBeratung.setFilterBoxFilter(135);\">Construire dans le b\u00e2ti existant<\/a><a href=\"#\" onclick=\"return window.siaBeratung.setFilterBoxFilter(137);\">Politique fonci\u00e8re<\/a><a href=\"#\" onclick=\"return window.siaBeratung.setFilterBoxFilter(139);\">Dialogue<\/a><a href=\"#\" onclick=\"return window.siaBeratung.setFilterBoxFilter(140);\">Energie<\/a><a href=\"#\" onclick=\"return window.siaBeratung.setFilterBoxFilter(221);\">Grisons<\/a><a href=\"#\" onclick=\"return window.siaBeratung.setFilterBoxFilter(146);\">Participation<\/a><a href=\"#\" onclick=\"return window.siaBeratung.setFilterBoxFilter(148);\">Durabilit\u00e9<\/a><a href=\"#\" onclick=\"return window.siaBeratung.setFilterBoxFilter(166);\">Proc\u00e9dures d\u2019assurance qualit\u00e9<\/a><a href=\"#\" onclick=\"return window.siaBeratung.setFilterBoxFilter([135,137,139,140,146,148,166,221,288,289,290]);\">Alle Filter ausw\u00e4hlen<\/a><\/div><\/div><label class=\"sia-beratung-db-filterbox-spacer\">&nbsp;<\/label><\/div><a class=\"swiper-button swiper-button-next desktop\"><\/a><\/div><\/div><div class=\"sia-beratung-db-entry-searchtext\">bonaduz: mit qualit\u00e4t lange leben | la culture du b\u00e2ti, con\u00e7ue comme un ensemble de normes et de valeurs v\u00e9cues sur le plan qualitatif, apporte une plus-value dans toutes les situations personnelles, un gain en qualit\u00e9 de vie \u2013 comme c\u2019est le cas ici pour les personnes \u00e2g\u00e9es.r\u00f4le de la commune\u00a0: soutenir, conseiller, autoriserorganismes responsables\u00a0: priv\u00e9sarchitecture\u00a0: b\u00fcrgi sch\u00e4rer, architektur und planung, bernesource\u00a0: les enjeux du d\u00e9veloppement vers l&#8217;int\u00e9rieur, daec, ddte, ddet | habiter au c\u0153ur de la localit\u00e9, \u00e0 un \u00e2ge avanc\u00e9\r\u00a9 siedlungsentwicklung nach innen, rubd,ddte, dver | un logement pour les plus de cinquante ans\u00a0: telle \u00e9tait l\u2019id\u00e9e des personnes \u2013 venues de diff\u00e9rents endroits \u2013 qui ont fond\u00e9 une coop\u00e9rative puis trouv\u00e9 \u00e0 bonaduz un site appropri\u00e9 pour mettre en \u0153uvre leur projet. la gare, les commerces et les services sont facilement accessibles \u00e0 pied depuis cette parcelle id\u00e9alement situ\u00e9e au centre du village.entre le c\u0153ur historique de la localit\u00e9 et la gare, deux nouveaux b\u00e2timents compl\u00e8tent la trame urbaine de bonaduz. sans fioritures, ces constructions en bois de trois et quatre \u00e9tages se r\u00e9f\u00e8rent \u00e0 la typologie des corps de ferme traditionnels du village et affichent une image \u00e0 la fois famili\u00e8re et nouvelle. il s\u2019agit du premier projet coop\u00e9ratif de logements destin\u00e9s aux plus de cinquante ans dans le canton des grisons. | des commodit\u00e9s qui profitent tant au collectif qu\u2019\u00e0 l\u2019individu\r\u00a9 b\u00fcrgi sch\u00e4rer architekten ag | les architectes ont \u00e9t\u00e9 choisis dans le cadre d\u2019un concours impliquant six bureaux. la pr\u00e9sentation des propositions a mis l\u2019accent sur la formulation d\u2019id\u00e9es et de concepts pour l\u2019organisation et la philosophie du lieu, sur l\u2019implication des futurs locataires et sur les divers types de logements. les deux immeubles abritent 26 logements de taille variable destin\u00e9s \u00e0 des c\u00e9libataires et \u00e0 des couples. des bureaux, une chambre d\u2019h\u00f4te utilisable par tous, un espace communautaire et un coin wellness sont disponibles. tous les logements sont adapt\u00e9s aux personnes \u00e2g\u00e9es et offrent des vues diversifi\u00e9es sur l\u2019ext\u00e9rieur gr\u00e2ce \u00e0 des loggias d\u2019angle. les espaces ext\u00e9rieurs comprennent un jardin communautaire entretenu par la coop\u00e9rative, dans lequel les habitantes et habitants peuvent aussi am\u00e9nager un petit jardin personnel. | durable autant pour le climat que pour le porte-monnaie\r\u00a9 b\u00fcrgi sch\u00e4rer architekten ag | la typologie compacte de la construction, un degr\u00e9 d\u2019isolation thermique \u00e9lev\u00e9 et le recours aux \u00e9nergies renouvelables caract\u00e9risent le concept \u00e9nerg\u00e9tique. une chaudi\u00e8re \u00e0 pellets assure le chauffage, et des collecteurs solaires la production d\u2019eau chaude. les b\u00e2timents sont certifi\u00e9s minergie-p-eco.la structure de base en b\u00e9ton est compl\u00e9t\u00e9e de ma\u00e7onnerie. des lattes de m\u00e9l\u00e8ze habillent les fa\u00e7ades. les logements sont \u00e9quip\u00e9s d\u2019une a\u00e9ration douce avec r\u00e9cup\u00e9ration de chaleur. au vu de la situation g\u00e9ographique et des besoins effectifs de mobilit\u00e9, le nombre de places de stationnement a \u00e9t\u00e9 limit\u00e9 \u00e0 dix dans le parking souterrain et \u00e0 une douzaine en surface, en incluant les places visiteurs. | un habitat collectif et autog\u00e9r\u00e9 novateur\r\u00a9 b\u00fcrgi sch\u00e4rer architekten ag | le concept d\u2019habitat collectif autog\u00e9r\u00e9 pour personnes \u00e2g\u00e9es est novateur dans ce contexte rural. en contribuant \u00e0 la mixit\u00e9 de l\u2019habitat, le projet apporte une plus-value bienvenue \u00e0 bonaduz et ses environs. les structures modulables, les salles communes et les options d\u2019utilisation compl\u00e9mentaires telles que la chambre d\u2019h\u00f4te, les bureaux, les ateliers ou le sauna sont attrayants pour les personnes d\u2019\u00e2ge plus avanc\u00e9. | \u00a9 swisstopo | bauen im bestand | bodenpolitik | dialog | energie | mitwirkung | nachhaltigkeit | qualit\u00e4tssichernde verfahren | graub\u00fcnden | de | fr | it<\/div><\/article><article class=\"sia-beratung-db-entry\" data-id=\"5622\" data-cpt=\"sia-beispiele\" data-slug=\"bondo-sichern-und-neugestalten\" data-lang-slug-de_de=\"\" data-lang-slug-en_gb=\"\" data-lang-slug-fr_fr=\"\" data-lang-slug-it_it=\"\" data-lat=\"46.3354175\" data-lng=\"9.5545006\" data-filter-141=\"1\" data-filter-143=\"1\" data-filter-144=\"1\" data-filter-148=\"1\" data-filter-149=\"1\" data-filter-160=\"1\" data-filter-161=\"1\" data-filter-166=\"1\" data-filter-189=\"1\" data-all-filter=\"141,143,144,148,149,160,161,166,189\"><div class=\"sia-beratung-db-entry-header\" onclick=\"return window.siaBeratung.toggleCpt(this);\"><div class=\"col-1\">Bondo: s\u00e9curiser, mais aussi r\u00e9inventer  <\/div><div class=\"col-2\">Bondo, GR<\/div><div class=\"sia-beratung-db-angle\"><span class=\"sia-beratung-angle\"><\/span><\/div><\/div><div class=\"sia-beratung-db-entry-content\"><div class=\"sia-beratung-db-entry-content-columns\"><div class=\"col-1\"><div class=\"sia-beratung-db-entry-slides\"><div class=\"sia-beratung-db-entry-swiper\"><div class=\"swiper-wrapper\"><div class=\"swiper-slide\"><img loading=\"lazy\" decoding=\"async\" src=\"https:\/\/baukulturschweiz.ch\/wp-content\/uploads\/2025\/12\/Photo-1-4-1024x683.jpg\" width=\"1024\" height=\"683\" \/><\/div><div class=\"swiper-slide\"><img loading=\"lazy\" decoding=\"async\" src=\"https:\/\/baukulturschweiz.ch\/wp-content\/uploads\/2025\/12\/Photo-3-4-1024x683.jpg\" width=\"1024\" height=\"683\" \/><\/div><div class=\"swiper-slide\"><img loading=\"lazy\" decoding=\"async\" src=\"https:\/\/baukulturschweiz.ch\/wp-content\/uploads\/2025\/12\/Photo-2-Bronzini-1024x683.jpg\" width=\"1024\" height=\"683\" \/><\/div><div class=\"swiper-slide\"><img loading=\"lazy\" decoding=\"async\" src=\"https:\/\/baukulturschweiz.ch\/wp-content\/uploads\/2025\/12\/Bondo_final-1024x598.png\" width=\"1024\" height=\"598\" \/><\/div><\/div><\/div><a class=\"swiper-button swiper-button-prev\"><\/a><a class=\"swiper-button swiper-button-next mobile\"><\/a><div class=\"sia-beratung-db-slide-legends\"><small data-index=\"0\">D\u00e9g\u00e2ts provoqu\u00e9s par le glissement de terrain de 2017 \u00a9 ARGE Strata<\/small><small data-index=\"1\" style=\"display:none;\">Integration der Schutzinfrastrukturen in die Kulturlandschaft der ISOS-Gebiete \u00a9 ARGE Strata<\/small><small data-index=\"2\" style=\"display:none;\">Baustelle des Projekts \u00abBondo II\u00bb \u00a9 Conzett Bronzini Partner<\/small><small data-index=\"3\" style=\"display:none;\">\u00a9 Swisstopo<\/small><small class=\"pageNo\">1\/4<\/small><\/div><\/div><\/div><div class=\"col-2\"><div class=\"sia-beratung-db-slide-texts\"><div class=\"sia-beratung-db-slide-text\" data-index=\"0\"><p>Les r\u00e9gions de montagne sont particuli\u00e8rement expos\u00e9es aux dangers naturels. En 2017, un glissement de terrain a frapp\u00e9 la commune de Bregaglia, transformant brutalement le paysage. La commune a aussit\u00f4t adopt\u00e9 un cr\u00e9dit d\u2019urgence pour reconstruire les ouvrages de protection. Sa r\u00e9ponse a d\u00e9pass\u00e9 le cadre d\u2019une simple intervention technique : elle s\u2019inscrit dans une d\u00e9marche r\u00e9fl\u00e9chie, guid\u00e9e par la volont\u00e9 de pr\u00e9server le patrimoine paysager, une ambition d\u00e9j\u00e0 r\u00e9compens\u00e9e en 2015 par le Prix Wakker.<\/p>\n<p>&nbsp;<\/p>\n<p><strong>Organisme responsable:<\/strong> Commune de Bregaglia<br data-start=\"44\" data-end=\"47\" \/><strong>R\u00f4le de la commune:<\/strong> initier, \u00e9couter, planifier, soutenir, financer, mettre en \u0153uvre<br data-start=\"132\" data-end=\"135\" \/><strong>Architectes:<\/strong> Mavo Landschaften, Conzett Bronzini Partner<br data-start=\"192\" data-end=\"195\" \/><strong>Source: <\/strong><a href=\"https:\/\/www.patrimoinesuisse.ch\/details-actuels\/prix-wakker-2015-a-la-commune-de-bregaglia-gr\">Prix Wakker 2015<\/a><\/p>\n<\/div><div class=\"sia-beratung-db-slide-text\" data-index=\"1\" style=\"display:none;\"><p>Les localit\u00e9s de Bondo et Promontogno sont tous deux inscrits \u00e0 l&#8217;Inventaire f\u00e9d\u00e9ral des sites construits \u00e0 prot\u00e9ger au niveau national (ISOS). La commune de Bregaglia a alors opt\u00e9 pour un concours afin d\u2019assurer le meilleur r\u00e9sultat possible en mati\u00e8re de conception et d\u2019int\u00e9gration paysag\u00e8re, une d\u00e9marche inhabituelle dans le cadre d&#8217;am\u00e9nagements hydrauliques. Le concours interdisciplinaire est lanc\u00e9, r\u00e9unissant architectes, ing\u00e9nieurs civils et environnementaux et paysagistes.<\/p>\n<\/div><div class=\"sia-beratung-db-slide-text\" data-index=\"2\" style=\"display:none;\"><p>En tant que ma\u00eetre d\u2019ouvrage, la commune a lanc\u00e9 un appel d\u2019offres clair et exigeant, avec des crit\u00e8res pr\u00e9cis portant \u00e0 la fois sur les infrastructures de protection et leur int\u00e9gration paysag\u00e8re. Elle a \u00e9galement souhait\u00e9 l\u2019inclusion d\u2019un maillage pi\u00e9ton, afin de renforcer la qualit\u00e9 du site. Port\u00e9e par ces exigences et la mise en dialogue de plusieurs experts, la proc\u00e9dure aboutit au projet \u00ab Bondo II \u00bb. En d\u00e9coule un projet qui d\u00e9passe la simple r\u00e9ponse technique, en r\u00e9conciliant s\u00e9curit\u00e9 et culture du b\u00e2ti, et en int\u00e9grant les infrastructures de protection dans le tissu paysager et culturel de la vall\u00e9e.<\/p>\n<\/div><div class=\"sia-beratung-db-slide-text\" data-index=\"3\" style=\"display:none;\"><p>Le projet \u00ab Bondo II \u00bb lanc\u00e9 en 2021 et achev\u00e9 en 2025, r\u00e9invente les infrastructures en dialogue avec le paysage existant. Il comprend la construction de digues, la sur\u00e9l\u00e9vation de la route cantonale, la cr\u00e9ation de trois nouveaux ponts, dont la reconstruction du pont historique de Punt, symbole du lien entre Bondo et Promontogno, ainsi que l\u2019agrandissement du bassin de r\u00e9tention des laves torrentielles. Les mat\u00e9riaux utilis\u00e9s sont pour partie extraits des d\u00e9combres des coul\u00e9es de boue, t\u00e9moignant d\u2019une approche de r\u00e9emploi. La route sur\u00e9lev\u00e9e sert d\u00e9sormais de barri\u00e8re protectrice, tandis que les murs c\u00f4t\u00e9 village s\u2019adaptent au site gr\u00e2ce \u00e0 de fines terrasses paysag\u00e8res. Le projet a co\u00fbt\u00e9 plus de 50 millions de francs, dont 14 millions ont \u00e9t\u00e9 financ\u00e9s directement par la commune de Bregaglia. Bien que la majeure partie ait \u00e9t\u00e9 prise en charge par la Conf\u00e9d\u00e9ration et le canton, cette contribution repr\u00e9sente un investissement important pour la petite commune de 1600 habitants. Cela t\u00e9moigne n\u00e9anmoins de son engagement fort pour pr\u00e9server et valoriser son patrimoine paysager et architectural.<\/p>\n<\/div><\/div><div class=\"sia-beratung-db-filterbox\"><label class=\"toggle\" onclick=\"return window.siaBeratung.toggleFilterBox(this);\"><span>Commune<\/span><span>Infrastructure<\/span><span>Inventaires<\/span><span>Climat<\/span><span>Projets de construction communaux<\/span><span>Paysage<\/span><span>Durabilit\u00e9<\/span><span>Espace public<\/span><span>Proc\u00e9dures d\u2019assurance qualit\u00e9<\/span><\/label><div class=\"options\"><a href=\"#\" onclick=\"return window.siaBeratung.setFilterBoxFilter(189);\">Commune<\/a><a href=\"#\" onclick=\"return window.siaBeratung.setFilterBoxFilter(141);\">Infrastructure<\/a><a href=\"#\" onclick=\"return window.siaBeratung.setFilterBoxFilter(160);\">Inventaires<\/a><a href=\"#\" onclick=\"return window.siaBeratung.setFilterBoxFilter(143);\">Climat<\/a><a href=\"#\" onclick=\"return window.siaBeratung.setFilterBoxFilter(161);\">Projets de construction communaux<\/a><a href=\"#\" onclick=\"return window.siaBeratung.setFilterBoxFilter(144);\">Paysage<\/a><a href=\"#\" onclick=\"return window.siaBeratung.setFilterBoxFilter(148);\">Durabilit\u00e9<\/a><a href=\"#\" onclick=\"return window.siaBeratung.setFilterBoxFilter(149);\">Espace public<\/a><a href=\"#\" onclick=\"return window.siaBeratung.setFilterBoxFilter(166);\">Proc\u00e9dures d\u2019assurance qualit\u00e9<\/a><a href=\"#\" onclick=\"return window.siaBeratung.setFilterBoxFilter([141,143,144,148,149,160,161,166,189]);\">Alle Filter ausw\u00e4hlen<\/a><\/div><\/div><label class=\"sia-beratung-db-filterbox-spacer\">&nbsp;<\/label><\/div><a class=\"swiper-button swiper-button-next desktop\"><\/a><\/div><\/div><div class=\"sia-beratung-db-entry-searchtext\">bondo: sichern und neugestalten | les r\u00e9gions de montagne sont particuli\u00e8rement expos\u00e9es aux dangers naturels. en 2017, un glissement de terrain a frapp\u00e9 la commune de bregaglia, transformant brutalement le paysage. la commune a aussit\u00f4t adopt\u00e9 un cr\u00e9dit d\u2019urgence pour reconstruire les ouvrages de protection. sa r\u00e9ponse a d\u00e9pass\u00e9 le cadre d\u2019une simple intervention technique : elle s\u2019inscrit dans une d\u00e9marche r\u00e9fl\u00e9chie, guid\u00e9e par la volont\u00e9 de pr\u00e9server le patrimoine paysager, une ambition d\u00e9j\u00e0 r\u00e9compens\u00e9e en 2015 par le prix wakker.&nbsp;organisme responsable: commune de bregagliar\u00f4le de la commune: initier, \u00e9couter, planifier, soutenir, financer, mettre en \u0153uvrearchitectes: mavo landschaften, conzett bronzini partnersource: prix wakker 2015 | d\u00e9g\u00e2ts provoqu\u00e9s par le glissement de terrain de 2017 \u00a9 arge strata | les localit\u00e9s de bondo et promontogno sont tous deux inscrits \u00e0 l&#8217;inventaire f\u00e9d\u00e9ral des sites construits \u00e0 prot\u00e9ger au niveau national (isos). la commune de bregaglia a alors opt\u00e9 pour un concours afin d\u2019assurer le meilleur r\u00e9sultat possible en mati\u00e8re de conception et d\u2019int\u00e9gration paysag\u00e8re, une d\u00e9marche inhabituelle dans le cadre d&#8217;am\u00e9nagements hydrauliques. le concours interdisciplinaire est lanc\u00e9, r\u00e9unissant architectes, ing\u00e9nieurs civils et environnementaux et paysagistes. | integration der schutzinfrastrukturen in die kulturlandschaft der isos-gebiete \u00a9 arge strata | en tant que ma\u00eetre d\u2019ouvrage, la commune a lanc\u00e9 un appel d\u2019offres clair et exigeant, avec des crit\u00e8res pr\u00e9cis portant \u00e0 la fois sur les infrastructures de protection et leur int\u00e9gration paysag\u00e8re. elle a \u00e9galement souhait\u00e9 l\u2019inclusion d\u2019un maillage pi\u00e9ton, afin de renforcer la qualit\u00e9 du site. port\u00e9e par ces exigences et la mise en dialogue de plusieurs experts, la proc\u00e9dure aboutit au projet \u00ab bondo ii \u00bb. en d\u00e9coule un projet qui d\u00e9passe la simple r\u00e9ponse technique, en r\u00e9conciliant s\u00e9curit\u00e9 et culture du b\u00e2ti, et en int\u00e9grant les infrastructures de protection dans le tissu paysager et culturel de la vall\u00e9e. | baustelle des projekts \u00abbondo ii\u00bb \u00a9 conzett bronzini partner | le projet \u00ab bondo ii \u00bb lanc\u00e9 en 2021 et achev\u00e9 en 2025, r\u00e9invente les infrastructures en dialogue avec le paysage existant. il comprend la construction de digues, la sur\u00e9l\u00e9vation de la route cantonale, la cr\u00e9ation de trois nouveaux ponts, dont la reconstruction du pont historique de punt, symbole du lien entre bondo et promontogno, ainsi que l\u2019agrandissement du bassin de r\u00e9tention des laves torrentielles. les mat\u00e9riaux utilis\u00e9s sont pour partie extraits des d\u00e9combres des coul\u00e9es de boue, t\u00e9moignant d\u2019une approche de r\u00e9emploi. la route sur\u00e9lev\u00e9e sert d\u00e9sormais de barri\u00e8re protectrice, tandis que les murs c\u00f4t\u00e9 village s\u2019adaptent au site gr\u00e2ce \u00e0 de fines terrasses paysag\u00e8res. le projet a co\u00fbt\u00e9 plus de 50 millions de francs, dont 14 millions ont \u00e9t\u00e9 financ\u00e9s directement par la commune de bregaglia. bien que la majeure partie ait \u00e9t\u00e9 prise en charge par la conf\u00e9d\u00e9ration et le canton, cette contribution repr\u00e9sente un investissement important pour la petite commune de 1600 habitants. cela t\u00e9moigne n\u00e9anmoins de son engagement fort pour pr\u00e9server et valoriser son patrimoine paysager et architectural. | \u00a9 swisstopo | infrastruktur | klima | landschaft | nachhaltigkeit | \u00f6ffentlicher raum | inventare | kommunale bauprojekte | qualit\u00e4tssichernde verfahren | gemeinde<\/div><\/article><article class=\"sia-beratung-db-entry\" data-id=\"1390\" data-cpt=\"sia-beispiele\" data-slug=\"buehler-hausanalyse-als-schluessel-zur-werterhaltung\" data-lat=\"47.3744072\" data-lng=\"9.4235229\" data-filter-135=\"1\" data-filter-137=\"1\" data-filter-138=\"1\" data-filter-139=\"1\" data-filter-148=\"1\" data-filter-150=\"1\" data-filter-154=\"1\" data-filter-155=\"1\" data-filter-156=\"1\" data-filter-165=\"1\" data-filter-213=\"1\" data-filter-246=\"1\" data-filter-275=\"1\" data-filter-288=\"1\" data-filter-289=\"1\" data-filter-290=\"1\" data-all-filter=\"135,137,138,139,148,150,154,155,156,165,213,246,275,288,289,290\"><div class=\"sia-beratung-db-entry-header\" onclick=\"return window.siaBeratung.toggleCpt(this);\"><div class=\"col-1\">B\u00fchler&nbsp;: l\u2019analyse d\u2019immeuble pour pr\u00e9server la valeur<\/div><div class=\"col-2\">B\u00fchler, AR<\/div><div class=\"sia-beratung-db-angle\"><span class=\"sia-beratung-angle\"><\/span><\/div><\/div><div class=\"sia-beratung-db-entry-content\"><div class=\"sia-beratung-db-entry-content-columns\"><div class=\"col-1\"><div class=\"sia-beratung-db-entry-slides\"><div class=\"sia-beratung-db-entry-swiper\"><div class=\"swiper-wrapper\"><div class=\"swiper-slide\"><img loading=\"lazy\" decoding=\"async\" src=\"https:\/\/baukulturschweiz.ch\/wp-content\/uploads\/2023\/06\/2023-04-19-120413-buhler-1-p-jud-espacesuisse-1024x768.jpeg\" width=\"1024\" height=\"768\" \/><\/div><div class=\"swiper-slide\"><img loading=\"lazy\" decoding=\"async\" src=\"https:\/\/baukulturschweiz.ch\/wp-content\/uploads\/2023\/06\/2023-04-19-120542-buhler-2-d-steiner-espacesuisse-2-1024x768.jpeg\" width=\"1024\" height=\"768\" \/><\/div><div class=\"swiper-slide\"><img loading=\"lazy\" decoding=\"async\" src=\"https:\/\/baukulturschweiz.ch\/wp-content\/uploads\/2023\/06\/2023-04-19-120837-buhler-3-d-steiner-espacesuisse-4-1024x768.jpeg\" width=\"1024\" height=\"768\" \/><\/div><div class=\"swiper-slide\"><img loading=\"lazy\" decoding=\"async\" src=\"https:\/\/baukulturschweiz.ch\/wp-content\/uploads\/2023\/06\/2023-04-19-120911-buhler-4-d-steiner-espacesuisse-3-1024x768.jpeg\" width=\"1024\" height=\"768\" \/><\/div><div class=\"swiper-slide\"><img loading=\"lazy\" decoding=\"async\" src=\"https:\/\/baukulturschweiz.ch\/wp-content\/uploads\/2023\/06\/2023-04-19-121009-be-buehler-5-c-swisstopo-1024x768.jpg\" width=\"1024\" height=\"768\" \/><\/div><\/div><\/div><a class=\"swiper-button swiper-button-prev\"><\/a><a class=\"swiper-button swiper-button-next mobile\"><\/a><div class=\"sia-beratung-db-slide-legends\"><small data-index=\"0\">Le changement structurel s\u2019acc\u00e9l\u00e8re<br \/>\r\n\u00a9 B. Jud, EspaceSuisse<\/small><small data-index=\"1\" style=\"display:none;\">L\u2019\u00e9valuation ind\u00e9pendante a fait ses preuves<br \/>\r\n\u00a9 D. Steiner, EspaceSuisse<\/small><small data-index=\"2\" style=\"display:none;\">Il vaut la peine de pr\u00e9server la valeur d\u2019un immeuble<br \/>\r\n\u00a9 D. Steiner, EspaceSuisse<\/small><small data-index=\"3\" style=\"display:none;\">La culture du b\u00e2ti, une approche gratifiante<br \/>\r\n\u00a9 D. Steiner, EspaceSuisse<\/small><small data-index=\"4\" style=\"display:none;\">\u00a9 Swisstopo<\/small><small class=\"pageNo\">1\/5<\/small><\/div><\/div><\/div><div class=\"col-2\"><div class=\"sia-beratung-db-slide-texts\"><div class=\"sia-beratung-db-slide-text\" data-index=\"0\"><p>L\u2019analyse d\u2019immeuble est d\u00e9sormais vue comme un mod\u00e8le de r\u00e9ussite dans le canton d\u2019Appenzell Rhodes-Ext\u00e9rieures et au-del\u00e0. La proc\u00e9dure standardis\u00e9e d\u2019analyse des biens immobiliers aide les propri\u00e9taires \u00e0 \u00e9valuer de mani\u00e8re nuanc\u00e9e les perspectives de d\u00e9veloppement de leur immeuble.<\/p>\n<p><strong>R\u00f4le du canton et de la commune&nbsp;:<\/strong> lancer des processus, communiquer, soutenir<br \/>\n<strong>Organisme responsable&nbsp;:<\/strong> EspaceSuisse conclut des contrats avec les<br \/>\norganismes responsables, forme les sp\u00e9cialistes de l\u2019architecture et veille au contr\u00f4le de la qualit\u00e9<br \/>\n<strong>Source&nbsp;:<\/strong> <a class=\"external\" title=\"Densipedia\" href=\"https:\/\/www.densipedia.ch\/fr\/comment-un-petit-village-planifie-son-avenir\" target=\"_blank\" rel=\"noopener\">Densipedia<\/a><\/p>\n<\/div><div class=\"sia-beratung-db-slide-text\" data-index=\"1\" style=\"display:none;\"><p class=\"translation-block\">Le paysage humanis\u00e9 d\u2019Appenzell est unique en son genre, avec ses collines pr\u00e9alpines, ses b\u00e2timents diss\u00e9min\u00e9s dans le territoire et ses arbres isol\u00e9s. Sur les quelque 24 000 b\u00e2timents que compte Appenzell Rhodes-Ext\u00e9rieures, environ 11 000 objets ou 47 % ont \u00e9t\u00e9 b\u00e2tis il y a plus d\u2019un si\u00e8cle. Certains \u00e9difices ont vraiment besoin d\u2019un assainissement. Si l\u2019entretien a \u00e9t\u00e9 n\u00e9glig\u00e9 ou m\u00eame compl\u00e8tement \u00ab oubli\u00e9 \u00bb au cours des derni\u00e8res ann\u00e9es ou d\u00e9cennies, des travaux forts co\u00fbteux voire la d\u00e9molition risquent de devenir in\u00e9vitables. Le changement structurel qui affecte l\u2019agriculture induit aussi de nouvelles formes d\u2019utilisation des b\u00e2timents. <br \/>Le canton d\u2019Appenzell tient \u00e0 prot\u00e9ger les \u00e9difices dans leur substance et \u00e0 les revaloriser pour les besoins actuels. Le mod\u00e8le de l\u2019analyse d\u2019immeuble montre de mani\u00e8re exemplaire comment les propri\u00e9taires immobiliers et les autorit\u00e9s peuvent relever activement ces divers d\u00e9fis en privil\u00e9giant une approche professionnelle.<\/p>\n<\/div><div class=\"sia-beratung-db-slide-text\" data-index=\"2\" style=\"display:none;\"><p>Dans ce contexte, l\u2019imposante maison de ma\u00eetre de trois \u00e9tages situ\u00e9e \u00e0 la Dorfstrasse 82 \u00e0 B\u00fchler constitue un bel exemple de r\u00e9ussite. Ses propri\u00e9taires sont all\u00e9s chercher l\u2019aide du service cantonal des biens culturels afin d\u2019assainir cet immeuble construit au d\u00e9but du XIXe si\u00e8cle. C\u2019est l\u00e0 qu\u2019ils ont appris qu\u2019il existait une possibilit\u00e9 de faire mener une \u00ab analyse d\u2019immeuble \u00bb par des sp\u00e9cialistes de la construction pour les \u00e9difices existants qui ont un \u00ab impact d\u00e9terminant sur le site construit \u00bb. Cette analyse consiste \u00e0 \u00e9valuer des b\u00e2timents sur le plan \u00e9conomique et du point de vue de la protection du patrimoine avant leur vente, leur transformation ou leur r\u00e9affectation. Le canton assume le tiers des 6000 francs qu\u2019elle co\u00fbte et contribue ainsi \u00e0 la pr\u00e9servation de la culture du b\u00e2ti unique de la r\u00e9gion d\u2019Appenzell.<\/p>\n<\/div><div class=\"sia-beratung-db-slide-text\" data-index=\"3\" style=\"display:none;\"><p>L\u2019analyse d\u2019immeuble est \u00e9tablie par des sp\u00e9cialistes de l\u2019architecture sp\u00e9cialement form\u00e9s \u00e0 cet effet. Elle comprend une br\u00e8ve description du b\u00e2timent et de son \u00e9tat structurel, ainsi que des recommandations indiquant comment les propri\u00e9taires peuvent moderniser leur b\u00e2timent ou quelles pourraient \u00eatre les utilisations futures. Des informations concernant les co\u00fbts et les rendements pr\u00e9visibles mettent en \u00e9vidence les perspectives de d\u00e9ve-loppement. Cette analyse ne constitue toutefois pas un projet de construction achev\u00e9, elle sert d\u2019\u00e9tat des lieux strat\u00e9gique.<\/p>\n<\/div><div class=\"sia-beratung-db-slide-text\" data-index=\"4\" style=\"display:none;\"><p class=\"translation-block\">\u00c0 B\u00fchler, la personne exp\u00e9riment\u00e9e charg\u00e9e du conseil s\u2019est rapidement rendu compte que ce bien immobilier de grande valeur du point de vue de l\u2019histoire de la culture pr\u00e9sentait de nombreuses qualit\u00e9s qui devaient \u00eatre pr\u00e9serv\u00e9es avec le soin requis ou m\u00eame \u00eatre remises en valeur. Lors de l\u2019assainissement thermique, en particulier, on risque de modifier la fa\u00e7ade et de d\u00e9truire ainsi l\u2019architecture du b\u00e2timent. \u00c0 la Dorfstrasse 82 \u00e0 B\u00fchler, un savoir-faire consid\u00e9rable a permis de conserver ou de remplacer les bardeaux de la fa\u00e7ade historique.<br \/>\nQuatre assainissements sur cinq se font aujourd\u2019hui sans les sp\u00e9cialistes requis. Il en r\u00e9sulte une esp\u00e8ce de \u00ab raccommodage \u00bb qui a parfois des cons\u00e9quences tr\u00e8s n\u00e9gatives tant sur le plan \u00e9conomique que du point de vue de la culture du b\u00e2ti. Souvent, les propri\u00e9taires sont tout simplement d\u00e9pass\u00e9s. Pour un prix abordable, l\u2019analyse d\u2019immeuble fournit une base de d\u00e9cision adapt\u00e9e au propri\u00e9taire, ce qui constitue une plus-value importante tant pour les priv\u00e9s que pour le public.<\/p>\n<\/div><\/div><div class=\"sia-beratung-db-filterbox\"><label class=\"toggle\" onclick=\"return window.siaBeratung.toggleFilterBox(this);\"><span>Appenzell Rhodes-Ext\u00e9rieures<\/span><span>Proc\u00e9dures d\u2019autorisation de construire<\/span><span>Construction hors zone \u00e0 b\u00e2tir<\/span><span>Construire dans le b\u00e2ti existant<\/span><span>Conseil par les communes<\/span><span>Politique fonci\u00e8re<\/span><span>Monuments<\/span><span>Dialogue<\/span><span>Conseil direct<\/span><span>EspaceSuisse<\/span><span>Durabilit\u00e9<\/span><span>Sites construits<\/span><span>Soutien de projets<\/span><\/label><div class=\"options\"><a href=\"#\" onclick=\"return window.siaBeratung.setFilterBoxFilter(213);\">Appenzell Rhodes-Ext\u00e9rieures<\/a><a href=\"#\" onclick=\"return window.siaBeratung.setFilterBoxFilter(154);\">Proc\u00e9dures d\u2019autorisation de construire<\/a><a href=\"#\" onclick=\"return window.siaBeratung.setFilterBoxFilter(155);\">Construction hors zone \u00e0 b\u00e2tir<\/a><a href=\"#\" onclick=\"return window.siaBeratung.setFilterBoxFilter(135);\">Construire dans le b\u00e2ti existant<\/a><a href=\"#\" onclick=\"return window.siaBeratung.setFilterBoxFilter(156);\">Conseil par les communes<\/a><a href=\"#\" onclick=\"return window.siaBeratung.setFilterBoxFilter(137);\">Politique fonci\u00e8re<\/a><a href=\"#\" onclick=\"return window.siaBeratung.setFilterBoxFilter(138);\">Monuments<\/a><a href=\"#\" onclick=\"return window.siaBeratung.setFilterBoxFilter(139);\">Dialogue<\/a><a href=\"#\" onclick=\"return window.siaBeratung.setFilterBoxFilter(275);\">Conseil direct<\/a><a href=\"#\" onclick=\"return window.siaBeratung.setFilterBoxFilter(246);\">EspaceSuisse<\/a><a href=\"#\" onclick=\"return window.siaBeratung.setFilterBoxFilter(148);\">Durabilit\u00e9<\/a><a href=\"#\" onclick=\"return window.siaBeratung.setFilterBoxFilter(150);\">Sites construits<\/a><a href=\"#\" onclick=\"return window.siaBeratung.setFilterBoxFilter(165);\">Soutien de projets<\/a><a href=\"#\" onclick=\"return window.siaBeratung.setFilterBoxFilter([135,137,138,139,148,150,154,155,156,165,213,246,275,288,289,290]);\">Alle Filter ausw\u00e4hlen<\/a><\/div><\/div><label class=\"sia-beratung-db-filterbox-spacer\">&nbsp;<\/label><\/div><a class=\"swiper-button swiper-button-next desktop\"><\/a><\/div><\/div><div class=\"sia-beratung-db-entry-searchtext\">b\u00fchler: hausanalyse als schl\u00fcssel zur werterhaltung | l\u2019analyse d\u2019immeuble est d\u00e9sormais vue comme un mod\u00e8le de r\u00e9ussite dans le canton d\u2019appenzell rhodes-ext\u00e9rieures et au-del\u00e0. la proc\u00e9dure standardis\u00e9e d\u2019analyse des biens immobiliers aide les propri\u00e9taires \u00e0 \u00e9valuer de mani\u00e8re nuanc\u00e9e les perspectives de d\u00e9veloppement de leur immeuble.r\u00f4le du canton et de la commune&nbsp;: lancer des processus, communiquer, soutenirorganisme responsable&nbsp;: espacesuisse conclut des contrats avec lesorganismes responsables, forme les sp\u00e9cialistes de l\u2019architecture et veille au contr\u00f4le de la qualit\u00e9source&nbsp;: densipedia | le changement structurel s\u2019acc\u00e9l\u00e8re\r\u00a9 b. jud, espacesuisse | le paysage humanis\u00e9 d\u2019appenzell est unique en son genre, avec ses collines pr\u00e9alpines, ses b\u00e2timents diss\u00e9min\u00e9s dans le territoire et ses arbres isol\u00e9s. sur les quelque 24 000 b\u00e2timents que compte appenzell rhodes-ext\u00e9rieures, environ 11 000 objets ou 47 % ont \u00e9t\u00e9 b\u00e2tis il y a plus d\u2019un si\u00e8cle. certains \u00e9difices ont vraiment besoin d\u2019un assainissement. si l\u2019entretien a \u00e9t\u00e9 n\u00e9glig\u00e9 ou m\u00eame compl\u00e8tement \u00ab oubli\u00e9 \u00bb au cours des derni\u00e8res ann\u00e9es ou d\u00e9cennies, des travaux forts co\u00fbteux voire la d\u00e9molition risquent de devenir in\u00e9vitables. le changement structurel qui affecte l\u2019agriculture induit aussi de nouvelles formes d\u2019utilisation des b\u00e2timents. le canton d\u2019appenzell tient \u00e0 prot\u00e9ger les \u00e9difices dans leur substance et \u00e0 les revaloriser pour les besoins actuels. le mod\u00e8le de l\u2019analyse d\u2019immeuble montre de mani\u00e8re exemplaire comment les propri\u00e9taires immobiliers et les autorit\u00e9s peuvent relever activement ces divers d\u00e9fis en privil\u00e9giant une approche professionnelle. | l\u2019\u00e9valuation ind\u00e9pendante a fait ses preuves\r\u00a9 d. steiner, espacesuisse | dans ce contexte, l\u2019imposante maison de ma\u00eetre de trois \u00e9tages situ\u00e9e \u00e0 la dorfstrasse 82 \u00e0 b\u00fchler constitue un bel exemple de r\u00e9ussite. ses propri\u00e9taires sont all\u00e9s chercher l\u2019aide du service cantonal des biens culturels afin d\u2019assainir cet immeuble construit au d\u00e9but du xixe si\u00e8cle. c\u2019est l\u00e0 qu\u2019ils ont appris qu\u2019il existait une possibilit\u00e9 de faire mener une \u00ab analyse d\u2019immeuble \u00bb par des sp\u00e9cialistes de la construction pour les \u00e9difices existants qui ont un \u00ab impact d\u00e9terminant sur le site construit \u00bb. cette analyse consiste \u00e0 \u00e9valuer des b\u00e2timents sur le plan \u00e9conomique et du point de vue de la protection du patrimoine avant leur vente, leur transformation ou leur r\u00e9affectation. le canton assume le tiers des 6000 francs qu\u2019elle co\u00fbte et contribue ainsi \u00e0 la pr\u00e9servation de la culture du b\u00e2ti unique de la r\u00e9gion d\u2019appenzell. | il vaut la peine de pr\u00e9server la valeur d\u2019un immeuble\r\u00a9 d. steiner, espacesuisse | l\u2019analyse d\u2019immeuble est \u00e9tablie par des sp\u00e9cialistes de l\u2019architecture sp\u00e9cialement form\u00e9s \u00e0 cet effet. elle comprend une br\u00e8ve description du b\u00e2timent et de son \u00e9tat structurel, ainsi que des recommandations indiquant comment les propri\u00e9taires peuvent moderniser leur b\u00e2timent ou quelles pourraient \u00eatre les utilisations futures. des informations concernant les co\u00fbts et les rendements pr\u00e9visibles mettent en \u00e9vidence les perspectives de d\u00e9ve-loppement. cette analyse ne constitue toutefois pas un projet de construction achev\u00e9, elle sert d\u2019\u00e9tat des lieux strat\u00e9gique. | la culture du b\u00e2ti, une approche gratifiante\r\u00a9 d. steiner, espacesuisse | \u00e0 b\u00fchler, la personne exp\u00e9riment\u00e9e charg\u00e9e du conseil s\u2019est rapidement rendu compte que ce bien immobilier de grande valeur du point de vue de l\u2019histoire de la culture pr\u00e9sentait de nombreuses qualit\u00e9s qui devaient \u00eatre pr\u00e9serv\u00e9es avec le soin requis ou m\u00eame \u00eatre remises en valeur. lors de l\u2019assainissement thermique, en particulier, on risque de modifier la fa\u00e7ade et de d\u00e9truire ainsi l\u2019architecture du b\u00e2timent. \u00e0 la dorfstrasse 82 \u00e0 b\u00fchler, un savoir-faire consid\u00e9rable a permis de conserver ou de remplacer les bardeaux de la fa\u00e7ade historique.quatre assainissements sur cinq se font aujourd\u2019hui sans les sp\u00e9cialistes requis. il en r\u00e9sulte une esp\u00e8ce de \u00ab raccommodage \u00bb qui a parfois des cons\u00e9quences tr\u00e8s n\u00e9gatives tant sur le plan \u00e9conomique que du point de vue de la culture du b\u00e2ti. souvent, les propri\u00e9taires sont tout simplement d\u00e9pass\u00e9s. pour un prix abordable, l\u2019analyse d\u2019immeuble fournit une base de d\u00e9cision adapt\u00e9e au propri\u00e9taire, ce qui constitue une plus-value importante tant pour les priv\u00e9s que pour le public. | \u00a9 swisstopo | bauen im bestand | bodenpolitik | denkm\u00e4ler | dialog | nachhaltigkeit | ortsbilder | baubewilligungsverfahren | bauen ausserhalb der bauzone | beratung durch gemeinden | projektunterst\u00fctzung | appenzell ausserrhoden | espacesuisse | direkte beratung | de | fr | it<\/div><\/article><article class=\"sia-beratung-db-entry\" data-id=\"1658\" data-cpt=\"sia-ausbildung\" data-slug=\"cadre-en-administration-communale\" data-lang-slug-de_de=\"\" data-lang-slug-en_gb=\"\" data-lang-slug-fr_fr=\"\" data-lang-slug-it_it=\"\" data-lat=\"47.36566945\" data-lng=\"7.351171172\" data-filter-151=\"1\" data-filter-152=\"1\" data-filter-154=\"1\" data-filter-157=\"1\" data-filter-161=\"1\" data-filter-192=\"1\" data-filter-274=\"1\" data-filter-289=\"1\" data-all-filter=\"151,152,154,157,161,192,274,289\"><div class=\"sia-beratung-db-entry-header\" onclick=\"return window.siaBeratung.toggleCpt(this);\"><div class=\"col-1\">Cadre en Administration communale<\/div><div class=\"col-2\"><span>Avenir formation<\/span><\/div><div class=\"col-3\"><span>Programme de dipl\u00f4me<\/span><\/div><div class=\"sia-beratung-db-angle\"><span class=\"sia-beratung-angle\"><\/span><\/div><\/div><div class=\"sia-beratung-db-entry-content\"><div class=\"sia-beratung-db-entry-content-columns\"><div class=\"col-1\"><p>Con\u00e7ue et structur\u00e9e pour le personnel administratif des communes romandes, cette formation permet d\u2019obtenir le Dipl\u00f4me de cadre en administration communale, titre demand\u00e9 dans de nombreuses communes des septs cantons romands pour acc\u00e9der aux postes \u00e0 responsabilit\u00e9.<\/p>\n<\/div><div class=\"col-2\"><\/div><\/div><div class=\"sia-beratung-db-entry-footer\"><div class=\"col-1\"><a href=\"https:\/\/www.avenirformation.ch\/cours\/gestionrh\/detail\/D5\" class=\"sia-beratung-db-entry-link\" target=\"_blank\" rel=\"noopener\">Link zum Angebot<\/a><\/div><div class=\"col-2\"><div class=\"sia-beratung-db-filterbox\"><label class=\"toggle\" onclick=\"return window.siaBeratung.toggleFilterBox(this);\"><span>Avenir formation<\/span><span>Proc\u00e9dures d\u2019autorisation de construire<\/span><span>Programme de dipl\u00f4me<\/span><span>Formation continue pour le personnel politique et administratif<\/span><span>Projets de construction communaux<\/span><span>Outils de planification<\/span><span>Processus<\/span><\/label><div class=\"options\"><a href=\"#\" onclick=\"return window.siaBeratung.setFilterBoxFilter(192);\">Avenir formation<\/a><a href=\"#\" onclick=\"return window.siaBeratung.setFilterBoxFilter(154);\">Proc\u00e9dures d\u2019autorisation de construire<\/a><a href=\"#\" onclick=\"return window.siaBeratung.setFilterBoxFilter(274);\">Programme de dipl\u00f4me<\/a><a href=\"#\" onclick=\"return window.siaBeratung.setFilterBoxFilter(157);\">Formation continue pour le personnel politique et administratif<\/a><a href=\"#\" onclick=\"return window.siaBeratung.setFilterBoxFilter(161);\">Projets de construction communaux<\/a><a href=\"#\" onclick=\"return window.siaBeratung.setFilterBoxFilter(151);\">Outils de planification<\/a><a href=\"#\" onclick=\"return window.siaBeratung.setFilterBoxFilter(152);\">Processus<\/a><a href=\"#\" onclick=\"return window.siaBeratung.setFilterBoxFilter([151,152,154,157,161,192,274,289]);\">Alle Filter ausw\u00e4hlen<\/a><\/div><\/div><label class=\"sia-beratung-db-filterbox-spacer\">&nbsp;<\/label><\/div><\/div><\/div><div class=\"sia-beratung-db-entry-searchtext\">cadre en administration communale | con\u00e7ue et structur\u00e9e pour le personnel administratif des communes romandes, cette formation permet d\u2019obtenir le dipl\u00f4me de cadre en administration communale, titre demand\u00e9 dans de nombreuses communes des septs cantons romands pour acc\u00e9der aux postes \u00e0 responsabilit\u00e9. | planungsinstrumente | prozesse | baubewilligungsverfahren | fortbildung f\u00fcr politik und verwaltung | kommunale bauprojekte | avenir formation | diplomlehrgang | fr<\/div><\/article><article class=\"sia-beratung-db-entry\" data-id=\"1637\" data-cpt=\"sia-angebote\" data-slug=\"klimaoffensive-baukultur\" data-lang-slug-de_de=\"\" data-lang-slug-en_gb=\"\" data-lang-slug-fr_fr=\"\" data-lang-slug-it_it=\"\" data-lat=\"53.5507112\" data-lng=\"10.0006485\" data-filter-135=\"1\" data-filter-136=\"1\" data-filter-139=\"1\" data-filter-140=\"1\" data-filter-143=\"1\" data-filter-144=\"1\" data-filter-148=\"1\" data-filter-149=\"1\" data-filter-150=\"1\" data-filter-252=\"1\" data-filter-283=\"1\" data-filter-288=\"1\" data-filter-289=\"1\" data-filter-290=\"1\" data-all-filter=\"135,136,139,140,143,144,148,149,150,252,283,288,289,290\"><div class=\"sia-beratung-db-entry-header\" onclick=\"return window.siaBeratung.toggleCpt(this);\"><div class=\"col-1\">Campagne climat et Culture du b\u00e2ti<\/div><div class=\"col-2\"><span>Campagne climat et Culture du b\u00e2ti<\/span><\/div><div class=\"col-3\"><span>Plateforme<\/span><\/div><div class=\"sia-beratung-db-angle\"><span class=\"sia-beratung-angle\"><\/span><\/div><\/div><div class=\"sia-beratung-db-entry-content\"><div class=\"sia-beratung-db-entry-content-columns\"><div class=\"col-1\"><p>Pr\u00e9servation du climat, culture du b\u00e2ti et biodiversit\u00e9: l\u2019une n\u2019exclut pas les autres. Les organisations de la Campagne climat et culture du b\u00e2ti s\u2019engagent en faveur de l\u2019objectif z\u00e9ro \u00e9mission nette d\u2019ici 2050.<\/p>\n<\/div><div class=\"col-2\"><\/div><\/div><div class=\"sia-beratung-db-entry-footer\"><div class=\"col-1\"><a href=\"https:\/\/campagne-climat.ch\/\" class=\"sia-beratung-db-entry-link\" target=\"_blank\" rel=\"noopener\">Link zum Angebot<\/a><\/div><div class=\"col-2\"><div class=\"sia-beratung-db-filterbox\"><label class=\"toggle\" onclick=\"return window.siaBeratung.toggleFilterBox(this);\"><span>Construire dans le b\u00e2ti existant<\/span><span>Biodiversit\u00e9<\/span><span>Dialogue<\/span><span>Energie<\/span><span>Climat<\/span><span>Campagne climat et Culture du b\u00e2ti<\/span><span>Paysage<\/span><span>Durabilit\u00e9<\/span><span>Espace public<\/span><span>Sites construits<\/span><span>Plateforme<\/span><\/label><div class=\"options\"><a href=\"#\" onclick=\"return window.siaBeratung.setFilterBoxFilter(135);\">Construire dans le b\u00e2ti existant<\/a><a href=\"#\" onclick=\"return window.siaBeratung.setFilterBoxFilter(136);\">Biodiversit\u00e9<\/a><a href=\"#\" onclick=\"return window.siaBeratung.setFilterBoxFilter(139);\">Dialogue<\/a><a href=\"#\" onclick=\"return window.siaBeratung.setFilterBoxFilter(140);\">Energie<\/a><a href=\"#\" onclick=\"return window.siaBeratung.setFilterBoxFilter(143);\">Climat<\/a><a href=\"#\" onclick=\"return window.siaBeratung.setFilterBoxFilter(252);\">Campagne climat et Culture du b\u00e2ti<\/a><a href=\"#\" onclick=\"return window.siaBeratung.setFilterBoxFilter(144);\">Paysage<\/a><a href=\"#\" onclick=\"return window.siaBeratung.setFilterBoxFilter(148);\">Durabilit\u00e9<\/a><a href=\"#\" onclick=\"return window.siaBeratung.setFilterBoxFilter(149);\">Espace public<\/a><a href=\"#\" onclick=\"return window.siaBeratung.setFilterBoxFilter(150);\">Sites construits<\/a><a href=\"#\" onclick=\"return window.siaBeratung.setFilterBoxFilter(283);\">Plateforme<\/a><a href=\"#\" onclick=\"return window.siaBeratung.setFilterBoxFilter([135,136,139,140,143,144,148,149,150,252,283,288,289,290]);\">Alle Filter ausw\u00e4hlen<\/a><\/div><\/div><label class=\"sia-beratung-db-filterbox-spacer\">&nbsp;<\/label><\/div><\/div><\/div><div class=\"sia-beratung-db-entry-searchtext\">klimaoffensive baukultur | pr\u00e9servation du climat, culture du b\u00e2ti et biodiversit\u00e9: l\u2019une n\u2019exclut pas les autres. les organisations de la campagne climat et culture du b\u00e2ti s\u2019engagent en faveur de l\u2019objectif z\u00e9ro \u00e9mission nette d\u2019ici 2050. | bauen im bestand | biodiversit\u00e4t | dialog | energie | klima | landschaft | nachhaltigkeit | \u00f6ffentlicher raum | ortsbilder | klimaoffensive baukultur | plattform | de | fr | it<\/div><\/article><article class=\"sia-beratung-db-entry\" data-id=\"1402\" data-cpt=\"sia-beispiele\" data-slug=\"canobbio-dorfkern-baukultur-ist-lebensqualitaet\" data-lang-slug-de_de=\"\" data-lang-slug-en_gb=\"\" data-lang-slug-fr_fr=\"\" data-lang-slug-it_it=\"\" data-lat=\"46.0346326\" data-lng=\"8.9670753\" data-filter-141=\"1\" data-filter-147=\"1\" data-filter-149=\"1\" data-filter-150=\"1\" data-filter-161=\"1\" data-filter-247=\"1\" data-filter-288=\"1\" data-filter-289=\"1\" data-filter-290=\"1\" data-all-filter=\"141,147,149,150,161,247,288,289,290\"><div class=\"sia-beratung-db-entry-header\" onclick=\"return window.siaBeratung.toggleCpt(this);\"><div class=\"col-1\">Canobbio&nbsp;: la culture du b\u00e2ti am\u00e9liore la qualit\u00e9 de vie<\/div><div class=\"col-2\">Canobbio, TI<\/div><div class=\"sia-beratung-db-angle\"><span class=\"sia-beratung-angle\"><\/span><\/div><\/div><div class=\"sia-beratung-db-entry-content\"><div class=\"sia-beratung-db-entry-content-columns\"><div class=\"col-1\"><div class=\"sia-beratung-db-entry-slides\"><div class=\"sia-beratung-db-entry-swiper\"><div class=\"swiper-wrapper\"><div class=\"swiper-slide\"><img loading=\"lazy\" decoding=\"async\" src=\"https:\/\/baukulturschweiz.ch\/wp-content\/uploads\/2023\/06\/2023-04-19-132942-cannobio-1-officine-della-costruzione-sagl-1024x768.jpg\" width=\"1024\" height=\"768\" \/><\/div><div class=\"swiper-slide\"><img loading=\"lazy\" decoding=\"async\" src=\"https:\/\/baukulturschweiz.ch\/wp-content\/uploads\/2023\/06\/2023-04-19-133045-cannobio-2-officine-della-costruzione-sagl-1024x768.jpg\" width=\"1024\" height=\"768\" \/><\/div><div class=\"swiper-slide\"><img loading=\"lazy\" decoding=\"async\" src=\"https:\/\/baukulturschweiz.ch\/wp-content\/uploads\/2023\/06\/2023-04-19-133150-cannobio-3-officine-della-costruzione-sagl-1024x768.jpg\" width=\"1024\" height=\"768\" \/><\/div><div class=\"swiper-slide\"><img loading=\"lazy\" decoding=\"async\" src=\"https:\/\/baukulturschweiz.ch\/wp-content\/uploads\/2023\/06\/2023-04-19-133241-cannobio-4-officine-della-costruzione-sagl-1024x768.jpg\" width=\"1024\" height=\"768\" \/><\/div><div class=\"swiper-slide\"><img loading=\"lazy\" decoding=\"async\" src=\"https:\/\/baukulturschweiz.ch\/wp-content\/uploads\/2023\/06\/2023-04-19-133351-be-cannobio-5-c-swisstopo-1024x768.jpg\" width=\"1024\" height=\"768\" \/><\/div><\/div><\/div><a class=\"swiper-button swiper-button-prev\"><\/a><a class=\"swiper-button swiper-button-next mobile\"><\/a><div class=\"sia-beratung-db-slide-legends\"><small data-index=\"0\">Non pas une mais plusieurs places<br \/>\r\n\u00a9 Officine della Costruzione sagl<\/small><small data-index=\"1\" style=\"display:none;\">Les places relient les espaces et les personnes<br \/>\r\n\u00a9 Officine della Costruzione sagl<\/small><small data-index=\"2\" style=\"display:none;\">Toucher les gens par les sens<br \/>\r\n\u00a9 Officine della Costruzione sagl<\/small><small data-index=\"3\" style=\"display:none;\">Des places comme salons en plein air<br \/>\r\n\u00a9 Officine della Costruzione sagl<\/small><small data-index=\"4\" style=\"display:none;\">\u00a9 Swisstopo<\/small><small class=\"pageNo\">1\/5<\/small><\/div><\/div><\/div><div class=\"col-2\"><div class=\"sia-beratung-db-slide-texts\"><div class=\"sia-beratung-db-slide-text\" data-index=\"0\"><div class=\"aztHelpersMarkdownContainer src-scripts-containers-Main-modules-Advice-Lists-Results-ListItem-types-Example-description\">\n<p>La commune de Canobbio montre comment on peut am\u00e9liorer de mani\u00e8re significative la qualit\u00e9 de vie et les caract\u00e9ristiques socio-spatiales d\u2019un centre de village, le rendre plus habitable, tout cela \u00e0 un co\u00fbt raisonnable. La population est de retour dans les rues et sur les places du noyau historique, et les enfants jouent sur leurs \u00ab tapis \u00bb.<\/p>\n<p><strong>R\u00f4le de la commune\u00a0:<\/strong> lancer des processus, coordonner, diriger, d\u00e9cider, mettre en \u0153uvre<br \/>\n<strong>Organismes responsables\u00a0:<\/strong> Commune<br \/>\n<strong>Auteurs du projet\u00a0:<\/strong> Studio d\u2019ingegneria Lucchini-Mariotta e Associati SA, Studio d\u2019architettura Officina della Costruzione sagl<br \/>\n<strong>Source\u00a0:<\/strong> <a class=\"external\" title=\"Flaneur d'Or\" href=\"https:\/\/flaneurdor.ch\/projet\/?lang=fr&amp;pid=512\" target=\"_blank\" rel=\"noopener\">Flaneur d\u2019Or<\/a><\/p>\n<\/div>\n<\/div><div class=\"sia-beratung-db-slide-text\" data-index=\"1\" style=\"display:none;\"><p>De par ses qualit\u00e9s architecturales et spatiales, le centre du village de Canobbio offre un potentiel important. La commune l\u2019utilise de mani\u00e8re intelligente pour am\u00e9liorer la qualit\u00e9 de s\u00e9jour. Au cours des trente derni\u00e8res ann\u00e9es, dans la localit\u00e9, de nombreux biens immobiliers priv\u00e9s ont fait l\u2019objet de r\u00e9novations. L\u2019espace public, en revanche, ne se contentait plus que de s\u2019adapter de mani\u00e8re passive aux besoins du trafic motoris\u00e9, au d\u00e9triment des qualit\u00e9s spatiales existantes. Le r\u00e9am\u00e9nagement du centre de la localit\u00e9 remet d\u00e9lib\u00e9r\u00e9ment les personnes au c\u0153ur du d\u00e9veloppement. \u00c0 Canobbio, ce n\u2019est toutefois pas une place du village qui structure l\u2019espace public, mais plusieurs lieux ou placettes qui interagissent et invitent \u00e0 la fl\u00e2nerie \u2013 dans des cadres souvent publics, mais parfois aussi plus intimes. Au sein de cette structure, chaque endroit a sa propre identit\u00e9.<\/p>\n<\/div><div class=\"sia-beratung-db-slide-text\" data-index=\"2\" style=\"display:none;\"><p>La difficult\u00e9 de ce r\u00e9am\u00e9nagement consistait \u00e0 rendre son attrait au centre et \u00e0 revaloriser les rues et les places, de mani\u00e8re \u00e0 cr\u00e9er une identit\u00e9 qui permette de percevoir \u00e0 nouveau la qualit\u00e9 consid\u00e9rable de la culture du b\u00e2ti de Canobbio. Les buts explicites de la commune \u00e9taient d\u2019am\u00e9liorer la qualit\u00e9 de vie au centre du village, de restaurer les fonctions sociales des espaces publics et d\u2019\u00e9tablir ainsi une relation entre le lieu et sa population, en bref de regagner en qualit\u00e9 de vie. En r\u00e9am\u00e9nageant les places \u00e0 proximit\u00e9 de l\u2019\u00e9glise, la commune a fait un grand pas dans la direction vis\u00e9e.<\/p>\n<\/div><div class=\"sia-beratung-db-slide-text\" data-index=\"3\" style=\"display:none;\"><p>Le projet a impliqu\u00e9 le renouvellement complet des rev\u00eatements et le r\u00e9am\u00e9nagement des six places. Chacune de celles-ci se distingue par un \u00ab tapis \u00bb d\u2019une couleur sp\u00e9cifique. Les six \u00ab tapis \u00bb install\u00e9s sur les nouvelles places forment le nouveau \u00ab salotto \u00bb (salon) du centre du village. L\u2019un des principaux changements mis en \u0153uvre pour faire ressortir les placettes a consist\u00e9 \u00e0 adapter les niveaux \u00e0 l\u2019aide de marches ou de murs. Le concept d\u2019\u00e9clairage a aussi \u00e9t\u00e9 retravaill\u00e9\u00a0: on a maintenu le type de lampes d\u2019aspect ancien d\u00e9j\u00e0 en place dans les ruelles, mais en y ajoutant une nouvelle technologie LED. Une deuxi\u00e8me forme d\u2019\u00e9clairage constitu\u00e9e de st\u00e8les lumineuses accompagne agr\u00e9ablement les personnes qui se d\u00e9placent \u00e0 pied dans le c\u0153ur du village.<\/p>\n<\/div><div class=\"sia-beratung-db-slide-text\" data-index=\"4\" style=\"display:none;\"><p>Le projet de revalorisation du noyau historique anime l\u2019espace public et renverse les rapports de force entre le trafic automobile et les pi\u00e9tons. Les v\u00e9hicules ne sont pas tenus enti\u00e8rement \u00e0 l\u2019\u00e9cart du centre de la localit\u00e9, mais les pi\u00e9tons ont d\u00e9sormais la priorit\u00e9. Un nouveau pavage \u2013 d\u2019une fa\u00e7ade \u00e0 l\u2019autre \u2013 souligne que tout l\u2019espace situ\u00e9 entre les b\u00e2timents est public. Les \u00ab tapis \u00bb sont int\u00e9gr\u00e9s \u00e0 ces surfaces comme de la marqueterie. R\u00e9alis\u00e9s avec des mat\u00e9riaux vari\u00e9s et en diff\u00e9rentes couleurs, ils conf\u00e8rent \u00e0 cet ensemble une ambiance confortable, un suppl\u00e9ment de qualit\u00e9 de vie.<\/p>\n<\/div><\/div><div class=\"sia-beratung-db-filterbox\"><label class=\"toggle\" onclick=\"return window.siaBeratung.toggleFilterBox(this);\"><span>Mobilit\u00e9 pi\u00e9tonne Suisse<\/span><span>Infrastructure<\/span><span>Projets de construction communaux<\/span><span>Mobilit\u00e9<\/span><span>Espace public<\/span><span>Sites construits<\/span><\/label><div class=\"options\"><a href=\"#\" onclick=\"return window.siaBeratung.setFilterBoxFilter(247);\">Mobilit\u00e9 pi\u00e9tonne Suisse<\/a><a href=\"#\" onclick=\"return window.siaBeratung.setFilterBoxFilter(141);\">Infrastructure<\/a><a href=\"#\" onclick=\"return window.siaBeratung.setFilterBoxFilter(161);\">Projets de construction communaux<\/a><a href=\"#\" onclick=\"return window.siaBeratung.setFilterBoxFilter(147);\">Mobilit\u00e9<\/a><a href=\"#\" onclick=\"return window.siaBeratung.setFilterBoxFilter(149);\">Espace public<\/a><a href=\"#\" onclick=\"return window.siaBeratung.setFilterBoxFilter(150);\">Sites construits<\/a><a href=\"#\" onclick=\"return window.siaBeratung.setFilterBoxFilter([141,147,149,150,161,247,288,289,290]);\">Alle Filter ausw\u00e4hlen<\/a><\/div><\/div><label class=\"sia-beratung-db-filterbox-spacer\">&nbsp;<\/label><\/div><a class=\"swiper-button swiper-button-next desktop\"><\/a><\/div><\/div><div class=\"sia-beratung-db-entry-searchtext\">canobbio dorfkern: baukultur ist lebensqualit\u00e4t | la commune de canobbio montre comment on peut am\u00e9liorer de mani\u00e8re significative la qualit\u00e9 de vie et les caract\u00e9ristiques socio-spatiales d\u2019un centre de village, le rendre plus habitable, tout cela \u00e0 un co\u00fbt raisonnable. la population est de retour dans les rues et sur les places du noyau historique, et les enfants jouent sur leurs \u00ab tapis \u00bb.r\u00f4le de la commune\u00a0: lancer des processus, coordonner, diriger, d\u00e9cider, mettre en \u0153uvreorganismes responsables\u00a0: communeauteurs du projet\u00a0: studio d\u2019ingegneria lucchini-mariotta e associati sa, studio d\u2019architettura officina della costruzione saglsource\u00a0: flaneur d\u2019or | non pas une mais plusieurs places\r\u00a9 officine della costruzione sagl | de par ses qualit\u00e9s architecturales et spatiales, le centre du village de canobbio offre un potentiel important. la commune l\u2019utilise de mani\u00e8re intelligente pour am\u00e9liorer la qualit\u00e9 de s\u00e9jour. au cours des trente derni\u00e8res ann\u00e9es, dans la localit\u00e9, de nombreux biens immobiliers priv\u00e9s ont fait l\u2019objet de r\u00e9novations. l\u2019espace public, en revanche, ne se contentait plus que de s\u2019adapter de mani\u00e8re passive aux besoins du trafic motoris\u00e9, au d\u00e9triment des qualit\u00e9s spatiales existantes. le r\u00e9am\u00e9nagement du centre de la localit\u00e9 remet d\u00e9lib\u00e9r\u00e9ment les personnes au c\u0153ur du d\u00e9veloppement. \u00e0 canobbio, ce n\u2019est toutefois pas une place du village qui structure l\u2019espace public, mais plusieurs lieux ou placettes qui interagissent et invitent \u00e0 la fl\u00e2nerie \u2013 dans des cadres souvent publics, mais parfois aussi plus intimes. au sein de cette structure, chaque endroit a sa propre identit\u00e9. | les places relient les espaces et les personnes\r\u00a9 officine della costruzione sagl | la difficult\u00e9 de ce r\u00e9am\u00e9nagement consistait \u00e0 rendre son attrait au centre et \u00e0 revaloriser les rues et les places, de mani\u00e8re \u00e0 cr\u00e9er une identit\u00e9 qui permette de percevoir \u00e0 nouveau la qualit\u00e9 consid\u00e9rable de la culture du b\u00e2ti de canobbio. les buts explicites de la commune \u00e9taient d\u2019am\u00e9liorer la qualit\u00e9 de vie au centre du village, de restaurer les fonctions sociales des espaces publics et d\u2019\u00e9tablir ainsi une relation entre le lieu et sa population, en bref de regagner en qualit\u00e9 de vie. en r\u00e9am\u00e9nageant les places \u00e0 proximit\u00e9 de l\u2019\u00e9glise, la commune a fait un grand pas dans la direction vis\u00e9e. | toucher les gens par les sens\r\u00a9 officine della costruzione sagl | le projet a impliqu\u00e9 le renouvellement complet des rev\u00eatements et le r\u00e9am\u00e9nagement des six places. chacune de celles-ci se distingue par un \u00ab tapis \u00bb d\u2019une couleur sp\u00e9cifique. les six \u00ab tapis \u00bb install\u00e9s sur les nouvelles places forment le nouveau \u00ab salotto \u00bb (salon) du centre du village. l\u2019un des principaux changements mis en \u0153uvre pour faire ressortir les placettes a consist\u00e9 \u00e0 adapter les niveaux \u00e0 l\u2019aide de marches ou de murs. le concept d\u2019\u00e9clairage a aussi \u00e9t\u00e9 retravaill\u00e9\u00a0: on a maintenu le type de lampes d\u2019aspect ancien d\u00e9j\u00e0 en place dans les ruelles, mais en y ajoutant une nouvelle technologie led. une deuxi\u00e8me forme d\u2019\u00e9clairage constitu\u00e9e de st\u00e8les lumineuses accompagne agr\u00e9ablement les personnes qui se d\u00e9placent \u00e0 pied dans le c\u0153ur du village. | des places comme salons en plein air\r\u00a9 officine della costruzione sagl | le projet de revalorisation du noyau historique anime l\u2019espace public et renverse les rapports de force entre le trafic automobile et les pi\u00e9tons. les v\u00e9hicules ne sont pas tenus enti\u00e8rement \u00e0 l\u2019\u00e9cart du centre de la localit\u00e9, mais les pi\u00e9tons ont d\u00e9sormais la priorit\u00e9. un nouveau pavage \u2013 d\u2019une fa\u00e7ade \u00e0 l\u2019autre \u2013 souligne que tout l\u2019espace situ\u00e9 entre les b\u00e2timents est public. les \u00ab tapis \u00bb sont int\u00e9gr\u00e9s \u00e0 ces surfaces comme de la marqueterie. r\u00e9alis\u00e9s avec des mat\u00e9riaux vari\u00e9s et en diff\u00e9rentes couleurs, ils conf\u00e8rent \u00e0 cet ensemble une ambiance confortable, un suppl\u00e9ment de qualit\u00e9 de vie. | \u00a9 swisstopo | infrastruktur | mobilit\u00e4t | \u00f6ffentlicher raum | ortsbilder | kommunale bauprojekte | fussverkehr schweiz | de | fr | it<\/div><\/article><article class=\"sia-beratung-db-entry\" data-id=\"5223\" data-cpt=\"sia-ausbildung\" data-slug=\"challenges-leadership-in-der-raumenticklung\" data-lang-slug-de_de=\"\" data-lang-slug-en_gb=\"\" data-lang-slug-fr_fr=\"\" data-lang-slug-it_it=\"\" data-lat=\"53.5507112\" data-lng=\"10.0008202\" data-filter-139=\"1\" data-filter-142=\"1\" data-filter-151=\"1\" data-filter-152=\"1\" data-filter-206=\"1\" data-filter-272=\"1\" data-filter-288=\"1\" data-all-filter=\"139,142,151,152,206,272,288\"><div class=\"sia-beratung-db-entry-header\" onclick=\"return window.siaBeratung.toggleCpt(this);\"><div class=\"col-1\">Challenges &amp; Leadership in der Raumenticklung<\/div><div class=\"col-2\"><span>OST Ostschweizer Fachhochschule<\/span><\/div><div class=\"col-3\"><span>CAS<\/span><\/div><div class=\"sia-beratung-db-angle\"><span class=\"sia-beratung-angle\"><\/span><\/div><\/div><div class=\"sia-beratung-db-entry-content\"><div class=\"sia-beratung-db-entry-content-columns\"><div class=\"col-1\"><p>Der <b><strong>CAS Challenges &amp; Leadership in der Raumentwicklung<\/strong><\/b> verbindet aktuelle Herausforderungen der Raumentwicklung mit raumplanungsspezifischem Projektmanagement. Sie erwerben das R\u00fcstzeug, um Projekte im Sinne einer qualit\u00e4tsvollen Siedlungsverdichtung und eines optimalen Klimaschutzes zu gestalten, Anspruchsgruppen fr\u00fchzeitig einzubeziehen und Interessen kompetent abzuw\u00e4gen. Zus\u00e4tzlich vermittelt der Kurs Leadership-Skills, um nachhaltige L\u00f6sungen strategisch und f\u00fchrungsstark umzusetzen.<\/p>\n<\/div><div class=\"col-2\"><\/div><\/div><div class=\"sia-beratung-db-entry-footer\"><div class=\"col-1\"><a href=\"https:\/\/www.ost.ch\/de\/weiterbildung\/weiterbildungsangebot\/raum-und-mobilitaet\/bau-und-planung\/cas-challenges-leadership-in-der-raumentwicklung\" class=\"sia-beratung-db-entry-link\" target=\"_blank\" rel=\"noopener\">Link zum Angebot<\/a><\/div><div class=\"col-2\"><div class=\"sia-beratung-db-filterbox\"><label class=\"toggle\" onclick=\"return window.siaBeratung.toggleFilterBox(this);\"><span>CAS<\/span><span>Dialogue<\/span><span>D\u00e9veloppement \u00e0 l\u2019int\u00e9rieur du milieu b\u00e2ti<\/span><span>OST Ostschweizer Fachhochschule<\/span><span>Outils de planification<\/span><span>Processus<\/span><\/label><div class=\"options\"><a href=\"#\" onclick=\"return window.siaBeratung.setFilterBoxFilter(272);\">CAS<\/a><a href=\"#\" onclick=\"return window.siaBeratung.setFilterBoxFilter(139);\">Dialogue<\/a><a href=\"#\" onclick=\"return window.siaBeratung.setFilterBoxFilter(142);\">D\u00e9veloppement \u00e0 l\u2019int\u00e9rieur du milieu b\u00e2ti<\/a><a href=\"#\" onclick=\"return window.siaBeratung.setFilterBoxFilter(206);\">OST Ostschweizer Fachhochschule<\/a><a href=\"#\" onclick=\"return window.siaBeratung.setFilterBoxFilter(151);\">Outils de planification<\/a><a href=\"#\" onclick=\"return window.siaBeratung.setFilterBoxFilter(152);\">Processus<\/a><a href=\"#\" onclick=\"return window.siaBeratung.setFilterBoxFilter([139,142,151,152,206,272,288]);\">Alle Filter ausw\u00e4hlen<\/a><\/div><\/div><label class=\"sia-beratung-db-filterbox-spacer\">&nbsp;<\/label><\/div><\/div><\/div><div class=\"sia-beratung-db-entry-searchtext\">challenges &amp; leadership in der raumenticklung | der cas challenges &amp; leadership in der raumentwicklung verbindet aktuelle herausforderungen der raumentwicklung mit raumplanungsspezifischem projektmanagement. sie erwerben das r\u00fcstzeug, um projekte im sinne einer qualit\u00e4tsvollen siedlungsverdichtung und eines optimalen klimaschutzes zu gestalten, anspruchsgruppen fr\u00fchzeitig einzubeziehen und interessen kompetent abzuw\u00e4gen. zus\u00e4tzlich vermittelt der kurs leadership-skills, um nachhaltige l\u00f6sungen strategisch und f\u00fchrungsstark umzusetzen. | dialog | innenentwicklung | planungsinstrumente | prozesse | ost ostschweizer fachhochschule | cas | de<\/div><\/article><article class=\"sia-beratung-db-entry\" data-id=\"1410\" data-cpt=\"sia-beispiele\" data-slug=\"cham-papieri-als-gelungenes-beispiel\" data-lat=\"47.1824793\" data-lng=\"8.4615326\" data-filter-135=\"1\" data-filter-137=\"1\" data-filter-139=\"1\" data-filter-142=\"1\" data-filter-146=\"1\" data-filter-148=\"1\" data-filter-149=\"1\" data-filter-150=\"1\" data-filter-151=\"1\" data-filter-152=\"1\" data-filter-156=\"1\" data-filter-164=\"1\" data-filter-166=\"1\" data-filter-169=\"1\" data-filter-246=\"1\" data-filter-288=\"1\" data-filter-289=\"1\" data-filter-290=\"1\" data-all-filter=\"135,137,139,142,146,148,149,150,151,152,156,164,166,169,246,288,289,290\"><div class=\"sia-beratung-db-entry-header\" onclick=\"return window.siaBeratung.toggleCpt(this);\"><div class=\"col-1\">Cham&nbsp;: le secteur Papieri, t\u00e9moin d\u2019une d\u00e9marche r\u00e9ussie<\/div><div class=\"col-2\">Cham, ZG<\/div><div class=\"sia-beratung-db-angle\"><span class=\"sia-beratung-angle\"><\/span><\/div><\/div><div class=\"sia-beratung-db-entry-content\"><div class=\"sia-beratung-db-entry-content-columns\"><div class=\"col-1\"><div class=\"sia-beratung-db-entry-slides\"><div class=\"sia-beratung-db-entry-swiper\"><div class=\"swiper-wrapper\"><div class=\"swiper-slide\"><img loading=\"lazy\" decoding=\"async\" src=\"https:\/\/baukulturschweiz.ch\/wp-content\/uploads\/2023\/06\/2023-04-19-140729-cham-papieri-1-c-bundesamt-fur-landestopographie-swisstopo-1024x768.jpg\" width=\"1024\" height=\"768\" \/><\/div><div class=\"swiper-slide\"><img loading=\"lazy\" decoding=\"async\" src=\"https:\/\/baukulturschweiz.ch\/wp-content\/uploads\/2023\/06\/2023-04-19-140903-cham-papieri-2-c-cham-group-ag.png\" width=\"674\" height=\"505\" \/><\/div><div class=\"swiper-slide\"><img loading=\"lazy\" decoding=\"async\" src=\"https:\/\/baukulturschweiz.ch\/wp-content\/uploads\/2023\/06\/2023-04-19-141011-cham-papieri-3-c-cham-group-ag.png\" width=\"658\" height=\"494\" \/><\/div><div class=\"swiper-slide\"><img loading=\"lazy\" decoding=\"async\" src=\"https:\/\/baukulturschweiz.ch\/wp-content\/uploads\/2023\/06\/2023-04-19-141117-cham-papieri-4-c-cham-group-ag.png\" width=\"855\" height=\"641\" \/><\/div><div class=\"swiper-slide\"><img loading=\"lazy\" decoding=\"async\" src=\"https:\/\/baukulturschweiz.ch\/wp-content\/uploads\/2023\/06\/2023-04-19-141347-be-cham-4-c-swisstopo-1024x768.jpg\" width=\"1024\" height=\"768\" \/><\/div><\/div><\/div><a class=\"swiper-button swiper-button-prev\"><\/a><a class=\"swiper-button swiper-button-next mobile\"><\/a><div class=\"sia-beratung-db-slide-legends\"><small data-index=\"0\">Le secteur Papieri dans son tissu b\u00e2ti<br \/>\r\n\u00a9 Swisstopo, compl\u00e9t\u00e9 par EspaceSuisse<\/small><small data-index=\"1\" style=\"display:none;\">L\u2019attrait des bords de l\u2019eau<br \/>\r\n\u00a9 Cham Group AG<\/small><small data-index=\"2\" style=\"display:none;\">Des b\u00e2timents prot\u00e9g\u00e9s renforcent l\u2019identit\u00e9 locale<br \/>\r\n\u00a9 Cham Group AG<\/small><small data-index=\"3\" style=\"display:none;\">Plan des diverses \u00e9tapes<br \/>\r\n\u00a9 Cham Group AG<\/small><small data-index=\"4\" style=\"display:none;\">\u00a9 Swisstopo<\/small><small class=\"pageNo\">1\/5<\/small><\/div><\/div><\/div><div class=\"col-2\"><div class=\"sia-beratung-db-slide-texts\"><div class=\"sia-beratung-db-slide-text\" data-index=\"0\"><p>La planification du secteur Papieri fournit la preuve que le processus d\u2019am\u00e9nagement du territoire \u2013 de la conception directrice communale en mati\u00e8re d\u2019urbanisme et d\u2019architecture au d\u00e9veloppement concret du site \u2013 m\u00e8ne \u00e0 des solutions satisfaisantes.<\/p>\n<p><strong>R\u00f4le de la commune&nbsp;:<\/strong> diriger, d\u00e9cider, coordonner, n\u00e9gocier<br \/>\n<strong>Organismes responsables\u00a0:<\/strong> commune et priv\u00e9s<br \/>\n<strong>Mod\u00e9rateur externe&nbsp;:<\/strong> Fritz Schuhmacher, B\u00e2le<br \/>\n<strong>Expertes et experts&nbsp;:<\/strong> nombreux professionnels de la planification issus de disciplines vari\u00e9es<br \/>\n<strong>Source&nbsp;:<\/strong> <a class=\"external\" title=\"Densipedia\" href=\"https:\/\/www.densipedia.ch\/fr\/comment-un-petit-village-planifie-son-avenir\" target=\"_blank\" rel=\"noopener\">Densipedia<\/a><\/p>\n<\/div><div class=\"sia-beratung-db-slide-text\" data-index=\"1\" style=\"display:none;\"><p>\u00c9labor\u00e9e pour toute la commune en 2015, la conception directrice en mati\u00e8re d\u2019urbanisme et d\u2019architecture a pour but de favoriser la qualit\u00e9 des projets de construction importants et d\u2019am\u00e9liorer l\u2019accueil que leur r\u00e9serve le public (voir <a href=\"\/fr\/beratung\/cham-raum-planen-mit-ratgeber\/?sia_view=list&amp;sia_cpt=sia-beispiele\">Cham&nbsp;: un guide pour planifier le territoire<\/a>). Cham utilise cette conception comme guide lors du d\u00e9veloppement de quartiers et de sites.<br \/>\nEn coop\u00e9ration avec les personnes d\u00e9sirant construire, la commune combine une proc\u00e9dure de concours avec des d\u00e9marches participatives, comme elle l\u2019a aussi fait pour le secteur \u00ab Papieri \u00bb et son ancienne fabrique de papier. Enti\u00e8rement r\u00e9affect\u00e9, ce site conna\u00eet un d\u00e9veloppement important. Pour cela, plusieurs \u00e9tapes de proc\u00e9dure et une planification test ont \u00e9t\u00e9 n\u00e9cessaires. Il en est r\u00e9sult\u00e9 un plan de construction bien pens\u00e9, reposant sur des bases solides et pr\u00e9voyant un d\u00e9veloppement par \u00e9tapes. En 2022, la deuxi\u00e8me phase de transformation du site a \u00e9t\u00e9 approuv\u00e9e&nbsp;: elle respecte l\u2019esprit de la conception directrice communale et de la proc\u00e9dure de planification du site.<\/p>\n<\/div><div class=\"sia-beratung-db-slide-text\" data-index=\"2\" style=\"display:none;\"><p>S\u2019\u00e9tendant sur douze hectares, le secteur Papieri est travers\u00e9 par la Lorze. Cette rivi\u00e8re offre un potentiel int\u00e9ressant pour la qualit\u00e9 de vie&nbsp;: en restant accessible au public, elle contribue \u00e0 l\u2019identit\u00e9 locale. La fabrique de papier \u00e9tait situ\u00e9e en zone d\u2019activit\u00e9s \u00e9conomiques, jusqu\u2019\u00e0 ce que le site soit transf\u00e9r\u00e9 dans un plan d\u2019affectation sp\u00e9cial \u00e0 la suite de la proc\u00e9dure de planification coop\u00e9rative. Le secteur Papieri fait partie du site construit d\u2019importance nationale de Cham (ISOS). La planification montre que l\u2019inscription \u00e0 cet inventaire n\u2019est pas un obstacle aux solutions innovantes lorsque le d\u00e9veloppement vise une qualit\u00e9 \u00e9lev\u00e9e. D\u2019entente avec la propri\u00e9taire des lieux et la commune, le canton de Zoug a plac\u00e9 sous protection quelques t\u00e9moins int\u00e9ressants de l\u2019histoire de la culture du b\u00e2ti. Aujourd\u2019hui d\u00e9j\u00e0, ceux-ci font partie de l\u2019identit\u00e9 locale et peuvent fournir une contribution \u00e0 la qualit\u00e9 des d\u00e9veloppements futurs.<\/p>\n<\/div><div class=\"sia-beratung-db-slide-text\" data-index=\"3\" style=\"display:none;\"><p>La commune a convenu avec la propri\u00e9taire de r\u00e9aliser conjointement la planification et de partager les co\u00fbts. Elle s\u2019est ainsi donn\u00e9 la possibilit\u00e9 d\u2019influencer le d\u00e9veloppement et l\u2019am\u00e9nagement architectural g\u00e9n\u00e9ral du quartier. En revanche, la mise au point concr\u00e8te et d\u00e9taill\u00e9e des projets de construction a \u00e9t\u00e9 uniquement du ressort de la propri\u00e9taire. Le processus de planification coop\u00e9ratif convenu par la propri\u00e9taire et la commune a dur\u00e9 quatre ans en tout et a int\u00e9gr\u00e9 la population, des experts, ainsi qu\u2019un groupe d\u2019accompagnement. Il a permis de poser plusieurs jalons&nbsp;: principes directeurs, planification test, masterplan, projet directeur et finalement plan de construction avec \u00e9tude d\u2019impact sur l\u2019environnement (plan d\u2019affectation sp\u00e9cial). L\u2019accompagnement de l\u2019ensemble du processus par un mod\u00e9rateur externe et des experts en mati\u00e8re de planification s\u2019est r\u00e9v\u00e9l\u00e9 \u00eatre un facteur cl\u00e9 du succ\u00e8s de cette op\u00e9ration. Les responsables de la planification test ont par ailleurs impliqu\u00e9 quatre \u00e9quipes interdisciplinaires.<\/p>\n<\/div><div class=\"sia-beratung-db-slide-text\" data-index=\"4\" style=\"display:none;\"><p>Le changement d\u2019affectation a augment\u00e9 significativement la valeur du site. Avec la construction pr\u00e9vue d\u2019appartements \u00e0 loyer mod\u00e9r\u00e9 exig\u00e9e par la commune, le projet favorise la mixit\u00e9 sociale. Les espaces libres et les utilisations accessibles au public apportent une valeur suppl\u00e9mentaire pour la population. Il \u00e9tait important que la commune d\u00e9finisse la compensation de la plus-value dans un contrat-cadre \u00e9tabli avec la propri\u00e9taire. Selon cet accord, la commune obtient trois terrains affect\u00e9s \u00e0 des usages publics. La propri\u00e9taire peut construire et g\u00e9rer cent appartements \u00e0 loyer mod\u00e9r\u00e9 conformes aux prescriptions de l\u2019aide au logement cantonale. Enfin, au moins 25 % de la surface doivent \u00eatre utilis\u00e9s pour des activit\u00e9s \u00e9conomiques, afin de pr\u00e9server des emplois \u00e0 long terme.<\/p>\n<\/div><\/div><div class=\"sia-beratung-db-filterbox\"><label class=\"toggle\" onclick=\"return window.siaBeratung.toggleFilterBox(this);\"><span>Construire dans le b\u00e2ti existant<\/span><span>Conseil par les communes<\/span><span>Politique fonci\u00e8re<\/span><span>Dialogue<\/span><span>EspaceSuisse<\/span><span>D\u00e9veloppement \u00e0 l\u2019int\u00e9rieur du milieu b\u00e2ti<\/span><span>Participation<\/span><span>Durabilit\u00e9<\/span><span>Espace public<\/span><span>Sites construits<\/span><span>Outils de planification<\/span><span>Partenariat public-priv\u00e9<\/span><span>Processus<\/span><span>Proc\u00e9dures d\u2019assurance qualit\u00e9<\/span><span>Plans d\u2019affectation sp\u00e9ciaux<\/span><\/label><div class=\"options\"><a href=\"#\" onclick=\"return window.siaBeratung.setFilterBoxFilter(135);\">Construire dans le b\u00e2ti existant<\/a><a href=\"#\" onclick=\"return window.siaBeratung.setFilterBoxFilter(156);\">Conseil par les communes<\/a><a href=\"#\" onclick=\"return window.siaBeratung.setFilterBoxFilter(137);\">Politique fonci\u00e8re<\/a><a href=\"#\" onclick=\"return window.siaBeratung.setFilterBoxFilter(139);\">Dialogue<\/a><a href=\"#\" onclick=\"return window.siaBeratung.setFilterBoxFilter(246);\">EspaceSuisse<\/a><a href=\"#\" onclick=\"return window.siaBeratung.setFilterBoxFilter(142);\">D\u00e9veloppement \u00e0 l\u2019int\u00e9rieur du milieu b\u00e2ti<\/a><a href=\"#\" onclick=\"return window.siaBeratung.setFilterBoxFilter(146);\">Participation<\/a><a href=\"#\" onclick=\"return window.siaBeratung.setFilterBoxFilter(148);\">Durabilit\u00e9<\/a><a href=\"#\" onclick=\"return window.siaBeratung.setFilterBoxFilter(149);\">Espace public<\/a><a href=\"#\" onclick=\"return window.siaBeratung.setFilterBoxFilter(150);\">Sites construits<\/a><a href=\"#\" onclick=\"return window.siaBeratung.setFilterBoxFilter(151);\">Outils de planification<\/a><a href=\"#\" onclick=\"return window.siaBeratung.setFilterBoxFilter(164);\">Partenariat public-priv\u00e9<\/a><a href=\"#\" onclick=\"return window.siaBeratung.setFilterBoxFilter(152);\">Processus<\/a><a href=\"#\" onclick=\"return window.siaBeratung.setFilterBoxFilter(166);\">Proc\u00e9dures d\u2019assurance qualit\u00e9<\/a><a href=\"#\" onclick=\"return window.siaBeratung.setFilterBoxFilter(169);\">Plans d\u2019affectation sp\u00e9ciaux<\/a><a href=\"#\" onclick=\"return window.siaBeratung.setFilterBoxFilter([135,137,139,142,146,148,149,150,151,152,156,164,166,169,246,288,289,290]);\">Alle Filter ausw\u00e4hlen<\/a><\/div><\/div><label class=\"sia-beratung-db-filterbox-spacer\">&nbsp;<\/label><\/div><a class=\"swiper-button swiper-button-next desktop\"><\/a><\/div><\/div><div class=\"sia-beratung-db-entry-searchtext\">cham: papieri als gelungenes beispiel | la planification du secteur papieri fournit la preuve que le processus d\u2019am\u00e9nagement du territoire \u2013 de la conception directrice communale en mati\u00e8re d\u2019urbanisme et d\u2019architecture au d\u00e9veloppement concret du site \u2013 m\u00e8ne \u00e0 des solutions satisfaisantes.r\u00f4le de la commune&nbsp;: diriger, d\u00e9cider, coordonner, n\u00e9gocierorganismes responsables\u00a0: commune et priv\u00e9smod\u00e9rateur externe&nbsp;: fritz schuhmacher, b\u00e2leexpertes et experts&nbsp;: nombreux professionnels de la planification issus de disciplines vari\u00e9essource&nbsp;: densipedia | le secteur papieri dans son tissu b\u00e2ti\r\u00a9 swisstopo, compl\u00e9t\u00e9 par espacesuisse | \u00e9labor\u00e9e pour toute la commune en 2015, la conception directrice en mati\u00e8re d\u2019urbanisme et d\u2019architecture a pour but de favoriser la qualit\u00e9 des projets de construction importants et d\u2019am\u00e9liorer l\u2019accueil que leur r\u00e9serve le public (voir cham&nbsp;: un guide pour planifier le territoire). cham utilise cette conception comme guide lors du d\u00e9veloppement de quartiers et de sites.en coop\u00e9ration avec les personnes d\u00e9sirant construire, la commune combine une proc\u00e9dure de concours avec des d\u00e9marches participatives, comme elle l\u2019a aussi fait pour le secteur \u00ab papieri \u00bb et son ancienne fabrique de papier. enti\u00e8rement r\u00e9affect\u00e9, ce site conna\u00eet un d\u00e9veloppement important. pour cela, plusieurs \u00e9tapes de proc\u00e9dure et une planification test ont \u00e9t\u00e9 n\u00e9cessaires. il en est r\u00e9sult\u00e9 un plan de construction bien pens\u00e9, reposant sur des bases solides et pr\u00e9voyant un d\u00e9veloppement par \u00e9tapes. en 2022, la deuxi\u00e8me phase de transformation du site a \u00e9t\u00e9 approuv\u00e9e&nbsp;: elle respecte l\u2019esprit de la conception directrice communale et de la proc\u00e9dure de planification du site. | l\u2019attrait des bords de l\u2019eau\r\u00a9 cham group ag | s\u2019\u00e9tendant sur douze hectares, le secteur papieri est travers\u00e9 par la lorze. cette rivi\u00e8re offre un potentiel int\u00e9ressant pour la qualit\u00e9 de vie&nbsp;: en restant accessible au public, elle contribue \u00e0 l\u2019identit\u00e9 locale. la fabrique de papier \u00e9tait situ\u00e9e en zone d\u2019activit\u00e9s \u00e9conomiques, jusqu\u2019\u00e0 ce que le site soit transf\u00e9r\u00e9 dans un plan d\u2019affectation sp\u00e9cial \u00e0 la suite de la proc\u00e9dure de planification coop\u00e9rative. le secteur papieri fait partie du site construit d\u2019importance nationale de cham (isos). la planification montre que l\u2019inscription \u00e0 cet inventaire n\u2019est pas un obstacle aux solutions innovantes lorsque le d\u00e9veloppement vise une qualit\u00e9 \u00e9lev\u00e9e. d\u2019entente avec la propri\u00e9taire des lieux et la commune, le canton de zoug a plac\u00e9 sous protection quelques t\u00e9moins int\u00e9ressants de l\u2019histoire de la culture du b\u00e2ti. aujourd\u2019hui d\u00e9j\u00e0, ceux-ci font partie de l\u2019identit\u00e9 locale et peuvent fournir une contribution \u00e0 la qualit\u00e9 des d\u00e9veloppements futurs. | des b\u00e2timents prot\u00e9g\u00e9s renforcent l\u2019identit\u00e9 locale\r\u00a9 cham group ag | la commune a convenu avec la propri\u00e9taire de r\u00e9aliser conjointement la planification et de partager les co\u00fbts. elle s\u2019est ainsi donn\u00e9 la possibilit\u00e9 d\u2019influencer le d\u00e9veloppement et l\u2019am\u00e9nagement architectural g\u00e9n\u00e9ral du quartier. en revanche, la mise au point concr\u00e8te et d\u00e9taill\u00e9e des projets de construction a \u00e9t\u00e9 uniquement du ressort de la propri\u00e9taire. le processus de planification coop\u00e9ratif convenu par la propri\u00e9taire et la commune a dur\u00e9 quatre ans en tout et a int\u00e9gr\u00e9 la population, des experts, ainsi qu\u2019un groupe d\u2019accompagnement. il a permis de poser plusieurs jalons&nbsp;: principes directeurs, planification test, masterplan, projet directeur et finalement plan de construction avec \u00e9tude d\u2019impact sur l\u2019environnement (plan d\u2019affectation sp\u00e9cial). l\u2019accompagnement de l\u2019ensemble du processus par un mod\u00e9rateur externe et des experts en mati\u00e8re de planification s\u2019est r\u00e9v\u00e9l\u00e9 \u00eatre un facteur cl\u00e9 du succ\u00e8s de cette op\u00e9ration. les responsables de la planification test ont par ailleurs impliqu\u00e9 quatre \u00e9quipes interdisciplinaires. | plan des diverses \u00e9tapes\r\u00a9 cham group ag | le changement d\u2019affectation a augment\u00e9 significativement la valeur du site. avec la construction pr\u00e9vue d\u2019appartements \u00e0 loyer mod\u00e9r\u00e9 exig\u00e9e par la commune, le projet favorise la mixit\u00e9 sociale. les espaces libres et les utilisations accessibles au public apportent une valeur suppl\u00e9mentaire pour la population. il \u00e9tait important que la commune d\u00e9finisse la compensation de la plus-value dans un contrat-cadre \u00e9tabli avec la propri\u00e9taire. selon cet accord, la commune obtient trois terrains affect\u00e9s \u00e0 des usages publics. la propri\u00e9taire peut construire et g\u00e9rer cent appartements \u00e0 loyer mod\u00e9r\u00e9 conformes aux prescriptions de l\u2019aide au logement cantonale. enfin, au moins 25 % de la surface doivent \u00eatre utilis\u00e9s pour des activit\u00e9s \u00e9conomiques, afin de pr\u00e9server des emplois \u00e0 long terme. | \u00a9 swisstopo | bauen im bestand | bodenpolitik | dialog | innenentwicklung | mitwirkung | nachhaltigkeit | \u00f6ffentlicher raum | ortsbilder | planungsinstrumente | prozesse | beratung durch gemeinden | ppp | qualit\u00e4tssichernde verfahren | sondernutzplanung | espacesuisse | de | fr | it<\/div><\/article><article class=\"sia-beratung-db-entry\" data-id=\"1416\" data-cpt=\"sia-beispiele\" data-slug=\"cham-raum-planen-mit-ratgeber\" data-lat=\"47.1824793\" data-lng=\"8.4611893\" data-filter-135=\"1\" data-filter-139=\"1\" data-filter-142=\"1\" data-filter-146=\"1\" data-filter-149=\"1\" data-filter-150=\"1\" data-filter-151=\"1\" data-filter-152=\"1\" data-filter-156=\"1\" data-filter-167=\"1\" data-filter-169=\"1\" data-filter-246=\"1\" data-filter-288=\"1\" data-filter-289=\"1\" data-filter-290=\"1\" data-all-filter=\"135,139,142,146,149,150,151,152,156,167,169,246,288,289,290\"><div class=\"sia-beratung-db-entry-header\" onclick=\"return window.siaBeratung.toggleCpt(this);\"><div class=\"col-1\">Cham&nbsp;: un guide pour planifier le territoire<\/div><div class=\"col-2\">Cham, ZG<\/div><div class=\"sia-beratung-db-angle\"><span class=\"sia-beratung-angle\"><\/span><\/div><\/div><div class=\"sia-beratung-db-entry-content\"><div class=\"sia-beratung-db-entry-content-columns\"><div class=\"col-1\"><div class=\"sia-beratung-db-entry-slides\"><div class=\"sia-beratung-db-entry-swiper\"><div class=\"swiper-wrapper\"><div class=\"swiper-slide\"><img loading=\"lazy\" decoding=\"async\" src=\"https:\/\/baukulturschweiz.ch\/wp-content\/uploads\/2023\/06\/2023-04-19-134408-cham-1-stadtebauliches-und-architektonisches-leitbild-1024x767.png\" width=\"1024\" height=\"767\" \/><\/div><div class=\"swiper-slide\"><img loading=\"lazy\" decoding=\"async\" src=\"https:\/\/baukulturschweiz.ch\/wp-content\/uploads\/2023\/06\/2023-04-19-135256-cham-2-stadtebauliches-und-architektonisches-leitbild-1024x767.png\" width=\"1024\" height=\"767\" \/><\/div><div class=\"swiper-slide\"><img loading=\"lazy\" decoding=\"async\" src=\"https:\/\/baukulturschweiz.ch\/wp-content\/uploads\/2023\/06\/2023-04-19-134907-cham-3-stadtebauliches-und-architektonisches-leitbild-1024x802.png\" width=\"1024\" height=\"802\" \/><\/div><div class=\"swiper-slide\"><img loading=\"lazy\" decoding=\"async\" src=\"https:\/\/baukulturschweiz.ch\/wp-content\/uploads\/2023\/06\/2023-04-19-135517-cham-4-stadtebauliches-und-architektonisches-leitbild-1024x768.png\" width=\"1024\" height=\"768\" \/><\/div><div class=\"swiper-slide\"><img loading=\"lazy\" decoding=\"async\" src=\"https:\/\/baukulturschweiz.ch\/wp-content\/uploads\/2023\/06\/2023-04-19-135555-be-cham-4-c-swisstopo-1024x768.jpg\" width=\"1024\" height=\"768\" \/><\/div><\/div><\/div><a class=\"swiper-button swiper-button-prev\"><\/a><a class=\"swiper-button swiper-button-next mobile\"><\/a><div class=\"sia-beratung-db-slide-legends\"><small data-index=\"0\">Conception directrice en mati\u00e8re d\u2019urbanisme et d\u2019architecture&nbsp;: exemple de d\u00e9veloppement pour le centre de la localit\u00e9<br \/>\r\nSt\u00e4dtebauliches und architektonisches Leitbild Cham \u00a9 Gemeinde Cham<\/small><small data-index=\"1\" style=\"display:none;\">Documents de base&nbsp;: analyses, inventaires, concepts<br \/>\r\nSt\u00e4dtebauliches und architektonisches Leitbild Cham \u00a9 Gemeinde Cham<\/small><small data-index=\"2\" style=\"display:none;\">La participation int\u00e8gre diverses dimensions<br \/>\r\nSt\u00e4dtebauliches und architektonisches Leitbild Cham \u00a9 Gemeinde Cham<\/small><small data-index=\"3\" style=\"display:none;\">Pas plus de trois niveaux complets, mais un espace tout de m\u00eame dense<br \/>\r\nSt\u00e4dtebauliches und architektonisches Leitbild Cham \u00a9 Gemeinde Cham<\/small><small data-index=\"4\" style=\"display:none;\">\u00a9 Swisstopo<\/small><small class=\"pageNo\">1\/5<\/small><\/div><\/div><\/div><div class=\"col-2\"><div class=\"sia-beratung-db-slide-texts\"><div class=\"sia-beratung-db-slide-text\" data-index=\"0\"><div class=\"aztHelpersMarkdownContainer src-scripts-containers-Main-modules-Advice-Lists-Results-ListItem-types-Example-description\">\n<p>L\u2019ISOS offre \u00e0 la commune la possibilit\u00e9 de se pencher sur sa culture du b\u00e2ti et de d\u00e9finir dans sa conception directrice les bases lui permettant de d\u00e9velopper son territoire de mani\u00e8re globale ainsi que par secteurs.<\/p>\n<p><strong>R\u00f4le de la commune&nbsp;:<\/strong> lancer des processus, diriger, d\u00e9cider, anticiper<br \/>\n<strong>Organismes responsables\u00a0:<\/strong> Commune<br \/>\n<strong>Architecture&nbsp;:<\/strong> Amman Albers GmbH, Zurich<br \/>\n<strong>Architecture paysag\u00e8re&nbsp;:<\/strong> Studio Vulkan, Zurich<br \/>\n<strong>Participation&nbsp;:<\/strong> Michael Emmenegger, Zurich<br \/>\n<strong>Source&nbsp;:<\/strong> <a class=\"external\" title=\"Densipedia\" href=\"https:\/\/www.densipedia.ch\/fr\/comment-un-petit-village-planifie-son-avenir\" target=\"_blank\" rel=\"noopener\">Densipedia<\/a><\/p>\n<\/div>\n<\/div><div class=\"sia-beratung-db-slide-text\" data-index=\"1\" style=\"display:none;\"><p>La conception directrice en mati\u00e8re d\u2019urbanisme et d\u2019architecture de Cham ouvre la voie au d\u00e9veloppement de cette localit\u00e9 zougoise. En 2015, la commune a \u00e9dit\u00e9 un guide contenant des indications sur les possibilit\u00e9s de d\u00e9velopper son territoire d\u2019ici \u00e0 2035. Outre des sp\u00e9cialistes de l\u2019urbanisme et de l\u2019architecture paysag\u00e8re, le processus d\u2019\u00e9laboration de la conception directrice a impliqu\u00e9 toutes les citoyennes et tous les citoyens. Depuis des ann\u00e9es, Cham mise sur la qualit\u00e9. Afin de coordonner les structures villageoises avec le d\u00e9veloppement, la commune a pris t\u00f4t en main la planification. D\u00e8s le d\u00e9but des ann\u00e9es 1990, le conseil communal a \u00e9labor\u00e9 une conception directrice de l\u2019urbanisation. En 1991, c\u2019est surtout pour sa planification exemplaire des espaces non b\u00e2tis que Cham a obtenu le Prix Wakker attribu\u00e9 par Patrimoine suisse. La conception directrice actuelle perp\u00e9tue avec beaucoup d\u2019attention la tradition consistant \u00e0 prendre soin du site construit.<\/p>\n<\/div><div class=\"sia-beratung-db-slide-text\" data-index=\"2\" style=\"display:none;\"><p>Depuis 1980, le nombre de personnes vivant \u00e0 Cham a doubl\u00e9 pour atteindre 17 000 individus. Cette croissance d\u00e9mographique a engendr\u00e9 une transformation de l\u2019identit\u00e9 communale&nbsp;: Cham n\u2019est plus vraiment un village et pas encore tout \u00e0 fait une ville. Avec un d\u00e9veloppement aussi marqu\u00e9, il devient indispensable de d\u00e9battre du positionnement du village. La mani\u00e8re dont la population se voit elle-m\u00eame doit se refl\u00e9ter dans le territoire. Les citoyennes et citoyens demandent aux responsables politiques que Cham reste un village et que cela se voie aussi dans le tissu b\u00e2ti local. Cette \u00e9volution contrast\u00e9e se retrouve dans bien des communes situ\u00e9es \u00e0 proximit\u00e9 de noyaux urbains ou de centres r\u00e9gionaux. Les r\u00e9ponses \u00e0 y apporter doivent \u00eatre trouv\u00e9es dans le cadre de d\u00e9marches collectives et refaire r\u00e9guli\u00e8rement l\u2019objet de d\u00e9bats et de n\u00e9gociations.<\/p>\n<\/div><div class=\"sia-beratung-db-slide-text\" data-index=\"3\" style=\"display:none;\"><p>Deux ateliers ont assur\u00e9 une large participation. Les personnes int\u00e9ress\u00e9es ont encore eu l\u2019occasion de donner leur avis lors de la mise \u00e0 l\u2019enqu\u00eate. La commune a r\u00e9guli\u00e8rement donn\u00e9 des renseignements sur l\u2019\u00e9tat des travaux \u2013 en ligne et dans la feuille officielle. Une communication transparente a renforc\u00e9 la confiance entre la population et les services administratifs. Selon l\u2019administration communale, la population a d\u00e9sormais bien accept\u00e9 la conception directrice. La mani\u00e8re dont cette derni\u00e8re est d\u00e9j\u00e0 mise en \u0153uvre dans un cadre informel m\u00e9rite d\u2019\u00eatre mentionn\u00e9e&nbsp;: l\u2019administration et le service des constructions utilisent la conception pour sensibiliser la population et communiquer avec les personnes d\u00e9sirant construire. Celles-ci ont effectivement tendance \u00e0 en tenir compte dans leurs projets, si bien que des contenus de la conception sont appliqu\u00e9s sur un mode volontaire, ax\u00e9 sur la confiance, avant m\u00eame la r\u00e9vision de la planification locale.<\/p>\n<\/div><div class=\"sia-beratung-db-slide-text\" data-index=\"4\" style=\"display:none;\"><p>La conception ne fixe pas la densit\u00e9 du b\u00e2ti sur le plan quantitatif&nbsp;: elle serait le mauvais instrument pour cela. On y trouve toutefois des indications sur les secteurs dans lesquels une densification serait judicieuse ou non. Avec la densification des constructions, les espaces non b\u00e2tis gagnent en importance. Il est ainsi particuli\u00e8rement remarquable qu\u2019on y pr\u00e9cise que la densification doit \u00eatre pens\u00e9e en partant des espaces non b\u00e2tis. La conception a pour but de sensibiliser, de motiver et de valoriser. Ce dernier \u00e9l\u00e9ment est une promesse de qualit\u00e9. C\u2019est particuli\u00e8rement important dans des communes comme Cham disposant d\u2019un site inclus dans l&#8217;Inventaire f\u00e9d\u00e9ral des sites construits d\u2019importance nationale \u00e0 prot\u00e9ger en Suisse (ISOS). Si les recommandations et remarques de la conception directrice sont prises au s\u00e9rieux, nul doute que bien des endroits de Cham b\u00e9n\u00e9ficieront d\u2019une revalorisation qualitative.<\/p>\n<\/div><\/div><div class=\"sia-beratung-db-filterbox\"><label class=\"toggle\" onclick=\"return window.siaBeratung.toggleFilterBox(this);\"><span>Construire dans le b\u00e2ti existant<\/span><span>Conseil par les communes<\/span><span>Dialogue<\/span><span>EspaceSuisse<\/span><span>D\u00e9veloppement \u00e0 l\u2019int\u00e9rieur du milieu b\u00e2ti<\/span><span>Participation<\/span><span>Espace public<\/span><span>Sites construits<\/span><span>Outils de planification<\/span><span>Processus<\/span><span>Strat\u00e9gies de d\u00e9veloppement territorial<\/span><span>Plans d\u2019affectation sp\u00e9ciaux<\/span><\/label><div class=\"options\"><a href=\"#\" onclick=\"return window.siaBeratung.setFilterBoxFilter(135);\">Construire dans le b\u00e2ti existant<\/a><a href=\"#\" onclick=\"return window.siaBeratung.setFilterBoxFilter(156);\">Conseil par les communes<\/a><a href=\"#\" onclick=\"return window.siaBeratung.setFilterBoxFilter(139);\">Dialogue<\/a><a href=\"#\" onclick=\"return window.siaBeratung.setFilterBoxFilter(246);\">EspaceSuisse<\/a><a href=\"#\" onclick=\"return window.siaBeratung.setFilterBoxFilter(142);\">D\u00e9veloppement \u00e0 l\u2019int\u00e9rieur du milieu b\u00e2ti<\/a><a href=\"#\" onclick=\"return window.siaBeratung.setFilterBoxFilter(146);\">Participation<\/a><a href=\"#\" onclick=\"return window.siaBeratung.setFilterBoxFilter(149);\">Espace public<\/a><a href=\"#\" onclick=\"return window.siaBeratung.setFilterBoxFilter(150);\">Sites construits<\/a><a href=\"#\" onclick=\"return window.siaBeratung.setFilterBoxFilter(151);\">Outils de planification<\/a><a href=\"#\" onclick=\"return window.siaBeratung.setFilterBoxFilter(152);\">Processus<\/a><a href=\"#\" onclick=\"return window.siaBeratung.setFilterBoxFilter(167);\">Strat\u00e9gies de d\u00e9veloppement territorial<\/a><a href=\"#\" onclick=\"return window.siaBeratung.setFilterBoxFilter(169);\">Plans d\u2019affectation sp\u00e9ciaux<\/a><a href=\"#\" onclick=\"return window.siaBeratung.setFilterBoxFilter([135,139,142,146,149,150,151,152,156,167,169,246,288,289,290]);\">Alle Filter ausw\u00e4hlen<\/a><\/div><\/div><label class=\"sia-beratung-db-filterbox-spacer\">&nbsp;<\/label><\/div><a class=\"swiper-button swiper-button-next desktop\"><\/a><\/div><\/div><div class=\"sia-beratung-db-entry-searchtext\">cham: raum planen mit ratgeber | l\u2019isos offre \u00e0 la commune la possibilit\u00e9 de se pencher sur sa culture du b\u00e2ti et de d\u00e9finir dans sa conception directrice les bases lui permettant de d\u00e9velopper son territoire de mani\u00e8re globale ainsi que par secteurs.r\u00f4le de la commune&nbsp;: lancer des processus, diriger, d\u00e9cider, anticiperorganismes responsables\u00a0: communearchitecture&nbsp;: amman albers gmbh, zuricharchitecture paysag\u00e8re&nbsp;: studio vulkan, zurichparticipation&nbsp;: michael emmenegger, zurichsource&nbsp;: densipedia | conception directrice en mati\u00e8re d\u2019urbanisme et d\u2019architecture&nbsp;: exemple de d\u00e9veloppement pour le centre de la localit\u00e9\rst\u00e4dtebauliches und architektonisches leitbild cham \u00a9 gemeinde cham | la conception directrice en mati\u00e8re d\u2019urbanisme et d\u2019architecture de cham ouvre la voie au d\u00e9veloppement de cette localit\u00e9 zougoise. en 2015, la commune a \u00e9dit\u00e9 un guide contenant des indications sur les possibilit\u00e9s de d\u00e9velopper son territoire d\u2019ici \u00e0 2035. outre des sp\u00e9cialistes de l\u2019urbanisme et de l\u2019architecture paysag\u00e8re, le processus d\u2019\u00e9laboration de la conception directrice a impliqu\u00e9 toutes les citoyennes et tous les citoyens. depuis des ann\u00e9es, cham mise sur la qualit\u00e9. afin de coordonner les structures villageoises avec le d\u00e9veloppement, la commune a pris t\u00f4t en main la planification. d\u00e8s le d\u00e9but des ann\u00e9es 1990, le conseil communal a \u00e9labor\u00e9 une conception directrice de l\u2019urbanisation. en 1991, c\u2019est surtout pour sa planification exemplaire des espaces non b\u00e2tis que cham a obtenu le prix wakker attribu\u00e9 par patrimoine suisse. la conception directrice actuelle perp\u00e9tue avec beaucoup d\u2019attention la tradition consistant \u00e0 prendre soin du site construit. | documents de base&nbsp;: analyses, inventaires, concepts\rst\u00e4dtebauliches und architektonisches leitbild cham \u00a9 gemeinde cham | depuis 1980, le nombre de personnes vivant \u00e0 cham a doubl\u00e9 pour atteindre 17 000 individus. cette croissance d\u00e9mographique a engendr\u00e9 une transformation de l\u2019identit\u00e9 communale&nbsp;: cham n\u2019est plus vraiment un village et pas encore tout \u00e0 fait une ville. avec un d\u00e9veloppement aussi marqu\u00e9, il devient indispensable de d\u00e9battre du positionnement du village. la mani\u00e8re dont la population se voit elle-m\u00eame doit se refl\u00e9ter dans le territoire. les citoyennes et citoyens demandent aux responsables politiques que cham reste un village et que cela se voie aussi dans le tissu b\u00e2ti local. cette \u00e9volution contrast\u00e9e se retrouve dans bien des communes situ\u00e9es \u00e0 proximit\u00e9 de noyaux urbains ou de centres r\u00e9gionaux. les r\u00e9ponses \u00e0 y apporter doivent \u00eatre trouv\u00e9es dans le cadre de d\u00e9marches collectives et refaire r\u00e9guli\u00e8rement l\u2019objet de d\u00e9bats et de n\u00e9gociations. | la participation int\u00e8gre diverses dimensions\rst\u00e4dtebauliches und architektonisches leitbild cham \u00a9 gemeinde cham | deux ateliers ont assur\u00e9 une large participation. les personnes int\u00e9ress\u00e9es ont encore eu l\u2019occasion de donner leur avis lors de la mise \u00e0 l\u2019enqu\u00eate. la commune a r\u00e9guli\u00e8rement donn\u00e9 des renseignements sur l\u2019\u00e9tat des travaux \u2013 en ligne et dans la feuille officielle. une communication transparente a renforc\u00e9 la confiance entre la population et les services administratifs. selon l\u2019administration communale, la population a d\u00e9sormais bien accept\u00e9 la conception directrice. la mani\u00e8re dont cette derni\u00e8re est d\u00e9j\u00e0 mise en \u0153uvre dans un cadre informel m\u00e9rite d\u2019\u00eatre mentionn\u00e9e&nbsp;: l\u2019administration et le service des constructions utilisent la conception pour sensibiliser la population et communiquer avec les personnes d\u00e9sirant construire. celles-ci ont effectivement tendance \u00e0 en tenir compte dans leurs projets, si bien que des contenus de la conception sont appliqu\u00e9s sur un mode volontaire, ax\u00e9 sur la confiance, avant m\u00eame la r\u00e9vision de la planification locale. | pas plus de trois niveaux complets, mais un espace tout de m\u00eame dense\rst\u00e4dtebauliches und architektonisches leitbild cham \u00a9 gemeinde cham | la conception ne fixe pas la densit\u00e9 du b\u00e2ti sur le plan quantitatif&nbsp;: elle serait le mauvais instrument pour cela. on y trouve toutefois des indications sur les secteurs dans lesquels une densification serait judicieuse ou non. avec la densification des constructions, les espaces non b\u00e2tis gagnent en importance. il est ainsi particuli\u00e8rement remarquable qu\u2019on y pr\u00e9cise que la densification doit \u00eatre pens\u00e9e en partant des espaces non b\u00e2tis. la conception a pour but de sensibiliser, de motiver et de valoriser. ce dernier \u00e9l\u00e9ment est une promesse de qualit\u00e9. c\u2019est particuli\u00e8rement important dans des communes comme cham disposant d\u2019un site inclus dans l&#8217;inventaire f\u00e9d\u00e9ral des sites construits d\u2019importance nationale \u00e0 prot\u00e9ger en suisse (isos). si les recommandations et remarques de la conception directrice sont prises au s\u00e9rieux, nul doute que bien des endroits de cham b\u00e9n\u00e9ficieront d\u2019une revalorisation qualitative. | \u00a9 swisstopo | bauen im bestand | dialog | innenentwicklung | mitwirkung | \u00f6ffentlicher raum | ortsbilder | planungsinstrumente | prozesse | beratung durch gemeinden | r\u00e4umliche entwicklungsleitbilder | sondernutzplanung | espacesuisse | de | fr | it<\/div><\/article><article class=\"sia-beratung-db-entry\" data-id=\"1586\" data-cpt=\"sia-angebote\" data-slug=\"isos-videosammlung\" data-lang-slug-de_de=\"\" data-lang-slug-en_gb=\"\" data-lang-slug-fr_fr=\"\" data-lang-slug-it_it=\"\" data-lat=\"53.5507112\" data-lng=\"10.0008202\" data-filter-135=\"1\" data-filter-139=\"1\" data-filter-150=\"1\" data-filter-160=\"1\" data-filter-177=\"1\" data-filter-280=\"1\" data-filter-288=\"1\" data-filter-289=\"1\" data-filter-290=\"1\" data-all-filter=\"135,139,150,160,177,280,288,289,290\"><div class=\"sia-beratung-db-entry-header\" onclick=\"return window.siaBeratung.toggleCpt(this);\"><div class=\"col-1\">Collection de vid\u00e9os ISOS<\/div><div class=\"col-2\"><span>OFC Office f\u00e9d\u00e9ral de la culture<\/span><\/div><div class=\"col-3\"><span>Films didactiques<\/span><\/div><div class=\"sia-beratung-db-angle\"><span class=\"sia-beratung-angle\"><\/span><\/div><\/div><div class=\"sia-beratung-db-entry-content\"><div class=\"sia-beratung-db-entry-content-columns\"><div class=\"col-1\"><p>Les bases de l\u2019ISOS, la m\u00e9thode et son application expliqu\u00e9es en bref.<\/p>\n<\/div><div class=\"col-2\"><\/div><\/div><div class=\"sia-beratung-db-entry-footer\"><div class=\"col-1\"><a href=\"https:\/\/www.bak.admin.ch\/bak\/fr\/home\/baukultur\/isos-und-ortsbildschutz\/isos-in-kuerze\/isos-videosammlung.html\" class=\"sia-beratung-db-entry-link\" target=\"_blank\" rel=\"noopener\">Link zum Angebot<\/a><\/div><div class=\"col-2\"><div class=\"sia-beratung-db-filterbox\"><label class=\"toggle\" onclick=\"return window.siaBeratung.toggleFilterBox(this);\"><span>OFC Office f\u00e9d\u00e9ral de la culture<\/span><span>Construire dans le b\u00e2ti existant<\/span><span>Dialogue<\/span><span>Inventaires<\/span><span>Films didactiques<\/span><span>Sites construits<\/span><\/label><div class=\"options\"><a href=\"#\" onclick=\"return window.siaBeratung.setFilterBoxFilter(177);\">OFC Office f\u00e9d\u00e9ral de la culture<\/a><a href=\"#\" onclick=\"return window.siaBeratung.setFilterBoxFilter(135);\">Construire dans le b\u00e2ti existant<\/a><a href=\"#\" onclick=\"return window.siaBeratung.setFilterBoxFilter(139);\">Dialogue<\/a><a href=\"#\" onclick=\"return window.siaBeratung.setFilterBoxFilter(160);\">Inventaires<\/a><a href=\"#\" onclick=\"return window.siaBeratung.setFilterBoxFilter(280);\">Films didactiques<\/a><a href=\"#\" onclick=\"return window.siaBeratung.setFilterBoxFilter(150);\">Sites construits<\/a><a href=\"#\" onclick=\"return window.siaBeratung.setFilterBoxFilter([135,139,150,160,177,280,288,289,290]);\">Alle Filter ausw\u00e4hlen<\/a><\/div><\/div><label class=\"sia-beratung-db-filterbox-spacer\">&nbsp;<\/label><\/div><\/div><\/div><div class=\"sia-beratung-db-entry-searchtext\">isos videosammlung | les bases de l\u2019isos, la m\u00e9thode et son application expliqu\u00e9es en bref. | bauen im bestand | dialog | ortsbilder | inventare | bak bundesamt f\u00fcr kultur | lehrfilme | de | fr | it<\/div><\/article><article class=\"sia-beratung-db-entry\" data-id=\"1628\" data-cpt=\"sia-angebote\" data-slug=\"stadtbildkommissionen-fundamente-der-baukultur\" data-lang-slug-de_de=\"\" data-lang-slug-en_gb=\"\" data-lang-slug-fr_fr=\"\" data-lang-slug-it_it=\"\" data-lat=\"53.5507112\" data-lng=\"10.0006485\" data-filter-159=\"1\" data-filter-241=\"1\" data-filter-270=\"1\" data-filter-288=\"1\" data-filter-289=\"1\" data-all-filter=\"159,241,270,288,289\"><div class=\"sia-beratung-db-entry-header\" onclick=\"return window.siaBeratung.toggleCpt(this);\"><div class=\"col-1\">Commissions d'urbanisme \u2013 le fondement de la Culture du b\u00e2ti<\/div><div class=\"col-2\"><span>FAS F\u00e9d\u00e9ration des Architectes Suisses<\/span><\/div><div class=\"col-3\"><span>Guide<\/span><\/div><div class=\"sia-beratung-db-angle\"><span class=\"sia-beratung-angle\"><\/span><\/div><\/div><div class=\"sia-beratung-db-entry-content\"><div class=\"sia-beratung-db-entry-content-columns\"><div class=\"col-1\"><p>La brochure regroupe les r\u00e9sultats du colloque et se propose d&#8217;\u00eatre un manuel \u00e0 l&#8217;usage de la politique, de l&#8217;administration et de la pratique architecturale.<\/p>\n<\/div><div class=\"col-2\"><\/div><\/div><div class=\"sia-beratung-db-entry-footer\"><div class=\"col-1\"><a href=\"https:\/\/www.wbw.ch\/fr\/shop\/werk-edition\/stadtbildkommissionen.html\" class=\"sia-beratung-db-entry-link\" target=\"_blank\" rel=\"noopener\">Link zum Angebot<\/a><\/div><div class=\"col-2\"><div class=\"sia-beratung-db-filterbox\"><label class=\"toggle\" onclick=\"return window.siaBeratung.toggleFilterBox(this);\"><span>Guide<\/span><span>FAS F\u00e9d\u00e9ration des Architectes Suisses<\/span><span>Commissions d\u2019urbanisme<\/span><\/label><div class=\"options\"><a href=\"#\" onclick=\"return window.siaBeratung.setFilterBoxFilter(270);\">Guide<\/a><a href=\"#\" onclick=\"return window.siaBeratung.setFilterBoxFilter(241);\">FAS F\u00e9d\u00e9ration des Architectes Suisses<\/a><a href=\"#\" onclick=\"return window.siaBeratung.setFilterBoxFilter(159);\">Commissions d\u2019urbanisme<\/a><a href=\"#\" onclick=\"return window.siaBeratung.setFilterBoxFilter([159,241,270,288,289]);\">Alle Filter ausw\u00e4hlen<\/a><\/div><\/div><label class=\"sia-beratung-db-filterbox-spacer\">&nbsp;<\/label><\/div><\/div><\/div><div class=\"sia-beratung-db-entry-searchtext\">stadtbildkommissionen \u2013 fundamente der baukultur | la brochure regroupe les r\u00e9sultats du colloque et se propose d&#8217;\u00eatre un manuel \u00e0 l&#8217;usage de la politique, de l&#8217;administration et de la pratique architecturale. | gestaltungsbeir\u00e4te | bsa bund schweizer architektinnen und architekten | arbeitshilfe | de | fr<\/div><\/article><article class=\"sia-beratung-db-entry\" data-id=\"5234\" data-cpt=\"sia-angebote\" data-slug=\"mobilitaetskonzept-autoarm\" data-lang-slug-de_de=\"\" data-lang-slug-en_gb=\"\" data-lang-slug-fr_fr=\"\" data-lang-slug-it_it=\"\" data-lat=\"53.5507112\" data-lng=\"10.0008202\" data-filter-140=\"1\" data-filter-142=\"1\" data-filter-147=\"1\" data-filter-322=\"1\" data-filter-275=\"1\" data-filter-288=\"1\" data-filter-289=\"1\" data-all-filter=\"140,142,147,322,275,288,289\"><div class=\"sia-beratung-db-entry-header\" onclick=\"return window.siaBeratung.toggleCpt(this);\"><div class=\"col-1\">Concept d\u2019habitat \u00e0 stationnement r\u00e9duit<\/div><div class=\"col-2\"><span>VCS Verkehrs-Club der Schweiz<\/span><\/div><div class=\"col-3\"><span>Conseil direct<\/span><\/div><div class=\"sia-beratung-db-angle\"><span class=\"sia-beratung-angle\"><\/span><\/div><\/div><div class=\"sia-beratung-db-entry-content\"><div class=\"sia-beratung-db-entry-content-columns\"><div class=\"col-1\"><p>Conseil sp\u00e9cialis\u00e9 qui accompagne la planification et la construction de projets r\u00e9sidentiels et mixtes (commerces et services) avec un nombre r\u00e9duit de places de stationnement. Il couvre l\u2019ensemble des aspects r\u00e9glementaires et techniques n\u00e9cessaires \u00e0 l\u2019obtention des autorisations, et s\u2019adapte \u00e9galement aux plans de quartier ou autres projets urbains. Cette offre s\u2019adresse particuli\u00e8rement aux investisseurs immobiliers, bureaux d\u2019\u00e9tudes, gestionnaires d\u2019immeubles urbains et coop\u00e9ratives d\u2019habitation souhaitant d\u00e9velopper des concepts d\u2019habitat \u00e0 stationnement optimis\u00e9.<\/p>\n<\/div><div class=\"col-2\"><\/div><\/div><div class=\"sia-beratung-db-entry-footer\"><div class=\"col-1\"><a href=\"https:\/\/habitatmobilite.ch\/nos-offres\/pour-la-planification-urbain-neuf-quartier-a-construire\/\" class=\"sia-beratung-db-entry-link\" target=\"_blank\" rel=\"noopener\">Link zum Angebot<\/a><\/div><div class=\"col-2\"><div class=\"sia-beratung-db-filterbox\"><label class=\"toggle\" onclick=\"return window.siaBeratung.toggleFilterBox(this);\"><span>Conseil direct<\/span><span>Energie<\/span><span>D\u00e9veloppement \u00e0 l\u2019int\u00e9rieur du milieu b\u00e2ti<\/span><span>Mobilit\u00e9<\/span><span>VCS Verkehrs-Club der Schweiz<\/span><\/label><div class=\"options\"><a href=\"#\" onclick=\"return window.siaBeratung.setFilterBoxFilter(275);\">Conseil direct<\/a><a href=\"#\" onclick=\"return window.siaBeratung.setFilterBoxFilter(140);\">Energie<\/a><a href=\"#\" onclick=\"return window.siaBeratung.setFilterBoxFilter(142);\">D\u00e9veloppement \u00e0 l\u2019int\u00e9rieur du milieu b\u00e2ti<\/a><a href=\"#\" onclick=\"return window.siaBeratung.setFilterBoxFilter(147);\">Mobilit\u00e9<\/a><a href=\"#\" onclick=\"return window.siaBeratung.setFilterBoxFilter(322);\">VCS Verkehrs-Club der Schweiz<\/a><a href=\"#\" onclick=\"return window.siaBeratung.setFilterBoxFilter([140,142,147,322,275,288,289]);\">Alle Filter ausw\u00e4hlen<\/a><\/div><\/div><label class=\"sia-beratung-db-filterbox-spacer\">&nbsp;<\/label><\/div><\/div><\/div><div class=\"sia-beratung-db-entry-searchtext\">mobilit\u00e4tskonzept autoarm | conseil sp\u00e9cialis\u00e9 qui accompagne la planification et la construction de projets r\u00e9sidentiels et mixtes (commerces et services) avec un nombre r\u00e9duit de places de stationnement. il couvre l\u2019ensemble des aspects r\u00e9glementaires et techniques n\u00e9cessaires \u00e0 l\u2019obtention des autorisations, et s\u2019adapte \u00e9galement aux plans de quartier ou autres projets urbains. cette offre s\u2019adresse particuli\u00e8rement aux investisseurs immobiliers, bureaux d\u2019\u00e9tudes, gestionnaires d\u2019immeubles urbains et coop\u00e9ratives d\u2019habitation souhaitant d\u00e9velopper des concepts d\u2019habitat \u00e0 stationnement optimis\u00e9. | energie | innenentwicklung | mobilit\u00e4t | vcs verkehrs-club der schweiz | direkte beratung | de | fr<\/div><\/article><article class=\"sia-beratung-db-entry\" data-id=\"1590\" data-cpt=\"sia-angebote\" data-slug=\"koordinationskonferenz-der-bau-und-liegenschaftsorgane-der-oeffentlichen-bauherren-kbob\" data-lang-slug-de_de=\"\" data-lang-slug-en_gb=\"\" data-lang-slug-fr_fr=\"\" data-lang-slug-it_it=\"\" data-lat=\"53.5507112\" data-lng=\"10.0006485\" data-filter-148=\"1\" data-filter-151=\"1\" data-filter-152=\"1\" data-filter-161=\"1\" data-filter-179=\"1\" data-filter-270=\"1\" data-filter-283=\"1\" data-filter-288=\"1\" data-filter-289=\"1\" data-filter-290=\"1\" data-all-filter=\"148,151,152,161,179,270,283,288,289,290\"><div class=\"sia-beratung-db-entry-header\" onclick=\"return window.siaBeratung.toggleCpt(this);\"><div class=\"col-1\">Conf\u00e9rence de coordination des services de la construction et des immeubles des ma\u00eetres d\u2019ouvrage publics KBOB<\/div><div class=\"col-2\"><span>OFCL Office f\u00e9d\u00e9ral des constructions et de la logistique<\/span><\/div><div class=\"col-3\"><span>Guide<\/span><span>Plateforme<\/span><\/div><div class=\"sia-beratung-db-angle\"><span class=\"sia-beratung-angle\"><\/span><\/div><\/div><div class=\"sia-beratung-db-entry-content\"><div class=\"sia-beratung-db-entry-content-columns\"><div class=\"col-1\"><p>\u00c9conomiser les ressources tout en am\u00e9liorant la qualit\u00e9 tel est le but que vise la Conf\u00e9rence de coordination des services de la construction et des immeubles des ma\u00eetres d&#8217;ouvrage publics KBOB, association groupant les ma\u00eetres d&#8217;ouvrage publics en Suisse.<\/p>\n<\/div><div class=\"col-2\"><\/div><\/div><div class=\"sia-beratung-db-entry-footer\"><div class=\"col-1\"><a href=\"https:\/\/www.kbob.admin.ch\/kbob\/fr\/home.html\" class=\"sia-beratung-db-entry-link\" target=\"_blank\" rel=\"noopener\">Link zum Angebot<\/a><\/div><div class=\"col-2\"><div class=\"sia-beratung-db-filterbox\"><label class=\"toggle\" onclick=\"return window.siaBeratung.toggleFilterBox(this);\"><span>Guide<\/span><span>OFCL Office f\u00e9d\u00e9ral des constructions et de la logistique<\/span><span>Projets de construction communaux<\/span><span>Durabilit\u00e9<\/span><span>Outils de planification<\/span><span>Plateforme<\/span><span>Processus<\/span><\/label><div class=\"options\"><a href=\"#\" onclick=\"return window.siaBeratung.setFilterBoxFilter(270);\">Guide<\/a><a href=\"#\" onclick=\"return window.siaBeratung.setFilterBoxFilter(179);\">OFCL Office f\u00e9d\u00e9ral des constructions et de la logistique<\/a><a href=\"#\" onclick=\"return window.siaBeratung.setFilterBoxFilter(161);\">Projets de construction communaux<\/a><a href=\"#\" onclick=\"return window.siaBeratung.setFilterBoxFilter(148);\">Durabilit\u00e9<\/a><a href=\"#\" onclick=\"return window.siaBeratung.setFilterBoxFilter(151);\">Outils de planification<\/a><a href=\"#\" onclick=\"return window.siaBeratung.setFilterBoxFilter(283);\">Plateforme<\/a><a href=\"#\" onclick=\"return window.siaBeratung.setFilterBoxFilter(152);\">Processus<\/a><a href=\"#\" onclick=\"return window.siaBeratung.setFilterBoxFilter([148,151,152,161,179,270,283,288,289,290]);\">Alle Filter ausw\u00e4hlen<\/a><\/div><\/div><label class=\"sia-beratung-db-filterbox-spacer\">&nbsp;<\/label><\/div><\/div><\/div><div class=\"sia-beratung-db-entry-searchtext\">koordinationskonferenz der bau- und liegenschaftsorgane der \u00f6ffentlichen bauherren kbob | \u00e9conomiser les ressources tout en am\u00e9liorant la qualit\u00e9 tel est le but que vise la conf\u00e9rence de coordination des services de la construction et des immeubles des ma\u00eetres d&#8217;ouvrage publics kbob, association groupant les ma\u00eetres d&#8217;ouvrage publics en suisse. | nachhaltigkeit | planungsinstrumente | prozesse | kommunale bauprojekte | bbl bundesamt f\u00fcr bauten und logistik | arbeitshilfe | plattform | de | fr | it<\/div><\/article><article class=\"sia-beratung-db-entry\" data-id=\"1620\" data-cpt=\"sia-angebote\" data-slug=\"siedlungsberatung\" data-lang-slug-de_de=\"\" data-lang-slug-en_gb=\"\" data-lang-slug-fr_fr=\"\" data-lang-slug-it_it=\"\" data-lat=\"53.5507112\" data-lng=\"10.0006485\" data-filter-137=\"1\" data-filter-139=\"1\" data-filter-140=\"1\" data-filter-142=\"1\" data-filter-143=\"1\" data-filter-144=\"1\" data-filter-146=\"1\" data-filter-147=\"1\" data-filter-148=\"1\" data-filter-149=\"1\" data-filter-150=\"1\" data-filter-151=\"1\" data-filter-152=\"1\" data-filter-157=\"1\" data-filter-161=\"1\" data-filter-246=\"1\" data-filter-275=\"1\" data-filter-279=\"1\" data-filter-288=\"1\" data-filter-289=\"1\" data-all-filter=\"137,139,140,142,143,144,146,147,148,149,150,151,152,157,161,246,275,279,288,289\"><div class=\"sia-beratung-db-entry-header\" onclick=\"return window.siaBeratung.toggleCpt(this);\"><div class=\"col-1\">Conseil en am\u00e9nagement<\/div><div class=\"col-2\"><span>EspaceSuisse<\/span><\/div><div class=\"col-3\"><span>Conseil direct<\/span><span>Cours et colloques<\/span><\/div><div class=\"sia-beratung-db-angle\"><span class=\"sia-beratung-angle\"><\/span><\/div><\/div><div class=\"sia-beratung-db-entry-content\"><div class=\"sia-beratung-db-entry-content-columns\"><div class=\"col-1\"><p>EspaceSuisse apporte son soutien aux communes dans le processus de d\u00e9veloppement territorial. Diverses offres de conseil sont \u00e0 disposition, de l\u2019impulsion \u00e0 des processus strat\u00e9giques plus approfondis. Dans ce cadre, il est souvent question de d\u00e9veloppement vers l\u2019int\u00e9rieur et de qualit\u00e9 de l\u2019urbanisation.<\/p>\n<\/div><div class=\"col-2\"><\/div><\/div><div class=\"sia-beratung-db-entry-footer\"><div class=\"col-1\"><a href=\"https:\/\/www.espacesuisse.ch\/fr\/conseil\/conseil-en-amenagement\" class=\"sia-beratung-db-entry-link\" target=\"_blank\" rel=\"noopener\">Link zum Angebot<\/a><\/div><div class=\"col-2\"><div class=\"sia-beratung-db-filterbox\"><label class=\"toggle\" onclick=\"return window.siaBeratung.toggleFilterBox(this);\"><span>Politique fonci\u00e8re<\/span><span>Dialogue<\/span><span>Conseil direct<\/span><span>Energie<\/span><span>EspaceSuisse<\/span><span>Formation continue pour le personnel politique et administratif<\/span><span>D\u00e9veloppement \u00e0 l\u2019int\u00e9rieur du milieu b\u00e2ti<\/span><span>Climat<\/span><span>Projets de construction communaux<\/span><span>Cours et colloques<\/span><span>Paysage<\/span><span>Participation<\/span><span>Mobilit\u00e9<\/span><span>Durabilit\u00e9<\/span><span>Espace public<\/span><span>Sites construits<\/span><span>Outils de planification<\/span><span>Processus<\/span><\/label><div class=\"options\"><a href=\"#\" onclick=\"return window.siaBeratung.setFilterBoxFilter(137);\">Politique fonci\u00e8re<\/a><a href=\"#\" onclick=\"return window.siaBeratung.setFilterBoxFilter(139);\">Dialogue<\/a><a href=\"#\" onclick=\"return window.siaBeratung.setFilterBoxFilter(275);\">Conseil direct<\/a><a href=\"#\" onclick=\"return window.siaBeratung.setFilterBoxFilter(140);\">Energie<\/a><a href=\"#\" onclick=\"return window.siaBeratung.setFilterBoxFilter(246);\">EspaceSuisse<\/a><a href=\"#\" onclick=\"return window.siaBeratung.setFilterBoxFilter(157);\">Formation continue pour le personnel politique et administratif<\/a><a href=\"#\" onclick=\"return window.siaBeratung.setFilterBoxFilter(142);\">D\u00e9veloppement \u00e0 l\u2019int\u00e9rieur du milieu b\u00e2ti<\/a><a href=\"#\" onclick=\"return window.siaBeratung.setFilterBoxFilter(143);\">Climat<\/a><a href=\"#\" onclick=\"return window.siaBeratung.setFilterBoxFilter(161);\">Projets de construction communaux<\/a><a href=\"#\" onclick=\"return window.siaBeratung.setFilterBoxFilter(279);\">Cours et colloques<\/a><a href=\"#\" onclick=\"return window.siaBeratung.setFilterBoxFilter(144);\">Paysage<\/a><a href=\"#\" onclick=\"return window.siaBeratung.setFilterBoxFilter(146);\">Participation<\/a><a href=\"#\" onclick=\"return window.siaBeratung.setFilterBoxFilter(147);\">Mobilit\u00e9<\/a><a href=\"#\" onclick=\"return window.siaBeratung.setFilterBoxFilter(148);\">Durabilit\u00e9<\/a><a href=\"#\" onclick=\"return window.siaBeratung.setFilterBoxFilter(149);\">Espace public<\/a><a href=\"#\" onclick=\"return window.siaBeratung.setFilterBoxFilter(150);\">Sites construits<\/a><a href=\"#\" onclick=\"return window.siaBeratung.setFilterBoxFilter(151);\">Outils de planification<\/a><a href=\"#\" onclick=\"return window.siaBeratung.setFilterBoxFilter(152);\">Processus<\/a><a href=\"#\" onclick=\"return window.siaBeratung.setFilterBoxFilter([137,139,140,142,143,144,146,147,148,149,150,151,152,157,161,246,275,279,288,289]);\">Alle Filter ausw\u00e4hlen<\/a><\/div><\/div><label class=\"sia-beratung-db-filterbox-spacer\">&nbsp;<\/label><\/div><\/div><\/div><div class=\"sia-beratung-db-entry-searchtext\">siedlungsberatung | espacesuisse apporte son soutien aux communes dans le processus de d\u00e9veloppement territorial. diverses offres de conseil sont \u00e0 disposition, de l\u2019impulsion \u00e0 des processus strat\u00e9giques plus approfondis. dans ce cadre, il est souvent question de d\u00e9veloppement vers l\u2019int\u00e9rieur et de qualit\u00e9 de l\u2019urbanisation. | bodenpolitik | dialog | energie | innenentwicklung | klima | landschaft | mitwirkung | mobilit\u00e4t | nachhaltigkeit | \u00f6ffentlicher raum | ortsbilder | planungsinstrumente | prozesse | fortbildung f\u00fcr politik und verwaltung | kommunale bauprojekte | espacesuisse | direkte beratung | kurse und tagungen | de | fr<\/div><\/article><article class=\"sia-beratung-db-entry\" data-id=\"2891\" data-cpt=\"sia-angebote\" data-slug=\"bauberatung-in-gemeinden\" data-lang-slug-de_de=\"\" data-lang-slug-en_gb=\"\" data-lang-slug-fr_fr=\"\" data-lang-slug-it_it=\"\" data-lat=\"53.5507112\" data-lng=\"10.0006485\" data-filter-152=\"1\" data-filter-154=\"1\" data-filter-159=\"1\" data-filter-168=\"1\" data-filter-204=\"1\" data-filter-270=\"1\" data-filter-288=\"1\" data-filter-289=\"1\" data-all-filter=\"152,154,159,168,204,270,288,289\"><div class=\"sia-beratung-db-entry-header\" onclick=\"return window.siaBeratung.toggleCpt(this);\"><div class=\"col-1\">Conseil en mati\u00e8re de construction dans les communes<\/div><div class=\"col-2\"><span>HSLU Hochschule Luzern<\/span><\/div><div class=\"col-3\"><span>Guide<\/span><\/div><div class=\"sia-beratung-db-angle\"><span class=\"sia-beratung-angle\"><\/span><\/div><\/div><div class=\"sia-beratung-db-entry-content\"><div class=\"sia-beratung-db-entry-content-columns\"><div class=\"col-1\"><p>Une excellente qualit\u00e9 de l\u2019habitat et du paysage am\u00e9liore  beaucoup la qualit\u00e9 de vie des habitant-e-s d\u2019une commune.  Elle constitue par cons\u00e9quent un facteur important de l\u2019attrait du lieu de r\u00e9sidence. Elle est aussi dans bien des  localit\u00e9s la base de l\u2019offre touristique et joue donc un r\u00f4le essentiel pour l\u2019\u00e9conomie de la r\u00e9gion.<\/p>\n<p>La pr\u00e9sente brochure vous explique, sous une<br \/>\nforme condens\u00e9e, les d\u00e9marches \u00e0 entreprendre d\u00e8s lors que vous avez d\u00e9cid\u00e9 d\u2019instaurer un conseil en mati\u00e8re de construction dans votre commune. Ou bien dans votre r\u00e9gion, avec les communes voisines.<\/p>\n<\/div><div class=\"col-2\"><\/div><\/div><div class=\"sia-beratung-db-entry-footer\"><div class=\"col-1\"><a href=\"https:\/\/www.hslu.ch\/-\/media\/campus\/common\/files\/dokumente\/w\/campus\/brochure-conseil-en-matire-de-construction-dans-les-communes.pdf?sc_lang=de-ch\" class=\"sia-beratung-db-entry-link\" target=\"_blank\" rel=\"noopener\">Link zum Angebot<\/a><\/div><div class=\"col-2\"><div class=\"sia-beratung-db-filterbox\"><label class=\"toggle\" onclick=\"return window.siaBeratung.toggleFilterBox(this);\"><span>Guide<\/span><span>Proc\u00e9dures d\u2019autorisation de construire<\/span><span>Commissions d\u2019urbanisme<\/span><span>HSLU Hochschule Luzern<\/span><span>Processus<\/span><span>Coop\u00e9ration r\u00e9gionale<\/span><\/label><div class=\"options\"><a href=\"#\" onclick=\"return window.siaBeratung.setFilterBoxFilter(270);\">Guide<\/a><a href=\"#\" onclick=\"return window.siaBeratung.setFilterBoxFilter(154);\">Proc\u00e9dures d\u2019autorisation de construire<\/a><a href=\"#\" onclick=\"return window.siaBeratung.setFilterBoxFilter(159);\">Commissions d\u2019urbanisme<\/a><a href=\"#\" onclick=\"return window.siaBeratung.setFilterBoxFilter(204);\">HSLU Hochschule Luzern<\/a><a href=\"#\" onclick=\"return window.siaBeratung.setFilterBoxFilter(152);\">Processus<\/a><a href=\"#\" onclick=\"return window.siaBeratung.setFilterBoxFilter(168);\">Coop\u00e9ration r\u00e9gionale<\/a><a href=\"#\" onclick=\"return window.siaBeratung.setFilterBoxFilter([152,154,159,168,204,270,288,289]);\">Alle Filter ausw\u00e4hlen<\/a><\/div><\/div><label class=\"sia-beratung-db-filterbox-spacer\">&nbsp;<\/label><\/div><\/div><\/div><div class=\"sia-beratung-db-entry-searchtext\">bauberatung in gemeinden | une excellente qualit\u00e9 de l\u2019habitat et du paysage am\u00e9liore  beaucoup la qualit\u00e9 de vie des habitant-e-s d\u2019une commune.  elle constitue par cons\u00e9quent un facteur important de l\u2019attrait du lieu de r\u00e9sidence. elle est aussi dans bien des  localit\u00e9s la base de l\u2019offre touristique et joue donc un r\u00f4le essentiel pour l\u2019\u00e9conomie de la r\u00e9gion.la pr\u00e9sente brochure vous explique, sous uneforme condens\u00e9e, les d\u00e9marches \u00e0 entreprendre d\u00e8s lors que vous avez d\u00e9cid\u00e9 d\u2019instaurer un conseil en mati\u00e8re de construction dans votre commune. ou bien dans votre r\u00e9gion, avec les communes voisines. | prozesse | baubewilligungsverfahren | gestaltungsbeir\u00e4te | regionale zusammenarbeit | hslu hochschule luzern | arbeitshilfe | de | fr<\/div><\/article><article class=\"sia-beratung-db-entry\" data-id=\"1565\" data-cpt=\"sia-angebote\" data-slug=\"die-impulsberatung-erneuerbar-heizen\" data-lang-slug-de_de=\"\" data-lang-slug-en_gb=\"\" data-lang-slug-fr_fr=\"\" data-lang-slug-it_it=\"\" data-lat=\"53.5507112\" data-lng=\"10.0009918\" data-filter-140=\"1\" data-filter-143=\"1\" data-filter-148=\"1\" data-filter-165=\"1\" data-filter-180=\"1\" data-filter-245=\"1\" data-filter-275=\"1\" data-filter-283=\"1\" data-filter-288=\"1\" data-filter-289=\"1\" data-filter-290=\"1\" data-all-filter=\"140,143,148,165,180,245,275,283,288,289,290\"><div class=\"sia-beratung-db-entry-header\" onclick=\"return window.siaBeratung.toggleCpt(this);\"><div class=\"col-1\">Conseil incitatif \u00ab chauffez renouvelable \u00bb<\/div><div class=\"col-2\"><span>OFEN Office f\u00e9d\u00e9ral de l'\u00e9nergie<\/span><span>SuisseEnergie<\/span><\/div><div class=\"col-3\"><span>Conseil direct<\/span><span>Plateforme<\/span><\/div><div class=\"sia-beratung-db-angle\"><span class=\"sia-beratung-angle\"><\/span><\/div><\/div><div class=\"sia-beratung-db-entry-content\"><div class=\"sia-beratung-db-entry-content-columns\"><div class=\"col-1\"><p>Avec le conseil incitatif \u00ab chauffez renouvelable \u00bb, les propri\u00e9taires de maisons individuelles et d\u2019immeubles locatifs ainsi que les propri\u00e9taires par \u00e9tage peuvent compter sur un sp\u00e9cialiste pour r\u00e9pondre \u00e0 toutes les questions concernant leur chauffage.<\/p>\n<\/div><div class=\"col-2\"><\/div><\/div><div class=\"sia-beratung-db-entry-footer\"><div class=\"col-1\"><a href=\"https:\/\/www.chauffezrenouvelable.ch\/conseil-incitatif\/\" class=\"sia-beratung-db-entry-link\" target=\"_blank\" rel=\"noopener\">Link zum Angebot<\/a><\/div><div class=\"col-2\"><div class=\"sia-beratung-db-filterbox\"><label class=\"toggle\" onclick=\"return window.siaBeratung.toggleFilterBox(this);\"><span>OFEN Office f\u00e9d\u00e9ral de l'\u00e9nergie<\/span><span>Conseil direct<\/span><span>Energie<\/span><span>SuisseEnergie<\/span><span>Climat<\/span><span>Durabilit\u00e9<\/span><span>Plateforme<\/span><span>Soutien de projets<\/span><\/label><div class=\"options\"><a href=\"#\" onclick=\"return window.siaBeratung.setFilterBoxFilter(180);\">OFEN Office f\u00e9d\u00e9ral de l'\u00e9nergie<\/a><a href=\"#\" onclick=\"return window.siaBeratung.setFilterBoxFilter(275);\">Conseil direct<\/a><a href=\"#\" onclick=\"return window.siaBeratung.setFilterBoxFilter(140);\">Energie<\/a><a href=\"#\" onclick=\"return window.siaBeratung.setFilterBoxFilter(245);\">SuisseEnergie<\/a><a href=\"#\" onclick=\"return window.siaBeratung.setFilterBoxFilter(143);\">Climat<\/a><a href=\"#\" onclick=\"return window.siaBeratung.setFilterBoxFilter(148);\">Durabilit\u00e9<\/a><a href=\"#\" onclick=\"return window.siaBeratung.setFilterBoxFilter(283);\">Plateforme<\/a><a href=\"#\" onclick=\"return window.siaBeratung.setFilterBoxFilter(165);\">Soutien de projets<\/a><a href=\"#\" onclick=\"return window.siaBeratung.setFilterBoxFilter([140,143,148,165,180,245,275,283,288,289,290]);\">Alle Filter ausw\u00e4hlen<\/a><\/div><\/div><label class=\"sia-beratung-db-filterbox-spacer\">&nbsp;<\/label><\/div><\/div><\/div><div class=\"sia-beratung-db-entry-searchtext\">die impulsberatung \u00aberneuerbar heizen\u00bb | avec le conseil incitatif \u00ab chauffez renouvelable \u00bb, les propri\u00e9taires de maisons individuelles et d\u2019immeubles locatifs ainsi que les propri\u00e9taires par \u00e9tage peuvent compter sur un sp\u00e9cialiste pour r\u00e9pondre \u00e0 toutes les questions concernant leur chauffage. | energie | klima | nachhaltigkeit | projektunterst\u00fctzung | bfe bundesamt f\u00fcr energie | energieschweiz | direkte beratung | plattform | de | fr | it<\/div><\/article><article class=\"sia-beratung-db-entry\" data-id=\"1562\" data-cpt=\"sia-angebote\" data-slug=\"denkmalpflege-der-unbeweglichen-kulturgueter\" data-lang-slug-de_de=\"\" data-lang-slug-en_gb=\"\" data-lang-slug-fr_fr=\"\" data-lang-slug-it_it=\"\" data-lat=\"53.5507112\" data-lng=\"10.0008202\" data-filter-135=\"1\" data-filter-138=\"1\" data-filter-150=\"1\" data-filter-155=\"1\" data-filter-160=\"1\" data-filter-218=\"1\" data-filter-270=\"1\" data-filter-275=\"1\" data-filter-288=\"1\" data-filter-289=\"1\" data-all-filter=\"135,138,150,155,160,218,270,275,288,289\"><div class=\"sia-beratung-db-entry-header\" onclick=\"return window.siaBeratung.toggleCpt(this);\"><div class=\"col-1\">Conservation de biens culturels immeubles<\/div><div class=\"col-2\"><span>Fribourg<\/span><\/div><div class=\"col-3\"><span>Guide<\/span><span>Conseil direct<\/span><\/div><div class=\"sia-beratung-db-angle\"><span class=\"sia-beratung-angle\"><\/span><\/div><\/div><div class=\"sia-beratung-db-entry-content\"><div class=\"sia-beratung-db-entry-content-columns\"><div class=\"col-1\"><p>En application du R\u00e8glement d\u2019ex\u00e9cution de la Loi sur la protection des biens culturels (RELPBC, art. 56), le Service des biens culturels prodigue, dans la mesure des moyens disponibles, des conseils sur les modes et techniques de conservation et de restauration des biens culturels.<\/p>\n<\/div><div class=\"col-2\"><\/div><\/div><div class=\"sia-beratung-db-entry-footer\"><div class=\"col-1\"><a href=\"https:\/\/www.fr.ch\/dfac\/sbc\/recensement-des-immeubles-et-des-sites-construits\/mise-sous-protection-des-immeubles-et-des-sites\" class=\"sia-beratung-db-entry-link\" target=\"_blank\" rel=\"noopener\">Link zum Angebot<\/a><\/div><div class=\"col-2\"><div class=\"sia-beratung-db-filterbox\"><label class=\"toggle\" onclick=\"return window.siaBeratung.toggleFilterBox(this);\"><span>Guide<\/span><span>Construction hors zone \u00e0 b\u00e2tir<\/span><span>Construire dans le b\u00e2ti existant<\/span><span>Monuments<\/span><span>Conseil direct<\/span><span>Fribourg<\/span><span>Inventaires<\/span><span>Sites construits<\/span><\/label><div class=\"options\"><a href=\"#\" onclick=\"return window.siaBeratung.setFilterBoxFilter(270);\">Guide<\/a><a href=\"#\" onclick=\"return window.siaBeratung.setFilterBoxFilter(155);\">Construction hors zone \u00e0 b\u00e2tir<\/a><a href=\"#\" onclick=\"return window.siaBeratung.setFilterBoxFilter(135);\">Construire dans le b\u00e2ti existant<\/a><a href=\"#\" onclick=\"return window.siaBeratung.setFilterBoxFilter(138);\">Monuments<\/a><a href=\"#\" onclick=\"return window.siaBeratung.setFilterBoxFilter(275);\">Conseil direct<\/a><a href=\"#\" onclick=\"return window.siaBeratung.setFilterBoxFilter(218);\">Fribourg<\/a><a href=\"#\" onclick=\"return window.siaBeratung.setFilterBoxFilter(160);\">Inventaires<\/a><a href=\"#\" onclick=\"return window.siaBeratung.setFilterBoxFilter(150);\">Sites construits<\/a><a href=\"#\" onclick=\"return window.siaBeratung.setFilterBoxFilter([135,138,150,155,160,218,270,275,288,289]);\">Alle Filter ausw\u00e4hlen<\/a><\/div><\/div><label class=\"sia-beratung-db-filterbox-spacer\">&nbsp;<\/label><\/div><\/div><\/div><div class=\"sia-beratung-db-entry-searchtext\">denkmalpflege der unbeweglichen kulturg\u00fcter | en application du r\u00e8glement d\u2019ex\u00e9cution de la loi sur la protection des biens culturels (relpbc, art. 56), le service des biens culturels prodigue, dans la mesure des moyens disponibles, des conseils sur les modes et techniques de conservation et de restauration des biens culturels. | bauen im bestand | denkm\u00e4ler | ortsbilder | bauen ausserhalb der bauzone | inventare | freiburg | arbeitshilfe | direkte beratung | de | fr<\/div><\/article><article class=\"sia-beratung-db-entry\" data-id=\"1659\" data-cpt=\"sia-ausbildung\" data-slug=\"constructions-durables\" data-lat=\"46.209456817589\" data-lng=\"6.13654646914498\" data-filter-135=\"1\" data-filter-136=\"1\" data-filter-140=\"1\" data-filter-142=\"1\" data-filter-143=\"1\" data-filter-148=\"1\" data-filter-201=\"1\" data-filter-272=\"1\" data-filter-289=\"1\" data-all-filter=\"135,136,140,142,143,148,201,272,289\"><div class=\"sia-beratung-db-entry-header\" onclick=\"return window.siaBeratung.toggleCpt(this);\"><div class=\"col-1\">Constructions durables<\/div><div class=\"col-2\"><span>HEPIA Haute \u00e9cole du paysage, d'ing\u00e9nierie et d'architecture de Gen\u00e8ve<\/span><\/div><div class=\"col-3\"><span>CAS<\/span><\/div><div class=\"sia-beratung-db-angle\"><span class=\"sia-beratung-angle\"><\/span><\/div><\/div><div class=\"sia-beratung-db-entry-content\"><div class=\"sia-beratung-db-entry-content-columns\"><div class=\"col-1\"><p>Le CAS Constructions durables permet aux participant\u00b7e\u00b7s de disposer de connaissances \u00e9largies et approfondies dans la planification et la conception des constructions durables.<\/p>\n<\/div><div class=\"col-2\"><\/div><\/div><div class=\"sia-beratung-db-entry-footer\"><div class=\"col-1\"><a href=\"https:\/\/www.hesge.ch\/hepia\/cas-constructions-durables\" class=\"sia-beratung-db-entry-link\" target=\"_blank\" rel=\"noopener\">Link zum Angebot<\/a><\/div><div class=\"col-2\"><div class=\"sia-beratung-db-filterbox\"><label class=\"toggle\" onclick=\"return window.siaBeratung.toggleFilterBox(this);\"><span>Construire dans le b\u00e2ti existant<\/span><span>Biodiversit\u00e9<\/span><span>CAS<\/span><span>Energie<\/span><span>HEPIA Haute \u00e9cole du paysage, d'ing\u00e9nierie et d'architecture de Gen\u00e8ve<\/span><span>D\u00e9veloppement \u00e0 l\u2019int\u00e9rieur du milieu b\u00e2ti<\/span><span>Climat<\/span><span>Durabilit\u00e9<\/span><\/label><div class=\"options\"><a href=\"#\" onclick=\"return window.siaBeratung.setFilterBoxFilter(135);\">Construire dans le b\u00e2ti existant<\/a><a href=\"#\" onclick=\"return window.siaBeratung.setFilterBoxFilter(136);\">Biodiversit\u00e9<\/a><a href=\"#\" onclick=\"return window.siaBeratung.setFilterBoxFilter(272);\">CAS<\/a><a href=\"#\" onclick=\"return window.siaBeratung.setFilterBoxFilter(140);\">Energie<\/a><a href=\"#\" onclick=\"return window.siaBeratung.setFilterBoxFilter(201);\">HEPIA Haute \u00e9cole du paysage, d'ing\u00e9nierie et d'architecture de Gen\u00e8ve<\/a><a href=\"#\" onclick=\"return window.siaBeratung.setFilterBoxFilter(142);\">D\u00e9veloppement \u00e0 l\u2019int\u00e9rieur du milieu b\u00e2ti<\/a><a href=\"#\" onclick=\"return window.siaBeratung.setFilterBoxFilter(143);\">Climat<\/a><a href=\"#\" onclick=\"return window.siaBeratung.setFilterBoxFilter(148);\">Durabilit\u00e9<\/a><a href=\"#\" onclick=\"return window.siaBeratung.setFilterBoxFilter([135,136,140,142,143,148,201,272,289]);\">Alle Filter ausw\u00e4hlen<\/a><\/div><\/div><label class=\"sia-beratung-db-filterbox-spacer\">&nbsp;<\/label><\/div><\/div><\/div><div class=\"sia-beratung-db-entry-searchtext\">constructions durables | le cas constructions durables permet aux participant\u00b7e\u00b7s de disposer de connaissances \u00e9largies et approfondies dans la planification et la conception des constructions durables. | bauen im bestand | biodiversit\u00e4t | energie | innenentwicklung | klima | nachhaltigkeit | hepia haute \u00e9cole du paysage, d'ing\u00e9nierie et d'architecture de gen\u00e8ve | cas | fr<\/div><\/article><article class=\"sia-beratung-db-entry\" data-id=\"1546\" data-cpt=\"sia-angebote\" data-slug=\"ausgezeichnete-gemeinnuetzige-bauten\" data-lang-slug-de_de=\"\" data-lang-slug-en_gb=\"\" data-lang-slug-fr_fr=\"\" data-lang-slug-it_it=\"\" data-lat=\"53.5507112\" data-lng=\"10.0008202\" data-filter-139=\"1\" data-filter-145=\"1\" data-filter-165=\"1\" data-filter-183=\"1\" data-filter-283=\"1\" data-filter-288=\"1\" data-filter-289=\"1\" data-filter-290=\"1\" data-all-filter=\"139,145,165,183,283,288,289,290\"><div class=\"sia-beratung-db-entry-header\" onclick=\"return window.siaBeratung.toggleCpt(this);\"><div class=\"col-1\">Constructions prim\u00e9es<\/div><div class=\"col-2\"><span>OFL Office f\u00e9d\u00e9ral du logement<\/span><\/div><div class=\"col-3\"><span>Plateforme<\/span><\/div><div class=\"sia-beratung-db-angle\"><span class=\"sia-beratung-angle\"><\/span><\/div><\/div><div class=\"sia-beratung-db-entry-content\"><div class=\"sia-beratung-db-entry-content-columns\"><div class=\"col-1\"><p>De nombreuses coop\u00e9ratives d&#8217;habitation visent un d\u00e9veloppement de qualit\u00e9 et l\u2019innovation, que ce soit au niveau architectural, \u00e9nerg\u00e9tique ou social. Leurs efforts se voient fr\u00e9quemment r\u00e9compens\u00e9s par des prix, \u00e0 l\u2019image des exemples ci-dessous. La plupart de ces projets ont pu voir le jour gr\u00e2ce \u00e0 l\u2019aide au logement de la Conf\u00e9d\u00e9ration.<\/p>\n<\/div><div class=\"col-2\"><\/div><\/div><div class=\"sia-beratung-db-entry-footer\"><div class=\"col-1\"><a href=\"https:\/\/www.bwo.admin.ch\/fr\/constructions-primees\" class=\"sia-beratung-db-entry-link\" target=\"_blank\" rel=\"noopener\">Link zum Angebot<\/a><\/div><div class=\"col-2\"><div class=\"sia-beratung-db-filterbox\"><label class=\"toggle\" onclick=\"return window.siaBeratung.toggleFilterBox(this);\"><span>OFL Office f\u00e9d\u00e9ral du logement<\/span><span>Dialogue<\/span><span>Politique immobili\u00e8re<\/span><span>Plateforme<\/span><span>Soutien de projets<\/span><\/label><div class=\"options\"><a href=\"#\" onclick=\"return window.siaBeratung.setFilterBoxFilter(183);\">OFL Office f\u00e9d\u00e9ral du logement<\/a><a href=\"#\" onclick=\"return window.siaBeratung.setFilterBoxFilter(139);\">Dialogue<\/a><a href=\"#\" onclick=\"return window.siaBeratung.setFilterBoxFilter(145);\">Politique immobili\u00e8re<\/a><a href=\"#\" onclick=\"return window.siaBeratung.setFilterBoxFilter(283);\">Plateforme<\/a><a href=\"#\" onclick=\"return window.siaBeratung.setFilterBoxFilter(165);\">Soutien de projets<\/a><a href=\"#\" onclick=\"return window.siaBeratung.setFilterBoxFilter([139,145,165,183,283,288,289,290]);\">Alle Filter ausw\u00e4hlen<\/a><\/div><\/div><label class=\"sia-beratung-db-filterbox-spacer\">&nbsp;<\/label><\/div><\/div><\/div><div class=\"sia-beratung-db-entry-searchtext\">ausgezeichnete gemeinn\u00fctzige bauten | de nombreuses coop\u00e9ratives d&#8217;habitation visent un d\u00e9veloppement de qualit\u00e9 et l\u2019innovation, que ce soit au niveau architectural, \u00e9nerg\u00e9tique ou social. leurs efforts se voient fr\u00e9quemment r\u00e9compens\u00e9s par des prix, \u00e0 l\u2019image des exemples ci-dessous. la plupart de ces projets ont pu voir le jour gr\u00e2ce \u00e0 l\u2019aide au logement de la conf\u00e9d\u00e9ration. | dialog | liegenschaftspolitik | projektunterst\u00fctzung | bwo bundesamt f\u00fcr wohnungswesen | plattform | de | fr | it<\/div><\/article><article class=\"sia-beratung-db-entry\" data-id=\"1422\" data-cpt=\"sia-beispiele\" data-slug=\"cressier-inn-statt-aussentwicklung\" data-lat=\"46.898912\" data-lng=\"7.14077\" data-filter-135=\"1\" data-filter-139=\"1\" data-filter-142=\"1\" data-filter-145=\"1\" data-filter-149=\"1\" data-filter-150=\"1\" data-filter-160=\"1\" data-filter-161=\"1\" data-filter-166=\"1\" data-filter-267=\"1\" data-filter-268=\"1\" data-filter-288=\"1\" data-filter-289=\"1\" data-filter-290=\"1\" data-all-filter=\"135,139,142,145,149,150,160,161,166,267,268,288,289,290\"><div class=\"sia-beratung-db-entry-header\" onclick=\"return window.siaBeratung.toggleCpt(this);\"><div class=\"col-1\">Cressier&nbsp;: vers l\u2019int\u00e9rieur plut\u00f4t que vers l\u2019ext\u00e9rieur<\/div><div class=\"col-2\">Cressier, FR<\/div><div class=\"sia-beratung-db-angle\"><span class=\"sia-beratung-angle\"><\/span><\/div><\/div><div class=\"sia-beratung-db-entry-content\"><div class=\"sia-beratung-db-entry-content-columns\"><div class=\"col-1\"><div class=\"sia-beratung-db-entry-slides\"><div class=\"sia-beratung-db-entry-swiper\"><div class=\"swiper-wrapper\"><div class=\"swiper-slide\"><img loading=\"lazy\" decoding=\"async\" src=\"https:\/\/baukulturschweiz.ch\/wp-content\/uploads\/2023\/06\/2023-04-18-094759-cressier-1-rolf-siegenthaler-1024x768.jpg\" width=\"1024\" height=\"768\" \/><\/div><div class=\"swiper-slide\"><img loading=\"lazy\" decoding=\"async\" src=\"https:\/\/baukulturschweiz.ch\/wp-content\/uploads\/2023\/06\/2023-04-19-141820-cressier-2-rolf-siegenthaler-1024x768.jpg\" width=\"1024\" height=\"768\" \/><\/div><div class=\"swiper-slide\"><img loading=\"lazy\" decoding=\"async\" src=\"https:\/\/baukulturschweiz.ch\/wp-content\/uploads\/2023\/06\/2023-04-19-141917-cressier-3-c-gemeinde-cressier.jpg\" width=\"886\" height=\"664\" \/><\/div><div class=\"swiper-slide\"><img loading=\"lazy\" decoding=\"async\" src=\"https:\/\/baukulturschweiz.ch\/wp-content\/uploads\/2023\/06\/2023-04-19-142017-cressier-4-rolf-siegenthaler-1024x768.jpg\" width=\"1024\" height=\"768\" \/><\/div><div class=\"swiper-slide\"><img loading=\"lazy\" decoding=\"async\" src=\"https:\/\/baukulturschweiz.ch\/wp-content\/uploads\/2023\/06\/2023-04-19-142115-be-cressier-5-c-swisstopo-1024x768.jpg\" width=\"1024\" height=\"768\" \/><\/div><\/div><\/div><a class=\"swiper-button swiper-button-prev\"><\/a><a class=\"swiper-button swiper-button-next mobile\"><\/a><div class=\"sia-beratung-db-slide-legends\"><small data-index=\"0\">Une d\u00e9cision du Tribunal f\u00e9d\u00e9ral ouvre la voie\u2026<br \/>\r\n\u00a9 Rolf Siegenthaler<\/small><small data-index=\"1\" style=\"display:none;\">\u2026 \u00e0 une revalorisation du patrimoine b\u00e2ti<br \/>\r\n\u00a9 Rolf Siegenthaler<\/small><small data-index=\"2\" style=\"display:none;\">Le noyau historique mal entretenu\u2026<br \/>\r\n\u00a9 Gemeinde Cressier<\/small><small data-index=\"3\" style=\"display:none;\">\u2026 c\u00e8de la place \u00e0 une revalorisation exemplaire<br \/>\r\n\u00a9 Rolf Siegenthaler<\/small><small data-index=\"4\" style=\"display:none;\">\u00a9 Swisstopo<\/small><small class=\"pageNo\">1\/5<\/small><\/div><\/div><\/div><div class=\"col-2\"><div class=\"sia-beratung-db-slide-texts\"><div class=\"sia-beratung-db-slide-text\" data-index=\"0\"><p>L\u2019exemple de Cressier montre qu\u2019il est tout \u00e0 fait possible de mettre en \u0153uvre un d\u00e9veloppement vers l\u2019int\u00e9rieur de qualit\u00e9 dans des villages figurant \u00e0 l\u2019Inventaire f\u00e9d\u00e9ral des sites construits d\u2019importance nationale \u00e0 prot\u00e9ger en Suisse (ISOS). En raison de l\u2019identit\u00e9 marqu\u00e9e de ces sites, il est m\u00eame possible que cela r\u00e9ussisse encore mieux qu\u2019ailleurs, et c\u2019est une chance pour les communes ISOS.<\/p>\n<p><strong>R\u00f4le de la commune&nbsp;:<\/strong> lancer des processus, faire office de m\u00e9diateur, r\u00e9aliser, exploiter<br \/>\n<strong>Organismes responsables\u00a0:<\/strong> Commune<br \/>\n<strong>Architecture&nbsp;:<\/strong> LVPH architectes S\u00e0rl, Pampigny<br \/>\n<strong>Bureau d\u2019ing\u00e9nieurs&nbsp;:<\/strong> DMA Ing\u00e9nieurs SA, Fribourg<br \/>\n<strong>Source&nbsp;:<\/strong> <a class=\"external\" title=\"Hochparterre, Bronzener Hase in Architektur (r\u00e9serv\u00e9 aux abonn\u00e9s)\" href=\"https:\/\/www.hochparterre.ch\/diebesten\/der-bestand-erlaubt-experimente\/\/\" target=\"_blank\" rel=\"noopener\">Hochparterre, Bronzener Hase in Architektur (r\u00e9serv\u00e9 aux abonn\u00e9s)<\/a>, <a class=\"external\" title=\"Article 1 PDF\" href=\"\/wp-content\/uploads\/2023\/06\/2023-04-18-090403-cressier-hochparterre-der-bestand-erlaubt-experimente.pdf\" target=\"_blank\" rel=\"noopener\">Article 1 PDF<\/a>, <a class=\"external\" title=\"Article 2 PDF\" href=\"\/wp-content\/uploads\/2023\/06\/2023-04-18-090535-cressier-hochparterre-innere-werte.pdf\" target=\"_blank\" rel=\"noopener\">Article 2 PDF<\/a><\/p>\n<\/div><div class=\"sia-beratung-db-slide-text\" data-index=\"1\" style=\"display:none;\"><p class=\"translation-block\">Le Tribunal f\u00e9d\u00e9ral a contraint Cressier \u00e0 renoncer \u00e0 d\u00e9limiter de nouvelles zones d\u2019habitation. Suite \u00e0 cette d\u00e9cision, lors d\u2019une assembl\u00e9e communale, un jeune homme de la commune a lanc\u00e9 l\u2019id\u00e9e de revaloriser le noyau historique d\u00e9j\u00e0 bien d\u00e9labr\u00e9 du village. Aussit\u00f4t dit, aussit\u00f4t fait&nbsp;!<br \/>\nDensifier le tissu existant en visant une culture du b\u00e2ti de qualit\u00e9 a constitu\u00e9 le fondement de la d\u00e9marche lanc\u00e9e \u00e0 Cressier. Le projet de construction villageoise men\u00e9 \u00e0 bien consistait \u00e0 refermer un vaste espace de cours en \u00e9difiant de nouveaux b\u00e2timents. Le jury de la proc\u00e9dure de concours a appr\u00e9ci\u00e9 le grand respect avec lequel les auteurs du projet ont abord\u00e9 le lieu. Slogan utilis\u00e9&nbsp;: \u00ab Retour vers le futur \u00bb. Les trois b\u00e2timents existants ont \u00e9t\u00e9 compl\u00e9t\u00e9s par trois nouvelles constructions, dont les mat\u00e9riaux et la forme font r\u00e9f\u00e9rence au b\u00e2ti ancien et s\u2019y subordonnent. On parvient ainsi \u00e0 densifier le groupe architectural de mani\u00e8re soign\u00e9e et \u00e0 red\u00e9finir ce petit secteur d\u2019une mani\u00e8re tr\u00e8s naturelle.<\/p>\n<\/div><div class=\"sia-beratung-db-slide-text\" data-index=\"2\" style=\"display:none;\"><p class=\"translation-block\">Les b\u00e2tisses et leurs toits d\u00e9bordants font l\u2019effet d\u2019un hameau agripp\u00e9 autour de l\u2019\u00e9glise et du manoir. Avant la revalorisation, l\u2019ancienne \u00e9cole \u00e9tait utilis\u00e9e comme remise. \u00c0 proximit\u00e9, deux fermes \u00e9taient mal entretenues. La situation \u00e9tait peu r\u00e9jouissante. La commune a pris les choses en main&nbsp;: elle a lanc\u00e9 un concours, qui lui a permis de rassembler une s\u00e9lection d\u2019excellentes id\u00e9es.<br \/>\nL\u2019int\u00e9gration des nouveaux b\u00e2timents dans un site construit qui figure dans l\u2019Inventaire f\u00e9d\u00e9ral des sites construits d\u2019importance nationale \u00e0 prot\u00e9ger en Suisse (ISOS) a constitu\u00e9 un enjeu central. La commune a associ\u00e9 rapidement le service des biens culturels \u00e0 sa d\u00e9marche. La proc\u00e9dure a garanti que les qualit\u00e9s existantes soient reconnues et discut\u00e9es. \u00c0 Cressier, un nouveau contexte b\u00e2ti est cr\u00e9\u00e9 sans que les anciennes qualit\u00e9s soient perdues. Afin de relier entre eux les divers b\u00e2timents, tout l\u2019espace ext\u00e9rieur est pav\u00e9 de mani\u00e8re uniforme, r\u00e9unissant l\u2019ancien et le neuf dans un m\u00eame tissu. Le lieu qui en r\u00e9sulte a gard\u00e9 voire augment\u00e9 toutes les qualit\u00e9s du site original.<\/p>\n<\/div><div class=\"sia-beratung-db-slide-text\" data-index=\"3\" style=\"display:none;\"><p>La commune a construit les nouveaux logements aussi bien pour les r\u00e9sidents du village que pour de nouveaux habitants. Cressier a r\u00e9sist\u00e9 \u00e0 la tentation de vendre les 19 appartements \u00e0 un prix \u00e9lev\u00e9&nbsp;: ils sont mis en location pour un loyer correspondant au segment interm\u00e9diaire. La typologie des b\u00e2timents est con\u00e7ue de sorte que chaque appartement dispose de sa propre entr\u00e9e au niveau du rez-de-chauss\u00e9e. On garantit ainsi de mani\u00e8re pragmatique que chaque coin du hameau reste anim\u00e9.<\/p>\n<\/div><div class=\"sia-beratung-db-slide-text\" data-index=\"4\" style=\"display:none;\"><p>Le projet se fonde sur une approche communautaire soutenue et v\u00e9cue par tous les acteurs. En t\u00e9moigne le nouveau b\u00e2timent abritant un local polyvalent, une buanderie et le chauffage \u00e0 pellets. Il s\u2019agit l\u00e0 d\u2019une exception en un lieu o\u00f9 le fromage est certes fabriqu\u00e9 de mani\u00e8re coop\u00e9rative\u2026 mais o\u00f9 l\u2019habitat \u00e9tait jusqu\u2019ici une affaire priv\u00e9e.<\/p>\n<\/div><\/div><div class=\"sia-beratung-db-filterbox\"><label class=\"toggle\" onclick=\"return window.siaBeratung.toggleFilterBox(this);\"><span>Construire dans le b\u00e2ti existant<\/span><span>Dialogue<\/span><span>Hochparterre<\/span><span>D\u00e9veloppement \u00e0 l\u2019int\u00e9rieur du milieu b\u00e2ti<\/span><span>Inventaires<\/span><span>Projets de construction communaux<\/span><span>Politique immobili\u00e8re<\/span><span>Espace public<\/span><span>Sites construits<\/span><span>Proc\u00e9dures d\u2019assurance qualit\u00e9<\/span><span>Divers<\/span><\/label><div class=\"options\"><a href=\"#\" onclick=\"return window.siaBeratung.setFilterBoxFilter(135);\">Construire dans le b\u00e2ti existant<\/a><a href=\"#\" onclick=\"return window.siaBeratung.setFilterBoxFilter(139);\">Dialogue<\/a><a href=\"#\" onclick=\"return window.siaBeratung.setFilterBoxFilter(268);\">Hochparterre<\/a><a href=\"#\" onclick=\"return window.siaBeratung.setFilterBoxFilter(142);\">D\u00e9veloppement \u00e0 l\u2019int\u00e9rieur du milieu b\u00e2ti<\/a><a href=\"#\" onclick=\"return window.siaBeratung.setFilterBoxFilter(160);\">Inventaires<\/a><a href=\"#\" onclick=\"return window.siaBeratung.setFilterBoxFilter(161);\">Projets de construction communaux<\/a><a href=\"#\" onclick=\"return window.siaBeratung.setFilterBoxFilter(145);\">Politique immobili\u00e8re<\/a><a href=\"#\" onclick=\"return window.siaBeratung.setFilterBoxFilter(149);\">Espace public<\/a><a href=\"#\" onclick=\"return window.siaBeratung.setFilterBoxFilter(150);\">Sites construits<\/a><a href=\"#\" onclick=\"return window.siaBeratung.setFilterBoxFilter(166);\">Proc\u00e9dures d\u2019assurance qualit\u00e9<\/a><a href=\"#\" onclick=\"return window.siaBeratung.setFilterBoxFilter(267);\">Divers<\/a><a href=\"#\" onclick=\"return window.siaBeratung.setFilterBoxFilter([135,139,142,145,149,150,160,161,166,267,268,288,289,290]);\">Alle Filter ausw\u00e4hlen<\/a><\/div><\/div><label class=\"sia-beratung-db-filterbox-spacer\">&nbsp;<\/label><\/div><a class=\"swiper-button swiper-button-next desktop\"><\/a><\/div><\/div><div class=\"sia-beratung-db-entry-searchtext\">cressier: innen- statt aussenentwicklung | l\u2019exemple de cressier montre qu\u2019il est tout \u00e0 fait possible de mettre en \u0153uvre un d\u00e9veloppement vers l\u2019int\u00e9rieur de qualit\u00e9 dans des villages figurant \u00e0 l\u2019inventaire f\u00e9d\u00e9ral des sites construits d\u2019importance nationale \u00e0 prot\u00e9ger en suisse (isos). en raison de l\u2019identit\u00e9 marqu\u00e9e de ces sites, il est m\u00eame possible que cela r\u00e9ussisse encore mieux qu\u2019ailleurs, et c\u2019est une chance pour les communes isos.r\u00f4le de la commune&nbsp;: lancer des processus, faire office de m\u00e9diateur, r\u00e9aliser, exploiterorganismes responsables\u00a0: communearchitecture&nbsp;: lvph architectes s\u00e0rl, pampignybureau d\u2019ing\u00e9nieurs&nbsp;: dma ing\u00e9nieurs sa, fribourgsource&nbsp;: hochparterre, bronzener hase in architektur (r\u00e9serv\u00e9 aux abonn\u00e9s), article 1 pdf, article 2 pdf | une d\u00e9cision du tribunal f\u00e9d\u00e9ral ouvre la voie\u2026\r\u00a9 rolf siegenthaler | le tribunal f\u00e9d\u00e9ral a contraint cressier \u00e0 renoncer \u00e0 d\u00e9limiter de nouvelles zones d\u2019habitation. suite \u00e0 cette d\u00e9cision, lors d\u2019une assembl\u00e9e communale, un jeune homme de la commune a lanc\u00e9 l\u2019id\u00e9e de revaloriser le noyau historique d\u00e9j\u00e0 bien d\u00e9labr\u00e9 du village. aussit\u00f4t dit, aussit\u00f4t fait&nbsp;!densifier le tissu existant en visant une culture du b\u00e2ti de qualit\u00e9 a constitu\u00e9 le fondement de la d\u00e9marche lanc\u00e9e \u00e0 cressier. le projet de construction villageoise men\u00e9 \u00e0 bien consistait \u00e0 refermer un vaste espace de cours en \u00e9difiant de nouveaux b\u00e2timents. le jury de la proc\u00e9dure de concours a appr\u00e9ci\u00e9 le grand respect avec lequel les auteurs du projet ont abord\u00e9 le lieu. slogan utilis\u00e9&nbsp;: \u00ab retour vers le futur \u00bb. les trois b\u00e2timents existants ont \u00e9t\u00e9 compl\u00e9t\u00e9s par trois nouvelles constructions, dont les mat\u00e9riaux et la forme font r\u00e9f\u00e9rence au b\u00e2ti ancien et s\u2019y subordonnent. on parvient ainsi \u00e0 densifier le groupe architectural de mani\u00e8re soign\u00e9e et \u00e0 red\u00e9finir ce petit secteur d\u2019une mani\u00e8re tr\u00e8s naturelle. | \u2026 \u00e0 une revalorisation du patrimoine b\u00e2ti\r\u00a9 rolf siegenthaler | les b\u00e2tisses et leurs toits d\u00e9bordants font l\u2019effet d\u2019un hameau agripp\u00e9 autour de l\u2019\u00e9glise et du manoir. avant la revalorisation, l\u2019ancienne \u00e9cole \u00e9tait utilis\u00e9e comme remise. \u00e0 proximit\u00e9, deux fermes \u00e9taient mal entretenues. la situation \u00e9tait peu r\u00e9jouissante. la commune a pris les choses en main&nbsp;: elle a lanc\u00e9 un concours, qui lui a permis de rassembler une s\u00e9lection d\u2019excellentes id\u00e9es.l\u2019int\u00e9gration des nouveaux b\u00e2timents dans un site construit qui figure dans l\u2019inventaire f\u00e9d\u00e9ral des sites construits d\u2019importance nationale \u00e0 prot\u00e9ger en suisse (isos) a constitu\u00e9 un enjeu central. la commune a associ\u00e9 rapidement le service des biens culturels \u00e0 sa d\u00e9marche. la proc\u00e9dure a garanti que les qualit\u00e9s existantes soient reconnues et discut\u00e9es. \u00e0 cressier, un nouveau contexte b\u00e2ti est cr\u00e9\u00e9 sans que les anciennes qualit\u00e9s soient perdues. afin de relier entre eux les divers b\u00e2timents, tout l\u2019espace ext\u00e9rieur est pav\u00e9 de mani\u00e8re uniforme, r\u00e9unissant l\u2019ancien et le neuf dans un m\u00eame tissu. le lieu qui en r\u00e9sulte a gard\u00e9 voire augment\u00e9 toutes les qualit\u00e9s du site original. | le noyau historique mal entretenu\u2026\r\u00a9 gemeinde cressier | la commune a construit les nouveaux logements aussi bien pour les r\u00e9sidents du village que pour de nouveaux habitants. cressier a r\u00e9sist\u00e9 \u00e0 la tentation de vendre les 19 appartements \u00e0 un prix \u00e9lev\u00e9&nbsp;: ils sont mis en location pour un loyer correspondant au segment interm\u00e9diaire. la typologie des b\u00e2timents est con\u00e7ue de sorte que chaque appartement dispose de sa propre entr\u00e9e au niveau du rez-de-chauss\u00e9e. on garantit ainsi de mani\u00e8re pragmatique que chaque coin du hameau reste anim\u00e9. | \u2026 c\u00e8de la place \u00e0 une revalorisation exemplaire\r\u00a9 rolf siegenthaler | le projet se fonde sur une approche communautaire soutenue et v\u00e9cue par tous les acteurs. en t\u00e9moigne le nouveau b\u00e2timent abritant un local polyvalent, une buanderie et le chauffage \u00e0 pellets. il s\u2019agit l\u00e0 d\u2019une exception en un lieu o\u00f9 le fromage est certes fabriqu\u00e9 de mani\u00e8re coop\u00e9rative\u2026 mais o\u00f9 l\u2019habitat \u00e9tait jusqu\u2019ici une affaire priv\u00e9e. | \u00a9 swisstopo | bauen im bestand | dialog | innenentwicklung | liegenschaftspolitik | \u00f6ffentlicher raum | ortsbilder | inventare | kommunale bauprojekte | qualit\u00e4tssichernde verfahren | verschiedene | hochparterre | de | fr | it<\/div><\/article><article class=\"sia-beratung-db-entry\" data-id=\"1625\" data-cpt=\"sia-angebote\" data-slug=\"solarkultur\" data-lang-slug-de_de=\"\" data-lang-slug-en_gb=\"\" data-lang-slug-fr_fr=\"\" data-lang-slug-it_it=\"\" data-lat=\"53.5507112\" data-lng=\"10.0006485\" data-filter-135=\"1\" data-filter-140=\"1\" data-filter-142=\"1\" data-filter-143=\"1\" data-filter-148=\"1\" data-filter-156=\"1\" data-filter-177=\"1\" data-filter-270=\"1\" data-filter-288=\"1\" data-filter-289=\"1\" data-filter-290=\"1\" data-all-filter=\"135,140,142,143,148,156,177,270,288,289,290\"><div class=\"sia-beratung-db-entry-header\" onclick=\"return window.siaBeratung.toggleCpt(this);\"><div class=\"col-1\">Culture solaire<\/div><div class=\"col-2\"><span>OFC Office f\u00e9d\u00e9ral de la culture<\/span><\/div><div class=\"col-3\"><span>Guide<\/span><\/div><div class=\"sia-beratung-db-angle\"><span class=\"sia-beratung-angle\"><\/span><\/div><\/div><div class=\"sia-beratung-db-entry-content\"><div class=\"sia-beratung-db-entry-content-columns\"><div class=\"col-1\"><p>La brochure \u00ab Culture solaire \u00bb, publi\u00e9e par l\u2019Office f\u00e9d\u00e9ral de la culture (OFC), propose aux communes des moyens de concilier l\u2019\u00e9nergie solaire et une culture du b\u00e2ti de qualit\u00e9. Elle montre comment des planifications \u00e0 large \u00e9chelle territoriale peuvent simplifier la recherche de solutions appropri\u00e9es.<\/p>\n<\/div><div class=\"col-2\"><\/div><\/div><div class=\"sia-beratung-db-entry-footer\"><div class=\"col-1\"><a href=\"https:\/\/www.bak.admin.ch\/bak\/fr\/home\/actualites\/nsb-news.msg-id-74986.html\" class=\"sia-beratung-db-entry-link\" target=\"_blank\" rel=\"noopener\">Link zum Angebot<\/a><\/div><div class=\"col-2\"><div class=\"sia-beratung-db-filterbox\"><label class=\"toggle\" onclick=\"return window.siaBeratung.toggleFilterBox(this);\"><span>Guide<\/span><span>OFC Office f\u00e9d\u00e9ral de la culture<\/span><span>Construire dans le b\u00e2ti existant<\/span><span>Conseil par les communes<\/span><span>Energie<\/span><span>D\u00e9veloppement \u00e0 l\u2019int\u00e9rieur du milieu b\u00e2ti<\/span><span>Climat<\/span><span>Durabilit\u00e9<\/span><\/label><div class=\"options\"><a href=\"#\" onclick=\"return window.siaBeratung.setFilterBoxFilter(270);\">Guide<\/a><a href=\"#\" onclick=\"return window.siaBeratung.setFilterBoxFilter(177);\">OFC Office f\u00e9d\u00e9ral de la culture<\/a><a href=\"#\" onclick=\"return window.siaBeratung.setFilterBoxFilter(135);\">Construire dans le b\u00e2ti existant<\/a><a href=\"#\" onclick=\"return window.siaBeratung.setFilterBoxFilter(156);\">Conseil par les communes<\/a><a href=\"#\" onclick=\"return window.siaBeratung.setFilterBoxFilter(140);\">Energie<\/a><a href=\"#\" onclick=\"return window.siaBeratung.setFilterBoxFilter(142);\">D\u00e9veloppement \u00e0 l\u2019int\u00e9rieur du milieu b\u00e2ti<\/a><a href=\"#\" onclick=\"return window.siaBeratung.setFilterBoxFilter(143);\">Climat<\/a><a href=\"#\" onclick=\"return window.siaBeratung.setFilterBoxFilter(148);\">Durabilit\u00e9<\/a><a href=\"#\" onclick=\"return window.siaBeratung.setFilterBoxFilter([135,140,142,143,148,156,177,270,288,289,290]);\">Alle Filter ausw\u00e4hlen<\/a><\/div><\/div><label class=\"sia-beratung-db-filterbox-spacer\">&nbsp;<\/label><\/div><\/div><\/div><div class=\"sia-beratung-db-entry-searchtext\">solarkultur | la brochure \u00ab culture solaire \u00bb, publi\u00e9e par l\u2019office f\u00e9d\u00e9ral de la culture (ofc), propose aux communes des moyens de concilier l\u2019\u00e9nergie solaire et une culture du b\u00e2ti de qualit\u00e9. elle montre comment des planifications \u00e0 large \u00e9chelle territoriale peuvent simplifier la recherche de solutions appropri\u00e9es. | bauen im bestand | energie | innenentwicklung | klima | nachhaltigkeit | beratung durch gemeinden | bak bundesamt f\u00fcr kultur | arbeitshilfe | de | fr | it<\/div><\/article><article class=\"sia-beratung-db-entry\" data-id=\"5247\" data-cpt=\"sia-angebote\" data-slug=\"dank-rollenklarheit-souveraen-moderieren-ein-spickzettel-auch-fuer-berufspraktikerinnen\" data-lang-slug-de_de=\"\" data-lang-slug-en_gb=\"\" data-lang-slug-fr_fr=\"\" data-lang-slug-it_it=\"\" data-lat=\"53.5507112\" data-lng=\"10.0008202\" data-filter-139=\"1\" data-filter-146=\"1\" data-filter-206=\"1\" data-filter-270=\"1\" data-filter-288=\"1\" data-all-filter=\"139,146,206,270,288\"><div class=\"sia-beratung-db-entry-header\" onclick=\"return window.siaBeratung.toggleCpt(this);\"><div class=\"col-1\">Dank Rollenklarheit souver\u00e4n moderieren &#8211; ein Spickzettel (auch) f\u00fcr Berufspraktiker:innen<\/div><div class=\"col-2\"><span>OST Ostschweizer Fachhochschule<\/span><\/div><div class=\"col-3\"><span>Guide<\/span><\/div><div class=\"sia-beratung-db-angle\"><span class=\"sia-beratung-angle\"><\/span><\/div><\/div><div class=\"sia-beratung-db-entry-content\"><div class=\"sia-beratung-db-entry-content-columns\"><div class=\"col-1\"><p>Die Komplexit\u00e4t der Planung nimmt stetig zu, auch weil sie eine verst\u00e4rkte Beteiligung erfordert. Planer:innen m\u00fcssen nicht nur planen, sondern als Moderator:innen agieren k\u00f6nnen. Die OST Ostschweizer Fachhochschule setzt im Studiengang Stadt, Verkehrs- und Raumplanung (SVR) daher verst\u00e4rkt auf die Entwicklung guter Moderationsf\u00e4higkeiten\u00a0und der Kl\u00e4rung der eigenen Rolle. Ziel\u00a0dieses Lernprozesses\u00a0ist es, dass sich die Studierenden in der Doppelrolle als Expert:in und Moderator:in \u00fcben.\u00a0Die Erkenntnisse aus diesem Lernfokus wurden in einem Merkblatt zusammengefasst. Damit m\u00f6chten wir auch Berufspraktiker:innen, die nur gelegentlich moderieren, die M\u00f6glichkeit geben, davon zu profitieren.<\/p>\n<\/div><div class=\"col-2\"><\/div><\/div><div class=\"sia-beratung-db-entry-footer\"><div class=\"col-1\"><a href=\"https:\/\/zenodo.org\/records\/11183982\" class=\"sia-beratung-db-entry-link\" target=\"_blank\" rel=\"noopener\">Link zum Angebot<\/a><\/div><div class=\"col-2\"><div class=\"sia-beratung-db-filterbox\"><label class=\"toggle\" onclick=\"return window.siaBeratung.toggleFilterBox(this);\"><span>Guide<\/span><span>Dialogue<\/span><span>Participation<\/span><span>OST Ostschweizer Fachhochschule<\/span><\/label><div class=\"options\"><a href=\"#\" onclick=\"return window.siaBeratung.setFilterBoxFilter(270);\">Guide<\/a><a href=\"#\" onclick=\"return window.siaBeratung.setFilterBoxFilter(139);\">Dialogue<\/a><a href=\"#\" onclick=\"return window.siaBeratung.setFilterBoxFilter(146);\">Participation<\/a><a href=\"#\" onclick=\"return window.siaBeratung.setFilterBoxFilter(206);\">OST Ostschweizer Fachhochschule<\/a><a href=\"#\" onclick=\"return window.siaBeratung.setFilterBoxFilter([139,146,206,270,288]);\">Alle Filter ausw\u00e4hlen<\/a><\/div><\/div><label class=\"sia-beratung-db-filterbox-spacer\">&nbsp;<\/label><\/div><\/div><\/div><div class=\"sia-beratung-db-entry-searchtext\">dank rollenklarheit souver\u00e4n moderieren - ein spickzettel (auch) f\u00fcr berufspraktiker:innen | die komplexit\u00e4t der planung nimmt stetig zu, auch weil sie eine verst\u00e4rkte beteiligung erfordert. planer:innen m\u00fcssen nicht nur planen, sondern als moderator:innen agieren k\u00f6nnen. die ost ostschweizer fachhochschule setzt im studiengang stadt, verkehrs- und raumplanung (svr) daher verst\u00e4rkt auf die entwicklung guter moderationsf\u00e4higkeiten\u00a0und der kl\u00e4rung der eigenen rolle. ziel\u00a0dieses lernprozesses\u00a0ist es, dass sich die studierenden in der doppelrolle als expert:in und moderator:in \u00fcben.\u00a0die erkenntnisse aus diesem lernfokus wurden in einem merkblatt zusammengefasst. damit m\u00f6chten wir auch berufspraktiker:innen, die nur gelegentlich moderieren, die m\u00f6glichkeit geben, davon zu profitieren. | dialog | mitwirkung | ost ostschweizer fachhochschule | arbeitshilfe | de<\/div><\/article><article class=\"sia-beratung-db-entry\" data-id=\"5628\" data-cpt=\"sia-beispiele\" data-slug=\"delsberg-hohe-baukultur-als-hochwasserschutz\" data-lang-slug-de_de=\"\" data-lang-slug-en_gb=\"\" data-lang-slug-fr_fr=\"\" data-lang-slug-it_it=\"\" data-lat=\"47.3669085\" data-lng=\"7.3606682\" data-filter-136=\"1\" data-filter-143=\"1\" data-filter-144=\"1\" data-filter-149=\"1\" data-filter-151=\"1\" data-filter-152=\"1\" data-filter-161=\"1\" data-filter-163=\"1\" data-filter-167=\"1\" data-all-filter=\"136,143,144,149,151,152,161,163,167\"><div class=\"sia-beratung-db-entry-header\" onclick=\"return window.siaBeratung.toggleCpt(this);\"><div class=\"col-1\">Del\u00e9mont: mar\u00e9e basse et haute qualit\u00e9<\/div><div class=\"col-2\">Del\u00e9mont, JU<\/div><div class=\"sia-beratung-db-angle\"><span class=\"sia-beratung-angle\"><\/span><\/div><\/div><div class=\"sia-beratung-db-entry-content\"><div class=\"sia-beratung-db-entry-content-columns\"><div class=\"col-1\"><div class=\"sia-beratung-db-entry-slides\"><div class=\"sia-beratung-db-entry-swiper\"><div class=\"swiper-wrapper\"><div class=\"swiper-slide\"><img loading=\"lazy\" decoding=\"async\" src=\"https:\/\/baukulturschweiz.ch\/wp-content\/uploads\/2025\/12\/Photo-1-5-1024x768.jpg\" width=\"1024\" height=\"768\" \/><\/div><div class=\"swiper-slide\"><img loading=\"lazy\" decoding=\"async\" src=\"https:\/\/baukulturschweiz.ch\/wp-content\/uploads\/2026\/02\/Masteplan-1024x768.jpg\" width=\"1024\" height=\"768\" \/><\/div><div class=\"swiper-slide\"><img loading=\"lazy\" decoding=\"async\" src=\"https:\/\/baukulturschweiz.ch\/wp-content\/uploads\/2025\/12\/Photo-2-4-1024x576.jpg\" width=\"1024\" height=\"576\" \/><\/div><div class=\"swiper-slide\"><img loading=\"lazy\" decoding=\"async\" src=\"https:\/\/baukulturschweiz.ch\/wp-content\/uploads\/2026\/02\/Delemont.png\" width=\"825\" height=\"616\" \/><\/div><\/div><\/div><a class=\"swiper-button swiper-button-prev\"><\/a><a class=\"swiper-button swiper-button-next mobile\"><\/a><div class=\"sia-beratung-db-slide-legends\"><small data-index=\"0\">Les berges \u00e9largies contre les crues servent de parc pour les habitant-es \u00a9 Alain Beuret, EspaceSuisse<\/small><small data-index=\"1\" style=\"display:none;\">La Sorne fait l\u2019objet de cinq plans de quartier \u00a9 Ville de Del\u00e9mont<\/small><small data-index=\"2\" style=\"display:none;\">Renaturation de la Sorne \u00a9 Alain Beuret, EspaceSuisse<\/small><small data-index=\"3\" style=\"display:none;\">\u00a9 Swisstopo<\/small><small class=\"pageNo\">1\/4<\/small><\/div><\/div><\/div><div class=\"col-2\"><div class=\"sia-beratung-db-slide-texts\"><div class=\"sia-beratung-db-slide-text\" data-index=\"0\"><p>En 2007, Del\u00e9mont subit d\u2019importantes inondations, causant plus de 30 millions de francs de d\u00e9g\u00e2ts. Cet \u00e9v\u00e9nement alerte sur la n\u00e9cessit\u00e9 d\u2019adapter la ville aux impacts du changement climatique. Le chef-lieu de 12&#8217;500 habitant-es lance alors une conception directrice, organis\u00e9e en plusieurs \u00e9tapes, visant \u00e0 renaturer les berges de la rivi\u00e8re Sorne et \u00e0 mieux g\u00e9rer les risques li\u00e9s aux crues.<\/p>\n<p>&nbsp;<\/p>\n<div class=\"flex flex-col text-sm pb-25\">\n<article class=\"text-token-text-primary w-full focus:outline-none [--shadow-height:45px] has-data-writing-block:pointer-events-none has-data-writing-block:-mt-(--shadow-height) has-data-writing-block:pt-(--shadow-height) [&amp;:has([data-writing-block])&gt;*]:pointer-events-auto scroll-mt-[calc(var(--header-height)+min(200px,max(70px,20svh)))]\" dir=\"auto\" data-turn-id=\"request-WEB:2564d525-4bf8-4116-a0e8-73b6b783a59f-5\" data-testid=\"conversation-turn-12\" data-scroll-anchor=\"true\" data-turn=\"assistant\">\n<div class=\"text-base my-auto mx-auto pb-10 [--thread-content-margin:--spacing(4)] @w-sm\/main:[--thread-content-margin:--spacing(6)] @w-lg\/main:[--thread-content-margin:--spacing(16)] px-(--thread-content-margin)\">\n<div class=\"[--thread-content-max-width:40rem] @w-lg\/main:[--thread-content-max-width:48rem] mx-auto max-w-(--thread-content-max-width) flex-1 group\/turn-messages focus-visible:outline-hidden relative flex w-full min-w-0 flex-col agent-turn\">\n<div class=\"flex max-w-full flex-col grow\">\n<div class=\"min-h-8 text-message relative flex w-full flex-col items-end gap-2 text-start break-words whitespace-normal [.text-message+&amp;]:mt-1\" dir=\"auto\" data-message-author-role=\"assistant\" data-message-id=\"ddbf4db3-850e-4dbd-a7a8-f474a0c1b7f4\" data-message-model-slug=\"gpt-5-2\">\n<div class=\"flex w-full flex-col gap-1 empty:hidden first:pt-[1px]\">\n<div class=\"markdown prose dark:prose-invert w-full wrap-break-word light markdown-new-styling\">\n<p data-start=\"0\" data-end=\"153\" data-is-last-node=\"\" data-is-only-node=\"\"><strong>Organisme responsable:<\/strong> commune de Del\u00e9mont<br data-start=\"42\" data-end=\"45\" \/><strong>R\u00f4le de la commune:<\/strong> \u00e9couter, peser les int\u00e9r\u00eats, coordonner, planifier, financer, mettre en \u0153uvre.<br data-start=\"143\" data-end=\"146\" \/><strong>Source: <\/strong><a href=\"https:\/\/www.densipedia.ch\/fr\/maree-basse-et-qualite-haute\">Densipedia<\/a><\/p>\n<\/div>\n<\/div>\n<\/div>\n<\/div>\n<div class=\"z-0 flex min-h-[46px] justify-start\"><\/div>\n<\/div>\n<\/div>\n<\/article>\n<\/div>\n<div class=\"pointer-events-none h-px w-px absolute bottom-0\" aria-hidden=\"true\" data-edge=\"true\"><\/div>\n<\/div><div class=\"sia-beratung-db-slide-text\" data-index=\"1\" style=\"display:none;\"><p>D\u00e8s le d\u00e9part, un dialogue participatif est mis sur pied avec les habitant-es, les associations de protection de l\u2019environnement, les autorit\u00e9s municipales et les financeurs. En 2009, un cr\u00e9dit de 15 millions de francs est vot\u00e9, dont 5,47 millions \u00e0 la charge de la commune, afin de financer le projet \u00ab Del\u00e9mont Mar\u00e9e Basse \u00bb. La Sorne est alors divis\u00e9e en plusieurs secteurs, chacun faisant l\u2019objet d\u2019un plan de quartier sp\u00e9cifique, avec des mesures cibl\u00e9es comme la restauration de la biodiversit\u00e9, la revitalisation du cours d\u2019eau, la cr\u00e9ation de parcs urbains ou encore des espaces de jeux qui servent aussi de zones tampons lors des crues.<\/p>\n<\/div><div class=\"sia-beratung-db-slide-text\" data-index=\"2\" style=\"display:none;\"><p>Pour respecter ses contraintes budg\u00e9taires, la ville adopte un phasage des travaux s\u2019\u00e9talant sur une quinzaine d\u2019ann\u00e9es, de 2010 \u00e0 2025. Par ailleurs, un partenariat avec un propri\u00e9taire priv\u00e9 permet la cession gratuite de 14\u2019000 m\u00b2 de terrains indispensables \u00e0 l\u2019\u00e9largissement de la rivi\u00e8re, en \u00e9change de droits \u00e0 b\u00e2tir suppl\u00e9mentaires. En parall\u00e8le, un rapprochement entre l\u2019urbaniste et l\u2019ing\u00e9nieur communal aboutit \u00e0 la fusion de leurs services respectifs, donnant naissance au Service de l\u2019urbanisme, de l\u2019environnement et des travaux publics (UETP). Cette fusion assure un pilotage coh\u00e9rent et efficace du projet.<\/p>\n<\/div><div class=\"sia-beratung-db-slide-text\" data-index=\"3\" style=\"display:none;\"><p>Un premier plan de quartier a \u00e9t\u00e9 r\u00e9alis\u00e9, dans un tron\u00e7on de la Sorne peu urbanis\u00e9 aux abords de la ville. Celui-ci visait \u00e0 favoriser la biodiversit\u00e9 ainsi que de cr\u00e9er des liaisons pi\u00e9tonnes et cyclables attractives. La planification d\u00e9coule de longues n\u00e9gociations avec les agriculteurs pour concilier usages r\u00e9cr\u00e9atifs et am\u00e9nagements paysagers. En 2025, le projet atteint une \u00e9tape cl\u00e9 avec l\u2019ach\u00e8vement d\u2019un parc lin\u00e9aire bordant la Sorne. Pens\u00e9 comme espace public multifonctionnel, il joue le r\u00f4le de zone d\u2019expansion en cas de crue, tout en offrant un cadre de vie qualitatif : itin\u00e9raires pour les mobilit\u00e9s douces, jeux pour enfants, acc\u00e8s \u00e0 l\u2019eau. Les derni\u00e8res interventions, situ\u00e9es au c\u0153ur de la ville, sont les plus complexes : elles s\u2019inscrivent dans un tissu b\u00e2ti ancien, avec des monuments \u00e0 pr\u00e9server.<\/p>\n<\/div><\/div><div class=\"sia-beratung-db-filterbox\"><label class=\"toggle\" onclick=\"return window.siaBeratung.toggleFilterBox(this);\"><span>Biodiversit\u00e9<\/span><span>Climat<\/span><span>Projets de construction communaux<\/span><span>Paysage<\/span><span>Plans d\u2019affectation<\/span><span>Espace public<\/span><span>Outils de planification<\/span><span>Processus<\/span><span>Strat\u00e9gies de d\u00e9veloppement territorial<\/span><\/label><div class=\"options\"><a href=\"#\" onclick=\"return window.siaBeratung.setFilterBoxFilter(136);\">Biodiversit\u00e9<\/a><a href=\"#\" onclick=\"return window.siaBeratung.setFilterBoxFilter(143);\">Climat<\/a><a href=\"#\" onclick=\"return window.siaBeratung.setFilterBoxFilter(161);\">Projets de construction communaux<\/a><a href=\"#\" onclick=\"return window.siaBeratung.setFilterBoxFilter(144);\">Paysage<\/a><a href=\"#\" onclick=\"return window.siaBeratung.setFilterBoxFilter(163);\">Plans d\u2019affectation<\/a><a href=\"#\" onclick=\"return window.siaBeratung.setFilterBoxFilter(149);\">Espace public<\/a><a href=\"#\" onclick=\"return window.siaBeratung.setFilterBoxFilter(151);\">Outils de planification<\/a><a href=\"#\" onclick=\"return window.siaBeratung.setFilterBoxFilter(152);\">Processus<\/a><a href=\"#\" onclick=\"return window.siaBeratung.setFilterBoxFilter(167);\">Strat\u00e9gies de d\u00e9veloppement territorial<\/a><a href=\"#\" onclick=\"return window.siaBeratung.setFilterBoxFilter([136,143,144,149,151,152,161,163,167]);\">Alle Filter ausw\u00e4hlen<\/a><\/div><\/div><label class=\"sia-beratung-db-filterbox-spacer\">&nbsp;<\/label><\/div><a class=\"swiper-button swiper-button-next desktop\"><\/a><\/div><\/div><div class=\"sia-beratung-db-entry-searchtext\">delsberg: hohe baukultur als hochwasserschutz | en 2007, del\u00e9mont subit d\u2019importantes inondations, causant plus de 30 millions de francs de d\u00e9g\u00e2ts. cet \u00e9v\u00e9nement alerte sur la n\u00e9cessit\u00e9 d\u2019adapter la ville aux impacts du changement climatique. le chef-lieu de 12&#8217;500 habitant-es lance alors une conception directrice, organis\u00e9e en plusieurs \u00e9tapes, visant \u00e0 renaturer les berges de la rivi\u00e8re sorne et \u00e0 mieux g\u00e9rer les risques li\u00e9s aux crues.&nbsp;organisme responsable: commune de del\u00e9montr\u00f4le de la commune: \u00e9couter, peser les int\u00e9r\u00eats, coordonner, planifier, financer, mettre en \u0153uvre.source: densipedia | les berges \u00e9largies contre les crues servent de parc pour les habitant-es \u00a9 alain beuret, espacesuisse | d\u00e8s le d\u00e9part, un dialogue participatif est mis sur pied avec les habitant-es, les associations de protection de l\u2019environnement, les autorit\u00e9s municipales et les financeurs. en 2009, un cr\u00e9dit de 15 millions de francs est vot\u00e9, dont 5,47 millions \u00e0 la charge de la commune, afin de financer le projet \u00ab del\u00e9mont mar\u00e9e basse \u00bb. la sorne est alors divis\u00e9e en plusieurs secteurs, chacun faisant l\u2019objet d\u2019un plan de quartier sp\u00e9cifique, avec des mesures cibl\u00e9es comme la restauration de la biodiversit\u00e9, la revitalisation du cours d\u2019eau, la cr\u00e9ation de parcs urbains ou encore des espaces de jeux qui servent aussi de zones tampons lors des crues. | la sorne fait l\u2019objet de cinq plans de quartier \u00a9 ville de del\u00e9mont | pour respecter ses contraintes budg\u00e9taires, la ville adopte un phasage des travaux s\u2019\u00e9talant sur une quinzaine d\u2019ann\u00e9es, de 2010 \u00e0 2025. par ailleurs, un partenariat avec un propri\u00e9taire priv\u00e9 permet la cession gratuite de 14\u2019000 m\u00b2 de terrains indispensables \u00e0 l\u2019\u00e9largissement de la rivi\u00e8re, en \u00e9change de droits \u00e0 b\u00e2tir suppl\u00e9mentaires. en parall\u00e8le, un rapprochement entre l\u2019urbaniste et l\u2019ing\u00e9nieur communal aboutit \u00e0 la fusion de leurs services respectifs, donnant naissance au service de l\u2019urbanisme, de l\u2019environnement et des travaux publics (uetp). cette fusion assure un pilotage coh\u00e9rent et efficace du projet. | renaturation de la sorne \u00a9 alain beuret, espacesuisse | un premier plan de quartier a \u00e9t\u00e9 r\u00e9alis\u00e9, dans un tron\u00e7on de la sorne peu urbanis\u00e9 aux abords de la ville. celui-ci visait \u00e0 favoriser la biodiversit\u00e9 ainsi que de cr\u00e9er des liaisons pi\u00e9tonnes et cyclables attractives. la planification d\u00e9coule de longues n\u00e9gociations avec les agriculteurs pour concilier usages r\u00e9cr\u00e9atifs et am\u00e9nagements paysagers. en 2025, le projet atteint une \u00e9tape cl\u00e9 avec l\u2019ach\u00e8vement d\u2019un parc lin\u00e9aire bordant la sorne. pens\u00e9 comme espace public multifonctionnel, il joue le r\u00f4le de zone d\u2019expansion en cas de crue, tout en offrant un cadre de vie qualitatif : itin\u00e9raires pour les mobilit\u00e9s douces, jeux pour enfants, acc\u00e8s \u00e0 l\u2019eau. les derni\u00e8res interventions, situ\u00e9es au c\u0153ur de la ville, sont les plus complexes : elles s\u2019inscrivent dans un tissu b\u00e2ti ancien, avec des monuments \u00e0 pr\u00e9server. | \u00a9 swisstopo | biodiversit\u00e4t | klima | landschaft | \u00f6ffentlicher raum | planungsinstrumente | prozesse | kommunale bauprojekte | nutzungsplanung | r\u00e4umliche entwicklungsleitbilder<\/div><\/article><article class=\"sia-beratung-db-entry\" data-id=\"1661\" data-cpt=\"sia-ausbildung\" data-slug=\"denkmalpflege-und-konstruktionsgeschichte\" data-lang-slug-de_de=\"\" data-lang-slug-en_gb=\"\" data-lang-slug-fr_fr=\"\" data-lang-slug-it_it=\"\" data-lat=\"47.4085699595257\" data-lng=\"8.50618101148507\" data-filter-135=\"1\" data-filter-138=\"1\" data-filter-150=\"1\" data-filter-157=\"1\" data-filter-160=\"1\" data-filter-197=\"1\" data-filter-282=\"1\" data-filter-288=\"1\" data-all-filter=\"135,138,150,157,160,197,282,288\"><div class=\"sia-beratung-db-entry-header\" onclick=\"return window.siaBeratung.toggleCpt(this);\"><div class=\"col-1\">Denkmalpflege und Konstruktionsgeschichte<\/div><div class=\"col-2\"><span>ETHZ<\/span><\/div><div class=\"col-3\"><span>MAS<\/span><\/div><div class=\"sia-beratung-db-angle\"><span class=\"sia-beratung-angle\"><\/span><\/div><\/div><div class=\"sia-beratung-db-entry-content\"><div class=\"sia-beratung-db-entry-content-columns\"><div class=\"col-1\"><p>Der MAS zeichnet sich durch ein umfassendes und methodenorientiertes Ausbildungskonzept aus, das hohe akademische Anspr\u00fcche mit Praxisbezug kombiniert. Das Programm vermittelt spezifische Fachkompetenzen und f\u00f6rdert die fundierte Urteilsf\u00e4higkeit. Dies macht die universit\u00e4re Weiterbildung in der Denkmalpflege und Konstruktionsgeschichte schweizweit einzigartig.<\/p>\n<\/div><div class=\"col-2\"><\/div><\/div><div class=\"sia-beratung-db-entry-footer\"><div class=\"col-1\"><a href=\"https:\/\/sce.ethz.ch\/programme-und-kurse\/suche-angebote\/mas\/mas-eth-in-denkmalpflege-und-konstruktionsgeschichte.html\" class=\"sia-beratung-db-entry-link\" target=\"_blank\" rel=\"noopener\">Link zum Angebot<\/a><\/div><div class=\"col-2\"><div class=\"sia-beratung-db-filterbox\"><label class=\"toggle\" onclick=\"return window.siaBeratung.toggleFilterBox(this);\"><span>Construire dans le b\u00e2ti existant<\/span><span>Monuments<\/span><span>ETHZ<\/span><span>Formation continue pour le personnel politique et administratif<\/span><span>Inventaires<\/span><span>MAS<\/span><span>Sites construits<\/span><\/label><div class=\"options\"><a href=\"#\" onclick=\"return window.siaBeratung.setFilterBoxFilter(135);\">Construire dans le b\u00e2ti existant<\/a><a href=\"#\" onclick=\"return window.siaBeratung.setFilterBoxFilter(138);\">Monuments<\/a><a href=\"#\" onclick=\"return window.siaBeratung.setFilterBoxFilter(197);\">ETHZ<\/a><a href=\"#\" onclick=\"return window.siaBeratung.setFilterBoxFilter(157);\">Formation continue pour le personnel politique et administratif<\/a><a href=\"#\" onclick=\"return window.siaBeratung.setFilterBoxFilter(160);\">Inventaires<\/a><a href=\"#\" onclick=\"return window.siaBeratung.setFilterBoxFilter(282);\">MAS<\/a><a href=\"#\" onclick=\"return window.siaBeratung.setFilterBoxFilter(150);\">Sites construits<\/a><a href=\"#\" onclick=\"return window.siaBeratung.setFilterBoxFilter([135,138,150,157,160,197,282,288]);\">Alle Filter ausw\u00e4hlen<\/a><\/div><\/div><label class=\"sia-beratung-db-filterbox-spacer\">&nbsp;<\/label><\/div><\/div><\/div><div class=\"sia-beratung-db-entry-searchtext\">denkmalpflege und konstruktionsgeschichte | der mas zeichnet sich durch ein umfassendes und methodenorientiertes ausbildungskonzept aus, das hohe akademische anspr\u00fcche mit praxisbezug kombiniert. das programm vermittelt spezifische fachkompetenzen und f\u00f6rdert die fundierte urteilsf\u00e4higkeit. dies macht die universit\u00e4re weiterbildung in der denkmalpflege und konstruktionsgeschichte schweizweit einzigartig. | bauen im bestand | denkm\u00e4ler | ortsbilder | fortbildung f\u00fcr politik und verwaltung | inventare | ethz eidgen\u00f6ssische technische hochschule z\u00fcrich | mas | de<\/div><\/article><article class=\"sia-beratung-db-entry\" data-id=\"1662\" data-cpt=\"sia-ausbildung\" data-slug=\"denkmalpflege-und-umnutzung\" data-lat=\"47.0624020457509\" data-lng=\"7.61420934217055\" data-filter-135=\"1\" data-filter-138=\"1\" data-filter-142=\"1\" data-filter-150=\"1\" data-filter-157=\"1\" data-filter-160=\"1\" data-filter-193=\"1\" data-filter-279=\"1\" data-filter-282=\"1\" data-filter-288=\"1\" data-all-filter=\"135,138,142,150,157,160,193,279,282,288\"><div class=\"sia-beratung-db-entry-header\" onclick=\"return window.siaBeratung.toggleCpt(this);\"><div class=\"col-1\">Denkmalpflege und Umnutzung<\/div><div class=\"col-2\"><span>FH Haute \u00e9cole sp\u00e9cialis\u00e9e de Berne<\/span><\/div><div class=\"col-3\"><span>Cours et colloques<\/span><span>MAS<\/span><\/div><div class=\"sia-beratung-db-angle\"><span class=\"sia-beratung-angle\"><\/span><\/div><\/div><div class=\"sia-beratung-db-entry-content\"><div class=\"sia-beratung-db-entry-content-columns\"><div class=\"col-1\"><p>Das praxisorientierte MAS bietet eine individuelle Weiterbildung in Denkmalpflege und Umnutzung. Die breite Auswahl von Modulen k\u00f6nnen nach Wahl belegt werden.<\/p>\n<\/div><div class=\"col-2\"><\/div><\/div><div class=\"sia-beratung-db-entry-footer\"><div class=\"col-1\"><a href=\"https:\/\/www.bfh.ch\/de\/weiterbildung\/mas\/denkmalpflege-umnutzung\/\" class=\"sia-beratung-db-entry-link\" target=\"_blank\" rel=\"noopener\">Link zum Angebot<\/a><\/div><div class=\"col-2\"><div class=\"sia-beratung-db-filterbox\"><label class=\"toggle\" onclick=\"return window.siaBeratung.toggleFilterBox(this);\"><span>Construire dans le b\u00e2ti existant<\/span><span>FH Haute \u00e9cole sp\u00e9cialis\u00e9e de Berne<\/span><span>Monuments<\/span><span>Formation continue pour le personnel politique et administratif<\/span><span>D\u00e9veloppement \u00e0 l\u2019int\u00e9rieur du milieu b\u00e2ti<\/span><span>Inventaires<\/span><span>Cours et colloques<\/span><span>MAS<\/span><span>Sites construits<\/span><\/label><div class=\"options\"><a href=\"#\" onclick=\"return window.siaBeratung.setFilterBoxFilter(135);\">Construire dans le b\u00e2ti existant<\/a><a href=\"#\" onclick=\"return window.siaBeratung.setFilterBoxFilter(193);\">FH Haute \u00e9cole sp\u00e9cialis\u00e9e de Berne<\/a><a href=\"#\" onclick=\"return window.siaBeratung.setFilterBoxFilter(138);\">Monuments<\/a><a href=\"#\" onclick=\"return window.siaBeratung.setFilterBoxFilter(157);\">Formation continue pour le personnel politique et administratif<\/a><a href=\"#\" onclick=\"return window.siaBeratung.setFilterBoxFilter(142);\">D\u00e9veloppement \u00e0 l\u2019int\u00e9rieur du milieu b\u00e2ti<\/a><a href=\"#\" onclick=\"return window.siaBeratung.setFilterBoxFilter(160);\">Inventaires<\/a><a href=\"#\" onclick=\"return window.siaBeratung.setFilterBoxFilter(279);\">Cours et colloques<\/a><a href=\"#\" onclick=\"return window.siaBeratung.setFilterBoxFilter(282);\">MAS<\/a><a href=\"#\" onclick=\"return window.siaBeratung.setFilterBoxFilter(150);\">Sites construits<\/a><a href=\"#\" onclick=\"return window.siaBeratung.setFilterBoxFilter([135,138,142,150,157,160,193,279,282,288]);\">Alle Filter ausw\u00e4hlen<\/a><\/div><\/div><label class=\"sia-beratung-db-filterbox-spacer\">&nbsp;<\/label><\/div><\/div><\/div><div class=\"sia-beratung-db-entry-searchtext\">denkmalpflege und umnutzung | das praxisorientierte mas bietet eine individuelle weiterbildung in denkmalpflege und umnutzung. die breite auswahl von modulen k\u00f6nnen nach wahl belegt werden. | bauen im bestand | denkm\u00e4ler | innenentwicklung | ortsbilder | fortbildung f\u00fcr politik und verwaltung | inventare | bfh berner fachhochschule | kurse und tagungen | mas | de<\/div><\/article><article class=\"sia-beratung-db-entry\" data-id=\"1563\" data-cpt=\"sia-angebote\" data-slug=\"densipedia\" data-lang-slug-de_de=\"\" data-lang-slug-en_gb=\"\" data-lang-slug-fr_fr=\"\" data-lang-slug-it_it=\"\" data-lat=\"53.5507112\" data-lng=\"10.0006485\" data-filter-135=\"1\" data-filter-137=\"1\" data-filter-139=\"1\" data-filter-140=\"1\" data-filter-142=\"1\" data-filter-143=\"1\" data-filter-144=\"1\" data-filter-146=\"1\" data-filter-147=\"1\" data-filter-148=\"1\" data-filter-149=\"1\" data-filter-150=\"1\" data-filter-151=\"1\" data-filter-152=\"1\" data-filter-154=\"1\" data-filter-157=\"1\" data-filter-161=\"1\" data-filter-162=\"1\" data-filter-163=\"1\" data-filter-164=\"1\" data-filter-166=\"1\" data-filter-167=\"1\" data-filter-169=\"1\" data-filter-246=\"1\" data-filter-283=\"1\" data-filter-288=\"1\" data-filter-289=\"1\" data-all-filter=\"135,137,139,140,142,143,144,146,147,148,149,150,151,152,154,157,161,162,163,164,166,167,169,246,283,288,289\"><div class=\"sia-beratung-db-entry-header\" onclick=\"return window.siaBeratung.toggleCpt(this);\"><div class=\"col-1\">Densipedia<\/div><div class=\"col-2\"><span>EspaceSuisse<\/span><\/div><div class=\"col-3\"><span>Plateforme<\/span><\/div><div class=\"sia-beratung-db-angle\"><span class=\"sia-beratung-angle\"><\/span><\/div><\/div><div class=\"sia-beratung-db-entry-content\"><div class=\"sia-beratung-db-entry-content-columns\"><div class=\"col-1\"><p>densipedia.ch est une plateforme d\u2019information en mati\u00e8re de d\u00e9veloppement vers l\u2019int\u00e9rieur et de densification en Suisse. Elle illustre et d\u00e9crit des exemples de d\u00e9veloppement int\u00e9rieur qui ont \u00e9t\u00e9 jug\u00e9s bons par les experts. Elle pr\u00e9cise les termes techniques et les outils d\u2019am\u00e9nagement du territoire qui servent \u00e0 promouvoir le d\u00e9veloppement vers l\u2019int\u00e9rieur et \u00e0 lutter contre le mitage du paysage.<\/p>\n<\/div><div class=\"col-2\"><\/div><\/div><div class=\"sia-beratung-db-entry-footer\"><div class=\"col-1\"><a href=\"https:\/\/www.densipedia.ch\/fr\" class=\"sia-beratung-db-entry-link\" target=\"_blank\" rel=\"noopener\">Link zum Angebot<\/a><\/div><div class=\"col-2\"><div class=\"sia-beratung-db-filterbox\"><label class=\"toggle\" onclick=\"return window.siaBeratung.toggleFilterBox(this);\"><span>Proc\u00e9dures d\u2019autorisation de construire<\/span><span>Construire dans le b\u00e2ti existant<\/span><span>Politique fonci\u00e8re<\/span><span>Dialogue<\/span><span>Energie<\/span><span>EspaceSuisse<\/span><span>Formation continue pour le personnel politique et administratif<\/span><span>D\u00e9veloppement \u00e0 l\u2019int\u00e9rieur du milieu b\u00e2ti<\/span><span>Climat<\/span><span>Projets de construction communaux<\/span><span>Paysage<\/span><span>Taxation de la plus-value<\/span><span>Participation<\/span><span>Mobilit\u00e9<\/span><span>Durabilit\u00e9<\/span><span>Plans d\u2019affectation<\/span><span>Espace public<\/span><span>Sites construits<\/span><span>Outils de planification<\/span><span>Plateforme<\/span><span>Partenariat public-priv\u00e9<\/span><span>Processus<\/span><span>Proc\u00e9dures d\u2019assurance qualit\u00e9<\/span><span>Strat\u00e9gies de d\u00e9veloppement territorial<\/span><span>Plans d\u2019affectation sp\u00e9ciaux<\/span><\/label><div class=\"options\"><a href=\"#\" onclick=\"return window.siaBeratung.setFilterBoxFilter(154);\">Proc\u00e9dures d\u2019autorisation de construire<\/a><a href=\"#\" onclick=\"return window.siaBeratung.setFilterBoxFilter(135);\">Construire dans le b\u00e2ti existant<\/a><a href=\"#\" onclick=\"return window.siaBeratung.setFilterBoxFilter(137);\">Politique fonci\u00e8re<\/a><a href=\"#\" onclick=\"return window.siaBeratung.setFilterBoxFilter(139);\">Dialogue<\/a><a href=\"#\" onclick=\"return window.siaBeratung.setFilterBoxFilter(140);\">Energie<\/a><a href=\"#\" onclick=\"return window.siaBeratung.setFilterBoxFilter(246);\">EspaceSuisse<\/a><a href=\"#\" onclick=\"return window.siaBeratung.setFilterBoxFilter(157);\">Formation continue pour le personnel politique et administratif<\/a><a href=\"#\" onclick=\"return window.siaBeratung.setFilterBoxFilter(142);\">D\u00e9veloppement \u00e0 l\u2019int\u00e9rieur du milieu b\u00e2ti<\/a><a href=\"#\" onclick=\"return window.siaBeratung.setFilterBoxFilter(143);\">Climat<\/a><a href=\"#\" onclick=\"return window.siaBeratung.setFilterBoxFilter(161);\">Projets de construction communaux<\/a><a href=\"#\" onclick=\"return window.siaBeratung.setFilterBoxFilter(144);\">Paysage<\/a><a href=\"#\" onclick=\"return window.siaBeratung.setFilterBoxFilter(162);\">Taxation de la plus-value<\/a><a href=\"#\" onclick=\"return window.siaBeratung.setFilterBoxFilter(146);\">Participation<\/a><a href=\"#\" onclick=\"return window.siaBeratung.setFilterBoxFilter(147);\">Mobilit\u00e9<\/a><a href=\"#\" onclick=\"return window.siaBeratung.setFilterBoxFilter(148);\">Durabilit\u00e9<\/a><a href=\"#\" onclick=\"return window.siaBeratung.setFilterBoxFilter(163);\">Plans d\u2019affectation<\/a><a href=\"#\" onclick=\"return window.siaBeratung.setFilterBoxFilter(149);\">Espace public<\/a><a href=\"#\" onclick=\"return window.siaBeratung.setFilterBoxFilter(150);\">Sites construits<\/a><a href=\"#\" onclick=\"return window.siaBeratung.setFilterBoxFilter(151);\">Outils de planification<\/a><a href=\"#\" onclick=\"return window.siaBeratung.setFilterBoxFilter(283);\">Plateforme<\/a><a href=\"#\" onclick=\"return window.siaBeratung.setFilterBoxFilter(164);\">Partenariat public-priv\u00e9<\/a><a href=\"#\" onclick=\"return window.siaBeratung.setFilterBoxFilter(152);\">Processus<\/a><a href=\"#\" onclick=\"return window.siaBeratung.setFilterBoxFilter(166);\">Proc\u00e9dures d\u2019assurance qualit\u00e9<\/a><a href=\"#\" onclick=\"return window.siaBeratung.setFilterBoxFilter(167);\">Strat\u00e9gies de d\u00e9veloppement territorial<\/a><a href=\"#\" onclick=\"return window.siaBeratung.setFilterBoxFilter(169);\">Plans d\u2019affectation sp\u00e9ciaux<\/a><a href=\"#\" onclick=\"return window.siaBeratung.setFilterBoxFilter([135,137,139,140,142,143,144,146,147,148,149,150,151,152,154,157,161,162,163,164,166,167,169,246,283,288,289]);\">Alle Filter ausw\u00e4hlen<\/a><\/div><\/div><label class=\"sia-beratung-db-filterbox-spacer\">&nbsp;<\/label><\/div><\/div><\/div><div class=\"sia-beratung-db-entry-searchtext\">densipedia | densipedia.ch est une plateforme d\u2019information en mati\u00e8re de d\u00e9veloppement vers l\u2019int\u00e9rieur et de densification en suisse. elle illustre et d\u00e9crit des exemples de d\u00e9veloppement int\u00e9rieur qui ont \u00e9t\u00e9 jug\u00e9s bons par les experts. elle pr\u00e9cise les termes techniques et les outils d\u2019am\u00e9nagement du territoire qui servent \u00e0 promouvoir le d\u00e9veloppement vers l\u2019int\u00e9rieur et \u00e0 lutter contre le mitage du paysage. | bauen im bestand | bodenpolitik | dialog | energie | innenentwicklung | klima | landschaft | mitwirkung | mobilit\u00e4t | nachhaltigkeit | \u00f6ffentlicher raum | ortsbilder | planungsinstrumente | prozesse | baubewilligungsverfahren | fortbildung f\u00fcr politik und verwaltung | kommunale bauprojekte | mehrwertabsch\u00f6pfung | nutzungsplanung | ppp | qualit\u00e4tssichernde verfahren | r\u00e4umliche entwicklungsleitbilder | sondernutzplanung | espacesuisse | plattform | de | fr<\/div><\/article><article class=\"sia-beratung-db-entry\" data-id=\"1564\" data-cpt=\"sia-angebote\" data-slug=\"details-zur-kommunalen-planung\" data-lat=\"53.5507112\" data-lng=\"10.0006485\" data-filter-139=\"1\" data-filter-142=\"1\" data-filter-163=\"1\" data-filter-167=\"1\" data-filter-227=\"1\" data-filter-270=\"1\" data-filter-288=\"1\" data-all-filter=\"139,142,163,167,227,270,288\"><div class=\"sia-beratung-db-entry-header\" onclick=\"return window.siaBeratung.toggleCpt(this);\"><div class=\"col-1\">Details zur kommunalen Planung<\/div><div class=\"col-2\"><span>Schaffhouse<\/span><\/div><div class=\"col-3\"><span>Guide<\/span><\/div><div class=\"sia-beratung-db-angle\"><span class=\"sia-beratung-angle\"><\/span><\/div><\/div><div class=\"sia-beratung-db-entry-content\"><div class=\"sia-beratung-db-entry-content-columns\"><div class=\"col-1\"><p>Die Innenentwicklung ist eine anspruchsvolle Aufgabe. Gleichzeitig werden heute neue Anforderungen an die Raumplanung der Gemeinden gestellt. Die Arbeitshilfe kommunale Planung dient den Gemeinden als Hilfestellung, um diese Aufgaben anzugehen und die neuen Anforderungen umzusetzen.<\/p>\n<\/div><div class=\"col-2\"><\/div><\/div><div class=\"sia-beratung-db-entry-footer\"><div class=\"col-1\"><a href=\"https:\/\/sh.ch\/CMS\/Webseite\/Kanton-Schaffhausen\/Beh-rde\/Verwaltung\/Baudepartement\/Planungs--und-Naturschutzamt\/Raumplanung\/Kommunale-Planung-1607765-DE.html\" class=\"sia-beratung-db-entry-link\" target=\"_blank\" rel=\"noopener\">Link zum Angebot<\/a><\/div><div class=\"col-2\"><div class=\"sia-beratung-db-filterbox\"><label class=\"toggle\" onclick=\"return window.siaBeratung.toggleFilterBox(this);\"><span>Guide<\/span><span>Dialogue<\/span><span>D\u00e9veloppement \u00e0 l\u2019int\u00e9rieur du milieu b\u00e2ti<\/span><span>Plans d\u2019affectation<\/span><span>Strat\u00e9gies de d\u00e9veloppement territorial<\/span><span>Schaffhouse<\/span><\/label><div class=\"options\"><a href=\"#\" onclick=\"return window.siaBeratung.setFilterBoxFilter(270);\">Guide<\/a><a href=\"#\" onclick=\"return window.siaBeratung.setFilterBoxFilter(139);\">Dialogue<\/a><a href=\"#\" onclick=\"return window.siaBeratung.setFilterBoxFilter(142);\">D\u00e9veloppement \u00e0 l\u2019int\u00e9rieur du milieu b\u00e2ti<\/a><a href=\"#\" onclick=\"return window.siaBeratung.setFilterBoxFilter(163);\">Plans d\u2019affectation<\/a><a href=\"#\" onclick=\"return window.siaBeratung.setFilterBoxFilter(167);\">Strat\u00e9gies de d\u00e9veloppement territorial<\/a><a href=\"#\" onclick=\"return window.siaBeratung.setFilterBoxFilter(227);\">Schaffhouse<\/a><a href=\"#\" onclick=\"return window.siaBeratung.setFilterBoxFilter([139,142,163,167,227,270,288]);\">Alle Filter ausw\u00e4hlen<\/a><\/div><\/div><label class=\"sia-beratung-db-filterbox-spacer\">&nbsp;<\/label><\/div><\/div><\/div><div class=\"sia-beratung-db-entry-searchtext\">details zur kommunalen planung | die innenentwicklung ist eine anspruchsvolle aufgabe. gleichzeitig werden heute neue anforderungen an die raumplanung der gemeinden gestellt. die arbeitshilfe kommunale planung dient den gemeinden als hilfestellung, um diese aufgaben anzugehen und die neuen anforderungen umzusetzen. | dialog | innenentwicklung | nutzungsplanung | r\u00e4umliche entwicklungsleitbilder | schaffhausen | arbeitshilfe | de<\/div><\/article><article class=\"sia-beratung-db-entry\" data-id=\"6140\" data-cpt=\"sia-angebote\" data-slug=\"qualitative-siedlungsentwicklung-nach-innen\" data-lang-slug-de_de=\"\" data-lang-slug-en_gb=\"\" data-lang-slug-fr_fr=\"\" data-lang-slug-it_it=\"\" data-lat=\"53.5507112\" data-lng=\"10.0008202\" data-filter-142=\"1\" data-filter-143=\"1\" data-filter-144=\"1\" data-filter-147=\"1\" data-filter-148=\"1\" data-filter-149=\"1\" data-filter-152=\"1\" data-filter-172=\"1\" data-filter-270=\"1\" data-filter-288=\"1\" data-filter-289=\"1\" data-filter-290=\"1\" data-all-filter=\"142,143,144,147,148,149,152,172,270,288,289,290\"><div class=\"sia-beratung-db-entry-header\" onclick=\"return window.siaBeratung.toggleCpt(this);\"><div class=\"col-1\">D\u00e9veloppement de l\u2019urbanisation vers l\u2019int\u00e9rieur de qualit\u00e9<\/div><div class=\"col-2\"><span>ARE Office f\u00e9d\u00e9ral du d\u00e9veloppement territorial<\/span><\/div><div class=\"col-3\"><span>Guide<\/span><\/div><div class=\"sia-beratung-db-angle\"><span class=\"sia-beratung-angle\"><\/span><\/div><\/div><div class=\"sia-beratung-db-entry-content\"><div class=\"sia-beratung-db-entry-content-columns\"><div class=\"col-1\"><p>Ce guide s\u2019adresse aux villes et aux communes qui souhaitent promouvoir un d\u00e9veloppement de l\u2019urbanisation vers l\u2019int\u00e9rieur de qualit\u00e9; il se cantonne aux aspects purement qualitatifs.<\/p>\n<\/div><div class=\"col-2\"><\/div><\/div><div class=\"sia-beratung-db-entry-footer\"><div class=\"col-1\"><a href=\"https:\/\/www.are.admin.ch\/fr\/publication?id=ZGPteAEe9vpA\" class=\"sia-beratung-db-entry-link\" target=\"_blank\" rel=\"noopener\">Link zum Angebot<\/a><\/div><div class=\"col-2\"><div class=\"sia-beratung-db-filterbox\"><label class=\"toggle\" onclick=\"return window.siaBeratung.toggleFilterBox(this);\"><span>Guide<\/span><span>ARE Office f\u00e9d\u00e9ral du d\u00e9veloppement territorial<\/span><span>D\u00e9veloppement \u00e0 l\u2019int\u00e9rieur du milieu b\u00e2ti<\/span><span>Climat<\/span><span>Paysage<\/span><span>Mobilit\u00e9<\/span><span>Durabilit\u00e9<\/span><span>Espace public<\/span><span>Processus<\/span><\/label><div class=\"options\"><a href=\"#\" onclick=\"return window.siaBeratung.setFilterBoxFilter(270);\">Guide<\/a><a href=\"#\" onclick=\"return window.siaBeratung.setFilterBoxFilter(172);\">ARE Office f\u00e9d\u00e9ral du d\u00e9veloppement territorial<\/a><a href=\"#\" onclick=\"return window.siaBeratung.setFilterBoxFilter(142);\">D\u00e9veloppement \u00e0 l\u2019int\u00e9rieur du milieu b\u00e2ti<\/a><a href=\"#\" onclick=\"return window.siaBeratung.setFilterBoxFilter(143);\">Climat<\/a><a href=\"#\" onclick=\"return window.siaBeratung.setFilterBoxFilter(144);\">Paysage<\/a><a href=\"#\" onclick=\"return window.siaBeratung.setFilterBoxFilter(147);\">Mobilit\u00e9<\/a><a href=\"#\" onclick=\"return window.siaBeratung.setFilterBoxFilter(148);\">Durabilit\u00e9<\/a><a href=\"#\" onclick=\"return window.siaBeratung.setFilterBoxFilter(149);\">Espace public<\/a><a href=\"#\" onclick=\"return window.siaBeratung.setFilterBoxFilter(152);\">Processus<\/a><a href=\"#\" onclick=\"return window.siaBeratung.setFilterBoxFilter([142,143,144,147,148,149,152,172,270,288,289,290]);\">Alle Filter ausw\u00e4hlen<\/a><\/div><\/div><label class=\"sia-beratung-db-filterbox-spacer\">&nbsp;<\/label><\/div><\/div><\/div><div class=\"sia-beratung-db-entry-searchtext\">qualitative siedlungsentwicklung nach innen | ce guide s\u2019adresse aux villes et aux communes qui souhaitent promouvoir un d\u00e9veloppement de l\u2019urbanisation vers l\u2019int\u00e9rieur de qualit\u00e9; il se cantonne aux aspects purement qualitatifs. | innenentwicklung | klima | landschaft | mobilit\u00e4t | nachhaltigkeit | \u00f6ffentlicher raum | prozesse | are bundesamt f\u00fcr raumentwicklung | arbeitshilfe | de | fr | it<\/div><\/article><article class=\"sia-beratung-db-entry\" data-id=\"1428\" data-cpt=\"sia-beispiele\" data-slug=\"dietikon-denkt-zukunft-originell-und-schlau\" data-lat=\"47.4069471\" data-lng=\"8.4021378\" data-filter-135=\"1\" data-filter-137=\"1\" data-filter-139=\"1\" data-filter-143=\"1\" data-filter-146=\"1\" data-filter-148=\"1\" data-filter-149=\"1\" data-filter-151=\"1\" data-filter-152=\"1\" data-filter-156=\"1\" data-filter-161=\"1\" data-filter-267=\"1\" data-filter-268=\"1\" data-filter-288=\"1\" data-filter-289=\"1\" data-filter-290=\"1\" data-all-filter=\"135,137,139,143,146,148,149,151,152,156,161,267,268,288,289,290\"><div class=\"sia-beratung-db-entry-header\" onclick=\"return window.siaBeratung.toggleCpt(this);\"><div class=\"col-1\">Dietikon se cr\u00e9e des perspectives originales et intelligentes<\/div><div class=\"col-2\">Dietikon, ZH<\/div><div class=\"sia-beratung-db-angle\"><span class=\"sia-beratung-angle\"><\/span><\/div><\/div><div class=\"sia-beratung-db-entry-content\"><div class=\"sia-beratung-db-entry-content-columns\"><div class=\"col-1\"><div class=\"sia-beratung-db-entry-slides\"><div class=\"sia-beratung-db-entry-swiper\"><div class=\"swiper-wrapper\"><div class=\"swiper-slide\"><img loading=\"lazy\" decoding=\"async\" src=\"https:\/\/baukulturschweiz.ch\/wp-content\/uploads\/2023\/06\/2023-04-19-150837-dietikon-1-martin-zeller-denkstatt-kopie-1024x768.jpg\" width=\"1024\" height=\"768\" \/><\/div><div class=\"swiper-slide\"><img loading=\"lazy\" decoding=\"async\" src=\"https:\/\/baukulturschweiz.ch\/wp-content\/uploads\/2023\/06\/2023-04-19-150956-dietikon-2-martin-zeller-denkstatt-1024x768.jpg\" width=\"1024\" height=\"768\" \/><\/div><div class=\"swiper-slide\"><img loading=\"lazy\" decoding=\"async\" src=\"https:\/\/baukulturschweiz.ch\/wp-content\/uploads\/2023\/06\/2023-04-19-151115-dietikon-3-martin-zeller-denkstatt-1024x768.jpg\" width=\"1024\" height=\"768\" \/><\/div><div class=\"swiper-slide\"><img loading=\"lazy\" decoding=\"async\" src=\"https:\/\/baukulturschweiz.ch\/wp-content\/uploads\/2023\/06\/2023-04-19-151215-dietikon-4-martin-zeller-denkstatt-kopie-1024x768.jpg\" width=\"1024\" height=\"768\" \/><\/div><div class=\"swiper-slide\"><img loading=\"lazy\" decoding=\"async\" src=\"https:\/\/baukulturschweiz.ch\/wp-content\/uploads\/2023\/06\/2023-04-19-151340-be-dietikon-5-c-swisstopo-1024x768.jpg\" width=\"1024\" height=\"768\" \/><\/div><\/div><\/div><a class=\"swiper-button swiper-button-prev\"><\/a><a class=\"swiper-button swiper-button-next mobile\"><\/a><div class=\"sia-beratung-db-slide-legends\"><small data-index=\"0\">Studio Dietikon&nbsp;: processus, participation, perspectives<br \/>\r\n\u00a9 Martin Zeller Denkstatt<\/small><small data-index=\"1\" style=\"display:none;\">Processus&nbsp;: accompagn\u00e9, cibl\u00e9 et ouvert aux r\u00e9sultats obtenus<br \/>\r\n\u00a9 Martin Zeller Denkstatt<\/small><small data-index=\"2\" style=\"display:none;\">Participation&nbsp;: groupes de recherche, groupes de discussion, dialogue ouvert, et bien plus encore<br \/>\r\n\u00a9 Martin Zeller Denkstatt<\/small><small data-index=\"3\" style=\"display:none;\">Perspectives: r\u00e9ponse aux questions: qui&nbsp;? quoi&nbsp;? comment&nbsp;? o\u00f9&nbsp;? quand&nbsp;? et pourquoi&nbsp;?<br \/>\r\n\u00a9 Martin Zeller Denkstatt<\/small><small data-index=\"4\" style=\"display:none;\">\u00a9 Swisstopo<\/small><small class=\"pageNo\">1\/5<\/small><\/div><\/div><\/div><div class=\"col-2\"><div class=\"sia-beratung-db-slide-texts\"><div class=\"sia-beratung-db-slide-text\" data-index=\"0\"><p>Plusieurs chemins m\u00e8nent \u00e0 une culture du b\u00e2ti de qualit\u00e9. Chaque commune, grande ou petite, urbaine ou rurale, doit trouver sa propre voie. Dietikon a su tracer sa piste, qui s\u2019av\u00e8re prometteuse.<\/p>\n<p><strong>R\u00f4le de la commune&nbsp;:<\/strong>\u00a0lancer des processus, pr\u00e9senter, analyser, d\u00e9cider, mettre en \u0153uvre<br \/>\n<strong>Organismes responsables\u00a0:<\/strong>\u00a0Commune<br \/>\n<strong>Accompagnement du processus, conception et mise en \u0153uvre&nbsp;:<\/strong>\u00a0Denkstatt s\u00e0rl, B\u00e2le et Zurich, en coop\u00e9ration avec Buser Kommunikation, B\u00e2le, et Frischer Wind, B\u00e2le, Winterthour, Zurich et Saint-Gall<br \/>\n<strong>Source&nbsp;:<\/strong>\u00a0<a class=\"external\" title=\"Hochparterre, Bronzener Hase in Landschaftsarchitektur (r\u00e9serv\u00e9 aux abonn\u00e9s)\" href=\"https:\/\/www.hochparterre.ch\/diebesten\/stadt-entwickeln-im-dialog\/\/\" target=\"_blank\" rel=\"noopener\">Hochparterre, Bronzener Hase in Landschaftsarchitektur (r\u00e9serv\u00e9 aux abonn\u00e9s)<\/a>\u00a0<a class=\"external\" title=\"Article PDF\" href=\"\/wp-content\/uploads\/2023\/06\/2023-04-19-092039-dietikon-hochparterre-stadt-entwickeln-im-dialog.pdf\" target=\"_blank\" rel=\"noopener\">Article PDF<\/a><\/p>\n<\/div><div class=\"sia-beratung-db-slide-text\" data-index=\"1\" style=\"display:none;\"><p class=\"translation-block\">La commune l\u2019appelle \u00ab Studio Dietikon \u00bb&nbsp;: c\u2019est dans l\u2019ancien service des constructions qu\u2019a pris corps cette plateforme de dialogue urbanistique, m\u00e9lange d\u2019improvisation, de creuset cr\u00e9atif, d\u2019archivage de processus et de pass\u00e9 mat\u00e9rialis\u00e9. <br \/>Depuis 2018, cet immeuble accueille aussi temporairement le personnel du bureau que Dietikon a engag\u00e9 pour accompagner sa d\u00e9marche urbanistique participative. Ces personnes animent, structurent et guident un processus se caract\u00e9risant par sa marge de man\u0153uvre bien d\u00e9finie, ses d\u00e9lais contraignants et ses champs d\u2019intervention suffisamment ouverts pour que l\u2019on puisse parler d\u2019une rupture, d\u2019une nouvelle mani\u00e8re de concevoir la planification, la politique urbaine et le r\u00f4le des services municipaux impliqu\u00e9s.<\/p>\n<\/div><div class=\"sia-beratung-db-slide-text\" data-index=\"2\" style=\"display:none;\"><p>Un travail important attend la commune de Dietikon&nbsp;: il s\u2019agit de renouveler le centre-ville tout en constituant des quartiers ayant leur propre caract\u00e8re, de densifier l\u2019int\u00e9rieur de la ville, de guider le d\u00e9veloppement des espaces non b\u00e2tis et de poser des jalons pour l\u2019avenir des infrastructures de transport. Au plus tard en mars 2018, lorsque le l\u00e9gislatif de Dietikon a si\u00e9g\u00e9 dans sa nouvelle composition, il est devenu \u00e9vident que tout cela ne pourrait \u00eatre r\u00e9alis\u00e9 \u2013 dans un d\u00e9lai raisonnable et en respectant la planification budg\u00e9taire \u2013 qu\u2019\u00e0 condition de repenser enti\u00e8rement le processus d\u2019am\u00e9nagement et de s\u2019adjoindre un soutien externe. Car toute r\u00e9sistance a son co\u00fbt, qui peut \u00eatre consid\u00e9rable. Dans ce domaine, Dietikon a fait ses mauvaises exp\u00e9riences. En 2015, la majorit\u00e9 des votants s\u2019est oppos\u00e9e au train du Limmattal. En 2018, une autre tentative s\u2019est sold\u00e9e par un \u00e9chec&nbsp;: au centre du nouveau quartier de Limmatfeld, l\u2019animation de la Rapidplatz par un march\u00e9 du soir a d\u00fb \u00eatre interrompue parce que le voisinage se plaignait du bruit.<\/p>\n<\/div><div class=\"sia-beratung-db-slide-text\" data-index=\"3\" style=\"display:none;\"><p class=\"translation-block\">Au Studio Dietikon, la premi\u00e8re t\u00e2che consiste \u00e0 \u00e9laborer des buts avec toutes les personnes impliqu\u00e9es. Le calendrier pr\u00e9vu met en \u00e9vidence un tissu dense d\u2019\u00e9v\u00e9nements publics, de phases de r\u00e9actions, de processus partiels internes et de produits tels que des brochures, un site Internet, un film, un nouveau domicile ou un document de synth\u00e8se. La population est r\u00e9guli\u00e8rement impliqu\u00e9e par l\u2019interm\u00e9diaire d\u2019un groupe de travail compos\u00e9 de voisines et de voisins, d\u2019associations, d\u2019entreprises, de partis et de services administratifs.<br \/>\nLa r\u00e9gularit\u00e9 constitue l\u2019une des principales caract\u00e9ristiques du processus. Aussi vari\u00e9s qu\u2019aient \u00e9t\u00e9 les divers \u00e9v\u00e9nements organis\u00e9s, toutes suivaient leur rythme. En hiver, le Studio Dietikon \u00e9tait pr\u00e9sent sur la place du march\u00e9 pour discuter dans le cadre de rencontres appel\u00e9es \u00ab Un th\u00e9 avec\u2026 \u00bb. Des repr\u00e9sentants de la ville \u2013 dont le pr\u00e9sident et tous les membres de l\u2019ex\u00e9cutif \u2013 y ont rencontr\u00e9 la population pour discuter d\u2019un th\u00e8me pr\u00e9cis. Au printemps, ce format a \u00e9t\u00e9 remplac\u00e9 par \u00ab Une saucisse avec\u2026 \u00bb, qui permettait de discuter de questions d\u2019actualit\u00e9 avec le service de l\u2019urbanisme. En parall\u00e8le s\u2019est ouverte d\u00e8s janvier la phase d\u2019essaimage. But explicite&nbsp;: gagner en visibilit\u00e9 et prendre contact avec la population en installant des stands au march\u00e9, en intervenant de mani\u00e8re mobile et en r\u00e9alisant de br\u00e8ves interviews vid\u00e9o dans la rue, dans les magasins ou \u00e0 la cl\u00f4ture du jardin.<\/p>\n<\/div><div class=\"sia-beratung-db-slide-text\" data-index=\"4\" style=\"display:none;\"><p>Ces \u00e9changes directs ont permis \u00e0 l\u2019\u00e9quipe responsable de gagner la confiance de la population, ce qui est tr\u00e8s important. Le point de vue du groupe d\u2019experts externe a ouvert l\u2019horizon, mais aussi amen\u00e9 plus de s\u00e9curit\u00e9 lors de la prise de d\u00e9cision. La force de cet organe de conseil r\u00e9sidait dans sa composition interdisciplinaire m\u00ealant l\u2019architecture et l\u2019architecture paysag\u00e8re \u00e0 la sociologie et \u00e0 l\u2019am\u00e9nagement du territoire. Le fait que le Studio Dietikon reste pr\u00e9sent et continue d\u2019\u00eatre sollicit\u00e9 quatre ans apr\u00e8s sa cr\u00e9ation t\u00e9moigne du succ\u00e8s de cette plateforme de dialogue. Dans une commune connaissant une croissance aussi forte qu\u2019\u00e0 Dietikon, les transformations ne se terminent pas aussi rapidement. L\u2019essentiel est que ce processus, \u00e0 l\u2019avenir, garde son caract\u00e8re original et bien pens\u00e9.<\/p>\n<\/div><\/div><div class=\"sia-beratung-db-filterbox\"><label class=\"toggle\" onclick=\"return window.siaBeratung.toggleFilterBox(this);\"><span>Construire dans le b\u00e2ti existant<\/span><span>Conseil par les communes<\/span><span>Politique fonci\u00e8re<\/span><span>Dialogue<\/span><span>Hochparterre<\/span><span>Climat<\/span><span>Projets de construction communaux<\/span><span>Participation<\/span><span>Durabilit\u00e9<\/span><span>Espace public<\/span><span>Outils de planification<\/span><span>Processus<\/span><span>Divers<\/span><\/label><div class=\"options\"><a href=\"#\" onclick=\"return window.siaBeratung.setFilterBoxFilter(135);\">Construire dans le b\u00e2ti existant<\/a><a href=\"#\" onclick=\"return window.siaBeratung.setFilterBoxFilter(156);\">Conseil par les communes<\/a><a href=\"#\" onclick=\"return window.siaBeratung.setFilterBoxFilter(137);\">Politique fonci\u00e8re<\/a><a href=\"#\" onclick=\"return window.siaBeratung.setFilterBoxFilter(139);\">Dialogue<\/a><a href=\"#\" onclick=\"return window.siaBeratung.setFilterBoxFilter(268);\">Hochparterre<\/a><a href=\"#\" onclick=\"return window.siaBeratung.setFilterBoxFilter(143);\">Climat<\/a><a href=\"#\" onclick=\"return window.siaBeratung.setFilterBoxFilter(161);\">Projets de construction communaux<\/a><a href=\"#\" onclick=\"return window.siaBeratung.setFilterBoxFilter(146);\">Participation<\/a><a href=\"#\" onclick=\"return window.siaBeratung.setFilterBoxFilter(148);\">Durabilit\u00e9<\/a><a href=\"#\" onclick=\"return window.siaBeratung.setFilterBoxFilter(149);\">Espace public<\/a><a href=\"#\" onclick=\"return window.siaBeratung.setFilterBoxFilter(151);\">Outils de planification<\/a><a href=\"#\" onclick=\"return window.siaBeratung.setFilterBoxFilter(152);\">Processus<\/a><a href=\"#\" onclick=\"return window.siaBeratung.setFilterBoxFilter(267);\">Divers<\/a><a href=\"#\" onclick=\"return window.siaBeratung.setFilterBoxFilter([135,137,139,143,146,148,149,151,152,156,161,267,268,288,289,290]);\">Alle Filter ausw\u00e4hlen<\/a><\/div><\/div><label class=\"sia-beratung-db-filterbox-spacer\">&nbsp;<\/label><\/div><a class=\"swiper-button swiper-button-next desktop\"><\/a><\/div><\/div><div class=\"sia-beratung-db-entry-searchtext\">dietikon denkt zukunft originell und schlau | plusieurs chemins m\u00e8nent \u00e0 une culture du b\u00e2ti de qualit\u00e9. chaque commune, grande ou petite, urbaine ou rurale, doit trouver sa propre voie. dietikon a su tracer sa piste, qui s\u2019av\u00e8re prometteuse.r\u00f4le de la commune&nbsp;:\u00a0lancer des processus, pr\u00e9senter, analyser, d\u00e9cider, mettre en \u0153uvreorganismes responsables\u00a0:\u00a0communeaccompagnement du processus, conception et mise en \u0153uvre&nbsp;:\u00a0denkstatt s\u00e0rl, b\u00e2le et zurich, en coop\u00e9ration avec buser kommunikation, b\u00e2le, et frischer wind, b\u00e2le, winterthour, zurich et saint-gallsource&nbsp;:\u00a0hochparterre, bronzener hase in landschaftsarchitektur (r\u00e9serv\u00e9 aux abonn\u00e9s)\u00a0article pdf | studio dietikon&nbsp;: processus, participation, perspectives\r\u00a9 martin zeller denkstatt | la commune l\u2019appelle \u00ab studio dietikon \u00bb&nbsp;: c\u2019est dans l\u2019ancien service des constructions qu\u2019a pris corps cette plateforme de dialogue urbanistique, m\u00e9lange d\u2019improvisation, de creuset cr\u00e9atif, d\u2019archivage de processus et de pass\u00e9 mat\u00e9rialis\u00e9. depuis 2018, cet immeuble accueille aussi temporairement le personnel du bureau que dietikon a engag\u00e9 pour accompagner sa d\u00e9marche urbanistique participative. ces personnes animent, structurent et guident un processus se caract\u00e9risant par sa marge de man\u0153uvre bien d\u00e9finie, ses d\u00e9lais contraignants et ses champs d\u2019intervention suffisamment ouverts pour que l\u2019on puisse parler d\u2019une rupture, d\u2019une nouvelle mani\u00e8re de concevoir la planification, la politique urbaine et le r\u00f4le des services municipaux impliqu\u00e9s. | processus&nbsp;: accompagn\u00e9, cibl\u00e9 et ouvert aux r\u00e9sultats obtenus\r\u00a9 martin zeller denkstatt | un travail important attend la commune de dietikon&nbsp;: il s\u2019agit de renouveler le centre-ville tout en constituant des quartiers ayant leur propre caract\u00e8re, de densifier l\u2019int\u00e9rieur de la ville, de guider le d\u00e9veloppement des espaces non b\u00e2tis et de poser des jalons pour l\u2019avenir des infrastructures de transport. au plus tard en mars 2018, lorsque le l\u00e9gislatif de dietikon a si\u00e9g\u00e9 dans sa nouvelle composition, il est devenu \u00e9vident que tout cela ne pourrait \u00eatre r\u00e9alis\u00e9 \u2013 dans un d\u00e9lai raisonnable et en respectant la planification budg\u00e9taire \u2013 qu\u2019\u00e0 condition de repenser enti\u00e8rement le processus d\u2019am\u00e9nagement et de s\u2019adjoindre un soutien externe. car toute r\u00e9sistance a son co\u00fbt, qui peut \u00eatre consid\u00e9rable. dans ce domaine, dietikon a fait ses mauvaises exp\u00e9riences. en 2015, la majorit\u00e9 des votants s\u2019est oppos\u00e9e au train du limmattal. en 2018, une autre tentative s\u2019est sold\u00e9e par un \u00e9chec&nbsp;: au centre du nouveau quartier de limmatfeld, l\u2019animation de la rapidplatz par un march\u00e9 du soir a d\u00fb \u00eatre interrompue parce que le voisinage se plaignait du bruit. | participation&nbsp;: groupes de recherche, groupes de discussion, dialogue ouvert, et bien plus encore\r\u00a9 martin zeller denkstatt | au studio dietikon, la premi\u00e8re t\u00e2che consiste \u00e0 \u00e9laborer des buts avec toutes les personnes impliqu\u00e9es. le calendrier pr\u00e9vu met en \u00e9vidence un tissu dense d\u2019\u00e9v\u00e9nements publics, de phases de r\u00e9actions, de processus partiels internes et de produits tels que des brochures, un site internet, un film, un nouveau domicile ou un document de synth\u00e8se. la population est r\u00e9guli\u00e8rement impliqu\u00e9e par l\u2019interm\u00e9diaire d\u2019un groupe de travail compos\u00e9 de voisines et de voisins, d\u2019associations, d\u2019entreprises, de partis et de services administratifs.la r\u00e9gularit\u00e9 constitue l\u2019une des principales caract\u00e9ristiques du processus. aussi vari\u00e9s qu\u2019aient \u00e9t\u00e9 les divers \u00e9v\u00e9nements organis\u00e9s, toutes suivaient leur rythme. en hiver, le studio dietikon \u00e9tait pr\u00e9sent sur la place du march\u00e9 pour discuter dans le cadre de rencontres appel\u00e9es \u00ab un th\u00e9 avec\u2026 \u00bb. des repr\u00e9sentants de la ville \u2013 dont le pr\u00e9sident et tous les membres de l\u2019ex\u00e9cutif \u2013 y ont rencontr\u00e9 la population pour discuter d\u2019un th\u00e8me pr\u00e9cis. au printemps, ce format a \u00e9t\u00e9 remplac\u00e9 par \u00ab une saucisse avec\u2026 \u00bb, qui permettait de discuter de questions d\u2019actualit\u00e9 avec le service de l\u2019urbanisme. en parall\u00e8le s\u2019est ouverte d\u00e8s janvier la phase d\u2019essaimage. but explicite&nbsp;: gagner en visibilit\u00e9 et prendre contact avec la population en installant des stands au march\u00e9, en intervenant de mani\u00e8re mobile et en r\u00e9alisant de br\u00e8ves interviews vid\u00e9o dans la rue, dans les magasins ou \u00e0 la cl\u00f4ture du jardin. | perspectives: r\u00e9ponse aux questions: qui&nbsp;? quoi&nbsp;? comment&nbsp;? o\u00f9&nbsp;? quand&nbsp;? et pourquoi&nbsp;?\r\u00a9 martin zeller denkstatt | ces \u00e9changes directs ont permis \u00e0 l\u2019\u00e9quipe responsable de gagner la confiance de la population, ce qui est tr\u00e8s important. le point de vue du groupe d\u2019experts externe a ouvert l\u2019horizon, mais aussi amen\u00e9 plus de s\u00e9curit\u00e9 lors de la prise de d\u00e9cision. la force de cet organe de conseil r\u00e9sidait dans sa composition interdisciplinaire m\u00ealant l\u2019architecture et l\u2019architecture paysag\u00e8re \u00e0 la sociologie et \u00e0 l\u2019am\u00e9nagement du territoire. le fait que le studio dietikon reste pr\u00e9sent et continue d\u2019\u00eatre sollicit\u00e9 quatre ans apr\u00e8s sa cr\u00e9ation t\u00e9moigne du succ\u00e8s de cette plateforme de dialogue. dans une commune connaissant une croissance aussi forte qu\u2019\u00e0 dietikon, les transformations ne se terminent pas aussi rapidement. l\u2019essentiel est que ce processus, \u00e0 l\u2019avenir, garde son caract\u00e8re original et bien pens\u00e9. | \u00a9 swisstopo | bauen im bestand | bodenpolitik | dialog | klima | mitwirkung | nachhaltigkeit | \u00f6ffentlicher raum | planungsinstrumente | prozesse | beratung durch gemeinden | kommunale bauprojekte | verschiedene | hochparterre | de | fr | it<\/div><\/article><article class=\"sia-beratung-db-entry\" data-id=\"1566\" data-cpt=\"sia-angebote\" data-slug=\"dorfbild-gestalten-identitaet-bewahren\" data-lat=\"53.5507112\" data-lng=\"10.0006485\" data-filter-135=\"1\" data-filter-150=\"1\" data-filter-149=\"1\" data-filter-151=\"1\" data-filter-142=\"1\" data-filter-167=\"1\" data-filter-226=\"1\" data-filter-270=\"1\" data-filter-288=\"1\" data-all-filter=\"135,150,149,151,142,167,226,270,288\"><div class=\"sia-beratung-db-entry-header\" onclick=\"return window.siaBeratung.toggleCpt(this);\"><div class=\"col-1\">Dorfbild gestalten \u2013 Identit\u00e4t bewahren<\/div><div class=\"col-2\"><span>Obwald<\/span><\/div><div class=\"col-3\"><span>Guide<\/span><\/div><div class=\"sia-beratung-db-angle\"><span class=\"sia-beratung-angle\"><\/span><\/div><\/div><div class=\"sia-beratung-db-entry-content\"><div class=\"sia-beratung-db-entry-content-columns\"><div class=\"col-1\"><p>Dieses Dokument versteht sich als Hilfsmittel f\u00fcr die Erarbeitung des Masterplans, welcher direkten Einfluss auf den k\u00fcnftigen Wohn-, Arbeits- und Lebensraum resp. dessen planungs- und baurechtlichen Bestimmungen hat. Der Kanton unterst\u00fctzt die Gemeinden insbesondere durch Beratung und die Bereitstellung von Grundlagen.<\/p>\n<\/div><div class=\"col-2\"><\/div><\/div><div class=\"sia-beratung-db-entry-footer\"><div class=\"col-1\"><a href=\"https:\/\/www.ow.ch\/_docn\/227000\/Arbeitshilfe_Masterplanung_Dorfbild_gestalten_Identitat_bewahren.pdf\" class=\"sia-beratung-db-entry-link\" target=\"_blank\" rel=\"noopener\">Link zum Angebot<\/a><\/div><div class=\"col-2\"><div class=\"sia-beratung-db-filterbox\"><label class=\"toggle\" onclick=\"return window.siaBeratung.toggleFilterBox(this);\"><span>Guide<\/span><span>Construire dans le b\u00e2ti existant<\/span><span>D\u00e9veloppement \u00e0 l\u2019int\u00e9rieur du milieu b\u00e2ti<\/span><span>Obwald<\/span><span>Espace public<\/span><span>Sites construits<\/span><span>Outils de planification<\/span><span>Strat\u00e9gies de d\u00e9veloppement territorial<\/span><\/label><div class=\"options\"><a href=\"#\" onclick=\"return window.siaBeratung.setFilterBoxFilter(270);\">Guide<\/a><a href=\"#\" onclick=\"return window.siaBeratung.setFilterBoxFilter(135);\">Construire dans le b\u00e2ti existant<\/a><a href=\"#\" onclick=\"return window.siaBeratung.setFilterBoxFilter(142);\">D\u00e9veloppement \u00e0 l\u2019int\u00e9rieur du milieu b\u00e2ti<\/a><a href=\"#\" onclick=\"return window.siaBeratung.setFilterBoxFilter(226);\">Obwald<\/a><a href=\"#\" onclick=\"return window.siaBeratung.setFilterBoxFilter(149);\">Espace public<\/a><a href=\"#\" onclick=\"return window.siaBeratung.setFilterBoxFilter(150);\">Sites construits<\/a><a href=\"#\" onclick=\"return window.siaBeratung.setFilterBoxFilter(151);\">Outils de planification<\/a><a href=\"#\" onclick=\"return window.siaBeratung.setFilterBoxFilter(167);\">Strat\u00e9gies de d\u00e9veloppement territorial<\/a><a href=\"#\" onclick=\"return window.siaBeratung.setFilterBoxFilter([135,150,149,151,142,167,226,270,288]);\">Alle Filter ausw\u00e4hlen<\/a><\/div><\/div><label class=\"sia-beratung-db-filterbox-spacer\">&nbsp;<\/label><\/div><\/div><\/div><div class=\"sia-beratung-db-entry-searchtext\">dorfbild gestalten \u2013 identit\u00e4t bewahren | dieses dokument versteht sich als hilfsmittel f\u00fcr die erarbeitung des masterplans, welcher direkten einfluss auf den k\u00fcnftigen wohn-, arbeits- und lebensraum resp. dessen planungs- und baurechtlichen bestimmungen hat. der kanton unterst\u00fctzt die gemeinden insbesondere durch beratung und die bereitstellung von grundlagen. | bauen im bestand | ortsbilder | \u00f6ffentlicher raum | planungsinstrumente | innenentwicklung | r\u00e4umliche entwicklungsleitbilder | obwalden | arbeitshilfe | de<\/div><\/article><article class=\"sia-beratung-db-entry\" data-id=\"1434\" data-cpt=\"sia-beispiele\" data-slug=\"dullikedie-transformation-der-denkmalgeschuetzten-fabrik-hugi-in-dulliken-beweist-dass-hohe-baukulturelle-qualitaeten-zukunftsfaehig-und-nachhaltig-sind-das-gilt-fuer-historische-wie-fuer-neue-baute\" data-lang-slug-de_de=\"\" data-lang-slug-en_gb=\"\" data-lang-slug-fr_fr=\"\" data-lang-slug-it_it=\"\" data-lat=\"47.3537106\" data-lng=\"7.9426003\" data-filter-135=\"1\" data-filter-138=\"1\" data-filter-148=\"1\" data-filter-160=\"1\" data-filter-267=\"1\" data-filter-268=\"1\" data-filter-288=\"1\" data-filter-289=\"1\" data-filter-290=\"1\" data-all-filter=\"135,138,148,160,267,268,288,289,290\"><div class=\"sia-beratung-db-entry-header\" onclick=\"return window.siaBeratung.toggleCpt(this);\"><div class=\"col-1\">Dulliken&nbsp;: une seconde vie pour la Hugi<\/div><div class=\"col-2\">Dulliken, SO<\/div><div class=\"sia-beratung-db-angle\"><span class=\"sia-beratung-angle\"><\/span><\/div><\/div><div class=\"sia-beratung-db-entry-content\"><div class=\"sia-beratung-db-entry-content-columns\"><div class=\"col-1\"><div class=\"sia-beratung-db-entry-slides\"><div class=\"sia-beratung-db-entry-swiper\"><div class=\"swiper-wrapper\"><div class=\"swiper-slide\"><img loading=\"lazy\" decoding=\"async\" src=\"https:\/\/baukulturschweiz.ch\/wp-content\/uploads\/2023\/06\/2023-04-19-152139-dulliken-1-roger-frei-zurich-1024x768.jpg\" width=\"1024\" height=\"768\" \/><\/div><div class=\"swiper-slide\"><img loading=\"lazy\" decoding=\"async\" src=\"https:\/\/baukulturschweiz.ch\/wp-content\/uploads\/2023\/06\/2023-04-19-152338-dulliken-2-keine-angaben-1024x768.jpg\" width=\"1024\" height=\"768\" \/><\/div><div class=\"swiper-slide\"><img loading=\"lazy\" decoding=\"async\" src=\"https:\/\/baukulturschweiz.ch\/wp-content\/uploads\/2023\/06\/2023-04-19-152526-dulliken-3-roger-frei-zurich-1024x768.jpg\" width=\"1024\" height=\"768\" \/><\/div><div class=\"swiper-slide\"><img loading=\"lazy\" decoding=\"async\" src=\"https:\/\/baukulturschweiz.ch\/wp-content\/uploads\/2023\/06\/2023-04-19-154229-dulliken-4-roger-frei-zurich-kopie-1024x768.jpg\" width=\"1024\" height=\"768\" \/><\/div><div class=\"swiper-slide\"><img loading=\"lazy\" decoding=\"async\" src=\"https:\/\/baukulturschweiz.ch\/wp-content\/uploads\/2023\/06\/2023-04-19-154324-be-dulliken-5-c-swisstopo-1024x768.jpg\" width=\"1024\" height=\"768\" \/><\/div><\/div><\/div><a class=\"swiper-button swiper-button-prev\"><\/a><a class=\"swiper-button swiper-button-next mobile\"><\/a><div class=\"sia-beratung-db-slide-legends\"><small data-index=\"0\">Mieux vaut tard que jamais&nbsp;: saisir l\u2019occasion d\u2019insuffler une nouvelle vie<br \/>\r\n\u00a9 Roger Frei<\/small><small data-index=\"1\" style=\"display:none;\">Rien ne peut remplacer l\u2019histoire<\/small><small data-index=\"2\" style=\"display:none;\">Les potentiels du b\u00e2ti sont identifi\u00e9s et mis en valeur<br \/>\r\n\u00a9 Roger Frei<\/small><small data-index=\"3\" style=\"display:none;\">Une revalorisation qui pr\u00e9serve les ressources et le climat<br \/>\r\n\u00a9 Roger Frei<\/small><small data-index=\"4\" style=\"display:none;\">\u00a9 Swisstopo<\/small><small class=\"pageNo\">1\/5<\/small><\/div><\/div><\/div><div class=\"col-2\"><div class=\"sia-beratung-db-slide-texts\"><div class=\"sia-beratung-db-slide-text\" data-index=\"0\"><p>\u00c0 Dulliken, la transformation de la fabrique Hugi \u2013 un b\u00e2timent class\u00e9 \u2013 d\u00e9montre que les qualit\u00e9s li\u00e9es \u00e0 la culture du b\u00e2ti sont durables et compatibles avec l\u2019avenir. Cela s\u2019applique tant aux constructions historiques qu\u2019aux nouvelles r\u00e9alisations.<\/p>\n<p><strong>R\u00f4le de la commune\u00a0:<\/strong>\u00a0motiver, coordonner, l\u00e9gitimer<br \/>\n<strong>Organismes responsables\u00a0:<\/strong>\u00a0priv\u00e9s<br \/>\n<strong>Architecture\u00a0:<\/strong>\u00a0Adrian Streich Architekten AG, Zurich<br \/>\n<strong>Source\u00a0:<\/strong>\u00a0<a class=\"external\" title=\"Hochparterre, Bronzener Hase in Architektur (r\u00e9serv\u00e9 aux abonn\u00e9s)\" href=\"https:\/\/www.hochparterre.ch\/diebesten\/gruener-riese\/\" target=\"_blank\" rel=\"noopener\">Hochparterre, Bronzener Hase in Architektur (r\u00e9serv\u00e9 aux abonn\u00e9s)<\/a>\u00a0<a class=\"external\" title=\"Article PDF\" href=\"\/wp-content\/uploads\/2023\/06\/2023-04-19-092202-dulliken-hochparterre-gruner-riese.pdf\" target=\"_blank\" rel=\"noopener\">Article PDF<\/a><\/p>\n<\/div><div class=\"sia-beratung-db-slide-text\" data-index=\"1\" style=\"display:none;\"><p>Dulliken, au pied m\u00e9ridional du Jura, est une commune de l\u2019agglom\u00e9ration d\u2019Olten. La Hugi, comme on appelle famili\u00e8rement l\u2019ancienne fabrique de chaussures, appartient tant au territoire qu\u2019\u00e0 l\u2019histoire de la commune. En raison de son caract\u00e8re marqu\u00e9 et de sa couleur tilleul, ce b\u00e2timent est consid\u00e9r\u00e9 comme l\u2019une des ic\u00f4nes du canton. Son esth\u00e9tique fonctionnelle fascine. \u00c0 ses heures de gloire, quelque quatre cents personnes y travaillaient. La fabrique \u00e9tait ainsi l\u2019une des plus importantes de la r\u00e9gion. \u00c0 la fin des ann\u00e9es 1970, la production a \u00e9t\u00e9 abandonn\u00e9e\u00a0: ferm\u00e9, le b\u00e2timent est longtemps rest\u00e9 vide. Ce patrimoine architectural s\u2019est d\u00e9labr\u00e9, jusqu\u2019\u00e0 ce qu\u2019on y insuffle une nouvelle vie.<\/p>\n<\/div><div class=\"sia-beratung-db-slide-text\" data-index=\"2\" style=\"display:none;\"><p>Le fabricant de chaussures s\u2019est fait construire son usine au d\u00e9but des ann\u00e9es 1930, avec une armature de b\u00e9ton aussi rationnelle qu\u2019\u00e9l\u00e9gante bas\u00e9e sur le syst\u00e8me Hennebique. Une fois les travaux termin\u00e9s, la nouvelle construction faisait figure d\u2019innovation avec tous ses \u00e9quipements garantissant un air propre et de la lumi\u00e8re en abondance. Long d\u2019une centaine de m\u00e8tres, l\u2019\u00e9difice longe la voie ferr\u00e9e, \u00e0 proximit\u00e9 imm\u00e9diate de la gare. Derri\u00e8re, c\u00f4t\u00e9 nord, la Hugi borde le premier niveau de terrain au-dessus des m\u00e9andres que forme l\u2019Aar entre Olten et Aarau. La premi\u00e8re cha\u00eene du Jura figure \u00e0 l\u2019arri\u00e8re-plan. L\u2019usine entretient une relation plus \u00e9troite avec ce paysage qu\u2019avec le village, dont elle est s\u00e9par\u00e9e par les voies de chemin de fer.<\/p>\n<\/div><div class=\"sia-beratung-db-slide-text\" data-index=\"3\" style=\"display:none;\"><p>Plusieurs tentatives de r\u00e9affecter le site avaient d\u00e9j\u00e0 \u00e9chou\u00e9. Un ma\u00eetre d\u2019ouvrage familier des lofts a rachet\u00e9 le b\u00e2timent, dans l\u2019intention principale d\u2019y am\u00e9nager des logements. Le canton a plac\u00e9 l\u2019\u00e9difice sous protection. Les architectes ont mis en place une structure spatiale stricte dans les quatre \u00e9tages et plac\u00e9 une imposante \u00e9tag\u00e8re de b\u00e9ton devant la fa\u00e7ade nord. C\u2019est de celle-ci qu\u2019on acc\u00e8de aux lofts, qui sont larges pour certains et \u00e9troits pour d\u2019autres. Au deuxi\u00e8me \u00e9tage, ils sont plus courts, car la coursive s\u2019y d\u00e9ploie \u00e0 l\u2019int\u00e9rieur du b\u00e2timent. Des cloisons l\u00e9g\u00e8res peuvent transformer les lofts en appartements avec chambres, ce qui fait na\u00eetre une flexibilit\u00e9 int\u00e9ressante pour un type de construction r\u00e9put\u00e9 peu adapt\u00e9 aux familles. Cette vari\u00e9t\u00e9 transforme l\u2019ancien monument architectural n\u00e9glig\u00e9 en un nouvel organisme tr\u00e8s diversifi\u00e9.<\/p>\n<\/div><div class=\"sia-beratung-db-slide-text\" data-index=\"4\" style=\"display:none;\"><p>En transformant la fabrique de chaussures en logements et en une nouvelle barre accueillant de petites entreprises, on redonne vie \u00e0 l\u2019ancienne aire industrielle. Ainsi, l\u2019histoire du lieu et du site de production se prolonge. Le fait que la Hugi y gagne une nouvelle qualit\u00e9 est une chose, mais la remise en valeur de ce monument architectural permet aussi de pr\u00e9server des ressources. En des temps o\u00f9 l\u2019\u00e9nergie est rare et le climat se d\u00e9r\u00e8gle, c\u2019est l\u00e0 un argument suppl\u00e9mentaire en faveur d\u2019une utilisation r\u00e9fl\u00e9chie du b\u00e2ti existant.<\/p>\n<\/div><\/div><div class=\"sia-beratung-db-filterbox\"><label class=\"toggle\" onclick=\"return window.siaBeratung.toggleFilterBox(this);\"><span>Construire dans le b\u00e2ti existant<\/span><span>Monuments<\/span><span>Hochparterre<\/span><span>Inventaires<\/span><span>Durabilit\u00e9<\/span><span>Divers<\/span><\/label><div class=\"options\"><a href=\"#\" onclick=\"return window.siaBeratung.setFilterBoxFilter(135);\">Construire dans le b\u00e2ti existant<\/a><a href=\"#\" onclick=\"return window.siaBeratung.setFilterBoxFilter(138);\">Monuments<\/a><a href=\"#\" onclick=\"return window.siaBeratung.setFilterBoxFilter(268);\">Hochparterre<\/a><a href=\"#\" onclick=\"return window.siaBeratung.setFilterBoxFilter(160);\">Inventaires<\/a><a href=\"#\" onclick=\"return window.siaBeratung.setFilterBoxFilter(148);\">Durabilit\u00e9<\/a><a href=\"#\" onclick=\"return window.siaBeratung.setFilterBoxFilter(267);\">Divers<\/a><a href=\"#\" onclick=\"return window.siaBeratung.setFilterBoxFilter([135,138,148,160,267,268,288,289,290]);\">Alle Filter ausw\u00e4hlen<\/a><\/div><\/div><label class=\"sia-beratung-db-filterbox-spacer\">&nbsp;<\/label><\/div><a class=\"swiper-button swiper-button-next desktop\"><\/a><\/div><\/div><div class=\"sia-beratung-db-entry-searchtext\">dulliken: hugi innen und aussen gr\u00fcn | \u00e0 dulliken, la transformation de la fabrique hugi \u2013 un b\u00e2timent class\u00e9 \u2013 d\u00e9montre que les qualit\u00e9s li\u00e9es \u00e0 la culture du b\u00e2ti sont durables et compatibles avec l\u2019avenir. cela s\u2019applique tant aux constructions historiques qu\u2019aux nouvelles r\u00e9alisations.r\u00f4le de la commune\u00a0:\u00a0motiver, coordonner, l\u00e9gitimerorganismes responsables\u00a0:\u00a0priv\u00e9sarchitecture\u00a0:\u00a0adrian streich architekten ag, zurichsource\u00a0:\u00a0hochparterre, bronzener hase in architektur (r\u00e9serv\u00e9 aux abonn\u00e9s)\u00a0article pdf | mieux vaut tard que jamais&nbsp;: saisir l\u2019occasion d\u2019insuffler une nouvelle vie\r\u00a9 roger frei | dulliken, au pied m\u00e9ridional du jura, est une commune de l\u2019agglom\u00e9ration d\u2019olten. la hugi, comme on appelle famili\u00e8rement l\u2019ancienne fabrique de chaussures, appartient tant au territoire qu\u2019\u00e0 l\u2019histoire de la commune. en raison de son caract\u00e8re marqu\u00e9 et de sa couleur tilleul, ce b\u00e2timent est consid\u00e9r\u00e9 comme l\u2019une des ic\u00f4nes du canton. son esth\u00e9tique fonctionnelle fascine. \u00e0 ses heures de gloire, quelque quatre cents personnes y travaillaient. la fabrique \u00e9tait ainsi l\u2019une des plus importantes de la r\u00e9gion. \u00e0 la fin des ann\u00e9es 1970, la production a \u00e9t\u00e9 abandonn\u00e9e\u00a0: ferm\u00e9, le b\u00e2timent est longtemps rest\u00e9 vide. ce patrimoine architectural s\u2019est d\u00e9labr\u00e9, jusqu\u2019\u00e0 ce qu\u2019on y insuffle une nouvelle vie. | rien ne peut remplacer l\u2019histoire | le fabricant de chaussures s\u2019est fait construire son usine au d\u00e9but des ann\u00e9es 1930, avec une armature de b\u00e9ton aussi rationnelle qu\u2019\u00e9l\u00e9gante bas\u00e9e sur le syst\u00e8me hennebique. une fois les travaux termin\u00e9s, la nouvelle construction faisait figure d\u2019innovation avec tous ses \u00e9quipements garantissant un air propre et de la lumi\u00e8re en abondance. long d\u2019une centaine de m\u00e8tres, l\u2019\u00e9difice longe la voie ferr\u00e9e, \u00e0 proximit\u00e9 imm\u00e9diate de la gare. derri\u00e8re, c\u00f4t\u00e9 nord, la hugi borde le premier niveau de terrain au-dessus des m\u00e9andres que forme l\u2019aar entre olten et aarau. la premi\u00e8re cha\u00eene du jura figure \u00e0 l\u2019arri\u00e8re-plan. l\u2019usine entretient une relation plus \u00e9troite avec ce paysage qu\u2019avec le village, dont elle est s\u00e9par\u00e9e par les voies de chemin de fer. | les potentiels du b\u00e2ti sont identifi\u00e9s et mis en valeur\r\u00a9 roger frei | plusieurs tentatives de r\u00e9affecter le site avaient d\u00e9j\u00e0 \u00e9chou\u00e9. un ma\u00eetre d\u2019ouvrage familier des lofts a rachet\u00e9 le b\u00e2timent, dans l\u2019intention principale d\u2019y am\u00e9nager des logements. le canton a plac\u00e9 l\u2019\u00e9difice sous protection. les architectes ont mis en place une structure spatiale stricte dans les quatre \u00e9tages et plac\u00e9 une imposante \u00e9tag\u00e8re de b\u00e9ton devant la fa\u00e7ade nord. c\u2019est de celle-ci qu\u2019on acc\u00e8de aux lofts, qui sont larges pour certains et \u00e9troits pour d\u2019autres. au deuxi\u00e8me \u00e9tage, ils sont plus courts, car la coursive s\u2019y d\u00e9ploie \u00e0 l\u2019int\u00e9rieur du b\u00e2timent. des cloisons l\u00e9g\u00e8res peuvent transformer les lofts en appartements avec chambres, ce qui fait na\u00eetre une flexibilit\u00e9 int\u00e9ressante pour un type de construction r\u00e9put\u00e9 peu adapt\u00e9 aux familles. cette vari\u00e9t\u00e9 transforme l\u2019ancien monument architectural n\u00e9glig\u00e9 en un nouvel organisme tr\u00e8s diversifi\u00e9. | une revalorisation qui pr\u00e9serve les ressources et le climat\r\u00a9 roger frei | en transformant la fabrique de chaussures en logements et en une nouvelle barre accueillant de petites entreprises, on redonne vie \u00e0 l\u2019ancienne aire industrielle. ainsi, l\u2019histoire du lieu et du site de production se prolonge. le fait que la hugi y gagne une nouvelle qualit\u00e9 est une chose, mais la remise en valeur de ce monument architectural permet aussi de pr\u00e9server des ressources. en des temps o\u00f9 l\u2019\u00e9nergie est rare et le climat se d\u00e9r\u00e8gle, c\u2019est l\u00e0 un argument suppl\u00e9mentaire en faveur d\u2019une utilisation r\u00e9fl\u00e9chie du b\u00e2ti existant. | \u00a9 swisstopo | bauen im bestand | denkm\u00e4ler | nachhaltigkeit | inventare | verschiedene | hochparterre | de | fr | it<\/div><\/article><article class=\"sia-beratung-db-entry\" data-id=\"1614\" data-cpt=\"sia-angebote\" data-slug=\"regenwasser-im-siedlungsraum\" data-lang-slug-de_de=\"\" data-lang-slug-en_gb=\"\" data-lang-slug-fr_fr=\"\" data-lang-slug-it_it=\"\" data-lat=\"53.5507112\" data-lng=\"10.0006485\" data-filter-140=\"1\" data-filter-143=\"1\" data-filter-148=\"1\" data-filter-149=\"1\" data-filter-175=\"1\" data-filter-244=\"1\" data-filter-270=\"1\" data-filter-288=\"1\" data-filter-289=\"1\" data-filter-290=\"1\" data-all-filter=\"140,143,148,149,175,244,270,288,289,290\"><div class=\"sia-beratung-db-entry-header\" onclick=\"return window.siaBeratung.toggleCpt(this);\"><div class=\"col-1\">Eau de pluie dans l\u2019espace urbain<\/div><div class=\"col-2\"><span>OFEV Office f\u00e9d\u00e9ral de l'environnement<\/span><span>Cercl'Air Soci\u00e9t\u00e9 suisse des responsables de l\u2019hygi\u00e8ne de l\u2019air<\/span><\/div><div class=\"col-3\"><span>Guide<\/span><\/div><div class=\"sia-beratung-db-angle\"><span class=\"sia-beratung-angle\"><\/span><\/div><\/div><div class=\"sia-beratung-db-entry-content\"><div class=\"sia-beratung-db-entry-content-columns\"><div class=\"col-1\"><p>Conjuguant \u00e9vaporation, infiltration, r\u00e9tention, inondation temporaire et corridors d&#8217;\u00e9coulement de secours, le concept de ville \u00e9ponge se veut une approche int\u00e9gr\u00e9e visant \u00e0 pr\u00e9venir les dommages provoqu\u00e9s par le ruissellement et \u00e0 att\u00e9nuer l&#8217;impact de la chaleur. Le pr\u00e9sent rapport indique des strat\u00e9gies et des mesures et les \u00e9toffe par des exemples de mise en oeuvre.<\/p>\n<\/div><div class=\"col-2\"><\/div><\/div><div class=\"sia-beratung-db-entry-footer\"><div class=\"col-1\"><a href=\"https:\/\/www.bafu.admin.ch\/bafu\/fr\/home\/themes\/climat\/publications-etudes\/publications\/eau-de-pluie-dans-l-espace-urbain.html\" class=\"sia-beratung-db-entry-link\" target=\"_blank\" rel=\"noopener\">Link zum Angebot<\/a><\/div><div class=\"col-2\"><div class=\"sia-beratung-db-filterbox\"><label class=\"toggle\" onclick=\"return window.siaBeratung.toggleFilterBox(this);\"><span>Guide<\/span><span>OFEV Office f\u00e9d\u00e9ral de l'environnement<\/span><span>Cercl'Air Soci\u00e9t\u00e9 suisse des responsables de l\u2019hygi\u00e8ne de l\u2019air<\/span><span>Energie<\/span><span>Climat<\/span><span>Durabilit\u00e9<\/span><span>Espace public<\/span><\/label><div class=\"options\"><a href=\"#\" onclick=\"return window.siaBeratung.setFilterBoxFilter(270);\">Guide<\/a><a href=\"#\" onclick=\"return window.siaBeratung.setFilterBoxFilter(175);\">OFEV Office f\u00e9d\u00e9ral de l'environnement<\/a><a href=\"#\" onclick=\"return window.siaBeratung.setFilterBoxFilter(244);\">Cercl'Air Soci\u00e9t\u00e9 suisse des responsables de l\u2019hygi\u00e8ne de l\u2019air<\/a><a href=\"#\" onclick=\"return window.siaBeratung.setFilterBoxFilter(140);\">Energie<\/a><a href=\"#\" onclick=\"return window.siaBeratung.setFilterBoxFilter(143);\">Climat<\/a><a href=\"#\" onclick=\"return window.siaBeratung.setFilterBoxFilter(148);\">Durabilit\u00e9<\/a><a href=\"#\" onclick=\"return window.siaBeratung.setFilterBoxFilter(149);\">Espace public<\/a><a href=\"#\" onclick=\"return window.siaBeratung.setFilterBoxFilter([140,143,148,149,175,244,270,288,289,290]);\">Alle Filter ausw\u00e4hlen<\/a><\/div><\/div><label class=\"sia-beratung-db-filterbox-spacer\">&nbsp;<\/label><\/div><\/div><\/div><div class=\"sia-beratung-db-entry-searchtext\">regenwasser im siedlungsraum | conjuguant \u00e9vaporation, infiltration, r\u00e9tention, inondation temporaire et corridors d&#8217;\u00e9coulement de secours, le concept de ville \u00e9ponge se veut une approche int\u00e9gr\u00e9e visant \u00e0 pr\u00e9venir les dommages provoqu\u00e9s par le ruissellement et \u00e0 att\u00e9nuer l&#8217;impact de la chaleur. le pr\u00e9sent rapport indique des strat\u00e9gies et des mesures et les \u00e9toffe par des exemples de mise en oeuvre. | energie | klima | nachhaltigkeit | \u00f6ffentlicher raum | bafu bundesamt f\u00fcr umwelt | cercl'air schweizerische gesellschaft der lufthygiene-fachleute | arbeitshilfe | de | fr | it<\/div><\/article><article class=\"sia-beratung-db-entry\" data-id=\"2887\" data-cpt=\"sia-angebote\" data-slug=\"eau-en-ville-videos-des-conferences\" data-lang-slug-de_de=\"\" data-lang-slug-en_gb=\"\" data-lang-slug-fr_fr=\"\" data-lang-slug-it_it=\"\" data-lat=\"53.5507112\" data-lng=\"10.0008202\" data-filter-136=\"1\" data-filter-142=\"1\" data-filter-143=\"1\" data-filter-144=\"1\" data-filter-148=\"1\" data-filter-149=\"1\" data-filter-219=\"1\" data-filter-279=\"1\" data-filter-289=\"1\" data-all-filter=\"136,142,143,144,148,149,219,279,289\"><div class=\"sia-beratung-db-entry-header\" onclick=\"return window.siaBeratung.toggleCpt(this);\"><div class=\"col-1\">Eau en Ville &#8211; vid\u00e9os des conf\u00e9rences<\/div><div class=\"col-2\"><span>Gen\u00e8ve<\/span><\/div><div class=\"col-3\"><span>Cours et colloques<\/span><\/div><div class=\"sia-beratung-db-angle\"><span class=\"sia-beratung-angle\"><\/span><\/div><\/div><div class=\"sia-beratung-db-entry-content\"><div class=\"sia-beratung-db-entry-content-columns\"><div class=\"col-1\"><p>L\u2019office cantonal de l\u2019eau (OCEau), en partenariat avec la F\u00e9d\u00e9ration des associations d\u2019architectes et d\u2019ing\u00e9nieurs de Gen\u00e8ve (FAI), a organis\u00e9 une journ\u00e9e de conf\u00e9rences, visites et \u00e9changes autour des questions li\u00e9es \u00e0 la gestion de l\u2019eau en milieu urbain. Cet \u00e9v\u00e9nement s\u2019est inscrit dans le cadre de la d\u00e9marche Eau en Ville, laquelle a permis \u00e0 de nombreux projets exemplaires en mati\u00e8re de valorisation des eaux de pluie de se concr\u00e9tiser.<\/p>\n<\/div><div class=\"col-2\"><\/div><\/div><div class=\"sia-beratung-db-entry-footer\"><div class=\"col-1\"><a href=\"https:\/\/www.ge.ch\/document\/eau-ville-journee-du-28-septembre-2023-videos-conferences\" class=\"sia-beratung-db-entry-link\" target=\"_blank\" rel=\"noopener\">Link zum Angebot<\/a><\/div><div class=\"col-2\"><div class=\"sia-beratung-db-filterbox\"><label class=\"toggle\" onclick=\"return window.siaBeratung.toggleFilterBox(this);\"><span>Biodiversit\u00e9<\/span><span>Gen\u00e8ve<\/span><span>D\u00e9veloppement \u00e0 l\u2019int\u00e9rieur du milieu b\u00e2ti<\/span><span>Climat<\/span><span>Cours et colloques<\/span><span>Paysage<\/span><span>Durabilit\u00e9<\/span><span>Espace public<\/span><\/label><div class=\"options\"><a href=\"#\" onclick=\"return window.siaBeratung.setFilterBoxFilter(136);\">Biodiversit\u00e9<\/a><a href=\"#\" onclick=\"return window.siaBeratung.setFilterBoxFilter(219);\">Gen\u00e8ve<\/a><a href=\"#\" onclick=\"return window.siaBeratung.setFilterBoxFilter(142);\">D\u00e9veloppement \u00e0 l\u2019int\u00e9rieur du milieu b\u00e2ti<\/a><a href=\"#\" onclick=\"return window.siaBeratung.setFilterBoxFilter(143);\">Climat<\/a><a href=\"#\" onclick=\"return window.siaBeratung.setFilterBoxFilter(279);\">Cours et colloques<\/a><a href=\"#\" onclick=\"return window.siaBeratung.setFilterBoxFilter(144);\">Paysage<\/a><a href=\"#\" onclick=\"return window.siaBeratung.setFilterBoxFilter(148);\">Durabilit\u00e9<\/a><a href=\"#\" onclick=\"return window.siaBeratung.setFilterBoxFilter(149);\">Espace public<\/a><a href=\"#\" onclick=\"return window.siaBeratung.setFilterBoxFilter([136,142,143,144,148,149,219,279,289]);\">Alle Filter ausw\u00e4hlen<\/a><\/div><\/div><label class=\"sia-beratung-db-filterbox-spacer\">&nbsp;<\/label><\/div><\/div><\/div><div class=\"sia-beratung-db-entry-searchtext\">eau en ville - vid\u00e9os des conf\u00e9rences | l\u2019office cantonal de l\u2019eau (oceau), en partenariat avec la f\u00e9d\u00e9ration des associations d\u2019architectes et d\u2019ing\u00e9nieurs de gen\u00e8ve (fai), a organis\u00e9 une journ\u00e9e de conf\u00e9rences, visites et \u00e9changes autour des questions li\u00e9es \u00e0 la gestion de l\u2019eau en milieu urbain. cet \u00e9v\u00e9nement s\u2019est inscrit dans le cadre de la d\u00e9marche eau en ville, laquelle a permis \u00e0 de nombreux projets exemplaires en mati\u00e8re de valorisation des eaux de pluie de se concr\u00e9tiser. | biodiversit\u00e4t | innenentwicklung | klima | landschaft | nachhaltigkeit | \u00f6ffentlicher raum | genf | kurse und tagungen | fr<\/div><\/article><article class=\"sia-beratung-db-entry\" data-id=\"2885\" data-cpt=\"sia-angebote\" data-slug=\"eco-tool\" data-lang-slug-de_de=\"\" data-lang-slug-en_gb=\"\" data-lang-slug-fr_fr=\"\" data-lang-slug-it_it=\"\" data-lat=\"53.5507112\" data-lng=\"10.0008202\" data-filter-140=\"1\" data-filter-143=\"1\" data-filter-148=\"1\" data-filter-151=\"1\" data-filter-189=\"1\" data-filter-283=\"1\" data-filter-288=\"1\" data-all-filter=\"140,143,148,151,189,283,288\"><div class=\"sia-beratung-db-entry-header\" onclick=\"return window.siaBeratung.toggleCpt(this);\"><div class=\"col-1\">eco.Tool<\/div><div class=\"col-2\"><span>Commune<\/span><\/div><div class=\"col-3\"><span>Plateforme<\/span><\/div><div class=\"sia-beratung-db-angle\"><span class=\"sia-beratung-angle\"><\/span><\/div><\/div><div class=\"sia-beratung-db-entry-content\"><div class=\"sia-beratung-db-entry-content-columns\"><div class=\"col-1\"><p>EcoTool ist ein \u00d6kobilanztool f\u00fcr fr\u00fche Projektphase. Mit EcoTool k\u00f6nnen Wettbewerbsbeitr\u00e4ge und Projekte in fr\u00fchen Phasen f\u00fcr Neubauten hinsichtlich ihrer \u00f6kologischen Nachhaltigkeit in Erstellung und Betrieb phasengerecht abgesch\u00e4tzt, beurteilt und verglichen werden.<br \/>\nDazu wird die Umweltbelastung in Anlehnung an die SIA 2032 f\u00fcr die massgebenden Bauteile Decken, W\u00e4nde und Fassade basierend auf KBOB-Werten berechnet. Die Haustechnik wird anhand von Referenzwerten ber\u00fccksichtigt, die Betriebsenergie wird anhand der Normenreihe SIA 380 und Referenzwerten abgesch\u00e4tzt.<\/p>\n<\/div><div class=\"col-2\"><\/div><\/div><div class=\"sia-beratung-db-entry-footer\"><div class=\"col-1\"><a href=\"https:\/\/app.ecotool.org\/\" class=\"sia-beratung-db-entry-link\" target=\"_blank\" rel=\"noopener\">Link zum Angebot<\/a><\/div><div class=\"col-2\"><div class=\"sia-beratung-db-filterbox\"><label class=\"toggle\" onclick=\"return window.siaBeratung.toggleFilterBox(this);\"><span>Energie<\/span><span>Commune<\/span><span>Climat<\/span><span>Durabilit\u00e9<\/span><span>Outils de planification<\/span><span>Plateforme<\/span><\/label><div class=\"options\"><a href=\"#\" onclick=\"return window.siaBeratung.setFilterBoxFilter(140);\">Energie<\/a><a href=\"#\" onclick=\"return window.siaBeratung.setFilterBoxFilter(189);\">Commune<\/a><a href=\"#\" onclick=\"return window.siaBeratung.setFilterBoxFilter(143);\">Climat<\/a><a href=\"#\" onclick=\"return window.siaBeratung.setFilterBoxFilter(148);\">Durabilit\u00e9<\/a><a href=\"#\" onclick=\"return window.siaBeratung.setFilterBoxFilter(151);\">Outils de planification<\/a><a href=\"#\" onclick=\"return window.siaBeratung.setFilterBoxFilter(283);\">Plateforme<\/a><a href=\"#\" onclick=\"return window.siaBeratung.setFilterBoxFilter([140,143,148,151,189,283,288]);\">Alle Filter ausw\u00e4hlen<\/a><\/div><\/div><label class=\"sia-beratung-db-filterbox-spacer\">&nbsp;<\/label><\/div><\/div><\/div><div class=\"sia-beratung-db-entry-searchtext\">eco.tool | ecotool ist ein \u00f6kobilanztool f\u00fcr fr\u00fche projektphase. mit ecotool k\u00f6nnen wettbewerbsbeitr\u00e4ge und projekte in fr\u00fchen phasen f\u00fcr neubauten hinsichtlich ihrer \u00f6kologischen nachhaltigkeit in erstellung und betrieb phasengerecht abgesch\u00e4tzt, beurteilt und verglichen werden.dazu wird die umweltbelastung in anlehnung an die sia 2032 f\u00fcr die massgebenden bauteile decken, w\u00e4nde und fassade basierend auf kbob-werten berechnet. die haustechnik wird anhand von referenzwerten ber\u00fccksichtigt, die betriebsenergie wird anhand der normenreihe sia 380 und referenzwerten abgesch\u00e4tzt. | energie | klima | nachhaltigkeit | planungsinstrumente | gemeinde | plattform | de<\/div><\/article><article class=\"sia-beratung-db-entry\" data-id=\"1663\" data-cpt=\"sia-ausbildung\" data-slug=\"energie-et-developpement-durable-dans-lenvironnement-bati\" data-lat=\"46.7792215374578\" data-lng=\"6.65930376933155\" data-filter-135=\"1\" data-filter-136=\"1\" data-filter-140=\"1\" data-filter-142=\"1\" data-filter-143=\"1\" data-filter-148=\"1\" data-filter-200=\"1\" data-filter-201=\"1\" data-filter-202=\"1\" data-filter-205=\"1\" data-filter-282=\"1\" data-filter-289=\"1\" data-all-filter=\"135,136,140,142,143,148,200,201,202,205,282,289\"><div class=\"sia-beratung-db-entry-header\" onclick=\"return window.siaBeratung.toggleCpt(this);\"><div class=\"col-1\">Energie et d\u00e9veloppement durable dans l&#8217;environnement b\u00e2ti<\/div><div class=\"col-2\"><span>HEIG-VD Haute Ecole d'Ing\u00e9nierie et de Gestion du Canton de Vaud<\/span><span>HEPIA Haute \u00e9cole du paysage, d'ing\u00e9nierie et d'architecture de Gen\u00e8ve<\/span><span>HES-SO Valais-Wallis<\/span><span>HEIA-FR Haute \u00e9cole d'ing\u00e9nierie et d'architecture de Fribourg<\/span><\/div><div class=\"col-3\"><span>MAS<\/span><\/div><div class=\"sia-beratung-db-angle\"><span class=\"sia-beratung-angle\"><\/span><\/div><\/div><div class=\"sia-beratung-db-entry-content\"><div class=\"sia-beratung-db-entry-content-columns\"><div class=\"col-1\"><p>Le milieu du b\u00e2timent est en perp\u00e9tuelle \u00e9volution, tant dans le cadre de son architecture, que dans les innovations techniques qui rendent les b\u00e2timents plus performants. Ces changements permettent de diminuer les besoins \u00e9nerg\u00e9tiques et les \u00e9missions de polluants, mais \u00e9galement d\u2019am\u00e9liorer la qualit\u00e9 de vie et de diminuer les co\u00fbts financiers \u00e0 long terme.<\/p>\n<\/div><div class=\"col-2\"><\/div><\/div><div class=\"sia-beratung-db-entry-footer\"><div class=\"col-1\"><a href=\"http:\/\/mas-eddbat.ch\/accueil.aspx\" class=\"sia-beratung-db-entry-link\" target=\"_blank\" rel=\"noopener\">Link zum Angebot<\/a><\/div><div class=\"col-2\"><div class=\"sia-beratung-db-filterbox\"><label class=\"toggle\" onclick=\"return window.siaBeratung.toggleFilterBox(this);\"><span>Construire dans le b\u00e2ti existant<\/span><span>Biodiversit\u00e9<\/span><span>Energie<\/span><span>HEIG-VD Haute Ecole d'Ing\u00e9nierie et de Gestion du Canton de Vaud<\/span><span>HEPIA Haute \u00e9cole du paysage, d'ing\u00e9nierie et d'architecture de Gen\u00e8ve<\/span><span>HES-SO Valais-Wallis<\/span><span>HEIA-FR Haute \u00e9cole d'ing\u00e9nierie et d'architecture de Fribourg<\/span><span>D\u00e9veloppement \u00e0 l\u2019int\u00e9rieur du milieu b\u00e2ti<\/span><span>Climat<\/span><span>MAS<\/span><span>Durabilit\u00e9<\/span><\/label><div class=\"options\"><a href=\"#\" onclick=\"return window.siaBeratung.setFilterBoxFilter(135);\">Construire dans le b\u00e2ti existant<\/a><a href=\"#\" onclick=\"return window.siaBeratung.setFilterBoxFilter(136);\">Biodiversit\u00e9<\/a><a href=\"#\" onclick=\"return window.siaBeratung.setFilterBoxFilter(140);\">Energie<\/a><a href=\"#\" onclick=\"return window.siaBeratung.setFilterBoxFilter(200);\">HEIG-VD Haute Ecole d'Ing\u00e9nierie et de Gestion du Canton de Vaud<\/a><a href=\"#\" onclick=\"return window.siaBeratung.setFilterBoxFilter(201);\">HEPIA Haute \u00e9cole du paysage, d'ing\u00e9nierie et d'architecture de Gen\u00e8ve<\/a><a href=\"#\" onclick=\"return window.siaBeratung.setFilterBoxFilter(202);\">HES-SO Valais-Wallis<\/a><a href=\"#\" onclick=\"return window.siaBeratung.setFilterBoxFilter(205);\">HEIA-FR Haute \u00e9cole d'ing\u00e9nierie et d'architecture de Fribourg<\/a><a href=\"#\" onclick=\"return window.siaBeratung.setFilterBoxFilter(142);\">D\u00e9veloppement \u00e0 l\u2019int\u00e9rieur du milieu b\u00e2ti<\/a><a href=\"#\" onclick=\"return window.siaBeratung.setFilterBoxFilter(143);\">Climat<\/a><a href=\"#\" onclick=\"return window.siaBeratung.setFilterBoxFilter(282);\">MAS<\/a><a href=\"#\" onclick=\"return window.siaBeratung.setFilterBoxFilter(148);\">Durabilit\u00e9<\/a><a href=\"#\" onclick=\"return window.siaBeratung.setFilterBoxFilter([135,136,140,142,143,148,200,201,202,205,282,289]);\">Alle Filter ausw\u00e4hlen<\/a><\/div><\/div><label class=\"sia-beratung-db-filterbox-spacer\">&nbsp;<\/label><\/div><\/div><\/div><div class=\"sia-beratung-db-entry-searchtext\">energie et d\u00e9veloppement durable dans l'environnement b\u00e2ti | le milieu du b\u00e2timent est en perp\u00e9tuelle \u00e9volution, tant dans le cadre de son architecture, que dans les innovations techniques qui rendent les b\u00e2timents plus performants. ces changements permettent de diminuer les besoins \u00e9nerg\u00e9tiques et les \u00e9missions de polluants, mais \u00e9galement d\u2019am\u00e9liorer la qualit\u00e9 de vie et de diminuer les co\u00fbts financiers \u00e0 long terme. | bauen im bestand | biodiversit\u00e4t | energie | innenentwicklung | klima | nachhaltigkeit | heig-vd haute ecole d'ing\u00e9nierie et de gestion du canton de vaud | hepia haute \u00e9cole du paysage, d'ing\u00e9nierie et d'architecture de gen\u00e8ve | hes-so valais-wallis | hta-fr hochschule f\u00fcr technik und architektur freiburg | mas | fr<\/div><\/article><article class=\"sia-beratung-db-entry\" data-id=\"1664\" data-cpt=\"sia-ausbildung\" data-slug=\"espace-public-urbain-et-mobilites-douces\" data-lang-slug-de_de=\"\" data-lang-slug-en_gb=\"\" data-lang-slug-fr_fr=\"\" data-lang-slug-it_it=\"\" data-lat=\"46.77922154\" data-lng=\"6.659303769\" data-filter-135=\"1\" data-filter-141=\"1\" data-filter-142=\"1\" data-filter-144=\"1\" data-filter-147=\"1\" data-filter-148=\"1\" data-filter-149=\"1\" data-filter-151=\"1\" data-filter-157=\"1\" data-filter-161=\"1\" data-filter-167=\"1\" data-filter-200=\"1\" data-filter-272=\"1\" data-filter-289=\"1\" data-all-filter=\"135,141,142,144,147,148,149,151,157,161,167,200,272,289\"><div class=\"sia-beratung-db-entry-header\" onclick=\"return window.siaBeratung.toggleCpt(this);\"><div class=\"col-1\">Espace public urbain et mobilit\u00e9s douces<\/div><div class=\"col-2\"><span>HEIG-VD Haute Ecole d'Ing\u00e9nierie et de Gestion du Canton de Vaud<\/span><\/div><div class=\"col-3\"><span>CAS<\/span><\/div><div class=\"sia-beratung-db-angle\"><span class=\"sia-beratung-angle\"><\/span><\/div><\/div><div class=\"sia-beratung-db-entry-content\"><div class=\"sia-beratung-db-entry-content-columns\"><div class=\"col-1\"><p>Les titulaires de ce CAS sont capables d&#8217;appr\u00e9hender un espace de voirie urbaine dans ses multiples dimensions, ma\u00eetrisent les techniques d&#8217;am\u00e9nagement de l&#8217;espace public et sont capables de conduire un projet d&#8217;am\u00e9nagement d&#8217;espace public jusqu&#8217;\u00e0 l&#8217;autorisation de construire.<\/p>\n<\/div><div class=\"col-2\"><\/div><\/div><div class=\"sia-beratung-db-entry-footer\"><div class=\"col-1\"><a href=\"https:\/\/heig-vd.ch\/formation\/formation-continue\/cas-epmd\" class=\"sia-beratung-db-entry-link\" target=\"_blank\" rel=\"noopener\">Link zum Angebot<\/a><\/div><div class=\"col-2\"><div class=\"sia-beratung-db-filterbox\"><label class=\"toggle\" onclick=\"return window.siaBeratung.toggleFilterBox(this);\"><span>Construire dans le b\u00e2ti existant<\/span><span>CAS<\/span><span>Formation continue pour le personnel politique et administratif<\/span><span>HEIG-VD Haute Ecole d'Ing\u00e9nierie et de Gestion du Canton de Vaud<\/span><span>Infrastructure<\/span><span>D\u00e9veloppement \u00e0 l\u2019int\u00e9rieur du milieu b\u00e2ti<\/span><span>Projets de construction communaux<\/span><span>Paysage<\/span><span>Mobilit\u00e9<\/span><span>Durabilit\u00e9<\/span><span>Espace public<\/span><span>Outils de planification<\/span><span>Strat\u00e9gies de d\u00e9veloppement territorial<\/span><\/label><div class=\"options\"><a href=\"#\" onclick=\"return window.siaBeratung.setFilterBoxFilter(135);\">Construire dans le b\u00e2ti existant<\/a><a href=\"#\" onclick=\"return window.siaBeratung.setFilterBoxFilter(272);\">CAS<\/a><a href=\"#\" onclick=\"return window.siaBeratung.setFilterBoxFilter(157);\">Formation continue pour le personnel politique et administratif<\/a><a href=\"#\" onclick=\"return window.siaBeratung.setFilterBoxFilter(200);\">HEIG-VD Haute Ecole d'Ing\u00e9nierie et de Gestion du Canton de Vaud<\/a><a href=\"#\" onclick=\"return window.siaBeratung.setFilterBoxFilter(141);\">Infrastructure<\/a><a href=\"#\" onclick=\"return window.siaBeratung.setFilterBoxFilter(142);\">D\u00e9veloppement \u00e0 l\u2019int\u00e9rieur du milieu b\u00e2ti<\/a><a href=\"#\" onclick=\"return window.siaBeratung.setFilterBoxFilter(161);\">Projets de construction communaux<\/a><a href=\"#\" onclick=\"return window.siaBeratung.setFilterBoxFilter(144);\">Paysage<\/a><a href=\"#\" onclick=\"return window.siaBeratung.setFilterBoxFilter(147);\">Mobilit\u00e9<\/a><a href=\"#\" onclick=\"return window.siaBeratung.setFilterBoxFilter(148);\">Durabilit\u00e9<\/a><a href=\"#\" onclick=\"return window.siaBeratung.setFilterBoxFilter(149);\">Espace public<\/a><a href=\"#\" onclick=\"return window.siaBeratung.setFilterBoxFilter(151);\">Outils de planification<\/a><a href=\"#\" onclick=\"return window.siaBeratung.setFilterBoxFilter(167);\">Strat\u00e9gies de d\u00e9veloppement territorial<\/a><a href=\"#\" onclick=\"return window.siaBeratung.setFilterBoxFilter([135,141,142,144,147,148,149,151,157,161,167,200,272,289]);\">Alle Filter ausw\u00e4hlen<\/a><\/div><\/div><label class=\"sia-beratung-db-filterbox-spacer\">&nbsp;<\/label><\/div><\/div><\/div><div class=\"sia-beratung-db-entry-searchtext\">espace public urbain et mobilit\u00e9s douces | les titulaires de ce cas sont capables d&#8217;appr\u00e9hender un espace de voirie urbaine dans ses multiples dimensions, ma\u00eetrisent les techniques d&#8217;am\u00e9nagement de l&#8217;espace public et sont capables de conduire un projet d&#8217;am\u00e9nagement d&#8217;espace public jusqu&#8217;\u00e0 l&#8217;autorisation de construire. | bauen im bestand | infrastruktur | innenentwicklung | landschaft | mobilit\u00e4t | nachhaltigkeit | \u00f6ffentlicher raum | planungsinstrumente | fortbildung f\u00fcr politik und verwaltung | kommunale bauprojekte | r\u00e4umliche entwicklungsleitbilder | heig-vd haute ecole d'ing\u00e9nierie et de gestion du canton de vaud | cas | fr<\/div><\/article><article class=\"sia-beratung-db-entry\" data-id=\"1669\" data-cpt=\"sia-ausbildung\" data-slug=\"eth-raum\" data-lat=\"47.4085699595257\" data-lng=\"8.50618101148507\" data-filter-135=\"1\" data-filter-139=\"1\" data-filter-141=\"1\" data-filter-142=\"1\" data-filter-144=\"1\" data-filter-146=\"1\" data-filter-147=\"1\" data-filter-148=\"1\" data-filter-149=\"1\" data-filter-151=\"1\" data-filter-152=\"1\" data-filter-163=\"1\" data-filter-167=\"1\" data-filter-168=\"1\" data-filter-169=\"1\" data-filter-197=\"1\" data-filter-272=\"1\" data-filter-282=\"1\" data-filter-288=\"1\" data-all-filter=\"135,139,141,142,144,146,147,148,149,151,152,163,167,168,169,197,272,282,288\"><div class=\"sia-beratung-db-entry-header\" onclick=\"return window.siaBeratung.toggleCpt(this);\"><div class=\"col-1\">ETH RAUM<\/div><div class=\"col-2\"><span>ETHZ<\/span><\/div><div class=\"col-3\"><span>CAS<\/span><span>MAS<\/span><\/div><div class=\"sia-beratung-db-angle\"><span class=\"sia-beratung-angle\"><\/span><\/div><\/div><div class=\"sia-beratung-db-entry-content\"><div class=\"sia-beratung-db-entry-content-columns\"><div class=\"col-1\"><p>ETH RAUM ist die neue Plattform der ETH mit einem breiten Angebot in der Raumentwicklung. Mit dem neuen MAS und den drei CAS Programmen stehen Raumentwicklung, Planungspraxis, Prozessdesign und die Stadt als Laboratorium der Zukunft im Zentrum.<\/p>\n<\/div><div class=\"col-2\"><\/div><\/div><div class=\"sia-beratung-db-entry-footer\"><div class=\"col-1\"><a href=\"https:\/\/raum.ethz.ch\/aktuelles\" class=\"sia-beratung-db-entry-link\" target=\"_blank\" rel=\"noopener\">Link zum Angebot<\/a><\/div><div class=\"col-2\"><div class=\"sia-beratung-db-filterbox\"><label class=\"toggle\" onclick=\"return window.siaBeratung.toggleFilterBox(this);\"><span>Construire dans le b\u00e2ti existant<\/span><span>CAS<\/span><span>Dialogue<\/span><span>ETHZ<\/span><span>Infrastructure<\/span><span>D\u00e9veloppement \u00e0 l\u2019int\u00e9rieur du milieu b\u00e2ti<\/span><span>Paysage<\/span><span>MAS<\/span><span>Participation<\/span><span>Mobilit\u00e9<\/span><span>Durabilit\u00e9<\/span><span>Plans d\u2019affectation<\/span><span>Espace public<\/span><span>Outils de planification<\/span><span>Processus<\/span><span>Strat\u00e9gies de d\u00e9veloppement territorial<\/span><span>Coop\u00e9ration r\u00e9gionale<\/span><span>Plans d\u2019affectation sp\u00e9ciaux<\/span><\/label><div class=\"options\"><a href=\"#\" onclick=\"return window.siaBeratung.setFilterBoxFilter(135);\">Construire dans le b\u00e2ti existant<\/a><a href=\"#\" onclick=\"return window.siaBeratung.setFilterBoxFilter(272);\">CAS<\/a><a href=\"#\" onclick=\"return window.siaBeratung.setFilterBoxFilter(139);\">Dialogue<\/a><a href=\"#\" onclick=\"return window.siaBeratung.setFilterBoxFilter(197);\">ETHZ<\/a><a href=\"#\" onclick=\"return window.siaBeratung.setFilterBoxFilter(141);\">Infrastructure<\/a><a href=\"#\" onclick=\"return window.siaBeratung.setFilterBoxFilter(142);\">D\u00e9veloppement \u00e0 l\u2019int\u00e9rieur du milieu b\u00e2ti<\/a><a href=\"#\" onclick=\"return window.siaBeratung.setFilterBoxFilter(144);\">Paysage<\/a><a href=\"#\" onclick=\"return window.siaBeratung.setFilterBoxFilter(282);\">MAS<\/a><a href=\"#\" onclick=\"return window.siaBeratung.setFilterBoxFilter(146);\">Participation<\/a><a href=\"#\" onclick=\"return window.siaBeratung.setFilterBoxFilter(147);\">Mobilit\u00e9<\/a><a href=\"#\" onclick=\"return window.siaBeratung.setFilterBoxFilter(148);\">Durabilit\u00e9<\/a><a href=\"#\" onclick=\"return window.siaBeratung.setFilterBoxFilter(163);\">Plans d\u2019affectation<\/a><a href=\"#\" onclick=\"return window.siaBeratung.setFilterBoxFilter(149);\">Espace public<\/a><a href=\"#\" onclick=\"return window.siaBeratung.setFilterBoxFilter(151);\">Outils de planification<\/a><a href=\"#\" onclick=\"return window.siaBeratung.setFilterBoxFilter(152);\">Processus<\/a><a href=\"#\" onclick=\"return window.siaBeratung.setFilterBoxFilter(167);\">Strat\u00e9gies de d\u00e9veloppement territorial<\/a><a href=\"#\" onclick=\"return window.siaBeratung.setFilterBoxFilter(168);\">Coop\u00e9ration r\u00e9gionale<\/a><a href=\"#\" onclick=\"return window.siaBeratung.setFilterBoxFilter(169);\">Plans d\u2019affectation sp\u00e9ciaux<\/a><a href=\"#\" onclick=\"return window.siaBeratung.setFilterBoxFilter([135,139,141,142,144,146,147,148,149,151,152,163,167,168,169,197,272,282,288]);\">Alle Filter ausw\u00e4hlen<\/a><\/div><\/div><label class=\"sia-beratung-db-filterbox-spacer\">&nbsp;<\/label><\/div><\/div><\/div><div class=\"sia-beratung-db-entry-searchtext\">eth raum | eth raum ist die neue plattform der eth mit einem breiten angebot in der raumentwicklung. mit dem neuen mas und den drei cas programmen stehen raumentwicklung, planungspraxis, prozessdesign und die stadt als laboratorium der zukunft im zentrum. | bauen im bestand | dialog | infrastruktur | innenentwicklung | landschaft | mitwirkung | mobilit\u00e4t | nachhaltigkeit | \u00f6ffentlicher raum | planungsinstrumente | prozesse | nutzungsplanung | r\u00e4umliche entwicklungsleitbilder | regionale zusammenarbeit | sondernutzplanung | ethz eidgen\u00f6ssische technische hochschule z\u00fcrich | cas | mas | de<\/div><\/article><article class=\"sia-beratung-db-entry\" data-id=\"1670\" data-cpt=\"sia-ausbildung\" data-slug=\"fachkompetenz-bauverwalter-in\" data-lat=\"47.4817065695409\" data-lng=\"8.21135266863942\" data-filter-137=\"1\" data-filter-138=\"1\" data-filter-139=\"1\" data-filter-141=\"1\" data-filter-142=\"1\" data-filter-145=\"1\" data-filter-146=\"1\" data-filter-147=\"1\" data-filter-148=\"1\" data-filter-149=\"1\" data-filter-150=\"1\" data-filter-151=\"1\" data-filter-152=\"1\" data-filter-154=\"1\" data-filter-156=\"1\" data-filter-157=\"1\" data-filter-160=\"1\" data-filter-161=\"1\" data-filter-163=\"1\" data-filter-166=\"1\" data-filter-167=\"1\" data-filter-199=\"1\" data-filter-273=\"1\" data-filter-288=\"1\" data-all-filter=\"137,138,139,141,142,145,146,147,148,149,150,151,152,154,156,157,160,161,163,166,167,199,273,288\"><div class=\"sia-beratung-db-entry-header\" onclick=\"return window.siaBeratung.toggleCpt(this);\"><div class=\"col-1\">Fachkompetenz Bauverwalter\/in<\/div><div class=\"col-2\"><span>FHNW Fachhochschule Nordwestschweiz<\/span><\/div><div class=\"col-3\"><span>DAS<\/span><\/div><div class=\"sia-beratung-db-angle\"><span class=\"sia-beratung-angle\"><\/span><\/div><\/div><div class=\"sia-beratung-db-entry-content\"><div class=\"sia-beratung-db-entry-content-columns\"><div class=\"col-1\"><p>Der Diplomlehrgang DAS vermittelt und vertieft die n\u00f6tigen Kenntnisse und F\u00e4higkeiten f\u00fcr die Fachfunktionen als Bauverwalter\/in.<\/p>\n<\/div><div class=\"col-2\"><\/div><\/div><div class=\"sia-beratung-db-entry-footer\"><div class=\"col-1\"><a href=\"https:\/\/www.fhnw.ch\/de\/weiterbildung\/wirtschaft\/das-oeg-bauverwalter\" class=\"sia-beratung-db-entry-link\" target=\"_blank\" rel=\"noopener\">Link zum Angebot<\/a><\/div><div class=\"col-2\"><div class=\"sia-beratung-db-filterbox\"><label class=\"toggle\" onclick=\"return window.siaBeratung.toggleFilterBox(this);\"><span>Proc\u00e9dures d\u2019autorisation de construire<\/span><span>Conseil par les communes<\/span><span>Politique fonci\u00e8re<\/span><span>DAS<\/span><span>Monuments<\/span><span>Dialogue<\/span><span>FHNW Fachhochschule Nordwestschweiz<\/span><span>Formation continue pour le personnel politique et administratif<\/span><span>Infrastructure<\/span><span>D\u00e9veloppement \u00e0 l\u2019int\u00e9rieur du milieu b\u00e2ti<\/span><span>Inventaires<\/span><span>Projets de construction communaux<\/span><span>Politique immobili\u00e8re<\/span><span>Participation<\/span><span>Mobilit\u00e9<\/span><span>Durabilit\u00e9<\/span><span>Plans d\u2019affectation<\/span><span>Espace public<\/span><span>Sites construits<\/span><span>Outils de planification<\/span><span>Processus<\/span><span>Proc\u00e9dures d\u2019assurance qualit\u00e9<\/span><span>Strat\u00e9gies de d\u00e9veloppement territorial<\/span><\/label><div class=\"options\"><a href=\"#\" onclick=\"return window.siaBeratung.setFilterBoxFilter(154);\">Proc\u00e9dures d\u2019autorisation de construire<\/a><a href=\"#\" onclick=\"return window.siaBeratung.setFilterBoxFilter(156);\">Conseil par les communes<\/a><a href=\"#\" onclick=\"return window.siaBeratung.setFilterBoxFilter(137);\">Politique fonci\u00e8re<\/a><a href=\"#\" onclick=\"return window.siaBeratung.setFilterBoxFilter(273);\">DAS<\/a><a href=\"#\" onclick=\"return window.siaBeratung.setFilterBoxFilter(138);\">Monuments<\/a><a href=\"#\" onclick=\"return window.siaBeratung.setFilterBoxFilter(139);\">Dialogue<\/a><a href=\"#\" onclick=\"return window.siaBeratung.setFilterBoxFilter(199);\">FHNW Fachhochschule Nordwestschweiz<\/a><a href=\"#\" onclick=\"return window.siaBeratung.setFilterBoxFilter(157);\">Formation continue pour le personnel politique et administratif<\/a><a href=\"#\" onclick=\"return window.siaBeratung.setFilterBoxFilter(141);\">Infrastructure<\/a><a href=\"#\" onclick=\"return window.siaBeratung.setFilterBoxFilter(142);\">D\u00e9veloppement \u00e0 l\u2019int\u00e9rieur du milieu b\u00e2ti<\/a><a href=\"#\" onclick=\"return window.siaBeratung.setFilterBoxFilter(160);\">Inventaires<\/a><a href=\"#\" onclick=\"return window.siaBeratung.setFilterBoxFilter(161);\">Projets de construction communaux<\/a><a href=\"#\" onclick=\"return window.siaBeratung.setFilterBoxFilter(145);\">Politique immobili\u00e8re<\/a><a href=\"#\" onclick=\"return window.siaBeratung.setFilterBoxFilter(146);\">Participation<\/a><a href=\"#\" onclick=\"return window.siaBeratung.setFilterBoxFilter(147);\">Mobilit\u00e9<\/a><a href=\"#\" onclick=\"return window.siaBeratung.setFilterBoxFilter(148);\">Durabilit\u00e9<\/a><a href=\"#\" onclick=\"return window.siaBeratung.setFilterBoxFilter(163);\">Plans d\u2019affectation<\/a><a href=\"#\" onclick=\"return window.siaBeratung.setFilterBoxFilter(149);\">Espace public<\/a><a href=\"#\" onclick=\"return window.siaBeratung.setFilterBoxFilter(150);\">Sites construits<\/a><a href=\"#\" onclick=\"return window.siaBeratung.setFilterBoxFilter(151);\">Outils de planification<\/a><a href=\"#\" onclick=\"return window.siaBeratung.setFilterBoxFilter(152);\">Processus<\/a><a href=\"#\" onclick=\"return window.siaBeratung.setFilterBoxFilter(166);\">Proc\u00e9dures d\u2019assurance qualit\u00e9<\/a><a href=\"#\" onclick=\"return window.siaBeratung.setFilterBoxFilter(167);\">Strat\u00e9gies de d\u00e9veloppement territorial<\/a><a href=\"#\" onclick=\"return window.siaBeratung.setFilterBoxFilter([137,138,139,141,142,145,146,147,148,149,150,151,152,154,156,157,160,161,163,166,167,199,273,288]);\">Alle Filter ausw\u00e4hlen<\/a><\/div><\/div><label class=\"sia-beratung-db-filterbox-spacer\">&nbsp;<\/label><\/div><\/div><\/div><div class=\"sia-beratung-db-entry-searchtext\">fachkompetenz bauverwalter\/in | der diplomlehrgang das vermittelt und vertieft die n\u00f6tigen kenntnisse und f\u00e4higkeiten f\u00fcr die fachfunktionen als bauverwalter\/in. | bodenpolitik | denkm\u00e4ler | dialog | infrastruktur | innenentwicklung | liegenschaftspolitik | mitwirkung | mobilit\u00e4t | nachhaltigkeit | \u00f6ffentlicher raum | ortsbilder | planungsinstrumente | prozesse | baubewilligungsverfahren | beratung durch gemeinden | fortbildung f\u00fcr politik und verwaltung | inventare | kommunale bauprojekte | nutzungsplanung | qualit\u00e4tssichernde verfahren | r\u00e4umliche entwicklungsleitbilder | fhnw fachhochschule nordwestschweiz | das | de<\/div><\/article><article class=\"sia-beratung-db-entry\" data-id=\"1673\" data-cpt=\"sia-ausbildung\" data-slug=\"fachmann-fachfrau-bau-und-umwelt-gfs\" data-lat=\"47.4205721333862\" data-lng=\"9.35837266099508\" data-filter-144=\"1\" data-filter-151=\"1\" data-filter-152=\"1\" data-filter-154=\"1\" data-filter-157=\"1\" data-filter-161=\"1\" data-filter-163=\"1\" data-filter-167=\"1\" data-filter-191=\"1\" data-filter-274=\"1\" data-filter-288=\"1\" data-all-filter=\"144,151,152,154,157,161,163,167,191,274,288\"><div class=\"sia-beratung-db-entry-header\" onclick=\"return window.siaBeratung.toggleCpt(this);\"><div class=\"col-1\">Fachmann\/Fachfrau Bau und Umwelt GFS<\/div><div class=\"col-2\"><span>Akademie St.Gallen<\/span><\/div><div class=\"col-3\"><span>Programme de dipl\u00f4me<\/span><\/div><div class=\"sia-beratung-db-angle\"><span class=\"sia-beratung-angle\"><\/span><\/div><\/div><div class=\"sia-beratung-db-entry-content\"><div class=\"sia-beratung-db-entry-content-columns\"><div class=\"col-1\"><p>Als dipl. Fachmann\/frau Bau und Umwelt GFS beraten Sie in Bau-, Planungs- und Umweltangelegenheiten und f\u00fchren die formellen rechtlichen Verfahren durch. Zudem unterst\u00fctzen Sie die kommunale Baubeh\u00f6rde und stellen die interne und externe Kommunikation sicher.<\/p>\n<\/div><div class=\"col-2\"><\/div><\/div><div class=\"sia-beratung-db-entry-footer\"><div class=\"col-1\"><a href=\"https:\/\/www.akademie.ch\/weiterbildung\/fachmann-bau-und-umwelt-gfs\" class=\"sia-beratung-db-entry-link\" target=\"_blank\" rel=\"noopener\">Link zum Angebot<\/a><\/div><div class=\"col-2\"><div class=\"sia-beratung-db-filterbox\"><label class=\"toggle\" onclick=\"return window.siaBeratung.toggleFilterBox(this);\"><span>Akademie St.Gallen<\/span><span>Proc\u00e9dures d\u2019autorisation de construire<\/span><span>Programme de dipl\u00f4me<\/span><span>Formation continue pour le personnel politique et administratif<\/span><span>Projets de construction communaux<\/span><span>Paysage<\/span><span>Plans d\u2019affectation<\/span><span>Outils de planification<\/span><span>Processus<\/span><span>Strat\u00e9gies de d\u00e9veloppement territorial<\/span><\/label><div class=\"options\"><a href=\"#\" onclick=\"return window.siaBeratung.setFilterBoxFilter(191);\">Akademie St.Gallen<\/a><a href=\"#\" onclick=\"return window.siaBeratung.setFilterBoxFilter(154);\">Proc\u00e9dures d\u2019autorisation de construire<\/a><a href=\"#\" onclick=\"return window.siaBeratung.setFilterBoxFilter(274);\">Programme de dipl\u00f4me<\/a><a href=\"#\" onclick=\"return window.siaBeratung.setFilterBoxFilter(157);\">Formation continue pour le personnel politique et administratif<\/a><a href=\"#\" onclick=\"return window.siaBeratung.setFilterBoxFilter(161);\">Projets de construction communaux<\/a><a href=\"#\" onclick=\"return window.siaBeratung.setFilterBoxFilter(144);\">Paysage<\/a><a href=\"#\" onclick=\"return window.siaBeratung.setFilterBoxFilter(163);\">Plans d\u2019affectation<\/a><a href=\"#\" onclick=\"return window.siaBeratung.setFilterBoxFilter(151);\">Outils de planification<\/a><a href=\"#\" onclick=\"return window.siaBeratung.setFilterBoxFilter(152);\">Processus<\/a><a href=\"#\" onclick=\"return window.siaBeratung.setFilterBoxFilter(167);\">Strat\u00e9gies de d\u00e9veloppement territorial<\/a><a href=\"#\" onclick=\"return window.siaBeratung.setFilterBoxFilter([144,151,152,154,157,161,163,167,191,274,288]);\">Alle Filter ausw\u00e4hlen<\/a><\/div><\/div><label class=\"sia-beratung-db-filterbox-spacer\">&nbsp;<\/label><\/div><\/div><\/div><div class=\"sia-beratung-db-entry-searchtext\">fachmann\/fachfrau bau und umwelt gfs | als dipl. fachmann\/frau bau und umwelt gfs beraten sie in bau-, planungs- und umweltangelegenheiten und f\u00fchren die formellen rechtlichen verfahren durch. zudem unterst\u00fctzen sie die kommunale baubeh\u00f6rde und stellen die interne und externe kommunikation sicher. | landschaft | planungsinstrumente | prozesse | baubewilligungsverfahren | fortbildung f\u00fcr politik und verwaltung | kommunale bauprojekte | nutzungsplanung | r\u00e4umliche entwicklungsleitbilder | akademie st.gallen | diplomlehrgang | de<\/div><\/article><article class=\"sia-beratung-db-entry\" data-id=\"1671\" data-cpt=\"sia-ausbildung\" data-slug=\"fachperson-bau-und-planungswesen\" data-lang-slug-de_de=\"\" data-lang-slug-en_gb=\"\" data-lang-slug-fr_fr=\"\" data-lang-slug-it_it=\"\" data-lat=\"47.5659569551881\" data-lng=\"9.10564008718249\" data-filter-151=\"1\" data-filter-152=\"1\" data-filter-154=\"1\" data-filter-157=\"1\" data-filter-162=\"1\" data-filter-163=\"1\" data-filter-167=\"1\" data-filter-169=\"1\" data-filter-195=\"1\" data-filter-279=\"1\" data-filter-288=\"1\" data-all-filter=\"151,152,154,157,162,163,167,169,195,279,288\"><div class=\"sia-beratung-db-entry-header\" onclick=\"return window.siaBeratung.toggleCpt(this);\"><div class=\"col-1\">Fachperson Bau- und Planungswesen<\/div><div class=\"col-2\"><span>BZWW Thurgau Bildungszentrum f\u00fcr Wirtschaft Weinfelden<\/span><\/div><div class=\"col-3\"><span>Cours et colloques<\/span><\/div><div class=\"sia-beratung-db-angle\"><span class=\"sia-beratung-angle\"><\/span><\/div><\/div><div class=\"sia-beratung-db-entry-content\"><div class=\"sia-beratung-db-entry-content-columns\"><div class=\"col-1\"><p>Absolventinnen und Absolventen kennen die Zusammenh\u00e4nge und die Bedeutung einer geordneten Besiedlung des Landes, einer intakten Landschaft, einer guten Ausgestaltung der Siedlung sowie die volkswirtschaftlichen Auswirkungen raumplanerischer Massnahmen. Sie kennen die wichtigsten Wechselbeziehungen zwischen Raumplanung und Politik.<\/p>\n<\/div><div class=\"col-2\"><\/div><\/div><div class=\"sia-beratung-db-entry-footer\"><div class=\"col-1\"><a href=\"https:\/\/weiterkommen.ch\/aus-und-weiterbildungen?daterange=&s=1802&scrolltofilter=1\" class=\"sia-beratung-db-entry-link\" target=\"_blank\" rel=\"noopener\">Link zum Angebot<\/a><\/div><div class=\"col-2\"><div class=\"sia-beratung-db-filterbox\"><label class=\"toggle\" onclick=\"return window.siaBeratung.toggleFilterBox(this);\"><span>Proc\u00e9dures d\u2019autorisation de construire<\/span><span>BZWW Thurgau Bildungszentrum f\u00fcr Wirtschaft Weinfelden<\/span><span>Formation continue pour le personnel politique et administratif<\/span><span>Cours et colloques<\/span><span>Taxation de la plus-value<\/span><span>Plans d\u2019affectation<\/span><span>Outils de planification<\/span><span>Processus<\/span><span>Strat\u00e9gies de d\u00e9veloppement territorial<\/span><span>Plans d\u2019affectation sp\u00e9ciaux<\/span><\/label><div class=\"options\"><a href=\"#\" onclick=\"return window.siaBeratung.setFilterBoxFilter(154);\">Proc\u00e9dures d\u2019autorisation de construire<\/a><a href=\"#\" onclick=\"return window.siaBeratung.setFilterBoxFilter(195);\">BZWW Thurgau Bildungszentrum f\u00fcr Wirtschaft Weinfelden<\/a><a href=\"#\" onclick=\"return window.siaBeratung.setFilterBoxFilter(157);\">Formation continue pour le personnel politique et administratif<\/a><a href=\"#\" onclick=\"return window.siaBeratung.setFilterBoxFilter(279);\">Cours et colloques<\/a><a href=\"#\" onclick=\"return window.siaBeratung.setFilterBoxFilter(162);\">Taxation de la plus-value<\/a><a href=\"#\" onclick=\"return window.siaBeratung.setFilterBoxFilter(163);\">Plans d\u2019affectation<\/a><a href=\"#\" onclick=\"return window.siaBeratung.setFilterBoxFilter(151);\">Outils de planification<\/a><a href=\"#\" onclick=\"return window.siaBeratung.setFilterBoxFilter(152);\">Processus<\/a><a href=\"#\" onclick=\"return window.siaBeratung.setFilterBoxFilter(167);\">Strat\u00e9gies de d\u00e9veloppement territorial<\/a><a href=\"#\" onclick=\"return window.siaBeratung.setFilterBoxFilter(169);\">Plans d\u2019affectation sp\u00e9ciaux<\/a><a href=\"#\" onclick=\"return window.siaBeratung.setFilterBoxFilter([151,152,154,157,162,163,167,169,195,279,288]);\">Alle Filter ausw\u00e4hlen<\/a><\/div><\/div><label class=\"sia-beratung-db-filterbox-spacer\">&nbsp;<\/label><\/div><\/div><\/div><div class=\"sia-beratung-db-entry-searchtext\">fachperson bau- und planungswesen | absolventinnen und absolventen kennen die zusammenh\u00e4nge und die bedeutung einer geordneten besiedlung des landes, einer intakten landschaft, einer guten ausgestaltung der siedlung sowie die volkswirtschaftlichen auswirkungen raumplanerischer massnahmen. sie kennen die wichtigsten wechselbeziehungen zwischen raumplanung und politik. | planungsinstrumente | prozesse | baubewilligungsverfahren | fortbildung f\u00fcr politik und verwaltung | mehrwertabsch\u00f6pfung | nutzungsplanung | r\u00e4umliche entwicklungsleitbilder | sondernutzplanung | bzww thurgau bildungszentrum f\u00fcr wirtschaft weinfelden | kurse und tagungen | de<\/div><\/article><article class=\"sia-beratung-db-entry\" data-id=\"1672\" data-cpt=\"sia-ausbildung\" data-slug=\"fachspezialist-fachspezialistin-oeffentliches-planungs-und-bauwesen-ivm\" data-lat=\"47.4998959790779\" data-lng=\"8.72029926938541\" data-filter-151=\"1\" data-filter-152=\"1\" data-filter-154=\"1\" data-filter-157=\"1\" data-filter-161=\"1\" data-filter-210=\"1\" data-filter-278=\"1\" data-filter-288=\"1\" data-all-filter=\"151,152,154,157,161,210,278,288\"><div class=\"sia-beratung-db-entry-header\" onclick=\"return window.siaBeratung.toggleCpt(this);\"><div class=\"col-1\">Fachspezialist\/Fachspezialistin \u00d6ffentliches Planungs- und Bauwesen IVM<\/div><div class=\"col-2\"><span>ZHAW Z\u00fcrcher Hochschule f\u00fcr Angewandte Wissenschaften<\/span><\/div><div class=\"col-3\"><span>Brevet cantonal<\/span><\/div><div class=\"sia-beratung-db-angle\"><span class=\"sia-beratung-angle\"><\/span><\/div><\/div><div class=\"sia-beratung-db-entry-content\"><div class=\"sia-beratung-db-entry-content-columns\"><div class=\"col-1\"><p>Der KFA ist eine Kombination des CAS Public Management und des CAS \u00d6ffentliches Baurecht (Departement Architektur). Ihnen werden rechtliche, betriebs- und volkswirtschaftliche Grundlagen im Bereich des \u00f6ffentlichen Sektors vermittelt. Zudem bekommen Sie eine gute Grundlage im \u00f6ffentlichen Planungs-, Bau- und Umweltrecht.<\/p>\n<\/div><div class=\"col-2\"><\/div><\/div><div class=\"sia-beratung-db-entry-footer\"><div class=\"col-1\"><a href=\"https:\/\/www.zhaw.ch\/de\/sml\/weiterbildung\/detail\/kurs\/kfa-fachspezialistin-fachspezialist-oeffentliches-planungs-und-bauwesen-ivm\/\" class=\"sia-beratung-db-entry-link\" target=\"_blank\" rel=\"noopener\">Link zum Angebot<\/a><\/div><div class=\"col-2\"><div class=\"sia-beratung-db-filterbox\"><label class=\"toggle\" onclick=\"return window.siaBeratung.toggleFilterBox(this);\"><span>Proc\u00e9dures d\u2019autorisation de construire<\/span><span>Formation continue pour le personnel politique et administratif<\/span><span>Brevet cantonal<\/span><span>Projets de construction communaux<\/span><span>Outils de planification<\/span><span>Processus<\/span><span>ZHAW Z\u00fcrcher Hochschule f\u00fcr Angewandte Wissenschaften<\/span><\/label><div class=\"options\"><a href=\"#\" onclick=\"return window.siaBeratung.setFilterBoxFilter(154);\">Proc\u00e9dures d\u2019autorisation de construire<\/a><a href=\"#\" onclick=\"return window.siaBeratung.setFilterBoxFilter(157);\">Formation continue pour le personnel politique et administratif<\/a><a href=\"#\" onclick=\"return window.siaBeratung.setFilterBoxFilter(278);\">Brevet cantonal<\/a><a href=\"#\" onclick=\"return window.siaBeratung.setFilterBoxFilter(161);\">Projets de construction communaux<\/a><a href=\"#\" onclick=\"return window.siaBeratung.setFilterBoxFilter(151);\">Outils de planification<\/a><a href=\"#\" onclick=\"return window.siaBeratung.setFilterBoxFilter(152);\">Processus<\/a><a href=\"#\" onclick=\"return window.siaBeratung.setFilterBoxFilter(210);\">ZHAW Z\u00fcrcher Hochschule f\u00fcr Angewandte Wissenschaften<\/a><a href=\"#\" onclick=\"return window.siaBeratung.setFilterBoxFilter([151,152,154,157,161,210,278,288]);\">Alle Filter ausw\u00e4hlen<\/a><\/div><\/div><label class=\"sia-beratung-db-filterbox-spacer\">&nbsp;<\/label><\/div><\/div><\/div><div class=\"sia-beratung-db-entry-searchtext\">fachspezialist\/fachspezialistin \u00f6ffentliches planungs- und bauwesen ivm | der kfa ist eine kombination des cas public management und des cas \u00f6ffentliches baurecht (departement architektur). ihnen werden rechtliche, betriebs- und volkswirtschaftliche grundlagen im bereich des \u00f6ffentlichen sektors vermittelt. zudem bekommen sie eine gute grundlage im \u00f6ffentlichen planungs-, bau- und umweltrecht. | planungsinstrumente | prozesse | baubewilligungsverfahren | fortbildung f\u00fcr politik und verwaltung | kommunale bauprojekte | zhaw z\u00fcrcher hochschule f\u00fcr angewandte wissenschaften | kantonaler fachausweis | de<\/div><\/article><article class=\"sia-beratung-db-entry\" data-id=\"1570\" data-cpt=\"sia-angebote\" data-slug=\"faq-transformation-des-batiments-anciens\" data-lat=\"53.5507112\" data-lng=\"10.0006485\" data-filter-135=\"1\" data-filter-138=\"1\" data-filter-150=\"1\" data-filter-160=\"1\" data-filter-224=\"1\" data-filter-270=\"1\" data-filter-289=\"1\" data-all-filter=\"135,138,150,160,224,270,289\"><div class=\"sia-beratung-db-entry-header\" onclick=\"return window.siaBeratung.toggleCpt(this);\"><div class=\"col-1\">FAQ: transformation des b\u00e2timents anciens<\/div><div class=\"col-2\"><span>Neuch\u00e2tel<\/span><\/div><div class=\"col-3\"><span>Guide<\/span><\/div><div class=\"sia-beratung-db-angle\"><span class=\"sia-beratung-angle\"><\/span><\/div><\/div><div class=\"sia-beratung-db-entry-content\"><div class=\"sia-beratung-db-entry-content-columns\"><div class=\"col-1\"><p>Cette page recense les r\u00e9ponses aux questions les plus fr\u00e9quentes en mati\u00e8re de transformation des b\u00e2timents anciens. Elle contient aussi des exemples concr\u00eats, ainsi qu&#8217;un glossaire.<\/p>\n<\/div><div class=\"col-2\"><\/div><\/div><div class=\"sia-beratung-db-entry-footer\"><div class=\"col-1\"><a href=\"https:\/\/www.ne.ch\/autorites\/DESC\/SCNE\/patrimoine\/transformations\/Pages\/accueil.aspx\" class=\"sia-beratung-db-entry-link\" target=\"_blank\" rel=\"noopener\">Link zum Angebot<\/a><\/div><div class=\"col-2\"><div class=\"sia-beratung-db-filterbox\"><label class=\"toggle\" onclick=\"return window.siaBeratung.toggleFilterBox(this);\"><span>Guide<\/span><span>Construire dans le b\u00e2ti existant<\/span><span>Monuments<\/span><span>Inventaires<\/span><span>Neuch\u00e2tel<\/span><span>Sites construits<\/span><\/label><div class=\"options\"><a href=\"#\" onclick=\"return window.siaBeratung.setFilterBoxFilter(270);\">Guide<\/a><a href=\"#\" onclick=\"return window.siaBeratung.setFilterBoxFilter(135);\">Construire dans le b\u00e2ti existant<\/a><a href=\"#\" onclick=\"return window.siaBeratung.setFilterBoxFilter(138);\">Monuments<\/a><a href=\"#\" onclick=\"return window.siaBeratung.setFilterBoxFilter(160);\">Inventaires<\/a><a href=\"#\" onclick=\"return window.siaBeratung.setFilterBoxFilter(224);\">Neuch\u00e2tel<\/a><a href=\"#\" onclick=\"return window.siaBeratung.setFilterBoxFilter(150);\">Sites construits<\/a><a href=\"#\" onclick=\"return window.siaBeratung.setFilterBoxFilter([135,138,150,160,224,270,289]);\">Alle Filter ausw\u00e4hlen<\/a><\/div><\/div><label class=\"sia-beratung-db-filterbox-spacer\">&nbsp;<\/label><\/div><\/div><\/div><div class=\"sia-beratung-db-entry-searchtext\">faq: transformation des b\u00e2timents anciens | cette page recense les r\u00e9ponses aux questions les plus fr\u00e9quentes en mati\u00e8re de transformation des b\u00e2timents anciens. elle contient aussi des exemples concr\u00eats, ainsi qu&#8217;un glossaire. | bauen im bestand | denkm\u00e4ler | ortsbilder | inventare | neuenburg | arbeitshilfe | fr<\/div><\/article><article class=\"sia-beratung-db-entry\" data-id=\"2884\" data-cpt=\"sia-angebote\" data-slug=\"farbkarten-fuer-gemenden-staedte-und-kantone\" data-lang-slug-de_de=\"\" data-lang-slug-en_gb=\"\" data-lang-slug-fr_fr=\"\" data-lang-slug-it_it=\"\" data-lat=\"53.5507112\" data-lng=\"10.0008202\" data-filter-135=\"1\" data-filter-150=\"1\" data-filter-151=\"1\" data-filter-160=\"1\" data-filter-302=\"1\" data-filter-270=\"1\" data-filter-288=\"1\" data-all-filter=\"135,150,151,160,302,270,288\"><div class=\"sia-beratung-db-entry-header\" onclick=\"return window.siaBeratung.toggleCpt(this);\"><div class=\"col-1\">Farbkarten f\u00fcr Gemeinden, St\u00e4dte und Kantone<\/div><div class=\"col-2\"><span>Haus der Farbe<\/span><\/div><div class=\"col-3\"><span>Guide<\/span><\/div><div class=\"sia-beratung-db-angle\"><span class=\"sia-beratung-angle\"><\/span><\/div><\/div><div class=\"sia-beratung-db-entry-content\"><div class=\"sia-beratung-db-entry-content-columns\"><div class=\"col-1\"><p>Farbe kann die Identit\u00e4t und Qualit\u00e4t eines Ortes st\u00e4rken. In vielen St\u00e4dten und Gemeinden, oft auch in historischen Stadtkernen, f\u00fchren Farbentscheide jedoch zu Diskussionen, weil solide Argumente fehlen.<\/p>\n<\/div><div class=\"col-2\"><\/div><\/div><div class=\"sia-beratung-db-entry-footer\"><div class=\"col-1\"><a href=\"https:\/\/hausderfarbe.ch\/de\/institut\/beratung\/\" class=\"sia-beratung-db-entry-link\" target=\"_blank\" rel=\"noopener\">Link zum Angebot<\/a><\/div><div class=\"col-2\"><div class=\"sia-beratung-db-filterbox\"><label class=\"toggle\" onclick=\"return window.siaBeratung.toggleFilterBox(this);\"><span>Guide<\/span><span>Construire dans le b\u00e2ti existant<\/span><span>Haus der Farbe<\/span><span>Inventaires<\/span><span>Sites construits<\/span><span>Outils de planification<\/span><\/label><div class=\"options\"><a href=\"#\" onclick=\"return window.siaBeratung.setFilterBoxFilter(270);\">Guide<\/a><a href=\"#\" onclick=\"return window.siaBeratung.setFilterBoxFilter(135);\">Construire dans le b\u00e2ti existant<\/a><a href=\"#\" onclick=\"return window.siaBeratung.setFilterBoxFilter(302);\">Haus der Farbe<\/a><a href=\"#\" onclick=\"return window.siaBeratung.setFilterBoxFilter(160);\">Inventaires<\/a><a href=\"#\" onclick=\"return window.siaBeratung.setFilterBoxFilter(150);\">Sites construits<\/a><a href=\"#\" onclick=\"return window.siaBeratung.setFilterBoxFilter(151);\">Outils de planification<\/a><a href=\"#\" onclick=\"return window.siaBeratung.setFilterBoxFilter([135,150,151,160,302,270,288]);\">Alle Filter ausw\u00e4hlen<\/a><\/div><\/div><label class=\"sia-beratung-db-filterbox-spacer\">&nbsp;<\/label><\/div><\/div><\/div><div class=\"sia-beratung-db-entry-searchtext\">farbkarten f\u00fcr gemeinden, st\u00e4dte und kantone | farbe kann die identit\u00e4t und qualit\u00e4t eines ortes st\u00e4rken. in vielen st\u00e4dten und gemeinden, oft auch in historischen stadtkernen, f\u00fchren farbentscheide jedoch zu diskussionen, weil solide argumente fehlen. | bauen im bestand | ortsbilder | planungsinstrumente | inventare | haus der farbe | arbeitshilfe | de<\/div><\/article><article class=\"sia-beratung-db-entry\" data-id=\"2903\" data-cpt=\"sia-ausbildung\" data-slug=\"farbkultur-in-ortsbildern\" data-lang-slug-de_de=\"\" data-lang-slug-en_gb=\"\" data-lang-slug-fr_fr=\"\" data-lang-slug-it_it=\"\" data-lat=\"47.4115845\" data-lng=\"8.5337722\" data-filter-135=\"1\" data-filter-150=\"1\" data-filter-157=\"1\" data-filter-160=\"1\" data-filter-302=\"1\" data-filter-279=\"1\" data-filter-288=\"1\" data-all-filter=\"135,150,157,160,302,279,288\"><div class=\"sia-beratung-db-entry-header\" onclick=\"return window.siaBeratung.toggleCpt(this);\"><div class=\"col-1\">Farbkultur in Ortsbildern<\/div><div class=\"col-2\"><span>Haus der Farbe<\/span><\/div><div class=\"col-3\"><span>Cours et colloques<\/span><\/div><div class=\"sia-beratung-db-angle\"><span class=\"sia-beratung-angle\"><\/span><\/div><\/div><div class=\"sia-beratung-db-entry-content\"><div class=\"sia-beratung-db-entry-content-columns\"><div class=\"col-1\"><p>Drei Kurse zu \u00abFarbkultur in Ortsbildern\u00bb, die sich an Vertreter*innen und Gremien von Gemeinden und St\u00e4dten richten, die ihren Umgang mit Farbe professionalisieren und qualit\u00e4tvoller gestalten m\u00f6chten.<\/p>\n<\/div><div class=\"col-2\"><\/div><\/div><div class=\"sia-beratung-db-entry-footer\"><div class=\"col-1\"><a href=\"https:\/\/hausderfarbe.ch\/de\/ausbildung\/kurse\/\" class=\"sia-beratung-db-entry-link\" target=\"_blank\" rel=\"noopener\">Link zum Angebot<\/a><\/div><div class=\"col-2\"><div class=\"sia-beratung-db-filterbox\"><label class=\"toggle\" onclick=\"return window.siaBeratung.toggleFilterBox(this);\"><span>Construire dans le b\u00e2ti existant<\/span><span>Formation continue pour le personnel politique et administratif<\/span><span>Haus der Farbe<\/span><span>Inventaires<\/span><span>Cours et colloques<\/span><span>Sites construits<\/span><\/label><div class=\"options\"><a href=\"#\" onclick=\"return window.siaBeratung.setFilterBoxFilter(135);\">Construire dans le b\u00e2ti existant<\/a><a href=\"#\" onclick=\"return window.siaBeratung.setFilterBoxFilter(157);\">Formation continue pour le personnel politique et administratif<\/a><a href=\"#\" onclick=\"return window.siaBeratung.setFilterBoxFilter(302);\">Haus der Farbe<\/a><a href=\"#\" onclick=\"return window.siaBeratung.setFilterBoxFilter(160);\">Inventaires<\/a><a href=\"#\" onclick=\"return window.siaBeratung.setFilterBoxFilter(279);\">Cours et colloques<\/a><a href=\"#\" onclick=\"return window.siaBeratung.setFilterBoxFilter(150);\">Sites construits<\/a><a href=\"#\" onclick=\"return window.siaBeratung.setFilterBoxFilter([135,150,157,160,302,279,288]);\">Alle Filter ausw\u00e4hlen<\/a><\/div><\/div><label class=\"sia-beratung-db-filterbox-spacer\">&nbsp;<\/label><\/div><\/div><\/div><div class=\"sia-beratung-db-entry-searchtext\">farbkultur in ortsbildern | drei kurse zu \u00abfarbkultur in ortsbildern\u00bb, die sich an vertreter*innen und gremien von gemeinden und st\u00e4dten richten, die ihren umgang mit farbe professionalisieren und qualit\u00e4tvoller gestalten m\u00f6chten. | bauen im bestand | ortsbilder | fortbildung f\u00fcr politik und verwaltung | inventare | haus der farbe | kurse und tagungen | de<\/div><\/article><article class=\"sia-beratung-db-entry\" data-id=\"1595\" data-cpt=\"sia-angebote\" data-slug=\"merkblaetter-der-kantonalen-denkmalpflegen\" data-lang-slug-de_de=\"\" data-lang-slug-en_gb=\"\" data-lang-slug-fr_fr=\"\" data-lang-slug-it_it=\"\" data-lat=\"53.5507112\" data-lng=\"10.0006485\" data-filter-135=\"1\" data-filter-138=\"1\" data-filter-140=\"1\" data-filter-160=\"1\" data-filter-239=\"1\" data-filter-270=\"1\" data-filter-288=\"1\" data-filter-289=\"1\" data-filter-290=\"1\" data-all-filter=\"135,138,140,160,239,270,288,289,290\"><div class=\"sia-beratung-db-entry-header\" onclick=\"return window.siaBeratung.toggleCpt(this);\"><div class=\"col-1\">Fiches th\u00e9matiques des services cantonaux de protection du patrimoine<\/div><div class=\"col-2\"><span>Groupe de travail protection du patrimoine<\/span><\/div><div class=\"col-3\"><span>Guide<\/span><\/div><div class=\"sia-beratung-db-angle\"><span class=\"sia-beratung-angle\"><\/span><\/div><\/div><div class=\"sia-beratung-db-entry-content\"><div class=\"sia-beratung-db-entry-content-columns\"><div class=\"col-1\"><p>La liste (non exhaustive) est issue des informations recueillies sur les sites internet des services cantonaux et communaux de protection du patrimoine.<\/p>\n<\/div><div class=\"col-2\"><\/div><\/div><div class=\"sia-beratung-db-entry-footer\"><div class=\"col-1\"><a href=\"https:\/\/www.nike-kulturerbe.ch\/fr\/a-propos-de-nike\/association\/groupe-de-travail-protection-du-patrimoine-gtp\/fiches-thematiques-des-services-cantonaux-de-protection-du-patrimoine\/\" class=\"sia-beratung-db-entry-link\" target=\"_blank\" rel=\"noopener\">Link zum Angebot<\/a><\/div><div class=\"col-2\"><div class=\"sia-beratung-db-filterbox\"><label class=\"toggle\" onclick=\"return window.siaBeratung.toggleFilterBox(this);\"><span>Guide<\/span><span>Groupe de travail protection du patrimoine<\/span><span>Construire dans le b\u00e2ti existant<\/span><span>Monuments<\/span><span>Energie<\/span><span>Inventaires<\/span><\/label><div class=\"options\"><a href=\"#\" onclick=\"return window.siaBeratung.setFilterBoxFilter(270);\">Guide<\/a><a href=\"#\" onclick=\"return window.siaBeratung.setFilterBoxFilter(239);\">Groupe de travail protection du patrimoine<\/a><a href=\"#\" onclick=\"return window.siaBeratung.setFilterBoxFilter(135);\">Construire dans le b\u00e2ti existant<\/a><a href=\"#\" onclick=\"return window.siaBeratung.setFilterBoxFilter(138);\">Monuments<\/a><a href=\"#\" onclick=\"return window.siaBeratung.setFilterBoxFilter(140);\">Energie<\/a><a href=\"#\" onclick=\"return window.siaBeratung.setFilterBoxFilter(160);\">Inventaires<\/a><a href=\"#\" onclick=\"return window.siaBeratung.setFilterBoxFilter([135,138,140,160,239,270,288,289,290]);\">Alle Filter ausw\u00e4hlen<\/a><\/div><\/div><label class=\"sia-beratung-db-filterbox-spacer\">&nbsp;<\/label><\/div><\/div><\/div><div class=\"sia-beratung-db-entry-searchtext\">merkbl\u00e4tter der kantonalen denkmalpflegen | la liste (non exhaustive) est issue des informations recueillies sur les sites internet des services cantonaux et communaux de protection du patrimoine. | bauen im bestand | denkm\u00e4ler | energie | inventare | arbeitskreis denkmalpflege | arbeitshilfe | de | fr | it<\/div><\/article><article class=\"sia-beratung-db-entry\" data-id=\"3643\" data-cpt=\"sia-angebote\" data-slug=\"focus-n-wissensportal-fuer-naturnahe-freiraeume\" data-lang-slug-de_de=\"\" data-lang-slug-en_gb=\"\" data-lang-slug-fr_fr=\"\" data-lang-slug-it_it=\"\" data-lat=\"53.5507112\" data-lng=\"10.0006485\" data-filter-136=\"1\" data-filter-148=\"1\" data-filter-149=\"1\" data-filter-210=\"1\" data-filter-283=\"1\" data-filter-288=\"1\" data-all-filter=\"136,148,149,210,283,288\"><div class=\"sia-beratung-db-entry-header\" onclick=\"return window.siaBeratung.toggleCpt(this);\"><div class=\"col-1\">Focus-n &#8211; Wissensportal f\u00fcr naturnahe Freir\u00e4ume<\/div><div class=\"col-2\"><span>ZHAW Z\u00fcrcher Hochschule f\u00fcr Angewandte Wissenschaften<\/span><\/div><div class=\"col-3\"><span>Plateforme<\/span><\/div><div class=\"sia-beratung-db-angle\"><span class=\"sia-beratung-angle\"><\/span><\/div><\/div><div class=\"sia-beratung-db-entry-content\"><div class=\"sia-beratung-db-entry-content-columns\"><div class=\"col-1\"><p>Im Kern geht es bei fokus-n um die Biodiversit\u00e4tsf\u00f6rderung im Siedlungsgebiet \u2013 konkret um die F\u00f6rderung der einheimischen und standortgerechten Pflanzen- und Tierarten, um den Erhalt und die Erh\u00f6hung der Lebensraum- und Strukturvielfalt sowie deren Vernetzung.<\/p>\n<\/div><div class=\"col-2\"><\/div><\/div><div class=\"sia-beratung-db-entry-footer\"><div class=\"col-1\"><a href=\"https:\/\/fokus-n.ch\/\" class=\"sia-beratung-db-entry-link\" target=\"_blank\" rel=\"noopener\">Link zum Angebot<\/a><\/div><div class=\"col-2\"><div class=\"sia-beratung-db-filterbox\"><label class=\"toggle\" onclick=\"return window.siaBeratung.toggleFilterBox(this);\"><span>Biodiversit\u00e9<\/span><span>Durabilit\u00e9<\/span><span>Espace public<\/span><span>Plateforme<\/span><span>ZHAW Z\u00fcrcher Hochschule f\u00fcr Angewandte Wissenschaften<\/span><\/label><div class=\"options\"><a href=\"#\" onclick=\"return window.siaBeratung.setFilterBoxFilter(136);\">Biodiversit\u00e9<\/a><a href=\"#\" onclick=\"return window.siaBeratung.setFilterBoxFilter(148);\">Durabilit\u00e9<\/a><a href=\"#\" onclick=\"return window.siaBeratung.setFilterBoxFilter(149);\">Espace public<\/a><a href=\"#\" onclick=\"return window.siaBeratung.setFilterBoxFilter(283);\">Plateforme<\/a><a href=\"#\" onclick=\"return window.siaBeratung.setFilterBoxFilter(210);\">ZHAW Z\u00fcrcher Hochschule f\u00fcr Angewandte Wissenschaften<\/a><a href=\"#\" onclick=\"return window.siaBeratung.setFilterBoxFilter([136,148,149,210,283,288]);\">Alle Filter ausw\u00e4hlen<\/a><\/div><\/div><label class=\"sia-beratung-db-filterbox-spacer\">&nbsp;<\/label><\/div><\/div><\/div><div class=\"sia-beratung-db-entry-searchtext\">focus-n - wissensportal f\u00fcr naturnahe freir\u00e4ume | im kern geht es bei fokus-n um die biodiversit\u00e4tsf\u00f6rderung im siedlungsgebiet \u2013 konkret um die f\u00f6rderung der einheimischen und standortgerechten pflanzen- und tierarten, um den erhalt und die erh\u00f6hung der lebensraum- und strukturvielfalt sowie deren vernetzung. | biodiversit\u00e4t | nachhaltigkeit | \u00f6ffentlicher raum | zhaw z\u00fcrcher hochschule f\u00fcr angewandte wissenschaften | plattform | de<\/div><\/article><article class=\"sia-beratung-db-entry\" data-id=\"1724\" data-cpt=\"sia-ausbildung\" data-slug=\"weiterbildung-in-raumplanung\" data-lang-slug-de_de=\"\" data-lang-slug-en_gb=\"\" data-lang-slug-fr_fr=\"\" data-lang-slug-it_it=\"\" data-lat=\"46.9404218710216\" data-lng=\"7.43760349594318\" data-filter-142=\"1\" data-filter-150=\"1\" data-filter-151=\"1\" data-filter-152=\"1\" data-filter-157=\"1\" data-filter-163=\"1\" data-filter-167=\"1\" data-filter-169=\"1\" data-filter-246=\"1\" data-filter-279=\"1\" data-filter-288=\"1\" data-filter-289=\"1\" data-all-filter=\"142,150,151,152,157,163,167,169,246,279,288,289\"><div class=\"sia-beratung-db-entry-header\" onclick=\"return window.siaBeratung.toggleCpt(this);\"><div class=\"col-1\">Formation en am\u00e9nagement du territoire - EspaceSuisse<\/div><div class=\"col-2\"><span>EspaceSuisse<\/span><\/div><div class=\"col-3\"><span>Cours et colloques<\/span><\/div><div class=\"sia-beratung-db-angle\"><span class=\"sia-beratung-angle\"><\/span><\/div><\/div><div class=\"sia-beratung-db-entry-content\"><div class=\"sia-beratung-db-entry-content-columns\"><div class=\"col-1\"><p>EspaceSuisse organise des cours et des journ\u00e9es d\u2019\u00e9tude dans le domaine de l\u2019am\u00e9nagement du territoire. Cela va des cours sur les constructions hors zone \u00e0 b\u00e2tir aux s\u00e9minaires sur la qualit\u00e9 de l\u2019urbanisation, en passant par un congr\u00e8s annuel sur un sujet d\u2019actualit\u00e9.<\/p>\n<\/div><div class=\"col-2\"><\/div><\/div><div class=\"sia-beratung-db-entry-footer\"><div class=\"col-1\"><a href=\"https:\/\/www.espacesuisse.ch\/fr\/formation\" class=\"sia-beratung-db-entry-link\" target=\"_blank\" rel=\"noopener\">Link zum Angebot<\/a><\/div><div class=\"col-2\"><div class=\"sia-beratung-db-filterbox\"><label class=\"toggle\" onclick=\"return window.siaBeratung.toggleFilterBox(this);\"><span>EspaceSuisse<\/span><span>Formation continue pour le personnel politique et administratif<\/span><span>D\u00e9veloppement \u00e0 l\u2019int\u00e9rieur du milieu b\u00e2ti<\/span><span>Cours et colloques<\/span><span>Plans d\u2019affectation<\/span><span>Sites construits<\/span><span>Outils de planification<\/span><span>Processus<\/span><span>Strat\u00e9gies de d\u00e9veloppement territorial<\/span><span>Plans d\u2019affectation sp\u00e9ciaux<\/span><\/label><div class=\"options\"><a href=\"#\" onclick=\"return window.siaBeratung.setFilterBoxFilter(246);\">EspaceSuisse<\/a><a href=\"#\" onclick=\"return window.siaBeratung.setFilterBoxFilter(157);\">Formation continue pour le personnel politique et administratif<\/a><a href=\"#\" onclick=\"return window.siaBeratung.setFilterBoxFilter(142);\">D\u00e9veloppement \u00e0 l\u2019int\u00e9rieur du milieu b\u00e2ti<\/a><a href=\"#\" onclick=\"return window.siaBeratung.setFilterBoxFilter(279);\">Cours et colloques<\/a><a href=\"#\" onclick=\"return window.siaBeratung.setFilterBoxFilter(163);\">Plans d\u2019affectation<\/a><a href=\"#\" onclick=\"return window.siaBeratung.setFilterBoxFilter(150);\">Sites construits<\/a><a href=\"#\" onclick=\"return window.siaBeratung.setFilterBoxFilter(151);\">Outils de planification<\/a><a href=\"#\" onclick=\"return window.siaBeratung.setFilterBoxFilter(152);\">Processus<\/a><a href=\"#\" onclick=\"return window.siaBeratung.setFilterBoxFilter(167);\">Strat\u00e9gies de d\u00e9veloppement territorial<\/a><a href=\"#\" onclick=\"return window.siaBeratung.setFilterBoxFilter(169);\">Plans d\u2019affectation sp\u00e9ciaux<\/a><a href=\"#\" onclick=\"return window.siaBeratung.setFilterBoxFilter([142,150,151,152,157,163,167,169,246,279,288,289]);\">Alle Filter ausw\u00e4hlen<\/a><\/div><\/div><label class=\"sia-beratung-db-filterbox-spacer\">&nbsp;<\/label><\/div><\/div><\/div><div class=\"sia-beratung-db-entry-searchtext\">weiterbildung in raumplanung \u2013 espacesuisse | espacesuisse organise des cours et des journ\u00e9es d\u2019\u00e9tude dans le domaine de l\u2019am\u00e9nagement du territoire. cela va des cours sur les constructions hors zone \u00e0 b\u00e2tir aux s\u00e9minaires sur la qualit\u00e9 de l\u2019urbanisation, en passant par un congr\u00e8s annuel sur un sujet d\u2019actualit\u00e9. | innenentwicklung | ortsbilder | planungsinstrumente | prozesse | fortbildung f\u00fcr politik und verwaltung | nutzungsplanung | r\u00e4umliche entwicklungsleitbilder | sondernutzplanung | espacesuisse | kurse und tagungen | de | fr<\/div><\/article><article class=\"sia-beratung-db-entry\" data-id=\"1571\" data-cpt=\"sia-angebote\" data-slug=\"forum-raumordnung-schweiz\" data-lat=\"53.5507112\" data-lng=\"10.0006485\" data-filter-135=\"1\" data-filter-139=\"1\" data-filter-142=\"1\" data-filter-248=\"1\" data-filter-283=\"1\" data-filter-288=\"1\" data-all-filter=\"135,139,142,248,283,288\"><div class=\"sia-beratung-db-entry-header\" onclick=\"return window.siaBeratung.toggleCpt(this);\"><div class=\"col-1\">Forum Territoire Suisse<\/div><div class=\"col-2\"><span>Forum Territoire Suisse<\/span><\/div><div class=\"col-3\"><span>Plateforme<\/span><\/div><div class=\"sia-beratung-db-angle\"><span class=\"sia-beratung-angle\"><\/span><\/div><\/div><div class=\"sia-beratung-db-entry-content\"><div class=\"sia-beratung-db-entry-content-columns\"><div class=\"col-1\"><p>Das Forum Raumordnung Schweiz ist die Stimme einer neuen Bewegung: Mehr Qualit\u00e4t im Orts- und St\u00e4dtebau in der Schweiz. Wir brauchen eine neue Baukunst! Unsere D\u00f6rfer, Agglomerationen und St\u00e4dte sollen auf das Wohlergehen der Menschen ausgerichtet sein. Auf dieses Ziel hin arbeiten wir als Zusammenschluss von Fachleuten und Laien aus unterschiedlichen Bereichen.<\/p>\n<\/div><div class=\"col-2\"><\/div><\/div><div class=\"sia-beratung-db-entry-footer\"><div class=\"col-1\"><a href=\"https:\/\/raumordnungschweiz.ch\/de\/\" class=\"sia-beratung-db-entry-link\" target=\"_blank\" rel=\"noopener\">Link zum Angebot<\/a><\/div><div class=\"col-2\"><div class=\"sia-beratung-db-filterbox\"><label class=\"toggle\" onclick=\"return window.siaBeratung.toggleFilterBox(this);\"><span>Construire dans le b\u00e2ti existant<\/span><span>Dialogue<\/span><span>Forum Territoire Suisse<\/span><span>D\u00e9veloppement \u00e0 l\u2019int\u00e9rieur du milieu b\u00e2ti<\/span><span>Plateforme<\/span><\/label><div class=\"options\"><a href=\"#\" onclick=\"return window.siaBeratung.setFilterBoxFilter(135);\">Construire dans le b\u00e2ti existant<\/a><a href=\"#\" onclick=\"return window.siaBeratung.setFilterBoxFilter(139);\">Dialogue<\/a><a href=\"#\" onclick=\"return window.siaBeratung.setFilterBoxFilter(248);\">Forum Territoire Suisse<\/a><a href=\"#\" onclick=\"return window.siaBeratung.setFilterBoxFilter(142);\">D\u00e9veloppement \u00e0 l\u2019int\u00e9rieur du milieu b\u00e2ti<\/a><a href=\"#\" onclick=\"return window.siaBeratung.setFilterBoxFilter(283);\">Plateforme<\/a><a href=\"#\" onclick=\"return window.siaBeratung.setFilterBoxFilter([135,139,142,248,283,288]);\">Alle Filter ausw\u00e4hlen<\/a><\/div><\/div><label class=\"sia-beratung-db-filterbox-spacer\">&nbsp;<\/label><\/div><\/div><\/div><div class=\"sia-beratung-db-entry-searchtext\">forum raumordnung schweiz | das forum raumordnung schweiz ist die stimme einer neuen bewegung: mehr qualit\u00e4t im orts- und st\u00e4dtebau in der schweiz. wir brauchen eine neue baukunst! unsere d\u00f6rfer, agglomerationen und st\u00e4dte sollen auf das wohlergehen der menschen ausgerichtet sein. auf dieses ziel hin arbeiten wir als zusammenschluss von fachleuten und laien aus unterschiedlichen bereichen. | bauen im bestand | dialog | innenentwicklung | forum raumordnung schweiz | plattform | de<\/div><\/article><article class=\"sia-beratung-db-entry\" data-id=\"1674\" data-cpt=\"sia-ausbildung\" data-slug=\"future-heritage\" data-lang-slug-de_de=\"\" data-lang-slug-en_gb=\"\" data-lang-slug-fr_fr=\"\" data-lang-slug-it_it=\"\" data-lat=\"47.4085699595257\" data-lng=\"8.50618101148507\" data-filter-135=\"1\" data-filter-138=\"1\" data-filter-148=\"1\" data-filter-150=\"1\" data-filter-157=\"1\" data-filter-160=\"1\" data-filter-197=\"1\" data-filter-272=\"1\" data-filter-288=\"1\" data-all-filter=\"135,138,148,150,157,160,197,272,288\"><div class=\"sia-beratung-db-entry-header\" onclick=\"return window.siaBeratung.toggleCpt(this);\"><div class=\"col-1\">Future Heritage<\/div><div class=\"col-2\"><span>ETHZ<\/span><\/div><div class=\"col-3\"><span>CAS<\/span><\/div><div class=\"sia-beratung-db-angle\"><span class=\"sia-beratung-angle\"><\/span><\/div><\/div><div class=\"sia-beratung-db-entry-content\"><div class=\"sia-beratung-db-entry-content-columns\"><div class=\"col-1\"><p>Die Weiterbildung vermittelt vertr\u00e4gliche Ans\u00e4tze im Umgang mit bestehenden Schutzobjekten. Dar\u00fcber hinaus werden die Konzepte und Methoden der Denkmalpflege auch im Hinblick auf ihre Anwendbarkeit f\u00fcr die Weiterentwicklung nicht gesch\u00fctzter, hochwertiger Best\u00e4nde \u00fcberpr\u00fcft. Ausserdem werden strategische \u00dcberlegungen und zukunftsorientierte Ans\u00e4tze zur Weiternutzung von im Bestand gelagerten Ressourcen vorgestellt.<\/p>\n<\/div><div class=\"col-2\"><\/div><\/div><div class=\"sia-beratung-db-entry-footer\"><div class=\"col-1\"><a href=\"https:\/\/sce.ethz.ch\/programme-und-kurse\/suche-angebote\/cas\/cas-eth-in-future-heritage.html\" class=\"sia-beratung-db-entry-link\" target=\"_blank\" rel=\"noopener\">Link zum Angebot<\/a><\/div><div class=\"col-2\"><div class=\"sia-beratung-db-filterbox\"><label class=\"toggle\" onclick=\"return window.siaBeratung.toggleFilterBox(this);\"><span>Construire dans le b\u00e2ti existant<\/span><span>CAS<\/span><span>Monuments<\/span><span>ETHZ<\/span><span>Formation continue pour le personnel politique et administratif<\/span><span>Inventaires<\/span><span>Durabilit\u00e9<\/span><span>Sites construits<\/span><\/label><div class=\"options\"><a href=\"#\" onclick=\"return window.siaBeratung.setFilterBoxFilter(135);\">Construire dans le b\u00e2ti existant<\/a><a href=\"#\" onclick=\"return window.siaBeratung.setFilterBoxFilter(272);\">CAS<\/a><a href=\"#\" onclick=\"return window.siaBeratung.setFilterBoxFilter(138);\">Monuments<\/a><a href=\"#\" onclick=\"return window.siaBeratung.setFilterBoxFilter(197);\">ETHZ<\/a><a href=\"#\" onclick=\"return window.siaBeratung.setFilterBoxFilter(157);\">Formation continue pour le personnel politique et administratif<\/a><a href=\"#\" onclick=\"return window.siaBeratung.setFilterBoxFilter(160);\">Inventaires<\/a><a href=\"#\" onclick=\"return window.siaBeratung.setFilterBoxFilter(148);\">Durabilit\u00e9<\/a><a href=\"#\" onclick=\"return window.siaBeratung.setFilterBoxFilter(150);\">Sites construits<\/a><a href=\"#\" onclick=\"return window.siaBeratung.setFilterBoxFilter([135,138,148,150,157,160,197,272,288]);\">Alle Filter ausw\u00e4hlen<\/a><\/div><\/div><label class=\"sia-beratung-db-filterbox-spacer\">&nbsp;<\/label><\/div><\/div><\/div><div class=\"sia-beratung-db-entry-searchtext\">future heritage | die weiterbildung vermittelt vertr\u00e4gliche ans\u00e4tze im umgang mit bestehenden schutzobjekten. dar\u00fcber hinaus werden die konzepte und methoden der denkmalpflege auch im hinblick auf ihre anwendbarkeit f\u00fcr die weiterentwicklung nicht gesch\u00fctzter, hochwertiger best\u00e4nde \u00fcberpr\u00fcft. ausserdem werden strategische \u00fcberlegungen und zukunftsorientierte ans\u00e4tze zur weiternutzung von im bestand gelagerten ressourcen vorgestellt. | bauen im bestand | denkm\u00e4ler | nachhaltigkeit | ortsbilder | fortbildung f\u00fcr politik und verwaltung | inventare | ethz eidgen\u00f6ssische technische hochschule z\u00fcrich | cas | de<\/div><\/article><article class=\"sia-beratung-db-entry\" data-id=\"1675\" data-cpt=\"sia-ausbildung\" data-slug=\"gartendenkmalpflege\" data-lat=\"47.223917931812\" data-lng=\"8.81725938401256\" data-filter-136=\"1\" data-filter-138=\"1\" data-filter-143=\"1\" data-filter-144=\"1\" data-filter-148=\"1\" data-filter-149=\"1\" data-filter-160=\"1\" data-filter-206=\"1\" data-filter-272=\"1\" data-filter-288=\"1\" data-all-filter=\"136,138,143,144,148,149,160,206,272,288\"><div class=\"sia-beratung-db-entry-header\" onclick=\"return window.siaBeratung.toggleCpt(this);\"><div class=\"col-1\">Gartendenkmalpflege<\/div><div class=\"col-2\"><span>OST Ostschweizer Fachhochschule<\/span><\/div><div class=\"col-3\"><span>CAS<\/span><\/div><div class=\"sia-beratung-db-angle\"><span class=\"sia-beratung-angle\"><\/span><\/div><\/div><div class=\"sia-beratung-db-entry-content\"><div class=\"sia-beratung-db-entry-content-columns\"><div class=\"col-1\"><p>Der Garten w\u00e4chst, vergeht, wird im Laufe seiner Geschichte umgestaltet und weiterentwickelt. Unangemessene Nutzung und mangelnde Pflege k\u00f6nnen jedoch zu Sch\u00e4den f\u00fchren. Der Garten hat mit neuen Anspr\u00fcchen und knappen Finanzen zu k\u00e4mpfen. Wie man mit einem historischen Garten angemessen umgeht, lernen Sie CAS in Gartendenkmalpflege.<\/p>\n<\/div><div class=\"col-2\"><\/div><\/div><div class=\"sia-beratung-db-entry-footer\"><div class=\"col-1\"><a href=\"https:\/\/www.ost.ch\/de\/weiterbildung\/weiterbildungsangebot\/raum-und-mobilitaet\/bau-und-planung\/cas-gartendenkmalpflege\" class=\"sia-beratung-db-entry-link\" target=\"_blank\" rel=\"noopener\">Link zum Angebot<\/a><\/div><div class=\"col-2\"><div class=\"sia-beratung-db-filterbox\"><label class=\"toggle\" onclick=\"return window.siaBeratung.toggleFilterBox(this);\"><span>Biodiversit\u00e9<\/span><span>CAS<\/span><span>Monuments<\/span><span>Inventaires<\/span><span>Climat<\/span><span>Paysage<\/span><span>Durabilit\u00e9<\/span><span>Espace public<\/span><span>OST Ostschweizer Fachhochschule<\/span><\/label><div class=\"options\"><a href=\"#\" onclick=\"return window.siaBeratung.setFilterBoxFilter(136);\">Biodiversit\u00e9<\/a><a href=\"#\" onclick=\"return window.siaBeratung.setFilterBoxFilter(272);\">CAS<\/a><a href=\"#\" onclick=\"return window.siaBeratung.setFilterBoxFilter(138);\">Monuments<\/a><a href=\"#\" onclick=\"return window.siaBeratung.setFilterBoxFilter(160);\">Inventaires<\/a><a href=\"#\" onclick=\"return window.siaBeratung.setFilterBoxFilter(143);\">Climat<\/a><a href=\"#\" onclick=\"return window.siaBeratung.setFilterBoxFilter(144);\">Paysage<\/a><a href=\"#\" onclick=\"return window.siaBeratung.setFilterBoxFilter(148);\">Durabilit\u00e9<\/a><a href=\"#\" onclick=\"return window.siaBeratung.setFilterBoxFilter(149);\">Espace public<\/a><a href=\"#\" onclick=\"return window.siaBeratung.setFilterBoxFilter(206);\">OST Ostschweizer Fachhochschule<\/a><a href=\"#\" onclick=\"return window.siaBeratung.setFilterBoxFilter([136,138,143,144,148,149,160,206,272,288]);\">Alle Filter ausw\u00e4hlen<\/a><\/div><\/div><label class=\"sia-beratung-db-filterbox-spacer\">&nbsp;<\/label><\/div><\/div><\/div><div class=\"sia-beratung-db-entry-searchtext\">gartendenkmalpflege | der garten w\u00e4chst, vergeht, wird im laufe seiner geschichte umgestaltet und weiterentwickelt. unangemessene nutzung und mangelnde pflege k\u00f6nnen jedoch zu sch\u00e4den f\u00fchren. der garten hat mit neuen anspr\u00fcchen und knappen finanzen zu k\u00e4mpfen. wie man mit einem historischen garten angemessen umgeht, lernen sie cas in gartendenkmalpflege. | biodiversit\u00e4t | denkm\u00e4ler | klima | landschaft | nachhaltigkeit | \u00f6ffentlicher raum | inventare | ost ostschweizer fachhochschule | cas | de<\/div><\/article><article class=\"sia-beratung-db-entry\" data-id=\"1677\" data-cpt=\"sia-ausbildung\" data-slug=\"gemeinde-stadt-und-regionalentwicklung\" data-lang-slug-de_de=\"\" data-lang-slug-en_gb=\"\" data-lang-slug-fr_fr=\"\" data-lang-slug-it_it=\"\" data-lat=\"47.0468019912432\" data-lng=\"8.31493121125425\" data-filter-135=\"1\" data-filter-137=\"1\" data-filter-139=\"1\" data-filter-141=\"1\" data-filter-142=\"1\" data-filter-145=\"1\" data-filter-146=\"1\" data-filter-147=\"1\" data-filter-148=\"1\" data-filter-149=\"1\" data-filter-151=\"1\" data-filter-152=\"1\" data-filter-157=\"1\" data-filter-167=\"1\" data-filter-168=\"1\" data-filter-204=\"1\" data-filter-282=\"1\" data-filter-288=\"1\" data-all-filter=\"135,137,139,141,142,145,146,147,148,149,151,152,157,167,168,204,282,288\"><div class=\"sia-beratung-db-entry-header\" onclick=\"return window.siaBeratung.toggleCpt(this);\"><div class=\"col-1\">Gemeinde-, Stadt- und Regionalentwicklung<\/div><div class=\"col-2\"><span>HSLU Hochschule Luzern<\/span><\/div><div class=\"col-3\"><span>MAS<\/span><\/div><div class=\"sia-beratung-db-angle\"><span class=\"sia-beratung-angle\"><\/span><\/div><\/div><div class=\"sia-beratung-db-entry-content\"><div class=\"sia-beratung-db-entry-content-columns\"><div class=\"col-1\"><p>In diesem MAS-Programm werden Fachpersonen aus Wirtschaft, Verwaltung, Sozialer Arbeit, Raumplanung, Architektur, St\u00e4dtebau und Politik bef\u00e4higt, komplexe Projekte und Prozesse im kommunalen und \u00fcberkommunalen Kontext zu initiieren, zu planen und zu leiten.<\/p>\n<\/div><div class=\"col-2\"><\/div><\/div><div class=\"sia-beratung-db-entry-footer\"><div class=\"col-1\"><a href=\"https:\/\/www.hslu.ch\/de-ch\/soziale-arbeit\/weiterbildung\/studienprogramm\/mas\/gemeinde-stadt-und-regionalentwicklung\/\" class=\"sia-beratung-db-entry-link\" target=\"_blank\" rel=\"noopener\">Link zum Angebot<\/a><\/div><div class=\"col-2\"><div class=\"sia-beratung-db-filterbox\"><label class=\"toggle\" onclick=\"return window.siaBeratung.toggleFilterBox(this);\"><span>Construire dans le b\u00e2ti existant<\/span><span>Politique fonci\u00e8re<\/span><span>Dialogue<\/span><span>Formation continue pour le personnel politique et administratif<\/span><span>HSLU Hochschule Luzern<\/span><span>Infrastructure<\/span><span>D\u00e9veloppement \u00e0 l\u2019int\u00e9rieur du milieu b\u00e2ti<\/span><span>Politique immobili\u00e8re<\/span><span>MAS<\/span><span>Participation<\/span><span>Mobilit\u00e9<\/span><span>Durabilit\u00e9<\/span><span>Espace public<\/span><span>Outils de planification<\/span><span>Processus<\/span><span>Strat\u00e9gies de d\u00e9veloppement territorial<\/span><span>Coop\u00e9ration r\u00e9gionale<\/span><\/label><div class=\"options\"><a href=\"#\" onclick=\"return window.siaBeratung.setFilterBoxFilter(135);\">Construire dans le b\u00e2ti existant<\/a><a href=\"#\" onclick=\"return window.siaBeratung.setFilterBoxFilter(137);\">Politique fonci\u00e8re<\/a><a href=\"#\" onclick=\"return window.siaBeratung.setFilterBoxFilter(139);\">Dialogue<\/a><a href=\"#\" onclick=\"return window.siaBeratung.setFilterBoxFilter(157);\">Formation continue pour le personnel politique et administratif<\/a><a href=\"#\" onclick=\"return window.siaBeratung.setFilterBoxFilter(204);\">HSLU Hochschule Luzern<\/a><a href=\"#\" onclick=\"return window.siaBeratung.setFilterBoxFilter(141);\">Infrastructure<\/a><a href=\"#\" onclick=\"return window.siaBeratung.setFilterBoxFilter(142);\">D\u00e9veloppement \u00e0 l\u2019int\u00e9rieur du milieu b\u00e2ti<\/a><a href=\"#\" onclick=\"return window.siaBeratung.setFilterBoxFilter(145);\">Politique immobili\u00e8re<\/a><a href=\"#\" onclick=\"return window.siaBeratung.setFilterBoxFilter(282);\">MAS<\/a><a href=\"#\" onclick=\"return window.siaBeratung.setFilterBoxFilter(146);\">Participation<\/a><a href=\"#\" onclick=\"return window.siaBeratung.setFilterBoxFilter(147);\">Mobilit\u00e9<\/a><a href=\"#\" onclick=\"return window.siaBeratung.setFilterBoxFilter(148);\">Durabilit\u00e9<\/a><a href=\"#\" onclick=\"return window.siaBeratung.setFilterBoxFilter(149);\">Espace public<\/a><a href=\"#\" onclick=\"return window.siaBeratung.setFilterBoxFilter(151);\">Outils de planification<\/a><a href=\"#\" onclick=\"return window.siaBeratung.setFilterBoxFilter(152);\">Processus<\/a><a href=\"#\" onclick=\"return window.siaBeratung.setFilterBoxFilter(167);\">Strat\u00e9gies de d\u00e9veloppement territorial<\/a><a href=\"#\" onclick=\"return window.siaBeratung.setFilterBoxFilter(168);\">Coop\u00e9ration r\u00e9gionale<\/a><a href=\"#\" onclick=\"return window.siaBeratung.setFilterBoxFilter([135,137,139,141,142,145,146,147,148,149,151,152,157,167,168,204,282,288]);\">Alle Filter ausw\u00e4hlen<\/a><\/div><\/div><label class=\"sia-beratung-db-filterbox-spacer\">&nbsp;<\/label><\/div><\/div><\/div><div class=\"sia-beratung-db-entry-searchtext\">gemeinde-, stadt- und regionalentwicklung | in diesem mas-programm werden fachpersonen aus wirtschaft, verwaltung, sozialer arbeit, raumplanung, architektur, st\u00e4dtebau und politik bef\u00e4higt, komplexe projekte und prozesse im kommunalen und \u00fcberkommunalen kontext zu initiieren, zu planen und zu leiten. | bauen im bestand | bodenpolitik | dialog | infrastruktur | innenentwicklung | liegenschaftspolitik | mitwirkung | mobilit\u00e4t | nachhaltigkeit | \u00f6ffentlicher raum | planungsinstrumente | prozesse | fortbildung f\u00fcr politik und verwaltung | r\u00e4umliche entwicklungsleitbilder | regionale zusammenarbeit | hslu hochschule luzern | mas | de<\/div><\/article><article class=\"sia-beratung-db-entry\" data-id=\"1676\" data-cpt=\"sia-ausbildung\" data-slug=\"gemeinde-und-stadtentwicklung-im-wandel\" data-lat=\"47.0468019912432\" data-lng=\"8.31493121125425\" data-filter-135=\"1\" data-filter-139=\"1\" data-filter-142=\"1\" data-filter-146=\"1\" data-filter-148=\"1\" data-filter-149=\"1\" data-filter-151=\"1\" data-filter-152=\"1\" data-filter-157=\"1\" data-filter-167=\"1\" data-filter-168=\"1\" data-filter-204=\"1\" data-filter-272=\"1\" data-filter-288=\"1\" data-all-filter=\"135,139,142,146,148,149,151,152,157,167,168,204,272,288\"><div class=\"sia-beratung-db-entry-header\" onclick=\"return window.siaBeratung.toggleCpt(this);\"><div class=\"col-1\">Gemeinde- und Stadtentwicklung im Wandel<\/div><div class=\"col-2\"><span>HSLU Hochschule Luzern<\/span><\/div><div class=\"col-3\"><span>CAS<\/span><\/div><div class=\"sia-beratung-db-angle\"><span class=\"sia-beratung-angle\"><\/span><\/div><\/div><div class=\"sia-beratung-db-entry-content\"><div class=\"sia-beratung-db-entry-content-columns\"><div class=\"col-1\"><p>Im CAS Gemeinde- und Stadtentwicklung im Wandel werden mit dem Fokus auf die kommunale Handlungsebene theoretische Ans\u00e4tze sowie praxisorientierte Grundlagen vermittelt. Innenentwicklung, Verdichtung oder Umnutzung sind dabei ebenso zentrale Themen wie der Umgang mit Diversity.<\/p>\n<\/div><div class=\"col-2\"><\/div><\/div><div class=\"sia-beratung-db-entry-footer\"><div class=\"col-1\"><a href=\"https:\/\/www.hslu.ch\/de-ch\/soziale-arbeit\/weiterbildung\/studienprogramm\/cas\/gemeinde-und-stadtentwicklung-im-wandel\/\" class=\"sia-beratung-db-entry-link\" target=\"_blank\" rel=\"noopener\">Link zum Angebot<\/a><\/div><div class=\"col-2\"><div class=\"sia-beratung-db-filterbox\"><label class=\"toggle\" onclick=\"return window.siaBeratung.toggleFilterBox(this);\"><span>Construire dans le b\u00e2ti existant<\/span><span>CAS<\/span><span>Dialogue<\/span><span>Formation continue pour le personnel politique et administratif<\/span><span>HSLU Hochschule Luzern<\/span><span>D\u00e9veloppement \u00e0 l\u2019int\u00e9rieur du milieu b\u00e2ti<\/span><span>Participation<\/span><span>Durabilit\u00e9<\/span><span>Espace public<\/span><span>Outils de planification<\/span><span>Processus<\/span><span>Strat\u00e9gies de d\u00e9veloppement territorial<\/span><span>Coop\u00e9ration r\u00e9gionale<\/span><\/label><div class=\"options\"><a href=\"#\" onclick=\"return window.siaBeratung.setFilterBoxFilter(135);\">Construire dans le b\u00e2ti existant<\/a><a href=\"#\" onclick=\"return window.siaBeratung.setFilterBoxFilter(272);\">CAS<\/a><a href=\"#\" onclick=\"return window.siaBeratung.setFilterBoxFilter(139);\">Dialogue<\/a><a href=\"#\" onclick=\"return window.siaBeratung.setFilterBoxFilter(157);\">Formation continue pour le personnel politique et administratif<\/a><a href=\"#\" onclick=\"return window.siaBeratung.setFilterBoxFilter(204);\">HSLU Hochschule Luzern<\/a><a href=\"#\" onclick=\"return window.siaBeratung.setFilterBoxFilter(142);\">D\u00e9veloppement \u00e0 l\u2019int\u00e9rieur du milieu b\u00e2ti<\/a><a href=\"#\" onclick=\"return window.siaBeratung.setFilterBoxFilter(146);\">Participation<\/a><a href=\"#\" onclick=\"return window.siaBeratung.setFilterBoxFilter(148);\">Durabilit\u00e9<\/a><a href=\"#\" onclick=\"return window.siaBeratung.setFilterBoxFilter(149);\">Espace public<\/a><a href=\"#\" onclick=\"return window.siaBeratung.setFilterBoxFilter(151);\">Outils de planification<\/a><a href=\"#\" onclick=\"return window.siaBeratung.setFilterBoxFilter(152);\">Processus<\/a><a href=\"#\" onclick=\"return window.siaBeratung.setFilterBoxFilter(167);\">Strat\u00e9gies de d\u00e9veloppement territorial<\/a><a href=\"#\" onclick=\"return window.siaBeratung.setFilterBoxFilter(168);\">Coop\u00e9ration r\u00e9gionale<\/a><a href=\"#\" onclick=\"return window.siaBeratung.setFilterBoxFilter([135,139,142,146,148,149,151,152,157,167,168,204,272,288]);\">Alle Filter ausw\u00e4hlen<\/a><\/div><\/div><label class=\"sia-beratung-db-filterbox-spacer\">&nbsp;<\/label><\/div><\/div><\/div><div class=\"sia-beratung-db-entry-searchtext\">gemeinde- und stadtentwicklung im wandel | im cas gemeinde- und stadtentwicklung im wandel werden mit dem fokus auf die kommunale handlungsebene theoretische ans\u00e4tze sowie praxisorientierte grundlagen vermittelt. innenentwicklung, verdichtung oder umnutzung sind dabei ebenso zentrale themen wie der umgang mit diversity. | bauen im bestand | dialog | innenentwicklung | mitwirkung | nachhaltigkeit | \u00f6ffentlicher raum | planungsinstrumente | prozesse | fortbildung f\u00fcr politik und verwaltung | r\u00e4umliche entwicklungsleitbilder | regionale zusammenarbeit | hslu hochschule luzern | cas | de<\/div><\/article><article class=\"sia-beratung-db-entry\" data-id=\"1681\" data-cpt=\"sia-ausbildung\" data-slug=\"geschichte-und-theorie-der-architektur\" data-lat=\"47.4085699595257\" data-lng=\"8.50618101148507\" data-filter-135=\"1\" data-filter-138=\"1\" data-filter-150=\"1\" data-filter-160=\"1\" data-filter-197=\"1\" data-filter-282=\"1\" data-filter-288=\"1\" data-all-filter=\"135,138,150,160,197,282,288\"><div class=\"sia-beratung-db-entry-header\" onclick=\"return window.siaBeratung.toggleCpt(this);\"><div class=\"col-1\">Geschichte und Theorie der Architektur<\/div><div class=\"col-2\"><span>ETHZ<\/span><\/div><div class=\"col-3\"><span>MAS<\/span><\/div><div class=\"sia-beratung-db-angle\"><span class=\"sia-beratung-angle\"><\/span><\/div><\/div><div class=\"sia-beratung-db-entry-content\"><div class=\"sia-beratung-db-entry-content-columns\"><div class=\"col-1\"><p>Der thematische Schwerpunkt des Studiums leitet sich aus gegenw\u00e4rtigen Fragestellungen an die Zukunft der Stadtentwicklung ab \u2013 darunter die Finanzialisierung der gebauten Umwelt, Klimawandel, soziale Polarisierung und Digitalisierung.<\/p>\n<\/div><div class=\"col-2\"><\/div><\/div><div class=\"sia-beratung-db-entry-footer\"><div class=\"col-1\"><a href=\"https:\/\/mas.gta.arch.ethz.ch\/\" class=\"sia-beratung-db-entry-link\" target=\"_blank\" rel=\"noopener\">Link zum Angebot<\/a><\/div><div class=\"col-2\"><div class=\"sia-beratung-db-filterbox\"><label class=\"toggle\" onclick=\"return window.siaBeratung.toggleFilterBox(this);\"><span>Construire dans le b\u00e2ti existant<\/span><span>Monuments<\/span><span>ETHZ<\/span><span>Inventaires<\/span><span>MAS<\/span><span>Sites construits<\/span><\/label><div class=\"options\"><a href=\"#\" onclick=\"return window.siaBeratung.setFilterBoxFilter(135);\">Construire dans le b\u00e2ti existant<\/a><a href=\"#\" onclick=\"return window.siaBeratung.setFilterBoxFilter(138);\">Monuments<\/a><a href=\"#\" onclick=\"return window.siaBeratung.setFilterBoxFilter(197);\">ETHZ<\/a><a href=\"#\" onclick=\"return window.siaBeratung.setFilterBoxFilter(160);\">Inventaires<\/a><a href=\"#\" onclick=\"return window.siaBeratung.setFilterBoxFilter(282);\">MAS<\/a><a href=\"#\" onclick=\"return window.siaBeratung.setFilterBoxFilter(150);\">Sites construits<\/a><a href=\"#\" onclick=\"return window.siaBeratung.setFilterBoxFilter([135,138,150,160,197,282,288]);\">Alle Filter ausw\u00e4hlen<\/a><\/div><\/div><label class=\"sia-beratung-db-filterbox-spacer\">&nbsp;<\/label><\/div><\/div><\/div><div class=\"sia-beratung-db-entry-searchtext\">geschichte und theorie der architektur | der thematische schwerpunkt des studiums leitet sich aus gegenw\u00e4rtigen fragestellungen an die zukunft der stadtentwicklung ab \u2013 darunter die finanzialisierung der gebauten umwelt, klimawandel, soziale polarisierung und digitalisierung. | bauen im bestand | denkm\u00e4ler | ortsbilder | inventare | ethz eidgen\u00f6ssische technische hochschule z\u00fcrich | mas | de<\/div><\/article><article class=\"sia-beratung-db-entry\" data-id=\"1574\" data-cpt=\"sia-angebote\" data-slug=\"gestaltungsbeirat-der-sia-sektion-thurgau\" data-lang-slug-de_de=\"\" data-lang-slug-en_gb=\"\" data-lang-slug-fr_fr=\"\" data-lang-slug-it_it=\"\" data-lat=\"53.5507112\" data-lng=\"10.0008202\" data-filter-159=\"1\" data-filter-259=\"1\" data-filter-275=\"1\" data-filter-288=\"1\" data-all-filter=\"159,259,275,288\"><div class=\"sia-beratung-db-entry-header\" onclick=\"return window.siaBeratung.toggleCpt(this);\"><div class=\"col-1\">Gestaltungsbeirat der SIA Sektion Thurgau<\/div><div class=\"col-2\"><span>SIA Soci\u00e9t\u00e9 suisse des ingenieurs et des architectes<\/span><\/div><div class=\"col-3\"><span>Conseil direct<\/span><\/div><div class=\"sia-beratung-db-angle\"><span class=\"sia-beratung-angle\"><\/span><\/div><\/div><div class=\"sia-beratung-db-entry-content\"><div class=\"sia-beratung-db-entry-content-columns\"><div class=\"col-1\"><p>Der SIA Thurgau stellt einen \u201emobilen Gestaltungsbeirat\u201c, der den Gemeinden beratend zur Seite stehen will. So k\u00f6nnen die Gemeindeverwaltungen auf einfache Art externe Spezialisten zu Gestaltungsfragen beiziehen, wenn die Beurteilung eines Bauvorhabens dies nahe legt.<\/p>\n<\/div><div class=\"col-2\"><\/div><\/div><div class=\"sia-beratung-db-entry-footer\"><div class=\"col-1\"><a href=\"https:\/\/tg.sia.ch\/de\/cms\/22206\" class=\"sia-beratung-db-entry-link\" target=\"_blank\" rel=\"noopener\">Link zum Angebot<\/a><\/div><div class=\"col-2\"><div class=\"sia-beratung-db-filterbox\"><label class=\"toggle\" onclick=\"return window.siaBeratung.toggleFilterBox(this);\"><span>Conseil direct<\/span><span>Commissions d\u2019urbanisme<\/span><span>SIA Soci\u00e9t\u00e9 suisse des ingenieurs et des architectes<\/span><\/label><div class=\"options\"><a href=\"#\" onclick=\"return window.siaBeratung.setFilterBoxFilter(275);\">Conseil direct<\/a><a href=\"#\" onclick=\"return window.siaBeratung.setFilterBoxFilter(159);\">Commissions d\u2019urbanisme<\/a><a href=\"#\" onclick=\"return window.siaBeratung.setFilterBoxFilter(259);\">SIA Soci\u00e9t\u00e9 suisse des ingenieurs et des architectes<\/a><a href=\"#\" onclick=\"return window.siaBeratung.setFilterBoxFilter([159,259,275,288]);\">Alle Filter ausw\u00e4hlen<\/a><\/div><\/div><label class=\"sia-beratung-db-filterbox-spacer\">&nbsp;<\/label><\/div><\/div><\/div><div class=\"sia-beratung-db-entry-searchtext\">gestaltungsbeirat der sia sektion thurgau | der sia thurgau stellt einen \u201emobilen gestaltungsbeirat\u201c, der den gemeinden beratend zur seite stehen will. so k\u00f6nnen die gemeindeverwaltungen auf einfache art externe spezialisten zu gestaltungsfragen beiziehen, wenn die beurteilung eines bauvorhabens dies nahe legt. | gestaltungsbeir\u00e4te | sia schweizerischer ingenieur- und architektenverein | direkte beratung | de<\/div><\/article><article class=\"sia-beratung-db-entry\" data-id=\"1572\" data-cpt=\"sia-angebote\" data-slug=\"gestaltung-von-bauten-und-anlagen-ausserhalb-der-bauzone\" data-lat=\"53.5507112\" data-lng=\"10.0006485\" data-filter-144=\"1\" data-filter-150=\"1\" data-filter-154=\"1\" data-filter-155=\"1\" data-filter-237=\"1\" data-filter-270=\"1\" data-filter-288=\"1\" data-all-filter=\"144,150,154,155,237,270,288\"><div class=\"sia-beratung-db-entry-header\" onclick=\"return window.siaBeratung.toggleCpt(this);\"><div class=\"col-1\">Gestaltung von Bauten und Anlagen ausserhalb der Bauzone<\/div><div class=\"col-2\"><span>Zoug<\/span><\/div><div class=\"col-3\"><span>Guide<\/span><\/div><div class=\"sia-beratung-db-angle\"><span class=\"sia-beratung-angle\"><\/span><\/div><\/div><div class=\"sia-beratung-db-entry-content\"><div class=\"sia-beratung-db-entry-content-columns\"><div class=\"col-1\"><p>Der Leitfaden \u00abGestaltung von Bauten und Anlagen ausserhalb der Bauzone\u00bb unterst\u00fctzt Planende und Bauherrschaften bei Fragen der Gestaltung von Bauten ausserhalb der Bauzonen und hilft bei der Suche nach guten L\u00f6sungen. Er macht verst\u00e4ndlich, worauf Gemeinden und Kanton bei der Beurteilung von Bauvorhaben achten.<\/p>\n<\/div><div class=\"col-2\"><\/div><\/div><div class=\"sia-beratung-db-entry-footer\"><div class=\"col-1\"><a href=\"https:\/\/zg.ch\/de\/planen-bauen\/bauvorschriften\/bauen-an-besonderer-lage\/bauen-ausserhalb-bauzonen\" class=\"sia-beratung-db-entry-link\" target=\"_blank\" rel=\"noopener\">Link zum Angebot<\/a><\/div><div class=\"col-2\"><div class=\"sia-beratung-db-filterbox\"><label class=\"toggle\" onclick=\"return window.siaBeratung.toggleFilterBox(this);\"><span>Guide<\/span><span>Proc\u00e9dures d\u2019autorisation de construire<\/span><span>Construction hors zone \u00e0 b\u00e2tir<\/span><span>Paysage<\/span><span>Sites construits<\/span><span>Zoug<\/span><\/label><div class=\"options\"><a href=\"#\" onclick=\"return window.siaBeratung.setFilterBoxFilter(270);\">Guide<\/a><a href=\"#\" onclick=\"return window.siaBeratung.setFilterBoxFilter(154);\">Proc\u00e9dures d\u2019autorisation de construire<\/a><a href=\"#\" onclick=\"return window.siaBeratung.setFilterBoxFilter(155);\">Construction hors zone \u00e0 b\u00e2tir<\/a><a href=\"#\" onclick=\"return window.siaBeratung.setFilterBoxFilter(144);\">Paysage<\/a><a href=\"#\" onclick=\"return window.siaBeratung.setFilterBoxFilter(150);\">Sites construits<\/a><a href=\"#\" onclick=\"return window.siaBeratung.setFilterBoxFilter(237);\">Zoug<\/a><a href=\"#\" onclick=\"return window.siaBeratung.setFilterBoxFilter([144,150,154,155,237,270,288]);\">Alle Filter ausw\u00e4hlen<\/a><\/div><\/div><label class=\"sia-beratung-db-filterbox-spacer\">&nbsp;<\/label><\/div><\/div><\/div><div class=\"sia-beratung-db-entry-searchtext\">gestaltung von bauten und anlagen ausserhalb der bauzone | der leitfaden \u00abgestaltung von bauten und anlagen ausserhalb der bauzone\u00bb unterst\u00fctzt planende und bauherrschaften bei fragen der gestaltung von bauten ausserhalb der bauzonen und hilft bei der suche nach guten l\u00f6sungen. er macht verst\u00e4ndlich, worauf gemeinden und kanton bei der beurteilung von bauvorhaben achten. | landschaft | ortsbilder | baubewilligungsverfahren | bauen ausserhalb der bauzone | zug | arbeitshilfe | de<\/div><\/article><article class=\"sia-beratung-db-entry\" data-id=\"2883\" data-cpt=\"sia-angebote\" data-slug=\"gestaltung-von-bauten-und-anlagen-ausserhalb-der-bauzone-2\" data-lang-slug-de_de=\"\" data-lang-slug-en_gb=\"\" data-lang-slug-fr_fr=\"\" data-lang-slug-it_it=\"\" data-lat=\"53.5507112\" data-lng=\"10.0008202\" data-filter-144=\"1\" data-filter-151=\"1\" data-filter-155=\"1\" data-filter-223=\"1\" data-filter-270=\"1\" data-filter-288=\"1\" data-all-filter=\"144,151,155,223,270,288\"><div class=\"sia-beratung-db-entry-header\" onclick=\"return window.siaBeratung.toggleCpt(this);\"><div class=\"col-1\">Gestaltung von Bauten und Anlagen ausserhalb der Bauzone<\/div><div class=\"col-2\"><span>Lucerne<\/span><\/div><div class=\"col-3\"><span>Guide<\/span><\/div><div class=\"sia-beratung-db-angle\"><span class=\"sia-beratung-angle\"><\/span><\/div><\/div><div class=\"sia-beratung-db-entry-content\"><div class=\"sia-beratung-db-entry-content-columns\"><div class=\"col-1\"><p>Eine intakte Landschaft steigert die Lebensqualit\u00e4t und ist ein herausragender Standortfaktor f\u00fcr den Kanton Luzern. Die Qualit\u00e4t der Landschaft ist entscheidend f\u00fcr die Identifikation und das Wohlbefinden der Bev\u00f6lkerung und Kapital f\u00fcr die Zukunft. Landschaften erf\u00fcllen wichtige Funktionen f\u00fcr jeden Einzelnen und f\u00fcr die ganze Gesellschaft: wirtschaftlich als Standortfaktor, \u00f6kologisch als nat\u00fcrliche Ressource, sozial und gef\u00fchlsm\u00e4ssig als Lebens- und Erholungsraum.<\/p>\n<\/div><div class=\"col-2\"><\/div><\/div><div class=\"sia-beratung-db-entry-footer\"><div class=\"col-1\"><a href=\"https:\/\/rawi.lu.ch\/-\/media\/RAWI\/Dokumente\/Downloads\/baubewilligungen\/Leitfaden_Gestaltung_Bauten_ABZ.pdf?rev=b7c109e062a4451f8bfaadd2caa0bba2\" class=\"sia-beratung-db-entry-link\" target=\"_blank\" rel=\"noopener\">Link zum Angebot<\/a><\/div><div class=\"col-2\"><div class=\"sia-beratung-db-filterbox\"><label class=\"toggle\" onclick=\"return window.siaBeratung.toggleFilterBox(this);\"><span>Guide<\/span><span>Construction hors zone \u00e0 b\u00e2tir<\/span><span>Paysage<\/span><span>Lucerne<\/span><span>Outils de planification<\/span><\/label><div class=\"options\"><a href=\"#\" onclick=\"return window.siaBeratung.setFilterBoxFilter(270);\">Guide<\/a><a href=\"#\" onclick=\"return window.siaBeratung.setFilterBoxFilter(155);\">Construction hors zone \u00e0 b\u00e2tir<\/a><a href=\"#\" onclick=\"return window.siaBeratung.setFilterBoxFilter(144);\">Paysage<\/a><a href=\"#\" onclick=\"return window.siaBeratung.setFilterBoxFilter(223);\">Lucerne<\/a><a href=\"#\" onclick=\"return window.siaBeratung.setFilterBoxFilter(151);\">Outils de planification<\/a><a href=\"#\" onclick=\"return window.siaBeratung.setFilterBoxFilter([144,151,155,223,270,288]);\">Alle Filter ausw\u00e4hlen<\/a><\/div><\/div><label class=\"sia-beratung-db-filterbox-spacer\">&nbsp;<\/label><\/div><\/div><\/div><div class=\"sia-beratung-db-entry-searchtext\">gestaltung von bauten und anlagen ausserhalb der bauzone | eine intakte landschaft steigert die lebensqualit\u00e4t und ist ein herausragender standortfaktor f\u00fcr den kanton luzern. die qualit\u00e4t der landschaft ist entscheidend f\u00fcr die identifikation und das wohlbefinden der bev\u00f6lkerung und kapital f\u00fcr die zukunft. landschaften erf\u00fcllen wichtige funktionen f\u00fcr jeden einzelnen und f\u00fcr die ganze gesellschaft: wirtschaftlich als standortfaktor, \u00f6kologisch als nat\u00fcrliche ressource, sozial und gef\u00fchlsm\u00e4ssig als lebens- und erholungsraum. | landschaft | planungsinstrumente | bauen ausserhalb der bauzone | luzern | arbeitshilfe | de<\/div><\/article><article class=\"sia-beratung-db-entry\" data-id=\"1682\" data-cpt=\"sia-ausbildung\" data-slug=\"gewaesserrenaturierung\" data-lat=\"47.4930848261245\" data-lng=\"8.7166741\" data-filter-136=\"1\" data-filter-141=\"1\" data-filter-143=\"1\" data-filter-144=\"1\" data-filter-148=\"1\" data-filter-151=\"1\" data-filter-157=\"1\" data-filter-161=\"1\" data-filter-210=\"1\" data-filter-272=\"1\" data-filter-288=\"1\" data-all-filter=\"136,141,143,144,148,151,157,161,210,272,288\"><div class=\"sia-beratung-db-entry-header\" onclick=\"return window.siaBeratung.toggleCpt(this);\"><div class=\"col-1\">Gew\u00e4sserrenaturierung<\/div><div class=\"col-2\"><span>ZHAW Z\u00fcrcher Hochschule f\u00fcr Angewandte Wissenschaften<\/span><\/div><div class=\"col-3\"><span>CAS<\/span><\/div><div class=\"sia-beratung-db-angle\"><span class=\"sia-beratung-angle\"><\/span><\/div><\/div><div class=\"sia-beratung-db-entry-content\"><div class=\"sia-beratung-db-entry-content-columns\"><div class=\"col-1\"><p>Schutz und Nutzung von Gew\u00e4ssern zu vereinbaren ist unverzichtbar in Renaturierungsprojekten. Dazu ben\u00f6tigt es Fachleute mit wissenschaftlichen, technischen und praktischen Kenntnissen, welche die Anspr\u00fcche an \u00d6kologie, Hochwasserschutz und anderen Nutzungsanforderungen interdisziplin\u00e4r in Projekten umsetzen.<\/p>\n<\/div><div class=\"col-2\"><\/div><\/div><div class=\"sia-beratung-db-entry-footer\"><div class=\"col-1\"><a href=\"https:\/\/www.zhaw.ch\/de\/lsfm\/weiterbildung\/detail\/kurs\/cas-gewaesserrenaturierung\/\" class=\"sia-beratung-db-entry-link\" target=\"_blank\" rel=\"noopener\">Link zum Angebot<\/a><\/div><div class=\"col-2\"><div class=\"sia-beratung-db-filterbox\"><label class=\"toggle\" onclick=\"return window.siaBeratung.toggleFilterBox(this);\"><span>Biodiversit\u00e9<\/span><span>CAS<\/span><span>Formation continue pour le personnel politique et administratif<\/span><span>Infrastructure<\/span><span>Climat<\/span><span>Projets de construction communaux<\/span><span>Paysage<\/span><span>Durabilit\u00e9<\/span><span>Outils de planification<\/span><span>ZHAW Z\u00fcrcher Hochschule f\u00fcr Angewandte Wissenschaften<\/span><\/label><div class=\"options\"><a href=\"#\" onclick=\"return window.siaBeratung.setFilterBoxFilter(136);\">Biodiversit\u00e9<\/a><a href=\"#\" onclick=\"return window.siaBeratung.setFilterBoxFilter(272);\">CAS<\/a><a href=\"#\" onclick=\"return window.siaBeratung.setFilterBoxFilter(157);\">Formation continue pour le personnel politique et administratif<\/a><a href=\"#\" onclick=\"return window.siaBeratung.setFilterBoxFilter(141);\">Infrastructure<\/a><a href=\"#\" onclick=\"return window.siaBeratung.setFilterBoxFilter(143);\">Climat<\/a><a href=\"#\" onclick=\"return window.siaBeratung.setFilterBoxFilter(161);\">Projets de construction communaux<\/a><a href=\"#\" onclick=\"return window.siaBeratung.setFilterBoxFilter(144);\">Paysage<\/a><a href=\"#\" onclick=\"return window.siaBeratung.setFilterBoxFilter(148);\">Durabilit\u00e9<\/a><a href=\"#\" onclick=\"return window.siaBeratung.setFilterBoxFilter(151);\">Outils de planification<\/a><a href=\"#\" onclick=\"return window.siaBeratung.setFilterBoxFilter(210);\">ZHAW Z\u00fcrcher Hochschule f\u00fcr Angewandte Wissenschaften<\/a><a href=\"#\" onclick=\"return window.siaBeratung.setFilterBoxFilter([136,141,143,144,148,151,157,161,210,272,288]);\">Alle Filter ausw\u00e4hlen<\/a><\/div><\/div><label class=\"sia-beratung-db-filterbox-spacer\">&nbsp;<\/label><\/div><\/div><\/div><div class=\"sia-beratung-db-entry-searchtext\">gew\u00e4sserrenaturierung | schutz und nutzung von gew\u00e4ssern zu vereinbaren ist unverzichtbar in renaturierungsprojekten. dazu ben\u00f6tigt es fachleute mit wissenschaftlichen, technischen und praktischen kenntnissen, welche die anspr\u00fcche an \u00f6kologie, hochwasserschutz und anderen nutzungsanforderungen interdisziplin\u00e4r in projekten umsetzen. | biodiversit\u00e4t | infrastruktur | klima | landschaft | nachhaltigkeit | planungsinstrumente | fortbildung f\u00fcr politik und verwaltung | kommunale bauprojekte | zhaw z\u00fcrcher hochschule f\u00fcr angewandte wissenschaften | cas | de<\/div><\/article><article class=\"sia-beratung-db-entry\" data-id=\"3047\" data-cpt=\"sia-beispiele\" data-slug=\"glarus-nord-doerfliche-identitaeten-staerken\" data-lang-slug-de_de=\"\" data-lang-slug-en_gb=\"\" data-lang-slug-fr_fr=\"\" data-lang-slug-it_it=\"\" data-lat=\"47.1224758\" data-lng=\"9.0288734\" data-filter-142=\"1\" data-filter-144=\"1\" data-filter-149=\"1\" data-filter-150=\"1\" data-filter-151=\"1\" data-filter-152=\"1\" data-filter-158=\"1\" data-filter-163=\"1\" data-filter-167=\"1\" data-filter-168=\"1\" data-filter-189=\"1\" data-filter-288=\"1\" data-filter-289=\"1\" data-filter-290=\"1\" data-all-filter=\"142,144,149,150,151,152,158,163,167,168,189,288,289,290\"><div class=\"sia-beratung-db-entry-header\" onclick=\"return window.siaBeratung.toggleCpt(this);\"><div class=\"col-1\">Glarus Nord: Renforcer les identit\u00e9s villageoises<\/div><div class=\"col-2\">Glarus Nord, GL<\/div><div class=\"sia-beratung-db-angle\"><span class=\"sia-beratung-angle\"><\/span><\/div><\/div><div class=\"sia-beratung-db-entry-content\"><div class=\"sia-beratung-db-entry-content-columns\"><div class=\"col-1\"><div class=\"sia-beratung-db-entry-slides\"><div class=\"sia-beratung-db-entry-swiper\"><div class=\"swiper-wrapper\"><div class=\"swiper-slide\"><img loading=\"lazy\" decoding=\"async\" src=\"https:\/\/baukulturschweiz.ch\/wp-content\/uploads\/2024\/05\/06_Glarus_01_aerial_c_format-1024x768.jpg\" width=\"1024\" height=\"768\" \/><\/div><div class=\"swiper-slide\"><img loading=\"lazy\" decoding=\"async\" src=\"https:\/\/baukulturschweiz.ch\/wp-content\/uploads\/2024\/05\/06_Glarus_03_ensemble_coupe-1024x768.jpg\" width=\"1024\" height=\"768\" \/><\/div><div class=\"swiper-slide\"><img loading=\"lazy\" decoding=\"async\" src=\"https:\/\/baukulturschweiz.ch\/wp-content\/uploads\/2024\/05\/06_Glarus_03_montagne-1024x768.jpg\" width=\"1024\" height=\"768\" \/><\/div><div class=\"swiper-slide\"><img loading=\"lazy\" decoding=\"async\" src=\"https:\/\/baukulturschweiz.ch\/wp-content\/uploads\/2024\/05\/06_Glarus_04_Typologies_c-copie-1024x768.jpg\" width=\"1024\" height=\"768\" \/><\/div><div class=\"swiper-slide\"><img loading=\"lazy\" decoding=\"async\" src=\"https:\/\/baukulturschweiz.ch\/wp-content\/uploads\/2024\/05\/06_Glarus_05_images-spatiales_c-1024x768.jpg\" width=\"1024\" height=\"768\" \/><\/div><\/div><\/div><a class=\"swiper-button swiper-button-prev\"><\/a><a class=\"swiper-button swiper-button-next mobile\"><\/a><div class=\"sia-beratung-db-slide-legends\"><small data-index=\"0\">Vue de N\u00e4fels au pied du Rautispitz, avec le Gl\u00e4rnisch en arri\u00e8re-plan. Photo de 2020.<br \/>\r\n\u00a9 STW AG f\u00fcr Raumplanung \/ Rumfabrigg Architekten GmbH \/ Atelier Void GmbH<\/small><small data-index=\"1\" style=\"display:none;\">Plan d\u2019ensemble des localit\u00e9s<br \/>\r\n\u00a9 STW AG f\u00fcr Raumplanung \/ Rumfabrigg Architekten GmbH \/ Atelier Void GmbH<\/small><small data-index=\"2\" style=\"display:none;\">Les analyses spatiales sont synth\u00e9tis\u00e9es sur des axonom\u00e9tries et des coupes, comme ici \u00e0 N\u00e4fels<br \/>\r\n\u00a9 STW AG f\u00fcr Raumplanung \/ Rumfabrigg Architekten GmbH \/ Atelier Void GmbH<\/small><small data-index=\"3\" style=\"display:none;\">Typologie des b\u00e2timents de N\u00e4fels <br \/>\r\n\u00a9  STW AG f\u00fcr Raumplanung \/ Rumfabrigg Architekten GmbH \/ Atelier Void GmbH<\/small><small data-index=\"4\" style=\"display:none;\">Pr\u00e9sentation des huit images spatiales des villages, disponibles en ligne.<br \/>\r\n\u00a9 STW AG f\u00fcr Raumplanung \/ Rumfabrigg Architekten GmbH \/ Atelier Void GmbH<\/small><small class=\"pageNo\">1\/5<\/small><\/div><\/div><\/div><div class=\"col-2\"><div class=\"sia-beratung-db-slide-texts\"><div class=\"sia-beratung-db-slide-text\" data-index=\"0\"><p>Une proc\u00e9dure de fusion de communes soul\u00e8ve beaucoup d\u2019enjeux, allant de th\u00e8mes comme les finances et l&#8217;identit\u00e9 locale et r\u00e9gionale, aux aspects socio-politiques et juridiques. Les r\u00e8glements de construction repr\u00e9sentent un exemple de mesures qu&#8217;il est n\u00e9cessaire d&#8217;harmoniser apr\u00e8s un tel regroupement.<\/p>\n<p>Cependant, il est tout aussi essentiel de pr\u00e9server les particularit\u00e9s territoriales qui contribuent \u00e0 forger l&#8217;identit\u00e9 de chaque localit\u00e9 et qui cr\u00e9ent un cadre de vie villageois sp\u00e9cifique. Le cas de Glarus nord illustre une mani\u00e8re de faire qui harmonise les bases l\u00e9gales de la nouvelle commune tout en permettant la conservation d\u2019images spatiales propres aux communes d\u2019origine.<\/p>\n<p><strong>R\u00f4le de la commune&nbsp;:<\/strong> analyser, inventorier, communiquer, r\u00e9fl\u00e9chir, se positionner<br \/>\n<strong>Organismes responsables\u00a0:<\/strong> Commune de Glarus Nord<br \/>\n<strong>Auteurs du projet&nbsp;:<\/strong> STW AG f\u00fcr Raumplanung Chur, Ruumfabrigg Architekten GmbH N\u00e4fels et Atelier Void Obstalden<br \/>\n<strong>Source&nbsp;: <\/strong><a href=\"https:\/\/www.glarus-nord.ch\/online-schalter\/bau-und-umwelt\/raumplanung\/raeumliche-dorfbilder.html\/4936\">R\u00e4umliche Dorfbilder<\/a><\/p>\n<\/div><div class=\"sia-beratung-db-slide-text\" data-index=\"1\" style=\"display:none;\"><p>En 2011, les huit communes de Bilten, Filzbach, Mollis, M\u00fchlehorn, N\u00e4fels, Niederurnen, Oberurnen et Obstalden ont fusionn\u00e9 pour former la commune de Glaris Nord, qui rassemble alors pr\u00e8s de 19&#8217;000 habitants. Cette fusion a impliqu\u00e9 l\u2019\u00e9laboration d\u2019un nouveau plan d\u2019affectation communal. Outre la mise en \u0153uvre des nouvelles exigences de la LAT de 2013, l\u2019harmonisation des huit r\u00e8glements de la police des constructions s\u2019av\u00e9rait n\u00e9cessaire.<\/p>\n<p>Dans ce contexte, une r\u00e9flexion sensible a \u00e9t\u00e9 men\u00e9e sur chaque localit\u00e9, ce qui a donn\u00e9 lieu aux \u00ab Images spatiales des villages \u00bb publi\u00e9es en 2023 par la nouvelle commune.<\/p>\n<p>Il s\u2019agit d\u2019un document compl\u00e9mentaire aux r\u00e8glements de construction qui doit \u00eatre consid\u00e9r\u00e9 comme un outil de travail ouvert adaptable principalement destin\u00e9 aux propri\u00e9taires, aux constructeurs, aux services communaux et aux autorit\u00e9s. Il est compos\u00e9 d\u2019un rapport illustr\u00e9 et d\u2019une carte par localit\u00e9<\/p>\n<\/div><div class=\"sia-beratung-db-slide-text\" data-index=\"2\" style=\"display:none;\"><p>Convaincus que les espaces entre les constructions (rues, chemins, jardins, places et parvis) sont responsables en grande partie de l\u2019identit\u00e9 des villages, les auteurs des huit images spatiales de Glaris Nord ont clairement mis l\u2019accent sur les espaces ouverts. Le rapport illustr\u00e9 de chaque village propose ainsi une analyse fine de la structure paysag\u00e8re de chaque localit\u00e9 dont les points les plus importants sont r\u00e9sum\u00e9s et affich\u00e9s graphiquement sur une axonom\u00e9trie par localit\u00e9. Ceux-ci mettent en \u00e9vidence les fronts b\u00e2tis structurants, les ceintures vertes, les b\u00e2timents remarquables, la continuit\u00e9 entre espaces ouverts, entre autres. Ils identifient \u00e9galement une s\u00e9rie de secteurs \u00e0 hauts enjeux d\u2019int\u00e9gration paysag\u00e8re m\u00e9ritant chacun une \u00e9tude plus d\u00e9taill\u00e9e. Ces informations sont compl\u00e9t\u00e9es par des \u00e9l\u00e9vations et des coupes qui reprennent les \u00e9l\u00e9ments structurants de la topographie et du paysage b\u00e2ti.<\/p>\n<\/div><div class=\"sia-beratung-db-slide-text\" data-index=\"3\" style=\"display:none;\"><p>Un grand travail de recensement typologique a \u00e9t\u00e9 d\u00e9velopp\u00e9 pour chaque localit\u00e9. Cela a permis de mettre en \u00e9vidence par des croquis, un descriptif sommaire et une cartographie, non seulement la typologie des b\u00e2timents de leur r\u00e9partition mais \u00e9galement la typologie des espaces ouverts existants. L\u2019image spatiale d\u00e9crit ainsi diff\u00e9rentes entit\u00e9s qui peuvent aller des prairies urbaines, des jardins privatifs, aux rues historiques ou utilitaires en passant par les ponts et surfaces de stationnement.<\/p>\n<p>Sur la base de cette analyse spatiale et paysag\u00e8re, qui tient compte aussi de la valeur patrimoniale et des logiques fonctionnelles du territoire, une \u00e9valuation est propos\u00e9e \u00e0 la fin de chaque rapport. Elle met en \u00e9vidence les potentiels du territoire et \u00e9nonce des pistes d\u2019action par th\u00e9matique.<\/p>\n<p>Les huit rapports, \u00e9crits dans un langage simple, cherchent \u00e0 sensibiliser les diff\u00e9rents acteurs potentiellement impliqu\u00e9s.<\/p>\n<\/div><div class=\"sia-beratung-db-slide-text\" data-index=\"4\" style=\"display:none;\"><p>Les pierres angulaires de la vision globale des images spatiales des village sont les dix principes directeurs suivants:<\/p>\n<ul>\n<li>Renforcer le paysage comme \u00e9l\u00e9ment de liaison. Connecter les localit\u00e9s.<\/li>\n<li>Activer consciemment le paysage pour les loisirs locaux. Exploiter le potentiel touristique.<\/li>\n<li>Relier l\u2019habitat et le paysage. Concevoir consciemment les franges et les transitions.<\/li>\n<li>Renforcer les diff\u00e9rents caract\u00e8res des diff\u00e9rents villages.<\/li>\n<li>Entretenir, renforcer, d\u00e9velopper et recr\u00e9er l\u2019identit\u00e9.<\/li>\n<li>Renforcer les centres. Promouvoir une vie de village anim\u00e9e.<\/li>\n<li>Int\u00e9grer les changements structurels dans le contexte.<\/li>\n<li>Concevoir les espaces d\u2019acc\u00e8s comme une sc\u00e8ne de rencontre et de mobilit\u00e9.<\/li>\n<li>Concevoir ensemble l\u2019espace public. Activer l\u2019interaction sociale.<\/li>\n<li>Relier les espaces priv\u00e9s et publics les uns aux autres.<\/li>\n<\/ul>\n<\/div><\/div><div class=\"sia-beratung-db-filterbox\"><label class=\"toggle\" onclick=\"return window.siaBeratung.toggleFilterBox(this);\"><span>Commune<\/span><span>Fusion de communes<\/span><span>D\u00e9veloppement \u00e0 l\u2019int\u00e9rieur du milieu b\u00e2ti<\/span><span>Paysage<\/span><span>Plans d\u2019affectation<\/span><span>Espace public<\/span><span>Sites construits<\/span><span>Outils de planification<\/span><span>Processus<\/span><span>Strat\u00e9gies de d\u00e9veloppement territorial<\/span><span>Coop\u00e9ration r\u00e9gionale<\/span><\/label><div class=\"options\"><a href=\"#\" onclick=\"return window.siaBeratung.setFilterBoxFilter(189);\">Commune<\/a><a href=\"#\" onclick=\"return window.siaBeratung.setFilterBoxFilter(158);\">Fusion de communes<\/a><a href=\"#\" onclick=\"return window.siaBeratung.setFilterBoxFilter(142);\">D\u00e9veloppement \u00e0 l\u2019int\u00e9rieur du milieu b\u00e2ti<\/a><a href=\"#\" onclick=\"return window.siaBeratung.setFilterBoxFilter(144);\">Paysage<\/a><a href=\"#\" onclick=\"return window.siaBeratung.setFilterBoxFilter(163);\">Plans d\u2019affectation<\/a><a href=\"#\" onclick=\"return window.siaBeratung.setFilterBoxFilter(149);\">Espace public<\/a><a href=\"#\" onclick=\"return window.siaBeratung.setFilterBoxFilter(150);\">Sites construits<\/a><a href=\"#\" onclick=\"return window.siaBeratung.setFilterBoxFilter(151);\">Outils de planification<\/a><a href=\"#\" onclick=\"return window.siaBeratung.setFilterBoxFilter(152);\">Processus<\/a><a href=\"#\" onclick=\"return window.siaBeratung.setFilterBoxFilter(167);\">Strat\u00e9gies de d\u00e9veloppement territorial<\/a><a href=\"#\" onclick=\"return window.siaBeratung.setFilterBoxFilter(168);\">Coop\u00e9ration r\u00e9gionale<\/a><a href=\"#\" onclick=\"return window.siaBeratung.setFilterBoxFilter([142,144,149,150,151,152,158,163,167,168,189,288,289,290]);\">Alle Filter ausw\u00e4hlen<\/a><\/div><\/div><label class=\"sia-beratung-db-filterbox-spacer\">&nbsp;<\/label><\/div><a class=\"swiper-button swiper-button-next desktop\"><\/a><\/div><\/div><div class=\"sia-beratung-db-entry-searchtext\">glarus nord: d\u00f6rfliche identit\u00e4ten st\u00e4rken | une proc\u00e9dure de fusion de communes soul\u00e8ve beaucoup d\u2019enjeux, allant de th\u00e8mes comme les finances et l&#8217;identit\u00e9 locale et r\u00e9gionale, aux aspects socio-politiques et juridiques. les r\u00e8glements de construction repr\u00e9sentent un exemple de mesures qu&#8217;il est n\u00e9cessaire d&#8217;harmoniser apr\u00e8s un tel regroupement.cependant, il est tout aussi essentiel de pr\u00e9server les particularit\u00e9s territoriales qui contribuent \u00e0 forger l&#8217;identit\u00e9 de chaque localit\u00e9 et qui cr\u00e9ent un cadre de vie villageois sp\u00e9cifique. le cas de glarus nord illustre une mani\u00e8re de faire qui harmonise les bases l\u00e9gales de la nouvelle commune tout en permettant la conservation d\u2019images spatiales propres aux communes d\u2019origine.r\u00f4le de la commune&nbsp;: analyser, inventorier, communiquer, r\u00e9fl\u00e9chir, se positionnerorganismes responsables\u00a0: commune de glarus nordauteurs du projet&nbsp;: stw ag f\u00fcr raumplanung chur, ruumfabrigg architekten gmbh n\u00e4fels et atelier void obstaldensource&nbsp;: r\u00e4umliche dorfbilder | vue de n\u00e4fels au pied du rautispitz, avec le gl\u00e4rnisch en arri\u00e8re-plan. photo de 2020.\r\u00a9 stw ag f\u00fcr raumplanung \/ rumfabrigg architekten gmbh \/ atelier void gmbh | en 2011, les huit communes de bilten, filzbach, mollis, m\u00fchlehorn, n\u00e4fels, niederurnen, oberurnen et obstalden ont fusionn\u00e9 pour former la commune de glaris nord, qui rassemble alors pr\u00e8s de 19&#8217;000 habitants. cette fusion a impliqu\u00e9 l\u2019\u00e9laboration d\u2019un nouveau plan d\u2019affectation communal. outre la mise en \u0153uvre des nouvelles exigences de la lat de 2013, l\u2019harmonisation des huit r\u00e8glements de la police des constructions s\u2019av\u00e9rait n\u00e9cessaire.dans ce contexte, une r\u00e9flexion sensible a \u00e9t\u00e9 men\u00e9e sur chaque localit\u00e9, ce qui a donn\u00e9 lieu aux \u00ab images spatiales des villages \u00bb publi\u00e9es en 2023 par la nouvelle commune.il s\u2019agit d\u2019un document compl\u00e9mentaire aux r\u00e8glements de construction qui doit \u00eatre consid\u00e9r\u00e9 comme un outil de travail ouvert adaptable principalement destin\u00e9 aux propri\u00e9taires, aux constructeurs, aux services communaux et aux autorit\u00e9s. il est compos\u00e9 d\u2019un rapport illustr\u00e9 et d\u2019une carte par localit\u00e9 | plan d\u2019ensemble des localit\u00e9s\r\u00a9 stw ag f\u00fcr raumplanung \/ rumfabrigg architekten gmbh \/ atelier void gmbh | convaincus que les espaces entre les constructions (rues, chemins, jardins, places et parvis) sont responsables en grande partie de l\u2019identit\u00e9 des villages, les auteurs des huit images spatiales de glaris nord ont clairement mis l\u2019accent sur les espaces ouverts. le rapport illustr\u00e9 de chaque village propose ainsi une analyse fine de la structure paysag\u00e8re de chaque localit\u00e9 dont les points les plus importants sont r\u00e9sum\u00e9s et affich\u00e9s graphiquement sur une axonom\u00e9trie par localit\u00e9. ceux-ci mettent en \u00e9vidence les fronts b\u00e2tis structurants, les ceintures vertes, les b\u00e2timents remarquables, la continuit\u00e9 entre espaces ouverts, entre autres. ils identifient \u00e9galement une s\u00e9rie de secteurs \u00e0 hauts enjeux d\u2019int\u00e9gration paysag\u00e8re m\u00e9ritant chacun une \u00e9tude plus d\u00e9taill\u00e9e. ces informations sont compl\u00e9t\u00e9es par des \u00e9l\u00e9vations et des coupes qui reprennent les \u00e9l\u00e9ments structurants de la topographie et du paysage b\u00e2ti. | les analyses spatiales sont synth\u00e9tis\u00e9es sur des axonom\u00e9tries et des coupes, comme ici \u00e0 n\u00e4fels\r\u00a9 stw ag f\u00fcr raumplanung \/ rumfabrigg architekten gmbh \/ atelier void gmbh | un grand travail de recensement typologique a \u00e9t\u00e9 d\u00e9velopp\u00e9 pour chaque localit\u00e9. cela a permis de mettre en \u00e9vidence par des croquis, un descriptif sommaire et une cartographie, non seulement la typologie des b\u00e2timents de leur r\u00e9partition mais \u00e9galement la typologie des espaces ouverts existants. l\u2019image spatiale d\u00e9crit ainsi diff\u00e9rentes entit\u00e9s qui peuvent aller des prairies urbaines, des jardins privatifs, aux rues historiques ou utilitaires en passant par les ponts et surfaces de stationnement.sur la base de cette analyse spatiale et paysag\u00e8re, qui tient compte aussi de la valeur patrimoniale et des logiques fonctionnelles du territoire, une \u00e9valuation est propos\u00e9e \u00e0 la fin de chaque rapport. elle met en \u00e9vidence les potentiels du territoire et \u00e9nonce des pistes d\u2019action par th\u00e9matique.les huit rapports, \u00e9crits dans un langage simple, cherchent \u00e0 sensibiliser les diff\u00e9rents acteurs potentiellement impliqu\u00e9s. | typologie des b\u00e2timents de n\u00e4fels \r\u00a9  stw ag f\u00fcr raumplanung \/ rumfabrigg architekten gmbh \/ atelier void gmbh | les pierres angulaires de la vision globale des images spatiales des village sont les dix principes directeurs suivants:renforcer le paysage comme \u00e9l\u00e9ment de liaison. connecter les localit\u00e9s.activer consciemment le paysage pour les loisirs locaux. exploiter le potentiel touristique.relier l\u2019habitat et le paysage. concevoir consciemment les franges et les transitions.renforcer les diff\u00e9rents caract\u00e8res des diff\u00e9rents villages.entretenir, renforcer, d\u00e9velopper et recr\u00e9er l\u2019identit\u00e9.renforcer les centres. promouvoir une vie de village anim\u00e9e.int\u00e9grer les changements structurels dans le contexte.concevoir les espaces d\u2019acc\u00e8s comme une sc\u00e8ne de rencontre et de mobilit\u00e9.concevoir ensemble l\u2019espace public. activer l\u2019interaction sociale.relier les espaces priv\u00e9s et publics les uns aux autres. | pr\u00e9sentation des huit images spatiales des villages, disponibles en ligne.\r\u00a9 stw ag f\u00fcr raumplanung \/ rumfabrigg architekten gmbh \/ atelier void gmbh | innenentwicklung | landschaft | \u00f6ffentlicher raum | ortsbilder | planungsinstrumente | prozesse | gemeindefusionen | nutzungsplanung | r\u00e4umliche entwicklungsleitbilder | regionale zusammenarbeit | gemeinde | de | fr | it<\/div><\/article><article class=\"sia-beratung-db-entry\" data-id=\"3865\" data-cpt=\"sia-ausbildung\" data-slug=\"cas-partizipative-beteiligung-und-lokale-aktionen\" data-lang-slug-de_de=\"\" data-lang-slug-en_gb=\"\" data-lang-slug-fr_fr=\"\" data-lang-slug-it_it=\"\" data-lat=\"53.5507112\" data-lng=\"10.0008202\" data-filter-146=\"1\" data-filter-300=\"1\" data-filter-272=\"1\" data-filter-289=\"1\" data-all-filter=\"146,300,272,289\"><div class=\"sia-beratung-db-entry-header\" onclick=\"return window.siaBeratung.toggleCpt(this);\"><div class=\"col-1\">Gouvernance participative et actions locales<\/div><div class=\"col-2\"><span>UNIL Universit\u00e9 de Lausanne<\/span><\/div><div class=\"col-3\"><span>CAS<\/span><\/div><div class=\"sia-beratung-db-angle\"><span class=\"sia-beratung-angle\"><\/span><\/div><\/div><div class=\"sia-beratung-db-entry-content\"><div class=\"sia-beratung-db-entry-content-columns\"><div class=\"col-1\"><p>La gouvernance participative vise \u00e0 impliquer les citoyen\u00b7ne\u00b7s, le pouvoir politique, les professionnel\u00b7le\u00b7s du travail social, de la sant\u00e9 ou encore de l\u2019urbanisme, et les associations dans les d\u00e9cisions politiques locales ainsi que dans les projets associatifs ou institutionnels. Favorisant l\u2019inclusion et la coh\u00e9sion sociale, cette approche innovante encourage l\u2019engagement dans la vie d\u2019une commune, d\u2019une association ou d\u2019une institution, sous diff\u00e9rentes formes: consultations citoyennes, ateliers interg\u00e9n\u00e9rationnels, budgets participatifs, etc.<\/p>\n<p>Les objectifs de ce CAS (certificate of advanced studies) sont les suivants:<\/p>\n<ul>\n<li>Acqu\u00e9rir des bases solides sur la gouvernance participative \u00e0 l\u2019\u00e9chelle locale, et en saisir les enjeux<\/li>\n<li>D\u00e9velopper les connaissances et comp\u00e9tences m\u00e9thodologiques n\u00e9cessaires \u00e0 la mise en place de projets participatifs locaux<\/li>\n<li>Se familiariser avec des outils novateurs et sp\u00e9cifiques \u00e0 l\u2019intervention dans le champ de l\u2019action participative<\/li>\n<li>Mieux conna\u00eetre le r\u00f4le et les ressources de chacune des parties prenantes \u2013 professionnel\u00b7le\u00b7s concern\u00e9\u00b7e\u00b7s, milieux associatifs et citoyen\u00b7ne\u00b7s \u2013 engag\u00e9es dans les projets et les processus participatifs<\/li>\n<li>D\u00e9velopper un r\u00e9seau interdisciplinaire de professionnel\u00b7le\u00b7s travaillant pour des projets participatifs locaux<\/li>\n<\/ul>\n<\/div><div class=\"col-2\"><\/div><\/div><div class=\"sia-beratung-db-entry-footer\"><div class=\"col-1\"><a href=\"https:\/\/www.formation-continue-unil-epfl.ch\/formation\/gouvernance-participative-actions-locales\/\" class=\"sia-beratung-db-entry-link\" target=\"_blank\" rel=\"noopener\">Link zum Angebot<\/a><\/div><div class=\"col-2\"><div class=\"sia-beratung-db-filterbox\"><label class=\"toggle\" onclick=\"return window.siaBeratung.toggleFilterBox(this);\"><span>CAS<\/span><span>Participation<\/span><span>UNIL Universit\u00e9 de Lausanne<\/span><\/label><div class=\"options\"><a href=\"#\" onclick=\"return window.siaBeratung.setFilterBoxFilter(272);\">CAS<\/a><a href=\"#\" onclick=\"return window.siaBeratung.setFilterBoxFilter(146);\">Participation<\/a><a href=\"#\" onclick=\"return window.siaBeratung.setFilterBoxFilter(300);\">UNIL Universit\u00e9 de Lausanne<\/a><a href=\"#\" onclick=\"return window.siaBeratung.setFilterBoxFilter([146,300,272,289]);\">Alle Filter ausw\u00e4hlen<\/a><\/div><\/div><label class=\"sia-beratung-db-filterbox-spacer\">&nbsp;<\/label><\/div><\/div><\/div><div class=\"sia-beratung-db-entry-searchtext\">gouvernance participative et actions locales | la gouvernance participative vise \u00e0 impliquer les citoyen\u00b7ne\u00b7s, le pouvoir politique, les professionnel\u00b7le\u00b7s du travail social, de la sant\u00e9 ou encore de l\u2019urbanisme, et les associations dans les d\u00e9cisions politiques locales ainsi que dans les projets associatifs ou institutionnels. favorisant l\u2019inclusion et la coh\u00e9sion sociale, cette approche innovante encourage l\u2019engagement dans la vie d\u2019une commune, d\u2019une association ou d\u2019une institution, sous diff\u00e9rentes formes: consultations citoyennes, ateliers interg\u00e9n\u00e9rationnels, budgets participatifs, etc.les objectifs de ce cas (certificate of advanced studies) sont les suivants:acqu\u00e9rir des bases solides sur la gouvernance participative \u00e0 l\u2019\u00e9chelle locale, et en saisir les enjeuxd\u00e9velopper les connaissances et comp\u00e9tences m\u00e9thodologiques n\u00e9cessaires \u00e0 la mise en place de projets participatifs locauxse familiariser avec des outils novateurs et sp\u00e9cifiques \u00e0 l\u2019intervention dans le champ de l\u2019action participativemieux conna\u00eetre le r\u00f4le et les ressources de chacune des parties prenantes \u2013 professionnel\u00b7le\u00b7s concern\u00e9\u00b7e\u00b7s, milieux associatifs et citoyen\u00b7ne\u00b7s \u2013 engag\u00e9es dans les projets et les processus participatifsd\u00e9velopper un r\u00e9seau interdisciplinaire de professionnel\u00b7le\u00b7s travaillant pour des projets participatifs locaux | mitwirkung | unil universit\u00e9 de lausanne | cas | fr<\/div><\/article><article class=\"sia-beratung-db-entry\" data-id=\"5632\" data-cpt=\"sia-beispiele\" data-slug=\"grenchen-es-ist-nie-zu-spaet\" data-lang-slug-de_de=\"\" data-lang-slug-en_gb=\"\" data-lang-slug-fr_fr=\"\" data-lang-slug-it_it=\"\" data-lat=\"47.1835876\" data-lng=\"7.4144411\" data-filter-138=\"1\" data-filter-149=\"1\" data-filter-160=\"1\" data-filter-161=\"1\" data-filter-167=\"1\" data-filter-189=\"1\" data-all-filter=\"138,149,160,161,167,189\"><div class=\"sia-beratung-db-entry-header\" onclick=\"return window.siaBeratung.toggleCpt(this);\"><div class=\"col-1\">Granges: il n\u2019est jamais trop tard pour bien faire<\/div><div class=\"col-2\">Grenchen, SO<\/div><div class=\"sia-beratung-db-angle\"><span class=\"sia-beratung-angle\"><\/span><\/div><\/div><div class=\"sia-beratung-db-entry-content\"><div class=\"sia-beratung-db-entry-content-columns\"><div class=\"col-1\"><div class=\"sia-beratung-db-entry-slides\"><div class=\"sia-beratung-db-entry-swiper\"><div class=\"swiper-wrapper\"><div class=\"swiper-slide\"><img loading=\"lazy\" decoding=\"async\" src=\"https:\/\/baukulturschweiz.ch\/wp-content\/uploads\/2026\/02\/website1-1024x533.jpg\" width=\"1024\" height=\"533\" \/><\/div><div class=\"swiper-slide\"><img loading=\"lazy\" decoding=\"async\" src=\"https:\/\/baukulturschweiz.ch\/wp-content\/uploads\/2026\/02\/website2-1-1024x533.jpg\" width=\"1024\" height=\"533\" \/><\/div><div class=\"swiper-slide\"><img loading=\"lazy\" decoding=\"async\" src=\"https:\/\/baukulturschweiz.ch\/wp-content\/uploads\/2026\/02\/website-3-1024x533.jpg\" width=\"1024\" height=\"533\" \/><\/div><div class=\"swiper-slide\"><img loading=\"lazy\" decoding=\"async\" src=\"https:\/\/baukulturschweiz.ch\/wp-content\/uploads\/2026\/02\/website-4-1024x533.jpg\" width=\"1024\" height=\"533\" \/><\/div><\/div><\/div><a class=\"swiper-button swiper-button-prev\"><\/a><a class=\"swiper-button swiper-button-next mobile\"><\/a><div class=\"sia-beratung-db-slide-legends\"><small data-index=\"0\">La piscine de Granges, con\u00e7ue en 1955 par l\u2019architecte Beda Hefti \u00a9 Stadt Grenchen, zvg Solothurner Heimatschutz<br \/>\r\n<\/small><small data-index=\"1\" style=\"display:none;\">La piscine fait l\u2019objet d\u2019un assainissement \u00e0 partir de 1999 \u00a9 Ga\u00ebtan Bally<br \/>\r\n<\/small><small data-index=\"2\" style=\"display:none;\">L\u2019horloge ETERNA est un \u00e9l\u00e9ment embl\u00e9matique du site \u00a9 Ga\u00ebtan Bally<br \/>\r\n<\/small><small data-index=\"3\" style=\"display:none;\">\u00a9 Swisstopo<\/small><small class=\"pageNo\">1\/4<\/small><\/div><\/div><\/div><div class=\"col-2\"><div class=\"sia-beratung-db-slide-texts\"><div class=\"sia-beratung-db-slide-text\" data-index=\"0\"><p>Que signifie \u00ab\u00a0L\u2019esprit du lieu\u00a0?\u00a0\u00bb. Il est sans doute le plus intangible des huit crit\u00e8res d\u00e9finis par le syst\u00e8me de Davos pour \u00e9valuer la qualit\u00e9 de la culture du b\u00e2ti. Pourtant, la restauration r\u00e9cente d\u2019une horloge historique install\u00e9e dans la piscine de Granges, dans le canton de Soleure, l\u2019illustre parfaitement.<\/p>\n<p>Haut lieu de l\u2019industrie horlog\u00e8re, la commune de Granges connait une p\u00e9riode de grande prosp\u00e9rit\u00e9 dans les ann\u00e9es 1950 avant de subir, d\u00e8s 1980, le d\u00e9clin du secteur horloger. Malgr\u00e9 sa situation \u00e9conomique difficile, la petite ville a su tirer parti de cette p\u00e9riode en valorisant son patrimoine du XXe si\u00e8cle, qu\u2019elle met au profit de la requalification des places et ses rues. La ville n\u2019a pas seulement restaur\u00e9 ses b\u00e2timents du XXe si\u00e8cle\u202f: elle a aussi d\u00e9velopp\u00e9 une politique coh\u00e9rente de m\u00e9diation, par des publications, expositions et manifestations, permettant d\u2019ancrer ce patrimoine dans la conscience collective. Ce travail de reconnaissance a contribu\u00e9 \u00e0 sa distinction par le Prix Wakker en 2008, qui a salu\u00e9 l\u2019effort global de revalorisation urbaine.<\/p>\n<p>&nbsp;<\/p>\n<article class=\"text-token-text-primary w-full focus:outline-none [--shadow-height:45px] has-data-writing-block:pointer-events-none has-data-writing-block:-mt-(--shadow-height) has-data-writing-block:pt-(--shadow-height) [&amp;:has([data-writing-block])&gt;*]:pointer-events-auto scroll-mt-(--header-height)\" dir=\"auto\" data-turn-id=\"701fd9f5-7feb-4a5f-b60d-cf024f9ad353\" data-testid=\"conversation-turn-33\" data-scroll-anchor=\"false\" data-turn=\"user\"><\/article>\n<article class=\"text-token-text-primary w-full focus:outline-none [--shadow-height:45px] has-data-writing-block:pointer-events-none has-data-writing-block:-mt-(--shadow-height) has-data-writing-block:pt-(--shadow-height) [&amp;:has([data-writing-block])&gt;*]:pointer-events-auto scroll-mt-[calc(var(--header-height)+min(200px,max(70px,20svh)))]\" dir=\"auto\" data-turn-id=\"request-WEB:2564d525-4bf8-4116-a0e8-73b6b783a59f-16\" data-testid=\"conversation-turn-34\" data-scroll-anchor=\"true\" data-turn=\"assistant\">\n<div class=\"text-base my-auto mx-auto pb-10 [--thread-content-margin:--spacing(4)] @w-sm\/main:[--thread-content-margin:--spacing(6)] @w-lg\/main:[--thread-content-margin:--spacing(16)] px-(--thread-content-margin)\">\n<div class=\"[--thread-content-max-width:40rem] @w-lg\/main:[--thread-content-max-width:48rem] mx-auto max-w-(--thread-content-max-width) flex-1 group\/turn-messages focus-visible:outline-hidden relative flex w-full min-w-0 flex-col agent-turn\">\n<div class=\"flex max-w-full flex-col grow\">\n<div class=\"min-h-8 text-message relative flex w-full flex-col items-end gap-2 text-start break-words whitespace-normal [.text-message+&amp;]:mt-1\" dir=\"auto\" data-message-author-role=\"assistant\" data-message-id=\"2737ec4d-d31b-4425-96db-fbf83bccb515\" data-message-model-slug=\"gpt-5-mini\">\n<div class=\"flex w-full flex-col gap-1 empty:hidden first:pt-[1px]\">\n<div class=\"markdown prose dark:prose-invert w-full wrap-break-word light markdown-new-styling\">\n<p data-start=\"0\" data-end=\"209\" data-is-last-node=\"\" data-is-only-node=\"\"><strong>Organisme responsable:<\/strong> Commune de Grenchen<br data-start=\"42\" data-end=\"45\" \/><strong>R\u00f4le de la commune:<\/strong> lancer des processus, valoriser, communiquer, mettre en \u0153uvre<br data-start=\"126\" data-end=\"129\" \/><strong>Autres acteurs:<\/strong> Service des monuments historiques du canton de Soleure<br data-start=\"199\" data-end=\"202\" \/><strong>Source: <\/strong><a href=\"https:\/\/www.heimatschutz-so.ch\/was-wir-tun\/unterstuetzte-projekte-und-objekte\">Solothurner Heimatschutz<\/a><\/p>\n<\/div>\n<\/div>\n<\/div>\n<\/div>\n<\/div>\n<\/div>\n<\/article>\n<\/div><div class=\"sia-beratung-db-slide-text\" data-index=\"1\" style=\"display:none;\"><p>Dans ce contexte, la ville soleuroise de Granges a restaur\u00e9 une horloge triangulaire sign\u00e9e ETERNA, embl\u00e9matique de sa piscine publique. La piscine de Granges a \u00e9t\u00e9 con\u00e7ue en 1955 par l\u2019architecte fribourgeois Beda Hefti, sp\u00e9cialiste reconnu des bains publics. Construite \u00e0 la p\u00e9riph\u00e9rie sud de la ville, elle s\u2019inscrit dans la dynamique de l\u2019apr\u00e8s-guerre o\u00f9 les communes suisses investissent dans des \u00e9quipements collectifs de qualit\u00e9. L\u2019ensemble se distingue par son architecture moderniste\u202f: plongeoir en b\u00e9ton, blocs de verre, piliers en acier, restaurant avec jardin et un p\u00e9rim\u00e8tre bord\u00e9 de cabines individuelles, caract\u00e9ristique des bains qui s\u2019ouvrent en Suisse \u00e0 cette \u00e9poque. Le tout est int\u00e9gr\u00e9 dans un vaste parc plant\u00e9, o\u00f9 la terre excav\u00e9e pour les bassins fa\u00e7onne un paysage vallonn\u00e9. Depuis 1999, les autorit\u00e9s ont entam\u00e9 son assainissement, et la piscine reste un lieu tr\u00e8s fr\u00e9quent\u00e9 et appr\u00e9ci\u00e9 des habitants.<\/p>\n<\/div><div class=\"sia-beratung-db-slide-text\" data-index=\"2\" style=\"display:none;\"><p>L\u2019horloge ETERNA a fait l\u2019objet d\u2019une restauration soigneuse : cadrans, aiguilles et bo\u00eetier d\u2019origine sont conserv\u00e9s, tandis que trois m\u00e9canismes neufs sont discr\u00e8tement int\u00e9gr\u00e9s aux supports existants. Bien que modeste, cette intervention rev\u00eat une forte valeur symbolique, mettant en lumi\u00e8re l\u2019architecture d\u2019apr\u00e8s-guerre. La r\u00e9novation, dont le co\u00fbt total s\u2019\u00e9l\u00e8ve \u00e0 30&#8217;000 francs, a \u00e9t\u00e9 financ\u00e9e pour moiti\u00e9 par la Solothurn Heimatschutz.<\/p>\n<\/div><div class=\"sia-beratung-db-slide-text\" data-index=\"3\" style=\"display:none;\"><p>L\u2019intervention sur l\u2019horloge de la piscine en 2023 illustre de fa\u00e7on exemplaire ce que le syst\u00e8me de Davos appelle \u00ab\u202fl\u2019esprit du lieu\u202f\u00bb, un crit\u00e8re subtil, souvent immat\u00e9riel, mais essentiel pour \u00e9valuer la qualit\u00e9 de la culture du b\u00e2ti. Cette intervention illustre que la culture du b\u00e2ti passe aussi par la pr\u00e9servation de d\u00e9tails. La reconnaissance et la mise en valeur de tels objets contribuent \u00e0 renforcer l\u2019identit\u00e9 des lieux.<\/p>\n<\/div><\/div><div class=\"sia-beratung-db-filterbox\"><label class=\"toggle\" onclick=\"return window.siaBeratung.toggleFilterBox(this);\"><span>Monuments<\/span><span>Commune<\/span><span>Inventaires<\/span><span>Projets de construction communaux<\/span><span>Espace public<\/span><span>Strat\u00e9gies de d\u00e9veloppement territorial<\/span><\/label><div class=\"options\"><a href=\"#\" onclick=\"return window.siaBeratung.setFilterBoxFilter(138);\">Monuments<\/a><a href=\"#\" onclick=\"return window.siaBeratung.setFilterBoxFilter(189);\">Commune<\/a><a href=\"#\" onclick=\"return window.siaBeratung.setFilterBoxFilter(160);\">Inventaires<\/a><a href=\"#\" onclick=\"return window.siaBeratung.setFilterBoxFilter(161);\">Projets de construction communaux<\/a><a href=\"#\" onclick=\"return window.siaBeratung.setFilterBoxFilter(149);\">Espace public<\/a><a href=\"#\" onclick=\"return window.siaBeratung.setFilterBoxFilter(167);\">Strat\u00e9gies de d\u00e9veloppement territorial<\/a><a href=\"#\" onclick=\"return window.siaBeratung.setFilterBoxFilter([138,149,160,161,167,189]);\">Alle Filter ausw\u00e4hlen<\/a><\/div><\/div><label class=\"sia-beratung-db-filterbox-spacer\">&nbsp;<\/label><\/div><a class=\"swiper-button swiper-button-next desktop\"><\/a><\/div><\/div><div class=\"sia-beratung-db-entry-searchtext\">grenchen: es ist nie zu sp\u00e4t | que signifie \u00ab\u00a0l\u2019esprit du lieu\u00a0?\u00a0\u00bb. il est sans doute le plus intangible des huit crit\u00e8res d\u00e9finis par le syst\u00e8me de davos pour \u00e9valuer la qualit\u00e9 de la culture du b\u00e2ti. pourtant, la restauration r\u00e9cente d\u2019une horloge historique install\u00e9e dans la piscine de granges, dans le canton de soleure, l\u2019illustre parfaitement.haut lieu de l\u2019industrie horlog\u00e8re, la commune de granges connait une p\u00e9riode de grande prosp\u00e9rit\u00e9 dans les ann\u00e9es 1950 avant de subir, d\u00e8s 1980, le d\u00e9clin du secteur horloger. malgr\u00e9 sa situation \u00e9conomique difficile, la petite ville a su tirer parti de cette p\u00e9riode en valorisant son patrimoine du xxe si\u00e8cle, qu\u2019elle met au profit de la requalification des places et ses rues. la ville n\u2019a pas seulement restaur\u00e9 ses b\u00e2timents du xxe si\u00e8cle\u202f: elle a aussi d\u00e9velopp\u00e9 une politique coh\u00e9rente de m\u00e9diation, par des publications, expositions et manifestations, permettant d\u2019ancrer ce patrimoine dans la conscience collective. ce travail de reconnaissance a contribu\u00e9 \u00e0 sa distinction par le prix wakker en 2008, qui a salu\u00e9 l\u2019effort global de revalorisation urbaine.&nbsp;organisme responsable: commune de grenchenr\u00f4le de la commune: lancer des processus, valoriser, communiquer, mettre en \u0153uvreautres acteurs: service des monuments historiques du canton de soleuresource: solothurner heimatschutz | la piscine de granges, con\u00e7ue en 1955 par l\u2019architecte beda hefti \u00a9 stadt grenchen, zvg solothurner heimatschutz\r | dans ce contexte, la ville soleuroise de granges a restaur\u00e9 une horloge triangulaire sign\u00e9e eterna, embl\u00e9matique de sa piscine publique. la piscine de granges a \u00e9t\u00e9 con\u00e7ue en 1955 par l\u2019architecte fribourgeois beda hefti, sp\u00e9cialiste reconnu des bains publics. construite \u00e0 la p\u00e9riph\u00e9rie sud de la ville, elle s\u2019inscrit dans la dynamique de l\u2019apr\u00e8s-guerre o\u00f9 les communes suisses investissent dans des \u00e9quipements collectifs de qualit\u00e9. l\u2019ensemble se distingue par son architecture moderniste\u202f: plongeoir en b\u00e9ton, blocs de verre, piliers en acier, restaurant avec jardin et un p\u00e9rim\u00e8tre bord\u00e9 de cabines individuelles, caract\u00e9ristique des bains qui s\u2019ouvrent en suisse \u00e0 cette \u00e9poque. le tout est int\u00e9gr\u00e9 dans un vaste parc plant\u00e9, o\u00f9 la terre excav\u00e9e pour les bassins fa\u00e7onne un paysage vallonn\u00e9. depuis 1999, les autorit\u00e9s ont entam\u00e9 son assainissement, et la piscine reste un lieu tr\u00e8s fr\u00e9quent\u00e9 et appr\u00e9ci\u00e9 des habitants. | la piscine fait l\u2019objet d\u2019un assainissement \u00e0 partir de 1999 \u00a9 ga\u00ebtan bally\r | l\u2019horloge eterna a fait l\u2019objet d\u2019une restauration soigneuse : cadrans, aiguilles et bo\u00eetier d\u2019origine sont conserv\u00e9s, tandis que trois m\u00e9canismes neufs sont discr\u00e8tement int\u00e9gr\u00e9s aux supports existants. bien que modeste, cette intervention rev\u00eat une forte valeur symbolique, mettant en lumi\u00e8re l\u2019architecture d\u2019apr\u00e8s-guerre. la r\u00e9novation, dont le co\u00fbt total s\u2019\u00e9l\u00e8ve \u00e0 30&#8217;000 francs, a \u00e9t\u00e9 financ\u00e9e pour moiti\u00e9 par la solothurn heimatschutz. | l\u2019horloge eterna est un \u00e9l\u00e9ment embl\u00e9matique du site \u00a9 ga\u00ebtan bally\r | l\u2019intervention sur l\u2019horloge de la piscine en 2023 illustre de fa\u00e7on exemplaire ce que le syst\u00e8me de davos appelle \u00ab\u202fl\u2019esprit du lieu\u202f\u00bb, un crit\u00e8re subtil, souvent immat\u00e9riel, mais essentiel pour \u00e9valuer la qualit\u00e9 de la culture du b\u00e2ti. cette intervention illustre que la culture du b\u00e2ti passe aussi par la pr\u00e9servation de d\u00e9tails. la reconnaissance et la mise en valeur de tels objets contribuent \u00e0 renforcer l\u2019identit\u00e9 des lieux. | \u00a9 swisstopo | denkm\u00e4ler | \u00f6ffentlicher raum | inventare | kommunale bauprojekte | r\u00e4umliche entwicklungsleitbilder | gemeinde<\/div><\/article><article class=\"sia-beratung-db-entry\" data-id=\"5624\" data-cpt=\"sia-beispiele\" data-slug=\"guemmenen-baukulturelles-erbe-neu-aufgegleist\" data-lang-slug-de_de=\"\" data-lang-slug-en_gb=\"\" data-lang-slug-fr_fr=\"\" data-lang-slug-it_it=\"\" data-lat=\"46.9446372\" data-lng=\"7.2441101\" data-filter-138=\"1\" data-filter-141=\"1\" data-filter-144=\"1\" data-filter-160=\"1\" data-filter-166=\"1\" data-all-filter=\"138,141,144,160,166\"><div class=\"sia-beratung-db-entry-header\" onclick=\"return window.siaBeratung.toggleCpt(this);\"><div class=\"col-1\">G\u00fcmmenen: patrimoine b\u00e2ti sur de nouveaux rails <\/div><div class=\"col-2\">G\u00fcmmenen, FR<\/div><div class=\"sia-beratung-db-angle\"><span class=\"sia-beratung-angle\"><\/span><\/div><\/div><div class=\"sia-beratung-db-entry-content\"><div class=\"sia-beratung-db-entry-content-columns\"><div class=\"col-1\"><div class=\"sia-beratung-db-entry-slides\"><div class=\"sia-beratung-db-entry-swiper\"><div class=\"swiper-wrapper\"><div class=\"swiper-slide\"><img loading=\"lazy\" decoding=\"async\" src=\"https:\/\/baukulturschweiz.ch\/wp-content\/uploads\/2026\/02\/Photo-1-4-1024x768.jpg\" width=\"1024\" height=\"768\" \/><\/div><div class=\"swiper-slide\"><img loading=\"lazy\" decoding=\"async\" src=\"https:\/\/baukulturschweiz.ch\/wp-content\/uploads\/2026\/02\/Photo-2-4-1024x768.jpg\" width=\"1024\" height=\"768\" \/><\/div><div class=\"swiper-slide\"><img loading=\"lazy\" decoding=\"async\" src=\"https:\/\/baukulturschweiz.ch\/wp-content\/uploads\/2026\/02\/Plan-2-e1771235128439.jpg\" width=\"857\" height=\"578\" \/><\/div><div class=\"swiper-slide\"><img loading=\"lazy\" decoding=\"async\" src=\"https:\/\/baukulturschweiz.ch\/wp-content\/uploads\/2026\/02\/gummenen_final-1024x680.png\" width=\"1024\" height=\"680\" \/><\/div><\/div><\/div><a class=\"swiper-button swiper-button-prev\"><\/a><a class=\"swiper-button swiper-button-next mobile\"><\/a><div class=\"sia-beratung-db-slide-legends\"><small data-index=\"0\">Le Viaduc de la Sarine apr\u00e8s sa r\u00e9novation \u00a9 Ariel Huber Photography<\/small><small data-index=\"1\" style=\"display:none;\">La substance de l\u2019ouvrage est conserv\u00e9e \u00a9 Ariel Huber Photography<\/small><small data-index=\"2\" style=\"display:none;\">La nouvelle structure en acier supporte des charges plus importantes \u00a9 F\u00fcrst Laffranchi Bauingenieure GmbH<\/small><small data-index=\"3\" style=\"display:none;\">\u00a9 Swisstopo<\/small><small class=\"pageNo\">1\/4<\/small><\/div><\/div><\/div><div class=\"col-2\"><div class=\"sia-beratung-db-slide-texts\"><div class=\"sia-beratung-db-slide-text\" data-index=\"0\"><p>La r\u00e9novation du viaduc de la Sarine constitue une intervention exemplaire en mati\u00e8re de conservation d\u2019infrastructure class\u00e9e, devant concilier les imp\u00e9ratifs de protection du patrimoine et les besoins li\u00e9s \u00e0 l\u2019exploitation ferroviaire contemporaine. Class\u00e9 en tant que monument historique d\u2019importance nationale, l\u2019ouvrage de 1901 montrait des signes de vieillissement qui ont conduit \u00e0 des restrictions d\u2019exploitation. De plus, il a \u00e9t\u00e9 con\u00e7u initialement pour une seule voie et une vitesse maximale de 90 km\/h.<\/p>\n<p><strong>R\u00f4le du canton:<\/strong> prot\u00e9ger, d\u00e9cider, planifier, coordonner, financer<br data-start=\"162\" data-end=\"165\" \/><strong>Organisme responsable:<\/strong> Canton de Berne<br data-start=\"203\" data-end=\"206\" \/><strong>Ma\u00eetre d&#8217;ouvrage:<\/strong> BLS<br data-start=\"227\" data-end=\"230\" \/><strong>Architecture:<\/strong> Flury und Rudolf Architekten<br data-start=\"272\" data-end=\"275\" \/><strong>Bureau d&#8217;ing\u00e9nieurs:<\/strong> F\u00fcrst Laffranchi Bauingenieure<br data-start=\"326\" data-end=\"329\" \/><strong>Source:<\/strong> <a href=\"https:\/\/www.espazium.ch\/fr\/actualites\/saaneviadukt-guemmenen-fr\">Espazium<\/a><\/p>\n<\/div><div class=\"sia-beratung-db-slide-text\" data-index=\"1\" style=\"display:none;\"><p>Face \u00e0 l\u2019\u00e9ventualit\u00e9 d\u2019une d\u00e9molition, la BLS a opt\u00e9 pour une transformation cibl\u00e9e, permettant de maintenir le viaduc en service tout en l\u2019adaptant aux exigences actuelles, notamment le passage \u00e0 la double voie et l\u2019augmentation de la vitesse \u00e0 160 km\/h. Le projet de r\u00e9novation s\u2019est appuy\u00e9 sur une strat\u00e9gie de sauvegarde active. L\u2019\u00e9tat des lieux a r\u00e9v\u00e9l\u00e9 que la structure en pierre naturelle pouvait supporter les charges suppl\u00e9mentaires ; seul le tablier en b\u00e9ton devait \u00eatre remplac\u00e9e pour r\u00e9pondre aux contraintes li\u00e9es \u00e0 la double voie. La majeure partie de l\u2019ouvrage a ainsi pu \u00eatre conserv\u00e9e, garantissant la pr\u00e9servation de son int\u00e9grit\u00e9 historique et de sa substance. Pilot\u00e9e par la BLS en \u00e9troite concertation avec les commissions f\u00e9d\u00e9rales des monuments historiques et de la protection de la nature et du paysage, l\u2019op\u00e9ration s\u2019est engag\u00e9e d\u00e8s 2013 avec un mandat d\u2019\u00e9tude parall\u00e8le en deux \u00e9tapes. Cette d\u00e9marche visait \u00e0 assurer la coh\u00e9rence entre les objectifs d\u2019exploitation et les enjeux de conservation. Gr\u00e2ce \u00e0 son approche interdisciplinaire, le mandat a permis de d\u00e9finir les d\u00e9tails de conception et d\u2019aboutir \u00e0 un projet de qualit\u00e9.<\/p>\n<\/div><div class=\"sia-beratung-db-slide-text\" data-index=\"2\" style=\"display:none;\"><p>L\u2019\u00e9quipe d\u2019architectes <em>Flury und Rudolf<\/em> ainsi que le bureau d\u2019ing\u00e9nieur <em>F\u00fcrst Laffranchi<\/em> ont con\u00e7u la r\u00e9novation du Viaduc. Une nouvelle structure en acier a remplac\u00e9 le pont \u00e0 treillis d\u2019origine, tout en respectant les proportions initiales et en recourant \u00e0 des techniques contemporaines de construction mixte acier-b\u00e9ton. Les viaducs en pierre naturelle ont \u00e9t\u00e9 remis en \u00e9tat, et compl\u00e9t\u00e9s par un tablier en b\u00e9ton en porte-\u00e0-faux des deux c\u00f4t\u00e9s.<\/p>\n<\/div><div class=\"sia-beratung-db-slide-text\" data-index=\"3\" style=\"display:none;\"><p>La double voie du viaduc de la Sarine est un exemple de r\u00e9utilisation durable d&#8217;une structure existante. La pr\u00e9servation d\u2019un bien culturel passe par son utilisation, et donc son adaptation \u00e0 de nouvelles normes. C\u2019est pr\u00e9cis\u00e9ment ce que met en lumi\u00e8re la r\u00e9novation viaduc de la Sarine. Au lieu d\u2019\u00eatre d\u00e9moli car peu adapt\u00e9 aux exigences actuelles en mati\u00e8re de trafic ferroviaire, l\u2019ouvrage est adapt\u00e9 et ses caract\u00e9ristiques patrimoniales renforc\u00e9es. Cette d\u00e9marche, qui a valu au projet le prix d\u2019ing\u00e9nierie Ernst et Sohn 2022, illustre le point suivant : le patrimoine culturel ne doit pas rester fig\u00e9, mais bien vivant.<\/p>\n<\/div><\/div><div class=\"sia-beratung-db-filterbox\"><label class=\"toggle\" onclick=\"return window.siaBeratung.toggleFilterBox(this);\"><span>Monuments<\/span><span>Infrastructure<\/span><span>Inventaires<\/span><span>Paysage<\/span><span>Proc\u00e9dures d\u2019assurance qualit\u00e9<\/span><\/label><div class=\"options\"><a href=\"#\" onclick=\"return window.siaBeratung.setFilterBoxFilter(138);\">Monuments<\/a><a href=\"#\" onclick=\"return window.siaBeratung.setFilterBoxFilter(141);\">Infrastructure<\/a><a href=\"#\" onclick=\"return window.siaBeratung.setFilterBoxFilter(160);\">Inventaires<\/a><a href=\"#\" onclick=\"return window.siaBeratung.setFilterBoxFilter(144);\">Paysage<\/a><a href=\"#\" onclick=\"return window.siaBeratung.setFilterBoxFilter(166);\">Proc\u00e9dures d\u2019assurance qualit\u00e9<\/a><a href=\"#\" onclick=\"return window.siaBeratung.setFilterBoxFilter([138,141,144,160,166]);\">Alle Filter ausw\u00e4hlen<\/a><\/div><\/div><label class=\"sia-beratung-db-filterbox-spacer\">&nbsp;<\/label><\/div><a class=\"swiper-button swiper-button-next desktop\"><\/a><\/div><\/div><div class=\"sia-beratung-db-entry-searchtext\">g\u00fcmmenen: baukulturelles erbe neu aufgegleist | la r\u00e9novation du viaduc de la sarine constitue une intervention exemplaire en mati\u00e8re de conservation d\u2019infrastructure class\u00e9e, devant concilier les imp\u00e9ratifs de protection du patrimoine et les besoins li\u00e9s \u00e0 l\u2019exploitation ferroviaire contemporaine. class\u00e9 en tant que monument historique d\u2019importance nationale, l\u2019ouvrage de 1901 montrait des signes de vieillissement qui ont conduit \u00e0 des restrictions d\u2019exploitation. de plus, il a \u00e9t\u00e9 con\u00e7u initialement pour une seule voie et une vitesse maximale de 90 km\/h.r\u00f4le du canton: prot\u00e9ger, d\u00e9cider, planifier, coordonner, financerorganisme responsable: canton de bernema\u00eetre d&#8217;ouvrage: blsarchitecture: flury und rudolf architektenbureau d&#8217;ing\u00e9nieurs: f\u00fcrst laffranchi bauingenieuresource: espazium | le viaduc de la sarine apr\u00e8s sa r\u00e9novation \u00a9 ariel huber photography | face \u00e0 l\u2019\u00e9ventualit\u00e9 d\u2019une d\u00e9molition, la bls a opt\u00e9 pour une transformation cibl\u00e9e, permettant de maintenir le viaduc en service tout en l\u2019adaptant aux exigences actuelles, notamment le passage \u00e0 la double voie et l\u2019augmentation de la vitesse \u00e0 160 km\/h. le projet de r\u00e9novation s\u2019est appuy\u00e9 sur une strat\u00e9gie de sauvegarde active. l\u2019\u00e9tat des lieux a r\u00e9v\u00e9l\u00e9 que la structure en pierre naturelle pouvait supporter les charges suppl\u00e9mentaires ; seul le tablier en b\u00e9ton devait \u00eatre remplac\u00e9e pour r\u00e9pondre aux contraintes li\u00e9es \u00e0 la double voie. la majeure partie de l\u2019ouvrage a ainsi pu \u00eatre conserv\u00e9e, garantissant la pr\u00e9servation de son int\u00e9grit\u00e9 historique et de sa substance. pilot\u00e9e par la bls en \u00e9troite concertation avec les commissions f\u00e9d\u00e9rales des monuments historiques et de la protection de la nature et du paysage, l\u2019op\u00e9ration s\u2019est engag\u00e9e d\u00e8s 2013 avec un mandat d\u2019\u00e9tude parall\u00e8le en deux \u00e9tapes. cette d\u00e9marche visait \u00e0 assurer la coh\u00e9rence entre les objectifs d\u2019exploitation et les enjeux de conservation. gr\u00e2ce \u00e0 son approche interdisciplinaire, le mandat a permis de d\u00e9finir les d\u00e9tails de conception et d\u2019aboutir \u00e0 un projet de qualit\u00e9. | la substance de l\u2019ouvrage est conserv\u00e9e \u00a9 ariel huber photography | l\u2019\u00e9quipe d\u2019architectes flury und rudolf ainsi que le bureau d\u2019ing\u00e9nieur f\u00fcrst laffranchi ont con\u00e7u la r\u00e9novation du viaduc. une nouvelle structure en acier a remplac\u00e9 le pont \u00e0 treillis d\u2019origine, tout en respectant les proportions initiales et en recourant \u00e0 des techniques contemporaines de construction mixte acier-b\u00e9ton. les viaducs en pierre naturelle ont \u00e9t\u00e9 remis en \u00e9tat, et compl\u00e9t\u00e9s par un tablier en b\u00e9ton en porte-\u00e0-faux des deux c\u00f4t\u00e9s. | la nouvelle structure en acier supporte des charges plus importantes \u00a9 f\u00fcrst laffranchi bauingenieure gmbh | la double voie du viaduc de la sarine est un exemple de r\u00e9utilisation durable d&#8217;une structure existante. la pr\u00e9servation d\u2019un bien culturel passe par son utilisation, et donc son adaptation \u00e0 de nouvelles normes. c\u2019est pr\u00e9cis\u00e9ment ce que met en lumi\u00e8re la r\u00e9novation viaduc de la sarine. au lieu d\u2019\u00eatre d\u00e9moli car peu adapt\u00e9 aux exigences actuelles en mati\u00e8re de trafic ferroviaire, l\u2019ouvrage est adapt\u00e9 et ses caract\u00e9ristiques patrimoniales renforc\u00e9es. cette d\u00e9marche, qui a valu au projet le prix d\u2019ing\u00e9nierie ernst et sohn 2022, illustre le point suivant : le patrimoine culturel ne doit pas rester fig\u00e9, mais bien vivant. | \u00a9 swisstopo | denkm\u00e4ler | infrastruktur | landschaft | inventare | qualit\u00e4tssichernde verfahren<\/div><\/article><article class=\"sia-beratung-db-entry\" data-id=\"1585\" data-cpt=\"sia-angebote\" data-slug=\"isos-leitfaden\" data-lang-slug-de_de=\"\" data-lang-slug-en_gb=\"\" data-lang-slug-fr_fr=\"\" data-lang-slug-it_it=\"\" data-lat=\"53.5507112\" data-lng=\"10.0006485\" data-filter-135=\"1\" data-filter-150=\"1\" data-filter-151=\"1\" data-filter-152=\"1\" data-filter-160=\"1\" data-filter-177=\"1\" data-filter-270=\"1\" data-filter-288=\"1\" data-filter-289=\"1\" data-filter-290=\"1\" data-all-filter=\"135,150,151,152,160,177,270,288,289,290\"><div class=\"sia-beratung-db-entry-header\" onclick=\"return window.siaBeratung.toggleCpt(this);\"><div class=\"col-1\">Guide de l'ISOS<\/div><div class=\"col-2\"><span>OFC Office f\u00e9d\u00e9ral de la culture<\/span><\/div><div class=\"col-3\"><span>Guide<\/span><\/div><div class=\"sia-beratung-db-angle\"><span class=\"sia-beratung-angle\"><\/span><\/div><\/div><div class=\"sia-beratung-db-entry-content\"><div class=\"sia-beratung-db-entry-content-columns\"><div class=\"col-1\"><p>Le guide fournit les informations de base n\u00e9cessaires pour une prise en compte ad\u00e9quate de l\u2019Inventaire f\u00e9d\u00e9ral des sites construits d\u2019importance nationale \u00e0 prot\u00e9ger en Suisse (ISOS) dans le cadre du d\u00e9veloppement vers l\u2019int\u00e9rieur du milieu b\u00e2ti et pr\u00e9sente les diff\u00e9rentes \u00e9tapes \u00e0 suivre.<\/p>\n<\/div><div class=\"col-2\"><\/div><\/div><div class=\"sia-beratung-db-entry-footer\"><div class=\"col-1\"><a href=\"https:\/\/www.bak.admin.ch\/bak\/fr\/home\/baukultur\/isos-und-ortsbildschutz\/materialien.html\" class=\"sia-beratung-db-entry-link\" target=\"_blank\" rel=\"noopener\">Link zum Angebot<\/a><\/div><div class=\"col-2\"><div class=\"sia-beratung-db-filterbox\"><label class=\"toggle\" onclick=\"return window.siaBeratung.toggleFilterBox(this);\"><span>Guide<\/span><span>OFC Office f\u00e9d\u00e9ral de la culture<\/span><span>Construire dans le b\u00e2ti existant<\/span><span>Inventaires<\/span><span>Sites construits<\/span><span>Outils de planification<\/span><span>Processus<\/span><\/label><div class=\"options\"><a href=\"#\" onclick=\"return window.siaBeratung.setFilterBoxFilter(270);\">Guide<\/a><a href=\"#\" onclick=\"return window.siaBeratung.setFilterBoxFilter(177);\">OFC Office f\u00e9d\u00e9ral de la culture<\/a><a href=\"#\" onclick=\"return window.siaBeratung.setFilterBoxFilter(135);\">Construire dans le b\u00e2ti existant<\/a><a href=\"#\" onclick=\"return window.siaBeratung.setFilterBoxFilter(160);\">Inventaires<\/a><a href=\"#\" onclick=\"return window.siaBeratung.setFilterBoxFilter(150);\">Sites construits<\/a><a href=\"#\" onclick=\"return window.siaBeratung.setFilterBoxFilter(151);\">Outils de planification<\/a><a href=\"#\" onclick=\"return window.siaBeratung.setFilterBoxFilter(152);\">Processus<\/a><a href=\"#\" onclick=\"return window.siaBeratung.setFilterBoxFilter([135,150,151,152,160,177,270,288,289,290]);\">Alle Filter ausw\u00e4hlen<\/a><\/div><\/div><label class=\"sia-beratung-db-filterbox-spacer\">&nbsp;<\/label><\/div><\/div><\/div><div class=\"sia-beratung-db-entry-searchtext\">isos leitfaden | le guide fournit les informations de base n\u00e9cessaires pour une prise en compte ad\u00e9quate de l\u2019inventaire f\u00e9d\u00e9ral des sites construits d\u2019importance nationale \u00e0 prot\u00e9ger en suisse (isos) dans le cadre du d\u00e9veloppement vers l\u2019int\u00e9rieur du milieu b\u00e2ti et pr\u00e9sente les diff\u00e9rentes \u00e9tapes \u00e0 suivre. | bauen im bestand | ortsbilder | planungsinstrumente | prozesse | inventare | bak bundesamt f\u00fcr kultur | arbeitshilfe | de | fr | it<\/div><\/article><article class=\"sia-beratung-db-entry\" data-id=\"2893\" data-cpt=\"sia-angebote\" data-slug=\"planungshilfe-verkehrsdrehscheiben\" data-lang-slug-de_de=\"\" data-lang-slug-en_gb=\"\" data-lang-slug-fr_fr=\"\" data-lang-slug-it_it=\"\" data-lat=\"53.5507112\" data-lng=\"10.0006485\" data-filter-139=\"1\" data-filter-141=\"1\" data-filter-142=\"1\" data-filter-147=\"1\" data-filter-151=\"1\" data-filter-304=\"1\" data-filter-270=\"1\" data-filter-288=\"1\" data-filter-289=\"1\" data-all-filter=\"139,141,142,147,151,304,270,288,289\"><div class=\"sia-beratung-db-entry-header\" onclick=\"return window.siaBeratung.toggleCpt(this);\"><div class=\"col-1\">Guide de planification Interfaces de transports<\/div><div class=\"col-2\"><span>UTP Union des transports publiques<\/span><\/div><div class=\"col-3\"><span>Guide<\/span><\/div><div class=\"sia-beratung-db-angle\"><span class=\"sia-beratung-angle\"><\/span><\/div><\/div><div class=\"sia-beratung-db-entry-content\"><div class=\"sia-beratung-db-entry-content-columns\"><div class=\"col-1\"><p>Les interfaces de transports, par exemple les gares, font partie int\u00e9grante des concepts de mobilit\u00e9 globale. Elles mettent en r\u00e9seau les moyens de transport et soutiennent les objectifs politiques en mati\u00e8re de d\u00e9veloppement des transports, du territoire et de l\u2019urbanisation. Les exigences pos\u00e9es aux interfaces de transports ne cessent de cro\u00eetre, alors que l\u2019espace disponible est restreint. Afin de soutenir les acteurs locaux dans l\u2019harmonisation des exigences, de l\u2019espace disponible et d\u2019autres ressources, l\u2019Union des transports publics met \u00e0 disposition le guide de planification Interfaces de transports avec des bases, des m\u00e9thodes, des approches et des exemples adapt\u00e9s \u00e0 la pratique.<\/p>\n<\/div><div class=\"col-2\"><\/div><\/div><div class=\"sia-beratung-db-entry-footer\"><div class=\"col-1\"><a href=\"https:\/\/www.voev.ch\/fr\/Services\/Publications\/Standards-de-la-branche\/Guide-de-planification-Interfaces-de-transports\" class=\"sia-beratung-db-entry-link\" target=\"_blank\" rel=\"noopener\">Link zum Angebot<\/a><\/div><div class=\"col-2\"><div class=\"sia-beratung-db-filterbox\"><label class=\"toggle\" onclick=\"return window.siaBeratung.toggleFilterBox(this);\"><span>Guide<\/span><span>Dialogue<\/span><span>Infrastructure<\/span><span>D\u00e9veloppement \u00e0 l\u2019int\u00e9rieur du milieu b\u00e2ti<\/span><span>Mobilit\u00e9<\/span><span>Outils de planification<\/span><span>UTP Union des transports publiques<\/span><\/label><div class=\"options\"><a href=\"#\" onclick=\"return window.siaBeratung.setFilterBoxFilter(270);\">Guide<\/a><a href=\"#\" onclick=\"return window.siaBeratung.setFilterBoxFilter(139);\">Dialogue<\/a><a href=\"#\" onclick=\"return window.siaBeratung.setFilterBoxFilter(141);\">Infrastructure<\/a><a href=\"#\" onclick=\"return window.siaBeratung.setFilterBoxFilter(142);\">D\u00e9veloppement \u00e0 l\u2019int\u00e9rieur du milieu b\u00e2ti<\/a><a href=\"#\" onclick=\"return window.siaBeratung.setFilterBoxFilter(147);\">Mobilit\u00e9<\/a><a href=\"#\" onclick=\"return window.siaBeratung.setFilterBoxFilter(151);\">Outils de planification<\/a><a href=\"#\" onclick=\"return window.siaBeratung.setFilterBoxFilter(304);\">UTP Union des transports publiques<\/a><a href=\"#\" onclick=\"return window.siaBeratung.setFilterBoxFilter([139,141,142,147,151,304,270,288,289]);\">Alle Filter ausw\u00e4hlen<\/a><\/div><\/div><label class=\"sia-beratung-db-filterbox-spacer\">&nbsp;<\/label><\/div><\/div><\/div><div class=\"sia-beratung-db-entry-searchtext\">planungshilfe verkehrsdrehscheiben | les interfaces de transports, par exemple les gares, font partie int\u00e9grante des concepts de mobilit\u00e9 globale. elles mettent en r\u00e9seau les moyens de transport et soutiennent les objectifs politiques en mati\u00e8re de d\u00e9veloppement des transports, du territoire et de l\u2019urbanisation. les exigences pos\u00e9es aux interfaces de transports ne cessent de cro\u00eetre, alors que l\u2019espace disponible est restreint. afin de soutenir les acteurs locaux dans l\u2019harmonisation des exigences, de l\u2019espace disponible et d\u2019autres ressources, l\u2019union des transports publics met \u00e0 disposition le guide de planification interfaces de transports avec des bases, des m\u00e9thodes, des approches et des exemples adapt\u00e9s \u00e0 la pratique. | dialog | infrastruktur | innenentwicklung | mobilit\u00e4t | planungsinstrumente | v\u00f6v verband \u00f6ffentlicher verkehr | arbeitshilfe | de | fr<\/div><\/article><article class=\"sia-beratung-db-entry\" data-id=\"5231\" data-cpt=\"sia-angebote\" data-slug=\"guide-des-valeurs-indicatives-et-criteres-de-qualite-pour-la-biodiversite-dans-lespace-urbain\" data-lang-slug-de_de=\"\" data-lang-slug-en_gb=\"\" data-lang-slug-fr_fr=\"\" data-lang-slug-it_it=\"\" data-lat=\"53.5507112\" data-lng=\"10.0008202\" data-filter-136=\"1\" data-filter-143=\"1\" data-filter-148=\"1\" data-filter-321=\"1\" data-filter-270=\"1\" data-filter-289=\"1\" data-all-filter=\"136,143,148,321,270,289\"><div class=\"sia-beratung-db-entry-header\" onclick=\"return window.siaBeratung.toggleCpt(this);\"><div class=\"col-1\">Guide des valeurs indicatives et crit\u00e8res de qualit\u00e9 pour la biodiversit\u00e9 dans l'espace urbain<\/div><div class=\"col-2\"><span>SCNAT Acad\u00e9mie suisse des sciences naturelles<\/span><\/div><div class=\"col-3\"><span>Guide<\/span><\/div><div class=\"sia-beratung-db-angle\"><span class=\"sia-beratung-angle\"><\/span><\/div><\/div><div class=\"sia-beratung-db-entry-content\"><div class=\"sia-beratung-db-entry-content-columns\"><div class=\"col-1\"><p>Les milieux urbains peuvent contribuer \u00e0 la promotion et \u00e0 la pr\u00e9servation de la flore et de la faune. Ce rapport du Forum Biodiversit\u00e9 Suisse pr\u00e9sente les derni\u00e8res connaissances pratiques et scientifiques en la mati\u00e8re. Il pr\u00e9sente les facteurs cl\u00e9s pour la pr\u00e9servation et la promotion de la biodiversit\u00e9 dans les milieux urbains. Sur cette base, des recommandations sont formul\u00e9es pour aider les urbanistes \u00e0 d\u00e9finir des objectifs en mati\u00e8re de biodiversit\u00e9 dans leur commune. Un aper\u00e7u des bases l\u00e9gales et des principaux instruments d&#8217;am\u00e9nagement du territoire les plus pertinents pour promouvoir la biodiversit\u00e9 dans les milieux urbains est \u00e9galement fourni. Une check-liste aide les communes \u00e0 d\u00e9finir concr\u00e8tement, dans leur contexte sp\u00e9cifique, des objectifs en mati\u00e8re de biodiversit\u00e9, \u00e0 les ancrer dans la planification et \u00e0 les mettre en \u0153uvre. Des exemples provenant de huit communes suisses servent d\u2019inspiration pour montrer comment les valeurs cibles et les mesures sp\u00e9cifiques de promotion de la biodiversit\u00e9 peuvent \u00eatre impl\u00e9ment\u00e9es.<\/p>\n<\/div><div class=\"col-2\"><\/div><\/div><div class=\"sia-beratung-db-entry-footer\"><div class=\"col-1\"><a href=\"https:\/\/scnat.ch\/fr\/publications\/uuid\/i\/d51be72f-07cd-515e-bca4-8c62b49356d7-Valeurs_indicatives_et_crit%C3%A8res_de_qualit%C3%A9_pour_la_biodiversit%C3%A9_dans_l%E2%80%99espace_urbain\" class=\"sia-beratung-db-entry-link\" target=\"_blank\" rel=\"noopener\">Link zum Angebot<\/a><\/div><div class=\"col-2\"><div class=\"sia-beratung-db-filterbox\"><label class=\"toggle\" onclick=\"return window.siaBeratung.toggleFilterBox(this);\"><span>Guide<\/span><span>Biodiversit\u00e9<\/span><span>Climat<\/span><span>Durabilit\u00e9<\/span><span>SCNAT Acad\u00e9mie suisse des sciences naturelles<\/span><\/label><div class=\"options\"><a href=\"#\" onclick=\"return window.siaBeratung.setFilterBoxFilter(270);\">Guide<\/a><a href=\"#\" onclick=\"return window.siaBeratung.setFilterBoxFilter(136);\">Biodiversit\u00e9<\/a><a href=\"#\" onclick=\"return window.siaBeratung.setFilterBoxFilter(143);\">Climat<\/a><a href=\"#\" onclick=\"return window.siaBeratung.setFilterBoxFilter(148);\">Durabilit\u00e9<\/a><a href=\"#\" onclick=\"return window.siaBeratung.setFilterBoxFilter(321);\">SCNAT Acad\u00e9mie suisse des sciences naturelles<\/a><a href=\"#\" onclick=\"return window.siaBeratung.setFilterBoxFilter([136,143,148,321,270,289]);\">Alle Filter ausw\u00e4hlen<\/a><\/div><\/div><label class=\"sia-beratung-db-filterbox-spacer\">&nbsp;<\/label><\/div><\/div><\/div><div class=\"sia-beratung-db-entry-searchtext\">richtwerte und qualit\u00e4tskriterien f\u00fcr biodiversit\u00e4t im siedlungsraum | les milieux urbains peuvent contribuer \u00e0 la promotion et \u00e0 la pr\u00e9servation de la flore et de la faune. ce rapport du forum biodiversit\u00e9 suisse pr\u00e9sente les derni\u00e8res connaissances pratiques et scientifiques en la mati\u00e8re. il pr\u00e9sente les facteurs cl\u00e9s pour la pr\u00e9servation et la promotion de la biodiversit\u00e9 dans les milieux urbains. sur cette base, des recommandations sont formul\u00e9es pour aider les urbanistes \u00e0 d\u00e9finir des objectifs en mati\u00e8re de biodiversit\u00e9 dans leur commune. un aper\u00e7u des bases l\u00e9gales et des principaux instruments d&#8217;am\u00e9nagement du territoire les plus pertinents pour promouvoir la biodiversit\u00e9 dans les milieux urbains est \u00e9galement fourni. une check-liste aide les communes \u00e0 d\u00e9finir concr\u00e8tement, dans leur contexte sp\u00e9cifique, des objectifs en mati\u00e8re de biodiversit\u00e9, \u00e0 les ancrer dans la planification et \u00e0 les mettre en \u0153uvre. des exemples provenant de huit communes suisses servent d\u2019inspiration pour montrer comment les valeurs cibles et les mesures sp\u00e9cifiques de promotion de la biodiversit\u00e9 peuvent \u00eatre impl\u00e9ment\u00e9es. | biodiversit\u00e4t | klima | nachhaltigkeit | scnat acad\u00e9mie suisse des sciences naturelles | arbeitshilfe | fr<\/div><\/article><article class=\"sia-beratung-db-entry\" data-id=\"2896\" data-cpt=\"sia-angebote\" data-slug=\"guide-pour-la-construction-de-batiments-a-vocation-agricole-hors-zones-a-batir-2\" data-lang-slug-de_de=\"\" data-lang-slug-en_gb=\"\" data-lang-slug-fr_fr=\"\" data-lang-slug-it_it=\"\" data-lat=\"53.5507112\" data-lng=\"10.0006485\" data-filter-135=\"1\" data-filter-144=\"1\" data-filter-151=\"1\" data-filter-155=\"1\" data-filter-222=\"1\" data-filter-270=\"1\" data-filter-289=\"1\" data-all-filter=\"135,144,151,155,222,270,289\"><div class=\"sia-beratung-db-entry-header\" onclick=\"return window.siaBeratung.toggleCpt(this);\"><div class=\"col-1\">Guide pour la construction de b\u00e2timents \u00e0 vocation agricole hors zones \u00e0 b\u00e2tir<\/div><div class=\"col-2\"><span>Jura<\/span><\/div><div class=\"col-3\"><span>Guide<\/span><\/div><div class=\"sia-beratung-db-angle\"><span class=\"sia-beratung-angle\"><\/span><\/div><\/div><div class=\"sia-beratung-db-entry-content\"><div class=\"sia-beratung-db-entry-content-columns\"><div class=\"col-1\"><p>Avec ce guide, la Commission entend pr\u00e9ciser ses lignes directrices dans le domaine des constructions \u00e0 vocation agricole, pour un paysage de qualit\u00e9 et pour une r\u00e9ponse appropri\u00e9e aux pr\u00e9occupations de la branche. Dans sa pratique, elle a la conscience que tout ne peut \u00eatre toujours parfait, mais se refuse n\u00e9anmoins \u00e0 soutenir des projets qui p\u00e9jorent le site. En recourant \u00e0 quelques conseils simples et illustr\u00e9s, le guide permettra de mieux circonscrire la nature de certaines exigences fondamentales.<\/p>\n<\/div><div class=\"col-2\"><\/div><\/div><div class=\"sia-beratung-db-entry-footer\"><div class=\"col-1\"><a href=\"https:\/\/www.jura.ch\/DEN\/SDT\/Commission-des-paysages-et-des-sites\/Commission-des-paysages-et-sites-CPS.html\" class=\"sia-beratung-db-entry-link\" target=\"_blank\" rel=\"noopener\">Link zum Angebot<\/a><\/div><div class=\"col-2\"><div class=\"sia-beratung-db-filterbox\"><label class=\"toggle\" onclick=\"return window.siaBeratung.toggleFilterBox(this);\"><span>Guide<\/span><span>Construction hors zone \u00e0 b\u00e2tir<\/span><span>Construire dans le b\u00e2ti existant<\/span><span>Jura<\/span><span>Paysage<\/span><span>Outils de planification<\/span><\/label><div class=\"options\"><a href=\"#\" onclick=\"return window.siaBeratung.setFilterBoxFilter(270);\">Guide<\/a><a href=\"#\" onclick=\"return window.siaBeratung.setFilterBoxFilter(155);\">Construction hors zone \u00e0 b\u00e2tir<\/a><a href=\"#\" onclick=\"return window.siaBeratung.setFilterBoxFilter(135);\">Construire dans le b\u00e2ti existant<\/a><a href=\"#\" onclick=\"return window.siaBeratung.setFilterBoxFilter(222);\">Jura<\/a><a href=\"#\" onclick=\"return window.siaBeratung.setFilterBoxFilter(144);\">Paysage<\/a><a href=\"#\" onclick=\"return window.siaBeratung.setFilterBoxFilter(151);\">Outils de planification<\/a><a href=\"#\" onclick=\"return window.siaBeratung.setFilterBoxFilter([135,144,151,155,222,270,289]);\">Alle Filter ausw\u00e4hlen<\/a><\/div><\/div><label class=\"sia-beratung-db-filterbox-spacer\">&nbsp;<\/label><\/div><\/div><\/div><div class=\"sia-beratung-db-entry-searchtext\">guide pour la construction de b\u00e2timents \u00e0 vocation agricole hors zones \u00e0 b\u00e2tir | avec ce guide, la commission entend pr\u00e9ciser ses lignes directrices dans le domaine des constructions \u00e0 vocation agricole, pour un paysage de qualit\u00e9 et pour une r\u00e9ponse appropri\u00e9e aux pr\u00e9occupations de la branche. dans sa pratique, elle a la conscience que tout ne peut \u00eatre toujours parfait, mais se refuse n\u00e9anmoins \u00e0 soutenir des projets qui p\u00e9jorent le site. en recourant \u00e0 quelques conseils simples et illustr\u00e9s, le guide permettra de mieux circonscrire la nature de certaines exigences fondamentales. | bauen im bestand | landschaft | planungsinstrumente | bauen ausserhalb der bauzone | jura | arbeitshilfe | fr<\/div><\/article><article class=\"sia-beratung-db-entry\" data-id=\"3502\" data-cpt=\"sia-angebote\" data-slug=\"https:\/\/www.velokonferenz.ch\/fr\/publications\/rapports-et-etudes\" data-lang-slug-de_de=\"https:\/\/www.velokonferenz.ch\/de\/publikationen\/studien-and-berichte\" data-lang-slug-en_gb=\"\" data-lang-slug-fr_fr=\"https:\/\/www.velokonferenz.ch\/fr\/publications\/rapports-et-etudes\" data-lang-slug-it_it=\"\" data-lat=\"53.5507112\" data-lng=\"10.0008202\" data-filter-141=\"1\" data-filter-147=\"1\" data-filter-149=\"1\" data-filter-173=\"1\" data-filter-311=\"1\" data-filter-270=\"1\" data-filter-288=\"1\" data-filter-289=\"1\" data-all-filter=\"141,147,149,173,311,270,288,289\"><div class=\"sia-beratung-db-entry-header\" onclick=\"return window.siaBeratung.toggleCpt(this);\"><div class=\"col-1\">Guide pratique Planification des r\u00e9seaux de voies cyclables<\/div><div class=\"col-2\"><span>OFROU Office f\u00e9d\u00e9ral des routes<\/span><span>Velokonferenz Schweiz<\/span><\/div><div class=\"col-3\"><span>Guide<\/span><\/div><div class=\"sia-beratung-db-angle\"><span class=\"sia-beratung-angle\"><\/span><\/div><\/div><div class=\"sia-beratung-db-entry-content\"><div class=\"sia-beratung-db-entry-content-columns\"><div class=\"col-1\"><p>Die Praxishilfe unterst\u00fctzt Planungsbeh\u00f6rden und -fachleute bei der Umsetzung des Veloweggesetzes. Sie formuliert Grunds\u00e4tze zur Velowegnetzplanung, definiert Begriffe, schl\u00e4gt eine sinnvolle Netzhierarchie sowohl f\u00fcr den Alltags- als auch den Freizeitverkehr vor und gibt Empfehlungen f\u00fcr das Vorgehen bei der Planung.<\/p>\n<\/div><div class=\"col-2\"><\/div><\/div><div class=\"sia-beratung-db-entry-footer\"><div class=\"col-1\"><a href=\"https:\/\/www.velokonferenz.ch\/fr\/publications\/rapports-et-etudes\" class=\"sia-beratung-db-entry-link\" target=\"_blank\" rel=\"noopener\">Link zum Angebot<\/a><\/div><div class=\"col-2\"><div class=\"sia-beratung-db-filterbox\"><label class=\"toggle\" onclick=\"return window.siaBeratung.toggleFilterBox(this);\"><span>Guide<\/span><span>OFROU Office f\u00e9d\u00e9ral des routes<\/span><span>Infrastructure<\/span><span>Mobilit\u00e9<\/span><span>Espace public<\/span><span>Velokonferenz Schweiz<\/span><\/label><div class=\"options\"><a href=\"#\" onclick=\"return window.siaBeratung.setFilterBoxFilter(270);\">Guide<\/a><a href=\"#\" onclick=\"return window.siaBeratung.setFilterBoxFilter(173);\">OFROU Office f\u00e9d\u00e9ral des routes<\/a><a href=\"#\" onclick=\"return window.siaBeratung.setFilterBoxFilter(141);\">Infrastructure<\/a><a href=\"#\" onclick=\"return window.siaBeratung.setFilterBoxFilter(147);\">Mobilit\u00e9<\/a><a href=\"#\" onclick=\"return window.siaBeratung.setFilterBoxFilter(149);\">Espace public<\/a><a href=\"#\" onclick=\"return window.siaBeratung.setFilterBoxFilter(311);\">Velokonferenz Schweiz<\/a><a href=\"#\" onclick=\"return window.siaBeratung.setFilterBoxFilter([141,147,149,173,311,270,288,289]);\">Alle Filter ausw\u00e4hlen<\/a><\/div><\/div><label class=\"sia-beratung-db-filterbox-spacer\">&nbsp;<\/label><\/div><\/div><\/div><div class=\"sia-beratung-db-entry-searchtext\">praxishilfe velowegnetzplanung | die praxishilfe unterst\u00fctzt planungsbeh\u00f6rden und -fachleute bei der umsetzung des veloweggesetzes. sie formuliert grunds\u00e4tze zur velowegnetzplanung, definiert begriffe, schl\u00e4gt eine sinnvolle netzhierarchie sowohl f\u00fcr den alltags- als auch den freizeitverkehr vor und gibt empfehlungen f\u00fcr das vorgehen bei der planung. | infrastruktur | mobilit\u00e4t | \u00f6ffentlicher raum | astra bundesamt f\u00fcr strassen | velokonferenz schweiz | arbeitshilfe | de | fr<\/div><\/article><article class=\"sia-beratung-db-entry\" data-id=\"1544\" data-cpt=\"sia-angebote\" data-slug=\"arbeitshilfen-abteilung-raumplanung\" data-lang-slug-de_de=\"\" data-lang-slug-en_gb=\"\" data-lang-slug-fr_fr=\"\" data-lang-slug-it_it=\"\" data-lat=\"53.5507112\" data-lng=\"10.0008202\" data-filter-144=\"1\" data-filter-150=\"1\" data-filter-151=\"1\" data-filter-154=\"1\" data-filter-163=\"1\" data-filter-169=\"1\" data-filter-217=\"1\" data-filter-270=\"1\" data-filter-288=\"1\" data-filter-289=\"1\" data-all-filter=\"144,150,151,154,163,169,217,270,288,289\"><div class=\"sia-beratung-db-entry-header\" onclick=\"return window.siaBeratung.toggleCpt(this);\"><div class=\"col-1\">Guides - Am\u00e9nagement du territoire<\/div><div class=\"col-2\"><span>Berne<\/span><\/div><div class=\"col-3\"><span>Guide<\/span><\/div><div class=\"sia-beratung-db-angle\"><span class=\"sia-beratung-angle\"><\/span><\/div><\/div><div class=\"sia-beratung-db-entry-content\"><div class=\"sia-beratung-db-entry-content-columns\"><div class=\"col-1\"><p>L\u2019Office des affaires communales et de l\u2019organisation du territoire \u00e9dite \u00e0 intervalles irr\u00e9guliers des \u00abguides pour l\u2019am\u00e9nagement local\u00bb (GAL) \u00e0 l\u2019intention des communes et des am\u00e9nagistes. Ces publications, consacr\u00e9es chacune \u00e0 un th\u00e8me actuel de l\u2019am\u00e9nagement du territoire dans le canton de Berne, ont pour but de sugg\u00e9rer des solutions opportunes aux autorit\u00e9s communales, aux ma\u00eetres d\u2019ouvrage et aux sp\u00e9cialistes de l\u2019am\u00e9nagement.<\/p>\n<\/div><div class=\"col-2\"><\/div><\/div><div class=\"sia-beratung-db-entry-footer\"><div class=\"col-1\"><a href=\"https:\/\/www.raumplanung.dij.be.ch\/fr\/start\/arbeitshilfen-und-muster\/arbeitshilfen.html\" class=\"sia-beratung-db-entry-link\" target=\"_blank\" rel=\"noopener\">Link zum Angebot<\/a><\/div><div class=\"col-2\"><div class=\"sia-beratung-db-filterbox\"><label class=\"toggle\" onclick=\"return window.siaBeratung.toggleFilterBox(this);\"><span>Guide<\/span><span>Proc\u00e9dures d\u2019autorisation de construire<\/span><span>Berne<\/span><span>Paysage<\/span><span>Plans d\u2019affectation<\/span><span>Sites construits<\/span><span>Outils de planification<\/span><span>Plans d\u2019affectation sp\u00e9ciaux<\/span><\/label><div class=\"options\"><a href=\"#\" onclick=\"return window.siaBeratung.setFilterBoxFilter(270);\">Guide<\/a><a href=\"#\" onclick=\"return window.siaBeratung.setFilterBoxFilter(154);\">Proc\u00e9dures d\u2019autorisation de construire<\/a><a href=\"#\" onclick=\"return window.siaBeratung.setFilterBoxFilter(217);\">Berne<\/a><a href=\"#\" onclick=\"return window.siaBeratung.setFilterBoxFilter(144);\">Paysage<\/a><a href=\"#\" onclick=\"return window.siaBeratung.setFilterBoxFilter(163);\">Plans d\u2019affectation<\/a><a href=\"#\" onclick=\"return window.siaBeratung.setFilterBoxFilter(150);\">Sites construits<\/a><a href=\"#\" onclick=\"return window.siaBeratung.setFilterBoxFilter(151);\">Outils de planification<\/a><a href=\"#\" onclick=\"return window.siaBeratung.setFilterBoxFilter(169);\">Plans d\u2019affectation sp\u00e9ciaux<\/a><a href=\"#\" onclick=\"return window.siaBeratung.setFilterBoxFilter([144,150,151,154,163,169,217,270,288,289]);\">Alle Filter ausw\u00e4hlen<\/a><\/div><\/div><label class=\"sia-beratung-db-filterbox-spacer\">&nbsp;<\/label><\/div><\/div><\/div><div class=\"sia-beratung-db-entry-searchtext\">arbeitshilfen abteilung raumplanung | l\u2019office des affaires communales et de l\u2019organisation du territoire \u00e9dite \u00e0 intervalles irr\u00e9guliers des \u00abguides pour l\u2019am\u00e9nagement local\u00bb (gal) \u00e0 l\u2019intention des communes et des am\u00e9nagistes. ces publications, consacr\u00e9es chacune \u00e0 un th\u00e8me actuel de l\u2019am\u00e9nagement du territoire dans le canton de berne, ont pour but de sugg\u00e9rer des solutions opportunes aux autorit\u00e9s communales, aux ma\u00eetres d\u2019ouvrage et aux sp\u00e9cialistes de l\u2019am\u00e9nagement. | landschaft | ortsbilder | planungsinstrumente | baubewilligungsverfahren | nutzungsplanung | sondernutzplanung | bern | arbeitshilfe | de | fr<\/div><\/article><article class=\"sia-beratung-db-entry\" data-id=\"2371\" data-cpt=\"sia-angebote\" data-slug=\"guide-velo-massnahmen-zur-velofoerderung\" data-lang-slug-de_de=\"\" data-lang-slug-en_gb=\"\" data-lang-slug-fr_fr=\"\" data-lang-slug-it_it=\"\" data-lat=\"53.5507112\" data-lng=\"10.0008202\" data-filter-139=\"1\" data-filter-141=\"1\" data-filter-147=\"1\" data-filter-148=\"1\" data-filter-149=\"1\" data-filter-151=\"1\" data-filter-161=\"1\" data-filter-300=\"1\" data-filter-283=\"1\" data-filter-288=\"1\" data-filter-289=\"1\" data-all-filter=\"139,141,147,148,149,151,161,300,283,288,289\"><div class=\"sia-beratung-db-entry-header\" onclick=\"return window.siaBeratung.toggleCpt(this);\"><div class=\"col-1\">GUIDE V\u00c9LO Mesures de promotion du v\u00e9lo<\/div><div class=\"col-2\"><span>UNIL Universit\u00e9 de Lausanne<\/span><\/div><div class=\"col-3\"><span>Plateforme<\/span><\/div><div class=\"sia-beratung-db-angle\"><span class=\"sia-beratung-angle\"><\/span><\/div><\/div><div class=\"sia-beratung-db-entry-content\"><div class=\"sia-beratung-db-entry-content-columns\"><div class=\"col-1\"><p>Ce guide pr\u00e9sente les principales dimensions de la promotion du v\u00e9lo. Il d\u00e9crit comment rendre un territoire accueillant pour la pratique du v\u00e9lo (infrastructures et am\u00e9nagements) et comment encourager la pratique du v\u00e9lo au sein des diff\u00e9rents groupes de population (promotion et incitation).<\/p>\n<p>Le guide concerne avant tout le v\u00e9lo comme moyen de transport (v\u00e9lo utilitaire). Il ne propose pas des recettes toutes faites, mais plut\u00f4t une liste d\u2019ingr\u00e9dients \u00e0 contextualiser. Le guide invite \u00e0 se montrer ambitieux afin de rendre le territoire cyclophile et de tirer parti du potentiel du v\u00e9lo !<\/p>\n<\/div><div class=\"col-2\"><\/div><\/div><div class=\"sia-beratung-db-entry-footer\"><div class=\"col-1\"><a href=\"https:\/\/www.guide-velo.ch\/f\" class=\"sia-beratung-db-entry-link\" target=\"_blank\" rel=\"noopener\">Link zum Angebot<\/a><\/div><div class=\"col-2\"><div class=\"sia-beratung-db-filterbox\"><label class=\"toggle\" onclick=\"return window.siaBeratung.toggleFilterBox(this);\"><span>Dialogue<\/span><span>Infrastructure<\/span><span>Projets de construction communaux<\/span><span>Mobilit\u00e9<\/span><span>Durabilit\u00e9<\/span><span>Espace public<\/span><span>Outils de planification<\/span><span>Plateforme<\/span><span>UNIL Universit\u00e9 de Lausanne<\/span><\/label><div class=\"options\"><a href=\"#\" onclick=\"return window.siaBeratung.setFilterBoxFilter(139);\">Dialogue<\/a><a href=\"#\" onclick=\"return window.siaBeratung.setFilterBoxFilter(141);\">Infrastructure<\/a><a href=\"#\" onclick=\"return window.siaBeratung.setFilterBoxFilter(161);\">Projets de construction communaux<\/a><a href=\"#\" onclick=\"return window.siaBeratung.setFilterBoxFilter(147);\">Mobilit\u00e9<\/a><a href=\"#\" onclick=\"return window.siaBeratung.setFilterBoxFilter(148);\">Durabilit\u00e9<\/a><a href=\"#\" onclick=\"return window.siaBeratung.setFilterBoxFilter(149);\">Espace public<\/a><a href=\"#\" onclick=\"return window.siaBeratung.setFilterBoxFilter(151);\">Outils de planification<\/a><a href=\"#\" onclick=\"return window.siaBeratung.setFilterBoxFilter(283);\">Plateforme<\/a><a href=\"#\" onclick=\"return window.siaBeratung.setFilterBoxFilter(300);\">UNIL Universit\u00e9 de Lausanne<\/a><a href=\"#\" onclick=\"return window.siaBeratung.setFilterBoxFilter([139,141,147,148,149,151,161,300,283,288,289]);\">Alle Filter ausw\u00e4hlen<\/a><\/div><\/div><label class=\"sia-beratung-db-filterbox-spacer\">&nbsp;<\/label><\/div><\/div><\/div><div class=\"sia-beratung-db-entry-searchtext\">guide velo massnahmen zur velof\u00f6rderung | ce guide pr\u00e9sente les principales dimensions de la promotion du v\u00e9lo. il d\u00e9crit comment rendre un territoire accueillant pour la pratique du v\u00e9lo (infrastructures et am\u00e9nagements) et comment encourager la pratique du v\u00e9lo au sein des diff\u00e9rents groupes de population (promotion et incitation).le guide concerne avant tout le v\u00e9lo comme moyen de transport (v\u00e9lo utilitaire). il ne propose pas des recettes toutes faites, mais plut\u00f4t une liste d\u2019ingr\u00e9dients \u00e0 contextualiser. le guide invite \u00e0 se montrer ambitieux afin de rendre le territoire cyclophile et de tirer parti du potentiel du v\u00e9lo ! | dialog | infrastruktur | mobilit\u00e4t | nachhaltigkeit | \u00f6ffentlicher raum | planungsinstrumente | kommunale bauprojekte | unil universit\u00e9 de lausanne | plattform | de | fr<\/div><\/article><article class=\"sia-beratung-db-entry\" data-id=\"5620\" data-cpt=\"sia-beispiele\" data-slug=\"hagneck-ein-ganzheitlicher-ansatz-fuer-das-erbe-der-wasserkraft\" data-lang-slug-de_de=\"\" data-lang-slug-en_gb=\"\" data-lang-slug-fr_fr=\"\" data-lang-slug-it_it=\"\" data-lat=\"47.0570253\" data-lng=\"7.1871185\" data-filter-136=\"1\" data-filter-140=\"1\" data-filter-141=\"1\" data-filter-144=\"1\" data-filter-149=\"1\" data-filter-168=\"1\" data-all-filter=\"136,140,141,144,149,168\"><div class=\"sia-beratung-db-entry-header\" onclick=\"return window.siaBeratung.toggleCpt(this);\"><div class=\"col-1\">Hagneck: repenser le patrimoine hydraulique<\/div><div class=\"col-2\">Hagneck, BE<\/div><div class=\"sia-beratung-db-angle\"><span class=\"sia-beratung-angle\"><\/span><\/div><\/div><div class=\"sia-beratung-db-entry-content\"><div class=\"sia-beratung-db-entry-content-columns\"><div class=\"col-1\"><div class=\"sia-beratung-db-entry-slides\"><div class=\"sia-beratung-db-entry-swiper\"><div class=\"swiper-wrapper\"><div class=\"swiper-slide\"><img loading=\"lazy\" decoding=\"async\" src=\"https:\/\/baukulturschweiz.ch\/wp-content\/uploads\/2026\/01\/Capture-decran-2026-01-12-105130.png\" width=\"1024\" height=\"742\" \/><\/div><div class=\"swiper-slide\"><img loading=\"lazy\" decoding=\"async\" src=\"https:\/\/baukulturschweiz.ch\/wp-content\/uploads\/2025\/12\/hagneck_1-e1768227843154-1024x742.jpg\" width=\"1024\" height=\"742\" \/><\/div><div class=\"swiper-slide\"><img loading=\"lazy\" decoding=\"async\" src=\"https:\/\/baukulturschweiz.ch\/wp-content\/uploads\/2026\/02\/plan-1024x517.png\" width=\"1024\" height=\"517\" \/><\/div><div class=\"swiper-slide\"><img loading=\"lazy\" decoding=\"async\" src=\"https:\/\/baukulturschweiz.ch\/wp-content\/uploads\/2026\/01\/Capture-decran-2026-01-12-104214-e1768227912613-1024x742.png\" width=\"1024\" height=\"742\" \/><\/div><div class=\"swiper-slide\"><img loading=\"lazy\" decoding=\"async\" src=\"https:\/\/baukulturschweiz.ch\/wp-content\/uploads\/2025\/12\/hagneck_final-e1768228056670-1024x742.png\" width=\"1024\" height=\"742\" \/><\/div><\/div><\/div><a class=\"swiper-button swiper-button-prev\"><\/a><a class=\"swiper-button swiper-button-next mobile\"><\/a><div class=\"sia-beratung-db-slide-legends\"><small data-index=\"0\">Au fond, l\u2019ancienne centrale hydro\u00e9lectrique r\u00e9nov\u00e9e \u00a9 sl-fp, Jan Ryser<\/small><small data-index=\"1\" style=\"display:none;\">La renaturation du canal permet la restauration de la biodiversit\u00e9 \u00a9 sl-fp, Jan Ryser<\/small><small data-index=\"2\" style=\"display:none;\">Le projet restaure les composantes paysag\u00e8res et \u00e9cologiques du site \u00a9 Raymond Vogel Landschaften AG<\/small><small data-index=\"3\" style=\"display:none;\">Les digues sont \u00e9largies pour pr\u00e9venir les crues \u00a9 sl-fp, Jan Ryser<\/small><small data-index=\"4\" style=\"display:none;\">\u00a9 swisstopo<\/small><small class=\"pageNo\">1\/5<\/small><\/div><\/div><\/div><div class=\"col-2\"><div class=\"sia-beratung-db-slide-texts\"><div class=\"sia-beratung-db-slide-text\" data-index=\"0\"><p>Le canal de Hagneck illustre un paysage fa\u00e7onn\u00e9 par l\u2019homme. Dans un premier temps, les terres alluviales ont \u00e9t\u00e9 ass\u00e9ch\u00e9es, puis la production d&#8217;\u00e9nergie a rapidement suivi. Depuis plusieurs ann\u00e9es, les crues sont de plus en plus fr\u00e9quentes et les infrastructures hydrauliques vieillissantes de Hagneck doivent \u00eatre adapt\u00e9es. L\u2019enjeu n\u2019est plus uniquement de ma\u00eetriser les cours d\u2019eau, mais de les restaurer en tenant compte de toutes leurs fonctions. D\u00e9sormais, ce paysage fortement exploit\u00e9 retrouve une nouvelle valeur en devenant un lieu de d\u00e9tente pour la population comme pour la faune.<\/p>\n<p>&nbsp;<\/p>\n<p><strong>Organisme responsable<\/strong>: Canton de Berne<br data-start=\"39\" data-end=\"42\" \/><strong>R\u00f4le du canton<\/strong>: coordonner, \u00e9couter, communiquer, arbitrer les int\u00e9r\u00eats, mettre en \u0153uvre<br data-start=\"131\" data-end=\"134\" \/><strong>Autres acteurs<\/strong>: BKW, OFEV, Fonds de renaturation du canton de Berne<br data-start=\"202\" data-end=\"205\" \/><strong>Architectes:<\/strong> Pensel Valier (r\u00e9novation de la centrale \u00e9lectrique), Raymond Vogel Landschaften (renaturation de l\u2019embouchure)<br data-start=\"330\" data-end=\"333\" \/><strong>Source:<\/strong> <a href=\"https:\/\/www.sl-fp.ch\/fr\/fondation-suisse-pour-la-protection-et-lramenagement-du-paysage\/paysage-de-lrannee\/2017-canal-de-hagneck-13.html\">Paysage de l\u2019ann\u00e9e 2017<\/a><\/p>\n<\/div><div class=\"sia-beratung-db-slide-text\" data-index=\"1\" style=\"display:none;\"><p>La correction des eaux du Jura, men\u00e9e au 19<sup>\u00e8me<\/sup> si\u00e8cle et rest\u00e9e la plus grande entreprise d\u2019am\u00e9nagement fluvial en Suisse, a appauvri les milieux lacustres. Consciente de la v\u00e9tust\u00e9 des infrastructures, le canton de Berne a engag\u00e9 la r\u00e9novation de la centrale hydro\u00e9lectrique de Hagneck. L\u2019objectif est double\u00a0: renforcer la s\u00e9curit\u00e9 contre les crues et am\u00e9liorer la qualit\u00e9 environnementale et paysag\u00e8re du site.\u00a0 En 2004, un premier projet de r\u00e9novation est refus\u00e9 en raison d\u2019une prise en compte insuffisante des monuments historiques et des milieux naturels. Ce projet envisageait de pr\u00e9server l\u2019ancien barrage, mais les crues successives ont r\u00e9v\u00e9l\u00e9 ses limites en mati\u00e8re de capacit\u00e9 et de stabilit\u00e9. L\u2019ancien barrage est alors retir\u00e9 des monuments historiques, permettant ainsi sa r\u00e9novation.<\/p>\n<\/div><div class=\"sia-beratung-db-slide-text\" data-index=\"2\" style=\"display:none;\"><p>C\u2019est par une approche participative engag\u00e9e que la r\u00e9novation de l\u2019infrastructure hydraulique de Hagneck est rendue possible. Conscient de la complexit\u00e9 d\u2019un tel projet, le canton de Berne r\u00e9unit l\u2019ensemble des acteurs concern\u00e9s afin de concilier les int\u00e9r\u00eats en jeu. D\u00e8s 2006, communes, agriculteurs, organisations de protection de la nature et autres parties prenantes se rencontrent \u00e0 plusieurs reprises. Cette d\u00e9marche a facilit\u00e9 la d\u00e9finition des objectifs et la n\u00e9gociation des terrains n\u00e9cessaires sans grande opposition, permettant au projet de se concr\u00e9tiser rapidement. Port\u00e9e par la BKW, la nouvelle centrale hydro\u00e9lectrique Hagneck 2 est issue d\u2019un concours d\u2019architecture lanc\u00e9 en 2009. Le projet gagnant \u00ab Tiefgang \u00bb, retenu pour la bonne int\u00e9gration paysag\u00e8re de la centrale, permet d\u2019augmenter de 35 % la production \u00e9nerg\u00e9tique tout restaurant les composantes \u00e9cologique et paysag\u00e8re du site.<\/p>\n<\/div><div class=\"sia-beratung-db-slide-text\" data-index=\"3\" style=\"display:none;\"><p>La revalorisation des habitats naturels a contribu\u00e9 \u00e0 restaurer la biodiversit\u00e9 dans la r\u00e9serve naturelle d\u2019importance nationale. Le canal sous-marin a \u00e9t\u00e9 partiellement renatur\u00e9 pour accueillir une for\u00eat inondable, tandis qu\u2019un ruisseau-\u00e9chelle a \u00e9t\u00e9 am\u00e9nag\u00e9 pour faciliter la migration des poissons. Un dispositif de suivi environnemental a \u00e9t\u00e9 mis en place afin d\u2019\u00e9valuer l\u2019efficacit\u00e9 des mesures \u00e9cologiques, garantissant ainsi une gestion adaptative du site. En parall\u00e8le, la protection contre les crues a \u00e9t\u00e9 renforc\u00e9e gr\u00e2ce au rehaussement et \u00e0 l\u2019\u00e9largissement des digues.<\/p>\n<\/div><div class=\"sia-beratung-db-slide-text\" data-index=\"4\" style=\"display:none;\"><p>En r\u00e9habilitant l\u2019ancien b\u00e2timent de la centrale, le projet valorise \u00e9galement le patrimoine industriel. Celui-ci accueille d\u00e9sormais un mus\u00e9e, tandis qu\u2019un restaurant est am\u00e9nag\u00e9 dans l\u2019ancien local technique. Des nouveaux espaces publics sont cr\u00e9\u00e9s, accessibles par la mobilit\u00e9 douce. La r\u00e9alisation r\u00e9ussit \u00e0 adopter une approche compl\u00e8te du lieu et des fonctions qu\u2019il doit remplir\u00a0: s\u00e9curit\u00e9, production d\u2019\u00e9nergie, biodiversit\u00e9, qualit\u00e9 paysag\u00e8re et usages publics. Il s\u2019en voit distingu\u00e9 par le prix \u00ab Paysage de l\u2019ann\u00e9e \u00bb en 2017.<\/p>\n<\/div><\/div><div class=\"sia-beratung-db-filterbox\"><label class=\"toggle\" onclick=\"return window.siaBeratung.toggleFilterBox(this);\"><span>Biodiversit\u00e9<\/span><span>Energie<\/span><span>Infrastructure<\/span><span>Paysage<\/span><span>Espace public<\/span><span>Coop\u00e9ration r\u00e9gionale<\/span><\/label><div class=\"options\"><a href=\"#\" onclick=\"return window.siaBeratung.setFilterBoxFilter(136);\">Biodiversit\u00e9<\/a><a href=\"#\" onclick=\"return window.siaBeratung.setFilterBoxFilter(140);\">Energie<\/a><a href=\"#\" onclick=\"return window.siaBeratung.setFilterBoxFilter(141);\">Infrastructure<\/a><a href=\"#\" onclick=\"return window.siaBeratung.setFilterBoxFilter(144);\">Paysage<\/a><a href=\"#\" onclick=\"return window.siaBeratung.setFilterBoxFilter(149);\">Espace public<\/a><a href=\"#\" onclick=\"return window.siaBeratung.setFilterBoxFilter(168);\">Coop\u00e9ration r\u00e9gionale<\/a><a href=\"#\" onclick=\"return window.siaBeratung.setFilterBoxFilter([136,140,141,144,149,168]);\">Alle Filter ausw\u00e4hlen<\/a><\/div><\/div><label class=\"sia-beratung-db-filterbox-spacer\">&nbsp;<\/label><\/div><a class=\"swiper-button swiper-button-next desktop\"><\/a><\/div><\/div><div class=\"sia-beratung-db-entry-searchtext\">hagneck: ein ganzheitlicher ansatz f\u00fcr das erbe der wasserkraft | le canal de hagneck illustre un paysage fa\u00e7onn\u00e9 par l\u2019homme. dans un premier temps, les terres alluviales ont \u00e9t\u00e9 ass\u00e9ch\u00e9es, puis la production d&#8217;\u00e9nergie a rapidement suivi. depuis plusieurs ann\u00e9es, les crues sont de plus en plus fr\u00e9quentes et les infrastructures hydrauliques vieillissantes de hagneck doivent \u00eatre adapt\u00e9es. l\u2019enjeu n\u2019est plus uniquement de ma\u00eetriser les cours d\u2019eau, mais de les restaurer en tenant compte de toutes leurs fonctions. d\u00e9sormais, ce paysage fortement exploit\u00e9 retrouve une nouvelle valeur en devenant un lieu de d\u00e9tente pour la population comme pour la faune.&nbsp;organisme responsable: canton de berner\u00f4le du canton: coordonner, \u00e9couter, communiquer, arbitrer les int\u00e9r\u00eats, mettre en \u0153uvreautres acteurs: bkw, ofev, fonds de renaturation du canton de bernearchitectes: pensel valier (r\u00e9novation de la centrale \u00e9lectrique), raymond vogel landschaften (renaturation de l\u2019embouchure)source: paysage de l\u2019ann\u00e9e 2017 | au fond, l\u2019ancienne centrale hydro\u00e9lectrique r\u00e9nov\u00e9e \u00a9 sl-fp, jan ryser | la correction des eaux du jura, men\u00e9e au 19\u00e8me si\u00e8cle et rest\u00e9e la plus grande entreprise d\u2019am\u00e9nagement fluvial en suisse, a appauvri les milieux lacustres. consciente de la v\u00e9tust\u00e9 des infrastructures, le canton de berne a engag\u00e9 la r\u00e9novation de la centrale hydro\u00e9lectrique de hagneck. l\u2019objectif est double\u00a0: renforcer la s\u00e9curit\u00e9 contre les crues et am\u00e9liorer la qualit\u00e9 environnementale et paysag\u00e8re du site.\u00a0 en 2004, un premier projet de r\u00e9novation est refus\u00e9 en raison d\u2019une prise en compte insuffisante des monuments historiques et des milieux naturels. ce projet envisageait de pr\u00e9server l\u2019ancien barrage, mais les crues successives ont r\u00e9v\u00e9l\u00e9 ses limites en mati\u00e8re de capacit\u00e9 et de stabilit\u00e9. l\u2019ancien barrage est alors retir\u00e9 des monuments historiques, permettant ainsi sa r\u00e9novation. | la renaturation du canal permet la restauration de la biodiversit\u00e9 \u00a9 sl-fp, jan ryser | c\u2019est par une approche participative engag\u00e9e que la r\u00e9novation de l\u2019infrastructure hydraulique de hagneck est rendue possible. conscient de la complexit\u00e9 d\u2019un tel projet, le canton de berne r\u00e9unit l\u2019ensemble des acteurs concern\u00e9s afin de concilier les int\u00e9r\u00eats en jeu. d\u00e8s 2006, communes, agriculteurs, organisations de protection de la nature et autres parties prenantes se rencontrent \u00e0 plusieurs reprises. cette d\u00e9marche a facilit\u00e9 la d\u00e9finition des objectifs et la n\u00e9gociation des terrains n\u00e9cessaires sans grande opposition, permettant au projet de se concr\u00e9tiser rapidement. port\u00e9e par la bkw, la nouvelle centrale hydro\u00e9lectrique hagneck 2 est issue d\u2019un concours d\u2019architecture lanc\u00e9 en 2009. le projet gagnant \u00ab tiefgang \u00bb, retenu pour la bonne int\u00e9gration paysag\u00e8re de la centrale, permet d\u2019augmenter de 35 % la production \u00e9nerg\u00e9tique tout restaurant les composantes \u00e9cologique et paysag\u00e8re du site. | le projet restaure les composantes paysag\u00e8res et \u00e9cologiques du site \u00a9 raymond vogel landschaften ag | la revalorisation des habitats naturels a contribu\u00e9 \u00e0 restaurer la biodiversit\u00e9 dans la r\u00e9serve naturelle d\u2019importance nationale. le canal sous-marin a \u00e9t\u00e9 partiellement renatur\u00e9 pour accueillir une for\u00eat inondable, tandis qu\u2019un ruisseau-\u00e9chelle a \u00e9t\u00e9 am\u00e9nag\u00e9 pour faciliter la migration des poissons. un dispositif de suivi environnemental a \u00e9t\u00e9 mis en place afin d\u2019\u00e9valuer l\u2019efficacit\u00e9 des mesures \u00e9cologiques, garantissant ainsi une gestion adaptative du site. en parall\u00e8le, la protection contre les crues a \u00e9t\u00e9 renforc\u00e9e gr\u00e2ce au rehaussement et \u00e0 l\u2019\u00e9largissement des digues. | les digues sont \u00e9largies pour pr\u00e9venir les crues \u00a9 sl-fp, jan ryser | en r\u00e9habilitant l\u2019ancien b\u00e2timent de la centrale, le projet valorise \u00e9galement le patrimoine industriel. celui-ci accueille d\u00e9sormais un mus\u00e9e, tandis qu\u2019un restaurant est am\u00e9nag\u00e9 dans l\u2019ancien local technique. des nouveaux espaces publics sont cr\u00e9\u00e9s, accessibles par la mobilit\u00e9 douce. la r\u00e9alisation r\u00e9ussit \u00e0 adopter une approche compl\u00e8te du lieu et des fonctions qu\u2019il doit remplir\u00a0: s\u00e9curit\u00e9, production d\u2019\u00e9nergie, biodiversit\u00e9, qualit\u00e9 paysag\u00e8re et usages publics. il s\u2019en voit distingu\u00e9 par le prix \u00ab paysage de l\u2019ann\u00e9e \u00bb en 2017. | \u00a9 swisstopo | biodiversit\u00e4t | energie | infrastruktur | landschaft | \u00f6ffentlicher raum | regionale zusammenarbeit<\/div><\/article><article class=\"sia-beratung-db-entry\" data-id=\"1472\" data-cpt=\"sia-beispiele\" data-slug=\"obertoggenburg-mehr-als-gute-zuchtstiere-im-stall\" data-lang-slug-de_de=\"\" data-lang-slug-en_gb=\"\" data-lang-slug-fr_fr=\"\" data-lang-slug-it_it=\"\" data-lat=\"47.2144379\" data-lng=\"9.1871452\" data-filter-135=\"1\" data-filter-139=\"1\" data-filter-144=\"1\" data-filter-148=\"1\" data-filter-150=\"1\" data-filter-151=\"1\" data-filter-155=\"1\" data-filter-156=\"1\" data-filter-160=\"1\" data-filter-165=\"1\" data-filter-167=\"1\" data-filter-288=\"1\" data-filter-289=\"1\" data-filter-290=\"1\" data-all-filter=\"135,139,144,148,150,151,155,156,160,165,167,288,289,290\"><div class=\"sia-beratung-db-entry-header\" onclick=\"return window.siaBeratung.toggleCpt(this);\"><div class=\"col-1\">Haut-Toggenbourg&nbsp;: pas que des \u00e9tables pour bons taureaux d\u2019\u00e9levage<\/div><div class=\"col-2\">Nesslau, SG<\/div><div class=\"sia-beratung-db-angle\"><span class=\"sia-beratung-angle\"><\/span><\/div><\/div><div class=\"sia-beratung-db-entry-content\"><div class=\"sia-beratung-db-entry-content-columns\"><div class=\"col-1\"><div class=\"sia-beratung-db-entry-slides\"><div class=\"sia-beratung-db-entry-swiper\"><div class=\"swiper-wrapper\"><div class=\"swiper-slide\"><img loading=\"lazy\" decoding=\"async\" src=\"https:\/\/baukulturschweiz.ch\/wp-content\/uploads\/2023\/06\/2023-04-20-111447-obertoggenburg-1-bernhard-guttinger-1024x768.jpg\" width=\"1024\" height=\"768\" \/><\/div><div class=\"swiper-slide\"><img loading=\"lazy\" decoding=\"async\" src=\"https:\/\/baukulturschweiz.ch\/wp-content\/uploads\/2023\/06\/2023-04-20-111517-obertoggenburg-2-bernhard-guttinger-1024x768.jpg\" width=\"1024\" height=\"768\" \/><\/div><div class=\"swiper-slide\"><img loading=\"lazy\" decoding=\"async\" src=\"https:\/\/baukulturschweiz.ch\/wp-content\/uploads\/2023\/06\/2023-04-20-111610-obertoggenburg-3-bernhard-guttinger-1024x768.jpg\" width=\"1024\" height=\"768\" \/><\/div><div class=\"swiper-slide\"><img loading=\"lazy\" decoding=\"async\" src=\"https:\/\/baukulturschweiz.ch\/wp-content\/uploads\/2023\/06\/2023-04-20-112841-be-nesslau-5-c-swisstopo-1024x768.jpg\" width=\"1024\" height=\"768\" \/><\/div><\/div><\/div><a class=\"swiper-button swiper-button-prev\"><\/a><a class=\"swiper-button swiper-button-next mobile\"><\/a><div class=\"sia-beratung-db-slide-legends\"><small data-index=\"0\">Que signifie s\u2019int\u00e9grer harmonieusement dans le paysage&nbsp;?<br \/>\r\n\u00a9 Bernhard G\u00fcttinger<\/small><small data-index=\"1\" style=\"display:none;\">A quoi reconna\u00eet-on la culture du b\u00e2ti r\u00e9gionale&nbsp;?<br \/>\r\n\u00a9 Bernhard G\u00fcttinger<\/small><small data-index=\"2\" style=\"display:none;\">Comment les nouveaux b\u00e2timents peuvent-ils d\u00e9cliner les m\u00e9thodes de construction traditionnelles&nbsp;?<br \/>\r\n\u00a9 Bernhard G\u00fcttinger<\/small><small data-index=\"3\" style=\"display:none;\">\u00a9 Swisstopo<\/small><small class=\"pageNo\">1\/4<\/small><\/div><\/div><\/div><div class=\"col-2\"><div class=\"sia-beratung-db-slide-texts\"><div class=\"sia-beratung-db-slide-text\" data-index=\"0\"><p>Cultiver et soigner ne s\u2019applique pas seulement aux b\u00eates qui marquent si fortement de leur empreinte le paysage culturel h\u00e9rit\u00e9 de nos anc\u00eatres, mais aussi \u00e0 la culture du b\u00e2ti, qu\u2019il importe d\u2019entretenir et de d\u00e9velopper en tenant d\u00fbment compte de la situation. Cela implique le respect de certaines r\u00e8gles. Le guide montre de fa\u00e7on exemplaire comment il est possible d\u2019aborder les d\u00e9fis de la construction en zone agricole de fa\u00e7on claire, pragmatique et ax\u00e9e sur la recherche de solutions ad\u00e9quates.<\/p>\n<p><strong>R\u00f4le de la commune\u00a0:<\/strong>\u00a0s\u2019inspirer, analyser, d\u00e9cider, agir, mettre en \u0153uvre<br \/>\n<strong>Auteur du guide\u00a0:<\/strong>\u00a0Bernhard G\u00fcttinger, architecte \/ Conseil communal de Nesslau<br \/>\n<strong>Organismes responsables\u00a0:<\/strong>\u00a0Commune<\/p>\n<\/div><div class=\"sia-beratung-db-slide-text\" data-index=\"1\" style=\"display:none;\"><p>Vivre \u00e0 la campagne est attirant et, loin de l\u2019agitation des villes, plus recherch\u00e9 que jamais. Dans le Haut-Toggenbourg, cette tendance ne tient pas qu\u2019\u00e0 un rythme quotidien marqu\u00e9 par la vie campagnarde, mais aussi \u00e0 un paysage naturel et culturel qui n\u2019a pas son pareil. La principale caract\u00e9ristique de ce paysage est l\u2019habitat dispers\u00e9 et ses fermes typiques. Le grand effet produit par ces b\u00e2timents justifie qu\u2019on les traite avec un soin particulier. Hors de la zone \u00e0 b\u00e2tir, beaucoup de choses sont certes r\u00e9gl\u00e9es au niveau f\u00e9d\u00e9ral par la loi et l\u2019ordonnance sur l\u2019am\u00e9nagement du territoire (LAT et OAT), mais cela ne signifie pas pour autant que tout soit clair et bien compr\u00e9hensible\u00a0: nombre de questions restent ouvertes pr\u00e9cis\u00e9ment en ce qui concerne l\u2019am\u00e9nagement architectural et l\u2019int\u00e9gration harmonieuse dans le paysage.<\/p>\n<\/div><div class=\"sia-beratung-db-slide-text\" data-index=\"2\" style=\"display:none;\"><p>Depuis quelques d\u00e9cennies, le paysage culturel subit un changement de plus en plus rapide. Sa particularit\u00e9 historique et culturelle est menac\u00e9e par une architecture toujours plus anonyme. Simultan\u00e9ment se dessine une \u00e9volution g\u00e9n\u00e9rale qui voit dispara\u00eetre progressivement la conscience de la culture propre \u00e0 la r\u00e9gion. Courante depuis longtemps dans les zones d\u2019habitation villageoises, surtout pour les logements, la pratique consistant \u00e0 b\u00e2tir suivant des crit\u00e8res purement individuels se r\u00e9pand de plus en plus dans le paysage culturel paysan \u00e9galement. Une grande partie du Haut-Toggenbourg est inscrite \u00e0 l\u2019Inventaire f\u00e9d\u00e9ral des paysages, sites et monuments naturels d\u2019importance nationale (IFP), lequel pr\u00e9voit le maintien des \u00e9l\u00e9ments et structures qui inscrivent dans le paysage naturel et culturel la marque de leur histoire. La situation initiale est claire\u00a0: si l\u2019on entend conserver au paysage culturel du Haut-Toggenbourg toute sa singularit\u00e9, il faut renforcer la conscience de la culture du b\u00e2ti r\u00e9gionale et \u00e9laborer des instruments appropri\u00e9s.<\/p>\n<\/div><div class=\"sia-beratung-db-slide-text\" data-index=\"3\" style=\"display:none;\"><p>R\u00e9fl\u00e9chir avant d\u2019agir\u00a0: un guide novateur aide \u00e0 trouver de bonnes solutions pour concevoir des b\u00e2timents et des installations dans les zones agricoles. Il ne s\u2019agit pas l\u00e0 d\u2019une nostalgie d\u00e9plac\u00e9e, ni d\u2019emp\u00eacher les agrandissements et r\u00e9novations de b\u00e2timents d\u2019habitation et d\u2019exploitation qui s\u2019imposent, mais plut\u00f4t de viser des solutions fonctionnelles, adapt\u00e9es au paysage, qui reprennent et prolongent \u00e0 leur mani\u00e8re le caract\u00e8re authentique des m\u00e9thodes de construction traditionnelles. Cette brochure s\u2019adresse tant aux propri\u00e9taires fonciers qu\u2019aux architectes et aux planificateurs. D\u00e9crivant la culture du b\u00e2ti propre au Toggenbourg et formulant des recommandations pour l\u2019\u00e9laboration de projets de construction hors des zones \u00e0 b\u00e2tir, elle sert de guide aux communes d\u2019Ebnat-Kappel, de Nesslau et de Wildhaus-Alt Sankt Johann. Pour chaque cas particulier, la pes\u00e9e des int\u00e9r\u00eats et la prise en compte des prescriptions l\u00e9gales restent r\u00e9serv\u00e9es. C\u2019est pourquoi ces communes recommandent d\u2019\u00e9tudier le plus t\u00f4t possible les conditions-cadre avant de d\u00e9poser une demande de permis de construire. Une collaboration pr\u00e9coce est payante pour tous.<\/p>\n<\/div><\/div><div class=\"sia-beratung-db-filterbox\"><label class=\"toggle\" onclick=\"return window.siaBeratung.toggleFilterBox(this);\"><span>Construction hors zone \u00e0 b\u00e2tir<\/span><span>Construire dans le b\u00e2ti existant<\/span><span>Conseil par les communes<\/span><span>Dialogue<\/span><span>Inventaires<\/span><span>Paysage<\/span><span>Durabilit\u00e9<\/span><span>Sites construits<\/span><span>Outils de planification<\/span><span>Soutien de projets<\/span><span>Strat\u00e9gies de d\u00e9veloppement territorial<\/span><\/label><div class=\"options\"><a href=\"#\" onclick=\"return window.siaBeratung.setFilterBoxFilter(155);\">Construction hors zone \u00e0 b\u00e2tir<\/a><a href=\"#\" onclick=\"return window.siaBeratung.setFilterBoxFilter(135);\">Construire dans le b\u00e2ti existant<\/a><a href=\"#\" onclick=\"return window.siaBeratung.setFilterBoxFilter(156);\">Conseil par les communes<\/a><a href=\"#\" onclick=\"return window.siaBeratung.setFilterBoxFilter(139);\">Dialogue<\/a><a href=\"#\" onclick=\"return window.siaBeratung.setFilterBoxFilter(160);\">Inventaires<\/a><a href=\"#\" onclick=\"return window.siaBeratung.setFilterBoxFilter(144);\">Paysage<\/a><a href=\"#\" onclick=\"return window.siaBeratung.setFilterBoxFilter(148);\">Durabilit\u00e9<\/a><a href=\"#\" onclick=\"return window.siaBeratung.setFilterBoxFilter(150);\">Sites construits<\/a><a href=\"#\" onclick=\"return window.siaBeratung.setFilterBoxFilter(151);\">Outils de planification<\/a><a href=\"#\" onclick=\"return window.siaBeratung.setFilterBoxFilter(165);\">Soutien de projets<\/a><a href=\"#\" onclick=\"return window.siaBeratung.setFilterBoxFilter(167);\">Strat\u00e9gies de d\u00e9veloppement territorial<\/a><a href=\"#\" onclick=\"return window.siaBeratung.setFilterBoxFilter([135,139,144,148,150,151,155,156,160,165,167,288,289,290]);\">Alle Filter ausw\u00e4hlen<\/a><\/div><\/div><label class=\"sia-beratung-db-filterbox-spacer\">&nbsp;<\/label><\/div><a class=\"swiper-button swiper-button-next desktop\"><\/a><\/div><\/div><div class=\"sia-beratung-db-entry-searchtext\">obertoggenburg: mehr als gute zuchtstiere im stall | cultiver et soigner ne s\u2019applique pas seulement aux b\u00eates qui marquent si fortement de leur empreinte le paysage culturel h\u00e9rit\u00e9 de nos anc\u00eatres, mais aussi \u00e0 la culture du b\u00e2ti, qu\u2019il importe d\u2019entretenir et de d\u00e9velopper en tenant d\u00fbment compte de la situation. cela implique le respect de certaines r\u00e8gles. le guide montre de fa\u00e7on exemplaire comment il est possible d\u2019aborder les d\u00e9fis de la construction en zone agricole de fa\u00e7on claire, pragmatique et ax\u00e9e sur la recherche de solutions ad\u00e9quates.r\u00f4le de la commune\u00a0:\u00a0s\u2019inspirer, analyser, d\u00e9cider, agir, mettre en \u0153uvreauteur du guide\u00a0:\u00a0bernhard g\u00fcttinger, architecte \/ conseil communal de nesslauorganismes responsables\u00a0:\u00a0commune | que signifie s\u2019int\u00e9grer harmonieusement dans le paysage&nbsp;?\r\u00a9 bernhard g\u00fcttinger | vivre \u00e0 la campagne est attirant et, loin de l\u2019agitation des villes, plus recherch\u00e9 que jamais. dans le haut-toggenbourg, cette tendance ne tient pas qu\u2019\u00e0 un rythme quotidien marqu\u00e9 par la vie campagnarde, mais aussi \u00e0 un paysage naturel et culturel qui n\u2019a pas son pareil. la principale caract\u00e9ristique de ce paysage est l\u2019habitat dispers\u00e9 et ses fermes typiques. le grand effet produit par ces b\u00e2timents justifie qu\u2019on les traite avec un soin particulier. hors de la zone \u00e0 b\u00e2tir, beaucoup de choses sont certes r\u00e9gl\u00e9es au niveau f\u00e9d\u00e9ral par la loi et l\u2019ordonnance sur l\u2019am\u00e9nagement du territoire (lat et oat), mais cela ne signifie pas pour autant que tout soit clair et bien compr\u00e9hensible\u00a0: nombre de questions restent ouvertes pr\u00e9cis\u00e9ment en ce qui concerne l\u2019am\u00e9nagement architectural et l\u2019int\u00e9gration harmonieuse dans le paysage. | a quoi reconna\u00eet-on la culture du b\u00e2ti r\u00e9gionale&nbsp;?\r\u00a9 bernhard g\u00fcttinger | depuis quelques d\u00e9cennies, le paysage culturel subit un changement de plus en plus rapide. sa particularit\u00e9 historique et culturelle est menac\u00e9e par une architecture toujours plus anonyme. simultan\u00e9ment se dessine une \u00e9volution g\u00e9n\u00e9rale qui voit dispara\u00eetre progressivement la conscience de la culture propre \u00e0 la r\u00e9gion. courante depuis longtemps dans les zones d\u2019habitation villageoises, surtout pour les logements, la pratique consistant \u00e0 b\u00e2tir suivant des crit\u00e8res purement individuels se r\u00e9pand de plus en plus dans le paysage culturel paysan \u00e9galement. une grande partie du haut-toggenbourg est inscrite \u00e0 l\u2019inventaire f\u00e9d\u00e9ral des paysages, sites et monuments naturels d\u2019importance nationale (ifp), lequel pr\u00e9voit le maintien des \u00e9l\u00e9ments et structures qui inscrivent dans le paysage naturel et culturel la marque de leur histoire. la situation initiale est claire\u00a0: si l\u2019on entend conserver au paysage culturel du haut-toggenbourg toute sa singularit\u00e9, il faut renforcer la conscience de la culture du b\u00e2ti r\u00e9gionale et \u00e9laborer des instruments appropri\u00e9s. | comment les nouveaux b\u00e2timents peuvent-ils d\u00e9cliner les m\u00e9thodes de construction traditionnelles&nbsp;?\r\u00a9 bernhard g\u00fcttinger | r\u00e9fl\u00e9chir avant d\u2019agir\u00a0: un guide novateur aide \u00e0 trouver de bonnes solutions pour concevoir des b\u00e2timents et des installations dans les zones agricoles. il ne s\u2019agit pas l\u00e0 d\u2019une nostalgie d\u00e9plac\u00e9e, ni d\u2019emp\u00eacher les agrandissements et r\u00e9novations de b\u00e2timents d\u2019habitation et d\u2019exploitation qui s\u2019imposent, mais plut\u00f4t de viser des solutions fonctionnelles, adapt\u00e9es au paysage, qui reprennent et prolongent \u00e0 leur mani\u00e8re le caract\u00e8re authentique des m\u00e9thodes de construction traditionnelles. cette brochure s\u2019adresse tant aux propri\u00e9taires fonciers qu\u2019aux architectes et aux planificateurs. d\u00e9crivant la culture du b\u00e2ti propre au toggenbourg et formulant des recommandations pour l\u2019\u00e9laboration de projets de construction hors des zones \u00e0 b\u00e2tir, elle sert de guide aux communes d\u2019ebnat-kappel, de nesslau et de wildhaus-alt sankt johann. pour chaque cas particulier, la pes\u00e9e des int\u00e9r\u00eats et la prise en compte des prescriptions l\u00e9gales restent r\u00e9serv\u00e9es. c\u2019est pourquoi ces communes recommandent d\u2019\u00e9tudier le plus t\u00f4t possible les conditions-cadre avant de d\u00e9poser une demande de permis de construire. une collaboration pr\u00e9coce est payante pour tous. | \u00a9 swisstopo | bauen im bestand | dialog | landschaft | nachhaltigkeit | ortsbilder | planungsinstrumente | bauen ausserhalb der bauzone | beratung durch gemeinden | inventare | projektunterst\u00fctzung | r\u00e4umliche entwicklungsleitbilder | de | fr | it<\/div><\/article><article class=\"sia-beratung-db-entry\" data-id=\"2886\" data-cpt=\"sia-angebote\" data-slug=\"hitzeangepasste-siedlungsentwicklung-leitfaden-fuer-gemeinden\" data-lang-slug-de_de=\"\" data-lang-slug-en_gb=\"\" data-lang-slug-fr_fr=\"\" data-lang-slug-it_it=\"\" data-lat=\"53.5507112\" data-lng=\"10.0008202\" data-filter-136=\"1\" data-filter-142=\"1\" data-filter-143=\"1\" data-filter-144=\"1\" data-filter-148=\"1\" data-filter-149=\"1\" data-filter-151=\"1\" data-filter-212=\"1\" data-filter-270=\"1\" data-filter-288=\"1\" data-all-filter=\"136,142,143,144,148,149,151,212,270,288\"><div class=\"sia-beratung-db-entry-header\" onclick=\"return window.siaBeratung.toggleCpt(this);\"><div class=\"col-1\">Hitzeangepasste Siedlungsentwicklung Leitfaden f\u00fcr Gemeinden<\/div><div class=\"col-2\"><span>Argovie<\/span><\/div><div class=\"col-3\"><span>Guide<\/span><\/div><div class=\"sia-beratung-db-angle\"><span class=\"sia-beratung-angle\"><\/span><\/div><\/div><div class=\"sia-beratung-db-entry-content\"><div class=\"sia-beratung-db-entry-content-columns\"><div class=\"col-1\"><p>Um in den Aargauer Gemeinden auch langfristig eine hohe Lebensqualit\u00e4t sicherzustellen, gilt es, in der Siedlungsentwicklung auf steigende Temperaturen und extremer werdende Wetterlagen zu reagieren und ihren Folgen entgegenzuwirken. In fast jeder Gemeinde gibt es daf\u00fcr Anlass und unterschiedliche Ansatzpunkte auf verschiedenen Handlungsebenen. Der vorliegende Leitfaden soll Gemeinden, Planende und Bauherrschaften darin unterst\u00fctzen, bei Planungs- und Bauprojekten in jeder Projektphase geeignete Massnahmen gegen Hitze zu ber\u00fccksichtigen und so eine hitzeangepasste Siedlungsentwicklung sicherzustellen.<\/p>\n<\/div><div class=\"col-2\"><\/div><\/div><div class=\"sia-beratung-db-entry-footer\"><div class=\"col-1\"><a href=\"https:\/\/www.ag.ch\/media\/kanton-aargau\/bvu\/klima\/siedlung\/leitfaden-hitzeangepasste-siedlungsentwicklung-aargau-rz.pdf\" class=\"sia-beratung-db-entry-link\" target=\"_blank\" rel=\"noopener\">Link zum Angebot<\/a><\/div><div class=\"col-2\"><div class=\"sia-beratung-db-filterbox\"><label class=\"toggle\" onclick=\"return window.siaBeratung.toggleFilterBox(this);\"><span>Argovie<\/span><span>Guide<\/span><span>Biodiversit\u00e9<\/span><span>D\u00e9veloppement \u00e0 l\u2019int\u00e9rieur du milieu b\u00e2ti<\/span><span>Climat<\/span><span>Paysage<\/span><span>Durabilit\u00e9<\/span><span>Espace public<\/span><span>Outils de planification<\/span><\/label><div class=\"options\"><a href=\"#\" onclick=\"return window.siaBeratung.setFilterBoxFilter(212);\">Argovie<\/a><a href=\"#\" onclick=\"return window.siaBeratung.setFilterBoxFilter(270);\">Guide<\/a><a href=\"#\" onclick=\"return window.siaBeratung.setFilterBoxFilter(136);\">Biodiversit\u00e9<\/a><a href=\"#\" onclick=\"return window.siaBeratung.setFilterBoxFilter(142);\">D\u00e9veloppement \u00e0 l\u2019int\u00e9rieur du milieu b\u00e2ti<\/a><a href=\"#\" onclick=\"return window.siaBeratung.setFilterBoxFilter(143);\">Climat<\/a><a href=\"#\" onclick=\"return window.siaBeratung.setFilterBoxFilter(144);\">Paysage<\/a><a href=\"#\" onclick=\"return window.siaBeratung.setFilterBoxFilter(148);\">Durabilit\u00e9<\/a><a href=\"#\" onclick=\"return window.siaBeratung.setFilterBoxFilter(149);\">Espace public<\/a><a href=\"#\" onclick=\"return window.siaBeratung.setFilterBoxFilter(151);\">Outils de planification<\/a><a href=\"#\" onclick=\"return window.siaBeratung.setFilterBoxFilter([136,142,143,144,148,149,151,212,270,288]);\">Alle Filter ausw\u00e4hlen<\/a><\/div><\/div><label class=\"sia-beratung-db-filterbox-spacer\">&nbsp;<\/label><\/div><\/div><\/div><div class=\"sia-beratung-db-entry-searchtext\">hitzeangepasste siedlungsentwicklung leitfaden f\u00fcr gemeinden | um in den aargauer gemeinden auch langfristig eine hohe lebensqualit\u00e4t sicherzustellen, gilt es, in der siedlungsentwicklung auf steigende temperaturen und extremer werdende wetterlagen zu reagieren und ihren folgen entgegenzuwirken. in fast jeder gemeinde gibt es daf\u00fcr anlass und unterschiedliche ansatzpunkte auf verschiedenen handlungsebenen. der vorliegende leitfaden soll gemeinden, planende und bauherrschaften darin unterst\u00fctzen, bei planungs- und bauprojekten in jeder projektphase geeignete massnahmen gegen hitze zu ber\u00fccksichtigen und so eine hitzeangepasste siedlungsentwicklung sicherzustellen. | biodiversit\u00e4t | innenentwicklung | klima | landschaft | nachhaltigkeit | \u00f6ffentlicher raum | planungsinstrumente | aargau | arbeitshilfe | de<\/div><\/article><article class=\"sia-beratung-db-entry\" data-id=\"1580\" data-cpt=\"sia-angebote\" data-slug=\"hochwertige-siedlungsentwicklung-nach-innen\" data-lat=\"53.5507112\" data-lng=\"10.0006485\" data-filter-139=\"1\" data-filter-142=\"1\" data-filter-146=\"1\" data-filter-149=\"1\" data-filter-151=\"1\" data-filter-152=\"1\" data-filter-163=\"1\" data-filter-167=\"1\" data-filter-212=\"1\" data-filter-270=\"1\" data-filter-280=\"1\" data-filter-283=\"1\" data-filter-286=\"1\" data-filter-288=\"1\" data-all-filter=\"139,142,146,149,151,152,163,167,212,270,280,283,286,288\"><div class=\"sia-beratung-db-entry-header\" onclick=\"return window.siaBeratung.toggleCpt(this);\"><div class=\"col-1\">Hochwertige Siedlungsentwicklung nach innen<\/div><div class=\"col-2\"><span>Argovie<\/span><\/div><div class=\"col-3\"><span>Guide<\/span><span>Films didactiques<\/span><span>Plateforme<\/span><span>Bo\u00eete \u00e0 outils<\/span><\/div><div class=\"sia-beratung-db-angle\"><span class=\"sia-beratung-angle\"><\/span><\/div><\/div><div class=\"sia-beratung-db-entry-content\"><div class=\"sia-beratung-db-entry-content-columns\"><div class=\"col-1\"><p>Kantonale Plattform zum Thema Innentwicklung, mit einem Planungswegweiser, einem Werkzeugkasten und Videos zu Innenentwicklungsstrategien.<\/p>\n<\/div><div class=\"col-2\"><\/div><\/div><div class=\"sia-beratung-db-entry-footer\"><div class=\"col-1\"><a href=\"https:\/\/www.ag.ch\/de\/verwaltung\/bvu\/raumentwicklung\/innenentwicklung\" class=\"sia-beratung-db-entry-link\" target=\"_blank\" rel=\"noopener\">Link zum Angebot<\/a><\/div><div class=\"col-2\"><div class=\"sia-beratung-db-filterbox\"><label class=\"toggle\" onclick=\"return window.siaBeratung.toggleFilterBox(this);\"><span>Argovie<\/span><span>Guide<\/span><span>Dialogue<\/span><span>D\u00e9veloppement \u00e0 l\u2019int\u00e9rieur du milieu b\u00e2ti<\/span><span>Films didactiques<\/span><span>Participation<\/span><span>Plans d\u2019affectation<\/span><span>Espace public<\/span><span>Outils de planification<\/span><span>Plateforme<\/span><span>Processus<\/span><span>Strat\u00e9gies de d\u00e9veloppement territorial<\/span><span>Bo\u00eete \u00e0 outils<\/span><\/label><div class=\"options\"><a href=\"#\" onclick=\"return window.siaBeratung.setFilterBoxFilter(212);\">Argovie<\/a><a href=\"#\" onclick=\"return window.siaBeratung.setFilterBoxFilter(270);\">Guide<\/a><a href=\"#\" onclick=\"return window.siaBeratung.setFilterBoxFilter(139);\">Dialogue<\/a><a href=\"#\" onclick=\"return window.siaBeratung.setFilterBoxFilter(142);\">D\u00e9veloppement \u00e0 l\u2019int\u00e9rieur du milieu b\u00e2ti<\/a><a href=\"#\" onclick=\"return window.siaBeratung.setFilterBoxFilter(280);\">Films didactiques<\/a><a href=\"#\" onclick=\"return window.siaBeratung.setFilterBoxFilter(146);\">Participation<\/a><a href=\"#\" onclick=\"return window.siaBeratung.setFilterBoxFilter(163);\">Plans d\u2019affectation<\/a><a href=\"#\" onclick=\"return window.siaBeratung.setFilterBoxFilter(149);\">Espace public<\/a><a href=\"#\" onclick=\"return window.siaBeratung.setFilterBoxFilter(151);\">Outils de planification<\/a><a href=\"#\" onclick=\"return window.siaBeratung.setFilterBoxFilter(283);\">Plateforme<\/a><a href=\"#\" onclick=\"return window.siaBeratung.setFilterBoxFilter(152);\">Processus<\/a><a href=\"#\" onclick=\"return window.siaBeratung.setFilterBoxFilter(167);\">Strat\u00e9gies de d\u00e9veloppement territorial<\/a><a href=\"#\" onclick=\"return window.siaBeratung.setFilterBoxFilter(286);\">Bo\u00eete \u00e0 outils<\/a><a href=\"#\" onclick=\"return window.siaBeratung.setFilterBoxFilter([139,142,146,149,151,152,163,167,212,270,280,283,286,288]);\">Alle Filter ausw\u00e4hlen<\/a><\/div><\/div><label class=\"sia-beratung-db-filterbox-spacer\">&nbsp;<\/label><\/div><\/div><\/div><div class=\"sia-beratung-db-entry-searchtext\">hochwertige siedlungsentwicklung nach innen | kantonale plattform zum thema innentwicklung, mit einem planungswegweiser, einem werkzeugkasten und videos zu innenentwicklungsstrategien. | dialog | innenentwicklung | mitwirkung | \u00f6ffentlicher raum | planungsinstrumente | prozesse | nutzungsplanung | r\u00e4umliche entwicklungsleitbilder | aargau | arbeitshilfe | lehrfilme | plattform | werkzeugkasten | de<\/div><\/article><article class=\"sia-beratung-db-entry\" data-id=\"3035\" data-cpt=\"sia-beispiele\" data-slug=\"hunzenschwil-suffizientes-weiterbauen\" data-lang-slug-de_de=\"\" data-lang-slug-en_gb=\"\" data-lang-slug-fr_fr=\"\" data-lang-slug-it_it=\"\" data-lat=\"47.3854715\" data-lng=\"8.1242877\" data-filter-135=\"1\" data-filter-140=\"1\" data-filter-145=\"1\" data-filter-148=\"1\" data-filter-161=\"1\" data-filter-189=\"1\" data-filter-267=\"1\" data-filter-268=\"1\" data-filter-288=\"1\" data-filter-289=\"1\" data-filter-290=\"1\" data-all-filter=\"135,140,145,148,161,189,267,268,288,289,290\"><div class=\"sia-beratung-db-entry-header\" onclick=\"return window.siaBeratung.toggleCpt(this);\"><div class=\"col-1\">Hunzenschwil : sobri\u00e9t\u00e9 dans la transformation<\/div><div class=\"col-2\">Hunzenschwil, AG<\/div><div class=\"sia-beratung-db-angle\"><span class=\"sia-beratung-angle\"><\/span><\/div><\/div><div class=\"sia-beratung-db-entry-content\"><div class=\"sia-beratung-db-entry-content-columns\"><div class=\"col-1\"><div class=\"sia-beratung-db-entry-slides\"><div class=\"sia-beratung-db-entry-swiper\"><div class=\"swiper-wrapper\"><div class=\"swiper-slide\"><img loading=\"lazy\" decoding=\"async\" src=\"https:\/\/baukulturschweiz.ch\/wp-content\/uploads\/2024\/05\/01_Hunzenschwil_01_exte_cklimatsas-1024x768.jpg\" width=\"1024\" height=\"768\" \/><\/div><div class=\"swiper-slide\"><img loading=\"lazy\" decoding=\"async\" src=\"https:\/\/baukulturschweiz.ch\/wp-content\/uploads\/2024\/01\/01_Hunzenschwil_cSwisstopo-1024x768.jpg\" width=\"1024\" height=\"768\" \/><\/div><div class=\"swiper-slide\"><img loading=\"lazy\" decoding=\"async\" src=\"https:\/\/baukulturschweiz.ch\/wp-content\/uploads\/2024\/05\/01_Hunzenschwil_03_interieur_cklimatsas-1024x768.jpg\" width=\"1024\" height=\"768\" \/><\/div><div class=\"swiper-slide\"><img loading=\"lazy\" decoding=\"async\" src=\"https:\/\/baukulturschweiz.ch\/wp-content\/uploads\/2024\/05\/01_Hunzenschwil_04_AXO_SchmidSchaerer-1024x768.jpg\" width=\"1024\" height=\"768\" \/><\/div><\/div><\/div><a class=\"swiper-button swiper-button-prev\"><\/a><a class=\"swiper-button swiper-button-next mobile\"><\/a><div class=\"sia-beratung-db-slide-legends\"><small data-index=\"0\">Sur la fa\u00e7ade, un tampon rappelle l\u2019ancienne affectation du b\u00e2timent.<br \/>\r\n\u00a9 Jason Klimatsas<\/small><small data-index=\"1\" style=\"display:none;\">\u00a9 swisstopo<\/small><small data-index=\"2\" style=\"display:none;\">Le d\u00e9fi des architectes \u00e9tait de pr\u00e9server un maximum des \u00e9l\u00e9ments existants, par exemple l\u2019ancien guichet postal et les casiers.<br \/>\r\n\u00a9 Jason Klimatsas<\/small><small data-index=\"3\" style=\"display:none;\">Axonom\u00e9trie de la nouvelle \u00e9cole enfantine. <br \/>\r\n\u00a9 Schmid Sch\u00e4rer Architekten<\/small><small class=\"pageNo\">1\/4<\/small><\/div><\/div><\/div><div class=\"col-2\"><div class=\"sia-beratung-db-slide-texts\"><div class=\"sia-beratung-db-slide-text\" data-index=\"0\"><p>Transformer un b\u00e2timent existant est une solution souvent plus durable que de proc\u00e9der \u00e0 sa d\u00e9molition pour r\u00e9aliser une construction neuve. Les transformations permettent ainsi, selon l\u2019objet, de r\u00e9duire les d\u00e9chets de construction, de pr\u00e9server les ressources existantes et de contribuer \u00e0 la conservation du patrimoine b\u00e2ti.<\/p>\n<p>Entre 3&#8217;000 et 4&#8217;000 permis de d\u00e9molition sont d\u00e9livr\u00e9s en Suisse chaque ann\u00e9e. Diminuer le gaspillage en \u00e9nergie et en mati\u00e8res premi\u00e8res est d\u2019autant plus important en Suisse, pays au niveau de vie \u00e9lev\u00e9, eu \u00e9gards du grand nombre de constructions pouvant \u00eatre transform\u00e9es et d\u2018\u00e9l\u00e9ments susceptibles d\u2019\u00eatre r\u00e9employ\u00e9s. Le projet \u00e0 Hunzenschwil d\u00e9montre comment cela peut \u00eatre fait simplement et de mani\u00e8re peu co\u00fbteuse, tout en cr\u00e9ant un nouvel espace de qualit\u00e9 pour les enfants.<\/p>\n<p><strong>R\u00f4le de la commune&nbsp;:<\/strong> initier, peser les int\u00e9r\u00eats, sauvegarder, coordonner, planifier, d\u00e9cider, mettre en \u0153uvre<br \/>\n<strong>Organismes responsables\u00a0:<\/strong> Commune de Hunzenschwil<br \/>\n<strong>Auteurs du projet : <\/strong>Weber Weber Architekten GmbH, Z\u00fcrich, mit Schmid Sch\u00e4rer Architekten, Z\u00fcrich<br \/>\n<strong>Architecture paysag\u00e8re&nbsp;:<\/strong> Rosenmayr Landschaftsarchitektur, Z\u00fcrich<br \/>\n<strong>Source&nbsp;:<\/strong> <a class=\"external\" title=\"Hochparterre, Bronzener Hase in Architektur (r\u00e9serv\u00e9 aux abonn\u00e9s)\" href=\"https:\/\/www.hochparterre.ch\/diebesten\/verzicht-als-reichtum\" target=\"_blank\" rel=\"noopener\">Hochparterre, Hase in Architektur, Mention (r\u00e9serv\u00e9 aux abonn\u00e9s)<\/a> <a href=\"https:\/\/baukulturschweiz.ch\/wp-content\/uploads\/2024\/01\/BE-Hunzenschwil-Hochparterre-Verzicht-als-Reichtum.pdf\">Article PDF<\/a><\/p>\n<\/div><div class=\"sia-beratung-db-slide-text\" data-index=\"1\" style=\"display:none;\"><p>Comme dans de nombreuses autres communes \u00e0 travers le pays, la Poste a ferm\u00e9 sa filiale \u00e0 Hunzenschwil. Au lieu de d\u00e9molir le b\u00e2timent datant de 1978, la municipalit\u00e9 a d\u00e9cid\u00e9 d&#8217;y am\u00e9nager une cinqui\u00e8me \u00e9cole enfantine pour faire face \u00e0 une demande toujours croissante.<\/p>\n<p>Le bureau de poste \u00e9tait id\u00e9alement situ\u00e9 en bordure du complexe scolaire de Hunzenschwil, et donc \u00e0 proximit\u00e9 directe des \u00e9coles enfantines existantes. La structure de base du b\u00e2timent \u00e9tait en excellent \u00e9tat, facilitant ainsi une r\u00e9novation peu gourmande en ressources et pr\u00e9servant au maximum la substance existante.<\/p>\n<\/div><div class=\"sia-beratung-db-slide-text\" data-index=\"2\" style=\"display:none;\"><p>Le nouveau programme scolaire est harmonieusement int\u00e9gr\u00e9 sous le toit existant, pr\u00e9servant l&#8217;apparence ext\u00e9rieure du b\u00e2timent. Les architectes ont d\u00fb repenser les acc\u00e8s au b\u00e2timent pour le connecter aux deux autres \u00e9coles maternelles.<\/p>\n<p>\u00c0 l&#8217;int\u00e9rieur, la structure spatiale pr\u00e9serv\u00e9e a \u00e9t\u00e9 compl\u00e9t\u00e9e par des cloisons obliques en bois. Les installations techniques, les surfaces et le mobilier ont \u00e9t\u00e9 pr\u00e9serv\u00e9s autant que possible. Certains objets caract\u00e9ristiques tels que le guichet en pierre, les casiers postaux en m\u00e9tal, le banc en b\u00e9ton et la fente pour les lettres ont \u00e9t\u00e9 r\u00e9utilis\u00e9s de mani\u00e8re cr\u00e9ative comme \u00e9l\u00e9ments de jeu pour les enfants<\/p>\n<p>Le projet d\u00e9montre ainsi comment une contrainte, la volont\u00e9 de r\u00e9utiliser un maximum d\u2019\u00e9l\u00e9ments existants, peut \u00eatre vue comme un atout, une richesse qui renforce l\u2019aspect ludique du projet.<\/p>\n<\/div><div class=\"sia-beratung-db-slide-text\" data-index=\"3\" style=\"display:none;\"><p>La r\u00e9novation \u00e9nerg\u00e9tique du b\u00e2timent a fait l\u2019objet d\u2019une r\u00e9flexion fine. Seules les fen\u00eatres ont \u00e9t\u00e9 remplac\u00e9es et l&#8217;isolation du plancher a \u00e9t\u00e9 renforc\u00e9e lors de l&#8217;installation d\u2019un syst\u00e8me de chauffage au sol.  Pour ce dernier, la commune a fait le choix de privil\u00e9gier des sources d\u2019\u00e9nergie renouvelable. Le b\u00e2timent est reli\u00e9 au r\u00e9seau de chauffage \u00e0 distance, aliment\u00e9 par des pellets de bois issus de la for\u00eat communale. Cette d\u00e9cision t\u00e9moigne d&#8217;un engagement en faveur de pratiques \u00e9co-responsables. Elle d\u00e9montre une approche holistique de la r\u00e9novation \u00e9nerg\u00e9tique, alliant efficacit\u00e9 \u00e9nerg\u00e9tique, utilisation de ressources renouvelables et consid\u00e9rations environnementales.<\/p>\n<\/div><\/div><div class=\"sia-beratung-db-filterbox\"><label class=\"toggle\" onclick=\"return window.siaBeratung.toggleFilterBox(this);\"><span>Construire dans le b\u00e2ti existant<\/span><span>Energie<\/span><span>Commune<\/span><span>Hochparterre<\/span><span>Projets de construction communaux<\/span><span>Politique immobili\u00e8re<\/span><span>Durabilit\u00e9<\/span><span>Divers<\/span><\/label><div class=\"options\"><a href=\"#\" onclick=\"return window.siaBeratung.setFilterBoxFilter(135);\">Construire dans le b\u00e2ti existant<\/a><a href=\"#\" onclick=\"return window.siaBeratung.setFilterBoxFilter(140);\">Energie<\/a><a href=\"#\" onclick=\"return window.siaBeratung.setFilterBoxFilter(189);\">Commune<\/a><a href=\"#\" onclick=\"return window.siaBeratung.setFilterBoxFilter(268);\">Hochparterre<\/a><a href=\"#\" onclick=\"return window.siaBeratung.setFilterBoxFilter(161);\">Projets de construction communaux<\/a><a href=\"#\" onclick=\"return window.siaBeratung.setFilterBoxFilter(145);\">Politique immobili\u00e8re<\/a><a href=\"#\" onclick=\"return window.siaBeratung.setFilterBoxFilter(148);\">Durabilit\u00e9<\/a><a href=\"#\" onclick=\"return window.siaBeratung.setFilterBoxFilter(267);\">Divers<\/a><a href=\"#\" onclick=\"return window.siaBeratung.setFilterBoxFilter([135,140,145,148,161,189,267,268,288,289,290]);\">Alle Filter ausw\u00e4hlen<\/a><\/div><\/div><label class=\"sia-beratung-db-filterbox-spacer\">&nbsp;<\/label><\/div><a class=\"swiper-button swiper-button-next desktop\"><\/a><\/div><\/div><div class=\"sia-beratung-db-entry-searchtext\">hunzenschwil: suffizientes weiterbauen | transformer un b\u00e2timent existant est une solution souvent plus durable que de proc\u00e9der \u00e0 sa d\u00e9molition pour r\u00e9aliser une construction neuve. les transformations permettent ainsi, selon l\u2019objet, de r\u00e9duire les d\u00e9chets de construction, de pr\u00e9server les ressources existantes et de contribuer \u00e0 la conservation du patrimoine b\u00e2ti.entre 3&#8217;000 et 4&#8217;000 permis de d\u00e9molition sont d\u00e9livr\u00e9s en suisse chaque ann\u00e9e. diminuer le gaspillage en \u00e9nergie et en mati\u00e8res premi\u00e8res est d\u2019autant plus important en suisse, pays au niveau de vie \u00e9lev\u00e9, eu \u00e9gards du grand nombre de constructions pouvant \u00eatre transform\u00e9es et d\u2018\u00e9l\u00e9ments susceptibles d\u2019\u00eatre r\u00e9employ\u00e9s. le projet \u00e0 hunzenschwil d\u00e9montre comment cela peut \u00eatre fait simplement et de mani\u00e8re peu co\u00fbteuse, tout en cr\u00e9ant un nouvel espace de qualit\u00e9 pour les enfants.r\u00f4le de la commune&nbsp;: initier, peser les int\u00e9r\u00eats, sauvegarder, coordonner, planifier, d\u00e9cider, mettre en \u0153uvreorganismes responsables\u00a0: commune de hunzenschwilauteurs du projet : weber weber architekten gmbh, z\u00fcrich, mit schmid sch\u00e4rer architekten, z\u00fcricharchitecture paysag\u00e8re&nbsp;: rosenmayr landschaftsarchitektur, z\u00fcrichsource&nbsp;: hochparterre, hase in architektur, mention (r\u00e9serv\u00e9 aux abonn\u00e9s) article pdf | sur la fa\u00e7ade, un tampon rappelle l\u2019ancienne affectation du b\u00e2timent.\r\u00a9 jason klimatsas | comme dans de nombreuses autres communes \u00e0 travers le pays, la poste a ferm\u00e9 sa filiale \u00e0 hunzenschwil. au lieu de d\u00e9molir le b\u00e2timent datant de 1978, la municipalit\u00e9 a d\u00e9cid\u00e9 d&#8217;y am\u00e9nager une cinqui\u00e8me \u00e9cole enfantine pour faire face \u00e0 une demande toujours croissante.le bureau de poste \u00e9tait id\u00e9alement situ\u00e9 en bordure du complexe scolaire de hunzenschwil, et donc \u00e0 proximit\u00e9 directe des \u00e9coles enfantines existantes. la structure de base du b\u00e2timent \u00e9tait en excellent \u00e9tat, facilitant ainsi une r\u00e9novation peu gourmande en ressources et pr\u00e9servant au maximum la substance existante. | \u00a9 swisstopo | le nouveau programme scolaire est harmonieusement int\u00e9gr\u00e9 sous le toit existant, pr\u00e9servant l&#8217;apparence ext\u00e9rieure du b\u00e2timent. les architectes ont d\u00fb repenser les acc\u00e8s au b\u00e2timent pour le connecter aux deux autres \u00e9coles maternelles.\u00e0 l&#8217;int\u00e9rieur, la structure spatiale pr\u00e9serv\u00e9e a \u00e9t\u00e9 compl\u00e9t\u00e9e par des cloisons obliques en bois. les installations techniques, les surfaces et le mobilier ont \u00e9t\u00e9 pr\u00e9serv\u00e9s autant que possible. certains objets caract\u00e9ristiques tels que le guichet en pierre, les casiers postaux en m\u00e9tal, le banc en b\u00e9ton et la fente pour les lettres ont \u00e9t\u00e9 r\u00e9utilis\u00e9s de mani\u00e8re cr\u00e9ative comme \u00e9l\u00e9ments de jeu pour les enfantsle projet d\u00e9montre ainsi comment une contrainte, la volont\u00e9 de r\u00e9utiliser un maximum d\u2019\u00e9l\u00e9ments existants, peut \u00eatre vue comme un atout, une richesse qui renforce l\u2019aspect ludique du projet. | le d\u00e9fi des architectes \u00e9tait de pr\u00e9server un maximum des \u00e9l\u00e9ments existants, par exemple l\u2019ancien guichet postal et les casiers.\r\u00a9 jason klimatsas | la r\u00e9novation \u00e9nerg\u00e9tique du b\u00e2timent a fait l\u2019objet d\u2019une r\u00e9flexion fine. seules les fen\u00eatres ont \u00e9t\u00e9 remplac\u00e9es et l&#8217;isolation du plancher a \u00e9t\u00e9 renforc\u00e9e lors de l&#8217;installation d\u2019un syst\u00e8me de chauffage au sol.  pour ce dernier, la commune a fait le choix de privil\u00e9gier des sources d\u2019\u00e9nergie renouvelable. le b\u00e2timent est reli\u00e9 au r\u00e9seau de chauffage \u00e0 distance, aliment\u00e9 par des pellets de bois issus de la for\u00eat communale. cette d\u00e9cision t\u00e9moigne d&#8217;un engagement en faveur de pratiques \u00e9co-responsables. elle d\u00e9montre une approche holistique de la r\u00e9novation \u00e9nerg\u00e9tique, alliant efficacit\u00e9 \u00e9nerg\u00e9tique, utilisation de ressources renouvelables et consid\u00e9rations environnementales. | axonom\u00e9trie de la nouvelle \u00e9cole enfantine. \r\u00a9 schmid sch\u00e4rer architekten | bauen im bestand | energie | liegenschaftspolitik | nachhaltigkeit | kommunale bauprojekte | gemeinde | verschiedene | hochparterre | de | fr | it<\/div><\/article><article class=\"sia-beratung-db-entry\" data-id=\"1441\" data-cpt=\"sia-beispiele\" data-slug=\"ilanz-glion-leitbild-als-vorbild\" data-lang-slug-de_de=\"\" data-lang-slug-en_gb=\"\" data-lang-slug-fr_fr=\"\" data-lang-slug-it_it=\"\" data-lat=\"46.7756118\" data-lng=\"9.2051697\" data-filter-139=\"1\" data-filter-142=\"1\" data-filter-146=\"1\" data-filter-149=\"1\" data-filter-150=\"1\" data-filter-151=\"1\" data-filter-152=\"1\" data-filter-156=\"1\" data-filter-158=\"1\" data-filter-163=\"1\" data-filter-167=\"1\" data-filter-168=\"1\" data-filter-250=\"1\" data-filter-288=\"1\" data-filter-289=\"1\" data-filter-290=\"1\" data-all-filter=\"139,142,146,149,150,151,152,156,158,163,167,168,250,288,289,290\"><div class=\"sia-beratung-db-entry-header\" onclick=\"return window.siaBeratung.toggleCpt(this);\"><div class=\"col-1\">Ilanz\/Glion&nbsp;: une conception directrice sert de mod\u00e8le<\/div><div class=\"col-2\">Ilanz\/Glion, GR<\/div><div class=\"sia-beratung-db-angle\"><span class=\"sia-beratung-angle\"><\/span><\/div><\/div><div class=\"sia-beratung-db-entry-content\"><div class=\"sia-beratung-db-entry-content-columns\"><div class=\"col-1\"><div class=\"sia-beratung-db-entry-slides\"><div class=\"sia-beratung-db-entry-swiper\"><div class=\"swiper-wrapper\"><div class=\"swiper-slide\"><img loading=\"lazy\" decoding=\"async\" src=\"https:\/\/baukulturschweiz.ch\/wp-content\/uploads\/2023\/06\/2023-04-19-155425-ilanz-glion-1-keine-angaben-1024x768.jpg\" width=\"1024\" height=\"768\" \/><\/div><div class=\"swiper-slide\"><img loading=\"lazy\" decoding=\"async\" src=\"https:\/\/baukulturschweiz.ch\/wp-content\/uploads\/2023\/06\/2023-04-19-155617-ilanz-glion-2-keine-angaben-1024x782.jpg\" width=\"1024\" height=\"782\" \/><\/div><div class=\"swiper-slide\"><img loading=\"lazy\" decoding=\"async\" src=\"https:\/\/baukulturschweiz.ch\/wp-content\/uploads\/2023\/06\/2023-04-19-155701-ilanz-glion-3-keine-angaben-1024x768.jpg\" width=\"1024\" height=\"768\" \/><\/div><div class=\"swiper-slide\"><img loading=\"lazy\" decoding=\"async\" src=\"https:\/\/baukulturschweiz.ch\/wp-content\/uploads\/2023\/06\/2023-04-19-155905-ilanz-glion-4b-keine-angaben-1024x728.jpg\" width=\"1024\" height=\"728\" \/><\/div><div class=\"swiper-slide\"><img loading=\"lazy\" decoding=\"async\" src=\"https:\/\/baukulturschweiz.ch\/wp-content\/uploads\/2023\/06\/2023-04-19-155928-be-ilanz-glion-5-c-swisstopo-1024x768.jpeg\" width=\"1024\" height=\"768\" \/><\/div><\/div><\/div><a class=\"swiper-button swiper-button-prev\"><\/a><a class=\"swiper-button swiper-button-next mobile\"><\/a><div class=\"sia-beratung-db-slide-legends\"><small data-index=\"0\">Plan d\u2019action<br \/>\r\nKommunales r\u00e4umliches Leitbild der Gemeinde Ilanz\/Glion \u00a9 Gemeinde Ilanz\/Glion<\/small><small data-index=\"1\" style=\"display:none;\">Projet directeur, plan de situation<br \/>\r\nKommunales r\u00e4umliches Leitbild der Gemeinde Ilanz\/Glion \u00a9 Gemeinde Ilanz\/Glion<\/small><small data-index=\"2\" style=\"display:none;\">Projet directeur<br \/>\r\nKommunales r\u00e4umliches Leitbild der Gemeinde Ilanz\/Glion \u00a9 Gemeinde Ilanz\/Glion<\/small><small data-index=\"3\" style=\"display:none;\">Projet directeur, visualisation<br \/>\r\nKommunales r\u00e4umliches Leitbild der Gemeinde Ilanz\/Glion \u00a9 Gemeinde Ilanz\/Glion<\/small><small data-index=\"4\" style=\"display:none;\">\u00a9 Swisstopo<\/small><small class=\"pageNo\">1\/5<\/small><\/div><\/div><\/div><div class=\"col-2\"><div class=\"sia-beratung-db-slide-texts\"><div class=\"sia-beratung-db-slide-text\" data-index=\"0\"><p>La culture du b\u00e2ti de qualit\u00e9 ne s\u2019arr\u00eate pas \u00e0 la fronti\u00e8re d\u2019un lieu. Sa fusion achev\u00e9e, la commune d\u2019Ilanz\/Glion fait un premier pas en \u00e9tablissant une vue d\u2019ensemble du potentiel disponible, favorisant un am\u00e9nagement qualitatif du territoire.<\/p>\n<p><strong>R\u00f4le de la commune\u00a0:<\/strong>\u00a0lancer des processus, jouer les interm\u00e9diaires, analyser, diriger<br \/>\n<strong>Organismes responsables\u00a0:<\/strong>\u00a0commune d\u2019Ilanz\/Glion<br \/>\n<strong>Architecture\u00a0:<\/strong> Christoph Sauter &amp; Rainer Weitschies, Coire<\/p>\n<\/div><div class=\"sia-beratung-db-slide-text\" data-index=\"1\" style=\"display:none;\"><p class=\"translation-block\">C\u2019est en se confrontant \u00e0 la r\u00e9alit\u00e9 concr\u00e8te que la perception s\u2019aiguise, que les th\u00e9matiques passent des g\u00e9n\u00e9ralit\u00e9s \u00e0 un niveau plus r\u00e9aliste et que l\u2019on peut discuter de mesures et de consignes d\u2019action de mani\u00e8re contraignante.<br \/>\nLa commune d\u2019Ilanz\/Glion, n\u00e9e d\u2019une fusion en 2014, voit dans sa conception directrice territoriale une occasion d\u2019inviter la population \u00e0 r\u00e9fl\u00e9chir \u00e0 son habitat. En se fondant sur une analyse du tissu b\u00e2ti local, des propositions concr\u00e8tes et un plan d\u2019action ont \u00e9t\u00e9 soumis pour chacune des 13 subdivisions de la commune.<\/p>\n<\/div><div class=\"sia-beratung-db-slide-text\" data-index=\"2\" style=\"display:none;\"><p>Une vaste d\u00e9marche participative incluant une exposition et des ateliers a permis de d\u00e9battre de mani\u00e8re critique des r\u00e9sultats interm\u00e9diaires obtenus. Le processus participatif ouvre la voie \u00e0 une r\u00e9vision de la r\u00e9glementation de base, dont la direction g\u00e9n\u00e9rale est impos\u00e9e par l\u2019int\u00e9r\u00eat public de disposer d\u2019un espace dans lequel il fait bon vivre. Comme en bien d\u2019autres lieux, la fusion des communes implique de r\u00e9unir les planifications locales et d\u2019harmoniser la r\u00e9glementation de base.<\/p>\n<\/div><div class=\"sia-beratung-db-slide-text\" data-index=\"3\" style=\"display:none;\"><p>Red\u00e9couvert, le chemin de longue randonn\u00e9e Via Glion constitue le fil rouge conceptuel qui met en valeur les particularit\u00e9s des diverses subdivisions. Plusieurs de ces derni\u00e8res sont inscrites \u00e0 l\u2019Inventaire f\u00e9d\u00e9ral des sites construits d\u2019importance nationale \u00e0 prot\u00e9ger en Suisse (ISOS). La conception directrice territoriale met en \u00e9vidence une mani\u00e8re envisageable d\u2019aborder les qualit\u00e9s locales du b\u00e2ti de ces villages uniques en leur genre. Simultan\u00e9ment, elle rassemble l\u2019ensemble de la r\u00e9gion gr\u00e2ce \u00e0 la remise en valeur du chemin de randonn\u00e9e Via Glion.<\/p>\n<\/div><div class=\"sia-beratung-db-slide-text\" data-index=\"4\" style=\"display:none;\"><p>La conception directrice territoriale d\u2019llanz\/Glion est consid\u00e9r\u00e9e comme exemplaire parce qu\u2019elle r\u00e9unit les diff\u00e9rentes \u00e9chelles \u2013 de la grande vue a\u00e9rienne strat\u00e9gique \u00e0 l\u2019attraction touristique en passant par l\u2019appr\u00e9hension du tissu b\u00e2ti local \u2013 et cr\u00e9e ainsi de riches narrations visuelles. \u00c0 l\u2019aide de projets directeurs exemplaires pour les potentiels du b\u00e2ti local, sous la forme de plans, d\u2019images et de textes, elle permet \u00e0 la population de saisir les \u00e9volutions d\u00e9sirables en mati\u00e8re d\u2019am\u00e9nagement du territoire. La conception ainsi mise au point offre de bonnes conditions pour un d\u00e9veloppement villageois r\u00e9ussi.<\/p>\n<\/div><\/div><div class=\"sia-beratung-db-filterbox\"><label class=\"toggle\" onclick=\"return window.siaBeratung.toggleFilterBox(this);\"><span>Conseil par les communes<\/span><span>Dialogue<\/span><span>Fusion de communes<\/span><span>Gute Bauten Graub\u00fcnden<\/span><span>D\u00e9veloppement \u00e0 l\u2019int\u00e9rieur du milieu b\u00e2ti<\/span><span>Participation<\/span><span>Plans d\u2019affectation<\/span><span>Espace public<\/span><span>Sites construits<\/span><span>Outils de planification<\/span><span>Processus<\/span><span>Strat\u00e9gies de d\u00e9veloppement territorial<\/span><span>Coop\u00e9ration r\u00e9gionale<\/span><\/label><div class=\"options\"><a href=\"#\" onclick=\"return window.siaBeratung.setFilterBoxFilter(156);\">Conseil par les communes<\/a><a href=\"#\" onclick=\"return window.siaBeratung.setFilterBoxFilter(139);\">Dialogue<\/a><a href=\"#\" onclick=\"return window.siaBeratung.setFilterBoxFilter(158);\">Fusion de communes<\/a><a href=\"#\" onclick=\"return window.siaBeratung.setFilterBoxFilter(250);\">Gute Bauten Graub\u00fcnden<\/a><a href=\"#\" onclick=\"return window.siaBeratung.setFilterBoxFilter(142);\">D\u00e9veloppement \u00e0 l\u2019int\u00e9rieur du milieu b\u00e2ti<\/a><a href=\"#\" onclick=\"return window.siaBeratung.setFilterBoxFilter(146);\">Participation<\/a><a href=\"#\" onclick=\"return window.siaBeratung.setFilterBoxFilter(163);\">Plans d\u2019affectation<\/a><a href=\"#\" onclick=\"return window.siaBeratung.setFilterBoxFilter(149);\">Espace public<\/a><a href=\"#\" onclick=\"return window.siaBeratung.setFilterBoxFilter(150);\">Sites construits<\/a><a href=\"#\" onclick=\"return window.siaBeratung.setFilterBoxFilter(151);\">Outils de planification<\/a><a href=\"#\" onclick=\"return window.siaBeratung.setFilterBoxFilter(152);\">Processus<\/a><a href=\"#\" onclick=\"return window.siaBeratung.setFilterBoxFilter(167);\">Strat\u00e9gies de d\u00e9veloppement territorial<\/a><a href=\"#\" onclick=\"return window.siaBeratung.setFilterBoxFilter(168);\">Coop\u00e9ration r\u00e9gionale<\/a><a href=\"#\" onclick=\"return window.siaBeratung.setFilterBoxFilter([139,142,146,149,150,151,152,156,158,163,167,168,250,288,289,290]);\">Alle Filter ausw\u00e4hlen<\/a><\/div><\/div><label class=\"sia-beratung-db-filterbox-spacer\">&nbsp;<\/label><\/div><a class=\"swiper-button swiper-button-next desktop\"><\/a><\/div><\/div><div class=\"sia-beratung-db-entry-searchtext\">ilanz\/glion: leitbild als vorbild | la culture du b\u00e2ti de qualit\u00e9 ne s\u2019arr\u00eate pas \u00e0 la fronti\u00e8re d\u2019un lieu. sa fusion achev\u00e9e, la commune d\u2019ilanz\/glion fait un premier pas en \u00e9tablissant une vue d\u2019ensemble du potentiel disponible, favorisant un am\u00e9nagement qualitatif du territoire.r\u00f4le de la commune\u00a0:\u00a0lancer des processus, jouer les interm\u00e9diaires, analyser, dirigerorganismes responsables\u00a0:\u00a0commune d\u2019ilanz\/glionarchitecture\u00a0: christoph sauter &amp; rainer weitschies, coire | plan d\u2019action\rkommunales r\u00e4umliches leitbild der gemeinde ilanz\/glion \u00a9 gemeinde ilanz\/glion | c\u2019est en se confrontant \u00e0 la r\u00e9alit\u00e9 concr\u00e8te que la perception s\u2019aiguise, que les th\u00e9matiques passent des g\u00e9n\u00e9ralit\u00e9s \u00e0 un niveau plus r\u00e9aliste et que l\u2019on peut discuter de mesures et de consignes d\u2019action de mani\u00e8re contraignante.la commune d\u2019ilanz\/glion, n\u00e9e d\u2019une fusion en 2014, voit dans sa conception directrice territoriale une occasion d\u2019inviter la population \u00e0 r\u00e9fl\u00e9chir \u00e0 son habitat. en se fondant sur une analyse du tissu b\u00e2ti local, des propositions concr\u00e8tes et un plan d\u2019action ont \u00e9t\u00e9 soumis pour chacune des 13 subdivisions de la commune. | projet directeur, plan de situation\rkommunales r\u00e4umliches leitbild der gemeinde ilanz\/glion \u00a9 gemeinde ilanz\/glion | une vaste d\u00e9marche participative incluant une exposition et des ateliers a permis de d\u00e9battre de mani\u00e8re critique des r\u00e9sultats interm\u00e9diaires obtenus. le processus participatif ouvre la voie \u00e0 une r\u00e9vision de la r\u00e9glementation de base, dont la direction g\u00e9n\u00e9rale est impos\u00e9e par l\u2019int\u00e9r\u00eat public de disposer d\u2019un espace dans lequel il fait bon vivre. comme en bien d\u2019autres lieux, la fusion des communes implique de r\u00e9unir les planifications locales et d\u2019harmoniser la r\u00e9glementation de base. | projet directeur\rkommunales r\u00e4umliches leitbild der gemeinde ilanz\/glion \u00a9 gemeinde ilanz\/glion | red\u00e9couvert, le chemin de longue randonn\u00e9e via glion constitue le fil rouge conceptuel qui met en valeur les particularit\u00e9s des diverses subdivisions. plusieurs de ces derni\u00e8res sont inscrites \u00e0 l\u2019inventaire f\u00e9d\u00e9ral des sites construits d\u2019importance nationale \u00e0 prot\u00e9ger en suisse (isos). la conception directrice territoriale met en \u00e9vidence une mani\u00e8re envisageable d\u2019aborder les qualit\u00e9s locales du b\u00e2ti de ces villages uniques en leur genre. simultan\u00e9ment, elle rassemble l\u2019ensemble de la r\u00e9gion gr\u00e2ce \u00e0 la remise en valeur du chemin de randonn\u00e9e via glion. | projet directeur, visualisation\rkommunales r\u00e4umliches leitbild der gemeinde ilanz\/glion \u00a9 gemeinde ilanz\/glion | la conception directrice territoriale d\u2019llanz\/glion est consid\u00e9r\u00e9e comme exemplaire parce qu\u2019elle r\u00e9unit les diff\u00e9rentes \u00e9chelles \u2013 de la grande vue a\u00e9rienne strat\u00e9gique \u00e0 l\u2019attraction touristique en passant par l\u2019appr\u00e9hension du tissu b\u00e2ti local \u2013 et cr\u00e9e ainsi de riches narrations visuelles. \u00e0 l\u2019aide de projets directeurs exemplaires pour les potentiels du b\u00e2ti local, sous la forme de plans, d\u2019images et de textes, elle permet \u00e0 la population de saisir les \u00e9volutions d\u00e9sirables en mati\u00e8re d\u2019am\u00e9nagement du territoire. la conception ainsi mise au point offre de bonnes conditions pour un d\u00e9veloppement villageois r\u00e9ussi. | \u00a9 swisstopo | dialog | innenentwicklung | mitwirkung | \u00f6ffentlicher raum | ortsbilder | planungsinstrumente | prozesse | beratung durch gemeinden | gemeindefusionen | nutzungsplanung | r\u00e4umliche entwicklungsleitbilder | regionale zusammenarbeit | gute bauten graub\u00fcnden | de | fr | it<\/div><\/article><article class=\"sia-beratung-db-entry\" data-id=\"1581\" data-cpt=\"sia-angebote\" data-slug=\"in-comune\" data-lang-slug-de_de=\"\" data-lang-slug-en_gb=\"\" data-lang-slug-fr_fr=\"\" data-lang-slug-it_it=\"\" data-lat=\"53.5507112\" data-lng=\"10.0006485\" data-filter-139=\"1\" data-filter-146=\"1\" data-filter-184=\"1\" data-filter-258=\"1\" data-filter-283=\"1\" data-filter-288=\"1\" data-filter-289=\"1\" data-filter-290=\"1\" data-all-filter=\"139,146,184,258,283,288,289,290\"><div class=\"sia-beratung-db-entry-header\" onclick=\"return window.siaBeratung.toggleCpt(this);\"><div class=\"col-1\">in comune<\/div><div class=\"col-2\"><span>CFM Commission f\u00e9d\u00e9rale des migrations<\/span><span>ACS Association des Communes Suisses<\/span><\/div><div class=\"col-3\"><span>Plateforme<\/span><\/div><div class=\"sia-beratung-db-angle\"><span class=\"sia-beratung-angle\"><\/span><\/div><\/div><div class=\"sia-beratung-db-entry-content\"><div class=\"sia-beratung-db-entry-content-columns\"><div class=\"col-1\"><p>La promotion de la participation active des citoyennes et des citoyens \u00e0 la vie communale est notre but. Laissez-vous inspirer par la base de donn\u00e9es de PROJETS PARTICIPATIFS, visitez notre BLOG o\u00f9 des experts et professionnels partagent leur savoir et leurs exp\u00e9riences dans le domaine de la participation et approfondissez vos connaissances dans les rubriques PARTICIPATION et M\u00c9THODES qui pr\u00e9sentent des instructions pratiques et d&#8217;autres informations compl\u00e9mentaires.<\/p>\n<\/div><div class=\"col-2\"><\/div><\/div><div class=\"sia-beratung-db-entry-footer\"><div class=\"col-1\"><a href=\"https:\/\/www.in-comune.ch\/in-comune-fr\/\" class=\"sia-beratung-db-entry-link\" target=\"_blank\" rel=\"noopener\">Link zum Angebot<\/a><\/div><div class=\"col-2\"><div class=\"sia-beratung-db-filterbox\"><label class=\"toggle\" onclick=\"return window.siaBeratung.toggleFilterBox(this);\"><span>Dialogue<\/span><span>CFM Commission f\u00e9d\u00e9rale des migrations<\/span><span>Participation<\/span><span>Plateforme<\/span><span>ACS Association des Communes Suisses<\/span><\/label><div class=\"options\"><a href=\"#\" onclick=\"return window.siaBeratung.setFilterBoxFilter(139);\">Dialogue<\/a><a href=\"#\" onclick=\"return window.siaBeratung.setFilterBoxFilter(184);\">CFM Commission f\u00e9d\u00e9rale des migrations<\/a><a href=\"#\" onclick=\"return window.siaBeratung.setFilterBoxFilter(146);\">Participation<\/a><a href=\"#\" onclick=\"return window.siaBeratung.setFilterBoxFilter(283);\">Plateforme<\/a><a href=\"#\" onclick=\"return window.siaBeratung.setFilterBoxFilter(258);\">ACS Association des Communes Suisses<\/a><a href=\"#\" onclick=\"return window.siaBeratung.setFilterBoxFilter([139,146,184,258,283,288,289,290]);\">Alle Filter ausw\u00e4hlen<\/a><\/div><\/div><label class=\"sia-beratung-db-filterbox-spacer\">&nbsp;<\/label><\/div><\/div><\/div><div class=\"sia-beratung-db-entry-searchtext\">in comune | la promotion de la participation active des citoyennes et des citoyens \u00e0 la vie communale est notre but. laissez-vous inspirer par la base de donn\u00e9es de projets participatifs, visitez notre blog o\u00f9 des experts et professionnels partagent leur savoir et leurs exp\u00e9riences dans le domaine de la participation et approfondissez vos connaissances dans les rubriques participation et m\u00e9thodes qui pr\u00e9sentent des instructions pratiques et d&#8217;autres informations compl\u00e9mentaires. | dialog | mitwirkung | ekm eidgen\u00f6ssische migrationskommission | sgv schweizerischer gemeindeverband | plattform | de | fr | it<\/div><\/article><article class=\"sia-beratung-db-entry\" data-id=\"1683\" data-cpt=\"sia-ausbildung\" data-slug=\"kommunale-infrastruktur\" data-lang-slug-de_de=\"\" data-lang-slug-en_gb=\"\" data-lang-slug-fr_fr=\"\" data-lang-slug-it_it=\"\" data-lat=\"47.4822590965224\" data-lng=\"8.21133588573917\" data-filter-140=\"1\" data-filter-141=\"1\" data-filter-147=\"1\" data-filter-151=\"1\" data-filter-157=\"1\" data-filter-161=\"1\" data-filter-199=\"1\" data-filter-272=\"1\" data-filter-288=\"1\" data-all-filter=\"140,141,147,151,157,161,199,272,288\"><div class=\"sia-beratung-db-entry-header\" onclick=\"return window.siaBeratung.toggleCpt(this);\"><div class=\"col-1\">Infrastrukturmanagement<\/div><div class=\"col-2\"><span>FHNW Fachhochschule Nordwestschweiz<\/span><\/div><div class=\"col-3\"><span>CAS<\/span><\/div><div class=\"sia-beratung-db-angle\"><span class=\"sia-beratung-angle\"><\/span><\/div><\/div><div class=\"sia-beratung-db-entry-content\"><div class=\"sia-beratung-db-entry-content-columns\"><div class=\"col-1\"><p>Sind Sie f\u00fcr Infrastruktur oder Geoinformation in einer Gemeinde, einem Zweckverband oder Ingenieurb\u00fcro verantwortlich?\u00a0Dann erweitern Sie Ihre Fachkompetenz im Infrastrukturmanagement und lernen Sie, komplexe Inhalte verst\u00e4ndlich und adressatengerecht zu vermitteln.<\/p>\n<\/div><div class=\"col-2\"><\/div><\/div><div class=\"sia-beratung-db-entry-footer\"><div class=\"col-1\"><a href=\"https:\/\/www.fhnw.ch\/de\/wirtschaft\/weiterbildung\/angebot\/weiterbildungen\/cas-infrastrukturmanagement\" class=\"sia-beratung-db-entry-link\" target=\"_blank\" rel=\"noopener\">Link zum Angebot<\/a><\/div><div class=\"col-2\"><div class=\"sia-beratung-db-filterbox\"><label class=\"toggle\" onclick=\"return window.siaBeratung.toggleFilterBox(this);\"><span>CAS<\/span><span>Energie<\/span><span>FHNW Fachhochschule Nordwestschweiz<\/span><span>Formation continue pour le personnel politique et administratif<\/span><span>Infrastructure<\/span><span>Projets de construction communaux<\/span><span>Mobilit\u00e9<\/span><span>Outils de planification<\/span><\/label><div class=\"options\"><a href=\"#\" onclick=\"return window.siaBeratung.setFilterBoxFilter(272);\">CAS<\/a><a href=\"#\" onclick=\"return window.siaBeratung.setFilterBoxFilter(140);\">Energie<\/a><a href=\"#\" onclick=\"return window.siaBeratung.setFilterBoxFilter(199);\">FHNW Fachhochschule Nordwestschweiz<\/a><a href=\"#\" onclick=\"return window.siaBeratung.setFilterBoxFilter(157);\">Formation continue pour le personnel politique et administratif<\/a><a href=\"#\" onclick=\"return window.siaBeratung.setFilterBoxFilter(141);\">Infrastructure<\/a><a href=\"#\" onclick=\"return window.siaBeratung.setFilterBoxFilter(161);\">Projets de construction communaux<\/a><a href=\"#\" onclick=\"return window.siaBeratung.setFilterBoxFilter(147);\">Mobilit\u00e9<\/a><a href=\"#\" onclick=\"return window.siaBeratung.setFilterBoxFilter(151);\">Outils de planification<\/a><a href=\"#\" onclick=\"return window.siaBeratung.setFilterBoxFilter([140,141,147,151,157,161,199,272,288]);\">Alle Filter ausw\u00e4hlen<\/a><\/div><\/div><label class=\"sia-beratung-db-filterbox-spacer\">&nbsp;<\/label><\/div><\/div><\/div><div class=\"sia-beratung-db-entry-searchtext\">infrastrukturmanagement | sind sie f\u00fcr infrastruktur oder geoinformation in einer gemeinde, einem zweckverband oder ingenieurb\u00fcro verantwortlich?\u00a0dann erweitern sie ihre fachkompetenz im infrastrukturmanagement und lernen sie, komplexe inhalte verst\u00e4ndlich und adressatengerecht zu vermitteln. | energie | infrastruktur | mobilit\u00e4t | planungsinstrumente | fortbildung f\u00fcr politik und verwaltung | kommunale bauprojekte | fhnw fachhochschule nordwestschweiz | cas | de<\/div><\/article><article class=\"sia-beratung-db-entry\" data-id=\"3281\" data-cpt=\"sia-angebote\" data-slug=\"inklusions-check-fuer-gemeinden\" data-lang-slug-de_de=\"\" data-lang-slug-en_gb=\"\" data-lang-slug-fr_fr=\"\" data-lang-slug-it_it=\"\" data-lat=\"53.5507112\" data-lng=\"10.0008202\" data-filter-147=\"1\" data-filter-149=\"1\" data-filter-310=\"1\" data-filter-275=\"1\" data-filter-288=\"1\" data-all-filter=\"147,149,310,275,288\"><div class=\"sia-beratung-db-entry-header\" onclick=\"return window.siaBeratung.toggleCpt(this);\"><div class=\"col-1\">Inklusions-Check f\u00fcr Gemeinden<\/div><div class=\"col-2\"><span>Sensability<\/span><\/div><div class=\"col-3\"><span>Conseil direct<\/span><\/div><div class=\"sia-beratung-db-angle\"><span class=\"sia-beratung-angle\"><\/span><\/div><\/div><div class=\"sia-beratung-db-entry-content\"><div class=\"sia-beratung-db-entry-content-columns\"><div class=\"col-1\"><p>Die Gemeinde ist das Umfeld, wo Menschen leben und sich bewegen. Alle Bewohnerinnen und Bewohner sollen dies ohne Hindernisse tun k\u00f6nnen. Der Inklusions-Check f\u00fcr Gemeinden nimmt eine Standortbestimmung vor und gibt Handlungsempfehlungen. Damit kann die Gemeinde gew\u00e4hrleisten, dass alle Einwohner*innen am sozialen Leben teilhaben k\u00f6nnen, dass sie Zugang haben zu Informationen und Dienstleistungen, zu Mobilit\u00e4t, Arbeit und Freizeitangeboten.<\/p>\n<\/div><div class=\"col-2\"><\/div><\/div><div class=\"sia-beratung-db-entry-footer\"><div class=\"col-1\"><a href=\"https:\/\/www.sensability.ch\/behoerden-verwaltungen-inklusions-check\" class=\"sia-beratung-db-entry-link\" target=\"_blank\" rel=\"noopener\">Link zum Angebot<\/a><\/div><div class=\"col-2\"><div class=\"sia-beratung-db-filterbox\"><label class=\"toggle\" onclick=\"return window.siaBeratung.toggleFilterBox(this);\"><span>Conseil direct<\/span><span>Mobilit\u00e9<\/span><span>Espace public<\/span><span>Sensability<\/span><\/label><div class=\"options\"><a href=\"#\" onclick=\"return window.siaBeratung.setFilterBoxFilter(275);\">Conseil direct<\/a><a href=\"#\" onclick=\"return window.siaBeratung.setFilterBoxFilter(147);\">Mobilit\u00e9<\/a><a href=\"#\" onclick=\"return window.siaBeratung.setFilterBoxFilter(149);\">Espace public<\/a><a href=\"#\" onclick=\"return window.siaBeratung.setFilterBoxFilter(310);\">Sensability<\/a><a href=\"#\" onclick=\"return window.siaBeratung.setFilterBoxFilter([147,149,310,275,288]);\">Alle Filter ausw\u00e4hlen<\/a><\/div><\/div><label class=\"sia-beratung-db-filterbox-spacer\">&nbsp;<\/label><\/div><\/div><\/div><div class=\"sia-beratung-db-entry-searchtext\">inklusions-check f\u00fcr gemeinden | die gemeinde ist das umfeld, wo menschen leben und sich bewegen. alle bewohnerinnen und bewohner sollen dies ohne hindernisse tun k\u00f6nnen. der inklusions-check f\u00fcr gemeinden nimmt eine standortbestimmung vor und gibt handlungsempfehlungen. damit kann die gemeinde gew\u00e4hrleisten, dass alle einwohner*innen am sozialen leben teilhaben k\u00f6nnen, dass sie zugang haben zu informationen und dienstleistungen, zu mobilit\u00e4t, arbeit und freizeitangeboten. | mobilit\u00e4t | \u00f6ffentlicher raum | sensability | direkte beratung | de<\/div><\/article><article class=\"sia-beratung-db-entry\" data-id=\"1582\" data-cpt=\"sia-angebote\" data-slug=\"innenentwicklung-gestalten-siedlungsqualitaet-erhoehen-flaechenverbrauch-reduzieren\" data-lang-slug-de_de=\"\" data-lang-slug-en_gb=\"\" data-lang-slug-fr_fr=\"\" data-lang-slug-it_it=\"\" data-lat=\"53.5507112\" data-lng=\"10.0008202\" data-filter-137=\"1\" data-filter-139=\"1\" data-filter-142=\"1\" data-filter-146=\"1\" data-filter-149=\"1\" data-filter-150=\"1\" data-filter-151=\"1\" data-filter-152=\"1\" data-filter-163=\"1\" data-filter-204=\"1\" data-filter-280=\"1\" data-filter-288=\"1\" data-all-filter=\"137,139,142,146,149,150,151,152,163,204,280,288\"><div class=\"sia-beratung-db-entry-header\" onclick=\"return window.siaBeratung.toggleCpt(this);\"><div class=\"col-1\">Innenentwicklung gestalten Siedlungsqualit\u00e4t erh\u00f6hen, Fl\u00e4chenverbrauch reduzieren<\/div><div class=\"col-2\"><span>HSLU Hochschule Luzern<\/span><\/div><div class=\"col-3\"><span>Films didactiques<\/span><\/div><div class=\"sia-beratung-db-angle\"><span class=\"sia-beratung-angle\"><\/span><\/div><\/div><div class=\"sia-beratung-db-entry-content\"><div class=\"sia-beratung-db-entry-content-columns\"><div class=\"col-1\"><p>Mit der Innenentwicklung l\u00e4sst sich der knappe Boden effizient nutzen, Siedlungen und Zentren werden aufgewertet. Wie Gemeinden die Siedlungsentwicklung nach innen optimal planen und umsetzen, zeigen ein Film und drei Bildgeschichten.<\/p>\n<\/div><div class=\"col-2\"><\/div><\/div><div class=\"sia-beratung-db-entry-footer\"><div class=\"col-1\"><a href=\"https:\/\/www.hslu.ch\/de-ch\/wirtschaft\/ueber-uns\/institute\/ibr\/kompetenzen\/regionaloekonomie\/innenentwicklung-gestalten\/\" class=\"sia-beratung-db-entry-link\" target=\"_blank\" rel=\"noopener\">Link zum Angebot<\/a><\/div><div class=\"col-2\"><div class=\"sia-beratung-db-filterbox\"><label class=\"toggle\" onclick=\"return window.siaBeratung.toggleFilterBox(this);\"><span>Politique fonci\u00e8re<\/span><span>Dialogue<\/span><span>HSLU Hochschule Luzern<\/span><span>D\u00e9veloppement \u00e0 l\u2019int\u00e9rieur du milieu b\u00e2ti<\/span><span>Films didactiques<\/span><span>Participation<\/span><span>Plans d\u2019affectation<\/span><span>Espace public<\/span><span>Sites construits<\/span><span>Outils de planification<\/span><span>Processus<\/span><\/label><div class=\"options\"><a href=\"#\" onclick=\"return window.siaBeratung.setFilterBoxFilter(137);\">Politique fonci\u00e8re<\/a><a href=\"#\" onclick=\"return window.siaBeratung.setFilterBoxFilter(139);\">Dialogue<\/a><a href=\"#\" onclick=\"return window.siaBeratung.setFilterBoxFilter(204);\">HSLU Hochschule Luzern<\/a><a href=\"#\" onclick=\"return window.siaBeratung.setFilterBoxFilter(142);\">D\u00e9veloppement \u00e0 l\u2019int\u00e9rieur du milieu b\u00e2ti<\/a><a href=\"#\" onclick=\"return window.siaBeratung.setFilterBoxFilter(280);\">Films didactiques<\/a><a href=\"#\" onclick=\"return window.siaBeratung.setFilterBoxFilter(146);\">Participation<\/a><a href=\"#\" onclick=\"return window.siaBeratung.setFilterBoxFilter(163);\">Plans d\u2019affectation<\/a><a href=\"#\" onclick=\"return window.siaBeratung.setFilterBoxFilter(149);\">Espace public<\/a><a href=\"#\" onclick=\"return window.siaBeratung.setFilterBoxFilter(150);\">Sites construits<\/a><a href=\"#\" onclick=\"return window.siaBeratung.setFilterBoxFilter(151);\">Outils de planification<\/a><a href=\"#\" onclick=\"return window.siaBeratung.setFilterBoxFilter(152);\">Processus<\/a><a href=\"#\" onclick=\"return window.siaBeratung.setFilterBoxFilter([137,139,142,146,149,150,151,152,163,204,280,288]);\">Alle Filter ausw\u00e4hlen<\/a><\/div><\/div><label class=\"sia-beratung-db-filterbox-spacer\">&nbsp;<\/label><\/div><\/div><\/div><div class=\"sia-beratung-db-entry-searchtext\">innenentwicklung gestalten siedlungsqualit\u00e4t erh\u00f6hen, fl\u00e4chenverbrauch reduzieren | mit der innenentwicklung l\u00e4sst sich der knappe boden effizient nutzen, siedlungen und zentren werden aufgewertet. wie gemeinden die siedlungsentwicklung nach innen optimal planen und umsetzen, zeigen ein film und drei bildgeschichten. | bodenpolitik | dialog | innenentwicklung | mitwirkung | \u00f6ffentlicher raum | ortsbilder | planungsinstrumente | prozesse | nutzungsplanung | hslu hochschule luzern | lehrfilme | de<\/div><\/article><article class=\"sia-beratung-db-entry\" data-id=\"1583\" data-cpt=\"sia-angebote\" data-slug=\"innenentwicklung-umsetzen\" data-lang-slug-de_de=\"\" data-lang-slug-en_gb=\"\" data-lang-slug-fr_fr=\"\" data-lang-slug-it_it=\"\" data-lat=\"53.5507112\" data-lng=\"10.0008202\" data-filter-139=\"1\" data-filter-142=\"1\" data-filter-146=\"1\" data-filter-157=\"1\" data-filter-167=\"1\" data-filter-236=\"1\" data-filter-271=\"1\" data-filter-281=\"1\" data-filter-283=\"1\" data-filter-288=\"1\" data-all-filter=\"139,142,146,157,167,236,271,281,283,288\"><div class=\"sia-beratung-db-entry-header\" onclick=\"return window.siaBeratung.toggleCpt(this);\"><div class=\"col-1\">Innenentwicklung umsetzen<\/div><div class=\"col-2\"><span>Zurich<\/span><\/div><div class=\"col-3\"><span>Exposition<\/span><span>Mat\u00e9riel didactique<\/span><span>Plateforme<\/span><\/div><div class=\"sia-beratung-db-angle\"><span class=\"sia-beratung-angle\"><\/span><\/div><\/div><div class=\"sia-beratung-db-entry-content\"><div class=\"sia-beratung-db-entry-content-columns\"><div class=\"col-1\"><p>K\u00fcnftig soll die Siedlungsentwicklung im Kanton Z\u00fcrich nach innen gerichtet sein. Eine Veranstaltungsreihe f\u00fcr Gemeinden und Verwaltungsfachleute sowie eine Wanderausstellung f\u00fcr die Bev\u00f6lkerung haben sich diesem Thema gewidmet.<\/p>\n<\/div><div class=\"col-2\"><\/div><\/div><div class=\"sia-beratung-db-entry-footer\"><div class=\"col-1\"><a href=\"https:\/\/www.zh.ch\/de\/planen-bauen\/raumplanung\/raumplanung-flexdata\/fachthema-projekt\/veranstaltungsreihe-innentwicklung-umsetzen.html\" class=\"sia-beratung-db-entry-link\" target=\"_blank\" rel=\"noopener\">Link zum Angebot<\/a><\/div><div class=\"col-2\"><div class=\"sia-beratung-db-filterbox\"><label class=\"toggle\" onclick=\"return window.siaBeratung.toggleFilterBox(this);\"><span>Exposition<\/span><span>Dialogue<\/span><span>Formation continue pour le personnel politique et administratif<\/span><span>D\u00e9veloppement \u00e0 l\u2019int\u00e9rieur du milieu b\u00e2ti<\/span><span>Mat\u00e9riel didactique<\/span><span>Participation<\/span><span>Plateforme<\/span><span>Strat\u00e9gies de d\u00e9veloppement territorial<\/span><span>Zurich<\/span><\/label><div class=\"options\"><a href=\"#\" onclick=\"return window.siaBeratung.setFilterBoxFilter(271);\">Exposition<\/a><a href=\"#\" onclick=\"return window.siaBeratung.setFilterBoxFilter(139);\">Dialogue<\/a><a href=\"#\" onclick=\"return window.siaBeratung.setFilterBoxFilter(157);\">Formation continue pour le personnel politique et administratif<\/a><a href=\"#\" onclick=\"return window.siaBeratung.setFilterBoxFilter(142);\">D\u00e9veloppement \u00e0 l\u2019int\u00e9rieur du milieu b\u00e2ti<\/a><a href=\"#\" onclick=\"return window.siaBeratung.setFilterBoxFilter(281);\">Mat\u00e9riel didactique<\/a><a href=\"#\" onclick=\"return window.siaBeratung.setFilterBoxFilter(146);\">Participation<\/a><a href=\"#\" onclick=\"return window.siaBeratung.setFilterBoxFilter(283);\">Plateforme<\/a><a href=\"#\" onclick=\"return window.siaBeratung.setFilterBoxFilter(167);\">Strat\u00e9gies de d\u00e9veloppement territorial<\/a><a href=\"#\" onclick=\"return window.siaBeratung.setFilterBoxFilter(236);\">Zurich<\/a><a href=\"#\" onclick=\"return window.siaBeratung.setFilterBoxFilter([139,142,146,157,167,236,271,281,283,288]);\">Alle Filter ausw\u00e4hlen<\/a><\/div><\/div><label class=\"sia-beratung-db-filterbox-spacer\">&nbsp;<\/label><\/div><\/div><\/div><div class=\"sia-beratung-db-entry-searchtext\">innenentwicklung umsetzen | k\u00fcnftig soll die siedlungsentwicklung im kanton z\u00fcrich nach innen gerichtet sein. eine veranstaltungsreihe f\u00fcr gemeinden und verwaltungsfachleute sowie eine wanderausstellung f\u00fcr die bev\u00f6lkerung haben sich diesem thema gewidmet. | dialog | innenentwicklung | mitwirkung | fortbildung f\u00fcr politik und verwaltung | r\u00e4umliche entwicklungsleitbilder | z\u00fcrich | ausstellung | lehrmittel | plattform | de<\/div><\/article><article class=\"sia-beratung-db-entry\" data-id=\"1589\" data-cpt=\"sia-angebote\" data-slug=\"koffer-raumwahrnehmung-vermittlungsangebot-fuer-schulklassen\" data-lat=\"53.5507112\" data-lng=\"10.0006485\" data-filter-139=\"1\" data-filter-146=\"1\" data-filter-212=\"1\" data-filter-280=\"1\" data-filter-288=\"1\" data-all-filter=\"139,146,212,280,288\"><div class=\"sia-beratung-db-entry-header\" onclick=\"return window.siaBeratung.toggleCpt(this);\"><div class=\"col-1\">Koffer Raumwahrnehmung Vermittlungsangebot f\u00fcr Schulklassen<\/div><div class=\"col-2\"><span>Argovie<\/span><\/div><div class=\"col-3\"><span>Films didactiques<\/span><\/div><div class=\"sia-beratung-db-angle\"><span class=\"sia-beratung-angle\"><\/span><\/div><\/div><div class=\"sia-beratung-db-entry-content\"><div class=\"sia-beratung-db-entry-content-columns\"><div class=\"col-1\"><p>Ein wichtiger Bestandteil der hochwertigen Siedlungsentwicklung nach innen ist es, Kinder und Jugendliche zu bef\u00e4higen, r\u00e4umliche Zusammenh\u00e4nge zu erkennen und eigene Gestaltungsideen zu formulieren.<\/p>\n<\/div><div class=\"col-2\"><\/div><\/div><div class=\"sia-beratung-db-entry-footer\"><div class=\"col-1\"><a href=\"https:\/\/www.ag.ch\/de\/verwaltung\/bvu\/raumentwicklung\/baukultur-im-aargau\/koffer-raumwahrnehmung?sectionId=2151323&accordId=0\" class=\"sia-beratung-db-entry-link\" target=\"_blank\" rel=\"noopener\">Link zum Angebot<\/a><\/div><div class=\"col-2\"><div class=\"sia-beratung-db-filterbox\"><label class=\"toggle\" onclick=\"return window.siaBeratung.toggleFilterBox(this);\"><span>Argovie<\/span><span>Dialogue<\/span><span>Films didactiques<\/span><span>Participation<\/span><\/label><div class=\"options\"><a href=\"#\" onclick=\"return window.siaBeratung.setFilterBoxFilter(212);\">Argovie<\/a><a href=\"#\" onclick=\"return window.siaBeratung.setFilterBoxFilter(139);\">Dialogue<\/a><a href=\"#\" onclick=\"return window.siaBeratung.setFilterBoxFilter(280);\">Films didactiques<\/a><a href=\"#\" onclick=\"return window.siaBeratung.setFilterBoxFilter(146);\">Participation<\/a><a href=\"#\" onclick=\"return window.siaBeratung.setFilterBoxFilter([139,146,212,280,288]);\">Alle Filter ausw\u00e4hlen<\/a><\/div><\/div><label class=\"sia-beratung-db-filterbox-spacer\">&nbsp;<\/label><\/div><\/div><\/div><div class=\"sia-beratung-db-entry-searchtext\">koffer raumwahrnehmung vermittlungsangebot f\u00fcr schulklassen | ein wichtiger bestandteil der hochwertigen siedlungsentwicklung nach innen ist es, kinder und jugendliche zu bef\u00e4higen, r\u00e4umliche zusammenh\u00e4nge zu erkennen und eigene gestaltungsideen zu formulieren. | dialog | mitwirkung | aargau | lehrfilme | de<\/div><\/article><article class=\"sia-beratung-db-entry\" data-id=\"1684\" data-cpt=\"sia-ausbildung\" data-slug=\"kuehlen-urbaner-raeume-klimakonforme-siedlungsentwicklung\" data-lat=\"47.0624020457509\" data-lng=\"7.61420934217055\" data-filter-136=\"1\" data-filter-141=\"1\" data-filter-142=\"1\" data-filter-143=\"1\" data-filter-144=\"1\" data-filter-149=\"1\" data-filter-151=\"1\" data-filter-157=\"1\" data-filter-193=\"1\" data-filter-259=\"1\" data-filter-272=\"1\" data-filter-288=\"1\" data-all-filter=\"136,141,142,143,144,149,151,157,193,259,272,288\"><div class=\"sia-beratung-db-entry-header\" onclick=\"return window.siaBeratung.toggleCpt(this);\"><div class=\"col-1\">K\u00fchlen urbaner R\u00e4ume \u2013 klimakonforme Siedlungsentwicklung<\/div><div class=\"col-2\"><span>FH Haute \u00e9cole sp\u00e9cialis\u00e9e de Berne<\/span><span>SIA Soci\u00e9t\u00e9 suisse des ingenieurs et des architectes<\/span><\/div><div class=\"col-3\"><span>CAS<\/span><\/div><div class=\"sia-beratung-db-angle\"><span class=\"sia-beratung-angle\"><\/span><\/div><\/div><div class=\"sia-beratung-db-entry-content\"><div class=\"sia-beratung-db-entry-content-columns\"><div class=\"col-1\"><p>Das Klima \u00e4ndert sich, mit Auswirkungen auf Siedlungen: Hitze- und Trockenperioden mit Hitzeinseln und Starkniederschl\u00e4ge werden h\u00e4ufiger. F\u00fcr lebenswerte, nachhaltige Siedlungen sind L\u00f6sungen gefragt. Das CAS zeigt, wie gr\u00fcne, blaue und graue Massnahmen zusammenh\u00e4ngen, wie sie projektiert und umgesetzt werden. Beispiele, Methoden und Prozesse werden vorgestellt und die Projektarbeit vertieft die Erkenntnisse.<\/p>\n<\/div><div class=\"col-2\"><\/div><\/div><div class=\"sia-beratung-db-entry-footer\"><div class=\"col-1\"><a href=\"https:\/\/www.bfh.ch\/de\/weiterbildung\/cas\/kuehlen-urbaner-raeume\/\" class=\"sia-beratung-db-entry-link\" target=\"_blank\" rel=\"noopener\">Link zum Angebot<\/a><\/div><div class=\"col-2\"><div class=\"sia-beratung-db-filterbox\"><label class=\"toggle\" onclick=\"return window.siaBeratung.toggleFilterBox(this);\"><span>FH Haute \u00e9cole sp\u00e9cialis\u00e9e de Berne<\/span><span>Biodiversit\u00e9<\/span><span>CAS<\/span><span>Formation continue pour le personnel politique et administratif<\/span><span>Infrastructure<\/span><span>D\u00e9veloppement \u00e0 l\u2019int\u00e9rieur du milieu b\u00e2ti<\/span><span>Climat<\/span><span>Paysage<\/span><span>Espace public<\/span><span>Outils de planification<\/span><span>SIA Soci\u00e9t\u00e9 suisse des ingenieurs et des architectes<\/span><\/label><div class=\"options\"><a href=\"#\" onclick=\"return window.siaBeratung.setFilterBoxFilter(193);\">FH Haute \u00e9cole sp\u00e9cialis\u00e9e de Berne<\/a><a href=\"#\" onclick=\"return window.siaBeratung.setFilterBoxFilter(136);\">Biodiversit\u00e9<\/a><a href=\"#\" onclick=\"return window.siaBeratung.setFilterBoxFilter(272);\">CAS<\/a><a href=\"#\" onclick=\"return window.siaBeratung.setFilterBoxFilter(157);\">Formation continue pour le personnel politique et administratif<\/a><a href=\"#\" onclick=\"return window.siaBeratung.setFilterBoxFilter(141);\">Infrastructure<\/a><a href=\"#\" onclick=\"return window.siaBeratung.setFilterBoxFilter(142);\">D\u00e9veloppement \u00e0 l\u2019int\u00e9rieur du milieu b\u00e2ti<\/a><a href=\"#\" onclick=\"return window.siaBeratung.setFilterBoxFilter(143);\">Climat<\/a><a href=\"#\" onclick=\"return window.siaBeratung.setFilterBoxFilter(144);\">Paysage<\/a><a href=\"#\" onclick=\"return window.siaBeratung.setFilterBoxFilter(149);\">Espace public<\/a><a href=\"#\" onclick=\"return window.siaBeratung.setFilterBoxFilter(151);\">Outils de planification<\/a><a href=\"#\" onclick=\"return window.siaBeratung.setFilterBoxFilter(259);\">SIA Soci\u00e9t\u00e9 suisse des ingenieurs et des architectes<\/a><a href=\"#\" onclick=\"return window.siaBeratung.setFilterBoxFilter([136,141,142,143,144,149,151,157,193,259,272,288]);\">Alle Filter ausw\u00e4hlen<\/a><\/div><\/div><label class=\"sia-beratung-db-filterbox-spacer\">&nbsp;<\/label><\/div><\/div><\/div><div class=\"sia-beratung-db-entry-searchtext\">k\u00fchlen urbaner r\u00e4ume \u2013 klimakonforme siedlungsentwicklung | das klima \u00e4ndert sich, mit auswirkungen auf siedlungen: hitze- und trockenperioden mit hitzeinseln und starkniederschl\u00e4ge werden h\u00e4ufiger. f\u00fcr lebenswerte, nachhaltige siedlungen sind l\u00f6sungen gefragt. das cas zeigt, wie gr\u00fcne, blaue und graue massnahmen zusammenh\u00e4ngen, wie sie projektiert und umgesetzt werden. beispiele, methoden und prozesse werden vorgestellt und die projektarbeit vertieft die erkenntnisse. | biodiversit\u00e4t | infrastruktur | innenentwicklung | klima | landschaft | \u00f6ffentlicher raum | planungsinstrumente | fortbildung f\u00fcr politik und verwaltung | bfh berner fachhochschule | sia schweizerischer ingenieur- und architektenverein | cas | de<\/div><\/article><article class=\"sia-beratung-db-entry\" data-id=\"1591\" data-cpt=\"sia-angebote\" data-slug=\"lamenagement-du-territoire-en-cinq-clips\" data-lat=\"53.5507112\" data-lng=\"10.0008202\" data-filter-139=\"1\" data-filter-142=\"1\" data-filter-146=\"1\" data-filter-163=\"1\" data-filter-219=\"1\" data-filter-280=\"1\" data-filter-289=\"1\" data-all-filter=\"139,142,146,163,219,280,289\"><div class=\"sia-beratung-db-entry-header\" onclick=\"return window.siaBeratung.toggleCpt(this);\"><div class=\"col-1\">L&#8217;am\u00e9nagement du territoire en cinq clips<\/div><div class=\"col-2\"><span>Gen\u00e8ve<\/span><\/div><div class=\"col-3\"><span>Films didactiques<\/span><\/div><div class=\"sia-beratung-db-angle\"><span class=\"sia-beratung-angle\"><\/span><\/div><\/div><div class=\"sia-beratung-db-entry-content\"><div class=\"sia-beratung-db-entry-content-columns\"><div class=\"col-1\"><p>Quels sont les enjeux du territoire cantonal et comment se fabriquent les nouveaux quartiers\u00a0? Cinq clips pour comprendre l&#8217;essentiel en bref.<\/p>\n<\/div><div class=\"col-2\"><\/div><\/div><div class=\"sia-beratung-db-entry-footer\"><div class=\"col-1\"><a href=\"https:\/\/www.ge.ch\/actualite\/amenagement-du-territoire-cinq-clips-29-11-2018\" class=\"sia-beratung-db-entry-link\" target=\"_blank\" rel=\"noopener\">Link zum Angebot<\/a><\/div><div class=\"col-2\"><div class=\"sia-beratung-db-filterbox\"><label class=\"toggle\" onclick=\"return window.siaBeratung.toggleFilterBox(this);\"><span>Dialogue<\/span><span>Gen\u00e8ve<\/span><span>D\u00e9veloppement \u00e0 l\u2019int\u00e9rieur du milieu b\u00e2ti<\/span><span>Films didactiques<\/span><span>Participation<\/span><span>Plans d\u2019affectation<\/span><\/label><div class=\"options\"><a href=\"#\" onclick=\"return window.siaBeratung.setFilterBoxFilter(139);\">Dialogue<\/a><a href=\"#\" onclick=\"return window.siaBeratung.setFilterBoxFilter(219);\">Gen\u00e8ve<\/a><a href=\"#\" onclick=\"return window.siaBeratung.setFilterBoxFilter(142);\">D\u00e9veloppement \u00e0 l\u2019int\u00e9rieur du milieu b\u00e2ti<\/a><a href=\"#\" onclick=\"return window.siaBeratung.setFilterBoxFilter(280);\">Films didactiques<\/a><a href=\"#\" onclick=\"return window.siaBeratung.setFilterBoxFilter(146);\">Participation<\/a><a href=\"#\" onclick=\"return window.siaBeratung.setFilterBoxFilter(163);\">Plans d\u2019affectation<\/a><a href=\"#\" onclick=\"return window.siaBeratung.setFilterBoxFilter([139,142,146,163,219,280,289]);\">Alle Filter ausw\u00e4hlen<\/a><\/div><\/div><label class=\"sia-beratung-db-filterbox-spacer\">&nbsp;<\/label><\/div><\/div><\/div><div class=\"sia-beratung-db-entry-searchtext\">l'am\u00e9nagement du territoire en cinq clips | quels sont les enjeux du territoire cantonal et comment se fabriquent les nouveaux quartiers\u00a0? cinq clips pour comprendre l&#8217;essentiel en bref. | dialog | innenentwicklung | mitwirkung | nutzungsplanung | genf | lehrfilme | fr<\/div><\/article><article class=\"sia-beratung-db-entry\" data-id=\"5625\" data-cpt=\"sia-beispiele\" data-slug=\"la-chaux-de-fonds-le-locle-solarenergie-haelt-einzug-in-ein-ortsbild-von-nationaler-bedeutung\" data-lang-slug-de_de=\"\" data-lang-slug-en_gb=\"\" data-lang-slug-fr_fr=\"\" data-lang-slug-it_it=\"\" data-lat=\"47.1030828\" data-lng=\"6.8324661\" data-filter-140=\"1\" data-filter-143=\"1\" data-filter-150=\"1\" data-filter-151=\"1\" data-filter-154=\"1\" data-filter-156=\"1\" data-filter-160=\"1\" data-filter-165=\"1\" data-filter-168=\"1\" data-all-filter=\"140,143,150,151,154,156,160,165,168\"><div class=\"sia-beratung-db-entry-header\" onclick=\"return window.siaBeratung.toggleCpt(this);\"><div class=\"col-1\">La Chaux-de-Fonds\/Le Locle: le solaire s\u2019invite dans un site ISOS<\/div><div class=\"col-2\">La Chaux-de-Fonds, NE<\/div><div class=\"sia-beratung-db-angle\"><span class=\"sia-beratung-angle\"><\/span><\/div><\/div><div class=\"sia-beratung-db-entry-content\"><div class=\"sia-beratung-db-entry-content-columns\"><div class=\"col-1\"><div class=\"sia-beratung-db-entry-slides\"><div class=\"sia-beratung-db-entry-swiper\"><div class=\"swiper-wrapper\"><div class=\"swiper-slide\"><img loading=\"lazy\" decoding=\"async\" src=\"https:\/\/baukulturschweiz.ch\/wp-content\/uploads\/2026\/02\/Photo-1-1-1024x683.jpg\" width=\"1024\" height=\"683\" \/><\/div><div class=\"swiper-slide\"><img loading=\"lazy\" decoding=\"async\" src=\"https:\/\/baukulturschweiz.ch\/wp-content\/uploads\/2026\/02\/Plan-e1770723852202.jpg\" width=\"797\" height=\"609\" \/><\/div><div class=\"swiper-slide\"><img loading=\"lazy\" decoding=\"async\" src=\"https:\/\/baukulturschweiz.ch\/wp-content\/uploads\/2026\/02\/Photo-2-1-1024x683.jpg\" width=\"1024\" height=\"683\" \/><\/div><div class=\"swiper-slide\"><img loading=\"lazy\" decoding=\"async\" src=\"https:\/\/baukulturschweiz.ch\/wp-content\/uploads\/2026\/02\/chaux_final.png\" width=\"984\" height=\"622\" \/><\/div><\/div><\/div><a class=\"swiper-button swiper-button-prev\"><\/a><a class=\"swiper-button swiper-button-next mobile\"><\/a><div class=\"sia-beratung-db-slide-legends\"><small data-index=\"0\">Le paysage horloger de la Chaux-de-Fonds \u00a9 Raffael Waldner, Suisse Tourisme<\/small><small data-index=\"1\" style=\"display:none;\">Potentiel solaire des toitures de la Chaux-de-Fonds \u00a9 Raffael Waldner, Suisse Tourisme<\/small><small data-index=\"2\" style=\"display:none;\">Des zones de sensibilit\u00e9 sont d\u00e9finies dans la ville \u00a9 Raffael Waldner, Suisse Tourisme<\/small><small data-index=\"3\" style=\"display:none;\">\u00a9 Raffael Waldner, Suisse Tourisme<\/small><small class=\"pageNo\">1\/4<\/small><\/div><\/div><\/div><div class=\"col-2\"><div class=\"sia-beratung-db-slide-texts\"><div class=\"sia-beratung-db-slide-text\" data-index=\"0\"><p>Depuis 2009, les villes de La Chaux-de-Fonds et du Locle figurent sur la liste du patrimoine mondial de l\u2019UNESCO pour leur \u00ab urbanisme horloger \u00bb. Ce classement implique des exigences strictes en mati\u00e8re de pr\u00e9servation. Dans ce contexte, l\u2019installation de panneaux solaires sur des biens culturels ou dans des zones prot\u00e9g\u00e9es d\u2019int\u00e9r\u00eat cantonal ou national requiert une autorisation de construire. Conscientes de l\u2019importance de participer \u00e0 la transition \u00e9nerg\u00e9tique, les communes de La Chaux-de-Fonds et du Locle ont \u00e9labor\u00e9 une strat\u00e9gie solaire concert\u00e9e. Une \u00e9tude a \u00e9t\u00e9 command\u00e9e pour analyser le potentiel solaire du territoire, afin de permettre la conciliation entre les imp\u00e9ratifs de protection patrimoniale et la production d\u2019\u00e9nergie renouvelable.<\/p>\n<p><strong>R\u00f4le des communes:<\/strong> collaborer, informer, guider, financer<br data-start=\"58\" data-end=\"61\" \/><strong>Organisme responsable:<\/strong> Commune du Locle, Commune de La Chaux-de-Fonds<br data-start=\"157\" data-end=\"160\" \/><strong>Autres acteurs:<\/strong> OFC, LMNT Consultancy, Canton de Neuch\u00e2tel<br data-start=\"219\" data-end=\"222\" \/><strong>Source:<\/strong> <a href=\"https:\/\/www.ne.ch\/medias\/Pages\/20240417_plan_strategique_solaire_chaux_de_fonds_le_locle.aspx\">Plan strat\u00e9gique solaire des Villes de La Chaux-de-Fonds et du Locle<\/a><\/p>\n<\/div><div class=\"sia-beratung-db-slide-text\" data-index=\"1\" style=\"display:none;\"><p>Cette strat\u00e9gie s\u2019appuie sur une \u00e9tude m\u00e9thodique en deux temps, visant \u00e0 \u00e9valuer le potentiel solaire puis \u00e0 d\u00e9finir des crit\u00e8res de \u00ab sensibilit\u00e9 \u00bb pour les installations photovolta\u00efques. Deux crit\u00e8res de sensibilit\u00e9s sont pris en compte : le degr\u00e9 de coh\u00e9rence entre les installations photovolta\u00efques et le b\u00e2ti existant, et le niveau de visibilit\u00e9 des panneaux. Par exemple, une halle industrielle en p\u00e9riph\u00e9rie exige une int\u00e9gration moins contraignante qu\u2019un b\u00e2timent historique du centre-ville. De plus, m\u00eame dans une zone sensible, une installation peu ou pas visible peut b\u00e9n\u00e9ficier d\u2019un niveau d\u2019acceptabilit\u00e9 sup\u00e9rieur.<\/p>\n<\/div><div class=\"sia-beratung-db-slide-text\" data-index=\"2\" style=\"display:none;\"><p>Une grille d\u2019analyse, fond\u00e9e sur des cartes de sensibilit\u00e9, permet ainsi de d\u00e9finir les conditions d\u2019int\u00e9gration requises selon les caract\u00e9ristiques du site. Trois niveaux de sensibilit\u00e9 sont d\u00e9finis (basse, moyenne et haute), chacun associ\u00e9 \u00e0 un potentiel solaire diff\u00e9rent. Les cartes \u00e9labor\u00e9es par les communes servent d\u2019outil d\u2019aide \u00e0 la d\u00e9cision pour les propri\u00e9taires souhaitant \u00e9quiper leur toiture de panneaux solaires.<\/p>\n<\/div><div class=\"sia-beratung-db-slide-text\" data-index=\"3\" style=\"display:none;\"><p>En compl\u00e9ment du Plan strat\u00e9gique solaire destin\u00e9 \u00e0 guider les propri\u00e9taires priv\u00e9s, la commune instaure un fonds communal de l\u2019\u00e9nergie, permettant aux projets de b\u00e9n\u00e9ficier d\u2019un soutien financier. Une subvention est pr\u00e9vue pour les installations concern\u00e9es par un int\u00e9r\u00eat patrimonial reconnu d&#8217;importance r\u00e9gionale, nationale ou internationale, \u00e0 condition qu\u2019elles respectent les crit\u00e8res d\u2019int\u00e9gration d\u00e9finis dans le r\u00e9glement. Avec le fonds communal de l\u2019\u00e9nergie, la Chaux-de-Fonds et le Locle souhaitent encourager les propri\u00e9taires \u00e0 se diriger vers la pose de panneaux teint\u00e9s, plus co\u00fbteux et moins performants que les panneaux noirs, mais qui s\u2019int\u00e8gre d\u2019avantages au b\u00e2ti historique.<\/p>\n<\/div><\/div><div class=\"sia-beratung-db-filterbox\"><label class=\"toggle\" onclick=\"return window.siaBeratung.toggleFilterBox(this);\"><span>Proc\u00e9dures d\u2019autorisation de construire<\/span><span>Conseil par les communes<\/span><span>Energie<\/span><span>Inventaires<\/span><span>Climat<\/span><span>Sites construits<\/span><span>Outils de planification<\/span><span>Soutien de projets<\/span><span>Coop\u00e9ration r\u00e9gionale<\/span><\/label><div class=\"options\"><a href=\"#\" onclick=\"return window.siaBeratung.setFilterBoxFilter(154);\">Proc\u00e9dures d\u2019autorisation de construire<\/a><a href=\"#\" onclick=\"return window.siaBeratung.setFilterBoxFilter(156);\">Conseil par les communes<\/a><a href=\"#\" onclick=\"return window.siaBeratung.setFilterBoxFilter(140);\">Energie<\/a><a href=\"#\" onclick=\"return window.siaBeratung.setFilterBoxFilter(160);\">Inventaires<\/a><a href=\"#\" onclick=\"return window.siaBeratung.setFilterBoxFilter(143);\">Climat<\/a><a href=\"#\" onclick=\"return window.siaBeratung.setFilterBoxFilter(150);\">Sites construits<\/a><a href=\"#\" onclick=\"return window.siaBeratung.setFilterBoxFilter(151);\">Outils de planification<\/a><a href=\"#\" onclick=\"return window.siaBeratung.setFilterBoxFilter(165);\">Soutien de projets<\/a><a href=\"#\" onclick=\"return window.siaBeratung.setFilterBoxFilter(168);\">Coop\u00e9ration r\u00e9gionale<\/a><a href=\"#\" onclick=\"return window.siaBeratung.setFilterBoxFilter([140,143,150,151,154,156,160,165,168]);\">Alle Filter ausw\u00e4hlen<\/a><\/div><\/div><label class=\"sia-beratung-db-filterbox-spacer\">&nbsp;<\/label><\/div><a class=\"swiper-button swiper-button-next desktop\"><\/a><\/div><\/div><div class=\"sia-beratung-db-entry-searchtext\">la chaux-de-fonds \/ le locle: solarenergie h\u00e4lt einzug in ein ortsbild von nationaler bedeutung | depuis 2009, les villes de la chaux-de-fonds et du locle figurent sur la liste du patrimoine mondial de l\u2019unesco pour leur \u00ab urbanisme horloger \u00bb. ce classement implique des exigences strictes en mati\u00e8re de pr\u00e9servation. dans ce contexte, l\u2019installation de panneaux solaires sur des biens culturels ou dans des zones prot\u00e9g\u00e9es d\u2019int\u00e9r\u00eat cantonal ou national requiert une autorisation de construire. conscientes de l\u2019importance de participer \u00e0 la transition \u00e9nerg\u00e9tique, les communes de la chaux-de-fonds et du locle ont \u00e9labor\u00e9 une strat\u00e9gie solaire concert\u00e9e. une \u00e9tude a \u00e9t\u00e9 command\u00e9e pour analyser le potentiel solaire du territoire, afin de permettre la conciliation entre les imp\u00e9ratifs de protection patrimoniale et la production d\u2019\u00e9nergie renouvelable.r\u00f4le des communes: collaborer, informer, guider, financerorganisme responsable: commune du locle, commune de la chaux-de-fondsautres acteurs: ofc, lmnt consultancy, canton de neuch\u00e2telsource: plan strat\u00e9gique solaire des villes de la chaux-de-fonds et du locle | le paysage horloger de la chaux-de-fonds \u00a9 raffael waldner, suisse tourisme | cette strat\u00e9gie s\u2019appuie sur une \u00e9tude m\u00e9thodique en deux temps, visant \u00e0 \u00e9valuer le potentiel solaire puis \u00e0 d\u00e9finir des crit\u00e8res de \u00ab sensibilit\u00e9 \u00bb pour les installations photovolta\u00efques. deux crit\u00e8res de sensibilit\u00e9s sont pris en compte : le degr\u00e9 de coh\u00e9rence entre les installations photovolta\u00efques et le b\u00e2ti existant, et le niveau de visibilit\u00e9 des panneaux. par exemple, une halle industrielle en p\u00e9riph\u00e9rie exige une int\u00e9gration moins contraignante qu\u2019un b\u00e2timent historique du centre-ville. de plus, m\u00eame dans une zone sensible, une installation peu ou pas visible peut b\u00e9n\u00e9ficier d\u2019un niveau d\u2019acceptabilit\u00e9 sup\u00e9rieur. | potentiel solaire des toitures de la chaux-de-fonds \u00a9 raffael waldner, suisse tourisme | une grille d\u2019analyse, fond\u00e9e sur des cartes de sensibilit\u00e9, permet ainsi de d\u00e9finir les conditions d\u2019int\u00e9gration requises selon les caract\u00e9ristiques du site. trois niveaux de sensibilit\u00e9 sont d\u00e9finis (basse, moyenne et haute), chacun associ\u00e9 \u00e0 un potentiel solaire diff\u00e9rent. les cartes \u00e9labor\u00e9es par les communes servent d\u2019outil d\u2019aide \u00e0 la d\u00e9cision pour les propri\u00e9taires souhaitant \u00e9quiper leur toiture de panneaux solaires. | des zones de sensibilit\u00e9 sont d\u00e9finies dans la ville \u00a9 raffael waldner, suisse tourisme | en compl\u00e9ment du plan strat\u00e9gique solaire destin\u00e9 \u00e0 guider les propri\u00e9taires priv\u00e9s, la commune instaure un fonds communal de l\u2019\u00e9nergie, permettant aux projets de b\u00e9n\u00e9ficier d\u2019un soutien financier. une subvention est pr\u00e9vue pour les installations concern\u00e9es par un int\u00e9r\u00eat patrimonial reconnu d&#8217;importance r\u00e9gionale, nationale ou internationale, \u00e0 condition qu\u2019elles respectent les crit\u00e8res d\u2019int\u00e9gration d\u00e9finis dans le r\u00e9glement. avec le fonds communal de l\u2019\u00e9nergie, la chaux-de-fonds et le locle souhaitent encourager les propri\u00e9taires \u00e0 se diriger vers la pose de panneaux teint\u00e9s, plus co\u00fbteux et moins performants que les panneaux noirs, mais qui s\u2019int\u00e8gre d\u2019avantages au b\u00e2ti historique. | \u00a9 raffael waldner, suisse tourisme | energie | klima | ortsbilder | planungsinstrumente | baubewilligungsverfahren | beratung durch gemeinden | inventare | projektunterst\u00fctzung | regionale zusammenarbeit<\/div><\/article><article class=\"sia-beratung-db-entry\" data-id=\"1592\" data-cpt=\"sia-angebote\" data-slug=\"landschaftlich-empfindliches-siedlungsgebiet-les-beurteilungskriterien\" data-lat=\"53.5507112\" data-lng=\"10.0008202\" data-filter-144=\"1\" data-filter-150=\"1\" data-filter-154=\"1\" data-filter-225=\"1\" data-filter-270=\"1\" data-filter-288=\"1\" data-all-filter=\"144,150,154,225,270,288\"><div class=\"sia-beratung-db-entry-header\" onclick=\"return window.siaBeratung.toggleCpt(this);\"><div class=\"col-1\">Landschaftlich empfindliches Siedlungsgebiet LES \u2013 Beurteilungskriterien<\/div><div class=\"col-2\"><span>Nidwald<\/span><\/div><div class=\"col-3\"><span>Guide<\/span><\/div><div class=\"sia-beratung-db-angle\"><span class=\"sia-beratung-angle\"><\/span><\/div><\/div><div class=\"sia-beratung-db-entry-content\"><div class=\"sia-beratung-db-entry-content-columns\"><div class=\"col-1\"><p>Die landschaftlich empfindlichen Siedlungsgebiete (LES) sind im Richtplan bezeichnet und werden von den Gemeinden in ihre Ortsplanung \u00fcbernommen. Die Kommission f\u00fcr Natur- und Landschaftsschutz hat sich die Beurteilungskriterien zu diesem landschaftlich empfindlichen Siedlungsgebiet erarbeiten lassen (Dokument LES-NW). Damit soll eine vergleichbare Begutachtung in den unterschiedlichen Gebieten gew\u00e4hrleistet werden.<\/p>\n<\/div><div class=\"col-2\"><\/div><\/div><div class=\"sia-beratung-db-entry-footer\"><div class=\"col-1\"><a href=\"https:\/\/www.nw.ch\/fsnaturlandschaftdienste\/4227\" class=\"sia-beratung-db-entry-link\" target=\"_blank\" rel=\"noopener\">Link zum Angebot<\/a><\/div><div class=\"col-2\"><div class=\"sia-beratung-db-filterbox\"><label class=\"toggle\" onclick=\"return window.siaBeratung.toggleFilterBox(this);\"><span>Guide<\/span><span>Proc\u00e9dures d\u2019autorisation de construire<\/span><span>Paysage<\/span><span>Nidwald<\/span><span>Sites construits<\/span><\/label><div class=\"options\"><a href=\"#\" onclick=\"return window.siaBeratung.setFilterBoxFilter(270);\">Guide<\/a><a href=\"#\" onclick=\"return window.siaBeratung.setFilterBoxFilter(154);\">Proc\u00e9dures d\u2019autorisation de construire<\/a><a href=\"#\" onclick=\"return window.siaBeratung.setFilterBoxFilter(144);\">Paysage<\/a><a href=\"#\" onclick=\"return window.siaBeratung.setFilterBoxFilter(225);\">Nidwald<\/a><a href=\"#\" onclick=\"return window.siaBeratung.setFilterBoxFilter(150);\">Sites construits<\/a><a href=\"#\" onclick=\"return window.siaBeratung.setFilterBoxFilter([144,150,154,225,270,288]);\">Alle Filter ausw\u00e4hlen<\/a><\/div><\/div><label class=\"sia-beratung-db-filterbox-spacer\">&nbsp;<\/label><\/div><\/div><\/div><div class=\"sia-beratung-db-entry-searchtext\">landschaftlich empfindliches siedlungsgebiet les \u2013 beurteilungskriterien | die landschaftlich empfindlichen siedlungsgebiete (les) sind im richtplan bezeichnet und werden von den gemeinden in ihre ortsplanung \u00fcbernommen. die kommission f\u00fcr natur- und landschaftsschutz hat sich die beurteilungskriterien zu diesem landschaftlich empfindlichen siedlungsgebiet erarbeiten lassen (dokument les-nw). damit soll eine vergleichbare begutachtung in den unterschiedlichen gebieten gew\u00e4hrleistet werden. | landschaft | ortsbilder | baubewilligungsverfahren | nidwalden | arbeitshilfe | de<\/div><\/article><article class=\"sia-beratung-db-entry\" data-id=\"3088\" data-cpt=\"sia-beispiele\" data-slug=\"laufenburg-aufwertung-durch-gezielte-bodenpolitik\" data-lang-slug-de_de=\"\" data-lang-slug-en_gb=\"\" data-lang-slug-fr_fr=\"\" data-lang-slug-it_it=\"\" data-lat=\"47.5622799\" data-lng=\"8.0599523\" data-filter-135=\"1\" data-filter-137=\"1\" data-filter-142=\"1\" data-filter-145=\"1\" data-filter-150=\"1\" data-filter-161=\"1\" data-filter-162=\"1\" data-filter-166=\"1\" data-filter-189=\"1\" data-filter-212=\"1\" data-filter-246=\"1\" data-filter-288=\"1\" data-filter-289=\"1\" data-filter-290=\"1\" data-all-filter=\"135,137,142,145,150,161,162,166,189,212,246,288,289,290\"><div class=\"sia-beratung-db-entry-header\" onclick=\"return window.siaBeratung.toggleCpt(this);\"><div class=\"col-1\">Laufenburg : renforcer le dynamisme par la ma\u00eetrise fonci\u00e8re<\/div><div class=\"col-2\">Laufenburg, AG<\/div><div class=\"sia-beratung-db-angle\"><span class=\"sia-beratung-angle\"><\/span><\/div><\/div><div class=\"sia-beratung-db-entry-content\"><div class=\"sia-beratung-db-entry-content-columns\"><div class=\"col-1\"><div class=\"sia-beratung-db-entry-slides\"><div class=\"sia-beratung-db-entry-swiper\"><div class=\"swiper-wrapper\"><div class=\"swiper-slide\"><img loading=\"lazy\" decoding=\"async\" src=\"https:\/\/baukulturschweiz.ch\/wp-content\/uploads\/2024\/01\/Laufenburg_1_cFlorian-Inneman-EspaceSuisse-1024x768.jpg\" width=\"1024\" height=\"768\" \/><\/div><div class=\"swiper-slide\"><img loading=\"lazy\" decoding=\"async\" src=\"https:\/\/baukulturschweiz.ch\/wp-content\/uploads\/2024\/01\/Laufenburg_2_cFlorian-Inneman-EspaceSuisse-1024x768.jpg\" width=\"1024\" height=\"768\" \/><\/div><div class=\"swiper-slide\"><img loading=\"lazy\" decoding=\"async\" src=\"https:\/\/baukulturschweiz.ch\/wp-content\/uploads\/2024\/01\/Laufenburg_3_cFlorian-Inneman-EspaceSuisse-1024x768.jpg\" width=\"1024\" height=\"768\" \/><\/div><div class=\"swiper-slide\"><img loading=\"lazy\" decoding=\"async\" src=\"https:\/\/baukulturschweiz.ch\/wp-content\/uploads\/2024\/01\/SUL-05-1024x768.jpg\" width=\"1024\" height=\"768\" \/><\/div><\/div><\/div><a class=\"swiper-button swiper-button-prev\"><\/a><a class=\"swiper-button swiper-button-next mobile\"><\/a><div class=\"sia-beratung-db-slide-legends\"><small data-index=\"0\">La petite cit\u00e9 de Laufenburg figure dans l\u2019Inventaire des sites construits \u00e0 prot\u00e9ger en Suisse (ISOS).<br \/>\r\n\u00a9Florian Inneman, EspaceSuisse<\/small><small data-index=\"1\" style=\"display:none;\">\u00a9Florian Inneman, EspaceSuisse<\/small><small data-index=\"2\" style=\"display:none;\">Laufenburg r\u00e9nove elle-m\u00eame l\u2019immeuble Adler, dont elle d\u00e9termine l\u2019utilisation et contribue ainsi \u00e0 redynamiser la vieille ville: des logements, des bureaux et un restaurant au rez-de-chauss\u00e9e.<br \/>\r\n\u00a9Florian Inneman, EspaceSuisse <\/small><small data-index=\"3\" style=\"display:none;\">L\u2019immeuble d\u2019habitation \u00ab Wir von der Kleinstadt Vier \u00bb<br \/>\r\nd\u2019Oliver Christen Architekten \u00e0 Baden<br \/>\r\n\u00a9 Rasmus Norlander<\/small><small class=\"pageNo\">1\/4<\/small><\/div><\/div><\/div><div class=\"col-2\"><div class=\"sia-beratung-db-slide-texts\"><div class=\"sia-beratung-db-slide-text\" data-index=\"0\"><p>La ma\u00eetrise fonci\u00e8re publique est la facult\u00e9 d&#8217;utiliser la propri\u00e9t\u00e9 fonci\u00e8re pour influencer de mani\u00e8re strat\u00e9gique et durable le d\u00e9veloppement du territoire. Les collectivit\u00e9s publiques ont le pouvoir de d\u00e9finir les processus de planification en tant qu\u2019autorit\u00e9s planificatrices. Lorsqu\u2019elles sont propri\u00e9taires de terrains ou de biens immobiliers, elles ont \u00e9galement la possibilit\u00e9 d&#8217;utiliser leurs propri\u00e9t\u00e9s de mani\u00e8re strat\u00e9gique et cibl\u00e9e.<\/p>\n<p>Ainsi, la ma\u00eetrise fonci\u00e8re repr\u00e9sente un puissant levier permettant de travailler, par exemple, sur la qualit\u00e9 urbaine, la programmation immobili\u00e8re ou la production de logements.<\/p>\n<p><strong>R\u00f4le de la commune\u00a0:<\/strong> prendre l\u2019initiative, motiver, mettre au concours, mettre en \u0153uvre<br \/>\n<strong>Organismes responsables\u00a0:<\/strong> commune et priv\u00e9s<br \/>\n<strong>Source\u00a0:<\/strong>\u00a0<a class=\"external\" title=\"Les enjeux du d\u00e9veloppement vers l'int\u00e9rieur, DAEC, DDTE, DDET\" href=\"https:\/\/www.densipedia.ch\/reines-investitionskonzept-oder-aktive-bodenpolitik\" target=\"_blank\" rel=\"noopener\">Densipedia<\/a><\/p>\n<\/div><div class=\"sia-beratung-db-slide-text\" data-index=\"1\" style=\"display:none;\"><p>La commune de Laufenburg, dans le Fricktal a fusionn\u00e9 en 2010 avec le village rural voisin de Sulz, et compte depuis 3700 habitant.es. De nombreux b\u00e2timents d\u00e9labr\u00e9s ou abandonn\u00e9s se trouvaient sur le territoire de la commune et de plus en plus de commerces ont d\u00fb fermer. Cette situation s&#8217;accompagnait d&#8217;une situation financi\u00e8re tendue, marqu\u00e9e par un taux d&#8217;aide sociale plus \u00e9lev\u00e9 que la moyenne cantonale et la menace d&#8217;une hausse de la quotit\u00e9 d&#8217;imp\u00f4ts.<\/p>\n<p>Face \u00e0 cette situation, l&#8217;ex\u00e9cutif communal a envisag\u00e9 une alternative \u00e0 la hausse des imp\u00f4ts, \u00e0 savoir, l&#8217;\u00e9laboration d&#8217;un concept d&#8217;investissement immobilier. L&#8217;objectif est l&#8217;acquisition d\u2019immeubles par la commune, afin de les r\u00e9nover ou de les reconstruire, puis de les louer. Cette d\u00e9marche vise plusieurs effets positifs. Tout d&#8217;abord, les loyers per\u00e7us alimentent les finances communales. L&#8217;intervention des autorit\u00e9s publiques encourage \u00e9galement les investisseurs priv\u00e9s \u00e0 s&#8217;engager dans la vieille ville, ce qui a pour cons\u00e9quence d&#8217;accro\u00eetre la population et, par cons\u00e9quent, les recettes fiscales.<\/p>\n<\/div><div class=\"sia-beratung-db-slide-text\" data-index=\"2\" style=\"display:none;\"><p>C\u2019est en 2016 que le &#8222;concept d&#8217;investissement pour la vieille ville&#8220; a \u00e9t\u00e9 lanc\u00e9, dans le but de revitaliser le patrimoine b\u00e2ti du centre historique de Laufenburg ainsi que les b\u00e2timents de la localit\u00e9 rurale de Sulz. L&#8217;objectif \u00e9tait d&#8217;inciter les investisseurs priv\u00e9s \u00e0 embo\u00eeter le pas. \u00c0 la suite de l&#8217;approbation du cr\u00e9dit, de nombreux propri\u00e9taires priv\u00e9s ont en effet commenc\u00e9 \u00e0 investir dans leurs propres immeubles.<\/p>\n<p>Gr\u00e2ce \u00e0 ce concept, l\u2019ex\u00e9cutif municipal peut acqu\u00e9rir, r\u00e9nover ou reconstruire des immeubles pour un montant pouvant atteindre jusqu\u2019\u00e0 3,5 millions de francs par objet. En r\u00e8gle g\u00e9n\u00e9rale, seuls les immeubles dont les propri\u00e9taires se manifestent aupr\u00e8s de la commune peuvent \u00eatre achet\u00e9s.<\/p>\n<p>En 2022 la commune avait investi environ 10 millions de francs dans quatre propri\u00e9t\u00e9s, deux dans la vieille ville de Laufenburg et deux dans la localit\u00e9 de Sulz, ce qui \u00e9quivaut \u00e0 la moiti\u00e9 de cr\u00e9dit initial \u00e0 disposition.<\/p>\n<\/div><div class=\"sia-beratung-db-slide-text\" data-index=\"3\" style=\"display:none;\"><p>Il est essentiel de noter que ces efforts se concentrent sur un site d&#8217;importance nationale. Les interventions sur des sites \u00e0 haute valeur patrimoniale soul\u00e8vent en effet in\u00e9vitablement la question de leur rentabilit\u00e9. La r\u00e9ponse de Laufenburg est de tirer parti de la substance existante pour cr\u00e9er des logements attractifs et empreints de caract\u00e8re, tout en offrant un niveau \u00e9lev\u00e9 de qualit\u00e9 et une diversit\u00e9 de logements. Cela s\u2019illustre dans l\u2019immeuble Adler, par exemple, un b\u00e2timent historique imposant situ\u00e9 sur la place du march\u00e9, au c\u0153ur de la vieille-ville de Laufenburg.<\/p>\n<p>En r\u00e8gle g\u00e9n\u00e9rale, le d\u00e9veloppement des projets se fait \u00e0 travers des concours d\u2019architecture, ce qui garantit une vari\u00e9t\u00e9 d&#8217;id\u00e9es cr\u00e9atives et de perspectives pour le projet, encourage l&#8217;innovation et peut \u00e9galement permettre d&#8217;identifier les solutions les plus efficaces sur le plan financier. Le projet \u00abWir von der Kleinstadt Vier\u00bb, dans la localit\u00e9 de Sulz, en est un bon exemple. Agissant comme ma\u00eetre d\u2019ouvrage, la commune a pu diriger cette construction neuve vers une diversit\u00e9 typologique allant du 2,5 au 4,5 pi\u00e8ces, avec \u00e9galement un appartement-atelier et des locaux pour des activit\u00e9s de loisirs.<\/p>\n<\/div><\/div><div class=\"sia-beratung-db-filterbox\"><label class=\"toggle\" onclick=\"return window.siaBeratung.toggleFilterBox(this);\"><span>Argovie<\/span><span>Construire dans le b\u00e2ti existant<\/span><span>Politique fonci\u00e8re<\/span><span>EspaceSuisse<\/span><span>Commune<\/span><span>D\u00e9veloppement \u00e0 l\u2019int\u00e9rieur du milieu b\u00e2ti<\/span><span>Projets de construction communaux<\/span><span>Politique immobili\u00e8re<\/span><span>Taxation de la plus-value<\/span><span>Sites construits<\/span><span>Proc\u00e9dures d\u2019assurance qualit\u00e9<\/span><\/label><div class=\"options\"><a href=\"#\" onclick=\"return window.siaBeratung.setFilterBoxFilter(212);\">Argovie<\/a><a href=\"#\" onclick=\"return window.siaBeratung.setFilterBoxFilter(135);\">Construire dans le b\u00e2ti existant<\/a><a href=\"#\" onclick=\"return window.siaBeratung.setFilterBoxFilter(137);\">Politique fonci\u00e8re<\/a><a href=\"#\" onclick=\"return window.siaBeratung.setFilterBoxFilter(246);\">EspaceSuisse<\/a><a href=\"#\" onclick=\"return window.siaBeratung.setFilterBoxFilter(189);\">Commune<\/a><a href=\"#\" onclick=\"return window.siaBeratung.setFilterBoxFilter(142);\">D\u00e9veloppement \u00e0 l\u2019int\u00e9rieur du milieu b\u00e2ti<\/a><a href=\"#\" onclick=\"return window.siaBeratung.setFilterBoxFilter(161);\">Projets de construction communaux<\/a><a href=\"#\" onclick=\"return window.siaBeratung.setFilterBoxFilter(145);\">Politique immobili\u00e8re<\/a><a href=\"#\" onclick=\"return window.siaBeratung.setFilterBoxFilter(162);\">Taxation de la plus-value<\/a><a href=\"#\" onclick=\"return window.siaBeratung.setFilterBoxFilter(150);\">Sites construits<\/a><a href=\"#\" onclick=\"return window.siaBeratung.setFilterBoxFilter(166);\">Proc\u00e9dures d\u2019assurance qualit\u00e9<\/a><a href=\"#\" onclick=\"return window.siaBeratung.setFilterBoxFilter([135,137,142,145,150,161,162,166,189,212,246,288,289,290]);\">Alle Filter ausw\u00e4hlen<\/a><\/div><\/div><label class=\"sia-beratung-db-filterbox-spacer\">&nbsp;<\/label><\/div><a class=\"swiper-button swiper-button-next desktop\"><\/a><\/div><\/div><div class=\"sia-beratung-db-entry-searchtext\">laufenburg: aufwertung durch gezielte bodenpolitik | la ma\u00eetrise fonci\u00e8re publique est la facult\u00e9 d&#8217;utiliser la propri\u00e9t\u00e9 fonci\u00e8re pour influencer de mani\u00e8re strat\u00e9gique et durable le d\u00e9veloppement du territoire. les collectivit\u00e9s publiques ont le pouvoir de d\u00e9finir les processus de planification en tant qu\u2019autorit\u00e9s planificatrices. lorsqu\u2019elles sont propri\u00e9taires de terrains ou de biens immobiliers, elles ont \u00e9galement la possibilit\u00e9 d&#8217;utiliser leurs propri\u00e9t\u00e9s de mani\u00e8re strat\u00e9gique et cibl\u00e9e.ainsi, la ma\u00eetrise fonci\u00e8re repr\u00e9sente un puissant levier permettant de travailler, par exemple, sur la qualit\u00e9 urbaine, la programmation immobili\u00e8re ou la production de logements.r\u00f4le de la commune\u00a0: prendre l\u2019initiative, motiver, mettre au concours, mettre en \u0153uvreorganismes responsables\u00a0: commune et priv\u00e9ssource\u00a0:\u00a0densipedia | la petite cit\u00e9 de laufenburg figure dans l\u2019inventaire des sites construits \u00e0 prot\u00e9ger en suisse (isos).\r\u00a9florian inneman, espacesuisse | la commune de laufenburg, dans le fricktal a fusionn\u00e9 en 2010 avec le village rural voisin de sulz, et compte depuis 3700 habitant.es. de nombreux b\u00e2timents d\u00e9labr\u00e9s ou abandonn\u00e9s se trouvaient sur le territoire de la commune et de plus en plus de commerces ont d\u00fb fermer. cette situation s&#8217;accompagnait d&#8217;une situation financi\u00e8re tendue, marqu\u00e9e par un taux d&#8217;aide sociale plus \u00e9lev\u00e9 que la moyenne cantonale et la menace d&#8217;une hausse de la quotit\u00e9 d&#8217;imp\u00f4ts.face \u00e0 cette situation, l&#8217;ex\u00e9cutif communal a envisag\u00e9 une alternative \u00e0 la hausse des imp\u00f4ts, \u00e0 savoir, l&#8217;\u00e9laboration d&#8217;un concept d&#8217;investissement immobilier. l&#8217;objectif est l&#8217;acquisition d\u2019immeubles par la commune, afin de les r\u00e9nover ou de les reconstruire, puis de les louer. cette d\u00e9marche vise plusieurs effets positifs. tout d&#8217;abord, les loyers per\u00e7us alimentent les finances communales. l&#8217;intervention des autorit\u00e9s publiques encourage \u00e9galement les investisseurs priv\u00e9s \u00e0 s&#8217;engager dans la vieille ville, ce qui a pour cons\u00e9quence d&#8217;accro\u00eetre la population et, par cons\u00e9quent, les recettes fiscales. | \u00a9florian inneman, espacesuisse | c\u2019est en 2016 que le &#8222;concept d&#8217;investissement pour la vieille ville&#8220; a \u00e9t\u00e9 lanc\u00e9, dans le but de revitaliser le patrimoine b\u00e2ti du centre historique de laufenburg ainsi que les b\u00e2timents de la localit\u00e9 rurale de sulz. l&#8217;objectif \u00e9tait d&#8217;inciter les investisseurs priv\u00e9s \u00e0 embo\u00eeter le pas. \u00e0 la suite de l&#8217;approbation du cr\u00e9dit, de nombreux propri\u00e9taires priv\u00e9s ont en effet commenc\u00e9 \u00e0 investir dans leurs propres immeubles.gr\u00e2ce \u00e0 ce concept, l\u2019ex\u00e9cutif municipal peut acqu\u00e9rir, r\u00e9nover ou reconstruire des immeubles pour un montant pouvant atteindre jusqu\u2019\u00e0 3,5 millions de francs par objet. en r\u00e8gle g\u00e9n\u00e9rale, seuls les immeubles dont les propri\u00e9taires se manifestent aupr\u00e8s de la commune peuvent \u00eatre achet\u00e9s.en 2022 la commune avait investi environ 10 millions de francs dans quatre propri\u00e9t\u00e9s, deux dans la vieille ville de laufenburg et deux dans la localit\u00e9 de sulz, ce qui \u00e9quivaut \u00e0 la moiti\u00e9 de cr\u00e9dit initial \u00e0 disposition. | laufenburg r\u00e9nove elle-m\u00eame l\u2019immeuble adler, dont elle d\u00e9termine l\u2019utilisation et contribue ainsi \u00e0 redynamiser la vieille ville: des logements, des bureaux et un restaurant au rez-de-chauss\u00e9e.\r\u00a9florian inneman, espacesuisse  | il est essentiel de noter que ces efforts se concentrent sur un site d&#8217;importance nationale. les interventions sur des sites \u00e0 haute valeur patrimoniale soul\u00e8vent en effet in\u00e9vitablement la question de leur rentabilit\u00e9. la r\u00e9ponse de laufenburg est de tirer parti de la substance existante pour cr\u00e9er des logements attractifs et empreints de caract\u00e8re, tout en offrant un niveau \u00e9lev\u00e9 de qualit\u00e9 et une diversit\u00e9 de logements. cela s\u2019illustre dans l\u2019immeuble adler, par exemple, un b\u00e2timent historique imposant situ\u00e9 sur la place du march\u00e9, au c\u0153ur de la vieille-ville de laufenburg.en r\u00e8gle g\u00e9n\u00e9rale, le d\u00e9veloppement des projets se fait \u00e0 travers des concours d\u2019architecture, ce qui garantit une vari\u00e9t\u00e9 d&#8217;id\u00e9es cr\u00e9atives et de perspectives pour le projet, encourage l&#8217;innovation et peut \u00e9galement permettre d&#8217;identifier les solutions les plus efficaces sur le plan financier. le projet \u00abwir von der kleinstadt vier\u00bb, dans la localit\u00e9 de sulz, en est un bon exemple. agissant comme ma\u00eetre d\u2019ouvrage, la commune a pu diriger cette construction neuve vers une diversit\u00e9 typologique allant du 2,5 au 4,5 pi\u00e8ces, avec \u00e9galement un appartement-atelier et des locaux pour des activit\u00e9s de loisirs. | l\u2019immeuble d\u2019habitation \u00ab wir von der kleinstadt vier \u00bb\rd\u2019oliver christen architekten \u00e0 baden\r\u00a9 rasmus norlander | bauen im bestand | bodenpolitik | innenentwicklung | liegenschaftspolitik | ortsbilder | kommunale bauprojekte | mehrwertabsch\u00f6pfung | qualit\u00e4tssichernde verfahren | gemeinde | aargau | espacesuisse | de | fr | it<\/div><\/article><article class=\"sia-beratung-db-entry\" data-id=\"3099\" data-cpt=\"sia-beispiele\" data-slug=\"lausanne-echelettes-strasse-als-lebensraum\" data-lang-slug-de_de=\"\" data-lang-slug-en_gb=\"\" data-lang-slug-fr_fr=\"\" data-lang-slug-it_it=\"\" data-lat=\"46.5248405\" data-lng=\"6.6246942\" data-filter-136=\"1\" data-filter-141=\"1\" data-filter-142=\"1\" data-filter-143=\"1\" data-filter-144=\"1\" data-filter-146=\"1\" data-filter-147=\"1\" data-filter-148=\"1\" data-filter-149=\"1\" data-filter-152=\"1\" data-filter-161=\"1\" data-filter-166=\"1\" data-filter-247=\"1\" data-filter-288=\"1\" data-filter-289=\"1\" data-filter-290=\"1\" data-all-filter=\"136,141,142,143,144,146,147,148,149,152,161,166,247,288,289,290\"><div class=\"sia-beratung-db-entry-header\" onclick=\"return window.siaBeratung.toggleCpt(this);\"><div class=\"col-1\">Lausanne: la rue des Echelettes comme espace de vie<\/div><div class=\"col-2\">Lausanne, VD<\/div><div class=\"sia-beratung-db-angle\"><span class=\"sia-beratung-angle\"><\/span><\/div><\/div><div class=\"sia-beratung-db-entry-content\"><div class=\"sia-beratung-db-entry-content-columns\"><div class=\"col-1\"><div class=\"sia-beratung-db-entry-slides\"><div class=\"sia-beratung-db-entry-swiper\"><div class=\"swiper-wrapper\"><div class=\"swiper-slide\"><img loading=\"lazy\" decoding=\"async\" src=\"https:\/\/baukulturschweiz.ch\/wp-content\/uploads\/2024\/02\/15_Lausanne_Rue-des-echelettes-1_\u00a9M\u2014AP-architectes-copie-1024x768.jpg\" width=\"1024\" height=\"768\" \/><\/div><div class=\"swiper-slide\"><img loading=\"lazy\" decoding=\"async\" src=\"https:\/\/baukulturschweiz.ch\/wp-content\/uploads\/2024\/02\/15_Lausanne_Rue-des-echelettes-2_\u00a9M\u2014AP-architectes-1024x768.jpg\" width=\"1024\" height=\"768\" \/><\/div><div class=\"swiper-slide\"><img loading=\"lazy\" decoding=\"async\" src=\"https:\/\/baukulturschweiz.ch\/wp-content\/uploads\/2024\/01\/15_Lausanne_cSwisstopo-1024x768.jpg\" width=\"1024\" height=\"768\" \/><\/div><div class=\"swiper-slide\"><img loading=\"lazy\" decoding=\"async\" src=\"https:\/\/baukulturschweiz.ch\/wp-content\/uploads\/2024\/05\/Rue-des-echelettes-chantier-3_\u00a9Graines-didees_format-1024x768.jpg\" width=\"1024\" height=\"768\" \/><\/div><\/div><\/div><a class=\"swiper-button swiper-button-prev\"><\/a><a class=\"swiper-button swiper-button-next mobile\"><\/a><div class=\"sia-beratung-db-slide-legends\"><small data-index=\"0\">\u00a9M-AP Architectes<\/small><small data-index=\"1\" style=\"display:none;\">Etapes du processus participatif <br \/>\r\n\u00a9 graines d\u2019id\u00e9es und M -AP \u00abKandidatur f\u00fcr den Fl\u00e2neur d\u2019Or 2023\u00bb<\/small><small data-index=\"2\" style=\"display:none;\">\u00a9 swisstopo<\/small><small data-index=\"3\" style=\"display:none;\">Chantier participatif. <br \/>\r\n\u00a9Graines d'id\u00e9es<\/small><small class=\"pageNo\">1\/4<\/small><\/div><\/div><\/div><div class=\"col-2\"><div class=\"sia-beratung-db-slide-texts\"><div class=\"sia-beratung-db-slide-text\" data-index=\"0\"><p>Depuis le d\u00e9but du 21e si\u00e8cle, la Ville de Lausanne conna\u00eet un d\u00e9veloppement sans pr\u00e9c\u00e9dent. Si des efforts importants ont \u00e9t\u00e9 consentis dans la production de logement, les \u00e9quipements publics et les grandes infrastructures, l\u2019espace public est rest\u00e9 tr\u00e8s longtemps le parent pauvre de la politique urbaine. Ainsi, les rues et places \u00e9taient consid\u00e9r\u00e9es principalement par leur fonction de support de mobilit\u00e9s. En outre, les \u00e9tudes li\u00e9es \u00e0 l\u2019\u00e9laboration du Plan Climat ont montr\u00e9 que le territoire lausannois doit s\u2019adapter aux d\u00e9fis importants li\u00e9s aux changements climatiques.<\/p>\n<p>Aujourd\u2019hui, la Ville de Lausanne s\u2019est orient\u00e9e vers un urbanisme tactique dans ses rues afin de construire et de partager une culture de l\u2019espace public. Il s\u2019agit de sortir de la vision \u00ab tout mobilit\u00e9 \u00bb par une programmation holistique des espaces publics, de trouver la bonne articulation entre grands projets et interventions locales \u00e0 petite \u00e9chelle et de remettre l\u2019utilisateur au c\u0153ur des projets.<\/p>\n<p>En 2021 elle s\u2019est dot\u00e9e d\u2019une strat\u00e9gie de requalification de ses espaces publics. Outre la poursuite de la pi\u00e9tonnisation et le r\u00e9am\u00e9nagement du centre-ville, elle vise l\u2019am\u00e9nagement de l\u2019espace public pour celles et ceux qui y vivent plut\u00f4t que pour celles et ceux qui le traversent, accordant une importance particuli\u00e8re aux c\u0153urs de quartier et aux besoins des habitants.<\/p>\n<p><strong>R\u00f4le de la commune\u00a0: <\/strong>\u00c9couter, \u00e9valuer , soutenir, Initier le processus de r\u00e9flexion, co-cr\u00e9er (conception et r\u00e9alisation) le projet de requalification avec les habitantes et habitants<br \/>\n<strong>Organismes responsables\u00a0:<\/strong> Ville de Lausanne, Service de la mobilit\u00e9 et de l\u2019am\u00e9nagement des espaces publics<br \/>\n<strong>Auteurs du projet\u00a0: <\/strong>Graines d\u2019id\u00e9es (accompagnement de la d\u00e9marche participative, conception et travaux participatifs); M \u2013 AP Architectes (conception du projet d\u2019am\u00e9nagement);<br \/>\n<strong>R\u00e9alisation:<\/strong> Population riveraine (partiellement)<br \/>\n<strong>Source\u00a0:<\/strong> <a href=\"https:\/\/flaneurdor.ch\/projekt\/?pid=794\">Flaneur d\u2019Or, Auszeichnung<\/a><\/p>\n<\/div><div class=\"sia-beratung-db-slide-text\" data-index=\"1\" style=\"display:none;\"><p>La ville doit \u00eatre consid\u00e9r\u00e9e dans sa globalit\u00e9, ce qui induit une politique d\u2019ensemble prenant en compte notamment mobilit\u00e9, espaces publics et environnement. Afin d\u2019\u00eatre \u00e0 l\u2019\u00e9coute de la population, l\u2019espace public est abord\u00e9 comme un espace de co-cr\u00e9ation : des espaces partag\u00e9s sont imagin\u00e9s ensemble. La requalification de la rue des Echelettes s\u2019inscrit dans cette volont\u00e9 de mettre l\u2019usager au centre des r\u00e9flexions.<\/p>\n<p>Le projet de sa pi\u00e9tonnisation est n\u00e9 d\u2019une demande citoyenne (p\u00e9tition sign\u00e9e par 302 habitantes et habitants) et du programme \u00ab Rues vivantes \u00bb de la Ville de Lausanne. Celui-ci a notamment pour objet l\u2019am\u00e9nagement d\u2019espaces conviviaux au c\u0153ur des quartiers, pens\u00e9s pour l\u2019ensemble de la population. Il porte une attention particuli\u00e8re \u00e0 la place des enfants dans l\u2019espace public.<\/p>\n<\/div><div class=\"sia-beratung-db-slide-text\" data-index=\"2\" style=\"display:none;\"><p>Pour concevoir le devenir de cette rue, la Ville, en tant que porteur du projet, a d\u00e9cid\u00e9 d\u2019impliquer la population par un processus participatif. Trois ateliers ont accompagn\u00e9 la d\u00e9marche de requalification de la rue.<\/p>\n<p>Le premier atelier d\u00e9di\u00e9 aux r\u00e9flexions sur l\u2019avenir de la rue a d\u00e9bouch\u00e9 sur l\u2019identification des besoins et des envies pour le projet. Pour rendre la rue des Echelettes pi\u00e9tonne et vivante, les actions suivantes ont \u00e9t\u00e9 identifi\u00e9es par les participants : cr\u00e9er un espace fluide et convivial et une oasis de verdure, proposer des am\u00e9nagements amovibles, flexibles et multifonctionnels, r\u00e9aliser une rue ludique et \u00e9tendre le p\u00e9rim\u00e8tre pi\u00e9ton au-del\u00e0 de la rue.<\/p>\n<p>Sur la base du premier atelier, les architectes ont r\u00e9alis\u00e9 trois sc\u00e9narios qui ont \u00e9t\u00e9 discut\u00e9s avec une quarantaine d\u2019habitants lors d\u2019un second atelier.<\/p>\n<p>Le plan des am\u00e9nagements transitoires a \u00e9t\u00e9 pr\u00e9sent\u00e9 lors d\u2019un troisi\u00e8me atelier.<\/p>\n<\/div><div class=\"sia-beratung-db-slide-text\" data-index=\"3\" style=\"display:none;\"><p>Cette rue d\u00e9di\u00e9e pr\u00e9c\u00e9demment exclusivement \u00e0 la voiture est maintenant enti\u00e8rement pi\u00e9tonne. Moiti\u00e9 bitume et moiti\u00e9 jardin, elle est constitu\u00e9e de deux zones. Une zone d\u00e9bitum\u00e9e du c\u00f4t\u00e9 le plus ensoleill\u00e9 accueille la v\u00e9g\u00e9tation. Ce jardin propose une mise en sc\u00e8ne du cycle de transformation du sol. De l\u2019autre c\u00f4t\u00e9, une zone min\u00e9rale peinte invite au jeu, favorise la travers\u00e9e quotidienne des habitants mais permet encore l\u2019acc\u00e8s exceptionnel des v\u00e9hicules de secours.<\/p>\n<p>Cet am\u00e9nagement transitoire \u00e0 petite \u00e9chelle a \u00e9t\u00e9 mis en \u0153uvre par les principaux usagers : une cinquantaine d\u2019habitants a concr\u00e8tement particip\u00e9 \u00e0 cette m\u00e9tamorphose en r\u00e9alisant une partie des am\u00e9nagements lors de trois journ\u00e9es de chantier participatif.<\/p>\n<p>Inaugur\u00e9 en septembre 2021, le r\u00e9am\u00e9nagement a fait l\u2019objet d\u2019une \u00e9valuation durant les mois qui ont suivi. Elle a confirm\u00e9 que la rue est devenue v\u00e9ritablement vivante pour les diff\u00e9rents publics du quartier : elle est davantage fr\u00e9quent\u00e9e et permet de nouvelles rencontres et les diff\u00e9rents \u00e9v\u00e9nements organis\u00e9s ont un taux \u00e9lev\u00e9 de participation. Le seul b\u00e9mol \u00e9voqu\u00e9 est le bruit induit par les rires et les cris des enfants qui peuvent d\u00e9ranger.<\/p>\n<\/div><\/div><div class=\"sia-beratung-db-filterbox\"><label class=\"toggle\" onclick=\"return window.siaBeratung.toggleFilterBox(this);\"><span>Biodiversit\u00e9<\/span><span>Mobilit\u00e9 pi\u00e9tonne Suisse<\/span><span>Infrastructure<\/span><span>D\u00e9veloppement \u00e0 l\u2019int\u00e9rieur du milieu b\u00e2ti<\/span><span>Climat<\/span><span>Projets de construction communaux<\/span><span>Paysage<\/span><span>Participation<\/span><span>Mobilit\u00e9<\/span><span>Durabilit\u00e9<\/span><span>Espace public<\/span><span>Processus<\/span><span>Proc\u00e9dures d\u2019assurance qualit\u00e9<\/span><\/label><div class=\"options\"><a href=\"#\" onclick=\"return window.siaBeratung.setFilterBoxFilter(136);\">Biodiversit\u00e9<\/a><a href=\"#\" onclick=\"return window.siaBeratung.setFilterBoxFilter(247);\">Mobilit\u00e9 pi\u00e9tonne Suisse<\/a><a href=\"#\" onclick=\"return window.siaBeratung.setFilterBoxFilter(141);\">Infrastructure<\/a><a href=\"#\" onclick=\"return window.siaBeratung.setFilterBoxFilter(142);\">D\u00e9veloppement \u00e0 l\u2019int\u00e9rieur du milieu b\u00e2ti<\/a><a href=\"#\" onclick=\"return window.siaBeratung.setFilterBoxFilter(143);\">Climat<\/a><a href=\"#\" onclick=\"return window.siaBeratung.setFilterBoxFilter(161);\">Projets de construction communaux<\/a><a href=\"#\" onclick=\"return window.siaBeratung.setFilterBoxFilter(144);\">Paysage<\/a><a href=\"#\" onclick=\"return window.siaBeratung.setFilterBoxFilter(146);\">Participation<\/a><a href=\"#\" onclick=\"return window.siaBeratung.setFilterBoxFilter(147);\">Mobilit\u00e9<\/a><a href=\"#\" onclick=\"return window.siaBeratung.setFilterBoxFilter(148);\">Durabilit\u00e9<\/a><a href=\"#\" onclick=\"return window.siaBeratung.setFilterBoxFilter(149);\">Espace public<\/a><a href=\"#\" onclick=\"return window.siaBeratung.setFilterBoxFilter(152);\">Processus<\/a><a href=\"#\" onclick=\"return window.siaBeratung.setFilterBoxFilter(166);\">Proc\u00e9dures d\u2019assurance qualit\u00e9<\/a><a href=\"#\" onclick=\"return window.siaBeratung.setFilterBoxFilter([136,141,142,143,144,146,147,148,149,152,161,166,247,288,289,290]);\">Alle Filter ausw\u00e4hlen<\/a><\/div><\/div><label class=\"sia-beratung-db-filterbox-spacer\">&nbsp;<\/label><\/div><a class=\"swiper-button swiper-button-next desktop\"><\/a><\/div><\/div><div class=\"sia-beratung-db-entry-searchtext\">lausanne echelettes: strasse als lebensraum | depuis le d\u00e9but du 21e si\u00e8cle, la ville de lausanne conna\u00eet un d\u00e9veloppement sans pr\u00e9c\u00e9dent. si des efforts importants ont \u00e9t\u00e9 consentis dans la production de logement, les \u00e9quipements publics et les grandes infrastructures, l\u2019espace public est rest\u00e9 tr\u00e8s longtemps le parent pauvre de la politique urbaine. ainsi, les rues et places \u00e9taient consid\u00e9r\u00e9es principalement par leur fonction de support de mobilit\u00e9s. en outre, les \u00e9tudes li\u00e9es \u00e0 l\u2019\u00e9laboration du plan climat ont montr\u00e9 que le territoire lausannois doit s\u2019adapter aux d\u00e9fis importants li\u00e9s aux changements climatiques.aujourd\u2019hui, la ville de lausanne s\u2019est orient\u00e9e vers un urbanisme tactique dans ses rues afin de construire et de partager une culture de l\u2019espace public. il s\u2019agit de sortir de la vision \u00ab tout mobilit\u00e9 \u00bb par une programmation holistique des espaces publics, de trouver la bonne articulation entre grands projets et interventions locales \u00e0 petite \u00e9chelle et de remettre l\u2019utilisateur au c\u0153ur des projets.en 2021 elle s\u2019est dot\u00e9e d\u2019une strat\u00e9gie de requalification de ses espaces publics. outre la poursuite de la pi\u00e9tonnisation et le r\u00e9am\u00e9nagement du centre-ville, elle vise l\u2019am\u00e9nagement de l\u2019espace public pour celles et ceux qui y vivent plut\u00f4t que pour celles et ceux qui le traversent, accordant une importance particuli\u00e8re aux c\u0153urs de quartier et aux besoins des habitants.r\u00f4le de la commune\u00a0: \u00e9couter, \u00e9valuer , soutenir, initier le processus de r\u00e9flexion, co-cr\u00e9er (conception et r\u00e9alisation) le projet de requalification avec les habitantes et habitantsorganismes responsables\u00a0: ville de lausanne, service de la mobilit\u00e9 et de l\u2019am\u00e9nagement des espaces publicsauteurs du projet\u00a0: graines d\u2019id\u00e9es (accompagnement de la d\u00e9marche participative, conception et travaux participatifs); m \u2013 ap architectes (conception du projet d\u2019am\u00e9nagement);r\u00e9alisation: population riveraine (partiellement)source\u00a0: flaneur d\u2019or, auszeichnung | \u00a9m-ap architectes | la ville doit \u00eatre consid\u00e9r\u00e9e dans sa globalit\u00e9, ce qui induit une politique d\u2019ensemble prenant en compte notamment mobilit\u00e9, espaces publics et environnement. afin d\u2019\u00eatre \u00e0 l\u2019\u00e9coute de la population, l\u2019espace public est abord\u00e9 comme un espace de co-cr\u00e9ation : des espaces partag\u00e9s sont imagin\u00e9s ensemble. la requalification de la rue des echelettes s\u2019inscrit dans cette volont\u00e9 de mettre l\u2019usager au centre des r\u00e9flexions.le projet de sa pi\u00e9tonnisation est n\u00e9 d\u2019une demande citoyenne (p\u00e9tition sign\u00e9e par 302 habitantes et habitants) et du programme \u00ab rues vivantes \u00bb de la ville de lausanne. celui-ci a notamment pour objet l\u2019am\u00e9nagement d\u2019espaces conviviaux au c\u0153ur des quartiers, pens\u00e9s pour l\u2019ensemble de la population. il porte une attention particuli\u00e8re \u00e0 la place des enfants dans l\u2019espace public. | etapes du processus participatif \r\u00a9 graines d\u2019id\u00e9es und m -ap \u00abkandidatur f\u00fcr den fl\u00e2neur d\u2019or 2023\u00bb | pour concevoir le devenir de cette rue, la ville, en tant que porteur du projet, a d\u00e9cid\u00e9 d\u2019impliquer la population par un processus participatif. trois ateliers ont accompagn\u00e9 la d\u00e9marche de requalification de la rue.le premier atelier d\u00e9di\u00e9 aux r\u00e9flexions sur l\u2019avenir de la rue a d\u00e9bouch\u00e9 sur l\u2019identification des besoins et des envies pour le projet. pour rendre la rue des echelettes pi\u00e9tonne et vivante, les actions suivantes ont \u00e9t\u00e9 identifi\u00e9es par les participants : cr\u00e9er un espace fluide et convivial et une oasis de verdure, proposer des am\u00e9nagements amovibles, flexibles et multifonctionnels, r\u00e9aliser une rue ludique et \u00e9tendre le p\u00e9rim\u00e8tre pi\u00e9ton au-del\u00e0 de la rue.sur la base du premier atelier, les architectes ont r\u00e9alis\u00e9 trois sc\u00e9narios qui ont \u00e9t\u00e9 discut\u00e9s avec une quarantaine d\u2019habitants lors d\u2019un second atelier.le plan des am\u00e9nagements transitoires a \u00e9t\u00e9 pr\u00e9sent\u00e9 lors d\u2019un troisi\u00e8me atelier. | \u00a9 swisstopo | cette rue d\u00e9di\u00e9e pr\u00e9c\u00e9demment exclusivement \u00e0 la voiture est maintenant enti\u00e8rement pi\u00e9tonne. moiti\u00e9 bitume et moiti\u00e9 jardin, elle est constitu\u00e9e de deux zones. une zone d\u00e9bitum\u00e9e du c\u00f4t\u00e9 le plus ensoleill\u00e9 accueille la v\u00e9g\u00e9tation. ce jardin propose une mise en sc\u00e8ne du cycle de transformation du sol. de l\u2019autre c\u00f4t\u00e9, une zone min\u00e9rale peinte invite au jeu, favorise la travers\u00e9e quotidienne des habitants mais permet encore l\u2019acc\u00e8s exceptionnel des v\u00e9hicules de secours.cet am\u00e9nagement transitoire \u00e0 petite \u00e9chelle a \u00e9t\u00e9 mis en \u0153uvre par les principaux usagers : une cinquantaine d\u2019habitants a concr\u00e8tement particip\u00e9 \u00e0 cette m\u00e9tamorphose en r\u00e9alisant une partie des am\u00e9nagements lors de trois journ\u00e9es de chantier participatif.inaugur\u00e9 en septembre 2021, le r\u00e9am\u00e9nagement a fait l\u2019objet d\u2019une \u00e9valuation durant les mois qui ont suivi. elle a confirm\u00e9 que la rue est devenue v\u00e9ritablement vivante pour les diff\u00e9rents publics du quartier : elle est davantage fr\u00e9quent\u00e9e et permet de nouvelles rencontres et les diff\u00e9rents \u00e9v\u00e9nements organis\u00e9s ont un taux \u00e9lev\u00e9 de participation. le seul b\u00e9mol \u00e9voqu\u00e9 est le bruit induit par les rires et les cris des enfants qui peuvent d\u00e9ranger. | chantier participatif. \r\u00a9graines d'id\u00e9es | biodiversit\u00e4t | infrastruktur | innenentwicklung | klima | landschaft | mitwirkung | mobilit\u00e4t | nachhaltigkeit | \u00f6ffentlicher raum | prozesse | kommunale bauprojekte | qualit\u00e4tssichernde verfahren | fussverkehr schweiz | de | fr | it<\/div><\/article><article class=\"sia-beratung-db-entry\" data-id=\"1593\" data-cpt=\"sia-angebote\" data-slug=\"le-3dd-espace-de-concertation\" data-lat=\"53.5507112\" data-lng=\"10.0006485\" data-filter-139=\"1\" data-filter-143=\"1\" data-filter-146=\"1\" data-filter-148=\"1\" data-filter-149=\"1\" data-filter-219=\"1\" data-filter-276=\"1\" data-filter-283=\"1\" data-filter-289=\"1\" data-all-filter=\"139,143,146,148,149,219,276,283,289\"><div class=\"sia-beratung-db-entry-header\" onclick=\"return window.siaBeratung.toggleCpt(this);\"><div class=\"col-1\">Le 3DD \u2013 espace de concertation<\/div><div class=\"col-2\"><span>Gen\u00e8ve<\/span><\/div><div class=\"col-3\"><span>Partage d'exp\u00e9riences<\/span><span>Plateforme<\/span><\/div><div class=\"sia-beratung-db-angle\"><span class=\"sia-beratung-angle\"><\/span><\/div><\/div><div class=\"sia-beratung-db-entry-content\"><div class=\"sia-beratung-db-entry-content-columns\"><div class=\"col-1\"><p>Le 3DD \u2013 espace de concertation accueille toutes les personnes qui souhaitent partager id\u00e9es, exp\u00e9riences, savoirs et m\u00e9thodes pour consolider des d\u00e9marches de participation citoyenne et de coop\u00e9ration, au service de la ville de Gen\u00e8ve et des territoires en transition \u00e9cologique.<\/p>\n<\/div><div class=\"col-2\"><\/div><\/div><div class=\"sia-beratung-db-entry-footer\"><div class=\"col-1\"><a href=\"https:\/\/3ddge.ch\/html\/\" class=\"sia-beratung-db-entry-link\" target=\"_blank\" rel=\"noopener\">Link zum Angebot<\/a><\/div><div class=\"col-2\"><div class=\"sia-beratung-db-filterbox\"><label class=\"toggle\" onclick=\"return window.siaBeratung.toggleFilterBox(this);\"><span>Dialogue<\/span><span>Partage d'exp\u00e9riences<\/span><span>Gen\u00e8ve<\/span><span>Climat<\/span><span>Participation<\/span><span>Durabilit\u00e9<\/span><span>Espace public<\/span><span>Plateforme<\/span><\/label><div class=\"options\"><a href=\"#\" onclick=\"return window.siaBeratung.setFilterBoxFilter(139);\">Dialogue<\/a><a href=\"#\" onclick=\"return window.siaBeratung.setFilterBoxFilter(276);\">Partage d'exp\u00e9riences<\/a><a href=\"#\" onclick=\"return window.siaBeratung.setFilterBoxFilter(219);\">Gen\u00e8ve<\/a><a href=\"#\" onclick=\"return window.siaBeratung.setFilterBoxFilter(143);\">Climat<\/a><a href=\"#\" onclick=\"return window.siaBeratung.setFilterBoxFilter(146);\">Participation<\/a><a href=\"#\" onclick=\"return window.siaBeratung.setFilterBoxFilter(148);\">Durabilit\u00e9<\/a><a href=\"#\" onclick=\"return window.siaBeratung.setFilterBoxFilter(149);\">Espace public<\/a><a href=\"#\" onclick=\"return window.siaBeratung.setFilterBoxFilter(283);\">Plateforme<\/a><a href=\"#\" onclick=\"return window.siaBeratung.setFilterBoxFilter([139,143,146,148,149,219,276,283,289]);\">Alle Filter ausw\u00e4hlen<\/a><\/div><\/div><label class=\"sia-beratung-db-filterbox-spacer\">&nbsp;<\/label><\/div><\/div><\/div><div class=\"sia-beratung-db-entry-searchtext\">le 3dd \u2013 espace de concertation | le 3dd \u2013 espace de concertation accueille toutes les personnes qui souhaitent partager id\u00e9es, exp\u00e9riences, savoirs et m\u00e9thodes pour consolider des d\u00e9marches de participation citoyenne et de coop\u00e9ration, au service de la ville de gen\u00e8ve et des territoires en transition \u00e9cologique. | dialog | klima | mitwirkung | nachhaltigkeit | \u00f6ffentlicher raum | genf | erfahrungsaustausch | plattform | fr<\/div><\/article><article class=\"sia-beratung-db-entry\" data-id=\"2368\" data-cpt=\"sia-angebote\" data-slug=\"le-participatif-un-guide-pour-accompagner-vos-demarches-participatives\" data-lang-slug-de_de=\"\" data-lang-slug-en_gb=\"\" data-lang-slug-fr_fr=\"\" data-lang-slug-it_it=\"\" data-lat=\"53.5507112\" data-lng=\"10.0008202\" data-filter-139=\"1\" data-filter-146=\"1\" data-filter-151=\"1\" data-filter-161=\"1\" data-filter-189=\"1\" data-filter-270=\"1\" data-filter-289=\"1\" data-all-filter=\"139,146,151,161,189,270,289\"><div class=\"sia-beratung-db-entry-header\" onclick=\"return window.siaBeratung.toggleCpt(this);\"><div class=\"col-1\">\u00abLe participatif\u00bb: un guide pour accompagner vos d\u00e9marches participatives!<\/div><div class=\"col-2\"><span>Commune<\/span><\/div><div class=\"col-3\"><span>Guide<\/span><\/div><div class=\"sia-beratung-db-angle\"><span class=\"sia-beratung-angle\"><\/span><\/div><\/div><div class=\"sia-beratung-db-entry-content\"><div class=\"sia-beratung-db-entry-content-columns\"><div class=\"col-1\"><p>Gr\u00e2ce au soutien de l\u2019UNICEF, la Ville de Lausanne a r\u00e9dig\u00e9 \u00abLe participatif: un guide pour accompagner vos d\u00e9marches participatives\u00bb. Cet outil pratique est destin\u00e9 aux responsables de projets souhaitant favoriser la participation de tous les publics, en particulier les enfants et les jeunes, dans leurs projets.<\/p>\n<\/div><div class=\"col-2\"><\/div><\/div><div class=\"sia-beratung-db-entry-footer\"><div class=\"col-1\"><a href=\"https:\/\/www.lausanne.ch\/portrait\/cohesion-sociale\/participation\/a-propos\/guide-participation.html\" class=\"sia-beratung-db-entry-link\" target=\"_blank\" rel=\"noopener\">Link zum Angebot<\/a><\/div><div class=\"col-2\"><div class=\"sia-beratung-db-filterbox\"><label class=\"toggle\" onclick=\"return window.siaBeratung.toggleFilterBox(this);\"><span>Guide<\/span><span>Dialogue<\/span><span>Commune<\/span><span>Projets de construction communaux<\/span><span>Participation<\/span><span>Outils de planification<\/span><\/label><div class=\"options\"><a href=\"#\" onclick=\"return window.siaBeratung.setFilterBoxFilter(270);\">Guide<\/a><a href=\"#\" onclick=\"return window.siaBeratung.setFilterBoxFilter(139);\">Dialogue<\/a><a href=\"#\" onclick=\"return window.siaBeratung.setFilterBoxFilter(189);\">Commune<\/a><a href=\"#\" onclick=\"return window.siaBeratung.setFilterBoxFilter(161);\">Projets de construction communaux<\/a><a href=\"#\" onclick=\"return window.siaBeratung.setFilterBoxFilter(146);\">Participation<\/a><a href=\"#\" onclick=\"return window.siaBeratung.setFilterBoxFilter(151);\">Outils de planification<\/a><a href=\"#\" onclick=\"return window.siaBeratung.setFilterBoxFilter([139,146,151,161,189,270,289]);\">Alle Filter ausw\u00e4hlen<\/a><\/div><\/div><label class=\"sia-beratung-db-filterbox-spacer\">&nbsp;<\/label><\/div><\/div><\/div><div class=\"sia-beratung-db-entry-searchtext\">\u00able participatif\u00bb: un guide pour accompagner vos d\u00e9marches participatives! | gr\u00e2ce au soutien de l\u2019unicef, la ville de lausanne a r\u00e9dig\u00e9 \u00able participatif: un guide pour accompagner vos d\u00e9marches participatives\u00bb. cet outil pratique est destin\u00e9 aux responsables de projets souhaitant favoriser la participation de tous les publics, en particulier les enfants et les jeunes, dans leurs projets. | dialog | mitwirkung | planungsinstrumente | kommunale bauprojekte | gemeinde | arbeitshilfe | fr<\/div><\/article><article class=\"sia-beratung-db-entry\" data-id=\"1621\" data-cpt=\"sia-angebote\" data-slug=\"siedlungsentwicklung-nach-innen\" data-lang-slug-de_de=\"\" data-lang-slug-en_gb=\"\" data-lang-slug-fr_fr=\"\" data-lang-slug-it_it=\"\" data-lat=\"53.5507112\" data-lng=\"10.0006485\" data-filter-135=\"1\" data-filter-142=\"1\" data-filter-167=\"1\" data-filter-218=\"1\" data-filter-224=\"1\" data-filter-235=\"1\" data-filter-270=\"1\" data-filter-288=\"1\" data-filter-289=\"1\" data-all-filter=\"135,142,167,218,224,235,270,288,289\"><div class=\"sia-beratung-db-entry-header\" onclick=\"return window.siaBeratung.toggleCpt(this);\"><div class=\"col-1\">Les enjeux du d\u00e9veloppement vers l\u2019int\u00e9rieur<\/div><div class=\"col-2\"><span>Fribourg<\/span><span>Neuch\u00e2tel<\/span><span>Valais<\/span><\/div><div class=\"col-3\"><span>Guide<\/span><\/div><div class=\"sia-beratung-db-angle\"><span class=\"sia-beratung-angle\"><\/span><\/div><\/div><div class=\"sia-beratung-db-entry-content\"><div class=\"sia-beratung-db-entry-content-columns\"><div class=\"col-1\"><p>Densification, construction vers l&#8217;int\u00e9rieur et requalification sont devenus les ma\u00eetres-mots en mati\u00e8re de d\u00e9veloppement. Les cantons de Neuch\u00e2tel, de Fribourg et du Valais, ont \u00e9tabli un guide et une exposition, \u00e0 l&#8217;attention des communes et du grand public, afin d&#8217;accompagner ce changement de paradigme.<\/p>\n<\/div><div class=\"col-2\"><\/div><\/div><div class=\"sia-beratung-db-entry-footer\"><div class=\"col-1\"><a href=\"https:\/\/www.fr.ch\/territoire-amenagement-et-constructions\/territoire\/les-enjeux-du-developpement-vers-linterieur\" class=\"sia-beratung-db-entry-link\" target=\"_blank\" rel=\"noopener\">Link zum Angebot<\/a><\/div><div class=\"col-2\"><div class=\"sia-beratung-db-filterbox\"><label class=\"toggle\" onclick=\"return window.siaBeratung.toggleFilterBox(this);\"><span>Guide<\/span><span>Construire dans le b\u00e2ti existant<\/span><span>Fribourg<\/span><span>D\u00e9veloppement \u00e0 l\u2019int\u00e9rieur du milieu b\u00e2ti<\/span><span>Neuch\u00e2tel<\/span><span>Strat\u00e9gies de d\u00e9veloppement territorial<\/span><span>Valais<\/span><\/label><div class=\"options\"><a href=\"#\" onclick=\"return window.siaBeratung.setFilterBoxFilter(270);\">Guide<\/a><a href=\"#\" onclick=\"return window.siaBeratung.setFilterBoxFilter(135);\">Construire dans le b\u00e2ti existant<\/a><a href=\"#\" onclick=\"return window.siaBeratung.setFilterBoxFilter(218);\">Fribourg<\/a><a href=\"#\" onclick=\"return window.siaBeratung.setFilterBoxFilter(142);\">D\u00e9veloppement \u00e0 l\u2019int\u00e9rieur du milieu b\u00e2ti<\/a><a href=\"#\" onclick=\"return window.siaBeratung.setFilterBoxFilter(224);\">Neuch\u00e2tel<\/a><a href=\"#\" onclick=\"return window.siaBeratung.setFilterBoxFilter(167);\">Strat\u00e9gies de d\u00e9veloppement territorial<\/a><a href=\"#\" onclick=\"return window.siaBeratung.setFilterBoxFilter(235);\">Valais<\/a><a href=\"#\" onclick=\"return window.siaBeratung.setFilterBoxFilter([135,142,167,218,224,235,270,288,289]);\">Alle Filter ausw\u00e4hlen<\/a><\/div><\/div><label class=\"sia-beratung-db-filterbox-spacer\">&nbsp;<\/label><\/div><\/div><\/div><div class=\"sia-beratung-db-entry-searchtext\">siedlungsentwicklung nach innen | densification, construction vers l&#8217;int\u00e9rieur et requalification sont devenus les ma\u00eetres-mots en mati\u00e8re de d\u00e9veloppement. les cantons de neuch\u00e2tel, de fribourg et du valais, ont \u00e9tabli un guide et une exposition, \u00e0 l&#8217;attention des communes et du grand public, afin d&#8217;accompagner ce changement de paradigme. | bauen im bestand | innenentwicklung | r\u00e4umliche entwicklungsleitbilder | freiburg | neuenburg | wallis | arbeitshilfe | de | fr<\/div><\/article><article class=\"sia-beratung-db-entry\" data-id=\"2897\" data-cpt=\"sia-angebote\" data-slug=\"les-fiches-typoreno-vd\" data-lang-slug-de_de=\"\" data-lang-slug-en_gb=\"\" data-lang-slug-fr_fr=\"\" data-lang-slug-it_it=\"\" data-lat=\"53.5507112\" data-lng=\"10.0008202\" data-filter-135=\"1\" data-filter-138=\"1\" data-filter-140=\"1\" data-filter-143=\"1\" data-filter-148=\"1\" data-filter-160=\"1\" data-filter-205=\"1\" data-filter-234=\"1\" data-filter-270=\"1\" data-filter-289=\"1\" data-all-filter=\"135,138,140,143,148,160,205,234,270,289\"><div class=\"sia-beratung-db-entry-header\" onclick=\"return window.siaBeratung.toggleCpt(this);\"><div class=\"col-1\">Les fiches TypoRENO-VD<\/div><div class=\"col-2\"><span>HEIA-FR Haute \u00e9cole d'ing\u00e9nierie et d'architecture de Fribourg<\/span><span>Vaud<\/span><\/div><div class=\"col-3\"><span>Guide<\/span><\/div><div class=\"sia-beratung-db-angle\"><span class=\"sia-beratung-angle\"><\/span><\/div><\/div><div class=\"sia-beratung-db-entry-content\"><div class=\"sia-beratung-db-entry-content-columns\"><div class=\"col-1\"><p>Afin d\u2019harmoniser au mieux les objectifs des politiques publiques qu\u2019ils promeuvent, la Division monuments et sites et la Direction de l\u2019\u00e9nergie ont d\u00e9cid\u00e9 de collaborer \u00e9troitement pour \u00e9laborer une strat\u00e9gie commune d\u00e9di\u00e9e \u00e0 la restauration du patrimoine vaudois. Dans cette optique, elles ont fait appel aux services de l\u2019Institut Transform de la HEIA-FR en vue de cr\u00e9er un catalogue de fiches de \u201ebonnes pratiques\u201c.<\/p>\n<\/div><div class=\"col-2\"><\/div><\/div><div class=\"sia-beratung-db-entry-footer\"><div class=\"col-1\"><a href=\"https:\/\/www.vd.ch\/typoreno\" class=\"sia-beratung-db-entry-link\" target=\"_blank\" rel=\"noopener\">Link zum Angebot<\/a><\/div><div class=\"col-2\"><div class=\"sia-beratung-db-filterbox\"><label class=\"toggle\" onclick=\"return window.siaBeratung.toggleFilterBox(this);\"><span>Guide<\/span><span>Construire dans le b\u00e2ti existant<\/span><span>Monuments<\/span><span>Energie<\/span><span>HEIA-FR Haute \u00e9cole d'ing\u00e9nierie et d'architecture de Fribourg<\/span><span>Inventaires<\/span><span>Climat<\/span><span>Durabilit\u00e9<\/span><span>Vaud<\/span><\/label><div class=\"options\"><a href=\"#\" onclick=\"return window.siaBeratung.setFilterBoxFilter(270);\">Guide<\/a><a href=\"#\" onclick=\"return window.siaBeratung.setFilterBoxFilter(135);\">Construire dans le b\u00e2ti existant<\/a><a href=\"#\" onclick=\"return window.siaBeratung.setFilterBoxFilter(138);\">Monuments<\/a><a href=\"#\" onclick=\"return window.siaBeratung.setFilterBoxFilter(140);\">Energie<\/a><a href=\"#\" onclick=\"return window.siaBeratung.setFilterBoxFilter(205);\">HEIA-FR Haute \u00e9cole d'ing\u00e9nierie et d'architecture de Fribourg<\/a><a href=\"#\" onclick=\"return window.siaBeratung.setFilterBoxFilter(160);\">Inventaires<\/a><a href=\"#\" onclick=\"return window.siaBeratung.setFilterBoxFilter(143);\">Climat<\/a><a href=\"#\" onclick=\"return window.siaBeratung.setFilterBoxFilter(148);\">Durabilit\u00e9<\/a><a href=\"#\" onclick=\"return window.siaBeratung.setFilterBoxFilter(234);\">Vaud<\/a><a href=\"#\" onclick=\"return window.siaBeratung.setFilterBoxFilter([135,138,140,143,148,160,205,234,270,289]);\">Alle Filter ausw\u00e4hlen<\/a><\/div><\/div><label class=\"sia-beratung-db-filterbox-spacer\">&nbsp;<\/label><\/div><\/div><\/div><div class=\"sia-beratung-db-entry-searchtext\">les fiches typoreno-vd | afin d\u2019harmoniser au mieux les objectifs des politiques publiques qu\u2019ils promeuvent, la division monuments et sites et la direction de l\u2019\u00e9nergie ont d\u00e9cid\u00e9 de collaborer \u00e9troitement pour \u00e9laborer une strat\u00e9gie commune d\u00e9di\u00e9e \u00e0 la restauration du patrimoine vaudois. dans cette optique, elles ont fait appel aux services de l\u2019institut transform de la heia-fr en vue de cr\u00e9er un catalogue de fiches de \u201ebonnes pratiques\u201c. | bauen im bestand | denkm\u00e4ler | energie | klima | nachhaltigkeit | inventare | hta-fr hochschule f\u00fcr technik und architektur freiburg | waadt | arbeitshilfe | fr<\/div><\/article><article class=\"sia-beratung-db-entry\" data-id=\"1453\" data-cpt=\"sia-beispiele\" data-slug=\"lichtensteig-macht-es-sich-leicht\" data-lang-slug-de_de=\"\" data-lang-slug-en_gb=\"\" data-lang-slug-fr_fr=\"\" data-lang-slug-it_it=\"\" data-lat=\"47.3232324\" data-lng=\"9.0875816\" data-filter-135=\"1\" data-filter-138=\"1\" data-filter-139=\"1\" data-filter-142=\"1\" data-filter-145=\"1\" data-filter-146=\"1\" data-filter-148=\"1\" data-filter-149=\"1\" data-filter-152=\"1\" data-filter-160=\"1\" data-filter-161=\"1\" data-filter-246=\"1\" data-filter-288=\"1\" data-filter-289=\"1\" data-filter-290=\"1\" data-all-filter=\"135,138,139,142,145,146,148,149,152,160,161,246,288,289,290\"><div class=\"sia-beratung-db-entry-header\" onclick=\"return window.siaBeratung.toggleCpt(this);\"><div class=\"col-1\">Lichtensteig se simplifie la vie<\/div><div class=\"col-2\">Lichtensteig, SG<\/div><div class=\"sia-beratung-db-angle\"><span class=\"sia-beratung-angle\"><\/span><\/div><\/div><div class=\"sia-beratung-db-entry-content\"><div class=\"sia-beratung-db-entry-content-columns\"><div class=\"col-1\"><div class=\"sia-beratung-db-entry-slides\"><div class=\"sia-beratung-db-entry-swiper\"><div class=\"swiper-wrapper\"><div class=\"swiper-slide\"><img loading=\"lazy\" decoding=\"async\" src=\"https:\/\/baukulturschweiz.ch\/wp-content\/uploads\/2023\/06\/2023-04-20-090401-lichtensteig-1-hanes-sturzenegger-1024x768.jpg\" width=\"1024\" height=\"768\" \/><\/div><div class=\"swiper-slide\"><img loading=\"lazy\" decoding=\"async\" src=\"https:\/\/baukulturschweiz.ch\/wp-content\/uploads\/2023\/06\/2023-04-20-090726-lichtensteig-2-hanes-sturzenegger-1024x768.jpg\" width=\"1024\" height=\"768\" \/><\/div><div class=\"swiper-slide\"><img loading=\"lazy\" decoding=\"async\" src=\"https:\/\/baukulturschweiz.ch\/wp-content\/uploads\/2023\/06\/2023-04-20-090826-lichtensteig-3-hanes-sturzenegger-1024x768.jpg\" width=\"1024\" height=\"768\" \/><\/div><div class=\"swiper-slide\"><img loading=\"lazy\" decoding=\"async\" src=\"https:\/\/baukulturschweiz.ch\/wp-content\/uploads\/2023\/06\/2023-04-20-090936-lichtensteig-4-hanes-sturzenegger-1024x768.jpg\" width=\"1024\" height=\"768\" \/><\/div><div class=\"swiper-slide\"><img loading=\"lazy\" decoding=\"async\" src=\"https:\/\/baukulturschweiz.ch\/wp-content\/uploads\/2023\/06\/2023-04-20-091034-be-lichtensteig-5-c-swisstopo-1024x768.jpg\" width=\"1024\" height=\"768\" \/><\/div><\/div><\/div><a class=\"swiper-button swiper-button-prev\"><\/a><a class=\"swiper-button swiper-button-next mobile\"><\/a><div class=\"sia-beratung-db-slide-legends\"><small data-index=\"0\">D\u00e9m\u00e9nager dans le b\u00e2timent voisin&nbsp;: une mani\u00e8re simple de faire d\u2019une pierre deux coups<br \/>\r\n\u00a9 Hans Sturzenegger<\/small><small data-index=\"1\" style=\"display:none;\">Tout le monde y gagne, m\u00eame sous la pluie<br \/>\r\n\u00a9 Hans Sturzenegger<\/small><small data-index=\"2\" style=\"display:none;\">Affectation interm\u00e9diaire cibl\u00e9e de l\u2019ancien h\u00f4tel de ville<br \/>\r\n\u00a9 Hans Sturzenegger<\/small><small data-index=\"3\" style=\"display:none;\">Des strat\u00e9gies solides et originales gr\u00e2ce \u00e0 la participation de la population<br \/>\r\n\u00a9 Hans Sturzenegger<\/small><small data-index=\"4\" style=\"display:none;\">\u00a9 Swisstopo<\/small><small class=\"pageNo\">1\/5<\/small><\/div><\/div><\/div><div class=\"col-2\"><div class=\"sia-beratung-db-slide-texts\"><div class=\"sia-beratung-db-slide-text\" data-index=\"0\"><p>Dans une culture du b\u00e2ti de qualit\u00e9, les maisons sont vivantes. Au fil des si\u00e8cles, elles peuvent r\u00e9guli\u00e8rement \u00eatre vou\u00e9es \u00e0 de nouvelles affectations. Lichtensteig exploite avec adresse le potentiel de l\u2019ancien h\u00f4tel de ville, au service de la culture du b\u00e2ti et pour gagner en qualit\u00e9 de vie.<\/p>\n<p><strong>R\u00f4le de la commune\u00a0:<\/strong>\u00a0prendre l\u2019initiative, r\u00e9fl\u00e9chir, n\u00e9gocier, d\u00e9cider, mettre en \u0153uvre, c\u00e9l\u00e9brer<br \/>\n<strong>Organismes responsables\u00a0:<\/strong>\u00a0commune, association Rathaus f\u00fcr Kultur<br \/>\n<strong>Soutien technique\u00a0:<\/strong>\u00a0institutions et bureaux divers<br \/>\n<strong>Source\u00a0:<\/strong>\u00a0<a class=\"external\" title=\"Densipedia\" href=\"https:\/\/www.densipedia.ch\/fr\/comment-un-petit-village-planifie-son-avenir\" target=\"_blank\" rel=\"noopener\">Densipedia<\/a><\/p>\n<\/div><div class=\"sia-beratung-db-slide-text\" data-index=\"1\" style=\"display:none;\"><p>L\u2019administration de la commune rurale de Lichtensteig, dans le Toggenbourg, a d\u00e9m\u00e9nag\u00e9 de l\u2019H\u00f4tel de Ville dans la banque voisine. Ce qui ne paie pas de mine au premier regard s\u2019av\u00e8re \u00eatre un coup de ma\u00eetre \u00e0 y regarder de plus pr\u00e8s\u00a0: en vertu de la loi sur l\u2019\u00e9galit\u00e9 pour les handicap\u00e9s (LHand), le v\u00e9n\u00e9rable ancien h\u00f4tel de ville aurait d\u00fb \u00eatre transform\u00e9, ce qui aurait n\u00e9cessit\u00e9 des interventions massives et co\u00fbteuses. Le b\u00e2timent en aurait irr\u00e9m\u00e9diablement p\u00e2ti et sa qualit\u00e9 de monument historique en aurait \u00e9t\u00e9 consid\u00e9rablement affaiblie. Relevant le d\u00e9fi, la commune a d\u00e9cid\u00e9, apr\u00e8s m\u00fbre r\u00e9flexion, d\u2019installer l\u2019administration dans l\u2019immeuble voisin, adapt\u00e9 aux besoins des personnes en situation de handicap, et de pr\u00e9voir pour l\u2019H\u00f4tel de Ville une utilisation interm\u00e9diaire.<\/p>\n<\/div><div class=\"sia-beratung-db-slide-text\" data-index=\"2\" style=\"display:none;\"><p>L\u2019ancien h\u00f4tel de Ville est un b\u00e2timent historique prot\u00e9g\u00e9, dont l\u2019utilisation n\u2019a cess\u00e9 d\u2019\u00e9voluer depuis le 17e si\u00e8cle\u00a0: d\u2019abord grenette, il est devenu cure, puis restaurant et enfin h\u00f4tel de ville. Lui destiner aujourd\u2019hui une autre affectation encore n\u2019est donc pas si absurde et parle en faveur des qualit\u00e9s du b\u00e2timent. Sa r\u00e9affectation en un lieu culturel n\u2019implique aucune intervention dans la structure ni dans la qualit\u00e9 des mat\u00e9riaux d\u2019un b\u00e2timent class\u00e9 monument historique, ce qui respecte parfaitement l\u2019esprit d\u2019une gestion durable de ce pr\u00e9cieux patrimoine b\u00e2ti. L\u2019ancien h\u00f4tel de ville se trouve dans la vieille ville, laquelle est class\u00e9e par l\u2019Inventaire f\u00e9d\u00e9ral des sites construits \u00e0 prot\u00e9ger en Suisse (ISOS) dans cat\u00e9gorie d\u2019inventaire A, objectif de sauvegarde A. R\u00e9fl\u00e9chir avant d\u2019agir en vaut la peine, tant sous l\u2019angle financier que sous celui de la culture du b\u00e2ti.<\/p>\n<\/div><div class=\"sia-beratung-db-slide-text\" data-index=\"3\" style=\"display:none;\"><p>L\u2019affectation interm\u00e9diaire de l\u2019ancien h\u00f4tel de ville vise \u00e0 tester des types d\u2019utilisation pouvant convenir \u00e0 long terme\u00a0: transformation en vue de p\u00e9renniser cette affectation. La commune entend \u00e0 terme d\u00e9dier le b\u00e2timent devenu libre \u00e0 la culture et \u00e0 la cr\u00e9ation, en mettant sur pied un organisme responsable solide. Il s\u2019agit aussi de lui trouver de nouveaux propri\u00e9taires. Les affectations envisag\u00e9es devraient rayonner sur le territoire environnant et contribuer \u00e0 animer et \u00e0 revaloriser la localit\u00e9. Avant m\u00eame l\u2019inauguration du \u00ab Rathaus f\u00fcr Kultur \u00bb (H\u00f4tel de Ville pour la culture), diverses actions ont attir\u00e9 l\u2019attention sur cette affectation interm\u00e9diaire. Le nouveau lieu culturel vient compl\u00e9ter d\u2019autres offres dans les environs et contribue au d\u00e9veloppement culturel de la r\u00e9gion. Le Rathaus f\u00fcr Kultur de la petite ville de Lichtensteig est un nouveau point nodal dans le r\u00e9seau vari\u00e9 de la cr\u00e9ation culturelle dans le Toggenbourg.<\/p>\n<\/div><div class=\"sia-beratung-db-slide-text\" data-index=\"4\" style=\"display:none;\"><p>Pr\u00e9vue de longue date par la commune, l\u2019affectation interm\u00e9diaire participe aussi de la mise en \u0153uvre de la strat\u00e9gie communale \u00ab Mini.Stadt 2025 \u00bb. Lichtensteig fait ainsi son retour vers le futur\u00a0: la petite ville ne doit pas se r\u00e9inventer, mais simplement \u00eatre consciente de ses points forts. Elle s\u2019est toujours distingu\u00e9e par des entreprises uniques en leur genre, une architecture sans pareille, une vaste offre culturelle, et des citoyennes et citoyens audacieux et innovants. Lichtensteig a toujours \u00e9t\u00e9 un peu en avance sur son temps, et cela malgr\u00e9 ou peut-\u00eatre justement gr\u00e2ce \u00e0 sa petite taille et \u00e0 sa compacit\u00e9\u00a0: le coup de ma\u00eetre r\u00e9alis\u00e9 pour l\u2019ancien h\u00f4tel de ville est un nouvel \u00e9pisode dans l\u2019histoire de ses r\u00e9ussites.<\/p>\n<\/div><\/div><div class=\"sia-beratung-db-filterbox\"><label class=\"toggle\" onclick=\"return window.siaBeratung.toggleFilterBox(this);\"><span>Construire dans le b\u00e2ti existant<\/span><span>Monuments<\/span><span>Dialogue<\/span><span>EspaceSuisse<\/span><span>D\u00e9veloppement \u00e0 l\u2019int\u00e9rieur du milieu b\u00e2ti<\/span><span>Inventaires<\/span><span>Projets de construction communaux<\/span><span>Politique immobili\u00e8re<\/span><span>Participation<\/span><span>Durabilit\u00e9<\/span><span>Espace public<\/span><span>Processus<\/span><\/label><div class=\"options\"><a href=\"#\" onclick=\"return window.siaBeratung.setFilterBoxFilter(135);\">Construire dans le b\u00e2ti existant<\/a><a href=\"#\" onclick=\"return window.siaBeratung.setFilterBoxFilter(138);\">Monuments<\/a><a href=\"#\" onclick=\"return window.siaBeratung.setFilterBoxFilter(139);\">Dialogue<\/a><a href=\"#\" onclick=\"return window.siaBeratung.setFilterBoxFilter(246);\">EspaceSuisse<\/a><a href=\"#\" onclick=\"return window.siaBeratung.setFilterBoxFilter(142);\">D\u00e9veloppement \u00e0 l\u2019int\u00e9rieur du milieu b\u00e2ti<\/a><a href=\"#\" onclick=\"return window.siaBeratung.setFilterBoxFilter(160);\">Inventaires<\/a><a href=\"#\" onclick=\"return window.siaBeratung.setFilterBoxFilter(161);\">Projets de construction communaux<\/a><a href=\"#\" onclick=\"return window.siaBeratung.setFilterBoxFilter(145);\">Politique immobili\u00e8re<\/a><a href=\"#\" onclick=\"return window.siaBeratung.setFilterBoxFilter(146);\">Participation<\/a><a href=\"#\" onclick=\"return window.siaBeratung.setFilterBoxFilter(148);\">Durabilit\u00e9<\/a><a href=\"#\" onclick=\"return window.siaBeratung.setFilterBoxFilter(149);\">Espace public<\/a><a href=\"#\" onclick=\"return window.siaBeratung.setFilterBoxFilter(152);\">Processus<\/a><a href=\"#\" onclick=\"return window.siaBeratung.setFilterBoxFilter([135,138,139,142,145,146,148,149,152,160,161,246,288,289,290]);\">Alle Filter ausw\u00e4hlen<\/a><\/div><\/div><label class=\"sia-beratung-db-filterbox-spacer\">&nbsp;<\/label><\/div><a class=\"swiper-button swiper-button-next desktop\"><\/a><\/div><\/div><div class=\"sia-beratung-db-entry-searchtext\">lichtensteig macht es sich leicht | dans une culture du b\u00e2ti de qualit\u00e9, les maisons sont vivantes. au fil des si\u00e8cles, elles peuvent r\u00e9guli\u00e8rement \u00eatre vou\u00e9es \u00e0 de nouvelles affectations. lichtensteig exploite avec adresse le potentiel de l\u2019ancien h\u00f4tel de ville, au service de la culture du b\u00e2ti et pour gagner en qualit\u00e9 de vie.r\u00f4le de la commune\u00a0:\u00a0prendre l\u2019initiative, r\u00e9fl\u00e9chir, n\u00e9gocier, d\u00e9cider, mettre en \u0153uvre, c\u00e9l\u00e9brerorganismes responsables\u00a0:\u00a0commune, association rathaus f\u00fcr kultursoutien technique\u00a0:\u00a0institutions et bureaux diverssource\u00a0:\u00a0densipedia | d\u00e9m\u00e9nager dans le b\u00e2timent voisin&nbsp;: une mani\u00e8re simple de faire d\u2019une pierre deux coups\r\u00a9 hans sturzenegger | l\u2019administration de la commune rurale de lichtensteig, dans le toggenbourg, a d\u00e9m\u00e9nag\u00e9 de l\u2019h\u00f4tel de ville dans la banque voisine. ce qui ne paie pas de mine au premier regard s\u2019av\u00e8re \u00eatre un coup de ma\u00eetre \u00e0 y regarder de plus pr\u00e8s\u00a0: en vertu de la loi sur l\u2019\u00e9galit\u00e9 pour les handicap\u00e9s (lhand), le v\u00e9n\u00e9rable ancien h\u00f4tel de ville aurait d\u00fb \u00eatre transform\u00e9, ce qui aurait n\u00e9cessit\u00e9 des interventions massives et co\u00fbteuses. le b\u00e2timent en aurait irr\u00e9m\u00e9diablement p\u00e2ti et sa qualit\u00e9 de monument historique en aurait \u00e9t\u00e9 consid\u00e9rablement affaiblie. relevant le d\u00e9fi, la commune a d\u00e9cid\u00e9, apr\u00e8s m\u00fbre r\u00e9flexion, d\u2019installer l\u2019administration dans l\u2019immeuble voisin, adapt\u00e9 aux besoins des personnes en situation de handicap, et de pr\u00e9voir pour l\u2019h\u00f4tel de ville une utilisation interm\u00e9diaire. | tout le monde y gagne, m\u00eame sous la pluie\r\u00a9 hans sturzenegger | l\u2019ancien h\u00f4tel de ville est un b\u00e2timent historique prot\u00e9g\u00e9, dont l\u2019utilisation n\u2019a cess\u00e9 d\u2019\u00e9voluer depuis le 17e si\u00e8cle\u00a0: d\u2019abord grenette, il est devenu cure, puis restaurant et enfin h\u00f4tel de ville. lui destiner aujourd\u2019hui une autre affectation encore n\u2019est donc pas si absurde et parle en faveur des qualit\u00e9s du b\u00e2timent. sa r\u00e9affectation en un lieu culturel n\u2019implique aucune intervention dans la structure ni dans la qualit\u00e9 des mat\u00e9riaux d\u2019un b\u00e2timent class\u00e9 monument historique, ce qui respecte parfaitement l\u2019esprit d\u2019une gestion durable de ce pr\u00e9cieux patrimoine b\u00e2ti. l\u2019ancien h\u00f4tel de ville se trouve dans la vieille ville, laquelle est class\u00e9e par l\u2019inventaire f\u00e9d\u00e9ral des sites construits \u00e0 prot\u00e9ger en suisse (isos) dans cat\u00e9gorie d\u2019inventaire a, objectif de sauvegarde a. r\u00e9fl\u00e9chir avant d\u2019agir en vaut la peine, tant sous l\u2019angle financier que sous celui de la culture du b\u00e2ti. | affectation interm\u00e9diaire cibl\u00e9e de l\u2019ancien h\u00f4tel de ville\r\u00a9 hans sturzenegger | l\u2019affectation interm\u00e9diaire de l\u2019ancien h\u00f4tel de ville vise \u00e0 tester des types d\u2019utilisation pouvant convenir \u00e0 long terme\u00a0: transformation en vue de p\u00e9renniser cette affectation. la commune entend \u00e0 terme d\u00e9dier le b\u00e2timent devenu libre \u00e0 la culture et \u00e0 la cr\u00e9ation, en mettant sur pied un organisme responsable solide. il s\u2019agit aussi de lui trouver de nouveaux propri\u00e9taires. les affectations envisag\u00e9es devraient rayonner sur le territoire environnant et contribuer \u00e0 animer et \u00e0 revaloriser la localit\u00e9. avant m\u00eame l\u2019inauguration du \u00ab rathaus f\u00fcr kultur \u00bb (h\u00f4tel de ville pour la culture), diverses actions ont attir\u00e9 l\u2019attention sur cette affectation interm\u00e9diaire. le nouveau lieu culturel vient compl\u00e9ter d\u2019autres offres dans les environs et contribue au d\u00e9veloppement culturel de la r\u00e9gion. le rathaus f\u00fcr kultur de la petite ville de lichtensteig est un nouveau point nodal dans le r\u00e9seau vari\u00e9 de la cr\u00e9ation culturelle dans le toggenbourg. | des strat\u00e9gies solides et originales gr\u00e2ce \u00e0 la participation de la population\r\u00a9 hans sturzenegger | pr\u00e9vue de longue date par la commune, l\u2019affectation interm\u00e9diaire participe aussi de la mise en \u0153uvre de la strat\u00e9gie communale \u00ab mini.stadt 2025 \u00bb. lichtensteig fait ainsi son retour vers le futur\u00a0: la petite ville ne doit pas se r\u00e9inventer, mais simplement \u00eatre consciente de ses points forts. elle s\u2019est toujours distingu\u00e9e par des entreprises uniques en leur genre, une architecture sans pareille, une vaste offre culturelle, et des citoyennes et citoyens audacieux et innovants. lichtensteig a toujours \u00e9t\u00e9 un peu en avance sur son temps, et cela malgr\u00e9 ou peut-\u00eatre justement gr\u00e2ce \u00e0 sa petite taille et \u00e0 sa compacit\u00e9\u00a0: le coup de ma\u00eetre r\u00e9alis\u00e9 pour l\u2019ancien h\u00f4tel de ville est un nouvel \u00e9pisode dans l\u2019histoire de ses r\u00e9ussites. | \u00a9 swisstopo | bauen im bestand | denkm\u00e4ler | dialog | innenentwicklung | liegenschaftspolitik | mitwirkung | nachhaltigkeit | \u00f6ffentlicher raum | prozesse | inventare | kommunale bauprojekte | espacesuisse | de | fr | it<\/div><\/article><article class=\"sia-beratung-db-entry\" data-id=\"1555\" data-cpt=\"sia-angebote\" data-slug=\"begrenzung-von-lichtemissionen-merkblatt-fuer-gemeinden\" data-lang-slug-de_de=\"\" data-lang-slug-en_gb=\"\" data-lang-slug-fr_fr=\"\" data-lang-slug-it_it=\"\" data-lat=\"53.5507112\" data-lng=\"10.0006485\" data-filter-136=\"1\" data-filter-141=\"1\" data-filter-148=\"1\" data-filter-149=\"1\" data-filter-156=\"1\" data-filter-175=\"1\" data-filter-244=\"1\" data-filter-258=\"1\" data-filter-260=\"1\" data-filter-263=\"1\" data-filter-270=\"1\" data-filter-288=\"1\" data-filter-289=\"1\" data-filter-290=\"1\" data-all-filter=\"136,141,148,149,156,175,244,258,260,263,270,288,289,290\"><div class=\"sia-beratung-db-entry-header\" onclick=\"return window.siaBeratung.toggleCpt(this);\"><div class=\"col-1\">Limitation des \u00e9missions lumineuses - Notice \u00e0 l\u2019attention des communes<\/div><div class=\"col-2\"><span>OFEV Office f\u00e9d\u00e9ral de l'environnement<\/span><span>Cercl'Air Soci\u00e9t\u00e9 suisse des responsables de l\u2019hygi\u00e8ne de l\u2019air<\/span><span>ACS Association des Communes Suisses<\/span><span>UVS Union des villes suisses<\/span><span>ASIC Association suisse Infrastructures communales<\/span><\/div><div class=\"col-3\"><span>Guide<\/span><\/div><div class=\"sia-beratung-db-angle\"><span class=\"sia-beratung-angle\"><\/span><\/div><\/div><div class=\"sia-beratung-db-entry-content\"><div class=\"sia-beratung-db-entry-content-columns\"><div class=\"col-1\"><p>Limiter la lumi\u00e8re ind\u00e9sirable dans l\u2019environnement incombe aussi aux communes. Celles-ci disposent d\u00e9sormais de nouveaux outils et de sources d\u2019information actualis\u00e9es.<\/p>\n<\/div><div class=\"col-2\"><\/div><\/div><div class=\"sia-beratung-db-entry-footer\"><div class=\"col-1\"><a href=\"https:\/\/www.chgemeinden.ch\/wAssets\/docs\/aktuell\/franzoesisch\/Notice-limitation-des-e-missions-lumineuses.pdf\" class=\"sia-beratung-db-entry-link\" target=\"_blank\" rel=\"noopener\">Link zum Angebot<\/a><\/div><div class=\"col-2\"><div class=\"sia-beratung-db-filterbox\"><label class=\"toggle\" onclick=\"return window.siaBeratung.toggleFilterBox(this);\"><span>Guide<\/span><span>OFEV Office f\u00e9d\u00e9ral de l'environnement<\/span><span>Conseil par les communes<\/span><span>Biodiversit\u00e9<\/span><span>Cercl'Air Soci\u00e9t\u00e9 suisse des responsables de l\u2019hygi\u00e8ne de l\u2019air<\/span><span>Infrastructure<\/span><span>Durabilit\u00e9<\/span><span>Espace public<\/span><span>ACS Association des Communes Suisses<\/span><span>UVS Union des villes suisses<\/span><span>ASIC Association suisse Infrastructures communales<\/span><\/label><div class=\"options\"><a href=\"#\" onclick=\"return window.siaBeratung.setFilterBoxFilter(270);\">Guide<\/a><a href=\"#\" onclick=\"return window.siaBeratung.setFilterBoxFilter(175);\">OFEV Office f\u00e9d\u00e9ral de l'environnement<\/a><a href=\"#\" onclick=\"return window.siaBeratung.setFilterBoxFilter(156);\">Conseil par les communes<\/a><a href=\"#\" onclick=\"return window.siaBeratung.setFilterBoxFilter(136);\">Biodiversit\u00e9<\/a><a href=\"#\" onclick=\"return window.siaBeratung.setFilterBoxFilter(244);\">Cercl'Air Soci\u00e9t\u00e9 suisse des responsables de l\u2019hygi\u00e8ne de l\u2019air<\/a><a href=\"#\" onclick=\"return window.siaBeratung.setFilterBoxFilter(141);\">Infrastructure<\/a><a href=\"#\" onclick=\"return window.siaBeratung.setFilterBoxFilter(148);\">Durabilit\u00e9<\/a><a href=\"#\" onclick=\"return window.siaBeratung.setFilterBoxFilter(149);\">Espace public<\/a><a href=\"#\" onclick=\"return window.siaBeratung.setFilterBoxFilter(258);\">ACS Association des Communes Suisses<\/a><a href=\"#\" onclick=\"return window.siaBeratung.setFilterBoxFilter(260);\">UVS Union des villes suisses<\/a><a href=\"#\" onclick=\"return window.siaBeratung.setFilterBoxFilter(263);\">ASIC Association suisse Infrastructures communales<\/a><a href=\"#\" onclick=\"return window.siaBeratung.setFilterBoxFilter([136,141,148,149,156,175,244,258,260,263,270,288,289,290]);\">Alle Filter ausw\u00e4hlen<\/a><\/div><\/div><label class=\"sia-beratung-db-filterbox-spacer\">&nbsp;<\/label><\/div><\/div><\/div><div class=\"sia-beratung-db-entry-searchtext\">begrenzung von lichtemissionen \u2013 merkblatt f\u00fcr gemeinden | limiter la lumi\u00e8re ind\u00e9sirable dans l\u2019environnement incombe aussi aux communes. celles-ci disposent d\u00e9sormais de nouveaux outils et de sources d\u2019information actualis\u00e9es. | biodiversit\u00e4t | infrastruktur | nachhaltigkeit | \u00f6ffentlicher raum | beratung durch gemeinden | bafu bundesamt f\u00fcr umwelt | cercl'air schweizerische gesellschaft der lufthygiene-fachleute | sgv schweizerischer gemeindeverband | ssv schweizerischer st\u00e4dteverband | svki schweizerischer verband kommunale infrastruktur | arbeitshilfe | de | fr | it<\/div><\/article><article class=\"sia-beratung-db-entry\" data-id=\"3092\" data-cpt=\"sia-beispiele\" data-slug=\"lugano-aufwertung-einer-flussmuendung\" data-lang-slug-de_de=\"\" data-lang-slug-en_gb=\"\" data-lang-slug-fr_fr=\"\" data-lang-slug-it_it=\"\" data-lat=\"46.0050106\" data-lng=\"8.9520121\" data-filter-136=\"1\" data-filter-141=\"1\" data-filter-143=\"1\" data-filter-144=\"1\" data-filter-147=\"1\" data-filter-148=\"1\" data-filter-149=\"1\" data-filter-166=\"1\" data-filter-189=\"1\" data-filter-307=\"1\" data-filter-288=\"1\" data-filter-289=\"1\" data-filter-290=\"1\" data-all-filter=\"136,141,143,144,147,148,149,166,189,307,288,289,290\"><div class=\"sia-beratung-db-entry-header\" onclick=\"return window.siaBeratung.toggleCpt(this);\"><div class=\"col-1\">Lugano : l\u2019embouchure du Cassarate<\/div><div class=\"col-2\">Lugano, TI<\/div><div class=\"sia-beratung-db-angle\"><span class=\"sia-beratung-angle\"><\/span><\/div><\/div><div class=\"sia-beratung-db-entry-content\"><div class=\"sia-beratung-db-entry-content-columns\"><div class=\"col-1\"><div class=\"sia-beratung-db-entry-slides\"><div class=\"sia-beratung-db-entry-swiper\"><div class=\"swiper-wrapper\"><div class=\"swiper-slide\"><img loading=\"lazy\" decoding=\"async\" src=\"https:\/\/baukulturschweiz.ch\/wp-content\/uploads\/2024\/01\/BE_Lugano_1_cOfficina-del-Paesaggio-1024x768.jpg\" width=\"1024\" height=\"768\" \/><\/div><div class=\"swiper-slide\"><img loading=\"lazy\" decoding=\"async\" src=\"https:\/\/baukulturschweiz.ch\/wp-content\/uploads\/2024\/01\/BE_Lugano_2_cOfficina-del-Paesaggio-1024x768.jpg\" width=\"1024\" height=\"768\" \/><\/div><div class=\"swiper-slide\"><img loading=\"lazy\" decoding=\"async\" src=\"https:\/\/baukulturschweiz.ch\/wp-content\/uploads\/2024\/01\/BE_Lugano_3_cOfficina-del-Paesaggio-1024x768.jpg\" width=\"1024\" height=\"768\" \/><\/div><div class=\"swiper-slide\"><img loading=\"lazy\" decoding=\"async\" src=\"https:\/\/baukulturschweiz.ch\/wp-content\/uploads\/2024\/01\/BE_Lugano_4_cOfficina-del-Paesaggio-1024x768.jpg\" width=\"1024\" height=\"768\" \/><\/div><\/div><\/div><a class=\"swiper-button swiper-button-prev\"><\/a><a class=\"swiper-button swiper-button-next mobile\"><\/a><div class=\"sia-beratung-db-slide-legends\"><small data-index=\"0\">L\u2019embouchure du Cassarate : une r\u00e9ponse contemporaine aux dispositions f\u00e9d\u00e9rales en mati\u00e8re de gestion de l'eau qui a radicalement augment\u00e9 la qualit\u00e9 des lieux.<br \/>\r\n\u00a9 Officina del Paesaggio<\/small><small data-index=\"1\" style=\"display:none;\">\u00a9 Officina del Paesaggio<\/small><small data-index=\"2\" style=\"display:none;\">Plan du projet<br \/>\r\n\u00a9 Officina del Paesaggio<\/small><small data-index=\"3\" style=\"display:none;\">Une nouvelle passerelle pour pi\u00e9tons et cyclistes traverse le Cassarate et relie les deux rives au bon endroit.<br \/>\r\n\u00a9 Officina del Paesaggio<\/small><small class=\"pageNo\">1\/4<\/small><\/div><\/div><\/div><div class=\"col-2\"><div class=\"sia-beratung-db-slide-texts\"><div class=\"sia-beratung-db-slide-text\" data-index=\"0\"><p>Les cours d\u2019eau figurent parmi les \u00e9cosyst\u00e8mes les plus \u00e9loign\u00e9s de leur \u00e9tat naturel. La politique suisse en mati\u00e8re de protection des eaux vise \u00e0 revaloriser ceux-ci et les rives lacustres par la d\u00e9limitation d\u2019un espace suffisant autour des eaux, par la mise en \u0153uvre de mesures de revitalisation et par la diminution des atteintes \u00e9cologiques induites par l\u2019utilisation de la force hydraulique.<\/p>\n<p><strong>R\u00f4le de la commune\u00a0:<\/strong> initier, questionner, relier, collaborer, convaincre, mettre en oeuvre<br \/>\n<strong>Organismes responsables\u00a0:<\/strong> Ville de Lugano, Canton du Tessin<br \/>\n<strong>Auteurs du projet\u00a0: <\/strong>Officina del Paesaggio Lugano (Architecture du paysage); Rinaldo Passera, Lugano (Ingenieur); Luca Paltrinieri, Lugano (Biologiste); Urs Luechinger, Pregassona (Geologue).<br \/>\n<strong>Source\u00a0:<\/strong> <a href=\"https:\/\/www.espazium.ch\/de\/aktuelles\/foce-del-casserate-lugano-de\">BAUKULTUR: QUALIT\u00c4T UND KRITIK<\/a><\/p>\n<\/div><div class=\"sia-beratung-db-slide-text\" data-index=\"1\" style=\"display:none;\"><p>En 2004, la Ville de Lugano a initi\u00e9 un concours d&#8217;id\u00e9es visant \u00e0 restaurer l&#8217;embouchure de la rivi\u00e8re Cassarate, autrefois canalis\u00e9e. Dans sa qu\u00eate d&#8217;une r\u00e9ponse efficace \u00e0 la n\u00e9cessit\u00e9 de prot\u00e9ger la ville contre les crues, le projet laur\u00e9at cumule des avantages significatifs. Son objectif premier \u00e9tait de rendre accessible \u00e0 la population une zone de la ville qui \u00e9tait autrefois inaccessible. En prolongeant un parc existant, il cr\u00e9e un espace public de qualit\u00e9, offrant ainsi un nouveau lieu propice \u00e0 la fl\u00e2nerie tout en favorisant l&#8217;accroissement de la biodiversit\u00e9. En somme, cette initiative marque une avanc\u00e9e majeure en int\u00e9grant des consid\u00e9rations environnementales et r\u00e9cr\u00e9atives, tout en renfor\u00e7ant la r\u00e9silience de la ville face aux ph\u00e9nom\u00e8nes naturels.<\/p>\n<\/div><div class=\"sia-beratung-db-slide-text\" data-index=\"2\" style=\"display:none;\"><p>Suite \u00e0 l&#8217;approbation du cr\u00e9dit par la commune, le projet a suscit\u00e9 une opposition significative au sein de la population, conduisant \u00e0 la formation d&#8217;un comit\u00e9 r\u00e9f\u00e9rendaire. L&#8217;insuffisance de participation publique et d&#8217;information concernant le projet a contribu\u00e9 en grande partie \u00e0 cette situation. Le bureau laur\u00e9at s&#8217;est alors fortement engag\u00e9 dans la communication, et un comit\u00e9 interpartis de soutien au projet a \u00e9galement \u00e9t\u00e9 constitu\u00e9. Le d\u00e9bat s&#8217;est \u00e9tendu sur plusieurs mois, offrant l&#8217;opportunit\u00e9 d&#8217;aborder ouvertement les enjeux li\u00e9s au projet, notamment en ce qui concerne l&#8217;espace public et la densification du nouveau grand Lugano.<\/p>\n<p>Malgr\u00e9 une opposition politique intense, le projet \u00ab Foce del Cassarate \u00bb a \u00e9t\u00e9 approuv\u00e9 par une courte majorit\u00e9 de 50,6%. En cons\u00e9quence, l&#8217;embouchure a \u00e9t\u00e9 restaur\u00e9e sur une longueur de 450 m\u00e8tres, devenant accessible \u00e0 la population d\u00e8s 2014.<\/p>\n<p>L&#8217;am\u00e9nagement du parc a \u00e9t\u00e9 financ\u00e9 par le canton du Tessin,la ville de Lugano, mais \u00e9galement par la conf\u00e9d\u00e9ration : un syst\u00e8me les ouvrages de protection contre les crues peuvent en effet b\u00e9n\u00e9ficier d\u2019aides f\u00e9d\u00e9rales.<\/p>\n<\/div><div class=\"sia-beratung-db-slide-text\" data-index=\"3\" style=\"display:none;\"><p>Le projet \u00ab Foce del Cassarate \u00bb a revitalis\u00e9 un emplacement central de la ville, en am\u00e9liorant significativement le r\u00e9seau des chemins pi\u00e9tons et des pistes cyclables dans la r\u00e9gion. Gr\u00e2ce \u00e0 l&#8217;ajout d&#8217;une nouvelle passerelle, il n&#8217;est d\u00e9sormais plus n\u00e9cessaire d&#8217;emprunter le pont de la route cantonale tr\u00e8s fr\u00e9quent\u00e9e pour rejoindre le centre-ville depuis les quartiers de Cassarate et de Castagnola. Cette r\u00e9alisation a \u00e9galement \u00e9tendu l&#8217;espace de d\u00e9tente du parc Ciani.<\/p>\n<p>Aujourd&#8217;hui, la population a pu r\u00e9investir un lieu autrefois d\u00e9pourvu de vie, en tirant partie des diverses possibilit\u00e9s d\u2019utilisations telles que des cheminements en bois \u00e0 fleur d\u2019eau, des bancs, une place, une plage, des gradins en pierre, etc. Cet endroit est d\u00e9sormais tr\u00e8s fr\u00e9quent\u00e9, t\u00e9moignant du succ\u00e8s de sa transformation. La mise \u00e0 disposition de cet espace public ouvre la voie \u00e0 une \u00e9ventuelle densification des quartiers avoisinants \u00e0 long terme, soulignant ainsi l&#8217;importance de cette initiative pour le d\u00e9veloppement harmonieux de la ville.<\/p>\n<\/div><\/div><div class=\"sia-beratung-db-filterbox\"><label class=\"toggle\" onclick=\"return window.siaBeratung.toggleFilterBox(this);\"><span>Biodiversit\u00e9<\/span><span>Espazium<\/span><span>Commune<\/span><span>Infrastructure<\/span><span>Climat<\/span><span>Paysage<\/span><span>Mobilit\u00e9<\/span><span>Durabilit\u00e9<\/span><span>Espace public<\/span><span>Proc\u00e9dures d\u2019assurance qualit\u00e9<\/span><\/label><div class=\"options\"><a href=\"#\" onclick=\"return window.siaBeratung.setFilterBoxFilter(136);\">Biodiversit\u00e9<\/a><a href=\"#\" onclick=\"return window.siaBeratung.setFilterBoxFilter(307);\">Espazium<\/a><a href=\"#\" onclick=\"return window.siaBeratung.setFilterBoxFilter(189);\">Commune<\/a><a href=\"#\" onclick=\"return window.siaBeratung.setFilterBoxFilter(141);\">Infrastructure<\/a><a href=\"#\" onclick=\"return window.siaBeratung.setFilterBoxFilter(143);\">Climat<\/a><a href=\"#\" onclick=\"return window.siaBeratung.setFilterBoxFilter(144);\">Paysage<\/a><a href=\"#\" onclick=\"return window.siaBeratung.setFilterBoxFilter(147);\">Mobilit\u00e9<\/a><a href=\"#\" onclick=\"return window.siaBeratung.setFilterBoxFilter(148);\">Durabilit\u00e9<\/a><a href=\"#\" onclick=\"return window.siaBeratung.setFilterBoxFilter(149);\">Espace public<\/a><a href=\"#\" onclick=\"return window.siaBeratung.setFilterBoxFilter(166);\">Proc\u00e9dures d\u2019assurance qualit\u00e9<\/a><a href=\"#\" onclick=\"return window.siaBeratung.setFilterBoxFilter([136,141,143,144,147,148,149,166,189,307,288,289,290]);\">Alle Filter ausw\u00e4hlen<\/a><\/div><\/div><label class=\"sia-beratung-db-filterbox-spacer\">&nbsp;<\/label><\/div><a class=\"swiper-button swiper-button-next desktop\"><\/a><\/div><\/div><div class=\"sia-beratung-db-entry-searchtext\">lugano: aufwertung einer flussm\u00fcndung | les cours d\u2019eau figurent parmi les \u00e9cosyst\u00e8mes les plus \u00e9loign\u00e9s de leur \u00e9tat naturel. la politique suisse en mati\u00e8re de protection des eaux vise \u00e0 revaloriser ceux-ci et les rives lacustres par la d\u00e9limitation d\u2019un espace suffisant autour des eaux, par la mise en \u0153uvre de mesures de revitalisation et par la diminution des atteintes \u00e9cologiques induites par l\u2019utilisation de la force hydraulique.r\u00f4le de la commune\u00a0: initier, questionner, relier, collaborer, convaincre, mettre en oeuvreorganismes responsables\u00a0: ville de lugano, canton du tessinauteurs du projet\u00a0: officina del paesaggio lugano (architecture du paysage); rinaldo passera, lugano (ingenieur); luca paltrinieri, lugano (biologiste); urs luechinger, pregassona (geologue).source\u00a0: baukultur: qualit\u00e4t und kritik | l\u2019embouchure du cassarate : une r\u00e9ponse contemporaine aux dispositions f\u00e9d\u00e9rales en mati\u00e8re de gestion de l'eau qui a radicalement augment\u00e9 la qualit\u00e9 des lieux.\r\u00a9 officina del paesaggio | en 2004, la ville de lugano a initi\u00e9 un concours d&#8217;id\u00e9es visant \u00e0 restaurer l&#8217;embouchure de la rivi\u00e8re cassarate, autrefois canalis\u00e9e. dans sa qu\u00eate d&#8217;une r\u00e9ponse efficace \u00e0 la n\u00e9cessit\u00e9 de prot\u00e9ger la ville contre les crues, le projet laur\u00e9at cumule des avantages significatifs. son objectif premier \u00e9tait de rendre accessible \u00e0 la population une zone de la ville qui \u00e9tait autrefois inaccessible. en prolongeant un parc existant, il cr\u00e9e un espace public de qualit\u00e9, offrant ainsi un nouveau lieu propice \u00e0 la fl\u00e2nerie tout en favorisant l&#8217;accroissement de la biodiversit\u00e9. en somme, cette initiative marque une avanc\u00e9e majeure en int\u00e9grant des consid\u00e9rations environnementales et r\u00e9cr\u00e9atives, tout en renfor\u00e7ant la r\u00e9silience de la ville face aux ph\u00e9nom\u00e8nes naturels. | \u00a9 officina del paesaggio | suite \u00e0 l&#8217;approbation du cr\u00e9dit par la commune, le projet a suscit\u00e9 une opposition significative au sein de la population, conduisant \u00e0 la formation d&#8217;un comit\u00e9 r\u00e9f\u00e9rendaire. l&#8217;insuffisance de participation publique et d&#8217;information concernant le projet a contribu\u00e9 en grande partie \u00e0 cette situation. le bureau laur\u00e9at s&#8217;est alors fortement engag\u00e9 dans la communication, et un comit\u00e9 interpartis de soutien au projet a \u00e9galement \u00e9t\u00e9 constitu\u00e9. le d\u00e9bat s&#8217;est \u00e9tendu sur plusieurs mois, offrant l&#8217;opportunit\u00e9 d&#8217;aborder ouvertement les enjeux li\u00e9s au projet, notamment en ce qui concerne l&#8217;espace public et la densification du nouveau grand lugano.malgr\u00e9 une opposition politique intense, le projet \u00ab foce del cassarate \u00bb a \u00e9t\u00e9 approuv\u00e9 par une courte majorit\u00e9 de 50,6%. en cons\u00e9quence, l&#8217;embouchure a \u00e9t\u00e9 restaur\u00e9e sur une longueur de 450 m\u00e8tres, devenant accessible \u00e0 la population d\u00e8s 2014.l&#8217;am\u00e9nagement du parc a \u00e9t\u00e9 financ\u00e9 par le canton du tessin,la ville de lugano, mais \u00e9galement par la conf\u00e9d\u00e9ration : un syst\u00e8me les ouvrages de protection contre les crues peuvent en effet b\u00e9n\u00e9ficier d\u2019aides f\u00e9d\u00e9rales. | plan du projet\r\u00a9 officina del paesaggio | le projet \u00ab foce del cassarate \u00bb a revitalis\u00e9 un emplacement central de la ville, en am\u00e9liorant significativement le r\u00e9seau des chemins pi\u00e9tons et des pistes cyclables dans la r\u00e9gion. gr\u00e2ce \u00e0 l&#8217;ajout d&#8217;une nouvelle passerelle, il n&#8217;est d\u00e9sormais plus n\u00e9cessaire d&#8217;emprunter le pont de la route cantonale tr\u00e8s fr\u00e9quent\u00e9e pour rejoindre le centre-ville depuis les quartiers de cassarate et de castagnola. cette r\u00e9alisation a \u00e9galement \u00e9tendu l&#8217;espace de d\u00e9tente du parc ciani.aujourd&#8217;hui, la population a pu r\u00e9investir un lieu autrefois d\u00e9pourvu de vie, en tirant partie des diverses possibilit\u00e9s d\u2019utilisations telles que des cheminements en bois \u00e0 fleur d\u2019eau, des bancs, une place, une plage, des gradins en pierre, etc. cet endroit est d\u00e9sormais tr\u00e8s fr\u00e9quent\u00e9, t\u00e9moignant du succ\u00e8s de sa transformation. la mise \u00e0 disposition de cet espace public ouvre la voie \u00e0 une \u00e9ventuelle densification des quartiers avoisinants \u00e0 long terme, soulignant ainsi l&#8217;importance de cette initiative pour le d\u00e9veloppement harmonieux de la ville. | une nouvelle passerelle pour pi\u00e9tons et cyclistes traverse le cassarate et relie les deux rives au bon endroit.\r\u00a9 officina del paesaggio | biodiversit\u00e4t | infrastruktur | klima | landschaft | mobilit\u00e4t | nachhaltigkeit | \u00f6ffentlicher raum | qualit\u00e4tssichernde verfahren | gemeinde | espazium | de | fr | it<\/div><\/article><article class=\"sia-beratung-db-entry\" data-id=\"2932\" data-cpt=\"sia-beispiele\" data-slug=\"2932-2\" data-lang-slug-de_de=\"\" data-lang-slug-en_gb=\"\" data-lang-slug-fr_fr=\"\" data-lang-slug-it_it=\"\" data-lat=\"47.437718\" data-lng=\"8.1966001\" data-filter-137=\"1\" data-filter-139=\"1\" data-filter-142=\"1\" data-filter-145=\"1\" data-filter-154=\"1\" data-filter-166=\"1\" data-filter-267=\"1\" data-filter-268=\"1\" data-filter-288=\"1\" data-filter-289=\"1\" data-filter-290=\"1\" data-all-filter=\"137,139,142,145,154,166,267,268,288,289,290\"><div class=\"sia-beratung-db-entry-header\" onclick=\"return window.siaBeratung.toggleCpt(this);\"><div class=\"col-1\">Lupfig: coop\u00e9rative d'habitation \"au vert\"<\/div><div class=\"col-2\">Lupfig, AG<\/div><div class=\"sia-beratung-db-angle\"><span class=\"sia-beratung-angle\"><\/span><\/div><\/div><div class=\"sia-beratung-db-entry-content\"><div class=\"sia-beratung-db-entry-content-columns\"><div class=\"col-1\"><div class=\"sia-beratung-db-entry-slides\"><div class=\"sia-beratung-db-entry-swiper\"><div class=\"swiper-wrapper\"><div class=\"swiper-slide\"><img loading=\"lazy\" decoding=\"async\" src=\"https:\/\/baukulturschweiz.ch\/wp-content\/uploads\/2024\/01\/11_Lupfig_1b_cSophieStieger-1024x768.jpg\" width=\"1024\" height=\"768\" \/><\/div><div class=\"swiper-slide\"><img loading=\"lazy\" decoding=\"async\" src=\"https:\/\/baukulturschweiz.ch\/wp-content\/uploads\/2024\/01\/11_Lupfig_cSwisstopo-1024x768.jpg\" width=\"1024\" height=\"768\" \/><\/div><div class=\"swiper-slide\"><img loading=\"lazy\" decoding=\"async\" src=\"https:\/\/baukulturschweiz.ch\/wp-content\/uploads\/2024\/01\/11_Lupfig_3b_cSophieStieger-1024x768.jpg\" width=\"1024\" height=\"768\" \/><\/div><div class=\"swiper-slide\"><img loading=\"lazy\" decoding=\"async\" src=\"https:\/\/baukulturschweiz.ch\/wp-content\/uploads\/2024\/01\/11_Lupfig_3_plan_cgutschoep-1024x768.jpg\" width=\"1024\" height=\"768\" \/><\/div><div class=\"swiper-slide\"><img loading=\"lazy\" decoding=\"async\" src=\"https:\/\/baukulturschweiz.ch\/wp-content\/uploads\/2024\/01\/11_Lupfig_2_cSophieStieger-1024x768.jpg\" width=\"1024\" height=\"768\" \/><\/div><\/div><\/div><a class=\"swiper-button swiper-button-prev\"><\/a><a class=\"swiper-button swiper-button-next mobile\"><\/a><div class=\"sia-beratung-db-slide-legends\"><small data-index=\"0\">La coop\u00e9rative Weiermatt dialogue avec les maisons voisines gr\u00e2ce \u00e0 l\u2019\u00e9chelonnement des b\u00e2timents et \u00e0 l\u2019implantation en retrait du bord de la route. Ainsi le nouveau quartier s\u2019adapte \u00e0 la petite structure b\u00e2tie environnante.<br \/>\r\n\u00a9 Sophie Stieger<\/small><small data-index=\"1\" style=\"display:none;\">\u00a9 swisstopo<\/small><small data-index=\"2\" style=\"display:none;\">Le souhait de la propri\u00e9taire du terrain: <br \/>\r\ndes logements \u00e0 loyer mod\u00e9r\u00e9 avec une architecture de qualit\u00e9 et favorisant le vivre ensemble.<br \/>\r\n\u00a9 Sophie Stieger<\/small><small data-index=\"3\" style=\"display:none;\">Plan d'\u00e9tage courant.<br \/>\r\n\u00a9 Gutschoep Architektur AG<\/small><small data-index=\"4\" style=\"display:none;\">Les portes-fen\u00eatres dans les cages d'escalier sont con\u00e7ues pour promouvoir la vie communautaire.<br \/>\r\n\u00a9 Sophie Stieger<\/small><small class=\"pageNo\">1\/5<\/small><\/div><\/div><\/div><div class=\"col-2\"><div class=\"sia-beratung-db-slide-texts\"><div class=\"sia-beratung-db-slide-text\" data-index=\"0\"><p>En Suisse, les coop\u00e9ratives d&#8217;habitation repr\u00e9sentent les acteurs les plus importants du secteur du logement \u00e0 but non lucratif. Les coop\u00e9ratives d&#8217;habitation d&#8217;utilit\u00e9 publique sont souvent d\u00e9crites en tant que troisi\u00e8me voie entre la propri\u00e9t\u00e9 et la location. Les habitants et habitantes disposent d&#8217;une grande s\u00e9curit\u00e9 de logement ainsi que de droits de participation et de gestion d\u00e9mocratique. Ils b\u00e9n\u00e9ficient de loyers avantageux qui sont en moyenne 20% moins chers que sur le march\u00e9 libre. Les immeubles d&#8217;habitation et les cit\u00e9s des coop\u00e9ratives d&#8217;utilit\u00e9 publique sont durablement soustraits \u00e0 la sp\u00e9culation, favorisent la coh\u00e9sion sociale et les quartiers durables, \u00e9cologiques et vivants. La solidarit\u00e9 repr\u00e9sente une valeur importante et les coop\u00e9ratives d&#8217;habitation d&#8217;utilit\u00e9 publique explorent des solutions innovantes et des nouvelles formes de cohabitation.<\/p>\n<p>En Suisse, les projets d\u2019habitat coop\u00e9ratif sont confront\u00e9s \u00e0 deux probl\u00e9matiques initiales : trouver des terrains constructibles ainsi que le financement pour le projet. Si, souvent, les terrains sont mis \u00e0 disposition des coop\u00e9ratives par les communes ou les cantons, le cas de Weiermatt propose une alternative. Ici, c\u2019est une propri\u00e9taire priv\u00e9e qui a souhait\u00e9 voir s\u2019implanter une coop\u00e9rative sur son terrain.<\/p>\n<p><strong>R\u00f4le de la commune\u00a0:<\/strong> autoriser, l\u00e9gitimer<br \/>\n<strong>Organismes responsables\u00a0:<\/strong> Coop\u00e9rative L\u00e4gern Wohnen<br \/>\n<strong>Architecture\u00a0: <\/strong>Gut&amp;Schoep Architekten GmbH<br \/>\n<strong>Source\u00a0:<\/strong>\u00a0<a class=\"external\" title=\"Hochparterre, Bronzener Hase in Architektur (r\u00e9serv\u00e9 aux abonn\u00e9s)\" href=\"https:\/\/www.hochparterre.ch\/nachrichten\/architektur\/gemeinsame-sache?tx_hochparterreblog_pi1%5Btitle%5D=20773&amp;cHash=e53d061a3419f53fd28ef2fe340721e7\" target=\"_blank\" rel=\"noopener\">Hochparterre (paywall),<\/a> <a href=\"https:\/\/baukulturschweiz.ch\/wp-content\/uploads\/2024\/01\/BE_Lupfig_Hochparterre-Gemeinsame-Sache.pdf\">Article PDF<\/a><\/p>\n<\/div><div class=\"sia-beratung-db-slide-text\" data-index=\"1\" style=\"display:none;\"><p>Jusqu&#8217;aux ann\u00e9es 50, les villages de Lupfig et Birrfeld demeuraient des villages agricoles assez pr\u00e9serv\u00e9s sur le plan urbanistique. Cependant, dans les ann\u00e9es 60, la construction d\u2019une usine \u00e0 Birrfeld, a engendr\u00e9 une pouss\u00e9e de d\u00e9veloppement. En r\u00e9action \u00e0 cette croissance, le canton a mandat\u00e9 Hans Marti pour \u00e9laborer une vision territoriale. Il a propos\u00e9 de cr\u00e9er une cit\u00e9-jardin caract\u00e9ris\u00e9e par une gradation de la taille des constructions.<\/p>\n<p>Ce projet n\u2019a \u00e9t\u00e9 mis en \u0153uvre que partiellement et au cours des derni\u00e8res d\u00e9cennies des maisons individuelles sont venues compl\u00e9ter le site. En 2016, une grande parcelle de frome triangulaire \u00e9tait encore libre de constructions au milieu du quartier de villas. C\u2019est sur ce terrain de 4\u2019270 m2, \u00e0 l&#8217;extr\u00e9mit\u00e9 ouest du centre du village de Lupfig, que s\u2019est d\u00e9velopp\u00e9 le quartier coop\u00e9ratif Weiermatt. Le d\u00e9fi du projet r\u00e9sidait dans le transfert du concept de coop\u00e9rative de logement, plus courant dans les zones urbaines denses, vers un environnement rural o\u00f9 les maisons individuelles sont la norme.<\/p>\n<\/div><div class=\"sia-beratung-db-slide-text\" data-index=\"2\" style=\"display:none;\"><p>L&#8217;intention de la propri\u00e9taire du grand terrain \u00e9tait de r\u00e9aliser un immeuble \u00e0 loyer mod\u00e9r\u00e9 dot\u00e9 d&#8217;une architecture de qualit\u00e9 et favorisant le vivre ensemble. \u00c0 travers un contrat de droit d\u2019emption, elle a pr\u00e9vu de c\u00e9der son terrain \u00e0 un prix avantageux \u00e0 une coop\u00e9rative r\u00e9pondant \u00e0 ses conditions. Elle a exig\u00e9 l\u2019organisation d\u2019un concours d\u2019architecture conforme au r\u00e8glement SIA, d\u2019\u00eatre associ\u00e9e \u00e0 la r\u00e9daction du programme du concours et d\u2019\u00eatre int\u00e9gr\u00e9e au jury du concours.<\/p>\n<p>Ce n\u2019est qu\u2019apr\u00e8s l&#8217;obtention du permis de construire que la coop\u00e9rative a \u00e9t\u00e9 en mesure d&#8217;exercer son droit pour l\u2019achat de la parcelle.<\/p>\n<\/div><div class=\"sia-beratung-db-slide-text\" data-index=\"3\" style=\"display:none;\"><p>L&#8217;arriv\u00e9e du projet de construction du quartier de Weiermatt a suscit\u00e9 des inqui\u00e9tudes parmi certains riverains. Ils redoutaient l&#8217;impact sur la nature, la congestion des rues et l&#8217;augmentation du trafic, craignant que leur qualit\u00e9 de vie de village serait menac\u00e9e.<\/p>\n<p>Regroup\u00e9s au sein de l\u2019association IG Weiermatt, des voisins avaient fait opposition au projet de construction, affirmant que la construction massive et non perm\u00e9able ne s&#8217;int\u00e9grait pas dans leur quartier. Le permis de construire a cependant \u00e9t\u00e9 d\u00e9livr\u00e9 par les autorit\u00e9s et il n\u2019y a pas eu de recours \u00e0 cette d\u00e9cision.<\/p>\n<p>Malgr\u00e9 leur opposition initiale, une partie des voisins a d\u00e9m\u00e9nag\u00e9 dans les nouveaux appartements coop\u00e9ratifs, favorisant ainsi une mixit\u00e9 sociale et d\u2019\u00e2ges. Cette diversit\u00e9 \u00e9tait un des objectifs initiaux de la coop\u00e9rative. Les nouveaux habitants ont \u00e9galement b\u00e9n\u00e9fici\u00e9 du soutien d\u2019une conciergerie sociale pour initier des rencontres, ainsi que pour la gestion de l\u2019espace commun et des chambres d\u2019h\u00f4tes mutualis\u00e9es.<\/p>\n<p>Le projet semble avoir abouti \u00e0 une communaut\u00e9 diversifi\u00e9e o\u00f9 r\u00e8gne un sentiment de coh\u00e9sion et les personnes impliqu\u00e9es dans le projet sont satisfaites du r\u00e9sultat.<\/p>\n<\/div><div class=\"sia-beratung-db-slide-text\" data-index=\"4\" style=\"display:none;\"><p>Le projet Weiermatt se compose de 29 appartements, offrant une vari\u00e9t\u00e9 typologique allant de 2,5 \u00e0 5,5 pi\u00e8ces. Ce mix de logements est attractif pour les personnes de diff\u00e9rents \u00e2ges et phases de vie. Pour favoriser les \u00e9changes entre les habitants, chaque appartement est pourvu, en plus de la porte d&#8217;entr\u00e9e, d&#8217;une porte sur le balcon reliant la cuisine \u00e0 l&#8217;espace de circulation. Le degr\u00e9 d&#8217;intimit\u00e9 peut \u00eatre ajust\u00e9 \u00e0 la convenance des occupants, par exemple en tirant un rideau, et gr\u00e2ce \u00e0 l&#8217;orientation multiple, sans sacrifier la luminosit\u00e9. L\u2019adh\u00e9sion \u00e0 l\u2019utilisation des espaces partag\u00e9s devient donc volontaire.<\/p>\n<\/div><\/div><div class=\"sia-beratung-db-filterbox\"><label class=\"toggle\" onclick=\"return window.siaBeratung.toggleFilterBox(this);\"><span>Proc\u00e9dures d\u2019autorisation de construire<\/span><span>Politique fonci\u00e8re<\/span><span>Dialogue<\/span><span>Hochparterre<\/span><span>D\u00e9veloppement \u00e0 l\u2019int\u00e9rieur du milieu b\u00e2ti<\/span><span>Politique immobili\u00e8re<\/span><span>Proc\u00e9dures d\u2019assurance qualit\u00e9<\/span><span>Divers<\/span><\/label><div class=\"options\"><a href=\"#\" onclick=\"return window.siaBeratung.setFilterBoxFilter(154);\">Proc\u00e9dures d\u2019autorisation de construire<\/a><a href=\"#\" onclick=\"return window.siaBeratung.setFilterBoxFilter(137);\">Politique fonci\u00e8re<\/a><a href=\"#\" onclick=\"return window.siaBeratung.setFilterBoxFilter(139);\">Dialogue<\/a><a href=\"#\" onclick=\"return window.siaBeratung.setFilterBoxFilter(268);\">Hochparterre<\/a><a href=\"#\" onclick=\"return window.siaBeratung.setFilterBoxFilter(142);\">D\u00e9veloppement \u00e0 l\u2019int\u00e9rieur du milieu b\u00e2ti<\/a><a href=\"#\" onclick=\"return window.siaBeratung.setFilterBoxFilter(145);\">Politique immobili\u00e8re<\/a><a href=\"#\" onclick=\"return window.siaBeratung.setFilterBoxFilter(166);\">Proc\u00e9dures d\u2019assurance qualit\u00e9<\/a><a href=\"#\" onclick=\"return window.siaBeratung.setFilterBoxFilter(267);\">Divers<\/a><a href=\"#\" onclick=\"return window.siaBeratung.setFilterBoxFilter([137,139,142,145,154,166,267,268,288,289,290]);\">Alle Filter ausw\u00e4hlen<\/a><\/div><\/div><label class=\"sia-beratung-db-filterbox-spacer\">&nbsp;<\/label><\/div><a class=\"swiper-button swiper-button-next desktop\"><\/a><\/div><\/div><div class=\"sia-beratung-db-entry-searchtext\">lupfig: wohnbaugenossenschaft im gr\u00fcnen | en suisse, les coop\u00e9ratives d&#8217;habitation repr\u00e9sentent les acteurs les plus importants du secteur du logement \u00e0 but non lucratif. les coop\u00e9ratives d&#8217;habitation d&#8217;utilit\u00e9 publique sont souvent d\u00e9crites en tant que troisi\u00e8me voie entre la propri\u00e9t\u00e9 et la location. les habitants et habitantes disposent d&#8217;une grande s\u00e9curit\u00e9 de logement ainsi que de droits de participation et de gestion d\u00e9mocratique. ils b\u00e9n\u00e9ficient de loyers avantageux qui sont en moyenne 20% moins chers que sur le march\u00e9 libre. les immeubles d&#8217;habitation et les cit\u00e9s des coop\u00e9ratives d&#8217;utilit\u00e9 publique sont durablement soustraits \u00e0 la sp\u00e9culation, favorisent la coh\u00e9sion sociale et les quartiers durables, \u00e9cologiques et vivants. la solidarit\u00e9 repr\u00e9sente une valeur importante et les coop\u00e9ratives d&#8217;habitation d&#8217;utilit\u00e9 publique explorent des solutions innovantes et des nouvelles formes de cohabitation.en suisse, les projets d\u2019habitat coop\u00e9ratif sont confront\u00e9s \u00e0 deux probl\u00e9matiques initiales : trouver des terrains constructibles ainsi que le financement pour le projet. si, souvent, les terrains sont mis \u00e0 disposition des coop\u00e9ratives par les communes ou les cantons, le cas de weiermatt propose une alternative. ici, c\u2019est une propri\u00e9taire priv\u00e9e qui a souhait\u00e9 voir s\u2019implanter une coop\u00e9rative sur son terrain.r\u00f4le de la commune\u00a0: autoriser, l\u00e9gitimerorganismes responsables\u00a0: coop\u00e9rative l\u00e4gern wohnenarchitecture\u00a0: gut&amp;schoep architekten gmbhsource\u00a0:\u00a0hochparterre (paywall), article pdf | la coop\u00e9rative weiermatt dialogue avec les maisons voisines gr\u00e2ce \u00e0 l\u2019\u00e9chelonnement des b\u00e2timents et \u00e0 l\u2019implantation en retrait du bord de la route. ainsi le nouveau quartier s\u2019adapte \u00e0 la petite structure b\u00e2tie environnante.\r\u00a9 sophie stieger | jusqu&#8217;aux ann\u00e9es 50, les villages de lupfig et birrfeld demeuraient des villages agricoles assez pr\u00e9serv\u00e9s sur le plan urbanistique. cependant, dans les ann\u00e9es 60, la construction d\u2019une usine \u00e0 birrfeld, a engendr\u00e9 une pouss\u00e9e de d\u00e9veloppement. en r\u00e9action \u00e0 cette croissance, le canton a mandat\u00e9 hans marti pour \u00e9laborer une vision territoriale. il a propos\u00e9 de cr\u00e9er une cit\u00e9-jardin caract\u00e9ris\u00e9e par une gradation de la taille des constructions.ce projet n\u2019a \u00e9t\u00e9 mis en \u0153uvre que partiellement et au cours des derni\u00e8res d\u00e9cennies des maisons individuelles sont venues compl\u00e9ter le site. en 2016, une grande parcelle de frome triangulaire \u00e9tait encore libre de constructions au milieu du quartier de villas. c\u2019est sur ce terrain de 4\u2019270 m2, \u00e0 l&#8217;extr\u00e9mit\u00e9 ouest du centre du village de lupfig, que s\u2019est d\u00e9velopp\u00e9 le quartier coop\u00e9ratif weiermatt. le d\u00e9fi du projet r\u00e9sidait dans le transfert du concept de coop\u00e9rative de logement, plus courant dans les zones urbaines denses, vers un environnement rural o\u00f9 les maisons individuelles sont la norme. | \u00a9 swisstopo | l&#8217;intention de la propri\u00e9taire du grand terrain \u00e9tait de r\u00e9aliser un immeuble \u00e0 loyer mod\u00e9r\u00e9 dot\u00e9 d&#8217;une architecture de qualit\u00e9 et favorisant le vivre ensemble. \u00e0 travers un contrat de droit d\u2019emption, elle a pr\u00e9vu de c\u00e9der son terrain \u00e0 un prix avantageux \u00e0 une coop\u00e9rative r\u00e9pondant \u00e0 ses conditions. elle a exig\u00e9 l\u2019organisation d\u2019un concours d\u2019architecture conforme au r\u00e8glement sia, d\u2019\u00eatre associ\u00e9e \u00e0 la r\u00e9daction du programme du concours et d\u2019\u00eatre int\u00e9gr\u00e9e au jury du concours.ce n\u2019est qu\u2019apr\u00e8s l&#8217;obtention du permis de construire que la coop\u00e9rative a \u00e9t\u00e9 en mesure d&#8217;exercer son droit pour l\u2019achat de la parcelle. | le souhait de la propri\u00e9taire du terrain: \rdes logements \u00e0 loyer mod\u00e9r\u00e9 avec une architecture de qualit\u00e9 et favorisant le vivre ensemble.\r\u00a9 sophie stieger | l&#8217;arriv\u00e9e du projet de construction du quartier de weiermatt a suscit\u00e9 des inqui\u00e9tudes parmi certains riverains. ils redoutaient l&#8217;impact sur la nature, la congestion des rues et l&#8217;augmentation du trafic, craignant que leur qualit\u00e9 de vie de village serait menac\u00e9e.regroup\u00e9s au sein de l\u2019association ig weiermatt, des voisins avaient fait opposition au projet de construction, affirmant que la construction massive et non perm\u00e9able ne s&#8217;int\u00e9grait pas dans leur quartier. le permis de construire a cependant \u00e9t\u00e9 d\u00e9livr\u00e9 par les autorit\u00e9s et il n\u2019y a pas eu de recours \u00e0 cette d\u00e9cision.malgr\u00e9 leur opposition initiale, une partie des voisins a d\u00e9m\u00e9nag\u00e9 dans les nouveaux appartements coop\u00e9ratifs, favorisant ainsi une mixit\u00e9 sociale et d\u2019\u00e2ges. cette diversit\u00e9 \u00e9tait un des objectifs initiaux de la coop\u00e9rative. les nouveaux habitants ont \u00e9galement b\u00e9n\u00e9fici\u00e9 du soutien d\u2019une conciergerie sociale pour initier des rencontres, ainsi que pour la gestion de l\u2019espace commun et des chambres d\u2019h\u00f4tes mutualis\u00e9es.le projet semble avoir abouti \u00e0 une communaut\u00e9 diversifi\u00e9e o\u00f9 r\u00e8gne un sentiment de coh\u00e9sion et les personnes impliqu\u00e9es dans le projet sont satisfaites du r\u00e9sultat. | plan d'\u00e9tage courant.\r\u00a9 gutschoep architektur ag | le projet weiermatt se compose de 29 appartements, offrant une vari\u00e9t\u00e9 typologique allant de 2,5 \u00e0 5,5 pi\u00e8ces. ce mix de logements est attractif pour les personnes de diff\u00e9rents \u00e2ges et phases de vie. pour favoriser les \u00e9changes entre les habitants, chaque appartement est pourvu, en plus de la porte d&#8217;entr\u00e9e, d&#8217;une porte sur le balcon reliant la cuisine \u00e0 l&#8217;espace de circulation. le degr\u00e9 d&#8217;intimit\u00e9 peut \u00eatre ajust\u00e9 \u00e0 la convenance des occupants, par exemple en tirant un rideau, et gr\u00e2ce \u00e0 l&#8217;orientation multiple, sans sacrifier la luminosit\u00e9. l\u2019adh\u00e9sion \u00e0 l\u2019utilisation des espaces partag\u00e9s devient donc volontaire. | les portes-fen\u00eatres dans les cages d'escalier sont con\u00e7ues pour promouvoir la vie communautaire.\r\u00a9 sophie stieger | bodenpolitik | dialog | innenentwicklung | liegenschaftspolitik | baubewilligungsverfahren | qualit\u00e4tssichernde verfahren | verschiedene | hochparterre | de | fr | it<\/div><\/article><article class=\"sia-beratung-db-entry\" data-id=\"1459\" data-cpt=\"sia-beispiele\" data-slug=\"lupsingen-planen-heisst-alltag-gestalten\" data-lang-slug-de_de=\"\" data-lang-slug-en_gb=\"\" data-lang-slug-fr_fr=\"\" data-lang-slug-it_it=\"\" data-lat=\"47.446665\" data-lng=\"7.6936913\" data-filter-135=\"1\" data-filter-137=\"1\" data-filter-139=\"1\" data-filter-142=\"1\" data-filter-145=\"1\" data-filter-146=\"1\" data-filter-148=\"1\" data-filter-149=\"1\" data-filter-152=\"1\" data-filter-160=\"1\" data-filter-161=\"1\" data-filter-167=\"1\" data-filter-246=\"1\" data-filter-288=\"1\" data-filter-289=\"1\" data-filter-290=\"1\" data-all-filter=\"135,137,139,142,145,146,148,149,152,160,161,167,246,288,289,290\"><div class=\"sia-beratung-db-entry-header\" onclick=\"return window.siaBeratung.toggleCpt(this);\"><div class=\"col-1\">Lupsingen&nbsp;: planifier, c\u2019est am\u00e9nager le quotidien<\/div><div class=\"col-2\">Lupsingen, BL<\/div><div class=\"sia-beratung-db-angle\"><span class=\"sia-beratung-angle\"><\/span><\/div><\/div><div class=\"sia-beratung-db-entry-content\"><div class=\"sia-beratung-db-entry-content-columns\"><div class=\"col-1\"><div class=\"sia-beratung-db-entry-slides\"><div class=\"sia-beratung-db-entry-swiper\"><div class=\"swiper-wrapper\"><div class=\"swiper-slide\"><img loading=\"lazy\" decoding=\"async\" src=\"https:\/\/baukulturschweiz.ch\/wp-content\/uploads\/2023\/06\/2023-04-20-091839-be-lupsingen-1-c-gemeinde-luspingen.jpg\" width=\"1000\" height=\"750\" \/><\/div><div class=\"swiper-slide\"><img loading=\"lazy\" decoding=\"async\" src=\"https:\/\/baukulturschweiz.ch\/wp-content\/uploads\/2023\/06\/2023-04-20-092217-be-lupsingen-2-c-elian-wuethrich-1024x768.jpg\" width=\"1024\" height=\"768\" \/><\/div><div class=\"swiper-slide\"><img loading=\"lazy\" decoding=\"async\" src=\"https:\/\/baukulturschweiz.ch\/wp-content\/uploads\/2023\/06\/2023-04-20-092352-be-lupsingen-3-c-gemeinde-luspingen.jpg\" width=\"890\" height=\"667\" \/><\/div><div class=\"swiper-slide\"><img loading=\"lazy\" decoding=\"async\" src=\"https:\/\/baukulturschweiz.ch\/wp-content\/uploads\/2023\/06\/2023-04-20-092444-be-lupsingen-4-c-remy-rieder-1024x768.jpeg\" width=\"1024\" height=\"768\" \/><\/div><div class=\"swiper-slide\"><img loading=\"lazy\" decoding=\"async\" src=\"https:\/\/baukulturschweiz.ch\/wp-content\/uploads\/2023\/06\/2023-04-20-092602-be-lupsingen-5-c-swisstopo-1024x768.jpg\" width=\"1024\" height=\"768\" \/><\/div><\/div><\/div><a class=\"swiper-button swiper-button-prev\"><\/a><a class=\"swiper-button swiper-button-next mobile\"><\/a><div class=\"sia-beratung-db-slide-legends\"><small data-index=\"0\">Ordinaire et pourtant hors du commun<br \/>\r\n\u00a9 Gemeinde Lupsingen<\/small><small data-index=\"1\" style=\"display:none;\">Petits et grands se mobilisent pour le c\u0153ur du village<br \/>\r\n\u00a9 Elian W\u00fcthrich<\/small><small data-index=\"2\" style=\"display:none;\">Le b\u00e9n\u00e9fice d'un engagement collectif<br \/>\r\n\u00a9 Gemeinde Lupsingen<\/small><small data-index=\"3\" style=\"display:none;\">Culture du b\u00e2ti partout dans le village&nbsp;: Lupsingen donne l\u2019exemple<br \/>\r\n\u00a9 R. Rieder, EspaceSuisse<\/small><small data-index=\"4\" style=\"display:none;\">\u00a9 Swisstopo<\/small><small class=\"pageNo\">1\/5<\/small><\/div><\/div><\/div><div class=\"col-2\"><div class=\"sia-beratung-db-slide-texts\"><div class=\"sia-beratung-db-slide-text\" data-index=\"0\"><p>La culture du b\u00e2ti, c\u2019est aussi une culture de la planification. Le cas de Lupsingen montre que planifier, c\u2019est am\u00e9nager, et indique comment un processus visant la qualit\u00e9 de vie peut aboutir \u00e0 des r\u00e9sultats exemplaires.<\/p>\n<p><strong>R\u00f4le de la commune\u00a0:<\/strong>\u00a0lutter, r\u00e9fl\u00e9chir, s\u2019ouvrir \u00e0 de nouvelles id\u00e9es, d\u00e9cider, r\u00e9aliser<br \/>\n<strong>Organismes responsables\u00a0:<\/strong>\u00a0Commune<br \/>\n<strong>Conseil pour le logement adapt\u00e9 aux besoins des a\u00een\u00e9s\u00a0:<\/strong>\u00a0ETH Wohnforum<br \/>\n<strong>Accompagnement th\u00e9orique\u00a0:<\/strong>\u00a0arco plus ag, Rheinfelden<br \/>\n<strong>Am\u00e9nagement de la place de jeux\u00a0:<\/strong>\u00a0Rudolf Spielplatz AG, Sommeri<br \/>\n<strong>Source\u00a0:<\/strong>\u00a0<a class=\"external\" title=\"Densipedia\" href=\"https:\/\/www.densipedia.ch\/fr\/comment-un-petit-village-planifie-son-avenir\" target=\"_blank\" rel=\"noopener\">Densipedia<\/a><\/p>\n<\/div><div class=\"sia-beratung-db-slide-text\" data-index=\"1\" style=\"display:none;\"><p>Lupsingen est situ\u00e9 dans l\u2019Oristal, \u00e0 six kilom\u00e8tres environ au sud-ouest de Liestal. Longtemps, la commune n&#8217;avait pas de place du village. Pour les causettes quotidiennes, on se retrouvait \u00e0 la petite laiterie jouxtant l\u2019administration communale, \u00e0 deux pas de la place de jeux et du local des pompiers. Mais la laiterie a ferm\u00e9 et quand le d\u00e9p\u00f4t des pompiers a \u00e9t\u00e9 d\u00e9saffect\u00e9 \u00e0 son tour, le centre du village mena\u00e7ait d\u2019\u00eatre d\u00e9sert\u00e9. Refusant d\u2019accepter ce vide, le Conseil communal a organis\u00e9 un concours pour l\u2019am\u00e9nagement de la place du village, fait r\u00e9nover le local des pompiers et obtenu qu\u2019un magasin Volg s\u2019y installe. La dynamique du centre a finalement fait agir la population, qui a mis beaucoup du sien pour moderniser la vieille place de jeux. Cette revalorisation du centre du village r\u00e9jouit petits et grands.<\/p>\n<\/div><div class=\"sia-beratung-db-slide-text\" data-index=\"2\" style=\"display:none;\"><p>Dans les villages de campagne, le changement structurel prend divers visages. Lupsingen est une des nombreuses communes rurales qui doit affronter les d\u00e9fis de ce type. L\u2019ann\u00e9e m\u00eame o\u00f9 la laiterie a ferm\u00e9, un nouveau b\u00e2timent scolaire \u00e9tait inaugur\u00e9 en p\u00e9riph\u00e9rie. Le canton informa ensuite la commune que la route cantonale allait \u00eatre assainie et par surcro\u00eet le d\u00e9p\u00f4t des pompiers s\u2019est vid\u00e9, le corps de sapeurs-pompiers ayant fusionn\u00e9 avec ceux des communes voisines. Mais l\u2019\u00e9l\u00e9ment qui a d\u00e9cid\u00e9 la commune \u00e0 rendre plus attrayant le centre du village a \u00e9t\u00e9 le vieillissement de la population et la question de savoir si elle devait mettre des logements adapt\u00e9s \u00e0 la disposition des seniors.<\/p>\n<\/div><div class=\"sia-beratung-db-slide-text\" data-index=\"3\" style=\"display:none;\"><p>Invit\u00e9e \u00e0 un atelier prospectif, la population a donn\u00e9 un avis sans \u00e9quivoque\u00a0: pas question d\u2019acc\u00e9l\u00e9rer le trafic au centre du village, ni d\u2019\u00e9largir la Liestalerstrasse comme le canton en avait l\u2019intention. Mieux valait animer le centre du village, garantir la p\u00e9rennit\u00e9 de l\u2019\u00e9picerie locale et am\u00e9nager une place du village. La question du logement pour les a\u00een\u00e9s a re\u00e7u elle aussi un accueil favorable. Lors d\u2019une s\u00e9ance tr\u00e8s \u00e9motionnelle, le conseil g\u00e9n\u00e9ral a d\u00e9cid\u00e9 la d\u00e9molition de la petite laiterie jouxtant la maison de commune, ce qui d\u00e9gagerait un nouvel espace, et autoris\u00e9 la municipalit\u00e9 \u00e0 acqu\u00e9rir deux parcelles de terrain \u00e0 b\u00e2tir qui se pr\u00eataient \u00e0 merveille \u00e0 la construction de logements adapt\u00e9s aux besoins des a\u00een\u00e9s. Atout suppl\u00e9mentaire, ces deux parcelles \u00e9taient directement adjacentes \u00e0 celles de l\u2019ancien d\u00e9p\u00f4t des pompiers et de l\u2019administration communale, propri\u00e9t\u00e9s de la commune.<\/p>\n<\/div><div class=\"sia-beratung-db-slide-text\" data-index=\"4\" style=\"display:none;\"><p>Depuis longtemps, le corps de sapeurs-pompiers communal avait annonc\u00e9 qu\u2019il peinait \u00e0 trouver une rel\u00e8ve. En cons\u00e9quence, Lupsingen forma avec cinq autres communes un syndicat intercommunal. Du coup, les pompiers de Lupsingen n\u2019avaient plus besoin de leur d\u00e9p\u00f4t. Ainsi, contre toute attente, un b\u00e2timent class\u00e9 monument historique et donnant au village son aspect typique, situ\u00e9 au bord de la nouvelle place du village, se lib\u00e9rait pour une nouvelle affectation. La municipalit\u00e9 saisit aussit\u00f4t l\u2019occasion\u00a0: loin les pompiers, place au d\u00e9taillant. Le b\u00e2timent historique pouvait devenir magasin. De longue date, le d\u00e9taillant garantit \u00e0 la population l\u2019acc\u00e8s aux produits de consommation courante. L\u2019\u00e9picerie fait simultan\u00e9ment office de boulangerie, de boucherie et d\u2019agence postale. Mais elle avait fort \u00e0 lutter, malgr\u00e9 l\u2019importance de son r\u00f4le\u00a0: son emplacement initial \u00e9tait peu favorable. Alors que sa fermeture d\u00e9finitive \u00e9tait imminente, des garnements s\u2019amus\u00e8rent \u00e0 y mettre le feu. On ne pouvait r\u00eaver mieux pour elle que le nouvel emplacement donnant sur la place du village.<\/p>\n<\/div><\/div><div class=\"sia-beratung-db-filterbox\"><label class=\"toggle\" onclick=\"return window.siaBeratung.toggleFilterBox(this);\"><span>Construire dans le b\u00e2ti existant<\/span><span>Politique fonci\u00e8re<\/span><span>Dialogue<\/span><span>EspaceSuisse<\/span><span>D\u00e9veloppement \u00e0 l\u2019int\u00e9rieur du milieu b\u00e2ti<\/span><span>Inventaires<\/span><span>Projets de construction communaux<\/span><span>Politique immobili\u00e8re<\/span><span>Participation<\/span><span>Durabilit\u00e9<\/span><span>Espace public<\/span><span>Processus<\/span><span>Strat\u00e9gies de d\u00e9veloppement territorial<\/span><\/label><div class=\"options\"><a href=\"#\" onclick=\"return window.siaBeratung.setFilterBoxFilter(135);\">Construire dans le b\u00e2ti existant<\/a><a href=\"#\" onclick=\"return window.siaBeratung.setFilterBoxFilter(137);\">Politique fonci\u00e8re<\/a><a href=\"#\" onclick=\"return window.siaBeratung.setFilterBoxFilter(139);\">Dialogue<\/a><a href=\"#\" onclick=\"return window.siaBeratung.setFilterBoxFilter(246);\">EspaceSuisse<\/a><a href=\"#\" onclick=\"return window.siaBeratung.setFilterBoxFilter(142);\">D\u00e9veloppement \u00e0 l\u2019int\u00e9rieur du milieu b\u00e2ti<\/a><a href=\"#\" onclick=\"return window.siaBeratung.setFilterBoxFilter(160);\">Inventaires<\/a><a href=\"#\" onclick=\"return window.siaBeratung.setFilterBoxFilter(161);\">Projets de construction communaux<\/a><a href=\"#\" onclick=\"return window.siaBeratung.setFilterBoxFilter(145);\">Politique immobili\u00e8re<\/a><a href=\"#\" onclick=\"return window.siaBeratung.setFilterBoxFilter(146);\">Participation<\/a><a href=\"#\" onclick=\"return window.siaBeratung.setFilterBoxFilter(148);\">Durabilit\u00e9<\/a><a href=\"#\" onclick=\"return window.siaBeratung.setFilterBoxFilter(149);\">Espace public<\/a><a href=\"#\" onclick=\"return window.siaBeratung.setFilterBoxFilter(152);\">Processus<\/a><a href=\"#\" onclick=\"return window.siaBeratung.setFilterBoxFilter(167);\">Strat\u00e9gies de d\u00e9veloppement territorial<\/a><a href=\"#\" onclick=\"return window.siaBeratung.setFilterBoxFilter([135,137,139,142,145,146,148,149,152,160,161,167,246,288,289,290]);\">Alle Filter ausw\u00e4hlen<\/a><\/div><\/div><label class=\"sia-beratung-db-filterbox-spacer\">&nbsp;<\/label><\/div><a class=\"swiper-button swiper-button-next desktop\"><\/a><\/div><\/div><div class=\"sia-beratung-db-entry-searchtext\">lupsingen: planen heisst alltag gestalten | la culture du b\u00e2ti, c\u2019est aussi une culture de la planification. le cas de lupsingen montre que planifier, c\u2019est am\u00e9nager, et indique comment un processus visant la qualit\u00e9 de vie peut aboutir \u00e0 des r\u00e9sultats exemplaires.r\u00f4le de la commune\u00a0:\u00a0lutter, r\u00e9fl\u00e9chir, s\u2019ouvrir \u00e0 de nouvelles id\u00e9es, d\u00e9cider, r\u00e9aliserorganismes responsables\u00a0:\u00a0communeconseil pour le logement adapt\u00e9 aux besoins des a\u00een\u00e9s\u00a0:\u00a0eth wohnforumaccompagnement th\u00e9orique\u00a0:\u00a0arco plus ag, rheinfeldenam\u00e9nagement de la place de jeux\u00a0:\u00a0rudolf spielplatz ag, sommerisource\u00a0:\u00a0densipedia | ordinaire et pourtant hors du commun\r\u00a9 gemeinde lupsingen | lupsingen est situ\u00e9 dans l\u2019oristal, \u00e0 six kilom\u00e8tres environ au sud-ouest de liestal. longtemps, la commune n&#8217;avait pas de place du village. pour les causettes quotidiennes, on se retrouvait \u00e0 la petite laiterie jouxtant l\u2019administration communale, \u00e0 deux pas de la place de jeux et du local des pompiers. mais la laiterie a ferm\u00e9 et quand le d\u00e9p\u00f4t des pompiers a \u00e9t\u00e9 d\u00e9saffect\u00e9 \u00e0 son tour, le centre du village mena\u00e7ait d\u2019\u00eatre d\u00e9sert\u00e9. refusant d\u2019accepter ce vide, le conseil communal a organis\u00e9 un concours pour l\u2019am\u00e9nagement de la place du village, fait r\u00e9nover le local des pompiers et obtenu qu\u2019un magasin volg s\u2019y installe. la dynamique du centre a finalement fait agir la population, qui a mis beaucoup du sien pour moderniser la vieille place de jeux. cette revalorisation du centre du village r\u00e9jouit petits et grands. | petits et grands se mobilisent pour le c\u0153ur du village\r\u00a9 elian w\u00fcthrich | dans les villages de campagne, le changement structurel prend divers visages. lupsingen est une des nombreuses communes rurales qui doit affronter les d\u00e9fis de ce type. l\u2019ann\u00e9e m\u00eame o\u00f9 la laiterie a ferm\u00e9, un nouveau b\u00e2timent scolaire \u00e9tait inaugur\u00e9 en p\u00e9riph\u00e9rie. le canton informa ensuite la commune que la route cantonale allait \u00eatre assainie et par surcro\u00eet le d\u00e9p\u00f4t des pompiers s\u2019est vid\u00e9, le corps de sapeurs-pompiers ayant fusionn\u00e9 avec ceux des communes voisines. mais l\u2019\u00e9l\u00e9ment qui a d\u00e9cid\u00e9 la commune \u00e0 rendre plus attrayant le centre du village a \u00e9t\u00e9 le vieillissement de la population et la question de savoir si elle devait mettre des logements adapt\u00e9s \u00e0 la disposition des seniors. | le b\u00e9n\u00e9fice d'un engagement collectif\r\u00a9 gemeinde lupsingen | invit\u00e9e \u00e0 un atelier prospectif, la population a donn\u00e9 un avis sans \u00e9quivoque\u00a0: pas question d\u2019acc\u00e9l\u00e9rer le trafic au centre du village, ni d\u2019\u00e9largir la liestalerstrasse comme le canton en avait l\u2019intention. mieux valait animer le centre du village, garantir la p\u00e9rennit\u00e9 de l\u2019\u00e9picerie locale et am\u00e9nager une place du village. la question du logement pour les a\u00een\u00e9s a re\u00e7u elle aussi un accueil favorable. lors d\u2019une s\u00e9ance tr\u00e8s \u00e9motionnelle, le conseil g\u00e9n\u00e9ral a d\u00e9cid\u00e9 la d\u00e9molition de la petite laiterie jouxtant la maison de commune, ce qui d\u00e9gagerait un nouvel espace, et autoris\u00e9 la municipalit\u00e9 \u00e0 acqu\u00e9rir deux parcelles de terrain \u00e0 b\u00e2tir qui se pr\u00eataient \u00e0 merveille \u00e0 la construction de logements adapt\u00e9s aux besoins des a\u00een\u00e9s. atout suppl\u00e9mentaire, ces deux parcelles \u00e9taient directement adjacentes \u00e0 celles de l\u2019ancien d\u00e9p\u00f4t des pompiers et de l\u2019administration communale, propri\u00e9t\u00e9s de la commune. | culture du b\u00e2ti partout dans le village&nbsp;: lupsingen donne l\u2019exemple\r\u00a9 r. rieder, espacesuisse | depuis longtemps, le corps de sapeurs-pompiers communal avait annonc\u00e9 qu\u2019il peinait \u00e0 trouver une rel\u00e8ve. en cons\u00e9quence, lupsingen forma avec cinq autres communes un syndicat intercommunal. du coup, les pompiers de lupsingen n\u2019avaient plus besoin de leur d\u00e9p\u00f4t. ainsi, contre toute attente, un b\u00e2timent class\u00e9 monument historique et donnant au village son aspect typique, situ\u00e9 au bord de la nouvelle place du village, se lib\u00e9rait pour une nouvelle affectation. la municipalit\u00e9 saisit aussit\u00f4t l\u2019occasion\u00a0: loin les pompiers, place au d\u00e9taillant. le b\u00e2timent historique pouvait devenir magasin. de longue date, le d\u00e9taillant garantit \u00e0 la population l\u2019acc\u00e8s aux produits de consommation courante. l\u2019\u00e9picerie fait simultan\u00e9ment office de boulangerie, de boucherie et d\u2019agence postale. mais elle avait fort \u00e0 lutter, malgr\u00e9 l\u2019importance de son r\u00f4le\u00a0: son emplacement initial \u00e9tait peu favorable. alors que sa fermeture d\u00e9finitive \u00e9tait imminente, des garnements s\u2019amus\u00e8rent \u00e0 y mettre le feu. on ne pouvait r\u00eaver mieux pour elle que le nouvel emplacement donnant sur la place du village. | \u00a9 swisstopo | bauen im bestand | bodenpolitik | dialog | innenentwicklung | liegenschaftspolitik | mitwirkung | nachhaltigkeit | \u00f6ffentlicher raum | prozesse | inventare | kommunale bauprojekte | r\u00e4umliche entwicklungsleitbilder | espacesuisse | de | fr | it<\/div><\/article><article class=\"sia-beratung-db-entry\" data-id=\"5225\" data-cpt=\"sia-ausbildung\" data-slug=\"management-de-projets-de-construction\" data-lang-slug-de_de=\"\" data-lang-slug-en_gb=\"\" data-lang-slug-fr_fr=\"\" data-lang-slug-it_it=\"\" data-lat=\"46.79483\" data-lng=\"7.1378946\" data-filter-135=\"1\" data-filter-140=\"1\" data-filter-141=\"1\" data-filter-142=\"1\" data-filter-148=\"1\" data-filter-205=\"1\" data-filter-272=\"1\" data-filter-289=\"1\" data-all-filter=\"135,140,141,142,148,205,272,289\"><div class=\"sia-beratung-db-entry-header\" onclick=\"return window.siaBeratung.toggleCpt(this);\"><div class=\"col-1\"> Management de projets de construction<\/div><div class=\"col-2\"><span>HEIA-FR Haute \u00e9cole d'ing\u00e9nierie et d'architecture de Fribourg<\/span><\/div><div class=\"col-3\"><span>CAS<\/span><\/div><div class=\"sia-beratung-db-angle\"><span class=\"sia-beratung-angle\"><\/span><\/div><\/div><div class=\"sia-beratung-db-entry-content\"><div class=\"sia-beratung-db-entry-content-columns\"><div class=\"col-1\"><p>Dans le secteur de la construction, le contexte de comp\u00e9tition, de complexit\u00e9 et la vari\u00e9t\u00e9 croissante des r\u00e9alisations requi\u00e8rent des performances et une productivit\u00e9 toujours plus \u00e9lev\u00e9e. La gestion de projets est un ensemble de m\u00e9thodes reconnues pour mener \u00e0 bien et avec succ\u00e8s des travaux de construction dans le secteur public ou priv\u00e9. Ce CAS en Management de projets de construction offre une rare possibilit\u00e9 de formation en gestion de projet dans le domaine de la construction.<\/p>\n<\/div><div class=\"col-2\"><\/div><\/div><div class=\"sia-beratung-db-entry-footer\"><div class=\"col-1\"><a href=\"https:\/\/www.heia-fr.ch\/fr\/formation-continue\/cas-en-management-de-projets-de-construction\/\" class=\"sia-beratung-db-entry-link\" target=\"_blank\" rel=\"noopener\">Link zum Angebot<\/a><\/div><div class=\"col-2\"><div class=\"sia-beratung-db-filterbox\"><label class=\"toggle\" onclick=\"return window.siaBeratung.toggleFilterBox(this);\"><span>Construire dans le b\u00e2ti existant<\/span><span>CAS<\/span><span>Energie<\/span><span>HEIA-FR Haute \u00e9cole d'ing\u00e9nierie et d'architecture de Fribourg<\/span><span>Infrastructure<\/span><span>D\u00e9veloppement \u00e0 l\u2019int\u00e9rieur du milieu b\u00e2ti<\/span><span>Durabilit\u00e9<\/span><\/label><div class=\"options\"><a href=\"#\" onclick=\"return window.siaBeratung.setFilterBoxFilter(135);\">Construire dans le b\u00e2ti existant<\/a><a href=\"#\" onclick=\"return window.siaBeratung.setFilterBoxFilter(272);\">CAS<\/a><a href=\"#\" onclick=\"return window.siaBeratung.setFilterBoxFilter(140);\">Energie<\/a><a href=\"#\" onclick=\"return window.siaBeratung.setFilterBoxFilter(205);\">HEIA-FR Haute \u00e9cole d'ing\u00e9nierie et d'architecture de Fribourg<\/a><a href=\"#\" onclick=\"return window.siaBeratung.setFilterBoxFilter(141);\">Infrastructure<\/a><a href=\"#\" onclick=\"return window.siaBeratung.setFilterBoxFilter(142);\">D\u00e9veloppement \u00e0 l\u2019int\u00e9rieur du milieu b\u00e2ti<\/a><a href=\"#\" onclick=\"return window.siaBeratung.setFilterBoxFilter(148);\">Durabilit\u00e9<\/a><a href=\"#\" onclick=\"return window.siaBeratung.setFilterBoxFilter([135,140,141,142,148,205,272,289]);\">Alle Filter ausw\u00e4hlen<\/a><\/div><\/div><label class=\"sia-beratung-db-filterbox-spacer\">&nbsp;<\/label><\/div><\/div><\/div><div class=\"sia-beratung-db-entry-searchtext\">management de projets de construction | dans le secteur de la construction, le contexte de comp\u00e9tition, de complexit\u00e9 et la vari\u00e9t\u00e9 croissante des r\u00e9alisations requi\u00e8rent des performances et une productivit\u00e9 toujours plus \u00e9lev\u00e9e. la gestion de projets est un ensemble de m\u00e9thodes reconnues pour mener \u00e0 bien et avec succ\u00e8s des travaux de construction dans le secteur public ou priv\u00e9. ce cas en management de projets de construction offre une rare possibilit\u00e9 de formation en gestion de projet dans le domaine de la construction. | bauen im bestand | energie | infrastruktur | innenentwicklung | nachhaltigkeit | hta-fr hochschule f\u00fcr technik und architektur freiburg | cas | fr<\/div><\/article><article class=\"sia-beratung-db-entry\" data-id=\"1578\" data-cpt=\"sia-angebote\" data-slug=\"handbuch-quartierentwicklung\" data-lang-slug-de_de=\"\" data-lang-slug-en_gb=\"\" data-lang-slug-fr_fr=\"\" data-lang-slug-it_it=\"\" data-lat=\"53.5507112\" data-lng=\"10.0008202\" data-filter-137=\"1\" data-filter-139=\"1\" data-filter-142=\"1\" data-filter-144=\"1\" data-filter-146=\"1\" data-filter-147=\"1\" data-filter-148=\"1\" data-filter-149=\"1\" data-filter-151=\"1\" data-filter-152=\"1\" data-filter-163=\"1\" data-filter-172=\"1\" data-filter-183=\"1\" data-filter-184=\"1\" data-filter-185=\"1\" data-filter-188=\"1\" data-filter-270=\"1\" data-filter-288=\"1\" data-filter-289=\"1\" data-filter-290=\"1\" data-all-filter=\"137,139,142,144,146,147,148,149,151,152,163,172,183,184,185,188,270,288,289,290\"><div class=\"sia-beratung-db-entry-header\" onclick=\"return window.siaBeratung.toggleCpt(this);\"><div class=\"col-1\">Manuel de d\u00e9veloppement de quartier<\/div><div class=\"col-2\"><span>ARE Office f\u00e9d\u00e9ral du d\u00e9veloppement territorial<\/span><span>OFL Office f\u00e9d\u00e9ral du logement<\/span><span>CFM Commission f\u00e9d\u00e9rale des migrations<\/span><span>SLR Service de lutte contre le racisme<\/span><span>SEM Secr\u00e9tariat d'Etat aux migrations<\/span><\/div><div class=\"col-3\"><span>Guide<\/span><\/div><div class=\"sia-beratung-db-angle\"><span class=\"sia-beratung-angle\"><\/span><\/div><\/div><div class=\"sia-beratung-db-entry-content\"><div class=\"sia-beratung-db-entry-content-columns\"><div class=\"col-1\"><p>\u00abProjets urbains \u2013 Int\u00e9gration sociale dans des zones d\u2019habitation\u00bb Enseignements pratiques tir\u00e9s des huit ann\u00e9es du Programme<\/p>\n<\/div><div class=\"col-2\"><\/div><\/div><div class=\"sia-beratung-db-entry-footer\"><div class=\"col-1\"><a href=\"https:\/\/www.are.admin.ch\/fr\/programme-projets-urbains-integration-sociale-dans-des-zones-dhabitation\" class=\"sia-beratung-db-entry-link\" target=\"_blank\" rel=\"noopener\">Link zum Angebot<\/a><\/div><div class=\"col-2\"><div class=\"sia-beratung-db-filterbox\"><label class=\"toggle\" onclick=\"return window.siaBeratung.toggleFilterBox(this);\"><span>Guide<\/span><span>ARE Office f\u00e9d\u00e9ral du d\u00e9veloppement territorial<\/span><span>Politique fonci\u00e8re<\/span><span>OFL Office f\u00e9d\u00e9ral du logement<\/span><span>Dialogue<\/span><span>CFM Commission f\u00e9d\u00e9rale des migrations<\/span><span>SLR Service de lutte contre le racisme<\/span><span>D\u00e9veloppement \u00e0 l\u2019int\u00e9rieur du milieu b\u00e2ti<\/span><span>Paysage<\/span><span>Participation<\/span><span>Mobilit\u00e9<\/span><span>Durabilit\u00e9<\/span><span>Plans d\u2019affectation<\/span><span>Espace public<\/span><span>Outils de planification<\/span><span>Processus<\/span><span>SEM Secr\u00e9tariat d'Etat aux migrations<\/span><\/label><div class=\"options\"><a href=\"#\" onclick=\"return window.siaBeratung.setFilterBoxFilter(270);\">Guide<\/a><a href=\"#\" onclick=\"return window.siaBeratung.setFilterBoxFilter(172);\">ARE Office f\u00e9d\u00e9ral du d\u00e9veloppement territorial<\/a><a href=\"#\" onclick=\"return window.siaBeratung.setFilterBoxFilter(137);\">Politique fonci\u00e8re<\/a><a href=\"#\" onclick=\"return window.siaBeratung.setFilterBoxFilter(183);\">OFL Office f\u00e9d\u00e9ral du logement<\/a><a href=\"#\" onclick=\"return window.siaBeratung.setFilterBoxFilter(139);\">Dialogue<\/a><a href=\"#\" onclick=\"return window.siaBeratung.setFilterBoxFilter(184);\">CFM Commission f\u00e9d\u00e9rale des migrations<\/a><a href=\"#\" onclick=\"return window.siaBeratung.setFilterBoxFilter(185);\">SLR Service de lutte contre le racisme<\/a><a href=\"#\" onclick=\"return window.siaBeratung.setFilterBoxFilter(142);\">D\u00e9veloppement \u00e0 l\u2019int\u00e9rieur du milieu b\u00e2ti<\/a><a href=\"#\" onclick=\"return window.siaBeratung.setFilterBoxFilter(144);\">Paysage<\/a><a href=\"#\" onclick=\"return window.siaBeratung.setFilterBoxFilter(146);\">Participation<\/a><a href=\"#\" onclick=\"return window.siaBeratung.setFilterBoxFilter(147);\">Mobilit\u00e9<\/a><a href=\"#\" onclick=\"return window.siaBeratung.setFilterBoxFilter(148);\">Durabilit\u00e9<\/a><a href=\"#\" onclick=\"return window.siaBeratung.setFilterBoxFilter(163);\">Plans d\u2019affectation<\/a><a href=\"#\" onclick=\"return window.siaBeratung.setFilterBoxFilter(149);\">Espace public<\/a><a href=\"#\" onclick=\"return window.siaBeratung.setFilterBoxFilter(151);\">Outils de planification<\/a><a href=\"#\" onclick=\"return window.siaBeratung.setFilterBoxFilter(152);\">Processus<\/a><a href=\"#\" onclick=\"return window.siaBeratung.setFilterBoxFilter(188);\">SEM Secr\u00e9tariat d'Etat aux migrations<\/a><a href=\"#\" onclick=\"return window.siaBeratung.setFilterBoxFilter([137,139,142,144,146,147,148,149,151,152,163,172,183,184,185,188,270,288,289,290]);\">Alle Filter ausw\u00e4hlen<\/a><\/div><\/div><label class=\"sia-beratung-db-filterbox-spacer\">&nbsp;<\/label><\/div><\/div><\/div><div class=\"sia-beratung-db-entry-searchtext\">handbuch quartierentwicklung | \u00abprojets urbains \u2013 int\u00e9gration sociale dans des zones d\u2019habitation\u00bb enseignements pratiques tir\u00e9s des huit ann\u00e9es du programme | bodenpolitik | dialog | innenentwicklung | landschaft | mitwirkung | mobilit\u00e4t | nachhaltigkeit | \u00f6ffentlicher raum | planungsinstrumente | prozesse | nutzungsplanung | are bundesamt f\u00fcr raumentwicklung | bwo bundesamt f\u00fcr wohnungswesen | ekm eidgen\u00f6ssische migrationskommission | frb fachstelle f\u00fcr rassismusbek\u00e4mpfung | sem staatssekretariat f\u00fcr migration | arbeitshilfe | de | fr | it<\/div><\/article><article class=\"sia-beratung-db-entry\" data-id=\"1577\" data-cpt=\"sia-angebote\" data-slug=\"handbuch-fuer-die-partizipation-bei-wasserbauprojekten\" data-lang-slug-de_de=\"\" data-lang-slug-en_gb=\"\" data-lang-slug-fr_fr=\"\" data-lang-slug-it_it=\"\" data-lat=\"53.5507112\" data-lng=\"10.0008202\" data-filter-136=\"1\" data-filter-139=\"1\" data-filter-141=\"1\" data-filter-143=\"1\" data-filter-144=\"1\" data-filter-146=\"1\" data-filter-148=\"1\" data-filter-151=\"1\" data-filter-157=\"1\" data-filter-175=\"1\" data-filter-270=\"1\" data-filter-288=\"1\" data-filter-289=\"1\" data-all-filter=\"136,139,141,143,144,146,148,151,157,175,270,288,289\"><div class=\"sia-beratung-db-entry-header\" onclick=\"return window.siaBeratung.toggleCpt(this);\"><div class=\"col-1\">Manuel Processus participatif dans les projets d\u2019am\u00e9nagement de cours d\u2019eau<\/div><div class=\"col-2\"><span>OFEV Office f\u00e9d\u00e9ral de l'environnement<\/span><\/div><div class=\"col-3\"><span>Guide<\/span><\/div><div class=\"sia-beratung-db-angle\"><span class=\"sia-beratung-angle\"><\/span><\/div><\/div><div class=\"sia-beratung-db-entry-content\"><div class=\"sia-beratung-db-entry-content-columns\"><div class=\"col-1\"><p>Ce manuel montre comment la participation dans le cadre de projets d\u2019am\u00e9nagement de cours d\u2019eau (projets de protection contre les crues et de renaturation) est men\u00e9e \u00e0 bien de fa\u00e7on efficace. Le contenu est bas\u00e9 sur l\u2019exp\u00e9rience pratique de projets d\u2019am\u00e9nagement de cours d\u2019eau en Suisse et dans les pays voisins.<\/p>\n<\/div><div class=\"col-2\"><\/div><\/div><div class=\"sia-beratung-db-entry-footer\"><div class=\"col-1\"><a href=\"https:\/\/www.bafu.admin.ch\/dam\/fr\/sd-web\/6SF1b-uX1xou\/handbuch-partizipation-bei-wasserbauprojekten.pdf\" class=\"sia-beratung-db-entry-link\" target=\"_blank\" rel=\"noopener\">Link zum Angebot<\/a><\/div><div class=\"col-2\"><div class=\"sia-beratung-db-filterbox\"><label class=\"toggle\" onclick=\"return window.siaBeratung.toggleFilterBox(this);\"><span>Guide<\/span><span>OFEV Office f\u00e9d\u00e9ral de l'environnement<\/span><span>Biodiversit\u00e9<\/span><span>Dialogue<\/span><span>Formation continue pour le personnel politique et administratif<\/span><span>Infrastructure<\/span><span>Climat<\/span><span>Paysage<\/span><span>Participation<\/span><span>Durabilit\u00e9<\/span><span>Outils de planification<\/span><\/label><div class=\"options\"><a href=\"#\" onclick=\"return window.siaBeratung.setFilterBoxFilter(270);\">Guide<\/a><a href=\"#\" onclick=\"return window.siaBeratung.setFilterBoxFilter(175);\">OFEV Office f\u00e9d\u00e9ral de l'environnement<\/a><a href=\"#\" onclick=\"return window.siaBeratung.setFilterBoxFilter(136);\">Biodiversit\u00e9<\/a><a href=\"#\" onclick=\"return window.siaBeratung.setFilterBoxFilter(139);\">Dialogue<\/a><a href=\"#\" onclick=\"return window.siaBeratung.setFilterBoxFilter(157);\">Formation continue pour le personnel politique et administratif<\/a><a href=\"#\" onclick=\"return window.siaBeratung.setFilterBoxFilter(141);\">Infrastructure<\/a><a href=\"#\" onclick=\"return window.siaBeratung.setFilterBoxFilter(143);\">Climat<\/a><a href=\"#\" onclick=\"return window.siaBeratung.setFilterBoxFilter(144);\">Paysage<\/a><a href=\"#\" onclick=\"return window.siaBeratung.setFilterBoxFilter(146);\">Participation<\/a><a href=\"#\" onclick=\"return window.siaBeratung.setFilterBoxFilter(148);\">Durabilit\u00e9<\/a><a href=\"#\" onclick=\"return window.siaBeratung.setFilterBoxFilter(151);\">Outils de planification<\/a><a href=\"#\" onclick=\"return window.siaBeratung.setFilterBoxFilter([136,139,141,143,144,146,148,151,157,175,270,288,289]);\">Alle Filter ausw\u00e4hlen<\/a><\/div><\/div><label class=\"sia-beratung-db-filterbox-spacer\">&nbsp;<\/label><\/div><\/div><\/div><div class=\"sia-beratung-db-entry-searchtext\">handbuch f\u00fcr die partizipation bei wasserbauprojekten | ce manuel montre comment la participation dans le cadre de projets d\u2019am\u00e9nagement de cours d\u2019eau (projets de protection contre les crues et de renaturation) est men\u00e9e \u00e0 bien de fa\u00e7on efficace. le contenu est bas\u00e9 sur l\u2019exp\u00e9rience pratique de projets d\u2019am\u00e9nagement de cours d\u2019eau en suisse et dans les pays voisins. | biodiversit\u00e4t | dialog | infrastruktur | klima | landschaft | mitwirkung | nachhaltigkeit | planungsinstrumente | fortbildung f\u00fcr politik und verwaltung | bafu bundesamt f\u00fcr umwelt | arbeitshilfe | de | fr<\/div><\/article><article class=\"sia-beratung-db-entry\" data-id=\"1594\" data-cpt=\"sia-angebote\" data-slug=\"marche-a-suivre-densification-de-la-zone-5\" data-lat=\"53.5507112\" data-lng=\"10.0008202\" data-filter-135=\"1\" data-filter-136=\"1\" data-filter-139=\"1\" data-filter-142=\"1\" data-filter-143=\"1\" data-filter-144=\"1\" data-filter-148=\"1\" data-filter-149=\"1\" data-filter-150=\"1\" data-filter-154=\"1\" data-filter-219=\"1\" data-filter-270=\"1\" data-filter-289=\"1\" data-all-filter=\"135,136,139,142,143,144,148,149,150,154,219,270,289\"><div class=\"sia-beratung-db-entry-header\" onclick=\"return window.siaBeratung.toggleCpt(this);\"><div class=\"col-1\">Marche \u00e0 suivre \u2013 Densification de la zone 5<\/div><div class=\"col-2\"><span>Gen\u00e8ve<\/span><\/div><div class=\"col-3\"><span>Guide<\/span><\/div><div class=\"sia-beratung-db-angle\"><span class=\"sia-beratung-angle\"><\/span><\/div><\/div><div class=\"sia-beratung-db-entry-content\"><div class=\"sia-beratung-db-entry-content-columns\"><div class=\"col-1\"><p>La marche \u00e0 suivre s\u2019adresse aux propri\u00e9taires, porteurs de projets, aux communes, ainsi qu\u2019aux mandataires. Elle d\u00e9crit les nouvelles exigences de contenu et de forme \u00e0 respecter dans la zone 5, tant pour les projets de construction que pour les plans directeurs communaux (PDCom).<br \/>\nElle d\u00e9crit \u00e9galement la mani\u00e8re dont les dossiers de demandes d\u2019autorisation de construire sont instruits, avec et sans d\u00e9rogation de densit\u00e9.<\/p>\n<\/div><div class=\"col-2\"><\/div><\/div><div class=\"sia-beratung-db-entry-footer\"><div class=\"col-1\"><a href=\"https:\/\/www.ge.ch\/actualite\/qualite-zone-5-quartiers-jardins-26-06-2017\" class=\"sia-beratung-db-entry-link\" target=\"_blank\" rel=\"noopener\">Link zum Angebot<\/a><\/div><div class=\"col-2\"><div class=\"sia-beratung-db-filterbox\"><label class=\"toggle\" onclick=\"return window.siaBeratung.toggleFilterBox(this);\"><span>Guide<\/span><span>Proc\u00e9dures d\u2019autorisation de construire<\/span><span>Construire dans le b\u00e2ti existant<\/span><span>Biodiversit\u00e9<\/span><span>Dialogue<\/span><span>Gen\u00e8ve<\/span><span>D\u00e9veloppement \u00e0 l\u2019int\u00e9rieur du milieu b\u00e2ti<\/span><span>Climat<\/span><span>Paysage<\/span><span>Durabilit\u00e9<\/span><span>Espace public<\/span><span>Sites construits<\/span><\/label><div class=\"options\"><a href=\"#\" onclick=\"return window.siaBeratung.setFilterBoxFilter(270);\">Guide<\/a><a href=\"#\" onclick=\"return window.siaBeratung.setFilterBoxFilter(154);\">Proc\u00e9dures d\u2019autorisation de construire<\/a><a href=\"#\" onclick=\"return window.siaBeratung.setFilterBoxFilter(135);\">Construire dans le b\u00e2ti existant<\/a><a href=\"#\" onclick=\"return window.siaBeratung.setFilterBoxFilter(136);\">Biodiversit\u00e9<\/a><a href=\"#\" onclick=\"return window.siaBeratung.setFilterBoxFilter(139);\">Dialogue<\/a><a href=\"#\" onclick=\"return window.siaBeratung.setFilterBoxFilter(219);\">Gen\u00e8ve<\/a><a href=\"#\" onclick=\"return window.siaBeratung.setFilterBoxFilter(142);\">D\u00e9veloppement \u00e0 l\u2019int\u00e9rieur du milieu b\u00e2ti<\/a><a href=\"#\" onclick=\"return window.siaBeratung.setFilterBoxFilter(143);\">Climat<\/a><a href=\"#\" onclick=\"return window.siaBeratung.setFilterBoxFilter(144);\">Paysage<\/a><a href=\"#\" onclick=\"return window.siaBeratung.setFilterBoxFilter(148);\">Durabilit\u00e9<\/a><a href=\"#\" onclick=\"return window.siaBeratung.setFilterBoxFilter(149);\">Espace public<\/a><a href=\"#\" onclick=\"return window.siaBeratung.setFilterBoxFilter(150);\">Sites construits<\/a><a href=\"#\" onclick=\"return window.siaBeratung.setFilterBoxFilter([135,136,139,142,143,144,148,149,150,154,219,270,289]);\">Alle Filter ausw\u00e4hlen<\/a><\/div><\/div><label class=\"sia-beratung-db-filterbox-spacer\">&nbsp;<\/label><\/div><\/div><\/div><div class=\"sia-beratung-db-entry-searchtext\">marche \u00e0 suivre \u2013 densification de la zone 5 | la marche \u00e0 suivre s\u2019adresse aux propri\u00e9taires, porteurs de projets, aux communes, ainsi qu\u2019aux mandataires. elle d\u00e9crit les nouvelles exigences de contenu et de forme \u00e0 respecter dans la zone 5, tant pour les projets de construction que pour les plans directeurs communaux (pdcom).elle d\u00e9crit \u00e9galement la mani\u00e8re dont les dossiers de demandes d\u2019autorisation de construire sont instruits, avec et sans d\u00e9rogation de densit\u00e9. | bauen im bestand | biodiversit\u00e4t | dialog | innenentwicklung | klima | landschaft | nachhaltigkeit | \u00f6ffentlicher raum | ortsbilder | baubewilligungsverfahren | genf | arbeitshilfe | fr<\/div><\/article><article class=\"sia-beratung-db-entry\" data-id=\"2907\" data-cpt=\"sia-ausbildung\" data-slug=\"kunstgeschichte-mit-spezialisierung-in-denkmalpflege-und-monumentenmanagement\" data-lang-slug-de_de=\"\" data-lang-slug-en_gb=\"\" data-lang-slug-fr_fr=\"\" data-lang-slug-it_it=\"\" data-lat=\"46.9483873\" data-lng=\"7.4523354\" data-filter-138=\"1\" data-filter-150=\"1\" data-filter-160=\"1\" data-filter-305=\"1\" data-filter-306=\"1\" data-filter-288=\"1\" data-all-filter=\"138,150,160,305,306,288\"><div class=\"sia-beratung-db-entry-header\" onclick=\"return window.siaBeratung.toggleCpt(this);\"><div class=\"col-1\">Master Kunstgeschichte mit Spezialisierung in Denkmalpflege und Monumentenmanagement<\/div><div class=\"col-2\"><span>Universit\u00e4t Bern<\/span><\/div><div class=\"col-3\"><span>Master of Arts<\/span><\/div><div class=\"sia-beratung-db-angle\"><span class=\"sia-beratung-angle\"><\/span><\/div><\/div><div class=\"sia-beratung-db-entry-content\"><div class=\"sia-beratung-db-entry-content-columns\"><div class=\"col-1\"><p>Der \u00abMaster Kunstgeschichte mit Spezialisierung in Denkmalpflege und Monumentenmanagement\u00bb am Institut f\u00fcr Kunstgeschichte (IKG) der Universit\u00e4t Bern integriert das Fach Denkmalpflege in die kunsthistorische Ausbildung. Damit wird eine fachlich unerl\u00e4ssliche und zugleich praxisnahe Ausbildung mit guten Berufsperspektiven innerhalb der Schweiz und dar\u00fcber hinaus angestrebt.<\/p>\n<\/div><div class=\"col-2\"><\/div><\/div><div class=\"sia-beratung-db-entry-footer\"><div class=\"col-1\"><a href=\"https:\/\/www.philhist.unibe.ch\/studium\/studienprogramme\/master_kunstgeschichte_mit_spezialisierung_in_denkmalpflege_und_monumentenmanagement\/index_ger.html\" class=\"sia-beratung-db-entry-link\" target=\"_blank\" rel=\"noopener\">Link zum Angebot<\/a><\/div><div class=\"col-2\"><div class=\"sia-beratung-db-filterbox\"><label class=\"toggle\" onclick=\"return window.siaBeratung.toggleFilterBox(this);\"><span>Monuments<\/span><span>Inventaires<\/span><span>Master of Arts<\/span><span>Sites construits<\/span><span>Universit\u00e4t Bern<\/span><\/label><div class=\"options\"><a href=\"#\" onclick=\"return window.siaBeratung.setFilterBoxFilter(138);\">Monuments<\/a><a href=\"#\" onclick=\"return window.siaBeratung.setFilterBoxFilter(160);\">Inventaires<\/a><a href=\"#\" onclick=\"return window.siaBeratung.setFilterBoxFilter(306);\">Master of Arts<\/a><a href=\"#\" onclick=\"return window.siaBeratung.setFilterBoxFilter(150);\">Sites construits<\/a><a href=\"#\" onclick=\"return window.siaBeratung.setFilterBoxFilter(305);\">Universit\u00e4t Bern<\/a><a href=\"#\" onclick=\"return window.siaBeratung.setFilterBoxFilter([138,150,160,305,306,288]);\">Alle Filter ausw\u00e4hlen<\/a><\/div><\/div><label class=\"sia-beratung-db-filterbox-spacer\">&nbsp;<\/label><\/div><\/div><\/div><div class=\"sia-beratung-db-entry-searchtext\">master kunstgeschichte mit spezialisierung in denkmalpflege und monumentenmanagement | der \u00abmaster kunstgeschichte mit spezialisierung in denkmalpflege und monumentenmanagement\u00bb am institut f\u00fcr kunstgeschichte (ikg) der universit\u00e4t bern integriert das fach denkmalpflege in die kunsthistorische ausbildung. damit wird eine fachlich unerl\u00e4ssliche und zugleich praxisnahe ausbildung mit guten berufsperspektiven innerhalb der schweiz und dar\u00fcber hinaus angestrebt. | denkm\u00e4ler | ortsbilder | inventare | universit\u00e4t bern | master of arts | de<\/div><\/article><article class=\"sia-beratung-db-entry\" data-id=\"3918\" data-cpt=\"sia-angebote\" data-slug=\"metamorphouse\" data-lang-slug-de_de=\"\" data-lang-slug-en_gb=\"\" data-lang-slug-fr_fr=\"\" data-lang-slug-it_it=\"\" data-lat=\"53.5507112\" data-lng=\"10.0008202\" data-filter-135=\"1\" data-filter-142=\"1\" data-filter-149=\"1\" data-filter-151=\"1\" data-filter-152=\"1\" data-filter-163=\"1\" data-filter-167=\"1\" data-filter-283=\"1\" data-filter-289=\"1\" data-all-filter=\"135,142,149,151,152,163,167,283,289\"><div class=\"sia-beratung-db-entry-header\" onclick=\"return window.siaBeratung.toggleCpt(this);\"><div class=\"col-1\">MetamorpHouse<\/div><div class=\"col-2\"><\/div><div class=\"col-3\"><span>Plateforme<\/span><\/div><div class=\"sia-beratung-db-angle\"><span class=\"sia-beratung-angle\"><\/span><\/div><\/div><div class=\"sia-beratung-db-entry-content\"><div class=\"sia-beratung-db-entry-content-columns\"><div class=\"col-1\"><p>M\u00e9tamorpHouse sensibilise \u00e0 la densification douce et choisie des quartiers de maisons individuelles afin d\u2019y augmenter le nombre de logements et am\u00e9nager des habitations pour diff\u00e9rents types, tailles et g\u00e9n\u00e9rations de m\u00e9nages. L\u2019objectif est d\u2019inciter \u00e0 une transformation socialement, \u00e9cologiquement et \u00e9conomiquement r\u00e9siliente des quartiers d\u2019habitation de faible densit\u00e9.<\/p>\n<\/div><div class=\"col-2\"><\/div><\/div><div class=\"sia-beratung-db-entry-footer\"><div class=\"col-1\"><a href=\"https:\/\/www.metamorphouse.ch\/\" class=\"sia-beratung-db-entry-link\" target=\"_blank\" rel=\"noopener\">Link zum Angebot<\/a><\/div><div class=\"col-2\"><div class=\"sia-beratung-db-filterbox\"><label class=\"toggle\" onclick=\"return window.siaBeratung.toggleFilterBox(this);\"><span>Construire dans le b\u00e2ti existant<\/span><span>D\u00e9veloppement \u00e0 l\u2019int\u00e9rieur du milieu b\u00e2ti<\/span><span>Plans d\u2019affectation<\/span><span>Espace public<\/span><span>Outils de planification<\/span><span>Plateforme<\/span><span>Processus<\/span><span>Strat\u00e9gies de d\u00e9veloppement territorial<\/span><\/label><div class=\"options\"><a href=\"#\" onclick=\"return window.siaBeratung.setFilterBoxFilter(135);\">Construire dans le b\u00e2ti existant<\/a><a href=\"#\" onclick=\"return window.siaBeratung.setFilterBoxFilter(142);\">D\u00e9veloppement \u00e0 l\u2019int\u00e9rieur du milieu b\u00e2ti<\/a><a href=\"#\" onclick=\"return window.siaBeratung.setFilterBoxFilter(163);\">Plans d\u2019affectation<\/a><a href=\"#\" onclick=\"return window.siaBeratung.setFilterBoxFilter(149);\">Espace public<\/a><a href=\"#\" onclick=\"return window.siaBeratung.setFilterBoxFilter(151);\">Outils de planification<\/a><a href=\"#\" onclick=\"return window.siaBeratung.setFilterBoxFilter(283);\">Plateforme<\/a><a href=\"#\" onclick=\"return window.siaBeratung.setFilterBoxFilter(152);\">Processus<\/a><a href=\"#\" onclick=\"return window.siaBeratung.setFilterBoxFilter(167);\">Strat\u00e9gies de d\u00e9veloppement territorial<\/a><a href=\"#\" onclick=\"return window.siaBeratung.setFilterBoxFilter([135,142,149,151,152,163,167,283,289]);\">Alle Filter ausw\u00e4hlen<\/a><\/div><\/div><label class=\"sia-beratung-db-filterbox-spacer\">&nbsp;<\/label><\/div><\/div><\/div><div class=\"sia-beratung-db-entry-searchtext\">metamorphouse | m\u00e9tamorphouse sensibilise \u00e0 la densification douce et choisie des quartiers de maisons individuelles afin d\u2019y augmenter le nombre de logements et am\u00e9nager des habitations pour diff\u00e9rents types, tailles et g\u00e9n\u00e9rations de m\u00e9nages. l\u2019objectif est d\u2019inciter \u00e0 une transformation socialement, \u00e9cologiquement et \u00e9conomiquement r\u00e9siliente des quartiers d\u2019habitation de faible densit\u00e9. | bauen im bestand | innenentwicklung | \u00f6ffentlicher raum | planungsinstrumente | prozesse | nutzungsplanung | r\u00e4umliche entwicklungsleitbilder | plattform | fr<\/div><\/article><article class=\"sia-beratung-db-entry\" data-id=\"1465\" data-cpt=\"sia-beispiele\" data-slug=\"meyrin-plan-trifft-land-eine-erfolgsgeschichte\" data-lang-slug-de_de=\"\" data-lang-slug-en_gb=\"\" data-lang-slug-fr_fr=\"\" data-lang-slug-it_it=\"\" data-lat=\"46.228303\" data-lng=\"6.0714912\" data-filter-136=\"1\" data-filter-137=\"1\" data-filter-142=\"1\" data-filter-143=\"1\" data-filter-144=\"1\" data-filter-147=\"1\" data-filter-148=\"1\" data-filter-149=\"1\" data-filter-151=\"1\" data-filter-161=\"1\" data-filter-167=\"1\" data-filter-256=\"1\" data-filter-288=\"1\" data-filter-289=\"1\" data-filter-290=\"1\" data-all-filter=\"136,137,142,143,144,147,148,149,151,161,167,256,288,289,290\"><div class=\"sia-beratung-db-entry-header\" onclick=\"return window.siaBeratung.toggleCpt(this);\"><div class=\"col-1\">Meyrin&nbsp;: Planifier tout le territoire, histoire d\u2019un succ\u00e8s<\/div><div class=\"col-2\">Meyrin, GE<\/div><div class=\"sia-beratung-db-angle\"><span class=\"sia-beratung-angle\"><\/span><\/div><\/div><div class=\"sia-beratung-db-entry-content\"><div class=\"sia-beratung-db-entry-content-columns\"><div class=\"col-1\"><div class=\"sia-beratung-db-entry-slides\"><div class=\"sia-beratung-db-entry-swiper\"><div class=\"swiper-wrapper\"><div class=\"swiper-slide\"><img loading=\"lazy\" decoding=\"async\" src=\"https:\/\/baukulturschweiz.ch\/wp-content\/uploads\/2023\/06\/2023-04-20-095759-meyrin-1-timothe-beuret-1024x768.jpg\" width=\"1024\" height=\"768\" \/><\/div><div class=\"swiper-slide\"><img loading=\"lazy\" decoding=\"async\" src=\"https:\/\/baukulturschweiz.ch\/wp-content\/uploads\/2023\/06\/2023-04-20-095918-meyrin-2-timothe-beuret-1024x768.jpg\" width=\"1024\" height=\"768\" \/><\/div><div class=\"swiper-slide\"><img loading=\"lazy\" decoding=\"async\" src=\"https:\/\/baukulturschweiz.ch\/wp-content\/uploads\/2023\/06\/2023-04-20-100007-meyrin-3-timothe-beuret-1024x768.jpg\" width=\"1024\" height=\"768\" \/><\/div><div class=\"swiper-slide\"><img loading=\"lazy\" decoding=\"async\" src=\"https:\/\/baukulturschweiz.ch\/wp-content\/uploads\/2023\/06\/2023-04-20-102039-meyrin-4-timothe-beuret-1024x768.jpg\" width=\"1024\" height=\"768\" \/><\/div><div class=\"swiper-slide\"><img loading=\"lazy\" decoding=\"async\" src=\"https:\/\/baukulturschweiz.ch\/wp-content\/uploads\/2023\/06\/2023-04-20-102139-be-meyrin-5-c-swisstopo-1024x768.jpg\" width=\"1024\" height=\"768\" \/><\/div><\/div><\/div><a class=\"swiper-button swiper-button-prev\"><\/a><a class=\"swiper-button swiper-button-next mobile\"><\/a><div class=\"sia-beratung-db-slide-legends\"><small data-index=\"0\">Les \u00e9talements urbains offrent de nombreuses interfaces, int\u00e9ressantes sous l\u2019angle de la planification<br \/>\r\n\u00a9 Thimoth\u00e9 Beuret<\/small><small data-index=\"1\" style=\"display:none;\">Agriculture et espace urbain se rencontrent et se recoupent<br \/>\r\n\u00a9 Thimoth\u00e9 Beuret<\/small><small data-index=\"2\" style=\"display:none;\">Meyrin poss\u00e8de des espaces ext\u00e9rieurs attrayants tant en zone agricole qu\u2019en zone \u00e0 b\u00e2tir<br \/>\r\n\u00a9 Thimoth\u00e9 Beuret<\/small><small data-index=\"3\" style=\"display:none;\">En temps de changement, planifier l\u2019ensemble du territoire est la cl\u00e9 du succ\u00e8s<br \/>\r\n\u00a9 Thimoth\u00e9 Beuret<\/small><small data-index=\"4\" style=\"display:none;\">\u00a9 Swisstopo<\/small><small class=\"pageNo\">1\/5<\/small><\/div><\/div><\/div><div class=\"col-2\"><div class=\"sia-beratung-db-slide-texts\"><div class=\"sia-beratung-db-slide-text\" data-index=\"0\"><p>La r\u00e9alisation du projet Route de Pr\u00e9vessin montre de fa\u00e7on exemplaire comment des prescriptions abstraites venues d\u2019en haut peuvent se traduire par des mesures concr\u00e8tes. L\u2019application de celles-ci revient \u00e0 revaloriser personnes, agriculture et paysage.<\/p>\n<p><strong>R\u00f4le de la commune\u00a0:<\/strong>\u00a0coordonner, conduire le d\u00e9bat, trouver un accord, d\u00e9cider, mettre en \u0153uvre, r\u00e9aliser<br \/>\n<strong>Organismes responsables\u00a0:<\/strong>\u00a0Commune<br \/>\n<strong>Architecture paysag\u00e8re\u00a0:<\/strong>\u00a0apaar, Gen\u00e8ve<br \/>\n<strong>Source\u00a0:<\/strong>\u00a0<a class=\"external\" title=\"Hochparterre, Hase in Landschaftsarchitektur, mention (r\u00e9serv\u00e9 aux abonn\u00e9s)\" href=\"https:\/\/www.hochparterre.ch\/diebesten\/agglomeration-gewinnt-land?tx_hochparterreblog_pi1%5Btitle%5D=16296&amp;cHash=6db2c3e2171452228b889d15f76acb1d\" target=\"_blank\" rel=\"noopener\">Hochparterre, Hase in Landschaftsarchitektur, mention (r\u00e9serv\u00e9 aux abonn\u00e9s)<\/a>\u00a0<a class=\"external\" title=\"Article PDF\" href=\"\/wp-content\/uploads\/2023\/06\/2023-04-19-092249-meyrin-hochparterre-agglomeration-gewinnt-land.pdf\" target=\"_blank\" rel=\"noopener\">Article PDF<\/a><\/p>\n<\/div><div class=\"sia-beratung-db-slide-text\" data-index=\"1\" style=\"display:none;\"><p>L\u2019une des caract\u00e9ristiques du canton de Gen\u00e8ve est son mix de cit\u00e9 au rayonnement international et d\u2019espace rural bien conserv\u00e9, avec de nombreuses exploitations agricoles ou vinicoles. Face \u00e0 la forte pression de l\u2019urbanisation, les responsables publics et priv\u00e9s ont d\u00e9velopp\u00e9 depuis les ann\u00e9es 1970 divers moyens, projets, mesures et proc\u00e9dures qui permettent de conserver et de revaloriser l\u2019espace rural. Ils sont ainsi parvenus \u00e0 appliquer, pour les g\u00e9n\u00e9rations pr\u00e9sentes et futures, des mesures favorables au patrimoine culturel paysager. Le plan directeur du canton comprend une feuille de coordination Paysage, qui prescrit une planification respectueuse du paysage.<\/p>\n<\/div><div class=\"sia-beratung-db-slide-text\" data-index=\"2\" style=\"display:none;\"><p>Meyrin se situe \u00e0 l\u2019ouest de Gen\u00e8ve, directement \u00e0 la fronti\u00e8re avec la France. Dans cette commune p\u00e9riurbaine qui s\u2019est rapidement agrandie, quartiers neufs, exploitations agricoles, a\u00e9roport de Cointrin et r\u00e9serves naturelles se c\u00f4toient. Dans le cadre du projet d\u2019agglom\u00e9ration Paysage 2012, la ville de Meyrin a con\u00e7u, en collaboration avec des sp\u00e9cialistes, la Route de Pr\u00e9vessin, une promenade qui fait le lien entre paysage et agglom\u00e9ration. Une premi\u00e8re partie en a \u00e9t\u00e9 r\u00e9alis\u00e9e ; elle s\u2019inscrit dans une vision globale centr\u00e9e sur une coexistence non conflictuelle entre nouveaux habitants, agriculture et paysage. Long de huit cents m\u00e8tres, ce sentier p\u00e9destre avec piste cyclable longe les divers espaces libres existants et sensibilise la population de l\u2019agglom\u00e9ration aux particularit\u00e9s du paysage \u00e0 deux pas de chez elle\u00a0: champs cultiv\u00e9s, for\u00eats, parcs et fermes.<\/p>\n<\/div><div class=\"sia-beratung-db-slide-text\" data-index=\"3\" style=\"display:none;\"><p>Le projet d\u2019assainissement de la Route de Pr\u00e9vessin pr\u00e9voit de r\u00e9duire la largeur de la chauss\u00e9e pour favoriser une vitesse de circulation plus mod\u00e9r\u00e9e, et de supprimer bordures et chicanes pour redonner \u00e0 cet axe le caract\u00e8re agricole des routes de campagne. Il pr\u00e9voit aussi une gestion des flux de mobilit\u00e9 douce et de mobilit\u00e9 motoris\u00e9e, une meilleure protection des cultures ainsi que la plantation de haies. La transformation de l\u2019ancienne douane en une salle de r\u00e9unions et la revalorisation du chemin par la pose de bancs o\u00f9 les promeneurs pourront se d\u00e9tendre donnent une plus-value au paysage. Cet exemple le montre\u00a0: un projet de construction routi\u00e8re peut \u00eatre davantage qu\u2019un simple projet de construction.<\/p>\n<\/div><div class=\"sia-beratung-db-slide-text\" data-index=\"4\" style=\"display:none;\"><p>Visant le long terme, le projet d\u2019am\u00e9nagement du territoire agricole entend relier les terres agricoles, le paysage et l\u2019a\u00e9roport aux structures urbaines tout en renfor\u00e7ant le caract\u00e8re propre des lieux. Diff\u00e9rentes mesures ont \u00e9t\u00e9 prises pour am\u00e9liorer le paysage, favoriser la mobilit\u00e9 douce, canaliser l\u2019usage des voies publiques et faciliter l\u2019usage agricole. Ne sont-ce pas l\u00e0 des potentiels que toute commune poss\u00e8de\u00a0?<\/p>\n<\/div><\/div><div class=\"sia-beratung-db-filterbox\"><label class=\"toggle\" onclick=\"return window.siaBeratung.toggleFilterBox(this);\"><span>Biodiversit\u00e9<\/span><span>Politique fonci\u00e8re<\/span><span>D\u00e9veloppement \u00e0 l\u2019int\u00e9rieur du milieu b\u00e2ti<\/span><span>Climat<\/span><span>Projets de construction communaux<\/span><span>Paysage<\/span><span>Mobilit\u00e9<\/span><span>Durabilit\u00e9<\/span><span>Espace public<\/span><span>Outils de planification<\/span><span>Strat\u00e9gies de d\u00e9veloppement territorial<\/span><span>Patrimoine suisse<\/span><\/label><div class=\"options\"><a href=\"#\" onclick=\"return window.siaBeratung.setFilterBoxFilter(136);\">Biodiversit\u00e9<\/a><a href=\"#\" onclick=\"return window.siaBeratung.setFilterBoxFilter(137);\">Politique fonci\u00e8re<\/a><a href=\"#\" onclick=\"return window.siaBeratung.setFilterBoxFilter(142);\">D\u00e9veloppement \u00e0 l\u2019int\u00e9rieur du milieu b\u00e2ti<\/a><a href=\"#\" onclick=\"return window.siaBeratung.setFilterBoxFilter(143);\">Climat<\/a><a href=\"#\" onclick=\"return window.siaBeratung.setFilterBoxFilter(161);\">Projets de construction communaux<\/a><a href=\"#\" onclick=\"return window.siaBeratung.setFilterBoxFilter(144);\">Paysage<\/a><a href=\"#\" onclick=\"return window.siaBeratung.setFilterBoxFilter(147);\">Mobilit\u00e9<\/a><a href=\"#\" onclick=\"return window.siaBeratung.setFilterBoxFilter(148);\">Durabilit\u00e9<\/a><a href=\"#\" onclick=\"return window.siaBeratung.setFilterBoxFilter(149);\">Espace public<\/a><a href=\"#\" onclick=\"return window.siaBeratung.setFilterBoxFilter(151);\">Outils de planification<\/a><a href=\"#\" onclick=\"return window.siaBeratung.setFilterBoxFilter(167);\">Strat\u00e9gies de d\u00e9veloppement territorial<\/a><a href=\"#\" onclick=\"return window.siaBeratung.setFilterBoxFilter(256);\">Patrimoine suisse<\/a><a href=\"#\" onclick=\"return window.siaBeratung.setFilterBoxFilter([136,137,142,143,144,147,148,149,151,161,167,256,288,289,290]);\">Alle Filter ausw\u00e4hlen<\/a><\/div><\/div><label class=\"sia-beratung-db-filterbox-spacer\">&nbsp;<\/label><\/div><a class=\"swiper-button swiper-button-next desktop\"><\/a><\/div><\/div><div class=\"sia-beratung-db-entry-searchtext\">meyrin: plan trifft land \u2013 eine erfolgsgeschichte | la r\u00e9alisation du projet route de pr\u00e9vessin montre de fa\u00e7on exemplaire comment des prescriptions abstraites venues d\u2019en haut peuvent se traduire par des mesures concr\u00e8tes. l\u2019application de celles-ci revient \u00e0 revaloriser personnes, agriculture et paysage.r\u00f4le de la commune\u00a0:\u00a0coordonner, conduire le d\u00e9bat, trouver un accord, d\u00e9cider, mettre en \u0153uvre, r\u00e9aliserorganismes responsables\u00a0:\u00a0communearchitecture paysag\u00e8re\u00a0:\u00a0apaar, gen\u00e8vesource\u00a0:\u00a0hochparterre, hase in landschaftsarchitektur, mention (r\u00e9serv\u00e9 aux abonn\u00e9s)\u00a0article pdf | les \u00e9talements urbains offrent de nombreuses interfaces, int\u00e9ressantes sous l\u2019angle de la planification\r\u00a9 thimoth\u00e9 beuret | l\u2019une des caract\u00e9ristiques du canton de gen\u00e8ve est son mix de cit\u00e9 au rayonnement international et d\u2019espace rural bien conserv\u00e9, avec de nombreuses exploitations agricoles ou vinicoles. face \u00e0 la forte pression de l\u2019urbanisation, les responsables publics et priv\u00e9s ont d\u00e9velopp\u00e9 depuis les ann\u00e9es 1970 divers moyens, projets, mesures et proc\u00e9dures qui permettent de conserver et de revaloriser l\u2019espace rural. ils sont ainsi parvenus \u00e0 appliquer, pour les g\u00e9n\u00e9rations pr\u00e9sentes et futures, des mesures favorables au patrimoine culturel paysager. le plan directeur du canton comprend une feuille de coordination paysage, qui prescrit une planification respectueuse du paysage. | agriculture et espace urbain se rencontrent et se recoupent\r\u00a9 thimoth\u00e9 beuret | meyrin se situe \u00e0 l\u2019ouest de gen\u00e8ve, directement \u00e0 la fronti\u00e8re avec la france. dans cette commune p\u00e9riurbaine qui s\u2019est rapidement agrandie, quartiers neufs, exploitations agricoles, a\u00e9roport de cointrin et r\u00e9serves naturelles se c\u00f4toient. dans le cadre du projet d\u2019agglom\u00e9ration paysage 2012, la ville de meyrin a con\u00e7u, en collaboration avec des sp\u00e9cialistes, la route de pr\u00e9vessin, une promenade qui fait le lien entre paysage et agglom\u00e9ration. une premi\u00e8re partie en a \u00e9t\u00e9 r\u00e9alis\u00e9e ; elle s\u2019inscrit dans une vision globale centr\u00e9e sur une coexistence non conflictuelle entre nouveaux habitants, agriculture et paysage. long de huit cents m\u00e8tres, ce sentier p\u00e9destre avec piste cyclable longe les divers espaces libres existants et sensibilise la population de l\u2019agglom\u00e9ration aux particularit\u00e9s du paysage \u00e0 deux pas de chez elle\u00a0: champs cultiv\u00e9s, for\u00eats, parcs et fermes. | meyrin poss\u00e8de des espaces ext\u00e9rieurs attrayants tant en zone agricole qu\u2019en zone \u00e0 b\u00e2tir\r\u00a9 thimoth\u00e9 beuret | le projet d\u2019assainissement de la route de pr\u00e9vessin pr\u00e9voit de r\u00e9duire la largeur de la chauss\u00e9e pour favoriser une vitesse de circulation plus mod\u00e9r\u00e9e, et de supprimer bordures et chicanes pour redonner \u00e0 cet axe le caract\u00e8re agricole des routes de campagne. il pr\u00e9voit aussi une gestion des flux de mobilit\u00e9 douce et de mobilit\u00e9 motoris\u00e9e, une meilleure protection des cultures ainsi que la plantation de haies. la transformation de l\u2019ancienne douane en une salle de r\u00e9unions et la revalorisation du chemin par la pose de bancs o\u00f9 les promeneurs pourront se d\u00e9tendre donnent une plus-value au paysage. cet exemple le montre\u00a0: un projet de construction routi\u00e8re peut \u00eatre davantage qu\u2019un simple projet de construction. | en temps de changement, planifier l\u2019ensemble du territoire est la cl\u00e9 du succ\u00e8s\r\u00a9 thimoth\u00e9 beuret | visant le long terme, le projet d\u2019am\u00e9nagement du territoire agricole entend relier les terres agricoles, le paysage et l\u2019a\u00e9roport aux structures urbaines tout en renfor\u00e7ant le caract\u00e8re propre des lieux. diff\u00e9rentes mesures ont \u00e9t\u00e9 prises pour am\u00e9liorer le paysage, favoriser la mobilit\u00e9 douce, canaliser l\u2019usage des voies publiques et faciliter l\u2019usage agricole. ne sont-ce pas l\u00e0 des potentiels que toute commune poss\u00e8de\u00a0? | \u00a9 swisstopo | biodiversit\u00e4t | bodenpolitik | innenentwicklung | klima | landschaft | mobilit\u00e4t | nachhaltigkeit | \u00f6ffentlicher raum | planungsinstrumente | kommunale bauprojekte | r\u00e4umliche entwicklungsleitbilder | schweizer heimatschutz | de | fr | it<\/div><\/article><article class=\"sia-beratung-db-entry\" data-id=\"2899\" data-cpt=\"sia-angebote\" data-slug=\"mobilservice\" data-lang-slug-de_de=\"\" data-lang-slug-en_gb=\"\" data-lang-slug-fr_fr=\"\" data-lang-slug-it_it=\"\" data-lat=\"53.5507112\" data-lng=\"10.0006485\" data-filter-141=\"1\" data-filter-147=\"1\" data-filter-151=\"1\" data-filter-161=\"1\" data-filter-303=\"1\" data-filter-283=\"1\" data-filter-288=\"1\" data-filter-289=\"1\" data-filter-290=\"1\" data-all-filter=\"141,147,151,161,303,283,288,289,290\"><div class=\"sia-beratung-db-entry-header\" onclick=\"return window.siaBeratung.toggleCpt(this);\"><div class=\"col-1\">mobilservice<\/div><div class=\"col-2\"><span>mobilservice<\/span><\/div><div class=\"col-3\"><span>Plateforme<\/span><\/div><div class=\"sia-beratung-db-angle\"><span class=\"sia-beratung-angle\"><\/span><\/div><\/div><div class=\"sia-beratung-db-entry-content\"><div class=\"sia-beratung-db-entry-content-columns\"><div class=\"col-1\"><p>Mobilservice est la plateforme de connaissances et de mise en relation pour la mobilit\u00e9 durable et la gestion de la mobilit\u00e9. Elle se comprend comme un pool de savoir-faire en ligne ainsi que comme un r\u00e9seau pour les acteurs et professionnels du march\u00e9 de la mobilit\u00e9.<\/p>\n<\/div><div class=\"col-2\"><\/div><\/div><div class=\"sia-beratung-db-entry-footer\"><div class=\"col-1\"><a href=\"https:\/\/www.mobilservice.ch\/fr\/\" class=\"sia-beratung-db-entry-link\" target=\"_blank\" rel=\"noopener\">Link zum Angebot<\/a><\/div><div class=\"col-2\"><div class=\"sia-beratung-db-filterbox\"><label class=\"toggle\" onclick=\"return window.siaBeratung.toggleFilterBox(this);\"><span>Infrastructure<\/span><span>Projets de construction communaux<\/span><span>Mobilit\u00e9<\/span><span>mobilservice<\/span><span>Outils de planification<\/span><span>Plateforme<\/span><\/label><div class=\"options\"><a href=\"#\" onclick=\"return window.siaBeratung.setFilterBoxFilter(141);\">Infrastructure<\/a><a href=\"#\" onclick=\"return window.siaBeratung.setFilterBoxFilter(161);\">Projets de construction communaux<\/a><a href=\"#\" onclick=\"return window.siaBeratung.setFilterBoxFilter(147);\">Mobilit\u00e9<\/a><a href=\"#\" onclick=\"return window.siaBeratung.setFilterBoxFilter(303);\">mobilservice<\/a><a href=\"#\" onclick=\"return window.siaBeratung.setFilterBoxFilter(151);\">Outils de planification<\/a><a href=\"#\" onclick=\"return window.siaBeratung.setFilterBoxFilter(283);\">Plateforme<\/a><a href=\"#\" onclick=\"return window.siaBeratung.setFilterBoxFilter([141,147,151,161,303,283,288,289,290]);\">Alle Filter ausw\u00e4hlen<\/a><\/div><\/div><label class=\"sia-beratung-db-filterbox-spacer\">&nbsp;<\/label><\/div><\/div><\/div><div class=\"sia-beratung-db-entry-searchtext\">mobilservice | mobilservice est la plateforme de connaissances et de mise en relation pour la mobilit\u00e9 durable et la gestion de la mobilit\u00e9. elle se comprend comme un pool de savoir-faire en ligne ainsi que comme un r\u00e9seau pour les acteurs et professionnels du march\u00e9 de la mobilit\u00e9. | infrastruktur | mobilit\u00e4t | planungsinstrumente | kommunale bauprojekte | mobilservice | plattform | de | fr | it<\/div><\/article><article class=\"sia-beratung-db-entry\" data-id=\"1527\" data-cpt=\"sia-beispiele\" data-slug=\"mollis-kommunizierende-wege\" data-lang-slug-de_de=\"\" data-lang-slug-en_gb=\"\" data-lang-slug-fr_fr=\"\" data-lang-slug-it_it=\"\" data-lat=\"47.0932668\" data-lng=\"9.074192\" data-filter-136=\"1\" data-filter-139=\"1\" data-filter-143=\"1\" data-filter-144=\"1\" data-filter-147=\"1\" data-filter-149=\"1\" data-filter-150=\"1\" data-filter-160=\"1\" data-filter-161=\"1\" data-filter-247=\"1\" data-filter-288=\"1\" data-filter-289=\"1\" data-filter-290=\"1\" data-all-filter=\"136,139,143,144,147,149,150,160,161,247,288,289,290\"><div class=\"sia-beratung-db-entry-header\" onclick=\"return window.siaBeratung.toggleCpt(this);\"><div class=\"col-1\">Mollis&nbsp;: voies de communication<\/div><div class=\"col-2\">Mollis, GL<\/div><div class=\"sia-beratung-db-angle\"><span class=\"sia-beratung-angle\"><\/span><\/div><\/div><div class=\"sia-beratung-db-entry-content\"><div class=\"sia-beratung-db-entry-content-columns\"><div class=\"col-1\"><div class=\"sia-beratung-db-entry-slides\"><div class=\"sia-beratung-db-entry-swiper\"><div class=\"swiper-wrapper\"><div class=\"swiper-slide\"><img loading=\"lazy\" decoding=\"async\" src=\"https:\/\/baukulturschweiz.ch\/wp-content\/uploads\/2023\/06\/2023-04-20-104524-mollis-1-c-gisos-1024x768.jpg\" width=\"1024\" height=\"768\" \/><\/div><div class=\"swiper-slide\"><img loading=\"lazy\" decoding=\"async\" src=\"https:\/\/baukulturschweiz.ch\/wp-content\/uploads\/2023\/06\/2023-04-20-104735-mollis-1-stiftung-pro-mollis.jpg\" width=\"888\" height=\"666\" \/><\/div><div class=\"swiper-slide\"><img loading=\"lazy\" decoding=\"async\" src=\"https:\/\/baukulturschweiz.ch\/wp-content\/uploads\/2023\/06\/2023-04-20-104846-mollis-2-www-flaneurdor-ch-1024x768.jpeg\" width=\"1024\" height=\"768\" \/><\/div><div class=\"swiper-slide\"><img loading=\"lazy\" decoding=\"async\" src=\"https:\/\/baukulturschweiz.ch\/wp-content\/uploads\/2023\/06\/2023-04-20-104948-mollis-3-www-flaneurdor-ch-1024x768.jpeg\" width=\"1024\" height=\"768\" \/><\/div><div class=\"swiper-slide\"><img loading=\"lazy\" decoding=\"async\" src=\"https:\/\/baukulturschweiz.ch\/wp-content\/uploads\/2023\/06\/2023-04-20-105339-be-mollis-4-c-swisstopo-1024x768.jpeg\" width=\"1024\" height=\"768\" \/><\/div><\/div><\/div><a class=\"swiper-button swiper-button-prev\"><\/a><a class=\"swiper-button swiper-button-next mobile\"><\/a><div class=\"sia-beratung-db-slide-legends\"><small data-index=\"0\">Site construit d\u2019importance nationale ISOS<br \/>\r\n\u00a9 gisos<\/small><small data-index=\"1\" style=\"display:none;\">Une fondation vou\u00e9e \u00e0 entretenir les qualit\u00e9s exceptionnelles du site construit<br \/>\r\n\u00a9 Stiftung Pro Mollis<\/small><small data-index=\"2\" style=\"display:none;\">Maintenir et d\u00e9velopper de fa\u00e7on r\u00e9fl\u00e9chie le site construit existant<br \/>\r\n\u00a9 Flaneur d'Or<\/small><small data-index=\"3\" style=\"display:none;\">Des chemins pi\u00e9tonniers \u00e0 l\u2019arri\u00e8re des maisons (ici le \u00ab sentier des saisons \u00bb) donnent au village un aspect particulier<br \/>\r\n\u00a9 Flaneur d'Or<\/small><small data-index=\"4\" style=\"display:none;\">\u00a9 Swisstopo<\/small><small class=\"pageNo\">1\/5<\/small><\/div><\/div><\/div><div class=\"col-2\"><div class=\"sia-beratung-db-slide-texts\"><div class=\"sia-beratung-db-slide-text\" data-index=\"0\"><p>Les chemins permettent de relier entre elles des choses ou des personnes. Ils repr\u00e9sentent une forme \u00e9minente de communication, indiquent des directions \u00e0 prendre et m\u00e8nent \u00e0 des buts r\u00e9els ou symboliques. Mollis a su conserver sa beaut\u00e9 et l\u2019attrait de son habitat gr\u00e2ce \u00e0 son action r\u00e9fl\u00e9chie et \u00e0 son engagement, en particulier dans sa mani\u00e8re d\u2019am\u00e9nager les chemins.<\/p>\n<p><strong>R\u00f4le de la commune&nbsp;:<\/strong>\u00a0soutenir, examiner, autoriser, mettre en \u0153uvre<br \/>\n<strong>Acteurs&nbsp;:<\/strong>\u00a0Stiftung pro Mollis<br \/>\n<strong>Source&nbsp;:<\/strong>\u00a0<a class=\"external\" title=\"Flaneur d'Or\" href=\"https:\/\/flaneurdor.ch\/projet\/?lang=fr&amp;pid=32\" target=\"_blank\" rel=\"noopener\">Flaneur d&#8217;Or<\/a><\/p>\n<\/div><div class=\"sia-beratung-db-slide-text\" data-index=\"1\" style=\"display:none;\"><p>Situ\u00e9 au pied du Kerenzerberg, le village de Mollis figure dans l\u2019Iventaire f\u00e9d\u00e9ral des sites construits d\u2019importance nationale \u00e0 prot\u00e9ger en Suisse (ISOS). Le caract\u00e8re digne de protection du centre du village se reconna\u00eet sans peine \u00e0 l\u2019aspect resserr\u00e9 de l\u2019ensemble des ruelles et du site construit int\u00e9rieur, ainsi qu\u2019\u00e0 la vari\u00e9t\u00e9 et \u00e0 la richesse des espaces et des architectures. Le faible nombre d\u2019\u00e9difices modernes d\u00e9rangeants est un autre \u00e9l\u00e9ment positif. Le dense r\u00e9seau de chemins m\u00e9rite tout autant d\u2019attention que le grand nombre de fontaines, certaines de grande qualit\u00e9. Le site construit de Mollis contraste ainsi avec la structure en damier du chef-lieu Glaris, reconstruit de fa\u00e7on uniforme apr\u00e8s l\u2019incendie de 1861.<\/p>\n<\/div><div class=\"sia-beratung-db-slide-text\" data-index=\"2\" style=\"display:none;\"><p>Cr\u00e9\u00e9e en 1996, la Fondation Pro Mollis a pour but de conserver l\u2019ancien quand il est bon et de bien am\u00e9nager le nouveau. Depuis lors, tout le monde reconna\u00eet l\u2019importance des espaces libres pour la qualit\u00e9 de vie et de l\u2019habitat. Les chemins et les places contribuent beaucoup \u00e0 l\u2019attrait des communes. Entretenir les r\u00e9seaux de mobilit\u00e9 douce existants et r\u00e9aliser dans les espaces libres de nouvelles constructions et installations de grande qualit\u00e9, la fondation s\u2019est vou\u00e9e \u00e0 cette mission avec grand enthousiasme. Quelques-uns des chemins et des rues du centre du village sont inscrits \u00e0 l\u2019Inventaire f\u00e9d\u00e9ral des voies de communication historiques de la Suisse (IVS) et class\u00e9s d\u2019importance nationale pour les uns, r\u00e9gionale ou locale pour d\u2019autres.<\/p>\n<\/div><div class=\"sia-beratung-db-slide-text\" data-index=\"3\" style=\"display:none;\"><p>Mollis a proc\u00e9d\u00e9 de fa\u00e7on exemplaire et avec un grand engagement de la part des personnes \u00e0 une soigneuse planification \u00e0 long terme de l\u2019ensemble des espaces publics. Des interventions en apparence modestes ont permis de faire beaucoup pour un am\u00e9nagement adapt\u00e9 au site et aux besoins des habitants. Telle est l\u2019approche adopt\u00e9e pour la fontaine octogonale du c\u00e9l\u00e8bre architecte glaronais Hans Leuzinger, qui se dresse sous un nouvel angle et une \u00e9vidence nouvelle dans l\u2019axe de la rue principale. Ou pour les pavages originaux, en demi-cercle, l\u00e0 o\u00f9 les chemins lat\u00e9raux d\u00e9bouchent sur la rue principale. L\u2019image du village porte partout l\u2019empreinte de ce type d\u2019interventions, discr\u00e8tes mais agr\u00e9ables et favorables aux pi\u00e9tons.<\/p>\n<\/div><div class=\"sia-beratung-db-slide-text\" data-index=\"4\" style=\"display:none;\"><p>Le Jahreszeitenweg (sentier des saisons), \u00e9troit chemin p\u00e9destre qui traverse des champs et longe des jardins, \u00e0 l\u2019arri\u00e8re des maisons align\u00e9es le long de la rue principale, est tr\u00e8s particulier. On trouve dans de nombreuses communes suisses de tels chemins de desserte qui ont \u00e9t\u00e9 sacrifi\u00e9s pour permettre un acc\u00e8s motoris\u00e9 ou alors laiss\u00e9s \u00e0 l\u2019abandon et oubli\u00e9s. Le Jahreszeitenweg est un chemin de ce type, permettant d\u2019acc\u00e9der aux maisons par l\u2019arri\u00e8re. Remis en \u00e9tat, il fait aujourd\u2019hui office de chemin de l\u2019\u00e9cole et se pr\u00eate aux promenades de loisir. En ce sens, le projet Jahreszeitenweg Mollis est une invitation faite aux autres communes pour red\u00e9couvrir et remettre en fonction ce genre de liaisons pi\u00e9tonnes existantes sur le site, mais morcel\u00e9es et oubli\u00e9es.<\/p>\n<\/div><\/div><div class=\"sia-beratung-db-filterbox\"><label class=\"toggle\" onclick=\"return window.siaBeratung.toggleFilterBox(this);\"><span>Biodiversit\u00e9<\/span><span>Dialogue<\/span><span>Mobilit\u00e9 pi\u00e9tonne Suisse<\/span><span>Inventaires<\/span><span>Climat<\/span><span>Projets de construction communaux<\/span><span>Paysage<\/span><span>Mobilit\u00e9<\/span><span>Espace public<\/span><span>Sites construits<\/span><\/label><div class=\"options\"><a href=\"#\" onclick=\"return window.siaBeratung.setFilterBoxFilter(136);\">Biodiversit\u00e9<\/a><a href=\"#\" onclick=\"return window.siaBeratung.setFilterBoxFilter(139);\">Dialogue<\/a><a href=\"#\" onclick=\"return window.siaBeratung.setFilterBoxFilter(247);\">Mobilit\u00e9 pi\u00e9tonne Suisse<\/a><a href=\"#\" onclick=\"return window.siaBeratung.setFilterBoxFilter(160);\">Inventaires<\/a><a href=\"#\" onclick=\"return window.siaBeratung.setFilterBoxFilter(143);\">Climat<\/a><a href=\"#\" onclick=\"return window.siaBeratung.setFilterBoxFilter(161);\">Projets de construction communaux<\/a><a href=\"#\" onclick=\"return window.siaBeratung.setFilterBoxFilter(144);\">Paysage<\/a><a href=\"#\" onclick=\"return window.siaBeratung.setFilterBoxFilter(147);\">Mobilit\u00e9<\/a><a href=\"#\" onclick=\"return window.siaBeratung.setFilterBoxFilter(149);\">Espace public<\/a><a href=\"#\" onclick=\"return window.siaBeratung.setFilterBoxFilter(150);\">Sites construits<\/a><a href=\"#\" onclick=\"return window.siaBeratung.setFilterBoxFilter([136,139,143,144,147,149,150,160,161,247,288,289,290]);\">Alle Filter ausw\u00e4hlen<\/a><\/div><\/div><label class=\"sia-beratung-db-filterbox-spacer\">&nbsp;<\/label><\/div><a class=\"swiper-button swiper-button-next desktop\"><\/a><\/div><\/div><div class=\"sia-beratung-db-entry-searchtext\">mollis: kommunizierende wege | les chemins permettent de relier entre elles des choses ou des personnes. ils repr\u00e9sentent une forme \u00e9minente de communication, indiquent des directions \u00e0 prendre et m\u00e8nent \u00e0 des buts r\u00e9els ou symboliques. mollis a su conserver sa beaut\u00e9 et l\u2019attrait de son habitat gr\u00e2ce \u00e0 son action r\u00e9fl\u00e9chie et \u00e0 son engagement, en particulier dans sa mani\u00e8re d\u2019am\u00e9nager les chemins.r\u00f4le de la commune&nbsp;:\u00a0soutenir, examiner, autoriser, mettre en \u0153uvreacteurs&nbsp;:\u00a0stiftung pro mollissource&nbsp;:\u00a0flaneur d&#8217;or | site construit d\u2019importance nationale isos\r\u00a9 gisos | situ\u00e9 au pied du kerenzerberg, le village de mollis figure dans l\u2019iventaire f\u00e9d\u00e9ral des sites construits d\u2019importance nationale \u00e0 prot\u00e9ger en suisse (isos). le caract\u00e8re digne de protection du centre du village se reconna\u00eet sans peine \u00e0 l\u2019aspect resserr\u00e9 de l\u2019ensemble des ruelles et du site construit int\u00e9rieur, ainsi qu\u2019\u00e0 la vari\u00e9t\u00e9 et \u00e0 la richesse des espaces et des architectures. le faible nombre d\u2019\u00e9difices modernes d\u00e9rangeants est un autre \u00e9l\u00e9ment positif. le dense r\u00e9seau de chemins m\u00e9rite tout autant d\u2019attention que le grand nombre de fontaines, certaines de grande qualit\u00e9. le site construit de mollis contraste ainsi avec la structure en damier du chef-lieu glaris, reconstruit de fa\u00e7on uniforme apr\u00e8s l\u2019incendie de 1861. | une fondation vou\u00e9e \u00e0 entretenir les qualit\u00e9s exceptionnelles du site construit\r\u00a9 stiftung pro mollis | cr\u00e9\u00e9e en 1996, la fondation pro mollis a pour but de conserver l\u2019ancien quand il est bon et de bien am\u00e9nager le nouveau. depuis lors, tout le monde reconna\u00eet l\u2019importance des espaces libres pour la qualit\u00e9 de vie et de l\u2019habitat. les chemins et les places contribuent beaucoup \u00e0 l\u2019attrait des communes. entretenir les r\u00e9seaux de mobilit\u00e9 douce existants et r\u00e9aliser dans les espaces libres de nouvelles constructions et installations de grande qualit\u00e9, la fondation s\u2019est vou\u00e9e \u00e0 cette mission avec grand enthousiasme. quelques-uns des chemins et des rues du centre du village sont inscrits \u00e0 l\u2019inventaire f\u00e9d\u00e9ral des voies de communication historiques de la suisse (ivs) et class\u00e9s d\u2019importance nationale pour les uns, r\u00e9gionale ou locale pour d\u2019autres. | maintenir et d\u00e9velopper de fa\u00e7on r\u00e9fl\u00e9chie le site construit existant\r\u00a9 flaneur d'or | mollis a proc\u00e9d\u00e9 de fa\u00e7on exemplaire et avec un grand engagement de la part des personnes \u00e0 une soigneuse planification \u00e0 long terme de l\u2019ensemble des espaces publics. des interventions en apparence modestes ont permis de faire beaucoup pour un am\u00e9nagement adapt\u00e9 au site et aux besoins des habitants. telle est l\u2019approche adopt\u00e9e pour la fontaine octogonale du c\u00e9l\u00e8bre architecte glaronais hans leuzinger, qui se dresse sous un nouvel angle et une \u00e9vidence nouvelle dans l\u2019axe de la rue principale. ou pour les pavages originaux, en demi-cercle, l\u00e0 o\u00f9 les chemins lat\u00e9raux d\u00e9bouchent sur la rue principale. l\u2019image du village porte partout l\u2019empreinte de ce type d\u2019interventions, discr\u00e8tes mais agr\u00e9ables et favorables aux pi\u00e9tons. | des chemins pi\u00e9tonniers \u00e0 l\u2019arri\u00e8re des maisons (ici le \u00ab sentier des saisons \u00bb) donnent au village un aspect particulier\r\u00a9 flaneur d'or | le jahreszeitenweg (sentier des saisons), \u00e9troit chemin p\u00e9destre qui traverse des champs et longe des jardins, \u00e0 l\u2019arri\u00e8re des maisons align\u00e9es le long de la rue principale, est tr\u00e8s particulier. on trouve dans de nombreuses communes suisses de tels chemins de desserte qui ont \u00e9t\u00e9 sacrifi\u00e9s pour permettre un acc\u00e8s motoris\u00e9 ou alors laiss\u00e9s \u00e0 l\u2019abandon et oubli\u00e9s. le jahreszeitenweg est un chemin de ce type, permettant d\u2019acc\u00e9der aux maisons par l\u2019arri\u00e8re. remis en \u00e9tat, il fait aujourd\u2019hui office de chemin de l\u2019\u00e9cole et se pr\u00eate aux promenades de loisir. en ce sens, le projet jahreszeitenweg mollis est une invitation faite aux autres communes pour red\u00e9couvrir et remettre en fonction ce genre de liaisons pi\u00e9tonnes existantes sur le site, mais morcel\u00e9es et oubli\u00e9es. | \u00a9 swisstopo | biodiversit\u00e4t | dialog | klima | landschaft | mobilit\u00e4t | \u00f6ffentlicher raum | ortsbilder | inventare | kommunale bauprojekte | fussverkehr schweiz | de | fr | it<\/div><\/article><article class=\"sia-beratung-db-entry\" data-id=\"2350\" data-cpt=\"sia-beispiele\" data-slug=\"muenchwilen-sucht-bewusst-die-aussensicht-fuers-leitbild\" data-lang-slug-de_de=\"\" data-lang-slug-en_gb=\"\" data-lang-slug-fr_fr=\"\" data-lang-slug-it_it=\"\" data-lat=\"47.5380648\" data-lng=\"7.963028\" data-filter-135=\"1\" data-filter-146=\"1\" data-filter-148=\"1\" data-filter-149=\"1\" data-filter-150=\"1\" data-filter-167=\"1\" data-filter-189=\"1\" data-filter-246=\"1\" data-filter-288=\"1\" data-filter-289=\"1\" data-filter-290=\"1\" data-all-filter=\"135,146,148,149,150,167,189,246,288,289,290\"><div class=\"sia-beratung-db-entry-header\" onclick=\"return window.siaBeratung.toggleCpt(this);\"><div class=\"col-1\">M\u00fcnchwilen veut un regard ext\u00e9rieur pour sa conception directrice<\/div><div class=\"col-2\">M\u00fcnchwilen, AG<\/div><div class=\"sia-beratung-db-angle\"><span class=\"sia-beratung-angle\"><\/span><\/div><\/div><div class=\"sia-beratung-db-entry-content\"><div class=\"sia-beratung-db-entry-content-columns\"><div class=\"col-1\"><div class=\"sia-beratung-db-entry-slides\"><div class=\"sia-beratung-db-entry-swiper\"><div class=\"swiper-wrapper\"><div class=\"swiper-slide\"><img loading=\"lazy\" decoding=\"async\" src=\"https:\/\/baukulturschweiz.ch\/wp-content\/uploads\/2023\/11\/BE-Muenchwilen_1_@R.-Rieder-EspaceSuisse-1-1024x768.jpg\" width=\"1024\" height=\"768\" \/><\/div><div class=\"swiper-slide\"><img loading=\"lazy\" decoding=\"async\" src=\"https:\/\/baukulturschweiz.ch\/wp-content\/uploads\/2023\/11\/BE-Muenchwilen-2_@R.-Rieder-EspaceSuisse-1024x768.jpg\" width=\"1024\" height=\"768\" \/><\/div><div class=\"swiper-slide\"><img loading=\"lazy\" decoding=\"async\" src=\"https:\/\/baukulturschweiz.ch\/wp-content\/uploads\/2023\/11\/BE-Muenchwilen_3_@R.-Rieder-EspaceSuissee-1024x768.jpg\" width=\"1024\" height=\"768\" \/><\/div><div class=\"swiper-slide\"><img loading=\"lazy\" decoding=\"async\" src=\"https:\/\/baukulturschweiz.ch\/wp-content\/uploads\/2023\/11\/BE-Muenchwilen_4_@R.-Rieder-EspaceSuisse-1024x768.jpg\" width=\"1024\" height=\"768\" \/><\/div><div class=\"swiper-slide\"><img loading=\"lazy\" decoding=\"async\" src=\"https:\/\/baukulturschweiz.ch\/wp-content\/uploads\/2023\/11\/BE-Muenchwilen_5_cSwisstopo-1024x768.jpg\" width=\"1024\" height=\"768\" \/><\/div><\/div><\/div><a class=\"swiper-button swiper-button-prev\"><\/a><a class=\"swiper-button swiper-button-next mobile\"><\/a><div class=\"sia-beratung-db-slide-legends\"><small data-index=\"0\">Le plan directeur en traite : hier, aujourd\u2019hui et demain.<br \/>\r\n\u00a9 R. Riederer, EspaceSuisse<\/small><small data-index=\"1\" style=\"display:none;\">Niveau sup\u00e9rieur et niveau inf\u00e9rieur.<br \/>\r\n\u00a9 R. Riederer, EspaceSuisse<\/small><small data-index=\"2\" style=\"display:none;\">Int\u00e9rieur et ext\u00e9rieur.<br \/>\r\n\u00a9 R. Riederer, EspaceSuisse<\/small><small data-index=\"3\" style=\"display:none;\">Travers\u00e9e et arr\u00eat.<br \/>\r\n\u00a9 R. Riederer, EspaceSuisse<\/small><small data-index=\"4\" style=\"display:none;\">\u00a9 Swisstopo<\/small><small class=\"pageNo\">1\/5<\/small><\/div><\/div><\/div><div class=\"col-2\"><div class=\"sia-beratung-db-slide-texts\"><div class=\"sia-beratung-db-slide-text\" data-index=\"0\"><p>La conception directrice est l&#8217;instrument strat\u00e9gique sur lequel se base la r\u00e9vision du r\u00e8glement de construction et du plan d&#8217;affectation. Les visions, telles que la conception directrice, sont utiles pour prendre des d\u00e9cisions dans les instruments contraignants pour les propri\u00e9taires fonciers pour d\u00e9velopper des quartiers, des parcelles individuelles et l&#8217;espace ext\u00e9rieur.<\/p>\n<p><strong>R\u00f4le de la commune&nbsp;:<\/strong> prendre l\u2019initiative, \u00e9tudier, conduire, d\u00e9cider<\/p>\n<p><strong>Organismes responsables\u00a0:<\/strong> Commune<\/p>\n<p><strong>Am\u00e9nagement du territoire&nbsp;:<\/strong> B\u00fcro Van de Wetering Gmbh, Z\u00fcrich<\/p>\n<p><strong>Source:<\/strong>\u00a0<a class=\"external\" title=\"Densipedia\" href=\"https:\/\/www.densipedia.ch\/fr\/comment-un-petit-village-planifie-son-avenir\" target=\"_blank\" rel=\"noopener\">Densipedia<\/a><\/p>\n<\/div><div class=\"sia-beratung-db-slide-text\" data-index=\"1\" style=\"display:none;\"><p>La commune argovienne de M\u00fcnchwilen r\u00e9vise son plan d\u2019am\u00e9nagement. Elle a d\u00e9fini la direction \u00e0 prendre dans un mod\u00e8le de d\u00e9veloppement territorial, qu\u2019elle n\u2019a pas \u00e9labor\u00e9 en vase clos, bien au contraire : elle a fait appel \u00e0 un bureau de planification ayant un regard ext\u00e9rieur, a int\u00e9gr\u00e9 le savoir de la population locale et engag\u00e9 un consultant externe. Il en est ressorti une conception directrice clairement structur\u00e9 et bien compr\u00e9hensible.<\/p>\n<\/div><div class=\"sia-beratung-db-slide-text\" data-index=\"2\" style=\"display:none;\"><p>La structure de M\u00fcnchwilen est typique d\u2019une commune r\u00e9siden-tielle de taille relativement modeste : le centre historique longe un ruisseau qui coule vers le Nord depuis le monast\u00e8re en bordure de for\u00eat, au-dessus du village. Le versant est constell\u00e9 de maisons individuelles entre lesquelles il reste encore beaucoup de verdure. Au bas de la pente, le terrain s\u2019aplanit. La zone industrielle et com-merciale de la commune s\u2019\u00e9tend en marge du Sislerfeld. Un peu plus loin, s\u00e9par\u00e9es du village par la route cantonale, passent l\u2019autoroute A3 et la ligne ferroviaire B\u00e2le-Zurich.<\/p>\n<\/div><div class=\"sia-beratung-db-slide-text\" data-index=\"3\" style=\"display:none;\"><p>La municipalit\u00e9 a commenc\u00e9 par se poser une question pratique qui s\u2019est av\u00e9r\u00e9e d\u00e9cisive : qui nous assistera pour \u00e9laborer notre conception directrice ? Il \u00e9tait tentant et serait presque all\u00e9 de soi de faire \u00e9quipe avec l\u2019urbaniste de la commune, en fonction depuis de nombreuses ann\u00e9es.<\/p>\n<p>Mais la municipalit\u00e9 a pris d\u00e9lib\u00e9r\u00e9ment une autre d\u00e9cision. Elle entendait s\u00e9parer clairement le strat\u00e9gique de l\u2019op\u00e9rationnel : le travail strat\u00e9gique d\u2019\u00e9laboration du plan directeur devait \u00eatre confi\u00e9 \u00e0 un bureau qui ne soit pas install\u00e9 dans le Fricktal et puisse donc apporter \u00e0 M\u00fcnchwilen un regard neuf, externe.<\/p>\n<\/div><div class=\"sia-beratung-db-slide-text\" data-index=\"4\" style=\"display:none;\"><p>En une premi\u00e8re grande \u00e9tape, la municipalit\u00e9 a invit\u00e9 les respon-sables \u00e0 faire le tour du village. Ensemble, ils sont all\u00e9s voir les points sensibles en mati\u00e8re de d\u00e9veloppement, notamment la tra-vers\u00e9e du village, ont discut\u00e9 des projets de construction \u00e0 venir et ont \u00e9chang\u00e9 leurs vues sur les possibilit\u00e9s de d\u00e9veloppement de la commune. Se fondant sur ce qu\u2019ils ont vu et appris, les experts en-gag\u00e9s ont r\u00e9dig\u00e9 un rapport de base sur les th\u00e8mes et les questions essentiels pour l\u2019avenir de la commune.<\/p>\n<p>La deuxi\u00e8me \u00e9tape, non moins importante, a consist\u00e9 \u00e0 int\u00e9grer la population dans le processus. Pour ce faire, elle a invit\u00e9 tout le monde \u00e0 se r\u00e9unir un samedi matin dans la salle de gymnastique. L\u00e0 aussi, la municipalit\u00e9 a choisi de se faire aider, recourant \u00e0 un consultant actif dans le conseil aux communes pour conduire la discussion. Ainsi, ses membres ont pu prendre part au d\u00e9bat au m\u00eame titre que les autres citoyens.<\/p>\n<p>Apr\u00e8s cette r\u00e9union et les six ateliers qui ont suivi, il s\u2019est agi de mettre en forme les id\u00e9es exprim\u00e9es et de les int\u00e9grer dans la con-ception directrice. L\u2019essentiel \u00e9tait que ce dernier soit facile \u00e0 com-prendre. Les textes sont formul\u00e9s le plus bri\u00e8vement possible, les plans et les graphiques sont simples et compr\u00e9hensibles. L\u2019avenir esquiss\u00e9 pour la commune montre le d\u00e9veloppement territorial possible pour elle sur la base d\u2019un processus m\u00fbrement r\u00e9fl\u00e9chi.<\/p>\n<\/div><\/div><div class=\"sia-beratung-db-filterbox\"><label class=\"toggle\" onclick=\"return window.siaBeratung.toggleFilterBox(this);\"><span>Construire dans le b\u00e2ti existant<\/span><span>EspaceSuisse<\/span><span>Commune<\/span><span>Participation<\/span><span>Durabilit\u00e9<\/span><span>Espace public<\/span><span>Sites construits<\/span><span>Strat\u00e9gies de d\u00e9veloppement territorial<\/span><\/label><div class=\"options\"><a href=\"#\" onclick=\"return window.siaBeratung.setFilterBoxFilter(135);\">Construire dans le b\u00e2ti existant<\/a><a href=\"#\" onclick=\"return window.siaBeratung.setFilterBoxFilter(246);\">EspaceSuisse<\/a><a href=\"#\" onclick=\"return window.siaBeratung.setFilterBoxFilter(189);\">Commune<\/a><a href=\"#\" onclick=\"return window.siaBeratung.setFilterBoxFilter(146);\">Participation<\/a><a href=\"#\" onclick=\"return window.siaBeratung.setFilterBoxFilter(148);\">Durabilit\u00e9<\/a><a href=\"#\" onclick=\"return window.siaBeratung.setFilterBoxFilter(149);\">Espace public<\/a><a href=\"#\" onclick=\"return window.siaBeratung.setFilterBoxFilter(150);\">Sites construits<\/a><a href=\"#\" onclick=\"return window.siaBeratung.setFilterBoxFilter(167);\">Strat\u00e9gies de d\u00e9veloppement territorial<\/a><a href=\"#\" onclick=\"return window.siaBeratung.setFilterBoxFilter([135,146,148,149,150,167,189,246,288,289,290]);\">Alle Filter ausw\u00e4hlen<\/a><\/div><\/div><label class=\"sia-beratung-db-filterbox-spacer\">&nbsp;<\/label><\/div><a class=\"swiper-button swiper-button-next desktop\"><\/a><\/div><\/div><div class=\"sia-beratung-db-entry-searchtext\">m\u00fcnchwilen sucht bewusst die aussensicht f\u00fcrs leitbild | la conception directrice est l&#8217;instrument strat\u00e9gique sur lequel se base la r\u00e9vision du r\u00e8glement de construction et du plan d&#8217;affectation. les visions, telles que la conception directrice, sont utiles pour prendre des d\u00e9cisions dans les instruments contraignants pour les propri\u00e9taires fonciers pour d\u00e9velopper des quartiers, des parcelles individuelles et l&#8217;espace ext\u00e9rieur.r\u00f4le de la commune&nbsp;: prendre l\u2019initiative, \u00e9tudier, conduire, d\u00e9ciderorganismes responsables\u00a0: communeam\u00e9nagement du territoire&nbsp;: b\u00fcro van de wetering gmbh, z\u00fcrichsource:\u00a0densipedia | le plan directeur en traite : hier, aujourd\u2019hui et demain.\r\u00a9 r. riederer, espacesuisse | la commune argovienne de m\u00fcnchwilen r\u00e9vise son plan d\u2019am\u00e9nagement. elle a d\u00e9fini la direction \u00e0 prendre dans un mod\u00e8le de d\u00e9veloppement territorial, qu\u2019elle n\u2019a pas \u00e9labor\u00e9 en vase clos, bien au contraire : elle a fait appel \u00e0 un bureau de planification ayant un regard ext\u00e9rieur, a int\u00e9gr\u00e9 le savoir de la population locale et engag\u00e9 un consultant externe. il en est ressorti une conception directrice clairement structur\u00e9 et bien compr\u00e9hensible. | niveau sup\u00e9rieur et niveau inf\u00e9rieur.\r\u00a9 r. riederer, espacesuisse | la structure de m\u00fcnchwilen est typique d\u2019une commune r\u00e9siden-tielle de taille relativement modeste : le centre historique longe un ruisseau qui coule vers le nord depuis le monast\u00e8re en bordure de for\u00eat, au-dessus du village. le versant est constell\u00e9 de maisons individuelles entre lesquelles il reste encore beaucoup de verdure. au bas de la pente, le terrain s\u2019aplanit. la zone industrielle et com-merciale de la commune s\u2019\u00e9tend en marge du sislerfeld. un peu plus loin, s\u00e9par\u00e9es du village par la route cantonale, passent l\u2019autoroute a3 et la ligne ferroviaire b\u00e2le-zurich. | int\u00e9rieur et ext\u00e9rieur.\r\u00a9 r. riederer, espacesuisse | la municipalit\u00e9 a commenc\u00e9 par se poser une question pratique qui s\u2019est av\u00e9r\u00e9e d\u00e9cisive : qui nous assistera pour \u00e9laborer notre conception directrice ? il \u00e9tait tentant et serait presque all\u00e9 de soi de faire \u00e9quipe avec l\u2019urbaniste de la commune, en fonction depuis de nombreuses ann\u00e9es.mais la municipalit\u00e9 a pris d\u00e9lib\u00e9r\u00e9ment une autre d\u00e9cision. elle entendait s\u00e9parer clairement le strat\u00e9gique de l\u2019op\u00e9rationnel : le travail strat\u00e9gique d\u2019\u00e9laboration du plan directeur devait \u00eatre confi\u00e9 \u00e0 un bureau qui ne soit pas install\u00e9 dans le fricktal et puisse donc apporter \u00e0 m\u00fcnchwilen un regard neuf, externe. | travers\u00e9e et arr\u00eat.\r\u00a9 r. riederer, espacesuisse | en une premi\u00e8re grande \u00e9tape, la municipalit\u00e9 a invit\u00e9 les respon-sables \u00e0 faire le tour du village. ensemble, ils sont all\u00e9s voir les points sensibles en mati\u00e8re de d\u00e9veloppement, notamment la tra-vers\u00e9e du village, ont discut\u00e9 des projets de construction \u00e0 venir et ont \u00e9chang\u00e9 leurs vues sur les possibilit\u00e9s de d\u00e9veloppement de la commune. se fondant sur ce qu\u2019ils ont vu et appris, les experts en-gag\u00e9s ont r\u00e9dig\u00e9 un rapport de base sur les th\u00e8mes et les questions essentiels pour l\u2019avenir de la commune.la deuxi\u00e8me \u00e9tape, non moins importante, a consist\u00e9 \u00e0 int\u00e9grer la population dans le processus. pour ce faire, elle a invit\u00e9 tout le monde \u00e0 se r\u00e9unir un samedi matin dans la salle de gymnastique. l\u00e0 aussi, la municipalit\u00e9 a choisi de se faire aider, recourant \u00e0 un consultant actif dans le conseil aux communes pour conduire la discussion. ainsi, ses membres ont pu prendre part au d\u00e9bat au m\u00eame titre que les autres citoyens.apr\u00e8s cette r\u00e9union et les six ateliers qui ont suivi, il s\u2019est agi de mettre en forme les id\u00e9es exprim\u00e9es et de les int\u00e9grer dans la con-ception directrice. l\u2019essentiel \u00e9tait que ce dernier soit facile \u00e0 com-prendre. les textes sont formul\u00e9s le plus bri\u00e8vement possible, les plans et les graphiques sont simples et compr\u00e9hensibles. l\u2019avenir esquiss\u00e9 pour la commune montre le d\u00e9veloppement territorial possible pour elle sur la base d\u2019un processus m\u00fbrement r\u00e9fl\u00e9chi. | \u00a9 swisstopo | bauen im bestand | mitwirkung | nachhaltigkeit | \u00f6ffentlicher raum | ortsbilder | r\u00e4umliche entwicklungsleitbilder | gemeinde | espacesuisse | de | fr | it<\/div><\/article><article class=\"sia-beratung-db-entry\" data-id=\"2894\" data-cpt=\"sia-angebote\" data-slug=\"gemeinschaftlich-genutzte-raeume-im-wohnungsbau-impulse-fuer-gewinnorientierte-bautraeger\" data-lang-slug-de_de=\"\" data-lang-slug-en_gb=\"\" data-lang-slug-fr_fr=\"\" data-lang-slug-it_it=\"\" data-lat=\"53.5507112\" data-lng=\"10.0008202\" data-filter-142=\"1\" data-filter-145=\"1\" data-filter-148=\"1\" data-filter-183=\"1\" data-filter-277=\"1\" data-filter-288=\"1\" data-filter-289=\"1\" data-all-filter=\"142,145,148,183,277,288,289\"><div class=\"sia-beratung-db-entry-header\" onclick=\"return window.siaBeratung.toggleCpt(this);\"><div class=\"col-1\">Mutualiser les espaces du logement: Comment sensibiliser le secteur priv\u00e9 \u00e0 but lucratif ?<\/div><div class=\"col-2\"><span>OFL Office f\u00e9d\u00e9ral du logement<\/span><\/div><div class=\"col-3\"><span>Projet de recherche<\/span><\/div><div class=\"sia-beratung-db-angle\"><span class=\"sia-beratung-angle\"><\/span><\/div><\/div><div class=\"sia-beratung-db-entry-content\"><div class=\"sia-beratung-db-entry-content-columns\"><div class=\"col-1\"><p>L&#8217;\u00e9tude vise \u00e0 d\u00e9terminer les conditions propices au d\u00e9veloppement des espaces mutualis\u00e9s dans le logement locatif priv\u00e9 \u00e0 but lucratif. Elle interroge, au moyen d&#8217;\u00e9tudes de cas et d&#8217;un panel d&#8217;experts, la pertinence des espaces mutualis\u00e9s sous l&#8217;angle de la demande, de la gouvernance et de l&#8217;int\u00e9gration dans l&#8217;offre de logement. II en r\u00e9sulte une liste de pistes operationnelles.<\/p>\n<\/div><div class=\"col-2\"><\/div><\/div><div class=\"sia-beratung-db-entry-footer\"><div class=\"col-1\"><a href=\"https:\/\/www.bwo.admin.ch\/fr\/publication?id=bDqAAh8DvaBp\" class=\"sia-beratung-db-entry-link\" target=\"_blank\" rel=\"noopener\">Link zum Angebot<\/a><\/div><div class=\"col-2\"><div class=\"sia-beratung-db-filterbox\"><label class=\"toggle\" onclick=\"return window.siaBeratung.toggleFilterBox(this);\"><span>OFL Office f\u00e9d\u00e9ral du logement<\/span><span>Projet de recherche<\/span><span>D\u00e9veloppement \u00e0 l\u2019int\u00e9rieur du milieu b\u00e2ti<\/span><span>Politique immobili\u00e8re<\/span><span>Durabilit\u00e9<\/span><\/label><div class=\"options\"><a href=\"#\" onclick=\"return window.siaBeratung.setFilterBoxFilter(183);\">OFL Office f\u00e9d\u00e9ral du logement<\/a><a href=\"#\" onclick=\"return window.siaBeratung.setFilterBoxFilter(277);\">Projet de recherche<\/a><a href=\"#\" onclick=\"return window.siaBeratung.setFilterBoxFilter(142);\">D\u00e9veloppement \u00e0 l\u2019int\u00e9rieur du milieu b\u00e2ti<\/a><a href=\"#\" onclick=\"return window.siaBeratung.setFilterBoxFilter(145);\">Politique immobili\u00e8re<\/a><a href=\"#\" onclick=\"return window.siaBeratung.setFilterBoxFilter(148);\">Durabilit\u00e9<\/a><a href=\"#\" onclick=\"return window.siaBeratung.setFilterBoxFilter([142,145,148,183,277,288,289]);\">Alle Filter ausw\u00e4hlen<\/a><\/div><\/div><label class=\"sia-beratung-db-filterbox-spacer\">&nbsp;<\/label><\/div><\/div><\/div><div class=\"sia-beratung-db-entry-searchtext\">gemeinschaftlich genutzte r\u00e4ume im wohnungsbau: impulse f\u00fcr gewinnorientierte bautr\u00e4ger | l&#8217;\u00e9tude vise \u00e0 d\u00e9terminer les conditions propices au d\u00e9veloppement des espaces mutualis\u00e9s dans le logement locatif priv\u00e9 \u00e0 but lucratif. elle interroge, au moyen d&#8217;\u00e9tudes de cas et d&#8217;un panel d&#8217;experts, la pertinence des espaces mutualis\u00e9s sous l&#8217;angle de la demande, de la gouvernance et de l&#8217;int\u00e9gration dans l&#8217;offre de logement. ii en r\u00e9sulte une liste de pistes operationnelles. | innenentwicklung | liegenschaftspolitik | nachhaltigkeit | bwo bundesamt f\u00fcr wohnungswesen | forschungsprojekt | de | fr<\/div><\/article><article class=\"sia-beratung-db-entry\" data-id=\"2904\" data-cpt=\"sia-ausbildung\" data-slug=\"nachhaltige-infrastrukturen\" data-lang-slug-de_de=\"\" data-lang-slug-en_gb=\"\" data-lang-slug-fr_fr=\"\" data-lang-slug-it_it=\"\" data-lat=\"47.3744489\" data-lng=\"8.5410422\" data-filter-141=\"1\" data-filter-148=\"1\" data-filter-152=\"1\" data-filter-193=\"1\" data-filter-206=\"1\" data-filter-272=\"1\" data-filter-288=\"1\" data-all-filter=\"141,148,152,193,206,272,288\"><div class=\"sia-beratung-db-entry-header\" onclick=\"return window.siaBeratung.toggleCpt(this);\"><div class=\"col-1\">Nachhaltige Infrastrukturen<\/div><div class=\"col-2\"><span>FH Haute \u00e9cole sp\u00e9cialis\u00e9e de Berne<\/span><span>OST Ostschweizer Fachhochschule<\/span><\/div><div class=\"col-3\"><span>CAS<\/span><\/div><div class=\"sia-beratung-db-angle\"><span class=\"sia-beratung-angle\"><\/span><\/div><\/div><div class=\"sia-beratung-db-entry-content\"><div class=\"sia-beratung-db-entry-content-columns\"><div class=\"col-1\"><p>Infrastrukturen sind wichtige Grundpfeiler der Schweizer Volkswirtschaft. Sie verbinden, versorgen und sch\u00fctzen Mensch und Siedlung. Gleichzeitig ist ihr Bau und ihre Bewirtschaftung auch oft mit einem grossen Ressourcenbedarf und bedeutenden Umweltauswirkungen verbunden.<\/p>\n<\/div><div class=\"col-2\"><\/div><\/div><div class=\"sia-beratung-db-entry-footer\"><div class=\"col-1\"><a href=\"https:\/\/www.bfh.ch\/de\/weiterbildung\/cas\/nachhaltige-infrastrukturen\/\" class=\"sia-beratung-db-entry-link\" target=\"_blank\" rel=\"noopener\">Link zum Angebot<\/a><\/div><div class=\"col-2\"><div class=\"sia-beratung-db-filterbox\"><label class=\"toggle\" onclick=\"return window.siaBeratung.toggleFilterBox(this);\"><span>FH Haute \u00e9cole sp\u00e9cialis\u00e9e de Berne<\/span><span>CAS<\/span><span>Infrastructure<\/span><span>Durabilit\u00e9<\/span><span>OST Ostschweizer Fachhochschule<\/span><span>Processus<\/span><\/label><div class=\"options\"><a href=\"#\" onclick=\"return window.siaBeratung.setFilterBoxFilter(193);\">FH Haute \u00e9cole sp\u00e9cialis\u00e9e de Berne<\/a><a href=\"#\" onclick=\"return window.siaBeratung.setFilterBoxFilter(272);\">CAS<\/a><a href=\"#\" onclick=\"return window.siaBeratung.setFilterBoxFilter(141);\">Infrastructure<\/a><a href=\"#\" onclick=\"return window.siaBeratung.setFilterBoxFilter(148);\">Durabilit\u00e9<\/a><a href=\"#\" onclick=\"return window.siaBeratung.setFilterBoxFilter(206);\">OST Ostschweizer Fachhochschule<\/a><a href=\"#\" onclick=\"return window.siaBeratung.setFilterBoxFilter(152);\">Processus<\/a><a href=\"#\" onclick=\"return window.siaBeratung.setFilterBoxFilter([141,148,152,193,206,272,288]);\">Alle Filter ausw\u00e4hlen<\/a><\/div><\/div><label class=\"sia-beratung-db-filterbox-spacer\">&nbsp;<\/label><\/div><\/div><\/div><div class=\"sia-beratung-db-entry-searchtext\">nachhaltige infrastrukturen | infrastrukturen sind wichtige grundpfeiler der schweizer volkswirtschaft. sie verbinden, versorgen und sch\u00fctzen mensch und siedlung. gleichzeitig ist ihr bau und ihre bewirtschaftung auch oft mit einem grossen ressourcenbedarf und bedeutenden umweltauswirkungen verbunden. | infrastruktur | nachhaltigkeit | prozesse | bfh berner fachhochschule | ost ostschweizer fachhochschule | cas | de<\/div><\/article><article class=\"sia-beratung-db-entry\" data-id=\"1685\" data-cpt=\"sia-ausbildung\" data-slug=\"nachhaltige-mobilitaet\" data-lat=\"47.223917931812\" data-lng=\"8.81725938401256\" data-filter-136=\"1\" data-filter-141=\"1\" data-filter-143=\"1\" data-filter-144=\"1\" data-filter-147=\"1\" data-filter-148=\"1\" data-filter-149=\"1\" data-filter-152=\"1\" data-filter-157=\"1\" data-filter-161=\"1\" data-filter-206=\"1\" data-filter-272=\"1\" data-filter-288=\"1\" data-all-filter=\"136,141,143,144,147,148,149,152,157,161,206,272,288\"><div class=\"sia-beratung-db-entry-header\" onclick=\"return window.siaBeratung.toggleCpt(this);\"><div class=\"col-1\">Nachhaltige Mobilit\u00e4t<\/div><div class=\"col-2\"><span>OST Ostschweizer Fachhochschule<\/span><\/div><div class=\"col-3\"><span>CAS<\/span><\/div><div class=\"sia-beratung-db-angle\"><span class=\"sia-beratung-angle\"><\/span><\/div><\/div><div class=\"sia-beratung-db-entry-content\"><div class=\"sia-beratung-db-entry-content-columns\"><div class=\"col-1\"><p>Im berufsbegleitenden CAS Nachhaltige Mobilit\u00e4t tauchen Sie ein in die Welt von Verkehr, Transport und Mobilit\u00e4t. Das Verkehrwesen ist ein wichtiger Wirtschaftsfaktor, gleichzeitig aber auch problematisch, weil die motorisierte Mobilit\u00e4t zu Luft-, L\u00e4rm- und Bodenbelastung f\u00fchrt und Eingriffe in die Landschaft und in Lebensr\u00e4ume verursacht.<\/p>\n<\/div><div class=\"col-2\"><\/div><\/div><div class=\"sia-beratung-db-entry-footer\"><div class=\"col-1\"><a href=\"https:\/\/www.ost.ch\/de\/weiterbildung\/weiterbildungsangebot\/raum-und-mobilitaet\/mobilitaet-und-verkehr\/cas-nachhaltige-mobilitaet\" class=\"sia-beratung-db-entry-link\" target=\"_blank\" rel=\"noopener\">Link zum Angebot<\/a><\/div><div class=\"col-2\"><div class=\"sia-beratung-db-filterbox\"><label class=\"toggle\" onclick=\"return window.siaBeratung.toggleFilterBox(this);\"><span>Biodiversit\u00e9<\/span><span>CAS<\/span><span>Formation continue pour le personnel politique et administratif<\/span><span>Infrastructure<\/span><span>Climat<\/span><span>Projets de construction communaux<\/span><span>Paysage<\/span><span>Mobilit\u00e9<\/span><span>Durabilit\u00e9<\/span><span>Espace public<\/span><span>OST Ostschweizer Fachhochschule<\/span><span>Processus<\/span><\/label><div class=\"options\"><a href=\"#\" onclick=\"return window.siaBeratung.setFilterBoxFilter(136);\">Biodiversit\u00e9<\/a><a href=\"#\" onclick=\"return window.siaBeratung.setFilterBoxFilter(272);\">CAS<\/a><a href=\"#\" onclick=\"return window.siaBeratung.setFilterBoxFilter(157);\">Formation continue pour le personnel politique et administratif<\/a><a href=\"#\" onclick=\"return window.siaBeratung.setFilterBoxFilter(141);\">Infrastructure<\/a><a href=\"#\" onclick=\"return window.siaBeratung.setFilterBoxFilter(143);\">Climat<\/a><a href=\"#\" onclick=\"return window.siaBeratung.setFilterBoxFilter(161);\">Projets de construction communaux<\/a><a href=\"#\" onclick=\"return window.siaBeratung.setFilterBoxFilter(144);\">Paysage<\/a><a href=\"#\" onclick=\"return window.siaBeratung.setFilterBoxFilter(147);\">Mobilit\u00e9<\/a><a href=\"#\" onclick=\"return window.siaBeratung.setFilterBoxFilter(148);\">Durabilit\u00e9<\/a><a href=\"#\" onclick=\"return window.siaBeratung.setFilterBoxFilter(149);\">Espace public<\/a><a href=\"#\" onclick=\"return window.siaBeratung.setFilterBoxFilter(206);\">OST Ostschweizer Fachhochschule<\/a><a href=\"#\" onclick=\"return window.siaBeratung.setFilterBoxFilter(152);\">Processus<\/a><a href=\"#\" onclick=\"return window.siaBeratung.setFilterBoxFilter([136,141,143,144,147,148,149,152,157,161,206,272,288]);\">Alle Filter ausw\u00e4hlen<\/a><\/div><\/div><label class=\"sia-beratung-db-filterbox-spacer\">&nbsp;<\/label><\/div><\/div><\/div><div class=\"sia-beratung-db-entry-searchtext\">nachhaltige mobilit\u00e4t | im berufsbegleitenden cas nachhaltige mobilit\u00e4t tauchen sie ein in die welt von verkehr, transport und mobilit\u00e4t. das verkehrwesen ist ein wichtiger wirtschaftsfaktor, gleichzeitig aber auch problematisch, weil die motorisierte mobilit\u00e4t zu luft-, l\u00e4rm- und bodenbelastung f\u00fchrt und eingriffe in die landschaft und in lebensr\u00e4ume verursacht. | biodiversit\u00e4t | infrastruktur | klima | landschaft | mobilit\u00e4t | nachhaltigkeit | \u00f6ffentlicher raum | prozesse | fortbildung f\u00fcr politik und verwaltung | kommunale bauprojekte | ost ostschweizer fachhochschule | cas | de<\/div><\/article><article class=\"sia-beratung-db-entry\" data-id=\"1686\" data-cpt=\"sia-ausbildung\" data-slug=\"nachhaltiges-bauen\" data-lat=\"47.5348600357009\" data-lng=\"7.64195569812271\" data-filter-135=\"1\" data-filter-136=\"1\" data-filter-140=\"1\" data-filter-143=\"1\" data-filter-148=\"1\" data-filter-193=\"1\" data-filter-198=\"1\" data-filter-199=\"1\" data-filter-204=\"1\" data-filter-210=\"1\" data-filter-272=\"1\" data-filter-288=\"1\" data-all-filter=\"135,136,140,143,148,193,198,199,204,210,272,288\"><div class=\"sia-beratung-db-entry-header\" onclick=\"return window.siaBeratung.toggleCpt(this);\"><div class=\"col-1\">Nachhaltiges Bauen<\/div><div class=\"col-2\"><span>FH Haute \u00e9cole sp\u00e9cialis\u00e9e de Berne<\/span><span>FHGR Fachhochschule Graub\u00fcnden<\/span><span>FHNW Fachhochschule Nordwestschweiz<\/span><span>HSLU Hochschule Luzern<\/span><span>ZHAW Z\u00fcrcher Hochschule f\u00fcr Angewandte Wissenschaften<\/span><\/div><div class=\"col-3\"><span>CAS<\/span><\/div><div class=\"sia-beratung-db-angle\"><span class=\"sia-beratung-angle\"><\/span><\/div><\/div><div class=\"sia-beratung-db-entry-content\"><div class=\"sia-beratung-db-entry-content-columns\"><div class=\"col-1\"><p>Bewerten Sie Nachhaltiges Bauen und stellen Sie es fachkundig in den n\u00f6tigen Zusammenhang. Als Bauherr, Planer oder Beh\u00f6rde kennen Sie in Sachen Nachhaltigkeit die Anforderungen an alle Phasen im gesamten Lebenszyklus von Geb\u00e4uden und stellen ihren Gesch\u00e4ftspartnern treffsicher die richten Fragen dazu.<\/p>\n<\/div><div class=\"col-2\"><\/div><\/div><div class=\"sia-beratung-db-entry-footer\"><div class=\"col-1\"><a href=\"https:\/\/www.enbau.ch\/nachhaltiges-bauen\" class=\"sia-beratung-db-entry-link\" target=\"_blank\" rel=\"noopener\">Link zum Angebot<\/a><\/div><div class=\"col-2\"><div class=\"sia-beratung-db-filterbox\"><label class=\"toggle\" onclick=\"return window.siaBeratung.toggleFilterBox(this);\"><span>Construire dans le b\u00e2ti existant<\/span><span>FH Haute \u00e9cole sp\u00e9cialis\u00e9e de Berne<\/span><span>Biodiversit\u00e9<\/span><span>CAS<\/span><span>Energie<\/span><span>FHGR Fachhochschule Graub\u00fcnden<\/span><span>FHNW Fachhochschule Nordwestschweiz<\/span><span>HSLU Hochschule Luzern<\/span><span>Climat<\/span><span>Durabilit\u00e9<\/span><span>ZHAW Z\u00fcrcher Hochschule f\u00fcr Angewandte Wissenschaften<\/span><\/label><div class=\"options\"><a href=\"#\" onclick=\"return window.siaBeratung.setFilterBoxFilter(135);\">Construire dans le b\u00e2ti existant<\/a><a href=\"#\" onclick=\"return window.siaBeratung.setFilterBoxFilter(193);\">FH Haute \u00e9cole sp\u00e9cialis\u00e9e de Berne<\/a><a href=\"#\" onclick=\"return window.siaBeratung.setFilterBoxFilter(136);\">Biodiversit\u00e9<\/a><a href=\"#\" onclick=\"return window.siaBeratung.setFilterBoxFilter(272);\">CAS<\/a><a href=\"#\" onclick=\"return window.siaBeratung.setFilterBoxFilter(140);\">Energie<\/a><a href=\"#\" onclick=\"return window.siaBeratung.setFilterBoxFilter(198);\">FHGR Fachhochschule Graub\u00fcnden<\/a><a href=\"#\" onclick=\"return window.siaBeratung.setFilterBoxFilter(199);\">FHNW Fachhochschule Nordwestschweiz<\/a><a href=\"#\" onclick=\"return window.siaBeratung.setFilterBoxFilter(204);\">HSLU Hochschule Luzern<\/a><a href=\"#\" onclick=\"return window.siaBeratung.setFilterBoxFilter(143);\">Climat<\/a><a href=\"#\" onclick=\"return window.siaBeratung.setFilterBoxFilter(148);\">Durabilit\u00e9<\/a><a href=\"#\" onclick=\"return window.siaBeratung.setFilterBoxFilter(210);\">ZHAW Z\u00fcrcher Hochschule f\u00fcr Angewandte Wissenschaften<\/a><a href=\"#\" onclick=\"return window.siaBeratung.setFilterBoxFilter([135,136,140,143,148,193,198,199,204,210,272,288]);\">Alle Filter ausw\u00e4hlen<\/a><\/div><\/div><label class=\"sia-beratung-db-filterbox-spacer\">&nbsp;<\/label><\/div><\/div><\/div><div class=\"sia-beratung-db-entry-searchtext\">nachhaltiges bauen | bewerten sie nachhaltiges bauen und stellen sie es fachkundig in den n\u00f6tigen zusammenhang. als bauherr, planer oder beh\u00f6rde kennen sie in sachen nachhaltigkeit die anforderungen an alle phasen im gesamten lebenszyklus von geb\u00e4uden und stellen ihren gesch\u00e4ftspartnern treffsicher die richten fragen dazu. | bauen im bestand | biodiversit\u00e4t | energie | klima | nachhaltigkeit | bfh berner fachhochschule | fhgr fachhochschule graub\u00fcnden | fhnw fachhochschule nordwestschweiz | hslu hochschule luzern | zhaw z\u00fcrcher hochschule f\u00fcr angewandte wissenschaften | cas | de<\/div><\/article><article class=\"sia-beratung-db-entry\" data-id=\"1687\" data-cpt=\"sia-ausbildung\" data-slug=\"nature-en-ville\" data-lat=\"46.209456817589\" data-lng=\"6.13654646914498\" data-filter-135=\"1\" data-filter-136=\"1\" data-filter-141=\"1\" data-filter-142=\"1\" data-filter-148=\"1\" data-filter-149=\"1\" data-filter-150=\"1\" data-filter-151=\"1\" data-filter-152=\"1\" data-filter-154=\"1\" data-filter-157=\"1\" data-filter-161=\"1\" data-filter-163=\"1\" data-filter-167=\"1\" data-filter-201=\"1\" data-filter-272=\"1\" data-filter-289=\"1\" data-all-filter=\"135,136,141,142,148,149,150,151,152,154,157,161,163,167,201,272,289\"><div class=\"sia-beratung-db-entry-header\" onclick=\"return window.siaBeratung.toggleCpt(this);\"><div class=\"col-1\">Nature en ville<\/div><div class=\"col-2\"><span>HEPIA Haute \u00e9cole du paysage, d'ing\u00e9nierie et d'architecture de Gen\u00e8ve<\/span><\/div><div class=\"col-3\"><span>CAS<\/span><\/div><div class=\"sia-beratung-db-angle\"><span class=\"sia-beratung-angle\"><\/span><\/div><\/div><div class=\"sia-beratung-db-entry-content\"><div class=\"sia-beratung-db-entry-content-columns\"><div class=\"col-1\"><p>Longtemps \u00e9t\u00e9 consid\u00e9r\u00e9e comme simple d\u00e9cor urbain, la nature en ville prend de l\u2019importance \u00e0 la faveur des pr\u00e9occupations \u00e9cologiques et de la demande des citadins. Ce nouveau regard sur la nature en ville est l\u2019occasion de renouveler les m\u00e9thodes d\u2019am\u00e9nagement et de planification du territoire. Pour pouvoir le faire, il est n\u00e9cessaire de conna\u00eetre les atouts de la nature en ville et de comprendre son fonctionnement.<\/p>\n<\/div><div class=\"col-2\"><\/div><\/div><div class=\"sia-beratung-db-entry-footer\"><div class=\"col-1\"><a href=\"https:\/\/www.hesge.ch\/hepia\/formation-continue\/certificats-cas\/cas-nature-en-ville\" class=\"sia-beratung-db-entry-link\" target=\"_blank\" rel=\"noopener\">Link zum Angebot<\/a><\/div><div class=\"col-2\"><div class=\"sia-beratung-db-filterbox\"><label class=\"toggle\" onclick=\"return window.siaBeratung.toggleFilterBox(this);\"><span>Proc\u00e9dures d\u2019autorisation de construire<\/span><span>Construire dans le b\u00e2ti existant<\/span><span>Biodiversit\u00e9<\/span><span>CAS<\/span><span>Formation continue pour le personnel politique et administratif<\/span><span>HEPIA Haute \u00e9cole du paysage, d'ing\u00e9nierie et d'architecture de Gen\u00e8ve<\/span><span>Infrastructure<\/span><span>D\u00e9veloppement \u00e0 l\u2019int\u00e9rieur du milieu b\u00e2ti<\/span><span>Projets de construction communaux<\/span><span>Durabilit\u00e9<\/span><span>Plans d\u2019affectation<\/span><span>Espace public<\/span><span>Sites construits<\/span><span>Outils de planification<\/span><span>Processus<\/span><span>Strat\u00e9gies de d\u00e9veloppement territorial<\/span><\/label><div class=\"options\"><a href=\"#\" onclick=\"return window.siaBeratung.setFilterBoxFilter(154);\">Proc\u00e9dures d\u2019autorisation de construire<\/a><a href=\"#\" onclick=\"return window.siaBeratung.setFilterBoxFilter(135);\">Construire dans le b\u00e2ti existant<\/a><a href=\"#\" onclick=\"return window.siaBeratung.setFilterBoxFilter(136);\">Biodiversit\u00e9<\/a><a href=\"#\" onclick=\"return window.siaBeratung.setFilterBoxFilter(272);\">CAS<\/a><a href=\"#\" onclick=\"return window.siaBeratung.setFilterBoxFilter(157);\">Formation continue pour le personnel politique et administratif<\/a><a href=\"#\" onclick=\"return window.siaBeratung.setFilterBoxFilter(201);\">HEPIA Haute \u00e9cole du paysage, d'ing\u00e9nierie et d'architecture de Gen\u00e8ve<\/a><a href=\"#\" onclick=\"return window.siaBeratung.setFilterBoxFilter(141);\">Infrastructure<\/a><a href=\"#\" onclick=\"return window.siaBeratung.setFilterBoxFilter(142);\">D\u00e9veloppement \u00e0 l\u2019int\u00e9rieur du milieu b\u00e2ti<\/a><a href=\"#\" onclick=\"return window.siaBeratung.setFilterBoxFilter(161);\">Projets de construction communaux<\/a><a href=\"#\" onclick=\"return window.siaBeratung.setFilterBoxFilter(148);\">Durabilit\u00e9<\/a><a href=\"#\" onclick=\"return window.siaBeratung.setFilterBoxFilter(163);\">Plans d\u2019affectation<\/a><a href=\"#\" onclick=\"return window.siaBeratung.setFilterBoxFilter(149);\">Espace public<\/a><a href=\"#\" onclick=\"return window.siaBeratung.setFilterBoxFilter(150);\">Sites construits<\/a><a href=\"#\" onclick=\"return window.siaBeratung.setFilterBoxFilter(151);\">Outils de planification<\/a><a href=\"#\" onclick=\"return window.siaBeratung.setFilterBoxFilter(152);\">Processus<\/a><a href=\"#\" onclick=\"return window.siaBeratung.setFilterBoxFilter(167);\">Strat\u00e9gies de d\u00e9veloppement territorial<\/a><a href=\"#\" onclick=\"return window.siaBeratung.setFilterBoxFilter([135,136,141,142,148,149,150,151,152,154,157,161,163,167,201,272,289]);\">Alle Filter ausw\u00e4hlen<\/a><\/div><\/div><label class=\"sia-beratung-db-filterbox-spacer\">&nbsp;<\/label><\/div><\/div><\/div><div class=\"sia-beratung-db-entry-searchtext\">nature en ville | longtemps \u00e9t\u00e9 consid\u00e9r\u00e9e comme simple d\u00e9cor urbain, la nature en ville prend de l\u2019importance \u00e0 la faveur des pr\u00e9occupations \u00e9cologiques et de la demande des citadins. ce nouveau regard sur la nature en ville est l\u2019occasion de renouveler les m\u00e9thodes d\u2019am\u00e9nagement et de planification du territoire. pour pouvoir le faire, il est n\u00e9cessaire de conna\u00eetre les atouts de la nature en ville et de comprendre son fonctionnement. | bauen im bestand | biodiversit\u00e4t | infrastruktur | innenentwicklung | nachhaltigkeit | \u00f6ffentlicher raum | ortsbilder | planungsinstrumente | prozesse | baubewilligungsverfahren | fortbildung f\u00fcr politik und verwaltung | kommunale bauprojekte | nutzungsplanung | r\u00e4umliche entwicklungsleitbilder | hepia haute \u00e9cole du paysage, d'ing\u00e9nierie et d'architecture de gen\u00e8ve | cas | fr<\/div><\/article><article class=\"sia-beratung-db-entry\" data-id=\"1598\" data-cpt=\"sia-angebote\" data-slug=\"natur-in-stadt-und-dorf\" data-lang-slug-de_de=\"\" data-lang-slug-en_gb=\"\" data-lang-slug-fr_fr=\"\" data-lang-slug-it_it=\"\" data-lat=\"53.5507112\" data-lng=\"10.0008202\" data-filter-136=\"1\" data-filter-139=\"1\" data-filter-142=\"1\" data-filter-143=\"1\" data-filter-144=\"1\" data-filter-148=\"1\" data-filter-149=\"1\" data-filter-161=\"1\" data-filter-235=\"1\" data-filter-270=\"1\" data-filter-288=\"1\" data-filter-289=\"1\" data-all-filter=\"136,139,142,143,144,148,149,161,235,270,288,289\"><div class=\"sia-beratung-db-entry-header\" onclick=\"return window.siaBeratung.toggleCpt(this);\"><div class=\"col-1\">Nature en ville et village<\/div><div class=\"col-2\"><span>Valais<\/span><\/div><div class=\"col-3\"><span>Guide<\/span><\/div><div class=\"sia-beratung-db-angle\"><span class=\"sia-beratung-angle\"><\/span><\/div><\/div><div class=\"sia-beratung-db-entry-content\"><div class=\"sia-beratung-db-entry-content-columns\"><div class=\"col-1\"><p>Le projet Nature en ville et village propose une meilleure int\u00e9gration de la nature et de la biodiversit\u00e9 dans les espaces construits, par l\u2019am\u00e9nagement du territoire et la sensibilisation des communes et propri\u00e9taires priv\u00e9s.<\/p>\n<\/div><div class=\"col-2\"><\/div><\/div><div class=\"sia-beratung-db-entry-footer\"><div class=\"col-1\"><a href=\"https:\/\/www.vs.ch\/fr\/web\/sdt\/nature-en-ville-et-village\" class=\"sia-beratung-db-entry-link\" target=\"_blank\" rel=\"noopener\">Link zum Angebot<\/a><\/div><div class=\"col-2\"><div class=\"sia-beratung-db-filterbox\"><label class=\"toggle\" onclick=\"return window.siaBeratung.toggleFilterBox(this);\"><span>Guide<\/span><span>Biodiversit\u00e9<\/span><span>Dialogue<\/span><span>D\u00e9veloppement \u00e0 l\u2019int\u00e9rieur du milieu b\u00e2ti<\/span><span>Climat<\/span><span>Projets de construction communaux<\/span><span>Paysage<\/span><span>Durabilit\u00e9<\/span><span>Espace public<\/span><span>Valais<\/span><\/label><div class=\"options\"><a href=\"#\" onclick=\"return window.siaBeratung.setFilterBoxFilter(270);\">Guide<\/a><a href=\"#\" onclick=\"return window.siaBeratung.setFilterBoxFilter(136);\">Biodiversit\u00e9<\/a><a href=\"#\" onclick=\"return window.siaBeratung.setFilterBoxFilter(139);\">Dialogue<\/a><a href=\"#\" onclick=\"return window.siaBeratung.setFilterBoxFilter(142);\">D\u00e9veloppement \u00e0 l\u2019int\u00e9rieur du milieu b\u00e2ti<\/a><a href=\"#\" onclick=\"return window.siaBeratung.setFilterBoxFilter(143);\">Climat<\/a><a href=\"#\" onclick=\"return window.siaBeratung.setFilterBoxFilter(161);\">Projets de construction communaux<\/a><a href=\"#\" onclick=\"return window.siaBeratung.setFilterBoxFilter(144);\">Paysage<\/a><a href=\"#\" onclick=\"return window.siaBeratung.setFilterBoxFilter(148);\">Durabilit\u00e9<\/a><a href=\"#\" onclick=\"return window.siaBeratung.setFilterBoxFilter(149);\">Espace public<\/a><a href=\"#\" onclick=\"return window.siaBeratung.setFilterBoxFilter(235);\">Valais<\/a><a href=\"#\" onclick=\"return window.siaBeratung.setFilterBoxFilter([136,139,142,143,144,148,149,161,235,270,288,289]);\">Alle Filter ausw\u00e4hlen<\/a><\/div><\/div><label class=\"sia-beratung-db-filterbox-spacer\">&nbsp;<\/label><\/div><\/div><\/div><div class=\"sia-beratung-db-entry-searchtext\">natur in stadt und dorf | le projet nature en ville et village propose une meilleure int\u00e9gration de la nature et de la biodiversit\u00e9 dans les espaces construits, par l\u2019am\u00e9nagement du territoire et la sensibilisation des communes et propri\u00e9taires priv\u00e9s. | biodiversit\u00e4t | dialog | innenentwicklung | klima | landschaft | nachhaltigkeit | \u00f6ffentlicher raum | kommunale bauprojekte | wallis | arbeitshilfe | de | fr<\/div><\/article><article class=\"sia-beratung-db-entry\" data-id=\"1600\" data-cpt=\"sia-angebote\" data-slug=\"nidwaldner-richtlinien-fuer-bauten-und-anlagen-ausserhalb-bauzonen\" data-lang-slug-de_de=\"\" data-lang-slug-en_gb=\"\" data-lang-slug-fr_fr=\"\" data-lang-slug-it_it=\"\" data-lat=\"53.5507112\" data-lng=\"10.0006485\" data-filter-144=\"1\" data-filter-151=\"1\" data-filter-155=\"1\" data-filter-225=\"1\" data-filter-270=\"1\" data-filter-288=\"1\" data-all-filter=\"144,151,155,225,270,288\"><div class=\"sia-beratung-db-entry-header\" onclick=\"return window.siaBeratung.toggleCpt(this);\"><div class=\"col-1\">Nidwaldner Richtlinien f\u00fcr Bauten und Anlagen ausserhalb Bauzonen<\/div><div class=\"col-2\"><span>Nidwald<\/span><\/div><div class=\"col-3\"><span>Guide<\/span><\/div><div class=\"sia-beratung-db-angle\"><span class=\"sia-beratung-angle\"><\/span><\/div><\/div><div class=\"sia-beratung-db-entry-content\"><div class=\"sia-beratung-db-entry-content-columns\"><div class=\"col-1\"><p>Die Richtlinien zeigen die g\u00e4ngige Bewilligungspraxis der Baudirektion und die geltenden gesetzlichen Bestimmungen auf. Sie haben keine eigene Rechtskraft. Diese Richtlinie soll den zust\u00e4ndigen Beh\u00f6rden, Planern und Bauherrschaften als Planungs- und Entscheidungsgrundlage dienen und Klarheit schaffen.<\/p>\n<\/div><div class=\"col-2\"><\/div><\/div><div class=\"sia-beratung-db-entry-footer\"><div class=\"col-1\"><a href=\"https:\/\/www.nw.ch\/_docn\/88517\/Richtlinien_fur_Bauten_und_Anlagen_ausserhalb_Bauzonen_Stand_Dezember_2016.pdf\" class=\"sia-beratung-db-entry-link\" target=\"_blank\" rel=\"noopener\">Link zum Angebot<\/a><\/div><div class=\"col-2\"><div class=\"sia-beratung-db-filterbox\"><label class=\"toggle\" onclick=\"return window.siaBeratung.toggleFilterBox(this);\"><span>Guide<\/span><span>Construction hors zone \u00e0 b\u00e2tir<\/span><span>Paysage<\/span><span>Nidwald<\/span><span>Outils de planification<\/span><\/label><div class=\"options\"><a href=\"#\" onclick=\"return window.siaBeratung.setFilterBoxFilter(270);\">Guide<\/a><a href=\"#\" onclick=\"return window.siaBeratung.setFilterBoxFilter(155);\">Construction hors zone \u00e0 b\u00e2tir<\/a><a href=\"#\" onclick=\"return window.siaBeratung.setFilterBoxFilter(144);\">Paysage<\/a><a href=\"#\" onclick=\"return window.siaBeratung.setFilterBoxFilter(225);\">Nidwald<\/a><a href=\"#\" onclick=\"return window.siaBeratung.setFilterBoxFilter(151);\">Outils de planification<\/a><a href=\"#\" onclick=\"return window.siaBeratung.setFilterBoxFilter([144,151,155,225,270,288]);\">Alle Filter ausw\u00e4hlen<\/a><\/div><\/div><label class=\"sia-beratung-db-filterbox-spacer\">&nbsp;<\/label><\/div><\/div><\/div><div class=\"sia-beratung-db-entry-searchtext\">nidwaldner richtlinien f\u00fcr bauten und anlagen ausserhalb bauzonen | die richtlinien zeigen die g\u00e4ngige bewilligungspraxis der baudirektion und die geltenden gesetzlichen bestimmungen auf. sie haben keine eigene rechtskraft. diese richtlinie soll den zust\u00e4ndigen beh\u00f6rden, planern und bauherrschaften als planungs- und entscheidungsgrundlage dienen und klarheit schaffen. | landschaft | planungsinstrumente | bauen ausserhalb der bauzone | nidwalden | arbeitshilfe | de<\/div><\/article><article class=\"sia-beratung-db-entry\" data-id=\"1688\" data-cpt=\"sia-ausbildung\" data-slug=\"nutzungsentwicklung-areale-immobilien-oeffentlicher-raum\" data-lat=\"47.0624020457509\" data-lng=\"7.61420934217055\" data-filter-139=\"1\" data-filter-142=\"1\" data-filter-146=\"1\" data-filter-149=\"1\" data-filter-151=\"1\" data-filter-157=\"1\" data-filter-166=\"1\" data-filter-169=\"1\" data-filter-193=\"1\" data-filter-279=\"1\" data-filter-288=\"1\" data-all-filter=\"139,142,146,149,151,157,166,169,193,279,288\"><div class=\"sia-beratung-db-entry-header\" onclick=\"return window.siaBeratung.toggleCpt(this);\"><div class=\"col-1\">Nutzungsentwicklung: Areale \u2013 Immobilien \u2013 \u00f6ffentlicher Raum<\/div><div class=\"col-2\"><span>FH Haute \u00e9cole sp\u00e9cialis\u00e9e de Berne<\/span><\/div><div class=\"col-3\"><span>Cours et colloques<\/span><\/div><div class=\"sia-beratung-db-angle\"><span class=\"sia-beratung-angle\"><\/span><\/div><\/div><div class=\"sia-beratung-db-entry-content\"><div class=\"sia-beratung-db-entry-content-columns\"><div class=\"col-1\"><p>Art und Qualit\u00e4t der Nutzung entscheiden wesentlich dar\u00fcber, wie sehr ein \u00f6ffentlicher Raum, ein Areal oder eine Immobilie von den Zielgruppen, respektive vom Markt angenommen wird. Placemaking &#8211; wie Nutzungsentwicklung auch genannt wird &#8211; schafft lebendige und beliebte Orte. Das generiert Mehrwert f\u00fcr das gesellschaftliche Leben und f\u00fcr den Markt.<\/p>\n<\/div><div class=\"col-2\"><\/div><\/div><div class=\"sia-beratung-db-entry-footer\"><div class=\"col-1\"><a href=\"https:\/\/www.bfh.ch\/ahb\/de\/weiterbildung\/fachkurse\/nutzungsentwicklung\/\" class=\"sia-beratung-db-entry-link\" target=\"_blank\" rel=\"noopener\">Link zum Angebot<\/a><\/div><div class=\"col-2\"><div class=\"sia-beratung-db-filterbox\"><label class=\"toggle\" onclick=\"return window.siaBeratung.toggleFilterBox(this);\"><span>FH Haute \u00e9cole sp\u00e9cialis\u00e9e de Berne<\/span><span>Dialogue<\/span><span>Formation continue pour le personnel politique et administratif<\/span><span>D\u00e9veloppement \u00e0 l\u2019int\u00e9rieur du milieu b\u00e2ti<\/span><span>Cours et colloques<\/span><span>Participation<\/span><span>Espace public<\/span><span>Outils de planification<\/span><span>Proc\u00e9dures d\u2019assurance qualit\u00e9<\/span><span>Plans d\u2019affectation sp\u00e9ciaux<\/span><\/label><div class=\"options\"><a href=\"#\" onclick=\"return window.siaBeratung.setFilterBoxFilter(193);\">FH Haute \u00e9cole sp\u00e9cialis\u00e9e de Berne<\/a><a href=\"#\" onclick=\"return window.siaBeratung.setFilterBoxFilter(139);\">Dialogue<\/a><a href=\"#\" onclick=\"return window.siaBeratung.setFilterBoxFilter(157);\">Formation continue pour le personnel politique et administratif<\/a><a href=\"#\" onclick=\"return window.siaBeratung.setFilterBoxFilter(142);\">D\u00e9veloppement \u00e0 l\u2019int\u00e9rieur du milieu b\u00e2ti<\/a><a href=\"#\" onclick=\"return window.siaBeratung.setFilterBoxFilter(279);\">Cours et colloques<\/a><a href=\"#\" onclick=\"return window.siaBeratung.setFilterBoxFilter(146);\">Participation<\/a><a href=\"#\" onclick=\"return window.siaBeratung.setFilterBoxFilter(149);\">Espace public<\/a><a href=\"#\" onclick=\"return window.siaBeratung.setFilterBoxFilter(151);\">Outils de planification<\/a><a href=\"#\" onclick=\"return window.siaBeratung.setFilterBoxFilter(166);\">Proc\u00e9dures d\u2019assurance qualit\u00e9<\/a><a href=\"#\" onclick=\"return window.siaBeratung.setFilterBoxFilter(169);\">Plans d\u2019affectation sp\u00e9ciaux<\/a><a href=\"#\" onclick=\"return window.siaBeratung.setFilterBoxFilter([139,142,146,149,151,157,166,169,193,279,288]);\">Alle Filter ausw\u00e4hlen<\/a><\/div><\/div><label class=\"sia-beratung-db-filterbox-spacer\">&nbsp;<\/label><\/div><\/div><\/div><div class=\"sia-beratung-db-entry-searchtext\">nutzungsentwicklung: areale \u2013 immobilien \u2013 \u00f6ffentlicher raum | art und qualit\u00e4t der nutzung entscheiden wesentlich dar\u00fcber, wie sehr ein \u00f6ffentlicher raum, ein areal oder eine immobilie von den zielgruppen, respektive vom markt angenommen wird. placemaking &#8211; wie nutzungsentwicklung auch genannt wird &#8211; schafft lebendige und beliebte orte. das generiert mehrwert f\u00fcr das gesellschaftliche leben und f\u00fcr den markt. | dialog | innenentwicklung | mitwirkung | \u00f6ffentlicher raum | planungsinstrumente | fortbildung f\u00fcr politik und verwaltung | qualit\u00e4tssichernde verfahren | sondernutzplanung | bfh berner fachhochschule | kurse und tagungen | de<\/div><\/article><article class=\"sia-beratung-db-entry\" data-id=\"1601\" data-cpt=\"sia-angebote\" data-slug=\"oeffentliche-raeume-orte-der-begegnung\" data-lang-slug-de_de=\"\" data-lang-slug-en_gb=\"\" data-lang-slug-fr_fr=\"\" data-lang-slug-it_it=\"\" data-lat=\"53.5507112\" data-lng=\"10.0008202\" data-filter-139=\"1\" data-filter-142=\"1\" data-filter-144=\"1\" data-filter-146=\"1\" data-filter-149=\"1\" data-filter-212=\"1\" data-filter-270=\"1\" data-filter-288=\"1\" data-all-filter=\"139,142,144,146,149,212,270,288\"><div class=\"sia-beratung-db-entry-header\" onclick=\"return window.siaBeratung.toggleCpt(this);\"><div class=\"col-1\">\u00d6ffentliche R\u00e4ume \u2013 Orte der Begegnung<\/div><div class=\"col-2\"><span>Argovie<\/span><\/div><div class=\"col-3\"><span>Guide<\/span><\/div><div class=\"sia-beratung-db-angle\"><span class=\"sia-beratung-angle\"><\/span><\/div><\/div><div class=\"sia-beratung-db-entry-content\"><div class=\"sia-beratung-db-entry-content-columns\"><div class=\"col-1\"><p>\u00d6ffentliche R\u00e4ume wie Pl\u00e4tze, Strassenr\u00e4ume im Dorfzentrum oder Gr\u00fcnanlagen sind wichtige Orte f\u00fcr das \u00f6ffentliche Leben. Sie pr\u00e4gen die Identit\u00e4t und die Wahrnehmung einer Gemeinde wesentlich. Die Publikation \u201e\u00d6ffentliche R\u00e4ume \u2013 Orte der Begegnung\u201c k\u00f6nnen Sie auf dieser Seite bestellen oder herunterladen.<\/p>\n<\/div><div class=\"col-2\"><\/div><\/div><div class=\"sia-beratung-db-entry-footer\"><div class=\"col-1\"><a href=\"https:\/\/www.ag.ch\/de\/themen\/planen-bauen\/raumentwicklung\/baukultur-im-aargau\/oeffentliche-raeume-orte-der-begegnung\/beispielsammlung-bestellen\" class=\"sia-beratung-db-entry-link\" target=\"_blank\" rel=\"noopener\">Link zum Angebot<\/a><\/div><div class=\"col-2\"><div class=\"sia-beratung-db-filterbox\"><label class=\"toggle\" onclick=\"return window.siaBeratung.toggleFilterBox(this);\"><span>Argovie<\/span><span>Guide<\/span><span>Dialogue<\/span><span>D\u00e9veloppement \u00e0 l\u2019int\u00e9rieur du milieu b\u00e2ti<\/span><span>Paysage<\/span><span>Participation<\/span><span>Espace public<\/span><\/label><div class=\"options\"><a href=\"#\" onclick=\"return window.siaBeratung.setFilterBoxFilter(212);\">Argovie<\/a><a href=\"#\" onclick=\"return window.siaBeratung.setFilterBoxFilter(270);\">Guide<\/a><a href=\"#\" onclick=\"return window.siaBeratung.setFilterBoxFilter(139);\">Dialogue<\/a><a href=\"#\" onclick=\"return window.siaBeratung.setFilterBoxFilter(142);\">D\u00e9veloppement \u00e0 l\u2019int\u00e9rieur du milieu b\u00e2ti<\/a><a href=\"#\" onclick=\"return window.siaBeratung.setFilterBoxFilter(144);\">Paysage<\/a><a href=\"#\" onclick=\"return window.siaBeratung.setFilterBoxFilter(146);\">Participation<\/a><a href=\"#\" onclick=\"return window.siaBeratung.setFilterBoxFilter(149);\">Espace public<\/a><a href=\"#\" onclick=\"return window.siaBeratung.setFilterBoxFilter([139,142,144,146,149,212,270,288]);\">Alle Filter ausw\u00e4hlen<\/a><\/div><\/div><label class=\"sia-beratung-db-filterbox-spacer\">&nbsp;<\/label><\/div><\/div><\/div><div class=\"sia-beratung-db-entry-searchtext\">\u00f6ffentliche r\u00e4ume \u2013 orte der begegnung | \u00f6ffentliche r\u00e4ume wie pl\u00e4tze, strassenr\u00e4ume im dorfzentrum oder gr\u00fcnanlagen sind wichtige orte f\u00fcr das \u00f6ffentliche leben. sie pr\u00e4gen die identit\u00e4t und die wahrnehmung einer gemeinde wesentlich. die publikation \u201e\u00f6ffentliche r\u00e4ume \u2013 orte der begegnung\u201c k\u00f6nnen sie auf dieser seite bestellen oder herunterladen. | dialog | innenentwicklung | landschaft | mitwirkung | \u00f6ffentlicher raum | aargau | arbeitshilfe | de<\/div><\/article><article class=\"sia-beratung-db-entry\" data-id=\"1689\" data-cpt=\"sia-ausbildung\" data-slug=\"oeffentliches-baurecht\" data-lat=\"47.4930848261245\" data-lng=\"8.7166741\" data-filter-151=\"1\" data-filter-152=\"1\" data-filter-154=\"1\" data-filter-157=\"1\" data-filter-160=\"1\" data-filter-163=\"1\" data-filter-167=\"1\" data-filter-169=\"1\" data-filter-210=\"1\" data-filter-272=\"1\" data-filter-288=\"1\" data-all-filter=\"151,152,154,157,160,163,167,169,210,272,288\"><div class=\"sia-beratung-db-entry-header\" onclick=\"return window.siaBeratung.toggleCpt(this);\"><div class=\"col-1\">\u00d6ffentliches Baurecht<\/div><div class=\"col-2\"><span>ZHAW Z\u00fcrcher Hochschule f\u00fcr Angewandte Wissenschaften<\/span><\/div><div class=\"col-3\"><span>CAS<\/span><\/div><div class=\"sia-beratung-db-angle\"><span class=\"sia-beratung-angle\"><\/span><\/div><\/div><div class=\"sia-beratung-db-entry-content\"><div class=\"sia-beratung-db-entry-content-columns\"><div class=\"col-1\"><p>Die Steuerung der r\u00e4umlichen Entwicklung \u00fcber die verschiedenen Schritte des Raumplanungsprozesses bis zur Bewilligung des konkreten Bauprojekts ist eine komplexe Aufgabe, deren L\u00f6sung eine interdisziplin\u00e4re Zusammenarbeit und die Kenntnis der rechtlichen Rahmenbedingungen voraussetzt.<\/p>\n<\/div><div class=\"col-2\"><\/div><\/div><div class=\"sia-beratung-db-entry-footer\"><div class=\"col-1\"><a href=\"https:\/\/www.zhaw.ch\/de\/linguistik\/weiterbildung\/detail\/kurs\/cas-oeffentliches-baurecht\/\" class=\"sia-beratung-db-entry-link\" target=\"_blank\" rel=\"noopener\">Link zum Angebot<\/a><\/div><div class=\"col-2\"><div class=\"sia-beratung-db-filterbox\"><label class=\"toggle\" onclick=\"return window.siaBeratung.toggleFilterBox(this);\"><span>Proc\u00e9dures d\u2019autorisation de construire<\/span><span>CAS<\/span><span>Formation continue pour le personnel politique et administratif<\/span><span>Inventaires<\/span><span>Plans d\u2019affectation<\/span><span>Outils de planification<\/span><span>Processus<\/span><span>Strat\u00e9gies de d\u00e9veloppement territorial<\/span><span>Plans d\u2019affectation sp\u00e9ciaux<\/span><span>ZHAW Z\u00fcrcher Hochschule f\u00fcr Angewandte Wissenschaften<\/span><\/label><div class=\"options\"><a href=\"#\" onclick=\"return window.siaBeratung.setFilterBoxFilter(154);\">Proc\u00e9dures d\u2019autorisation de construire<\/a><a href=\"#\" onclick=\"return window.siaBeratung.setFilterBoxFilter(272);\">CAS<\/a><a href=\"#\" onclick=\"return window.siaBeratung.setFilterBoxFilter(157);\">Formation continue pour le personnel politique et administratif<\/a><a href=\"#\" onclick=\"return window.siaBeratung.setFilterBoxFilter(160);\">Inventaires<\/a><a href=\"#\" onclick=\"return window.siaBeratung.setFilterBoxFilter(163);\">Plans d\u2019affectation<\/a><a href=\"#\" onclick=\"return window.siaBeratung.setFilterBoxFilter(151);\">Outils de planification<\/a><a href=\"#\" onclick=\"return window.siaBeratung.setFilterBoxFilter(152);\">Processus<\/a><a href=\"#\" onclick=\"return window.siaBeratung.setFilterBoxFilter(167);\">Strat\u00e9gies de d\u00e9veloppement territorial<\/a><a href=\"#\" onclick=\"return window.siaBeratung.setFilterBoxFilter(169);\">Plans d\u2019affectation sp\u00e9ciaux<\/a><a href=\"#\" onclick=\"return window.siaBeratung.setFilterBoxFilter(210);\">ZHAW Z\u00fcrcher Hochschule f\u00fcr Angewandte Wissenschaften<\/a><a href=\"#\" onclick=\"return window.siaBeratung.setFilterBoxFilter([151,152,154,157,160,163,167,169,210,272,288]);\">Alle Filter ausw\u00e4hlen<\/a><\/div><\/div><label class=\"sia-beratung-db-filterbox-spacer\">&nbsp;<\/label><\/div><\/div><\/div><div class=\"sia-beratung-db-entry-searchtext\">\u00f6ffentliches baurecht | die steuerung der r\u00e4umlichen entwicklung \u00fcber die verschiedenen schritte des raumplanungsprozesses bis zur bewilligung des konkreten bauprojekts ist eine komplexe aufgabe, deren l\u00f6sung eine interdisziplin\u00e4re zusammenarbeit und die kenntnis der rechtlichen rahmenbedingungen voraussetzt. | planungsinstrumente | prozesse | baubewilligungsverfahren | fortbildung f\u00fcr politik und verwaltung | inventare | nutzungsplanung | r\u00e4umliche entwicklungsleitbilder | sondernutzplanung | zhaw z\u00fcrcher hochschule f\u00fcr angewandte wissenschaften | cas | de<\/div><\/article><article class=\"sia-beratung-db-entry\" data-id=\"1602\" data-cpt=\"sia-angebote\" data-slug=\"ortsbauliche-abwaegung-des-isos\" data-lang-slug-de_de=\"\" data-lang-slug-en_gb=\"\" data-lang-slug-fr_fr=\"\" data-lang-slug-it_it=\"\" data-lat=\"53.5507112\" data-lng=\"10.0008202\" data-filter-135=\"1\" data-filter-142=\"1\" data-filter-144=\"1\" data-filter-148=\"1\" data-filter-150=\"1\" data-filter-151=\"1\" data-filter-152=\"1\" data-filter-157=\"1\" data-filter-160=\"1\" data-filter-163=\"1\" data-filter-169=\"1\" data-filter-198=\"1\" data-filter-277=\"1\" data-filter-288=\"1\" data-all-filter=\"135,142,144,148,150,151,152,157,160,163,169,198,277,288\"><div class=\"sia-beratung-db-entry-header\" onclick=\"return window.siaBeratung.toggleCpt(this);\"><div class=\"col-1\">Ortsbauliche Abw\u00e4gung des ISOS<\/div><div class=\"col-2\"><span>FHGR Fachhochschule Graub\u00fcnden<\/span><\/div><div class=\"col-3\"><span>Projet de recherche<\/span><\/div><div class=\"sia-beratung-db-angle\"><span class=\"sia-beratung-angle\"><\/span><\/div><\/div><div class=\"sia-beratung-db-entry-content\"><div class=\"sia-beratung-db-entry-content-columns\"><div class=\"col-1\"><p>Bauboom auf der einen, Heimatschutz auf der anderen Seite \u2013 und beide Begriffe in der Bev\u00f6lkerung negativ behaftet! Kaum ein Thema wie unsere \u00abGebaute Umwelt\u00bb bietet so viel Z\u00fcndstoff und f\u00fchrt regelm\u00e4ssig zu jahrelangen Streit- und Gerichtsf\u00e4llen. \u00abInteressensabw\u00e4gung\u00bb lautet das Zauberwort, doch eine ortsbauliche Methodik hierf\u00fcr fehlte bislang.<\/p>\n<\/div><div class=\"col-2\"><\/div><\/div><div class=\"sia-beratung-db-entry-footer\"><div class=\"col-1\"><a href=\"https:\/\/www.fhgr.ch\/fileadmin\/fhgr\/entwicklung_im_alpinen_raum\/IBAR\/projekte\/Ortsbauliche_Abwaegung\/Projekt-Ortsbauliche_Abwaegung-Flyer.pdf\" class=\"sia-beratung-db-entry-link\" target=\"_blank\" rel=\"noopener\">Link zum Angebot<\/a><\/div><div class=\"col-2\"><div class=\"sia-beratung-db-filterbox\"><label class=\"toggle\" onclick=\"return window.siaBeratung.toggleFilterBox(this);\"><span>Construire dans le b\u00e2ti existant<\/span><span>FHGR Fachhochschule Graub\u00fcnden<\/span><span>Projet de recherche<\/span><span>Formation continue pour le personnel politique et administratif<\/span><span>D\u00e9veloppement \u00e0 l\u2019int\u00e9rieur du milieu b\u00e2ti<\/span><span>Inventaires<\/span><span>Paysage<\/span><span>Durabilit\u00e9<\/span><span>Plans d\u2019affectation<\/span><span>Sites construits<\/span><span>Outils de planification<\/span><span>Processus<\/span><span>Plans d\u2019affectation sp\u00e9ciaux<\/span><\/label><div class=\"options\"><a href=\"#\" onclick=\"return window.siaBeratung.setFilterBoxFilter(135);\">Construire dans le b\u00e2ti existant<\/a><a href=\"#\" onclick=\"return window.siaBeratung.setFilterBoxFilter(198);\">FHGR Fachhochschule Graub\u00fcnden<\/a><a href=\"#\" onclick=\"return window.siaBeratung.setFilterBoxFilter(277);\">Projet de recherche<\/a><a href=\"#\" onclick=\"return window.siaBeratung.setFilterBoxFilter(157);\">Formation continue pour le personnel politique et administratif<\/a><a href=\"#\" onclick=\"return window.siaBeratung.setFilterBoxFilter(142);\">D\u00e9veloppement \u00e0 l\u2019int\u00e9rieur du milieu b\u00e2ti<\/a><a href=\"#\" onclick=\"return window.siaBeratung.setFilterBoxFilter(160);\">Inventaires<\/a><a href=\"#\" onclick=\"return window.siaBeratung.setFilterBoxFilter(144);\">Paysage<\/a><a href=\"#\" onclick=\"return window.siaBeratung.setFilterBoxFilter(148);\">Durabilit\u00e9<\/a><a href=\"#\" onclick=\"return window.siaBeratung.setFilterBoxFilter(163);\">Plans d\u2019affectation<\/a><a href=\"#\" onclick=\"return window.siaBeratung.setFilterBoxFilter(150);\">Sites construits<\/a><a href=\"#\" onclick=\"return window.siaBeratung.setFilterBoxFilter(151);\">Outils de planification<\/a><a href=\"#\" onclick=\"return window.siaBeratung.setFilterBoxFilter(152);\">Processus<\/a><a href=\"#\" onclick=\"return window.siaBeratung.setFilterBoxFilter(169);\">Plans d\u2019affectation sp\u00e9ciaux<\/a><a href=\"#\" onclick=\"return window.siaBeratung.setFilterBoxFilter([135,142,144,148,150,151,152,157,160,163,169,198,277,288]);\">Alle Filter ausw\u00e4hlen<\/a><\/div><\/div><label class=\"sia-beratung-db-filterbox-spacer\">&nbsp;<\/label><\/div><\/div><\/div><div class=\"sia-beratung-db-entry-searchtext\">ortsbauliche abw\u00e4gung des isos | bauboom auf der einen, heimatschutz auf der anderen seite \u2013 und beide begriffe in der bev\u00f6lkerung negativ behaftet! kaum ein thema wie unsere \u00abgebaute umwelt\u00bb bietet so viel z\u00fcndstoff und f\u00fchrt regelm\u00e4ssig zu jahrelangen streit- und gerichtsf\u00e4llen. \u00abinteressensabw\u00e4gung\u00bb lautet das zauberwort, doch eine ortsbauliche methodik hierf\u00fcr fehlte bislang. | bauen im bestand | innenentwicklung | landschaft | nachhaltigkeit | ortsbilder | planungsinstrumente | prozesse | fortbildung f\u00fcr politik und verwaltung | inventare | nutzungsplanung | sondernutzplanung | fhgr fachhochschule graub\u00fcnden | forschungsprojekt | de<\/div><\/article><article class=\"sia-beratung-db-entry\" data-id=\"1603\" data-cpt=\"sia-angebote\" data-slug=\"ortsbild-und-baukultur-arbeitshilfe-zur-eingliederung-von-neu-um-und-anbauten-in-ortskernen-und-weilern\" data-lang-slug-de_de=\"\" data-lang-slug-en_gb=\"\" data-lang-slug-fr_fr=\"\" data-lang-slug-it_it=\"\" data-lat=\"53.5507112\" data-lng=\"10.0008202\" data-filter-135=\"1\" data-filter-142=\"1\" data-filter-149=\"1\" data-filter-150=\"1\" data-filter-156=\"1\" data-filter-167=\"1\" data-filter-212=\"1\" data-filter-270=\"1\" data-filter-288=\"1\" data-all-filter=\"135,142,149,150,156,167,212,270,288\"><div class=\"sia-beratung-db-entry-header\" onclick=\"return window.siaBeratung.toggleCpt(this);\"><div class=\"col-1\">Ortsbild und Baukultur: Arbeitshilfe zur Eingliederung von Neu-, Um- und Anbauten in Ortskernen und Weilern<\/div><div class=\"col-2\"><span>Argovie<\/span><\/div><div class=\"col-3\"><span>Guide<\/span><\/div><div class=\"sia-beratung-db-angle\"><span class=\"sia-beratung-angle\"><\/span><\/div><\/div><div class=\"sia-beratung-db-entry-content\"><div class=\"sia-beratung-db-entry-content-columns\"><div class=\"col-1\"><p>Die vorliegende Publikation dient als Arbeitshilfe f\u00fcr das Projektieren und Beurteilen von Neu-, Um- und Anbauten in Ortskernen und Weilern. Zudem wird aufgezeigt, wie bestehende Qualit\u00e4ten bewahrt und moderne Einf\u00fchrung Architektur integriert werden k\u00f6nnen, ohne an Identit\u00e4t zu verlieren.<\/p>\n<\/div><div class=\"col-2\"><\/div><\/div><div class=\"sia-beratung-db-entry-footer\"><div class=\"col-1\"><a href=\"https:\/\/www.ag.ch\/media\/kanton-aargau\/bvu\/raumentwicklung\/orts-siedlungs-und-regionalplanung\/siedlungsentwicklung-und-ortsbild\/ortsbild-und-baukultur.pdf\" class=\"sia-beratung-db-entry-link\" target=\"_blank\" rel=\"noopener\">Link zum Angebot<\/a><\/div><div class=\"col-2\"><div class=\"sia-beratung-db-filterbox\"><label class=\"toggle\" onclick=\"return window.siaBeratung.toggleFilterBox(this);\"><span>Argovie<\/span><span>Guide<\/span><span>Construire dans le b\u00e2ti existant<\/span><span>Conseil par les communes<\/span><span>D\u00e9veloppement \u00e0 l\u2019int\u00e9rieur du milieu b\u00e2ti<\/span><span>Espace public<\/span><span>Sites construits<\/span><span>Strat\u00e9gies de d\u00e9veloppement territorial<\/span><\/label><div class=\"options\"><a href=\"#\" onclick=\"return window.siaBeratung.setFilterBoxFilter(212);\">Argovie<\/a><a href=\"#\" onclick=\"return window.siaBeratung.setFilterBoxFilter(270);\">Guide<\/a><a href=\"#\" onclick=\"return window.siaBeratung.setFilterBoxFilter(135);\">Construire dans le b\u00e2ti existant<\/a><a href=\"#\" onclick=\"return window.siaBeratung.setFilterBoxFilter(156);\">Conseil par les communes<\/a><a href=\"#\" onclick=\"return window.siaBeratung.setFilterBoxFilter(142);\">D\u00e9veloppement \u00e0 l\u2019int\u00e9rieur du milieu b\u00e2ti<\/a><a href=\"#\" onclick=\"return window.siaBeratung.setFilterBoxFilter(149);\">Espace public<\/a><a href=\"#\" onclick=\"return window.siaBeratung.setFilterBoxFilter(150);\">Sites construits<\/a><a href=\"#\" onclick=\"return window.siaBeratung.setFilterBoxFilter(167);\">Strat\u00e9gies de d\u00e9veloppement territorial<\/a><a href=\"#\" onclick=\"return window.siaBeratung.setFilterBoxFilter([135,142,149,150,156,167,212,270,288]);\">Alle Filter ausw\u00e4hlen<\/a><\/div><\/div><label class=\"sia-beratung-db-filterbox-spacer\">&nbsp;<\/label><\/div><\/div><\/div><div class=\"sia-beratung-db-entry-searchtext\">ortsbild und baukultur: arbeitshilfe zur eingliederung von neu-, um- und anbauten in ortskernen und weilern | die vorliegende publikation dient als arbeitshilfe f\u00fcr das projektieren und beurteilen von neu-, um- und anbauten in ortskernen und weilern. zudem wird aufgezeigt, wie bestehende qualit\u00e4ten bewahrt und moderne einf\u00fchrung architektur integriert werden k\u00f6nnen, ohne an identit\u00e4t zu verlieren. | bauen im bestand | innenentwicklung | \u00f6ffentlicher raum | ortsbilder | beratung durch gemeinden | r\u00e4umliche entwicklungsleitbilder | aargau | arbeitshilfe | de<\/div><\/article><article class=\"sia-beratung-db-entry\" data-id=\"1605\" data-cpt=\"sia-angebote\" data-slug=\"partizipation-die-zivilgesellschaft-redet-mit\" data-lang-slug-de_de=\"\" data-lang-slug-en_gb=\"\" data-lang-slug-fr_fr=\"\" data-lang-slug-it_it=\"\" data-lat=\"53.5507112\" data-lng=\"10.0008202\" data-filter-139=\"1\" data-filter-146=\"1\" data-filter-241=\"1\" data-filter-270=\"1\" data-filter-288=\"1\" data-filter-289=\"1\" data-all-filter=\"139,146,241,270,288,289\"><div class=\"sia-beratung-db-entry-header\" onclick=\"return window.siaBeratung.toggleCpt(this);\"><div class=\"col-1\">Participation \u2013 la soci\u00e9t\u00e9 civile a son mot \u00e0 dire<\/div><div class=\"col-2\"><span>FAS F\u00e9d\u00e9ration des Architectes Suisses<\/span><\/div><div class=\"col-3\"><span>Guide<\/span><\/div><div class=\"sia-beratung-db-angle\"><span class=\"sia-beratung-angle\"><\/span><\/div><\/div><div class=\"sia-beratung-db-entry-content\"><div class=\"sia-beratung-db-entry-content-columns\"><div class=\"col-1\"><p>Notre d\u00e9mocratie est en train de subir de profonds changements. Autour de la grande table des prises de d\u00e9cision, il y a de plus en plus d&#8217;acteurs et actrices qui d\u00e9clarent leurs int\u00e9r\u00eats et souhaitent avoir leur mot \u00e0 dire. Cette nouvelle donne exige \u00e9galement que l&#8217;urbanisme et l&#8217;architecture testent de nouveaux instruments permettant d&#8217;\u00e9largir la pratique de la culture du b\u00e2ti.<\/p>\n<\/div><div class=\"col-2\"><\/div><\/div><div class=\"sia-beratung-db-entry-footer\"><div class=\"col-1\"><a href=\"https:\/\/www.wbw.ch\/fr\/shop\/werk-edition\/partizipation.html\" class=\"sia-beratung-db-entry-link\" target=\"_blank\" rel=\"noopener\">Link zum Angebot<\/a><\/div><div class=\"col-2\"><div class=\"sia-beratung-db-filterbox\"><label class=\"toggle\" onclick=\"return window.siaBeratung.toggleFilterBox(this);\"><span>Guide<\/span><span>FAS F\u00e9d\u00e9ration des Architectes Suisses<\/span><span>Dialogue<\/span><span>Participation<\/span><\/label><div class=\"options\"><a href=\"#\" onclick=\"return window.siaBeratung.setFilterBoxFilter(270);\">Guide<\/a><a href=\"#\" onclick=\"return window.siaBeratung.setFilterBoxFilter(241);\">FAS F\u00e9d\u00e9ration des Architectes Suisses<\/a><a href=\"#\" onclick=\"return window.siaBeratung.setFilterBoxFilter(139);\">Dialogue<\/a><a href=\"#\" onclick=\"return window.siaBeratung.setFilterBoxFilter(146);\">Participation<\/a><a href=\"#\" onclick=\"return window.siaBeratung.setFilterBoxFilter([139,146,241,270,288,289]);\">Alle Filter ausw\u00e4hlen<\/a><\/div><\/div><label class=\"sia-beratung-db-filterbox-spacer\">&nbsp;<\/label><\/div><\/div><\/div><div class=\"sia-beratung-db-entry-searchtext\">partizipation \u2013 die zivilgesellschaft redet mit | notre d\u00e9mocratie est en train de subir de profonds changements. autour de la grande table des prises de d\u00e9cision, il y a de plus en plus d&#8217;acteurs et actrices qui d\u00e9clarent leurs int\u00e9r\u00eats et souhaitent avoir leur mot \u00e0 dire. cette nouvelle donne exige \u00e9galement que l&#8217;urbanisme et l&#8217;architecture testent de nouveaux instruments permettant d&#8217;\u00e9largir la pratique de la culture du b\u00e2ti. | dialog | mitwirkung | bsa bund schweizer architektinnen und architekten | arbeitshilfe | de | fr<\/div><\/article><article class=\"sia-beratung-db-entry\" data-id=\"1604\" data-cpt=\"sia-angebote\" data-slug=\"participer\" data-lang-slug-de_de=\"\" data-lang-slug-en_gb=\"\" data-lang-slug-fr_fr=\"\" data-lang-slug-it_it=\"\" data-lat=\"53.5507112\" data-lng=\"10.0004768\" data-filter-139=\"1\" data-filter-142=\"1\" data-filter-146=\"1\" data-filter-219=\"1\" data-filter-283=\"1\" data-filter-289=\"1\" data-all-filter=\"139,142,146,219,283,289\"><div class=\"sia-beratung-db-entry-header\" onclick=\"return window.siaBeratung.toggleCpt(this);\"><div class=\"col-1\">Participer<\/div><div class=\"col-2\"><span>Gen\u00e8ve<\/span><\/div><div class=\"col-3\"><span>Plateforme<\/span><\/div><div class=\"sia-beratung-db-angle\"><span class=\"sia-beratung-angle\"><\/span><\/div><\/div><div class=\"sia-beratung-db-entry-content\"><div class=\"sia-beratung-db-entry-content-columns\"><div class=\"col-1\"><p>La plateforme publique de participation citoyenne pour Gen\u00e8ve et sa r\u00e9gion<\/p>\n<\/div><div class=\"col-2\"><\/div><\/div><div class=\"sia-beratung-db-entry-footer\"><div class=\"col-1\"><a href=\"https:\/\/participer.ge.ch\/\" class=\"sia-beratung-db-entry-link\" target=\"_blank\" rel=\"noopener\">Link zum Angebot<\/a><\/div><div class=\"col-2\"><div class=\"sia-beratung-db-filterbox\"><label class=\"toggle\" onclick=\"return window.siaBeratung.toggleFilterBox(this);\"><span>Dialogue<\/span><span>Gen\u00e8ve<\/span><span>D\u00e9veloppement \u00e0 l\u2019int\u00e9rieur du milieu b\u00e2ti<\/span><span>Participation<\/span><span>Plateforme<\/span><\/label><div class=\"options\"><a href=\"#\" onclick=\"return window.siaBeratung.setFilterBoxFilter(139);\">Dialogue<\/a><a href=\"#\" onclick=\"return window.siaBeratung.setFilterBoxFilter(219);\">Gen\u00e8ve<\/a><a href=\"#\" onclick=\"return window.siaBeratung.setFilterBoxFilter(142);\">D\u00e9veloppement \u00e0 l\u2019int\u00e9rieur du milieu b\u00e2ti<\/a><a href=\"#\" onclick=\"return window.siaBeratung.setFilterBoxFilter(146);\">Participation<\/a><a href=\"#\" onclick=\"return window.siaBeratung.setFilterBoxFilter(283);\">Plateforme<\/a><a href=\"#\" onclick=\"return window.siaBeratung.setFilterBoxFilter([139,142,146,219,283,289]);\">Alle Filter ausw\u00e4hlen<\/a><\/div><\/div><label class=\"sia-beratung-db-filterbox-spacer\">&nbsp;<\/label><\/div><\/div><\/div><div class=\"sia-beratung-db-entry-searchtext\">participer | la plateforme publique de participation citoyenne pour gen\u00e8ve et sa r\u00e9gion | dialog | innenentwicklung | mitwirkung | genf | plattform | fr<\/div><\/article><article class=\"sia-beratung-db-entry\" data-id=\"1552\" data-cpt=\"sia-angebote\" data-slug=\"bauliches-erbe-inventarisierung-klassierung-unterschutzstellung-leitfaden-fuer-die-gemeinden\" data-lang-slug-de_de=\"\" data-lang-slug-en_gb=\"\" data-lang-slug-fr_fr=\"\" data-lang-slug-it_it=\"\" data-lat=\"53.5507112\" data-lng=\"10.0009918\" data-filter-138=\"1\" data-filter-152=\"1\" data-filter-160=\"1\" data-filter-235=\"1\" data-filter-270=\"1\" data-filter-288=\"1\" data-filter-289=\"1\" data-all-filter=\"138,152,160,235,270,288,289\"><div class=\"sia-beratung-db-entry-header\" onclick=\"return window.siaBeratung.toggleCpt(this);\"><div class=\"col-1\">Patrimoine b\u00e2ti - inventaire, classement, mise sous protection. Guide \u00e0 l'intention des communes<\/div><div class=\"col-2\"><span>Valais<\/span><\/div><div class=\"col-3\"><span>Guide<\/span><\/div><div class=\"sia-beratung-db-angle\"><span class=\"sia-beratung-angle\"><\/span><\/div><\/div><div class=\"sia-beratung-db-entry-content\"><div class=\"sia-beratung-db-entry-content-columns\"><div class=\"col-1\"><p>Les communes sont comp\u00e9tentes pour proc\u00e9der en collaboration avec le Service des b\u00e2timents, monuments et arch\u00e9ologie (SBMA) \u00e0 l\u2019inventaire, au classement et \u00e0 la mise sous protection des objets d\u2019importance communale. Le pr\u00e9sent guide r\u00e9sume de mani\u00e8re pragmatique la proc\u00e9dure \u00e0 appliquer, \u00e9tape par \u00e9tape.<\/p>\n<\/div><div class=\"col-2\"><\/div><\/div><div class=\"sia-beratung-db-entry-footer\"><div class=\"col-1\"><a href=\"https:\/\/www.vs.ch\/documents\/208226\/3609504\/Guide+Inventaire-Classement-Mise+sous+protection.pdf\/8056bce5-fb5a-a60a-d8fb-16d4f29b7907?t=1598003883169&v=1.0\" class=\"sia-beratung-db-entry-link\" target=\"_blank\" rel=\"noopener\">Link zum Angebot<\/a><\/div><div class=\"col-2\"><div class=\"sia-beratung-db-filterbox\"><label class=\"toggle\" onclick=\"return window.siaBeratung.toggleFilterBox(this);\"><span>Guide<\/span><span>Monuments<\/span><span>Inventaires<\/span><span>Processus<\/span><span>Valais<\/span><\/label><div class=\"options\"><a href=\"#\" onclick=\"return window.siaBeratung.setFilterBoxFilter(270);\">Guide<\/a><a href=\"#\" onclick=\"return window.siaBeratung.setFilterBoxFilter(138);\">Monuments<\/a><a href=\"#\" onclick=\"return window.siaBeratung.setFilterBoxFilter(160);\">Inventaires<\/a><a href=\"#\" onclick=\"return window.siaBeratung.setFilterBoxFilter(152);\">Processus<\/a><a href=\"#\" onclick=\"return window.siaBeratung.setFilterBoxFilter(235);\">Valais<\/a><a href=\"#\" onclick=\"return window.siaBeratung.setFilterBoxFilter([138,152,160,235,270,288,289]);\">Alle Filter ausw\u00e4hlen<\/a><\/div><\/div><label class=\"sia-beratung-db-filterbox-spacer\">&nbsp;<\/label><\/div><\/div><\/div><div class=\"sia-beratung-db-entry-searchtext\">bauliches erbe \u2013 inventarisierung, klassierung unterschutzstellung. leitfaden f\u00fcr die gemeinden | les communes sont comp\u00e9tentes pour proc\u00e9der en collaboration avec le service des b\u00e2timents, monuments et arch\u00e9ologie (sbma) \u00e0 l\u2019inventaire, au classement et \u00e0 la mise sous protection des objets d\u2019importance communale. le pr\u00e9sent guide r\u00e9sume de mani\u00e8re pragmatique la proc\u00e9dure \u00e0 appliquer, \u00e9tape par \u00e9tape. | denkm\u00e4ler | prozesse | inventare | wallis | arbeitshilfe | de | fr<\/div><\/article><article class=\"sia-beratung-db-entry\" data-id=\"1477\" data-cpt=\"sia-beispiele\" data-slug=\"payerne-durch-konkurrenz-zu-guten-loesungen\" data-lang-slug-de_de=\"\" data-lang-slug-en_gb=\"\" data-lang-slug-fr_fr=\"\" data-lang-slug-it_it=\"\" data-lat=\"46.8197975\" data-lng=\"6.9407845\" data-filter-135=\"1\" data-filter-139=\"1\" data-filter-142=\"1\" data-filter-145=\"1\" data-filter-150=\"1\" data-filter-152=\"1\" data-filter-156=\"1\" data-filter-160=\"1\" data-filter-164=\"1\" data-filter-166=\"1\" data-filter-234=\"1\" data-filter-288=\"1\" data-filter-289=\"1\" data-filter-290=\"1\" data-all-filter=\"135,139,142,145,150,152,156,160,164,166,234,288,289,290\"><div class=\"sia-beratung-db-entry-header\" onclick=\"return window.siaBeratung.toggleCpt(this);\"><div class=\"col-1\">Payerne&nbsp;: de bonnes solutions gr\u00e2ce \u00e0 la concurrence<\/div><div class=\"col-2\">Payerne, VD<\/div><div class=\"sia-beratung-db-angle\"><span class=\"sia-beratung-angle\"><\/span><\/div><\/div><div class=\"sia-beratung-db-entry-content\"><div class=\"sia-beratung-db-entry-content-columns\"><div class=\"col-1\"><div class=\"sia-beratung-db-entry-slides\"><div class=\"sia-beratung-db-entry-swiper\"><div class=\"swiper-wrapper\"><div class=\"swiper-slide\"><img loading=\"lazy\" decoding=\"async\" src=\"https:\/\/baukulturschweiz.ch\/wp-content\/uploads\/2023\/06\/2023-04-20-115137-payern-1-c-siedlungsentwicklung-nach-innen-rubd-ddte-dver-1024x768.jpg\" width=\"1024\" height=\"768\" \/><\/div><div class=\"swiper-slide\"><img loading=\"lazy\" decoding=\"async\" src=\"https:\/\/baukulturschweiz.ch\/wp-content\/uploads\/2023\/06\/2023-04-20-115448-payern-2-frederic-marro-kopie-1024x768.jpg\" width=\"1024\" height=\"768\" \/><\/div><div class=\"swiper-slide\"><img loading=\"lazy\" decoding=\"async\" src=\"https:\/\/baukulturschweiz.ch\/wp-content\/uploads\/2023\/06\/2023-04-20-115558-payern-3-frederic-marro-1024x768.jpg\" width=\"1024\" height=\"768\" \/><\/div><div class=\"swiper-slide\"><img loading=\"lazy\" decoding=\"async\" src=\"https:\/\/baukulturschweiz.ch\/wp-content\/uploads\/2023\/06\/2023-04-20-115654-payern-4-frederic-marro-1024x768.jpg\" width=\"1024\" height=\"768\" \/><\/div><div class=\"swiper-slide\"><img loading=\"lazy\" decoding=\"async\" src=\"https:\/\/baukulturschweiz.ch\/wp-content\/uploads\/2023\/06\/2023-04-20-115744-be-payerne-5-c-swisstopo-1024x768.jpg\" width=\"1024\" height=\"768\" \/><\/div><\/div><\/div><a class=\"swiper-button swiper-button-prev\"><\/a><a class=\"swiper-button swiper-button-next mobile\"><\/a><div class=\"sia-beratung-db-slide-legends\"><small data-index=\"0\">Pour le d\u00e9veloppement immobilier, la commune montre le bon exemple<br \/>\r\n\u00a9 Siedlungsentwicklung nach Innen RUBD, DDTE, DVER<\/small><small data-index=\"1\" style=\"display:none;\">Elle lance des concours pour trouver les meilleures solutions, surtout dans le p\u00e9rim\u00e8tre ISOS<br \/>\r\n\u00a9 Fr\u00e9d\u00e9ric Marro<\/small><small data-index=\"2\" style=\"display:none;\">Elle c\u00e8de des immeubles en droit de superficie<br \/>\r\n\u00a9 Fr\u00e9d\u00e9ric Marro<\/small><small data-index=\"3\" style=\"display:none;\">Payerne assume la responsabilit\u00e9 des besoins soci\u00e9taux<br \/>\r\n\u00a9 Fr\u00e9d\u00e9ric Marro<\/small><small data-index=\"4\" style=\"display:none;\">\u00a9 Swisstopo<\/small><small class=\"pageNo\">1\/5<\/small><\/div><\/div><\/div><div class=\"col-2\"><div class=\"sia-beratung-db-slide-texts\"><div class=\"sia-beratung-db-slide-text\" data-index=\"0\"><p>La mise au concours de projets de construction et d\u2019installations a une longue tradition en Suisse et contribue \u00e0 la qualit\u00e9 de la culture du b\u00e2ti, comme Payerne en offre la preuve.<\/p>\n<p><strong>R\u00f4le de la commune\u00a0:<\/strong>\u00a0piloter, examiner, d\u00e9cider, mettre en \u0153uvre<br \/>\n<strong>Organismes responsables\u00a0:<\/strong>\u00a0Commune<br \/>\n<strong>Architecture\u00a0:<\/strong>\u00a0Simonet &amp; Chappuis Architectes, Fribourg<br \/>\n<strong>Source\u00a0:<\/strong>\u00a0<a class=\"external\" title=\"Les enjeux du d\u00e9veloppement vers l'int\u00e9rieur, DAEC, DDTE, DDET\" href=\"https:\/\/www.fr.ch\/territoire-amenagement-et-constructions\/territoire\/les-enjeux-du-developpement-vers-linterieur\" target=\"_blank\" rel=\"noopener\">Les enjeux du d\u00e9veloppement vers l&#8217;int\u00e9rieur, DAEC, DDTE, DDET<\/a><\/p>\n<\/div><div class=\"sia-beratung-db-slide-text\" data-index=\"1\" style=\"display:none;\"><p>La nouvelle construction compl\u00e8te et restructure le b\u00e2ti m\u00e9di\u00e9val de la vieille ville. Il y avait auparavant sur cette parcelle une villa des ann\u00e9es 1970 et une place de stationnement. Le vide laiss\u00e9 est maintenant rempli par 26 logements pour personnes \u00e2g\u00e9es, un appartement pour la personne charg\u00e9e de la gestion du b\u00e2timent, une caf\u00e9t\u00e9ria, un salon de coiffure, un espace wellness, un foyer de jour, un garage souterrain et un grand jardin communautaire entour\u00e9 par un mur. Un nouveau passage permet de rejoindre l\u2019\u00e9cole situ\u00e9e un peu plus au nord dans le centre-ville.<\/p>\n<\/div><div class=\"sia-beratung-db-slide-text\" data-index=\"2\" style=\"display:none;\"><p class=\"translation-block\">Par proc\u00e9dure s\u00e9lective, le projet a \u00e9t\u00e9 mis au concours entre huit bureaux. La commune, qui en \u00e9tait propri\u00e9taire, a c\u00e9d\u00e9 le terrain en droit de superficie \u00e0 la Fondation des Logements Prot\u00e9g\u00e9s de la Broye. Cette mise en concurrence a permis \u00e0 l\u2019instance de d\u00e9cision de choisir entre diverses solutions, tant sous l\u2019angle de l\u2019architecture locale que de l\u2019am\u00e9nagement du territoire. Payerne \u00e9tant inscrit dans l\u2019Inventaire f\u00e9d\u00e9ral des sites construits d\u2019importance nationale \u00e0 prot\u00e9ger en Suisse (ISOS), il \u00e9tait tr\u00e8s important de trouver une solution intelligente pour y int\u00e9grer la nouvelle construction.<\/p>\n<p>Il a \u00e9galement \u00e9t\u00e9 possible d\u2019\u00e9laborer, pour l\u2019am\u00e9nagement des alentours et le stationnement, des solutions avantageuses pour tous les int\u00e9ress\u00e9s, voisins directs ou collectivit\u00e9. La fondation a pris en charge le garage souterrain, tandis que les places de stationnement sont lou\u00e9es \u00e0 des habitants du voisinage.<\/p>\n<\/div><div class=\"sia-beratung-db-slide-text\" data-index=\"3\" style=\"display:none;\"><p>La nouvelle construction prolonge l\u2019enceinte m\u00e9di\u00e9vale de Payerne. Au vu de l\u2019importance historique et culturelle du site, le projet a \u00e9t\u00e9 suivi de pr\u00e8s par la division Monuments et sites du Canton de Vaud. La d\u00e9molition de la villa a mis au jour des restes de muraille qui y ont \u00e9t\u00e9 int\u00e9gr\u00e9s. Moderne, le b\u00e2timent respecte n\u00e9anmoins la structure et la volum\u00e9trie des \u00e9difices voisins\u00a0: il est fait d\u2019un double mur de briques rev\u00eatu d\u2019un cr\u00e9pi ext\u00e9rieur. Afin de maintenir le caract\u00e8re min\u00e9ral du site, l\u2019encadrement des fen\u00eatres est en b\u00e9ton.<\/p>\n<\/div><div class=\"sia-beratung-db-slide-text\" data-index=\"4\" style=\"display:none;\"><p>Le b\u00e2timent comprend aussi un foyer de jour, install\u00e9 auparavant dans la villa qui appartenait \u00e0 la commune. Les logements pour personnes \u00e2g\u00e9es sont destin\u00e9s aux seniors de la r\u00e9gion. Par sa double fonction, la nouvelle construction contribue \u00e0 la mixit\u00e9 sociale et interg\u00e9n\u00e9rationnelle.<\/p>\n<\/div><\/div><div class=\"sia-beratung-db-filterbox\"><label class=\"toggle\" onclick=\"return window.siaBeratung.toggleFilterBox(this);\"><span>Construire dans le b\u00e2ti existant<\/span><span>Conseil par les communes<\/span><span>Dialogue<\/span><span>D\u00e9veloppement \u00e0 l\u2019int\u00e9rieur du milieu b\u00e2ti<\/span><span>Inventaires<\/span><span>Politique immobili\u00e8re<\/span><span>Sites construits<\/span><span>Partenariat public-priv\u00e9<\/span><span>Processus<\/span><span>Proc\u00e9dures d\u2019assurance qualit\u00e9<\/span><span>Vaud<\/span><\/label><div class=\"options\"><a href=\"#\" onclick=\"return window.siaBeratung.setFilterBoxFilter(135);\">Construire dans le b\u00e2ti existant<\/a><a href=\"#\" onclick=\"return window.siaBeratung.setFilterBoxFilter(156);\">Conseil par les communes<\/a><a href=\"#\" onclick=\"return window.siaBeratung.setFilterBoxFilter(139);\">Dialogue<\/a><a href=\"#\" onclick=\"return window.siaBeratung.setFilterBoxFilter(142);\">D\u00e9veloppement \u00e0 l\u2019int\u00e9rieur du milieu b\u00e2ti<\/a><a href=\"#\" onclick=\"return window.siaBeratung.setFilterBoxFilter(160);\">Inventaires<\/a><a href=\"#\" onclick=\"return window.siaBeratung.setFilterBoxFilter(145);\">Politique immobili\u00e8re<\/a><a href=\"#\" onclick=\"return window.siaBeratung.setFilterBoxFilter(150);\">Sites construits<\/a><a href=\"#\" onclick=\"return window.siaBeratung.setFilterBoxFilter(164);\">Partenariat public-priv\u00e9<\/a><a href=\"#\" onclick=\"return window.siaBeratung.setFilterBoxFilter(152);\">Processus<\/a><a href=\"#\" onclick=\"return window.siaBeratung.setFilterBoxFilter(166);\">Proc\u00e9dures d\u2019assurance qualit\u00e9<\/a><a href=\"#\" onclick=\"return window.siaBeratung.setFilterBoxFilter(234);\">Vaud<\/a><a href=\"#\" onclick=\"return window.siaBeratung.setFilterBoxFilter([135,139,142,145,150,152,156,160,164,166,234,288,289,290]);\">Alle Filter ausw\u00e4hlen<\/a><\/div><\/div><label class=\"sia-beratung-db-filterbox-spacer\">&nbsp;<\/label><\/div><a class=\"swiper-button swiper-button-next desktop\"><\/a><\/div><\/div><div class=\"sia-beratung-db-entry-searchtext\">payerne: durch konkurrenz zu guten l\u00f6sungen | la mise au concours de projets de construction et d\u2019installations a une longue tradition en suisse et contribue \u00e0 la qualit\u00e9 de la culture du b\u00e2ti, comme payerne en offre la preuve.r\u00f4le de la commune\u00a0:\u00a0piloter, examiner, d\u00e9cider, mettre en \u0153uvreorganismes responsables\u00a0:\u00a0communearchitecture\u00a0:\u00a0simonet &amp; chappuis architectes, fribourgsource\u00a0:\u00a0les enjeux du d\u00e9veloppement vers l&#8217;int\u00e9rieur, daec, ddte, ddet | pour le d\u00e9veloppement immobilier, la commune montre le bon exemple\r\u00a9 siedlungsentwicklung nach innen rubd, ddte, dver | la nouvelle construction compl\u00e8te et restructure le b\u00e2ti m\u00e9di\u00e9val de la vieille ville. il y avait auparavant sur cette parcelle une villa des ann\u00e9es 1970 et une place de stationnement. le vide laiss\u00e9 est maintenant rempli par 26 logements pour personnes \u00e2g\u00e9es, un appartement pour la personne charg\u00e9e de la gestion du b\u00e2timent, une caf\u00e9t\u00e9ria, un salon de coiffure, un espace wellness, un foyer de jour, un garage souterrain et un grand jardin communautaire entour\u00e9 par un mur. un nouveau passage permet de rejoindre l\u2019\u00e9cole situ\u00e9e un peu plus au nord dans le centre-ville. | elle lance des concours pour trouver les meilleures solutions, surtout dans le p\u00e9rim\u00e8tre isos\r\u00a9 fr\u00e9d\u00e9ric marro | par proc\u00e9dure s\u00e9lective, le projet a \u00e9t\u00e9 mis au concours entre huit bureaux. la commune, qui en \u00e9tait propri\u00e9taire, a c\u00e9d\u00e9 le terrain en droit de superficie \u00e0 la fondation des logements prot\u00e9g\u00e9s de la broye. cette mise en concurrence a permis \u00e0 l\u2019instance de d\u00e9cision de choisir entre diverses solutions, tant sous l\u2019angle de l\u2019architecture locale que de l\u2019am\u00e9nagement du territoire. payerne \u00e9tant inscrit dans l\u2019inventaire f\u00e9d\u00e9ral des sites construits d\u2019importance nationale \u00e0 prot\u00e9ger en suisse (isos), il \u00e9tait tr\u00e8s important de trouver une solution intelligente pour y int\u00e9grer la nouvelle construction.il a \u00e9galement \u00e9t\u00e9 possible d\u2019\u00e9laborer, pour l\u2019am\u00e9nagement des alentours et le stationnement, des solutions avantageuses pour tous les int\u00e9ress\u00e9s, voisins directs ou collectivit\u00e9. la fondation a pris en charge le garage souterrain, tandis que les places de stationnement sont lou\u00e9es \u00e0 des habitants du voisinage. | elle c\u00e8de des immeubles en droit de superficie\r\u00a9 fr\u00e9d\u00e9ric marro | la nouvelle construction prolonge l\u2019enceinte m\u00e9di\u00e9vale de payerne. au vu de l\u2019importance historique et culturelle du site, le projet a \u00e9t\u00e9 suivi de pr\u00e8s par la division monuments et sites du canton de vaud. la d\u00e9molition de la villa a mis au jour des restes de muraille qui y ont \u00e9t\u00e9 int\u00e9gr\u00e9s. moderne, le b\u00e2timent respecte n\u00e9anmoins la structure et la volum\u00e9trie des \u00e9difices voisins\u00a0: il est fait d\u2019un double mur de briques rev\u00eatu d\u2019un cr\u00e9pi ext\u00e9rieur. afin de maintenir le caract\u00e8re min\u00e9ral du site, l\u2019encadrement des fen\u00eatres est en b\u00e9ton. | payerne assume la responsabilit\u00e9 des besoins soci\u00e9taux\r\u00a9 fr\u00e9d\u00e9ric marro | le b\u00e2timent comprend aussi un foyer de jour, install\u00e9 auparavant dans la villa qui appartenait \u00e0 la commune. les logements pour personnes \u00e2g\u00e9es sont destin\u00e9s aux seniors de la r\u00e9gion. par sa double fonction, la nouvelle construction contribue \u00e0 la mixit\u00e9 sociale et interg\u00e9n\u00e9rationnelle. | \u00a9 swisstopo | bauen im bestand | dialog | innenentwicklung | liegenschaftspolitik | ortsbilder | prozesse | beratung durch gemeinden | inventare | ppp | qualit\u00e4tssichernde verfahren | waadt | de | fr | it<\/div><\/article><article class=\"sia-beratung-db-entry\" data-id=\"5238\" data-cpt=\"sia-angebote\" data-slug=\"interessenabwaegung-fuer-eine-qualitaetsvolle-innenentwicklung\" data-lang-slug-de_de=\"\" data-lang-slug-en_gb=\"\" data-lang-slug-fr_fr=\"\" data-lang-slug-it_it=\"\" data-lat=\"53.5507112\" data-lng=\"10.0008202\" data-filter-139=\"1\" data-filter-142=\"1\" data-filter-152=\"1\" data-filter-183=\"1\" data-filter-246=\"1\" data-filter-270=\"1\" data-filter-288=\"1\" data-filter-289=\"1\" data-filter-290=\"1\" data-all-filter=\"139,142,152,183,246,270,288,289,290\"><div class=\"sia-beratung-db-entry-header\" onclick=\"return window.siaBeratung.toggleCpt(this);\"><div class=\"col-1\">Pes\u00e9e des int\u00e9r\u00eats en faveur d'un d\u00e9veloppement vers l'int\u00e9rieur de qualit\u00e9<\/div><div class=\"col-2\"><span>OFL Office f\u00e9d\u00e9ral du logement<\/span><span>EspaceSuisse<\/span><\/div><div class=\"col-3\"><span>Guide<\/span><\/div><div class=\"sia-beratung-db-angle\"><span class=\"sia-beratung-angle\"><\/span><\/div><\/div><div class=\"sia-beratung-db-entry-content\"><div class=\"sia-beratung-db-entry-content-columns\"><div class=\"col-1\"><p>Ce guide explique de fa\u00e7on claire comment utiliser la pes\u00e9e des int\u00e9r\u00eats dans les projets de d\u00e9veloppement vers l\u2019int\u00e9rieur. Cette d\u00e9marche aide \u00e0 concilier des objectifs parfois contradictoires, comme la construction de logements et la protection du patrimoine. Elle permet d\u2019identifier les solutions les plus adapt\u00e9es et d\u2019utiliser au mieux les marges de man\u0153uvre. Avec des exigences de planification et d\u2019autorisation de plus en plus \u00e9lev\u00e9es, une pes\u00e9e des int\u00e9r\u00eats bien men\u00e9e devient essentielle pour assurer la qualit\u00e9 des projets et acc\u00e9l\u00e9rer les proc\u00e9dures.<\/p>\n<\/div><div class=\"col-2\"><\/div><\/div><div class=\"sia-beratung-db-entry-footer\"><div class=\"col-1\"><a href=\"https:\/\/www.bwo.admin.ch\/fr\/publication?id=WpMg6jk42W22\" class=\"sia-beratung-db-entry-link\" target=\"_blank\" rel=\"noopener\">Link zum Angebot<\/a><\/div><div class=\"col-2\"><div class=\"sia-beratung-db-filterbox\"><label class=\"toggle\" onclick=\"return window.siaBeratung.toggleFilterBox(this);\"><span>Guide<\/span><span>OFL Office f\u00e9d\u00e9ral du logement<\/span><span>Dialogue<\/span><span>EspaceSuisse<\/span><span>D\u00e9veloppement \u00e0 l\u2019int\u00e9rieur du milieu b\u00e2ti<\/span><span>Processus<\/span><\/label><div class=\"options\"><a href=\"#\" onclick=\"return window.siaBeratung.setFilterBoxFilter(270);\">Guide<\/a><a href=\"#\" onclick=\"return window.siaBeratung.setFilterBoxFilter(183);\">OFL Office f\u00e9d\u00e9ral du logement<\/a><a href=\"#\" onclick=\"return window.siaBeratung.setFilterBoxFilter(139);\">Dialogue<\/a><a href=\"#\" onclick=\"return window.siaBeratung.setFilterBoxFilter(246);\">EspaceSuisse<\/a><a href=\"#\" onclick=\"return window.siaBeratung.setFilterBoxFilter(142);\">D\u00e9veloppement \u00e0 l\u2019int\u00e9rieur du milieu b\u00e2ti<\/a><a href=\"#\" onclick=\"return window.siaBeratung.setFilterBoxFilter(152);\">Processus<\/a><a href=\"#\" onclick=\"return window.siaBeratung.setFilterBoxFilter([139,142,152,183,246,270,288,289,290]);\">Alle Filter ausw\u00e4hlen<\/a><\/div><\/div><label class=\"sia-beratung-db-filterbox-spacer\">&nbsp;<\/label><\/div><\/div><\/div><div class=\"sia-beratung-db-entry-searchtext\">interessenabw\u00e4gung f\u00fcr eine qualit\u00e4tsvolle innenentwicklung | ce guide explique de fa\u00e7on claire comment utiliser la pes\u00e9e des int\u00e9r\u00eats dans les projets de d\u00e9veloppement vers l\u2019int\u00e9rieur. cette d\u00e9marche aide \u00e0 concilier des objectifs parfois contradictoires, comme la construction de logements et la protection du patrimoine. elle permet d\u2019identifier les solutions les plus adapt\u00e9es et d\u2019utiliser au mieux les marges de man\u0153uvre. avec des exigences de planification et d\u2019autorisation de plus en plus \u00e9lev\u00e9es, une pes\u00e9e des int\u00e9r\u00eats bien men\u00e9e devient essentielle pour assurer la qualit\u00e9 des projets et acc\u00e9l\u00e9rer les proc\u00e9dures. | dialog | innenentwicklung | prozesse | bwo bundesamt f\u00fcr wohnungswesen | espacesuisse | arbeitshilfe | de | fr | it<\/div><\/article><article class=\"sia-beratung-db-entry\" data-id=\"1606\" data-cpt=\"sia-angebote\" data-slug=\"pilot-impuls-landschaftsberatung\" data-lang-slug-de_de=\"\" data-lang-slug-en_gb=\"\" data-lang-slug-fr_fr=\"\" data-lang-slug-it_it=\"\" data-lat=\"53.5507112\" data-lng=\"10.0008202\" data-filter-136=\"1\" data-filter-139=\"1\" data-filter-140=\"1\" data-filter-142=\"1\" data-filter-143=\"1\" data-filter-144=\"1\" data-filter-146=\"1\" data-filter-147=\"1\" data-filter-148=\"1\" data-filter-149=\"1\" data-filter-151=\"1\" data-filter-152=\"1\" data-filter-157=\"1\" data-filter-161=\"1\" data-filter-165=\"1\" data-filter-175=\"1\" data-filter-275=\"1\" data-filter-284=\"1\" data-filter-288=\"1\" data-filter-289=\"1\" data-filter-290=\"1\" data-all-filter=\"136,139,140,142,143,144,146,147,148,149,151,152,157,161,165,175,275,284,288,289,290\"><div class=\"sia-beratung-db-entry-header\" onclick=\"return window.siaBeratung.toggleCpt(this);\"><div class=\"col-1\">Phase pilote de promotion des prestations de conseil en mati\u00e8re de paysage<\/div><div class=\"col-2\"><span>OFEV Office f\u00e9d\u00e9ral de l'environnement<\/span><\/div><div class=\"col-3\"><span>Conseil direct<\/span><span>Soutien de projets<\/span><\/div><div class=\"sia-beratung-db-angle\"><span class=\"sia-beratung-angle\"><\/span><\/div><\/div><div class=\"sia-beratung-db-entry-content\"><div class=\"sia-beratung-db-entry-content-columns\"><div class=\"col-1\"><p>La Conception \u00ab Paysage suisse \u00bb (CPS) actualis\u00e9e veut accro\u00eetre la sensibilisation au paysage et renforcer les comp\u00e9tences op\u00e9rationnelles en la mati\u00e8re. Les communes doivent reconna\u00eetre la qualit\u00e9 du paysage dans leur champ de comp\u00e9tences, la prendre en consid\u00e9ration dans les d\u00e9cisions relatives \u00e0 l\u2019am\u00e9nagement du territoire et contribuer activement \u00e0 son d\u00e9veloppement.<\/p>\n<\/div><div class=\"col-2\"><\/div><\/div><div class=\"sia-beratung-db-entry-footer\"><div class=\"col-1\"><a href=\"https:\/\/www.bafu.admin.ch\/fr\/conseilpaysage\" class=\"sia-beratung-db-entry-link\" target=\"_blank\" rel=\"noopener\">Link zum Angebot<\/a><\/div><div class=\"col-2\"><div class=\"sia-beratung-db-filterbox\"><label class=\"toggle\" onclick=\"return window.siaBeratung.toggleFilterBox(this);\"><span>OFEV Office f\u00e9d\u00e9ral de l'environnement<\/span><span>Biodiversit\u00e9<\/span><span>Dialogue<\/span><span>Conseil direct<\/span><span>Energie<\/span><span>Formation continue pour le personnel politique et administratif<\/span><span>D\u00e9veloppement \u00e0 l\u2019int\u00e9rieur du milieu b\u00e2ti<\/span><span>Climat<\/span><span>Projets de construction communaux<\/span><span>Paysage<\/span><span>Participation<\/span><span>Mobilit\u00e9<\/span><span>Durabilit\u00e9<\/span><span>Espace public<\/span><span>Outils de planification<\/span><span>Soutien de projets<\/span><span>Soutien de projets<\/span><span>Processus<\/span><\/label><div class=\"options\"><a href=\"#\" onclick=\"return window.siaBeratung.setFilterBoxFilter(175);\">OFEV Office f\u00e9d\u00e9ral de l'environnement<\/a><a href=\"#\" onclick=\"return window.siaBeratung.setFilterBoxFilter(136);\">Biodiversit\u00e9<\/a><a href=\"#\" onclick=\"return window.siaBeratung.setFilterBoxFilter(139);\">Dialogue<\/a><a href=\"#\" onclick=\"return window.siaBeratung.setFilterBoxFilter(275);\">Conseil direct<\/a><a href=\"#\" onclick=\"return window.siaBeratung.setFilterBoxFilter(140);\">Energie<\/a><a href=\"#\" onclick=\"return window.siaBeratung.setFilterBoxFilter(157);\">Formation continue pour le personnel politique et administratif<\/a><a href=\"#\" onclick=\"return window.siaBeratung.setFilterBoxFilter(142);\">D\u00e9veloppement \u00e0 l\u2019int\u00e9rieur du milieu b\u00e2ti<\/a><a href=\"#\" onclick=\"return window.siaBeratung.setFilterBoxFilter(143);\">Climat<\/a><a href=\"#\" onclick=\"return window.siaBeratung.setFilterBoxFilter(161);\">Projets de construction communaux<\/a><a href=\"#\" onclick=\"return window.siaBeratung.setFilterBoxFilter(144);\">Paysage<\/a><a href=\"#\" onclick=\"return window.siaBeratung.setFilterBoxFilter(146);\">Participation<\/a><a href=\"#\" onclick=\"return window.siaBeratung.setFilterBoxFilter(147);\">Mobilit\u00e9<\/a><a href=\"#\" onclick=\"return window.siaBeratung.setFilterBoxFilter(148);\">Durabilit\u00e9<\/a><a href=\"#\" onclick=\"return window.siaBeratung.setFilterBoxFilter(149);\">Espace public<\/a><a href=\"#\" onclick=\"return window.siaBeratung.setFilterBoxFilter(151);\">Outils de planification<\/a><a href=\"#\" onclick=\"return window.siaBeratung.setFilterBoxFilter(165);\">Soutien de projets<\/a><a href=\"#\" onclick=\"return window.siaBeratung.setFilterBoxFilter(284);\">Soutien de projets<\/a><a href=\"#\" onclick=\"return window.siaBeratung.setFilterBoxFilter(152);\">Processus<\/a><a href=\"#\" onclick=\"return window.siaBeratung.setFilterBoxFilter([136,139,140,142,143,144,146,147,148,149,151,152,157,161,165,175,275,284,288,289,290]);\">Alle Filter ausw\u00e4hlen<\/a><\/div><\/div><label class=\"sia-beratung-db-filterbox-spacer\">&nbsp;<\/label><\/div><\/div><\/div><div class=\"sia-beratung-db-entry-searchtext\">pilot impuls-landschaftsberatung | la conception \u00ab paysage suisse \u00bb (cps) actualis\u00e9e veut accro\u00eetre la sensibilisation au paysage et renforcer les comp\u00e9tences op\u00e9rationnelles en la mati\u00e8re. les communes doivent reconna\u00eetre la qualit\u00e9 du paysage dans leur champ de comp\u00e9tences, la prendre en consid\u00e9ration dans les d\u00e9cisions relatives \u00e0 l\u2019am\u00e9nagement du territoire et contribuer activement \u00e0 son d\u00e9veloppement. | biodiversit\u00e4t | dialog | energie | innenentwicklung | klima | landschaft | mitwirkung | mobilit\u00e4t | nachhaltigkeit | \u00f6ffentlicher raum | planungsinstrumente | prozesse | fortbildung f\u00fcr politik und verwaltung | kommunale bauprojekte | projektunterst\u00fctzung | bafu bundesamt f\u00fcr umwelt | direkte beratung | projektunterst\u00fctzung | de | fr | it<\/div><\/article><article class=\"sia-beratung-db-entry\" data-id=\"5226\" data-cpt=\"sia-ausbildung\" data-slug=\"photovoltaique-integre-aux-batiments-bipv\" data-lang-slug-de_de=\"\" data-lang-slug-en_gb=\"\" data-lang-slug-fr_fr=\"\" data-lang-slug-it_it=\"\" data-lat=\"53.5507112\" data-lng=\"10.0008202\" data-filter-140=\"1\" data-filter-196=\"1\" data-filter-234=\"1\" data-filter-245=\"1\" data-filter-272=\"1\" data-filter-289=\"1\" data-all-filter=\"140,196,234,245,272,289\"><div class=\"sia-beratung-db-entry-header\" onclick=\"return window.siaBeratung.toggleCpt(this);\"><div class=\"col-1\">Photovolta\u00efque int\u00e9gr\u00e9 aux b\u00e2timents (BIPV)<\/div><div class=\"col-2\"><span>EPFL \u00c9cole polytechnique f\u00e9d\u00e9rale de Lausanne<\/span><span>Vaud<\/span><span>SuisseEnergie<\/span><\/div><div class=\"col-3\"><span>CAS<\/span><\/div><div class=\"sia-beratung-db-angle\"><span class=\"sia-beratung-angle\"><\/span><\/div><\/div><div class=\"sia-beratung-db-entry-content\"><div class=\"sia-beratung-db-entry-content-columns\"><div class=\"col-1\"><p>Dans un monde o\u00f9 la transition \u00e9nerg\u00e9tique est une priorit\u00e9, le photovolta\u00efque int\u00e9gr\u00e9 aux b\u00e2timents (BIPV) permet de transformer les b\u00e2timents en \u00e9l\u00e9ments de production \u00e9lectrique. L\u2019\u00e9volution des solutions constructives photovolta\u00efques est telle, que fa\u00e7ades et toits peuvent dor\u00e9navant devenir des sources d\u2019\u00e9nergie durable tout en \u00e9tant esth\u00e9tiques.<\/p>\n<p>Permettant de r\u00e9aliser un projet architectural holistique \u2014 qui tient compte des aspects esth\u00e9tiques, stylistiques, \u00e9nerg\u00e9tiques et \u00e9conomiques \u2014 l\u2019int\u00e9gration du photovolta\u00efque dans le b\u00e2ti \u00e9largit les possibilit\u00e9s architecturales et cr\u00e9e des opportunit\u00e9s pour relever efficacement les d\u00e9fis li\u00e9s \u00e0 l\u2019\u00e9nergie.<\/p>\n<p>En tant que professionnel\u00b7le\u00b7s du b\u00e2timent, comment int\u00e9grer le photovolta\u00efque dans la conception ou la r\u00e9novation de b\u00e2timents? Quels sont les aspects techniques, fonctionnels, visuels, \u00e9nerg\u00e9tiques et r\u00e9glementaires \u00e0 prendre en consid\u00e9ration?<\/p>\n<\/div><div class=\"col-2\"><\/div><\/div><div class=\"sia-beratung-db-entry-footer\"><div class=\"col-1\"><a href=\"https:\/\/www.formation-continue-unil-epfl.ch\/formation\/bipv-cas\/?utm_source=CEN-Newsletter&utm_campaign=BIPV-CEN-Newsletter-May2025\" class=\"sia-beratung-db-entry-link\" target=\"_blank\" rel=\"noopener\">Link zum Angebot<\/a><\/div><div class=\"col-2\"><div class=\"sia-beratung-db-filterbox\"><label class=\"toggle\" onclick=\"return window.siaBeratung.toggleFilterBox(this);\"><span>CAS<\/span><span>Energie<\/span><span>SuisseEnergie<\/span><span>EPFL \u00c9cole polytechnique f\u00e9d\u00e9rale de Lausanne<\/span><span>Vaud<\/span><\/label><div class=\"options\"><a href=\"#\" onclick=\"return window.siaBeratung.setFilterBoxFilter(272);\">CAS<\/a><a href=\"#\" onclick=\"return window.siaBeratung.setFilterBoxFilter(140);\">Energie<\/a><a href=\"#\" onclick=\"return window.siaBeratung.setFilterBoxFilter(245);\">SuisseEnergie<\/a><a href=\"#\" onclick=\"return window.siaBeratung.setFilterBoxFilter(196);\">EPFL \u00c9cole polytechnique f\u00e9d\u00e9rale de Lausanne<\/a><a href=\"#\" onclick=\"return window.siaBeratung.setFilterBoxFilter(234);\">Vaud<\/a><a href=\"#\" onclick=\"return window.siaBeratung.setFilterBoxFilter([140,196,234,245,272,289]);\">Alle Filter ausw\u00e4hlen<\/a><\/div><\/div><label class=\"sia-beratung-db-filterbox-spacer\">&nbsp;<\/label><\/div><\/div><\/div><div class=\"sia-beratung-db-entry-searchtext\">photovolta\u00efque int\u00e9gr\u00e9 aux b\u00e2timents (bipv) | dans un monde o\u00f9 la transition \u00e9nerg\u00e9tique est une priorit\u00e9, le photovolta\u00efque int\u00e9gr\u00e9 aux b\u00e2timents (bipv) permet de transformer les b\u00e2timents en \u00e9l\u00e9ments de production \u00e9lectrique. l\u2019\u00e9volution des solutions constructives photovolta\u00efques est telle, que fa\u00e7ades et toits peuvent dor\u00e9navant devenir des sources d\u2019\u00e9nergie durable tout en \u00e9tant esth\u00e9tiques.permettant de r\u00e9aliser un projet architectural holistique \u2014 qui tient compte des aspects esth\u00e9tiques, stylistiques, \u00e9nerg\u00e9tiques et \u00e9conomiques \u2014 l\u2019int\u00e9gration du photovolta\u00efque dans le b\u00e2ti \u00e9largit les possibilit\u00e9s architecturales et cr\u00e9e des opportunit\u00e9s pour relever efficacement les d\u00e9fis li\u00e9s \u00e0 l\u2019\u00e9nergie.en tant que professionnel\u00b7le\u00b7s du b\u00e2timent, comment int\u00e9grer le photovolta\u00efque dans la conception ou la r\u00e9novation de b\u00e2timents? quels sont les aspects techniques, fonctionnels, visuels, \u00e9nerg\u00e9tiques et r\u00e9glementaires \u00e0 prendre en consid\u00e9ration? | energie | epfl \u00e9cole polytechnique f\u00e9d\u00e9rale de lausanne | waadt | energieschweiz | cas | fr<\/div><\/article><article class=\"sia-beratung-db-entry\" data-id=\"1690\" data-cpt=\"sia-ausbildung\" data-slug=\"placemaking\" data-lat=\"47.4020390531539\" data-lng=\"8.54625707935091\" data-filter-135=\"1\" data-filter-139=\"1\" data-filter-142=\"1\" data-filter-144=\"1\" data-filter-146=\"1\" data-filter-147=\"1\" data-filter-148=\"1\" data-filter-149=\"1\" data-filter-157=\"1\" data-filter-161=\"1\" data-filter-166=\"1\" data-filter-167=\"1\" data-filter-209=\"1\" data-filter-279=\"1\" data-filter-288=\"1\" data-all-filter=\"135,139,142,144,146,147,148,149,157,161,166,167,209,279,288\"><div class=\"sia-beratung-db-entry-header\" onclick=\"return window.siaBeratung.toggleCpt(this);\"><div class=\"col-1\">Placemaking<\/div><div class=\"col-2\"><span>UZH Universit\u00e4t Z\u00fcrich<\/span><\/div><div class=\"col-3\"><span>Cours et colloques<\/span><\/div><div class=\"sia-beratung-db-angle\"><span class=\"sia-beratung-angle\"><\/span><\/div><\/div><div class=\"sia-beratung-db-entry-content\"><div class=\"sia-beratung-db-entry-content-columns\"><div class=\"col-1\"><p>Viele Neubau- und Entwicklungsgebiete wirken selbst Jahre nach der Fertigstellung anonym und leblos. Das muss keineswegs so sein: Aktuelle Beispiele aus Deutschland, den Niederlanden und der Schweiz zeigen, dass auch Neubau- und Transformationsgebiete innert k\u00fcrzester Zeit zu lebendigen, identit\u00e4tsstiftenden und wohnlichen Nachbarschaften werden k\u00f6nnen.<\/p>\n<\/div><div class=\"col-2\"><\/div><\/div><div class=\"sia-beratung-db-entry-footer\"><div class=\"col-1\"><a href=\"https:\/\/www.curem.uzh.ch\/de\/weiterbildungen\/kompaktkurse\/placemaking.html\" class=\"sia-beratung-db-entry-link\" target=\"_blank\" rel=\"noopener\">Link zum Angebot<\/a><\/div><div class=\"col-2\"><div class=\"sia-beratung-db-filterbox\"><label class=\"toggle\" onclick=\"return window.siaBeratung.toggleFilterBox(this);\"><span>Construire dans le b\u00e2ti existant<\/span><span>Dialogue<\/span><span>Formation continue pour le personnel politique et administratif<\/span><span>D\u00e9veloppement \u00e0 l\u2019int\u00e9rieur du milieu b\u00e2ti<\/span><span>Projets de construction communaux<\/span><span>Cours et colloques<\/span><span>Paysage<\/span><span>Participation<\/span><span>Mobilit\u00e9<\/span><span>Durabilit\u00e9<\/span><span>Espace public<\/span><span>Proc\u00e9dures d\u2019assurance qualit\u00e9<\/span><span>Strat\u00e9gies de d\u00e9veloppement territorial<\/span><span>UZH Universit\u00e4t Z\u00fcrich<\/span><\/label><div class=\"options\"><a href=\"#\" onclick=\"return window.siaBeratung.setFilterBoxFilter(135);\">Construire dans le b\u00e2ti existant<\/a><a href=\"#\" onclick=\"return window.siaBeratung.setFilterBoxFilter(139);\">Dialogue<\/a><a href=\"#\" onclick=\"return window.siaBeratung.setFilterBoxFilter(157);\">Formation continue pour le personnel politique et administratif<\/a><a href=\"#\" onclick=\"return window.siaBeratung.setFilterBoxFilter(142);\">D\u00e9veloppement \u00e0 l\u2019int\u00e9rieur du milieu b\u00e2ti<\/a><a href=\"#\" onclick=\"return window.siaBeratung.setFilterBoxFilter(161);\">Projets de construction communaux<\/a><a href=\"#\" onclick=\"return window.siaBeratung.setFilterBoxFilter(279);\">Cours et colloques<\/a><a href=\"#\" onclick=\"return window.siaBeratung.setFilterBoxFilter(144);\">Paysage<\/a><a href=\"#\" onclick=\"return window.siaBeratung.setFilterBoxFilter(146);\">Participation<\/a><a href=\"#\" onclick=\"return window.siaBeratung.setFilterBoxFilter(147);\">Mobilit\u00e9<\/a><a href=\"#\" onclick=\"return window.siaBeratung.setFilterBoxFilter(148);\">Durabilit\u00e9<\/a><a href=\"#\" onclick=\"return window.siaBeratung.setFilterBoxFilter(149);\">Espace public<\/a><a href=\"#\" onclick=\"return window.siaBeratung.setFilterBoxFilter(166);\">Proc\u00e9dures d\u2019assurance qualit\u00e9<\/a><a href=\"#\" onclick=\"return window.siaBeratung.setFilterBoxFilter(167);\">Strat\u00e9gies de d\u00e9veloppement territorial<\/a><a href=\"#\" onclick=\"return window.siaBeratung.setFilterBoxFilter(209);\">UZH Universit\u00e4t Z\u00fcrich<\/a><a href=\"#\" onclick=\"return window.siaBeratung.setFilterBoxFilter([135,139,142,144,146,147,148,149,157,161,166,167,209,279,288]);\">Alle Filter ausw\u00e4hlen<\/a><\/div><\/div><label class=\"sia-beratung-db-filterbox-spacer\">&nbsp;<\/label><\/div><\/div><\/div><div class=\"sia-beratung-db-entry-searchtext\">placemaking | viele neubau- und entwicklungsgebiete wirken selbst jahre nach der fertigstellung anonym und leblos. das muss keineswegs so sein: aktuelle beispiele aus deutschland, den niederlanden und der schweiz zeigen, dass auch neubau- und transformationsgebiete innert k\u00fcrzester zeit zu lebendigen, identit\u00e4tsstiftenden und wohnlichen nachbarschaften werden k\u00f6nnen. | bauen im bestand | dialog | innenentwicklung | landschaft | mitwirkung | mobilit\u00e4t | nachhaltigkeit | \u00f6ffentlicher raum | fortbildung f\u00fcr politik und verwaltung | kommunale bauprojekte | qualit\u00e4tssichernde verfahren | r\u00e4umliche entwicklungsleitbilder | uzh universit\u00e4t z\u00fcrich | kurse und tagungen | de<\/div><\/article><article class=\"sia-beratung-db-entry\" data-id=\"2901\" data-cpt=\"sia-ausbildung\" data-slug=\"planification-et-gestion-de-la-mobilite-multimodale\" data-lang-slug-de_de=\"\" data-lang-slug-en_gb=\"\" data-lang-slug-fr_fr=\"\" data-lang-slug-it_it=\"\" data-lat=\"46.77922154\" data-lng=\"6.659303769\" data-filter-141=\"1\" data-filter-142=\"1\" data-filter-147=\"1\" data-filter-148=\"1\" data-filter-149=\"1\" data-filter-151=\"1\" data-filter-157=\"1\" data-filter-167=\"1\" data-filter-200=\"1\" data-filter-272=\"1\" data-filter-289=\"1\" data-all-filter=\"141,142,147,148,149,151,157,167,200,272,289\"><div class=\"sia-beratung-db-entry-header\" onclick=\"return window.siaBeratung.toggleCpt(this);\"><div class=\"col-1\">Planification et gestion de la mobilit\u00e9 multimodale<\/div><div class=\"col-2\"><span>HEIG-VD Haute Ecole d'Ing\u00e9nierie et de Gestion du Canton de Vaud<\/span><\/div><div class=\"col-3\"><span>CAS<\/span><\/div><div class=\"sia-beratung-db-angle\"><span class=\"sia-beratung-angle\"><\/span><\/div><\/div><div class=\"sia-beratung-db-entry-content\"><div class=\"sia-beratung-db-entry-content-columns\"><div class=\"col-1\"><p>L&#8217;objectif de ce CAS est de ma\u00eetriser les notions de base de la mobilit\u00e9, les m\u00e9thodes de la planification multimodale et la conduite de projets de mobilit\u00e9.<\/p>\n<\/div><div class=\"col-2\"><\/div><\/div><div class=\"sia-beratung-db-entry-footer\"><div class=\"col-1\"><a href=\"https:\/\/heig-vd.ch\/formation\/formation-continue\/cas-hes-so-en-planification-et-gestion-de-la-mobilite-multimodale-pgmm\" class=\"sia-beratung-db-entry-link\" target=\"_blank\" rel=\"noopener\">Link zum Angebot<\/a><\/div><div class=\"col-2\"><div class=\"sia-beratung-db-filterbox\"><label class=\"toggle\" onclick=\"return window.siaBeratung.toggleFilterBox(this);\"><span>CAS<\/span><span>Formation continue pour le personnel politique et administratif<\/span><span>HEIG-VD Haute Ecole d'Ing\u00e9nierie et de Gestion du Canton de Vaud<\/span><span>Infrastructure<\/span><span>D\u00e9veloppement \u00e0 l\u2019int\u00e9rieur du milieu b\u00e2ti<\/span><span>Mobilit\u00e9<\/span><span>Durabilit\u00e9<\/span><span>Espace public<\/span><span>Outils de planification<\/span><span>Strat\u00e9gies de d\u00e9veloppement territorial<\/span><\/label><div class=\"options\"><a href=\"#\" onclick=\"return window.siaBeratung.setFilterBoxFilter(272);\">CAS<\/a><a href=\"#\" onclick=\"return window.siaBeratung.setFilterBoxFilter(157);\">Formation continue pour le personnel politique et administratif<\/a><a href=\"#\" onclick=\"return window.siaBeratung.setFilterBoxFilter(200);\">HEIG-VD Haute Ecole d'Ing\u00e9nierie et de Gestion du Canton de Vaud<\/a><a href=\"#\" onclick=\"return window.siaBeratung.setFilterBoxFilter(141);\">Infrastructure<\/a><a href=\"#\" onclick=\"return window.siaBeratung.setFilterBoxFilter(142);\">D\u00e9veloppement \u00e0 l\u2019int\u00e9rieur du milieu b\u00e2ti<\/a><a href=\"#\" onclick=\"return window.siaBeratung.setFilterBoxFilter(147);\">Mobilit\u00e9<\/a><a href=\"#\" onclick=\"return window.siaBeratung.setFilterBoxFilter(148);\">Durabilit\u00e9<\/a><a href=\"#\" onclick=\"return window.siaBeratung.setFilterBoxFilter(149);\">Espace public<\/a><a href=\"#\" onclick=\"return window.siaBeratung.setFilterBoxFilter(151);\">Outils de planification<\/a><a href=\"#\" onclick=\"return window.siaBeratung.setFilterBoxFilter(167);\">Strat\u00e9gies de d\u00e9veloppement territorial<\/a><a href=\"#\" onclick=\"return window.siaBeratung.setFilterBoxFilter([141,142,147,148,149,151,157,167,200,272,289]);\">Alle Filter ausw\u00e4hlen<\/a><\/div><\/div><label class=\"sia-beratung-db-filterbox-spacer\">&nbsp;<\/label><\/div><\/div><\/div><div class=\"sia-beratung-db-entry-searchtext\">planification et gestion de la mobilit\u00e9 multimodale | l&#8217;objectif de ce cas est de ma\u00eetriser les notions de base de la mobilit\u00e9, les m\u00e9thodes de la planification multimodale et la conduite de projets de mobilit\u00e9. | infrastruktur | innenentwicklung | mobilit\u00e4t | nachhaltigkeit | \u00f6ffentlicher raum | planungsinstrumente | fortbildung f\u00fcr politik und verwaltung | r\u00e4umliche entwicklungsleitbilder | heig-vd haute ecole d'ing\u00e9nierie et de gestion du canton de vaud | cas | fr<\/div><\/article><article class=\"sia-beratung-db-entry\" data-id=\"2902\" data-cpt=\"sia-ausbildung\" data-slug=\"transports-publics\" data-lang-slug-de_de=\"\" data-lang-slug-en_gb=\"\" data-lang-slug-fr_fr=\"\" data-lang-slug-it_it=\"\" data-lat=\"46.77922154\" data-lng=\"6.659303769\" data-filter-141=\"1\" data-filter-147=\"1\" data-filter-149=\"1\" data-filter-151=\"1\" data-filter-157=\"1\" data-filter-167=\"1\" data-filter-200=\"1\" data-filter-272=\"1\" data-filter-289=\"1\" data-all-filter=\"141,147,149,151,157,167,200,272,289\"><div class=\"sia-beratung-db-entry-header\" onclick=\"return window.siaBeratung.toggleCpt(this);\"><div class=\"col-1\">Planification et gestion de la mobilit\u00e9 multimodale<\/div><div class=\"col-2\"><span>HEIG-VD Haute Ecole d'Ing\u00e9nierie et de Gestion du Canton de Vaud<\/span><\/div><div class=\"col-3\"><span>CAS<\/span><\/div><div class=\"sia-beratung-db-angle\"><span class=\"sia-beratung-angle\"><\/span><\/div><\/div><div class=\"sia-beratung-db-entry-content\"><div class=\"sia-beratung-db-entry-content-columns\"><div class=\"col-1\"><p>Formation orient\u00e9e sur les m\u00e9thodes et outils de l\u2019ing\u00e9nieur\u00b7e en mobilit\u00e9 ainsi que sur la compr\u00e9hension du contexte actuel des politiques de mobilit\u00e9.<\/p>\n<\/div><div class=\"col-2\"><\/div><\/div><div class=\"sia-beratung-db-entry-footer\"><div class=\"col-1\"><a href=\"https:\/\/heig-vd.ch\/formation\/formation-continue\/cas-hes-so-en-planification-et-gestion-de-la-mobilite-multimodale-pgmm\" class=\"sia-beratung-db-entry-link\" target=\"_blank\" rel=\"noopener\">Link zum Angebot<\/a><\/div><div class=\"col-2\"><div class=\"sia-beratung-db-filterbox\"><label class=\"toggle\" onclick=\"return window.siaBeratung.toggleFilterBox(this);\"><span>CAS<\/span><span>Formation continue pour le personnel politique et administratif<\/span><span>HEIG-VD Haute Ecole d'Ing\u00e9nierie et de Gestion du Canton de Vaud<\/span><span>Infrastructure<\/span><span>Mobilit\u00e9<\/span><span>Espace public<\/span><span>Outils de planification<\/span><span>Strat\u00e9gies de d\u00e9veloppement territorial<\/span><\/label><div class=\"options\"><a href=\"#\" onclick=\"return window.siaBeratung.setFilterBoxFilter(272);\">CAS<\/a><a href=\"#\" onclick=\"return window.siaBeratung.setFilterBoxFilter(157);\">Formation continue pour le personnel politique et administratif<\/a><a href=\"#\" onclick=\"return window.siaBeratung.setFilterBoxFilter(200);\">HEIG-VD Haute Ecole d'Ing\u00e9nierie et de Gestion du Canton de Vaud<\/a><a href=\"#\" onclick=\"return window.siaBeratung.setFilterBoxFilter(141);\">Infrastructure<\/a><a href=\"#\" onclick=\"return window.siaBeratung.setFilterBoxFilter(147);\">Mobilit\u00e9<\/a><a href=\"#\" onclick=\"return window.siaBeratung.setFilterBoxFilter(149);\">Espace public<\/a><a href=\"#\" onclick=\"return window.siaBeratung.setFilterBoxFilter(151);\">Outils de planification<\/a><a href=\"#\" onclick=\"return window.siaBeratung.setFilterBoxFilter(167);\">Strat\u00e9gies de d\u00e9veloppement territorial<\/a><a href=\"#\" onclick=\"return window.siaBeratung.setFilterBoxFilter([141,147,149,151,157,167,200,272,289]);\">Alle Filter ausw\u00e4hlen<\/a><\/div><\/div><label class=\"sia-beratung-db-filterbox-spacer\">&nbsp;<\/label><\/div><\/div><\/div><div class=\"sia-beratung-db-entry-searchtext\">planification et gestion de la mobilit\u00e9 multimodale | formation orient\u00e9e sur les m\u00e9thodes et outils de l\u2019ing\u00e9nieur\u00b7e en mobilit\u00e9 ainsi que sur la compr\u00e9hension du contexte actuel des politiques de mobilit\u00e9. | infrastruktur | mobilit\u00e4t | \u00f6ffentlicher raum | planungsinstrumente | fortbildung f\u00fcr politik und verwaltung | r\u00e4umliche entwicklungsleitbilder | heig-vd haute ecole d'ing\u00e9nierie et de gestion du canton de vaud | cas | fr<\/div><\/article><article class=\"sia-beratung-db-entry\" data-id=\"2898\" data-cpt=\"sia-angebote\" data-slug=\"experimentelle-planung-neue-moeglichkeitsraeume\" data-lang-slug-de_de=\"\" data-lang-slug-en_gb=\"\" data-lang-slug-fr_fr=\"\" data-lang-slug-it_it=\"\" data-lat=\"53.5507112\" data-lng=\"10.0006485\" data-filter-139=\"1\" data-filter-151=\"1\" data-filter-152=\"1\" data-filter-161=\"1\" data-filter-163=\"1\" data-filter-241=\"1\" data-filter-270=\"1\" data-filter-288=\"1\" data-filter-289=\"1\" data-all-filter=\"139,151,152,161,163,241,270,288,289\"><div class=\"sia-beratung-db-entry-header\" onclick=\"return window.siaBeratung.toggleCpt(this);\"><div class=\"col-1\">Planification exp\u00e9rimentale \u2013 un nouveau potentiel<\/div><div class=\"col-2\"><span>FAS F\u00e9d\u00e9ration des Architectes Suisses<\/span><\/div><div class=\"col-3\"><span>Guide<\/span><\/div><div class=\"sia-beratung-db-angle\"><span class=\"sia-beratung-angle\"><\/span><\/div><\/div><div class=\"sia-beratung-db-entry-content\"><div class=\"sia-beratung-db-entry-content-columns\"><div class=\"col-1\"><p>Comment tester de nouvelles solutions pour l\u2019espace public de mani\u00e8re \u00e0 ce qu\u2019elles soient accept\u00e9es par la soci\u00e9t\u00e9\u2009? Comment trouver des utilisations temporaires pour des b\u00e2timents destin\u00e9s ult\u00e9rieurement \u00e0 une nouvelle af- fectation? Comment d\u00e9velopper des strat\u00e9gies pour des zones dont nous ne connaissons pas encore la destination\u2009?<\/p>\n<\/div><div class=\"col-2\"><\/div><\/div><div class=\"sia-beratung-db-entry-footer\"><div class=\"col-1\"><a href=\"https:\/\/www.wbw.ch\/de\/shop\/werk-edition\/experimentelle-planung.html\" class=\"sia-beratung-db-entry-link\" target=\"_blank\" rel=\"noopener\">Link zum Angebot<\/a><\/div><div class=\"col-2\"><div class=\"sia-beratung-db-filterbox\"><label class=\"toggle\" onclick=\"return window.siaBeratung.toggleFilterBox(this);\"><span>Guide<\/span><span>FAS F\u00e9d\u00e9ration des Architectes Suisses<\/span><span>Dialogue<\/span><span>Projets de construction communaux<\/span><span>Plans d\u2019affectation<\/span><span>Outils de planification<\/span><span>Processus<\/span><\/label><div class=\"options\"><a href=\"#\" onclick=\"return window.siaBeratung.setFilterBoxFilter(270);\">Guide<\/a><a href=\"#\" onclick=\"return window.siaBeratung.setFilterBoxFilter(241);\">FAS F\u00e9d\u00e9ration des Architectes Suisses<\/a><a href=\"#\" onclick=\"return window.siaBeratung.setFilterBoxFilter(139);\">Dialogue<\/a><a href=\"#\" onclick=\"return window.siaBeratung.setFilterBoxFilter(161);\">Projets de construction communaux<\/a><a href=\"#\" onclick=\"return window.siaBeratung.setFilterBoxFilter(163);\">Plans d\u2019affectation<\/a><a href=\"#\" onclick=\"return window.siaBeratung.setFilterBoxFilter(151);\">Outils de planification<\/a><a href=\"#\" onclick=\"return window.siaBeratung.setFilterBoxFilter(152);\">Processus<\/a><a href=\"#\" onclick=\"return window.siaBeratung.setFilterBoxFilter([139,151,152,161,163,241,270,288,289]);\">Alle Filter ausw\u00e4hlen<\/a><\/div><\/div><label class=\"sia-beratung-db-filterbox-spacer\">&nbsp;<\/label><\/div><\/div><\/div><div class=\"sia-beratung-db-entry-searchtext\">experimentelle planung \u2013 neue m\u00f6glichkeitsr\u00e4ume | comment tester de nouvelles solutions pour l\u2019espace public de mani\u00e8re \u00e0 ce qu\u2019elles soient accept\u00e9es par la soci\u00e9t\u00e9\u2009? comment trouver des utilisations temporaires pour des b\u00e2timents destin\u00e9s ult\u00e9rieurement \u00e0 une nouvelle af- fectation? comment d\u00e9velopper des strat\u00e9gies pour des zones dont nous ne connaissons pas encore la destination\u2009? | dialog | planungsinstrumente | prozesse | kommunale bauprojekte | nutzungsplanung | bsa bund schweizer architektinnen und architekten | arbeitshilfe | de | fr<\/div><\/article><article class=\"sia-beratung-db-entry\" data-id=\"1608\" data-cpt=\"sia-angebote\" data-slug=\"plattform-siedlungsentwicklung-nach-innen\" data-lat=\"53.5507112\" data-lng=\"10.0006485\" data-filter-139=\"1\" data-filter-142=\"1\" data-filter-151=\"1\" data-filter-152=\"1\" data-filter-157=\"1\" data-filter-168=\"1\" data-filter-232=\"1\" data-filter-276=\"1\" data-filter-283=\"1\" data-filter-288=\"1\" data-all-filter=\"139,142,151,152,157,168,232,276,283,288\"><div class=\"sia-beratung-db-entry-header\" onclick=\"return window.siaBeratung.toggleCpt(this);\"><div class=\"col-1\">Plattform Siedlungsentwicklung nach innen<\/div><div class=\"col-2\"><span>Thurgovie<\/span><\/div><div class=\"col-3\"><span>Partage d'exp\u00e9riences<\/span><span>Plateforme<\/span><\/div><div class=\"sia-beratung-db-angle\"><span class=\"sia-beratung-angle\"><\/span><\/div><\/div><div class=\"sia-beratung-db-entry-content\"><div class=\"sia-beratung-db-entry-content-columns\"><div class=\"col-1\"><p>Mit Arbeitshilfen und Plattformen zum Erfahrungsaustausch sollen die Gemeinden und St\u00e4dte unseres Kantons in den verschiedenen Prozessen der Innenentwicklung unterst\u00fctzt werden.<\/p>\n<\/div><div class=\"col-2\"><\/div><\/div><div class=\"sia-beratung-db-entry-footer\"><div class=\"col-1\"><a href=\"https:\/\/raumentwicklung.tg.ch\/themen\/siedlungsentwicklung-nach-innen.html\/8347\" class=\"sia-beratung-db-entry-link\" target=\"_blank\" rel=\"noopener\">Link zum Angebot<\/a><\/div><div class=\"col-2\"><div class=\"sia-beratung-db-filterbox\"><label class=\"toggle\" onclick=\"return window.siaBeratung.toggleFilterBox(this);\"><span>Dialogue<\/span><span>Partage d'exp\u00e9riences<\/span><span>Formation continue pour le personnel politique et administratif<\/span><span>D\u00e9veloppement \u00e0 l\u2019int\u00e9rieur du milieu b\u00e2ti<\/span><span>Outils de planification<\/span><span>Plateforme<\/span><span>Processus<\/span><span>Coop\u00e9ration r\u00e9gionale<\/span><span>Thurgovie<\/span><\/label><div class=\"options\"><a href=\"#\" onclick=\"return window.siaBeratung.setFilterBoxFilter(139);\">Dialogue<\/a><a href=\"#\" onclick=\"return window.siaBeratung.setFilterBoxFilter(276);\">Partage d'exp\u00e9riences<\/a><a href=\"#\" onclick=\"return window.siaBeratung.setFilterBoxFilter(157);\">Formation continue pour le personnel politique et administratif<\/a><a href=\"#\" onclick=\"return window.siaBeratung.setFilterBoxFilter(142);\">D\u00e9veloppement \u00e0 l\u2019int\u00e9rieur du milieu b\u00e2ti<\/a><a href=\"#\" onclick=\"return window.siaBeratung.setFilterBoxFilter(151);\">Outils de planification<\/a><a href=\"#\" onclick=\"return window.siaBeratung.setFilterBoxFilter(283);\">Plateforme<\/a><a href=\"#\" onclick=\"return window.siaBeratung.setFilterBoxFilter(152);\">Processus<\/a><a href=\"#\" onclick=\"return window.siaBeratung.setFilterBoxFilter(168);\">Coop\u00e9ration r\u00e9gionale<\/a><a href=\"#\" onclick=\"return window.siaBeratung.setFilterBoxFilter(232);\">Thurgovie<\/a><a href=\"#\" onclick=\"return window.siaBeratung.setFilterBoxFilter([139,142,151,152,157,168,232,276,283,288]);\">Alle Filter ausw\u00e4hlen<\/a><\/div><\/div><label class=\"sia-beratung-db-filterbox-spacer\">&nbsp;<\/label><\/div><\/div><\/div><div class=\"sia-beratung-db-entry-searchtext\">plattform siedlungsentwicklung nach innen | mit arbeitshilfen und plattformen zum erfahrungsaustausch sollen die gemeinden und st\u00e4dte unseres kantons in den verschiedenen prozessen der innenentwicklung unterst\u00fctzt werden. | dialog | innenentwicklung | planungsinstrumente | prozesse | fortbildung f\u00fcr politik und verwaltung | regionale zusammenarbeit | thurgau | erfahrungsaustausch | plattform | de<\/div><\/article><article class=\"sia-beratung-db-entry\" data-id=\"5619\" data-cpt=\"sia-beispiele\" data-slug=\"pruntrut-ju-die-altstadt-anders-bewohnen\" data-lang-slug-de_de=\"\" data-lang-slug-en_gb=\"\" data-lang-slug-fr_fr=\"\" data-lang-slug-it_it=\"\" data-lat=\"47.4171698\" data-lng=\"7.0762253\" data-filter-135=\"1\" data-filter-145=\"1\" data-filter-150=\"1\" data-filter-156=\"1\" data-filter-162=\"1\" data-filter-164=\"1\" data-filter-165=\"1\" data-filter-189=\"1\" data-all-filter=\"135,145,150,156,162,164,165,189\"><div class=\"sia-beratung-db-entry-header\" onclick=\"return window.siaBeratung.toggleCpt(this);\"><div class=\"col-1\">Porrentruy: habiter le centre historique autrement<\/div><div class=\"col-2\">Porrentruy, JU<\/div><div class=\"sia-beratung-db-angle\"><span class=\"sia-beratung-angle\"><\/span><\/div><\/div><div class=\"sia-beratung-db-entry-content\"><div class=\"sia-beratung-db-entry-content-columns\"><div class=\"col-1\"><div class=\"sia-beratung-db-entry-slides\"><div class=\"sia-beratung-db-entry-swiper\"><div class=\"swiper-wrapper\"><div class=\"swiper-slide\"><img loading=\"lazy\" decoding=\"async\" src=\"https:\/\/baukulturschweiz.ch\/wp-content\/uploads\/2026\/02\/web-e1771426192981.jpg\" width=\"910\" height=\"603\" \/><\/div><div class=\"swiper-slide\"><img loading=\"lazy\" decoding=\"async\" src=\"https:\/\/baukulturschweiz.ch\/wp-content\/uploads\/2025\/12\/Photo-2.webp\" width=\"680\" height=\"453\" \/><\/div><div class=\"swiper-slide\"><img loading=\"lazy\" decoding=\"async\" src=\"https:\/\/baukulturschweiz.ch\/wp-content\/uploads\/2025\/12\/Photo-3-1-e1768213966173-1024x683.jpg\" width=\"1024\" height=\"683\" \/><\/div><div class=\"swiper-slide\"><img loading=\"lazy\" decoding=\"async\" src=\"https:\/\/baukulturschweiz.ch\/wp-content\/uploads\/2026\/01\/porrentruy_final-e1768228400145-1024x683.png\" width=\"1024\" height=\"683\" \/><\/div><\/div><\/div><a class=\"swiper-button swiper-button-prev\"><\/a><a class=\"swiper-button swiper-button-next mobile\"><\/a><div class=\"sia-beratung-db-slide-legends\"><small data-index=\"0\">Une rang\u00e9e d\u2019immeubles r\u00e9habilit\u00e9s en vielle ville \u00a9 Burri et Partenaires, Porrentruy<\/small><small data-index=\"1\" style=\"display:none;\">Les transformations sont discr\u00e8tes \u00a9 Burri et Partenaires, Porrentruy<\/small><small data-index=\"2\" style=\"display:none;\">Les deux maisons mitoyennes (fa\u00e7ades blanches et jaunes) ont \u00e9t\u00e9 reli\u00e9es par une cage d\u2019escalier, afin de cr\u00e9er des logements spacieux \u00a9 Alain Beuret, EspaceSuisse<\/small><small data-index=\"3\" style=\"display:none;\">\u00a9 Swisstopo<\/small><small class=\"pageNo\">1\/4<\/small><\/div><\/div><\/div><div class=\"col-2\"><div class=\"sia-beratung-db-slide-texts\"><div class=\"sia-beratung-db-slide-text\" data-index=\"0\"><p>Dans le canton du Jura, la d\u00e9sertification des centres-villes au profit des zones p\u00e9riurbaines est un ph\u00e9nom\u00e8ne observ\u00e9 \u00e0 plusieurs endroits. A cela s\u2019ajoute le manque d\u2019entretien du patrimoine b\u00e2ti dans les centres anciens. Pour encourager la population \u00e0 habiter les centres-villes, le canton a souhait\u00e9 cr\u00e9er une offre de logement qui r\u00e9ponde \u00e0 un confort \u00e9quivalent \u00e0 celui des p\u00e9riph\u00e9ries, tout en valorisant le patrimoine b\u00e2ti de ses centres historiques.<\/p>\n<p><strong>R\u00f4le de la commune :<\/strong>coordonner, conseiller, \u00e9valuer, financer, promouvoir, communiquer<strong><br data-start=\"174\" data-end=\"177\" \/>Organismes responsables :<\/strong>Commune de Porrentruy, Canton du Jura<strong><br data-start=\"246\" data-end=\"249\" \/>Accompagnement du processus :<\/strong>EspaceSuisse, Commission cantonale des paysages et des sites, acteurs priv\u00e9s<strong><br data-start=\"361\" data-end=\"364\" \/>Source : <a href=\"https:\/\/www.densipedia.ch\/fr\/habiter-le-centre-ancien\">Densipedia<\/a><\/strong><\/p>\n<\/div><div class=\"sia-beratung-db-slide-text\" data-index=\"1\" style=\"display:none;\"><p>En 2006, le canton lance \u00e0 Porrentruy un concours d\u2019id\u00e9es r\u00e9unissant offices cantonaux et communaux, urbanistes et propri\u00e9taires priv\u00e9s. Les participants sont invit\u00e9s \u00e0 imaginer la r\u00e9habilitation de deux b\u00e2timents du centre historique, en tenant compte des modes d\u2019habiter actuels. Soutenu par l\u2019Office f\u00e9d\u00e9ral du d\u00e9veloppement territorial (ARE) dans le cadre de ses programmes d\u2019encouragement, le canton concr\u00e9tise les r\u00e9flexions issues du concours. Il lance, entre 2008 et 2012, un projet pilote visant \u00e0 r\u00e9nover les immeubles d\u2019habitation situ\u00e9s dans les centres des localit\u00e9s, souvent dans des p\u00e9rim\u00e8tres ISOS. Le projet se traduit par un conseil technique et une aide financi\u00e8re cantonale et communale de 40&#8217;000 francs par propri\u00e9taire. La commune assure la promotion du programme aupr\u00e8s du public, \u00e9value la qualit\u00e9 des projets pour l\u2019octroi des aides et accompagne techniquement les porteurs de projets. Un dialogue \u00e9troit entre autorit\u00e9s communales et propri\u00e9taires priv\u00e9s est privil\u00e9gi\u00e9 afin de parvenir rapidement \u00e0 un accord satisfaisant.<\/p>\n<\/div><div class=\"sia-beratung-db-slide-text\" data-index=\"2\" style=\"display:none;\"><p>Parmi les projets r\u00e9alis\u00e9s, une ancienne b\u00e2tisse de Porrentruy, autrefois divis\u00e9e en petits logements saisonniers sans confort, a \u00e9t\u00e9 transform\u00e9e en deux appartements de 2 \u00e0 4 pi\u00e8ces. Un autre projet a permis de cr\u00e9er des logements plus spacieux en r\u00e9unissant deux maisons mitoyennes gr\u00e2ce \u00e0 une cage d\u2019escalier commune Plusieurs interventions ont am\u00e9lior\u00e9 l\u2019accessibilit\u00e9 des b\u00e2timents aux personnes \u00e0 mobilit\u00e9 r\u00e9duite, notamment par l\u2019installation d\u2019ascenseurs. Discr\u00e8tes depuis l\u2019ext\u00e9rieur, les transformations sont men\u00e9es \u00e0 petite \u00e9chelle pour ne pas alt\u00e9rer la substance des b\u00e2timents historiques. A l\u2019int\u00e9rieur, les \u00e9l\u00e9ments de structures comme les boiseries ou plafonds sont conserv\u00e9s.<\/p>\n<\/div><div class=\"sia-beratung-db-slide-text\" data-index=\"3\" style=\"display:none;\"><p>Au total, 70 nouveaux logements sont cr\u00e9\u00e9s gr\u00e2ce \u00e0 une vingtaine de r\u00e9novation. Les appartements ont rapidement trouv\u00e9 preneurs, d\u00e9montrant ainsi l\u2019int\u00e9r\u00eat pour des logements mieux adapt\u00e9s aux besoins actuels, notamment pour des familles qui souhaitent habiter le centre historique. A l\u2019issue du projet pilote, le Jura a d\u00e9cid\u00e9 de g\u00e9n\u00e9raliser le programme \u00e0 l\u2019enti\u00e8ret\u00e9 du canton. S\u2019il est jug\u00e9 de qualit\u00e9, un projet de r\u00e9habilitation de b\u00e2timent peut b\u00e9n\u00e9ficier d\u2019une subvention cantonale de 10&#8217;000 francs, \u00e0 condition que la commune finance \u00e9galement le projet. Ces subventions proviennent d\u2019un fonds de compensation aliment\u00e9 par une taxe sur la plus-value.<\/p>\n<\/div><\/div><div class=\"sia-beratung-db-filterbox\"><label class=\"toggle\" onclick=\"return window.siaBeratung.toggleFilterBox(this);\"><span>Construire dans le b\u00e2ti existant<\/span><span>Conseil par les communes<\/span><span>Commune<\/span><span>Politique immobili\u00e8re<\/span><span>Taxation de la plus-value<\/span><span>Sites construits<\/span><span>Partenariat public-priv\u00e9<\/span><span>Soutien de projets<\/span><\/label><div class=\"options\"><a href=\"#\" onclick=\"return window.siaBeratung.setFilterBoxFilter(135);\">Construire dans le b\u00e2ti existant<\/a><a href=\"#\" onclick=\"return window.siaBeratung.setFilterBoxFilter(156);\">Conseil par les communes<\/a><a href=\"#\" onclick=\"return window.siaBeratung.setFilterBoxFilter(189);\">Commune<\/a><a href=\"#\" onclick=\"return window.siaBeratung.setFilterBoxFilter(145);\">Politique immobili\u00e8re<\/a><a href=\"#\" onclick=\"return window.siaBeratung.setFilterBoxFilter(162);\">Taxation de la plus-value<\/a><a href=\"#\" onclick=\"return window.siaBeratung.setFilterBoxFilter(150);\">Sites construits<\/a><a href=\"#\" onclick=\"return window.siaBeratung.setFilterBoxFilter(164);\">Partenariat public-priv\u00e9<\/a><a href=\"#\" onclick=\"return window.siaBeratung.setFilterBoxFilter(165);\">Soutien de projets<\/a><a href=\"#\" onclick=\"return window.siaBeratung.setFilterBoxFilter([135,145,150,156,162,164,165,189]);\">Alle Filter ausw\u00e4hlen<\/a><\/div><\/div><label class=\"sia-beratung-db-filterbox-spacer\">&nbsp;<\/label><\/div><a class=\"swiper-button swiper-button-next desktop\"><\/a><\/div><\/div><div class=\"sia-beratung-db-entry-searchtext\">pruntrut: die altstadt anders bewohnen | dans le canton du jura, la d\u00e9sertification des centres-villes au profit des zones p\u00e9riurbaines est un ph\u00e9nom\u00e8ne observ\u00e9 \u00e0 plusieurs endroits. a cela s\u2019ajoute le manque d\u2019entretien du patrimoine b\u00e2ti dans les centres anciens. pour encourager la population \u00e0 habiter les centres-villes, le canton a souhait\u00e9 cr\u00e9er une offre de logement qui r\u00e9ponde \u00e0 un confort \u00e9quivalent \u00e0 celui des p\u00e9riph\u00e9ries, tout en valorisant le patrimoine b\u00e2ti de ses centres historiques.r\u00f4le de la commune :coordonner, conseiller, \u00e9valuer, financer, promouvoir, communiquerorganismes responsables :commune de porrentruy, canton du juraaccompagnement du processus :espacesuisse, commission cantonale des paysages et des sites, acteurs priv\u00e9ssource : densipedia | une rang\u00e9e d\u2019immeubles r\u00e9habilit\u00e9s en vielle ville \u00a9 burri et partenaires, porrentruy | en 2006, le canton lance \u00e0 porrentruy un concours d\u2019id\u00e9es r\u00e9unissant offices cantonaux et communaux, urbanistes et propri\u00e9taires priv\u00e9s. les participants sont invit\u00e9s \u00e0 imaginer la r\u00e9habilitation de deux b\u00e2timents du centre historique, en tenant compte des modes d\u2019habiter actuels. soutenu par l\u2019office f\u00e9d\u00e9ral du d\u00e9veloppement territorial (are) dans le cadre de ses programmes d\u2019encouragement, le canton concr\u00e9tise les r\u00e9flexions issues du concours. il lance, entre 2008 et 2012, un projet pilote visant \u00e0 r\u00e9nover les immeubles d\u2019habitation situ\u00e9s dans les centres des localit\u00e9s, souvent dans des p\u00e9rim\u00e8tres isos. le projet se traduit par un conseil technique et une aide financi\u00e8re cantonale et communale de 40&#8217;000 francs par propri\u00e9taire. la commune assure la promotion du programme aupr\u00e8s du public, \u00e9value la qualit\u00e9 des projets pour l\u2019octroi des aides et accompagne techniquement les porteurs de projets. un dialogue \u00e9troit entre autorit\u00e9s communales et propri\u00e9taires priv\u00e9s est privil\u00e9gi\u00e9 afin de parvenir rapidement \u00e0 un accord satisfaisant. | les transformations sont discr\u00e8tes \u00a9 burri et partenaires, porrentruy | parmi les projets r\u00e9alis\u00e9s, une ancienne b\u00e2tisse de porrentruy, autrefois divis\u00e9e en petits logements saisonniers sans confort, a \u00e9t\u00e9 transform\u00e9e en deux appartements de 2 \u00e0 4 pi\u00e8ces. un autre projet a permis de cr\u00e9er des logements plus spacieux en r\u00e9unissant deux maisons mitoyennes gr\u00e2ce \u00e0 une cage d\u2019escalier commune plusieurs interventions ont am\u00e9lior\u00e9 l\u2019accessibilit\u00e9 des b\u00e2timents aux personnes \u00e0 mobilit\u00e9 r\u00e9duite, notamment par l\u2019installation d\u2019ascenseurs. discr\u00e8tes depuis l\u2019ext\u00e9rieur, les transformations sont men\u00e9es \u00e0 petite \u00e9chelle pour ne pas alt\u00e9rer la substance des b\u00e2timents historiques. a l\u2019int\u00e9rieur, les \u00e9l\u00e9ments de structures comme les boiseries ou plafonds sont conserv\u00e9s. | les deux maisons mitoyennes (fa\u00e7ades blanches et jaunes) ont \u00e9t\u00e9 reli\u00e9es par une cage d\u2019escalier, afin de cr\u00e9er des logements spacieux \u00a9 alain beuret, espacesuisse | au total, 70 nouveaux logements sont cr\u00e9\u00e9s gr\u00e2ce \u00e0 une vingtaine de r\u00e9novation. les appartements ont rapidement trouv\u00e9 preneurs, d\u00e9montrant ainsi l\u2019int\u00e9r\u00eat pour des logements mieux adapt\u00e9s aux besoins actuels, notamment pour des familles qui souhaitent habiter le centre historique. a l\u2019issue du projet pilote, le jura a d\u00e9cid\u00e9 de g\u00e9n\u00e9raliser le programme \u00e0 l\u2019enti\u00e8ret\u00e9 du canton. s\u2019il est jug\u00e9 de qualit\u00e9, un projet de r\u00e9habilitation de b\u00e2timent peut b\u00e9n\u00e9ficier d\u2019une subvention cantonale de 10&#8217;000 francs, \u00e0 condition que la commune finance \u00e9galement le projet. ces subventions proviennent d\u2019un fonds de compensation aliment\u00e9 par une taxe sur la plus-value. | \u00a9 swisstopo | bauen im bestand | liegenschaftspolitik | ortsbilder | beratung durch gemeinden | mehrwertabsch\u00f6pfung | ppp | projektunterst\u00fctzung | gemeinde<\/div><\/article><article class=\"sia-beratung-db-entry\" data-id=\"1483\" data-cpt=\"sia-beispiele\" data-slug=\"prangins-mehr-als-planungsbehoerde\" data-lat=\"46.3947791\" data-lng=\"6.2488174\" data-filter-135=\"1\" data-filter-138=\"1\" data-filter-139=\"1\" data-filter-142=\"1\" data-filter-145=\"1\" data-filter-148=\"1\" data-filter-149=\"1\" data-filter-150=\"1\" data-filter-151=\"1\" data-filter-156=\"1\" data-filter-160=\"1\" data-filter-161=\"1\" data-filter-163=\"1\" data-filter-164=\"1\" data-filter-166=\"1\" data-filter-167=\"1\" data-filter-246=\"1\" data-filter-256=\"1\" data-filter-288=\"1\" data-filter-289=\"1\" data-filter-290=\"1\" data-all-filter=\"135,138,139,142,145,148,149,150,151,156,160,161,163,164,166,167,246,256,288,289,290\"><div class=\"sia-beratung-db-entry-header\" onclick=\"return window.siaBeratung.toggleCpt(this);\"><div class=\"col-1\">Prangins&nbsp;: davantage qu\u2019une simple autorit\u00e9 d\u2019approbation des plans<\/div><div class=\"col-2\">Prangins, VD<\/div><div class=\"sia-beratung-db-angle\"><span class=\"sia-beratung-angle\"><\/span><\/div><\/div><div class=\"sia-beratung-db-entry-content\"><div class=\"sia-beratung-db-entry-content-columns\"><div class=\"col-1\"><div class=\"sia-beratung-db-entry-slides\"><div class=\"sia-beratung-db-entry-swiper\"><div class=\"swiper-wrapper\"><div class=\"swiper-slide\"><img loading=\"lazy\" decoding=\"async\" src=\"https:\/\/baukulturschweiz.ch\/wp-content\/uploads\/2023\/06\/2023-04-20-120554-prangins-1-a-beuret-espacesuisse-1024x768.jpg\" width=\"1024\" height=\"768\" \/><\/div><div class=\"swiper-slide\"><img loading=\"lazy\" decoding=\"async\" src=\"https:\/\/baukulturschweiz.ch\/wp-content\/uploads\/2023\/06\/2023-04-20-120836-prangins-2-a-beuret-espacesuisse-1024x768.jpg\" width=\"1024\" height=\"768\" \/><\/div><div class=\"swiper-slide\"><img loading=\"lazy\" decoding=\"async\" src=\"https:\/\/baukulturschweiz.ch\/wp-content\/uploads\/2023\/06\/2023-04-20-120929-prangins-3-a-beuret-espacesuisse-1024x768.jpg\" width=\"1024\" height=\"768\" \/><\/div><div class=\"swiper-slide\"><img loading=\"lazy\" decoding=\"async\" src=\"https:\/\/baukulturschweiz.ch\/wp-content\/uploads\/2023\/06\/2023-04-20-121027-be-prangins-5-c-swisstopo-1024x768.jpg\" width=\"1024\" height=\"768\" \/><\/div><\/div><\/div><a class=\"swiper-button swiper-button-prev\"><\/a><a class=\"swiper-button swiper-button-next mobile\"><\/a><div class=\"sia-beratung-db-slide-legends\"><small data-index=\"0\">Planifier, c\u2019est am\u00e9nager<br \/>\r\n\u00a9 A. Beuret, EspaceSuisse<\/small><small data-index=\"1\" style=\"display:none;\">Planifier, c\u2019est mod\u00e9rer<br \/>\r\n\u00a9 A. Beuret, EspaceSuisse<\/small><small data-index=\"2\" style=\"display:none;\">Planifier, c\u2019est agir<br \/>\r\n\u00a9 A. Beuret, EspaceSuisse<\/small><small data-index=\"3\" style=\"display:none;\">\u00a9 Swisstopo<\/small><small class=\"pageNo\">1\/4<\/small><\/div><\/div><\/div><div class=\"col-2\"><div class=\"sia-beratung-db-slide-texts\"><div class=\"sia-beratung-db-slide-text\" data-index=\"0\"><p>La commune de Prangins a obtenu en 2021 le Prix Wakker pour son engagement exceptionnel dans l\u2019esprit de la culture du b\u00e2ti et pour une grande qualit\u00e9 de vie. Les efforts actifs, professionnels et de longue haleine qui ont \u00e9t\u00e9 accomplis vont bien au-del\u00e0 des exigences minimales pos\u00e9es \u00e0 une autorit\u00e9 d\u2019approbation des plans.<\/p>\n<p><strong>R\u00f4le de la commune&nbsp;:<\/strong>\u00a0prendre l\u2019initiative, r\u00e9fl\u00e9chir, d\u00e9cider, mettre en \u0153uvre<br \/>\n<strong>Organismes responsables\u00a0:<\/strong>\u00a0Commune<br \/>\n<strong>Autres acteurs&nbsp;:<\/strong>\u00a0divers experts de diff\u00e9rentes disciplines<br \/>\n<strong>Source&nbsp;:<\/strong>\u00a0<a class=\"external\" title=\"Densipedia\" href=\"https:\/\/www.densipedia.ch\/fr\/comment-un-petit-village-planifie-son-avenir\" target=\"_blank\" rel=\"noopener\">Densipedia<\/a><\/p>\n<\/div><div class=\"sia-beratung-db-slide-text\" data-index=\"1\" style=\"display:none;\"><p>Ce qui a contribu\u00e9 de fa\u00e7on d\u00e9cisive \u00e0 redonner vie au centre du village de Prangins, c\u2019est que la commune a pu inclure dans le projet plusieurs immeubles qui lui appartenaient. Avec des moyens modestes, elle est parvenue \u00e0 relier sans rupture le centre du village au ch\u00e2teau, tout en augmentant la mixit\u00e9 sociale, donnant ainsi une nouvelle vie \u00e0 tout un quartier. La commune renforce l\u2019identit\u00e9 sp\u00e9cifique du lieu par un entretien et un d\u00e9veloppement soigneux des qualit\u00e9s du site existant. Elle a install\u00e9, en particulier, une nouvelle place du village, la Place de la Broderie, en bordure de laquelle des logements coop\u00e9ratifs ont \u00e9t\u00e9 cr\u00e9\u00e9s dans une rang\u00e9e de maisons class\u00e9e monument historique. Le r\u00e9am\u00e9nagement de cette place marque la conclusion provisoire de la revalorisation du centre du village.<\/p>\n<\/div><div class=\"sia-beratung-db-slide-text\" data-index=\"2\" style=\"display:none;\"><p>La commune mod\u00e8re depuis longtemps d\u00e9j\u00e0 le processus de d\u00e9veloppement et collabore tant avec des particuliers qu\u2019avec des experts. Le travail men\u00e9 pour d\u00e9velopper des logements autour de la place de village constitue un bon exemple de cet engagement. La commune de Prangins a c\u00e9d\u00e9 en 2008 \u00e0 la petite Coop\u00e9rative des Plantaz trois b\u00e2timents en droit de superficie. Elle lui a confi\u00e9 l\u2019assainissement et la gestion des b\u00e2timents, avec pour objectif de proposer des logements \u00e0 un prix abordable et de favoriser la mixit\u00e9 sociale. La coop\u00e9rative a particip\u00e9 au co\u00fbt du concours d\u2019architecture lanc\u00e9 en 2009 par la commune. Pr\u00e8s de dix ans se sont ensuite \u00e9coul\u00e9s, en raison d\u2019oppositions, jusqu\u2019\u00e0 ce que ce projet de grande qualit\u00e9 puisse se r\u00e9aliser. L\u2019atmosph\u00e8re unique en son genre dans laquelle il fait visiblement bon vivre est imperm\u00e9able aux sautes d\u2019humeur des voisins.<\/p>\n<\/div><div class=\"sia-beratung-db-slide-text\" data-index=\"3\" style=\"display:none;\"><p>L\u2019exemple de l\u2019am\u00e9nagement du centre du village de Prangins montre que l\u2019inscription d\u2019un site \u00e0 l\u2019Inventaire f\u00e9d\u00e9ral des sites construits d\u2019importance nationale \u00e0 prot\u00e9ger en Suisse (ISOS) n\u2019exclut pas le d\u00e9veloppement vers l\u2019int\u00e9rieur, mais peut aboutir \u00e0 une am\u00e9lioration de la qualit\u00e9 de vie et de l\u2019habitat. En d\u00e9molissant l\u2019immeuble voisin de l\u2019Auberge communale, la commune a fait d\u2019une pierre deux coups, et m\u00eame trois&nbsp;: elle a r\u00e9alis\u00e9 une place publique, cr\u00e9\u00e9 de nouveaux logements baign\u00e9s de lumi\u00e8re et donn\u00e9 une nouvelle vie \u00e0 l\u2019Auberge communale. Ce projet a n\u00e9cessit\u00e9 une volont\u00e9 politique claire et beaucoup de patience. Personne aujourd\u2019hui ne doute plus que ces efforts en valaient la peine.<\/p>\n<\/div><\/div><div class=\"sia-beratung-db-filterbox\"><label class=\"toggle\" onclick=\"return window.siaBeratung.toggleFilterBox(this);\"><span>Construire dans le b\u00e2ti existant<\/span><span>Conseil par les communes<\/span><span>Monuments<\/span><span>Dialogue<\/span><span>EspaceSuisse<\/span><span>D\u00e9veloppement \u00e0 l\u2019int\u00e9rieur du milieu b\u00e2ti<\/span><span>Inventaires<\/span><span>Projets de construction communaux<\/span><span>Politique immobili\u00e8re<\/span><span>Durabilit\u00e9<\/span><span>Plans d\u2019affectation<\/span><span>Espace public<\/span><span>Sites construits<\/span><span>Outils de planification<\/span><span>Partenariat public-priv\u00e9<\/span><span>Proc\u00e9dures d\u2019assurance qualit\u00e9<\/span><span>Strat\u00e9gies de d\u00e9veloppement territorial<\/span><span>Patrimoine suisse<\/span><\/label><div class=\"options\"><a href=\"#\" onclick=\"return window.siaBeratung.setFilterBoxFilter(135);\">Construire dans le b\u00e2ti existant<\/a><a href=\"#\" onclick=\"return window.siaBeratung.setFilterBoxFilter(156);\">Conseil par les communes<\/a><a href=\"#\" onclick=\"return window.siaBeratung.setFilterBoxFilter(138);\">Monuments<\/a><a href=\"#\" onclick=\"return window.siaBeratung.setFilterBoxFilter(139);\">Dialogue<\/a><a href=\"#\" onclick=\"return window.siaBeratung.setFilterBoxFilter(246);\">EspaceSuisse<\/a><a href=\"#\" onclick=\"return window.siaBeratung.setFilterBoxFilter(142);\">D\u00e9veloppement \u00e0 l\u2019int\u00e9rieur du milieu b\u00e2ti<\/a><a href=\"#\" onclick=\"return window.siaBeratung.setFilterBoxFilter(160);\">Inventaires<\/a><a href=\"#\" onclick=\"return window.siaBeratung.setFilterBoxFilter(161);\">Projets de construction communaux<\/a><a href=\"#\" onclick=\"return window.siaBeratung.setFilterBoxFilter(145);\">Politique immobili\u00e8re<\/a><a href=\"#\" onclick=\"return window.siaBeratung.setFilterBoxFilter(148);\">Durabilit\u00e9<\/a><a href=\"#\" onclick=\"return window.siaBeratung.setFilterBoxFilter(163);\">Plans d\u2019affectation<\/a><a href=\"#\" onclick=\"return window.siaBeratung.setFilterBoxFilter(149);\">Espace public<\/a><a href=\"#\" onclick=\"return window.siaBeratung.setFilterBoxFilter(150);\">Sites construits<\/a><a href=\"#\" onclick=\"return window.siaBeratung.setFilterBoxFilter(151);\">Outils de planification<\/a><a href=\"#\" onclick=\"return window.siaBeratung.setFilterBoxFilter(164);\">Partenariat public-priv\u00e9<\/a><a href=\"#\" onclick=\"return window.siaBeratung.setFilterBoxFilter(166);\">Proc\u00e9dures d\u2019assurance qualit\u00e9<\/a><a href=\"#\" onclick=\"return window.siaBeratung.setFilterBoxFilter(167);\">Strat\u00e9gies de d\u00e9veloppement territorial<\/a><a href=\"#\" onclick=\"return window.siaBeratung.setFilterBoxFilter(256);\">Patrimoine suisse<\/a><a href=\"#\" onclick=\"return window.siaBeratung.setFilterBoxFilter([135,138,139,142,145,148,149,150,151,156,160,161,163,164,166,167,246,256,288,289,290]);\">Alle Filter ausw\u00e4hlen<\/a><\/div><\/div><label class=\"sia-beratung-db-filterbox-spacer\">&nbsp;<\/label><\/div><a class=\"swiper-button swiper-button-next desktop\"><\/a><\/div><\/div><div class=\"sia-beratung-db-entry-searchtext\">prangins: mehr als planungsbeh\u00f6rde | la commune de prangins a obtenu en 2021 le prix wakker pour son engagement exceptionnel dans l\u2019esprit de la culture du b\u00e2ti et pour une grande qualit\u00e9 de vie. les efforts actifs, professionnels et de longue haleine qui ont \u00e9t\u00e9 accomplis vont bien au-del\u00e0 des exigences minimales pos\u00e9es \u00e0 une autorit\u00e9 d\u2019approbation des plans.r\u00f4le de la commune&nbsp;:\u00a0prendre l\u2019initiative, r\u00e9fl\u00e9chir, d\u00e9cider, mettre en \u0153uvreorganismes responsables\u00a0:\u00a0communeautres acteurs&nbsp;:\u00a0divers experts de diff\u00e9rentes disciplinessource&nbsp;:\u00a0densipedia | planifier, c\u2019est am\u00e9nager\r\u00a9 a. beuret, espacesuisse | ce qui a contribu\u00e9 de fa\u00e7on d\u00e9cisive \u00e0 redonner vie au centre du village de prangins, c\u2019est que la commune a pu inclure dans le projet plusieurs immeubles qui lui appartenaient. avec des moyens modestes, elle est parvenue \u00e0 relier sans rupture le centre du village au ch\u00e2teau, tout en augmentant la mixit\u00e9 sociale, donnant ainsi une nouvelle vie \u00e0 tout un quartier. la commune renforce l\u2019identit\u00e9 sp\u00e9cifique du lieu par un entretien et un d\u00e9veloppement soigneux des qualit\u00e9s du site existant. elle a install\u00e9, en particulier, une nouvelle place du village, la place de la broderie, en bordure de laquelle des logements coop\u00e9ratifs ont \u00e9t\u00e9 cr\u00e9\u00e9s dans une rang\u00e9e de maisons class\u00e9e monument historique. le r\u00e9am\u00e9nagement de cette place marque la conclusion provisoire de la revalorisation du centre du village. | planifier, c\u2019est mod\u00e9rer\r\u00a9 a. beuret, espacesuisse | la commune mod\u00e8re depuis longtemps d\u00e9j\u00e0 le processus de d\u00e9veloppement et collabore tant avec des particuliers qu\u2019avec des experts. le travail men\u00e9 pour d\u00e9velopper des logements autour de la place de village constitue un bon exemple de cet engagement. la commune de prangins a c\u00e9d\u00e9 en 2008 \u00e0 la petite coop\u00e9rative des plantaz trois b\u00e2timents en droit de superficie. elle lui a confi\u00e9 l\u2019assainissement et la gestion des b\u00e2timents, avec pour objectif de proposer des logements \u00e0 un prix abordable et de favoriser la mixit\u00e9 sociale. la coop\u00e9rative a particip\u00e9 au co\u00fbt du concours d\u2019architecture lanc\u00e9 en 2009 par la commune. pr\u00e8s de dix ans se sont ensuite \u00e9coul\u00e9s, en raison d\u2019oppositions, jusqu\u2019\u00e0 ce que ce projet de grande qualit\u00e9 puisse se r\u00e9aliser. l\u2019atmosph\u00e8re unique en son genre dans laquelle il fait visiblement bon vivre est imperm\u00e9able aux sautes d\u2019humeur des voisins. | planifier, c\u2019est agir\r\u00a9 a. beuret, espacesuisse | l\u2019exemple de l\u2019am\u00e9nagement du centre du village de prangins montre que l\u2019inscription d\u2019un site \u00e0 l\u2019inventaire f\u00e9d\u00e9ral des sites construits d\u2019importance nationale \u00e0 prot\u00e9ger en suisse (isos) n\u2019exclut pas le d\u00e9veloppement vers l\u2019int\u00e9rieur, mais peut aboutir \u00e0 une am\u00e9lioration de la qualit\u00e9 de vie et de l\u2019habitat. en d\u00e9molissant l\u2019immeuble voisin de l\u2019auberge communale, la commune a fait d\u2019une pierre deux coups, et m\u00eame trois&nbsp;: elle a r\u00e9alis\u00e9 une place publique, cr\u00e9\u00e9 de nouveaux logements baign\u00e9s de lumi\u00e8re et donn\u00e9 une nouvelle vie \u00e0 l\u2019auberge communale. ce projet a n\u00e9cessit\u00e9 une volont\u00e9 politique claire et beaucoup de patience. personne aujourd\u2019hui ne doute plus que ces efforts en valaient la peine. | \u00a9 swisstopo | bauen im bestand | denkm\u00e4ler | dialog | innenentwicklung | liegenschaftspolitik | nachhaltigkeit | \u00f6ffentlicher raum | ortsbilder | planungsinstrumente | beratung durch gemeinden | inventare | kommunale bauprojekte | nutzungsplanung | ppp | qualit\u00e4tssichernde verfahren | r\u00e4umliche entwicklungsleitbilder | espacesuisse | schweizer heimatschutz | de | fr | it<\/div><\/article><article class=\"sia-beratung-db-entry\" data-id=\"1609\" data-cpt=\"sia-angebote\" data-slug=\"praxishandbuch-bauen-ausserhalb-der-bauzone\" data-lat=\"53.5507112\" data-lng=\"10.0006485\" data-filter-144=\"1\" data-filter-151=\"1\" data-filter-155=\"1\" data-filter-226=\"1\" data-filter-270=\"1\" data-filter-288=\"1\" data-all-filter=\"144,151,155,226,270,288\"><div class=\"sia-beratung-db-entry-header\" onclick=\"return window.siaBeratung.toggleCpt(this);\"><div class=\"col-1\">Praxishandbuch Bauen ausserhalb der Bauzone<\/div><div class=\"col-2\"><span>Obwald<\/span><\/div><div class=\"col-3\"><span>Guide<\/span><\/div><div class=\"sia-beratung-db-angle\"><span class=\"sia-beratung-angle\"><\/span><\/div><\/div><div class=\"sia-beratung-db-entry-content\"><div class=\"sia-beratung-db-entry-content-columns\"><div class=\"col-1\"><p>Das Praxishandbuch erl\u00e4utert die kantonale Praxis und enth\u00e4lt Verweise auf anwendbare Rechtsnormen und die Rechtsprechung. Es richtet sich an die mit dem Bauen ausserhalb der Bauzonen betrauten kantonalen und kommunalen Beh\u00f6rden, an Planer sowie Bauwillige.<\/p>\n<\/div><div class=\"col-2\"><\/div><\/div><div class=\"sia-beratung-db-entry-footer\"><div class=\"col-1\"><a href=\"https:\/\/www.ow.ch\/publikationen\/14995\" class=\"sia-beratung-db-entry-link\" target=\"_blank\" rel=\"noopener\">Link zum Angebot<\/a><\/div><div class=\"col-2\"><div class=\"sia-beratung-db-filterbox\"><label class=\"toggle\" onclick=\"return window.siaBeratung.toggleFilterBox(this);\"><span>Guide<\/span><span>Construction hors zone \u00e0 b\u00e2tir<\/span><span>Paysage<\/span><span>Obwald<\/span><span>Outils de planification<\/span><\/label><div class=\"options\"><a href=\"#\" onclick=\"return window.siaBeratung.setFilterBoxFilter(270);\">Guide<\/a><a href=\"#\" onclick=\"return window.siaBeratung.setFilterBoxFilter(155);\">Construction hors zone \u00e0 b\u00e2tir<\/a><a href=\"#\" onclick=\"return window.siaBeratung.setFilterBoxFilter(144);\">Paysage<\/a><a href=\"#\" onclick=\"return window.siaBeratung.setFilterBoxFilter(226);\">Obwald<\/a><a href=\"#\" onclick=\"return window.siaBeratung.setFilterBoxFilter(151);\">Outils de planification<\/a><a href=\"#\" onclick=\"return window.siaBeratung.setFilterBoxFilter([144,151,155,226,270,288]);\">Alle Filter ausw\u00e4hlen<\/a><\/div><\/div><label class=\"sia-beratung-db-filterbox-spacer\">&nbsp;<\/label><\/div><\/div><\/div><div class=\"sia-beratung-db-entry-searchtext\">praxishandbuch bauen ausserhalb der bauzone | das praxishandbuch erl\u00e4utert die kantonale praxis und enth\u00e4lt verweise auf anwendbare rechtsnormen und die rechtsprechung. es richtet sich an die mit dem bauen ausserhalb der bauzonen betrauten kantonalen und kommunalen beh\u00f6rden, an planer sowie bauwillige. | landschaft | planungsinstrumente | bauen ausserhalb der bauzone | obwalden | arbeitshilfe | de<\/div><\/article><article class=\"sia-beratung-db-entry\" data-id=\"1691\" data-cpt=\"sia-ausbildung\" data-slug=\"preservation\" data-lang-slug-de_de=\"\" data-lang-slug-en_gb=\"\" data-lang-slug-fr_fr=\"\" data-lang-slug-it_it=\"\" data-lat=\"47.4085699595257\" data-lng=\"8.50618101148507\" data-filter-135=\"1\" data-filter-138=\"1\" data-filter-150=\"1\" data-filter-160=\"1\" data-filter-197=\"1\" data-filter-272=\"1\" data-filter-288=\"1\" data-all-filter=\"135,138,150,160,197,272,288\"><div class=\"sia-beratung-db-entry-header\" onclick=\"return window.siaBeratung.toggleCpt(this);\"><div class=\"col-1\">Preservation<\/div><div class=\"col-2\"><span>ETHZ<\/span><\/div><div class=\"col-3\"><span>CAS<\/span><\/div><div class=\"sia-beratung-db-angle\"><span class=\"sia-beratung-angle\"><\/span><\/div><\/div><div class=\"sia-beratung-db-entry-content\"><div class=\"sia-beratung-db-entry-content-columns\"><div class=\"col-1\"><p>Die Weiterbildung vermittelt das Basiswissen denkmalpflegerischer Konzepte und Methoden mit einem Fokus auf historisch, kulturelle, technische, \u00f6konomische, \u00f6kologische und rechtliche Aspekte. Durch die Einbeziehung der historischen Bauforschung und Konstruktionsgeschichte werden die notwendigen Voraussetzungen f\u00fcr die Festlegung und Durchf\u00fchrung denkmalpflegerischer Massnahmen geschaffen.<\/p>\n<\/div><div class=\"col-2\"><\/div><\/div><div class=\"sia-beratung-db-entry-footer\"><div class=\"col-1\"><a href=\"https:\/\/sce.ethz.ch\/programme-und-kurse\/suche-angebote\/cas\/cas-eth-in-preservation.html\" class=\"sia-beratung-db-entry-link\" target=\"_blank\" rel=\"noopener\">Link zum Angebot<\/a><\/div><div class=\"col-2\"><div class=\"sia-beratung-db-filterbox\"><label class=\"toggle\" onclick=\"return window.siaBeratung.toggleFilterBox(this);\"><span>Construire dans le b\u00e2ti existant<\/span><span>CAS<\/span><span>Monuments<\/span><span>ETHZ<\/span><span>Inventaires<\/span><span>Sites construits<\/span><\/label><div class=\"options\"><a href=\"#\" onclick=\"return window.siaBeratung.setFilterBoxFilter(135);\">Construire dans le b\u00e2ti existant<\/a><a href=\"#\" onclick=\"return window.siaBeratung.setFilterBoxFilter(272);\">CAS<\/a><a href=\"#\" onclick=\"return window.siaBeratung.setFilterBoxFilter(138);\">Monuments<\/a><a href=\"#\" onclick=\"return window.siaBeratung.setFilterBoxFilter(197);\">ETHZ<\/a><a href=\"#\" onclick=\"return window.siaBeratung.setFilterBoxFilter(160);\">Inventaires<\/a><a href=\"#\" onclick=\"return window.siaBeratung.setFilterBoxFilter(150);\">Sites construits<\/a><a href=\"#\" onclick=\"return window.siaBeratung.setFilterBoxFilter([135,138,150,160,197,272,288]);\">Alle Filter ausw\u00e4hlen<\/a><\/div><\/div><label class=\"sia-beratung-db-filterbox-spacer\">&nbsp;<\/label><\/div><\/div><\/div><div class=\"sia-beratung-db-entry-searchtext\">preservation | die weiterbildung vermittelt das basiswissen denkmalpflegerischer konzepte und methoden mit einem fokus auf historisch, kulturelle, technische, \u00f6konomische, \u00f6kologische und rechtliche aspekte. durch die einbeziehung der historischen bauforschung und konstruktionsgeschichte werden die notwendigen voraussetzungen f\u00fcr die festlegung und durchf\u00fchrung denkmalpflegerischer massnahmen geschaffen. | bauen im bestand | denkm\u00e4ler | ortsbilder | inventare | ethz eidgen\u00f6ssische technische hochschule z\u00fcrich | cas | de<\/div><\/article><article class=\"sia-beratung-db-entry\" data-id=\"1575\" data-cpt=\"sia-angebote\" data-slug=\"gestaltungsgrundsaetze\" data-lang-slug-de_de=\"\" data-lang-slug-en_gb=\"\" data-lang-slug-fr_fr=\"\" data-lang-slug-it_it=\"\" data-lat=\"53.5507112\" data-lng=\"10.0008202\" data-filter-135=\"1\" data-filter-138=\"1\" data-filter-144=\"1\" data-filter-150=\"1\" data-filter-155=\"1\" data-filter-217=\"1\" data-filter-270=\"1\" data-filter-288=\"1\" data-filter-289=\"1\" data-all-filter=\"135,138,144,150,155,217,270,288,289\"><div class=\"sia-beratung-db-entry-header\" onclick=\"return window.siaBeratung.toggleCpt(this);\"><div class=\"col-1\">Principes d'agencement<\/div><div class=\"col-2\"><span>Berne<\/span><\/div><div class=\"col-3\"><span>Guide<\/span><\/div><div class=\"sia-beratung-db-angle\"><span class=\"sia-beratung-angle\"><\/span><\/div><\/div><div class=\"sia-beratung-db-entry-content\"><div class=\"sia-beratung-db-entry-content-columns\"><div class=\"col-1\"><p>&#8230;b\u00e2timents d&#8217;exploitation agricole, transformation de b\u00e2timents et d&#8217;installations \u00e9rig\u00e9s sous l&#8217;ancien droit, transformation et changement d&#8217;affectation d&#8217;une construction digne de protection, construction dans un territoire \u00e0 habitat traditionnellement dispers\u00e9 &#8211; logement et commerce local.<\/p>\n<\/div><div class=\"col-2\"><\/div><\/div><div class=\"sia-beratung-db-entry-footer\"><div class=\"col-1\"><a href=\"https:\/\/www.bauen.dij.be.ch\/fr\/start\/bauenausserhalbderbauzonen\/gestaltungsgrundsaetze.html\" class=\"sia-beratung-db-entry-link\" target=\"_blank\" rel=\"noopener\">Link zum Angebot<\/a><\/div><div class=\"col-2\"><div class=\"sia-beratung-db-filterbox\"><label class=\"toggle\" onclick=\"return window.siaBeratung.toggleFilterBox(this);\"><span>Guide<\/span><span>Construction hors zone \u00e0 b\u00e2tir<\/span><span>Construire dans le b\u00e2ti existant<\/span><span>Berne<\/span><span>Monuments<\/span><span>Paysage<\/span><span>Sites construits<\/span><\/label><div class=\"options\"><a href=\"#\" onclick=\"return window.siaBeratung.setFilterBoxFilter(270);\">Guide<\/a><a href=\"#\" onclick=\"return window.siaBeratung.setFilterBoxFilter(155);\">Construction hors zone \u00e0 b\u00e2tir<\/a><a href=\"#\" onclick=\"return window.siaBeratung.setFilterBoxFilter(135);\">Construire dans le b\u00e2ti existant<\/a><a href=\"#\" onclick=\"return window.siaBeratung.setFilterBoxFilter(217);\">Berne<\/a><a href=\"#\" onclick=\"return window.siaBeratung.setFilterBoxFilter(138);\">Monuments<\/a><a href=\"#\" onclick=\"return window.siaBeratung.setFilterBoxFilter(144);\">Paysage<\/a><a href=\"#\" onclick=\"return window.siaBeratung.setFilterBoxFilter(150);\">Sites construits<\/a><a href=\"#\" onclick=\"return window.siaBeratung.setFilterBoxFilter([135,138,144,150,155,217,270,288,289]);\">Alle Filter ausw\u00e4hlen<\/a><\/div><\/div><label class=\"sia-beratung-db-filterbox-spacer\">&nbsp;<\/label><\/div><\/div><\/div><div class=\"sia-beratung-db-entry-searchtext\">gestaltungsgrunds\u00e4tze | &#8230;b\u00e2timents d&#8217;exploitation agricole, transformation de b\u00e2timents et d&#8217;installations \u00e9rig\u00e9s sous l&#8217;ancien droit, transformation et changement d&#8217;affectation d&#8217;une construction digne de protection, construction dans un territoire \u00e0 habitat traditionnellement dispers\u00e9 &#8211; logement et commerce local. | bauen im bestand | denkm\u00e4ler | landschaft | ortsbilder | bauen ausserhalb der bauzone | bern | arbeitshilfe | de | fr<\/div><\/article><article class=\"sia-beratung-db-entry\" data-id=\"1610\" data-cpt=\"sia-angebote\" data-slug=\"programm-seinplus\" data-lang-slug-de_de=\"\" data-lang-slug-en_gb=\"\" data-lang-slug-fr_fr=\"\" data-lang-slug-it_it=\"\" data-lat=\"53.5507112\" data-lng=\"10.0006485\" data-filter-135=\"1\" data-filter-136=\"1\" data-filter-139=\"1\" data-filter-142=\"1\" data-filter-144=\"1\" data-filter-150=\"1\" data-filter-151=\"1\" data-filter-152=\"1\" data-filter-156=\"1\" data-filter-161=\"1\" data-filter-163=\"1\" data-filter-165=\"1\" data-filter-217=\"1\" data-filter-270=\"1\" data-filter-275=\"1\" data-filter-283=\"1\" data-filter-288=\"1\" data-filter-289=\"1\" data-all-filter=\"135,136,139,142,144,150,151,152,156,161,163,165,217,270,275,283,288,289\"><div class=\"sia-beratung-db-entry-header\" onclick=\"return window.siaBeratung.toggleCpt(this);\"><div class=\"col-1\">Programme (URBi)plus<\/div><div class=\"col-2\"><span>Berne<\/span><\/div><div class=\"col-3\"><span>Guide<\/span><span>Conseil direct<\/span><span>Plateforme<\/span><\/div><div class=\"sia-beratung-db-angle\"><span class=\"sia-beratung-angle\"><\/span><\/div><\/div><div class=\"sia-beratung-db-entry-content\"><div class=\"sia-beratung-db-entry-content-columns\"><div class=\"col-1\"><p>Le bureau de l\u2019urbanisation interne soutient les communes du canton de Berne aussi bien pour les questions conceptuelles ou m\u00e9thodologiques que pour les probl\u00e9matiques concr\u00e8tes li\u00e9es \u00e0 l\u2019urbanisation interne (URBi). Le programme URBi plus comprend trois offres: Consultations, Aide financi\u00e8re et Transmission des connaissances.<\/p>\n<\/div><div class=\"col-2\"><\/div><\/div><div class=\"sia-beratung-db-entry-footer\"><div class=\"col-1\"><a href=\"https:\/\/www.raumplanung.dij.be.ch\/fr\/start\/raumplanungsthemen\/siedlung-und-verkehr\/siedlungsentwicklung-nach-innen--sein-.html\" class=\"sia-beratung-db-entry-link\" target=\"_blank\" rel=\"noopener\">Link zum Angebot<\/a><\/div><div class=\"col-2\"><div class=\"sia-beratung-db-filterbox\"><label class=\"toggle\" onclick=\"return window.siaBeratung.toggleFilterBox(this);\"><span>Guide<\/span><span>Construire dans le b\u00e2ti existant<\/span><span>Conseil par les communes<\/span><span>Berne<\/span><span>Biodiversit\u00e9<\/span><span>Dialogue<\/span><span>Conseil direct<\/span><span>D\u00e9veloppement \u00e0 l\u2019int\u00e9rieur du milieu b\u00e2ti<\/span><span>Projets de construction communaux<\/span><span>Paysage<\/span><span>Plans d\u2019affectation<\/span><span>Sites construits<\/span><span>Outils de planification<\/span><span>Plateforme<\/span><span>Soutien de projets<\/span><span>Processus<\/span><\/label><div class=\"options\"><a href=\"#\" onclick=\"return window.siaBeratung.setFilterBoxFilter(270);\">Guide<\/a><a href=\"#\" onclick=\"return window.siaBeratung.setFilterBoxFilter(135);\">Construire dans le b\u00e2ti existant<\/a><a href=\"#\" onclick=\"return window.siaBeratung.setFilterBoxFilter(156);\">Conseil par les communes<\/a><a href=\"#\" onclick=\"return window.siaBeratung.setFilterBoxFilter(217);\">Berne<\/a><a href=\"#\" onclick=\"return window.siaBeratung.setFilterBoxFilter(136);\">Biodiversit\u00e9<\/a><a href=\"#\" onclick=\"return window.siaBeratung.setFilterBoxFilter(139);\">Dialogue<\/a><a href=\"#\" onclick=\"return window.siaBeratung.setFilterBoxFilter(275);\">Conseil direct<\/a><a href=\"#\" onclick=\"return window.siaBeratung.setFilterBoxFilter(142);\">D\u00e9veloppement \u00e0 l\u2019int\u00e9rieur du milieu b\u00e2ti<\/a><a href=\"#\" onclick=\"return window.siaBeratung.setFilterBoxFilter(161);\">Projets de construction communaux<\/a><a href=\"#\" onclick=\"return window.siaBeratung.setFilterBoxFilter(144);\">Paysage<\/a><a href=\"#\" onclick=\"return window.siaBeratung.setFilterBoxFilter(163);\">Plans d\u2019affectation<\/a><a href=\"#\" onclick=\"return window.siaBeratung.setFilterBoxFilter(150);\">Sites construits<\/a><a href=\"#\" onclick=\"return window.siaBeratung.setFilterBoxFilter(151);\">Outils de planification<\/a><a href=\"#\" onclick=\"return window.siaBeratung.setFilterBoxFilter(283);\">Plateforme<\/a><a href=\"#\" onclick=\"return window.siaBeratung.setFilterBoxFilter(165);\">Soutien de projets<\/a><a href=\"#\" onclick=\"return window.siaBeratung.setFilterBoxFilter(152);\">Processus<\/a><a href=\"#\" onclick=\"return window.siaBeratung.setFilterBoxFilter([135,136,139,142,144,150,151,152,156,161,163,165,217,270,275,283,288,289]);\">Alle Filter ausw\u00e4hlen<\/a><\/div><\/div><label class=\"sia-beratung-db-filterbox-spacer\">&nbsp;<\/label><\/div><\/div><\/div><div class=\"sia-beratung-db-entry-searchtext\">programm (sein)plus | le bureau de l\u2019urbanisation interne soutient les communes du canton de berne aussi bien pour les questions conceptuelles ou m\u00e9thodologiques que pour les probl\u00e9matiques concr\u00e8tes li\u00e9es \u00e0 l\u2019urbanisation interne (urbi). le programme urbi plus comprend trois offres: consultations, aide financi\u00e8re et transmission des connaissances. | bauen im bestand | biodiversit\u00e4t | dialog | innenentwicklung | landschaft | ortsbilder | planungsinstrumente | prozesse | beratung durch gemeinden | kommunale bauprojekte | nutzungsplanung | projektunterst\u00fctzung | bern | arbeitshilfe | direkte beratung | plattform | de | fr<\/div><\/article><article class=\"sia-beratung-db-entry\" data-id=\"1538\" data-cpt=\"sia-angebote\" data-slug=\"agglomerationsprogramme\" data-lang-slug-de_de=\"\" data-lang-slug-en_gb=\"\" data-lang-slug-fr_fr=\"\" data-lang-slug-it_it=\"\" data-lat=\"53.5507112\" data-lng=\"10.0006485\" data-filter-141=\"1\" data-filter-142=\"1\" data-filter-144=\"1\" data-filter-147=\"1\" data-filter-148=\"1\" data-filter-149=\"1\" data-filter-161=\"1\" data-filter-165=\"1\" data-filter-168=\"1\" data-filter-172=\"1\" data-filter-284=\"1\" data-filter-288=\"1\" data-filter-289=\"1\" data-filter-290=\"1\" data-all-filter=\"141,142,144,147,148,149,161,165,168,172,284,288,289,290\"><div class=\"sia-beratung-db-entry-header\" onclick=\"return window.siaBeratung.toggleCpt(this);\"><div class=\"col-1\">Programme en faveur du trafic d\u2019agglom\u00e9ration<\/div><div class=\"col-2\"><span>ARE Office f\u00e9d\u00e9ral du d\u00e9veloppement territorial<\/span><\/div><div class=\"col-3\"><span>Soutien de projets<\/span><\/div><div class=\"sia-beratung-db-angle\"><span class=\"sia-beratung-angle\"><\/span><\/div><\/div><div class=\"sia-beratung-db-entry-content\"><div class=\"sia-beratung-db-entry-content-columns\"><div class=\"col-1\"><p>\u00c0 travers le Programme en faveur du trafic d\u2019agglom\u00e9ration (PTA), la Conf\u00e9d\u00e9ration participe au financement de projets relatifs aux transports dans les villes et les agglom\u00e9rations. Les contributions f\u00e9d\u00e9rales vont \u00e0 des agglom\u00e9rations dont les projets d\u2019agglom\u00e9ration coordonnent efficacement le d\u00e9veloppement des transports et celui de l\u2019urbanisation.<\/p>\n<\/div><div class=\"col-2\"><\/div><\/div><div class=\"sia-beratung-db-entry-footer\"><div class=\"col-1\"><a href=\"https:\/\/www.are.admin.ch\/are\/fr\/home\/mobilite\/programmes-et-projets\/pta.html\" class=\"sia-beratung-db-entry-link\" target=\"_blank\" rel=\"noopener\">Link zum Angebot<\/a><\/div><div class=\"col-2\"><div class=\"sia-beratung-db-filterbox\"><label class=\"toggle\" onclick=\"return window.siaBeratung.toggleFilterBox(this);\"><span>ARE Office f\u00e9d\u00e9ral du d\u00e9veloppement territorial<\/span><span>Infrastructure<\/span><span>D\u00e9veloppement \u00e0 l\u2019int\u00e9rieur du milieu b\u00e2ti<\/span><span>Projets de construction communaux<\/span><span>Paysage<\/span><span>Mobilit\u00e9<\/span><span>Durabilit\u00e9<\/span><span>Espace public<\/span><span>Soutien de projets<\/span><span>Soutien de projets<\/span><span>Coop\u00e9ration r\u00e9gionale<\/span><\/label><div class=\"options\"><a href=\"#\" onclick=\"return window.siaBeratung.setFilterBoxFilter(172);\">ARE Office f\u00e9d\u00e9ral du d\u00e9veloppement territorial<\/a><a href=\"#\" onclick=\"return window.siaBeratung.setFilterBoxFilter(141);\">Infrastructure<\/a><a href=\"#\" onclick=\"return window.siaBeratung.setFilterBoxFilter(142);\">D\u00e9veloppement \u00e0 l\u2019int\u00e9rieur du milieu b\u00e2ti<\/a><a href=\"#\" onclick=\"return window.siaBeratung.setFilterBoxFilter(161);\">Projets de construction communaux<\/a><a href=\"#\" onclick=\"return window.siaBeratung.setFilterBoxFilter(144);\">Paysage<\/a><a href=\"#\" onclick=\"return window.siaBeratung.setFilterBoxFilter(147);\">Mobilit\u00e9<\/a><a href=\"#\" onclick=\"return window.siaBeratung.setFilterBoxFilter(148);\">Durabilit\u00e9<\/a><a href=\"#\" onclick=\"return window.siaBeratung.setFilterBoxFilter(149);\">Espace public<\/a><a href=\"#\" onclick=\"return window.siaBeratung.setFilterBoxFilter(165);\">Soutien de projets<\/a><a href=\"#\" onclick=\"return window.siaBeratung.setFilterBoxFilter(284);\">Soutien de projets<\/a><a href=\"#\" onclick=\"return window.siaBeratung.setFilterBoxFilter(168);\">Coop\u00e9ration r\u00e9gionale<\/a><a href=\"#\" onclick=\"return window.siaBeratung.setFilterBoxFilter([141,142,144,147,148,149,161,165,168,172,284,288,289,290]);\">Alle Filter ausw\u00e4hlen<\/a><\/div><\/div><label class=\"sia-beratung-db-filterbox-spacer\">&nbsp;<\/label><\/div><\/div><\/div><div class=\"sia-beratung-db-entry-searchtext\">agglomerationsprogramme | \u00e0 travers le programme en faveur du trafic d\u2019agglom\u00e9ration (pta), la conf\u00e9d\u00e9ration participe au financement de projets relatifs aux transports dans les villes et les agglom\u00e9rations. les contributions f\u00e9d\u00e9rales vont \u00e0 des agglom\u00e9rations dont les projets d\u2019agglom\u00e9ration coordonnent efficacement le d\u00e9veloppement des transports et celui de l\u2019urbanisation. | infrastruktur | innenentwicklung | landschaft | mobilit\u00e4t | nachhaltigkeit | \u00f6ffentlicher raum | kommunale bauprojekte | projektunterst\u00fctzung | regionale zusammenarbeit | are bundesamt f\u00fcr raumentwicklung | projektunterst\u00fctzung | de | fr | it<\/div><\/article><article class=\"sia-beratung-db-entry\" data-id=\"1607\" data-cpt=\"sia-angebote\" data-slug=\"pilotprogramm-anpassung-an-den-klimawandel\" data-lang-slug-de_de=\"\" data-lang-slug-en_gb=\"\" data-lang-slug-fr_fr=\"\" data-lang-slug-it_it=\"\" data-lat=\"53.5507112\" data-lng=\"10.0006485\" data-filter-140=\"1\" data-filter-143=\"1\" data-filter-144=\"1\" data-filter-148=\"1\" data-filter-149=\"1\" data-filter-165=\"1\" data-filter-172=\"1\" data-filter-173=\"1\" data-filter-174=\"1\" data-filter-175=\"1\" data-filter-176=\"1\" data-filter-180=\"1\" data-filter-181=\"1\" data-filter-182=\"1\" data-filter-183=\"1\" data-filter-284=\"1\" data-filter-288=\"1\" data-filter-289=\"1\" data-filter-290=\"1\" data-all-filter=\"140,143,144,148,149,165,172,173,174,175,176,180,181,182,183,284,288,289,290\"><div class=\"sia-beratung-db-entry-header\" onclick=\"return window.siaBeratung.toggleCpt(this);\"><div class=\"col-1\">Programme pilote \u00ab Adaptation aux changements climatiques \u00bb<\/div><div class=\"col-2\"><span>ARE Office f\u00e9d\u00e9ral du d\u00e9veloppement territorial<\/span><span>OFROU Office f\u00e9d\u00e9ral des routes<\/span><span>OFPP Office f\u00e9d\u00e9ral de la protection de la population<\/span><span>OFEV Office f\u00e9d\u00e9ral de l'environnement<\/span><span>OFSP Office f\u00e9d\u00e9ral de la sant\u00e9 publique<\/span><span>OFEN Office f\u00e9d\u00e9ral de l'\u00e9nergie<\/span><span>OSAV Office f\u00e9d\u00e9ral de la s\u00e9curit\u00e9 alimentaire et des affaires v\u00e9t\u00e9rinaires<\/span><span>OFAG Office f\u00e9d\u00e9ral de l'agriculture<\/span><span>OFL Office f\u00e9d\u00e9ral du logement<\/span><\/div><div class=\"col-3\"><span>Soutien de projets<\/span><\/div><div class=\"sia-beratung-db-angle\"><span class=\"sia-beratung-angle\"><\/span><\/div><\/div><div class=\"sia-beratung-db-entry-content\"><div class=\"sia-beratung-db-entry-content-columns\"><div class=\"col-1\"><p>Le climat \u00e9volue et notre pays doit s\u2019y adapter. \u00c0 cette fin, la Conf\u00e9d\u00e9ration a lanc\u00e9 un programme pilote, qui montre comment la Suisse peut concr\u00e8tement s\u2019adapter aux changements climatiques. En tout, 50 projets sont en cours dans toutes les r\u00e9gions du pays.<\/p>\n<\/div><div class=\"col-2\"><\/div><\/div><div class=\"sia-beratung-db-entry-footer\"><div class=\"col-1\"><a href=\"https:\/\/www.bafu.admin.ch\/bafu\/fr\/home\/themes\/climat\/info-specialistes\/adaptation-changement-climatique\/programme-pilote.html\" class=\"sia-beratung-db-entry-link\" target=\"_blank\" rel=\"noopener\">Link zum Angebot<\/a><\/div><div class=\"col-2\"><div class=\"sia-beratung-db-filterbox\"><label class=\"toggle\" onclick=\"return window.siaBeratung.toggleFilterBox(this);\"><span>ARE Office f\u00e9d\u00e9ral du d\u00e9veloppement territorial<\/span><span>OFROU Office f\u00e9d\u00e9ral des routes<\/span><span>OFPP Office f\u00e9d\u00e9ral de la protection de la population<\/span><span>OFEV Office f\u00e9d\u00e9ral de l'environnement<\/span><span>OFSP Office f\u00e9d\u00e9ral de la sant\u00e9 publique<\/span><span>OFEN Office f\u00e9d\u00e9ral de l'\u00e9nergie<\/span><span>OSAV Office f\u00e9d\u00e9ral de la s\u00e9curit\u00e9 alimentaire et des affaires v\u00e9t\u00e9rinaires<\/span><span>OFAG Office f\u00e9d\u00e9ral de l'agriculture<\/span><span>OFL Office f\u00e9d\u00e9ral du logement<\/span><span>Energie<\/span><span>Climat<\/span><span>Paysage<\/span><span>Durabilit\u00e9<\/span><span>Espace public<\/span><span>Soutien de projets<\/span><span>Soutien de projets<\/span><\/label><div class=\"options\"><a href=\"#\" onclick=\"return window.siaBeratung.setFilterBoxFilter(172);\">ARE Office f\u00e9d\u00e9ral du d\u00e9veloppement territorial<\/a><a href=\"#\" onclick=\"return window.siaBeratung.setFilterBoxFilter(173);\">OFROU Office f\u00e9d\u00e9ral des routes<\/a><a href=\"#\" onclick=\"return window.siaBeratung.setFilterBoxFilter(174);\">OFPP Office f\u00e9d\u00e9ral de la protection de la population<\/a><a href=\"#\" onclick=\"return window.siaBeratung.setFilterBoxFilter(175);\">OFEV Office f\u00e9d\u00e9ral de l'environnement<\/a><a href=\"#\" onclick=\"return window.siaBeratung.setFilterBoxFilter(176);\">OFSP Office f\u00e9d\u00e9ral de la sant\u00e9 publique<\/a><a href=\"#\" onclick=\"return window.siaBeratung.setFilterBoxFilter(180);\">OFEN Office f\u00e9d\u00e9ral de l'\u00e9nergie<\/a><a href=\"#\" onclick=\"return window.siaBeratung.setFilterBoxFilter(181);\">OSAV Office f\u00e9d\u00e9ral de la s\u00e9curit\u00e9 alimentaire et des affaires v\u00e9t\u00e9rinaires<\/a><a href=\"#\" onclick=\"return window.siaBeratung.setFilterBoxFilter(182);\">OFAG Office f\u00e9d\u00e9ral de l'agriculture<\/a><a href=\"#\" onclick=\"return window.siaBeratung.setFilterBoxFilter(183);\">OFL Office f\u00e9d\u00e9ral du logement<\/a><a href=\"#\" onclick=\"return window.siaBeratung.setFilterBoxFilter(140);\">Energie<\/a><a href=\"#\" onclick=\"return window.siaBeratung.setFilterBoxFilter(143);\">Climat<\/a><a href=\"#\" onclick=\"return window.siaBeratung.setFilterBoxFilter(144);\">Paysage<\/a><a href=\"#\" onclick=\"return window.siaBeratung.setFilterBoxFilter(148);\">Durabilit\u00e9<\/a><a href=\"#\" onclick=\"return window.siaBeratung.setFilterBoxFilter(149);\">Espace public<\/a><a href=\"#\" onclick=\"return window.siaBeratung.setFilterBoxFilter(165);\">Soutien de projets<\/a><a href=\"#\" onclick=\"return window.siaBeratung.setFilterBoxFilter(284);\">Soutien de projets<\/a><a href=\"#\" onclick=\"return window.siaBeratung.setFilterBoxFilter([140,143,144,148,149,165,172,173,174,175,176,180,181,182,183,284,288,289,290]);\">Alle Filter ausw\u00e4hlen<\/a><\/div><\/div><label class=\"sia-beratung-db-filterbox-spacer\">&nbsp;<\/label><\/div><\/div><\/div><div class=\"sia-beratung-db-entry-searchtext\">pilotprogramm anpassung an den klimawandel | le climat \u00e9volue et notre pays doit s\u2019y adapter. \u00e0 cette fin, la conf\u00e9d\u00e9ration a lanc\u00e9 un programme pilote, qui montre comment la suisse peut concr\u00e8tement s\u2019adapter aux changements climatiques. en tout, 50 projets sont en cours dans toutes les r\u00e9gions du pays. | energie | klima | landschaft | nachhaltigkeit | \u00f6ffentlicher raum | projektunterst\u00fctzung | are bundesamt f\u00fcr raumentwicklung | astra bundesamt f\u00fcr strassen | babs bundesamt f\u00fcr bev\u00f6lkerungsschutz | bafu bundesamt f\u00fcr umwelt | bag bundesamt f\u00fcr gesundheit | bfe bundesamt f\u00fcr energie | blv bundesamt f\u00fcr lebensmittelsicherheit und veterin\u00e4rwesen | blw bundesamt f\u00fcr landwirtschaft | bwo bundesamt f\u00fcr wohnungswesen | projektunterst\u00fctzung | de | fr | it<\/div><\/article><article class=\"sia-beratung-db-entry\" data-id=\"1692\" data-cpt=\"sia-ausbildung\" data-slug=\"projektmanagement-bau-kbob\" data-lat=\"47.0468019912432\" data-lng=\"8.31493121125425\" data-filter-135=\"1\" data-filter-137=\"1\" data-filter-139=\"1\" data-filter-141=\"1\" data-filter-145=\"1\" data-filter-151=\"1\" data-filter-152=\"1\" data-filter-157=\"1\" data-filter-161=\"1\" data-filter-166=\"1\" data-filter-204=\"1\" data-filter-272=\"1\" data-filter-288=\"1\" data-all-filter=\"135,137,139,141,145,151,152,157,161,166,204,272,288\"><div class=\"sia-beratung-db-entry-header\" onclick=\"return window.siaBeratung.toggleCpt(this);\"><div class=\"col-1\">Projektmanagement Bau KBOB<\/div><div class=\"col-2\"><span>HSLU Hochschule Luzern<\/span><\/div><div class=\"col-3\"><span>CAS<\/span><\/div><div class=\"sia-beratung-db-angle\"><span class=\"sia-beratung-angle\"><\/span><\/div><\/div><div class=\"sia-beratung-db-entry-content\"><div class=\"sia-beratung-db-entry-content-columns\"><div class=\"col-1\"><p>Von besonderer Bedeutung ist die Nahtstelle zwischen Bauherr und Beauftragten bzw. Unternehmern. F\u00fcr die Bestellerseite f\u00e4llt ein grosser Teil der Kosten als Lebenszykluskosten an. Entsprechend sind die Projektorganisation, L\u00f6sungsans\u00e4tze und Steuerungsmassnahmen zu w\u00e4hlen. Das CAS Projektmanagement Bau KBOB vermittelt praxisorientiert das aktuelle Know-how.<\/p>\n<\/div><div class=\"col-2\"><\/div><\/div><div class=\"sia-beratung-db-entry-footer\"><div class=\"col-1\"><a href=\"https:\/\/www.hslu.ch\/de-ch\/technik-architektur\/weiterbildung\/bau\/cas-projektmanagement-bau-kbob\/\" class=\"sia-beratung-db-entry-link\" target=\"_blank\" rel=\"noopener\">Link zum Angebot<\/a><\/div><div class=\"col-2\"><div class=\"sia-beratung-db-filterbox\"><label class=\"toggle\" onclick=\"return window.siaBeratung.toggleFilterBox(this);\"><span>Construire dans le b\u00e2ti existant<\/span><span>Politique fonci\u00e8re<\/span><span>CAS<\/span><span>Dialogue<\/span><span>Formation continue pour le personnel politique et administratif<\/span><span>HSLU Hochschule Luzern<\/span><span>Infrastructure<\/span><span>Projets de construction communaux<\/span><span>Politique immobili\u00e8re<\/span><span>Outils de planification<\/span><span>Processus<\/span><span>Proc\u00e9dures d\u2019assurance qualit\u00e9<\/span><\/label><div class=\"options\"><a href=\"#\" onclick=\"return window.siaBeratung.setFilterBoxFilter(135);\">Construire dans le b\u00e2ti existant<\/a><a href=\"#\" onclick=\"return window.siaBeratung.setFilterBoxFilter(137);\">Politique fonci\u00e8re<\/a><a href=\"#\" onclick=\"return window.siaBeratung.setFilterBoxFilter(272);\">CAS<\/a><a href=\"#\" onclick=\"return window.siaBeratung.setFilterBoxFilter(139);\">Dialogue<\/a><a href=\"#\" onclick=\"return window.siaBeratung.setFilterBoxFilter(157);\">Formation continue pour le personnel politique et administratif<\/a><a href=\"#\" onclick=\"return window.siaBeratung.setFilterBoxFilter(204);\">HSLU Hochschule Luzern<\/a><a href=\"#\" onclick=\"return window.siaBeratung.setFilterBoxFilter(141);\">Infrastructure<\/a><a href=\"#\" onclick=\"return window.siaBeratung.setFilterBoxFilter(161);\">Projets de construction communaux<\/a><a href=\"#\" onclick=\"return window.siaBeratung.setFilterBoxFilter(145);\">Politique immobili\u00e8re<\/a><a href=\"#\" onclick=\"return window.siaBeratung.setFilterBoxFilter(151);\">Outils de planification<\/a><a href=\"#\" onclick=\"return window.siaBeratung.setFilterBoxFilter(152);\">Processus<\/a><a href=\"#\" onclick=\"return window.siaBeratung.setFilterBoxFilter(166);\">Proc\u00e9dures d\u2019assurance qualit\u00e9<\/a><a href=\"#\" onclick=\"return window.siaBeratung.setFilterBoxFilter([135,137,139,141,145,151,152,157,161,166,204,272,288]);\">Alle Filter ausw\u00e4hlen<\/a><\/div><\/div><label class=\"sia-beratung-db-filterbox-spacer\">&nbsp;<\/label><\/div><\/div><\/div><div class=\"sia-beratung-db-entry-searchtext\">projektmanagement bau kbob | von besonderer bedeutung ist die nahtstelle zwischen bauherr und beauftragten bzw. unternehmern. f\u00fcr die bestellerseite f\u00e4llt ein grosser teil der kosten als lebenszykluskosten an. entsprechend sind die projektorganisation, l\u00f6sungsans\u00e4tze und steuerungsmassnahmen zu w\u00e4hlen. das cas projektmanagement bau kbob vermittelt praxisorientiert das aktuelle know-how. | bauen im bestand | bodenpolitik | dialog | infrastruktur | liegenschaftspolitik | planungsinstrumente | prozesse | fortbildung f\u00fcr politik und verwaltung | kommunale bauprojekte | qualit\u00e4tssichernde verfahren | hslu hochschule luzern | cas | de<\/div><\/article><article class=\"sia-beratung-db-entry\" data-id=\"1698\" data-cpt=\"sia-ausbildung\" data-slug=\"projet-durbanisme-et-planification-spatiale\" data-lat=\"46.1942301792398\" data-lng=\"6.14039225067518\" data-filter-135=\"1\" data-filter-139=\"1\" data-filter-141=\"1\" data-filter-142=\"1\" data-filter-144=\"1\" data-filter-146=\"1\" data-filter-147=\"1\" data-filter-148=\"1\" data-filter-149=\"1\" data-filter-151=\"1\" data-filter-152=\"1\" data-filter-163=\"1\" data-filter-167=\"1\" data-filter-168=\"1\" data-filter-169=\"1\" data-filter-196=\"1\" data-filter-208=\"1\" data-filter-272=\"1\" data-filter-289=\"1\" data-all-filter=\"135,139,141,142,144,146,147,148,149,151,152,163,167,168,169,196,208,272,289\"><div class=\"sia-beratung-db-entry-header\" onclick=\"return window.siaBeratung.toggleCpt(this);\"><div class=\"col-1\">Projet d&#8217;urbanisme et planification spatiale<\/div><div class=\"col-2\"><span>EPFL \u00c9cole polytechnique f\u00e9d\u00e9rale de Lausanne<\/span><span>Universit\u00e9 de Gen\u00e8ve<\/span><\/div><div class=\"col-3\"><span>CAS<\/span><\/div><div class=\"sia-beratung-db-angle\"><span class=\"sia-beratung-angle\"><\/span><\/div><\/div><div class=\"sia-beratung-db-entry-content\"><div class=\"sia-beratung-db-entry-content-columns\"><div class=\"col-1\"><p>Ce CAS propose l\u2019analyse de chaque \u00e9tape de construction d&#8217;un projet en y associant des perspectives analytiques et pratiques et en s\u2019appuyant sur des \u00e9tudes de cas en Suisse et \u00e0 l\u2019international, afin d\u2019appr\u00e9hender les comp\u00e9tences-cl\u00e9s \u00e0 chaque \u00e9tape du projet et les conditions de leur assemblage.<\/p>\n<\/div><div class=\"col-2\"><\/div><\/div><div class=\"sia-beratung-db-entry-footer\"><div class=\"col-1\"><a href=\"https:\/\/www.unige.ch\/formcont\/cours\/cas-urba-planif\" class=\"sia-beratung-db-entry-link\" target=\"_blank\" rel=\"noopener\">Link zum Angebot<\/a><\/div><div class=\"col-2\"><div class=\"sia-beratung-db-filterbox\"><label class=\"toggle\" onclick=\"return window.siaBeratung.toggleFilterBox(this);\"><span>Construire dans le b\u00e2ti existant<\/span><span>CAS<\/span><span>Dialogue<\/span><span>EPFL \u00c9cole polytechnique f\u00e9d\u00e9rale de Lausanne<\/span><span>Infrastructure<\/span><span>D\u00e9veloppement \u00e0 l\u2019int\u00e9rieur du milieu b\u00e2ti<\/span><span>Paysage<\/span><span>Participation<\/span><span>Mobilit\u00e9<\/span><span>Durabilit\u00e9<\/span><span>Plans d\u2019affectation<\/span><span>Espace public<\/span><span>Outils de planification<\/span><span>Processus<\/span><span>Strat\u00e9gies de d\u00e9veloppement territorial<\/span><span>Coop\u00e9ration r\u00e9gionale<\/span><span>Plans d\u2019affectation sp\u00e9ciaux<\/span><span>Universit\u00e9 de Gen\u00e8ve<\/span><\/label><div class=\"options\"><a href=\"#\" onclick=\"return window.siaBeratung.setFilterBoxFilter(135);\">Construire dans le b\u00e2ti existant<\/a><a href=\"#\" onclick=\"return window.siaBeratung.setFilterBoxFilter(272);\">CAS<\/a><a href=\"#\" onclick=\"return window.siaBeratung.setFilterBoxFilter(139);\">Dialogue<\/a><a href=\"#\" onclick=\"return window.siaBeratung.setFilterBoxFilter(196);\">EPFL \u00c9cole polytechnique f\u00e9d\u00e9rale de Lausanne<\/a><a href=\"#\" onclick=\"return window.siaBeratung.setFilterBoxFilter(141);\">Infrastructure<\/a><a href=\"#\" onclick=\"return window.siaBeratung.setFilterBoxFilter(142);\">D\u00e9veloppement \u00e0 l\u2019int\u00e9rieur du milieu b\u00e2ti<\/a><a href=\"#\" onclick=\"return window.siaBeratung.setFilterBoxFilter(144);\">Paysage<\/a><a href=\"#\" onclick=\"return window.siaBeratung.setFilterBoxFilter(146);\">Participation<\/a><a href=\"#\" onclick=\"return window.siaBeratung.setFilterBoxFilter(147);\">Mobilit\u00e9<\/a><a href=\"#\" onclick=\"return window.siaBeratung.setFilterBoxFilter(148);\">Durabilit\u00e9<\/a><a href=\"#\" onclick=\"return window.siaBeratung.setFilterBoxFilter(163);\">Plans d\u2019affectation<\/a><a href=\"#\" onclick=\"return window.siaBeratung.setFilterBoxFilter(149);\">Espace public<\/a><a href=\"#\" onclick=\"return window.siaBeratung.setFilterBoxFilter(151);\">Outils de planification<\/a><a href=\"#\" onclick=\"return window.siaBeratung.setFilterBoxFilter(152);\">Processus<\/a><a href=\"#\" onclick=\"return window.siaBeratung.setFilterBoxFilter(167);\">Strat\u00e9gies de d\u00e9veloppement territorial<\/a><a href=\"#\" onclick=\"return window.siaBeratung.setFilterBoxFilter(168);\">Coop\u00e9ration r\u00e9gionale<\/a><a href=\"#\" onclick=\"return window.siaBeratung.setFilterBoxFilter(169);\">Plans d\u2019affectation sp\u00e9ciaux<\/a><a href=\"#\" onclick=\"return window.siaBeratung.setFilterBoxFilter(208);\">Universit\u00e9 de Gen\u00e8ve<\/a><a href=\"#\" onclick=\"return window.siaBeratung.setFilterBoxFilter([135,139,141,142,144,146,147,148,149,151,152,163,167,168,169,196,208,272,289]);\">Alle Filter ausw\u00e4hlen<\/a><\/div><\/div><label class=\"sia-beratung-db-filterbox-spacer\">&nbsp;<\/label><\/div><\/div><\/div><div class=\"sia-beratung-db-entry-searchtext\">projet d'urbanisme et planification spatiale | ce cas propose l\u2019analyse de chaque \u00e9tape de construction d&#8217;un projet en y associant des perspectives analytiques et pratiques et en s\u2019appuyant sur des \u00e9tudes de cas en suisse et \u00e0 l\u2019international, afin d\u2019appr\u00e9hender les comp\u00e9tences-cl\u00e9s \u00e0 chaque \u00e9tape du projet et les conditions de leur assemblage. | bauen im bestand | dialog | infrastruktur | innenentwicklung | landschaft | mitwirkung | mobilit\u00e4t | nachhaltigkeit | \u00f6ffentlicher raum | planungsinstrumente | prozesse | nutzungsplanung | r\u00e4umliche entwicklungsleitbilder | regionale zusammenarbeit | sondernutzplanung | epfl \u00e9cole polytechnique f\u00e9d\u00e9rale de lausanne | universit\u00e9 de gen\u00e8ve | cas | fr<\/div><\/article><article class=\"sia-beratung-db-entry\" data-id=\"1611\" data-cpt=\"sia-angebote\" data-slug=\"raumkonzept-schweiz\" data-lang-slug-de_de=\"\" data-lang-slug-en_gb=\"\" data-lang-slug-fr_fr=\"\" data-lang-slug-it_it=\"\" data-lat=\"53.5507112\" data-lng=\"10.0006485\" data-filter-139=\"1\" data-filter-140=\"1\" data-filter-142=\"1\" data-filter-144=\"1\" data-filter-147=\"1\" data-filter-148=\"1\" data-filter-151=\"1\" data-filter-167=\"1\" data-filter-172=\"1\" data-filter-240=\"1\" data-filter-251=\"1\" data-filter-258=\"1\" data-filter-260=\"1\" data-filter-283=\"1\" data-filter-288=\"1\" data-filter-289=\"1\" data-filter-290=\"1\" data-all-filter=\"139,140,142,144,147,148,151,167,172,240,251,258,260,283,288,289,290\"><div class=\"sia-beratung-db-entry-header\" onclick=\"return window.siaBeratung.toggleCpt(this);\"><div class=\"col-1\">Projet de territoire suisse<\/div><div class=\"col-2\"><span>ARE Office f\u00e9d\u00e9ral du d\u00e9veloppement territorial<\/span><span>DTAP Conf\u00e9rence suisse des directeurs cantonaux des travaux publics, de l'am\u00e9nagement du territoire et de l'environnement<\/span><span>CdC Conf\u00e9rence des gouvernements cantonaux<\/span><span>ACS Association des Communes Suisses<\/span><span>UVS Union des villes suisses<\/span><\/div><div class=\"col-3\"><span>Plateforme<\/span><\/div><div class=\"sia-beratung-db-angle\"><span class=\"sia-beratung-angle\"><\/span><\/div><\/div><div class=\"sia-beratung-db-entry-content\"><div class=\"sia-beratung-db-entry-content-columns\"><div class=\"col-1\"><p>Le Projet de territoire propose une id\u00e9e de ce \u00e0 quoi la Suisse pourrait ressembler en 2050. Il est le fruit d\u2019un travail des trois niveaux de l\u2019\u00c9tat \u2013 \u00e0 savoir les villes, les communes, les cantons et la Conf\u00e9d\u00e9ration \u2013 qui portent ce projet.<\/p>\n<\/div><div class=\"col-2\"><\/div><\/div><div class=\"sia-beratung-db-entry-footer\"><div class=\"col-1\"><a href=\"https:\/\/projet-de-territoire-suisse.ch\/\" class=\"sia-beratung-db-entry-link\" target=\"_blank\" rel=\"noopener\">Link zum Angebot<\/a><\/div><div class=\"col-2\"><div class=\"sia-beratung-db-filterbox\"><label class=\"toggle\" onclick=\"return window.siaBeratung.toggleFilterBox(this);\"><span>ARE Office f\u00e9d\u00e9ral du d\u00e9veloppement territorial<\/span><span>DTAP Conf\u00e9rence suisse des directeurs cantonaux des travaux publics, de l'am\u00e9nagement du territoire et de l'environnement<\/span><span>Dialogue<\/span><span>Energie<\/span><span>D\u00e9veloppement \u00e0 l\u2019int\u00e9rieur du milieu b\u00e2ti<\/span><span>CdC Conf\u00e9rence des gouvernements cantonaux<\/span><span>Paysage<\/span><span>Mobilit\u00e9<\/span><span>Durabilit\u00e9<\/span><span>Outils de planification<\/span><span>Plateforme<\/span><span>Strat\u00e9gies de d\u00e9veloppement territorial<\/span><span>ACS Association des Communes Suisses<\/span><span>UVS Union des villes suisses<\/span><\/label><div class=\"options\"><a href=\"#\" onclick=\"return window.siaBeratung.setFilterBoxFilter(172);\">ARE Office f\u00e9d\u00e9ral du d\u00e9veloppement territorial<\/a><a href=\"#\" onclick=\"return window.siaBeratung.setFilterBoxFilter(240);\">DTAP Conf\u00e9rence suisse des directeurs cantonaux des travaux publics, de l'am\u00e9nagement du territoire et de l'environnement<\/a><a href=\"#\" onclick=\"return window.siaBeratung.setFilterBoxFilter(139);\">Dialogue<\/a><a href=\"#\" onclick=\"return window.siaBeratung.setFilterBoxFilter(140);\">Energie<\/a><a href=\"#\" onclick=\"return window.siaBeratung.setFilterBoxFilter(142);\">D\u00e9veloppement \u00e0 l\u2019int\u00e9rieur du milieu b\u00e2ti<\/a><a href=\"#\" onclick=\"return window.siaBeratung.setFilterBoxFilter(251);\">CdC Conf\u00e9rence des gouvernements cantonaux<\/a><a href=\"#\" onclick=\"return window.siaBeratung.setFilterBoxFilter(144);\">Paysage<\/a><a href=\"#\" onclick=\"return window.siaBeratung.setFilterBoxFilter(147);\">Mobilit\u00e9<\/a><a href=\"#\" onclick=\"return window.siaBeratung.setFilterBoxFilter(148);\">Durabilit\u00e9<\/a><a href=\"#\" onclick=\"return window.siaBeratung.setFilterBoxFilter(151);\">Outils de planification<\/a><a href=\"#\" onclick=\"return window.siaBeratung.setFilterBoxFilter(283);\">Plateforme<\/a><a href=\"#\" onclick=\"return window.siaBeratung.setFilterBoxFilter(167);\">Strat\u00e9gies de d\u00e9veloppement territorial<\/a><a href=\"#\" onclick=\"return window.siaBeratung.setFilterBoxFilter(258);\">ACS Association des Communes Suisses<\/a><a href=\"#\" onclick=\"return window.siaBeratung.setFilterBoxFilter(260);\">UVS Union des villes suisses<\/a><a href=\"#\" onclick=\"return window.siaBeratung.setFilterBoxFilter([139,140,142,144,147,148,151,167,172,240,251,258,260,283,288,289,290]);\">Alle Filter ausw\u00e4hlen<\/a><\/div><\/div><label class=\"sia-beratung-db-filterbox-spacer\">&nbsp;<\/label><\/div><\/div><\/div><div class=\"sia-beratung-db-entry-searchtext\">raumkonzept schweiz | le projet de territoire propose une id\u00e9e de ce \u00e0 quoi la suisse pourrait ressembler en 2050. il est le fruit d\u2019un travail des trois niveaux de l\u2019\u00e9tat \u2013 \u00e0 savoir les villes, les communes, les cantons et la conf\u00e9d\u00e9ration \u2013 qui portent ce projet. | dialog | energie | innenentwicklung | landschaft | mobilit\u00e4t | nachhaltigkeit | planungsinstrumente | r\u00e4umliche entwicklungsleitbilder | are bundesamt f\u00fcr raumentwicklung | bpuk bau-, planungs- und umweltdirektoren-konferenz | kdk konferenz der kantonsregierungen | sgv schweizerischer gemeindeverband | ssv schweizerischer st\u00e4dteverband | plattform | de | fr | it<\/div><\/article><article class=\"sia-beratung-db-entry\" data-id=\"1597\" data-cpt=\"sia-angebote\" data-slug=\"modellvorhaben-nachhaltige-raumentwicklung\" data-lang-slug-de_de=\"\" data-lang-slug-en_gb=\"\" data-lang-slug-fr_fr=\"\" data-lang-slug-it_it=\"\" data-lat=\"53.5507112\" data-lng=\"10.0006485\" data-filter-142=\"1\" data-filter-144=\"1\" data-filter-147=\"1\" data-filter-148=\"1\" data-filter-165=\"1\" data-filter-172=\"1\" data-filter-173=\"1\" data-filter-175=\"1\" data-filter-176=\"1\" data-filter-178=\"1\" data-filter-182=\"1\" data-filter-183=\"1\" data-filter-187=\"1\" data-filter-284=\"1\" data-filter-288=\"1\" data-filter-289=\"1\" data-filter-290=\"1\" data-all-filter=\"142,144,147,148,165,172,173,175,176,178,182,183,187,284,288,289,290\"><div class=\"sia-beratung-db-entry-header\" onclick=\"return window.siaBeratung.toggleCpt(this);\"><div class=\"col-1\">Projets-mod\u00e8les pour un d\u00e9veloppement territorial durable<\/div><div class=\"col-2\"><span>ARE Office f\u00e9d\u00e9ral du d\u00e9veloppement territorial<\/span><span>OFROU Office f\u00e9d\u00e9ral des routes<\/span><span>OFEV Office f\u00e9d\u00e9ral de l'environnement<\/span><span>OFSP Office f\u00e9d\u00e9ral de la sant\u00e9 publique<\/span><span>OFSPO Office f\u00e9d\u00e9ral du sport<\/span><span>OFAG Office f\u00e9d\u00e9ral de l'agriculture<\/span><span>OFL Office f\u00e9d\u00e9ral du logement<\/span><span>SECO Secr\u00e9tariat d'Etat \u00e0 l'\u00e9conomie<\/span><\/div><div class=\"col-3\"><span>Soutien de projets<\/span><\/div><div class=\"sia-beratung-db-angle\"><span class=\"sia-beratung-angle\"><\/span><\/div><\/div><div class=\"sia-beratung-db-entry-content\"><div class=\"sia-beratung-db-entry-content-columns\"><div class=\"col-1\"><p>Les projets-mod\u00e8les de la Conf\u00e9d\u00e9ration servent \u00e0 promouvoir de nouvelles approches et de nouvelles m\u00e9thodes. Les acteurs locaux, r\u00e9gionaux et cantonaux sont incit\u00e9s \u00e0 d\u00e9velopper et \u00e0 exp\u00e9rimenter des solutions sur le terrain autour des axes d\u00e9finis par la Conf\u00e9d\u00e9ration.<\/p>\n<\/div><div class=\"col-2\"><\/div><\/div><div class=\"sia-beratung-db-entry-footer\"><div class=\"col-1\"><a href=\"https:\/\/www.are.admin.ch\/are\/fr\/home\/developpement-et-amenagement-du-territoire\/programmes-et-projets\/projets-modeles-pour-un-developpement-territorial-durable.html\" class=\"sia-beratung-db-entry-link\" target=\"_blank\" rel=\"noopener\">Link zum Angebot<\/a><\/div><div class=\"col-2\"><div class=\"sia-beratung-db-filterbox\"><label class=\"toggle\" onclick=\"return window.siaBeratung.toggleFilterBox(this);\"><span>ARE Office f\u00e9d\u00e9ral du d\u00e9veloppement territorial<\/span><span>OFROU Office f\u00e9d\u00e9ral des routes<\/span><span>OFEV Office f\u00e9d\u00e9ral de l'environnement<\/span><span>OFSP Office f\u00e9d\u00e9ral de la sant\u00e9 publique<\/span><span>OFSPO Office f\u00e9d\u00e9ral du sport<\/span><span>OFAG Office f\u00e9d\u00e9ral de l'agriculture<\/span><span>OFL Office f\u00e9d\u00e9ral du logement<\/span><span>D\u00e9veloppement \u00e0 l\u2019int\u00e9rieur du milieu b\u00e2ti<\/span><span>Paysage<\/span><span>Mobilit\u00e9<\/span><span>Durabilit\u00e9<\/span><span>Soutien de projets<\/span><span>Soutien de projets<\/span><span>SECO Secr\u00e9tariat d'Etat \u00e0 l'\u00e9conomie<\/span><\/label><div class=\"options\"><a href=\"#\" onclick=\"return window.siaBeratung.setFilterBoxFilter(172);\">ARE Office f\u00e9d\u00e9ral du d\u00e9veloppement territorial<\/a><a href=\"#\" onclick=\"return window.siaBeratung.setFilterBoxFilter(173);\">OFROU Office f\u00e9d\u00e9ral des routes<\/a><a href=\"#\" onclick=\"return window.siaBeratung.setFilterBoxFilter(175);\">OFEV Office f\u00e9d\u00e9ral de l'environnement<\/a><a href=\"#\" onclick=\"return window.siaBeratung.setFilterBoxFilter(176);\">OFSP Office f\u00e9d\u00e9ral de la sant\u00e9 publique<\/a><a href=\"#\" onclick=\"return window.siaBeratung.setFilterBoxFilter(178);\">OFSPO Office f\u00e9d\u00e9ral du sport<\/a><a href=\"#\" onclick=\"return window.siaBeratung.setFilterBoxFilter(182);\">OFAG Office f\u00e9d\u00e9ral de l'agriculture<\/a><a href=\"#\" onclick=\"return window.siaBeratung.setFilterBoxFilter(183);\">OFL Office f\u00e9d\u00e9ral du logement<\/a><a href=\"#\" onclick=\"return window.siaBeratung.setFilterBoxFilter(142);\">D\u00e9veloppement \u00e0 l\u2019int\u00e9rieur du milieu b\u00e2ti<\/a><a href=\"#\" onclick=\"return window.siaBeratung.setFilterBoxFilter(144);\">Paysage<\/a><a href=\"#\" onclick=\"return window.siaBeratung.setFilterBoxFilter(147);\">Mobilit\u00e9<\/a><a href=\"#\" onclick=\"return window.siaBeratung.setFilterBoxFilter(148);\">Durabilit\u00e9<\/a><a href=\"#\" onclick=\"return window.siaBeratung.setFilterBoxFilter(165);\">Soutien de projets<\/a><a href=\"#\" onclick=\"return window.siaBeratung.setFilterBoxFilter(284);\">Soutien de projets<\/a><a href=\"#\" onclick=\"return window.siaBeratung.setFilterBoxFilter(187);\">SECO Secr\u00e9tariat d'Etat \u00e0 l'\u00e9conomie<\/a><a href=\"#\" onclick=\"return window.siaBeratung.setFilterBoxFilter([142,144,147,148,165,172,173,175,176,178,182,183,187,284,288,289,290]);\">Alle Filter ausw\u00e4hlen<\/a><\/div><\/div><label class=\"sia-beratung-db-filterbox-spacer\">&nbsp;<\/label><\/div><\/div><\/div><div class=\"sia-beratung-db-entry-searchtext\">modellvorhaben nachhaltige raumentwicklung | les projets-mod\u00e8les de la conf\u00e9d\u00e9ration servent \u00e0 promouvoir de nouvelles approches et de nouvelles m\u00e9thodes. les acteurs locaux, r\u00e9gionaux et cantonaux sont incit\u00e9s \u00e0 d\u00e9velopper et \u00e0 exp\u00e9rimenter des solutions sur le terrain autour des axes d\u00e9finis par la conf\u00e9d\u00e9ration. | innenentwicklung | landschaft | mobilit\u00e4t | nachhaltigkeit | projektunterst\u00fctzung | are bundesamt f\u00fcr raumentwicklung | astra bundesamt f\u00fcr strassen | bafu bundesamt f\u00fcr umwelt | bag bundesamt f\u00fcr gesundheit | baspo bundesamt f\u00fcr sport | blw bundesamt f\u00fcr landwirtschaft | bwo bundesamt f\u00fcr wohnungswesen | seco staatssekretarian f\u00fcr wirtschaft | projektunterst\u00fctzung | de | fr | it<\/div><\/article><article class=\"sia-beratung-db-entry\" data-id=\"1559\" data-cpt=\"sia-angebote\" data-slug=\"bodenschutz-beim-bauen\" data-lang-slug-de_de=\"\" data-lang-slug-en_gb=\"\" data-lang-slug-fr_fr=\"\" data-lang-slug-it_it=\"\" data-lat=\"53.5507112\" data-lng=\"10.0008202\" data-filter-136=\"1\" data-filter-143=\"1\" data-filter-144=\"1\" data-filter-148=\"1\" data-filter-175=\"1\" data-filter-270=\"1\" data-filter-288=\"1\" data-filter-289=\"1\" data-filter-290=\"1\" data-all-filter=\"136,143,144,148,175,270,288,289,290\"><div class=\"sia-beratung-db-entry-header\" onclick=\"return window.siaBeratung.toggleCpt(this);\"><div class=\"col-1\">Protection des sols et construction<\/div><div class=\"col-2\"><span>OFEV Office f\u00e9d\u00e9ral de l'environnement<\/span><\/div><div class=\"col-3\"><span>Guide<\/span><\/div><div class=\"sia-beratung-db-angle\"><span class=\"sia-beratung-angle\"><\/span><\/div><\/div><div class=\"sia-beratung-db-entry-content\"><div class=\"sia-beratung-db-entry-content-columns\"><div class=\"col-1\"><p>Informations sur le suivi des travaux et la protection du sol sur les petits et grands chantiers.<\/p>\n<\/div><div class=\"col-2\"><\/div><\/div><div class=\"sia-beratung-db-entry-footer\"><div class=\"col-1\"><a href=\"https:\/\/www.bafu.admin.ch\/fr\/protection-des-sols-et-construction\" class=\"sia-beratung-db-entry-link\" target=\"_blank\" rel=\"noopener\">Link zum Angebot<\/a><\/div><div class=\"col-2\"><div class=\"sia-beratung-db-filterbox\"><label class=\"toggle\" onclick=\"return window.siaBeratung.toggleFilterBox(this);\"><span>Guide<\/span><span>OFEV Office f\u00e9d\u00e9ral de l'environnement<\/span><span>Biodiversit\u00e9<\/span><span>Climat<\/span><span>Paysage<\/span><span>Durabilit\u00e9<\/span><\/label><div class=\"options\"><a href=\"#\" onclick=\"return window.siaBeratung.setFilterBoxFilter(270);\">Guide<\/a><a href=\"#\" onclick=\"return window.siaBeratung.setFilterBoxFilter(175);\">OFEV Office f\u00e9d\u00e9ral de l'environnement<\/a><a href=\"#\" onclick=\"return window.siaBeratung.setFilterBoxFilter(136);\">Biodiversit\u00e9<\/a><a href=\"#\" onclick=\"return window.siaBeratung.setFilterBoxFilter(143);\">Climat<\/a><a href=\"#\" onclick=\"return window.siaBeratung.setFilterBoxFilter(144);\">Paysage<\/a><a href=\"#\" onclick=\"return window.siaBeratung.setFilterBoxFilter(148);\">Durabilit\u00e9<\/a><a href=\"#\" onclick=\"return window.siaBeratung.setFilterBoxFilter([136,143,144,148,175,270,288,289,290]);\">Alle Filter ausw\u00e4hlen<\/a><\/div><\/div><label class=\"sia-beratung-db-filterbox-spacer\">&nbsp;<\/label><\/div><\/div><\/div><div class=\"sia-beratung-db-entry-searchtext\">bodenschutz beim bauen | informations sur le suivi des travaux et la protection du sol sur les petits et grands chantiers. | biodiversit\u00e4t | klima | landschaft | nachhaltigkeit | bafu bundesamt f\u00fcr umwelt | arbeitshilfe | de | fr | it<\/div><\/article><article class=\"sia-beratung-db-entry\" data-id=\"1579\" data-cpt=\"sia-angebote\" data-slug=\"hitze-in-staedten\" data-lang-slug-de_de=\"\" data-lang-slug-en_gb=\"\" data-lang-slug-fr_fr=\"\" data-lang-slug-it_it=\"\" data-lat=\"53.5507112\" data-lng=\"10.0008202\" data-filter-136=\"1\" data-filter-139=\"1\" data-filter-140=\"1\" data-filter-142=\"1\" data-filter-143=\"1\" data-filter-144=\"1\" data-filter-148=\"1\" data-filter-149=\"1\" data-filter-175=\"1\" data-filter-270=\"1\" data-filter-288=\"1\" data-filter-289=\"1\" data-filter-290=\"1\" data-all-filter=\"136,139,140,142,143,144,148,149,175,270,288,289,290\"><div class=\"sia-beratung-db-entry-header\" onclick=\"return window.siaBeratung.toggleCpt(this);\"><div class=\"col-1\">Quand la ville surchauffe<\/div><div class=\"col-2\"><span>OFEV Office f\u00e9d\u00e9ral de l'environnement<\/span><\/div><div class=\"col-3\"><span>Guide<\/span><\/div><div class=\"sia-beratung-db-angle\"><span class=\"sia-beratung-angle\"><\/span><\/div><\/div><div class=\"sia-beratung-db-entry-content\"><div class=\"sia-beratung-db-entry-content-columns\"><div class=\"col-1\"><p>Bases pour un d\u00e9veloppement urbain adapt\u00e9 aux changements climatiques.<\/p>\n<\/div><div class=\"col-2\"><\/div><\/div><div class=\"sia-beratung-db-entry-footer\"><div class=\"col-1\"><a href=\"https:\/\/www.bafu.admin.ch\/fr\/publication?id=M8vk5xFF-Sdh\" class=\"sia-beratung-db-entry-link\" target=\"_blank\" rel=\"noopener\">Link zum Angebot<\/a><\/div><div class=\"col-2\"><div class=\"sia-beratung-db-filterbox\"><label class=\"toggle\" onclick=\"return window.siaBeratung.toggleFilterBox(this);\"><span>Guide<\/span><span>OFEV Office f\u00e9d\u00e9ral de l'environnement<\/span><span>Biodiversit\u00e9<\/span><span>Dialogue<\/span><span>Energie<\/span><span>D\u00e9veloppement \u00e0 l\u2019int\u00e9rieur du milieu b\u00e2ti<\/span><span>Climat<\/span><span>Paysage<\/span><span>Durabilit\u00e9<\/span><span>Espace public<\/span><\/label><div class=\"options\"><a href=\"#\" onclick=\"return window.siaBeratung.setFilterBoxFilter(270);\">Guide<\/a><a href=\"#\" onclick=\"return window.siaBeratung.setFilterBoxFilter(175);\">OFEV Office f\u00e9d\u00e9ral de l'environnement<\/a><a href=\"#\" onclick=\"return window.siaBeratung.setFilterBoxFilter(136);\">Biodiversit\u00e9<\/a><a href=\"#\" onclick=\"return window.siaBeratung.setFilterBoxFilter(139);\">Dialogue<\/a><a href=\"#\" onclick=\"return window.siaBeratung.setFilterBoxFilter(140);\">Energie<\/a><a href=\"#\" onclick=\"return window.siaBeratung.setFilterBoxFilter(142);\">D\u00e9veloppement \u00e0 l\u2019int\u00e9rieur du milieu b\u00e2ti<\/a><a href=\"#\" onclick=\"return window.siaBeratung.setFilterBoxFilter(143);\">Climat<\/a><a href=\"#\" onclick=\"return window.siaBeratung.setFilterBoxFilter(144);\">Paysage<\/a><a href=\"#\" onclick=\"return window.siaBeratung.setFilterBoxFilter(148);\">Durabilit\u00e9<\/a><a href=\"#\" onclick=\"return window.siaBeratung.setFilterBoxFilter(149);\">Espace public<\/a><a href=\"#\" onclick=\"return window.siaBeratung.setFilterBoxFilter([136,139,140,142,143,144,148,149,175,270,288,289,290]);\">Alle Filter ausw\u00e4hlen<\/a><\/div><\/div><label class=\"sia-beratung-db-filterbox-spacer\">&nbsp;<\/label><\/div><\/div><\/div><div class=\"sia-beratung-db-entry-searchtext\">hitze in st\u00e4dten | bases pour un d\u00e9veloppement urbain adapt\u00e9 aux changements climatiques. | biodiversit\u00e4t | dialog | energie | innenentwicklung | klima | landschaft | nachhaltigkeit | \u00f6ffentlicher raum | bafu bundesamt f\u00fcr umwelt | arbeitshilfe | de | fr | it<\/div><\/article><article class=\"sia-beratung-db-entry\" data-id=\"1700\" data-cpt=\"sia-ausbildung\" data-slug=\"raumentwicklung\" data-lat=\"47.223917931812\" data-lng=\"8.81725938401256\" data-filter-135=\"1\" data-filter-139=\"1\" data-filter-141=\"1\" data-filter-142=\"1\" data-filter-144=\"1\" data-filter-146=\"1\" data-filter-147=\"1\" data-filter-148=\"1\" data-filter-149=\"1\" data-filter-151=\"1\" data-filter-152=\"1\" data-filter-163=\"1\" data-filter-167=\"1\" data-filter-168=\"1\" data-filter-169=\"1\" data-filter-206=\"1\" data-filter-282=\"1\" data-filter-288=\"1\" data-all-filter=\"135,139,141,142,144,146,147,148,149,151,152,163,167,168,169,206,282,288\"><div class=\"sia-beratung-db-entry-header\" onclick=\"return window.siaBeratung.toggleCpt(this);\"><div class=\"col-1\">Raumentwicklung<\/div><div class=\"col-2\"><span>OST Ostschweizer Fachhochschule<\/span><\/div><div class=\"col-3\"><span>MAS<\/span><\/div><div class=\"sia-beratung-db-angle\"><span class=\"sia-beratung-angle\"><\/span><\/div><\/div><div class=\"sia-beratung-db-entry-content\"><div class=\"sia-beratung-db-entry-content-columns\"><div class=\"col-1\"><p>Im berufsbegleitenden Studienprogramm MAS in Raumentwicklung erlernen Sie diese Querschnittskompetenzen und vertiefen Ihre Fachkompetenzen in einzelnen Sachgebieten. Sie erarbeiten planungsrechtliche und -technische Kompetenzen, planen Prozesse und l\u00f6sen Management-Aufgaben.<\/p>\n<\/div><div class=\"col-2\"><\/div><\/div><div class=\"sia-beratung-db-entry-footer\"><div class=\"col-1\"><a href=\"https:\/\/www.ost.ch\/de\/weiterbildung\/weiterbildungsangebot\/raum-und-mobilitaet\/bau-und-planung\/mas-raumentwicklung\" class=\"sia-beratung-db-entry-link\" target=\"_blank\" rel=\"noopener\">Link zum Angebot<\/a><\/div><div class=\"col-2\"><div class=\"sia-beratung-db-filterbox\"><label class=\"toggle\" onclick=\"return window.siaBeratung.toggleFilterBox(this);\"><span>Construire dans le b\u00e2ti existant<\/span><span>Dialogue<\/span><span>Infrastructure<\/span><span>D\u00e9veloppement \u00e0 l\u2019int\u00e9rieur du milieu b\u00e2ti<\/span><span>Paysage<\/span><span>MAS<\/span><span>Participation<\/span><span>Mobilit\u00e9<\/span><span>Durabilit\u00e9<\/span><span>Plans d\u2019affectation<\/span><span>Espace public<\/span><span>OST Ostschweizer Fachhochschule<\/span><span>Outils de planification<\/span><span>Processus<\/span><span>Strat\u00e9gies de d\u00e9veloppement territorial<\/span><span>Coop\u00e9ration r\u00e9gionale<\/span><span>Plans d\u2019affectation sp\u00e9ciaux<\/span><\/label><div class=\"options\"><a href=\"#\" onclick=\"return window.siaBeratung.setFilterBoxFilter(135);\">Construire dans le b\u00e2ti existant<\/a><a href=\"#\" onclick=\"return window.siaBeratung.setFilterBoxFilter(139);\">Dialogue<\/a><a href=\"#\" onclick=\"return window.siaBeratung.setFilterBoxFilter(141);\">Infrastructure<\/a><a href=\"#\" onclick=\"return window.siaBeratung.setFilterBoxFilter(142);\">D\u00e9veloppement \u00e0 l\u2019int\u00e9rieur du milieu b\u00e2ti<\/a><a href=\"#\" onclick=\"return window.siaBeratung.setFilterBoxFilter(144);\">Paysage<\/a><a href=\"#\" onclick=\"return window.siaBeratung.setFilterBoxFilter(282);\">MAS<\/a><a href=\"#\" onclick=\"return window.siaBeratung.setFilterBoxFilter(146);\">Participation<\/a><a href=\"#\" onclick=\"return window.siaBeratung.setFilterBoxFilter(147);\">Mobilit\u00e9<\/a><a href=\"#\" onclick=\"return window.siaBeratung.setFilterBoxFilter(148);\">Durabilit\u00e9<\/a><a href=\"#\" onclick=\"return window.siaBeratung.setFilterBoxFilter(163);\">Plans d\u2019affectation<\/a><a href=\"#\" onclick=\"return window.siaBeratung.setFilterBoxFilter(149);\">Espace public<\/a><a href=\"#\" onclick=\"return window.siaBeratung.setFilterBoxFilter(206);\">OST Ostschweizer Fachhochschule<\/a><a href=\"#\" onclick=\"return window.siaBeratung.setFilterBoxFilter(151);\">Outils de planification<\/a><a href=\"#\" onclick=\"return window.siaBeratung.setFilterBoxFilter(152);\">Processus<\/a><a href=\"#\" onclick=\"return window.siaBeratung.setFilterBoxFilter(167);\">Strat\u00e9gies de d\u00e9veloppement territorial<\/a><a href=\"#\" onclick=\"return window.siaBeratung.setFilterBoxFilter(168);\">Coop\u00e9ration r\u00e9gionale<\/a><a href=\"#\" onclick=\"return window.siaBeratung.setFilterBoxFilter(169);\">Plans d\u2019affectation sp\u00e9ciaux<\/a><a href=\"#\" onclick=\"return window.siaBeratung.setFilterBoxFilter([135,139,141,142,144,146,147,148,149,151,152,163,167,168,169,206,282,288]);\">Alle Filter ausw\u00e4hlen<\/a><\/div><\/div><label class=\"sia-beratung-db-filterbox-spacer\">&nbsp;<\/label><\/div><\/div><\/div><div class=\"sia-beratung-db-entry-searchtext\">raumentwicklung | im berufsbegleitenden studienprogramm mas in raumentwicklung erlernen sie diese querschnittskompetenzen und vertiefen ihre fachkompetenzen in einzelnen sachgebieten. sie erarbeiten planungsrechtliche und -technische kompetenzen, planen prozesse und l\u00f6sen management-aufgaben. | bauen im bestand | dialog | infrastruktur | innenentwicklung | landschaft | mitwirkung | mobilit\u00e4t | nachhaltigkeit | \u00f6ffentlicher raum | planungsinstrumente | prozesse | nutzungsplanung | r\u00e4umliche entwicklungsleitbilder | regionale zusammenarbeit | sondernutzplanung | ost ostschweizer fachhochschule | mas | de<\/div><\/article><article class=\"sia-beratung-db-entry\" data-id=\"1701\" data-cpt=\"sia-ausbildung\" data-slug=\"raumplanung\" data-lat=\"47.223917931812\" data-lng=\"8.81725938401256\" data-filter-135=\"1\" data-filter-139=\"1\" data-filter-141=\"1\" data-filter-142=\"1\" data-filter-144=\"1\" data-filter-146=\"1\" data-filter-147=\"1\" data-filter-148=\"1\" data-filter-149=\"1\" data-filter-151=\"1\" data-filter-152=\"1\" data-filter-163=\"1\" data-filter-167=\"1\" data-filter-168=\"1\" data-filter-169=\"1\" data-filter-206=\"1\" data-filter-272=\"1\" data-filter-288=\"1\" data-all-filter=\"135,139,141,142,144,146,147,148,149,151,152,163,167,168,169,206,272,288\"><div class=\"sia-beratung-db-entry-header\" onclick=\"return window.siaBeratung.toggleCpt(this);\"><div class=\"col-1\">Raumplanung<\/div><div class=\"col-2\"><span>OST Ostschweizer Fachhochschule<\/span><\/div><div class=\"col-3\"><span>CAS<\/span><\/div><div class=\"sia-beratung-db-angle\"><span class=\"sia-beratung-angle\"><\/span><\/div><\/div><div class=\"sia-beratung-db-entry-content\"><div class=\"sia-beratung-db-entry-content-columns\"><div class=\"col-1\"><p>Wir machen Sie in theoretischen Inputs, Beispielen und praktischen \u00dcbungen mit der Struktur sowie formellen und informellen Werkzeugen der Raumplanung vertraut. Quereinsteigerinnen und -einsteiger in die Raumplanung und ausl\u00e4ndische Fachpersonen k\u00f6nnen sich so einen systematischen \u00dcberblick \u00fcber die Schweizer Raumplanungspraxis verschaffen.<\/p>\n<\/div><div class=\"col-2\"><\/div><\/div><div class=\"sia-beratung-db-entry-footer\"><div class=\"col-1\"><a href=\"https:\/\/www.ost.ch\/de\/weiterbildung\/weiterbildungsangebot\/raum-und-mobilitaet\/bau-und-planung\/cas-raumplanung\" class=\"sia-beratung-db-entry-link\" target=\"_blank\" rel=\"noopener\">Link zum Angebot<\/a><\/div><div class=\"col-2\"><div class=\"sia-beratung-db-filterbox\"><label class=\"toggle\" onclick=\"return window.siaBeratung.toggleFilterBox(this);\"><span>Construire dans le b\u00e2ti existant<\/span><span>CAS<\/span><span>Dialogue<\/span><span>Infrastructure<\/span><span>D\u00e9veloppement \u00e0 l\u2019int\u00e9rieur du milieu b\u00e2ti<\/span><span>Paysage<\/span><span>Participation<\/span><span>Mobilit\u00e9<\/span><span>Durabilit\u00e9<\/span><span>Plans d\u2019affectation<\/span><span>Espace public<\/span><span>OST Ostschweizer Fachhochschule<\/span><span>Outils de planification<\/span><span>Processus<\/span><span>Strat\u00e9gies de d\u00e9veloppement territorial<\/span><span>Coop\u00e9ration r\u00e9gionale<\/span><span>Plans d\u2019affectation sp\u00e9ciaux<\/span><\/label><div class=\"options\"><a href=\"#\" onclick=\"return window.siaBeratung.setFilterBoxFilter(135);\">Construire dans le b\u00e2ti existant<\/a><a href=\"#\" onclick=\"return window.siaBeratung.setFilterBoxFilter(272);\">CAS<\/a><a href=\"#\" onclick=\"return window.siaBeratung.setFilterBoxFilter(139);\">Dialogue<\/a><a href=\"#\" onclick=\"return window.siaBeratung.setFilterBoxFilter(141);\">Infrastructure<\/a><a href=\"#\" onclick=\"return window.siaBeratung.setFilterBoxFilter(142);\">D\u00e9veloppement \u00e0 l\u2019int\u00e9rieur du milieu b\u00e2ti<\/a><a href=\"#\" onclick=\"return window.siaBeratung.setFilterBoxFilter(144);\">Paysage<\/a><a href=\"#\" onclick=\"return window.siaBeratung.setFilterBoxFilter(146);\">Participation<\/a><a href=\"#\" onclick=\"return window.siaBeratung.setFilterBoxFilter(147);\">Mobilit\u00e9<\/a><a href=\"#\" onclick=\"return window.siaBeratung.setFilterBoxFilter(148);\">Durabilit\u00e9<\/a><a href=\"#\" onclick=\"return window.siaBeratung.setFilterBoxFilter(163);\">Plans d\u2019affectation<\/a><a href=\"#\" onclick=\"return window.siaBeratung.setFilterBoxFilter(149);\">Espace public<\/a><a href=\"#\" onclick=\"return window.siaBeratung.setFilterBoxFilter(206);\">OST Ostschweizer Fachhochschule<\/a><a href=\"#\" onclick=\"return window.siaBeratung.setFilterBoxFilter(151);\">Outils de planification<\/a><a href=\"#\" onclick=\"return window.siaBeratung.setFilterBoxFilter(152);\">Processus<\/a><a href=\"#\" onclick=\"return window.siaBeratung.setFilterBoxFilter(167);\">Strat\u00e9gies de d\u00e9veloppement territorial<\/a><a href=\"#\" onclick=\"return window.siaBeratung.setFilterBoxFilter(168);\">Coop\u00e9ration r\u00e9gionale<\/a><a href=\"#\" onclick=\"return window.siaBeratung.setFilterBoxFilter(169);\">Plans d\u2019affectation sp\u00e9ciaux<\/a><a href=\"#\" onclick=\"return window.siaBeratung.setFilterBoxFilter([135,139,141,142,144,146,147,148,149,151,152,163,167,168,169,206,272,288]);\">Alle Filter ausw\u00e4hlen<\/a><\/div><\/div><label class=\"sia-beratung-db-filterbox-spacer\">&nbsp;<\/label><\/div><\/div><\/div><div class=\"sia-beratung-db-entry-searchtext\">raumplanung | wir machen sie in theoretischen inputs, beispielen und praktischen \u00fcbungen mit der struktur sowie formellen und informellen werkzeugen der raumplanung vertraut. quereinsteigerinnen und -einsteiger in die raumplanung und ausl\u00e4ndische fachpersonen k\u00f6nnen sich so einen systematischen \u00fcberblick \u00fcber die schweizer raumplanungspraxis verschaffen. | bauen im bestand | dialog | infrastruktur | innenentwicklung | landschaft | mitwirkung | mobilit\u00e4t | nachhaltigkeit | \u00f6ffentlicher raum | planungsinstrumente | prozesse | nutzungsplanung | r\u00e4umliche entwicklungsleitbilder | regionale zusammenarbeit | sondernutzplanung | ost ostschweizer fachhochschule | cas | de<\/div><\/article><article class=\"sia-beratung-db-entry\" data-id=\"5221\" data-cpt=\"sia-ausbildung\" data-slug=\"raumplanung-und-transformation\" data-lang-slug-de_de=\"\" data-lang-slug-en_gb=\"\" data-lang-slug-fr_fr=\"\" data-lang-slug-it_it=\"\" data-lat=\"53.5507112\" data-lng=\"10.0008202\" data-filter-139=\"1\" data-filter-151=\"1\" data-filter-152=\"1\" data-filter-193=\"1\" data-filter-217=\"1\" data-filter-272=\"1\" data-filter-288=\"1\" data-all-filter=\"139,151,152,193,217,272,288\"><div class=\"sia-beratung-db-entry-header\" onclick=\"return window.siaBeratung.toggleCpt(this);\"><div class=\"col-1\">Raumplanung und Transformation<\/div><div class=\"col-2\"><span>FH Haute \u00e9cole sp\u00e9cialis\u00e9e de Berne<\/span><span>Berne<\/span><\/div><div class=\"col-3\"><span>CAS<\/span><\/div><div class=\"sia-beratung-db-angle\"><span class=\"sia-beratung-angle\"><\/span><\/div><\/div><div class=\"sia-beratung-db-entry-content\"><div class=\"sia-beratung-db-entry-content-columns\"><div class=\"col-1\"><p>Im CAS Raumplanung und Transformation lernen Sie Aufgaben, Instrumente und Prozesse der Raumplanung kennen. Die Ausbildung vermittelt Ihnen Grundlagen, damit Sie in der Praxis Einfluss auf die Weiterentwicklung unserer Lebensr\u00e4ume nehmen k\u00f6nnen.<\/p>\n<\/div><div class=\"col-2\"><\/div><\/div><div class=\"sia-beratung-db-entry-footer\"><div class=\"col-1\"><a href=\"https:\/\/www.bfh.ch\/de\/weiterbildung\/cas\/raumplanung\/\" class=\"sia-beratung-db-entry-link\" target=\"_blank\" rel=\"noopener\">Link zum Angebot<\/a><\/div><div class=\"col-2\"><div class=\"sia-beratung-db-filterbox\"><label class=\"toggle\" onclick=\"return window.siaBeratung.toggleFilterBox(this);\"><span>Berne<\/span><span>FH Haute \u00e9cole sp\u00e9cialis\u00e9e de Berne<\/span><span>CAS<\/span><span>Dialogue<\/span><span>Outils de planification<\/span><span>Processus<\/span><\/label><div class=\"options\"><a href=\"#\" onclick=\"return window.siaBeratung.setFilterBoxFilter(217);\">Berne<\/a><a href=\"#\" onclick=\"return window.siaBeratung.setFilterBoxFilter(193);\">FH Haute \u00e9cole sp\u00e9cialis\u00e9e de Berne<\/a><a href=\"#\" onclick=\"return window.siaBeratung.setFilterBoxFilter(272);\">CAS<\/a><a href=\"#\" onclick=\"return window.siaBeratung.setFilterBoxFilter(139);\">Dialogue<\/a><a href=\"#\" onclick=\"return window.siaBeratung.setFilterBoxFilter(151);\">Outils de planification<\/a><a href=\"#\" onclick=\"return window.siaBeratung.setFilterBoxFilter(152);\">Processus<\/a><a href=\"#\" onclick=\"return window.siaBeratung.setFilterBoxFilter([139,151,152,193,217,272,288]);\">Alle Filter ausw\u00e4hlen<\/a><\/div><\/div><label class=\"sia-beratung-db-filterbox-spacer\">&nbsp;<\/label><\/div><\/div><\/div><div class=\"sia-beratung-db-entry-searchtext\">raumplanung und transformation | im cas raumplanung und transformation lernen sie aufgaben, instrumente und prozesse der raumplanung kennen. die ausbildung vermittelt ihnen grundlagen, damit sie in der praxis einfluss auf die weiterentwicklung unserer lebensr\u00e4ume nehmen k\u00f6nnen. | dialog | planungsinstrumente | prozesse | bfh berner fachhochschule | bern | cas | de<\/div><\/article><article class=\"sia-beratung-db-entry\" data-id=\"1704\" data-cpt=\"sia-ausbildung\" data-slug=\"recht-der-denkmalpflege-und-das-heimatschutzes\" data-lang-slug-de_de=\"\" data-lang-slug-en_gb=\"\" data-lang-slug-fr_fr=\"\" data-lang-slug-it_it=\"\" data-lat=\"47.4930848261245\" data-lng=\"8.7166741\" data-filter-135=\"1\" data-filter-138=\"1\" data-filter-150=\"1\" data-filter-151=\"1\" data-filter-152=\"1\" data-filter-160=\"1\" data-filter-210=\"1\" data-filter-272=\"1\" data-filter-288=\"1\" data-all-filter=\"135,138,150,151,152,160,210,272,288\"><div class=\"sia-beratung-db-entry-header\" onclick=\"return window.siaBeratung.toggleCpt(this);\"><div class=\"col-1\">Recht der Denkmalpflege und das Heimatschutzes<\/div><div class=\"col-2\"><span>ZHAW Z\u00fcrcher Hochschule f\u00fcr Angewandte Wissenschaften<\/span><\/div><div class=\"col-3\"><span>CAS<\/span><\/div><div class=\"sia-beratung-db-angle\"><span class=\"sia-beratung-angle\"><\/span><\/div><\/div><div class=\"sia-beratung-db-entry-content\"><div class=\"sia-beratung-db-entry-content-columns\"><div class=\"col-1\"><p>Sie erhalten eine theoretisch fundierte Fachausbildung im Recht der Denkmalpflege und des Heimatschutzes. Typische Problemstellungen aus der Praxis werden mit juristischen Fachpersonen und Gastreferenten aus anderen Disziplinen behandelt und Handlungsoptionen aufgezeigt.<\/p>\n<\/div><div class=\"col-2\"><\/div><\/div><div class=\"sia-beratung-db-entry-footer\"><div class=\"col-1\"><a href=\"https:\/\/www.zhaw.ch\/de\/sml\/weiterbildung\/detail\/kurs\/cas-recht-der-denkmalpflege-und-des-heimatschutzes\/\" class=\"sia-beratung-db-entry-link\" target=\"_blank\" rel=\"noopener\">Link zum Angebot<\/a><\/div><div class=\"col-2\"><div class=\"sia-beratung-db-filterbox\"><label class=\"toggle\" onclick=\"return window.siaBeratung.toggleFilterBox(this);\"><span>Construire dans le b\u00e2ti existant<\/span><span>CAS<\/span><span>Monuments<\/span><span>Inventaires<\/span><span>Sites construits<\/span><span>Outils de planification<\/span><span>Processus<\/span><span>ZHAW Z\u00fcrcher Hochschule f\u00fcr Angewandte Wissenschaften<\/span><\/label><div class=\"options\"><a href=\"#\" onclick=\"return window.siaBeratung.setFilterBoxFilter(135);\">Construire dans le b\u00e2ti existant<\/a><a href=\"#\" onclick=\"return window.siaBeratung.setFilterBoxFilter(272);\">CAS<\/a><a href=\"#\" onclick=\"return window.siaBeratung.setFilterBoxFilter(138);\">Monuments<\/a><a href=\"#\" onclick=\"return window.siaBeratung.setFilterBoxFilter(160);\">Inventaires<\/a><a href=\"#\" onclick=\"return window.siaBeratung.setFilterBoxFilter(150);\">Sites construits<\/a><a href=\"#\" onclick=\"return window.siaBeratung.setFilterBoxFilter(151);\">Outils de planification<\/a><a href=\"#\" onclick=\"return window.siaBeratung.setFilterBoxFilter(152);\">Processus<\/a><a href=\"#\" onclick=\"return window.siaBeratung.setFilterBoxFilter(210);\">ZHAW Z\u00fcrcher Hochschule f\u00fcr Angewandte Wissenschaften<\/a><a href=\"#\" onclick=\"return window.siaBeratung.setFilterBoxFilter([135,138,150,151,152,160,210,272,288]);\">Alle Filter ausw\u00e4hlen<\/a><\/div><\/div><label class=\"sia-beratung-db-filterbox-spacer\">&nbsp;<\/label><\/div><\/div><\/div><div class=\"sia-beratung-db-entry-searchtext\">recht der denkmalpflege und das heimatschutzes | sie erhalten eine theoretisch fundierte fachausbildung im recht der denkmalpflege und des heimatschutzes. typische problemstellungen aus der praxis werden mit juristischen fachpersonen und gastreferenten aus anderen disziplinen behandelt und handlungsoptionen aufgezeigt. | bauen im bestand | denkm\u00e4ler | ortsbilder | planungsinstrumente | prozesse | inventare | zhaw z\u00fcrcher hochschule f\u00fcr angewandte wissenschaften | cas | de<\/div><\/article><article class=\"sia-beratung-db-entry\" data-id=\"1567\" data-cpt=\"sia-angebote\" data-slug=\"empfehlung-zur-vermeidung-von-lichtemissionen\" data-lang-slug-de_de=\"\" data-lang-slug-en_gb=\"\" data-lang-slug-fr_fr=\"\" data-lang-slug-it_it=\"\" data-lat=\"53.5507112\" data-lng=\"10.0008202\" data-filter-136=\"1\" data-filter-141=\"1\" data-filter-148=\"1\" data-filter-149=\"1\" data-filter-161=\"1\" data-filter-167=\"1\" data-filter-175=\"1\" data-filter-270=\"1\" data-filter-288=\"1\" data-filter-289=\"1\" data-filter-290=\"1\" data-all-filter=\"136,141,148,149,161,167,175,270,288,289,290\"><div class=\"sia-beratung-db-entry-header\" onclick=\"return window.siaBeratung.toggleCpt(this);\"><div class=\"col-1\">Recommandations pour la pr\u00e9vention des \u00e9missions lumineuses<\/div><div class=\"col-2\"><span>OFEV Office f\u00e9d\u00e9ral de l'environnement<\/span><\/div><div class=\"col-3\"><span>Guide<\/span><\/div><div class=\"sia-beratung-db-angle\"><span class=\"sia-beratung-angle\"><\/span><\/div><\/div><div class=\"sia-beratung-db-entry-content\"><div class=\"sia-beratung-db-entry-content-columns\"><div class=\"col-1\"><p>Cette aide \u00e0 l\u2019ex\u00e9cution doit contribuer \u00e0 limiter les \u00e9missions lumineuses dans l\u2019esprit de la loi sur la protection de l\u2019environnement (LPE), de la loi sur la protection de la nature et du paysage (LPN) et d\u2019autres actes l\u00e9gislatifs. Elle doit permettre aux diff\u00e9rentes personnes participant \u00e0 la planification, \u00e0 l\u2019\u00e9valuation, \u00e0 l\u2019octroi d\u2019autorisations et \u00e0 l\u2019exploitation d\u2019installations lumineuses de prendre les mesures qui s\u2019imposent afin d\u2019\u00e9viter ou de r\u00e9duire ces \u00e9missions.<\/p>\n<\/div><div class=\"col-2\"><\/div><\/div><div class=\"sia-beratung-db-entry-footer\"><div class=\"col-1\"><a href=\"https:\/\/www.bafu.admin.ch\/fr\/aides-execution-lumiere\" class=\"sia-beratung-db-entry-link\" target=\"_blank\" rel=\"noopener\">Link zum Angebot<\/a><\/div><div class=\"col-2\"><div class=\"sia-beratung-db-filterbox\"><label class=\"toggle\" onclick=\"return window.siaBeratung.toggleFilterBox(this);\"><span>Guide<\/span><span>OFEV Office f\u00e9d\u00e9ral de l'environnement<\/span><span>Biodiversit\u00e9<\/span><span>Infrastructure<\/span><span>Projets de construction communaux<\/span><span>Durabilit\u00e9<\/span><span>Espace public<\/span><span>Strat\u00e9gies de d\u00e9veloppement territorial<\/span><\/label><div class=\"options\"><a href=\"#\" onclick=\"return window.siaBeratung.setFilterBoxFilter(270);\">Guide<\/a><a href=\"#\" onclick=\"return window.siaBeratung.setFilterBoxFilter(175);\">OFEV Office f\u00e9d\u00e9ral de l'environnement<\/a><a href=\"#\" onclick=\"return window.siaBeratung.setFilterBoxFilter(136);\">Biodiversit\u00e9<\/a><a href=\"#\" onclick=\"return window.siaBeratung.setFilterBoxFilter(141);\">Infrastructure<\/a><a href=\"#\" onclick=\"return window.siaBeratung.setFilterBoxFilter(161);\">Projets de construction communaux<\/a><a href=\"#\" onclick=\"return window.siaBeratung.setFilterBoxFilter(148);\">Durabilit\u00e9<\/a><a href=\"#\" onclick=\"return window.siaBeratung.setFilterBoxFilter(149);\">Espace public<\/a><a href=\"#\" onclick=\"return window.siaBeratung.setFilterBoxFilter(167);\">Strat\u00e9gies de d\u00e9veloppement territorial<\/a><a href=\"#\" onclick=\"return window.siaBeratung.setFilterBoxFilter([136,141,148,149,161,167,175,270,288,289,290]);\">Alle Filter ausw\u00e4hlen<\/a><\/div><\/div><label class=\"sia-beratung-db-filterbox-spacer\">&nbsp;<\/label><\/div><\/div><\/div><div class=\"sia-beratung-db-entry-searchtext\">empfehlung zur vermeidung von lichtemissionen | cette aide \u00e0 l\u2019ex\u00e9cution doit contribuer \u00e0 limiter les \u00e9missions lumineuses dans l\u2019esprit de la loi sur la protection de l\u2019environnement (lpe), de la loi sur la protection de la nature et du paysage (lpn) et d\u2019autres actes l\u00e9gislatifs. elle doit permettre aux diff\u00e9rentes personnes participant \u00e0 la planification, \u00e0 l\u2019\u00e9valuation, \u00e0 l\u2019octroi d\u2019autorisations et \u00e0 l\u2019exploitation d\u2019installations lumineuses de prendre les mesures qui s\u2019imposent afin d\u2019\u00e9viter ou de r\u00e9duire ces \u00e9missions. | biodiversit\u00e4t | infrastruktur | nachhaltigkeit | \u00f6ffentlicher raum | kommunale bauprojekte | r\u00e4umliche entwicklungsleitbilder | bafu bundesamt f\u00fcr umwelt | arbeitshilfe | de | fr | it<\/div><\/article><article class=\"sia-beratung-db-entry\" data-id=\"1613\" data-cpt=\"sia-angebote\" data-slug=\"regelungen-zur-foerderung-der-verdichtung-und-zur-beseitigung-von-verdichtungshemmnissen\" data-lang-slug-de_de=\"\" data-lang-slug-en_gb=\"\" data-lang-slug-fr_fr=\"\" data-lang-slug-it_it=\"\" data-lat=\"53.5507112\" data-lng=\"10.0008202\" data-filter-135=\"1\" data-filter-139=\"1\" data-filter-142=\"1\" data-filter-151=\"1\" data-filter-152=\"1\" data-filter-157=\"1\" data-filter-172=\"1\" data-filter-246=\"1\" data-filter-285=\"1\" data-filter-288=\"1\" data-filter-289=\"1\" data-filter-290=\"1\" data-all-filter=\"135,139,142,151,152,157,172,246,285,288,289,290\"><div class=\"sia-beratung-db-entry-header\" onclick=\"return window.siaBeratung.toggleCpt(this);\"><div class=\"col-1\">Regelungen zur F\u00f6rderung der Verdichtung und zur Beseitigung von Verdichtungshemmnissen<\/div><div class=\"col-2\"><span>ARE Office f\u00e9d\u00e9ral du d\u00e9veloppement territorial<\/span><span>EspaceSuisse<\/span><\/div><div class=\"col-3\"><span>R\u00e9glementation<\/span><\/div><div class=\"sia-beratung-db-angle\"><span class=\"sia-beratung-angle\"><\/span><\/div><\/div><div class=\"sia-beratung-db-entry-content\"><div class=\"sia-beratung-db-entry-content-columns\"><div class=\"col-1\"><p>R\u00e9sum\u00e9 du rapport en fran\u00e7ais<\/p>\n<\/div><div class=\"col-2\"><\/div><\/div><div class=\"sia-beratung-db-entry-footer\"><div class=\"col-1\"><a href=\"https:\/\/www.are.admin.ch\/dam\/fr\/sd-web\/Lp5YU9c8D0Vh\/Zusammenfassung_Bericht_Verdichtungshemmnisse_d.pdf\" class=\"sia-beratung-db-entry-link\" target=\"_blank\" rel=\"noopener\">Link zum Angebot<\/a><\/div><div class=\"col-2\"><div class=\"sia-beratung-db-filterbox\"><label class=\"toggle\" onclick=\"return window.siaBeratung.toggleFilterBox(this);\"><span>ARE Office f\u00e9d\u00e9ral du d\u00e9veloppement territorial<\/span><span>Construire dans le b\u00e2ti existant<\/span><span>Dialogue<\/span><span>EspaceSuisse<\/span><span>Formation continue pour le personnel politique et administratif<\/span><span>D\u00e9veloppement \u00e0 l\u2019int\u00e9rieur du milieu b\u00e2ti<\/span><span>Outils de planification<\/span><span>Processus<\/span><span>R\u00e9glementation<\/span><\/label><div class=\"options\"><a href=\"#\" onclick=\"return window.siaBeratung.setFilterBoxFilter(172);\">ARE Office f\u00e9d\u00e9ral du d\u00e9veloppement territorial<\/a><a href=\"#\" onclick=\"return window.siaBeratung.setFilterBoxFilter(135);\">Construire dans le b\u00e2ti existant<\/a><a href=\"#\" onclick=\"return window.siaBeratung.setFilterBoxFilter(139);\">Dialogue<\/a><a href=\"#\" onclick=\"return window.siaBeratung.setFilterBoxFilter(246);\">EspaceSuisse<\/a><a href=\"#\" onclick=\"return window.siaBeratung.setFilterBoxFilter(157);\">Formation continue pour le personnel politique et administratif<\/a><a href=\"#\" onclick=\"return window.siaBeratung.setFilterBoxFilter(142);\">D\u00e9veloppement \u00e0 l\u2019int\u00e9rieur du milieu b\u00e2ti<\/a><a href=\"#\" onclick=\"return window.siaBeratung.setFilterBoxFilter(151);\">Outils de planification<\/a><a href=\"#\" onclick=\"return window.siaBeratung.setFilterBoxFilter(152);\">Processus<\/a><a href=\"#\" onclick=\"return window.siaBeratung.setFilterBoxFilter(285);\">R\u00e9glementation<\/a><a href=\"#\" onclick=\"return window.siaBeratung.setFilterBoxFilter([135,139,142,151,152,157,172,246,285,288,289,290]);\">Alle Filter ausw\u00e4hlen<\/a><\/div><\/div><label class=\"sia-beratung-db-filterbox-spacer\">&nbsp;<\/label><\/div><\/div><\/div><div class=\"sia-beratung-db-entry-searchtext\">regelungen zur f\u00f6rderung der verdichtung und zur beseitigung von verdichtungshemmnissen | r\u00e9sum\u00e9 du rapport en fran\u00e7ais | bauen im bestand | dialog | innenentwicklung | planungsinstrumente | prozesse | fortbildung f\u00fcr politik und verwaltung | are bundesamt f\u00fcr raumentwicklung | espacesuisse | regelwerk | de | fr | it<\/div><\/article><article class=\"sia-beratung-db-entry\" data-id=\"3280\" data-cpt=\"sia-ausbildung\" data-slug=\"remain-repair-and-maintenance\" data-lang-slug-de_de=\"\" data-lang-slug-en_gb=\"\" data-lang-slug-fr_fr=\"\" data-lang-slug-it_it=\"\" data-lat=\"47.4087478\" data-lng=\"8.5211205\" data-filter-135=\"1\" data-filter-138=\"1\" data-filter-148=\"1\" data-filter-197=\"1\" data-filter-272=\"1\" data-filter-288=\"1\" data-all-filter=\"135,138,148,197,272,288\"><div class=\"sia-beratung-db-entry-header\" onclick=\"return window.siaBeratung.toggleCpt(this);\"><div class=\"col-1\">ReMain (repair and maintenance)<\/div><div class=\"col-2\"><span>ETHZ<\/span><\/div><div class=\"col-3\"><span>CAS<\/span><\/div><div class=\"sia-beratung-db-angle\"><span class=\"sia-beratung-angle\"><\/span><\/div><\/div><div class=\"sia-beratung-db-entry-content\"><div class=\"sia-beratung-db-entry-content-columns\"><div class=\"col-1\"><p>Die Anforderungen an unsere Lebensr\u00e4ume und Konstruktionen steigen stetig. Bauten, ihre Bestandteile und technischen Anlagen m\u00fcssen den Anforderungen unserer Gesellschaft an Komfort, Funktionalit\u00e4t, Tragf\u00e4higkeit und energetische Effizienz gerecht werden. Diesem Anspruch wird heute meist mit tiefgreifenden Erneuerungsmassnahmen begegnet,\u00a0ohne die Potenziale des existierenden Bestands zu ber\u00fccksichtigen. Dies f\u00fchrt zum Verlust wertvoller Ressourcen, zum Abbau neuer Rohstoffe, der Herstellung neuer Materialien und Produkte und den damit verbundenen CO2-Emissionen. Durch gut durchdachte, auf eine langfristige Erhaltung zielende und skalierbare Konzepte ist es m\u00f6glich, diesen Wandel nachhaltiger zu gestalten, so dass weniger Teile ausgetauscht werden m\u00fcssen und neue Objekte reparaturf\u00e4hig sind.<\/p>\n<p>Der Fokus des neuen Weiterbildungsprogramms CAS ETH ReMain (Repair and Maintenance) der ETH Z\u00fcrich liegt auf der Wartungs- und Reparaturf\u00e4higkeit von Bauten und ihren Bestandteilen sowie der Wirtschaftlichkeit m\u00f6glicher Werterhaltungs- und Inwertsetzungskonzepte. Anhand eines beispielhaften Reparaturprojektes werden die Teilnehmenden fach\u00fcbergreifend unterschiedliche L\u00f6sungsans\u00e4tze entwickeln. Erg\u00e4nzt wird die Projektarbeit durch ein transdisziplin\u00e4res Veranstaltungsangebot.<\/p>\n<\/div><div class=\"col-2\"><\/div><\/div><div class=\"sia-beratung-db-entry-footer\"><div class=\"col-1\"><a href=\"https:\/\/www.langenberg.arch.ethz.ch\/mas-cas\/cas-eth-remain-repair-and-maintenance\/\" class=\"sia-beratung-db-entry-link\" target=\"_blank\" rel=\"noopener\">Link zum Angebot<\/a><\/div><div class=\"col-2\"><div class=\"sia-beratung-db-filterbox\"><label class=\"toggle\" onclick=\"return window.siaBeratung.toggleFilterBox(this);\"><span>Construire dans le b\u00e2ti existant<\/span><span>CAS<\/span><span>Monuments<\/span><span>ETHZ<\/span><span>Durabilit\u00e9<\/span><\/label><div class=\"options\"><a href=\"#\" onclick=\"return window.siaBeratung.setFilterBoxFilter(135);\">Construire dans le b\u00e2ti existant<\/a><a href=\"#\" onclick=\"return window.siaBeratung.setFilterBoxFilter(272);\">CAS<\/a><a href=\"#\" onclick=\"return window.siaBeratung.setFilterBoxFilter(138);\">Monuments<\/a><a href=\"#\" onclick=\"return window.siaBeratung.setFilterBoxFilter(197);\">ETHZ<\/a><a href=\"#\" onclick=\"return window.siaBeratung.setFilterBoxFilter(148);\">Durabilit\u00e9<\/a><a href=\"#\" onclick=\"return window.siaBeratung.setFilterBoxFilter([135,138,148,197,272,288]);\">Alle Filter ausw\u00e4hlen<\/a><\/div><\/div><label class=\"sia-beratung-db-filterbox-spacer\">&nbsp;<\/label><\/div><\/div><\/div><div class=\"sia-beratung-db-entry-searchtext\">remain (repair and maintenance) | die anforderungen an unsere lebensr\u00e4ume und konstruktionen steigen stetig. bauten, ihre bestandteile und technischen anlagen m\u00fcssen den anforderungen unserer gesellschaft an komfort, funktionalit\u00e4t, tragf\u00e4higkeit und energetische effizienz gerecht werden. diesem anspruch wird heute meist mit tiefgreifenden erneuerungsmassnahmen begegnet,\u00a0ohne die potenziale des existierenden bestands zu ber\u00fccksichtigen. dies f\u00fchrt zum verlust wertvoller ressourcen, zum abbau neuer rohstoffe, der herstellung neuer materialien und produkte und den damit verbundenen co2-emissionen. durch gut durchdachte, auf eine langfristige erhaltung zielende und skalierbare konzepte ist es m\u00f6glich, diesen wandel nachhaltiger zu gestalten, so dass weniger teile ausgetauscht werden m\u00fcssen und neue objekte reparaturf\u00e4hig sind.der fokus des neuen weiterbildungsprogramms cas eth remain (repair and maintenance) der eth z\u00fcrich liegt auf der wartungs- und reparaturf\u00e4higkeit von bauten und ihren bestandteilen sowie der wirtschaftlichkeit m\u00f6glicher werterhaltungs- und inwertsetzungskonzepte. anhand eines beispielhaften reparaturprojektes werden die teilnehmenden fach\u00fcbergreifend unterschiedliche l\u00f6sungsans\u00e4tze entwickeln. erg\u00e4nzt wird die projektarbeit durch ein transdisziplin\u00e4res veranstaltungsangebot. | bauen im bestand | denkm\u00e4ler | nachhaltigkeit | ethz eidgen\u00f6ssische technische hochschule z\u00fcrich | cas | de<\/div><\/article><article class=\"sia-beratung-db-entry\" data-id=\"1705\" data-cpt=\"sia-ausbildung\" data-slug=\"renaturation-des-cours-deau\" data-lat=\"46.209456817589\" data-lng=\"6.13654646914498\" data-filter-136=\"1\" data-filter-141=\"1\" data-filter-143=\"1\" data-filter-144=\"1\" data-filter-148=\"1\" data-filter-151=\"1\" data-filter-157=\"1\" data-filter-161=\"1\" data-filter-201=\"1\" data-filter-272=\"1\" data-filter-289=\"1\" data-all-filter=\"136,141,143,144,148,151,157,161,201,272,289\"><div class=\"sia-beratung-db-entry-header\" onclick=\"return window.siaBeratung.toggleCpt(this);\"><div class=\"col-1\">Renaturation des cours d&#8217;eau<\/div><div class=\"col-2\"><span>HEPIA Haute \u00e9cole du paysage, d'ing\u00e9nierie et d'architecture de Gen\u00e8ve<\/span><\/div><div class=\"col-3\"><span>CAS<\/span><\/div><div class=\"sia-beratung-db-angle\"><span class=\"sia-beratung-angle\"><\/span><\/div><\/div><div class=\"sia-beratung-db-entry-content\"><div class=\"sia-beratung-db-entry-content-columns\"><div class=\"col-1\"><p>Au cours des derniers si\u00e8cles, les cours d\u2019eau ont subi d\u2019importantes modifications. Tant\u00f4t associ\u00e9es \u00e0 une urbanisation croissante, tant\u00f4t destin\u00e9es \u00e0 s\u00e9curiser le territoire contre les crues ou \u00e0 l\u2019exploitation de l\u2019\u00e9nergie hydraulique, ces interventions ont introduit des perturbations profondes de l\u2019\u00e9cosyst\u00e8me et de la biodiversit\u00e9.<\/p>\n<\/div><div class=\"col-2\"><\/div><\/div><div class=\"sia-beratung-db-entry-footer\"><div class=\"col-1\"><a href=\"https:\/\/www.hesge.ch\/hepia\/cas-renaturation\" class=\"sia-beratung-db-entry-link\" target=\"_blank\" rel=\"noopener\">Link zum Angebot<\/a><\/div><div class=\"col-2\"><div class=\"sia-beratung-db-filterbox\"><label class=\"toggle\" onclick=\"return window.siaBeratung.toggleFilterBox(this);\"><span>Biodiversit\u00e9<\/span><span>CAS<\/span><span>Formation continue pour le personnel politique et administratif<\/span><span>HEPIA Haute \u00e9cole du paysage, d'ing\u00e9nierie et d'architecture de Gen\u00e8ve<\/span><span>Infrastructure<\/span><span>Climat<\/span><span>Projets de construction communaux<\/span><span>Paysage<\/span><span>Durabilit\u00e9<\/span><span>Outils de planification<\/span><\/label><div class=\"options\"><a href=\"#\" onclick=\"return window.siaBeratung.setFilterBoxFilter(136);\">Biodiversit\u00e9<\/a><a href=\"#\" onclick=\"return window.siaBeratung.setFilterBoxFilter(272);\">CAS<\/a><a href=\"#\" onclick=\"return window.siaBeratung.setFilterBoxFilter(157);\">Formation continue pour le personnel politique et administratif<\/a><a href=\"#\" onclick=\"return window.siaBeratung.setFilterBoxFilter(201);\">HEPIA Haute \u00e9cole du paysage, d'ing\u00e9nierie et d'architecture de Gen\u00e8ve<\/a><a href=\"#\" onclick=\"return window.siaBeratung.setFilterBoxFilter(141);\">Infrastructure<\/a><a href=\"#\" onclick=\"return window.siaBeratung.setFilterBoxFilter(143);\">Climat<\/a><a href=\"#\" onclick=\"return window.siaBeratung.setFilterBoxFilter(161);\">Projets de construction communaux<\/a><a href=\"#\" onclick=\"return window.siaBeratung.setFilterBoxFilter(144);\">Paysage<\/a><a href=\"#\" onclick=\"return window.siaBeratung.setFilterBoxFilter(148);\">Durabilit\u00e9<\/a><a href=\"#\" onclick=\"return window.siaBeratung.setFilterBoxFilter(151);\">Outils de planification<\/a><a href=\"#\" onclick=\"return window.siaBeratung.setFilterBoxFilter([136,141,143,144,148,151,157,161,201,272,289]);\">Alle Filter ausw\u00e4hlen<\/a><\/div><\/div><label class=\"sia-beratung-db-filterbox-spacer\">&nbsp;<\/label><\/div><\/div><\/div><div class=\"sia-beratung-db-entry-searchtext\">renaturation des cours d'eau | au cours des derniers si\u00e8cles, les cours d\u2019eau ont subi d\u2019importantes modifications. tant\u00f4t associ\u00e9es \u00e0 une urbanisation croissante, tant\u00f4t destin\u00e9es \u00e0 s\u00e9curiser le territoire contre les crues ou \u00e0 l\u2019exploitation de l\u2019\u00e9nergie hydraulique, ces interventions ont introduit des perturbations profondes de l\u2019\u00e9cosyst\u00e8me et de la biodiversit\u00e9. | biodiversit\u00e4t | infrastruktur | klima | landschaft | nachhaltigkeit | planungsinstrumente | fortbildung f\u00fcr politik und verwaltung | kommunale bauprojekte | hepia haute \u00e9cole du paysage, d'ing\u00e9nierie et d'architecture de gen\u00e8ve | cas | fr<\/div><\/article><article class=\"sia-beratung-db-entry\" data-id=\"1616\" data-cpt=\"sia-angebote\" data-slug=\"rendezvous-du-developpement-territorial\" data-lat=\"53.5507112\" data-lng=\"10.0006485\" data-filter-142=\"1\" data-filter-148=\"1\" data-filter-157=\"1\" data-filter-168=\"1\" data-filter-234=\"1\" data-filter-276=\"1\" data-filter-289=\"1\" data-all-filter=\"142,148,157,168,234,276,289\"><div class=\"sia-beratung-db-entry-header\" onclick=\"return window.siaBeratung.toggleCpt(this);\"><div class=\"col-1\">Rendez-vous du d\u00e9veloppement territorial<\/div><div class=\"col-2\"><span>Vaud<\/span><\/div><div class=\"col-3\"><span>Partage d'exp\u00e9riences<\/span><\/div><div class=\"sia-beratung-db-angle\"><span class=\"sia-beratung-angle\"><\/span><\/div><\/div><div class=\"sia-beratung-db-entry-content\"><div class=\"sia-beratung-db-entry-content-columns\"><div class=\"col-1\"><p>La Direction g\u00e9n\u00e9rale du territoire et du logement organise ponctuellement des s\u00e9ances d&#8217;information \u00e0 destination des techniciens communaux et des professionnels de l&#8217;am\u00e9nagement du territoire. Les Rendez-vous du d\u00e9veloppement territorial permettent d&#8217;informer et d&#8217;\u00e9changer sur les actualit\u00e9s et les projets en cours dans le domaine de l&#8217;am\u00e9nagement du territoire.<\/p>\n<\/div><div class=\"col-2\"><\/div><\/div><div class=\"sia-beratung-db-entry-footer\"><div class=\"col-1\"><a href=\"https:\/\/www.vd.ch\/themes\/territoire-et-construction\/amenagement-du-territoire\/outils-pour-amenager-le-territoire\/rendez-vous-du-developpement-territorial\" class=\"sia-beratung-db-entry-link\" target=\"_blank\" rel=\"noopener\">Link zum Angebot<\/a><\/div><div class=\"col-2\"><div class=\"sia-beratung-db-filterbox\"><label class=\"toggle\" onclick=\"return window.siaBeratung.toggleFilterBox(this);\"><span>Partage d'exp\u00e9riences<\/span><span>Formation continue pour le personnel politique et administratif<\/span><span>D\u00e9veloppement \u00e0 l\u2019int\u00e9rieur du milieu b\u00e2ti<\/span><span>Durabilit\u00e9<\/span><span>Coop\u00e9ration r\u00e9gionale<\/span><span>Vaud<\/span><\/label><div class=\"options\"><a href=\"#\" onclick=\"return window.siaBeratung.setFilterBoxFilter(276);\">Partage d'exp\u00e9riences<\/a><a href=\"#\" onclick=\"return window.siaBeratung.setFilterBoxFilter(157);\">Formation continue pour le personnel politique et administratif<\/a><a href=\"#\" onclick=\"return window.siaBeratung.setFilterBoxFilter(142);\">D\u00e9veloppement \u00e0 l\u2019int\u00e9rieur du milieu b\u00e2ti<\/a><a href=\"#\" onclick=\"return window.siaBeratung.setFilterBoxFilter(148);\">Durabilit\u00e9<\/a><a href=\"#\" onclick=\"return window.siaBeratung.setFilterBoxFilter(168);\">Coop\u00e9ration r\u00e9gionale<\/a><a href=\"#\" onclick=\"return window.siaBeratung.setFilterBoxFilter(234);\">Vaud<\/a><a href=\"#\" onclick=\"return window.siaBeratung.setFilterBoxFilter([142,148,157,168,234,276,289]);\">Alle Filter ausw\u00e4hlen<\/a><\/div><\/div><label class=\"sia-beratung-db-filterbox-spacer\">&nbsp;<\/label><\/div><\/div><\/div><div class=\"sia-beratung-db-entry-searchtext\">rendez-vous du d\u00e9veloppement territorial | la direction g\u00e9n\u00e9rale du territoire et du logement organise ponctuellement des s\u00e9ances d&#8217;information \u00e0 destination des techniciens communaux et des professionnels de l&#8217;am\u00e9nagement du territoire. les rendez-vous du d\u00e9veloppement territorial permettent d&#8217;informer et d&#8217;\u00e9changer sur les actualit\u00e9s et les projets en cours dans le domaine de l&#8217;am\u00e9nagement du territoire. | innenentwicklung | nachhaltigkeit | fortbildung f\u00fcr politik und verwaltung | regionale zusammenarbeit | waadt | erfahrungsaustausch | fr<\/div><\/article><article class=\"sia-beratung-db-entry\" data-id=\"5626\" data-cpt=\"sia-beispiele\" data-slug=\"renens-vd-neuer-kommunaler-nutzungsplan-setzt-auf-wiederverwendung\" data-lang-slug-de_de=\"\" data-lang-slug-en_gb=\"\" data-lang-slug-fr_fr=\"\" data-lang-slug-it_it=\"\" data-lat=\"46.5350118\" data-lng=\"6.5928268\" data-filter-135=\"1\" data-filter-136=\"1\" data-filter-142=\"1\" data-filter-148=\"1\" data-filter-151=\"1\" data-filter-160=\"1\" data-filter-163=\"1\" data-filter-167=\"1\" data-filter-189=\"1\" data-all-filter=\"135,136,142,148,151,160,163,167,189\"><div class=\"sia-beratung-db-entry-header\" onclick=\"return window.siaBeratung.toggleCpt(this);\"><div class=\"col-1\">Renens: un PACom qui mise sur le r\u00e9emploi<\/div><div class=\"col-2\">Renens, VD<\/div><div class=\"sia-beratung-db-angle\"><span class=\"sia-beratung-angle\"><\/span><\/div><\/div><div class=\"sia-beratung-db-entry-content\"><div class=\"sia-beratung-db-entry-content-columns\"><div class=\"col-1\"><div class=\"sia-beratung-db-entry-slides\"><div class=\"sia-beratung-db-entry-swiper\"><div class=\"swiper-wrapper\"><div class=\"swiper-slide\"><img loading=\"lazy\" decoding=\"async\" src=\"https:\/\/baukulturschweiz.ch\/wp-content\/uploads\/2025\/12\/rogne_1.png\" width=\"623\" height=\"797\" \/><\/div><div class=\"swiper-slide\"><img loading=\"lazy\" decoding=\"async\" src=\"https:\/\/baukulturschweiz.ch\/wp-content\/uploads\/2026\/02\/Plan_final-1024x671.jpg\" width=\"1024\" height=\"671\" \/><\/div><div class=\"swiper-slide\"><img loading=\"lazy\" decoding=\"async\" src=\"https:\/\/baukulturschweiz.ch\/wp-content\/uploads\/2025\/12\/rogne_2.png\" width=\"619\" height=\"788\" \/><\/div><div class=\"swiper-slide\"><img loading=\"lazy\" decoding=\"async\" src=\"https:\/\/baukulturschweiz.ch\/wp-content\/uploads\/2025\/12\/renens_final-1024x561.png\" width=\"1024\" height=\"561\" \/><\/div><\/div><\/div><a class=\"swiper-button swiper-button-prev\"><\/a><a class=\"swiper-button swiper-button-next mobile\"><\/a><div class=\"sia-beratung-db-slide-legends\"><small data-index=\"0\">A Renens, les villas historiques c\u00f4toient les zones commerciales \u00a9 Julien Heil<\/small><small data-index=\"1\" style=\"display:none;\">Exemple d\u2019une zone d\u2019ensembles identitaires bien int\u00e9gr\u00e9s (note 4), consid\u00e9r\u00e9e comme un secteur de protection du site \u00a9 Ville de Renens<\/small><small data-index=\"2\" style=\"display:none;\">La mise en valeur des bandes urbaines paysag\u00e8res est au c\u0153ur du PACom \u00a9 Julien Heil<\/small><small data-index=\"3\" style=\"display:none;\">\u00a9 Swisstopo<\/small><small class=\"pageNo\">1\/4<\/small><\/div><\/div><\/div><div class=\"col-2\"><div class=\"sia-beratung-db-slide-texts\"><div class=\"sia-beratung-db-slide-text\" data-index=\"0\"><p>Ces derni\u00e8res d\u00e9cennies, Renens s\u2019est \u00e9tendue de mani\u00e8re diffuse, port\u00e9e par un plan de zone assez souple qui facilitait la construction de logements. D\u00e8s les ann\u00e9es 1970, la ville construit beaucoup, d\u00e9molissant plusieurs villas historiques pour laisser place \u00e0 de petits immeubles collectifs. Avec son nouveau plan d\u2019affectation communal (PACom), elle compte se diriger vers un d\u00e9veloppement plus qualitatif, limitant les d\u00e9molitions et encourageant le r\u00e9emploi de mat\u00e9riaux.<\/p>\n<p><strong data-start=\"83\" data-end=\"107\">R\u00f4le de la commune:<\/strong> analyser, \u00e9couter, coordonner, planifier, peser les int\u00e9r\u00eats, s\u2019ouvrir \u00e0 de nouvelles id\u00e9es, communiquer<br data-start=\"212\" data-end=\"215\" \/><strong data-start=\"217\" data-end=\"244\" data-is-only-node=\"\">Organisme responsable:<\/strong> Commune de Renens<br data-start=\"262\" data-end=\"265\" \/><strong data-start=\"267\" data-end=\"280\">Sources:<\/strong> <a href=\"https:\/\/www.renens.ch\/urbaine\/urbanisme\/plan-daffectation-communal-pacom\/\">Plan d\u2019affectation communal (PACom)<\/a><\/p>\n<\/div><div class=\"sia-beratung-db-slide-text\" data-index=\"1\" style=\"display:none;\"><p>Dans le nouveau PACom, le patrimoine b\u00e2ti du 20e si\u00e8cle b\u00e9n\u00e9ficie d\u2019une protection renforc\u00e9e, traduite par de nouvelles mesures portant sur les ensembles b\u00e2tis, les b\u00e2timents isol\u00e9s et les sites construits. Les r\u00e8glements de zone limitent les d\u00e9molitions-reconstructions et encouragent les sur\u00e9l\u00e9vations afin de lib\u00e9rer le sol et pr\u00e9server les espaces de pleine terre. Cette volont\u00e9 de protection se concr\u00e9tise \u00e9galement par une zone sp\u00e9ciale d\u00e9di\u00e9e aux grands ensembles des ann\u00e9es 1970, facilitant leur r\u00e9novation. Il introduit les \u00ab\u00a0ensembles identitaires\u00a0\u00bb, qui sont des ensembles caract\u00e9ris\u00e9s par une harmonie du b\u00e2ti, bien qu\u2019aucuns ne soient class\u00e9s. Les \u00ab\u00a0contenus superpos\u00e9s\u00a0\u00bb, viennent se rajouter aux r\u00e8gles des zones, permettant de nouvelles mesures de protections des sites b\u00e2tis et non b\u00e2tis. Enfin, si les notes du recensement architectural cantonal sont prises en compte, la commune a choisi d\u2019aller plus loin en renfor\u00e7ant la protection des b\u00e2timents not\u00e9s 3 et 4 (bien int\u00e9gr\u00e9s) en interdisant leur d\u00e9molition.<\/p>\n<\/div><div class=\"sia-beratung-db-slide-text\" data-index=\"2\" style=\"display:none;\"><p>Il faut dire que Renens a d\u00e9j\u00e0 atteint les objectifs de densification exig\u00e9s par le Canton. L\u00e0 o\u00f9 certaines typologies sont au c\u0153ur des d\u00e9bats de densification dans d\u2019autres villes, comme les zones villas, Renens fait le choix de les pr\u00e9server en tant que r\u00e9serves vertes et espaces de biodiversit\u00e9. Ces secteurs, appel\u00e9s \u00ab quartiers-jardins \u00bb, viennent s\u2019ajouter \u00e0 une s\u00e9rie d\u2019autres mesures paysag\u00e8res, t\u00e9moignant ainsi de l\u2019importance accord\u00e9e aux espaces ouverts et au patrimoine arbor\u00e9 dans le nouveau plan d\u2019affectation communal.<\/p>\n<\/div><div class=\"sia-beratung-db-slide-text\" data-index=\"3\" style=\"display:none;\"><p>Issu d\u2019une d\u00e9marche participative, l\u2019outil refl\u00e8te clairement la volont\u00e9 de Renens d\u2019adopter une densification plus douce, par la reconstruction. Selon le r\u00e8glement, toute demande de d\u00e9molition doit \u00eatre accompagn\u00e9e d\u2019une strat\u00e9gie de r\u00e9emploi. Cela inclut un diagnostic pr\u00e9cis du b\u00e2timent existant et d\u2019une strat\u00e9gie de valorisation des mat\u00e9riaux sur site, dans la mesure du possible. Le document met en avant l\u2019utilisation de mat\u00e9riaux \u00e9cologiques, tout en incitant \u00e0 limiter les d\u00e9molitions.<\/p>\n<\/div><\/div><div class=\"sia-beratung-db-filterbox\"><label class=\"toggle\" onclick=\"return window.siaBeratung.toggleFilterBox(this);\"><span>Construire dans le b\u00e2ti existant<\/span><span>Biodiversit\u00e9<\/span><span>Commune<\/span><span>D\u00e9veloppement \u00e0 l\u2019int\u00e9rieur du milieu b\u00e2ti<\/span><span>Inventaires<\/span><span>Durabilit\u00e9<\/span><span>Plans d\u2019affectation<\/span><span>Outils de planification<\/span><span>Strat\u00e9gies de d\u00e9veloppement territorial<\/span><\/label><div class=\"options\"><a href=\"#\" onclick=\"return window.siaBeratung.setFilterBoxFilter(135);\">Construire dans le b\u00e2ti existant<\/a><a href=\"#\" onclick=\"return window.siaBeratung.setFilterBoxFilter(136);\">Biodiversit\u00e9<\/a><a href=\"#\" onclick=\"return window.siaBeratung.setFilterBoxFilter(189);\">Commune<\/a><a href=\"#\" onclick=\"return window.siaBeratung.setFilterBoxFilter(142);\">D\u00e9veloppement \u00e0 l\u2019int\u00e9rieur du milieu b\u00e2ti<\/a><a href=\"#\" onclick=\"return window.siaBeratung.setFilterBoxFilter(160);\">Inventaires<\/a><a href=\"#\" onclick=\"return window.siaBeratung.setFilterBoxFilter(148);\">Durabilit\u00e9<\/a><a href=\"#\" onclick=\"return window.siaBeratung.setFilterBoxFilter(163);\">Plans d\u2019affectation<\/a><a href=\"#\" onclick=\"return window.siaBeratung.setFilterBoxFilter(151);\">Outils de planification<\/a><a href=\"#\" onclick=\"return window.siaBeratung.setFilterBoxFilter(167);\">Strat\u00e9gies de d\u00e9veloppement territorial<\/a><a href=\"#\" onclick=\"return window.siaBeratung.setFilterBoxFilter([135,136,142,148,151,160,163,167,189]);\">Alle Filter ausw\u00e4hlen<\/a><\/div><\/div><label class=\"sia-beratung-db-filterbox-spacer\">&nbsp;<\/label><\/div><a class=\"swiper-button swiper-button-next desktop\"><\/a><\/div><\/div><div class=\"sia-beratung-db-entry-searchtext\">renens: neuer kommunaler nutzungsplan setzt auf wiederverwendung | ces derni\u00e8res d\u00e9cennies, renens s\u2019est \u00e9tendue de mani\u00e8re diffuse, port\u00e9e par un plan de zone assez souple qui facilitait la construction de logements. d\u00e8s les ann\u00e9es 1970, la ville construit beaucoup, d\u00e9molissant plusieurs villas historiques pour laisser place \u00e0 de petits immeubles collectifs. avec son nouveau plan d\u2019affectation communal (pacom), elle compte se diriger vers un d\u00e9veloppement plus qualitatif, limitant les d\u00e9molitions et encourageant le r\u00e9emploi de mat\u00e9riaux.r\u00f4le de la commune: analyser, \u00e9couter, coordonner, planifier, peser les int\u00e9r\u00eats, s\u2019ouvrir \u00e0 de nouvelles id\u00e9es, communiquerorganisme responsable: commune de renenssources: plan d\u2019affectation communal (pacom) | a renens, les villas historiques c\u00f4toient les zones commerciales \u00a9 julien heil | dans le nouveau pacom, le patrimoine b\u00e2ti du 20e si\u00e8cle b\u00e9n\u00e9ficie d\u2019une protection renforc\u00e9e, traduite par de nouvelles mesures portant sur les ensembles b\u00e2tis, les b\u00e2timents isol\u00e9s et les sites construits. les r\u00e8glements de zone limitent les d\u00e9molitions-reconstructions et encouragent les sur\u00e9l\u00e9vations afin de lib\u00e9rer le sol et pr\u00e9server les espaces de pleine terre. cette volont\u00e9 de protection se concr\u00e9tise \u00e9galement par une zone sp\u00e9ciale d\u00e9di\u00e9e aux grands ensembles des ann\u00e9es 1970, facilitant leur r\u00e9novation. il introduit les \u00ab\u00a0ensembles identitaires\u00a0\u00bb, qui sont des ensembles caract\u00e9ris\u00e9s par une harmonie du b\u00e2ti, bien qu\u2019aucuns ne soient class\u00e9s. les \u00ab\u00a0contenus superpos\u00e9s\u00a0\u00bb, viennent se rajouter aux r\u00e8gles des zones, permettant de nouvelles mesures de protections des sites b\u00e2tis et non b\u00e2tis. enfin, si les notes du recensement architectural cantonal sont prises en compte, la commune a choisi d\u2019aller plus loin en renfor\u00e7ant la protection des b\u00e2timents not\u00e9s 3 et 4 (bien int\u00e9gr\u00e9s) en interdisant leur d\u00e9molition. | exemple d\u2019une zone d\u2019ensembles identitaires bien int\u00e9gr\u00e9s (note 4), consid\u00e9r\u00e9e comme un secteur de protection du site \u00a9 ville de renens | il faut dire que renens a d\u00e9j\u00e0 atteint les objectifs de densification exig\u00e9s par le canton. l\u00e0 o\u00f9 certaines typologies sont au c\u0153ur des d\u00e9bats de densification dans d\u2019autres villes, comme les zones villas, renens fait le choix de les pr\u00e9server en tant que r\u00e9serves vertes et espaces de biodiversit\u00e9. ces secteurs, appel\u00e9s \u00ab quartiers-jardins \u00bb, viennent s\u2019ajouter \u00e0 une s\u00e9rie d\u2019autres mesures paysag\u00e8res, t\u00e9moignant ainsi de l\u2019importance accord\u00e9e aux espaces ouverts et au patrimoine arbor\u00e9 dans le nouveau plan d\u2019affectation communal. | la mise en valeur des bandes urbaines paysag\u00e8res est au c\u0153ur du pacom \u00a9 julien heil | issu d\u2019une d\u00e9marche participative, l\u2019outil refl\u00e8te clairement la volont\u00e9 de renens d\u2019adopter une densification plus douce, par la reconstruction. selon le r\u00e8glement, toute demande de d\u00e9molition doit \u00eatre accompagn\u00e9e d\u2019une strat\u00e9gie de r\u00e9emploi. cela inclut un diagnostic pr\u00e9cis du b\u00e2timent existant et d\u2019une strat\u00e9gie de valorisation des mat\u00e9riaux sur site, dans la mesure du possible. le document met en avant l\u2019utilisation de mat\u00e9riaux \u00e9cologiques, tout en incitant \u00e0 limiter les d\u00e9molitions. | \u00a9 swisstopo | bauen im bestand | biodiversit\u00e4t | innenentwicklung | nachhaltigkeit | planungsinstrumente | inventare | nutzungsplanung | r\u00e4umliche entwicklungsleitbilder | gemeinde<\/div><\/article><article class=\"sia-beratung-db-entry\" data-id=\"1568\" data-cpt=\"sia-angebote\" data-slug=\"energetische-sanierung-ganzheitliche-strategien-fuer-gebaeudehuellen\" data-lat=\"53.5507112\" data-lng=\"10.0006485\" data-filter-143=\"1\" data-filter-135=\"1\" data-filter-140=\"1\" data-filter-150=\"1\" data-filter-138=\"1\" data-filter-148=\"1\" data-filter-151=\"1\" data-filter-205=\"1\" data-filter-270=\"1\" data-filter-277=\"1\" data-filter-288=\"1\" data-filter-289=\"1\" data-all-filter=\"143,135,140,150,138,148,151,205,270,277,288,289\"><div class=\"sia-beratung-db-entry-header\" onclick=\"return window.siaBeratung.toggleCpt(this);\"><div class=\"col-1\">R\u00e9novation \u00e9nerg\u00e9tique - approche globale pour l'enveloppe du b\u00e2timent<\/div><div class=\"col-2\"><span>HEIA-FR Haute \u00e9cole d'ing\u00e9nierie et d'architecture de Fribourg<\/span><\/div><div class=\"col-3\"><span>Guide<\/span><span>Projet de recherche<\/span><\/div><div class=\"sia-beratung-db-angle\"><span class=\"sia-beratung-angle\"><\/span><\/div><\/div><div class=\"sia-beratung-db-entry-content\"><div class=\"sia-beratung-db-entry-content-columns\"><div class=\"col-1\"><p>eRen a men\u00e9 un travail sur l&#8217;enveloppe des b\u00e2timents bas\u00e9 sur une approche globale et interdisciplinaire cherchant \u00e0 le meilleur \u00e9quilibre entre efficience \u00e9nerg\u00e9tique, aspects constructifs, et de physique du b\u00e2timent, \u00e9conomie, co-b\u00e9n\u00e9fices et co-pertes et valeur patrimoniale. Les typologies constructives des b\u00e2timents d&#8217;habitations collectives en Suisse romande ont fait l&#8217;objet d&#8217;une \u00e9tude de cas. L&#8217;\u00e9tat g\u00e9n\u00e9ral a \u00e9t\u00e9 analys\u00e9, puis une strat\u00e9gie g\u00e9n\u00e9rale a \u00e9t\u00e9 choisie.<\/p>\n<\/div><div class=\"col-2\"><\/div><\/div><div class=\"sia-beratung-db-entry-footer\"><div class=\"col-1\"><a href=\"https:\/\/www.smartlivinglab.ch\/fr\/projects\/eren-energie-et-renovation\/\" class=\"sia-beratung-db-entry-link\" target=\"_blank\" rel=\"noopener\">Link zum Angebot<\/a><\/div><div class=\"col-2\"><div class=\"sia-beratung-db-filterbox\"><label class=\"toggle\" onclick=\"return window.siaBeratung.toggleFilterBox(this);\"><span>Guide<\/span><span>Construire dans le b\u00e2ti existant<\/span><span>Monuments<\/span><span>Energie<\/span><span>Projet de recherche<\/span><span>HEIA-FR Haute \u00e9cole d'ing\u00e9nierie et d'architecture de Fribourg<\/span><span>Climat<\/span><span>Durabilit\u00e9<\/span><span>Sites construits<\/span><span>Outils de planification<\/span><\/label><div class=\"options\"><a href=\"#\" onclick=\"return window.siaBeratung.setFilterBoxFilter(270);\">Guide<\/a><a href=\"#\" onclick=\"return window.siaBeratung.setFilterBoxFilter(135);\">Construire dans le b\u00e2ti existant<\/a><a href=\"#\" onclick=\"return window.siaBeratung.setFilterBoxFilter(138);\">Monuments<\/a><a href=\"#\" onclick=\"return window.siaBeratung.setFilterBoxFilter(140);\">Energie<\/a><a href=\"#\" onclick=\"return window.siaBeratung.setFilterBoxFilter(277);\">Projet de recherche<\/a><a href=\"#\" onclick=\"return window.siaBeratung.setFilterBoxFilter(205);\">HEIA-FR Haute \u00e9cole d'ing\u00e9nierie et d'architecture de Fribourg<\/a><a href=\"#\" onclick=\"return window.siaBeratung.setFilterBoxFilter(143);\">Climat<\/a><a href=\"#\" onclick=\"return window.siaBeratung.setFilterBoxFilter(148);\">Durabilit\u00e9<\/a><a href=\"#\" onclick=\"return window.siaBeratung.setFilterBoxFilter(150);\">Sites construits<\/a><a href=\"#\" onclick=\"return window.siaBeratung.setFilterBoxFilter(151);\">Outils de planification<\/a><a href=\"#\" onclick=\"return window.siaBeratung.setFilterBoxFilter([143,135,140,150,138,148,151,205,270,277,288,289]);\">Alle Filter ausw\u00e4hlen<\/a><\/div><\/div><label class=\"sia-beratung-db-filterbox-spacer\">&nbsp;<\/label><\/div><\/div><\/div><div class=\"sia-beratung-db-entry-searchtext\">energetische sanierung \u2013 ganzheitliche strategien f\u00fcr geb\u00e4udeh\u00fcllen | eren a men\u00e9 un travail sur l&#8217;enveloppe des b\u00e2timents bas\u00e9 sur une approche globale et interdisciplinaire cherchant \u00e0 le meilleur \u00e9quilibre entre efficience \u00e9nerg\u00e9tique, aspects constructifs, et de physique du b\u00e2timent, \u00e9conomie, co-b\u00e9n\u00e9fices et co-pertes et valeur patrimoniale. les typologies constructives des b\u00e2timents d&#8217;habitations collectives en suisse romande ont fait l&#8217;objet d&#8217;une \u00e9tude de cas. l&#8217;\u00e9tat g\u00e9n\u00e9ral a \u00e9t\u00e9 analys\u00e9, puis une strat\u00e9gie g\u00e9n\u00e9rale a \u00e9t\u00e9 choisie. | klima | bauen im bestand | energie | ortsbilder | denkm\u00e4ler | nachhaltigkeit | planungsinstrumente | hta-fr hochschule f\u00fcr technik und architektur freiburg | arbeitshilfe | forschungsprojekt | de | fr<\/div><\/article><article class=\"sia-beratung-db-entry\" data-id=\"1706\" data-cpt=\"sia-ausbildung\" data-slug=\"renovation-energetique-des-batiments\" data-lat=\"46.7792215374578\" data-lng=\"6.65930376933155\" data-filter-135=\"1\" data-filter-136=\"1\" data-filter-138=\"1\" data-filter-140=\"1\" data-filter-142=\"1\" data-filter-143=\"1\" data-filter-148=\"1\" data-filter-200=\"1\" data-filter-201=\"1\" data-filter-202=\"1\" data-filter-205=\"1\" data-filter-272=\"1\" data-filter-289=\"1\" data-all-filter=\"135,136,138,140,142,143,148,200,201,202,205,272,289\"><div class=\"sia-beratung-db-entry-header\" onclick=\"return window.siaBeratung.toggleCpt(this);\"><div class=\"col-1\">R\u00e9novation \u00e9nerg\u00e9tique des b\u00e2timents<\/div><div class=\"col-2\"><span>HEIG-VD Haute Ecole d'Ing\u00e9nierie et de Gestion du Canton de Vaud<\/span><span>HEPIA Haute \u00e9cole du paysage, d'ing\u00e9nierie et d'architecture de Gen\u00e8ve<\/span><span>HES-SO Valais-Wallis<\/span><span>HEIA-FR Haute \u00e9cole d'ing\u00e9nierie et d'architecture de Fribourg<\/span><\/div><div class=\"col-3\"><span>CAS<\/span><\/div><div class=\"sia-beratung-db-angle\"><span class=\"sia-beratung-angle\"><\/span><\/div><\/div><div class=\"sia-beratung-db-entry-content\"><div class=\"sia-beratung-db-entry-content-columns\"><div class=\"col-1\"><p>Les participants apprendront \u00e0 ma\u00eetriser les diff\u00e9rentes \u00e9tapes n\u00e9cessaires \u00e0 la r\u00e9novation du parc immobilier de b\u00e2timents existants. A la fin du cours les participants seront \u00e0 m\u00eame de pouvoir planifier, suivre et valider des projets de r\u00e9novation \u00e0 l\u2019\u00e9chelle du b\u00e2timent.<\/p>\n<\/div><div class=\"col-2\"><\/div><\/div><div class=\"sia-beratung-db-entry-footer\"><div class=\"col-1\"><a href=\"http:\/\/www.mas-eddbat.ch\/programme\/cas-reno.aspx\" class=\"sia-beratung-db-entry-link\" target=\"_blank\" rel=\"noopener\">Link zum Angebot<\/a><\/div><div class=\"col-2\"><div class=\"sia-beratung-db-filterbox\"><label class=\"toggle\" onclick=\"return window.siaBeratung.toggleFilterBox(this);\"><span>Construire dans le b\u00e2ti existant<\/span><span>Biodiversit\u00e9<\/span><span>CAS<\/span><span>Monuments<\/span><span>Energie<\/span><span>HEIG-VD Haute Ecole d'Ing\u00e9nierie et de Gestion du Canton de Vaud<\/span><span>HEPIA Haute \u00e9cole du paysage, d'ing\u00e9nierie et d'architecture de Gen\u00e8ve<\/span><span>HES-SO Valais-Wallis<\/span><span>HEIA-FR Haute \u00e9cole d'ing\u00e9nierie et d'architecture de Fribourg<\/span><span>D\u00e9veloppement \u00e0 l\u2019int\u00e9rieur du milieu b\u00e2ti<\/span><span>Climat<\/span><span>Durabilit\u00e9<\/span><\/label><div class=\"options\"><a href=\"#\" onclick=\"return window.siaBeratung.setFilterBoxFilter(135);\">Construire dans le b\u00e2ti existant<\/a><a href=\"#\" onclick=\"return window.siaBeratung.setFilterBoxFilter(136);\">Biodiversit\u00e9<\/a><a href=\"#\" onclick=\"return window.siaBeratung.setFilterBoxFilter(272);\">CAS<\/a><a href=\"#\" onclick=\"return window.siaBeratung.setFilterBoxFilter(138);\">Monuments<\/a><a href=\"#\" onclick=\"return window.siaBeratung.setFilterBoxFilter(140);\">Energie<\/a><a href=\"#\" onclick=\"return window.siaBeratung.setFilterBoxFilter(200);\">HEIG-VD Haute Ecole d'Ing\u00e9nierie et de Gestion du Canton de Vaud<\/a><a href=\"#\" onclick=\"return window.siaBeratung.setFilterBoxFilter(201);\">HEPIA Haute \u00e9cole du paysage, d'ing\u00e9nierie et d'architecture de Gen\u00e8ve<\/a><a href=\"#\" onclick=\"return window.siaBeratung.setFilterBoxFilter(202);\">HES-SO Valais-Wallis<\/a><a href=\"#\" onclick=\"return window.siaBeratung.setFilterBoxFilter(205);\">HEIA-FR Haute \u00e9cole d'ing\u00e9nierie et d'architecture de Fribourg<\/a><a href=\"#\" onclick=\"return window.siaBeratung.setFilterBoxFilter(142);\">D\u00e9veloppement \u00e0 l\u2019int\u00e9rieur du milieu b\u00e2ti<\/a><a href=\"#\" onclick=\"return window.siaBeratung.setFilterBoxFilter(143);\">Climat<\/a><a href=\"#\" onclick=\"return window.siaBeratung.setFilterBoxFilter(148);\">Durabilit\u00e9<\/a><a href=\"#\" onclick=\"return window.siaBeratung.setFilterBoxFilter([135,136,138,140,142,143,148,200,201,202,205,272,289]);\">Alle Filter ausw\u00e4hlen<\/a><\/div><\/div><label class=\"sia-beratung-db-filterbox-spacer\">&nbsp;<\/label><\/div><\/div><\/div><div class=\"sia-beratung-db-entry-searchtext\">r\u00e9novation \u00e9nerg\u00e9tique des b\u00e2timents | les participants apprendront \u00e0 ma\u00eetriser les diff\u00e9rentes \u00e9tapes n\u00e9cessaires \u00e0 la r\u00e9novation du parc immobilier de b\u00e2timents existants. a la fin du cours les participants seront \u00e0 m\u00eame de pouvoir planifier, suivre et valider des projets de r\u00e9novation \u00e0 l\u2019\u00e9chelle du b\u00e2timent. | bauen im bestand | biodiversit\u00e4t | denkm\u00e4ler | energie | innenentwicklung | klima | nachhaltigkeit | heig-vd haute ecole d'ing\u00e9nierie et de gestion du canton de vaud | hepia haute \u00e9cole du paysage, d'ing\u00e9nierie et d'architecture de gen\u00e8ve | hes-so valais-wallis | hta-fr hochschule f\u00fcr technik und architektur freiburg | cas | fr<\/div><\/article><article class=\"sia-beratung-db-entry\" data-id=\"1599\" data-cpt=\"sia-angebote\" data-slug=\"netzwerk-lebendige-quartiere\" data-lang-slug-de_de=\"\" data-lang-slug-en_gb=\"\" data-lang-slug-fr_fr=\"\" data-lang-slug-it_it=\"\" data-lat=\"53.5507112\" data-lng=\"10.0006485\" data-filter-139=\"1\" data-filter-146=\"1\" data-filter-148=\"1\" data-filter-149=\"1\" data-filter-172=\"1\" data-filter-183=\"1\" data-filter-260=\"1\" data-filter-276=\"1\" data-filter-283=\"1\" data-filter-288=\"1\" data-filter-289=\"1\" data-all-filter=\"139,146,148,149,172,183,260,276,283,288,289\"><div class=\"sia-beratung-db-entry-header\" onclick=\"return window.siaBeratung.toggleCpt(this);\"><div class=\"col-1\">R\u00e9seau Quartiers Vivants<\/div><div class=\"col-2\"><span>ARE Office f\u00e9d\u00e9ral du d\u00e9veloppement territorial<\/span><span>OFL Office f\u00e9d\u00e9ral du logement<\/span><span>UVS Union des villes suisses<\/span><\/div><div class=\"col-3\"><span>Partage d'exp\u00e9riences<\/span><span>Plateforme<\/span><\/div><div class=\"sia-beratung-db-angle\"><span class=\"sia-beratung-angle\"><\/span><\/div><\/div><div class=\"sia-beratung-db-entry-content\"><div class=\"sia-beratung-db-entry-content-columns\"><div class=\"col-1\"><p>Le R\u00e9seau Quartiers Vivants est la plaque tournante du domaine du d\u00e9veloppement des quartiers. Il est dirig\u00e9 par l\u2019Union des villes suisses en coop\u00e9ration avec l\u2019Office f\u00e9d\u00e9ral du d\u00e9veloppement territorial ARE et de l\u2019Office f\u00e9d\u00e9ral du logement OFL.<\/p>\n<\/div><div class=\"col-2\"><\/div><\/div><div class=\"sia-beratung-db-entry-footer\"><div class=\"col-1\"><a href=\"https:\/\/lebendige-quartiere.ch\/?lang=fr\" class=\"sia-beratung-db-entry-link\" target=\"_blank\" rel=\"noopener\">Link zum Angebot<\/a><\/div><div class=\"col-2\"><div class=\"sia-beratung-db-filterbox\"><label class=\"toggle\" onclick=\"return window.siaBeratung.toggleFilterBox(this);\"><span>ARE Office f\u00e9d\u00e9ral du d\u00e9veloppement territorial<\/span><span>OFL Office f\u00e9d\u00e9ral du logement<\/span><span>Dialogue<\/span><span>Partage d'exp\u00e9riences<\/span><span>Participation<\/span><span>Durabilit\u00e9<\/span><span>Espace public<\/span><span>Plateforme<\/span><span>UVS Union des villes suisses<\/span><\/label><div class=\"options\"><a href=\"#\" onclick=\"return window.siaBeratung.setFilterBoxFilter(172);\">ARE Office f\u00e9d\u00e9ral du d\u00e9veloppement territorial<\/a><a href=\"#\" onclick=\"return window.siaBeratung.setFilterBoxFilter(183);\">OFL Office f\u00e9d\u00e9ral du logement<\/a><a href=\"#\" onclick=\"return window.siaBeratung.setFilterBoxFilter(139);\">Dialogue<\/a><a href=\"#\" onclick=\"return window.siaBeratung.setFilterBoxFilter(276);\">Partage d'exp\u00e9riences<\/a><a href=\"#\" onclick=\"return window.siaBeratung.setFilterBoxFilter(146);\">Participation<\/a><a href=\"#\" onclick=\"return window.siaBeratung.setFilterBoxFilter(148);\">Durabilit\u00e9<\/a><a href=\"#\" onclick=\"return window.siaBeratung.setFilterBoxFilter(149);\">Espace public<\/a><a href=\"#\" onclick=\"return window.siaBeratung.setFilterBoxFilter(283);\">Plateforme<\/a><a href=\"#\" onclick=\"return window.siaBeratung.setFilterBoxFilter(260);\">UVS Union des villes suisses<\/a><a href=\"#\" onclick=\"return window.siaBeratung.setFilterBoxFilter([139,146,148,149,172,183,260,276,283,288,289]);\">Alle Filter ausw\u00e4hlen<\/a><\/div><\/div><label class=\"sia-beratung-db-filterbox-spacer\">&nbsp;<\/label><\/div><\/div><\/div><div class=\"sia-beratung-db-entry-searchtext\">netzwerk lebendige quartiere | le r\u00e9seau quartiers vivants est la plaque tournante du domaine du d\u00e9veloppement des quartiers. il est dirig\u00e9 par l\u2019union des villes suisses en coop\u00e9ration avec l\u2019office f\u00e9d\u00e9ral du d\u00e9veloppement territorial are et de l\u2019office f\u00e9d\u00e9ral du logement ofl. | dialog | mitwirkung | nachhaltigkeit | \u00f6ffentlicher raum | are bundesamt f\u00fcr raumentwicklung | bwo bundesamt f\u00fcr wohnungswesen | ssv schweizerischer st\u00e4dteverband | erfahrungsaustausch | plattform | de | fr<\/div><\/article><article class=\"sia-beratung-db-entry\" data-id=\"1561\" data-cpt=\"sia-angebote\" data-slug=\"bodenschutz-lohnt-sich\" data-lang-slug-de_de=\"\" data-lang-slug-en_gb=\"\" data-lang-slug-fr_fr=\"\" data-lang-slug-it_it=\"\" data-lat=\"53.5507112\" data-lng=\"10.0006485\" data-filter-136=\"1\" data-filter-143=\"1\" data-filter-144=\"1\" data-filter-148=\"1\" data-filter-175=\"1\" data-filter-270=\"1\" data-filter-283=\"1\" data-filter-288=\"1\" data-filter-289=\"1\" data-filter-290=\"1\" data-all-filter=\"136,143,144,148,175,270,283,288,289,290\"><div class=\"sia-beratung-db-entry-header\" onclick=\"return window.siaBeratung.toggleCpt(this);\"><div class=\"col-1\">Respectons notre sol&nbsp;!<\/div><div class=\"col-2\"><span>OFEV Office f\u00e9d\u00e9ral de l'environnement<\/span><\/div><div class=\"col-3\"><span>Guide<\/span><span>Plateforme<\/span><\/div><div class=\"sia-beratung-db-angle\"><span class=\"sia-beratung-angle\"><\/span><\/div><\/div><div class=\"sia-beratung-db-entry-content\"><div class=\"sia-beratung-db-entry-content-columns\"><div class=\"col-1\"><p>Pour une protection efficace du sol dans le domaine du b\u00e2timent. Conseils et normes pour la planification<\/p>\n<\/div><div class=\"col-2\"><\/div><\/div><div class=\"sia-beratung-db-entry-footer\"><div class=\"col-1\"><a href=\"https:\/\/www.respectons-notre-sol.ch\/\" class=\"sia-beratung-db-entry-link\" target=\"_blank\" rel=\"noopener\">Link zum Angebot<\/a><\/div><div class=\"col-2\"><div class=\"sia-beratung-db-filterbox\"><label class=\"toggle\" onclick=\"return window.siaBeratung.toggleFilterBox(this);\"><span>Guide<\/span><span>OFEV Office f\u00e9d\u00e9ral de l'environnement<\/span><span>Biodiversit\u00e9<\/span><span>Climat<\/span><span>Paysage<\/span><span>Durabilit\u00e9<\/span><span>Plateforme<\/span><\/label><div class=\"options\"><a href=\"#\" onclick=\"return window.siaBeratung.setFilterBoxFilter(270);\">Guide<\/a><a href=\"#\" onclick=\"return window.siaBeratung.setFilterBoxFilter(175);\">OFEV Office f\u00e9d\u00e9ral de l'environnement<\/a><a href=\"#\" onclick=\"return window.siaBeratung.setFilterBoxFilter(136);\">Biodiversit\u00e9<\/a><a href=\"#\" onclick=\"return window.siaBeratung.setFilterBoxFilter(143);\">Climat<\/a><a href=\"#\" onclick=\"return window.siaBeratung.setFilterBoxFilter(144);\">Paysage<\/a><a href=\"#\" onclick=\"return window.siaBeratung.setFilterBoxFilter(148);\">Durabilit\u00e9<\/a><a href=\"#\" onclick=\"return window.siaBeratung.setFilterBoxFilter(283);\">Plateforme<\/a><a href=\"#\" onclick=\"return window.siaBeratung.setFilterBoxFilter([136,143,144,148,175,270,283,288,289,290]);\">Alle Filter ausw\u00e4hlen<\/a><\/div><\/div><label class=\"sia-beratung-db-filterbox-spacer\">&nbsp;<\/label><\/div><\/div><\/div><div class=\"sia-beratung-db-entry-searchtext\">bodenschutz lohnt sich | pour une protection efficace du sol dans le domaine du b\u00e2timent. conseils et normes pour la planification | biodiversit\u00e4t | klima | landschaft | nachhaltigkeit | bafu bundesamt f\u00fcr umwelt | arbeitshilfe | plattform | de | fr | it<\/div><\/article><article class=\"sia-beratung-db-entry\" data-id=\"1618\" data-cpt=\"sia-angebote\" data-slug=\"revitalisierung-von-stadt-und-ortskernen\" data-lang-slug-de_de=\"\" data-lang-slug-en_gb=\"\" data-lang-slug-fr_fr=\"\" data-lang-slug-it_it=\"\" data-lat=\"53.5507112\" data-lng=\"10.0006485\" data-filter-135=\"1\" data-filter-139=\"1\" data-filter-142=\"1\" data-filter-144=\"1\" data-filter-147=\"1\" data-filter-149=\"1\" data-filter-161=\"1\" data-filter-257=\"1\" data-filter-258=\"1\" data-filter-270=\"1\" data-filter-288=\"1\" data-filter-289=\"1\" data-all-filter=\"135,139,142,144,147,149,161,257,258,270,288,289\"><div class=\"sia-beratung-db-entry-header\" onclick=\"return window.siaBeratung.toggleCpt(this);\"><div class=\"col-1\">Revitalisation des centres de villes et de localit\u00e9s<\/div><div class=\"col-2\"><span>USAM Union suisse des arts et m\u00e9tiers<\/span><span>ACS Association des Communes Suisses<\/span><\/div><div class=\"col-3\"><span>Guide<\/span><\/div><div class=\"sia-beratung-db-angle\"><span class=\"sia-beratung-angle\"><\/span><\/div><\/div><div class=\"sia-beratung-db-entry-content\"><div class=\"sia-beratung-db-entry-content-columns\"><div class=\"col-1\"><p>A partir d\u2019exemples pratiques, le guide pr\u00e9sente des pistes pour enclencher une revalorisation des centres.<\/p>\n<\/div><div class=\"col-2\"><\/div><\/div><div class=\"sia-beratung-db-entry-footer\"><div class=\"col-1\"><a href=\"https:\/\/www.chgemeinden.ch\/wAssets\/docs\/publikationen\/franzoesisch\/Guide_revitalisation_low_res.pdf\" class=\"sia-beratung-db-entry-link\" target=\"_blank\" rel=\"noopener\">Link zum Angebot<\/a><\/div><div class=\"col-2\"><div class=\"sia-beratung-db-filterbox\"><label class=\"toggle\" onclick=\"return window.siaBeratung.toggleFilterBox(this);\"><span>Guide<\/span><span>Construire dans le b\u00e2ti existant<\/span><span>Dialogue<\/span><span>D\u00e9veloppement \u00e0 l\u2019int\u00e9rieur du milieu b\u00e2ti<\/span><span>Projets de construction communaux<\/span><span>Paysage<\/span><span>Mobilit\u00e9<\/span><span>Espace public<\/span><span>USAM Union suisse des arts et m\u00e9tiers<\/span><span>ACS Association des Communes Suisses<\/span><\/label><div class=\"options\"><a href=\"#\" onclick=\"return window.siaBeratung.setFilterBoxFilter(270);\">Guide<\/a><a href=\"#\" onclick=\"return window.siaBeratung.setFilterBoxFilter(135);\">Construire dans le b\u00e2ti existant<\/a><a href=\"#\" onclick=\"return window.siaBeratung.setFilterBoxFilter(139);\">Dialogue<\/a><a href=\"#\" onclick=\"return window.siaBeratung.setFilterBoxFilter(142);\">D\u00e9veloppement \u00e0 l\u2019int\u00e9rieur du milieu b\u00e2ti<\/a><a href=\"#\" onclick=\"return window.siaBeratung.setFilterBoxFilter(161);\">Projets de construction communaux<\/a><a href=\"#\" onclick=\"return window.siaBeratung.setFilterBoxFilter(144);\">Paysage<\/a><a href=\"#\" onclick=\"return window.siaBeratung.setFilterBoxFilter(147);\">Mobilit\u00e9<\/a><a href=\"#\" onclick=\"return window.siaBeratung.setFilterBoxFilter(149);\">Espace public<\/a><a href=\"#\" onclick=\"return window.siaBeratung.setFilterBoxFilter(257);\">USAM Union suisse des arts et m\u00e9tiers<\/a><a href=\"#\" onclick=\"return window.siaBeratung.setFilterBoxFilter(258);\">ACS Association des Communes Suisses<\/a><a href=\"#\" onclick=\"return window.siaBeratung.setFilterBoxFilter([135,139,142,144,147,149,161,257,258,270,288,289]);\">Alle Filter ausw\u00e4hlen<\/a><\/div><\/div><label class=\"sia-beratung-db-filterbox-spacer\">&nbsp;<\/label><\/div><\/div><\/div><div class=\"sia-beratung-db-entry-searchtext\">revitalisierung von stadt- und ortskernen | a partir d\u2019exemples pratiques, le guide pr\u00e9sente des pistes pour enclencher une revalorisation des centres. | bauen im bestand | dialog | innenentwicklung | landschaft | mobilit\u00e4t | \u00f6ffentlicher raum | kommunale bauprojekte | schweizerischer gewerbeverband | sgv schweizerischer gemeindeverband | arbeitshilfe | de | fr<\/div><\/article><article class=\"sia-beratung-db-entry\" data-id=\"1619\" data-cpt=\"sia-angebote\" data-slug=\"richtlinien-merkblaetter-und-wegleitungen\" data-lang-slug-de_de=\"\" data-lang-slug-en_gb=\"\" data-lang-slug-fr_fr=\"\" data-lang-slug-it_it=\"\" data-lat=\"53.5507112\" data-lng=\"10.0008202\" data-filter-138=\"1\" data-filter-140=\"1\" data-filter-150=\"1\" data-filter-156=\"1\" data-filter-160=\"1\" data-filter-165=\"1\" data-filter-215=\"1\" data-filter-270=\"1\" data-filter-288=\"1\" data-all-filter=\"138,140,150,156,160,165,215,270,288\"><div class=\"sia-beratung-db-entry-header\" onclick=\"return window.siaBeratung.toggleCpt(this);\"><div class=\"col-1\">Richtlinien, Merkbl\u00e4tter und Wegleitungen<\/div><div class=\"col-2\"><span>B\u00e2le-Campagne<\/span><\/div><div class=\"col-3\"><span>Guide<\/span><\/div><div class=\"sia-beratung-db-angle\"><span class=\"sia-beratung-angle\"><\/span><\/div><\/div><div class=\"sia-beratung-db-entry-content\"><div class=\"sia-beratung-db-entry-content-columns\"><div class=\"col-1\"><p>Zu den verschiedensten Themen wie Solaranlagen, Farbkultur, Ortsbildpflege, Denkmalsubventionen, Sakralbauten, historischen G\u00e4rten usw.<\/p>\n<\/div><div class=\"col-2\"><\/div><\/div><div class=\"sia-beratung-db-entry-footer\"><div class=\"col-1\"><a href=\"https:\/\/www.baselland.ch\/politik-und-behorden\/direktionen\/bau-und-umweltschutzdirektion\/raumplanung\/denkmalpflege\/richtlinien-und-wegleitungen\" class=\"sia-beratung-db-entry-link\" target=\"_blank\" rel=\"noopener\">Link zum Angebot<\/a><\/div><div class=\"col-2\"><div class=\"sia-beratung-db-filterbox\"><label class=\"toggle\" onclick=\"return window.siaBeratung.toggleFilterBox(this);\"><span>Guide<\/span><span>B\u00e2le-Campagne<\/span><span>Conseil par les communes<\/span><span>Monuments<\/span><span>Energie<\/span><span>Inventaires<\/span><span>Sites construits<\/span><span>Soutien de projets<\/span><\/label><div class=\"options\"><a href=\"#\" onclick=\"return window.siaBeratung.setFilterBoxFilter(270);\">Guide<\/a><a href=\"#\" onclick=\"return window.siaBeratung.setFilterBoxFilter(215);\">B\u00e2le-Campagne<\/a><a href=\"#\" onclick=\"return window.siaBeratung.setFilterBoxFilter(156);\">Conseil par les communes<\/a><a href=\"#\" onclick=\"return window.siaBeratung.setFilterBoxFilter(138);\">Monuments<\/a><a href=\"#\" onclick=\"return window.siaBeratung.setFilterBoxFilter(140);\">Energie<\/a><a href=\"#\" onclick=\"return window.siaBeratung.setFilterBoxFilter(160);\">Inventaires<\/a><a href=\"#\" onclick=\"return window.siaBeratung.setFilterBoxFilter(150);\">Sites construits<\/a><a href=\"#\" onclick=\"return window.siaBeratung.setFilterBoxFilter(165);\">Soutien de projets<\/a><a href=\"#\" onclick=\"return window.siaBeratung.setFilterBoxFilter([138,140,150,156,160,165,215,270,288]);\">Alle Filter ausw\u00e4hlen<\/a><\/div><\/div><label class=\"sia-beratung-db-filterbox-spacer\">&nbsp;<\/label><\/div><\/div><\/div><div class=\"sia-beratung-db-entry-searchtext\">richtlinien, merkbl\u00e4tter und wegleitungen | zu den verschiedensten themen wie solaranlagen, farbkultur, ortsbildpflege, denkmalsubventionen, sakralbauten, historischen g\u00e4rten usw. | denkm\u00e4ler | energie | ortsbilder | beratung durch gemeinden | inventare | projektunterst\u00fctzung | basel land | arbeitshilfe | de<\/div><\/article><article class=\"sia-beratung-db-entry\" data-id=\"1707\" data-cpt=\"sia-ausbildung\" data-slug=\"risanamento-e-investimento-immobiliare\" data-lang-slug-de_de=\"\" data-lang-slug-en_gb=\"\" data-lang-slug-fr_fr=\"\" data-lang-slug-it_it=\"\" data-lat=\"46.0307910222475\" data-lng=\"8.92404756704494\" data-filter-135=\"1\" data-filter-140=\"1\" data-filter-141=\"1\" data-filter-142=\"1\" data-filter-148=\"1\" data-filter-157=\"1\" data-filter-161=\"1\" data-filter-207=\"1\" data-filter-272=\"1\" data-filter-290=\"1\" data-all-filter=\"135,140,141,142,148,157,161,207,272,290\"><div class=\"sia-beratung-db-entry-header\" onclick=\"return window.siaBeratung.toggleCpt(this);\"><div class=\"col-1\">Risanamento e investimento immobiliare<\/div><div class=\"col-2\"><span>SUPSI Scuola universitaria professionale della Svizzera italiana<\/span><\/div><div class=\"col-3\"><span>CAS<\/span><\/div><div class=\"sia-beratung-db-angle\"><span class=\"sia-beratung-angle\"><\/span><\/div><\/div><div class=\"sia-beratung-db-entry-content\"><div class=\"sia-beratung-db-entry-content-columns\"><div class=\"col-1\"><p>Le statistiche dimostrano come il parco immobiliare svizzero sia composto per il 70% da edifici costruiti prima del 1980, caratterizzati da un\u2019importante vetust\u00e0 tecnica e una scarsa qualit\u00e0 energetica dovuta ad insufficienti interventi di manutenzione e mancati cicli di rinnovo. Allo scopo di raggiungere gli obbiettivi della nuova strategia energetica 2050 e garantire il valore immobiliare sostenibile negli anni futuri, occorre disporre di una sistematica programmata e strumenti in grado di fornire risposte rapide e adeguate sia in termini energetici che funzionali.<\/p>\n<\/div><div class=\"col-2\"><\/div><\/div><div class=\"sia-beratung-db-entry-footer\"><div class=\"col-1\"><a href=\"https:\/\/www.supsi.ch\/cas-risanamento-e-investimento-immobiliare\" class=\"sia-beratung-db-entry-link\" target=\"_blank\" rel=\"noopener\">Link zum Angebot<\/a><\/div><div class=\"col-2\"><div class=\"sia-beratung-db-filterbox\"><label class=\"toggle\" onclick=\"return window.siaBeratung.toggleFilterBox(this);\"><span>Construire dans le b\u00e2ti existant<\/span><span>CAS<\/span><span>Energie<\/span><span>Formation continue pour le personnel politique et administratif<\/span><span>Infrastructure<\/span><span>D\u00e9veloppement \u00e0 l\u2019int\u00e9rieur du milieu b\u00e2ti<\/span><span>Projets de construction communaux<\/span><span>Durabilit\u00e9<\/span><span>SUPSI Scuola universitaria professionale della Svizzera italiana<\/span><\/label><div class=\"options\"><a href=\"#\" onclick=\"return window.siaBeratung.setFilterBoxFilter(135);\">Construire dans le b\u00e2ti existant<\/a><a href=\"#\" onclick=\"return window.siaBeratung.setFilterBoxFilter(272);\">CAS<\/a><a href=\"#\" onclick=\"return window.siaBeratung.setFilterBoxFilter(140);\">Energie<\/a><a href=\"#\" onclick=\"return window.siaBeratung.setFilterBoxFilter(157);\">Formation continue pour le personnel politique et administratif<\/a><a href=\"#\" onclick=\"return window.siaBeratung.setFilterBoxFilter(141);\">Infrastructure<\/a><a href=\"#\" onclick=\"return window.siaBeratung.setFilterBoxFilter(142);\">D\u00e9veloppement \u00e0 l\u2019int\u00e9rieur du milieu b\u00e2ti<\/a><a href=\"#\" onclick=\"return window.siaBeratung.setFilterBoxFilter(161);\">Projets de construction communaux<\/a><a href=\"#\" onclick=\"return window.siaBeratung.setFilterBoxFilter(148);\">Durabilit\u00e9<\/a><a href=\"#\" onclick=\"return window.siaBeratung.setFilterBoxFilter(207);\">SUPSI Scuola universitaria professionale della Svizzera italiana<\/a><a href=\"#\" onclick=\"return window.siaBeratung.setFilterBoxFilter([135,140,141,142,148,157,161,207,272,290]);\">Alle Filter ausw\u00e4hlen<\/a><\/div><\/div><label class=\"sia-beratung-db-filterbox-spacer\">&nbsp;<\/label><\/div><\/div><\/div><div class=\"sia-beratung-db-entry-searchtext\">risanamento e investimento immobiliare | le statistiche dimostrano come il parco immobiliare svizzero sia composto per il 70% da edifici costruiti prima del 1980, caratterizzati da un\u2019importante vetust\u00e0 tecnica e una scarsa qualit\u00e0 energetica dovuta ad insufficienti interventi di manutenzione e mancati cicli di rinnovo. allo scopo di raggiungere gli obbiettivi della nuova strategia energetica 2050 e garantire il valore immobiliare sostenibile negli anni futuri, occorre disporre di una sistematica programmata e strumenti in grado di fornire risposte rapide e adeguate sia in termini energetici che funzionali. | bauen im bestand | energie | infrastruktur | innenentwicklung | nachhaltigkeit | fortbildung f\u00fcr politik und verwaltung | kommunale bauprojekte | supsi scuola universitaria professionale della svizzera italiana | cas | it<\/div><\/article><article class=\"sia-beratung-db-entry\" data-id=\"1508\" data-cpt=\"sia-beispiele\" data-slug=\"uri-der-kanton-foerdert-baukultur-an-passstrassen\" data-lang-slug-de_de=\"\" data-lang-slug-en_gb=\"\" data-lang-slug-fr_fr=\"\" data-lang-slug-it_it=\"\" data-lat=\"46.7864265\" data-lng=\"8.642292\" data-filter-135=\"1\" data-filter-138=\"1\" data-filter-141=\"1\" data-filter-144=\"1\" data-filter-147=\"1\" data-filter-149=\"1\" data-filter-155=\"1\" data-filter-160=\"1\" data-filter-161=\"1\" data-filter-168=\"1\" data-filter-233=\"1\" data-filter-288=\"1\" data-filter-289=\"1\" data-filter-290=\"1\" data-all-filter=\"135,138,141,144,147,149,155,160,161,168,233,288,289,290\"><div class=\"sia-beratung-db-entry-header\" onclick=\"return window.siaBeratung.toggleCpt(this);\"><div class=\"col-1\">Routes des cols uranais&nbsp;: un plan d\u2019am\u00e9nagement bien r\u00e9fl\u00e9chi<\/div><div class=\"col-2\">Canton de Uri , UR<\/div><div class=\"sia-beratung-db-angle\"><span class=\"sia-beratung-angle\"><\/span><\/div><\/div><div class=\"sia-beratung-db-entry-content\"><div class=\"sia-beratung-db-entry-content-columns\"><div class=\"col-1\"><div class=\"sia-beratung-db-entry-slides\"><div class=\"sia-beratung-db-entry-swiper\"><div class=\"swiper-wrapper\"><div class=\"swiper-slide\"><img loading=\"lazy\" decoding=\"async\" src=\"https:\/\/baukulturschweiz.ch\/wp-content\/uploads\/2023\/06\/2023-04-20-143101-be-uri-1-c-kanton-uri-1024x768.jpg\" width=\"1024\" height=\"768\" \/><\/div><div class=\"swiper-slide\"><img loading=\"lazy\" decoding=\"async\" src=\"https:\/\/baukulturschweiz.ch\/wp-content\/uploads\/2023\/06\/2023-04-20-152430-be-uri-2-c-kanton-uri-1024x768.png\" width=\"1024\" height=\"768\" \/><\/div><div class=\"swiper-slide\"><img loading=\"lazy\" decoding=\"async\" src=\"https:\/\/baukulturschweiz.ch\/wp-content\/uploads\/2023\/06\/2023-04-20-152244-be-uri-3-c-kanton-uri-1024x768.png\" width=\"1024\" height=\"768\" \/><\/div><div class=\"swiper-slide\"><img loading=\"lazy\" decoding=\"async\" src=\"https:\/\/baukulturschweiz.ch\/wp-content\/uploads\/2023\/06\/2023-04-20-153038-be-uri-4-c-kanton-uri-1024x768.png\" width=\"1024\" height=\"768\" \/><\/div><div class=\"swiper-slide\"><img loading=\"lazy\" decoding=\"async\" src=\"https:\/\/baukulturschweiz.ch\/wp-content\/uploads\/2023\/06\/2023-04-20-152538-be-uri-5-c-swisstopo-1024x768.jpg\" width=\"1024\" height=\"768\" \/><\/div><\/div><\/div><a class=\"swiper-button swiper-button-prev\"><\/a><a class=\"swiper-button swiper-button-next mobile\"><\/a><div class=\"sia-beratung-db-slide-legends\"><small data-index=\"0\">Reconna\u00eetre l\u2019importance historique<br \/>\r\n\u00a9 Kanton Uri<\/small><small data-index=\"1\" style=\"display:none;\">Int\u00e9grer le renforcement fonctionnel par de nouveaux d\u00e9fis<br \/>\r\n\u00a9 Kanton Uri<\/small><small data-index=\"2\" style=\"display:none;\">Inclure dans la r\u00e9flexion le site construit et le paysage<br \/>\r\n\u00a9 Kanton Uri<\/small><small data-index=\"3\" style=\"display:none;\">Pr\u00e9voir obligatoirement la pes\u00e9e des int\u00e9r\u00eats<br \/>\r\n\u00a9 Kanton Uri<\/small><small data-index=\"4\" style=\"display:none;\">\u00a9 Swisstopo<\/small><small class=\"pageNo\">1\/5<\/small><\/div><\/div><\/div><div class=\"col-2\"><div class=\"sia-beratung-db-slide-texts\"><div class=\"sia-beratung-db-slide-text\" data-index=\"0\"><p>Pour progresser, il faut \u00e0 la fois r\u00e9fl\u00e9chir et agir. C\u2019est ainsi que l\u2019on d\u00e9couvre o\u00f9 r\u00e9side la qualit\u00e9. Sur les routes des cols, il est ais\u00e9ment possible d\u2019observer cette culture d\u2019acquisition de connaissances s\u2019\u00e9tendant sur des si\u00e8cles, voire des mill\u00e9naires. Le Canton d\u2019Uri poursuit de fa\u00e7on r\u00e9fl\u00e9chie le d\u00e9veloppement de cette culture du b\u00e2ti.<\/p>\n<p><strong>R\u00f4le du canton\u00a0:<\/strong>\u00a0prendre l\u2019initiative, inventorier, planifier, contr\u00f4ler<br \/>\n<strong>Organismes responsables\u00a0:<\/strong>\u00a0Canton<br \/>\n<strong>Expert en mati\u00e8re de voies de communication historiques\u00a0:<\/strong>\u00a0Cornel Doswald<br \/>\n<strong>Travail de terrain et documentation\u00a0:<\/strong>\u00a0Kost + Partner AG<br \/>\n<strong>Source\u00a0:<\/strong>\u00a0<a class=\"external\" title=\"Kanton Uri\" href=\"https:\/\/www.ur.ch\/publikationen\/26969\" target=\"_blank\" rel=\"noopener\">Kanton Uri<\/a><\/p>\n<\/div><div class=\"sia-beratung-db-slide-text\" data-index=\"1\" style=\"display:none;\"><p>En de nombreux endroits, le long des routes des cols uranais, le b\u00e2ti d\u2019origine est encore pr\u00e9sent, son importance r\u00e9gionale voire nationale justifiant sa conservation. Le Plan d\u2019am\u00e9nagement des routes des cols uranais a \u00e9t\u00e9 con\u00e7u pour r\u00e9gler la gestion de ce b\u00e2ti historique, gestion qui n\u2019a cess\u00e9 de donner mati\u00e8re \u00e0 discussion. C\u2019est pour r\u00e9gler la mani\u00e8re de traiter \u00e0 l\u2019avenir le b\u00e2ti historique que l\u2019ex\u00e9cutif uranais a fait \u00e9laborer ce plan d\u2019am\u00e9nagement, qui sert de guide et d\u2019aide \u00e0 la planification pour le remplacement d\u2019\u00e9l\u00e9ments endommag\u00e9s et le renforcement de murs de sout\u00e8nement, de ponts et de protections contre les d\u00e9rapages.<\/p>\n<\/div><div class=\"sia-beratung-db-slide-text\" data-index=\"2\" style=\"display:none;\"><p>Ce plan a \u00e9t\u00e9 r\u00e9dig\u00e9 par la Direction des travaux (Office des travaux publics et Office d\u2019exploitation des routes nationales) ainsi que la Direction de la justice du Canton d\u2019Uri, l\u2019Office de l\u2019am\u00e9nagement du territoire et l\u2019Office des monuments et des sites, en collaboration avec deux consultants externes. Il se fonde sur les divers travaux de construction document\u00e9s pour les routes des quatre cols\u00a0: Klausen, Susten, Furka et Gothard, mais il peut s\u2019appliquer \u00e0 tous les objets inscrits \u00e0 l\u2019Inventaire f\u00e9d\u00e9ral des voies de communication historiques de la Suisse (IVS). Cela concerne tant les principes d\u2019am\u00e9nagement conforme \u00e0 la conservation du patrimoine que les indications relatives aux proc\u00e9dures et au subventionnement. Le plan d\u2019am\u00e9nagement inclut tous les aspects, depuis les petites r\u00e9parations dans le cadre de l\u2019entretien courant jusqu\u2019aux extensions ponctuelles ou d\u2019envergure, en passant par l\u2019entretien des constructions.<\/p>\n<\/div><div class=\"sia-beratung-db-slide-text\" data-index=\"3\" style=\"display:none;\"><p>Les interventions faites sur les tron\u00e7ons historiques des routes des cols doivent en principe suivre trois objectifs sup\u00e9rieurs. Le premier est le maintien du b\u00e2ti originel ou datant des \u00e9tapes de d\u00e9veloppement ult\u00e9rieures encore effectu\u00e9es de mani\u00e8re artisanale qui, selon l\u2019IVS, m\u00e9rite d\u2019\u00eatre conserv\u00e9. Le deuxi\u00e8me est la r\u00e9alisation de routes dont les tron\u00e7ons pr\u00e9sentent un aspect homog\u00e8ne. Le troisi\u00e8me, enfin, est l\u2019int\u00e9gration harmonieuse et discr\u00e8te des routes dans le site construit et le paysage.<\/p>\n<\/div><div class=\"sia-beratung-db-slide-text\" data-index=\"4\" style=\"display:none;\"><p>L\u2019objectif de r\u00e9soudre les possibles conflits d\u2019int\u00e9r\u00eats a des implications pour les processus de planification : il faut d\u2019abord et suffisamment t\u00f4t examiner si le tron\u00e7on en question est dans un \u00e9tat critique et, dans l\u2019affirmative, associer au processus le service cantonal des monuments et des sites: il est souvent possible d\u2019\u00e9laborer des solutions adapt\u00e9es \u00e0 la situation et bonnes pour tous les acteurs impliqu\u00e9s (conservation des sites, s\u00e9curit\u00e9 routi\u00e8re et entretien) ; \u00e9tudier les exemples qui existent (\u00e9galement dans les cantons voisins et avec le service de l\u2019OFROU comp\u00e9tent pour l\u2019IVS) ; et exploiter la marge de libert\u00e9 admise dans l\u2019application des normes. Les normes doivent en effet \u00eatre appliqu\u00e9es \u00ab de fa\u00e7on mesur\u00e9e \u00bb, c\u2019est-\u00e0 dire que les travaux doivent \u00eatre adapt\u00e9s \u00e0 la situation et proportionn\u00e9s au volume de trafic effectif, et que les charges financi\u00e8res et les risques en mati\u00e8re de s\u00e9curit\u00e9 doivent \u00eatre pris en compte dans toutes les r\u00e9flexions. Les charges suppl\u00e9mentaires dues aux projets qui remplissent les crit\u00e8res de la conservation des sites donnent droit \u00e0 des subventions.<\/p>\n<\/div><\/div><div class=\"sia-beratung-db-filterbox\"><label class=\"toggle\" onclick=\"return window.siaBeratung.toggleFilterBox(this);\"><span>Construction hors zone \u00e0 b\u00e2tir<\/span><span>Construire dans le b\u00e2ti existant<\/span><span>Monuments<\/span><span>Infrastructure<\/span><span>Inventaires<\/span><span>Projets de construction communaux<\/span><span>Paysage<\/span><span>Mobilit\u00e9<\/span><span>Espace public<\/span><span>Coop\u00e9ration r\u00e9gionale<\/span><span>Uri<\/span><\/label><div class=\"options\"><a href=\"#\" onclick=\"return window.siaBeratung.setFilterBoxFilter(155);\">Construction hors zone \u00e0 b\u00e2tir<\/a><a href=\"#\" onclick=\"return window.siaBeratung.setFilterBoxFilter(135);\">Construire dans le b\u00e2ti existant<\/a><a href=\"#\" onclick=\"return window.siaBeratung.setFilterBoxFilter(138);\">Monuments<\/a><a href=\"#\" onclick=\"return window.siaBeratung.setFilterBoxFilter(141);\">Infrastructure<\/a><a href=\"#\" onclick=\"return window.siaBeratung.setFilterBoxFilter(160);\">Inventaires<\/a><a href=\"#\" onclick=\"return window.siaBeratung.setFilterBoxFilter(161);\">Projets de construction communaux<\/a><a href=\"#\" onclick=\"return window.siaBeratung.setFilterBoxFilter(144);\">Paysage<\/a><a href=\"#\" onclick=\"return window.siaBeratung.setFilterBoxFilter(147);\">Mobilit\u00e9<\/a><a href=\"#\" onclick=\"return window.siaBeratung.setFilterBoxFilter(149);\">Espace public<\/a><a href=\"#\" onclick=\"return window.siaBeratung.setFilterBoxFilter(168);\">Coop\u00e9ration r\u00e9gionale<\/a><a href=\"#\" onclick=\"return window.siaBeratung.setFilterBoxFilter(233);\">Uri<\/a><a href=\"#\" onclick=\"return window.siaBeratung.setFilterBoxFilter([135,138,141,144,147,149,155,160,161,168,233,288,289,290]);\">Alle Filter ausw\u00e4hlen<\/a><\/div><\/div><label class=\"sia-beratung-db-filterbox-spacer\">&nbsp;<\/label><\/div><a class=\"swiper-button swiper-button-next desktop\"><\/a><\/div><\/div><div class=\"sia-beratung-db-entry-searchtext\">uri: der kanton f\u00f6rdert baukultur an passstrassen | pour progresser, il faut \u00e0 la fois r\u00e9fl\u00e9chir et agir. c\u2019est ainsi que l\u2019on d\u00e9couvre o\u00f9 r\u00e9side la qualit\u00e9. sur les routes des cols, il est ais\u00e9ment possible d\u2019observer cette culture d\u2019acquisition de connaissances s\u2019\u00e9tendant sur des si\u00e8cles, voire des mill\u00e9naires. le canton d\u2019uri poursuit de fa\u00e7on r\u00e9fl\u00e9chie le d\u00e9veloppement de cette culture du b\u00e2ti.r\u00f4le du canton\u00a0:\u00a0prendre l\u2019initiative, inventorier, planifier, contr\u00f4lerorganismes responsables\u00a0:\u00a0cantonexpert en mati\u00e8re de voies de communication historiques\u00a0:\u00a0cornel doswaldtravail de terrain et documentation\u00a0:\u00a0kost + partner agsource\u00a0:\u00a0kanton uri | reconna\u00eetre l\u2019importance historique\r\u00a9 kanton uri | en de nombreux endroits, le long des routes des cols uranais, le b\u00e2ti d\u2019origine est encore pr\u00e9sent, son importance r\u00e9gionale voire nationale justifiant sa conservation. le plan d\u2019am\u00e9nagement des routes des cols uranais a \u00e9t\u00e9 con\u00e7u pour r\u00e9gler la gestion de ce b\u00e2ti historique, gestion qui n\u2019a cess\u00e9 de donner mati\u00e8re \u00e0 discussion. c\u2019est pour r\u00e9gler la mani\u00e8re de traiter \u00e0 l\u2019avenir le b\u00e2ti historique que l\u2019ex\u00e9cutif uranais a fait \u00e9laborer ce plan d\u2019am\u00e9nagement, qui sert de guide et d\u2019aide \u00e0 la planification pour le remplacement d\u2019\u00e9l\u00e9ments endommag\u00e9s et le renforcement de murs de sout\u00e8nement, de ponts et de protections contre les d\u00e9rapages. | int\u00e9grer le renforcement fonctionnel par de nouveaux d\u00e9fis\r\u00a9 kanton uri | ce plan a \u00e9t\u00e9 r\u00e9dig\u00e9 par la direction des travaux (office des travaux publics et office d\u2019exploitation des routes nationales) ainsi que la direction de la justice du canton d\u2019uri, l\u2019office de l\u2019am\u00e9nagement du territoire et l\u2019office des monuments et des sites, en collaboration avec deux consultants externes. il se fonde sur les divers travaux de construction document\u00e9s pour les routes des quatre cols\u00a0: klausen, susten, furka et gothard, mais il peut s\u2019appliquer \u00e0 tous les objets inscrits \u00e0 l\u2019inventaire f\u00e9d\u00e9ral des voies de communication historiques de la suisse (ivs). cela concerne tant les principes d\u2019am\u00e9nagement conforme \u00e0 la conservation du patrimoine que les indications relatives aux proc\u00e9dures et au subventionnement. le plan d\u2019am\u00e9nagement inclut tous les aspects, depuis les petites r\u00e9parations dans le cadre de l\u2019entretien courant jusqu\u2019aux extensions ponctuelles ou d\u2019envergure, en passant par l\u2019entretien des constructions. | inclure dans la r\u00e9flexion le site construit et le paysage\r\u00a9 kanton uri | les interventions faites sur les tron\u00e7ons historiques des routes des cols doivent en principe suivre trois objectifs sup\u00e9rieurs. le premier est le maintien du b\u00e2ti originel ou datant des \u00e9tapes de d\u00e9veloppement ult\u00e9rieures encore effectu\u00e9es de mani\u00e8re artisanale qui, selon l\u2019ivs, m\u00e9rite d\u2019\u00eatre conserv\u00e9. le deuxi\u00e8me est la r\u00e9alisation de routes dont les tron\u00e7ons pr\u00e9sentent un aspect homog\u00e8ne. le troisi\u00e8me, enfin, est l\u2019int\u00e9gration harmonieuse et discr\u00e8te des routes dans le site construit et le paysage. | pr\u00e9voir obligatoirement la pes\u00e9e des int\u00e9r\u00eats\r\u00a9 kanton uri | l\u2019objectif de r\u00e9soudre les possibles conflits d\u2019int\u00e9r\u00eats a des implications pour les processus de planification : il faut d\u2019abord et suffisamment t\u00f4t examiner si le tron\u00e7on en question est dans un \u00e9tat critique et, dans l\u2019affirmative, associer au processus le service cantonal des monuments et des sites: il est souvent possible d\u2019\u00e9laborer des solutions adapt\u00e9es \u00e0 la situation et bonnes pour tous les acteurs impliqu\u00e9s (conservation des sites, s\u00e9curit\u00e9 routi\u00e8re et entretien) ; \u00e9tudier les exemples qui existent (\u00e9galement dans les cantons voisins et avec le service de l\u2019ofrou comp\u00e9tent pour l\u2019ivs) ; et exploiter la marge de libert\u00e9 admise dans l\u2019application des normes. les normes doivent en effet \u00eatre appliqu\u00e9es \u00ab de fa\u00e7on mesur\u00e9e \u00bb, c\u2019est-\u00e0 dire que les travaux doivent \u00eatre adapt\u00e9s \u00e0 la situation et proportionn\u00e9s au volume de trafic effectif, et que les charges financi\u00e8res et les risques en mati\u00e8re de s\u00e9curit\u00e9 doivent \u00eatre pris en compte dans toutes les r\u00e9flexions. les charges suppl\u00e9mentaires dues aux projets qui remplissent les crit\u00e8res de la conservation des sites donnent droit \u00e0 des subventions. | \u00a9 swisstopo | bauen im bestand | denkm\u00e4ler | infrastruktur | landschaft | mobilit\u00e4t | \u00f6ffentlicher raum | bauen ausserhalb der bauzone | inventare | kommunale bauprojekte | regionale zusammenarbeit | uri | de | fr | it<\/div><\/article><article class=\"sia-beratung-db-entry\" data-id=\"1708\" data-cpt=\"sia-ausbildung\" data-slug=\"sachbearbeiter-in-baubewilligungsverfahren\" data-lang-slug-de_de=\"\" data-lang-slug-en_gb=\"\" data-lang-slug-fr_fr=\"\" data-lang-slug-it_it=\"\" data-lat=\"46.9617603345847\" data-lng=\"7.46459399805445\" data-filter-151=\"1\" data-filter-152=\"1\" data-filter-154=\"1\" data-filter-157=\"1\" data-filter-194=\"1\" data-filter-279=\"1\" data-filter-288=\"1\" data-all-filter=\"151,152,154,157,194,279,288\"><div class=\"sia-beratung-db-entry-header\" onclick=\"return window.siaBeratung.toggleCpt(this);\"><div class=\"col-1\">Sachbearbeiter\/-in Baubewilligungsverfahren<\/div><div class=\"col-2\"><span>BWD Bern Bildungszentrum f\u00fcr Wirtschaft und Dienstleistung<\/span><\/div><div class=\"col-3\"><span>Cours et colloques<\/span><\/div><div class=\"sia-beratung-db-angle\"><span class=\"sia-beratung-angle\"><\/span><\/div><\/div><div class=\"sia-beratung-db-entry-content\"><div class=\"sia-beratung-db-entry-content-columns\"><div class=\"col-1\"><p>Die bwd Weiterbildung bietet im Auftrag des Bernischen Gemeindekaders (BGK), dem Verband Bernischer Gemeinden (VBG) und dem Amt f\u00fcr Gemeinden und Raumordnung (AGR), einen berufsbegleitenden Lehrgang als Sachbearbeiter\/-in Baubewilligungsverfahren an.<\/p>\n<\/div><div class=\"col-2\"><\/div><\/div><div class=\"sia-beratung-db-entry-footer\"><div class=\"col-1\"><a href=\"https:\/\/bwdbern.ch\/wb\/gemeinden\/lehrgaenge\/lehrgang-sachbearbeitende-baubewilligungsverfahren\/\" class=\"sia-beratung-db-entry-link\" target=\"_blank\" rel=\"noopener\">Link zum Angebot<\/a><\/div><div class=\"col-2\"><div class=\"sia-beratung-db-filterbox\"><label class=\"toggle\" onclick=\"return window.siaBeratung.toggleFilterBox(this);\"><span>Proc\u00e9dures d\u2019autorisation de construire<\/span><span>BWD Bern Bildungszentrum f\u00fcr Wirtschaft und Dienstleistung<\/span><span>Formation continue pour le personnel politique et administratif<\/span><span>Cours et colloques<\/span><span>Outils de planification<\/span><span>Processus<\/span><\/label><div class=\"options\"><a href=\"#\" onclick=\"return window.siaBeratung.setFilterBoxFilter(154);\">Proc\u00e9dures d\u2019autorisation de construire<\/a><a href=\"#\" onclick=\"return window.siaBeratung.setFilterBoxFilter(194);\">BWD Bern Bildungszentrum f\u00fcr Wirtschaft und Dienstleistung<\/a><a href=\"#\" onclick=\"return window.siaBeratung.setFilterBoxFilter(157);\">Formation continue pour le personnel politique et administratif<\/a><a href=\"#\" onclick=\"return window.siaBeratung.setFilterBoxFilter(279);\">Cours et colloques<\/a><a href=\"#\" onclick=\"return window.siaBeratung.setFilterBoxFilter(151);\">Outils de planification<\/a><a href=\"#\" onclick=\"return window.siaBeratung.setFilterBoxFilter(152);\">Processus<\/a><a href=\"#\" onclick=\"return window.siaBeratung.setFilterBoxFilter([151,152,154,157,194,279,288]);\">Alle Filter ausw\u00e4hlen<\/a><\/div><\/div><label class=\"sia-beratung-db-filterbox-spacer\">&nbsp;<\/label><\/div><\/div><\/div><div class=\"sia-beratung-db-entry-searchtext\">sachbearbeiter\/-in baubewilligungsverfahren | die bwd weiterbildung bietet im auftrag des bernischen gemeindekaders (bgk), dem verband bernischer gemeinden (vbg) und dem amt f\u00fcr gemeinden und raumordnung (agr), einen berufsbegleitenden lehrgang als sachbearbeiter\/-in baubewilligungsverfahren an. | planungsinstrumente | prozesse | baubewilligungsverfahren | fortbildung f\u00fcr politik und verwaltung | bwd bern bildungszentrum f\u00fcr wirtschaft und dienstleistung | kurse und tagungen | de<\/div><\/article><article class=\"sia-beratung-db-entry\" data-id=\"5621\" data-cpt=\"sia-beispiele\" data-slug=\"st-gallen-sg-eine-vision-fuer-das-brachliegende-areal-bach\" data-lang-slug-de_de=\"\" data-lang-slug-en_gb=\"\" data-lang-slug-fr_fr=\"\" data-lang-slug-it_it=\"\" data-lat=\"47.4343435\" data-lng=\"9.3953705\" data-filter-136=\"1\" data-filter-139=\"1\" data-filter-143=\"1\" data-filter-146=\"1\" data-filter-148=\"1\" data-filter-149=\"1\" data-filter-163=\"1\" data-filter-165=\"1\" data-filter-189=\"1\" data-all-filter=\"136,139,143,146,148,149,163,165,189\"><div class=\"sia-beratung-db-entry-header\" onclick=\"return window.siaBeratung.toggleCpt(this);\"><div class=\"col-1\">Saint-Gall: une vision pour la friche Areal Bach<\/div><div class=\"col-2\">St. Gallen, SG <\/div><div class=\"sia-beratung-db-angle\"><span class=\"sia-beratung-angle\"><\/span><\/div><\/div><div class=\"sia-beratung-db-entry-content\"><div class=\"sia-beratung-db-entry-content-columns\"><div class=\"col-1\"><div class=\"sia-beratung-db-entry-slides\"><div class=\"sia-beratung-db-entry-swiper\"><div class=\"swiper-wrapper\"><div class=\"swiper-slide\"><img loading=\"lazy\" decoding=\"async\" src=\"https:\/\/baukulturschweiz.ch\/wp-content\/uploads\/2025\/12\/Photo-3_Binding-1024x683.jpg\" width=\"1024\" height=\"683\" \/><\/div><div class=\"swiper-slide\"><img loading=\"lazy\" decoding=\"async\" src=\"https:\/\/baukulturschweiz.ch\/wp-content\/uploads\/2025\/12\/Photo-2_Binding-1024x683.jpg\" width=\"1024\" height=\"683\" \/><\/div><div class=\"swiper-slide\"><img loading=\"lazy\" decoding=\"async\" src=\"https:\/\/baukulturschweiz.ch\/wp-content\/uploads\/2025\/12\/Photo-1_Binding-1024x683.jpg\" width=\"1024\" height=\"683\" \/><\/div><div class=\"swiper-slide\"><img loading=\"lazy\" decoding=\"async\" src=\"https:\/\/baukulturschweiz.ch\/wp-content\/uploads\/2025\/12\/Ziele-1024x707.jpg\" width=\"1024\" height=\"707\" \/><\/div><div class=\"swiper-slide\"><img loading=\"lazy\" decoding=\"async\" src=\"https:\/\/baukulturschweiz.ch\/wp-content\/uploads\/2025\/12\/St-Gallen_final-e1768230841554.png\" width=\"970\" height=\"647\" \/><\/div><\/div><\/div><a class=\"swiper-button swiper-button-prev\"><\/a><a class=\"swiper-button swiper-button-next mobile\"><\/a><div class=\"sia-beratung-db-slide-legends\"><small data-index=\"0\">R\u00e9am\u00e9nagement de l\u2019ancienne voie ferr\u00e9e avec des structures \u00e9cologiques \u00a9 Binding Preis f\u00fcr Biodiversit\u00e4t, Stefanie W\u00fcrsch<\/small><small data-index=\"1\" style=\"display:none;\">La friche devient aussi un lieu de rencontre \u00a9 Binding Preis f\u00fcr Biodiversit\u00e4t, Stefanie W\u00fcrsch<\/small><small data-index=\"2\" style=\"display:none;\">La population participe \u00e0 la conception du lieu et \u00e0 son maintien \u00a9 Binding Preis f\u00fcr Biodiversit\u00e4t, Stefanie W\u00fcrsch<\/small><small data-index=\"3\" style=\"display:none;\">Les 6 objectifs de l\u2019association \u00ab Areal Bach \u00bb \u00a9 Binding Preis f\u00fcr Biodiversit\u00e4t, Stefanie W\u00fcrsch<\/small><small data-index=\"4\" style=\"display:none;\">\u00a9 Swisstopo<\/small><small class=\"pageNo\">1\/5<\/small><\/div><\/div><\/div><div class=\"col-2\"><div class=\"sia-beratung-db-slide-texts\"><div class=\"sia-beratung-db-slide-text\" data-index=\"0\"><p>En attendant le d\u00e9veloppement futur de la parcelle \u00abBach-St.Fiden\u00bb, l\u2019association de quartier \u00abNordost-Heiligkreuz\u00bb et le bureau d\u2019architecture GSI Architekten AG initient l\u2019am\u00e9nagement temporairement de la friche de 2500m<sup>2<\/sup> au c\u0153ur du quartier, afin d\u2019en faire un espace de nature et de rencontre pour le quartier, con\u00e7u avec la population.<\/p>\n<p>&nbsp;<\/p>\n<p><strong>Organismes responsables:<\/strong> Commune de St-Gall, Migros, Verein Areal Bach<br data-start=\"169\" data-end=\"172\" \/><strong>Architecture:<\/strong> GSI Architekten AG<br data-start=\"204\" data-end=\"207\" \/><strong>R\u00f4le de la commune:<\/strong> Rendre possible, planifier, s&#8217;ouvrir \u00e0 des nouvelles id\u00e9es, autoriser, collaborer, soutenir, financer<br data-start=\"328\" data-end=\"331\" \/><strong>Source:<\/strong> <a href=\"https:\/\/www.areal-bach.ch\/\">Areal Bach<\/a><\/p>\n<\/div><div class=\"sia-beratung-db-slide-text\" data-index=\"1\" style=\"display:none;\"><p>La ville veut d\u00e9finir une vision directrice pour le quartier \u00ab\u00a0Saint-fiden-Heiligkreuz\u00a0\u00bb, en vue d\u2019une densification dans cette importante r\u00e9serve fonci\u00e8re. Une planification test est lanc\u00e9e, d\u00e9finissant deux secteurs\u00a0un secteur englobant toute la zone, et un sous-secteur \u00ab\u00a0Bach- St.Fiden\u00a0\u00bb, une friche au nord du site ferroviaire, appartenant \u00e0 la ville de St-Gall et \u00e0 la Migros. Parmi les objectifs de cette planification, combler le manque d\u2019espaces libres de qualit\u00e9 dans ce quartier.<\/p>\n<\/div><div class=\"sia-beratung-db-slide-text\" data-index=\"2\" style=\"display:none;\"><p>Le projet d\u2019am\u00e9nagement temporaire de la friche r\u00e9sonne avec les intentions de la ville, et celle-ci soutient l\u2019initiative en ouvrant un poste \u00e0 temps partiel pour l\u2019accompagnement du projet. Elle soutient l\u2019initiative \u00e0 une hauteur de 150000 CHF. En collaboration avec les services de la ville et les acteur-rices \u00e0 proximit\u00e9 de la friche, l\u2019initiative \u00ab Areal Bach \u00bb est cr\u00e9\u00e9, s\u2019articulant autour de 6 objectifs.<\/p>\n<\/div><div class=\"sia-beratung-db-slide-text\" data-index=\"3\" style=\"display:none;\"><p>Parmi ces objectifs, la volont\u00e9 de promouvoir des mesures climatiques. Le projet pilote introduit le concept de \u00ab Nature temporaire\u00a0\/ Gr\u00fcn auf Zeit \u00bb\u00a0: Il est possible de mettre en place des mesures climatiques temporaires, peu co\u00fbteuses, et efficaces \u00e0 court terme. Au total, plus de 150 arbres et arbustes plant\u00e9s en p\u00e9pini\u00e8re fournissent de l\u2019ombre et contribuent \u00e0 la biodiversit\u00e9 en \u00e9voluant vers des arbres \u00e0 haute tige. Les surfaces rud\u00e9rales du site sont transform\u00e9es en espaces naturels dynamiques. Ces zones s\u00e8ches, compos\u00e9es de sable, gravier et cailloux, servent d\u2019habitat \u00e0 de nombreuses esp\u00e8ces pionni\u00e8res. Si les plantations sont temporaires sur ce site, elles seront dans la mesure du possible replant\u00e9es dans le reste de la ville.<\/p>\n<\/div><div class=\"sia-beratung-db-slide-text\" data-index=\"4\" style=\"display:none;\"><p>Le projet ne se concentre pas uniquement sur les mesures climatiques, mais sur une gestion participative et exp\u00e9rimentale du site, pour en faire un v\u00e9ritable lieu de rencontre. La population a non seulement particip\u00e9 \u00e0 la conception du lieu, mais aussi \u00e0 sa plantation et au lancement de diverses initiatives. Ateliers pour enfants, jardin interg\u00e9n\u00e9rationnel ou encore manifestations culturelles, une programmation flexible favoriser la diversit\u00e9 des usages et l\u2019animation du quartier. L\u2019association s\u2019assure de l\u2019entretien de la friche et de sa gestion.<\/p>\n<\/div><\/div><div class=\"sia-beratung-db-filterbox\"><label class=\"toggle\" onclick=\"return window.siaBeratung.toggleFilterBox(this);\"><span>Biodiversit\u00e9<\/span><span>Dialogue<\/span><span>Commune<\/span><span>Climat<\/span><span>Participation<\/span><span>Durabilit\u00e9<\/span><span>Plans d\u2019affectation<\/span><span>Espace public<\/span><span>Soutien de projets<\/span><\/label><div class=\"options\"><a href=\"#\" onclick=\"return window.siaBeratung.setFilterBoxFilter(136);\">Biodiversit\u00e9<\/a><a href=\"#\" onclick=\"return window.siaBeratung.setFilterBoxFilter(139);\">Dialogue<\/a><a href=\"#\" onclick=\"return window.siaBeratung.setFilterBoxFilter(189);\">Commune<\/a><a href=\"#\" onclick=\"return window.siaBeratung.setFilterBoxFilter(143);\">Climat<\/a><a href=\"#\" onclick=\"return window.siaBeratung.setFilterBoxFilter(146);\">Participation<\/a><a href=\"#\" onclick=\"return window.siaBeratung.setFilterBoxFilter(148);\">Durabilit\u00e9<\/a><a href=\"#\" onclick=\"return window.siaBeratung.setFilterBoxFilter(163);\">Plans d\u2019affectation<\/a><a href=\"#\" onclick=\"return window.siaBeratung.setFilterBoxFilter(149);\">Espace public<\/a><a href=\"#\" onclick=\"return window.siaBeratung.setFilterBoxFilter(165);\">Soutien de projets<\/a><a href=\"#\" onclick=\"return window.siaBeratung.setFilterBoxFilter([136,139,143,146,148,149,163,165,189]);\">Alle Filter ausw\u00e4hlen<\/a><\/div><\/div><label class=\"sia-beratung-db-filterbox-spacer\">&nbsp;<\/label><\/div><a class=\"swiper-button swiper-button-next desktop\"><\/a><\/div><\/div><div class=\"sia-beratung-db-entry-searchtext\">st. gallen: eine vision f\u00fcr das brachliegende areal bach | en attendant le d\u00e9veloppement futur de la parcelle \u00abbach-st.fiden\u00bb, l\u2019association de quartier \u00abnordost-heiligkreuz\u00bb et le bureau d\u2019architecture gsi architekten ag initient l\u2019am\u00e9nagement temporairement de la friche de 2500m2 au c\u0153ur du quartier, afin d\u2019en faire un espace de nature et de rencontre pour le quartier, con\u00e7u avec la population.&nbsp;organismes responsables: commune de st-gall, migros, verein areal bacharchitecture: gsi architekten agr\u00f4le de la commune: rendre possible, planifier, s&#8217;ouvrir \u00e0 des nouvelles id\u00e9es, autoriser, collaborer, soutenir, financersource: areal bach | r\u00e9am\u00e9nagement de l\u2019ancienne voie ferr\u00e9e avec des structures \u00e9cologiques \u00a9 binding preis f\u00fcr biodiversit\u00e4t, stefanie w\u00fcrsch | la ville veut d\u00e9finir une vision directrice pour le quartier \u00ab\u00a0saint-fiden-heiligkreuz\u00a0\u00bb, en vue d\u2019une densification dans cette importante r\u00e9serve fonci\u00e8re. une planification test est lanc\u00e9e, d\u00e9finissant deux secteurs\u00a0un secteur englobant toute la zone, et un sous-secteur \u00ab\u00a0bach- st.fiden\u00a0\u00bb, une friche au nord du site ferroviaire, appartenant \u00e0 la ville de st-gall et \u00e0 la migros. parmi les objectifs de cette planification, combler le manque d\u2019espaces libres de qualit\u00e9 dans ce quartier. | la friche devient aussi un lieu de rencontre \u00a9 binding preis f\u00fcr biodiversit\u00e4t, stefanie w\u00fcrsch | le projet d\u2019am\u00e9nagement temporaire de la friche r\u00e9sonne avec les intentions de la ville, et celle-ci soutient l\u2019initiative en ouvrant un poste \u00e0 temps partiel pour l\u2019accompagnement du projet. elle soutient l\u2019initiative \u00e0 une hauteur de 150000 chf. en collaboration avec les services de la ville et les acteur-rices \u00e0 proximit\u00e9 de la friche, l\u2019initiative \u00ab areal bach \u00bb est cr\u00e9\u00e9, s\u2019articulant autour de 6 objectifs. | la population participe \u00e0 la conception du lieu et \u00e0 son maintien \u00a9 binding preis f\u00fcr biodiversit\u00e4t, stefanie w\u00fcrsch | parmi ces objectifs, la volont\u00e9 de promouvoir des mesures climatiques. le projet pilote introduit le concept de \u00ab nature temporaire\u00a0\/ gr\u00fcn auf zeit \u00bb\u00a0: il est possible de mettre en place des mesures climatiques temporaires, peu co\u00fbteuses, et efficaces \u00e0 court terme. au total, plus de 150 arbres et arbustes plant\u00e9s en p\u00e9pini\u00e8re fournissent de l\u2019ombre et contribuent \u00e0 la biodiversit\u00e9 en \u00e9voluant vers des arbres \u00e0 haute tige. les surfaces rud\u00e9rales du site sont transform\u00e9es en espaces naturels dynamiques. ces zones s\u00e8ches, compos\u00e9es de sable, gravier et cailloux, servent d\u2019habitat \u00e0 de nombreuses esp\u00e8ces pionni\u00e8res. si les plantations sont temporaires sur ce site, elles seront dans la mesure du possible replant\u00e9es dans le reste de la ville. | les 6 objectifs de l\u2019association \u00ab areal bach \u00bb \u00a9 binding preis f\u00fcr biodiversit\u00e4t, stefanie w\u00fcrsch | le projet ne se concentre pas uniquement sur les mesures climatiques, mais sur une gestion participative et exp\u00e9rimentale du site, pour en faire un v\u00e9ritable lieu de rencontre. la population a non seulement particip\u00e9 \u00e0 la conception du lieu, mais aussi \u00e0 sa plantation et au lancement de diverses initiatives. ateliers pour enfants, jardin interg\u00e9n\u00e9rationnel ou encore manifestations culturelles, une programmation flexible favoriser la diversit\u00e9 des usages et l\u2019animation du quartier. l\u2019association s\u2019assure de l\u2019entretien de la friche et de sa gestion. | \u00a9 swisstopo | biodiversit\u00e4t | dialog | klima | mitwirkung | nachhaltigkeit | \u00f6ffentlicher raum | nutzungsplanung | projektunterst\u00fctzung | gemeinde<\/div><\/article><article class=\"sia-beratung-db-entry\" data-id=\"1489\" data-cpt=\"sia-beispiele\" data-slug=\"saint-maurice-baukultur-schaetzt-vorhandenes\" data-lang-slug-de_de=\"\" data-lang-slug-en_gb=\"\" data-lang-slug-fr_fr=\"\" data-lang-slug-it_it=\"\" data-lat=\"46.2223651\" data-lng=\"7.0039558\" data-filter-135=\"1\" data-filter-138=\"1\" data-filter-139=\"1\" data-filter-142=\"1\" data-filter-145=\"1\" data-filter-148=\"1\" data-filter-150=\"1\" data-filter-160=\"1\" data-filter-161=\"1\" data-filter-166=\"1\" data-filter-267=\"1\" data-filter-268=\"1\" data-filter-288=\"1\" data-filter-289=\"1\" data-filter-290=\"1\" data-all-filter=\"135,138,139,142,145,148,150,160,161,166,267,268,288,289,290\"><div class=\"sia-beratung-db-entry-header\" onclick=\"return window.siaBeratung.toggleCpt(this);\"><div class=\"col-1\">Saint-Maurice&nbsp;: la culture du b\u00e2ti valorise l\u2019existant<\/div><div class=\"col-2\">Saint-Maurice, VS<\/div><div class=\"sia-beratung-db-angle\"><span class=\"sia-beratung-angle\"><\/span><\/div><\/div><div class=\"sia-beratung-db-entry-content\"><div class=\"sia-beratung-db-entry-content-columns\"><div class=\"col-1\"><div class=\"sia-beratung-db-entry-slides\"><div class=\"sia-beratung-db-entry-swiper\"><div class=\"swiper-wrapper\"><div class=\"swiper-slide\"><img loading=\"lazy\" decoding=\"async\" src=\"https:\/\/baukulturschweiz.ch\/wp-content\/uploads\/2023\/06\/2023-04-20-135758-st-maurice-1-eik-frenzel-1024x768.jpg\" width=\"1024\" height=\"768\" \/><\/div><div class=\"swiper-slide\"><img loading=\"lazy\" decoding=\"async\" src=\"https:\/\/baukulturschweiz.ch\/wp-content\/uploads\/2023\/06\/2023-04-20-140006-st-maurice-2-guymenzel-1024x768.jpg\" width=\"1024\" height=\"768\" \/><\/div><div class=\"swiper-slide\"><img loading=\"lazy\" decoding=\"async\" src=\"https:\/\/baukulturschweiz.ch\/wp-content\/uploads\/2023\/06\/2023-04-20-140035-st-maurice-3-guymenzel-1024x768.jpg\" width=\"1024\" height=\"768\" \/><\/div><div class=\"swiper-slide\"><img loading=\"lazy\" decoding=\"async\" src=\"https:\/\/baukulturschweiz.ch\/wp-content\/uploads\/2023\/06\/2023-04-20-140131-st-maurice-4-severine-rouiller-1024x768.jpg\" width=\"1024\" height=\"768\" \/><\/div><div class=\"swiper-slide\"><img loading=\"lazy\" decoding=\"async\" src=\"https:\/\/baukulturschweiz.ch\/wp-content\/uploads\/2023\/06\/2023-04-20-140539-be-st-maurice-5-c-swisstopo-1024x768.jpg\" width=\"1024\" height=\"768\" \/><\/div><\/div><\/div><a class=\"swiper-button swiper-button-prev\"><\/a><a class=\"swiper-button swiper-button-next mobile\"><\/a><div class=\"sia-beratung-db-slide-legends\"><small data-index=\"0\">La commune prend la responsabilit\u00e9<br \/>\r\n\u00a9 Eik Frenzel<\/small><small data-index=\"1\" style=\"display:none;\">La commune fait appel aux meilleurs<br \/>\r\n\u00a9 GayMenzel s\u00e0rl<\/small><small data-index=\"2\" style=\"display:none;\">La commune obtient un bijou<br \/>\r\n\u00a9 GayMenzel s\u00e0rl<\/small><small data-index=\"3\" style=\"display:none;\">La commune donne l\u2019exemple<br \/>\r\n\u00a9 S\u00e9verine Rouiller<\/small><small data-index=\"4\" style=\"display:none;\">\u00a9 Swisstopo<\/small><small class=\"pageNo\">1\/5<\/small><\/div><\/div><\/div><div class=\"col-2\"><div class=\"sia-beratung-db-slide-texts\"><div class=\"sia-beratung-db-slide-text\" data-index=\"0\"><p>L\u2019exemple des Maisons Duc montre comment il est possible, en proc\u00e9dant intelligemment, d\u2019interpr\u00e9ter avec virtuosit\u00e9 inventaires et dispositions de protection sans perdre de vue l\u2019esprit et le but de ces prescriptions. La commune de Saint-Maurice assume la responsabilit\u00e9, ach\u00e8te les immeubles et fait r\u00e9aliser le meilleur projet, s\u00e9lectionn\u00e9 par une proc\u00e9dure de mise au concours.<\/p>\n<p><strong>R\u00f4le de la commune\u00a0:<\/strong>\u00a0peser le pour et le contre, acheter, lancer un concours d\u2019architecture, appr\u00e9cier, d\u00e9cider, mettre en \u0153uvre.<br \/>\n<strong>Organismes responsables\u00a0:<\/strong>\u00a0Commune<br \/>\n<strong>Architecture\u00a0:<\/strong>\u00a0Gay Menzel, Monthey<br \/>\n<strong>Source\u00a0:<\/strong>\u00a0<a class=\"external\" title=\"Hochparterre, Hase in Architektur, Mention (r\u00e9serv\u00e9 aux abonn\u00e9s)\" href=\"https:\/\/www.hochparterre.ch\/diebesten\/verzahnt\" target=\"_blank\" rel=\"noopener\">Hochparterre, Hase in Architektur, Mention (r\u00e9serv\u00e9 aux abonn\u00e9s)<\/a>,\u00a0<a class=\"external\" title=\"Article PDF\" href=\"\/wp-content\/uploads\/2023\/06\/2023-04-19-092334-saint-maurice-hochparterre-verzahnt.pdf\" target=\"_blank\" rel=\"noopener\">Article PDF<\/a>,\u00a0<a class=\"external\" title=\"*Baukultur: Qualit\u00e4t und Kritik*, Espazium\" href=\"https:\/\/www.espazium.ch\/fr\/actualites\/maisons-duc-saint-maurice\" target=\"_blank\" rel=\"noopener\"><em>Cul\u00adtu\u00adre du b\u00e2\u00adti: qua\u00adlit\u00e9 et cri\u00adtique<\/em>, Espazium<\/a><\/p>\n<\/div><div class=\"sia-beratung-db-slide-text\" data-index=\"1\" style=\"display:none;\"><p>Les Romains d\u00e9j\u00e0, reconnaissant l\u2019int\u00e9r\u00eat strat\u00e9gique de la situation de l\u2019actuel Saint-Maurice, avaient install\u00e9 un poste militaire et douanier \u00e0 l\u2019endroit le plus resserr\u00e9 \u00e0 l\u2019entr\u00e9e de la vall\u00e9e du Rh\u00f4ne. Le site construit de Saint-Maurice est class\u00e9 d\u2019importance nationale par l\u2019Inventaire f\u00e9d\u00e9ral des sites construits d\u2019importance nationale \u00e0 prot\u00e9ger en Suisse (ISOS). Aujourd\u2019hui encore la Grand-Rue, art\u00e8re principale de la bourgade, suit le trac\u00e9 de la voie romaine. Elle aussi est class\u00e9e d\u2019importance nationale, par l\u2019Inventaire f\u00e9d\u00e9ral des voies de communication historiques de la Suisse (IVS). Cela dit, les flux de circulation suivent depuis longtemps d\u2019autres axes. Il tient \u00e0 c\u0153ur \u00e0 la commune d\u2019animer cette rue pittoresque. C\u2019est \u00e9galement sur la Grand-Rue que se trouvent les trois Maisons Duc imbriqu\u00e9es l\u2019une dans l\u2019autre. Elles ont longtemps \u00e9t\u00e9 presque enti\u00e8rement vides, avec une fa\u00e7ade penchant de fa\u00e7on inqui\u00e9tante vers l\u2019ext\u00e9rieur. La commune les a achet\u00e9es et a invit\u00e9 six bureaux \u00e0 \u00e9laborer un projet de transformation.<\/p>\n<\/div><div class=\"sia-beratung-db-slide-text\" data-index=\"2\" style=\"display:none;\"><p>La commune souhaitait y installer une galerie d\u2019art, un atelier d\u2019artiste pour personnes en situation de handicap et des logements. Les fa\u00e7ades donnant sur la Grand-Rue \u00e9taient prot\u00e9g\u00e9es mais, par chance, les constats faits par les experts en architecture, en histoire de l\u2019art et en statique concordaient largement sur les parties de construction les plus pr\u00e9cieuses et les plus stables. Ainsi, l\u2019arri\u00e8re des b\u00e2timents a pu \u00eatre remplac\u00e9 par une nouvelle construction. L\u2019esprit du b\u00e2ti existant est respect\u00e9, mais r\u00e9interpr\u00e9t\u00e9 librement. Au lieu d\u2019une intervention uniforme ax\u00e9e sur une \u00e9poque donn\u00e9e, on a choisi de combiner plusieurs strat\u00e9gies\u00a0: restauration, d\u00e9molition, r\u00e9utilisation et ajout d\u2019\u00e9l\u00e9ments contemporains.<\/p>\n<\/div><div class=\"sia-beratung-db-slide-text\" data-index=\"3\" style=\"display:none;\"><p>La combinaison d\u00e9lib\u00e9r\u00e9e de diff\u00e9rentes approches ne fige pas les b\u00e2timents dans une \u00e9poque donn\u00e9e mais leur donne un aspect inachev\u00e9 qui permet des interventions futures et la poursuite du changement. La culture du b\u00e2ti est comprise comme suivi de l\u2019existant. Ainsi, les murs ont \u00e9t\u00e9 d\u00e9gag\u00e9s, si les exigences \u00e9nerg\u00e9tiques le permettaient, pour rendre \u00e0 nouveau visibles la structure initiale, ou alors rev\u00eatus de bois. Les portes ont \u00e9t\u00e9 r\u00e9utilis\u00e9es, les vitrages restaur\u00e9s et les rev\u00eatements muraux reconstitu\u00e9s selon des techniques anciennes. Par des espaces \u00e0 double hauteur, les architectes cr\u00e9ent des relations vari\u00e9es. La cour int\u00e9rieure re\u00e7oit une lumi\u00e8re z\u00e9nithale par des pav\u00e9s de verre.<\/p>\n<\/div><div class=\"sia-beratung-db-slide-text\" data-index=\"4\" style=\"display:none;\"><p>La conception du projet s\u2019inspire d\u2019un autre b\u00e2timent de la Grand-Rue, situ\u00e9 juste en face\u00a0: les appartements sont regroup\u00e9s autour d\u2019une cour commune, qui b\u00e9n\u00e9ficie aussi d\u2019un acc\u00e8s ouvert. Et les pi\u00e8ces, au lieu d\u2019\u00eatre align\u00e9es le long d\u2019un couloir, sont combin\u00e9es en suites. Afin de rendre visibles les couches temporelles et l\u2019imbrication structurelle des Maisons Duc, des espaces \u00e0 deux niveaux et des cours ouvertes ont \u00e9t\u00e9 ins\u00e9r\u00e9s. Il en r\u00e9sulte des relations optiques et acoustiques entre la galerie d\u2019art au rez-de-chauss\u00e9e et les ateliers \u00e0 l\u2019\u00e9tage sup\u00e9rieur, ainsi que des relations spatio-temporelles.<\/p>\n<\/div><\/div><div class=\"sia-beratung-db-filterbox\"><label class=\"toggle\" onclick=\"return window.siaBeratung.toggleFilterBox(this);\"><span>Construire dans le b\u00e2ti existant<\/span><span>Monuments<\/span><span>Dialogue<\/span><span>Hochparterre<\/span><span>D\u00e9veloppement \u00e0 l\u2019int\u00e9rieur du milieu b\u00e2ti<\/span><span>Inventaires<\/span><span>Projets de construction communaux<\/span><span>Politique immobili\u00e8re<\/span><span>Durabilit\u00e9<\/span><span>Sites construits<\/span><span>Proc\u00e9dures d\u2019assurance qualit\u00e9<\/span><span>Divers<\/span><\/label><div class=\"options\"><a href=\"#\" onclick=\"return window.siaBeratung.setFilterBoxFilter(135);\">Construire dans le b\u00e2ti existant<\/a><a href=\"#\" onclick=\"return window.siaBeratung.setFilterBoxFilter(138);\">Monuments<\/a><a href=\"#\" onclick=\"return window.siaBeratung.setFilterBoxFilter(139);\">Dialogue<\/a><a href=\"#\" onclick=\"return window.siaBeratung.setFilterBoxFilter(268);\">Hochparterre<\/a><a href=\"#\" onclick=\"return window.siaBeratung.setFilterBoxFilter(142);\">D\u00e9veloppement \u00e0 l\u2019int\u00e9rieur du milieu b\u00e2ti<\/a><a href=\"#\" onclick=\"return window.siaBeratung.setFilterBoxFilter(160);\">Inventaires<\/a><a href=\"#\" onclick=\"return window.siaBeratung.setFilterBoxFilter(161);\">Projets de construction communaux<\/a><a href=\"#\" onclick=\"return window.siaBeratung.setFilterBoxFilter(145);\">Politique immobili\u00e8re<\/a><a href=\"#\" onclick=\"return window.siaBeratung.setFilterBoxFilter(148);\">Durabilit\u00e9<\/a><a href=\"#\" onclick=\"return window.siaBeratung.setFilterBoxFilter(150);\">Sites construits<\/a><a href=\"#\" onclick=\"return window.siaBeratung.setFilterBoxFilter(166);\">Proc\u00e9dures d\u2019assurance qualit\u00e9<\/a><a href=\"#\" onclick=\"return window.siaBeratung.setFilterBoxFilter(267);\">Divers<\/a><a href=\"#\" onclick=\"return window.siaBeratung.setFilterBoxFilter([135,138,139,142,145,148,150,160,161,166,267,268,288,289,290]);\">Alle Filter ausw\u00e4hlen<\/a><\/div><\/div><label class=\"sia-beratung-db-filterbox-spacer\">&nbsp;<\/label><\/div><a class=\"swiper-button swiper-button-next desktop\"><\/a><\/div><\/div><div class=\"sia-beratung-db-entry-searchtext\">saint-maurice: baukultur sch\u00e4tzt vorhandenes | l\u2019exemple des maisons duc montre comment il est possible, en proc\u00e9dant intelligemment, d\u2019interpr\u00e9ter avec virtuosit\u00e9 inventaires et dispositions de protection sans perdre de vue l\u2019esprit et le but de ces prescriptions. la commune de saint-maurice assume la responsabilit\u00e9, ach\u00e8te les immeubles et fait r\u00e9aliser le meilleur projet, s\u00e9lectionn\u00e9 par une proc\u00e9dure de mise au concours.r\u00f4le de la commune\u00a0:\u00a0peser le pour et le contre, acheter, lancer un concours d\u2019architecture, appr\u00e9cier, d\u00e9cider, mettre en \u0153uvre.organismes responsables\u00a0:\u00a0communearchitecture\u00a0:\u00a0gay menzel, montheysource\u00a0:\u00a0hochparterre, hase in architektur, mention (r\u00e9serv\u00e9 aux abonn\u00e9s),\u00a0article pdf,\u00a0cul\u00adtu\u00adre du b\u00e2\u00adti: qua\u00adlit\u00e9 et cri\u00adtique, espazium | la commune prend la responsabilit\u00e9\r\u00a9 eik frenzel | les romains d\u00e9j\u00e0, reconnaissant l\u2019int\u00e9r\u00eat strat\u00e9gique de la situation de l\u2019actuel saint-maurice, avaient install\u00e9 un poste militaire et douanier \u00e0 l\u2019endroit le plus resserr\u00e9 \u00e0 l\u2019entr\u00e9e de la vall\u00e9e du rh\u00f4ne. le site construit de saint-maurice est class\u00e9 d\u2019importance nationale par l\u2019inventaire f\u00e9d\u00e9ral des sites construits d\u2019importance nationale \u00e0 prot\u00e9ger en suisse (isos). aujourd\u2019hui encore la grand-rue, art\u00e8re principale de la bourgade, suit le trac\u00e9 de la voie romaine. elle aussi est class\u00e9e d\u2019importance nationale, par l\u2019inventaire f\u00e9d\u00e9ral des voies de communication historiques de la suisse (ivs). cela dit, les flux de circulation suivent depuis longtemps d\u2019autres axes. il tient \u00e0 c\u0153ur \u00e0 la commune d\u2019animer cette rue pittoresque. c\u2019est \u00e9galement sur la grand-rue que se trouvent les trois maisons duc imbriqu\u00e9es l\u2019une dans l\u2019autre. elles ont longtemps \u00e9t\u00e9 presque enti\u00e8rement vides, avec une fa\u00e7ade penchant de fa\u00e7on inqui\u00e9tante vers l\u2019ext\u00e9rieur. la commune les a achet\u00e9es et a invit\u00e9 six bureaux \u00e0 \u00e9laborer un projet de transformation. | la commune fait appel aux meilleurs\r\u00a9 gaymenzel s\u00e0rl | la commune souhaitait y installer une galerie d\u2019art, un atelier d\u2019artiste pour personnes en situation de handicap et des logements. les fa\u00e7ades donnant sur la grand-rue \u00e9taient prot\u00e9g\u00e9es mais, par chance, les constats faits par les experts en architecture, en histoire de l\u2019art et en statique concordaient largement sur les parties de construction les plus pr\u00e9cieuses et les plus stables. ainsi, l\u2019arri\u00e8re des b\u00e2timents a pu \u00eatre remplac\u00e9 par une nouvelle construction. l\u2019esprit du b\u00e2ti existant est respect\u00e9, mais r\u00e9interpr\u00e9t\u00e9 librement. au lieu d\u2019une intervention uniforme ax\u00e9e sur une \u00e9poque donn\u00e9e, on a choisi de combiner plusieurs strat\u00e9gies\u00a0: restauration, d\u00e9molition, r\u00e9utilisation et ajout d\u2019\u00e9l\u00e9ments contemporains. | la commune obtient un bijou\r\u00a9 gaymenzel s\u00e0rl | la combinaison d\u00e9lib\u00e9r\u00e9e de diff\u00e9rentes approches ne fige pas les b\u00e2timents dans une \u00e9poque donn\u00e9e mais leur donne un aspect inachev\u00e9 qui permet des interventions futures et la poursuite du changement. la culture du b\u00e2ti est comprise comme suivi de l\u2019existant. ainsi, les murs ont \u00e9t\u00e9 d\u00e9gag\u00e9s, si les exigences \u00e9nerg\u00e9tiques le permettaient, pour rendre \u00e0 nouveau visibles la structure initiale, ou alors rev\u00eatus de bois. les portes ont \u00e9t\u00e9 r\u00e9utilis\u00e9es, les vitrages restaur\u00e9s et les rev\u00eatements muraux reconstitu\u00e9s selon des techniques anciennes. par des espaces \u00e0 double hauteur, les architectes cr\u00e9ent des relations vari\u00e9es. la cour int\u00e9rieure re\u00e7oit une lumi\u00e8re z\u00e9nithale par des pav\u00e9s de verre. | la commune donne l\u2019exemple\r\u00a9 s\u00e9verine rouiller | la conception du projet s\u2019inspire d\u2019un autre b\u00e2timent de la grand-rue, situ\u00e9 juste en face\u00a0: les appartements sont regroup\u00e9s autour d\u2019une cour commune, qui b\u00e9n\u00e9ficie aussi d\u2019un acc\u00e8s ouvert. et les pi\u00e8ces, au lieu d\u2019\u00eatre align\u00e9es le long d\u2019un couloir, sont combin\u00e9es en suites. afin de rendre visibles les couches temporelles et l\u2019imbrication structurelle des maisons duc, des espaces \u00e0 deux niveaux et des cours ouvertes ont \u00e9t\u00e9 ins\u00e9r\u00e9s. il en r\u00e9sulte des relations optiques et acoustiques entre la galerie d\u2019art au rez-de-chauss\u00e9e et les ateliers \u00e0 l\u2019\u00e9tage sup\u00e9rieur, ainsi que des relations spatio-temporelles. | \u00a9 swisstopo | bauen im bestand | denkm\u00e4ler | dialog | innenentwicklung | liegenschaftspolitik | nachhaltigkeit | ortsbilder | inventare | kommunale bauprojekte | qualit\u00e4tssichernde verfahren | verschiedene | hochparterre | de | fr | it<\/div><\/article><article class=\"sia-beratung-db-entry\" data-id=\"5633\" data-cpt=\"sia-beispiele\" data-slug=\"schaffhausen-nachhaltiges-bauen-foerdern\" data-lang-slug-de_de=\"\" data-lang-slug-en_gb=\"\" data-lang-slug-fr_fr=\"\" data-lang-slug-it_it=\"\" data-lat=\"47.6976751\" data-lng=\"8.6275506\" data-filter-137=\"1\" data-filter-142=\"1\" data-filter-147=\"1\" data-filter-148=\"1\" data-filter-149=\"1\" data-filter-150=\"1\" data-filter-169=\"1\" data-filter-189=\"1\" data-all-filter=\"137,142,147,148,149,150,169,189\"><div class=\"sia-beratung-db-entry-header\" onclick=\"return window.siaBeratung.toggleCpt(this);\"><div class=\"col-1\">Schaffhausen: encourager la construction durable<\/div><div class=\"col-2\">Schaffhausen, SH<\/div><div class=\"sia-beratung-db-angle\"><span class=\"sia-beratung-angle\"><\/span><\/div><\/div><div class=\"sia-beratung-db-entry-content\"><div class=\"sia-beratung-db-entry-content-columns\"><div class=\"col-1\"><div class=\"sia-beratung-db-entry-slides\"><div class=\"sia-beratung-db-entry-swiper\"><div class=\"swiper-wrapper\"><div class=\"swiper-slide\"><img loading=\"lazy\" decoding=\"async\" src=\"https:\/\/baukulturschweiz.ch\/wp-content\/uploads\/2026\/02\/Photo-1-3-1024x683.jpg\" width=\"1024\" height=\"683\" \/><\/div><div class=\"swiper-slide\"><img loading=\"lazy\" decoding=\"async\" src=\"https:\/\/baukulturschweiz.ch\/wp-content\/uploads\/2026\/02\/WAGI_axonometrie-1024x1024.jpg\" width=\"1024\" height=\"1024\" \/><\/div><div class=\"swiper-slide\"><img loading=\"lazy\" decoding=\"async\" src=\"https:\/\/baukulturschweiz.ch\/wp-content\/uploads\/2026\/02\/Photo-2-3-1024x683.jpg\" width=\"1024\" height=\"683\" \/><\/div><div class=\"swiper-slide\"><img loading=\"lazy\" decoding=\"async\" src=\"https:\/\/baukulturschweiz.ch\/wp-content\/uploads\/2026\/02\/Schaffhausen_final-1024x655.png\" width=\"1024\" height=\"655\" \/><\/div><\/div><\/div><a class=\"swiper-button swiper-button-prev\"><\/a><a class=\"swiper-button swiper-button-next mobile\"><\/a><div class=\"sia-beratung-db-slide-legends\"><small data-index=\"0\">Le quartier s\u2019Wagi a \u00e9t\u00e9 labellis\u00e9 par le Schaffhausen Haus \u00a9 ARGEWA | Martin Wicki<br \/>\r\n<\/small><small data-index=\"1\" style=\"display:none;\">Un ancien b\u00e2timent industriel est int\u00e9gr\u00e9 aux nouvelles constructions \u00a9 ARGEWA | Martin Wicki<br \/>\r\n<\/small><small data-index=\"2\" style=\"display:none;\">Propri\u00e9taire du terrain, la commune impose un cahier des charges exigeant pour le futur quartier \u00a9 ARGEWA | Martin Wicki<br \/>\r\n<\/small><small data-index=\"3\" style=\"display:none;\">\u00a9 Swisstopo<\/small><small class=\"pageNo\">1\/4<\/small><\/div><\/div><\/div><div class=\"col-2\"><div class=\"sia-beratung-db-slide-texts\"><div class=\"sia-beratung-db-slide-text\" data-index=\"0\"><p>Depuis 2017, le canton de Schaffhouse propose le label \u00ab Schaffhauser Haus \u00bb, r\u00e9sultat d\u2019une collaboration entre le Parc naturel r\u00e9gional de Schaffhouse et l\u2019Union cantonale des arts et m\u00e9tiers, r\u00e9unies sous l\u2019\u00e9gide de la Werkraum Schaffhausen. Ce label distingue des projets de qui font appel en priorit\u00e9 aux entreprises locales, et \u00e0 des mat\u00e9riaux ou savoir-faire r\u00e9gionaux. Pour chaque projet, au moins 80\u202f% de la valeur ajout\u00e9e doit \u00eatre produite dans la r\u00e9gion. Cette r\u00e8gle est inscrite dans les appels d\u2019offres publics.<\/p>\n<p>&nbsp;<\/p>\n<div class=\"flex flex-col text-sm\">\n<article class=\"text-token-text-primary w-full focus:outline-none [--shadow-height:45px] has-data-writing-block:pointer-events-none has-data-writing-block:-mt-(--shadow-height) has-data-writing-block:pt-(--shadow-height) [&amp;:has([data-writing-block])&gt;*]:pointer-events-auto scroll-mt-[calc(var(--header-height)+min(200px,max(70px,20svh)))]\" dir=\"auto\" data-turn-id=\"request-WEB:5dc9d907-8f0b-44df-84ff-07acbf282b18-2\" data-testid=\"conversation-turn-6\" data-scroll-anchor=\"true\" data-turn=\"assistant\">\n<div class=\"text-base my-auto mx-auto pb-10 [--thread-content-margin:--spacing(4)] @w-sm\/main:[--thread-content-margin:--spacing(6)] @w-lg\/main:[--thread-content-margin:--spacing(16)] px-(--thread-content-margin)\">\n<div class=\"[--thread-content-max-width:40rem] @w-lg\/main:[--thread-content-max-width:48rem] mx-auto max-w-(--thread-content-max-width) flex-1 group\/turn-messages focus-visible:outline-hidden relative flex w-full min-w-0 flex-col agent-turn\">\n<div class=\"flex max-w-full flex-col grow\">\n<div class=\"min-h-8 text-message relative flex w-full flex-col items-end gap-2 text-start break-words whitespace-normal [.text-message+&amp;]:mt-1\" dir=\"auto\" data-message-author-role=\"assistant\" data-message-id=\"a6e43d27-bda4-4a45-91d9-3e5b53132385\" data-message-model-slug=\"gpt-5-2\">\n<div class=\"flex w-full flex-col gap-1 empty:hidden first:pt-[1px]\">\n<div class=\"markdown prose dark:prose-invert w-full wrap-break-word light markdown-new-styling\">\n<p data-start=\"0\" data-end=\"225\" data-is-last-node=\"\" data-is-only-node=\"\"><strong>R\u00f4le de la commune:<\/strong> acheter, se positionner, s&#8217;ouvrir \u00e0 de nouvelles id\u00e9es, autoriser, l\u00e9gitimer<br data-start=\"96\" data-end=\"99\" \/><strong>Organisme responsable:<\/strong> <span class=\"hover:entity-accent entity-underline inline cursor-pointer align-baseline\"><span class=\"whitespace-normal\">Commune de Schaffhausen<\/span><\/span><br data-start=\"159\" data-end=\"162\" \/><strong>Autres acteurs:<\/strong> <span class=\"hover:entity-accent entity-underline inline cursor-pointer align-baseline\"><span class=\"whitespace-normal\">Coop\u00e9rative LEGENO<\/span><\/span><br data-start=\"215\" data-end=\"218\" \/><strong>Source: <\/strong><a href=\"https:\/\/werkraum-sh.ch\/projekte\/\">Schaffhauser Haus<\/a><\/p>\n<\/div>\n<\/div>\n<\/div>\n<\/div>\n<div class=\"z-0 flex min-h-[46px] justify-start\"><\/div>\n<\/div>\n<\/div>\n<\/article>\n<\/div>\n<\/div><div class=\"sia-beratung-db-slide-text\" data-index=\"1\" style=\"display:none;\"><p>Parmi les quartiers labellis\u00e9s, on trouve le projet \u00ab\u202fs\u2019Wagi\u202f\u00bb de la coop\u00e9rative LEGENO, achev\u00e9 en 2022. Implant\u00e9 autour de l\u2019ancien b\u00e2timent principal de l\u2019usine de wagons du site Wagenareal, datant de 1898, ce projet d\u2019habitat interg\u00e9n\u00e9rationnel r\u00e9invente la structure industrielle existante en y int\u00e9grant de nouvelles constructions. Il propose une diversit\u00e9 de typologies de logements, adapt\u00e9s \u00e0 diff\u00e9rents profils d\u2019habitants, afin d\u2019encourager la mixit\u00e9 sociale. Le quartier profite aussi de plusieurs espaces communs, comme des coursives, des jardins potagers et des toitures v\u00e9g\u00e9talis\u00e9es.<\/p>\n<\/div><div class=\"sia-beratung-db-slide-text\" data-index=\"2\" style=\"display:none;\"><p>La commune de Schaffhouse, propri\u00e9taire du terrain de 5 000 m\u00b2 depuis 1945, a jou\u00e9 un r\u00f4le actif dans ce projet. En 2017, elle met la parcelle \u00e0 disposition via un droit de superficie dans le cadre d\u2019un appel d\u2019offres r\u00e9serv\u00e9 aux coop\u00e9ratives \u00e0 but non lucratif. Cette d\u00e9marche \u00e9tait accompagn\u00e9e d\u2019un cahier des charges exigeant formul\u00e9 par la commune, ax\u00e9 sur un habitat innovant, social et durable. Le plan de quartier a \u00e9t\u00e9 adapt\u00e9 avec des associations de quartiers et riverains, \u00e9vitant ainsi toute opposition lors du d\u00e9p\u00f4t du permis de construire. Cela a notamment permis de rapprocher les b\u00e2timents d\u2019une route bruyante tout en respectant les normes acoustiques gr\u00e2ce \u00e0 un mur antibruit.<\/p>\n<\/div><div class=\"sia-beratung-db-slide-text\" data-index=\"3\" style=\"display:none;\"><p>En plus de privil\u00e9gier des mat\u00e9riaux de construction locaux et une conception \u00e9nerg\u00e9tique durable, le projet \u00ab s\u2019Wagi \u00bb int\u00e8gre \u00e9galement un concept de mobilit\u00e9 responsable. En collaborant avec l\u2019ATE, le quartier pour met en place un syst\u00e8me de car sharing remplace une part importante des places de stationnement, r\u00e9duisant ainsi la d\u00e9pendance \u00e0 la voiture. Le quartier remplit ainsi les crit\u00e8res de la Werkraum Schaffhausen, dont le label joue un r\u00f4le de coordination et de mise en r\u00e9seau des acteurs locaux tout en renfor\u00e7ant la culture constructive de la r\u00e9gion.<\/p>\n<\/div><\/div><div class=\"sia-beratung-db-filterbox\"><label class=\"toggle\" onclick=\"return window.siaBeratung.toggleFilterBox(this);\"><span>Politique fonci\u00e8re<\/span><span>Commune<\/span><span>D\u00e9veloppement \u00e0 l\u2019int\u00e9rieur du milieu b\u00e2ti<\/span><span>Mobilit\u00e9<\/span><span>Durabilit\u00e9<\/span><span>Espace public<\/span><span>Sites construits<\/span><span>Plans d\u2019affectation sp\u00e9ciaux<\/span><\/label><div class=\"options\"><a href=\"#\" onclick=\"return window.siaBeratung.setFilterBoxFilter(137);\">Politique fonci\u00e8re<\/a><a href=\"#\" onclick=\"return window.siaBeratung.setFilterBoxFilter(189);\">Commune<\/a><a href=\"#\" onclick=\"return window.siaBeratung.setFilterBoxFilter(142);\">D\u00e9veloppement \u00e0 l\u2019int\u00e9rieur du milieu b\u00e2ti<\/a><a href=\"#\" onclick=\"return window.siaBeratung.setFilterBoxFilter(147);\">Mobilit\u00e9<\/a><a href=\"#\" onclick=\"return window.siaBeratung.setFilterBoxFilter(148);\">Durabilit\u00e9<\/a><a href=\"#\" onclick=\"return window.siaBeratung.setFilterBoxFilter(149);\">Espace public<\/a><a href=\"#\" onclick=\"return window.siaBeratung.setFilterBoxFilter(150);\">Sites construits<\/a><a href=\"#\" onclick=\"return window.siaBeratung.setFilterBoxFilter(169);\">Plans d\u2019affectation sp\u00e9ciaux<\/a><a href=\"#\" onclick=\"return window.siaBeratung.setFilterBoxFilter([137,142,147,148,149,150,169,189]);\">Alle Filter ausw\u00e4hlen<\/a><\/div><\/div><label class=\"sia-beratung-db-filterbox-spacer\">&nbsp;<\/label><\/div><a class=\"swiper-button swiper-button-next desktop\"><\/a><\/div><\/div><div class=\"sia-beratung-db-entry-searchtext\">schaffhausen: nachhaltiges bauen f\u00f6rdern | depuis 2017, le canton de schaffhouse propose le label \u00ab schaffhauser haus \u00bb, r\u00e9sultat d\u2019une collaboration entre le parc naturel r\u00e9gional de schaffhouse et l\u2019union cantonale des arts et m\u00e9tiers, r\u00e9unies sous l\u2019\u00e9gide de la werkraum schaffhausen. ce label distingue des projets de qui font appel en priorit\u00e9 aux entreprises locales, et \u00e0 des mat\u00e9riaux ou savoir-faire r\u00e9gionaux. pour chaque projet, au moins 80\u202f% de la valeur ajout\u00e9e doit \u00eatre produite dans la r\u00e9gion. cette r\u00e8gle est inscrite dans les appels d\u2019offres publics.&nbsp;r\u00f4le de la commune: acheter, se positionner, s&#8217;ouvrir \u00e0 de nouvelles id\u00e9es, autoriser, l\u00e9gitimerorganisme responsable: commune de schaffhausenautres acteurs: coop\u00e9rative legenosource: schaffhauser haus | le quartier s\u2019wagi a \u00e9t\u00e9 labellis\u00e9 par le schaffhausen haus \u00a9 argewa | martin wicki\r | parmi les quartiers labellis\u00e9s, on trouve le projet \u00ab\u202fs\u2019wagi\u202f\u00bb de la coop\u00e9rative legeno, achev\u00e9 en 2022. implant\u00e9 autour de l\u2019ancien b\u00e2timent principal de l\u2019usine de wagons du site wagenareal, datant de 1898, ce projet d\u2019habitat interg\u00e9n\u00e9rationnel r\u00e9invente la structure industrielle existante en y int\u00e9grant de nouvelles constructions. il propose une diversit\u00e9 de typologies de logements, adapt\u00e9s \u00e0 diff\u00e9rents profils d\u2019habitants, afin d\u2019encourager la mixit\u00e9 sociale. le quartier profite aussi de plusieurs espaces communs, comme des coursives, des jardins potagers et des toitures v\u00e9g\u00e9talis\u00e9es. | un ancien b\u00e2timent industriel est int\u00e9gr\u00e9 aux nouvelles constructions \u00a9 argewa | martin wicki\r | la commune de schaffhouse, propri\u00e9taire du terrain de 5 000 m\u00b2 depuis 1945, a jou\u00e9 un r\u00f4le actif dans ce projet. en 2017, elle met la parcelle \u00e0 disposition via un droit de superficie dans le cadre d\u2019un appel d\u2019offres r\u00e9serv\u00e9 aux coop\u00e9ratives \u00e0 but non lucratif. cette d\u00e9marche \u00e9tait accompagn\u00e9e d\u2019un cahier des charges exigeant formul\u00e9 par la commune, ax\u00e9 sur un habitat innovant, social et durable. le plan de quartier a \u00e9t\u00e9 adapt\u00e9 avec des associations de quartiers et riverains, \u00e9vitant ainsi toute opposition lors du d\u00e9p\u00f4t du permis de construire. cela a notamment permis de rapprocher les b\u00e2timents d\u2019une route bruyante tout en respectant les normes acoustiques gr\u00e2ce \u00e0 un mur antibruit. | propri\u00e9taire du terrain, la commune impose un cahier des charges exigeant pour le futur quartier \u00a9 argewa | martin wicki\r | en plus de privil\u00e9gier des mat\u00e9riaux de construction locaux et une conception \u00e9nerg\u00e9tique durable, le projet \u00ab s\u2019wagi \u00bb int\u00e8gre \u00e9galement un concept de mobilit\u00e9 responsable. en collaborant avec l\u2019ate, le quartier pour met en place un syst\u00e8me de car sharing remplace une part importante des places de stationnement, r\u00e9duisant ainsi la d\u00e9pendance \u00e0 la voiture. le quartier remplit ainsi les crit\u00e8res de la werkraum schaffhausen, dont le label joue un r\u00f4le de coordination et de mise en r\u00e9seau des acteurs locaux tout en renfor\u00e7ant la culture constructive de la r\u00e9gion. | \u00a9 swisstopo | bodenpolitik | innenentwicklung | mobilit\u00e4t | nachhaltigkeit | \u00f6ffentlicher raum | ortsbilder | sondernutzplanung | gemeinde<\/div><\/article><article class=\"sia-beratung-db-entry\" data-id=\"2367\" data-cpt=\"sia-ausbildung\" data-slug=\"seminar-raumplanung-und-gemeindeentwicklung-auswirkungen-instrumente-und-methoden\" data-lang-slug-de_de=\"\" data-lang-slug-en_gb=\"\" data-lang-slug-fr_fr=\"\" data-lang-slug-it_it=\"\" data-lat=\"47.0468019912432\" data-lng=\"8.31493121125425\" data-filter-137=\"1\" data-filter-142=\"1\" data-filter-145=\"1\" data-filter-151=\"1\" data-filter-152=\"1\" data-filter-157=\"1\" data-filter-161=\"1\" data-filter-163=\"1\" data-filter-167=\"1\" data-filter-204=\"1\" data-filter-279=\"1\" data-filter-288=\"1\" data-all-filter=\"137,142,145,151,152,157,161,163,167,204,279,288\"><div class=\"sia-beratung-db-entry-header\" onclick=\"return window.siaBeratung.toggleCpt(this);\"><div class=\"col-1\">Seminar Raumplanung und Gemeindeentwicklung \u2013 Auswirkungen, Instrumente und Methoden<\/div><div class=\"col-2\"><span>HSLU Hochschule Luzern<\/span><\/div><div class=\"col-3\"><span>Cours et colloques<\/span><\/div><div class=\"sia-beratung-db-angle\"><span class=\"sia-beratung-angle\"><\/span><\/div><\/div><div class=\"sia-beratung-db-entry-content\"><div class=\"sia-beratung-db-entry-content-columns\"><div class=\"col-1\"><p>Wie h\u00e4ngen raumplanerische Herausforderungen, wie die Siedlungsentwicklung nach innen mit der Gemeindeentwicklung als Ganzes zusammen? In diesem Seminar vermitteln Fachleute aus den Bereichen der Gemeinde-, Stadt- und Regionalentwicklung verschiedene Instrumente und Methoden f\u00fcr die Anwendung in der eigenen Gemeinde \/ Berufspraxis.<\/p>\n<\/div><div class=\"col-2\"><\/div><\/div><div class=\"sia-beratung-db-entry-footer\"><div class=\"col-1\"><a href=\"https:\/\/www.hslu.ch\/de-ch\/wirtschaft\/ueber-uns\/institute\/ibr\/kompetenzen\/regionaloekonomie\/seminar-raumplanung-und-gemeindeentwicklung\/\" class=\"sia-beratung-db-entry-link\" target=\"_blank\" rel=\"noopener\">Link zum Angebot<\/a><\/div><div class=\"col-2\"><div class=\"sia-beratung-db-filterbox\"><label class=\"toggle\" onclick=\"return window.siaBeratung.toggleFilterBox(this);\"><span>Politique fonci\u00e8re<\/span><span>Formation continue pour le personnel politique et administratif<\/span><span>HSLU Hochschule Luzern<\/span><span>D\u00e9veloppement \u00e0 l\u2019int\u00e9rieur du milieu b\u00e2ti<\/span><span>Projets de construction communaux<\/span><span>Cours et colloques<\/span><span>Politique immobili\u00e8re<\/span><span>Plans d\u2019affectation<\/span><span>Outils de planification<\/span><span>Processus<\/span><span>Strat\u00e9gies de d\u00e9veloppement territorial<\/span><\/label><div class=\"options\"><a href=\"#\" onclick=\"return window.siaBeratung.setFilterBoxFilter(137);\">Politique fonci\u00e8re<\/a><a href=\"#\" onclick=\"return window.siaBeratung.setFilterBoxFilter(157);\">Formation continue pour le personnel politique et administratif<\/a><a href=\"#\" onclick=\"return window.siaBeratung.setFilterBoxFilter(204);\">HSLU Hochschule Luzern<\/a><a href=\"#\" onclick=\"return window.siaBeratung.setFilterBoxFilter(142);\">D\u00e9veloppement \u00e0 l\u2019int\u00e9rieur du milieu b\u00e2ti<\/a><a href=\"#\" onclick=\"return window.siaBeratung.setFilterBoxFilter(161);\">Projets de construction communaux<\/a><a href=\"#\" onclick=\"return window.siaBeratung.setFilterBoxFilter(279);\">Cours et colloques<\/a><a href=\"#\" onclick=\"return window.siaBeratung.setFilterBoxFilter(145);\">Politique immobili\u00e8re<\/a><a href=\"#\" onclick=\"return window.siaBeratung.setFilterBoxFilter(163);\">Plans d\u2019affectation<\/a><a href=\"#\" onclick=\"return window.siaBeratung.setFilterBoxFilter(151);\">Outils de planification<\/a><a href=\"#\" onclick=\"return window.siaBeratung.setFilterBoxFilter(152);\">Processus<\/a><a href=\"#\" onclick=\"return window.siaBeratung.setFilterBoxFilter(167);\">Strat\u00e9gies de d\u00e9veloppement territorial<\/a><a href=\"#\" onclick=\"return window.siaBeratung.setFilterBoxFilter([137,142,145,151,152,157,161,163,167,204,279,288]);\">Alle Filter ausw\u00e4hlen<\/a><\/div><\/div><label class=\"sia-beratung-db-filterbox-spacer\">&nbsp;<\/label><\/div><\/div><\/div><div class=\"sia-beratung-db-entry-searchtext\">seminar raumplanung und gemeindeentwicklung - auswirkungen, instrumente und methoden | wie h\u00e4ngen raumplanerische herausforderungen, wie die siedlungsentwicklung nach innen mit der gemeindeentwicklung als ganzes zusammen? in diesem seminar vermitteln fachleute aus den bereichen der gemeinde-, stadt- und regionalentwicklung verschiedene instrumente und methoden f\u00fcr die anwendung in der eigenen gemeinde \/ berufspraxis. | bodenpolitik | innenentwicklung | liegenschaftspolitik | planungsinstrumente | prozesse | fortbildung f\u00fcr politik und verwaltung | kommunale bauprojekte | nutzungsplanung | r\u00e4umliche entwicklungsleitbilder | hslu hochschule luzern | kurse und tagungen | de<\/div><\/article><article class=\"sia-beratung-db-entry\" data-id=\"1497\" data-cpt=\"sia-beispiele\" data-slug=\"sempach-mit-isos-gestalten-statt-verwalten\" data-lat=\"47.1353227\" data-lng=\"8.1918526\" data-filter-135=\"1\" data-filter-137=\"1\" data-filter-139=\"1\" data-filter-142=\"1\" data-filter-146=\"1\" data-filter-148=\"1\" data-filter-149=\"1\" data-filter-150=\"1\" data-filter-160=\"1\" data-filter-166=\"1\" data-filter-167=\"1\" data-filter-256=\"1\" data-filter-288=\"1\" data-filter-289=\"1\" data-filter-290=\"1\" data-all-filter=\"135,137,139,142,146,148,149,150,160,166,167,256,288,289,290\"><div class=\"sia-beratung-db-entry-header\" onclick=\"return window.siaBeratung.toggleCpt(this);\"><div class=\"col-1\">Sempach&nbsp;: avec l\u2019ISOS, am\u00e9nager plut\u00f4t qu\u2019administrer<\/div><div class=\"col-2\">Sempach, LU<\/div><div class=\"sia-beratung-db-angle\"><span class=\"sia-beratung-angle\"><\/span><\/div><\/div><div class=\"sia-beratung-db-entry-content\"><div class=\"sia-beratung-db-entry-content-columns\"><div class=\"col-1\"><div class=\"sia-beratung-db-entry-slides\"><div class=\"sia-beratung-db-entry-swiper\"><div class=\"swiper-wrapper\"><div class=\"swiper-slide\"><img loading=\"lazy\" decoding=\"async\" src=\"https:\/\/baukulturschweiz.ch\/wp-content\/uploads\/2023\/06\/2023-04-20-121553-sempach-1-flavio-karrer-schweizer-heimatschutz-1024x768.jpg\" width=\"1024\" height=\"768\" \/><\/div><div class=\"swiper-slide\"><img loading=\"lazy\" decoding=\"async\" src=\"https:\/\/baukulturschweiz.ch\/wp-content\/uploads\/2023\/06\/2023-04-20-121657-sempach-2-gaetan-bally-keystone-1024x768.jpeg\" width=\"1024\" height=\"768\" \/><\/div><div class=\"swiper-slide\"><img loading=\"lazy\" decoding=\"async\" src=\"https:\/\/baukulturschweiz.ch\/wp-content\/uploads\/2023\/06\/2023-04-20-121808-sempach-3-flavio-karrer-schweizer-heimatschutz-1024x768.jpg\" width=\"1024\" height=\"768\" \/><\/div><div class=\"swiper-slide\"><img loading=\"lazy\" decoding=\"async\" src=\"https:\/\/baukulturschweiz.ch\/wp-content\/uploads\/2023\/06\/2023-04-20-122019-be-sempach-5-c-swisstopo-1024x768.jpg\" width=\"1024\" height=\"768\" \/><\/div><\/div><\/div><a class=\"swiper-button swiper-button-prev\"><\/a><a class=\"swiper-button swiper-button-next mobile\"><\/a><div class=\"sia-beratung-db-slide-legends\"><small data-index=\"0\">Honneur oblige&nbsp;: Sempach con\u00e7oit son am\u00e9nagement dans le cadre d\u00e9fini par l\u2019ISOS<br \/>\r\n\u00a9 Flavio Karrer, Schweizer Heimatschutz<\/small><small data-index=\"1\" style=\"display:none;\">La pes\u00e9e des int\u00e9r\u00eats, comme ici \u00e0 Sempach, fait partie d\u2019un bon am\u00e9nagement<br \/>\r\n\u00a9 Gaetan Bally, Keystone<\/small><small data-index=\"2\" style=\"display:none;\">La participation, cl\u00e9 pour r\u00e9soudre les questions d\u2019am\u00e9nagement, grandes et petites<br \/>\r\n\u00a9 Flavio Karrer, Schweizer Heimatschutz<\/small><small data-index=\"3\" style=\"display:none;\">\u00a9 Swisstopo<\/small><small class=\"pageNo\">1\/4<\/small><\/div><\/div><\/div><div class=\"col-2\"><div class=\"sia-beratung-db-slide-texts\"><div class=\"sia-beratung-db-slide-text\" data-index=\"0\"><p>L\u2019Inventaire f\u00e9d\u00e9ral des sites construits d\u2019importance nationale \u00e0 prot\u00e9ger en Suisse (ISOS) constitue la base technique pour discuter du d\u00e9veloppement des sites. Si sa lecture n\u2019est pas ais\u00e9e pour le profane, il permet aux sp\u00e9cialistes d\u2019am\u00e9nager, avec les personnes concern\u00e9es, les sites construits de demain.<\/p>\n<p><strong>R\u00f4le de la commune&nbsp;:<\/strong>\u00a0se positionner, communiquer, transmettre, d\u00e9cider<br \/>\n<strong>Organismes responsables\u00a0:<\/strong>\u00a0Commune<br \/>\n<strong>Autres acteurs&nbsp;:<\/strong>\u00a0divers<br \/>\n<strong>Source&nbsp;:<\/strong>\u00a0<a class=\"external\" title=\"Prix Wakker\" href=\"https:\/\/www.heimatschutz.ch\/fileadmin\/bilder\/03-was_wir_tun\/wakkerpreis\/Bisherige_Wakkerpreise\/2017_Sempach.pdf\" target=\"_blank\" rel=\"noopener\">Prix Wakker<\/a><\/p>\n<\/div><div class=\"sia-beratung-db-slide-text\" data-index=\"1\" style=\"display:none;\"><p>La petite bourgade lucernoise \u00e9tend avec m\u00e9nagement son centre historique, qui figure dans l\u2019Inventaire f\u00e9d\u00e9ral des sites construits d\u2019importance nationale \u00e0 prot\u00e9ger en Suisse (ISOS). Elle entretient au sein de la collectivit\u00e9 une culture de la discussion bien \u00e9tablie en mati\u00e8re de planification et de construction. Consciente de toute l\u2019importance de la vieille ville pour la qualit\u00e9 de vie, la commune s\u2019engage pleinement pour le maintien de celle-ci, tout en pr\u00e9parant le terrain pour une r\u00e9novation et une densification de qualit\u00e9, propres \u00e0 lui conserver son animation. Am\u00e9nager activement la coexistence du neuf et de l\u2019ancien exige beaucoup de doigt\u00e9, d\u2019abn\u00e9gation et de comp\u00e9tences sp\u00e9cifiques. Mais ce qui compte en premier lieu, c\u2019est la volont\u00e9 politique de discuter \u00e0 temps avec les acteurs concern\u00e9s des possibilit\u00e9s et des limites de projets de construction, et de pr\u00e9senter de fa\u00e7on transparente \u00e0 la population les d\u00e9cisions prises.<\/p>\n<\/div><div class=\"sia-beratung-db-slide-text\" data-index=\"2\" style=\"display:none;\"><p>Si la planification fait appara\u00eetre des conflits entre les objectifs de l\u2019ISOS et d\u2019autres int\u00e9r\u00eats, il faut mettre minutieusement en balance les uns et les autres avant toute prise de d\u00e9cision. En pratique, cela signifie que r\u00e9nover ou b\u00e2tir \u00e0 neuf dans le site construit pr\u00e9suppose une analyse et une \u00e9valuation pr\u00e9cises de l\u2019existant. Ensuite seulement l\u2019aspect d\u00e9veloppement pourra \u00eatre abord\u00e9. \u00c0 cette fin, l\u2019ISOS constitue une aide \u00e0 la lecture et \u00e0 l\u2019interpr\u00e9tation des qualit\u00e9s pr\u00e9sentes. L\u2019exemple de la ville de Sempach montre comment cet instrument peut \u00eatre appliqu\u00e9 de fa\u00e7on pragmatique et qualitative. Il y faut d\u2019abord la volont\u00e9 politique de faire pr\u00e9valoir, en mati\u00e8re de projets de construction, le bien commun \u00e0 long terme sur les int\u00e9r\u00eats priv\u00e9s \u00e0 court terme. \u00c0 Sempach, la Commission communale pour la vieille ville et l\u2019Office cantonal des monuments et des sites ont voix au chapitre d\u00e8s le d\u00e9part. Cette assistance technique aide les autorit\u00e9s \u00e0 d\u00e9celer \u00e0 temps les conflits d\u2019int\u00e9r\u00eats possibles entre conservation et r\u00e9novation, et \u00e0 en tirer les cons\u00e9quences qui s\u2019imposent.<\/p>\n<\/div><div class=\"sia-beratung-db-slide-text\" data-index=\"3\" style=\"display:none;\"><p>\u00c0 Sempach, il s&#8217;est vite su qu\u2019un d\u00e9veloppement sur mesure du milieu b\u00e2ti vers l\u2019int\u00e9rieur exclut les solutions toutes faites. En cons\u00e9quence, m\u00eame pour les projets de construction priv\u00e9s, les concours d\u2019architecture ont \u00e9t\u00e9 adopt\u00e9s comme moyen pour comparer entre elles diff\u00e9rentes propositions. Les personnes d\u00e9sireuses de construire ont souvent la possibilit\u00e9 de rechercher des solutions nouvelles qui s\u2019\u00e9cartent du r\u00e8glement sur les constructions et du r\u00e8glement de zones. Mais, en contrepartie, la ville exige que la qualit\u00e9 soit garantie jusqu\u2019\u00e0 l\u2019ach\u00e8vement des projets. Il existe \u00e0 Sempach une tradition de participation&nbsp;: les uns avec les autres et non contre les autres. Aller \u00e0 la rencontre de l\u2019autre est le meilleur pr\u00e9alable \u00e0 toute discussion, m\u00eame lorsque celle-ci porte sur la qualit\u00e9 du d\u00e9veloppement de sites construits d\u2019importance nationale.<\/p>\n<\/div><\/div><div class=\"sia-beratung-db-filterbox\"><label class=\"toggle\" onclick=\"return window.siaBeratung.toggleFilterBox(this);\"><span>Construire dans le b\u00e2ti existant<\/span><span>Politique fonci\u00e8re<\/span><span>Dialogue<\/span><span>D\u00e9veloppement \u00e0 l\u2019int\u00e9rieur du milieu b\u00e2ti<\/span><span>Inventaires<\/span><span>Participation<\/span><span>Durabilit\u00e9<\/span><span>Espace public<\/span><span>Sites construits<\/span><span>Proc\u00e9dures d\u2019assurance qualit\u00e9<\/span><span>Strat\u00e9gies de d\u00e9veloppement territorial<\/span><span>Patrimoine suisse<\/span><\/label><div class=\"options\"><a href=\"#\" onclick=\"return window.siaBeratung.setFilterBoxFilter(135);\">Construire dans le b\u00e2ti existant<\/a><a href=\"#\" onclick=\"return window.siaBeratung.setFilterBoxFilter(137);\">Politique fonci\u00e8re<\/a><a href=\"#\" onclick=\"return window.siaBeratung.setFilterBoxFilter(139);\">Dialogue<\/a><a href=\"#\" onclick=\"return window.siaBeratung.setFilterBoxFilter(142);\">D\u00e9veloppement \u00e0 l\u2019int\u00e9rieur du milieu b\u00e2ti<\/a><a href=\"#\" onclick=\"return window.siaBeratung.setFilterBoxFilter(160);\">Inventaires<\/a><a href=\"#\" onclick=\"return window.siaBeratung.setFilterBoxFilter(146);\">Participation<\/a><a href=\"#\" onclick=\"return window.siaBeratung.setFilterBoxFilter(148);\">Durabilit\u00e9<\/a><a href=\"#\" onclick=\"return window.siaBeratung.setFilterBoxFilter(149);\">Espace public<\/a><a href=\"#\" onclick=\"return window.siaBeratung.setFilterBoxFilter(150);\">Sites construits<\/a><a href=\"#\" onclick=\"return window.siaBeratung.setFilterBoxFilter(166);\">Proc\u00e9dures d\u2019assurance qualit\u00e9<\/a><a href=\"#\" onclick=\"return window.siaBeratung.setFilterBoxFilter(167);\">Strat\u00e9gies de d\u00e9veloppement territorial<\/a><a href=\"#\" onclick=\"return window.siaBeratung.setFilterBoxFilter(256);\">Patrimoine suisse<\/a><a href=\"#\" onclick=\"return window.siaBeratung.setFilterBoxFilter([135,137,139,142,146,148,149,150,160,166,167,256,288,289,290]);\">Alle Filter ausw\u00e4hlen<\/a><\/div><\/div><label class=\"sia-beratung-db-filterbox-spacer\">&nbsp;<\/label><\/div><a class=\"swiper-button swiper-button-next desktop\"><\/a><\/div><\/div><div class=\"sia-beratung-db-entry-searchtext\">sempach: mit isos gestalten statt verwalten | l\u2019inventaire f\u00e9d\u00e9ral des sites construits d\u2019importance nationale \u00e0 prot\u00e9ger en suisse (isos) constitue la base technique pour discuter du d\u00e9veloppement des sites. si sa lecture n\u2019est pas ais\u00e9e pour le profane, il permet aux sp\u00e9cialistes d\u2019am\u00e9nager, avec les personnes concern\u00e9es, les sites construits de demain.r\u00f4le de la commune&nbsp;:\u00a0se positionner, communiquer, transmettre, d\u00e9ciderorganismes responsables\u00a0:\u00a0communeautres acteurs&nbsp;:\u00a0diverssource&nbsp;:\u00a0prix wakker | honneur oblige&nbsp;: sempach con\u00e7oit son am\u00e9nagement dans le cadre d\u00e9fini par l\u2019isos\r\u00a9 flavio karrer, schweizer heimatschutz | la petite bourgade lucernoise \u00e9tend avec m\u00e9nagement son centre historique, qui figure dans l\u2019inventaire f\u00e9d\u00e9ral des sites construits d\u2019importance nationale \u00e0 prot\u00e9ger en suisse (isos). elle entretient au sein de la collectivit\u00e9 une culture de la discussion bien \u00e9tablie en mati\u00e8re de planification et de construction. consciente de toute l\u2019importance de la vieille ville pour la qualit\u00e9 de vie, la commune s\u2019engage pleinement pour le maintien de celle-ci, tout en pr\u00e9parant le terrain pour une r\u00e9novation et une densification de qualit\u00e9, propres \u00e0 lui conserver son animation. am\u00e9nager activement la coexistence du neuf et de l\u2019ancien exige beaucoup de doigt\u00e9, d\u2019abn\u00e9gation et de comp\u00e9tences sp\u00e9cifiques. mais ce qui compte en premier lieu, c\u2019est la volont\u00e9 politique de discuter \u00e0 temps avec les acteurs concern\u00e9s des possibilit\u00e9s et des limites de projets de construction, et de pr\u00e9senter de fa\u00e7on transparente \u00e0 la population les d\u00e9cisions prises. | la pes\u00e9e des int\u00e9r\u00eats, comme ici \u00e0 sempach, fait partie d\u2019un bon am\u00e9nagement\r\u00a9 gaetan bally, keystone | si la planification fait appara\u00eetre des conflits entre les objectifs de l\u2019isos et d\u2019autres int\u00e9r\u00eats, il faut mettre minutieusement en balance les uns et les autres avant toute prise de d\u00e9cision. en pratique, cela signifie que r\u00e9nover ou b\u00e2tir \u00e0 neuf dans le site construit pr\u00e9suppose une analyse et une \u00e9valuation pr\u00e9cises de l\u2019existant. ensuite seulement l\u2019aspect d\u00e9veloppement pourra \u00eatre abord\u00e9. \u00e0 cette fin, l\u2019isos constitue une aide \u00e0 la lecture et \u00e0 l\u2019interpr\u00e9tation des qualit\u00e9s pr\u00e9sentes. l\u2019exemple de la ville de sempach montre comment cet instrument peut \u00eatre appliqu\u00e9 de fa\u00e7on pragmatique et qualitative. il y faut d\u2019abord la volont\u00e9 politique de faire pr\u00e9valoir, en mati\u00e8re de projets de construction, le bien commun \u00e0 long terme sur les int\u00e9r\u00eats priv\u00e9s \u00e0 court terme. \u00e0 sempach, la commission communale pour la vieille ville et l\u2019office cantonal des monuments et des sites ont voix au chapitre d\u00e8s le d\u00e9part. cette assistance technique aide les autorit\u00e9s \u00e0 d\u00e9celer \u00e0 temps les conflits d\u2019int\u00e9r\u00eats possibles entre conservation et r\u00e9novation, et \u00e0 en tirer les cons\u00e9quences qui s\u2019imposent. | la participation, cl\u00e9 pour r\u00e9soudre les questions d\u2019am\u00e9nagement, grandes et petites\r\u00a9 flavio karrer, schweizer heimatschutz | \u00e0 sempach, il s&#8217;est vite su qu\u2019un d\u00e9veloppement sur mesure du milieu b\u00e2ti vers l\u2019int\u00e9rieur exclut les solutions toutes faites. en cons\u00e9quence, m\u00eame pour les projets de construction priv\u00e9s, les concours d\u2019architecture ont \u00e9t\u00e9 adopt\u00e9s comme moyen pour comparer entre elles diff\u00e9rentes propositions. les personnes d\u00e9sireuses de construire ont souvent la possibilit\u00e9 de rechercher des solutions nouvelles qui s\u2019\u00e9cartent du r\u00e8glement sur les constructions et du r\u00e8glement de zones. mais, en contrepartie, la ville exige que la qualit\u00e9 soit garantie jusqu\u2019\u00e0 l\u2019ach\u00e8vement des projets. il existe \u00e0 sempach une tradition de participation&nbsp;: les uns avec les autres et non contre les autres. aller \u00e0 la rencontre de l\u2019autre est le meilleur pr\u00e9alable \u00e0 toute discussion, m\u00eame lorsque celle-ci porte sur la qualit\u00e9 du d\u00e9veloppement de sites construits d\u2019importance nationale. | \u00a9 swisstopo | bauen im bestand | bodenpolitik | dialog | innenentwicklung | mitwirkung | nachhaltigkeit | \u00f6ffentlicher raum | ortsbilder | inventare | qualit\u00e4tssichernde verfahren | r\u00e4umliche entwicklungsleitbilder | schweizer heimatschutz | de | fr | it<\/div><\/article><article class=\"sia-beratung-db-entry\" data-id=\"1547\" data-cpt=\"sia-angebote\" data-slug=\"bauberatung-schweizer-heimatschutz\" data-lat=\"53.5507112\" data-lng=\"10.0006485\" data-filter-135=\"1\" data-filter-138=\"1\" data-filter-139=\"1\" data-filter-150=\"1\" data-filter-154=\"1\" data-filter-157=\"1\" data-filter-159=\"1\" data-filter-160=\"1\" data-filter-256=\"1\" data-filter-275=\"1\" data-filter-288=\"1\" data-filter-289=\"1\" data-all-filter=\"135,138,139,150,154,157,159,160,256,275,288,289\"><div class=\"sia-beratung-db-entry-header\" onclick=\"return window.siaBeratung.toggleCpt(this);\"><div class=\"col-1\">Service de conseil technique de Patrimoine Suisse<\/div><div class=\"col-2\"><span>Patrimoine suisse<\/span><\/div><div class=\"col-3\"><span>Conseil direct<\/span><\/div><div class=\"sia-beratung-db-angle\"><span class=\"sia-beratung-angle\"><\/span><\/div><\/div><div class=\"sia-beratung-db-entry-content\"><div class=\"sia-beratung-db-entry-content-columns\"><div class=\"col-1\"><p>Les conseillers techniques de Patrimoine bernois sont les interlocuteurs aupr\u00e8s des autorit\u00e9s, des particuliers et des institutions pour toutes les questions relatives aux constructions. Ils suivent les constructions en cours, prodiguent leurs conseils lors de transformations ou de r\u00e9novations et s\u2019occupent de l\u2019int\u00e9gration des \u00e9difices contemporains en zone urbanis\u00e9e.<\/p>\n<\/div><div class=\"col-2\"><\/div><\/div><div class=\"sia-beratung-db-entry-footer\"><div class=\"col-1\"><a href=\"https:\/\/www.bernerheimatschutz.ch\/was-wir-tun\/bauberatung\" class=\"sia-beratung-db-entry-link\" target=\"_blank\" rel=\"noopener\">Link zum Angebot<\/a><\/div><div class=\"col-2\"><div class=\"sia-beratung-db-filterbox\"><label class=\"toggle\" onclick=\"return window.siaBeratung.toggleFilterBox(this);\"><span>Proc\u00e9dures d\u2019autorisation de construire<\/span><span>Construire dans le b\u00e2ti existant<\/span><span>Monuments<\/span><span>Dialogue<\/span><span>Conseil direct<\/span><span>Formation continue pour le personnel politique et administratif<\/span><span>Commissions d\u2019urbanisme<\/span><span>Inventaires<\/span><span>Sites construits<\/span><span>Patrimoine suisse<\/span><\/label><div class=\"options\"><a href=\"#\" onclick=\"return window.siaBeratung.setFilterBoxFilter(154);\">Proc\u00e9dures d\u2019autorisation de construire<\/a><a href=\"#\" onclick=\"return window.siaBeratung.setFilterBoxFilter(135);\">Construire dans le b\u00e2ti existant<\/a><a href=\"#\" onclick=\"return window.siaBeratung.setFilterBoxFilter(138);\">Monuments<\/a><a href=\"#\" onclick=\"return window.siaBeratung.setFilterBoxFilter(139);\">Dialogue<\/a><a href=\"#\" onclick=\"return window.siaBeratung.setFilterBoxFilter(275);\">Conseil direct<\/a><a href=\"#\" onclick=\"return window.siaBeratung.setFilterBoxFilter(157);\">Formation continue pour le personnel politique et administratif<\/a><a href=\"#\" onclick=\"return window.siaBeratung.setFilterBoxFilter(159);\">Commissions d\u2019urbanisme<\/a><a href=\"#\" onclick=\"return window.siaBeratung.setFilterBoxFilter(160);\">Inventaires<\/a><a href=\"#\" onclick=\"return window.siaBeratung.setFilterBoxFilter(150);\">Sites construits<\/a><a href=\"#\" onclick=\"return window.siaBeratung.setFilterBoxFilter(256);\">Patrimoine suisse<\/a><a href=\"#\" onclick=\"return window.siaBeratung.setFilterBoxFilter([135,138,139,150,154,157,159,160,256,275,288,289]);\">Alle Filter ausw\u00e4hlen<\/a><\/div><\/div><label class=\"sia-beratung-db-filterbox-spacer\">&nbsp;<\/label><\/div><\/div><\/div><div class=\"sia-beratung-db-entry-searchtext\">bauberatung schweizer heimatschutz | les conseillers techniques de patrimoine bernois sont les interlocuteurs aupr\u00e8s des autorit\u00e9s, des particuliers et des institutions pour toutes les questions relatives aux constructions. ils suivent les constructions en cours, prodiguent leurs conseils lors de transformations ou de r\u00e9novations et s\u2019occupent de l\u2019int\u00e9gration des \u00e9difices contemporains en zone urbanis\u00e9e. | bauen im bestand | denkm\u00e4ler | dialog | ortsbilder | baubewilligungsverfahren | fortbildung f\u00fcr politik und verwaltung | gestaltungsbeir\u00e4te | inventare | schweizer heimatschutz | direkte beratung | de | fr<\/div><\/article><article class=\"sia-beratung-db-entry\" data-id=\"1709\" data-cpt=\"sia-ausbildung\" data-slug=\"sia-inform\" data-lang-slug-de_de=\"\" data-lang-slug-en_gb=\"\" data-lang-slug-fr_fr=\"\" data-lang-slug-it_it=\"\" data-lat=\"47.3702783586333\" data-lng=\"8.5329349588955\" data-filter-135=\"1\" data-filter-136=\"1\" data-filter-140=\"1\" data-filter-143=\"1\" data-filter-148=\"1\" data-filter-149=\"1\" data-filter-151=\"1\" data-filter-166=\"1\" data-filter-259=\"1\" data-filter-279=\"1\" data-filter-288=\"1\" data-filter-289=\"1\" data-filter-290=\"1\" data-all-filter=\"135,136,140,143,148,149,151,166,259,279,288,289,290\"><div class=\"sia-beratung-db-entry-header\" onclick=\"return window.siaBeratung.toggleCpt(this);\"><div class=\"col-1\">sia inform<\/div><div class=\"col-2\"><span>SIA Soci\u00e9t\u00e9 suisse des ingenieurs et des architectes<\/span><\/div><div class=\"col-3\"><span>Cours et colloques<\/span><\/div><div class=\"sia-beratung-db-angle\"><span class=\"sia-beratung-angle\"><\/span><\/div><\/div><div class=\"sia-beratung-db-entry-content\"><div class=\"sia-beratung-db-entry-content-columns\"><div class=\"col-1\"><p>SIA inForm figure parmi les institutions de r\u00e9f\u00e9rence pour la formation continue des architectes et des ing\u00e9nieurs, gr\u00e2ce \u00e0 des cours ajust\u00e9s \u00e0 leur branche et ax\u00e9s sur la pratique. Son but est de maintenir et d&#8217;\u00e9toffer les comp\u00e9tences n\u00e9cessaires aux professionnels suisses des \u00e9tudes pour la construction, les techniques et l&#8217;environnement.<\/p>\n<\/div><div class=\"col-2\"><\/div><\/div><div class=\"sia-beratung-db-entry-footer\"><div class=\"col-1\"><a href=\"https:\/\/www.sia.ch\/fr\/services\/sia-inform\/nc\/1\/\" class=\"sia-beratung-db-entry-link\" target=\"_blank\" rel=\"noopener\">Link zum Angebot<\/a><\/div><div class=\"col-2\"><div class=\"sia-beratung-db-filterbox\"><label class=\"toggle\" onclick=\"return window.siaBeratung.toggleFilterBox(this);\"><span>Construire dans le b\u00e2ti existant<\/span><span>Biodiversit\u00e9<\/span><span>Energie<\/span><span>Climat<\/span><span>Cours et colloques<\/span><span>Durabilit\u00e9<\/span><span>Espace public<\/span><span>Outils de planification<\/span><span>Proc\u00e9dures d\u2019assurance qualit\u00e9<\/span><span>SIA Soci\u00e9t\u00e9 suisse des ingenieurs et des architectes<\/span><\/label><div class=\"options\"><a href=\"#\" onclick=\"return window.siaBeratung.setFilterBoxFilter(135);\">Construire dans le b\u00e2ti existant<\/a><a href=\"#\" onclick=\"return window.siaBeratung.setFilterBoxFilter(136);\">Biodiversit\u00e9<\/a><a href=\"#\" onclick=\"return window.siaBeratung.setFilterBoxFilter(140);\">Energie<\/a><a href=\"#\" onclick=\"return window.siaBeratung.setFilterBoxFilter(143);\">Climat<\/a><a href=\"#\" onclick=\"return window.siaBeratung.setFilterBoxFilter(279);\">Cours et colloques<\/a><a href=\"#\" onclick=\"return window.siaBeratung.setFilterBoxFilter(148);\">Durabilit\u00e9<\/a><a href=\"#\" onclick=\"return window.siaBeratung.setFilterBoxFilter(149);\">Espace public<\/a><a href=\"#\" onclick=\"return window.siaBeratung.setFilterBoxFilter(151);\">Outils de planification<\/a><a href=\"#\" onclick=\"return window.siaBeratung.setFilterBoxFilter(166);\">Proc\u00e9dures d\u2019assurance qualit\u00e9<\/a><a href=\"#\" onclick=\"return window.siaBeratung.setFilterBoxFilter(259);\">SIA Soci\u00e9t\u00e9 suisse des ingenieurs et des architectes<\/a><a href=\"#\" onclick=\"return window.siaBeratung.setFilterBoxFilter([135,136,140,143,148,149,151,166,259,279,288,289,290]);\">Alle Filter ausw\u00e4hlen<\/a><\/div><\/div><label class=\"sia-beratung-db-filterbox-spacer\">&nbsp;<\/label><\/div><\/div><\/div><div class=\"sia-beratung-db-entry-searchtext\">sia inform | sia inform figure parmi les institutions de r\u00e9f\u00e9rence pour la formation continue des architectes et des ing\u00e9nieurs, gr\u00e2ce \u00e0 des cours ajust\u00e9s \u00e0 leur branche et ax\u00e9s sur la pratique. son but est de maintenir et d&#8217;\u00e9toffer les comp\u00e9tences n\u00e9cessaires aux professionnels suisses des \u00e9tudes pour la construction, les techniques et l&#8217;environnement. | bauen im bestand | biodiversit\u00e4t | energie | klima | nachhaltigkeit | \u00f6ffentlicher raum | planungsinstrumente | qualit\u00e4tssichernde verfahren | sia schweizerischer ingenieur- und architektenverein | kurse und tagungen | de | fr | it<\/div><\/article><article class=\"sia-beratung-db-entry\" data-id=\"5614\" data-cpt=\"sia-beispiele\" data-slug=\"siders-vs-die-bevoelkerung-holt-sich-den-schatten-der-platanen-zurueck\" data-lang-slug-de_de=\"\" data-lang-slug-en_gb=\"\" data-lang-slug-fr_fr=\"\" data-lang-slug-it_it=\"\" data-lat=\"46.29237\" data-lng=\"7.5322115\" data-filter-139=\"1\" data-filter-146=\"1\" data-filter-147=\"1\" data-filter-149=\"1\" data-filter-152=\"1\" data-filter-161=\"1\" data-filter-165=\"1\" data-filter-189=\"1\" data-all-filter=\"139,146,147,149,152,161,165,189\"><div class=\"sia-beratung-db-entry-header\" onclick=\"return window.siaBeratung.toggleCpt(this);\"><div class=\"col-1\">Sierre: les habitant.es se r\u00e9approprient l\u2019ombre des platanes <\/div><div class=\"col-2\">Sierre, VS<\/div><div class=\"sia-beratung-db-angle\"><span class=\"sia-beratung-angle\"><\/span><\/div><\/div><div class=\"sia-beratung-db-entry-content\"><div class=\"sia-beratung-db-entry-content-columns\"><div class=\"col-1\"><div class=\"sia-beratung-db-entry-slides\"><div class=\"sia-beratung-db-entry-swiper\"><div class=\"swiper-wrapper\"><div class=\"swiper-slide\"><img loading=\"lazy\" decoding=\"async\" src=\"https:\/\/baukulturschweiz.ch\/wp-content\/uploads\/2026\/02\/website1-1-1024x683.jpg\" width=\"1024\" height=\"683\" \/><\/div><div class=\"swiper-slide\"><img loading=\"lazy\" decoding=\"async\" src=\"https:\/\/baukulturschweiz.ch\/wp-content\/uploads\/2026\/02\/IMG_9309-1024x683.jpeg\" width=\"1024\" height=\"683\" \/><\/div><div class=\"swiper-slide\"><img loading=\"lazy\" decoding=\"async\" src=\"https:\/\/baukulturschweiz.ch\/wp-content\/uploads\/2026\/02\/sierre-1024x724.jpg\" width=\"1024\" height=\"724\" \/><\/div><div class=\"swiper-slide\"><img loading=\"lazy\" decoding=\"async\" src=\"https:\/\/baukulturschweiz.ch\/wp-content\/uploads\/2026\/02\/website2-2-1024x683.jpg\" width=\"1024\" height=\"683\" \/><\/div><div class=\"swiper-slide\"><img loading=\"lazy\" decoding=\"async\" src=\"https:\/\/baukulturschweiz.ch\/wp-content\/uploads\/2026\/02\/Sierre_final-1024x655.png\" width=\"1024\" height=\"655\" \/><\/div><\/div><\/div><a class=\"swiper-button swiper-button-prev\"><\/a><a class=\"swiper-button swiper-button-next mobile\"><\/a><div class=\"sia-beratung-db-slide-legends\"><small data-index=\"0\">Am\u00e9nagements tests sur l\u2019ancienne place de la gare \u00a9 Atelier OLGa<\/small><small data-index=\"1\" style=\"display:none;\">Chantiers participatifs \u00a9 Atelier OLGa<\/small><small data-index=\"2\" style=\"display:none;\">Plusieurs sc\u00e9narios sont exp\u00e9riment\u00e9s \u00a9 Atelier OLGa<\/small><small data-index=\"3\" style=\"display:none;\">L\u2019am\u00e9nagement final laisse place \u00e0 une rue enti\u00e8rement pi\u00e9tonne et partiellement v\u00e9g\u00e9talis\u00e9e \u00a9 Atelier OLGa<\/small><small data-index=\"4\" style=\"display:none;\">\u00a9 Swisstopo<\/small><small class=\"pageNo\">1\/5<\/small><\/div><\/div><\/div><div class=\"col-2\"><div class=\"sia-beratung-db-slide-texts\"><div class=\"sia-beratung-db-slide-text\" data-index=\"0\"><p>La ville de Sierre souhaite d\u00e9lester son centre-ville du trafic automobile. Si cette volont\u00e9 implique une planification longue et co\u00fbteuse, notamment l\u2019am\u00e9nagement de nouvelles infrastructures routi\u00e8res, la Ville mise aussi sur des initiatives plus souples et \u00e0 petite \u00e9chelle, afin d\u2019insuffler un changement rapide. C\u2019est le cas de la place de la gare, qui a \u00e9t\u00e9 r\u00e9am\u00e9nag\u00e9e gr\u00e2ce \u00e0 un processus participatif en plusieurs \u00e9tapes.<\/p>\n<p>&nbsp;<\/p>\n<p><strong data-start=\"84\" data-end=\"108\">R\u00f4le de la commune:<\/strong> lancer des processus, piloter, \u00e9couter, communiquer, r\u00e9aliser<br data-start=\"170\" data-end=\"173\" \/><strong data-start=\"175\" data-end=\"202\" data-is-only-node=\"\">Organisme responsable:<\/strong> Commune de Sierre<br data-start=\"220\" data-end=\"223\" \/><strong data-start=\"225\" data-end=\"241\">Mandataire:<\/strong> Atelier OLGa<br data-start=\"254\" data-end=\"257\" \/><strong data-start=\"259\" data-end=\"271\">Source:<\/strong> <a href=\"https:\/\/flaneurdor.ch\/projet\/?lang=fr&amp;pid=771\">Projet | Fl\u00e2neur d\u2019Or<\/a><\/p>\n<\/div><div class=\"sia-beratung-db-slide-text\" data-index=\"1\" style=\"display:none;\"><p>L\u2019atelier OLGA, sp\u00e9cialis\u00e9 dans l\u2019am\u00e9nagement par exp\u00e9rimentation, est mandat\u00e9 par la Ville en 2020 en afin de repenser la place de la gare \u00e0 Sierre. La d\u00e9marche participative s\u2019appuie sur un phasage progressif, permettant de dessiner les contours du futur usage de la place et de les tester. A terme, la Ville a souhait\u00e9 r\u00e9aliser l\u2019am\u00e9nagement pl\u00e9biscit\u00e9. Jusqu\u2019alors r\u00e9serv\u00e9e aux bus, la rue est devenue enti\u00e8rement pi\u00e9tonne, jouant pleinement son r\u00f4le de porte d\u2019entr\u00e9e de la ville.<\/p>\n<\/div><div class=\"sia-beratung-db-slide-text\" data-index=\"2\" style=\"display:none;\"><p>Le projet est men\u00e9 en cinq \u00e9tapes. Il a commenc\u00e9 par un diagnostic public \u00e0 l\u2019automne 2020, visant \u00e0 recueillir les usages actuels et les attentes des usagers. Puis, une journ\u00e9e de co-conception sur le terrain a permis d\u2019imaginer les usages futurs se la place, \u00e0 l\u2019aide d\u2019une signal\u00e9tique amovible et des dessins sur le sol. Ensuite, la phase de co-construction a permis la r\u00e9alisation d\u2019un mobilier urbain provisoire, lors d\u2019un chantier ouvert sur trois journ\u00e9es.<\/p>\n<\/div><div class=\"sia-beratung-db-slide-text\" data-index=\"3\" style=\"display:none;\"><p>La quatri\u00e8me phase est celle du test. Durant l\u2019\u00e9t\u00e9 2021, le mobilier urbain et les installations sont d\u00e9plac\u00e9s afin de tester trois sc\u00e9narios d\u2019usage. Deux int\u00e8grent la circulation des bus et un sc\u00e9nario envisage une rue enti\u00e8rement pi\u00e9tonne. Pendant quatre mois, observations et sondages aupr\u00e8s des usagers permettent de r\u00e9colter des retours pr\u00e9cis sur ces configurations. Enfin, la d\u00e9marche s\u2019est termin\u00e9e par un bilan, permettant \u00e0 la Ville de retenir le sc\u00e9nario pr\u00e9f\u00e9r\u00e9 par la population et de le r\u00e9aliser.<\/p>\n<\/div><div class=\"sia-beratung-db-slide-text\" data-index=\"4\" style=\"display:none;\"><p>C\u2019est la variante d\u2019une avenue enti\u00e8rement pi\u00e9tonne qui a \u00e9t\u00e9 choisie. Une partie du bitume est retir\u00e9e autour des platanes, \u00e9l\u00e9ments paysagers majeurs, pour leur redonner de l\u2019espace. L\u2019orientation du mobilier urbain et la cr\u00e9ation de zones v\u00e9g\u00e9talis\u00e9es renforcent le caract\u00e8re vernaculaire de la rue, d\u00e9sormais enti\u00e8rement lib\u00e9r\u00e9e de la circulation motoris\u00e9e. Les am\u00e9nagements sont l\u00e9gers, peu co\u00fbteux et con\u00e7us pour rester flexibles, afin de s\u2019adapter aux \u00e9volutions futures des usages de cet espace.<\/p>\n<\/div><\/div><div class=\"sia-beratung-db-filterbox\"><label class=\"toggle\" onclick=\"return window.siaBeratung.toggleFilterBox(this);\"><span>Dialogue<\/span><span>Commune<\/span><span>Projets de construction communaux<\/span><span>Participation<\/span><span>Mobilit\u00e9<\/span><span>Espace public<\/span><span>Soutien de projets<\/span><span>Processus<\/span><\/label><div class=\"options\"><a href=\"#\" onclick=\"return window.siaBeratung.setFilterBoxFilter(139);\">Dialogue<\/a><a href=\"#\" onclick=\"return window.siaBeratung.setFilterBoxFilter(189);\">Commune<\/a><a href=\"#\" onclick=\"return window.siaBeratung.setFilterBoxFilter(161);\">Projets de construction communaux<\/a><a href=\"#\" onclick=\"return window.siaBeratung.setFilterBoxFilter(146);\">Participation<\/a><a href=\"#\" onclick=\"return window.siaBeratung.setFilterBoxFilter(147);\">Mobilit\u00e9<\/a><a href=\"#\" onclick=\"return window.siaBeratung.setFilterBoxFilter(149);\">Espace public<\/a><a href=\"#\" onclick=\"return window.siaBeratung.setFilterBoxFilter(165);\">Soutien de projets<\/a><a href=\"#\" onclick=\"return window.siaBeratung.setFilterBoxFilter(152);\">Processus<\/a><a href=\"#\" onclick=\"return window.siaBeratung.setFilterBoxFilter([139,146,147,149,152,161,165,189]);\">Alle Filter ausw\u00e4hlen<\/a><\/div><\/div><label class=\"sia-beratung-db-filterbox-spacer\">&nbsp;<\/label><\/div><a class=\"swiper-button swiper-button-next desktop\"><\/a><\/div><\/div><div class=\"sia-beratung-db-entry-searchtext\">siders: die bev\u00f6lkerung holt sich den schatten der platanen zur\u00fcck | la ville de sierre souhaite d\u00e9lester son centre-ville du trafic automobile. si cette volont\u00e9 implique une planification longue et co\u00fbteuse, notamment l\u2019am\u00e9nagement de nouvelles infrastructures routi\u00e8res, la ville mise aussi sur des initiatives plus souples et \u00e0 petite \u00e9chelle, afin d\u2019insuffler un changement rapide. c\u2019est le cas de la place de la gare, qui a \u00e9t\u00e9 r\u00e9am\u00e9nag\u00e9e gr\u00e2ce \u00e0 un processus participatif en plusieurs \u00e9tapes.&nbsp;r\u00f4le de la commune: lancer des processus, piloter, \u00e9couter, communiquer, r\u00e9aliserorganisme responsable: commune de sierremandataire: atelier olgasource: projet | fl\u00e2neur d\u2019or | am\u00e9nagements tests sur l\u2019ancienne place de la gare \u00a9 atelier olga | l\u2019atelier olga, sp\u00e9cialis\u00e9 dans l\u2019am\u00e9nagement par exp\u00e9rimentation, est mandat\u00e9 par la ville en 2020 en afin de repenser la place de la gare \u00e0 sierre. la d\u00e9marche participative s\u2019appuie sur un phasage progressif, permettant de dessiner les contours du futur usage de la place et de les tester. a terme, la ville a souhait\u00e9 r\u00e9aliser l\u2019am\u00e9nagement pl\u00e9biscit\u00e9. jusqu\u2019alors r\u00e9serv\u00e9e aux bus, la rue est devenue enti\u00e8rement pi\u00e9tonne, jouant pleinement son r\u00f4le de porte d\u2019entr\u00e9e de la ville. | chantiers participatifs \u00a9 atelier olga | le projet est men\u00e9 en cinq \u00e9tapes. il a commenc\u00e9 par un diagnostic public \u00e0 l\u2019automne 2020, visant \u00e0 recueillir les usages actuels et les attentes des usagers. puis, une journ\u00e9e de co-conception sur le terrain a permis d\u2019imaginer les usages futurs se la place, \u00e0 l\u2019aide d\u2019une signal\u00e9tique amovible et des dessins sur le sol. ensuite, la phase de co-construction a permis la r\u00e9alisation d\u2019un mobilier urbain provisoire, lors d\u2019un chantier ouvert sur trois journ\u00e9es. | plusieurs sc\u00e9narios sont exp\u00e9riment\u00e9s \u00a9 atelier olga | la quatri\u00e8me phase est celle du test. durant l\u2019\u00e9t\u00e9 2021, le mobilier urbain et les installations sont d\u00e9plac\u00e9s afin de tester trois sc\u00e9narios d\u2019usage. deux int\u00e8grent la circulation des bus et un sc\u00e9nario envisage une rue enti\u00e8rement pi\u00e9tonne. pendant quatre mois, observations et sondages aupr\u00e8s des usagers permettent de r\u00e9colter des retours pr\u00e9cis sur ces configurations. enfin, la d\u00e9marche s\u2019est termin\u00e9e par un bilan, permettant \u00e0 la ville de retenir le sc\u00e9nario pr\u00e9f\u00e9r\u00e9 par la population et de le r\u00e9aliser. | l\u2019am\u00e9nagement final laisse place \u00e0 une rue enti\u00e8rement pi\u00e9tonne et partiellement v\u00e9g\u00e9talis\u00e9e \u00a9 atelier olga | c\u2019est la variante d\u2019une avenue enti\u00e8rement pi\u00e9tonne qui a \u00e9t\u00e9 choisie. une partie du bitume est retir\u00e9e autour des platanes, \u00e9l\u00e9ments paysagers majeurs, pour leur redonner de l\u2019espace. l\u2019orientation du mobilier urbain et la cr\u00e9ation de zones v\u00e9g\u00e9talis\u00e9es renforcent le caract\u00e8re vernaculaire de la rue, d\u00e9sormais enti\u00e8rement lib\u00e9r\u00e9e de la circulation motoris\u00e9e. les am\u00e9nagements sont l\u00e9gers, peu co\u00fbteux et con\u00e7us pour rester flexibles, afin de s\u2019adapter aux \u00e9volutions futures des usages de cet espace. | \u00a9 swisstopo | dialog | mitwirkung | mobilit\u00e4t | \u00f6ffentlicher raum | prozesse | kommunale bauprojekte | projektunterst\u00fctzung | gemeinde<\/div><\/article><article class=\"sia-beratung-db-entry\" data-id=\"1623\" data-cpt=\"sia-angebote\" data-slug=\"snbs\" data-lang-slug-de_de=\"\" data-lang-slug-en_gb=\"\" data-lang-slug-fr_fr=\"\" data-lang-slug-it_it=\"\" data-lat=\"53.5507112\" data-lng=\"10.0008202\" data-filter-140=\"1\" data-filter-143=\"1\" data-filter-148=\"1\" data-filter-151=\"1\" data-filter-161=\"1\" data-filter-255=\"1\" data-filter-283=\"1\" data-filter-288=\"1\" data-filter-289=\"1\" data-all-filter=\"140,143,148,151,161,255,283,288,289\"><div class=\"sia-beratung-db-entry-header\" onclick=\"return window.siaBeratung.toggleCpt(this);\"><div class=\"col-1\">SNBS<\/div><div class=\"col-2\"><span>NNBS R\u00e9seau Construction durable Suisse<\/span><\/div><div class=\"col-3\"><span>Plateforme<\/span><\/div><div class=\"sia-beratung-db-angle\"><span class=\"sia-beratung-angle\"><\/span><\/div><\/div><div class=\"sia-beratung-db-entry-content\"><div class=\"sia-beratung-db-entry-content-columns\"><div class=\"col-1\"><p>Le standard Construction durable Suisse vous permet de construire d\u2019apr\u00e8s toutes les dimensions de la durabilit\u00e9. D\u00e8s aujourd\u2019hui, des ouvrages d\u2019une grande qualit\u00e9 tourn\u00e9s vers l\u2019avenir sont ainsi \u00e9rig\u00e9s, vous permettant d\u2019apporter une contribution \u00e9cologique, sociale et \u00e9conomique.<\/p>\n<\/div><div class=\"col-2\"><\/div><\/div><div class=\"sia-beratung-db-entry-footer\"><div class=\"col-1\"><a href=\"https:\/\/www.snbs-batiment.ch\/\" class=\"sia-beratung-db-entry-link\" target=\"_blank\" rel=\"noopener\">Link zum Angebot<\/a><\/div><div class=\"col-2\"><div class=\"sia-beratung-db-filterbox\"><label class=\"toggle\" onclick=\"return window.siaBeratung.toggleFilterBox(this);\"><span>Energie<\/span><span>Climat<\/span><span>Projets de construction communaux<\/span><span>Durabilit\u00e9<\/span><span>NNBS R\u00e9seau Construction durable Suisse<\/span><span>Outils de planification<\/span><span>Plateforme<\/span><\/label><div class=\"options\"><a href=\"#\" onclick=\"return window.siaBeratung.setFilterBoxFilter(140);\">Energie<\/a><a href=\"#\" onclick=\"return window.siaBeratung.setFilterBoxFilter(143);\">Climat<\/a><a href=\"#\" onclick=\"return window.siaBeratung.setFilterBoxFilter(161);\">Projets de construction communaux<\/a><a href=\"#\" onclick=\"return window.siaBeratung.setFilterBoxFilter(148);\">Durabilit\u00e9<\/a><a href=\"#\" onclick=\"return window.siaBeratung.setFilterBoxFilter(255);\">NNBS R\u00e9seau Construction durable Suisse<\/a><a href=\"#\" onclick=\"return window.siaBeratung.setFilterBoxFilter(151);\">Outils de planification<\/a><a href=\"#\" onclick=\"return window.siaBeratung.setFilterBoxFilter(283);\">Plateforme<\/a><a href=\"#\" onclick=\"return window.siaBeratung.setFilterBoxFilter([140,143,148,151,161,255,283,288,289]);\">Alle Filter ausw\u00e4hlen<\/a><\/div><\/div><label class=\"sia-beratung-db-filterbox-spacer\">&nbsp;<\/label><\/div><\/div><\/div><div class=\"sia-beratung-db-entry-searchtext\">snbs | le standard construction durable suisse vous permet de construire d\u2019apr\u00e8s toutes les dimensions de la durabilit\u00e9. d\u00e8s aujourd\u2019hui, des ouvrages d\u2019une grande qualit\u00e9 tourn\u00e9s vers l\u2019avenir sont ainsi \u00e9rig\u00e9s, vous permettant d\u2019apporter une contribution \u00e9cologique, sociale et \u00e9conomique. | energie | klima | nachhaltigkeit | planungsinstrumente | kommunale bauprojekte | nnbs netzwerk nachhaltiges bauen schweiz | plattform | de | fr<\/div><\/article><article class=\"sia-beratung-db-entry\" data-id=\"1710\" data-cpt=\"sia-ausbildung\" data-slug=\"sostenibilita-integrata-degli-edifici-criteri-e-scenari-per-una-nuova-progettazione-sostenibile\" data-lang-slug-de_de=\"\" data-lang-slug-en_gb=\"\" data-lang-slug-fr_fr=\"\" data-lang-slug-it_it=\"\" data-lat=\"46.0307910222475\" data-lng=\"8.92404756704494\" data-filter-139=\"1\" data-filter-140=\"1\" data-filter-141=\"1\" data-filter-142=\"1\" data-filter-143=\"1\" data-filter-148=\"1\" data-filter-157=\"1\" data-filter-161=\"1\" data-filter-207=\"1\" data-filter-272=\"1\" data-filter-290=\"1\" data-all-filter=\"139,140,141,142,143,148,157,161,207,272,290\"><div class=\"sia-beratung-db-entry-header\" onclick=\"return window.siaBeratung.toggleCpt(this);\"><div class=\"col-1\">Sostenibilit\u00e0 integrata degli edifici: criteri e scenari per una nuova progettazione sostenibile<\/div><div class=\"col-2\"><span>SUPSI Scuola universitaria professionale della Svizzera italiana<\/span><\/div><div class=\"col-3\"><span>CAS<\/span><\/div><div class=\"sia-beratung-db-angle\"><span class=\"sia-beratung-angle\"><\/span><\/div><\/div><div class=\"sia-beratung-db-entry-content\"><div class=\"sia-beratung-db-entry-content-columns\"><div class=\"col-1\"><p>La sostenibilit\u00e0 della costruzione evolve progressivamente e non prende pi\u00f9 in considerazione solo i temi energetici, bens\u00ec anche i temi sociali, economici e ambientali. Il corso fornisce ai professionisti della costruzione la conoscenza sulle questioni fondamentali della sostenibilit\u00e0 integrata, cos\u00ec come le basi per un corretto approccio progettuale alla sostenibilit\u00e0 degli edifici.<\/p>\n<\/div><div class=\"col-2\"><\/div><\/div><div class=\"sia-beratung-db-entry-footer\"><div class=\"col-1\"><a href=\"https:\/\/www.supsi.ch\/cas-sostenibilit%C3%A0-integrata-degli-edifici-criteri-e-scenari-per-una-nuova-progettazione-sostenibile-archiviato-2025-11-05\" class=\"sia-beratung-db-entry-link\" target=\"_blank\" rel=\"noopener\">Link zum Angebot<\/a><\/div><div class=\"col-2\"><div class=\"sia-beratung-db-filterbox\"><label class=\"toggle\" onclick=\"return window.siaBeratung.toggleFilterBox(this);\"><span>CAS<\/span><span>Dialogue<\/span><span>Energie<\/span><span>Formation continue pour le personnel politique et administratif<\/span><span>Infrastructure<\/span><span>D\u00e9veloppement \u00e0 l\u2019int\u00e9rieur du milieu b\u00e2ti<\/span><span>Climat<\/span><span>Projets de construction communaux<\/span><span>Durabilit\u00e9<\/span><span>SUPSI Scuola universitaria professionale della Svizzera italiana<\/span><\/label><div class=\"options\"><a href=\"#\" onclick=\"return window.siaBeratung.setFilterBoxFilter(272);\">CAS<\/a><a href=\"#\" onclick=\"return window.siaBeratung.setFilterBoxFilter(139);\">Dialogue<\/a><a href=\"#\" onclick=\"return window.siaBeratung.setFilterBoxFilter(140);\">Energie<\/a><a href=\"#\" onclick=\"return window.siaBeratung.setFilterBoxFilter(157);\">Formation continue pour le personnel politique et administratif<\/a><a href=\"#\" onclick=\"return window.siaBeratung.setFilterBoxFilter(141);\">Infrastructure<\/a><a href=\"#\" onclick=\"return window.siaBeratung.setFilterBoxFilter(142);\">D\u00e9veloppement \u00e0 l\u2019int\u00e9rieur du milieu b\u00e2ti<\/a><a href=\"#\" onclick=\"return window.siaBeratung.setFilterBoxFilter(143);\">Climat<\/a><a href=\"#\" onclick=\"return window.siaBeratung.setFilterBoxFilter(161);\">Projets de construction communaux<\/a><a href=\"#\" onclick=\"return window.siaBeratung.setFilterBoxFilter(148);\">Durabilit\u00e9<\/a><a href=\"#\" onclick=\"return window.siaBeratung.setFilterBoxFilter(207);\">SUPSI Scuola universitaria professionale della Svizzera italiana<\/a><a href=\"#\" onclick=\"return window.siaBeratung.setFilterBoxFilter([139,140,141,142,143,148,157,161,207,272,290]);\">Alle Filter ausw\u00e4hlen<\/a><\/div><\/div><label class=\"sia-beratung-db-filterbox-spacer\">&nbsp;<\/label><\/div><\/div><\/div><div class=\"sia-beratung-db-entry-searchtext\">sostenibilit\u00e0 integrata degli edifici: criteri e scenari per una nuova progettazione sostenibile | la sostenibilit\u00e0 della costruzione evolve progressivamente e non prende pi\u00f9 in considerazione solo i temi energetici, bens\u00ec anche i temi sociali, economici e ambientali. il corso fornisce ai professionisti della costruzione la conoscenza sulle questioni fondamentali della sostenibilit\u00e0 integrata, cos\u00ec come le basi per un corretto approccio progettuale alla sostenibilit\u00e0 degli edifici. | dialog | energie | infrastruktur | innenentwicklung | klima | nachhaltigkeit | fortbildung f\u00fcr politik und verwaltung | kommunale bauprojekte | supsi scuola universitaria professionale della svizzera italiana | cas | it<\/div><\/article><article class=\"sia-beratung-db-entry\" data-id=\"1726\" data-cpt=\"sia-ausbildung\" data-slug=\"zusammenarbeit-in-gemeinden-und-regionen-gestalten\" data-lang-slug-de_de=\"\" data-lang-slug-en_gb=\"\" data-lang-slug-fr_fr=\"\" data-lang-slug-it_it=\"\" data-lat=\"47.0468019912432\" data-lng=\"8.31493121125425\" data-filter-139=\"1\" data-filter-146=\"1\" data-filter-151=\"1\" data-filter-152=\"1\" data-filter-157=\"1\" data-filter-167=\"1\" data-filter-168=\"1\" data-filter-204=\"1\" data-filter-272=\"1\" data-filter-288=\"1\" data-all-filter=\"139,146,151,152,157,167,168,204,272,288\"><div class=\"sia-beratung-db-entry-header\" onclick=\"return window.siaBeratung.toggleCpt(this);\"><div class=\"col-1\">Soziale und r\u00e4umliche Entwicklungsprozesse partizipativ gestalten<\/div><div class=\"col-2\"><span>HSLU Hochschule Luzern<\/span><\/div><div class=\"col-3\"><span>CAS<\/span><\/div><div class=\"sia-beratung-db-angle\"><span class=\"sia-beratung-angle\"><\/span><\/div><\/div><div class=\"sia-beratung-db-entry-content\"><div class=\"sia-beratung-db-entry-content-columns\"><div class=\"col-1\"><p>Im CAS Soziale und r\u00e4umliche Entwicklungsprozesse partizipativ gestalten steht die interkommunale Prozessgestaltung im Zentrum. Um die Herausforderungen von Gemeinden, St\u00e4dten, Quartieren, Arealen, Siedlungen und Regionen zu l\u00f6sen braucht es interdisziplin\u00e4re, kooperative und (inter-)kommunale Zusammenarbeit von Fachpersonen und weiteren Anspruchsgruppen.<\/p>\n<\/div><div class=\"col-2\"><\/div><\/div><div class=\"sia-beratung-db-entry-footer\"><div class=\"col-1\"><a href=\"https:\/\/www.hslu.ch\/de-ch\/soziale-arbeit\/weiterbildung\/studienprogramm\/cas\/soziale-und-raeumliche-entwicklungsprozesse\/\" class=\"sia-beratung-db-entry-link\" target=\"_blank\" rel=\"noopener\">Link zum Angebot<\/a><\/div><div class=\"col-2\"><div class=\"sia-beratung-db-filterbox\"><label class=\"toggle\" onclick=\"return window.siaBeratung.toggleFilterBox(this);\"><span>CAS<\/span><span>Dialogue<\/span><span>Formation continue pour le personnel politique et administratif<\/span><span>HSLU Hochschule Luzern<\/span><span>Participation<\/span><span>Outils de planification<\/span><span>Processus<\/span><span>Strat\u00e9gies de d\u00e9veloppement territorial<\/span><span>Coop\u00e9ration r\u00e9gionale<\/span><\/label><div class=\"options\"><a href=\"#\" onclick=\"return window.siaBeratung.setFilterBoxFilter(272);\">CAS<\/a><a href=\"#\" onclick=\"return window.siaBeratung.setFilterBoxFilter(139);\">Dialogue<\/a><a href=\"#\" onclick=\"return window.siaBeratung.setFilterBoxFilter(157);\">Formation continue pour le personnel politique et administratif<\/a><a href=\"#\" onclick=\"return window.siaBeratung.setFilterBoxFilter(204);\">HSLU Hochschule Luzern<\/a><a href=\"#\" onclick=\"return window.siaBeratung.setFilterBoxFilter(146);\">Participation<\/a><a href=\"#\" onclick=\"return window.siaBeratung.setFilterBoxFilter(151);\">Outils de planification<\/a><a href=\"#\" onclick=\"return window.siaBeratung.setFilterBoxFilter(152);\">Processus<\/a><a href=\"#\" onclick=\"return window.siaBeratung.setFilterBoxFilter(167);\">Strat\u00e9gies de d\u00e9veloppement territorial<\/a><a href=\"#\" onclick=\"return window.siaBeratung.setFilterBoxFilter(168);\">Coop\u00e9ration r\u00e9gionale<\/a><a href=\"#\" onclick=\"return window.siaBeratung.setFilterBoxFilter([139,146,151,152,157,167,168,204,272,288]);\">Alle Filter ausw\u00e4hlen<\/a><\/div><\/div><label class=\"sia-beratung-db-filterbox-spacer\">&nbsp;<\/label><\/div><\/div><\/div><div class=\"sia-beratung-db-entry-searchtext\">soziale und r\u00e4umliche entwicklungsprozesse partizipativ gestalten | im cas soziale und r\u00e4umliche entwicklungsprozesse partizipativ gestalten steht die interkommunale prozessgestaltung im zentrum. um die herausforderungen von gemeinden, st\u00e4dten, quartieren, arealen, siedlungen und regionen zu l\u00f6sen braucht es interdisziplin\u00e4re, kooperative und (inter-)kommunale zusammenarbeit von fachpersonen und weiteren anspruchsgruppen. | dialog | mitwirkung | planungsinstrumente | prozesse | fortbildung f\u00fcr politik und verwaltung | r\u00e4umliche entwicklungsleitbilder | regionale zusammenarbeit | hslu hochschule luzern | cas | de<\/div><\/article><article class=\"sia-beratung-db-entry\" data-id=\"1711\" data-cpt=\"sia-ausbildung\" data-slug=\"stadtraum-landschaft\" data-lat=\"47.4930848261245\" data-lng=\"8.7166741\" data-filter-135=\"1\" data-filter-141=\"1\" data-filter-142=\"1\" data-filter-143=\"1\" data-filter-144=\"1\" data-filter-147=\"1\" data-filter-148=\"1\" data-filter-149=\"1\" data-filter-151=\"1\" data-filter-166=\"1\" data-filter-167=\"1\" data-filter-168=\"1\" data-filter-210=\"1\" data-filter-272=\"1\" data-filter-288=\"1\" data-all-filter=\"135,141,142,143,144,147,148,149,151,166,167,168,210,272,288\"><div class=\"sia-beratung-db-entry-header\" onclick=\"return window.siaBeratung.toggleCpt(this);\"><div class=\"col-1\">Stadtraum Landschaft<\/div><div class=\"col-2\"><span>ZHAW Z\u00fcrcher Hochschule f\u00fcr Angewandte Wissenschaften<\/span><\/div><div class=\"col-3\"><span>CAS<\/span><\/div><div class=\"sia-beratung-db-angle\"><span class=\"sia-beratung-angle\"><\/span><\/div><\/div><div class=\"sia-beratung-db-entry-content\"><div class=\"sia-beratung-db-entry-content-columns\"><div class=\"col-1\"><p>Die Zukunft des St\u00e4dtebaus liegt in der Landschaft. Eine hohe Lebensqualit\u00e4t im Siedlungsraum kann langfristig nur gesichert werden durch eine St\u00e4rkung des Stadtraums Landschaft. Als Querschnittsthema beeinflusst und pr\u00e4gt Landschaft immer mehr Bereiche in Stadtpolitik und Planungsdisziplinen.<\/p>\n<\/div><div class=\"col-2\"><\/div><\/div><div class=\"sia-beratung-db-entry-footer\"><div class=\"col-1\"><a href=\"https:\/\/www.zhaw.ch\/de\/archbau\/weiterbildung\/detail\/kurs\/cas-stadtraum-landschaft\/\" class=\"sia-beratung-db-entry-link\" target=\"_blank\" rel=\"noopener\">Link zum Angebot<\/a><\/div><div class=\"col-2\"><div class=\"sia-beratung-db-filterbox\"><label class=\"toggle\" onclick=\"return window.siaBeratung.toggleFilterBox(this);\"><span>Construire dans le b\u00e2ti existant<\/span><span>CAS<\/span><span>Infrastructure<\/span><span>D\u00e9veloppement \u00e0 l\u2019int\u00e9rieur du milieu b\u00e2ti<\/span><span>Climat<\/span><span>Paysage<\/span><span>Mobilit\u00e9<\/span><span>Durabilit\u00e9<\/span><span>Espace public<\/span><span>Outils de planification<\/span><span>Proc\u00e9dures d\u2019assurance qualit\u00e9<\/span><span>Strat\u00e9gies de d\u00e9veloppement territorial<\/span><span>Coop\u00e9ration r\u00e9gionale<\/span><span>ZHAW Z\u00fcrcher Hochschule f\u00fcr Angewandte Wissenschaften<\/span><\/label><div class=\"options\"><a href=\"#\" onclick=\"return window.siaBeratung.setFilterBoxFilter(135);\">Construire dans le b\u00e2ti existant<\/a><a href=\"#\" onclick=\"return window.siaBeratung.setFilterBoxFilter(272);\">CAS<\/a><a href=\"#\" onclick=\"return window.siaBeratung.setFilterBoxFilter(141);\">Infrastructure<\/a><a href=\"#\" onclick=\"return window.siaBeratung.setFilterBoxFilter(142);\">D\u00e9veloppement \u00e0 l\u2019int\u00e9rieur du milieu b\u00e2ti<\/a><a href=\"#\" onclick=\"return window.siaBeratung.setFilterBoxFilter(143);\">Climat<\/a><a href=\"#\" onclick=\"return window.siaBeratung.setFilterBoxFilter(144);\">Paysage<\/a><a href=\"#\" onclick=\"return window.siaBeratung.setFilterBoxFilter(147);\">Mobilit\u00e9<\/a><a href=\"#\" onclick=\"return window.siaBeratung.setFilterBoxFilter(148);\">Durabilit\u00e9<\/a><a href=\"#\" onclick=\"return window.siaBeratung.setFilterBoxFilter(149);\">Espace public<\/a><a href=\"#\" onclick=\"return window.siaBeratung.setFilterBoxFilter(151);\">Outils de planification<\/a><a href=\"#\" onclick=\"return window.siaBeratung.setFilterBoxFilter(166);\">Proc\u00e9dures d\u2019assurance qualit\u00e9<\/a><a href=\"#\" onclick=\"return window.siaBeratung.setFilterBoxFilter(167);\">Strat\u00e9gies de d\u00e9veloppement territorial<\/a><a href=\"#\" onclick=\"return window.siaBeratung.setFilterBoxFilter(168);\">Coop\u00e9ration r\u00e9gionale<\/a><a href=\"#\" onclick=\"return window.siaBeratung.setFilterBoxFilter(210);\">ZHAW Z\u00fcrcher Hochschule f\u00fcr Angewandte Wissenschaften<\/a><a href=\"#\" onclick=\"return window.siaBeratung.setFilterBoxFilter([135,141,142,143,144,147,148,149,151,166,167,168,210,272,288]);\">Alle Filter ausw\u00e4hlen<\/a><\/div><\/div><label class=\"sia-beratung-db-filterbox-spacer\">&nbsp;<\/label><\/div><\/div><\/div><div class=\"sia-beratung-db-entry-searchtext\">stadtraum landschaft | die zukunft des st\u00e4dtebaus liegt in der landschaft. eine hohe lebensqualit\u00e4t im siedlungsraum kann langfristig nur gesichert werden durch eine st\u00e4rkung des stadtraums landschaft. als querschnittsthema beeinflusst und pr\u00e4gt landschaft immer mehr bereiche in stadtpolitik und planungsdisziplinen. | bauen im bestand | infrastruktur | innenentwicklung | klima | landschaft | mobilit\u00e4t | nachhaltigkeit | \u00f6ffentlicher raum | planungsinstrumente | qualit\u00e4tssichernde verfahren | r\u00e4umliche entwicklungsleitbilder | regionale zusammenarbeit | zhaw z\u00fcrcher hochschule f\u00fcr angewandte wissenschaften | cas | de<\/div><\/article><article class=\"sia-beratung-db-entry\" data-id=\"1712\" data-cpt=\"sia-ausbildung\" data-slug=\"stadtraum-strasse-lebenswerte-strassenraeume-entwerfen\" data-lat=\"47.4930848261245\" data-lng=\"8.7166741\" data-filter-136=\"1\" data-filter-139=\"1\" data-filter-141=\"1\" data-filter-142=\"1\" data-filter-143=\"1\" data-filter-144=\"1\" data-filter-146=\"1\" data-filter-147=\"1\" data-filter-148=\"1\" data-filter-149=\"1\" data-filter-150=\"1\" data-filter-168=\"1\" data-filter-210=\"1\" data-filter-272=\"1\" data-filter-288=\"1\" data-all-filter=\"136,139,141,142,143,144,146,147,148,149,150,168,210,272,288\"><div class=\"sia-beratung-db-entry-header\" onclick=\"return window.siaBeratung.toggleCpt(this);\"><div class=\"col-1\">Stadtraum Strasse \u2013 Lebenswerte Strassenr\u00e4ume entwerfen<\/div><div class=\"col-2\"><span>ZHAW Z\u00fcrcher Hochschule f\u00fcr Angewandte Wissenschaften<\/span><\/div><div class=\"col-3\"><span>CAS<\/span><\/div><div class=\"sia-beratung-db-angle\"><span class=\"sia-beratung-angle\"><\/span><\/div><\/div><div class=\"sia-beratung-db-entry-content\"><div class=\"sia-beratung-db-entry-content-columns\"><div class=\"col-1\"><p>Die Bedeutung der Strasse in der Stadt ver\u00e4ndert sich st\u00e4ndig. Lange waren Strassen nur als monofunktionale Verkehrsachsen gedacht. Im Zuge des gesellschaftlichen Wandels haben sie sich wieder zu dynamischen Stadt- und Lebensr\u00e4umen entwickelt. Stadtr\u00e4ume m\u00fcssen attraktiv sein. Die Anspr\u00fcche an sie steigen und eine hohe Aufenthaltsqualit\u00e4t ist gefragt.<\/p>\n<\/div><div class=\"col-2\"><\/div><\/div><div class=\"sia-beratung-db-entry-footer\"><div class=\"col-1\"><a href=\"https:\/\/www.zhaw.ch\/de\/archbau\/weiterbildung\/detail\/kurs\/cas-stadtraum-strasse-lebenswerte-strassenraeume-entwerfen\/\" class=\"sia-beratung-db-entry-link\" target=\"_blank\" rel=\"noopener\">Link zum Angebot<\/a><\/div><div class=\"col-2\"><div class=\"sia-beratung-db-filterbox\"><label class=\"toggle\" onclick=\"return window.siaBeratung.toggleFilterBox(this);\"><span>Biodiversit\u00e9<\/span><span>CAS<\/span><span>Dialogue<\/span><span>Infrastructure<\/span><span>D\u00e9veloppement \u00e0 l\u2019int\u00e9rieur du milieu b\u00e2ti<\/span><span>Climat<\/span><span>Paysage<\/span><span>Participation<\/span><span>Mobilit\u00e9<\/span><span>Durabilit\u00e9<\/span><span>Espace public<\/span><span>Sites construits<\/span><span>Coop\u00e9ration r\u00e9gionale<\/span><span>ZHAW Z\u00fcrcher Hochschule f\u00fcr Angewandte Wissenschaften<\/span><\/label><div class=\"options\"><a href=\"#\" onclick=\"return window.siaBeratung.setFilterBoxFilter(136);\">Biodiversit\u00e9<\/a><a href=\"#\" onclick=\"return window.siaBeratung.setFilterBoxFilter(272);\">CAS<\/a><a href=\"#\" onclick=\"return window.siaBeratung.setFilterBoxFilter(139);\">Dialogue<\/a><a href=\"#\" onclick=\"return window.siaBeratung.setFilterBoxFilter(141);\">Infrastructure<\/a><a href=\"#\" onclick=\"return window.siaBeratung.setFilterBoxFilter(142);\">D\u00e9veloppement \u00e0 l\u2019int\u00e9rieur du milieu b\u00e2ti<\/a><a href=\"#\" onclick=\"return window.siaBeratung.setFilterBoxFilter(143);\">Climat<\/a><a href=\"#\" onclick=\"return window.siaBeratung.setFilterBoxFilter(144);\">Paysage<\/a><a href=\"#\" onclick=\"return window.siaBeratung.setFilterBoxFilter(146);\">Participation<\/a><a href=\"#\" onclick=\"return window.siaBeratung.setFilterBoxFilter(147);\">Mobilit\u00e9<\/a><a href=\"#\" onclick=\"return window.siaBeratung.setFilterBoxFilter(148);\">Durabilit\u00e9<\/a><a href=\"#\" onclick=\"return window.siaBeratung.setFilterBoxFilter(149);\">Espace public<\/a><a href=\"#\" onclick=\"return window.siaBeratung.setFilterBoxFilter(150);\">Sites construits<\/a><a href=\"#\" onclick=\"return window.siaBeratung.setFilterBoxFilter(168);\">Coop\u00e9ration r\u00e9gionale<\/a><a href=\"#\" onclick=\"return window.siaBeratung.setFilterBoxFilter(210);\">ZHAW Z\u00fcrcher Hochschule f\u00fcr Angewandte Wissenschaften<\/a><a href=\"#\" onclick=\"return window.siaBeratung.setFilterBoxFilter([136,139,141,142,143,144,146,147,148,149,150,168,210,272,288]);\">Alle Filter ausw\u00e4hlen<\/a><\/div><\/div><label class=\"sia-beratung-db-filterbox-spacer\">&nbsp;<\/label><\/div><\/div><\/div><div class=\"sia-beratung-db-entry-searchtext\">stadtraum strasse \u2013 lebenswerte strassenr\u00e4ume entwerfen | die bedeutung der strasse in der stadt ver\u00e4ndert sich st\u00e4ndig. lange waren strassen nur als monofunktionale verkehrsachsen gedacht. im zuge des gesellschaftlichen wandels haben sie sich wieder zu dynamischen stadt- und lebensr\u00e4umen entwickelt. stadtr\u00e4ume m\u00fcssen attraktiv sein. die anspr\u00fcche an sie steigen und eine hohe aufenthaltsqualit\u00e4t ist gefragt. | biodiversit\u00e4t | dialog | infrastruktur | innenentwicklung | klima | landschaft | mitwirkung | mobilit\u00e4t | nachhaltigkeit | \u00f6ffentlicher raum | ortsbilder | regionale zusammenarbeit | zhaw z\u00fcrcher hochschule f\u00fcr angewandte wissenschaften | cas | de<\/div><\/article><article class=\"sia-beratung-db-entry\" data-id=\"1626\" data-cpt=\"sia-angebote\" data-slug=\"stadt-zug-handbuch-baukultur-in-den-quartieren\" data-lat=\"53.5507112\" data-lng=\"10.0006485\" data-filter-135=\"1\" data-filter-142=\"1\" data-filter-149=\"1\" data-filter-150=\"1\" data-filter-151=\"1\" data-filter-156=\"1\" data-filter-163=\"1\" data-filter-167=\"1\" data-filter-189=\"1\" data-filter-270=\"1\" data-filter-288=\"1\" data-all-filter=\"135,142,149,150,151,156,163,167,189,270,288\"><div class=\"sia-beratung-db-entry-header\" onclick=\"return window.siaBeratung.toggleCpt(this);\"><div class=\"col-1\">Stadt Zug \u2013 Handbuch Baukultur in den Quartieren<\/div><div class=\"col-2\"><span>Commune<\/span><\/div><div class=\"col-3\"><span>Guide<\/span><\/div><div class=\"sia-beratung-db-angle\"><span class=\"sia-beratung-angle\"><\/span><\/div><\/div><div class=\"sia-beratung-db-entry-content\"><div class=\"sia-beratung-db-entry-content-columns\"><div class=\"col-1\"><p>Das Handbuch beschreibt den r\u00e4umlich-baulichen Charakter und die Gestaltungsziele f\u00fcr die zuk\u00fcnftige Entwicklung der Zuger Wohnquartiere anhand der Themen St\u00e4dtebau, Umgebungsgestaltung und Bauk\u00f6rpergestaltung.<\/p>\n<\/div><div class=\"col-2\"><\/div><\/div><div class=\"sia-beratung-db-entry-footer\"><div class=\"col-1\"><a href=\"https:\/\/www.stadtzug.ch\/publikationen\/423143\" class=\"sia-beratung-db-entry-link\" target=\"_blank\" rel=\"noopener\">Link zum Angebot<\/a><\/div><div class=\"col-2\"><div class=\"sia-beratung-db-filterbox\"><label class=\"toggle\" onclick=\"return window.siaBeratung.toggleFilterBox(this);\"><span>Guide<\/span><span>Construire dans le b\u00e2ti existant<\/span><span>Conseil par les communes<\/span><span>Commune<\/span><span>D\u00e9veloppement \u00e0 l\u2019int\u00e9rieur du milieu b\u00e2ti<\/span><span>Plans d\u2019affectation<\/span><span>Espace public<\/span><span>Sites construits<\/span><span>Outils de planification<\/span><span>Strat\u00e9gies de d\u00e9veloppement territorial<\/span><\/label><div class=\"options\"><a href=\"#\" onclick=\"return window.siaBeratung.setFilterBoxFilter(270);\">Guide<\/a><a href=\"#\" onclick=\"return window.siaBeratung.setFilterBoxFilter(135);\">Construire dans le b\u00e2ti existant<\/a><a href=\"#\" onclick=\"return window.siaBeratung.setFilterBoxFilter(156);\">Conseil par les communes<\/a><a href=\"#\" onclick=\"return window.siaBeratung.setFilterBoxFilter(189);\">Commune<\/a><a href=\"#\" onclick=\"return window.siaBeratung.setFilterBoxFilter(142);\">D\u00e9veloppement \u00e0 l\u2019int\u00e9rieur du milieu b\u00e2ti<\/a><a href=\"#\" onclick=\"return window.siaBeratung.setFilterBoxFilter(163);\">Plans d\u2019affectation<\/a><a href=\"#\" onclick=\"return window.siaBeratung.setFilterBoxFilter(149);\">Espace public<\/a><a href=\"#\" onclick=\"return window.siaBeratung.setFilterBoxFilter(150);\">Sites construits<\/a><a href=\"#\" onclick=\"return window.siaBeratung.setFilterBoxFilter(151);\">Outils de planification<\/a><a href=\"#\" onclick=\"return window.siaBeratung.setFilterBoxFilter(167);\">Strat\u00e9gies de d\u00e9veloppement territorial<\/a><a href=\"#\" onclick=\"return window.siaBeratung.setFilterBoxFilter([135,142,149,150,151,156,163,167,189,270,288]);\">Alle Filter ausw\u00e4hlen<\/a><\/div><\/div><label class=\"sia-beratung-db-filterbox-spacer\">&nbsp;<\/label><\/div><\/div><\/div><div class=\"sia-beratung-db-entry-searchtext\">stadt zug \u2013 handbuch baukultur in den quartieren | das handbuch beschreibt den r\u00e4umlich-baulichen charakter und die gestaltungsziele f\u00fcr die zuk\u00fcnftige entwicklung der zuger wohnquartiere anhand der themen st\u00e4dtebau, umgebungsgestaltung und bauk\u00f6rpergestaltung. | bauen im bestand | innenentwicklung | \u00f6ffentlicher raum | ortsbilder | planungsinstrumente | beratung durch gemeinden | nutzungsplanung | r\u00e4umliche entwicklungsleitbilder | gemeinde | arbeitshilfe | de<\/div><\/article><article class=\"sia-beratung-db-entry\" data-id=\"1627\" data-cpt=\"sia-angebote\" data-slug=\"stadt-zug-handbuch-strassen-und-plaetze\" data-lat=\"53.5507112\" data-lng=\"10.0006485\" data-filter-135=\"1\" data-filter-141=\"1\" data-filter-147=\"1\" data-filter-148=\"1\" data-filter-149=\"1\" data-filter-151=\"1\" data-filter-156=\"1\" data-filter-161=\"1\" data-filter-163=\"1\" data-filter-167=\"1\" data-filter-189=\"1\" data-filter-270=\"1\" data-filter-288=\"1\" data-all-filter=\"135,141,147,148,149,151,156,161,163,167,189,270,288\"><div class=\"sia-beratung-db-entry-header\" onclick=\"return window.siaBeratung.toggleCpt(this);\"><div class=\"col-1\">Stadt Zug \u2013 Handbuch Strassen und Pl\u00e4tze<\/div><div class=\"col-2\"><span>Commune<\/span><\/div><div class=\"col-3\"><span>Guide<\/span><\/div><div class=\"sia-beratung-db-angle\"><span class=\"sia-beratung-angle\"><\/span><\/div><\/div><div class=\"sia-beratung-db-entry-content\"><div class=\"sia-beratung-db-entry-content-columns\"><div class=\"col-1\"><p>Das Handbuch beschreibt die Entwurfsprinzipien f\u00fcr unterschiedliche Strassen-, Weg- und Platztypen unter Ber\u00fccksichtigung ihrer Funktion als Verkehrsraum und Begegnungsort. Es richtet sich in erster Linie an die Stadtverwaltung und an Planungs-, Entwurfs- und Ingenieurb\u00fcros, die mit der Stadt Zug zusammenarbeiten.<\/p>\n<\/div><div class=\"col-2\"><\/div><\/div><div class=\"sia-beratung-db-entry-footer\"><div class=\"col-1\"><a href=\"https:\/\/www.stadtzug.ch\/publikationen\/423137\" class=\"sia-beratung-db-entry-link\" target=\"_blank\" rel=\"noopener\">Link zum Angebot<\/a><\/div><div class=\"col-2\"><div class=\"sia-beratung-db-filterbox\"><label class=\"toggle\" onclick=\"return window.siaBeratung.toggleFilterBox(this);\"><span>Guide<\/span><span>Construire dans le b\u00e2ti existant<\/span><span>Conseil par les communes<\/span><span>Commune<\/span><span>Infrastructure<\/span><span>Projets de construction communaux<\/span><span>Mobilit\u00e9<\/span><span>Durabilit\u00e9<\/span><span>Plans d\u2019affectation<\/span><span>Espace public<\/span><span>Outils de planification<\/span><span>Strat\u00e9gies de d\u00e9veloppement territorial<\/span><\/label><div class=\"options\"><a href=\"#\" onclick=\"return window.siaBeratung.setFilterBoxFilter(270);\">Guide<\/a><a href=\"#\" onclick=\"return window.siaBeratung.setFilterBoxFilter(135);\">Construire dans le b\u00e2ti existant<\/a><a href=\"#\" onclick=\"return window.siaBeratung.setFilterBoxFilter(156);\">Conseil par les communes<\/a><a href=\"#\" onclick=\"return window.siaBeratung.setFilterBoxFilter(189);\">Commune<\/a><a href=\"#\" onclick=\"return window.siaBeratung.setFilterBoxFilter(141);\">Infrastructure<\/a><a href=\"#\" onclick=\"return window.siaBeratung.setFilterBoxFilter(161);\">Projets de construction communaux<\/a><a href=\"#\" onclick=\"return window.siaBeratung.setFilterBoxFilter(147);\">Mobilit\u00e9<\/a><a href=\"#\" onclick=\"return window.siaBeratung.setFilterBoxFilter(148);\">Durabilit\u00e9<\/a><a href=\"#\" onclick=\"return window.siaBeratung.setFilterBoxFilter(163);\">Plans d\u2019affectation<\/a><a href=\"#\" onclick=\"return window.siaBeratung.setFilterBoxFilter(149);\">Espace public<\/a><a href=\"#\" onclick=\"return window.siaBeratung.setFilterBoxFilter(151);\">Outils de planification<\/a><a href=\"#\" onclick=\"return window.siaBeratung.setFilterBoxFilter(167);\">Strat\u00e9gies de d\u00e9veloppement territorial<\/a><a href=\"#\" onclick=\"return window.siaBeratung.setFilterBoxFilter([135,141,147,148,149,151,156,161,163,167,189,270,288]);\">Alle Filter ausw\u00e4hlen<\/a><\/div><\/div><label class=\"sia-beratung-db-filterbox-spacer\">&nbsp;<\/label><\/div><\/div><\/div><div class=\"sia-beratung-db-entry-searchtext\">stadt zug \u2013 handbuch strassen und pl\u00e4tze | das handbuch beschreibt die entwurfsprinzipien f\u00fcr unterschiedliche strassen-, weg- und platztypen unter ber\u00fccksichtigung ihrer funktion als verkehrsraum und begegnungsort. es richtet sich in erster linie an die stadtverwaltung und an planungs-, entwurfs- und ingenieurb\u00fcros, die mit der stadt zug zusammenarbeiten. | bauen im bestand | infrastruktur | mobilit\u00e4t | nachhaltigkeit | \u00f6ffentlicher raum | planungsinstrumente | beratung durch gemeinden | kommunale bauprojekte | nutzungsplanung | r\u00e4umliche entwicklungsleitbilder | gemeinde | arbeitshilfe | de<\/div><\/article><article class=\"sia-beratung-db-entry\" data-id=\"2905\" data-cpt=\"sia-ausbildung\" data-slug=\"staedtebau-2\" data-lang-slug-de_de=\"\" data-lang-slug-en_gb=\"\" data-lang-slug-fr_fr=\"\" data-lang-slug-it_it=\"\" data-lat=\"47.49308483\" data-lng=\"8.7166741\" data-filter-142=\"1\" data-filter-144=\"1\" data-filter-146=\"1\" data-filter-149=\"1\" data-filter-150=\"1\" data-filter-151=\"1\" data-filter-210=\"1\" data-filter-282=\"1\" data-filter-288=\"1\" data-all-filter=\"142,144,146,149,150,151,210,282,288\"><div class=\"sia-beratung-db-entry-header\" onclick=\"return window.siaBeratung.toggleCpt(this);\"><div class=\"col-1\">St\u00e4dtebau<\/div><div class=\"col-2\"><span>ZHAW Z\u00fcrcher Hochschule f\u00fcr Angewandte Wissenschaften<\/span><\/div><div class=\"col-3\"><span>MAS<\/span><\/div><div class=\"sia-beratung-db-angle\"><span class=\"sia-beratung-angle\"><\/span><\/div><\/div><div class=\"sia-beratung-db-entry-content\"><div class=\"sia-beratung-db-entry-content-columns\"><div class=\"col-1\"><p>Der MAS ZHAW St\u00e4dtebau ist eine interdisziplin\u00e4re Ausbildung in St\u00e4dtebau. St\u00e4dtebauliche Themen sind teilweise in den Planungsberufen wie Architektur, Landschaftsarchitektur, Raumplanung integriert. Dieses disziplin\u00e4r gepr\u00e4gte Wissen gen\u00fcgt jedoch nicht mehr, um den aktuellen Herausforderungen im Alltag zu begegnen. Die dringend notwendige Zusammenarbeit bedingt ein gegenseitiges Verst\u00e4ndnis bez\u00fcglich vorhandener Kompetenzen und methodische Kenntnisse wie Stadt gemeinsam nachhaltig entwickelt, geplant, erbaut, transformiert werden kann.<\/p>\n<\/div><div class=\"col-2\"><\/div><\/div><div class=\"sia-beratung-db-entry-footer\"><div class=\"col-1\"><a href=\"https:\/\/www.zhaw.ch\/de\/archbau\/weiterbildung\/detail\/kurs\/mas-zhaw-staedtebau\/\" class=\"sia-beratung-db-entry-link\" target=\"_blank\" rel=\"noopener\">Link zum Angebot<\/a><\/div><div class=\"col-2\"><div class=\"sia-beratung-db-filterbox\"><label class=\"toggle\" onclick=\"return window.siaBeratung.toggleFilterBox(this);\"><span>D\u00e9veloppement \u00e0 l\u2019int\u00e9rieur du milieu b\u00e2ti<\/span><span>Paysage<\/span><span>MAS<\/span><span>Participation<\/span><span>Espace public<\/span><span>Sites construits<\/span><span>Outils de planification<\/span><span>ZHAW Z\u00fcrcher Hochschule f\u00fcr Angewandte Wissenschaften<\/span><\/label><div class=\"options\"><a href=\"#\" onclick=\"return window.siaBeratung.setFilterBoxFilter(142);\">D\u00e9veloppement \u00e0 l\u2019int\u00e9rieur du milieu b\u00e2ti<\/a><a href=\"#\" onclick=\"return window.siaBeratung.setFilterBoxFilter(144);\">Paysage<\/a><a href=\"#\" onclick=\"return window.siaBeratung.setFilterBoxFilter(282);\">MAS<\/a><a href=\"#\" onclick=\"return window.siaBeratung.setFilterBoxFilter(146);\">Participation<\/a><a href=\"#\" onclick=\"return window.siaBeratung.setFilterBoxFilter(149);\">Espace public<\/a><a href=\"#\" onclick=\"return window.siaBeratung.setFilterBoxFilter(150);\">Sites construits<\/a><a href=\"#\" onclick=\"return window.siaBeratung.setFilterBoxFilter(151);\">Outils de planification<\/a><a href=\"#\" onclick=\"return window.siaBeratung.setFilterBoxFilter(210);\">ZHAW Z\u00fcrcher Hochschule f\u00fcr Angewandte Wissenschaften<\/a><a href=\"#\" onclick=\"return window.siaBeratung.setFilterBoxFilter([142,144,146,149,150,151,210,282,288]);\">Alle Filter ausw\u00e4hlen<\/a><\/div><\/div><label class=\"sia-beratung-db-filterbox-spacer\">&nbsp;<\/label><\/div><\/div><\/div><div class=\"sia-beratung-db-entry-searchtext\">st\u00e4dtebau | der mas zhaw st\u00e4dtebau ist eine interdisziplin\u00e4re ausbildung in st\u00e4dtebau. st\u00e4dtebauliche themen sind teilweise in den planungsberufen wie architektur, landschaftsarchitektur, raumplanung integriert. dieses disziplin\u00e4r gepr\u00e4gte wissen gen\u00fcgt jedoch nicht mehr, um den aktuellen herausforderungen im alltag zu begegnen. die dringend notwendige zusammenarbeit bedingt ein gegenseitiges verst\u00e4ndnis bez\u00fcglich vorhandener kompetenzen und methodische kenntnisse wie stadt gemeinsam nachhaltig entwickelt, geplant, erbaut, transformiert werden kann. | innenentwicklung | landschaft | mitwirkung | \u00f6ffentlicher raum | ortsbilder | planungsinstrumente | zhaw z\u00fcrcher hochschule f\u00fcr angewandte wissenschaften | mas | de<\/div><\/article><article class=\"sia-beratung-db-entry\" data-id=\"1713\" data-cpt=\"sia-ausbildung\" data-slug=\"staedtebau\" data-lat=\"47.4930848261245\" data-lng=\"8.7166741\" data-filter-135=\"1\" data-filter-138=\"1\" data-filter-142=\"1\" data-filter-144=\"1\" data-filter-147=\"1\" data-filter-149=\"1\" data-filter-150=\"1\" data-filter-157=\"1\" data-filter-166=\"1\" data-filter-167=\"1\" data-filter-169=\"1\" data-filter-210=\"1\" data-filter-272=\"1\" data-filter-288=\"1\" data-all-filter=\"135,138,142,144,147,149,150,157,166,167,169,210,272,288\"><div class=\"sia-beratung-db-entry-header\" onclick=\"return window.siaBeratung.toggleCpt(this);\"><div class=\"col-1\">St\u00e4dtebau<\/div><div class=\"col-2\"><span>ZHAW Z\u00fcrcher Hochschule f\u00fcr Angewandte Wissenschaften<\/span><\/div><div class=\"col-3\"><span>CAS<\/span><\/div><div class=\"sia-beratung-db-angle\"><span class=\"sia-beratung-angle\"><\/span><\/div><\/div><div class=\"sia-beratung-db-entry-content\"><div class=\"sia-beratung-db-entry-content-columns\"><div class=\"col-1\"><p>Die r\u00e4umliche Entwicklung unserer St\u00e4dte und Ortschaften verlangt nach transdisziplin\u00e4rem Arbeiten, damit komplexe st\u00e4dte- und ortsbauliche Fragestellungen nachhaltig gel\u00f6st werden k\u00f6nnen. Ein Bewusstsein f\u00fcr die jeweilig spezifischen Orte sowie das Ber\u00fccksichtigen historischer Aspekte, wirtschaftlicher und gesellschaftlicher Entwicklungen sind erforderlich.<\/p>\n<\/div><div class=\"col-2\"><\/div><\/div><div class=\"sia-beratung-db-entry-footer\"><div class=\"col-1\"><a href=\"https:\/\/www.zhaw.ch\/de\/archbau\/weiterbildung\/detail\/kurs\/cas-staedtebau\/\" class=\"sia-beratung-db-entry-link\" target=\"_blank\" rel=\"noopener\">Link zum Angebot<\/a><\/div><div class=\"col-2\"><div class=\"sia-beratung-db-filterbox\"><label class=\"toggle\" onclick=\"return window.siaBeratung.toggleFilterBox(this);\"><span>Construire dans le b\u00e2ti existant<\/span><span>CAS<\/span><span>Monuments<\/span><span>Formation continue pour le personnel politique et administratif<\/span><span>D\u00e9veloppement \u00e0 l\u2019int\u00e9rieur du milieu b\u00e2ti<\/span><span>Paysage<\/span><span>Mobilit\u00e9<\/span><span>Espace public<\/span><span>Sites construits<\/span><span>Proc\u00e9dures d\u2019assurance qualit\u00e9<\/span><span>Strat\u00e9gies de d\u00e9veloppement territorial<\/span><span>Plans d\u2019affectation sp\u00e9ciaux<\/span><span>ZHAW Z\u00fcrcher Hochschule f\u00fcr Angewandte Wissenschaften<\/span><\/label><div class=\"options\"><a href=\"#\" onclick=\"return window.siaBeratung.setFilterBoxFilter(135);\">Construire dans le b\u00e2ti existant<\/a><a href=\"#\" onclick=\"return window.siaBeratung.setFilterBoxFilter(272);\">CAS<\/a><a href=\"#\" onclick=\"return window.siaBeratung.setFilterBoxFilter(138);\">Monuments<\/a><a href=\"#\" onclick=\"return window.siaBeratung.setFilterBoxFilter(157);\">Formation continue pour le personnel politique et administratif<\/a><a href=\"#\" onclick=\"return window.siaBeratung.setFilterBoxFilter(142);\">D\u00e9veloppement \u00e0 l\u2019int\u00e9rieur du milieu b\u00e2ti<\/a><a href=\"#\" onclick=\"return window.siaBeratung.setFilterBoxFilter(144);\">Paysage<\/a><a href=\"#\" onclick=\"return window.siaBeratung.setFilterBoxFilter(147);\">Mobilit\u00e9<\/a><a href=\"#\" onclick=\"return window.siaBeratung.setFilterBoxFilter(149);\">Espace public<\/a><a href=\"#\" onclick=\"return window.siaBeratung.setFilterBoxFilter(150);\">Sites construits<\/a><a href=\"#\" onclick=\"return window.siaBeratung.setFilterBoxFilter(166);\">Proc\u00e9dures d\u2019assurance qualit\u00e9<\/a><a href=\"#\" onclick=\"return window.siaBeratung.setFilterBoxFilter(167);\">Strat\u00e9gies de d\u00e9veloppement territorial<\/a><a href=\"#\" onclick=\"return window.siaBeratung.setFilterBoxFilter(169);\">Plans d\u2019affectation sp\u00e9ciaux<\/a><a href=\"#\" onclick=\"return window.siaBeratung.setFilterBoxFilter(210);\">ZHAW Z\u00fcrcher Hochschule f\u00fcr Angewandte Wissenschaften<\/a><a href=\"#\" onclick=\"return window.siaBeratung.setFilterBoxFilter([135,138,142,144,147,149,150,157,166,167,169,210,272,288]);\">Alle Filter ausw\u00e4hlen<\/a><\/div><\/div><label class=\"sia-beratung-db-filterbox-spacer\">&nbsp;<\/label><\/div><\/div><\/div><div class=\"sia-beratung-db-entry-searchtext\">st\u00e4dtebau | die r\u00e4umliche entwicklung unserer st\u00e4dte und ortschaften verlangt nach transdisziplin\u00e4rem arbeiten, damit komplexe st\u00e4dte- und ortsbauliche fragestellungen nachhaltig gel\u00f6st werden k\u00f6nnen. ein bewusstsein f\u00fcr die jeweilig spezifischen orte sowie das ber\u00fccksichtigen historischer aspekte, wirtschaftlicher und gesellschaftlicher entwicklungen sind erforderlich. | bauen im bestand | denkm\u00e4ler | innenentwicklung | landschaft | mobilit\u00e4t | \u00f6ffentlicher raum | ortsbilder | fortbildung f\u00fcr politik und verwaltung | qualit\u00e4tssichernde verfahren | r\u00e4umliche entwicklungsleitbilder | sondernutzplanung | zhaw z\u00fcrcher hochschule f\u00fcr angewandte wissenschaften | cas | de<\/div><\/article><article class=\"sia-beratung-db-entry\" data-id=\"3097\" data-cpt=\"sia-beispiele\" data-slug=\"stans-umnutzung-eines-klosters\" data-lang-slug-de_de=\"\" data-lang-slug-en_gb=\"\" data-lang-slug-fr_fr=\"\" data-lang-slug-it_it=\"\" data-lat=\"46.95544\" data-lng=\"8.3693773\" data-filter-135=\"1\" data-filter-138=\"1\" data-filter-144=\"1\" data-filter-145=\"1\" data-filter-148=\"1\" data-filter-160=\"1\" data-filter-164=\"1\" data-filter-307=\"1\" data-filter-288=\"1\" data-filter-289=\"1\" data-filter-290=\"1\" data-all-filter=\"135,138,144,145,148,160,164,307,288,289,290\"><div class=\"sia-beratung-db-entry-header\" onclick=\"return window.siaBeratung.toggleCpt(this);\"><div class=\"col-1\">Stans: r\u00e9affectation d\u2019un monast\u00e8re<\/div><div class=\"col-2\">Stans, NW<\/div><div class=\"sia-beratung-db-angle\"><span class=\"sia-beratung-angle\"><\/span><\/div><\/div><div class=\"sia-beratung-db-entry-content\"><div class=\"sia-beratung-db-entry-content-columns\"><div class=\"col-1\"><div class=\"sia-beratung-db-entry-slides\"><div class=\"sia-beratung-db-entry-swiper\"><div class=\"swiper-wrapper\"><div class=\"swiper-slide\"><img loading=\"lazy\" decoding=\"async\" src=\"https:\/\/baukulturschweiz.ch\/wp-content\/uploads\/2024\/02\/14_STANS_1_Aussenbild_CULINARIUM_ALPINUM_image-1-copie-1024x768.jpg\" width=\"1024\" height=\"768\" \/><\/div><div class=\"swiper-slide\"><img loading=\"lazy\" decoding=\"async\" src=\"https:\/\/baukulturschweiz.ch\/wp-content\/uploads\/2024\/02\/14_STANS_2_Plan_crothen-1024x768.jpg\" width=\"1024\" height=\"768\" \/><\/div><div class=\"swiper-slide\"><img loading=\"lazy\" decoding=\"async\" src=\"https:\/\/baukulturschweiz.ch\/wp-content\/uploads\/2024\/02\/14_STANS_3_innen_c-copie-1024x768.jpg\" width=\"1024\" height=\"768\" \/><\/div><div class=\"swiper-slide\"><img loading=\"lazy\" decoding=\"async\" src=\"https:\/\/baukulturschweiz.ch\/wp-content\/uploads\/2024\/02\/14_STANS_4__innen_neu_c-copie-1024x768.jpg\" width=\"1024\" height=\"768\" \/><\/div><\/div><\/div><a class=\"swiper-button swiper-button-prev\"><\/a><a class=\"swiper-button swiper-button-next mobile\"><\/a><div class=\"sia-beratung-db-slide-legends\"><small data-index=\"0\">Vue d\u2019ext\u00e9rieure du monast\u00e8re des capucins \u00e0 Stans.<br \/>\r\n\u00a9Photography\/timoschwach.com<\/small><small data-index=\"1\" style=\"display:none;\">En bas du plan, le restaurant et la cuisine t\u00e9moignent de de la nouvelle vocation du b\u00e2timent. Tandis que l\u2019\u00e9glise baroque, en haut du plan, est pr\u00e9serv\u00e9e dans son \u00e9tat d\u2019origine.<br \/>\r\n\u00a9 Rothen Architektur, Winterthur<\/small><small data-index=\"2\" style=\"display:none;\">Le restaurant du CULINARIUM ALPINUM. <br \/>\r\n\u00a9Photography\/timoschwach.com<\/small><small data-index=\"3\" style=\"display:none;\">Les nouvelles interventions sont clairement identifiables.<br \/>\r\n\u00a9Daniel Ammann<\/small><small class=\"pageNo\">1\/4<\/small><\/div><\/div><\/div><div class=\"col-2\"><div class=\"sia-beratung-db-slide-texts\"><div class=\"sia-beratung-db-slide-text\" data-index=\"0\"><p>L\u2019un des t\u00e2ches de la conservation du patrimoine est de pr\u00e9server, autant que possible, la fonction d&#8217;origine des monuments. Il y a cependant des limites de cette pr\u00e9servation, et il faut donc assurer le meilleur avenir possible aux monuments historiques tout en sensibilisant pour pr\u00e9venir d&#8217;\u00e9ventuels dommages.<\/p>\n<p>En raison de leur taille consid\u00e9rable et de leur architecture particuli\u00e8re, marqu\u00e9e de longs et larges couloirs, l&#8217;exploitation contemporaine des anciens monast\u00e8res peut s\u2019av\u00e9rer tr\u00e8s complexe. Ces monuments s\u00e9culaires comptent parfois plus de 300 pi\u00e8ces d\u00e9di\u00e9es \u00e0 la pri\u00e8re, \u00e0 l&#8217;habitation, au travail, \u00e0 la formation et \u00e0 l&#8217;approvisionnement. La taille de ces b\u00e2timents est aussi une des raisons pour lesquelles les communaut\u00e9s religieuses d\u00e9cident de s\u2019en s\u00e9parer.<\/p>\n<p>Au d\u00e9fi de la pr\u00e9servation patrimoniale de ce type de bien se rajoute la mise en conformit\u00e9 aux normes actuelles, notamment en mati\u00e8re de d\u00e9fense incendie.<\/p>\n<p><strong>R\u00f4le du canton et de la commune:<\/strong> valoriser, acheter, lancer des processus, mettre au concours<br \/>\n<strong>Organismes responsables\u00a0:<\/strong> Fondation KEDA<br \/>\n<strong>Auteurs du projet\u00a0: <\/strong>Rothen Architektur GmbH (architecture) ; Balliana Schubert Landschaftsarchitekten, Zurich (architecture du paysage).<br \/>\n<strong>Source\u00a0:<\/strong> Erfolgsfaktor Baukultur, <a href=\"https:\/\/baukulturschweiz.ch\/wp-content\/uploads\/2024\/01\/BE-Stans-Erfolgsfaktor-Baukultur.pdf\">Article PDF<\/a><\/p>\n<\/div><div class=\"sia-beratung-db-slide-text\" data-index=\"1\" style=\"display:none;\"><p>Le village de Stans, chef-lieu du canton de Nidwald, est marqu\u00e9 par plusieurs lieux significatifs : l\u2019\u00e9glise paroissiale, la place du village, contenue entre des imposantes maisons baroques et l\u2019h\u00f4tel de ville, ainsi que par deux monast\u00e8res dont celui des capucins, fond\u00e9 en 1582.<\/p>\n<p>D\u00e8s 1877, ce dernier est devenu un des centres de comp\u00e9tence catholique des plus importants avec un gymnase et un internat. Il a fait l\u2019objet de nombreux travaux de transformation et d\u2019agrandissement au fil des ans. Apr\u00e8s plus de 110 ans de direction par l\u2019ordre des capucins, le canton a repris la direction du gymnase et l\u2019internat a \u00e9t\u00e9 ferm\u00e9. En 1989-90, le monast\u00e8re et l\u2019\u00e9glise ont \u00e9t\u00e9 restaur\u00e9s et plac\u00e9s sous la protection du patrimoine. Finalement les capucins ont quitt\u00e9 les lieux et, en 2004, le monast\u00e8re a \u00e9t\u00e9 vendu au canton de Nidwald \u00e0 un prix symbolique.<\/p>\n<p>Dans le but de pr\u00e9server les cultes dans la tradition des capucins, l\u2019association Kapuzinerkirche Stans VKS a \u00e9t\u00e9 fond\u00e9e. Elle loue les espaces sacr\u00e9s qui lui ont \u00e9t\u00e9 mis \u00e0 disposition.<\/p>\n<\/div><div class=\"sia-beratung-db-slide-text\" data-index=\"2\" style=\"display:none;\"><p>Dans la recherche d\u2019une utilisation opportune du monast\u00e8re et de ses jardins, un nouveau projet voit le jour en 2015. Il a \u00e9t\u00e9 adjug\u00e9 \u00e0 un investisseur suisse, qui a pr\u00e9sent\u00e9 un concept convaincant, pr\u00e9voyant un centre de comp\u00e9tences d\u00e9di\u00e9 \u00e0 l&#8217;art culinaire dans l&#8217;espace alpin. Ce nouveau centre de comp\u00e9tences, le CULINARIUM ALPINUM, est g\u00e9r\u00e9 par la fondation KEDA (Patrimoine culinaire des Alpes). Le but est de renforcer la capacit\u00e9 d&#8217;innovation et la viabilit\u00e9 tant de l&#8217;agriculture que des acteurs associ\u00e9s \u00e0 la cha\u00eene de cr\u00e9ation de valeur. Le CULINARIUM ALPINUM cherche \u00e0 sensibiliser les consommateurs et \u00e0 encourager une production \u00e9cologique locale et une consommation durable.<\/p>\n<p>En termes d\u2019offre, le CULINARIUM ALPINUM propose une utilisation polyvalente comprenant la restauration, une auberge avec 19 lits, un magasin, des infrastructures pour des formations, des r\u00e9unions et des \u00e9v\u00e9nements ainsi qu\u2019une cave \u00e0 sbrinz. Le jardin b\u00e9n\u00e9ficie d\u2019une diversit\u00e9 unique : quelque 250 vari\u00e9t\u00e9s indig\u00e8nes anciennes, nouvelles et inconnues de fruits, de noix, d&#8217;arbustes \u00e0 \u00e9pices, d&#8217;herbes aromatiques et de fleurs y sont plant\u00e9es. Des formations et des visites guid\u00e9es sur le th\u00e8me de l\u2019art culinaire r\u00e9gional compl\u00e8tent l\u2019offre.<\/p>\n<\/div><div class=\"sia-beratung-db-slide-text\" data-index=\"3\" style=\"display:none;\"><p>Le CULINARIUM ALPINUM, programme novateur, \u00e9troitement li\u00e9 au lieu, est une r\u00e9ponse judicieuse et contemporaine pour maintenir en vie le monast\u00e8re dont l\u2019usage d\u2019origine n\u2019\u00e9tait plus envisageable.<\/p>\n<p>En termes de r\u00e9novation architecturale, elle se caract\u00e9rise par des mesures tr\u00e8s cibl\u00e9es. Les interventions ont tenu compte tant de l&#8217;utilisation que de la repr\u00e9sentativit\u00e9 des locaux. Les espaces destin\u00e9s au nouveau concept commercial ont \u00e9t\u00e9 renforc\u00e9s et leur caract\u00e8re a \u00e9t\u00e9 mis en valeur.<\/p>\n<\/div><\/div><div class=\"sia-beratung-db-filterbox\"><label class=\"toggle\" onclick=\"return window.siaBeratung.toggleFilterBox(this);\"><span>Construire dans le b\u00e2ti existant<\/span><span>Monuments<\/span><span>Espazium<\/span><span>Inventaires<\/span><span>Paysage<\/span><span>Politique immobili\u00e8re<\/span><span>Durabilit\u00e9<\/span><span>Partenariat public-priv\u00e9<\/span><\/label><div class=\"options\"><a href=\"#\" onclick=\"return window.siaBeratung.setFilterBoxFilter(135);\">Construire dans le b\u00e2ti existant<\/a><a href=\"#\" onclick=\"return window.siaBeratung.setFilterBoxFilter(138);\">Monuments<\/a><a href=\"#\" onclick=\"return window.siaBeratung.setFilterBoxFilter(307);\">Espazium<\/a><a href=\"#\" onclick=\"return window.siaBeratung.setFilterBoxFilter(160);\">Inventaires<\/a><a href=\"#\" onclick=\"return window.siaBeratung.setFilterBoxFilter(144);\">Paysage<\/a><a href=\"#\" onclick=\"return window.siaBeratung.setFilterBoxFilter(145);\">Politique immobili\u00e8re<\/a><a href=\"#\" onclick=\"return window.siaBeratung.setFilterBoxFilter(148);\">Durabilit\u00e9<\/a><a href=\"#\" onclick=\"return window.siaBeratung.setFilterBoxFilter(164);\">Partenariat public-priv\u00e9<\/a><a href=\"#\" onclick=\"return window.siaBeratung.setFilterBoxFilter([135,138,144,145,148,160,164,307,288,289,290]);\">Alle Filter ausw\u00e4hlen<\/a><\/div><\/div><label class=\"sia-beratung-db-filterbox-spacer\">&nbsp;<\/label><\/div><a class=\"swiper-button swiper-button-next desktop\"><\/a><\/div><\/div><div class=\"sia-beratung-db-entry-searchtext\">stans: umnutzung eines klosters | l\u2019un des t\u00e2ches de la conservation du patrimoine est de pr\u00e9server, autant que possible, la fonction d&#8217;origine des monuments. il y a cependant des limites de cette pr\u00e9servation, et il faut donc assurer le meilleur avenir possible aux monuments historiques tout en sensibilisant pour pr\u00e9venir d&#8217;\u00e9ventuels dommages.en raison de leur taille consid\u00e9rable et de leur architecture particuli\u00e8re, marqu\u00e9e de longs et larges couloirs, l&#8217;exploitation contemporaine des anciens monast\u00e8res peut s\u2019av\u00e9rer tr\u00e8s complexe. ces monuments s\u00e9culaires comptent parfois plus de 300 pi\u00e8ces d\u00e9di\u00e9es \u00e0 la pri\u00e8re, \u00e0 l&#8217;habitation, au travail, \u00e0 la formation et \u00e0 l&#8217;approvisionnement. la taille de ces b\u00e2timents est aussi une des raisons pour lesquelles les communaut\u00e9s religieuses d\u00e9cident de s\u2019en s\u00e9parer.au d\u00e9fi de la pr\u00e9servation patrimoniale de ce type de bien se rajoute la mise en conformit\u00e9 aux normes actuelles, notamment en mati\u00e8re de d\u00e9fense incendie.r\u00f4le du canton et de la commune: valoriser, acheter, lancer des processus, mettre au concoursorganismes responsables\u00a0: fondation kedaauteurs du projet\u00a0: rothen architektur gmbh (architecture) ; balliana schubert landschaftsarchitekten, zurich (architecture du paysage).source\u00a0: erfolgsfaktor baukultur, article pdf | vue d\u2019ext\u00e9rieure du monast\u00e8re des capucins \u00e0 stans.\r\u00a9photography\/timoschwach.com | le village de stans, chef-lieu du canton de nidwald, est marqu\u00e9 par plusieurs lieux significatifs : l\u2019\u00e9glise paroissiale, la place du village, contenue entre des imposantes maisons baroques et l\u2019h\u00f4tel de ville, ainsi que par deux monast\u00e8res dont celui des capucins, fond\u00e9 en 1582.d\u00e8s 1877, ce dernier est devenu un des centres de comp\u00e9tence catholique des plus importants avec un gymnase et un internat. il a fait l\u2019objet de nombreux travaux de transformation et d\u2019agrandissement au fil des ans. apr\u00e8s plus de 110 ans de direction par l\u2019ordre des capucins, le canton a repris la direction du gymnase et l\u2019internat a \u00e9t\u00e9 ferm\u00e9. en 1989-90, le monast\u00e8re et l\u2019\u00e9glise ont \u00e9t\u00e9 restaur\u00e9s et plac\u00e9s sous la protection du patrimoine. finalement les capucins ont quitt\u00e9 les lieux et, en 2004, le monast\u00e8re a \u00e9t\u00e9 vendu au canton de nidwald \u00e0 un prix symbolique.dans le but de pr\u00e9server les cultes dans la tradition des capucins, l\u2019association kapuzinerkirche stans vks a \u00e9t\u00e9 fond\u00e9e. elle loue les espaces sacr\u00e9s qui lui ont \u00e9t\u00e9 mis \u00e0 disposition. | en bas du plan, le restaurant et la cuisine t\u00e9moignent de de la nouvelle vocation du b\u00e2timent. tandis que l\u2019\u00e9glise baroque, en haut du plan, est pr\u00e9serv\u00e9e dans son \u00e9tat d\u2019origine.\r\u00a9 rothen architektur, winterthur | dans la recherche d\u2019une utilisation opportune du monast\u00e8re et de ses jardins, un nouveau projet voit le jour en 2015. il a \u00e9t\u00e9 adjug\u00e9 \u00e0 un investisseur suisse, qui a pr\u00e9sent\u00e9 un concept convaincant, pr\u00e9voyant un centre de comp\u00e9tences d\u00e9di\u00e9 \u00e0 l&#8217;art culinaire dans l&#8217;espace alpin. ce nouveau centre de comp\u00e9tences, le culinarium alpinum, est g\u00e9r\u00e9 par la fondation keda (patrimoine culinaire des alpes). le but est de renforcer la capacit\u00e9 d&#8217;innovation et la viabilit\u00e9 tant de l&#8217;agriculture que des acteurs associ\u00e9s \u00e0 la cha\u00eene de cr\u00e9ation de valeur. le culinarium alpinum cherche \u00e0 sensibiliser les consommateurs et \u00e0 encourager une production \u00e9cologique locale et une consommation durable.en termes d\u2019offre, le culinarium alpinum propose une utilisation polyvalente comprenant la restauration, une auberge avec 19 lits, un magasin, des infrastructures pour des formations, des r\u00e9unions et des \u00e9v\u00e9nements ainsi qu\u2019une cave \u00e0 sbrinz. le jardin b\u00e9n\u00e9ficie d\u2019une diversit\u00e9 unique : quelque 250 vari\u00e9t\u00e9s indig\u00e8nes anciennes, nouvelles et inconnues de fruits, de noix, d&#8217;arbustes \u00e0 \u00e9pices, d&#8217;herbes aromatiques et de fleurs y sont plant\u00e9es. des formations et des visites guid\u00e9es sur le th\u00e8me de l\u2019art culinaire r\u00e9gional compl\u00e8tent l\u2019offre. | le restaurant du culinarium alpinum. \r\u00a9photography\/timoschwach.com | le culinarium alpinum, programme novateur, \u00e9troitement li\u00e9 au lieu, est une r\u00e9ponse judicieuse et contemporaine pour maintenir en vie le monast\u00e8re dont l\u2019usage d\u2019origine n\u2019\u00e9tait plus envisageable.en termes de r\u00e9novation architecturale, elle se caract\u00e9rise par des mesures tr\u00e8s cibl\u00e9es. les interventions ont tenu compte tant de l&#8217;utilisation que de la repr\u00e9sentativit\u00e9 des locaux. les espaces destin\u00e9s au nouveau concept commercial ont \u00e9t\u00e9 renforc\u00e9s et leur caract\u00e8re a \u00e9t\u00e9 mis en valeur. | les nouvelles interventions sont clairement identifiables.\r\u00a9daniel ammann | bauen im bestand | denkm\u00e4ler | landschaft | liegenschaftspolitik | nachhaltigkeit | inventare | ppp | espazium | de | fr | it<\/div><\/article><article class=\"sia-beratung-db-entry\" data-id=\"1714\" data-cpt=\"sia-ausbildung\" data-slug=\"strategische-bauerneuerung\" data-lat=\"47.0468019912432\" data-lng=\"8.31493121125425\" data-filter-135=\"1\" data-filter-136=\"1\" data-filter-138=\"1\" data-filter-140=\"1\" data-filter-142=\"1\" data-filter-143=\"1\" data-filter-148=\"1\" data-filter-150=\"1\" data-filter-204=\"1\" data-filter-272=\"1\" data-filter-288=\"1\" data-all-filter=\"135,136,138,140,142,143,148,150,204,272,288\"><div class=\"sia-beratung-db-entry-header\" onclick=\"return window.siaBeratung.toggleCpt(this);\"><div class=\"col-1\">Strategische Bauerneuerung<\/div><div class=\"col-2\"><span>HSLU Hochschule Luzern<\/span><\/div><div class=\"col-3\"><span>CAS<\/span><\/div><div class=\"sia-beratung-db-angle\"><span class=\"sia-beratung-angle\"><\/span><\/div><\/div><div class=\"sia-beratung-db-entry-content\"><div class=\"sia-beratung-db-entry-content-columns\"><div class=\"col-1\"><p>Die Schweiz steht vor einer umfassenden Erneuerung des Geb\u00e4udeparks. Dadurch wird in Zukunft der Markt f\u00fcr strategische Bauberatung und die Planung von ganzheitlichen Sanierungen stark zunehmen. Es sind Fachleute gesucht, welche in der Lage sind, das Potenzial der Altbauten mit dem f\u00fcr eine nachhaltige Entwicklung notwendigen Weitblick zu erkennen und die richtigen Empfehlungen f\u00fcr die Bauherrschaft abzugeben.<\/p>\n<\/div><div class=\"col-2\"><\/div><\/div><div class=\"sia-beratung-db-entry-footer\"><div class=\"col-1\"><a href=\"https:\/\/www.hslu.ch\/de-ch\/technik-architektur\/weiterbildung\/bau\/cas-strategische-bauerneuerung\/\" class=\"sia-beratung-db-entry-link\" target=\"_blank\" rel=\"noopener\">Link zum Angebot<\/a><\/div><div class=\"col-2\"><div class=\"sia-beratung-db-filterbox\"><label class=\"toggle\" onclick=\"return window.siaBeratung.toggleFilterBox(this);\"><span>Construire dans le b\u00e2ti existant<\/span><span>Biodiversit\u00e9<\/span><span>CAS<\/span><span>Monuments<\/span><span>Energie<\/span><span>HSLU Hochschule Luzern<\/span><span>D\u00e9veloppement \u00e0 l\u2019int\u00e9rieur du milieu b\u00e2ti<\/span><span>Climat<\/span><span>Durabilit\u00e9<\/span><span>Sites construits<\/span><\/label><div class=\"options\"><a href=\"#\" onclick=\"return window.siaBeratung.setFilterBoxFilter(135);\">Construire dans le b\u00e2ti existant<\/a><a href=\"#\" onclick=\"return window.siaBeratung.setFilterBoxFilter(136);\">Biodiversit\u00e9<\/a><a href=\"#\" onclick=\"return window.siaBeratung.setFilterBoxFilter(272);\">CAS<\/a><a href=\"#\" onclick=\"return window.siaBeratung.setFilterBoxFilter(138);\">Monuments<\/a><a href=\"#\" onclick=\"return window.siaBeratung.setFilterBoxFilter(140);\">Energie<\/a><a href=\"#\" onclick=\"return window.siaBeratung.setFilterBoxFilter(204);\">HSLU Hochschule Luzern<\/a><a href=\"#\" onclick=\"return window.siaBeratung.setFilterBoxFilter(142);\">D\u00e9veloppement \u00e0 l\u2019int\u00e9rieur du milieu b\u00e2ti<\/a><a href=\"#\" onclick=\"return window.siaBeratung.setFilterBoxFilter(143);\">Climat<\/a><a href=\"#\" onclick=\"return window.siaBeratung.setFilterBoxFilter(148);\">Durabilit\u00e9<\/a><a href=\"#\" onclick=\"return window.siaBeratung.setFilterBoxFilter(150);\">Sites construits<\/a><a href=\"#\" onclick=\"return window.siaBeratung.setFilterBoxFilter([135,136,138,140,142,143,148,150,204,272,288]);\">Alle Filter ausw\u00e4hlen<\/a><\/div><\/div><label class=\"sia-beratung-db-filterbox-spacer\">&nbsp;<\/label><\/div><\/div><\/div><div class=\"sia-beratung-db-entry-searchtext\">strategische bauerneuerung | die schweiz steht vor einer umfassenden erneuerung des geb\u00e4udeparks. dadurch wird in zukunft der markt f\u00fcr strategische bauberatung und die planung von ganzheitlichen sanierungen stark zunehmen. es sind fachleute gesucht, welche in der lage sind, das potenzial der altbauten mit dem f\u00fcr eine nachhaltige entwicklung notwendigen weitblick zu erkennen und die richtigen empfehlungen f\u00fcr die bauherrschaft abzugeben. | bauen im bestand | biodiversit\u00e4t | denkm\u00e4ler | energie | innenentwicklung | klima | nachhaltigkeit | ortsbilder | hslu hochschule luzern | cas | de<\/div><\/article><article class=\"sia-beratung-db-entry\" data-id=\"1502\" data-cpt=\"sia-beispiele\" data-slug=\"suhr-zwischennutzungen-wirken-integrativ\" data-lang-slug-de_de=\"\" data-lang-slug-en_gb=\"\" data-lang-slug-fr_fr=\"\" data-lang-slug-it_it=\"\" data-lat=\"47.3716171\" data-lng=\"8.0819893\" data-filter-137=\"1\" data-filter-139=\"1\" data-filter-142=\"1\" data-filter-145=\"1\" data-filter-146=\"1\" data-filter-148=\"1\" data-filter-246=\"1\" data-filter-288=\"1\" data-filter-289=\"1\" data-filter-290=\"1\" data-all-filter=\"137,139,142,145,146,148,246,288,289,290\"><div class=\"sia-beratung-db-entry-header\" onclick=\"return window.siaBeratung.toggleCpt(this);\"><div class=\"col-1\">Suhr&nbsp;: des utilisations interm\u00e9diaires \u00e0 effet int\u00e9grateur<\/div><div class=\"col-2\">Suhr, AG<\/div><div class=\"sia-beratung-db-angle\"><span class=\"sia-beratung-angle\"><\/span><\/div><\/div><div class=\"sia-beratung-db-entry-content\"><div class=\"sia-beratung-db-entry-content-columns\"><div class=\"col-1\"><div class=\"sia-beratung-db-entry-slides\"><div class=\"sia-beratung-db-entry-swiper\"><div class=\"swiper-wrapper\"><div class=\"swiper-slide\"><img loading=\"lazy\" decoding=\"async\" src=\"https:\/\/baukulturschweiz.ch\/wp-content\/uploads\/2023\/06\/2023-04-20-141055-suhr-1-einwohnergemeinde-suhr-1024x768.jpeg\" width=\"1024\" height=\"768\" \/><\/div><div class=\"swiper-slide\"><img loading=\"lazy\" decoding=\"async\" src=\"https:\/\/baukulturschweiz.ch\/wp-content\/uploads\/2023\/06\/2023-04-20-141155-suhr-2-einwohnergemeinde-suhr-1024x768.jpg\" width=\"1024\" height=\"768\" \/><\/div><div class=\"swiper-slide\"><img loading=\"lazy\" decoding=\"async\" src=\"https:\/\/baukulturschweiz.ch\/wp-content\/uploads\/2023\/06\/2023-04-20-141247-suhr-3-einwohnergemeinde-suhr-1024x768.jpeg\" width=\"1024\" height=\"768\" \/><\/div><div class=\"swiper-slide\"><img loading=\"lazy\" decoding=\"async\" src=\"https:\/\/baukulturschweiz.ch\/wp-content\/uploads\/2023\/06\/2023-04-20-141340-suhr-4-einwohnergemeinde-suhr-1024x768.jpg\" width=\"1024\" height=\"768\" \/><\/div><div class=\"swiper-slide\"><img loading=\"lazy\" decoding=\"async\" src=\"https:\/\/baukulturschweiz.ch\/wp-content\/uploads\/2023\/06\/2023-04-20-142010-be-suhr-5-c-swisstopo-1024x768.jpg\" width=\"1024\" height=\"768\" \/><\/div><\/div><\/div><a class=\"swiper-button swiper-button-prev\"><\/a><a class=\"swiper-button swiper-button-next mobile\"><\/a><div class=\"sia-beratung-db-slide-legends\"><small data-index=\"0\">Utilisation interm\u00e9diaire comme projet social et laboratoire de transformation<br \/>\r\n\u00a9 Einwohnergemeinde Suhr<\/small><small data-index=\"1\" style=\"display:none;\">Quatre champs d\u2019action comme autant d\u2019opportunit\u00e9s pour divers groupes de population<br \/>\r\n\u00a9 Einwohnergemeinde Suhr<\/small><small data-index=\"2\" style=\"display:none;\">Des exp\u00e9riences communes dans l\u2019espace interm\u00e9diaire favorisent l\u2019int\u00e9gration sociale<br \/>\r\n\u00a9 Einwohnergemeinde Suhr<\/small><small data-index=\"3\" style=\"display:none;\">Les projets sociaux permettent une appropriation commune de l\u2019utilisation interm\u00e9diaire et cr\u00e9ent ainsi un nouveau chez-soi<br \/>\r\n\u00a9 Einwohnergemeinde Suhr<\/small><small data-index=\"4\" style=\"display:none;\">\u00a9 Swisstopo<\/small><small class=\"pageNo\">1\/5<\/small><\/div><\/div><\/div><div class=\"col-2\"><div class=\"sia-beratung-db-slide-texts\"><div class=\"sia-beratung-db-slide-text\" data-index=\"0\"><p>Apr\u00e8s deux ans, un projet-pilote de d\u00e9veloppement de quartier \u00e0 Suhr, en combinaison avec d\u2019autres mesures, a contribu\u00e9 \u00e0 stabiliser le taux d\u2019aide sociale de la commune. Les effets d\u2019int\u00e9gration sont le fruit des marges de libert\u00e9 laiss\u00e9es, des espaces de d\u00e9tente individuels et collectifs tant \u00e0 l\u2019int\u00e9rieur qu\u2019\u00e0 l\u2019ext\u00e9rieur, ainsi que de diverses formes de participation \u00e0 la vie sociale. Les utilisations interm\u00e9diaires offrent des opportunit\u00e9s de changement aux individus comme \u00e0 la soci\u00e9t\u00e9.<\/p>\n<p><strong>R\u00f4le de la commune\u00a0:<\/strong>\u00a0prendre l\u2019initiative, coordonner, n\u00e9gocier, piloter, d\u00e9cider, r\u00e9aliser<br \/>\n<strong>Organismes responsables\u00a0:<\/strong>\u00a0Commune<br \/>\n<strong>Mandataire\u00a0:<\/strong>\u00a0Haute \u00e9cole sp\u00e9cialis\u00e9e du Nord-ouest de la Suisse<br \/>\n<strong>Source\u00a0:<\/strong>\u00a0<a class=\"external\" title=\"Densipedia\" href=\"https:\/\/www.densipedia.ch\/fr\/comment-un-petit-village-planifie-son-avenir\" target=\"_blank\" rel=\"noopener\">Densipedia<\/a><\/p>\n<\/div><div class=\"sia-beratung-db-slide-text\" data-index=\"1\" style=\"display:none;\"><p>Avec sa population d\u00e9passant les 10 000 habitants, la commune de Suhr, dans l\u2019agglom\u00e9ration d\u2019Aarau, a connu derni\u00e8rement une tr\u00e8s forte augmentation de ses frais d\u2019aide sociale, qui l\u2019a pouss\u00e9e \u00e0 agir. Dans cette commune p\u00e9riph\u00e9rique, plusieurs b\u00e2timents vides offrent par ailleurs une bonne base pour un d\u00e9veloppement de quartier ax\u00e9 sur le bien commun. Le potentiel d\u2019utilisation interm\u00e9diaire est mis au b\u00e9n\u00e9fice de l\u2019int\u00e9gration sociale.<\/p>\n<\/div><div class=\"sia-beratung-db-slide-text\" data-index=\"2\" style=\"display:none;\"><p>Deux quartiers probl\u00e9matiques ont \u00e9t\u00e9 analys\u00e9s par des experts externes. La commune de Suhr a ensuite demand\u00e9 \u00e0 la Haute \u00e9cole sp\u00e9cialis\u00e9e du Nord-ouest de la Suisse (FHNW) d\u2019\u00e9laborer un \u00ab concept sp\u00e9cialis\u00e9 \u00bb pour son d\u00e9veloppement de quartier. Quatre champs d&#8217;action y ont \u00e9t\u00e9 identifi\u00e9es\u00a0: \u00ab Formation et social \u00bb, \u00ab Logement et loisirs \u00bb, \u00ab Vivre ensemble et participation \u00bb et \u00ab Travail et \u00e9conomie \u00bb. La plupart des objectifs poursuivis par ces champs d\u2019action avaient pour point commun le besoin d\u2019espaces, tant int\u00e9rieurs qu\u2019ext\u00e9rieurs. La population a vot\u00e9, \u00e0 une majorit\u00e9 de 80 %, un cr\u00e9dit de 750 000 francs pour le d\u00e9veloppement de quartier, qui a permis de financer pour quatre ans un projet-pilote correspondant. Les raisons de cette large approbation tiennent \u00e0 l\u2019attitude transparente de la commune, au recours \u00e0 des experts externes et \u00e0 l\u2019information r\u00e9guli\u00e8re de la population.<\/p>\n<\/div><div class=\"sia-beratung-db-slide-text\" data-index=\"3\" style=\"display:none;\"><p>De concert avec la FHNW, la commune de Suhr a \u00e9labor\u00e9 une conception-cadre pour \u00ab utilisations interm\u00e9diaires ax\u00e9es sur le bien commun \u00bb. Il a rapidement \u00e9t\u00e9 clair que l\u2019ensemble de la commune, et pas uniquement les quartiers examin\u00e9s, pouvait profiter de ces utilisations interm\u00e9diaires. Quelques-uns des immeubles vides \u00e9taient propri\u00e9t\u00e9 de la commune, d\u2019autres appartenaient \u00e0 des particuliers. Pour les objets priv\u00e9s, un \u00ab groupe d\u2019exploitation immeubles \u00bb a n\u00e9goci\u00e9 des contrats de location avec les propri\u00e9taires. Ces n\u00e9gociations ont renforc\u00e9 la confiance r\u00e9ciproque. Pour la coordination technique et le travail de terrain, la commune n\u2019a pas cr\u00e9\u00e9 un nouveau poste pour le d\u00e9veloppement de quartier comme pr\u00e9vu au d\u00e9part, mais a confi\u00e9 ces t\u00e2ches par mandat \u00e0 la FHNW. La Haute \u00e9cole sp\u00e9cialis\u00e9e, et plus pr\u00e9cis\u00e9ment sa direction de projet, collabore \u00e9troitement avec elle.<\/p>\n<\/div><div class=\"sia-beratung-db-slide-text\" data-index=\"4\" style=\"display:none;\"><p>Le principe du d\u00e9veloppement de quartier se fonde sur les id\u00e9es de mise en r\u00e9seau, de prise en main de son propre destin et de participation volontaire \u00e0 la vie quotidienne de la communaut\u00e9. Outre \u00e0 la coordination et \u00e0 l\u2019animation socioculturelle, l\u2019engagement volontaire des personnes int\u00e9ress\u00e9es en faveur de leur milieu de vie contribuent au succ\u00e8s du projet. Il est \u00e9galement apparu que l\u2019acc\u00e8s \u00e0 l\u2019espace \u2013 possible gr\u00e2ce aux utilisations interm\u00e9diaires \u2013 a \u00e9veill\u00e9 l\u2019int\u00e9r\u00eat pour les \u00e9changes sociaux et permis aux personnes de d\u00e9couvrir dans ces espaces leur propre potentiel de d\u00e9veloppement. Les projets d\u2019utilisation interm\u00e9diaire leur ont permis d\u2019acqu\u00e9rir de l\u2019exp\u00e9rience en mati\u00e8re d\u2019organisation personnelle et de n\u00e9gociations, ce qui a favoris\u00e9 du m\u00eame coup les relations de bon voisinage et renforc\u00e9 l\u2019effet des efforts d\u2019int\u00e9gration entrepris par la commune.<\/p>\n<\/div><\/div><div class=\"sia-beratung-db-filterbox\"><label class=\"toggle\" onclick=\"return window.siaBeratung.toggleFilterBox(this);\"><span>Politique fonci\u00e8re<\/span><span>Dialogue<\/span><span>EspaceSuisse<\/span><span>D\u00e9veloppement \u00e0 l\u2019int\u00e9rieur du milieu b\u00e2ti<\/span><span>Politique immobili\u00e8re<\/span><span>Participation<\/span><span>Durabilit\u00e9<\/span><\/label><div class=\"options\"><a href=\"#\" onclick=\"return window.siaBeratung.setFilterBoxFilter(137);\">Politique fonci\u00e8re<\/a><a href=\"#\" onclick=\"return window.siaBeratung.setFilterBoxFilter(139);\">Dialogue<\/a><a href=\"#\" onclick=\"return window.siaBeratung.setFilterBoxFilter(246);\">EspaceSuisse<\/a><a href=\"#\" onclick=\"return window.siaBeratung.setFilterBoxFilter(142);\">D\u00e9veloppement \u00e0 l\u2019int\u00e9rieur du milieu b\u00e2ti<\/a><a href=\"#\" onclick=\"return window.siaBeratung.setFilterBoxFilter(145);\">Politique immobili\u00e8re<\/a><a href=\"#\" onclick=\"return window.siaBeratung.setFilterBoxFilter(146);\">Participation<\/a><a href=\"#\" onclick=\"return window.siaBeratung.setFilterBoxFilter(148);\">Durabilit\u00e9<\/a><a href=\"#\" onclick=\"return window.siaBeratung.setFilterBoxFilter([137,139,142,145,146,148,246,288,289,290]);\">Alle Filter ausw\u00e4hlen<\/a><\/div><\/div><label class=\"sia-beratung-db-filterbox-spacer\">&nbsp;<\/label><\/div><a class=\"swiper-button swiper-button-next desktop\"><\/a><\/div><\/div><div class=\"sia-beratung-db-entry-searchtext\">suhr: zwischennutzungen wirken integrativ | apr\u00e8s deux ans, un projet-pilote de d\u00e9veloppement de quartier \u00e0 suhr, en combinaison avec d\u2019autres mesures, a contribu\u00e9 \u00e0 stabiliser le taux d\u2019aide sociale de la commune. les effets d\u2019int\u00e9gration sont le fruit des marges de libert\u00e9 laiss\u00e9es, des espaces de d\u00e9tente individuels et collectifs tant \u00e0 l\u2019int\u00e9rieur qu\u2019\u00e0 l\u2019ext\u00e9rieur, ainsi que de diverses formes de participation \u00e0 la vie sociale. les utilisations interm\u00e9diaires offrent des opportunit\u00e9s de changement aux individus comme \u00e0 la soci\u00e9t\u00e9.r\u00f4le de la commune\u00a0:\u00a0prendre l\u2019initiative, coordonner, n\u00e9gocier, piloter, d\u00e9cider, r\u00e9aliserorganismes responsables\u00a0:\u00a0communemandataire\u00a0:\u00a0haute \u00e9cole sp\u00e9cialis\u00e9e du nord-ouest de la suissesource\u00a0:\u00a0densipedia | utilisation interm\u00e9diaire comme projet social et laboratoire de transformation\r\u00a9 einwohnergemeinde suhr | avec sa population d\u00e9passant les 10 000 habitants, la commune de suhr, dans l\u2019agglom\u00e9ration d\u2019aarau, a connu derni\u00e8rement une tr\u00e8s forte augmentation de ses frais d\u2019aide sociale, qui l\u2019a pouss\u00e9e \u00e0 agir. dans cette commune p\u00e9riph\u00e9rique, plusieurs b\u00e2timents vides offrent par ailleurs une bonne base pour un d\u00e9veloppement de quartier ax\u00e9 sur le bien commun. le potentiel d\u2019utilisation interm\u00e9diaire est mis au b\u00e9n\u00e9fice de l\u2019int\u00e9gration sociale. | quatre champs d\u2019action comme autant d\u2019opportunit\u00e9s pour divers groupes de population\r\u00a9 einwohnergemeinde suhr | deux quartiers probl\u00e9matiques ont \u00e9t\u00e9 analys\u00e9s par des experts externes. la commune de suhr a ensuite demand\u00e9 \u00e0 la haute \u00e9cole sp\u00e9cialis\u00e9e du nord-ouest de la suisse (fhnw) d\u2019\u00e9laborer un \u00ab concept sp\u00e9cialis\u00e9 \u00bb pour son d\u00e9veloppement de quartier. quatre champs d&#8217;action y ont \u00e9t\u00e9 identifi\u00e9es\u00a0: \u00ab formation et social \u00bb, \u00ab logement et loisirs \u00bb, \u00ab vivre ensemble et participation \u00bb et \u00ab travail et \u00e9conomie \u00bb. la plupart des objectifs poursuivis par ces champs d\u2019action avaient pour point commun le besoin d\u2019espaces, tant int\u00e9rieurs qu\u2019ext\u00e9rieurs. la population a vot\u00e9, \u00e0 une majorit\u00e9 de 80 %, un cr\u00e9dit de 750 000 francs pour le d\u00e9veloppement de quartier, qui a permis de financer pour quatre ans un projet-pilote correspondant. les raisons de cette large approbation tiennent \u00e0 l\u2019attitude transparente de la commune, au recours \u00e0 des experts externes et \u00e0 l\u2019information r\u00e9guli\u00e8re de la population. | des exp\u00e9riences communes dans l\u2019espace interm\u00e9diaire favorisent l\u2019int\u00e9gration sociale\r\u00a9 einwohnergemeinde suhr | de concert avec la fhnw, la commune de suhr a \u00e9labor\u00e9 une conception-cadre pour \u00ab utilisations interm\u00e9diaires ax\u00e9es sur le bien commun \u00bb. il a rapidement \u00e9t\u00e9 clair que l\u2019ensemble de la commune, et pas uniquement les quartiers examin\u00e9s, pouvait profiter de ces utilisations interm\u00e9diaires. quelques-uns des immeubles vides \u00e9taient propri\u00e9t\u00e9 de la commune, d\u2019autres appartenaient \u00e0 des particuliers. pour les objets priv\u00e9s, un \u00ab groupe d\u2019exploitation immeubles \u00bb a n\u00e9goci\u00e9 des contrats de location avec les propri\u00e9taires. ces n\u00e9gociations ont renforc\u00e9 la confiance r\u00e9ciproque. pour la coordination technique et le travail de terrain, la commune n\u2019a pas cr\u00e9\u00e9 un nouveau poste pour le d\u00e9veloppement de quartier comme pr\u00e9vu au d\u00e9part, mais a confi\u00e9 ces t\u00e2ches par mandat \u00e0 la fhnw. la haute \u00e9cole sp\u00e9cialis\u00e9e, et plus pr\u00e9cis\u00e9ment sa direction de projet, collabore \u00e9troitement avec elle. | les projets sociaux permettent une appropriation commune de l\u2019utilisation interm\u00e9diaire et cr\u00e9ent ainsi un nouveau chez-soi\r\u00a9 einwohnergemeinde suhr | le principe du d\u00e9veloppement de quartier se fonde sur les id\u00e9es de mise en r\u00e9seau, de prise en main de son propre destin et de participation volontaire \u00e0 la vie quotidienne de la communaut\u00e9. outre \u00e0 la coordination et \u00e0 l\u2019animation socioculturelle, l\u2019engagement volontaire des personnes int\u00e9ress\u00e9es en faveur de leur milieu de vie contribuent au succ\u00e8s du projet. il est \u00e9galement apparu que l\u2019acc\u00e8s \u00e0 l\u2019espace \u2013 possible gr\u00e2ce aux utilisations interm\u00e9diaires \u2013 a \u00e9veill\u00e9 l\u2019int\u00e9r\u00eat pour les \u00e9changes sociaux et permis aux personnes de d\u00e9couvrir dans ces espaces leur propre potentiel de d\u00e9veloppement. les projets d\u2019utilisation interm\u00e9diaire leur ont permis d\u2019acqu\u00e9rir de l\u2019exp\u00e9rience en mati\u00e8re d\u2019organisation personnelle et de n\u00e9gociations, ce qui a favoris\u00e9 du m\u00eame coup les relations de bon voisinage et renforc\u00e9 l\u2019effet des efforts d\u2019int\u00e9gration entrepris par la commune. | \u00a9 swisstopo | bodenpolitik | dialog | innenentwicklung | liegenschaftspolitik | mitwirkung | nachhaltigkeit | espacesuisse | de | fr | it<\/div><\/article><article class=\"sia-beratung-db-entry\" data-id=\"1569\" data-cpt=\"sia-angebote\" data-slug=\"energieschweiz\" data-lang-slug-de_de=\"\" data-lang-slug-en_gb=\"\" data-lang-slug-fr_fr=\"\" data-lang-slug-it_it=\"\" data-lat=\"53.5507112\" data-lng=\"10.0006485\" data-filter-139=\"1\" data-filter-140=\"1\" data-filter-143=\"1\" data-filter-148=\"1\" data-filter-165=\"1\" data-filter-180=\"1\" data-filter-245=\"1\" data-filter-283=\"1\" data-filter-284=\"1\" data-filter-288=\"1\" data-filter-289=\"1\" data-filter-290=\"1\" data-all-filter=\"139,140,143,148,165,180,245,283,284,288,289,290\"><div class=\"sia-beratung-db-entry-header\" onclick=\"return window.siaBeratung.toggleCpt(this);\"><div class=\"col-1\">SuisseEnergie<\/div><div class=\"col-2\"><span>OFEN Office f\u00e9d\u00e9ral de l'\u00e9nergie<\/span><span>SuisseEnergie<\/span><\/div><div class=\"col-3\"><span>Plateforme<\/span><span>Soutien de projets<\/span><\/div><div class=\"sia-beratung-db-angle\"><span class=\"sia-beratung-angle\"><\/span><\/div><\/div><div class=\"sia-beratung-db-entry-content\"><div class=\"sia-beratung-db-entry-content-columns\"><div class=\"col-1\"><p>SuisseEnergie est le programme du Conseil f\u00e9d\u00e9ral pour la promotion de l&#8217;efficacit\u00e9 \u00e9nerg\u00e9tique et des \u00e9nergies renouvelables gr\u00e2ce \u00e0 des mesures volontaires. Les villes, les communes, les sites ainsi que les r\u00e9gions y jouent un r\u00f4le tr\u00e8s important et sont soutenus par SuisseEnergie.<\/p>\n<\/div><div class=\"col-2\"><\/div><\/div><div class=\"sia-beratung-db-entry-footer\"><div class=\"col-1\"><a href=\"https:\/\/www.local-energy.swiss\/fr\/#\/\" class=\"sia-beratung-db-entry-link\" target=\"_blank\" rel=\"noopener\">Link zum Angebot<\/a><\/div><div class=\"col-2\"><div class=\"sia-beratung-db-filterbox\"><label class=\"toggle\" onclick=\"return window.siaBeratung.toggleFilterBox(this);\"><span>OFEN Office f\u00e9d\u00e9ral de l'\u00e9nergie<\/span><span>Dialogue<\/span><span>Energie<\/span><span>SuisseEnergie<\/span><span>Climat<\/span><span>Durabilit\u00e9<\/span><span>Plateforme<\/span><span>Soutien de projets<\/span><span>Soutien de projets<\/span><\/label><div class=\"options\"><a href=\"#\" onclick=\"return window.siaBeratung.setFilterBoxFilter(180);\">OFEN Office f\u00e9d\u00e9ral de l'\u00e9nergie<\/a><a href=\"#\" onclick=\"return window.siaBeratung.setFilterBoxFilter(139);\">Dialogue<\/a><a href=\"#\" onclick=\"return window.siaBeratung.setFilterBoxFilter(140);\">Energie<\/a><a href=\"#\" onclick=\"return window.siaBeratung.setFilterBoxFilter(245);\">SuisseEnergie<\/a><a href=\"#\" onclick=\"return window.siaBeratung.setFilterBoxFilter(143);\">Climat<\/a><a href=\"#\" onclick=\"return window.siaBeratung.setFilterBoxFilter(148);\">Durabilit\u00e9<\/a><a href=\"#\" onclick=\"return window.siaBeratung.setFilterBoxFilter(283);\">Plateforme<\/a><a href=\"#\" onclick=\"return window.siaBeratung.setFilterBoxFilter(165);\">Soutien de projets<\/a><a href=\"#\" onclick=\"return window.siaBeratung.setFilterBoxFilter(284);\">Soutien de projets<\/a><a href=\"#\" onclick=\"return window.siaBeratung.setFilterBoxFilter([139,140,143,148,165,180,245,283,284,288,289,290]);\">Alle Filter ausw\u00e4hlen<\/a><\/div><\/div><label class=\"sia-beratung-db-filterbox-spacer\">&nbsp;<\/label><\/div><\/div><\/div><div class=\"sia-beratung-db-entry-searchtext\">energieschweiz | suisseenergie est le programme du conseil f\u00e9d\u00e9ral pour la promotion de l&#8217;efficacit\u00e9 \u00e9nerg\u00e9tique et des \u00e9nergies renouvelables gr\u00e2ce \u00e0 des mesures volontaires. les villes, les communes, les sites ainsi que les r\u00e9gions y jouent un r\u00f4le tr\u00e8s important et sont soutenus par suisseenergie. | dialog | energie | klima | nachhaltigkeit | projektunterst\u00fctzung | bfe bundesamt f\u00fcr energie | energieschweiz | plattform | projektunterst\u00fctzung | de | fr | it<\/div><\/article><article class=\"sia-beratung-db-entry\" data-id=\"3693\" data-cpt=\"sia-angebote\" data-slug=\"davos-qualitaetssystem-fuer-baukultur-acht-kriterien-fuer-eine-hohe-baukultur\" data-lang-slug-de_de=\"\" data-lang-slug-en_gb=\"\" data-lang-slug-fr_fr=\"\" data-lang-slug-it_it=\"\" data-lat=\"53.5507112\" data-lng=\"10.0008202\" data-filter-135=\"1\" data-filter-136=\"1\" data-filter-137=\"1\" data-filter-138=\"1\" data-filter-139=\"1\" data-filter-140=\"1\" data-filter-141=\"1\" data-filter-142=\"1\" data-filter-143=\"1\" data-filter-144=\"1\" data-filter-145=\"1\" data-filter-146=\"1\" data-filter-147=\"1\" data-filter-148=\"1\" data-filter-149=\"1\" data-filter-150=\"1\" data-filter-151=\"1\" data-filter-152=\"1\" data-filter-166=\"1\" data-filter-177=\"1\" data-filter-270=\"1\" data-filter-288=\"1\" data-filter-289=\"1\" data-filter-290=\"1\" data-all-filter=\"135,136,137,138,139,140,141,142,143,144,145,146,147,148,149,150,151,152,166,177,270,288,289,290\"><div class=\"sia-beratung-db-entry-header\" onclick=\"return window.siaBeratung.toggleCpt(this);\"><div class=\"col-1\">Syst\u00e8me Davos de qualit\u00e9 pour la culture du b\u00e2ti - Huit crit\u00e8res pour une culture du b\u00e2ti de qualit\u00e9<\/div><div class=\"col-2\"><span>OFC Office f\u00e9d\u00e9ral de la culture<\/span><\/div><div class=\"col-3\"><span>Guide<\/span><\/div><div class=\"sia-beratung-db-angle\"><span class=\"sia-beratung-angle\"><\/span><\/div><\/div><div class=\"sia-beratung-db-entry-content\"><div class=\"sia-beratung-db-entry-content-columns\"><div class=\"col-1\"><div class=\"elementor-element elementor-element-a5b2e8b u-leadText elementor-widget elementor-widget-text-editor\" data-id=\"a5b2e8b\" data-element_type=\"widget\" data-widget_type=\"text-editor.default\">\n<div class=\"elementor-widget-container\">\n<p>Une culture du b\u00e2ti de qualit\u00e9 se caract\u00e9rise par des villes, des villages et des b\u00e2timents con\u00e7us avec soin. Des lieux de haute qualit\u00e9 forment un cadre de vie agr\u00e9able. Ils favorisent le bien-\u00eatre et la sant\u00e9 des personnes. Mais qu\u2019est-ce qui fait la qualit\u00e9 de la culture du b\u00e2ti\u00a0? Comment la d\u00e9finir et la traduire en actions\u00a0?<\/p>\n<p>C\u2019est l\u00e0 qu\u2019intervient le Syst\u00e8me Davos de qualit\u00e9 pour la culture du b\u00e2ti. Il s\u2019agit d\u2019un instrument qui sert \u00e0 \u00e9valuer la qualit\u00e9 de la culture du b\u00e2ti d\u2019un lieu. L\u2019\u00e9valuation se fonde sur huit crit\u00e8res\u00a0: Gouvernance, Fonctionnalit\u00e9, Environnement, \u00c9conomie, Diversit\u00e9, Contexte, Esprit du lieu et Beaut\u00e9. Le Syst\u00e8me Davos de qualit\u00e9 constitue \u00e9galement une aide \u00e0 l\u2019am\u00e9nagement et aux projets, aux jurys de concours ou aux processus participatifs. Il est con\u00e7u de mani\u00e8re \u00e0 ce que les valeurs sociales, affectives et culturelles soient prises en compte et pond\u00e9r\u00e9es au m\u00eame titre que les aspects techniques et fonctionnels.<\/p>\n<\/div>\n<\/div>\n<div class=\"elementor-element elementor-element-0e4d991 u-leadText elementor-widget elementor-widget-dcwi-prev-widget-toggle\" data-id=\"0e4d991\" data-element_type=\"widget\" data-widget_type=\"dcwi-prev-widget-toggle.default\">\n<div class=\"elementor-widget-container\">\n<div class=\"a-link__wrapper -icon\"><\/div>\n<\/div>\n<\/div>\n<div class=\"elementor-element elementor-element-58e7335 u-leadText a-toggleableWidget elementor-widget elementor-widget-text-editor -show\" data-id=\"58e7335\" data-element_type=\"widget\" data-widget_type=\"text-editor.default\">\n<div class=\"elementor-widget-container\">\n<p>Le Syst\u00e8me Davos de qualit\u00e9 fournit un formulaire d\u2019\u00e9valuation contenant une liste de questions pour chacun des huit crit\u00e8res. Cette liste peut \u00eatre adapt\u00e9e \u00e0 la situation sp\u00e9cifique d\u2019un lieu ou d\u2019un projet et compl\u00e9t\u00e9e au besoin. Le formulaire rempli permet de d\u00e9terminer la qualit\u00e9 de la culture du b\u00e2ti d\u2019un lieu, ses points forts et ses points faibles.<\/p>\n<p>L\u2019Office f\u00e9d\u00e9ral de la culture suisse (OFC) a \u00e9labor\u00e9 le Syst\u00e8me Davos de qualit\u00e9 pour la culture du b\u00e2ti en collaboration avec des partenaires internationaux. Il contribue ainsi au Processus de Davos en cours, qui a commenc\u00e9 en 2018, date de l\u2019adoption de la D\u00e9claration de Davos \u00ab Vers une culture du b\u00e2ti de qualit\u00e9 pour l\u2019Europe \u00bb. Le Syst\u00e8me Davos de qualit\u00e9 compl\u00e8te les instruments existants et contribue \u00e0 pr\u00e9server et \u00e0 concevoir des lieux empreints d\u2019une culture du b\u00e2ti de qualit\u00e9.<\/p>\n<\/div>\n<\/div>\n<\/div><div class=\"col-2\"><\/div><\/div><div class=\"sia-beratung-db-entry-footer\"><div class=\"col-1\"><a href=\"https:\/\/davosdeclaration2018.ch\/fr\/systeme-davos-de-qualite-pour-la-culture-du-bati\/\" class=\"sia-beratung-db-entry-link\" target=\"_blank\" rel=\"noopener\">Link zum Angebot<\/a><\/div><div class=\"col-2\"><div class=\"sia-beratung-db-filterbox\"><label class=\"toggle\" onclick=\"return window.siaBeratung.toggleFilterBox(this);\"><span>Guide<\/span><span>OFC Office f\u00e9d\u00e9ral de la culture<\/span><span>Construire dans le b\u00e2ti existant<\/span><span>Biodiversit\u00e9<\/span><span>Politique fonci\u00e8re<\/span><span>Monuments<\/span><span>Dialogue<\/span><span>Energie<\/span><span>Infrastructure<\/span><span>D\u00e9veloppement \u00e0 l\u2019int\u00e9rieur du milieu b\u00e2ti<\/span><span>Climat<\/span><span>Paysage<\/span><span>Politique immobili\u00e8re<\/span><span>Participation<\/span><span>Mobilit\u00e9<\/span><span>Durabilit\u00e9<\/span><span>Espace public<\/span><span>Sites construits<\/span><span>Outils de planification<\/span><span>Processus<\/span><span>Proc\u00e9dures d\u2019assurance qualit\u00e9<\/span><\/label><div class=\"options\"><a href=\"#\" onclick=\"return window.siaBeratung.setFilterBoxFilter(270);\">Guide<\/a><a href=\"#\" onclick=\"return window.siaBeratung.setFilterBoxFilter(177);\">OFC Office f\u00e9d\u00e9ral de la culture<\/a><a href=\"#\" onclick=\"return window.siaBeratung.setFilterBoxFilter(135);\">Construire dans le b\u00e2ti existant<\/a><a href=\"#\" onclick=\"return window.siaBeratung.setFilterBoxFilter(136);\">Biodiversit\u00e9<\/a><a href=\"#\" onclick=\"return window.siaBeratung.setFilterBoxFilter(137);\">Politique fonci\u00e8re<\/a><a href=\"#\" onclick=\"return window.siaBeratung.setFilterBoxFilter(138);\">Monuments<\/a><a href=\"#\" onclick=\"return window.siaBeratung.setFilterBoxFilter(139);\">Dialogue<\/a><a href=\"#\" onclick=\"return window.siaBeratung.setFilterBoxFilter(140);\">Energie<\/a><a href=\"#\" onclick=\"return window.siaBeratung.setFilterBoxFilter(141);\">Infrastructure<\/a><a href=\"#\" onclick=\"return window.siaBeratung.setFilterBoxFilter(142);\">D\u00e9veloppement \u00e0 l\u2019int\u00e9rieur du milieu b\u00e2ti<\/a><a href=\"#\" onclick=\"return window.siaBeratung.setFilterBoxFilter(143);\">Climat<\/a><a href=\"#\" onclick=\"return window.siaBeratung.setFilterBoxFilter(144);\">Paysage<\/a><a href=\"#\" onclick=\"return window.siaBeratung.setFilterBoxFilter(145);\">Politique immobili\u00e8re<\/a><a href=\"#\" onclick=\"return window.siaBeratung.setFilterBoxFilter(146);\">Participation<\/a><a href=\"#\" onclick=\"return window.siaBeratung.setFilterBoxFilter(147);\">Mobilit\u00e9<\/a><a href=\"#\" onclick=\"return window.siaBeratung.setFilterBoxFilter(148);\">Durabilit\u00e9<\/a><a href=\"#\" onclick=\"return window.siaBeratung.setFilterBoxFilter(149);\">Espace public<\/a><a href=\"#\" onclick=\"return window.siaBeratung.setFilterBoxFilter(150);\">Sites construits<\/a><a href=\"#\" onclick=\"return window.siaBeratung.setFilterBoxFilter(151);\">Outils de planification<\/a><a href=\"#\" onclick=\"return window.siaBeratung.setFilterBoxFilter(152);\">Processus<\/a><a href=\"#\" onclick=\"return window.siaBeratung.setFilterBoxFilter(166);\">Proc\u00e9dures d\u2019assurance qualit\u00e9<\/a><a href=\"#\" onclick=\"return window.siaBeratung.setFilterBoxFilter([135,136,137,138,139,140,141,142,143,144,145,146,147,148,149,150,151,152,166,177,270,288,289,290]);\">Alle Filter ausw\u00e4hlen<\/a><\/div><\/div><label class=\"sia-beratung-db-filterbox-spacer\">&nbsp;<\/label><\/div><\/div><\/div><div class=\"sia-beratung-db-entry-searchtext\">davos qualit\u00e4tssystem f\u00fcr baukultur - acht kriterien f\u00fcr eine hohe baukultur | une culture du b\u00e2ti de qualit\u00e9 se caract\u00e9rise par des villes, des villages et des b\u00e2timents con\u00e7us avec soin. des lieux de haute qualit\u00e9 forment un cadre de vie agr\u00e9able. ils favorisent le bien-\u00eatre et la sant\u00e9 des personnes. mais qu\u2019est-ce qui fait la qualit\u00e9 de la culture du b\u00e2ti\u00a0? comment la d\u00e9finir et la traduire en actions\u00a0?c\u2019est l\u00e0 qu\u2019intervient le syst\u00e8me davos de qualit\u00e9 pour la culture du b\u00e2ti. il s\u2019agit d\u2019un instrument qui sert \u00e0 \u00e9valuer la qualit\u00e9 de la culture du b\u00e2ti d\u2019un lieu. l\u2019\u00e9valuation se fonde sur huit crit\u00e8res\u00a0: gouvernance, fonctionnalit\u00e9, environnement, \u00e9conomie, diversit\u00e9, contexte, esprit du lieu et beaut\u00e9. le syst\u00e8me davos de qualit\u00e9 constitue \u00e9galement une aide \u00e0 l\u2019am\u00e9nagement et aux projets, aux jurys de concours ou aux processus participatifs. il est con\u00e7u de mani\u00e8re \u00e0 ce que les valeurs sociales, affectives et culturelles soient prises en compte et pond\u00e9r\u00e9es au m\u00eame titre que les aspects techniques et fonctionnels.le syst\u00e8me davos de qualit\u00e9 fournit un formulaire d\u2019\u00e9valuation contenant une liste de questions pour chacun des huit crit\u00e8res. cette liste peut \u00eatre adapt\u00e9e \u00e0 la situation sp\u00e9cifique d\u2019un lieu ou d\u2019un projet et compl\u00e9t\u00e9e au besoin. le formulaire rempli permet de d\u00e9terminer la qualit\u00e9 de la culture du b\u00e2ti d\u2019un lieu, ses points forts et ses points faibles.l\u2019office f\u00e9d\u00e9ral de la culture suisse (ofc) a \u00e9labor\u00e9 le syst\u00e8me davos de qualit\u00e9 pour la culture du b\u00e2ti en collaboration avec des partenaires internationaux. il contribue ainsi au processus de davos en cours, qui a commenc\u00e9 en 2018, date de l\u2019adoption de la d\u00e9claration de davos \u00ab vers une culture du b\u00e2ti de qualit\u00e9 pour l\u2019europe \u00bb. le syst\u00e8me davos de qualit\u00e9 compl\u00e8te les instruments existants et contribue \u00e0 pr\u00e9server et \u00e0 concevoir des lieux empreints d\u2019une culture du b\u00e2ti de qualit\u00e9. | bauen im bestand | biodiversit\u00e4t | bodenpolitik | denkm\u00e4ler | dialog | energie | infrastruktur | innenentwicklung | klima | landschaft | liegenschaftspolitik | mitwirkung | mobilit\u00e4t | nachhaltigkeit | \u00f6ffentlicher raum | ortsbilder | planungsinstrumente | prozesse | qualit\u00e4tssichernde verfahren | bak bundesamt f\u00fcr kultur | arbeitshilfe | de | fr | it<\/div><\/article><article class=\"sia-beratung-db-entry\" data-id=\"1636\" data-cpt=\"sia-angebote\" data-slug=\"wohnungs-bewertungs-system-wbs\" data-lang-slug-de_de=\"\" data-lang-slug-en_gb=\"\" data-lang-slug-fr_fr=\"\" data-lang-slug-it_it=\"\" data-lat=\"53.5507112\" data-lng=\"10.0006485\" data-filter-139=\"1\" data-filter-145=\"1\" data-filter-151=\"1\" data-filter-183=\"1\" data-filter-283=\"1\" data-filter-288=\"1\" data-filter-289=\"1\" data-filter-290=\"1\" data-all-filter=\"139,145,151,183,283,288,289,290\"><div class=\"sia-beratung-db-entry-header\" onclick=\"return window.siaBeratung.toggleCpt(this);\"><div class=\"col-1\">Syst\u00e8me d\u2019\u00e9valuation de logements SEL<\/div><div class=\"col-2\"><span>OFL Office f\u00e9d\u00e9ral du logement<\/span><\/div><div class=\"col-3\"><span>Plateforme<\/span><\/div><div class=\"sia-beratung-db-angle\"><span class=\"sia-beratung-angle\"><\/span><\/div><\/div><div class=\"sia-beratung-db-entry-content\"><div class=\"sia-beratung-db-entry-content-columns\"><div class=\"col-1\"><p>Le syst\u00e8me d\u2019\u00e9valuation de logements SEL est un outil d\u2019aide \u00e0 la conception, \u00e0 l\u2019\u00e9valuation et \u00e0 la comparaison d\u2019objets r\u00e9sidentiels. A partir d\u2019un \u00e9ventail de 25 crit\u00e8res, la valeur d\u2019usage d\u2019un objet est d\u00e9termin\u00e9e sous les trois aspects que sont la situation, l\u2019environnement imm\u00e9diat et le logement. L\u2019\u00e9valuation privil\u00e9gie l\u2019utilit\u00e9 concr\u00e8te, ainsi que la plus-value qui en r\u00e9sultent pour les habitants.<\/p>\n<\/div><div class=\"col-2\"><\/div><\/div><div class=\"sia-beratung-db-entry-footer\"><div class=\"col-1\"><a href=\"https:\/\/www.wbs.admin.ch\/fr\" class=\"sia-beratung-db-entry-link\" target=\"_blank\" rel=\"noopener\">Link zum Angebot<\/a><\/div><div class=\"col-2\"><div class=\"sia-beratung-db-filterbox\"><label class=\"toggle\" onclick=\"return window.siaBeratung.toggleFilterBox(this);\"><span>OFL Office f\u00e9d\u00e9ral du logement<\/span><span>Dialogue<\/span><span>Politique immobili\u00e8re<\/span><span>Outils de planification<\/span><span>Plateforme<\/span><\/label><div class=\"options\"><a href=\"#\" onclick=\"return window.siaBeratung.setFilterBoxFilter(183);\">OFL Office f\u00e9d\u00e9ral du logement<\/a><a href=\"#\" onclick=\"return window.siaBeratung.setFilterBoxFilter(139);\">Dialogue<\/a><a href=\"#\" onclick=\"return window.siaBeratung.setFilterBoxFilter(145);\">Politique immobili\u00e8re<\/a><a href=\"#\" onclick=\"return window.siaBeratung.setFilterBoxFilter(151);\">Outils de planification<\/a><a href=\"#\" onclick=\"return window.siaBeratung.setFilterBoxFilter(283);\">Plateforme<\/a><a href=\"#\" onclick=\"return window.siaBeratung.setFilterBoxFilter([139,145,151,183,283,288,289,290]);\">Alle Filter ausw\u00e4hlen<\/a><\/div><\/div><label class=\"sia-beratung-db-filterbox-spacer\">&nbsp;<\/label><\/div><\/div><\/div><div class=\"sia-beratung-db-entry-searchtext\">wohnungs-bewertungs-system wbs | le syst\u00e8me d\u2019\u00e9valuation de logements sel est un outil d\u2019aide \u00e0 la conception, \u00e0 l\u2019\u00e9valuation et \u00e0 la comparaison d\u2019objets r\u00e9sidentiels. a partir d\u2019un \u00e9ventail de 25 crit\u00e8res, la valeur d\u2019usage d\u2019un objet est d\u00e9termin\u00e9e sous les trois aspects que sont la situation, l\u2019environnement imm\u00e9diat et le logement. l\u2019\u00e9valuation privil\u00e9gie l\u2019utilit\u00e9 concr\u00e8te, ainsi que la plus-value qui en r\u00e9sultent pour les habitants. | dialog | liegenschaftspolitik | planungsinstrumente | bwo bundesamt f\u00fcr wohnungswesen | plattform | de | fr | it<\/div><\/article><article class=\"sia-beratung-db-entry\" data-id=\"2347\" data-cpt=\"sia-angebote\" data-slug=\"temporaere-gestaltungen-neue-wege-die-stadt-zu-entdecken\" data-lang-slug-de_de=\"\" data-lang-slug-en_gb=\"\" data-lang-slug-fr_fr=\"\" data-lang-slug-it_it=\"\" data-lat=\"53.5507112\" data-lng=\"10.0008202\" data-filter-141=\"1\" data-filter-144=\"1\" data-filter-146=\"1\" data-filter-147=\"1\" data-filter-149=\"1\" data-filter-161=\"1\" data-filter-172=\"1\" data-filter-247=\"1\" data-filter-270=\"1\" data-filter-288=\"1\" data-filter-289=\"1\" data-filter-290=\"1\" data-all-filter=\"141,144,146,147,149,161,172,247,270,288,289,290\"><div class=\"sia-beratung-db-entry-header\" onclick=\"return window.siaBeratung.toggleCpt(this);\"><div class=\"col-1\">Tempor\u00e4re Gestaltungen \u2013 Neue Wege, die Stadt zu entdecken<\/div><div class=\"col-2\"><span>ARE Office f\u00e9d\u00e9ral du d\u00e9veloppement territorial<\/span><span>Mobilit\u00e9 pi\u00e9tonne Suisse<\/span><\/div><div class=\"col-3\"><span>Guide<\/span><\/div><div class=\"sia-beratung-db-angle\"><span class=\"sia-beratung-angle\"><\/span><\/div><\/div><div class=\"sia-beratung-db-entry-content\"><div class=\"sia-beratung-db-entry-content-columns\"><div class=\"col-1\"><p>Les am\u00e9nagements temporaires de l\u2019espace public, qui favorisent la marche et le s\u00e9jour, ont gagn\u00e9 en importance ces derni\u00e8res ann\u00e9es dans toute la Suisse. Des interventions dans l\u2019espace public, limit\u00e9es \u00e0 quelques semaines, mois ou ann\u00e9es, permettent \u00e0 la population de (re)d\u00e9couvrir sa ville. Ils r\u00e9pondent \u00e9galement aux besoins de la population dans le cadre de processus participatifs.<br \/>\nQuelles sont les exp\u00e9riences et quels sont les d\u00e9fis ? Des exemples mettent en \u00e9vidence que les am\u00e9nagements temporaires offrent la possibilit\u00e9 d\u2019exp\u00e9rimenter dans l\u2019espace urbain, de se l\u2019approprier, et m\u00eame de le faire \u00e9voluer.<\/p>\n<\/div><div class=\"col-2\"><\/div><\/div><div class=\"sia-beratung-db-entry-footer\"><div class=\"col-1\"><a href=\"https:\/\/mobilitepietonne.ch\/produkt\/amenagements-temporaires\/\" class=\"sia-beratung-db-entry-link\" target=\"_blank\" rel=\"noopener\">Link zum Angebot<\/a><\/div><div class=\"col-2\"><div class=\"sia-beratung-db-filterbox\"><label class=\"toggle\" onclick=\"return window.siaBeratung.toggleFilterBox(this);\"><span>Guide<\/span><span>ARE Office f\u00e9d\u00e9ral du d\u00e9veloppement territorial<\/span><span>Mobilit\u00e9 pi\u00e9tonne Suisse<\/span><span>Infrastructure<\/span><span>Projets de construction communaux<\/span><span>Paysage<\/span><span>Participation<\/span><span>Mobilit\u00e9<\/span><span>Espace public<\/span><\/label><div class=\"options\"><a href=\"#\" onclick=\"return window.siaBeratung.setFilterBoxFilter(270);\">Guide<\/a><a href=\"#\" onclick=\"return window.siaBeratung.setFilterBoxFilter(172);\">ARE Office f\u00e9d\u00e9ral du d\u00e9veloppement territorial<\/a><a href=\"#\" onclick=\"return window.siaBeratung.setFilterBoxFilter(247);\">Mobilit\u00e9 pi\u00e9tonne Suisse<\/a><a href=\"#\" onclick=\"return window.siaBeratung.setFilterBoxFilter(141);\">Infrastructure<\/a><a href=\"#\" onclick=\"return window.siaBeratung.setFilterBoxFilter(161);\">Projets de construction communaux<\/a><a href=\"#\" onclick=\"return window.siaBeratung.setFilterBoxFilter(144);\">Paysage<\/a><a href=\"#\" onclick=\"return window.siaBeratung.setFilterBoxFilter(146);\">Participation<\/a><a href=\"#\" onclick=\"return window.siaBeratung.setFilterBoxFilter(147);\">Mobilit\u00e9<\/a><a href=\"#\" onclick=\"return window.siaBeratung.setFilterBoxFilter(149);\">Espace public<\/a><a href=\"#\" onclick=\"return window.siaBeratung.setFilterBoxFilter([141,144,146,147,149,161,172,247,270,288,289,290]);\">Alle Filter ausw\u00e4hlen<\/a><\/div><\/div><label class=\"sia-beratung-db-filterbox-spacer\">&nbsp;<\/label><\/div><\/div><\/div><div class=\"sia-beratung-db-entry-searchtext\">tempor\u00e4re gestaltungen - neue wege, die stadt zu entdecken | les am\u00e9nagements temporaires de l\u2019espace public, qui favorisent la marche et le s\u00e9jour, ont gagn\u00e9 en importance ces derni\u00e8res ann\u00e9es dans toute la suisse. des interventions dans l\u2019espace public, limit\u00e9es \u00e0 quelques semaines, mois ou ann\u00e9es, permettent \u00e0 la population de (re)d\u00e9couvrir sa ville. ils r\u00e9pondent \u00e9galement aux besoins de la population dans le cadre de processus participatifs.quelles sont les exp\u00e9riences et quels sont les d\u00e9fis ? des exemples mettent en \u00e9vidence que les am\u00e9nagements temporaires offrent la possibilit\u00e9 d\u2019exp\u00e9rimenter dans l\u2019espace urbain, de se l\u2019approprier, et m\u00eame de le faire \u00e9voluer. | infrastruktur | landschaft | mitwirkung | mobilit\u00e4t | \u00f6ffentlicher raum | kommunale bauprojekte | are bundesamt f\u00fcr raumentwicklung | fussverkehr schweiz | arbeitshilfe | de | fr | it<\/div><\/article><article class=\"sia-beratung-db-entry\" data-id=\"1716\" data-cpt=\"sia-ausbildung\" data-slug=\"themes-et-echelles-de-lurbanisme\" data-lat=\"46.1942301792398\" data-lng=\"6.14039225067518\" data-filter-135=\"1\" data-filter-139=\"1\" data-filter-141=\"1\" data-filter-142=\"1\" data-filter-144=\"1\" data-filter-146=\"1\" data-filter-147=\"1\" data-filter-148=\"1\" data-filter-149=\"1\" data-filter-151=\"1\" data-filter-152=\"1\" data-filter-163=\"1\" data-filter-167=\"1\" data-filter-168=\"1\" data-filter-169=\"1\" data-filter-196=\"1\" data-filter-208=\"1\" data-filter-272=\"1\" data-filter-289=\"1\" data-all-filter=\"135,139,141,142,144,146,147,148,149,151,152,163,167,168,169,196,208,272,289\"><div class=\"sia-beratung-db-entry-header\" onclick=\"return window.siaBeratung.toggleCpt(this);\"><div class=\"col-1\">Th\u00e8mes et \u00e9chelles de l&#8217;urbanisme<\/div><div class=\"col-2\"><span>EPFL \u00c9cole polytechnique f\u00e9d\u00e9rale de Lausanne<\/span><span>Universit\u00e9 de Gen\u00e8ve<\/span><\/div><div class=\"col-3\"><span>CAS<\/span><\/div><div class=\"sia-beratung-db-angle\"><span class=\"sia-beratung-angle\"><\/span><\/div><\/div><div class=\"sia-beratung-db-entry-content\"><div class=\"sia-beratung-db-entry-content-columns\"><div class=\"col-1\"><p>Le paysage, le sol, les formes de ville, ainsi que les temporalit\u00e9s et les modes de vie, facteurs d\u00e9sormais primordiaux pour renouveler l\u2019approche des enjeux contemporains de l\u2019urbanisme, seront abord\u00e9s dans ce CAS au gr\u00e9 d\u2019analyses, d\u2019\u00e9tudes de cas, d\u2019interventions d\u2019acteurs\/trices et de travaux pratiques.<\/p>\n<\/div><div class=\"col-2\"><\/div><\/div><div class=\"sia-beratung-db-entry-footer\"><div class=\"col-1\"><a href=\"https:\/\/www.unige.ch\/formcont\/cours\/cas-echelles-urbanisme#t3\" class=\"sia-beratung-db-entry-link\" target=\"_blank\" rel=\"noopener\">Link zum Angebot<\/a><\/div><div class=\"col-2\"><div class=\"sia-beratung-db-filterbox\"><label class=\"toggle\" onclick=\"return window.siaBeratung.toggleFilterBox(this);\"><span>Construire dans le b\u00e2ti existant<\/span><span>CAS<\/span><span>Dialogue<\/span><span>EPFL \u00c9cole polytechnique f\u00e9d\u00e9rale de Lausanne<\/span><span>Infrastructure<\/span><span>D\u00e9veloppement \u00e0 l\u2019int\u00e9rieur du milieu b\u00e2ti<\/span><span>Paysage<\/span><span>Participation<\/span><span>Mobilit\u00e9<\/span><span>Durabilit\u00e9<\/span><span>Plans d\u2019affectation<\/span><span>Espace public<\/span><span>Outils de planification<\/span><span>Processus<\/span><span>Strat\u00e9gies de d\u00e9veloppement territorial<\/span><span>Coop\u00e9ration r\u00e9gionale<\/span><span>Plans d\u2019affectation sp\u00e9ciaux<\/span><span>Universit\u00e9 de Gen\u00e8ve<\/span><\/label><div class=\"options\"><a href=\"#\" onclick=\"return window.siaBeratung.setFilterBoxFilter(135);\">Construire dans le b\u00e2ti existant<\/a><a href=\"#\" onclick=\"return window.siaBeratung.setFilterBoxFilter(272);\">CAS<\/a><a href=\"#\" onclick=\"return window.siaBeratung.setFilterBoxFilter(139);\">Dialogue<\/a><a href=\"#\" onclick=\"return window.siaBeratung.setFilterBoxFilter(196);\">EPFL \u00c9cole polytechnique f\u00e9d\u00e9rale de Lausanne<\/a><a href=\"#\" onclick=\"return window.siaBeratung.setFilterBoxFilter(141);\">Infrastructure<\/a><a href=\"#\" onclick=\"return window.siaBeratung.setFilterBoxFilter(142);\">D\u00e9veloppement \u00e0 l\u2019int\u00e9rieur du milieu b\u00e2ti<\/a><a href=\"#\" onclick=\"return window.siaBeratung.setFilterBoxFilter(144);\">Paysage<\/a><a href=\"#\" onclick=\"return window.siaBeratung.setFilterBoxFilter(146);\">Participation<\/a><a href=\"#\" onclick=\"return window.siaBeratung.setFilterBoxFilter(147);\">Mobilit\u00e9<\/a><a href=\"#\" onclick=\"return window.siaBeratung.setFilterBoxFilter(148);\">Durabilit\u00e9<\/a><a href=\"#\" onclick=\"return window.siaBeratung.setFilterBoxFilter(163);\">Plans d\u2019affectation<\/a><a href=\"#\" onclick=\"return window.siaBeratung.setFilterBoxFilter(149);\">Espace public<\/a><a href=\"#\" onclick=\"return window.siaBeratung.setFilterBoxFilter(151);\">Outils de planification<\/a><a href=\"#\" onclick=\"return window.siaBeratung.setFilterBoxFilter(152);\">Processus<\/a><a href=\"#\" onclick=\"return window.siaBeratung.setFilterBoxFilter(167);\">Strat\u00e9gies de d\u00e9veloppement territorial<\/a><a href=\"#\" onclick=\"return window.siaBeratung.setFilterBoxFilter(168);\">Coop\u00e9ration r\u00e9gionale<\/a><a href=\"#\" onclick=\"return window.siaBeratung.setFilterBoxFilter(169);\">Plans d\u2019affectation sp\u00e9ciaux<\/a><a href=\"#\" onclick=\"return window.siaBeratung.setFilterBoxFilter(208);\">Universit\u00e9 de Gen\u00e8ve<\/a><a href=\"#\" onclick=\"return window.siaBeratung.setFilterBoxFilter([135,139,141,142,144,146,147,148,149,151,152,163,167,168,169,196,208,272,289]);\">Alle Filter ausw\u00e4hlen<\/a><\/div><\/div><label class=\"sia-beratung-db-filterbox-spacer\">&nbsp;<\/label><\/div><\/div><\/div><div class=\"sia-beratung-db-entry-searchtext\">th\u00e8mes et \u00e9chelles de l'urbanisme | le paysage, le sol, les formes de ville, ainsi que les temporalit\u00e9s et les modes de vie, facteurs d\u00e9sormais primordiaux pour renouveler l\u2019approche des enjeux contemporains de l\u2019urbanisme, seront abord\u00e9s dans ce cas au gr\u00e9 d\u2019analyses, d\u2019\u00e9tudes de cas, d\u2019interventions d\u2019acteurs\/trices et de travaux pratiques. | bauen im bestand | dialog | infrastruktur | innenentwicklung | landschaft | mitwirkung | mobilit\u00e4t | nachhaltigkeit | \u00f6ffentlicher raum | planungsinstrumente | prozesse | nutzungsplanung | r\u00e4umliche entwicklungsleitbilder | regionale zusammenarbeit | sondernutzplanung | epfl \u00e9cole polytechnique f\u00e9d\u00e9rale de lausanne | universit\u00e9 de gen\u00e8ve | cas | fr<\/div><\/article><article class=\"sia-beratung-db-entry\" data-id=\"1630\" data-cpt=\"sia-angebote\" data-slug=\"toolbox-agenda-2030-fuer-kantone-und-gemeinden\" data-lang-slug-de_de=\"\" data-lang-slug-en_gb=\"\" data-lang-slug-fr_fr=\"\" data-lang-slug-it_it=\"\" data-lat=\"53.5507112\" data-lng=\"10.0006485\" data-filter-135=\"1\" data-filter-136=\"1\" data-filter-139=\"1\" data-filter-140=\"1\" data-filter-143=\"1\" data-filter-148=\"1\" data-filter-151=\"1\" data-filter-168=\"1\" data-filter-172=\"1\" data-filter-254=\"1\" data-filter-258=\"1\" data-filter-260=\"1\" data-filter-283=\"1\" data-filter-288=\"1\" data-filter-289=\"1\" data-filter-290=\"1\" data-all-filter=\"135,136,139,140,143,148,151,168,172,254,258,260,283,288,289,290\"><div class=\"sia-beratung-db-entry-header\" onclick=\"return window.siaBeratung.toggleCpt(this);\"><div class=\"col-1\">Toolbox Agenda 2030 pour les cantons et les communes<\/div><div class=\"col-2\"><span>ARE Office f\u00e9d\u00e9ral du d\u00e9veloppement territorial<\/span><span>RCDD R\u00e9seau cantonal de d\u00e9veloppement durable<\/span><span>ACS Association des Communes Suisses<\/span><span>UVS Union des villes suisses<\/span><\/div><div class=\"col-3\"><span>Plateforme<\/span><\/div><div class=\"sia-beratung-db-angle\"><span class=\"sia-beratung-angle\"><\/span><\/div><\/div><div class=\"sia-beratung-db-entry-content\"><div class=\"sia-beratung-db-entry-content-columns\"><div class=\"col-1\"><p>Les 17 objectifs de d\u00e9veloppement durable de l\u2019Agenda 2030 (ODD) nous concernent toutes et tous d\u2019une mani\u00e8re ou d\u2019une autre et jouent un r\u00f4le essentiel pour l\u2019avenir de la Suisse. C\u2019est pourquoi il vaut mieux commencer la mise en \u0153uvre tout de suite. La toolbox Agenda 2030 pour les cantons et les communes est l\u00e0 pour vous soutenir dans cette \u00e9tape.<\/p>\n<\/div><div class=\"col-2\"><\/div><\/div><div class=\"sia-beratung-db-entry-footer\"><div class=\"col-1\"><a href=\"https:\/\/toolbox-agenda2030.ch\/fr\/\" class=\"sia-beratung-db-entry-link\" target=\"_blank\" rel=\"noopener\">Link zum Angebot<\/a><\/div><div class=\"col-2\"><div class=\"sia-beratung-db-filterbox\"><label class=\"toggle\" onclick=\"return window.siaBeratung.toggleFilterBox(this);\"><span>ARE Office f\u00e9d\u00e9ral du d\u00e9veloppement territorial<\/span><span>Construire dans le b\u00e2ti existant<\/span><span>Biodiversit\u00e9<\/span><span>Dialogue<\/span><span>Energie<\/span><span>Climat<\/span><span>Durabilit\u00e9<\/span><span>RCDD R\u00e9seau cantonal de d\u00e9veloppement durable<\/span><span>Outils de planification<\/span><span>Plateforme<\/span><span>Coop\u00e9ration r\u00e9gionale<\/span><span>ACS Association des Communes Suisses<\/span><span>UVS Union des villes suisses<\/span><\/label><div class=\"options\"><a href=\"#\" onclick=\"return window.siaBeratung.setFilterBoxFilter(172);\">ARE Office f\u00e9d\u00e9ral du d\u00e9veloppement territorial<\/a><a href=\"#\" onclick=\"return window.siaBeratung.setFilterBoxFilter(135);\">Construire dans le b\u00e2ti existant<\/a><a href=\"#\" onclick=\"return window.siaBeratung.setFilterBoxFilter(136);\">Biodiversit\u00e9<\/a><a href=\"#\" onclick=\"return window.siaBeratung.setFilterBoxFilter(139);\">Dialogue<\/a><a href=\"#\" onclick=\"return window.siaBeratung.setFilterBoxFilter(140);\">Energie<\/a><a href=\"#\" onclick=\"return window.siaBeratung.setFilterBoxFilter(143);\">Climat<\/a><a href=\"#\" onclick=\"return window.siaBeratung.setFilterBoxFilter(148);\">Durabilit\u00e9<\/a><a href=\"#\" onclick=\"return window.siaBeratung.setFilterBoxFilter(254);\">RCDD R\u00e9seau cantonal de d\u00e9veloppement durable<\/a><a href=\"#\" onclick=\"return window.siaBeratung.setFilterBoxFilter(151);\">Outils de planification<\/a><a href=\"#\" onclick=\"return window.siaBeratung.setFilterBoxFilter(283);\">Plateforme<\/a><a href=\"#\" onclick=\"return window.siaBeratung.setFilterBoxFilter(168);\">Coop\u00e9ration r\u00e9gionale<\/a><a href=\"#\" onclick=\"return window.siaBeratung.setFilterBoxFilter(258);\">ACS Association des Communes Suisses<\/a><a href=\"#\" onclick=\"return window.siaBeratung.setFilterBoxFilter(260);\">UVS Union des villes suisses<\/a><a href=\"#\" onclick=\"return window.siaBeratung.setFilterBoxFilter([135,136,139,140,143,148,151,168,172,254,258,260,283,288,289,290]);\">Alle Filter ausw\u00e4hlen<\/a><\/div><\/div><label class=\"sia-beratung-db-filterbox-spacer\">&nbsp;<\/label><\/div><\/div><\/div><div class=\"sia-beratung-db-entry-searchtext\">toolbox agenda 2030 f\u00fcr kantone und gemeinden | les 17 objectifs de d\u00e9veloppement durable de l\u2019agenda 2030 (odd) nous concernent toutes et tous d\u2019une mani\u00e8re ou d\u2019une autre et jouent un r\u00f4le essentiel pour l\u2019avenir de la suisse. c\u2019est pourquoi il vaut mieux commencer la mise en \u0153uvre tout de suite. la toolbox agenda 2030 pour les cantons et les communes est l\u00e0 pour vous soutenir dans cette \u00e9tape. | bauen im bestand | biodiversit\u00e4t | dialog | energie | klima | nachhaltigkeit | planungsinstrumente | regionale zusammenarbeit | are bundesamt f\u00fcr raumentwicklung | nknf netzwerk der kantonalen nachhaltigkeitsfachstellen | sgv schweizerischer gemeindeverband | ssv schweizerischer st\u00e4dteverband | plattform | de | fr | it<\/div><\/article><article class=\"sia-beratung-db-entry\" data-id=\"3640\" data-cpt=\"sia-angebote\" data-slug=\"toolbox-siedlungsnatur\" data-lang-slug-de_de=\"\" data-lang-slug-en_gb=\"\" data-lang-slug-fr_fr=\"\" data-lang-slug-it_it=\"\" data-lat=\"53.5507112\" data-lng=\"10.0008202\" data-filter-136=\"1\" data-filter-143=\"1\" data-filter-148=\"1\" data-filter-312=\"1\" data-filter-286=\"1\" data-filter-288=\"1\" data-filter-289=\"1\" data-all-filter=\"136,143,148,312,286,288,289\"><div class=\"sia-beratung-db-entry-header\" onclick=\"return window.siaBeratung.toggleCpt(this);\"><div class=\"col-1\">Toolbox nature en milieu urbain<\/div><div class=\"col-2\"><span>Siedlungsnatur<\/span><\/div><div class=\"col-3\"><span>Bo\u00eete \u00e0 outils<\/span><\/div><div class=\"sia-beratung-db-angle\"><span class=\"sia-beratung-angle\"><\/span><\/div><\/div><div class=\"sia-beratung-db-entry-content\"><div class=\"sia-beratung-db-entry-content-columns\"><div class=\"col-1\"><p>Des connaissances pratiques, des outils \u00e9prouv\u00e9s et de l&#8217;inspiration pour promouvoir la biodiversit\u00e9. D\u00e9couvrez comment les environnements d&#8217;habitation et de travail peuvent \u00eatre adapt\u00e9s \u00e0 l&#8217;avenir, comment des espaces de rencontre et de mouvement attrayants peuvent \u00eatre cr\u00e9\u00e9s et comment le climat urbain peut devenir agr\u00e9able. La nature \u00e0 votre porte, pour vous \u00e9merveiller, observer et vous d\u00e9tendre.<\/p>\n<\/div><div class=\"col-2\"><\/div><\/div><div class=\"sia-beratung-db-entry-footer\"><div class=\"col-1\"><a href=\"https:\/\/toolbox.siedlungsnatur.ch\/fr\/\" class=\"sia-beratung-db-entry-link\" target=\"_blank\" rel=\"noopener\">Link zum Angebot<\/a><\/div><div class=\"col-2\"><div class=\"sia-beratung-db-filterbox\"><label class=\"toggle\" onclick=\"return window.siaBeratung.toggleFilterBox(this);\"><span>Biodiversit\u00e9<\/span><span>Climat<\/span><span>Durabilit\u00e9<\/span><span>Siedlungsnatur<\/span><span>Bo\u00eete \u00e0 outils<\/span><\/label><div class=\"options\"><a href=\"#\" onclick=\"return window.siaBeratung.setFilterBoxFilter(136);\">Biodiversit\u00e9<\/a><a href=\"#\" onclick=\"return window.siaBeratung.setFilterBoxFilter(143);\">Climat<\/a><a href=\"#\" onclick=\"return window.siaBeratung.setFilterBoxFilter(148);\">Durabilit\u00e9<\/a><a href=\"#\" onclick=\"return window.siaBeratung.setFilterBoxFilter(312);\">Siedlungsnatur<\/a><a href=\"#\" onclick=\"return window.siaBeratung.setFilterBoxFilter(286);\">Bo\u00eete \u00e0 outils<\/a><a href=\"#\" onclick=\"return window.siaBeratung.setFilterBoxFilter([136,143,148,312,286,288,289]);\">Alle Filter ausw\u00e4hlen<\/a><\/div><\/div><label class=\"sia-beratung-db-filterbox-spacer\">&nbsp;<\/label><\/div><\/div><\/div><div class=\"sia-beratung-db-entry-searchtext\">toolbox siedlungsnatur | des connaissances pratiques, des outils \u00e9prouv\u00e9s et de l&#8217;inspiration pour promouvoir la biodiversit\u00e9. d\u00e9couvrez comment les environnements d&#8217;habitation et de travail peuvent \u00eatre adapt\u00e9s \u00e0 l&#8217;avenir, comment des espaces de rencontre et de mouvement attrayants peuvent \u00eatre cr\u00e9\u00e9s et comment le climat urbain peut devenir agr\u00e9able. la nature \u00e0 votre porte, pour vous \u00e9merveiller, observer et vous d\u00e9tendre. | biodiversit\u00e4t | klima | nachhaltigkeit | siedlungsnatur | werkzeugkasten | de | fr<\/div><\/article><article class=\"sia-beratung-db-entry\" data-id=\"1631\" data-cpt=\"sia-angebote\" data-slug=\"toolbox-standortentwicklung\" data-lat=\"53.5507112\" data-lng=\"10.0006485\" data-filter-139=\"1\" data-filter-146=\"1\" data-filter-152=\"1\" data-filter-142=\"1\" data-filter-163=\"1\" data-filter-167=\"1\" data-filter-168=\"1\" data-filter-228=\"1\" data-filter-283=\"1\" data-filter-288=\"1\" data-all-filter=\"139,146,152,142,163,167,168,228,283,288\"><div class=\"sia-beratung-db-entry-header\" onclick=\"return window.siaBeratung.toggleCpt(this);\"><div class=\"col-1\">Toolbox Standortentwicklung<\/div><div class=\"col-2\"><span>Schwyz<\/span><\/div><div class=\"col-3\"><span>Plateforme<\/span><\/div><div class=\"sia-beratung-db-angle\"><span class=\"sia-beratung-angle\"><\/span><\/div><\/div><div class=\"sia-beratung-db-entry-content\"><div class=\"sia-beratung-db-entry-content-columns\"><div class=\"col-1\"><p>Bev\u00f6lkerung und Anzahl Besch\u00e4ftigte im Kanton Schwyz wachsen. Das verlangt nach Raum. Angestrebt wird eine nachhaltige, qualit\u00e4tsvolle und wirtschaftlich ausbalancierte Standortentwicklung. Die Gemeinden sind gefordert.<\/p>\n<\/div><div class=\"col-2\"><\/div><\/div><div class=\"sia-beratung-db-entry-footer\"><div class=\"col-1\"><a href=\"https:\/\/genialregional-sz.ch\/toolbox\/toolbox\/\" class=\"sia-beratung-db-entry-link\" target=\"_blank\" rel=\"noopener\">Link zum Angebot<\/a><\/div><div class=\"col-2\"><div class=\"sia-beratung-db-filterbox\"><label class=\"toggle\" onclick=\"return window.siaBeratung.toggleFilterBox(this);\"><span>Dialogue<\/span><span>D\u00e9veloppement \u00e0 l\u2019int\u00e9rieur du milieu b\u00e2ti<\/span><span>Participation<\/span><span>Plans d\u2019affectation<\/span><span>Plateforme<\/span><span>Processus<\/span><span>Strat\u00e9gies de d\u00e9veloppement territorial<\/span><span>Coop\u00e9ration r\u00e9gionale<\/span><span>Schwyz<\/span><\/label><div class=\"options\"><a href=\"#\" onclick=\"return window.siaBeratung.setFilterBoxFilter(139);\">Dialogue<\/a><a href=\"#\" onclick=\"return window.siaBeratung.setFilterBoxFilter(142);\">D\u00e9veloppement \u00e0 l\u2019int\u00e9rieur du milieu b\u00e2ti<\/a><a href=\"#\" onclick=\"return window.siaBeratung.setFilterBoxFilter(146);\">Participation<\/a><a href=\"#\" onclick=\"return window.siaBeratung.setFilterBoxFilter(163);\">Plans d\u2019affectation<\/a><a href=\"#\" onclick=\"return window.siaBeratung.setFilterBoxFilter(283);\">Plateforme<\/a><a href=\"#\" onclick=\"return window.siaBeratung.setFilterBoxFilter(152);\">Processus<\/a><a href=\"#\" onclick=\"return window.siaBeratung.setFilterBoxFilter(167);\">Strat\u00e9gies de d\u00e9veloppement territorial<\/a><a href=\"#\" onclick=\"return window.siaBeratung.setFilterBoxFilter(168);\">Coop\u00e9ration r\u00e9gionale<\/a><a href=\"#\" onclick=\"return window.siaBeratung.setFilterBoxFilter(228);\">Schwyz<\/a><a href=\"#\" onclick=\"return window.siaBeratung.setFilterBoxFilter([139,146,152,142,163,167,168,228,283,288]);\">Alle Filter ausw\u00e4hlen<\/a><\/div><\/div><label class=\"sia-beratung-db-filterbox-spacer\">&nbsp;<\/label><\/div><\/div><\/div><div class=\"sia-beratung-db-entry-searchtext\">toolbox standortentwicklung | bev\u00f6lkerung und anzahl besch\u00e4ftigte im kanton schwyz wachsen. das verlangt nach raum. angestrebt wird eine nachhaltige, qualit\u00e4tsvolle und wirtschaftlich ausbalancierte standortentwicklung. die gemeinden sind gefordert. | dialog | mitwirkung | prozesse | innenentwicklung | nutzungsplanung | r\u00e4umliche entwicklungsleitbilder | regionale zusammenarbeit | schwyz | plattform | de<\/div><\/article><article class=\"sia-beratung-db-entry\" data-id=\"1632\" data-cpt=\"sia-angebote\" data-slug=\"trias-leitfaden-fuer-oeffentliche-beschaffungen\" data-lang-slug-de_de=\"\" data-lang-slug-en_gb=\"\" data-lang-slug-fr_fr=\"\" data-lang-slug-it_it=\"\" data-lat=\"53.5507112\" data-lng=\"10.0006485\" data-filter-148=\"1\" data-filter-151=\"1\" data-filter-161=\"1\" data-filter-186=\"1\" data-filter-240=\"1\" data-filter-258=\"1\" data-filter-260=\"1\" data-filter-283=\"1\" data-filter-288=\"1\" data-filter-289=\"1\" data-filter-290=\"1\" data-all-filter=\"148,151,161,186,240,258,260,283,288,289,290\"><div class=\"sia-beratung-db-entry-header\" onclick=\"return window.siaBeratung.toggleCpt(this);\"><div class=\"col-1\">TRIAS \u2013 Guide pour les march\u00e9s publics<\/div><div class=\"col-2\"><span>KBOB Conf\u00e9rence de coordination des services de la construction et des immeubles des ma\u00eetres d\u2019ouvrage public<\/span><span>DTAP Conf\u00e9rence suisse des directeurs cantonaux des travaux publics, de l'am\u00e9nagement du territoire et de l'environnement<\/span><span>ACS Association des Communes Suisses<\/span><span>UVS Union des villes suisses<\/span><\/div><div class=\"col-3\"><span>Plateforme<\/span><\/div><div class=\"sia-beratung-db-angle\"><span class=\"sia-beratung-angle\"><\/span><\/div><\/div><div class=\"sia-beratung-db-entry-content\"><div class=\"sia-beratung-db-entry-content-columns\"><div class=\"col-1\"><p>La Conf\u00e9d\u00e9ration, les cantons, les villes et les communes ont d\u00e9cid\u00e9 de poursuivre la collaboration dans le domaine des march\u00e9s publics. Un guide commun des march\u00e9s publics doit permettre d\u2019assurer l\u2019introduction et l\u2019ex\u00e9cution uniformes.<\/p>\n<\/div><div class=\"col-2\"><\/div><\/div><div class=\"sia-beratung-db-entry-footer\"><div class=\"col-1\"><a href=\"https:\/\/www.trias.swiss\/fr\/\" class=\"sia-beratung-db-entry-link\" target=\"_blank\" rel=\"noopener\">Link zum Angebot<\/a><\/div><div class=\"col-2\"><div class=\"sia-beratung-db-filterbox\"><label class=\"toggle\" onclick=\"return window.siaBeratung.toggleFilterBox(this);\"><span>DTAP Conf\u00e9rence suisse des directeurs cantonaux des travaux publics, de l'am\u00e9nagement du territoire et de l'environnement<\/span><span>KBOB Conf\u00e9rence de coordination des services de la construction et des immeubles des ma\u00eetres d\u2019ouvrage public<\/span><span>Projets de construction communaux<\/span><span>Durabilit\u00e9<\/span><span>Outils de planification<\/span><span>Plateforme<\/span><span>ACS Association des Communes Suisses<\/span><span>UVS Union des villes suisses<\/span><\/label><div class=\"options\"><a href=\"#\" onclick=\"return window.siaBeratung.setFilterBoxFilter(240);\">DTAP Conf\u00e9rence suisse des directeurs cantonaux des travaux publics, de l'am\u00e9nagement du territoire et de l'environnement<\/a><a href=\"#\" onclick=\"return window.siaBeratung.setFilterBoxFilter(186);\">KBOB Conf\u00e9rence de coordination des services de la construction et des immeubles des ma\u00eetres d\u2019ouvrage public<\/a><a href=\"#\" onclick=\"return window.siaBeratung.setFilterBoxFilter(161);\">Projets de construction communaux<\/a><a href=\"#\" onclick=\"return window.siaBeratung.setFilterBoxFilter(148);\">Durabilit\u00e9<\/a><a href=\"#\" onclick=\"return window.siaBeratung.setFilterBoxFilter(151);\">Outils de planification<\/a><a href=\"#\" onclick=\"return window.siaBeratung.setFilterBoxFilter(283);\">Plateforme<\/a><a href=\"#\" onclick=\"return window.siaBeratung.setFilterBoxFilter(258);\">ACS Association des Communes Suisses<\/a><a href=\"#\" onclick=\"return window.siaBeratung.setFilterBoxFilter(260);\">UVS Union des villes suisses<\/a><a href=\"#\" onclick=\"return window.siaBeratung.setFilterBoxFilter([148,151,161,186,240,258,260,283,288,289,290]);\">Alle Filter ausw\u00e4hlen<\/a><\/div><\/div><label class=\"sia-beratung-db-filterbox-spacer\">&nbsp;<\/label><\/div><\/div><\/div><div class=\"sia-beratung-db-entry-searchtext\">trias \u2013 leitfaden f\u00fcr \u00f6ffentliche beschaffungen | la conf\u00e9d\u00e9ration, les cantons, les villes et les communes ont d\u00e9cid\u00e9 de poursuivre la collaboration dans le domaine des march\u00e9s publics. un guide commun des march\u00e9s publics doit permettre d\u2019assurer l\u2019introduction et l\u2019ex\u00e9cution uniformes. | nachhaltigkeit | planungsinstrumente | kommunale bauprojekte | kbob koordinationskonferenz der bau- und liegenschaftsorgane der \u00f6ffentlichen bauherren | bpuk bau-, planungs- und umweltdirektoren-konferenz | sgv schweizerischer gemeindeverband | ssv schweizerischer st\u00e4dteverband | plattform | de | fr | it<\/div><\/article><article class=\"sia-beratung-db-entry\" data-id=\"1615\" data-cpt=\"sia-angebote\" data-slug=\"regionale-und-lokale-energieberatung-finden\" data-lang-slug-de_de=\"\" data-lang-slug-en_gb=\"\" data-lang-slug-fr_fr=\"\" data-lang-slug-it_it=\"\" data-lat=\"53.5507112\" data-lng=\"10.0009918\" data-filter-140=\"1\" data-filter-143=\"1\" data-filter-148=\"1\" data-filter-180=\"1\" data-filter-245=\"1\" data-filter-275=\"1\" data-filter-283=\"1\" data-filter-288=\"1\" data-filter-289=\"1\" data-filter-290=\"1\" data-all-filter=\"140,143,148,180,245,275,283,288,289,290\"><div class=\"sia-beratung-db-entry-header\" onclick=\"return window.siaBeratung.toggleCpt(this);\"><div class=\"col-1\">Trouver une offre de conseil en \u00e9nergie r\u00e9gionale ou locale<\/div><div class=\"col-2\"><span>OFEN Office f\u00e9d\u00e9ral de l'\u00e9nergie<\/span><span>SuisseEnergie<\/span><\/div><div class=\"col-3\"><span>Conseil direct<\/span><span>Plateforme<\/span><\/div><div class=\"sia-beratung-db-angle\"><span class=\"sia-beratung-angle\"><\/span><\/div><\/div><div class=\"sia-beratung-db-entry-content\"><div class=\"sia-beratung-db-entry-content-columns\"><div class=\"col-1\"><p>Les offres r\u00e9gionales et locales de conseil en \u00e9nergie vous informent de mani\u00e8re comp\u00e9tente en mati\u00e8re d\u2019\u00e9conomies d\u2019\u00e9nergie ou d\u2019\u00e9nergies renouvelables. Que vous soyez un particulier ou une entreprise, vous trouverez ici les interlocuteurs de votre r\u00e9gion.<\/p>\n<\/div><div class=\"col-2\"><\/div><\/div><div class=\"sia-beratung-db-entry-footer\"><div class=\"col-1\"><a href=\"https:\/\/www.suisseenergie.ch\/conseil\/conseil-en-energie\/?pk_vid=84af1c19d212b8b416837907768df4c4\" class=\"sia-beratung-db-entry-link\" target=\"_blank\" rel=\"noopener\">Link zum Angebot<\/a><\/div><div class=\"col-2\"><div class=\"sia-beratung-db-filterbox\"><label class=\"toggle\" onclick=\"return window.siaBeratung.toggleFilterBox(this);\"><span>OFEN Office f\u00e9d\u00e9ral de l'\u00e9nergie<\/span><span>Conseil direct<\/span><span>Energie<\/span><span>SuisseEnergie<\/span><span>Climat<\/span><span>Durabilit\u00e9<\/span><span>Plateforme<\/span><\/label><div class=\"options\"><a href=\"#\" onclick=\"return window.siaBeratung.setFilterBoxFilter(180);\">OFEN Office f\u00e9d\u00e9ral de l'\u00e9nergie<\/a><a href=\"#\" onclick=\"return window.siaBeratung.setFilterBoxFilter(275);\">Conseil direct<\/a><a href=\"#\" onclick=\"return window.siaBeratung.setFilterBoxFilter(140);\">Energie<\/a><a href=\"#\" onclick=\"return window.siaBeratung.setFilterBoxFilter(245);\">SuisseEnergie<\/a><a href=\"#\" onclick=\"return window.siaBeratung.setFilterBoxFilter(143);\">Climat<\/a><a href=\"#\" onclick=\"return window.siaBeratung.setFilterBoxFilter(148);\">Durabilit\u00e9<\/a><a href=\"#\" onclick=\"return window.siaBeratung.setFilterBoxFilter(283);\">Plateforme<\/a><a href=\"#\" onclick=\"return window.siaBeratung.setFilterBoxFilter([140,143,148,180,245,275,283,288,289,290]);\">Alle Filter ausw\u00e4hlen<\/a><\/div><\/div><label class=\"sia-beratung-db-filterbox-spacer\">&nbsp;<\/label><\/div><\/div><\/div><div class=\"sia-beratung-db-entry-searchtext\">regionale und lokale energieberatung finden | les offres r\u00e9gionales et locales de conseil en \u00e9nergie vous informent de mani\u00e8re comp\u00e9tente en mati\u00e8re d\u2019\u00e9conomies d\u2019\u00e9nergie ou d\u2019\u00e9nergies renouvelables. que vous soyez un particulier ou une entreprise, vous trouverez ici les interlocuteurs de votre r\u00e9gion. | energie | klima | nachhaltigkeit | bfe bundesamt f\u00fcr energie | energieschweiz | direkte beratung | plattform | de | fr | it<\/div><\/article><article class=\"sia-beratung-db-entry\" data-id=\"1717\" data-cpt=\"sia-ausbildung\" data-slug=\"ueberblick-ueber-das-planungs-bau-und-umweltrecht\" data-lang-slug-de_de=\"\" data-lang-slug-en_gb=\"\" data-lang-slug-fr_fr=\"\" data-lang-slug-it_it=\"\" data-lat=\"46.9617603345847\" data-lng=\"7.46459399805445\" data-filter-151=\"1\" data-filter-152=\"1\" data-filter-154=\"1\" data-filter-157=\"1\" data-filter-194=\"1\" data-filter-279=\"1\" data-filter-288=\"1\" data-all-filter=\"151,152,154,157,194,279,288\"><div class=\"sia-beratung-db-entry-header\" onclick=\"return window.siaBeratung.toggleCpt(this);\"><div class=\"col-1\">\u00dcberblick \u00fcber das Planungs-, Bau-, und Umweltrecht<\/div><div class=\"col-2\"><span>BWD Bern Bildungszentrum f\u00fcr Wirtschaft und Dienstleistung<\/span><\/div><div class=\"col-3\"><span>Cours et colloques<\/span><\/div><div class=\"sia-beratung-db-angle\"><span class=\"sia-beratung-angle\"><\/span><\/div><\/div><div class=\"sia-beratung-db-entry-content\"><div class=\"sia-beratung-db-entry-content-columns\"><div class=\"col-1\"><p>Kommunale und Kantonale Beh\u00f6rden und Verwaltungen sind vielf\u00e4ltig mit Fragen des Planungs-, Bau- und Umweltrechts konfrontiert. Der Vollzug obliegt dem Kanton und den Gemeinden. Die Vielfalt der Vorschriften und der am Vollzug involvierten Stellen macht den \u00dcberblick schwierig. Der Unterricht basiert auf dem im Kanton Bern geltenden Recht.<\/p>\n<\/div><div class=\"col-2\"><\/div><\/div><div class=\"sia-beratung-db-entry-footer\"><div class=\"col-1\"><a href=\"https:\/\/bwdbern.ch\/wb\/gemeinden\/lehrgaenge\/lehrgang-ueberblick-ueber-das-planungs-bau-und-umweltrecht-2\/\" class=\"sia-beratung-db-entry-link\" target=\"_blank\" rel=\"noopener\">Link zum Angebot<\/a><\/div><div class=\"col-2\"><div class=\"sia-beratung-db-filterbox\"><label class=\"toggle\" onclick=\"return window.siaBeratung.toggleFilterBox(this);\"><span>Proc\u00e9dures d\u2019autorisation de construire<\/span><span>BWD Bern Bildungszentrum f\u00fcr Wirtschaft und Dienstleistung<\/span><span>Formation continue pour le personnel politique et administratif<\/span><span>Cours et colloques<\/span><span>Outils de planification<\/span><span>Processus<\/span><\/label><div class=\"options\"><a href=\"#\" onclick=\"return window.siaBeratung.setFilterBoxFilter(154);\">Proc\u00e9dures d\u2019autorisation de construire<\/a><a href=\"#\" onclick=\"return window.siaBeratung.setFilterBoxFilter(194);\">BWD Bern Bildungszentrum f\u00fcr Wirtschaft und Dienstleistung<\/a><a href=\"#\" onclick=\"return window.siaBeratung.setFilterBoxFilter(157);\">Formation continue pour le personnel politique et administratif<\/a><a href=\"#\" onclick=\"return window.siaBeratung.setFilterBoxFilter(279);\">Cours et colloques<\/a><a href=\"#\" onclick=\"return window.siaBeratung.setFilterBoxFilter(151);\">Outils de planification<\/a><a href=\"#\" onclick=\"return window.siaBeratung.setFilterBoxFilter(152);\">Processus<\/a><a href=\"#\" onclick=\"return window.siaBeratung.setFilterBoxFilter([151,152,154,157,194,279,288]);\">Alle Filter ausw\u00e4hlen<\/a><\/div><\/div><label class=\"sia-beratung-db-filterbox-spacer\">&nbsp;<\/label><\/div><\/div><\/div><div class=\"sia-beratung-db-entry-searchtext\">\u00fcberblick \u00fcber das planungs-, bau-, und umweltrecht | kommunale und kantonale beh\u00f6rden und verwaltungen sind vielf\u00e4ltig mit fragen des planungs-, bau- und umweltrechts konfrontiert. der vollzug obliegt dem kanton und den gemeinden. die vielfalt der vorschriften und der am vollzug involvierten stellen macht den \u00fcberblick schwierig. der unterricht basiert auf dem im kanton bern geltenden recht. | planungsinstrumente | prozesse | baubewilligungsverfahren | fortbildung f\u00fcr politik und verwaltung | bwd bern bildungszentrum f\u00fcr wirtschaft und dienstleistung | kurse und tagungen | de<\/div><\/article><article class=\"sia-beratung-db-entry\" data-id=\"2895\" data-cpt=\"sia-angebote\" data-slug=\"umnutzung-des-landwirtschaftlichen-bauerbes-neue-form-des-wohnens\" data-lang-slug-de_de=\"\" data-lang-slug-en_gb=\"\" data-lang-slug-fr_fr=\"\" data-lang-slug-it_it=\"\" data-lat=\"53.5507112\" data-lng=\"10.0008202\" data-filter-138=\"1\" data-filter-140=\"1\" data-filter-143=\"1\" data-filter-148=\"1\" data-filter-150=\"1\" data-filter-160=\"1\" data-filter-205=\"1\" data-filter-218=\"1\" data-filter-270=\"1\" data-filter-288=\"1\" data-filter-289=\"1\" data-all-filter=\"138,140,143,148,150,160,205,218,270,288,289\"><div class=\"sia-beratung-db-entry-header\" onclick=\"return window.siaBeratung.toggleCpt(this);\"><div class=\"col-1\">Umnutzung des landwirtschaftlichen Bauerbes \u2013 Neue Form des Wohnens<\/div><div class=\"col-2\"><span>HEIA-FR Haute \u00e9cole d'ing\u00e9nierie et d'architecture de Fribourg<\/span><span>Fribourg<\/span><\/div><div class=\"col-3\"><span>Guide<\/span><\/div><div class=\"sia-beratung-db-angle\"><span class=\"sia-beratung-angle\"><\/span><\/div><\/div><div class=\"sia-beratung-db-entry-content\"><div class=\"sia-beratung-db-entry-content-columns\"><div class=\"col-1\"><p>De nombreux b\u00e2timents ruraux, t\u00e9moins d\u2019une riche tradition d\u2019architecture vernaculaire, sont actuellement d\u00e9saffect\u00e9s et condamn\u00e9s si on ne leur trouve pas un nouvel usage. Leur reconversion est une entreprise complexe autant sur le plan architectural, environnemental qu\u2019\u00e9conomique ; les probl\u00e8mes li\u00e9s \u00e0 la transformation sont souvent sous-estim\u00e9s. En proposant un outil de gestion du patrimoine rural b\u00e2ti, le projet RurBat d\u00e9montre par une approche globale le potentiel de sa r\u00e9habilitation et met en \u00e9vidence les contraintes de transformation et la r\u00e9elle adaptabilit\u00e9 de ces b\u00e2timents aux besoins et exigences d\u2019aujourd\u2019hui dans une perspective de d\u00e9veloppement durable.<\/p>\n<\/div><div class=\"col-2\"><\/div><\/div><div class=\"sia-beratung-db-entry-footer\"><div class=\"col-1\"><a href=\"https:\/\/www.heia-fr.ch\/media\/232b0jr5\/1_reconversion-du-partrimoine-architectural-rural.pdf\" class=\"sia-beratung-db-entry-link\" target=\"_blank\" rel=\"noopener\">Link zum Angebot<\/a><\/div><div class=\"col-2\"><div class=\"sia-beratung-db-filterbox\"><label class=\"toggle\" onclick=\"return window.siaBeratung.toggleFilterBox(this);\"><span>Guide<\/span><span>Monuments<\/span><span>Energie<\/span><span>Fribourg<\/span><span>HEIA-FR Haute \u00e9cole d'ing\u00e9nierie et d'architecture de Fribourg<\/span><span>Inventaires<\/span><span>Climat<\/span><span>Durabilit\u00e9<\/span><span>Sites construits<\/span><\/label><div class=\"options\"><a href=\"#\" onclick=\"return window.siaBeratung.setFilterBoxFilter(270);\">Guide<\/a><a href=\"#\" onclick=\"return window.siaBeratung.setFilterBoxFilter(138);\">Monuments<\/a><a href=\"#\" onclick=\"return window.siaBeratung.setFilterBoxFilter(140);\">Energie<\/a><a href=\"#\" onclick=\"return window.siaBeratung.setFilterBoxFilter(218);\">Fribourg<\/a><a href=\"#\" onclick=\"return window.siaBeratung.setFilterBoxFilter(205);\">HEIA-FR Haute \u00e9cole d'ing\u00e9nierie et d'architecture de Fribourg<\/a><a href=\"#\" onclick=\"return window.siaBeratung.setFilterBoxFilter(160);\">Inventaires<\/a><a href=\"#\" onclick=\"return window.siaBeratung.setFilterBoxFilter(143);\">Climat<\/a><a href=\"#\" onclick=\"return window.siaBeratung.setFilterBoxFilter(148);\">Durabilit\u00e9<\/a><a href=\"#\" onclick=\"return window.siaBeratung.setFilterBoxFilter(150);\">Sites construits<\/a><a href=\"#\" onclick=\"return window.siaBeratung.setFilterBoxFilter([138,140,143,148,150,160,205,218,270,288,289]);\">Alle Filter ausw\u00e4hlen<\/a><\/div><\/div><label class=\"sia-beratung-db-filterbox-spacer\">&nbsp;<\/label><\/div><\/div><\/div><div class=\"sia-beratung-db-entry-searchtext\">umnutzung des landwirtschaftlichen bauerbes - neue form des wohnens | de nombreux b\u00e2timents ruraux, t\u00e9moins d\u2019une riche tradition d\u2019architecture vernaculaire, sont actuellement d\u00e9saffect\u00e9s et condamn\u00e9s si on ne leur trouve pas un nouvel usage. leur reconversion est une entreprise complexe autant sur le plan architectural, environnemental qu\u2019\u00e9conomique ; les probl\u00e8mes li\u00e9s \u00e0 la transformation sont souvent sous-estim\u00e9s. en proposant un outil de gestion du patrimoine rural b\u00e2ti, le projet rurbat d\u00e9montre par une approche globale le potentiel de sa r\u00e9habilitation et met en \u00e9vidence les contraintes de transformation et la r\u00e9elle adaptabilit\u00e9 de ces b\u00e2timents aux besoins et exigences d\u2019aujourd\u2019hui dans une perspective de d\u00e9veloppement durable. | denkm\u00e4ler | energie | klima | nachhaltigkeit | ortsbilder | inventare | hta-fr hochschule f\u00fcr technik und architektur freiburg | freiburg | arbeitshilfe | de | fr<\/div><\/article><article class=\"sia-beratung-db-entry\" data-id=\"1633\" data-cpt=\"sia-angebote\" data-slug=\"umweltberatung-lzern-infoportal-zu-umwelt-natur-und-energie\" data-lat=\"53.5507112\" data-lng=\"10.0009918\" data-filter-136=\"1\" data-filter-140=\"1\" data-filter-143=\"1\" data-filter-148=\"1\" data-filter-223=\"1\" data-filter-270=\"1\" data-filter-283=\"1\" data-filter-288=\"1\" data-all-filter=\"136,140,143,148,223,270,283,288\"><div class=\"sia-beratung-db-entry-header\" onclick=\"return window.siaBeratung.toggleCpt(this);\"><div class=\"col-1\">Umweltberatung Luzern: Infoportal zu Umwelt, Natur und Energie<\/div><div class=\"col-2\"><span>Lucerne<\/span><\/div><div class=\"col-3\"><span>Guide<\/span><span>Plateforme<\/span><\/div><div class=\"sia-beratung-db-angle\"><span class=\"sia-beratung-angle\"><\/span><\/div><\/div><div class=\"sia-beratung-db-entry-content\"><div class=\"sia-beratung-db-entry-content-columns\"><div class=\"col-1\"><p>Die Umweltberatung Luzern ist das Infoportal f\u00fcr Natur-, Umwelt- und Energiefragen von Stadt und Kanton Luzern. Zusammen mit der Agentur Umsicht bietet sie verschiedene Dienstleistungen und Beratungen an \u2013 f\u00fcr Gemeinden, Schulen, Firmen und Privatpersonen.<\/p>\n<\/div><div class=\"col-2\"><\/div><\/div><div class=\"sia-beratung-db-entry-footer\"><div class=\"col-1\"><a href=\"https:\/\/umweltberatung-luzern.ch\/\" class=\"sia-beratung-db-entry-link\" target=\"_blank\" rel=\"noopener\">Link zum Angebot<\/a><\/div><div class=\"col-2\"><div class=\"sia-beratung-db-filterbox\"><label class=\"toggle\" onclick=\"return window.siaBeratung.toggleFilterBox(this);\"><span>Guide<\/span><span>Biodiversit\u00e9<\/span><span>Energie<\/span><span>Climat<\/span><span>Lucerne<\/span><span>Durabilit\u00e9<\/span><span>Plateforme<\/span><\/label><div class=\"options\"><a href=\"#\" onclick=\"return window.siaBeratung.setFilterBoxFilter(270);\">Guide<\/a><a href=\"#\" onclick=\"return window.siaBeratung.setFilterBoxFilter(136);\">Biodiversit\u00e9<\/a><a href=\"#\" onclick=\"return window.siaBeratung.setFilterBoxFilter(140);\">Energie<\/a><a href=\"#\" onclick=\"return window.siaBeratung.setFilterBoxFilter(143);\">Climat<\/a><a href=\"#\" onclick=\"return window.siaBeratung.setFilterBoxFilter(223);\">Lucerne<\/a><a href=\"#\" onclick=\"return window.siaBeratung.setFilterBoxFilter(148);\">Durabilit\u00e9<\/a><a href=\"#\" onclick=\"return window.siaBeratung.setFilterBoxFilter(283);\">Plateforme<\/a><a href=\"#\" onclick=\"return window.siaBeratung.setFilterBoxFilter([136,140,143,148,223,270,283,288]);\">Alle Filter ausw\u00e4hlen<\/a><\/div><\/div><label class=\"sia-beratung-db-filterbox-spacer\">&nbsp;<\/label><\/div><\/div><\/div><div class=\"sia-beratung-db-entry-searchtext\">umweltberatung luzern: infoportal zu umwelt, natur und energie | die umweltberatung luzern ist das infoportal f\u00fcr natur-, umwelt- und energiefragen von stadt und kanton luzern. zusammen mit der agentur umsicht bietet sie verschiedene dienstleistungen und beratungen an \u2013 f\u00fcr gemeinden, schulen, firmen und privatpersonen. | biodiversit\u00e4t | energie | klima | nachhaltigkeit | luzern | arbeitshilfe | plattform | de<\/div><\/article><article class=\"sia-beratung-db-entry\" data-id=\"1719\" data-cpt=\"sia-ausbildung\" data-slug=\"urbanisme\" data-lat=\"46.1942301792398\" data-lng=\"6.14039225067518\" data-filter-135=\"1\" data-filter-139=\"1\" data-filter-141=\"1\" data-filter-142=\"1\" data-filter-144=\"1\" data-filter-146=\"1\" data-filter-147=\"1\" data-filter-148=\"1\" data-filter-149=\"1\" data-filter-151=\"1\" data-filter-152=\"1\" data-filter-163=\"1\" data-filter-167=\"1\" data-filter-168=\"1\" data-filter-169=\"1\" data-filter-196=\"1\" data-filter-208=\"1\" data-filter-282=\"1\" data-filter-289=\"1\" data-all-filter=\"135,139,141,142,144,146,147,148,149,151,152,163,167,168,169,196,208,282,289\"><div class=\"sia-beratung-db-entry-header\" onclick=\"return window.siaBeratung.toggleCpt(this);\"><div class=\"col-1\">Urbanisme<\/div><div class=\"col-2\"><span>EPFL \u00c9cole polytechnique f\u00e9d\u00e9rale de Lausanne<\/span><span>Universit\u00e9 de Gen\u00e8ve<\/span><\/div><div class=\"col-3\"><span>MAS<\/span><\/div><div class=\"sia-beratung-db-angle\"><span class=\"sia-beratung-angle\"><\/span><\/div><\/div><div class=\"sia-beratung-db-entry-content\"><div class=\"sia-beratung-db-entry-content-columns\"><div class=\"col-1\"><p>Ce master propose un passage en revue des concepts et pr\u00e9ceptes contemporains de l\u2019urbanisme ainsi que de l\u2019usage des outils num\u00e9riques au service de la planification, de la pratique du projet ou de son op\u00e9rationnalisation. Il aborde la mise en \u0153uvre de strat\u00e9gies fonci\u00e8res, les montages financiers, l\u2019activation d\u2019outils juridiques ou le d\u00e9ploiement d\u2019une action publique locale.<\/p>\n<\/div><div class=\"col-2\"><\/div><\/div><div class=\"sia-beratung-db-entry-footer\"><div class=\"col-1\"><a href=\"https:\/\/www.unige.ch\/formcont\/cours\/mas-urbanisme\" class=\"sia-beratung-db-entry-link\" target=\"_blank\" rel=\"noopener\">Link zum Angebot<\/a><\/div><div class=\"col-2\"><div class=\"sia-beratung-db-filterbox\"><label class=\"toggle\" onclick=\"return window.siaBeratung.toggleFilterBox(this);\"><span>Construire dans le b\u00e2ti existant<\/span><span>Dialogue<\/span><span>EPFL \u00c9cole polytechnique f\u00e9d\u00e9rale de Lausanne<\/span><span>Infrastructure<\/span><span>D\u00e9veloppement \u00e0 l\u2019int\u00e9rieur du milieu b\u00e2ti<\/span><span>Paysage<\/span><span>MAS<\/span><span>Participation<\/span><span>Mobilit\u00e9<\/span><span>Durabilit\u00e9<\/span><span>Plans d\u2019affectation<\/span><span>Espace public<\/span><span>Outils de planification<\/span><span>Processus<\/span><span>Strat\u00e9gies de d\u00e9veloppement territorial<\/span><span>Coop\u00e9ration r\u00e9gionale<\/span><span>Plans d\u2019affectation sp\u00e9ciaux<\/span><span>Universit\u00e9 de Gen\u00e8ve<\/span><\/label><div class=\"options\"><a href=\"#\" onclick=\"return window.siaBeratung.setFilterBoxFilter(135);\">Construire dans le b\u00e2ti existant<\/a><a href=\"#\" onclick=\"return window.siaBeratung.setFilterBoxFilter(139);\">Dialogue<\/a><a href=\"#\" onclick=\"return window.siaBeratung.setFilterBoxFilter(196);\">EPFL \u00c9cole polytechnique f\u00e9d\u00e9rale de Lausanne<\/a><a href=\"#\" onclick=\"return window.siaBeratung.setFilterBoxFilter(141);\">Infrastructure<\/a><a href=\"#\" onclick=\"return window.siaBeratung.setFilterBoxFilter(142);\">D\u00e9veloppement \u00e0 l\u2019int\u00e9rieur du milieu b\u00e2ti<\/a><a href=\"#\" onclick=\"return window.siaBeratung.setFilterBoxFilter(144);\">Paysage<\/a><a href=\"#\" onclick=\"return window.siaBeratung.setFilterBoxFilter(282);\">MAS<\/a><a href=\"#\" onclick=\"return window.siaBeratung.setFilterBoxFilter(146);\">Participation<\/a><a href=\"#\" onclick=\"return window.siaBeratung.setFilterBoxFilter(147);\">Mobilit\u00e9<\/a><a href=\"#\" onclick=\"return window.siaBeratung.setFilterBoxFilter(148);\">Durabilit\u00e9<\/a><a href=\"#\" onclick=\"return window.siaBeratung.setFilterBoxFilter(163);\">Plans d\u2019affectation<\/a><a href=\"#\" onclick=\"return window.siaBeratung.setFilterBoxFilter(149);\">Espace public<\/a><a href=\"#\" onclick=\"return window.siaBeratung.setFilterBoxFilter(151);\">Outils de planification<\/a><a href=\"#\" onclick=\"return window.siaBeratung.setFilterBoxFilter(152);\">Processus<\/a><a href=\"#\" onclick=\"return window.siaBeratung.setFilterBoxFilter(167);\">Strat\u00e9gies de d\u00e9veloppement territorial<\/a><a href=\"#\" onclick=\"return window.siaBeratung.setFilterBoxFilter(168);\">Coop\u00e9ration r\u00e9gionale<\/a><a href=\"#\" onclick=\"return window.siaBeratung.setFilterBoxFilter(169);\">Plans d\u2019affectation sp\u00e9ciaux<\/a><a href=\"#\" onclick=\"return window.siaBeratung.setFilterBoxFilter(208);\">Universit\u00e9 de Gen\u00e8ve<\/a><a href=\"#\" onclick=\"return window.siaBeratung.setFilterBoxFilter([135,139,141,142,144,146,147,148,149,151,152,163,167,168,169,196,208,282,289]);\">Alle Filter ausw\u00e4hlen<\/a><\/div><\/div><label class=\"sia-beratung-db-filterbox-spacer\">&nbsp;<\/label><\/div><\/div><\/div><div class=\"sia-beratung-db-entry-searchtext\">urbanisme | ce master propose un passage en revue des concepts et pr\u00e9ceptes contemporains de l\u2019urbanisme ainsi que de l\u2019usage des outils num\u00e9riques au service de la planification, de la pratique du projet ou de son op\u00e9rationnalisation. il aborde la mise en \u0153uvre de strat\u00e9gies fonci\u00e8res, les montages financiers, l\u2019activation d\u2019outils juridiques ou le d\u00e9ploiement d\u2019une action publique locale. | bauen im bestand | dialog | infrastruktur | innenentwicklung | landschaft | mitwirkung | mobilit\u00e4t | nachhaltigkeit | \u00f6ffentlicher raum | planungsinstrumente | prozesse | nutzungsplanung | r\u00e4umliche entwicklungsleitbilder | regionale zusammenarbeit | sondernutzplanung | epfl \u00e9cole polytechnique f\u00e9d\u00e9rale de lausanne | universit\u00e9 de gen\u00e8ve | mas | fr<\/div><\/article><article class=\"sia-beratung-db-entry\" data-id=\"1721\" data-cpt=\"sia-ausbildung\" data-slug=\"urbanisme-operationnel-et-operateurs-urbains\" data-lat=\"46.1942301792398\" data-lng=\"6.14039225067518\" data-filter-135=\"1\" data-filter-139=\"1\" data-filter-141=\"1\" data-filter-142=\"1\" data-filter-144=\"1\" data-filter-146=\"1\" data-filter-147=\"1\" data-filter-148=\"1\" data-filter-149=\"1\" data-filter-151=\"1\" data-filter-152=\"1\" data-filter-163=\"1\" data-filter-167=\"1\" data-filter-168=\"1\" data-filter-169=\"1\" data-filter-196=\"1\" data-filter-208=\"1\" data-filter-272=\"1\" data-filter-289=\"1\" data-all-filter=\"135,139,141,142,144,146,147,148,149,151,152,163,167,168,169,196,208,272,289\"><div class=\"sia-beratung-db-entry-header\" onclick=\"return window.siaBeratung.toggleCpt(this);\"><div class=\"col-1\">Urbanisme op\u00e9rationnel et op\u00e9rateurs urbains<\/div><div class=\"col-2\"><span>EPFL \u00c9cole polytechnique f\u00e9d\u00e9rale de Lausanne<\/span><span>Universit\u00e9 de Gen\u00e8ve<\/span><\/div><div class=\"col-3\"><span>CAS<\/span><\/div><div class=\"sia-beratung-db-angle\"><span class=\"sia-beratung-angle\"><\/span><\/div><\/div><div class=\"sia-beratung-db-entry-content\"><div class=\"sia-beratung-db-entry-content-columns\"><div class=\"col-1\"><p>Dans le cadre de ce CAS, l&#8217;analyse du r\u00f4le des acteurs\/trices et des \u00e9tapes de la mise en \u0153uvre des plans, de la d\u00e9finition des politiques \u00e0 la construction des b\u00e2timents seront abord\u00e9s tout comme les politiques d\u2019acquisitions fonci\u00e8res, l\u2019anticipation de la rentabilit\u00e9 financi\u00e8re et les dispositifs des autorisations de construire.<\/p>\n<\/div><div class=\"col-2\"><\/div><\/div><div class=\"sia-beratung-db-entry-footer\"><div class=\"col-1\"><a href=\"https:\/\/www.unige.ch\/formcont\/cours\/urbanisme-operationnel#t2\" class=\"sia-beratung-db-entry-link\" target=\"_blank\" rel=\"noopener\">Link zum Angebot<\/a><\/div><div class=\"col-2\"><div class=\"sia-beratung-db-filterbox\"><label class=\"toggle\" onclick=\"return window.siaBeratung.toggleFilterBox(this);\"><span>Construire dans le b\u00e2ti existant<\/span><span>CAS<\/span><span>Dialogue<\/span><span>EPFL \u00c9cole polytechnique f\u00e9d\u00e9rale de Lausanne<\/span><span>Infrastructure<\/span><span>D\u00e9veloppement \u00e0 l\u2019int\u00e9rieur du milieu b\u00e2ti<\/span><span>Paysage<\/span><span>Participation<\/span><span>Mobilit\u00e9<\/span><span>Durabilit\u00e9<\/span><span>Plans d\u2019affectation<\/span><span>Espace public<\/span><span>Outils de planification<\/span><span>Processus<\/span><span>Strat\u00e9gies de d\u00e9veloppement territorial<\/span><span>Coop\u00e9ration r\u00e9gionale<\/span><span>Plans d\u2019affectation sp\u00e9ciaux<\/span><span>Universit\u00e9 de Gen\u00e8ve<\/span><\/label><div class=\"options\"><a href=\"#\" onclick=\"return window.siaBeratung.setFilterBoxFilter(135);\">Construire dans le b\u00e2ti existant<\/a><a href=\"#\" onclick=\"return window.siaBeratung.setFilterBoxFilter(272);\">CAS<\/a><a href=\"#\" onclick=\"return window.siaBeratung.setFilterBoxFilter(139);\">Dialogue<\/a><a href=\"#\" onclick=\"return window.siaBeratung.setFilterBoxFilter(196);\">EPFL \u00c9cole polytechnique f\u00e9d\u00e9rale de Lausanne<\/a><a href=\"#\" onclick=\"return window.siaBeratung.setFilterBoxFilter(141);\">Infrastructure<\/a><a href=\"#\" onclick=\"return window.siaBeratung.setFilterBoxFilter(142);\">D\u00e9veloppement \u00e0 l\u2019int\u00e9rieur du milieu b\u00e2ti<\/a><a href=\"#\" onclick=\"return window.siaBeratung.setFilterBoxFilter(144);\">Paysage<\/a><a href=\"#\" onclick=\"return window.siaBeratung.setFilterBoxFilter(146);\">Participation<\/a><a href=\"#\" onclick=\"return window.siaBeratung.setFilterBoxFilter(147);\">Mobilit\u00e9<\/a><a href=\"#\" onclick=\"return window.siaBeratung.setFilterBoxFilter(148);\">Durabilit\u00e9<\/a><a href=\"#\" onclick=\"return window.siaBeratung.setFilterBoxFilter(163);\">Plans d\u2019affectation<\/a><a href=\"#\" onclick=\"return window.siaBeratung.setFilterBoxFilter(149);\">Espace public<\/a><a href=\"#\" onclick=\"return window.siaBeratung.setFilterBoxFilter(151);\">Outils de planification<\/a><a href=\"#\" onclick=\"return window.siaBeratung.setFilterBoxFilter(152);\">Processus<\/a><a href=\"#\" onclick=\"return window.siaBeratung.setFilterBoxFilter(167);\">Strat\u00e9gies de d\u00e9veloppement territorial<\/a><a href=\"#\" onclick=\"return window.siaBeratung.setFilterBoxFilter(168);\">Coop\u00e9ration r\u00e9gionale<\/a><a href=\"#\" onclick=\"return window.siaBeratung.setFilterBoxFilter(169);\">Plans d\u2019affectation sp\u00e9ciaux<\/a><a href=\"#\" onclick=\"return window.siaBeratung.setFilterBoxFilter(208);\">Universit\u00e9 de Gen\u00e8ve<\/a><a href=\"#\" onclick=\"return window.siaBeratung.setFilterBoxFilter([135,139,141,142,144,146,147,148,149,151,152,163,167,168,169,196,208,272,289]);\">Alle Filter ausw\u00e4hlen<\/a><\/div><\/div><label class=\"sia-beratung-db-filterbox-spacer\">&nbsp;<\/label><\/div><\/div><\/div><div class=\"sia-beratung-db-entry-searchtext\">urbanisme op\u00e9rationnel et op\u00e9rateurs urbains | dans le cadre de ce cas, l&#8217;analyse du r\u00f4le des acteurs\/trices et des \u00e9tapes de la mise en \u0153uvre des plans, de la d\u00e9finition des politiques \u00e0 la construction des b\u00e2timents seront abord\u00e9s tout comme les politiques d\u2019acquisitions fonci\u00e8res, l\u2019anticipation de la rentabilit\u00e9 financi\u00e8re et les dispositifs des autorisations de construire. | bauen im bestand | dialog | infrastruktur | innenentwicklung | landschaft | mitwirkung | mobilit\u00e4t | nachhaltigkeit | \u00f6ffentlicher raum | planungsinstrumente | prozesse | nutzungsplanung | r\u00e4umliche entwicklungsleitbilder | regionale zusammenarbeit | sondernutzplanung | epfl \u00e9cole polytechnique f\u00e9d\u00e9rale de lausanne | universit\u00e9 de gen\u00e8ve | cas | fr<\/div><\/article><article class=\"sia-beratung-db-entry\" data-id=\"1718\" data-cpt=\"sia-ausbildung\" data-slug=\"urban-management\" data-lat=\"47.4020390531539\" data-lng=\"8.54625707935091\" data-filter-135=\"1\" data-filter-137=\"1\" data-filter-141=\"1\" data-filter-142=\"1\" data-filter-144=\"1\" data-filter-145=\"1\" data-filter-146=\"1\" data-filter-147=\"1\" data-filter-148=\"1\" data-filter-149=\"1\" data-filter-151=\"1\" data-filter-152=\"1\" data-filter-157=\"1\" data-filter-161=\"1\" data-filter-164=\"1\" data-filter-166=\"1\" data-filter-167=\"1\" data-filter-169=\"1\" data-filter-209=\"1\" data-filter-272=\"1\" data-filter-288=\"1\" data-all-filter=\"135,137,141,142,144,145,146,147,148,149,151,152,157,161,164,166,167,169,209,272,288\"><div class=\"sia-beratung-db-entry-header\" onclick=\"return window.siaBeratung.toggleCpt(this);\"><div class=\"col-1\">Urban Management<\/div><div class=\"col-2\"><span>UZH Universit\u00e4t Z\u00fcrich<\/span><\/div><div class=\"col-3\"><span>CAS<\/span><\/div><div class=\"sia-beratung-db-angle\"><span class=\"sia-beratung-angle\"><\/span><\/div><\/div><div class=\"sia-beratung-db-entry-content\"><div class=\"sia-beratung-db-entry-content-columns\"><div class=\"col-1\"><p>Immobilien-, Gebiets- und Stadtentwicklungen bedingen heute eine intensive Zusammenarbeit zwischen der \u00f6ffentlichen Hand und der Immobilienwirtschaft. Im Studiengang CAS UZH in Urban Management lernen Sie innovative Instrumente und Organisationsmodelle kennen, um gemeinsam Werte zu schaffen.<\/p>\n<\/div><div class=\"col-2\"><\/div><\/div><div class=\"sia-beratung-db-entry-footer\"><div class=\"col-1\"><a href=\"https:\/\/www.curem.uzh.ch\/de\/weiterbildungen\/casurbanmanagement.html\" class=\"sia-beratung-db-entry-link\" target=\"_blank\" rel=\"noopener\">Link zum Angebot<\/a><\/div><div class=\"col-2\"><div class=\"sia-beratung-db-filterbox\"><label class=\"toggle\" onclick=\"return window.siaBeratung.toggleFilterBox(this);\"><span>Construire dans le b\u00e2ti existant<\/span><span>Politique fonci\u00e8re<\/span><span>CAS<\/span><span>Formation continue pour le personnel politique et administratif<\/span><span>Infrastructure<\/span><span>D\u00e9veloppement \u00e0 l\u2019int\u00e9rieur du milieu b\u00e2ti<\/span><span>Projets de construction communaux<\/span><span>Paysage<\/span><span>Politique immobili\u00e8re<\/span><span>Participation<\/span><span>Mobilit\u00e9<\/span><span>Durabilit\u00e9<\/span><span>Espace public<\/span><span>Outils de planification<\/span><span>Partenariat public-priv\u00e9<\/span><span>Processus<\/span><span>Proc\u00e9dures d\u2019assurance qualit\u00e9<\/span><span>Strat\u00e9gies de d\u00e9veloppement territorial<\/span><span>Plans d\u2019affectation sp\u00e9ciaux<\/span><span>UZH Universit\u00e4t Z\u00fcrich<\/span><\/label><div class=\"options\"><a href=\"#\" onclick=\"return window.siaBeratung.setFilterBoxFilter(135);\">Construire dans le b\u00e2ti existant<\/a><a href=\"#\" onclick=\"return window.siaBeratung.setFilterBoxFilter(137);\">Politique fonci\u00e8re<\/a><a href=\"#\" onclick=\"return window.siaBeratung.setFilterBoxFilter(272);\">CAS<\/a><a href=\"#\" onclick=\"return window.siaBeratung.setFilterBoxFilter(157);\">Formation continue pour le personnel politique et administratif<\/a><a href=\"#\" onclick=\"return window.siaBeratung.setFilterBoxFilter(141);\">Infrastructure<\/a><a href=\"#\" onclick=\"return window.siaBeratung.setFilterBoxFilter(142);\">D\u00e9veloppement \u00e0 l\u2019int\u00e9rieur du milieu b\u00e2ti<\/a><a href=\"#\" onclick=\"return window.siaBeratung.setFilterBoxFilter(161);\">Projets de construction communaux<\/a><a href=\"#\" onclick=\"return window.siaBeratung.setFilterBoxFilter(144);\">Paysage<\/a><a href=\"#\" onclick=\"return window.siaBeratung.setFilterBoxFilter(145);\">Politique immobili\u00e8re<\/a><a href=\"#\" onclick=\"return window.siaBeratung.setFilterBoxFilter(146);\">Participation<\/a><a href=\"#\" onclick=\"return window.siaBeratung.setFilterBoxFilter(147);\">Mobilit\u00e9<\/a><a href=\"#\" onclick=\"return window.siaBeratung.setFilterBoxFilter(148);\">Durabilit\u00e9<\/a><a href=\"#\" onclick=\"return window.siaBeratung.setFilterBoxFilter(149);\">Espace public<\/a><a href=\"#\" onclick=\"return window.siaBeratung.setFilterBoxFilter(151);\">Outils de planification<\/a><a href=\"#\" onclick=\"return window.siaBeratung.setFilterBoxFilter(164);\">Partenariat public-priv\u00e9<\/a><a href=\"#\" onclick=\"return window.siaBeratung.setFilterBoxFilter(152);\">Processus<\/a><a href=\"#\" onclick=\"return window.siaBeratung.setFilterBoxFilter(166);\">Proc\u00e9dures d\u2019assurance qualit\u00e9<\/a><a href=\"#\" onclick=\"return window.siaBeratung.setFilterBoxFilter(167);\">Strat\u00e9gies de d\u00e9veloppement territorial<\/a><a href=\"#\" onclick=\"return window.siaBeratung.setFilterBoxFilter(169);\">Plans d\u2019affectation sp\u00e9ciaux<\/a><a href=\"#\" onclick=\"return window.siaBeratung.setFilterBoxFilter(209);\">UZH Universit\u00e4t Z\u00fcrich<\/a><a href=\"#\" onclick=\"return window.siaBeratung.setFilterBoxFilter([135,137,141,142,144,145,146,147,148,149,151,152,157,161,164,166,167,169,209,272,288]);\">Alle Filter ausw\u00e4hlen<\/a><\/div><\/div><label class=\"sia-beratung-db-filterbox-spacer\">&nbsp;<\/label><\/div><\/div><\/div><div class=\"sia-beratung-db-entry-searchtext\">urban management | immobilien-, gebiets- und stadtentwicklungen bedingen heute eine intensive zusammenarbeit zwischen der \u00f6ffentlichen hand und der immobilienwirtschaft. im studiengang cas uzh in urban management lernen sie innovative instrumente und organisationsmodelle kennen, um gemeinsam werte zu schaffen. | bauen im bestand | bodenpolitik | infrastruktur | innenentwicklung | landschaft | liegenschaftspolitik | mitwirkung | mobilit\u00e4t | nachhaltigkeit | \u00f6ffentlicher raum | planungsinstrumente | prozesse | fortbildung f\u00fcr politik und verwaltung | kommunale bauprojekte | ppp | qualit\u00e4tssichernde verfahren | r\u00e4umliche entwicklungsleitbilder | sondernutzplanung | uzh universit\u00e4t z\u00fcrich | cas | de<\/div><\/article><article class=\"sia-beratung-db-entry\" data-id=\"2969\" data-cpt=\"sia-beispiele\" data-slug=\"uzwil-verborgene-schoenheiten-sichtbar-machen\" data-lang-slug-de_de=\"\" data-lang-slug-en_gb=\"\" data-lang-slug-fr_fr=\"\" data-lang-slug-it_it=\"\" data-lat=\"47.4370286\" data-lng=\"9.1333723\" data-filter-138=\"1\" data-filter-139=\"1\" data-filter-144=\"1\" data-filter-149=\"1\" data-filter-150=\"1\" data-filter-156=\"1\" data-filter-160=\"1\" data-filter-165=\"1\" data-filter-288=\"1\" data-filter-289=\"1\" data-filter-290=\"1\" data-all-filter=\"138,139,144,149,150,156,160,165,288,289,290\"><div class=\"sia-beratung-db-entry-header\" onclick=\"return window.siaBeratung.toggleCpt(this);\"><div class=\"col-1\">Uzwil : mise en lumi\u00e8re des beaut\u00e9s m\u00e9connues<\/div><div class=\"col-2\">Uzwil, SG<\/div><div class=\"sia-beratung-db-angle\"><span class=\"sia-beratung-angle\"><\/span><\/div><\/div><div class=\"sia-beratung-db-entry-content\"><div class=\"sia-beratung-db-entry-content-columns\"><div class=\"col-1\"><div class=\"sia-beratung-db-entry-slides\"><div class=\"sia-beratung-db-entry-swiper\"><div class=\"swiper-wrapper\"><div class=\"swiper-slide\"><img loading=\"lazy\" decoding=\"async\" src=\"https:\/\/baukulturschweiz.ch\/wp-content\/uploads\/2024\/01\/03_Uzwil_1_cLadinaBischoff-1024x768.jpg\" width=\"1024\" height=\"768\" \/><\/div><div class=\"swiper-slide\"><img loading=\"lazy\" decoding=\"async\" src=\"https:\/\/baukulturschweiz.ch\/wp-content\/uploads\/2024\/01\/04-230417_NKE2301_0024-1024x768.jpg\" width=\"1024\" height=\"768\" \/><\/div><div class=\"swiper-slide\"><img loading=\"lazy\" decoding=\"async\" src=\"https:\/\/baukulturschweiz.ch\/wp-content\/uploads\/2024\/01\/03_Uzwil_2_cNina-Keel-1024x768.jpg\" width=\"1024\" height=\"768\" \/><\/div><div class=\"swiper-slide\"><img loading=\"lazy\" decoding=\"async\" src=\"https:\/\/baukulturschweiz.ch\/wp-content\/uploads\/2024\/01\/03_Uzwil_4_cJuergGrau.png\" width=\"800\" height=\"600\" \/><\/div><\/div><\/div><a class=\"swiper-button swiper-button-prev\"><\/a><a class=\"swiper-button swiper-button-next mobile\"><\/a><div class=\"sia-beratung-db-slide-legends\"><small data-index=\"0\">\u00abHaus mit Nase\u00bb (maison avec nez) \u00e0 la Konsumstrasse \u00e0 Uzwil<br \/>\r\n\u00a9 Ladina Bischof<\/small><small data-index=\"1\" style=\"display:none;\">La tour d'habitation de 13 \u00e9tages fait partie du lotissement Wespiwiese.<br \/>\r\n\u00a9 Ladina Bischof<\/small><small data-index=\"2\" style=\"display:none;\">For\u00eat d\u2018affiches dans la Henauerstrasse \u00e0 Niederuzwil<br \/>\r\n\u00a9 Nina Keel<\/small><small data-index=\"3\" style=\"display:none;\">L\u2019\u00e9quipe du projet<br \/>\r\n\u00a9 J\u00fcrg Grau<\/small><small class=\"pageNo\">1\/4<\/small><\/div><\/div><\/div><div class=\"col-2\"><div class=\"sia-beratung-db-slide-texts\"><div class=\"sia-beratung-db-slide-text\" data-index=\"0\"><p>Une culture du b\u00e2ti de qualit\u00e9 offre \u00e0 toutes et \u00e0 tous des espaces de vie o\u00f9 il fait bon vivre. Mais il est parfois difficile de reconna\u00eetre, de comprendre et de voir le potentiel de ces qualit\u00e9s dans les lieux que nous habitons.<\/p>\n<p>Un dialogue ouvert, incluant des experts et la soci\u00e9t\u00e9 dans son ensemble, peut contribuer \u00e0 une compr\u00e9hension partag\u00e9e de ce qui distingue la culture du b\u00e2ti de qualit\u00e9. Cela permet de d\u00e9finir des objectifs et des mesures pour y parvenir, tout en encourageant la participation de chacun dans la prise de d\u00e9cision et l&#8217;am\u00e9nagement de l&#8217;espace, afin de se sentir co-responsables de son environnement.<\/p>\n<p>Des outils comme les d\u00e9marches participatives, les expositions, la formation professionnelle ou des offres d\u2019\u00e9ducation \u00e0 la port\u00e9e de tous et toutes permettent d\u2019affiner les nombreux processus impliquant la culture du b\u00e2ti et renforcent son importance en tant que bien commun. Leur mise en \u0153uvre requiert une prise de conscience g\u00e9n\u00e9rale du sujet et une sensibilit\u00e9 pour le lieu, son histoire, ses qualit\u00e9s ainsi que les possibilit\u00e9s de le r\u00e9inventer et de l&#8217;am\u00e9nager<\/p>\n<p><strong>R\u00f4le de la commune\u00a0:<\/strong> Inventorier, participer \u00e0 la r\u00e9flexion, pr\u00e9senter, reconna\u00eetre, valoriser<br \/>\n<strong>Organismes responsables\u00a0:<\/strong> Commune<br \/>\n<strong>Auteurs du projet\u00a0: <\/strong>Commune d&#8217;Uzwil, Nina Keel (Concept, Suivi de projet, Textes), Laura Prim (Design graphique), Ladina Bischoff (Photographie), Anina Frischknecht (Film)<\/p>\n<\/div><div class=\"sia-beratung-db-slide-text\" data-index=\"1\" style=\"display:none;\"><p>Uzwil est une commune du canton de Saint-Gall, regroupant les villages de Niederuzwil, Uzwil, Henau, Algetshausen, Niederstetten, Oberstetten et Stolzenberg. Elle compte 14 000 habitants dont environ 6 000 \u00e0 Niederuzwil et 5 000 \u00e0 Uzwil.<\/p>\n<p>En avril 2023 les autorit\u00e9s communales lancent le projet \u00ab Woher ? Wohin ? \u00bb (D\u2019o\u00f9 ? Vers o\u00f9 ?). Ce projet cherche \u00e0 diffuser et \u00e0 renforcer durablement la culture du b\u00e2ti locale notamment \u00e0 l\u2019aide de photographies et de textes. Le but est d\u2019attirer l\u2019attention du public sur les d\u00e9tails architecturaux souvent n\u00e9glig\u00e9s dans l&#8217;environnement d&#8217;Uzwil ainsi que sur des b\u00e2timents remarquables qui font partie du quotidien. Ainsi, la commune cherche \u00e0 sensibiliser la population aux particularit\u00e9s architecturales locales.<\/p>\n<p>Une part importante du projet consiste \u00e0 impliquer les personnes qui habitent ces b\u00e2timents. Des entretiens permettent d&#8217;\u00e9tablir un lien entre le caract\u00e8re des objets architecturaux et les histoires des personnes qui y vivent.<\/p>\n<p>\u00ab Ce qui est habituel et familier devient rapidement une \u00e9vidence. On croit le conna\u00eetre et on lui accorde \u00e0 peine plus d&#8217;attention. Jusqu&#8217;\u00e0 ce qu&#8217;un \u00e9tranger nous ouvre les yeux sur les beaut\u00e9s ignor\u00e9es. En r\u00e9sum\u00e9, c&#8217;est le but du projet &#8218;Woher? Wohin?&#8216; \u00bb pouvait-on lire dans la presse locale.<\/p>\n<\/div><div class=\"sia-beratung-db-slide-text\" data-index=\"2\" style=\"display:none;\"><p>Par la publication de textes et de photographies install\u00e9es notamment sur des panneaux d\u2019affichage dans l\u2019espace public, les beaut\u00e9s m\u00e9connues de l\u2019architecture locale ainsi que leurs habitantes et habitants sont mis en lumi\u00e8re. Une participante du projet d\u00e9crit qu\u2019elle a re\u00e7u une vague de r\u00e9actions positives de son entourage. Un compte sur les r\u00e9seaux sociaux (un canal Instagram @baukultur_uzwil) accompagne l\u2019exposition itin\u00e9rante et la compl\u00e8te avec de courts-m\u00e9trages. Des fiches d\u00e9taill\u00e9es par objet, rassemblant photographies et r\u00e9cits, sont publi\u00e9es au fur et \u00e0 mesure sur le site de la commune d\u2019o\u00f9 elles peuvent \u00eatre t\u00e9l\u00e9charg\u00e9es.<\/p>\n<p>Une for\u00eat d\u2019affiches se d\u00e9place en ville, en partie dans des endroits bien fr\u00e9quent\u00e9s par le public, en partie dans des endroits calmes qui deviennent une nouvelle destination gr\u00e2ce aux affiches. Ces installations sont accompagn\u00e9es d\u2019un vernissage public proposant une pr\u00e9sentation explicative et qui r\u00e9unit une communaut\u00e9 grandissante de personnes int\u00e9ress\u00e9es par la culture du b\u00e2ti locale.<\/p>\n<\/div><div class=\"sia-beratung-db-slide-text\" data-index=\"3\" style=\"display:none;\"><p>Derri\u00e8re ce projet se trouve une \u00e9quipe multidisciplinaire, compos\u00e9e de l&#8217;historienne de l&#8217;art Nina Keel (concept, gestion de projet, textes), Marco Bruggmann (gestion de projet pour la commune), Laura Prim (graphisme), Ladina Bischof (photographie) et Anina Frischknecht (courts-m\u00e9trages).<\/p>\n<p>Avec ce projet, la commune d\u2019Uzwil, en pleine \u00e9volution avec diff\u00e9rents projets de transformation, souhaite valoriser la culture du b\u00e2ti existante souvent m\u00e9connue par ses habitants et habitantes.<\/p>\n<\/div><\/div><div class=\"sia-beratung-db-filterbox\"><label class=\"toggle\" onclick=\"return window.siaBeratung.toggleFilterBox(this);\"><span>Conseil par les communes<\/span><span>Monuments<\/span><span>Dialogue<\/span><span>Inventaires<\/span><span>Paysage<\/span><span>Espace public<\/span><span>Sites construits<\/span><span>Soutien de projets<\/span><\/label><div class=\"options\"><a href=\"#\" onclick=\"return window.siaBeratung.setFilterBoxFilter(156);\">Conseil par les communes<\/a><a href=\"#\" onclick=\"return window.siaBeratung.setFilterBoxFilter(138);\">Monuments<\/a><a href=\"#\" onclick=\"return window.siaBeratung.setFilterBoxFilter(139);\">Dialogue<\/a><a href=\"#\" onclick=\"return window.siaBeratung.setFilterBoxFilter(160);\">Inventaires<\/a><a href=\"#\" onclick=\"return window.siaBeratung.setFilterBoxFilter(144);\">Paysage<\/a><a href=\"#\" onclick=\"return window.siaBeratung.setFilterBoxFilter(149);\">Espace public<\/a><a href=\"#\" onclick=\"return window.siaBeratung.setFilterBoxFilter(150);\">Sites construits<\/a><a href=\"#\" onclick=\"return window.siaBeratung.setFilterBoxFilter(165);\">Soutien de projets<\/a><a href=\"#\" onclick=\"return window.siaBeratung.setFilterBoxFilter([138,139,144,149,150,156,160,165,288,289,290]);\">Alle Filter ausw\u00e4hlen<\/a><\/div><\/div><label class=\"sia-beratung-db-filterbox-spacer\">&nbsp;<\/label><\/div><a class=\"swiper-button swiper-button-next desktop\"><\/a><\/div><\/div><div class=\"sia-beratung-db-entry-searchtext\">uzwil: verborgene sch\u00f6nheiten sichtbar machen | une culture du b\u00e2ti de qualit\u00e9 offre \u00e0 toutes et \u00e0 tous des espaces de vie o\u00f9 il fait bon vivre. mais il est parfois difficile de reconna\u00eetre, de comprendre et de voir le potentiel de ces qualit\u00e9s dans les lieux que nous habitons.un dialogue ouvert, incluant des experts et la soci\u00e9t\u00e9 dans son ensemble, peut contribuer \u00e0 une compr\u00e9hension partag\u00e9e de ce qui distingue la culture du b\u00e2ti de qualit\u00e9. cela permet de d\u00e9finir des objectifs et des mesures pour y parvenir, tout en encourageant la participation de chacun dans la prise de d\u00e9cision et l&#8217;am\u00e9nagement de l&#8217;espace, afin de se sentir co-responsables de son environnement.des outils comme les d\u00e9marches participatives, les expositions, la formation professionnelle ou des offres d\u2019\u00e9ducation \u00e0 la port\u00e9e de tous et toutes permettent d\u2019affiner les nombreux processus impliquant la culture du b\u00e2ti et renforcent son importance en tant que bien commun. leur mise en \u0153uvre requiert une prise de conscience g\u00e9n\u00e9rale du sujet et une sensibilit\u00e9 pour le lieu, son histoire, ses qualit\u00e9s ainsi que les possibilit\u00e9s de le r\u00e9inventer et de l&#8217;am\u00e9nagerr\u00f4le de la commune\u00a0: inventorier, participer \u00e0 la r\u00e9flexion, pr\u00e9senter, reconna\u00eetre, valoriserorganismes responsables\u00a0: communeauteurs du projet\u00a0: commune d&#8217;uzwil, nina keel (concept, suivi de projet, textes), laura prim (design graphique), ladina bischoff (photographie), anina frischknecht (film) | \u00abhaus mit nase\u00bb (maison avec nez) \u00e0 la konsumstrasse \u00e0 uzwil\r\u00a9 ladina bischof | uzwil est une commune du canton de saint-gall, regroupant les villages de niederuzwil, uzwil, henau, algetshausen, niederstetten, oberstetten et stolzenberg. elle compte 14 000 habitants dont environ 6 000 \u00e0 niederuzwil et 5 000 \u00e0 uzwil.en avril 2023 les autorit\u00e9s communales lancent le projet \u00ab woher ? wohin ? \u00bb (d\u2019o\u00f9 ? vers o\u00f9 ?). ce projet cherche \u00e0 diffuser et \u00e0 renforcer durablement la culture du b\u00e2ti locale notamment \u00e0 l\u2019aide de photographies et de textes. le but est d\u2019attirer l\u2019attention du public sur les d\u00e9tails architecturaux souvent n\u00e9glig\u00e9s dans l&#8217;environnement d&#8217;uzwil ainsi que sur des b\u00e2timents remarquables qui font partie du quotidien. ainsi, la commune cherche \u00e0 sensibiliser la population aux particularit\u00e9s architecturales locales.une part importante du projet consiste \u00e0 impliquer les personnes qui habitent ces b\u00e2timents. des entretiens permettent d&#8217;\u00e9tablir un lien entre le caract\u00e8re des objets architecturaux et les histoires des personnes qui y vivent.\u00ab ce qui est habituel et familier devient rapidement une \u00e9vidence. on croit le conna\u00eetre et on lui accorde \u00e0 peine plus d&#8217;attention. jusqu&#8217;\u00e0 ce qu&#8217;un \u00e9tranger nous ouvre les yeux sur les beaut\u00e9s ignor\u00e9es. en r\u00e9sum\u00e9, c&#8217;est le but du projet &#8218;woher? wohin?&#8216; \u00bb pouvait-on lire dans la presse locale. | la tour d'habitation de 13 \u00e9tages fait partie du lotissement wespiwiese.\r\u00a9 ladina bischof | par la publication de textes et de photographies install\u00e9es notamment sur des panneaux d\u2019affichage dans l\u2019espace public, les beaut\u00e9s m\u00e9connues de l\u2019architecture locale ainsi que leurs habitantes et habitants sont mis en lumi\u00e8re. une participante du projet d\u00e9crit qu\u2019elle a re\u00e7u une vague de r\u00e9actions positives de son entourage. un compte sur les r\u00e9seaux sociaux (un canal instagram @baukultur_uzwil) accompagne l\u2019exposition itin\u00e9rante et la compl\u00e8te avec de courts-m\u00e9trages. des fiches d\u00e9taill\u00e9es par objet, rassemblant photographies et r\u00e9cits, sont publi\u00e9es au fur et \u00e0 mesure sur le site de la commune d\u2019o\u00f9 elles peuvent \u00eatre t\u00e9l\u00e9charg\u00e9es.une for\u00eat d\u2019affiches se d\u00e9place en ville, en partie dans des endroits bien fr\u00e9quent\u00e9s par le public, en partie dans des endroits calmes qui deviennent une nouvelle destination gr\u00e2ce aux affiches. ces installations sont accompagn\u00e9es d\u2019un vernissage public proposant une pr\u00e9sentation explicative et qui r\u00e9unit une communaut\u00e9 grandissante de personnes int\u00e9ress\u00e9es par la culture du b\u00e2ti locale. | for\u00eat d\u2018affiches dans la henauerstrasse \u00e0 niederuzwil\r\u00a9 nina keel | derri\u00e8re ce projet se trouve une \u00e9quipe multidisciplinaire, compos\u00e9e de l&#8217;historienne de l&#8217;art nina keel (concept, gestion de projet, textes), marco bruggmann (gestion de projet pour la commune), laura prim (graphisme), ladina bischof (photographie) et anina frischknecht (courts-m\u00e9trages).avec ce projet, la commune d\u2019uzwil, en pleine \u00e9volution avec diff\u00e9rents projets de transformation, souhaite valoriser la culture du b\u00e2ti existante souvent m\u00e9connue par ses habitants et habitantes. | l\u2019\u00e9quipe du projet\r\u00a9 j\u00fcrg grau | denkm\u00e4ler | dialog | landschaft | \u00f6ffentlicher raum | ortsbilder | beratung durch gemeinden | inventare | projektunterst\u00fctzung | de | fr | it<\/div><\/article><article class=\"sia-beratung-db-entry\" data-id=\"1514\" data-cpt=\"sia-beispiele\" data-slug=\"vacallo-mehr-qualitaet-dank-optimal-genutzten-synergien\" data-lang-slug-de_de=\"\" data-lang-slug-en_gb=\"\" data-lang-slug-fr_fr=\"\" data-lang-slug-it_it=\"\" data-lat=\"45.8472168\" data-lng=\"9.0350533\" data-filter-135=\"1\" data-filter-136=\"1\" data-filter-137=\"1\" data-filter-141=\"1\" data-filter-142=\"1\" data-filter-143=\"1\" data-filter-147=\"1\" data-filter-148=\"1\" data-filter-149=\"1\" data-filter-150=\"1\" data-filter-160=\"1\" data-filter-161=\"1\" data-filter-247=\"1\" data-filter-288=\"1\" data-filter-289=\"1\" data-filter-290=\"1\" data-all-filter=\"135,136,137,141,142,143,147,148,149,150,160,161,247,288,289,290\"><div class=\"sia-beratung-db-entry-header\" onclick=\"return window.siaBeratung.toggleCpt(this);\"><div class=\"col-1\">Vacallo&nbsp;: exploiter les synergies, l\u2019option gagnante<\/div><div class=\"col-2\">Vacallo, TI<\/div><div class=\"sia-beratung-db-angle\"><span class=\"sia-beratung-angle\"><\/span><\/div><\/div><div class=\"sia-beratung-db-entry-content\"><div class=\"sia-beratung-db-entry-content-columns\"><div class=\"col-1\"><div class=\"sia-beratung-db-entry-slides\"><div class=\"sia-beratung-db-entry-swiper\"><div class=\"swiper-wrapper\"><div class=\"swiper-slide\"><img loading=\"lazy\" decoding=\"async\" src=\"https:\/\/baukulturschweiz.ch\/wp-content\/uploads\/2023\/06\/2023-04-20-153838-be-vacallo-1-inches-geleta-architetti-sagl-1024x768.jpg\" width=\"1024\" height=\"768\" \/><\/div><div class=\"swiper-slide\"><img loading=\"lazy\" decoding=\"async\" src=\"https:\/\/baukulturschweiz.ch\/wp-content\/uploads\/2023\/06\/2023-04-20-154047-be-vacallo-2-inches-geleta-architetti-sagl.png\" width=\"596\" height=\"448\" \/><\/div><div class=\"swiper-slide\"><img loading=\"lazy\" decoding=\"async\" src=\"https:\/\/baukulturschweiz.ch\/wp-content\/uploads\/2023\/06\/2023-04-20-154135-be-vacallo-3-inches-geleta-architetti-sagl.png\" width=\"592\" height=\"444\" \/><\/div><div class=\"swiper-slide\"><img loading=\"lazy\" decoding=\"async\" src=\"https:\/\/baukulturschweiz.ch\/wp-content\/uploads\/2023\/06\/2023-04-20-154224-be-vacallo-5-c-swisstopo-1024x768.jpg\" width=\"1024\" height=\"768\" \/><\/div><\/div><\/div><a class=\"swiper-button swiper-button-prev\"><\/a><a class=\"swiper-button swiper-button-next mobile\"><\/a><div class=\"sia-beratung-db-slide-legends\"><small data-index=\"0\">Le parvis, s\u00e9par\u00e9 de la chauss\u00e9e, fait pourtant corps avec elle<br \/>\r\n\u00a9 Geleta Architetti Sagl<\/small><small data-index=\"1\" style=\"display:none;\">Un filtre de verdure fait le lien entre le site religieux et le site profane<br \/>\r\n\u00a9 Geleta Architetti Sagl<\/small><small data-index=\"2\" style=\"display:none;\">De nombreuses autres communes gagneraient \u00e0 exploiter les synergies<br \/>\r\n\u00a9 Geleta Architetti Sagl<\/small><small data-index=\"3\" style=\"display:none;\">\u00a9 Swisstopo<\/small><small class=\"pageNo\">1\/4<\/small><\/div><\/div><\/div><div class=\"col-2\"><div class=\"sia-beratung-db-slide-texts\"><div class=\"sia-beratung-db-slide-text\" data-index=\"0\"><p>Le r\u00e9am\u00e9nagement de la Piazza dei Santi Simone e Giuda Tad-deo, intervention pragmatique, augmente la qualit\u00e9 d\u2019acc\u00e8s et de d\u00e9tente. Elle montre comment l\u2019exploitation des synergies permet de redonner \u00e0 un site, \u00e0 relativement peu de frais, une toute nouvelle vie gr\u00e2ce \u00e0 des mesures modestes mais raffin\u00e9es, en y gagnant en qualit\u00e9 de vie.<\/p>\n<p><strong>R\u00f4le de la commune\u00a0:<\/strong>\u00a0prendre l\u2019initiative, coordonner, planifier, d\u00e9cider, mettre en \u0153uvre<br \/>\n<strong>Organismes responsables\u00a0:<\/strong>\u00a0Commune<br \/>\n<strong>Architecture\u00a0:<\/strong>\u00a0Inches Geleta Architetti Sagl<br \/>\n<strong>Bureau d\u2019ing\u00e9nieurs\u00a0:<\/strong>\u00a0Studio Ing. Fabio Bianchi<br \/>\n<strong>Source\u00a0:<\/strong>\u00a0<a class=\"external\" title=\"Flaneur d'Or\" href=\"https:\/\/flaneurdor.ch\/projet\/?lang=fr&amp;pid=373\" target=\"_blank\" rel=\"noopener\">Flaneur d\u2019Or<\/a><\/p>\n<\/div><div class=\"sia-beratung-db-slide-text\" data-index=\"1\" style=\"display:none;\"><p>Vacallo, l\u2019une des communes les plus m\u00e9ridionales de Suisse, est situ\u00e9e un peu au nord de Chiasso, \u00e0 la fronti\u00e8re avec l\u2019Italie. L\u2019\u00e9glise Santi Simone e Giuda Taddeo, qui date du 17e si\u00e8cle, a \u00e9t\u00e9 restaur\u00e9e de fond en comble de 1968 \u00e0 1971. Au nord, une aile avec lucarnes et toit en appentis a \u00e9t\u00e9 ajout\u00e9e. L\u2019\u00e9glise se trouve directement en bordure de la rue principale, o\u00f9 le trafic individuel motoris\u00e9 est intense. Jusqu\u2019alors, son parvis servait de place de stationnement. Le r\u00e9am\u00e9nagement de la Piazza dei Santi Simone e Giuda Taddeo et de la Via Guisan, route cantonale, exploite les potentiels de revalorisation de la route et du parvis pour augmenter la qualit\u00e9 des espaces de s\u00e9jour.<\/p>\n<\/div><div class=\"sia-beratung-db-slide-text\" data-index=\"2\" style=\"display:none;\"><p>La nouvelle conception de la place se fonde sur l\u2019id\u00e9e d\u2019un lieu de rencontre am\u00e9nag\u00e9 en tant qu\u2019espace urbain. Elle offre un espace ouvert aux manifestations et rassemblements de tous ordres, tout en constituant un lieu de rencontre social. Une rang\u00e9e d\u2019arbres s\u00e9parant le parvis de l\u2019espace routier fait office de filtre spatial, donne de l\u2019ombre et invite \u00e0 faire halte. La route principale est r\u00e9am\u00e9nag\u00e9e avec des \u00e9l\u00e9ments facilitant la travers\u00e9e et un arr\u00eat de bus. Si le projet se caract\u00e9rise par une s\u00e9paration des fonctions, le fait de consid\u00e9rer l\u2019ensemble du site, incluant l\u2019espace de la route et celui de la place avec leurs diverses fonctions, cr\u00e9e n\u00e9anmoins un tout convaincant.<\/p>\n<\/div><div class=\"sia-beratung-db-slide-text\" data-index=\"3\" style=\"display:none;\"><p>Le nouvel espace public est am\u00e9nag\u00e9 avec s\u00e9rieux. Il offre diff\u00e9rentes possibilit\u00e9s d\u2019appropriation et d\u2019utilisation. L\u2019\u00e9glise est librement accessible aux personnes \u00e0 mobilit\u00e9 r\u00e9duite. \u00c0 l\u2019ombre des arbres, des si\u00e8ges fixes invitent \u00e0 s\u2019attarder pour faire un brin de causette, \u00e0 moins que l\u2019on pr\u00e9f\u00e8re prendre un verre \u00e0 la terrasse du bistrot. L\u2019on peut aussi bien observer l\u2019autre c\u00f4t\u00e9 de la rue que trouver des niches o\u00f9 se retirer. Sur le trottoir abaiss\u00e9, des bornes assurent la s\u00e9curit\u00e9 des pi\u00e9tons. Si elles emp\u00eachent les voitures de parquer sur le trottoir, elles ne sont toutefois optimales ni pour les personnes malvoyantes ni du point de vue esth\u00e9tique. Tout pr\u00e8s de l\u2019arr\u00eat de bus r\u00e9am\u00e9nag\u00e9, il est possible de s\u2019asseoir sur un muret. Le passage pour pi\u00e9tons avec \u00eelot central facilite la travers\u00e9e de la rue.<\/p>\n<\/div><\/div><div class=\"sia-beratung-db-filterbox\"><label class=\"toggle\" onclick=\"return window.siaBeratung.toggleFilterBox(this);\"><span>Construire dans le b\u00e2ti existant<\/span><span>Biodiversit\u00e9<\/span><span>Politique fonci\u00e8re<\/span><span>Mobilit\u00e9 pi\u00e9tonne Suisse<\/span><span>Infrastructure<\/span><span>D\u00e9veloppement \u00e0 l\u2019int\u00e9rieur du milieu b\u00e2ti<\/span><span>Inventaires<\/span><span>Climat<\/span><span>Projets de construction communaux<\/span><span>Mobilit\u00e9<\/span><span>Durabilit\u00e9<\/span><span>Espace public<\/span><span>Sites construits<\/span><\/label><div class=\"options\"><a href=\"#\" onclick=\"return window.siaBeratung.setFilterBoxFilter(135);\">Construire dans le b\u00e2ti existant<\/a><a href=\"#\" onclick=\"return window.siaBeratung.setFilterBoxFilter(136);\">Biodiversit\u00e9<\/a><a href=\"#\" onclick=\"return window.siaBeratung.setFilterBoxFilter(137);\">Politique fonci\u00e8re<\/a><a href=\"#\" onclick=\"return window.siaBeratung.setFilterBoxFilter(247);\">Mobilit\u00e9 pi\u00e9tonne Suisse<\/a><a href=\"#\" onclick=\"return window.siaBeratung.setFilterBoxFilter(141);\">Infrastructure<\/a><a href=\"#\" onclick=\"return window.siaBeratung.setFilterBoxFilter(142);\">D\u00e9veloppement \u00e0 l\u2019int\u00e9rieur du milieu b\u00e2ti<\/a><a href=\"#\" onclick=\"return window.siaBeratung.setFilterBoxFilter(160);\">Inventaires<\/a><a href=\"#\" onclick=\"return window.siaBeratung.setFilterBoxFilter(143);\">Climat<\/a><a href=\"#\" onclick=\"return window.siaBeratung.setFilterBoxFilter(161);\">Projets de construction communaux<\/a><a href=\"#\" onclick=\"return window.siaBeratung.setFilterBoxFilter(147);\">Mobilit\u00e9<\/a><a href=\"#\" onclick=\"return window.siaBeratung.setFilterBoxFilter(148);\">Durabilit\u00e9<\/a><a href=\"#\" onclick=\"return window.siaBeratung.setFilterBoxFilter(149);\">Espace public<\/a><a href=\"#\" onclick=\"return window.siaBeratung.setFilterBoxFilter(150);\">Sites construits<\/a><a href=\"#\" onclick=\"return window.siaBeratung.setFilterBoxFilter([135,136,137,141,142,143,147,148,149,150,160,161,247,288,289,290]);\">Alle Filter ausw\u00e4hlen<\/a><\/div><\/div><label class=\"sia-beratung-db-filterbox-spacer\">&nbsp;<\/label><\/div><a class=\"swiper-button swiper-button-next desktop\"><\/a><\/div><\/div><div class=\"sia-beratung-db-entry-searchtext\">vacallo: mehr qualit\u00e4t dank optimal genutzten synergien | le r\u00e9am\u00e9nagement de la piazza dei santi simone e giuda tad-deo, intervention pragmatique, augmente la qualit\u00e9 d\u2019acc\u00e8s et de d\u00e9tente. elle montre comment l\u2019exploitation des synergies permet de redonner \u00e0 un site, \u00e0 relativement peu de frais, une toute nouvelle vie gr\u00e2ce \u00e0 des mesures modestes mais raffin\u00e9es, en y gagnant en qualit\u00e9 de vie.r\u00f4le de la commune\u00a0:\u00a0prendre l\u2019initiative, coordonner, planifier, d\u00e9cider, mettre en \u0153uvreorganismes responsables\u00a0:\u00a0communearchitecture\u00a0:\u00a0inches geleta architetti saglbureau d\u2019ing\u00e9nieurs\u00a0:\u00a0studio ing. fabio bianchisource\u00a0:\u00a0flaneur d\u2019or | le parvis, s\u00e9par\u00e9 de la chauss\u00e9e, fait pourtant corps avec elle\r\u00a9 geleta architetti sagl | vacallo, l\u2019une des communes les plus m\u00e9ridionales de suisse, est situ\u00e9e un peu au nord de chiasso, \u00e0 la fronti\u00e8re avec l\u2019italie. l\u2019\u00e9glise santi simone e giuda taddeo, qui date du 17e si\u00e8cle, a \u00e9t\u00e9 restaur\u00e9e de fond en comble de 1968 \u00e0 1971. au nord, une aile avec lucarnes et toit en appentis a \u00e9t\u00e9 ajout\u00e9e. l\u2019\u00e9glise se trouve directement en bordure de la rue principale, o\u00f9 le trafic individuel motoris\u00e9 est intense. jusqu\u2019alors, son parvis servait de place de stationnement. le r\u00e9am\u00e9nagement de la piazza dei santi simone e giuda taddeo et de la via guisan, route cantonale, exploite les potentiels de revalorisation de la route et du parvis pour augmenter la qualit\u00e9 des espaces de s\u00e9jour. | un filtre de verdure fait le lien entre le site religieux et le site profane\r\u00a9 geleta architetti sagl | la nouvelle conception de la place se fonde sur l\u2019id\u00e9e d\u2019un lieu de rencontre am\u00e9nag\u00e9 en tant qu\u2019espace urbain. elle offre un espace ouvert aux manifestations et rassemblements de tous ordres, tout en constituant un lieu de rencontre social. une rang\u00e9e d\u2019arbres s\u00e9parant le parvis de l\u2019espace routier fait office de filtre spatial, donne de l\u2019ombre et invite \u00e0 faire halte. la route principale est r\u00e9am\u00e9nag\u00e9e avec des \u00e9l\u00e9ments facilitant la travers\u00e9e et un arr\u00eat de bus. si le projet se caract\u00e9rise par une s\u00e9paration des fonctions, le fait de consid\u00e9rer l\u2019ensemble du site, incluant l\u2019espace de la route et celui de la place avec leurs diverses fonctions, cr\u00e9e n\u00e9anmoins un tout convaincant. | de nombreuses autres communes gagneraient \u00e0 exploiter les synergies\r\u00a9 geleta architetti sagl | le nouvel espace public est am\u00e9nag\u00e9 avec s\u00e9rieux. il offre diff\u00e9rentes possibilit\u00e9s d\u2019appropriation et d\u2019utilisation. l\u2019\u00e9glise est librement accessible aux personnes \u00e0 mobilit\u00e9 r\u00e9duite. \u00e0 l\u2019ombre des arbres, des si\u00e8ges fixes invitent \u00e0 s\u2019attarder pour faire un brin de causette, \u00e0 moins que l\u2019on pr\u00e9f\u00e8re prendre un verre \u00e0 la terrasse du bistrot. l\u2019on peut aussi bien observer l\u2019autre c\u00f4t\u00e9 de la rue que trouver des niches o\u00f9 se retirer. sur le trottoir abaiss\u00e9, des bornes assurent la s\u00e9curit\u00e9 des pi\u00e9tons. si elles emp\u00eachent les voitures de parquer sur le trottoir, elles ne sont toutefois optimales ni pour les personnes malvoyantes ni du point de vue esth\u00e9tique. tout pr\u00e8s de l\u2019arr\u00eat de bus r\u00e9am\u00e9nag\u00e9, il est possible de s\u2019asseoir sur un muret. le passage pour pi\u00e9tons avec \u00eelot central facilite la travers\u00e9e de la rue. | \u00a9 swisstopo | bauen im bestand | biodiversit\u00e4t | bodenpolitik | infrastruktur | innenentwicklung | klima | mobilit\u00e4t | nachhaltigkeit | \u00f6ffentlicher raum | ortsbilder | inventare | kommunale bauprojekte | fussverkehr schweiz | de | fr | it<\/div><\/article><article class=\"sia-beratung-db-entry\" data-id=\"1520\" data-cpt=\"sia-beispiele\" data-slug=\"val-de-ruz-landschaftsperspektive-aleen\" data-lat=\"47.0567914\" data-lng=\"6.9100571\" data-filter-136=\"1\" data-filter-143=\"1\" data-filter-141=\"1\" data-filter-150=\"1\" data-filter-147=\"1\" data-filter-144=\"1\" data-filter-152=\"1\" data-filter-148=\"1\" data-filter-151=\"1\" data-filter-168=\"1\" data-filter-160=\"1\" data-filter-167=\"1\" data-filter-163=\"1\" data-filter-161=\"1\" data-filter-165=\"1\" data-filter-253=\"1\" data-filter-288=\"1\" data-filter-289=\"1\" data-filter-290=\"1\" data-all-filter=\"136,143,141,150,147,144,152,148,151,168,160,167,163,161,165,253,288,289,290\"><div class=\"sia-beratung-db-entry-header\" onclick=\"return window.siaBeratung.toggleCpt(this);\"><div class=\"col-1\">Val-de-Ruz&nbsp;: les all\u00e9es dessinent la perspective du paysage<\/div><div class=\"col-2\">Val-de-Ruz, NE<\/div><div class=\"sia-beratung-db-angle\"><span class=\"sia-beratung-angle\"><\/span><\/div><\/div><div class=\"sia-beratung-db-entry-content\"><div class=\"sia-beratung-db-entry-content-columns\"><div class=\"col-1\"><div class=\"sia-beratung-db-entry-slides\"><div class=\"sia-beratung-db-entry-swiper\"><div class=\"swiper-wrapper\"><div class=\"swiper-slide\"><img loading=\"lazy\" decoding=\"async\" src=\"https:\/\/baukulturschweiz.ch\/wp-content\/uploads\/2023\/06\/2023-04-20-154739-be-val-de-ruz-1-c-parc-chasseral-1024x768.jpeg\" width=\"1024\" height=\"768\" \/><\/div><div class=\"swiper-slide\"><img loading=\"lazy\" decoding=\"async\" src=\"https:\/\/baukulturschweiz.ch\/wp-content\/uploads\/2023\/06\/2023-04-20-154845-be-val-de-ruz-2-c-parc-chasseral-1024x768.jpg\" width=\"1024\" height=\"768\" \/><\/div><div class=\"swiper-slide\"><img loading=\"lazy\" decoding=\"async\" src=\"https:\/\/baukulturschweiz.ch\/wp-content\/uploads\/2023\/06\/2023-04-20-154926-be-val-de-ruz-3-c-parc-chasseral.jpg\" width=\"910\" height=\"683\" \/><\/div><div class=\"swiper-slide\"><img loading=\"lazy\" decoding=\"async\" src=\"https:\/\/baukulturschweiz.ch\/wp-content\/uploads\/2023\/06\/2023-04-20-155018-be-val-de-ruz-4-c-parc-chasseral-1024x768.jpg\" width=\"1024\" height=\"768\" \/><\/div><div class=\"swiper-slide\"><img loading=\"lazy\" decoding=\"async\" src=\"https:\/\/baukulturschweiz.ch\/wp-content\/uploads\/2023\/06\/2023-04-20-155141-be-val-de-ruz-5-c-swisstopo-1024x768.jpg\" width=\"1024\" height=\"768\" \/><\/div><\/div><\/div><a class=\"swiper-button swiper-button-prev\"><\/a><a class=\"swiper-button swiper-button-next mobile\"><\/a><div class=\"sia-beratung-db-slide-legends\"><small data-index=\"0\">All\u00e9e&nbsp;: substantif d\u00e9riv\u00e9 du verbe aller<br \/>\r\n\u00a9 Parc Chasseral<\/small><small data-index=\"1\" style=\"display:none;\">Aller \u00e0 pied, qui peut y r\u00e9sister&nbsp;?<br \/>\r\n\u00a9 Parc Chasseral<\/small><small data-index=\"2\" style=\"display:none;\">Le Val-de-Ruz, fid\u00e8le \u00e0 la culture de l\u2019all\u00e9e et de la marche \u00e0 pied<br \/>\r\n\u00a9 Parc Chasseral<\/small><small data-index=\"3\" style=\"display:none;\">Un programme de maintien, de rajeunissement et de renouvellement donne aux all\u00e9es une nouvelle perspective<br \/>\r\n\u00a9 Parc Chasseral<\/small><small data-index=\"4\" style=\"display:none;\">\u00a9 Swisstopo<\/small><small class=\"pageNo\">1\/5<\/small><\/div><\/div><\/div><div class=\"col-2\"><div class=\"sia-beratung-db-slide-texts\"><div class=\"sia-beratung-db-slide-text\" data-index=\"0\"><p>Au Val-de-Ruz, o\u00f9 les all\u00e9es et les rang\u00e9es d\u2019arbres constituent l\u2019un des \u00e9l\u00e9ments structurels les plus importants et les plus caract\u00e9ristiques du paysage, les projets de plantation et de rajeunissement visent depuis plus de quinze ans \u00e0 maintenir, renforcer et faire perdurer ce patrimoine paysager unique en son genre. Culture du paysage et culture du b\u00e2ti se compl\u00e8tent mutuellement.<\/p>\n<p><strong>R\u00f4le de la commune&nbsp;:<\/strong>\u00a0reconna\u00eetre, valoriser, soigner, r\u00e9aliser, entretenir<br \/>\n<strong>Organismes responsables\u00a0:<\/strong>\u00a0commune et\u00a0<a class=\"external\" title=\"Parc R\u00e9gional Chasseral, Saint-Imier \" href=\"https:\/\/www.parcchasseral.ch\/fr\/accueil\/\" target=\"_blank\" rel=\"noopener\">Parc R\u00e9gional Chasseral, Saint-Imier<\/a><br \/>\n<strong>Source&nbsp;:<\/strong>\u00a0<a class=\"external\" title=\"Paysage de l&#039;ann\u00e9e\" href=\"https:\/\/www.sl-fp.ch\/fr\/fondation-suisse-pour-la-protection-et-lramenagement-du-paysage\/paysage-de-lrannee\/2022-paysages-dallees-du-val-de-ruz-342.html\" target=\"_blank\" rel=\"noopener\">Paysage de l&#8217;ann\u00e9e<\/a><\/p>\n<\/div><div class=\"sia-beratung-db-slide-text\" data-index=\"1\" style=\"display:none;\"><p>M\u00eame si les all\u00e9es et les rang\u00e9es d\u2019arbres n\u2019ont pas en Suisse la m\u00eame importance historique que dans d\u2019autres pays d\u2019Europe, notre pays a aussi des r\u00e9gions dans lesquelles les chemins et les routes ont marqu\u00e9 de leur empreinte des paysages entiers par la structure verticale de leurs all\u00e9es. Mais souvent celles-ci ont disparu, sacrifi\u00e9es \u00e0 l\u2019extension et \u00e0 la rectification des trac\u00e9s, \u00e0 la s\u00e9curit\u00e9 routi\u00e8re, ou victimes du vieillissement des arbres et de l\u2019intensification de l\u2019agriculture.<\/p>\n<\/div><div class=\"sia-beratung-db-slide-text\" data-index=\"2\" style=\"display:none;\"><p>All\u00e9es et rang\u00e9es d\u2019arbres sont l\u2019un des \u00e9l\u00e9ments structurels les plus importants et les plus caract\u00e9ristiques du Val-de-Ruz, vall\u00e9e situ\u00e9e au pied de la Vue-des-Alpes. Dans bien des cas, les all\u00e9es recouvrent des voies de communication historiques, constituant ainsi l\u2019\u00e9l\u00e9ment structurel le plus important de l\u2019esth\u00e9tique paysag\u00e8re locale. Le nombre et l\u2019importance des rang\u00e9es d\u2019arbres font du Val-de-Ruz un paysage unique en son genre, mod\u00e8le de ce que l\u2019on pourrait appeler paysage en all\u00e9e. En dehors des zones d\u2019habitation, les all\u00e9es relient entre eux les villages qui ont fusionn\u00e9 pour former la grande commune de Val-de-Ruz.<\/p>\n<\/div><div class=\"sia-beratung-db-slide-text\" data-index=\"3\" style=\"display:none;\"><p>L\u2019agriculture du Val-de-Ruz \u2013 grenier \u00e0 bl\u00e9 du canton de Neuch\u00e2tel \u2013 est principalement vou\u00e9e \u00e0 la culture des champs, \u00e0 l\u2019\u00e9levage du b\u00e9tail et \u00e0 la production laiti\u00e8re. Cette forme d\u2019exploitation se refl\u00e8te dans le paysage sous l\u2019aspect d\u2019une mosa\u00efque bigarr\u00e9e de champs, de prairies et de p\u00e2turages. Les diff\u00e9rentes unit\u00e9s d\u2019exploitation sont s\u00e9par\u00e9es et structur\u00e9es par des \u00e9l\u00e9ments ponctuels bois\u00e9s tels que haies, bosquets, vergers, arbres isol\u00e9s ou all\u00e9es d\u2019arbres. Lorsqu\u2019ils sont en bon \u00e9tat et entretenus de fa\u00e7on appropri\u00e9e, ces \u00e9l\u00e9ments apportent une contribution essentielle \u00e0 la structuration du paysage. Ces derni\u00e8res ann\u00e9es, plusieurs all\u00e9es ayant fait leur temps ont \u00e9t\u00e9 renouvel\u00e9es et, au besoin, d\u00e9plac\u00e9es plus \u00e0 l\u2019\u00e9cart de la route.<\/p>\n<\/div><div class=\"sia-beratung-db-slide-text\" data-index=\"4\" style=\"display:none;\"><p class=\"translation-block\">La commune de Val-de-Ruz a d\u00e9cid\u00e9 d\u2019int\u00e9grer les all\u00e9es et les rang\u00e9es d\u2019arbres dans la r\u00e9vision de son plan d\u2019am\u00e9nagement. Elle dispose de 35,4 km de rang\u00e9es d\u2019arbres, dont 14,6 km sont propri\u00e9t\u00e9 de la commune. Les objectifs qu\u2019elle poursuit sont les suivants : assurer le maintien \u00e0 long terme des rang\u00e9es d\u2019arbres en rajeunissant les all\u00e9es vieillissantes et en plantant de nouveaux arbres dans les rang\u00e9es pr\u00e9sentant des vides ; installer de nouvelles all\u00e9es lors de la r\u00e9novation de routes entre les villages et \u00e0 l\u2019int\u00e9rieur des localit\u00e9s ; inscrire la conception route\/all\u00e9e\/piste cyclable dans tout nouvel am\u00e9nagement ; d\u00e9placer les arbres loin de la route lorsque la s\u00e9curit\u00e9 l\u2019impose, ou alors r\u00e9duire la vitesse autoris\u00e9e ; informer le public de la valeur du patrimoine culturel que les all\u00e9es constituent.<br \/>\nLe statut de protection a \u00e9t\u00e9 reconnu aux all\u00e9es et aux rang\u00e9es d\u2019arbres. Celles qui relient entre eux les villages et celles existant \u00e0 l\u2019int\u00e9rieur des localit\u00e9s sont inscrites \u00e0 l\u2019inventaire comme objets particuli\u00e8rement dignes de protection. En cas d\u2019abattage, chaque arbre doit \u00eatre remplac\u00e9. Les frais de plantation et d\u2019entretien sont subventionn\u00e9s \u00e0 40\u00a0%.<\/p>\n<\/div><\/div><div class=\"sia-beratung-db-filterbox\"><label class=\"toggle\" onclick=\"return window.siaBeratung.toggleFilterBox(this);\"><span>Biodiversit\u00e9<\/span><span>Infrastructure<\/span><span>Inventaires<\/span><span>Climat<\/span><span>Projets de construction communaux<\/span><span>Paysage<\/span><span>Paysage de l'ann\u00e9e<\/span><span>Mobilit\u00e9<\/span><span>Durabilit\u00e9<\/span><span>Plans d\u2019affectation<\/span><span>Sites construits<\/span><span>Outils de planification<\/span><span>Soutien de projets<\/span><span>Processus<\/span><span>Strat\u00e9gies de d\u00e9veloppement territorial<\/span><span>Coop\u00e9ration r\u00e9gionale<\/span><\/label><div class=\"options\"><a href=\"#\" onclick=\"return window.siaBeratung.setFilterBoxFilter(136);\">Biodiversit\u00e9<\/a><a href=\"#\" onclick=\"return window.siaBeratung.setFilterBoxFilter(141);\">Infrastructure<\/a><a href=\"#\" onclick=\"return window.siaBeratung.setFilterBoxFilter(160);\">Inventaires<\/a><a href=\"#\" onclick=\"return window.siaBeratung.setFilterBoxFilter(143);\">Climat<\/a><a href=\"#\" onclick=\"return window.siaBeratung.setFilterBoxFilter(161);\">Projets de construction communaux<\/a><a href=\"#\" onclick=\"return window.siaBeratung.setFilterBoxFilter(144);\">Paysage<\/a><a href=\"#\" onclick=\"return window.siaBeratung.setFilterBoxFilter(253);\">Paysage de l'ann\u00e9e<\/a><a href=\"#\" onclick=\"return window.siaBeratung.setFilterBoxFilter(147);\">Mobilit\u00e9<\/a><a href=\"#\" onclick=\"return window.siaBeratung.setFilterBoxFilter(148);\">Durabilit\u00e9<\/a><a href=\"#\" onclick=\"return window.siaBeratung.setFilterBoxFilter(163);\">Plans d\u2019affectation<\/a><a href=\"#\" onclick=\"return window.siaBeratung.setFilterBoxFilter(150);\">Sites construits<\/a><a href=\"#\" onclick=\"return window.siaBeratung.setFilterBoxFilter(151);\">Outils de planification<\/a><a href=\"#\" onclick=\"return window.siaBeratung.setFilterBoxFilter(165);\">Soutien de projets<\/a><a href=\"#\" onclick=\"return window.siaBeratung.setFilterBoxFilter(152);\">Processus<\/a><a href=\"#\" onclick=\"return window.siaBeratung.setFilterBoxFilter(167);\">Strat\u00e9gies de d\u00e9veloppement territorial<\/a><a href=\"#\" onclick=\"return window.siaBeratung.setFilterBoxFilter(168);\">Coop\u00e9ration r\u00e9gionale<\/a><a href=\"#\" onclick=\"return window.siaBeratung.setFilterBoxFilter([136,143,141,150,147,144,152,148,151,168,160,167,163,161,165,253,288,289,290]);\">Alle Filter ausw\u00e4hlen<\/a><\/div><\/div><label class=\"sia-beratung-db-filterbox-spacer\">&nbsp;<\/label><\/div><a class=\"swiper-button swiper-button-next desktop\"><\/a><\/div><\/div><div class=\"sia-beratung-db-entry-searchtext\">val-de-ruz: landschaftsperspektive aleen | au val-de-ruz, o\u00f9 les all\u00e9es et les rang\u00e9es d\u2019arbres constituent l\u2019un des \u00e9l\u00e9ments structurels les plus importants et les plus caract\u00e9ristiques du paysage, les projets de plantation et de rajeunissement visent depuis plus de quinze ans \u00e0 maintenir, renforcer et faire perdurer ce patrimoine paysager unique en son genre. culture du paysage et culture du b\u00e2ti se compl\u00e8tent mutuellement.r\u00f4le de la commune&nbsp;:\u00a0reconna\u00eetre, valoriser, soigner, r\u00e9aliser, entretenirorganismes responsables\u00a0:\u00a0commune et\u00a0parc r\u00e9gional chasseral, saint-imiersource&nbsp;:\u00a0paysage de l&#8217;ann\u00e9e | all\u00e9e&nbsp;: substantif d\u00e9riv\u00e9 du verbe aller\r\u00a9 parc chasseral | m\u00eame si les all\u00e9es et les rang\u00e9es d\u2019arbres n\u2019ont pas en suisse la m\u00eame importance historique que dans d\u2019autres pays d\u2019europe, notre pays a aussi des r\u00e9gions dans lesquelles les chemins et les routes ont marqu\u00e9 de leur empreinte des paysages entiers par la structure verticale de leurs all\u00e9es. mais souvent celles-ci ont disparu, sacrifi\u00e9es \u00e0 l\u2019extension et \u00e0 la rectification des trac\u00e9s, \u00e0 la s\u00e9curit\u00e9 routi\u00e8re, ou victimes du vieillissement des arbres et de l\u2019intensification de l\u2019agriculture. | aller \u00e0 pied, qui peut y r\u00e9sister&nbsp;?\r\u00a9 parc chasseral | all\u00e9es et rang\u00e9es d\u2019arbres sont l\u2019un des \u00e9l\u00e9ments structurels les plus importants et les plus caract\u00e9ristiques du val-de-ruz, vall\u00e9e situ\u00e9e au pied de la vue-des-alpes. dans bien des cas, les all\u00e9es recouvrent des voies de communication historiques, constituant ainsi l\u2019\u00e9l\u00e9ment structurel le plus important de l\u2019esth\u00e9tique paysag\u00e8re locale. le nombre et l\u2019importance des rang\u00e9es d\u2019arbres font du val-de-ruz un paysage unique en son genre, mod\u00e8le de ce que l\u2019on pourrait appeler paysage en all\u00e9e. en dehors des zones d\u2019habitation, les all\u00e9es relient entre eux les villages qui ont fusionn\u00e9 pour former la grande commune de val-de-ruz. | le val-de-ruz, fid\u00e8le \u00e0 la culture de l\u2019all\u00e9e et de la marche \u00e0 pied\r\u00a9 parc chasseral | l\u2019agriculture du val-de-ruz \u2013 grenier \u00e0 bl\u00e9 du canton de neuch\u00e2tel \u2013 est principalement vou\u00e9e \u00e0 la culture des champs, \u00e0 l\u2019\u00e9levage du b\u00e9tail et \u00e0 la production laiti\u00e8re. cette forme d\u2019exploitation se refl\u00e8te dans le paysage sous l\u2019aspect d\u2019une mosa\u00efque bigarr\u00e9e de champs, de prairies et de p\u00e2turages. les diff\u00e9rentes unit\u00e9s d\u2019exploitation sont s\u00e9par\u00e9es et structur\u00e9es par des \u00e9l\u00e9ments ponctuels bois\u00e9s tels que haies, bosquets, vergers, arbres isol\u00e9s ou all\u00e9es d\u2019arbres. lorsqu\u2019ils sont en bon \u00e9tat et entretenus de fa\u00e7on appropri\u00e9e, ces \u00e9l\u00e9ments apportent une contribution essentielle \u00e0 la structuration du paysage. ces derni\u00e8res ann\u00e9es, plusieurs all\u00e9es ayant fait leur temps ont \u00e9t\u00e9 renouvel\u00e9es et, au besoin, d\u00e9plac\u00e9es plus \u00e0 l\u2019\u00e9cart de la route. | un programme de maintien, de rajeunissement et de renouvellement donne aux all\u00e9es une nouvelle perspective\r\u00a9 parc chasseral | la commune de val-de-ruz a d\u00e9cid\u00e9 d\u2019int\u00e9grer les all\u00e9es et les rang\u00e9es d\u2019arbres dans la r\u00e9vision de son plan d\u2019am\u00e9nagement. elle dispose de 35,4 km de rang\u00e9es d\u2019arbres, dont 14,6 km sont propri\u00e9t\u00e9 de la commune. les objectifs qu\u2019elle poursuit sont les suivants : assurer le maintien \u00e0 long terme des rang\u00e9es d\u2019arbres en rajeunissant les all\u00e9es vieillissantes et en plantant de nouveaux arbres dans les rang\u00e9es pr\u00e9sentant des vides ; installer de nouvelles all\u00e9es lors de la r\u00e9novation de routes entre les villages et \u00e0 l\u2019int\u00e9rieur des localit\u00e9s ; inscrire la conception route\/all\u00e9e\/piste cyclable dans tout nouvel am\u00e9nagement ; d\u00e9placer les arbres loin de la route lorsque la s\u00e9curit\u00e9 l\u2019impose, ou alors r\u00e9duire la vitesse autoris\u00e9e ; informer le public de la valeur du patrimoine culturel que les all\u00e9es constituent.le statut de protection a \u00e9t\u00e9 reconnu aux all\u00e9es et aux rang\u00e9es d\u2019arbres. celles qui relient entre eux les villages et celles existant \u00e0 l\u2019int\u00e9rieur des localit\u00e9s sont inscrites \u00e0 l\u2019inventaire comme objets particuli\u00e8rement dignes de protection. en cas d\u2019abattage, chaque arbre doit \u00eatre remplac\u00e9. les frais de plantation et d\u2019entretien sont subventionn\u00e9s \u00e0 40\u00a0%. | \u00a9 swisstopo | biodiversit\u00e4t | klima | infrastruktur | ortsbilder | mobilit\u00e4t | landschaft | prozesse | nachhaltigkeit | planungsinstrumente | regionale zusammenarbeit | inventare | r\u00e4umliche entwicklungsleitbilder | nutzungsplanung | kommunale bauprojekte | projektunterst\u00fctzung | landschaft des jahres | de | fr | it<\/div><\/article><article class=\"sia-beratung-db-entry\" data-id=\"3042\" data-cpt=\"sia-beispiele\" data-slug=\"valera-umzonen-fuer-die-landschaft\" data-lang-slug-de_de=\"\" data-lang-slug-en_gb=\"\" data-lang-slug-fr_fr=\"\" data-lang-slug-it_it=\"\" data-lat=\"45.8602041\" data-lng=\"8.9636958\" data-filter-136=\"1\" data-filter-137=\"1\" data-filter-143=\"1\" data-filter-144=\"1\" data-filter-148=\"1\" data-filter-149=\"1\" data-filter-151=\"1\" data-filter-163=\"1\" data-filter-169=\"1\" data-filter-231=\"1\" data-filter-267=\"1\" data-filter-268=\"1\" data-filter-288=\"1\" data-filter-289=\"1\" data-filter-290=\"1\" data-all-filter=\"136,137,143,144,148,149,151,163,169,231,267,268,288,289,290\"><div class=\"sia-beratung-db-entry-header\" onclick=\"return window.siaBeratung.toggleCpt(this);\"><div class=\"col-1\">Valera: d\u00e9-zoner pour le paysage<\/div><div class=\"col-2\">Valera, TI<\/div><div class=\"sia-beratung-db-angle\"><span class=\"sia-beratung-angle\"><\/span><\/div><\/div><div class=\"sia-beratung-db-entry-content\"><div class=\"sia-beratung-db-entry-content-columns\"><div class=\"col-1\"><div class=\"sia-beratung-db-entry-slides\"><div class=\"sia-beratung-db-entry-swiper\"><div class=\"swiper-wrapper\"><div class=\"swiper-slide\"><img loading=\"lazy\" decoding=\"async\" src=\"https:\/\/baukulturschweiz.ch\/wp-content\/uploads\/2024\/05\/02_Valera_1_cSST-copie-1024x768.jpg\" width=\"1024\" height=\"768\" \/><\/div><div class=\"swiper-slide\"><img loading=\"lazy\" decoding=\"async\" src=\"https:\/\/baukulturschweiz.ch\/wp-content\/uploads\/2024\/05\/02_Valera_4_aujourdhui-cSST-copie-1024x768.jpg\" width=\"1024\" height=\"768\" \/><\/div><div class=\"swiper-slide\"><img loading=\"lazy\" decoding=\"async\" src=\"https:\/\/baukulturschweiz.ch\/wp-content\/uploads\/2024\/02\/02_Valera_3_cSwisstopo-1024x768.jpg\" width=\"1024\" height=\"768\" \/><\/div><\/div><\/div><a class=\"swiper-button swiper-button-prev\"><\/a><a class=\"swiper-button swiper-button-next mobile\"><\/a><div class=\"sia-beratung-db-slide-legends\"><small data-index=\"0\">Simulation de l\u2019avenir du site de Valera gr\u00e2ce au changement apport\u00e9e par le plan d\u2019affectation cantonal. Des \u00e9l\u00e9ments paysagers pourront faire leur apparition sur un paysage de friche industrielle vou\u00e9e jusque-l\u00e0 aux activit\u00e9s commerciales.<br \/>\r\n\u00a9 Sezione dello Sviluppo territoriale (SST)<\/small><small data-index=\"1\" style=\"display:none;\">Entre friches et axes routiers, le paysage du site de Valera aujourd'hui. <br \/>\r\n\u00a9 Sezione dello Sviluppo territoriale (SST)<\/small><small data-index=\"2\" style=\"display:none;\">\u00a9 Swisstopo<\/small><small class=\"pageNo\">1\/3<\/small><\/div><\/div><\/div><div class=\"col-2\"><div class=\"sia-beratung-db-slide-texts\"><div class=\"sia-beratung-db-slide-text\" data-index=\"0\"><p>Le district de Mendrisio, la r\u00e9gion la plus m\u00e9ridionale de Suisse, fait face depuis de nombreuses ann\u00e9es \u00e0 des d\u00e9fis environnementaux consid\u00e9rables, en particulier en ce qui concerne la pollution atmosph\u00e9rique, principalement g\u00e9n\u00e9r\u00e9e par les activit\u00e9s industrielles de la plaine du P\u00f4 et le trafic automobile. Bien que ce district soit le moins \u00e9tendu du canton, il se classe troisi\u00e8me en termes de population, apr\u00e8s Lugano et Locarno.<\/p>\n<p>Suite au d\u00e9mant\u00e8lement, en 2007, de r\u00e9servoirs destin\u00e9s au stockage et \u00e0 la distribution d&#8217;hydrocarbures, la zone de Valera, situ\u00e9e au c\u0153ur de l\u2019agglom\u00e9ration du Mendrisiotto, est redevenu un espace central libre d&#8217;importance. Une proposition majeure de d\u00e9veloppement commercial vise alors cette zone, initialement constitu\u00e9e par le territoire agricole de la Campagne Adorna et la zone alluviale de la rivi\u00e8re Laveggio<\/p>\n<p><strong>R\u00f4le du canton&nbsp;: <\/strong>analyser, d\u00e9cider, peser les int\u00e9r\u00eats<br \/>\nrendre possible, s\u2019ouvrir \u00e0 de nouvelles id\u00e9es , acheter<br \/>\n<strong>Organismes responsables\u00a0:<\/strong> Sezione dello Sviluppo territoriale (SST), R\u00e9publique et canton du Tessin<br \/>\n<strong>Auteurs du projet&nbsp;:<\/strong> Grand Conseil (parlement cantonal) du canton du Tessin; D\u00e9partement du territoire, Bellinzona; Association Cittadini per il territorio, Mendrisio (avec le soutien de la Societ\u00e0 agricola del Mendrisiottoet d&#8217;associations de protection de la nature et de l&#8217;environnement)<br \/>\n<strong>Source&nbsp;:<\/strong>\u00a0<a class=\"external\" title=\"Hochparterre, Hase in Landschaftsarchitektur, mention (r\u00e9serv\u00e9 aux abonn\u00e9s) \" href=\"https:\/\/www.hochparterre.ch\/diebesten\/umzonen-fuer-die-landschaft\" target=\"_blank\" rel=\"noopener\">Hochparterre, Hase in Landschaftsarchitektur, mention (r\u00e9serv\u00e9 aux abonn\u00e9s)<\/a>, <a href=\"https:\/\/baukulturschweiz.ch\/wp-content\/uploads\/2024\/01\/BE-Valera-Hochparterre-Umzonen-fuer-die-Landschaft.pdf\">Article PDF<\/a><\/p>\n<\/div><div class=\"sia-beratung-db-slide-text\" data-index=\"1\" style=\"display:none;\"><p>En 2012, la p\u00e9tition intitul\u00e9e &#8222;Restituons Valera \u00e0 l&#8217;agriculture&#8220; a rassembl\u00e9 6 850 signatures, et a b\u00e9n\u00e9fici\u00e9 du soutien de la Soci\u00e9t\u00e9 agricole du Mendrisiotto, de l&#8217;Union des paysans tessinois et de l&#8217;association Cittadini per il territorio du Mendrisiotto. Cette mobilisation t\u00e9moignait de l&#8217;importance de la r\u00e9habilitation de cette zone aux yeux de la population locale.<\/p>\n<p>La p\u00e9tition pr\u00e9conisait la cr\u00e9ation d&#8217;un parc le long du Laveggio, non seulement pour pr\u00e9server la rivi\u00e8re et ses environs, mais \u00e9galement pour soutenir de mani\u00e8re significative un mod\u00e8le de d\u00e9veloppement port\u00e9 par la protection du paysage. Elle appelait les autorit\u00e9s \u00e0 jouer un r\u00f4le actif dans ce changement, notamment par l\u2019acquisition de portions significatives de territoire.<\/p>\n<p>En 2014, le D\u00e9partement cantonal du territoire a pris position contre les projets de zone industrielle et commerciale pour le site. Il a conclu qu\u2019il constituait une zone strat\u00e9gique pour la cr\u00e9ation d&#8217;espaces appropriables au b\u00e9n\u00e9fice des citoyens de toute la r\u00e9gion. Par cons\u00e9quent, il a class\u00e9 la zone comme non-constructible et a d\u00e9marr\u00e9 un projet de requalification ax\u00e9 sur le paysage, la nature, l\u2019agriculture ainsi que sur les loisirs et le d\u00e9lassement.<\/p>\n<\/div><div class=\"sia-beratung-db-slide-text\" data-index=\"2\" style=\"display:none;\"><p>En septembre 2022 le Grand Conseil du Canton Tessin a approuv\u00e9 la modification du plan d&#8217;affectation (PUC) de Valera , situ\u00e9 entre Rancate, Genestrerio et Ligornetto.<\/p>\n<p>Cette d\u00e9cision  requalifie le site de 16 hectares en tant que paysage naturel. Celui-ci est constitu\u00e9 par des cours d\u2019eau, des zones agricoles, des for\u00eats et une r\u00e9serve naturelle le long de la rivi\u00e8re Laveggio. Cette avanc\u00e9e d\u00e9coule de l\u2019\u00e9troite collaboration entre les autorit\u00e9s cantonales, les institutions et les organisations environnementales.<\/p>\n<p>Avec l&#8217;approbation du PUC Valera, un cr\u00e9dit d&#8217;investissement de 16,9 millions de francs a \u00e9t\u00e9 allou\u00e9 pour la mise en \u0153uvre du plan. Cela permettra de redonner vie \u00e0 un territoire d\u00e9laiss\u00e9, d&#8217;am\u00e9liorer la qualit\u00e9 environnementale de la rivi\u00e8re Laveggio et de ses environs, dans le but de restaurer un poumon vert pour le Mendrisiotto et ses habitants.<\/p>\n<\/div><\/div><div class=\"sia-beratung-db-filterbox\"><label class=\"toggle\" onclick=\"return window.siaBeratung.toggleFilterBox(this);\"><span>Biodiversit\u00e9<\/span><span>Politique fonci\u00e8re<\/span><span>Hochparterre<\/span><span>Climat<\/span><span>Paysage<\/span><span>Durabilit\u00e9<\/span><span>Plans d\u2019affectation<\/span><span>Espace public<\/span><span>Outils de planification<\/span><span>Plans d\u2019affectation sp\u00e9ciaux<\/span><span>Tessin<\/span><span>Divers<\/span><\/label><div class=\"options\"><a href=\"#\" onclick=\"return window.siaBeratung.setFilterBoxFilter(136);\">Biodiversit\u00e9<\/a><a href=\"#\" onclick=\"return window.siaBeratung.setFilterBoxFilter(137);\">Politique fonci\u00e8re<\/a><a href=\"#\" onclick=\"return window.siaBeratung.setFilterBoxFilter(268);\">Hochparterre<\/a><a href=\"#\" onclick=\"return window.siaBeratung.setFilterBoxFilter(143);\">Climat<\/a><a href=\"#\" onclick=\"return window.siaBeratung.setFilterBoxFilter(144);\">Paysage<\/a><a href=\"#\" onclick=\"return window.siaBeratung.setFilterBoxFilter(148);\">Durabilit\u00e9<\/a><a href=\"#\" onclick=\"return window.siaBeratung.setFilterBoxFilter(163);\">Plans d\u2019affectation<\/a><a href=\"#\" onclick=\"return window.siaBeratung.setFilterBoxFilter(149);\">Espace public<\/a><a href=\"#\" onclick=\"return window.siaBeratung.setFilterBoxFilter(151);\">Outils de planification<\/a><a href=\"#\" onclick=\"return window.siaBeratung.setFilterBoxFilter(169);\">Plans d\u2019affectation sp\u00e9ciaux<\/a><a href=\"#\" onclick=\"return window.siaBeratung.setFilterBoxFilter(231);\">Tessin<\/a><a href=\"#\" onclick=\"return window.siaBeratung.setFilterBoxFilter(267);\">Divers<\/a><a href=\"#\" onclick=\"return window.siaBeratung.setFilterBoxFilter([136,137,143,144,148,149,151,163,169,231,267,268,288,289,290]);\">Alle Filter ausw\u00e4hlen<\/a><\/div><\/div><label class=\"sia-beratung-db-filterbox-spacer\">&nbsp;<\/label><\/div><a class=\"swiper-button swiper-button-next desktop\"><\/a><\/div><\/div><div class=\"sia-beratung-db-entry-searchtext\">valera: umzonen f\u00fcr die landschaft | le district de mendrisio, la r\u00e9gion la plus m\u00e9ridionale de suisse, fait face depuis de nombreuses ann\u00e9es \u00e0 des d\u00e9fis environnementaux consid\u00e9rables, en particulier en ce qui concerne la pollution atmosph\u00e9rique, principalement g\u00e9n\u00e9r\u00e9e par les activit\u00e9s industrielles de la plaine du p\u00f4 et le trafic automobile. bien que ce district soit le moins \u00e9tendu du canton, il se classe troisi\u00e8me en termes de population, apr\u00e8s lugano et locarno.suite au d\u00e9mant\u00e8lement, en 2007, de r\u00e9servoirs destin\u00e9s au stockage et \u00e0 la distribution d&#8217;hydrocarbures, la zone de valera, situ\u00e9e au c\u0153ur de l\u2019agglom\u00e9ration du mendrisiotto, est redevenu un espace central libre d&#8217;importance. une proposition majeure de d\u00e9veloppement commercial vise alors cette zone, initialement constitu\u00e9e par le territoire agricole de la campagne adorna et la zone alluviale de la rivi\u00e8re laveggior\u00f4le du canton&nbsp;: analyser, d\u00e9cider, peser les int\u00e9r\u00eatsrendre possible, s\u2019ouvrir \u00e0 de nouvelles id\u00e9es , acheterorganismes responsables\u00a0: sezione dello sviluppo territoriale (sst), r\u00e9publique et canton du tessinauteurs du projet&nbsp;: grand conseil (parlement cantonal) du canton du tessin; d\u00e9partement du territoire, bellinzona; association cittadini per il territorio, mendrisio (avec le soutien de la societ\u00e0 agricola del mendrisiottoet d&#8217;associations de protection de la nature et de l&#8217;environnement)source&nbsp;:\u00a0hochparterre, hase in landschaftsarchitektur, mention (r\u00e9serv\u00e9 aux abonn\u00e9s), article pdf | simulation de l\u2019avenir du site de valera gr\u00e2ce au changement apport\u00e9e par le plan d\u2019affectation cantonal. des \u00e9l\u00e9ments paysagers pourront faire leur apparition sur un paysage de friche industrielle vou\u00e9e jusque-l\u00e0 aux activit\u00e9s commerciales.\r\u00a9 sezione dello sviluppo territoriale (sst) | en 2012, la p\u00e9tition intitul\u00e9e &#8222;restituons valera \u00e0 l&#8217;agriculture&#8220; a rassembl\u00e9 6 850 signatures, et a b\u00e9n\u00e9fici\u00e9 du soutien de la soci\u00e9t\u00e9 agricole du mendrisiotto, de l&#8217;union des paysans tessinois et de l&#8217;association cittadini per il territorio du mendrisiotto. cette mobilisation t\u00e9moignait de l&#8217;importance de la r\u00e9habilitation de cette zone aux yeux de la population locale.la p\u00e9tition pr\u00e9conisait la cr\u00e9ation d&#8217;un parc le long du laveggio, non seulement pour pr\u00e9server la rivi\u00e8re et ses environs, mais \u00e9galement pour soutenir de mani\u00e8re significative un mod\u00e8le de d\u00e9veloppement port\u00e9 par la protection du paysage. elle appelait les autorit\u00e9s \u00e0 jouer un r\u00f4le actif dans ce changement, notamment par l\u2019acquisition de portions significatives de territoire.en 2014, le d\u00e9partement cantonal du territoire a pris position contre les projets de zone industrielle et commerciale pour le site. il a conclu qu\u2019il constituait une zone strat\u00e9gique pour la cr\u00e9ation d&#8217;espaces appropriables au b\u00e9n\u00e9fice des citoyens de toute la r\u00e9gion. par cons\u00e9quent, il a class\u00e9 la zone comme non-constructible et a d\u00e9marr\u00e9 un projet de requalification ax\u00e9 sur le paysage, la nature, l\u2019agriculture ainsi que sur les loisirs et le d\u00e9lassement. | entre friches et axes routiers, le paysage du site de valera aujourd'hui. \r\u00a9 sezione dello sviluppo territoriale (sst) | en septembre 2022 le grand conseil du canton tessin a approuv\u00e9 la modification du plan d&#8217;affectation (puc) de valera , situ\u00e9 entre rancate, genestrerio et ligornetto.cette d\u00e9cision  requalifie le site de 16 hectares en tant que paysage naturel. celui-ci est constitu\u00e9 par des cours d\u2019eau, des zones agricoles, des for\u00eats et une r\u00e9serve naturelle le long de la rivi\u00e8re laveggio. cette avanc\u00e9e d\u00e9coule de l\u2019\u00e9troite collaboration entre les autorit\u00e9s cantonales, les institutions et les organisations environnementales.avec l&#8217;approbation du puc valera, un cr\u00e9dit d&#8217;investissement de 16,9 millions de francs a \u00e9t\u00e9 allou\u00e9 pour la mise en \u0153uvre du plan. cela permettra de redonner vie \u00e0 un territoire d\u00e9laiss\u00e9, d&#8217;am\u00e9liorer la qualit\u00e9 environnementale de la rivi\u00e8re laveggio et de ses environs, dans le but de restaurer un poumon vert pour le mendrisiotto et ses habitants. | \u00a9 swisstopo | biodiversit\u00e4t | bodenpolitik | klima | landschaft | nachhaltigkeit | \u00f6ffentlicher raum | planungsinstrumente | nutzungsplanung | sondernutzplanung | tessin | verschiedene | hochparterre | de | fr | it<\/div><\/article><article class=\"sia-beratung-db-entry\" data-id=\"1722\" data-cpt=\"sia-ausbildung\" data-slug=\"verwaltungsweiterbildung-bauwesen\" data-lat=\"47.0468019912432\" data-lng=\"8.31493121125425\" data-filter-138=\"1\" data-filter-141=\"1\" data-filter-142=\"1\" data-filter-147=\"1\" data-filter-150=\"1\" data-filter-151=\"1\" data-filter-152=\"1\" data-filter-154=\"1\" data-filter-157=\"1\" data-filter-160=\"1\" data-filter-161=\"1\" data-filter-163=\"1\" data-filter-166=\"1\" data-filter-169=\"1\" data-filter-204=\"1\" data-filter-278=\"1\" data-filter-288=\"1\" data-all-filter=\"138,141,142,147,150,151,152,154,157,160,161,163,166,169,204,278,288\"><div class=\"sia-beratung-db-entry-header\" onclick=\"return window.siaBeratung.toggleCpt(this);\"><div class=\"col-1\">Verwaltungsweiterbildung Bauwesen<\/div><div class=\"col-2\"><span>HSLU Hochschule Luzern<\/span><\/div><div class=\"col-3\"><span>Brevet cantonal<\/span><\/div><div class=\"sia-beratung-db-angle\"><span class=\"sia-beratung-angle\"><\/span><\/div><\/div><div class=\"sia-beratung-db-entry-content\"><div class=\"sia-beratung-db-entry-content-columns\"><div class=\"col-1\"><p>Im Fachmodul Bauwesen erwerben Teilnehmende die Grundlagen im Planungs- und Baurecht. Das Modul richtet sich an Mitarbeitende oder F\u00fchrungspersonen, die bei Bau\u00e4mtern oder bei privaten Dienstleistern f\u00fcr den Bereich \u00f6ffentliches Bauen verantwortlich sind.<\/p>\n<\/div><div class=\"col-2\"><\/div><\/div><div class=\"sia-beratung-db-entry-footer\"><div class=\"col-1\"><a href=\"https:\/\/www.hslu.ch\/de-ch\/wirtschaft\/weiterbildung\/weiterbildungskurse\/ibr\/verwaltungsweiterbildung\/verwaltungsweiterbildung-fachmodul-bauwesen\/\" class=\"sia-beratung-db-entry-link\" target=\"_blank\" rel=\"noopener\">Link zum Angebot<\/a><\/div><div class=\"col-2\"><div class=\"sia-beratung-db-filterbox\"><label class=\"toggle\" onclick=\"return window.siaBeratung.toggleFilterBox(this);\"><span>Proc\u00e9dures d\u2019autorisation de construire<\/span><span>Monuments<\/span><span>Formation continue pour le personnel politique et administratif<\/span><span>HSLU Hochschule Luzern<\/span><span>Infrastructure<\/span><span>D\u00e9veloppement \u00e0 l\u2019int\u00e9rieur du milieu b\u00e2ti<\/span><span>Inventaires<\/span><span>Brevet cantonal<\/span><span>Projets de construction communaux<\/span><span>Mobilit\u00e9<\/span><span>Plans d\u2019affectation<\/span><span>Sites construits<\/span><span>Outils de planification<\/span><span>Processus<\/span><span>Proc\u00e9dures d\u2019assurance qualit\u00e9<\/span><span>Plans d\u2019affectation sp\u00e9ciaux<\/span><\/label><div class=\"options\"><a href=\"#\" onclick=\"return window.siaBeratung.setFilterBoxFilter(154);\">Proc\u00e9dures d\u2019autorisation de construire<\/a><a href=\"#\" onclick=\"return window.siaBeratung.setFilterBoxFilter(138);\">Monuments<\/a><a href=\"#\" onclick=\"return window.siaBeratung.setFilterBoxFilter(157);\">Formation continue pour le personnel politique et administratif<\/a><a href=\"#\" onclick=\"return window.siaBeratung.setFilterBoxFilter(204);\">HSLU Hochschule Luzern<\/a><a href=\"#\" onclick=\"return window.siaBeratung.setFilterBoxFilter(141);\">Infrastructure<\/a><a href=\"#\" onclick=\"return window.siaBeratung.setFilterBoxFilter(142);\">D\u00e9veloppement \u00e0 l\u2019int\u00e9rieur du milieu b\u00e2ti<\/a><a href=\"#\" onclick=\"return window.siaBeratung.setFilterBoxFilter(160);\">Inventaires<\/a><a href=\"#\" onclick=\"return window.siaBeratung.setFilterBoxFilter(278);\">Brevet cantonal<\/a><a href=\"#\" onclick=\"return window.siaBeratung.setFilterBoxFilter(161);\">Projets de construction communaux<\/a><a href=\"#\" onclick=\"return window.siaBeratung.setFilterBoxFilter(147);\">Mobilit\u00e9<\/a><a href=\"#\" onclick=\"return window.siaBeratung.setFilterBoxFilter(163);\">Plans d\u2019affectation<\/a><a href=\"#\" onclick=\"return window.siaBeratung.setFilterBoxFilter(150);\">Sites construits<\/a><a href=\"#\" onclick=\"return window.siaBeratung.setFilterBoxFilter(151);\">Outils de planification<\/a><a href=\"#\" onclick=\"return window.siaBeratung.setFilterBoxFilter(152);\">Processus<\/a><a href=\"#\" onclick=\"return window.siaBeratung.setFilterBoxFilter(166);\">Proc\u00e9dures d\u2019assurance qualit\u00e9<\/a><a href=\"#\" onclick=\"return window.siaBeratung.setFilterBoxFilter(169);\">Plans d\u2019affectation sp\u00e9ciaux<\/a><a href=\"#\" onclick=\"return window.siaBeratung.setFilterBoxFilter([138,141,142,147,150,151,152,154,157,160,161,163,166,169,204,278,288]);\">Alle Filter ausw\u00e4hlen<\/a><\/div><\/div><label class=\"sia-beratung-db-filterbox-spacer\">&nbsp;<\/label><\/div><\/div><\/div><div class=\"sia-beratung-db-entry-searchtext\">verwaltungsweiterbildung bauwesen | im fachmodul bauwesen erwerben teilnehmende die grundlagen im planungs- und baurecht. das modul richtet sich an mitarbeitende oder f\u00fchrungspersonen, die bei bau\u00e4mtern oder bei privaten dienstleistern f\u00fcr den bereich \u00f6ffentliches bauen verantwortlich sind. | denkm\u00e4ler | infrastruktur | innenentwicklung | mobilit\u00e4t | ortsbilder | planungsinstrumente | prozesse | baubewilligungsverfahren | fortbildung f\u00fcr politik und verwaltung | inventare | kommunale bauprojekte | nutzungsplanung | qualit\u00e4tssichernde verfahren | sondernutzplanung | hslu hochschule luzern | kantonaler fachausweis | de<\/div><\/article><article class=\"sia-beratung-db-entry\" data-id=\"3087\" data-cpt=\"sia-beispiele\" data-slug=\"via-spluga-kuehne-ingenieurskunst-trifft-auf-geschichte\" data-lang-slug-de_de=\"\" data-lang-slug-en_gb=\"\" data-lang-slug-fr_fr=\"\" data-lang-slug-it_it=\"\" data-lat=\"46.6725276\" data-lng=\"9.4529843\" data-filter-141=\"1\" data-filter-144=\"1\" data-filter-147=\"1\" data-filter-221=\"1\" data-filter-268=\"1\" data-filter-288=\"1\" data-filter-289=\"1\" data-filter-290=\"1\" data-all-filter=\"141,144,147,221,268,288,289,290\"><div class=\"sia-beratung-db-entry-header\" onclick=\"return window.siaBeratung.toggleCpt(this);\"><div class=\"col-1\">Via Spluga: audace de l'ing\u00e9nierie au c\u0153ur de l'histoire<\/div><div class=\"col-2\">Via Spluga, GR<\/div><div class=\"sia-beratung-db-angle\"><span class=\"sia-beratung-angle\"><\/span><\/div><\/div><div class=\"sia-beratung-db-entry-content\"><div class=\"sia-beratung-db-entry-content-columns\"><div class=\"col-1\"><div class=\"sia-beratung-db-entry-slides\"><div class=\"sia-beratung-db-entry-swiper\"><div class=\"swiper-wrapper\"><div class=\"swiper-slide\"><img loading=\"lazy\" decoding=\"async\" src=\"https:\/\/baukulturschweiz.ch\/wp-content\/uploads\/2024\/05\/09_spluga_1_viamala\u00a9wd-copie-1024x768.jpg\" width=\"1024\" height=\"768\" \/><\/div><div class=\"swiper-slide\"><img loading=\"lazy\" decoding=\"async\" src=\"https:\/\/baukulturschweiz.ch\/wp-content\/uploads\/2024\/01\/09_Via-Spluga_cSwisstopo-1024x768.jpg\" width=\"1024\" height=\"768\" \/><\/div><div class=\"swiper-slide\"><img loading=\"lazy\" decoding=\"async\" src=\"https:\/\/baukulturschweiz.ch\/wp-content\/uploads\/2024\/05\/09_spluga_2_viamala\u00a9wd-copie-1024x768.jpg\" width=\"1024\" height=\"768\" \/><\/div><div class=\"swiper-slide\"><img loading=\"lazy\" decoding=\"async\" src=\"https:\/\/baukulturschweiz.ch\/wp-content\/uploads\/2024\/05\/09_spluga_4_viamala\u00a9feiner-1024x768.jpg\" width=\"1024\" height=\"768\" \/><\/div><\/div><\/div><a class=\"swiper-button swiper-button-prev\"><\/a><a class=\"swiper-button swiper-button-next mobile\"><\/a><div class=\"sia-beratung-db-slide-legends\"><small data-index=\"0\">\u00a9 Wilfried Dechau<\/small><small data-index=\"1\" style=\"display:none;\">\u00a9 Swisstopo<\/small><small data-index=\"2\" style=\"display:none;\">\u00a9 Wilfried Dechau<\/small><small data-index=\"3\" style=\"display:none;\">\u00a9 RALPHFEINER<\/small><small class=\"pageNo\">1\/4<\/small><\/div><\/div><\/div><div class=\"col-2\"><div class=\"sia-beratung-db-slide-texts\"><div class=\"sia-beratung-db-slide-text\" data-index=\"0\"><p>De par sa topographie, la Suisse dispose d&#8217;une longue tradition de r\u00e9alisation de routes, de ponts et de tunnels. Ces ouvrages ont permis \u00e0 de nombreux ing\u00e9nieurs de se distinguer sur la sc\u00e8ne locale et internationale autant en tant qu&#8217;acteurs de la technique que de l&#8217;expression culturelle. Leur oeuvre t\u00e9moigne du g\u00e9nie local autant qu\u2019elle conf\u00e8rent une identit\u00e9 particuli\u00e8re \u00e0 nos paysages, notamment alpins. L&#8217;expressivit\u00e9 de ces r\u00e9alisations conjugue une forte pr\u00e9sence avec une simplicit\u00e9 apparente, empreinte de naturel. Modestes ou imposantes, elle sont partie int\u00e9grante de notre patrimioine b\u00e2ti.<\/p>\n<p><strong>R\u00f4le de la commune&nbsp;:<\/strong>\u00a0soutenir, conseiller, autoriser<br \/>\n<strong>Organismes responsables\u00a0:<\/strong> Verein Kulturraum Viamala (seit 2018 Verein Kulturregion Viamala)<br \/>\n<strong>Auteurs du projet&nbsp;:<\/strong> Conzett Bronzini Partner AG, Chur<br \/>\n<strong>Source&nbsp;:<\/strong> Li\u00e8vre d\u2019or, Hochparterrre 2006, Prix de la construction en bois Grisons 2007<\/p>\n<\/div><div class=\"sia-beratung-db-slide-text\" data-index=\"1\" style=\"display:none;\"><p>La d\u00e9marche de l\u2019ing\u00e9nieur J\u00fcrg Conzett met la technique au service de la culture et de la constitution de paysages, avec un grand esprit de synth\u00e8se et de coh\u00e9rence. Ses deux passerelles sur la Via Spluga expriment toutes ses capacit\u00e9s conceptuelles, apportant \u00e0 chaque situation une solution origniale et adapt\u00e9e. Le choix de l&#8217;implantation se conjuge \u00e0 celui de la mise en \u0153uvre, une recherche d\u2019\u00e9quilibre qui place toujours le paysage en premi\u00e8re priorit\u00e9. A l&#8217;instar de la question du socle pour une statue, le traitement des appuis prend une signification toute particuli\u00e8re dans le rapport de l&#8217;ouvrage \u00e0 son environnement naturel. Le soin apport\u00e9 \u00e0 cet aspect conditionne fortement la conception de l&#8217;ensemble. Les mat\u00e9riaux mis en \u0153uvre trouvent \u00e9galement leur pertinence par rapport au site et \u00e0 la signification de l&#8217;ouvrage.<\/p>\n<\/div><div class=\"sia-beratung-db-slide-text\" data-index=\"2\" style=\"display:none;\"><p>Passerelle Viamala II<\/p>\n<p>Le 16 mars 1999, apr\u00e8s seulement trois ans d\u2019utilisation, la premi\u00e8re passerelle de la Traversiner, con\u00e7ue par le bureau Conzett, Bronzini, Gartmann a \u00e9t\u00e9 emport\u00e9e par une chute de pierres. En 2005, le m\u00eame bureau se voit donner la chance de r\u00e9aliser un ouvrage de remplacement. La nouvelle passerelle se distingue par un profil atypique, inscrivant une courbe dynamique \u00e0 la fois a\u00e9rienne et massive dans l&#8217;espace sauvage et resserr\u00e9 de la vall\u00e9e et dans le parcours forestier du sentier de randonn\u00e9e. Pour enjamber librement les 56,60 m\u00e8tres de la rivi\u00e8re, les ing\u00e9nieurs ont opt\u00e9 pour un pont suspendu \u00e0 c\u00e2bles pr\u00e9contraints dispos\u00e9s en deux plans verticaux parall\u00e8les.<\/p>\n<p>Les ancrages des c\u00e2bles principaux se situent \u00e0 des hauteurs diff\u00e9rentes de part et d\u2019autre de la gorge. C\u00f4t\u00e9 nord, les forces de traction du c\u00e2ble sont transmises \u00e0 la roche par un portail en b\u00e9ton. C\u00f4t\u00e9 sud, au point le plus haut de l\u2019ouvrage, la cul\u00e9e d\u2019ancrage du c\u00e2ble est recouverte d&#8217;un remblai de terre. Une troisi\u00e8me cul\u00e9e, situ\u00e9e en contrebas, r\u00e9ceptionne le tablier. Celui-ci est construit avec le bois provenant des arbres coup\u00e9s pour ouvrir le passage \u00e0 travers la for\u00eat, et pr\u00e9sente une gradation de marches \u00e9pousant la variation de courbure du pont. La grande pr\u00e9cision g\u00e9om\u00e9trique a n\u00e9cessit\u00e9 un soin particulier de mise en \u0153uvre.<\/p>\n<\/div><div class=\"sia-beratung-db-slide-text\" data-index=\"3\" style=\"display:none;\"><p>P\u00f9nt da Suransuns<\/p>\n<p>La passerelle enjambe le Rhin post\u00e9rieur en-dessous de Suransuns. L&#8217;association KulturRaum Viamala a lanc\u00e9 en automne 1997 un concours parmi les bureaux d&#8217;ing\u00e9nieurs r\u00e9gionaux. Contrairement au cahier des charges, l&#8217;ouvrage prim\u00e9 a choisi de ne pas franchir la rivi\u00e8re au plus court, afin d&#8217;\u00e9viter des acc\u00e8s abrupts et dangereux, mais aussi pour offrir un dialogue plus fort entre le pont et le paysage. La grande l\u00e9g\u00e8ret\u00e9 de l&#8217;ouvrage, habilement permise par le choix de dalles en granit d&#8217;Andeer et une pr\u00e9contrainte en bandes d&#8217;acier duplex, contraste avec la puissance du cours d&#8217;eau et des falaises. Les appuis et ancrages en b\u00e9ton sur chaque rive s&#8217;inscrivent dans la puissante min\u00e9ralit\u00e9 des berges. Les d\u00e9tails constructifs, notamment la pr\u00e9contrainte et les fixations des garde-corps sous le tablier conf\u00e8rent une grande d\u00e9licatesse \u00e0 un ouvrage \u00e9tonnament robuste. Le choix du granit pour ce lieu vise par ailleurs \u00e0 marquer une transition culturelle entre le nord de la vall\u00e9e, avec ses constructions en bois, et le sud, en amont, avec ses chemins en pierre.<\/p>\n<\/div><\/div><div class=\"sia-beratung-db-filterbox\"><label class=\"toggle\" onclick=\"return window.siaBeratung.toggleFilterBox(this);\"><span>Grisons<\/span><span>Hochparterre<\/span><span>Infrastructure<\/span><span>Paysage<\/span><span>Mobilit\u00e9<\/span><\/label><div class=\"options\"><a href=\"#\" onclick=\"return window.siaBeratung.setFilterBoxFilter(221);\">Grisons<\/a><a href=\"#\" onclick=\"return window.siaBeratung.setFilterBoxFilter(268);\">Hochparterre<\/a><a href=\"#\" onclick=\"return window.siaBeratung.setFilterBoxFilter(141);\">Infrastructure<\/a><a href=\"#\" onclick=\"return window.siaBeratung.setFilterBoxFilter(144);\">Paysage<\/a><a href=\"#\" onclick=\"return window.siaBeratung.setFilterBoxFilter(147);\">Mobilit\u00e9<\/a><a href=\"#\" onclick=\"return window.siaBeratung.setFilterBoxFilter([141,144,147,221,268,288,289,290]);\">Alle Filter ausw\u00e4hlen<\/a><\/div><\/div><label class=\"sia-beratung-db-filterbox-spacer\">&nbsp;<\/label><\/div><a class=\"swiper-button swiper-button-next desktop\"><\/a><\/div><\/div><div class=\"sia-beratung-db-entry-searchtext\">via spluga: k\u00fchne ingenieurskunst trifft auf geschichte | de par sa topographie, la suisse dispose d&#8217;une longue tradition de r\u00e9alisation de routes, de ponts et de tunnels. ces ouvrages ont permis \u00e0 de nombreux ing\u00e9nieurs de se distinguer sur la sc\u00e8ne locale et internationale autant en tant qu&#8217;acteurs de la technique que de l&#8217;expression culturelle. leur oeuvre t\u00e9moigne du g\u00e9nie local autant qu\u2019elle conf\u00e8rent une identit\u00e9 particuli\u00e8re \u00e0 nos paysages, notamment alpins. l&#8217;expressivit\u00e9 de ces r\u00e9alisations conjugue une forte pr\u00e9sence avec une simplicit\u00e9 apparente, empreinte de naturel. modestes ou imposantes, elle sont partie int\u00e9grante de notre patrimioine b\u00e2ti.r\u00f4le de la commune&nbsp;:\u00a0soutenir, conseiller, autoriserorganismes responsables\u00a0: verein kulturraum viamala (seit 2018 verein kulturregion viamala)auteurs du projet&nbsp;: conzett bronzini partner ag, chursource&nbsp;: li\u00e8vre d\u2019or, hochparterrre 2006, prix de la construction en bois grisons 2007 | \u00a9 wilfried dechau | la d\u00e9marche de l\u2019ing\u00e9nieur j\u00fcrg conzett met la technique au service de la culture et de la constitution de paysages, avec un grand esprit de synth\u00e8se et de coh\u00e9rence. ses deux passerelles sur la via spluga expriment toutes ses capacit\u00e9s conceptuelles, apportant \u00e0 chaque situation une solution origniale et adapt\u00e9e. le choix de l&#8217;implantation se conjuge \u00e0 celui de la mise en \u0153uvre, une recherche d\u2019\u00e9quilibre qui place toujours le paysage en premi\u00e8re priorit\u00e9. a l&#8217;instar de la question du socle pour une statue, le traitement des appuis prend une signification toute particuli\u00e8re dans le rapport de l&#8217;ouvrage \u00e0 son environnement naturel. le soin apport\u00e9 \u00e0 cet aspect conditionne fortement la conception de l&#8217;ensemble. les mat\u00e9riaux mis en \u0153uvre trouvent \u00e9galement leur pertinence par rapport au site et \u00e0 la signification de l&#8217;ouvrage. | \u00a9 swisstopo | passerelle viamala iile 16 mars 1999, apr\u00e8s seulement trois ans d\u2019utilisation, la premi\u00e8re passerelle de la traversiner, con\u00e7ue par le bureau conzett, bronzini, gartmann a \u00e9t\u00e9 emport\u00e9e par une chute de pierres. en 2005, le m\u00eame bureau se voit donner la chance de r\u00e9aliser un ouvrage de remplacement. la nouvelle passerelle se distingue par un profil atypique, inscrivant une courbe dynamique \u00e0 la fois a\u00e9rienne et massive dans l&#8217;espace sauvage et resserr\u00e9 de la vall\u00e9e et dans le parcours forestier du sentier de randonn\u00e9e. pour enjamber librement les 56,60 m\u00e8tres de la rivi\u00e8re, les ing\u00e9nieurs ont opt\u00e9 pour un pont suspendu \u00e0 c\u00e2bles pr\u00e9contraints dispos\u00e9s en deux plans verticaux parall\u00e8les.les ancrages des c\u00e2bles principaux se situent \u00e0 des hauteurs diff\u00e9rentes de part et d\u2019autre de la gorge. c\u00f4t\u00e9 nord, les forces de traction du c\u00e2ble sont transmises \u00e0 la roche par un portail en b\u00e9ton. c\u00f4t\u00e9 sud, au point le plus haut de l\u2019ouvrage, la cul\u00e9e d\u2019ancrage du c\u00e2ble est recouverte d&#8217;un remblai de terre. une troisi\u00e8me cul\u00e9e, situ\u00e9e en contrebas, r\u00e9ceptionne le tablier. celui-ci est construit avec le bois provenant des arbres coup\u00e9s pour ouvrir le passage \u00e0 travers la for\u00eat, et pr\u00e9sente une gradation de marches \u00e9pousant la variation de courbure du pont. la grande pr\u00e9cision g\u00e9om\u00e9trique a n\u00e9cessit\u00e9 un soin particulier de mise en \u0153uvre. | \u00a9 wilfried dechau | p\u00f9nt da suransunsla passerelle enjambe le rhin post\u00e9rieur en-dessous de suransuns. l&#8217;association kulturraum viamala a lanc\u00e9 en automne 1997 un concours parmi les bureaux d&#8217;ing\u00e9nieurs r\u00e9gionaux. contrairement au cahier des charges, l&#8217;ouvrage prim\u00e9 a choisi de ne pas franchir la rivi\u00e8re au plus court, afin d&#8217;\u00e9viter des acc\u00e8s abrupts et dangereux, mais aussi pour offrir un dialogue plus fort entre le pont et le paysage. la grande l\u00e9g\u00e8ret\u00e9 de l&#8217;ouvrage, habilement permise par le choix de dalles en granit d&#8217;andeer et une pr\u00e9contrainte en bandes d&#8217;acier duplex, contraste avec la puissance du cours d&#8217;eau et des falaises. les appuis et ancrages en b\u00e9ton sur chaque rive s&#8217;inscrivent dans la puissante min\u00e9ralit\u00e9 des berges. les d\u00e9tails constructifs, notamment la pr\u00e9contrainte et les fixations des garde-corps sous le tablier conf\u00e8rent une grande d\u00e9licatesse \u00e0 un ouvrage \u00e9tonnament robuste. le choix du granit pour ce lieu vise par ailleurs \u00e0 marquer une transition culturelle entre le nord de la vall\u00e9e, avec ses constructions en bois, et le sud, en amont, avec ses chemins en pierre. | \u00a9 ralphfeiner | infrastruktur | landschaft | mobilit\u00e4t | graub\u00fcnden | hochparterre | de | fr | it<\/div><\/article><article class=\"sia-beratung-db-entry\" data-id=\"1634\" data-cpt=\"sia-angebote\" data-slug=\"wegweiser-planungsbeschafung\" data-lang-slug-de_de=\"\" data-lang-slug-en_gb=\"\" data-lang-slug-fr_fr=\"\" data-lang-slug-it_it=\"\" data-lat=\"53.5507112\" data-lng=\"10.0006485\" data-filter-151=\"1\" data-filter-161=\"1\" data-filter-166=\"1\" data-filter-241=\"1\" data-filter-242=\"1\" data-filter-259=\"1\" data-filter-262=\"1\" data-filter-270=\"1\" data-filter-288=\"1\" data-filter-289=\"1\" data-filter-290=\"1\" data-all-filter=\"151,161,166,241,242,259,262,270,288,289,290\"><div class=\"sia-beratung-db-entry-header\" onclick=\"return window.siaBeratung.toggleCpt(this);\"><div class=\"col-1\">Wegweiser Planungsbeschaffung<\/div><div class=\"col-2\"><span>FAS F\u00e9d\u00e9ration des Architectes Suisses<\/span><span>FSAP F\u00e9d\u00e9ration Suisse des Architectes Paysagistes<\/span><span>SIA Soci\u00e9t\u00e9 suisse des ingenieurs et des architectes<\/span><span>suisse.ing<\/span><\/div><div class=\"col-3\"><span>Guide<\/span><\/div><div class=\"sia-beratung-db-angle\"><span class=\"sia-beratung-angle\"><\/span><\/div><\/div><div class=\"sia-beratung-db-entry-content\"><div class=\"sia-beratung-db-entry-content-columns\"><div class=\"col-1\"><p>Le pr\u00e9sent \u00ab Guide pour l\u2019acquisition de prestations d\u2019\u00e9tudes \u00bb fournit aux entit\u00e9s adjudicatrices les principales informations et bases d\u00e9cisionnelles n\u00e9cessaires \u00e0 l\u2019attribution d\u2019un march\u00e9 de prestations d\u2019architecture et d\u2019ing\u00e9nierie. Il r\u00e9sulte d\u2019une initiative conjointe des associations professionnelles BSA\/FAS, SIA et suisse.ing.<\/p>\n<\/div><div class=\"col-2\"><\/div><\/div><div class=\"sia-beratung-db-entry-footer\"><div class=\"col-1\"><a href=\"https:\/\/www.acquisition-prestations-etudes.ch\/fr\/\" class=\"sia-beratung-db-entry-link\" target=\"_blank\" rel=\"noopener\">Link zum Angebot<\/a><\/div><div class=\"col-2\"><div class=\"sia-beratung-db-filterbox\"><label class=\"toggle\" onclick=\"return window.siaBeratung.toggleFilterBox(this);\"><span>Guide<\/span><span>FAS F\u00e9d\u00e9ration des Architectes Suisses<\/span><span>FSAP F\u00e9d\u00e9ration Suisse des Architectes Paysagistes<\/span><span>Projets de construction communaux<\/span><span>Outils de planification<\/span><span>Proc\u00e9dures d\u2019assurance qualit\u00e9<\/span><span>SIA Soci\u00e9t\u00e9 suisse des ingenieurs et des architectes<\/span><span>suisse.ing<\/span><\/label><div class=\"options\"><a href=\"#\" onclick=\"return window.siaBeratung.setFilterBoxFilter(270);\">Guide<\/a><a href=\"#\" onclick=\"return window.siaBeratung.setFilterBoxFilter(241);\">FAS F\u00e9d\u00e9ration des Architectes Suisses<\/a><a href=\"#\" onclick=\"return window.siaBeratung.setFilterBoxFilter(242);\">FSAP F\u00e9d\u00e9ration Suisse des Architectes Paysagistes<\/a><a href=\"#\" onclick=\"return window.siaBeratung.setFilterBoxFilter(161);\">Projets de construction communaux<\/a><a href=\"#\" onclick=\"return window.siaBeratung.setFilterBoxFilter(151);\">Outils de planification<\/a><a href=\"#\" onclick=\"return window.siaBeratung.setFilterBoxFilter(166);\">Proc\u00e9dures d\u2019assurance qualit\u00e9<\/a><a href=\"#\" onclick=\"return window.siaBeratung.setFilterBoxFilter(259);\">SIA Soci\u00e9t\u00e9 suisse des ingenieurs et des architectes<\/a><a href=\"#\" onclick=\"return window.siaBeratung.setFilterBoxFilter(262);\">suisse.ing<\/a><a href=\"#\" onclick=\"return window.siaBeratung.setFilterBoxFilter([151,161,166,241,242,259,262,270,288,289,290]);\">Alle Filter ausw\u00e4hlen<\/a><\/div><\/div><label class=\"sia-beratung-db-filterbox-spacer\">&nbsp;<\/label><\/div><\/div><\/div><div class=\"sia-beratung-db-entry-searchtext\">wegweiser planungsbeschaffung | le pr\u00e9sent \u00ab guide pour l\u2019acquisition de prestations d\u2019\u00e9tudes \u00bb fournit aux entit\u00e9s adjudicatrices les principales informations et bases d\u00e9cisionnelles n\u00e9cessaires \u00e0 l\u2019attribution d\u2019un march\u00e9 de prestations d\u2019architecture et d\u2019ing\u00e9nierie. il r\u00e9sulte d\u2019une initiative conjointe des associations professionnelles bsa\/fas, sia et suisse.ing. | planungsinstrumente | kommunale bauprojekte | qualit\u00e4tssichernde verfahren | bsa bund schweizer architektinnen und architekten | bsla bund schweizer landschaftsarchitekten und landschaftsarchitektinnen | sia schweizerischer ingenieur- und architektenverein | suisse.ing | arbeitshilfe | de | fr | it<\/div><\/article><article class=\"sia-beratung-db-entry\" data-id=\"1723\" data-cpt=\"sia-ausbildung\" data-slug=\"weiterbauen-am-gebaeudebestand\" data-lat=\"46.8528670401303\" data-lng=\"9.51263971943668\" data-filter-135=\"1\" data-filter-136=\"1\" data-filter-138=\"1\" data-filter-142=\"1\" data-filter-143=\"1\" data-filter-148=\"1\" data-filter-149=\"1\" data-filter-150=\"1\" data-filter-160=\"1\" data-filter-198=\"1\" data-filter-272=\"1\" data-filter-288=\"1\" data-all-filter=\"135,136,138,142,143,148,149,150,160,198,272,288\"><div class=\"sia-beratung-db-entry-header\" onclick=\"return window.siaBeratung.toggleCpt(this);\"><div class=\"col-1\">Weiterbauen am Geb\u00e4udebestand<\/div><div class=\"col-2\"><span>FHGR Fachhochschule Graub\u00fcnden<\/span><\/div><div class=\"col-3\"><span>CAS<\/span><\/div><div class=\"sia-beratung-db-angle\"><span class=\"sia-beratung-angle\"><\/span><\/div><\/div><div class=\"sia-beratung-db-entry-content\"><div class=\"sia-beratung-db-entry-content-columns\"><div class=\"col-1\"><p>Stadt- und Dorferneuerung sind wichtige Aspekte in der heutigen Diskussion \u00fcber Architektur. Wie k\u00f6nnen ortsbauliche, denkmalpflegerische Belange und dringend notwendige Erneuerungen miteinander in Einklang gebracht werden?<\/p>\n<\/div><div class=\"col-2\"><\/div><\/div><div class=\"sia-beratung-db-entry-footer\"><div class=\"col-1\"><a href=\"https:\/\/www.fhgr.ch\/weiterbildung\/architektur-und-bauingenieurwesen\/certificate-of-advanced-studies\/weiterbauen-am-gebaeudebestand\/\" class=\"sia-beratung-db-entry-link\" target=\"_blank\" rel=\"noopener\">Link zum Angebot<\/a><\/div><div class=\"col-2\"><div class=\"sia-beratung-db-filterbox\"><label class=\"toggle\" onclick=\"return window.siaBeratung.toggleFilterBox(this);\"><span>Construire dans le b\u00e2ti existant<\/span><span>Biodiversit\u00e9<\/span><span>CAS<\/span><span>Monuments<\/span><span>FHGR Fachhochschule Graub\u00fcnden<\/span><span>D\u00e9veloppement \u00e0 l\u2019int\u00e9rieur du milieu b\u00e2ti<\/span><span>Inventaires<\/span><span>Climat<\/span><span>Durabilit\u00e9<\/span><span>Espace public<\/span><span>Sites construits<\/span><\/label><div class=\"options\"><a href=\"#\" onclick=\"return window.siaBeratung.setFilterBoxFilter(135);\">Construire dans le b\u00e2ti existant<\/a><a href=\"#\" onclick=\"return window.siaBeratung.setFilterBoxFilter(136);\">Biodiversit\u00e9<\/a><a href=\"#\" onclick=\"return window.siaBeratung.setFilterBoxFilter(272);\">CAS<\/a><a href=\"#\" onclick=\"return window.siaBeratung.setFilterBoxFilter(138);\">Monuments<\/a><a href=\"#\" onclick=\"return window.siaBeratung.setFilterBoxFilter(198);\">FHGR Fachhochschule Graub\u00fcnden<\/a><a href=\"#\" onclick=\"return window.siaBeratung.setFilterBoxFilter(142);\">D\u00e9veloppement \u00e0 l\u2019int\u00e9rieur du milieu b\u00e2ti<\/a><a href=\"#\" onclick=\"return window.siaBeratung.setFilterBoxFilter(160);\">Inventaires<\/a><a href=\"#\" onclick=\"return window.siaBeratung.setFilterBoxFilter(143);\">Climat<\/a><a href=\"#\" onclick=\"return window.siaBeratung.setFilterBoxFilter(148);\">Durabilit\u00e9<\/a><a href=\"#\" onclick=\"return window.siaBeratung.setFilterBoxFilter(149);\">Espace public<\/a><a href=\"#\" onclick=\"return window.siaBeratung.setFilterBoxFilter(150);\">Sites construits<\/a><a href=\"#\" onclick=\"return window.siaBeratung.setFilterBoxFilter([135,136,138,142,143,148,149,150,160,198,272,288]);\">Alle Filter ausw\u00e4hlen<\/a><\/div><\/div><label class=\"sia-beratung-db-filterbox-spacer\">&nbsp;<\/label><\/div><\/div><\/div><div class=\"sia-beratung-db-entry-searchtext\">weiterbauen am geb\u00e4udebestand | stadt- und dorferneuerung sind wichtige aspekte in der heutigen diskussion \u00fcber architektur. wie k\u00f6nnen ortsbauliche, denkmalpflegerische belange und dringend notwendige erneuerungen miteinander in einklang gebracht werden? | bauen im bestand | biodiversit\u00e4t | denkm\u00e4ler | innenentwicklung | klima | nachhaltigkeit | \u00f6ffentlicher raum | ortsbilder | inventare | fhgr fachhochschule graub\u00fcnden | cas | de<\/div><\/article><article class=\"sia-beratung-db-entry\" data-id=\"1725\" data-cpt=\"sia-ausbildung\" data-slug=\"weiterbildungsangebot-bvr\" data-lang-slug-de_de=\"\" data-lang-slug-en_gb=\"\" data-lang-slug-fr_fr=\"\" data-lang-slug-it_it=\"\" data-lat=\"46.8474616819308\" data-lng=\"9.50947776459993\" data-filter-151=\"1\" data-filter-152=\"1\" data-filter-154=\"1\" data-filter-157=\"1\" data-filter-198=\"1\" data-filter-243=\"1\" data-filter-279=\"1\" data-filter-288=\"1\" data-all-filter=\"151,152,154,157,198,243,279,288\"><div class=\"sia-beratung-db-entry-header\" onclick=\"return window.siaBeratung.toggleCpt(this);\"><div class=\"col-1\">Weiterbildungsangebot BVR<\/div><div class=\"col-2\"><span>FHGR Fachhochschule Graub\u00fcnden<\/span><span>BVR B\u00fcndner Vereinigung f\u00fcr Raumentwicklung<\/span><\/div><div class=\"col-3\"><span>Cours et colloques<\/span><\/div><div class=\"sia-beratung-db-angle\"><span class=\"sia-beratung-angle\"><\/span><\/div><\/div><div class=\"sia-beratung-db-entry-content\"><div class=\"sia-beratung-db-entry-content-columns\"><div class=\"col-1\"><p>Die Gemeinden sind innerhalb ihrer Baugebiete allein zust\u00e4ndig f\u00fcr die Baubewilligungen und eine korrekte Verfahrensabwicklung. Darum sind gut ausgebildete Baubeh\u00f6rden unverzichtbar. Die BVR bietet Weiterbildungskurse f\u00fcr Baubeh\u00f6rden und Gemeindeverwaltungen an. Die Teilnehmenden erhalten Grundkenntnisse im Baubewilligungsverfahren.<\/p>\n<\/div><div class=\"col-2\"><\/div><\/div><div class=\"sia-beratung-db-entry-footer\"><div class=\"col-1\"><a href=\"https:\/\/www.bvr.ch\/weiterbildung\/\" class=\"sia-beratung-db-entry-link\" target=\"_blank\" rel=\"noopener\">Link zum Angebot<\/a><\/div><div class=\"col-2\"><div class=\"sia-beratung-db-filterbox\"><label class=\"toggle\" onclick=\"return window.siaBeratung.toggleFilterBox(this);\"><span>Proc\u00e9dures d\u2019autorisation de construire<\/span><span>BVR B\u00fcndner Vereinigung f\u00fcr Raumentwicklung<\/span><span>FHGR Fachhochschule Graub\u00fcnden<\/span><span>Formation continue pour le personnel politique et administratif<\/span><span>Cours et colloques<\/span><span>Outils de planification<\/span><span>Processus<\/span><\/label><div class=\"options\"><a href=\"#\" onclick=\"return window.siaBeratung.setFilterBoxFilter(154);\">Proc\u00e9dures d\u2019autorisation de construire<\/a><a href=\"#\" onclick=\"return window.siaBeratung.setFilterBoxFilter(243);\">BVR B\u00fcndner Vereinigung f\u00fcr Raumentwicklung<\/a><a href=\"#\" onclick=\"return window.siaBeratung.setFilterBoxFilter(198);\">FHGR Fachhochschule Graub\u00fcnden<\/a><a href=\"#\" onclick=\"return window.siaBeratung.setFilterBoxFilter(157);\">Formation continue pour le personnel politique et administratif<\/a><a href=\"#\" onclick=\"return window.siaBeratung.setFilterBoxFilter(279);\">Cours et colloques<\/a><a href=\"#\" onclick=\"return window.siaBeratung.setFilterBoxFilter(151);\">Outils de planification<\/a><a href=\"#\" onclick=\"return window.siaBeratung.setFilterBoxFilter(152);\">Processus<\/a><a href=\"#\" onclick=\"return window.siaBeratung.setFilterBoxFilter([151,152,154,157,198,243,279,288]);\">Alle Filter ausw\u00e4hlen<\/a><\/div><\/div><label class=\"sia-beratung-db-filterbox-spacer\">&nbsp;<\/label><\/div><\/div><\/div><div class=\"sia-beratung-db-entry-searchtext\">weiterbildungsangebot bvr | die gemeinden sind innerhalb ihrer baugebiete allein zust\u00e4ndig f\u00fcr die baubewilligungen und eine korrekte verfahrensabwicklung. darum sind gut ausgebildete baubeh\u00f6rden unverzichtbar. die bvr bietet weiterbildungskurse f\u00fcr baubeh\u00f6rden und gemeindeverwaltungen an. die teilnehmenden erhalten grundkenntnisse im baubewilligungsverfahren. | planungsinstrumente | prozesse | baubewilligungsverfahren | fortbildung f\u00fcr politik und verwaltung | fhgr fachhochschule graub\u00fcnden | bvr b\u00fcndner vereinigung f\u00fcr raumentwicklung | kurse und tagungen | de<\/div><\/article><article class=\"sia-beratung-db-entry\" data-id=\"1635\" data-cpt=\"sia-angebote\" data-slug=\"wohnumfeldqualitaet\" data-lat=\"53.5507112\" data-lng=\"10.0006485\" data-filter-139=\"1\" data-filter-144=\"1\" data-filter-145=\"1\" data-filter-149=\"1\" data-filter-169=\"1\" data-filter-206=\"1\" data-filter-283=\"1\" data-filter-288=\"1\" data-all-filter=\"139,144,145,149,169,206,283,288\"><div class=\"sia-beratung-db-entry-header\" onclick=\"return window.siaBeratung.toggleCpt(this);\"><div class=\"col-1\">Wohnumfeldqualit\u00e4t<\/div><div class=\"col-2\"><span>OST Ostschweizer Fachhochschule<\/span><\/div><div class=\"col-3\"><span>Plateforme<\/span><\/div><div class=\"sia-beratung-db-angle\"><span class=\"sia-beratung-angle\"><\/span><\/div><\/div><div class=\"sia-beratung-db-entry-content\"><div class=\"sia-beratung-db-entry-content-columns\"><div class=\"col-1\"><p>Diese Webseite bietet f\u00fcr Planungsakteure und Planungsakteurinnen insbesondere in Gemeinden und in Planungsb\u00fcros eine Handlungshilfe, wie ein hochwertiges Wohnumfeld entwickelt und gesichert werden kann.<\/p>\n<\/div><div class=\"col-2\"><\/div><\/div><div class=\"sia-beratung-db-entry-footer\"><div class=\"col-1\"><a href=\"http:\/\/www.wohnumfeld-qualitaet.ch\/\" class=\"sia-beratung-db-entry-link\" target=\"_blank\" rel=\"noopener\">Link zum Angebot<\/a><\/div><div class=\"col-2\"><div class=\"sia-beratung-db-filterbox\"><label class=\"toggle\" onclick=\"return window.siaBeratung.toggleFilterBox(this);\"><span>Dialogue<\/span><span>Paysage<\/span><span>Politique immobili\u00e8re<\/span><span>Espace public<\/span><span>OST Ostschweizer Fachhochschule<\/span><span>Plateforme<\/span><span>Plans d\u2019affectation sp\u00e9ciaux<\/span><\/label><div class=\"options\"><a href=\"#\" onclick=\"return window.siaBeratung.setFilterBoxFilter(139);\">Dialogue<\/a><a href=\"#\" onclick=\"return window.siaBeratung.setFilterBoxFilter(144);\">Paysage<\/a><a href=\"#\" onclick=\"return window.siaBeratung.setFilterBoxFilter(145);\">Politique immobili\u00e8re<\/a><a href=\"#\" onclick=\"return window.siaBeratung.setFilterBoxFilter(149);\">Espace public<\/a><a href=\"#\" onclick=\"return window.siaBeratung.setFilterBoxFilter(206);\">OST Ostschweizer Fachhochschule<\/a><a href=\"#\" onclick=\"return window.siaBeratung.setFilterBoxFilter(283);\">Plateforme<\/a><a href=\"#\" onclick=\"return window.siaBeratung.setFilterBoxFilter(169);\">Plans d\u2019affectation sp\u00e9ciaux<\/a><a href=\"#\" onclick=\"return window.siaBeratung.setFilterBoxFilter([139,144,145,149,169,206,283,288]);\">Alle Filter ausw\u00e4hlen<\/a><\/div><\/div><label class=\"sia-beratung-db-filterbox-spacer\">&nbsp;<\/label><\/div><\/div><\/div><div class=\"sia-beratung-db-entry-searchtext\">wohnumfeldqualit\u00e4t | diese webseite bietet f\u00fcr planungsakteure und planungsakteurinnen insbesondere in gemeinden und in planungsb\u00fcros eine handlungshilfe, wie ein hochwertiges wohnumfeld entwickelt und gesichert werden kann. | dialog | landschaft | liegenschaftspolitik | \u00f6ffentlicher raum | sondernutzplanung | ost ostschweizer fachhochschule | plattform | de<\/div><\/article><article class=\"sia-beratung-db-entry\" data-id=\"3049\" data-cpt=\"sia-beispiele\" data-slug=\"yverdon-les-bains-stadtoasen-in-unmittelbarer-naehe\" data-lang-slug-de_de=\"\" data-lang-slug-en_gb=\"\" data-lang-slug-fr_fr=\"\" data-lang-slug-it_it=\"\" data-lat=\"46.7786683\" data-lng=\"6.6410637\" data-filter-139=\"1\" data-filter-141=\"1\" data-filter-143=\"1\" data-filter-144=\"1\" data-filter-147=\"1\" data-filter-148=\"1\" data-filter-149=\"1\" data-filter-161=\"1\" data-filter-167=\"1\" data-filter-172=\"1\" data-filter-288=\"1\" data-filter-289=\"1\" data-filter-290=\"1\" data-all-filter=\"139,141,143,144,147,148,149,161,167,172,288,289,290\"><div class=\"sia-beratung-db-entry-header\" onclick=\"return window.siaBeratung.toggleCpt(this);\"><div class=\"col-1\">Yverdon-les-Bains : un espace public accessible en 5 minutes<\/div><div class=\"col-2\">Yverdon-les-Bains, VD<\/div><div class=\"sia-beratung-db-angle\"><span class=\"sia-beratung-angle\"><\/span><\/div><\/div><div class=\"sia-beratung-db-entry-content\"><div class=\"sia-beratung-db-entry-content-columns\"><div class=\"col-1\"><div class=\"sia-beratung-db-entry-slides\"><div class=\"sia-beratung-db-entry-swiper\"><div class=\"swiper-wrapper\"><div class=\"swiper-slide\"><img loading=\"lazy\" decoding=\"async\" src=\"https:\/\/baukulturschweiz.ch\/wp-content\/uploads\/2024\/06\/08_Yverdon_cSwisstopo-1024x768.jpg\" width=\"1024\" height=\"768\" \/><\/div><div class=\"swiper-slide\"><img loading=\"lazy\" decoding=\"async\" src=\"https:\/\/baukulturschweiz.ch\/wp-content\/uploads\/2024\/05\/08_yverdon_04_explic-1024x768.jpg\" width=\"1024\" height=\"768\" \/><\/div><div class=\"swiper-slide\"><img loading=\"lazy\" decoding=\"async\" src=\"https:\/\/baukulturschweiz.ch\/wp-content\/uploads\/2024\/05\/08_Yverdon_03_champ_cJobin-copie-1024x768.jpg\" width=\"1024\" height=\"768\" \/><\/div><div class=\"swiper-slide\"><img loading=\"lazy\" decoding=\"async\" src=\"https:\/\/baukulturschweiz.ch\/wp-content\/uploads\/2024\/05\/08_Yverdon_04_montage-pla-coupe-1024x768.jpg\" width=\"1024\" height=\"768\" \/><\/div><\/div><\/div><a class=\"swiper-button swiper-button-prev\"><\/a><a class=\"swiper-button swiper-button-next mobile\"><\/a><div class=\"sia-beratung-db-slide-legends\"><small data-index=\"0\">\u00a9 Swisstopo<\/small><small data-index=\"1\" style=\"display:none;\">\u00a9 Carole Alkabes<\/small><small data-index=\"2\" style=\"display:none;\">Marche exploratoire au Parc du Castrum dans le cadre de la d\u00e9marche participative.<br \/>\r\n\u00a9Zo\u00e9 Jobin <\/small><small data-index=\"3\" style=\"display:none;\">Le plan\/coupe du projet ponctuel r\u00e9alis\u00e9 sur mesure dans un quartier p\u00e9riph\u00e9rique.Les \u00e9l\u00e9ments permettent de renfocer les composantantes d\u2019activit\u00e9 physique et coh\u00e9sion sociale du site qui manquait d\u2019attractivit\u00e9. <br \/>\r\nUn terrain double de p\u00e9tanque a \u00e9t\u00e9 install\u00e9 suite \u00e0 l\u2019enthousiasme suscit\u00e9 par la d\u00e9marche participative et avec le soutien de la travailleuse sociale de proximit\u00e9. <br \/>\r\n. Celui-ci est accompagn\u00e9 de mobilier propice aux \u00e9changes et compatible avec les besoins des diff\u00e9rents publics comme par exemple les s\u00e9niors (assise avec accoudoir et dossier, pas de seuils).<\/small><small class=\"pageNo\">1\/4<\/small><\/div><\/div><\/div><div class=\"col-2\"><div class=\"sia-beratung-db-slide-texts\"><div class=\"sia-beratung-db-slide-text\" data-index=\"0\"><p>De nombreuses r\u00e9flexions actuelles sur l&#8217;am\u00e9nagement du territoire mettent en avant la n\u00e9cessit\u00e9 de cr\u00e9er de nouvelles conditions de proximit\u00e9 et d&#8217;am\u00e9liorer la qualit\u00e9 de vie en milieu urbain. Le concept de la &#8222;ville des courtes distances&#8220; vise \u00e0 permettre l&#8217;accomplissement des t\u00e2ches quotidiennes principalement \u00e0 pied. Cette approche urbanistique int\u00e8gre \u00e0 la fois l&#8217;activit\u00e9 physique, le sport, la culture, les interactions sociales, ainsi que la connexion avec la nature et la biodiversit\u00e9.<\/p>\n<p>En m\u00eame temps, les espaces publics composent le cadre social de nos vies au quotidien. Ils sont l\u2019endroit o\u00f9 on va \u00e0 la rencontre des autres, en sortant de \u00ab chez soi \u00bb, pour se confronter au monde ext\u00e9rieur. Ils sont le socle de la vie de proximit\u00e9 et devraient favoriser une diversit\u00e9 d&#8217;usages ainsi qu&#8217;une coexistence harmonieuse.<\/p>\n<p>Pour atteindre le double objectif de proximit\u00e9 et de qualit\u00e9 de vie, la ville d\u2019Yverdon-les-Bains a d\u00e9cid\u00e9 de se doter d\u2019une strat\u00e9gie visant \u00e0 offrir un espace public accessible en moins de 5 minutes \u00e0 pied \u00e0 ses habitantes et habitants. Le d\u00e9veloppement de cette strat\u00e9gie est pr\u00e9vu sur plusieurs ann\u00e9es<\/p>\n<p><strong>R\u00f4le de la commune\u00a0:<\/strong> prendre l\u2019initiative, \u00e9couter, \u00e9valuer, mettre en \u0153uvre, dynamiser des espaces pour les rendre attractifs, mettre en place une strat\u00e9gie coh\u00e9rente des espaces publics \u00e0 l\u2019\u00e9chelle communale, f\u00e9d\u00e9rer les projets men\u00e9s pour diff\u00e9rents services autour d\u2019une strat\u00e9gie commune.<br \/>\n<strong>Organismes responsables\u00a0:<\/strong> Commune<br \/>\n<strong>Auteurs du projet\u00a0: <\/strong>Stadt Yverdon-les-Bains<br \/>\n<strong>Mandataires :<\/strong> Urbaplan, Graine d\u2019id\u00e9es, Atelier Salto, Plates-bandes, Now, Metron, M-AP architectes, C.A.Presset architecte paysagiste, En-Dehors, M. Monnard, Afiro<br \/>\n<strong>Experts professionnels :<\/strong> M. Schick, S. Curnier, S. Droz (Lares), P. Furrer, M. Litscher, J-M. Imer<br \/>\n<strong>Experts citoyens :<\/strong> Mitglieder von COSY (conseil des seniors yverdonnois-e-s [Seniorenrat Yverdon]), CDJY (conseil des jeunes yverdonnois-e-s [Jugendrat Yverdon]), CCSI (conseil consultatif Suisses-Immigr\u00e9s [Beirat mit Personen aus der Schweiz und dem Ausland]).<br \/>\n<strong>Source\u00a0:<\/strong> <a href=\"https:\/\/www.are.admin.ch\/fr\/projetsmodeles\">Modellvorhaben, ARE<\/a><\/p>\n<\/div><div class=\"sia-beratung-db-slide-text\" data-index=\"1\" style=\"display:none;\"><p>Dans un contexte de forte croissance d\u00e9mographique Yverdon-les-Bains, qui compte actuellement pr\u00e8s de 30\u2019000 habitants, avec une projection de 7\u2019000 habitants suppl\u00e9mentaires d\u2019ici 2030, souhaite proposer des espaces publics \u00e0 proximit\u00e9 des lieux d\u2019habitation. En 2019 elle a soumis cette strat\u00e9gie dans le cadre de l\u2019appel \u00e0 projets lanc\u00e9 par l\u2019Office f\u00e9d\u00e9ral du d\u00e9veloppement territorial obtenant le subventionnement 2020-2024 pour lancer des projets pilotes de requalification d\u2019aires publiques \u00e0 l\u2019\u00e9chelle des quartiers.<\/p>\n<p>Le projet est ambitieux, il s\u2019agit d\u2019assurer la couverture du territoire communal en travaillant \u00e0 la fois sur les nouveaux quartiers et surtout dans le tissu existant pour constituer un r\u00e9seau d\u2019espaces compl\u00e9mentaire aux espaces publics de destination et embl\u00e9matiques de la ville.<\/p>\n<p>Ainsi, cours d\u2019\u00e9coles, placettes, squares, trottoirs, rives des canaux et aires de stationnement reconverties, entre autres, sont identifi\u00e9s comme des lieux potentiels pouvant int\u00e9grer la strat\u00e9gie et capables d\u2019apporter une diversit\u00e9 d\u2019espaces bienvenue au r\u00e9seau.<\/p>\n<\/div><div class=\"sia-beratung-db-slide-text\" data-index=\"2\" style=\"display:none;\"><p>La premi\u00e8re phase du projet a consist\u00e9 en un diagnostic des zones de proximit\u00e9. L\u2019originalit\u00e9 de la d\u00e9marche tient entre autres \u00e0 la collaboration interservices (services en charge de la conception et r\u00e9alisation, urbanisme, travaux &amp; environnement et ceux responsables de l\u2019animation des espaces : service de la culture, du sport et de l\u2019activit\u00e9 physiques, de la jeunesse et de la coh\u00e9sion sociale).<\/p>\n<p>Le projet a mis le focus sur les usages et la programmation des espaces publics. Ce changement de paradigme est transposable \u00e0 toutes les \u00e9chelles de communes. Les r\u00e9sultats de cette phase ont \u00e9t\u00e9 partag\u00e9s sur le site web de la commune, concluant que plusieurs sites identifi\u00e9s n\u00e9cessitaient des am\u00e9liorations, tandis que certains quartiers pr\u00e9sentaient des lacunes en termes d&#8217;espaces publics ou d&#8217;offres pour la population. Compl\u00e9ter et am\u00e9liorer le r\u00e9seau existant d&#8217;espaces publics de proximit\u00e9 est donc devenu une priorit\u00e9.<\/p>\n<p>La deuxi\u00e8me phase du projet a mis en place une large d\u00e9marche participative pour recueillir les id\u00e9es de la population dans les quartiers r\u00e9sidentiels, exp\u00e9rimenter des dispositifs, mieux comprendre les usages actuels des sites et \u00e9valuer les besoins en mati\u00e8re de requalification. Parmi les dispositifs de consultation mis en place par la Ville, on peut citer la publication d&#8217;un sondage en ligne, l&#8217;organisation de balades urbaines et d&#8217;animations ponctuelles en collaboration avec des associations locales, ainsi que la possibilit\u00e9 d&#8217;exp\u00e9rimenter de nouvelles configurations spatiales \u00e0 l&#8217;aide de cubes en bois modulables.<\/p>\n<\/div><div class=\"sia-beratung-db-slide-text\" data-index=\"3\" style=\"display:none;\"><p>Fort des r\u00e9sultats des deux premi\u00e8res phases, le projet a pour ambition de se d\u00e9cliner \u00e0 trois \u00e9chelles : un plan directeur des espaces publics, des r\u00e9am\u00e9nagements importants sur deux sites pilotes et encore deux interventions ponctuelles. Le premier sera pr\u00e9sent\u00e9 publiquement courant 2024, la r\u00e9alisation des seconds est pr\u00e9vue pour 2024-25 et l\u2019inauguration des derniers agend\u00e9 au printemps 2024.<\/p>\n<p>L\u2019\u00e9lan g\u00e9n\u00e9r\u00e9 par le processus a d\u2019ores et d\u00e9j\u00e0 permis d\u2019am\u00e9liorer des projets en cours en y incluant une plus grande diversit\u00e9 d\u2019usages. Par exemple, une micro-for\u00eat pr\u00e9vue dans la strat\u00e9gie de v\u00e9g\u00e9talisation offre d\u00e9sormais un espace propice aux r\u00e9p\u00e9titions musicales du conservatoire voisin d\u2019\u00e0-c\u00f4t\u00e9<\/p>\n<p>Le projet a permis de r\u00e9fl\u00e9chir collectivement aux usages par la mise en place d\u2019un travail entre experts, services planificateurs, et services usagers, repr\u00e9sentant des conseils citoyens mais aussi de poser une strat\u00e9gie \u00e0 d\u00e9velopper sur 15 ans, de tester des processus pilotes et de r\u00e9aliser rapidement des am\u00e9liorations sur le terrain.<\/p>\n<\/div><\/div><div class=\"sia-beratung-db-filterbox\"><label class=\"toggle\" onclick=\"return window.siaBeratung.toggleFilterBox(this);\"><span>ARE Office f\u00e9d\u00e9ral du d\u00e9veloppement territorial<\/span><span>Dialogue<\/span><span>Infrastructure<\/span><span>Climat<\/span><span>Projets de construction communaux<\/span><span>Paysage<\/span><span>Mobilit\u00e9<\/span><span>Durabilit\u00e9<\/span><span>Espace public<\/span><span>Strat\u00e9gies de d\u00e9veloppement territorial<\/span><\/label><div class=\"options\"><a href=\"#\" onclick=\"return window.siaBeratung.setFilterBoxFilter(172);\">ARE Office f\u00e9d\u00e9ral du d\u00e9veloppement territorial<\/a><a href=\"#\" onclick=\"return window.siaBeratung.setFilterBoxFilter(139);\">Dialogue<\/a><a href=\"#\" onclick=\"return window.siaBeratung.setFilterBoxFilter(141);\">Infrastructure<\/a><a href=\"#\" onclick=\"return window.siaBeratung.setFilterBoxFilter(143);\">Climat<\/a><a href=\"#\" onclick=\"return window.siaBeratung.setFilterBoxFilter(161);\">Projets de construction communaux<\/a><a href=\"#\" onclick=\"return window.siaBeratung.setFilterBoxFilter(144);\">Paysage<\/a><a href=\"#\" onclick=\"return window.siaBeratung.setFilterBoxFilter(147);\">Mobilit\u00e9<\/a><a href=\"#\" onclick=\"return window.siaBeratung.setFilterBoxFilter(148);\">Durabilit\u00e9<\/a><a href=\"#\" onclick=\"return window.siaBeratung.setFilterBoxFilter(149);\">Espace public<\/a><a href=\"#\" onclick=\"return window.siaBeratung.setFilterBoxFilter(167);\">Strat\u00e9gies de d\u00e9veloppement territorial<\/a><a href=\"#\" onclick=\"return window.siaBeratung.setFilterBoxFilter([139,141,143,144,147,148,149,161,167,172,288,289,290]);\">Alle Filter ausw\u00e4hlen<\/a><\/div><\/div><label class=\"sia-beratung-db-filterbox-spacer\">&nbsp;<\/label><\/div><a class=\"swiper-button swiper-button-next desktop\"><\/a><\/div><\/div><div class=\"sia-beratung-db-entry-searchtext\">yverdon-les-bains: stadtoasen in unmittelbarer n\u00e4he | de nombreuses r\u00e9flexions actuelles sur l&#8217;am\u00e9nagement du territoire mettent en avant la n\u00e9cessit\u00e9 de cr\u00e9er de nouvelles conditions de proximit\u00e9 et d&#8217;am\u00e9liorer la qualit\u00e9 de vie en milieu urbain. le concept de la &#8222;ville des courtes distances&#8220; vise \u00e0 permettre l&#8217;accomplissement des t\u00e2ches quotidiennes principalement \u00e0 pied. cette approche urbanistique int\u00e8gre \u00e0 la fois l&#8217;activit\u00e9 physique, le sport, la culture, les interactions sociales, ainsi que la connexion avec la nature et la biodiversit\u00e9.en m\u00eame temps, les espaces publics composent le cadre social de nos vies au quotidien. ils sont l\u2019endroit o\u00f9 on va \u00e0 la rencontre des autres, en sortant de \u00ab chez soi \u00bb, pour se confronter au monde ext\u00e9rieur. ils sont le socle de la vie de proximit\u00e9 et devraient favoriser une diversit\u00e9 d&#8217;usages ainsi qu&#8217;une coexistence harmonieuse.pour atteindre le double objectif de proximit\u00e9 et de qualit\u00e9 de vie, la ville d\u2019yverdon-les-bains a d\u00e9cid\u00e9 de se doter d\u2019une strat\u00e9gie visant \u00e0 offrir un espace public accessible en moins de 5 minutes \u00e0 pied \u00e0 ses habitantes et habitants. le d\u00e9veloppement de cette strat\u00e9gie est pr\u00e9vu sur plusieurs ann\u00e9esr\u00f4le de la commune\u00a0: prendre l\u2019initiative, \u00e9couter, \u00e9valuer, mettre en \u0153uvre, dynamiser des espaces pour les rendre attractifs, mettre en place une strat\u00e9gie coh\u00e9rente des espaces publics \u00e0 l\u2019\u00e9chelle communale, f\u00e9d\u00e9rer les projets men\u00e9s pour diff\u00e9rents services autour d\u2019une strat\u00e9gie commune.organismes responsables\u00a0: communeauteurs du projet\u00a0: stadt yverdon-les-bainsmandataires : urbaplan, graine d\u2019id\u00e9es, atelier salto, plates-bandes, now, metron, m-ap architectes, c.a.presset architecte paysagiste, en-dehors, m. monnard, afiroexperts professionnels : m. schick, s. curnier, s. droz (lares), p. furrer, m. litscher, j-m. imerexperts citoyens : mitglieder von cosy (conseil des seniors yverdonnois-e-s [seniorenrat yverdon]), cdjy (conseil des jeunes yverdonnois-e-s [jugendrat yverdon]), ccsi (conseil consultatif suisses-immigr\u00e9s [beirat mit personen aus der schweiz und dem ausland]).source\u00a0: modellvorhaben, are | \u00a9 swisstopo | dans un contexte de forte croissance d\u00e9mographique yverdon-les-bains, qui compte actuellement pr\u00e8s de 30\u2019000 habitants, avec une projection de 7\u2019000 habitants suppl\u00e9mentaires d\u2019ici 2030, souhaite proposer des espaces publics \u00e0 proximit\u00e9 des lieux d\u2019habitation. en 2019 elle a soumis cette strat\u00e9gie dans le cadre de l\u2019appel \u00e0 projets lanc\u00e9 par l\u2019office f\u00e9d\u00e9ral du d\u00e9veloppement territorial obtenant le subventionnement 2020-2024 pour lancer des projets pilotes de requalification d\u2019aires publiques \u00e0 l\u2019\u00e9chelle des quartiers.le projet est ambitieux, il s\u2019agit d\u2019assurer la couverture du territoire communal en travaillant \u00e0 la fois sur les nouveaux quartiers et surtout dans le tissu existant pour constituer un r\u00e9seau d\u2019espaces compl\u00e9mentaire aux espaces publics de destination et embl\u00e9matiques de la ville.ainsi, cours d\u2019\u00e9coles, placettes, squares, trottoirs, rives des canaux et aires de stationnement reconverties, entre autres, sont identifi\u00e9s comme des lieux potentiels pouvant int\u00e9grer la strat\u00e9gie et capables d\u2019apporter une diversit\u00e9 d\u2019espaces bienvenue au r\u00e9seau. | \u00a9 carole alkabes | la premi\u00e8re phase du projet a consist\u00e9 en un diagnostic des zones de proximit\u00e9. l\u2019originalit\u00e9 de la d\u00e9marche tient entre autres \u00e0 la collaboration interservices (services en charge de la conception et r\u00e9alisation, urbanisme, travaux &amp; environnement et ceux responsables de l\u2019animation des espaces : service de la culture, du sport et de l\u2019activit\u00e9 physiques, de la jeunesse et de la coh\u00e9sion sociale).le projet a mis le focus sur les usages et la programmation des espaces publics. ce changement de paradigme est transposable \u00e0 toutes les \u00e9chelles de communes. les r\u00e9sultats de cette phase ont \u00e9t\u00e9 partag\u00e9s sur le site web de la commune, concluant que plusieurs sites identifi\u00e9s n\u00e9cessitaient des am\u00e9liorations, tandis que certains quartiers pr\u00e9sentaient des lacunes en termes d&#8217;espaces publics ou d&#8217;offres pour la population. compl\u00e9ter et am\u00e9liorer le r\u00e9seau existant d&#8217;espaces publics de proximit\u00e9 est donc devenu une priorit\u00e9.la deuxi\u00e8me phase du projet a mis en place une large d\u00e9marche participative pour recueillir les id\u00e9es de la population dans les quartiers r\u00e9sidentiels, exp\u00e9rimenter des dispositifs, mieux comprendre les usages actuels des sites et \u00e9valuer les besoins en mati\u00e8re de requalification. parmi les dispositifs de consultation mis en place par la ville, on peut citer la publication d&#8217;un sondage en ligne, l&#8217;organisation de balades urbaines et d&#8217;animations ponctuelles en collaboration avec des associations locales, ainsi que la possibilit\u00e9 d&#8217;exp\u00e9rimenter de nouvelles configurations spatiales \u00e0 l&#8217;aide de cubes en bois modulables. | marche exploratoire au parc du castrum dans le cadre de la d\u00e9marche participative.\r\u00a9zo\u00e9 jobin  | fort des r\u00e9sultats des deux premi\u00e8res phases, le projet a pour ambition de se d\u00e9cliner \u00e0 trois \u00e9chelles : un plan directeur des espaces publics, des r\u00e9am\u00e9nagements importants sur deux sites pilotes et encore deux interventions ponctuelles. le premier sera pr\u00e9sent\u00e9 publiquement courant 2024, la r\u00e9alisation des seconds est pr\u00e9vue pour 2024-25 et l\u2019inauguration des derniers agend\u00e9 au printemps 2024.l\u2019\u00e9lan g\u00e9n\u00e9r\u00e9 par le processus a d\u2019ores et d\u00e9j\u00e0 permis d\u2019am\u00e9liorer des projets en cours en y incluant une plus grande diversit\u00e9 d\u2019usages. par exemple, une micro-for\u00eat pr\u00e9vue dans la strat\u00e9gie de v\u00e9g\u00e9talisation offre d\u00e9sormais un espace propice aux r\u00e9p\u00e9titions musicales du conservatoire voisin d\u2019\u00e0-c\u00f4t\u00e9le projet a permis de r\u00e9fl\u00e9chir collectivement aux usages par la mise en place d\u2019un travail entre experts, services planificateurs, et services usagers, repr\u00e9sentant des conseils citoyens mais aussi de poser une strat\u00e9gie \u00e0 d\u00e9velopper sur 15 ans, de tester des processus pilotes et de r\u00e9aliser rapidement des am\u00e9liorations sur le terrain. | le plan\/coupe du projet ponctuel r\u00e9alis\u00e9 sur mesure dans un quartier p\u00e9riph\u00e9rique.les \u00e9l\u00e9ments permettent de renfocer les composantantes d\u2019activit\u00e9 physique et coh\u00e9sion sociale du site qui manquait d\u2019attractivit\u00e9. \run terrain double de p\u00e9tanque a \u00e9t\u00e9 install\u00e9 suite \u00e0 l\u2019enthousiasme suscit\u00e9 par la d\u00e9marche participative et avec le soutien de la travailleuse sociale de proximit\u00e9. \r. celui-ci est accompagn\u00e9 de mobilier propice aux \u00e9changes et compatible avec les besoins des diff\u00e9rents publics comme par exemple les s\u00e9niors (assise avec accoudoir et dossier, pas de seuils). | dialog | infrastruktur | klima | landschaft | mobilit\u00e4t | nachhaltigkeit | \u00f6ffentlicher raum | kommunale bauprojekte | r\u00e4umliche entwicklungsleitbilder | are bundesamt f\u00fcr raumentwicklung | de | fr | it<\/div><\/article><article class=\"sia-beratung-db-entry\" data-id=\"2900\" data-cpt=\"sia-angebote\" data-slug=\"begegnungszonen\" data-lang-slug-de_de=\"\" data-lang-slug-en_gb=\"\" data-lang-slug-fr_fr=\"\" data-lang-slug-it_it=\"\" data-lat=\"53.5507112\" data-lng=\"10.0006485\" data-filter-144=\"1\" data-filter-146=\"1\" data-filter-147=\"1\" data-filter-149=\"1\" data-filter-151=\"1\" data-filter-161=\"1\" data-filter-247=\"1\" data-filter-283=\"1\" data-filter-288=\"1\" data-filter-289=\"1\" data-filter-290=\"1\" data-all-filter=\"144,146,147,149,151,161,247,283,288,289,290\"><div class=\"sia-beratung-db-entry-header\" onclick=\"return window.siaBeratung.toggleCpt(this);\"><div class=\"col-1\">Zones de rencontre<\/div><div class=\"col-2\"><span>Mobilit\u00e9 pi\u00e9tonne Suisse<\/span><\/div><div class=\"col-3\"><span>Plateforme<\/span><\/div><div class=\"sia-beratung-db-angle\"><span class=\"sia-beratung-angle\"><\/span><\/div><\/div><div class=\"sia-beratung-db-entry-content\"><div class=\"sia-beratung-db-entry-content-columns\"><div class=\"col-1\"><p>La plateforme zonederencontre.ch est g\u00e9r\u00e9e par Mobilit\u00e9 pi\u00e9tonne Suisse. L\u2019association joue un r\u00f4le central dans l\u2019am\u00e9lioration de la qualit\u00e9 de vie gr\u00e2ce aux zones de rencontre depuis 20 ans et dispose d\u2019une grande expertise sur le sujet.<\/p>\n<\/div><div class=\"col-2\"><\/div><\/div><div class=\"sia-beratung-db-entry-footer\"><div class=\"col-1\"><a href=\"https:\/\/zonederencontre.ch\/\" class=\"sia-beratung-db-entry-link\" target=\"_blank\" rel=\"noopener\">Link zum Angebot<\/a><\/div><div class=\"col-2\"><div class=\"sia-beratung-db-filterbox\"><label class=\"toggle\" onclick=\"return window.siaBeratung.toggleFilterBox(this);\"><span>Mobilit\u00e9 pi\u00e9tonne Suisse<\/span><span>Projets de construction communaux<\/span><span>Paysage<\/span><span>Participation<\/span><span>Mobilit\u00e9<\/span><span>Espace public<\/span><span>Outils de planification<\/span><span>Plateforme<\/span><\/label><div class=\"options\"><a href=\"#\" onclick=\"return window.siaBeratung.setFilterBoxFilter(247);\">Mobilit\u00e9 pi\u00e9tonne Suisse<\/a><a href=\"#\" onclick=\"return window.siaBeratung.setFilterBoxFilter(161);\">Projets de construction communaux<\/a><a href=\"#\" onclick=\"return window.siaBeratung.setFilterBoxFilter(144);\">Paysage<\/a><a href=\"#\" onclick=\"return window.siaBeratung.setFilterBoxFilter(146);\">Participation<\/a><a href=\"#\" onclick=\"return window.siaBeratung.setFilterBoxFilter(147);\">Mobilit\u00e9<\/a><a href=\"#\" onclick=\"return window.siaBeratung.setFilterBoxFilter(149);\">Espace public<\/a><a href=\"#\" onclick=\"return window.siaBeratung.setFilterBoxFilter(151);\">Outils de planification<\/a><a href=\"#\" onclick=\"return window.siaBeratung.setFilterBoxFilter(283);\">Plateforme<\/a><a href=\"#\" onclick=\"return window.siaBeratung.setFilterBoxFilter([144,146,147,149,151,161,247,283,288,289,290]);\">Alle Filter ausw\u00e4hlen<\/a><\/div><\/div><label class=\"sia-beratung-db-filterbox-spacer\">&nbsp;<\/label><\/div><\/div><\/div><div class=\"sia-beratung-db-entry-searchtext\">begegnungszonen | la plateforme zonederencontre.ch est g\u00e9r\u00e9e par mobilit\u00e9 pi\u00e9tonne suisse. l\u2019association joue un r\u00f4le central dans l\u2019am\u00e9lioration de la qualit\u00e9 de vie gr\u00e2ce aux zones de rencontre depuis 20 ans et dispose d\u2019une grande expertise sur le sujet. | landschaft | mitwirkung | mobilit\u00e4t | \u00f6ffentlicher raum | planungsinstrumente | kommunale bauprojekte | fussverkehr schweiz | plattform | de | fr | it<\/div><\/article><article class=\"sia-beratung-db-entry\" data-id=\"2910\" data-cpt=\"sia-beispiele\" data-slug=\"zuerich-leutschenbach-garten-als-oeffentlicher-privatraum\" data-lang-slug-de_de=\"\" data-lang-slug-en_gb=\"\" data-lang-slug-fr_fr=\"\" data-lang-slug-it_it=\"\" data-lat=\"47.4162405\" data-lng=\"8.5579526\" data-filter-136=\"1\" data-filter-137=\"1\" data-filter-139=\"1\" data-filter-142=\"1\" data-filter-143=\"1\" data-filter-144=\"1\" data-filter-147=\"1\" data-filter-148=\"1\" data-filter-149=\"1\" data-filter-161=\"1\" data-filter-164=\"1\" data-filter-166=\"1\" data-filter-189=\"1\" data-filter-236=\"1\" data-filter-267=\"1\" data-filter-268=\"1\" data-filter-288=\"1\" data-filter-289=\"1\" data-filter-290=\"1\" data-all-filter=\"136,137,139,142,143,144,147,148,149,161,164,166,189,236,267,268,288,289,290\"><div class=\"sia-beratung-db-entry-header\" onclick=\"return window.siaBeratung.toggleCpt(this);\"><div class=\"col-1\">Z\u00fcrich Leutschenbach : le jardin int\u00e9rieur, un espace public priv\u00e9<\/div><div class=\"col-2\">Z\u00fcrich Leutschenbach, ZH<\/div><div class=\"sia-beratung-db-angle\"><span class=\"sia-beratung-angle\"><\/span><\/div><\/div><div class=\"sia-beratung-db-entry-content\"><div class=\"sia-beratung-db-entry-content-columns\"><div class=\"col-1\"><div class=\"sia-beratung-db-entry-slides\"><div class=\"sia-beratung-db-entry-swiper\"><div class=\"swiper-wrapper\"><div class=\"swiper-slide\"><img loading=\"lazy\" decoding=\"async\" src=\"https:\/\/baukulturschweiz.ch\/wp-content\/uploads\/2024\/01\/Zuerich_Leutschenbach_\u00a9mavo_Landschaften_Bild_Maeander_Innerer-Garten-1024x768.jpeg\" width=\"1024\" height=\"768\" \/><\/div><div class=\"swiper-slide\"><img loading=\"lazy\" decoding=\"async\" src=\"https:\/\/baukulturschweiz.ch\/wp-content\/uploads\/2024\/01\/Zuerich_Leutschenbach_\u00a9mavo_Landschaften_Schema-Vernetzung-1024x768.jpeg\" width=\"1024\" height=\"768\" \/><\/div><div class=\"swiper-slide\"><img loading=\"lazy\" decoding=\"async\" src=\"https:\/\/baukulturschweiz.ch\/wp-content\/uploads\/2024\/01\/Zuerich_Leutschenbach_\u00a9mavo_Landschaften_Bild_Eingang_Innerer-Garten-1024x768.jpeg\" width=\"1024\" height=\"768\" \/><\/div><div class=\"swiper-slide\"><img loading=\"lazy\" decoding=\"async\" src=\"https:\/\/baukulturschweiz.ch\/wp-content\/uploads\/2024\/01\/07_Zuerich-Leutschenbach_cSwisstopo-1024x768.jpg\" width=\"1024\" height=\"768\" \/><\/div><\/div><\/div><a class=\"swiper-button swiper-button-prev\"><\/a><a class=\"swiper-button swiper-button-next mobile\"><\/a><div class=\"sia-beratung-db-slide-legends\"><small data-index=\"0\">Le \u00ab jardin int\u00e9rieur \u00bb se faufile \u00e0 travers l\u2019ancien quartier d\u2019activit\u00e9s et relie l\u2019arri\u00e8re des parcelles  profondes \u00e0 la voirie principale, aux parcs et \u00e0 la zone de loisirs.<br \/>\r\n\u00a9mavo Landschaften<\/small><small data-index=\"1\" style=\"display:none;\">Le \u00ab jardin int\u00e9rieur \u00bb axe m\u00e9andreux central, les chemins de traverse et les avenues.<br \/>\r\n\u00a9mavo Landschaften<\/small><small data-index=\"2\" style=\"display:none;\">Le \u00ab jardin int\u00e9rieur \u00bb, tron\u00e7on r\u00e9alis\u00e9.<br \/>\r\n\u00a9mavo Landschaften<\/small><small data-index=\"3\" style=\"display:none;\">\u00a9 swisstopo<\/small><small class=\"pageNo\">1\/4<\/small><\/div><\/div><\/div><div class=\"col-2\"><div class=\"sia-beratung-db-slide-texts\"><div class=\"sia-beratung-db-slide-text\" data-index=\"0\"><p>Le r\u00f4le des espaces ouverts est essentiel pour le bon fonctionnement urbain. En plus de favoriser le lien social, ils peuvent contribuer \u00e0 la pr\u00e9servation de la biodiversit\u00e9, \u00e0 la r\u00e9duction des \u00eelots de chaleur, \u00e0 l&#8217;infiltration et \u00e0 la r\u00e9tention des eaux de pluie, voire \u00e0 devenir de v\u00e9ritables atouts pour la perception d\u2019un lieu.<\/p>\n<p>Les espaces ouverts refl\u00e8tent les politiques territoriales en place et sont cruciaux pour d\u00e9finir la valeur identitaire et \u00e9cologique des lieux. Cependant, ils ne sont pas toujours situ\u00e9s sur des terrains publics. Afin de cr\u00e9er des espaces accessibles \u00e0 toutes et \u00e0 tous, il est n\u00e9cessaire d&#8217;\u00e9tablir une collaboration entre les autorit\u00e9s publiques et les propri\u00e9taires priv\u00e9s concern\u00e9s par les espaces ouverts. Dans ces situations, le partenariat public-priv\u00e9 se r\u00e9v\u00e8le \u00eatre un outil permettant la r\u00e9alisation des espaces ouverts mais \u00e9galement leur utilisation, gestion et l&#8217;entretien.<\/p>\n<p><strong>R\u00f4le de la commune&nbsp;:<\/strong>\u00a0lancer des processus, coordonner, n\u00e9gocier, trouver un accord<br \/>\n<strong>Organismes responsables\u00a0:<\/strong><br \/>\nProjets de construction communaux<br \/>\nVille de Zurich, Office d&#8217;urbanisme<br \/>\nGr\u00fcn Stadt Z\u00fcrich (concept g\u00e9n\u00e9ral, directives d&#8217;am\u00e9nagement) ;<br \/>\nNyffenegger AG ; Leutschenbach AG ; Swisslife (Innerer Garten West) Liegenschaftenverwaltung der Stadt Z\u00fcrich<br \/>\n<strong>Architecture paysag\u00e8re&nbsp;:<\/strong>\u00a0mavo Landschaften, Z\u00fcrich<br \/>\n<strong>Source&nbsp;:<\/strong> <a href=\"https:\/\/www.hochparterre.ch\/diebesten\/oeffentlicher-privatraum\">Hochparterre, Goldener Hase in Landschaftsarchitektur (paywall)<\/a>, <a href=\"https:\/\/baukulturschweiz.ch\/wp-content\/uploads\/2024\/01\/BE-Zuerich-Leutschenbach-Hochparterre-Oeffentlicher-Privatraum.pdf\">Article PDF<\/a><\/p>\n<\/div><div class=\"sia-beratung-db-slide-text\" data-index=\"1\" style=\"display:none;\"><p>Leutschenbach, situ\u00e9 au nord de Zurich, est un ancien quartier industriel en pleine mutation. Le projet conjugue habitat, emplois, culture, \u00e9quipements publics et loisirs. Depuis les premi\u00e8res \u00e9tapes de planification dans les ann\u00e9es 2000, la Ville joue un r\u00f4le actif dans le d\u00e9veloppement de cette zone et coordonne les projets publics et priv\u00e9s.<\/p>\n<p>En 2010 elle lance une \u00e9tude-test pour le secteur entre Oerlikon et Glattpark. Les  architectes paysagistes devaient suivre la consigne de s\u2019appuyer sur les espaces publics d\u00e9j\u00e0 r\u00e9alis\u00e9s et de prendre en compte les all\u00e9es d\u2019arbres r\u00e9cemment plant\u00e9es.<\/p>\n<p>Le projet laur\u00e9at propose de relier les vastes parcelles de cette zone par la cr\u00e9ation d&#8217;un &#8222;jardin int\u00e9rieur&#8220;, formant un axe sinueux d&#8217;au moins 10 m\u00e8tres de large. Ce jardin est reli\u00e9 par des chemins de traverse aux grandes art\u00e8res plus repr\u00e9sentatives et tourn\u00e9es vers l&#8217;ext\u00e9rieur, telles que la Leutschenbachstrasse et la Hagenholzstrasse.<\/p>\n<\/div><div class=\"sia-beratung-db-slide-text\" data-index=\"2\" style=\"display:none;\"><p>\u00c0 la fois la structure et l&#8217;am\u00e9nagement propos\u00e9s s&#8217;inspirent du paysage historique caract\u00e9ris\u00e9 par des roseaux et des rivi\u00e8res. Ainsi, le th\u00e8me de l&#8217;eau et de son \u00e9vacuation joue un r\u00f4le central dans le concept du &#8222;jardin int\u00e9rieur&#8220;. Il ne s&#8217;agit pas simplement d&#8217;un jardin clos, mais plut\u00f4t d&#8217;un r\u00e9seau de v\u00e9g\u00e9tation, comprenant plantes et arbres, qui relie les diff\u00e9rentes parcelles et venelles.<\/p>\n<p>Au c\u0153ur d\u2019un environnement urbain b\u00e2ti, le &#8222;jardin int\u00e9rieur&#8220; offre de v\u00e9ritables oasis de verdure accessibles au public, en dehors des domaines publics, ce qui repr\u00e9sente une approche novatrice.<\/p>\n<p>Spatialement, le projet s\u2019affranchit des contraintes de constructibilit\u00e9 propres \u00e0 chaque propri\u00e9t\u00e9 car il s\u2019appuie presque exclusivement sur les limites parcellaires existantes ainsi que sur des ruelles ou des cours d\u00e9j\u00e0 pr\u00e9sentes.<\/p>\n<\/div><div class=\"sia-beratung-db-slide-text\" data-index=\"3\" style=\"display:none;\"><p>Sa mise en \u0153uvre est pr\u00e9vue en plusieurs \u00e9tapes, en coh\u00e9rence avec le calendrier des diff\u00e9rentes op\u00e9rations \u00e0 venir dans le secteur.<\/p>\n<p>\u00c9tant donn\u00e9 que le projet concerne des biens-fonds \u00e0 la fois publics et priv\u00e9s (en effet, la moiti\u00e9 du site de Leutschenbach appartient \u00e0 la Ville de Zurich), il a \u00e9t\u00e9 n\u00e9cessaire d&#8217;\u00e9laborer une convention pour permettre sa r\u00e9alisation et sa gestion. En \u00e9troite collaboration avec les architectes paysagistes, les juristes de la Ville ont \u00e9labor\u00e9 des propositions claires et simples concernant la r\u00e9partition des co\u00fbts, les frais, et les responsabilit\u00e9s en mati\u00e8re d&#8217;entretien.<\/p>\n<\/div><\/div><div class=\"sia-beratung-db-filterbox\"><label class=\"toggle\" onclick=\"return window.siaBeratung.toggleFilterBox(this);\"><span>Biodiversit\u00e9<\/span><span>Politique fonci\u00e8re<\/span><span>Dialogue<\/span><span>Commune<\/span><span>Hochparterre<\/span><span>D\u00e9veloppement \u00e0 l\u2019int\u00e9rieur du milieu b\u00e2ti<\/span><span>Climat<\/span><span>Projets de construction communaux<\/span><span>Paysage<\/span><span>Mobilit\u00e9<\/span><span>Durabilit\u00e9<\/span><span>Espace public<\/span><span>Partenariat public-priv\u00e9<\/span><span>Proc\u00e9dures d\u2019assurance qualit\u00e9<\/span><span>Divers<\/span><span>Zurich<\/span><\/label><div class=\"options\"><a href=\"#\" onclick=\"return window.siaBeratung.setFilterBoxFilter(136);\">Biodiversit\u00e9<\/a><a href=\"#\" onclick=\"return window.siaBeratung.setFilterBoxFilter(137);\">Politique fonci\u00e8re<\/a><a href=\"#\" onclick=\"return window.siaBeratung.setFilterBoxFilter(139);\">Dialogue<\/a><a href=\"#\" onclick=\"return window.siaBeratung.setFilterBoxFilter(189);\">Commune<\/a><a href=\"#\" onclick=\"return window.siaBeratung.setFilterBoxFilter(268);\">Hochparterre<\/a><a href=\"#\" onclick=\"return window.siaBeratung.setFilterBoxFilter(142);\">D\u00e9veloppement \u00e0 l\u2019int\u00e9rieur du milieu b\u00e2ti<\/a><a href=\"#\" onclick=\"return window.siaBeratung.setFilterBoxFilter(143);\">Climat<\/a><a href=\"#\" onclick=\"return window.siaBeratung.setFilterBoxFilter(161);\">Projets de construction communaux<\/a><a href=\"#\" onclick=\"return window.siaBeratung.setFilterBoxFilter(144);\">Paysage<\/a><a href=\"#\" onclick=\"return window.siaBeratung.setFilterBoxFilter(147);\">Mobilit\u00e9<\/a><a href=\"#\" onclick=\"return window.siaBeratung.setFilterBoxFilter(148);\">Durabilit\u00e9<\/a><a href=\"#\" onclick=\"return window.siaBeratung.setFilterBoxFilter(149);\">Espace public<\/a><a href=\"#\" onclick=\"return window.siaBeratung.setFilterBoxFilter(164);\">Partenariat public-priv\u00e9<\/a><a href=\"#\" onclick=\"return window.siaBeratung.setFilterBoxFilter(166);\">Proc\u00e9dures d\u2019assurance qualit\u00e9<\/a><a href=\"#\" onclick=\"return window.siaBeratung.setFilterBoxFilter(267);\">Divers<\/a><a href=\"#\" onclick=\"return window.siaBeratung.setFilterBoxFilter(236);\">Zurich<\/a><a href=\"#\" onclick=\"return window.siaBeratung.setFilterBoxFilter([136,137,139,142,143,144,147,148,149,161,164,166,189,236,267,268,288,289,290]);\">Alle Filter ausw\u00e4hlen<\/a><\/div><\/div><label class=\"sia-beratung-db-filterbox-spacer\">&nbsp;<\/label><\/div><a class=\"swiper-button swiper-button-next desktop\"><\/a><\/div><\/div><div class=\"sia-beratung-db-entry-searchtext\">z\u00fcrich leutschenbach: garten als \u00f6ffentlicher privatraum | le r\u00f4le des espaces ouverts est essentiel pour le bon fonctionnement urbain. en plus de favoriser le lien social, ils peuvent contribuer \u00e0 la pr\u00e9servation de la biodiversit\u00e9, \u00e0 la r\u00e9duction des \u00eelots de chaleur, \u00e0 l&#8217;infiltration et \u00e0 la r\u00e9tention des eaux de pluie, voire \u00e0 devenir de v\u00e9ritables atouts pour la perception d\u2019un lieu.les espaces ouverts refl\u00e8tent les politiques territoriales en place et sont cruciaux pour d\u00e9finir la valeur identitaire et \u00e9cologique des lieux. cependant, ils ne sont pas toujours situ\u00e9s sur des terrains publics. afin de cr\u00e9er des espaces accessibles \u00e0 toutes et \u00e0 tous, il est n\u00e9cessaire d&#8217;\u00e9tablir une collaboration entre les autorit\u00e9s publiques et les propri\u00e9taires priv\u00e9s concern\u00e9s par les espaces ouverts. dans ces situations, le partenariat public-priv\u00e9 se r\u00e9v\u00e8le \u00eatre un outil permettant la r\u00e9alisation des espaces ouverts mais \u00e9galement leur utilisation, gestion et l&#8217;entretien.r\u00f4le de la commune&nbsp;:\u00a0lancer des processus, coordonner, n\u00e9gocier, trouver un accordorganismes responsables\u00a0:projets de construction communauxville de zurich, office d&#8217;urbanismegr\u00fcn stadt z\u00fcrich (concept g\u00e9n\u00e9ral, directives d&#8217;am\u00e9nagement) ;nyffenegger ag ; leutschenbach ag ; swisslife (innerer garten west) liegenschaftenverwaltung der stadt z\u00fcricharchitecture paysag\u00e8re&nbsp;:\u00a0mavo landschaften, z\u00fcrichsource&nbsp;: hochparterre, goldener hase in landschaftsarchitektur (paywall), article pdf | le \u00ab jardin int\u00e9rieur \u00bb se faufile \u00e0 travers l\u2019ancien quartier d\u2019activit\u00e9s et relie l\u2019arri\u00e8re des parcelles  profondes \u00e0 la voirie principale, aux parcs et \u00e0 la zone de loisirs.\r\u00a9mavo landschaften | leutschenbach, situ\u00e9 au nord de zurich, est un ancien quartier industriel en pleine mutation. le projet conjugue habitat, emplois, culture, \u00e9quipements publics et loisirs. depuis les premi\u00e8res \u00e9tapes de planification dans les ann\u00e9es 2000, la ville joue un r\u00f4le actif dans le d\u00e9veloppement de cette zone et coordonne les projets publics et priv\u00e9s.en 2010 elle lance une \u00e9tude-test pour le secteur entre oerlikon et glattpark. les  architectes paysagistes devaient suivre la consigne de s\u2019appuyer sur les espaces publics d\u00e9j\u00e0 r\u00e9alis\u00e9s et de prendre en compte les all\u00e9es d\u2019arbres r\u00e9cemment plant\u00e9es.le projet laur\u00e9at propose de relier les vastes parcelles de cette zone par la cr\u00e9ation d&#8217;un &#8222;jardin int\u00e9rieur&#8220;, formant un axe sinueux d&#8217;au moins 10 m\u00e8tres de large. ce jardin est reli\u00e9 par des chemins de traverse aux grandes art\u00e8res plus repr\u00e9sentatives et tourn\u00e9es vers l&#8217;ext\u00e9rieur, telles que la leutschenbachstrasse et la hagenholzstrasse. | le \u00ab jardin int\u00e9rieur \u00bb axe m\u00e9andreux central, les chemins de traverse et les avenues.\r\u00a9mavo landschaften | \u00e0 la fois la structure et l&#8217;am\u00e9nagement propos\u00e9s s&#8217;inspirent du paysage historique caract\u00e9ris\u00e9 par des roseaux et des rivi\u00e8res. ainsi, le th\u00e8me de l&#8217;eau et de son \u00e9vacuation joue un r\u00f4le central dans le concept du &#8222;jardin int\u00e9rieur&#8220;. il ne s&#8217;agit pas simplement d&#8217;un jardin clos, mais plut\u00f4t d&#8217;un r\u00e9seau de v\u00e9g\u00e9tation, comprenant plantes et arbres, qui relie les diff\u00e9rentes parcelles et venelles.au c\u0153ur d\u2019un environnement urbain b\u00e2ti, le &#8222;jardin int\u00e9rieur&#8220; offre de v\u00e9ritables oasis de verdure accessibles au public, en dehors des domaines publics, ce qui repr\u00e9sente une approche novatrice.spatialement, le projet s\u2019affranchit des contraintes de constructibilit\u00e9 propres \u00e0 chaque propri\u00e9t\u00e9 car il s\u2019appuie presque exclusivement sur les limites parcellaires existantes ainsi que sur des ruelles ou des cours d\u00e9j\u00e0 pr\u00e9sentes. | le \u00ab jardin int\u00e9rieur \u00bb, tron\u00e7on r\u00e9alis\u00e9.\r\u00a9mavo landschaften | sa mise en \u0153uvre est pr\u00e9vue en plusieurs \u00e9tapes, en coh\u00e9rence avec le calendrier des diff\u00e9rentes op\u00e9rations \u00e0 venir dans le secteur.\u00e9tant donn\u00e9 que le projet concerne des biens-fonds \u00e0 la fois publics et priv\u00e9s (en effet, la moiti\u00e9 du site de leutschenbach appartient \u00e0 la ville de zurich), il a \u00e9t\u00e9 n\u00e9cessaire d&#8217;\u00e9laborer une convention pour permettre sa r\u00e9alisation et sa gestion. en \u00e9troite collaboration avec les architectes paysagistes, les juristes de la ville ont \u00e9labor\u00e9 des propositions claires et simples concernant la r\u00e9partition des co\u00fbts, les frais, et les responsabilit\u00e9s en mati\u00e8re d&#8217;entretien. | \u00a9 swisstopo | biodiversit\u00e4t | bodenpolitik | dialog | innenentwicklung | klima | landschaft | mobilit\u00e4t | nachhaltigkeit | \u00f6ffentlicher raum | kommunale bauprojekte | ppp | qualit\u00e4tssichernde verfahren | gemeinde | z\u00fcrich | verschiedene | hochparterre | de | fr | it<\/div><\/article><article class=\"sia-beratung-db-entry\" data-id=\"5627\" data-cpt=\"sia-beispiele\" data-slug=\"zug-zg-ein-sorgfaeltiger-wiederaufbau-in-der-altstadt\" data-lang-slug-de_de=\"\" data-lang-slug-en_gb=\"\" data-lang-slug-fr_fr=\"\" data-lang-slug-it_it=\"\" data-lat=\"47.1662557\" data-lng=\"8.5156327\" data-filter-142=\"1\" data-filter-145=\"1\" data-filter-150=\"1\" data-filter-161=\"1\" data-filter-166=\"1\" data-filter-189=\"1\" data-all-filter=\"142,145,150,161,166,189\"><div class=\"sia-beratung-db-entry-header\" onclick=\"return window.siaBeratung.toggleCpt(this);\"><div class=\"col-1\">Zug: reconstruire avec justesse dans le tissu ancien <\/div><div class=\"col-2\">Zug, ZG<\/div><div class=\"sia-beratung-db-angle\"><span class=\"sia-beratung-angle\"><\/span><\/div><\/div><div class=\"sia-beratung-db-entry-content\"><div class=\"sia-beratung-db-entry-content-columns\"><div class=\"col-1\"><div class=\"sia-beratung-db-entry-slides\"><div class=\"sia-beratung-db-entry-swiper\"><div class=\"swiper-wrapper\"><div class=\"swiper-slide\"><img loading=\"lazy\" decoding=\"async\" src=\"https:\/\/baukulturschweiz.ch\/wp-content\/uploads\/2025\/12\/Photo-1-3-819x1024.jpg\" width=\"819\" height=\"1024\" \/><\/div><div class=\"swiper-slide\"><img loading=\"lazy\" decoding=\"async\" src=\"https:\/\/baukulturschweiz.ch\/wp-content\/uploads\/2025\/12\/Photo-2-3-819x1024.jpg\" width=\"819\" height=\"1024\" \/><\/div><div class=\"swiper-slide\"><img loading=\"lazy\" decoding=\"async\" src=\"https:\/\/baukulturschweiz.ch\/wp-content\/uploads\/2025\/12\/Situation-e1768227392597-819x1024.jpg\" width=\"819\" height=\"1024\" \/><\/div><div class=\"swiper-slide\"><img loading=\"lazy\" decoding=\"async\" src=\"https:\/\/baukulturschweiz.ch\/wp-content\/uploads\/2025\/12\/Photo-3-3-819x1024.jpg\" width=\"819\" height=\"1024\" \/><\/div><div class=\"swiper-slide\"><img loading=\"lazy\" decoding=\"async\" src=\"https:\/\/baukulturschweiz.ch\/wp-content\/uploads\/2026\/01\/Zug_final-e1768227638989.png\" width=\"720\" height=\"900\" \/><\/div><\/div><\/div><a class=\"swiper-button swiper-button-prev\"><\/a><a class=\"swiper-button swiper-button-next mobile\"><\/a><div class=\"sia-beratung-db-slide-legends\"><small data-index=\"0\">Le b\u00e2timent a \u00e9t\u00e9 enti\u00e8rement reconstruit \u00a9 Lando Rossmaier Architekten AG<\/small><small data-index=\"1\" style=\"display:none;\">\u00c0 gauche, la nouvelle construction s\u2019int\u00e8gre aux b\u00e2timents historiques adjacents \u00a9 Lando Rossmaier Architekten AG<\/small><small data-index=\"2\" style=\"display:none;\">Une insertion sobre et coh\u00e9rente dans le tissu urbain \u00a9 Lando Rossmaier Architekten AG<\/small><small data-index=\"3\" style=\"display:none;\">Deux appartements pour \u00e9tudiants sont cr\u00e9\u00e9s aux \u00e9tages \u00a9 Lando Rossmaier Architekten AG<\/small><small data-index=\"4\" style=\"display:none;\">\u00a9 Swisstopo<\/small><small class=\"pageNo\">1\/5<\/small><\/div><\/div><\/div><div class=\"col-2\"><div class=\"sia-beratung-db-slide-texts\"><div class=\"sia-beratung-db-slide-text\" data-index=\"0\"><p>En novembre 1999, un incendie d\u00e9truit une maison dans le centre villageois de Zoug. Des ann\u00e9es plus tard, un concours est lanc\u00e9 pour imaginer une construction neuve capable de s\u2019inscrire dans ce contexte historique sensible. La situation urbaine, tr\u00e8s expos\u00e9e, impose une r\u00e9flexion fine : comment int\u00e9grer une nouvelle architecture sans tomber dans le pastiche ni d\u00e9naturer l\u2019identit\u00e9 du lieu ?<\/p>\n<p>&nbsp;<\/p>\n<div class=\"flex flex-col text-sm pb-25\">\n<article class=\"text-token-text-primary w-full focus:outline-none [--shadow-height:45px] has-data-writing-block:pointer-events-none has-data-writing-block:-mt-(--shadow-height) has-data-writing-block:pt-(--shadow-height) [&amp;:has([data-writing-block])&gt;*]:pointer-events-auto scroll-mt-[calc(var(--header-height)+min(200px,max(70px,20svh)))]\" dir=\"auto\" data-turn-id=\"request-WEB:5dc9d907-8f0b-44df-84ff-07acbf282b18-13\" data-testid=\"conversation-turn-28\" data-scroll-anchor=\"true\" data-turn=\"assistant\">\n<div class=\"text-base my-auto mx-auto pb-10 [--thread-content-margin:--spacing(4)] @w-sm\/main:[--thread-content-margin:--spacing(6)] @w-lg\/main:[--thread-content-margin:--spacing(16)] px-(--thread-content-margin)\">\n<div class=\"[--thread-content-max-width:40rem] @w-lg\/main:[--thread-content-max-width:48rem] mx-auto max-w-(--thread-content-max-width) flex-1 group\/turn-messages focus-visible:outline-hidden relative flex w-full min-w-0 flex-col agent-turn\">\n<div class=\"flex max-w-full flex-col grow\">\n<div class=\"min-h-8 text-message relative flex w-full flex-col items-end gap-2 text-start break-words whitespace-normal [.text-message+&amp;]:mt-1\" dir=\"auto\" data-message-author-role=\"assistant\" data-message-id=\"673b723f-c967-4473-8ffc-ce6879eeed4b\" data-message-model-slug=\"gpt-5-mini\">\n<div class=\"flex w-full flex-col gap-1 empty:hidden first:pt-[1px]\">\n<div class=\"markdown prose dark:prose-invert w-full wrap-break-word light markdown-new-styling\">\n<p data-start=\"0\" data-end=\"196\" data-is-last-node=\"\" data-is-only-node=\"\"><strong>R\u00f4le de la commune:<\/strong> initier, mettre au concours, l\u00e9gitimer<br data-start=\"58\" data-end=\"61\" \/><strong>Organisme responsable:<\/strong> <span class=\"hover:entity-accent entity-underline inline cursor-pointer align-baseline\"><span class=\"whitespace-normal\">Commune de Zug<\/span><\/span><br data-start=\"121\" data-end=\"124\" \/><strong>Architecture:<\/strong> <span class=\"hover:entity-accent entity-underline inline cursor-pointer align-baseline\"><span class=\"whitespace-normal\">Rossmaier Architekten<\/span><\/span><br data-start=\"175\" data-end=\"178\" \/><strong>Source:<\/strong> <a href=\"https:\/\/rossmaier.com\/joomla\/projekte\/22-bearbeitung\/14-projekt-abgeschlossen\/31-haus-kolinplatz\">Kolinplatz<\/a><\/p>\n<\/div>\n<\/div>\n<\/div>\n<\/div>\n<div class=\"z-0 flex min-h-[46px] justify-start\"><\/div>\n<\/div>\n<\/div>\n<\/article>\n<\/div>\n<div class=\"pointer-events-none h-px w-px absolute bottom-0\" aria-hidden=\"true\" data-edge=\"true\"><\/div>\n<\/div><div class=\"sia-beratung-db-slide-text\" data-index=\"1\" style=\"display:none;\"><p>Le concours est initi\u00e9 en 2011 par la ville de Zoug. Une fois le projet s\u00e9lectionn\u00e9, le Grand Conseil communal a approuv\u00e9 \u00e0 l&#8217;automne 2014 un cr\u00e9dit de construction de 12,178 millions de francs. Celui-ci comprenait la construction du nouveau b\u00e2timent de la rue Kolinplatz 21 et la r\u00e9novation compl\u00e8te des b\u00e2timents adjacents. Lors du vote communal du 8 mars 2015, 74,5 % des \u00e9lecteurs se sont prononc\u00e9s en faveur de ce cr\u00e9dit, dont environ 4,47 millions de francs consacr\u00e9s \u00e0 la nouvelle construction.<\/p>\n<\/div><div class=\"sia-beratung-db-slide-text\" data-index=\"2\" style=\"display:none;\"><p>Plus que les d\u00e9tails architecturaux, c\u2019est surtout l\u2019int\u00e9gration du b\u00e2timent dans l\u2019espace urbain et la rue qui a \u00e9t\u00e9 travaill\u00e9, pour que l\u2019ensemble s\u2019int\u00e8gre bien avec la densit\u00e9 environnante. L\u2019architecte privil\u00e9gie une construction sobre, qui s\u2019ins\u00e8re harmonieusement dans le tissu local gr\u00e2ce \u00e0 des fa\u00e7ades cr\u00e9pies, un socle bien marqu\u00e9, des volets aux couleurs sobres et une toiture en tuiles inclin\u00e9e, tout en revendiquant un aspect contemporain. Un d\u00e9tail important est la forme particuli\u00e8re du toit \u00e0 l\u2019angle qui domine la place, r\u00e9v\u00e9lant un espace \u00e0 double hauteur. Ce toit constitue un point de rep\u00e8re qui rythme la rue, tout en \u00e9tablissant un lien entre l\u2019int\u00e9rieur du b\u00e2timent et l\u2019espace urbain. La cour int\u00e9rieure, \u00e9galement r\u00e9am\u00e9nag\u00e9e, est accessible au public.<\/p>\n<\/div><div class=\"sia-beratung-db-slide-text\" data-index=\"3\" style=\"display:none;\"><p>Le programme du b\u00e2timent est lui aussi r\u00e9fl\u00e9chi. Le rez-de-chauss\u00e9e est d\u00e9di\u00e9 aux commerces, tandis que deux appartements en duplex accueillent 11 jeunes en formation, sous forme de collocation, moyennant un loyer modeste. L\u2019espace est relativement restreint, mais ces logements fonctionnels d\u2019environ 30 m\u00b2 par personne prouvent que petites surfaces ne riment pas forc\u00e9ment avec perte de confort.<\/p>\n<\/div><div class=\"sia-beratung-db-slide-text\" data-index=\"4\" style=\"display:none;\"><p>Ce projet illustre la plus-value qu\u2019apporte une proc\u00e9dure concurrentielle \u00e0 la qualit\u00e9 architecturale. Au-del\u00e0 d\u2019une int\u00e9gration r\u00e9ussie dans le tissu urbain, le choix d\u2019y loger des \u00e9tudiants renforce la mixit\u00e9 sociale et fonctionnelle du centre-ville, contribuant ainsi \u00e0 sa vitalit\u00e9. Recourir \u00e0 ce type de proc\u00e9dure permet non seulement d\u2019aboutir \u00e0 des projets coh\u00e9rents et aboutis, mais aussi de faciliter leur acceptation par la population, comme en t\u00e9moigne l\u2019adoption sans opposition du cr\u00e9dit de construction.<\/p>\n<\/div><\/div><div class=\"sia-beratung-db-filterbox\"><label class=\"toggle\" onclick=\"return window.siaBeratung.toggleFilterBox(this);\"><span>Commune<\/span><span>D\u00e9veloppement \u00e0 l\u2019int\u00e9rieur du milieu b\u00e2ti<\/span><span>Projets de construction communaux<\/span><span>Politique immobili\u00e8re<\/span><span>Sites construits<\/span><span>Proc\u00e9dures d\u2019assurance qualit\u00e9<\/span><\/label><div class=\"options\"><a href=\"#\" onclick=\"return window.siaBeratung.setFilterBoxFilter(189);\">Commune<\/a><a href=\"#\" onclick=\"return window.siaBeratung.setFilterBoxFilter(142);\">D\u00e9veloppement \u00e0 l\u2019int\u00e9rieur du milieu b\u00e2ti<\/a><a href=\"#\" onclick=\"return window.siaBeratung.setFilterBoxFilter(161);\">Projets de construction communaux<\/a><a href=\"#\" onclick=\"return window.siaBeratung.setFilterBoxFilter(145);\">Politique immobili\u00e8re<\/a><a href=\"#\" onclick=\"return window.siaBeratung.setFilterBoxFilter(150);\">Sites construits<\/a><a href=\"#\" onclick=\"return window.siaBeratung.setFilterBoxFilter(166);\">Proc\u00e9dures d\u2019assurance qualit\u00e9<\/a><a href=\"#\" onclick=\"return window.siaBeratung.setFilterBoxFilter([142,145,150,161,166,189]);\">Alle Filter ausw\u00e4hlen<\/a><\/div><\/div><label class=\"sia-beratung-db-filterbox-spacer\">&nbsp;<\/label><\/div><a class=\"swiper-button swiper-button-next desktop\"><\/a><\/div><\/div><div class=\"sia-beratung-db-entry-searchtext\">zug: ein sorgf\u00e4ltiger wiederaufbau in der altstadt | en novembre 1999, un incendie d\u00e9truit une maison dans le centre villageois de zoug. des ann\u00e9es plus tard, un concours est lanc\u00e9 pour imaginer une construction neuve capable de s\u2019inscrire dans ce contexte historique sensible. la situation urbaine, tr\u00e8s expos\u00e9e, impose une r\u00e9flexion fine : comment int\u00e9grer une nouvelle architecture sans tomber dans le pastiche ni d\u00e9naturer l\u2019identit\u00e9 du lieu ?&nbsp;r\u00f4le de la commune: initier, mettre au concours, l\u00e9gitimerorganisme responsable: commune de zugarchitecture: rossmaier architektensource: kolinplatz | le b\u00e2timent a \u00e9t\u00e9 enti\u00e8rement reconstruit \u00a9 lando rossmaier architekten ag | le concours est initi\u00e9 en 2011 par la ville de zoug. une fois le projet s\u00e9lectionn\u00e9, le grand conseil communal a approuv\u00e9 \u00e0 l&#8217;automne 2014 un cr\u00e9dit de construction de 12,178 millions de francs. celui-ci comprenait la construction du nouveau b\u00e2timent de la rue kolinplatz 21 et la r\u00e9novation compl\u00e8te des b\u00e2timents adjacents. lors du vote communal du 8 mars 2015, 74,5 % des \u00e9lecteurs se sont prononc\u00e9s en faveur de ce cr\u00e9dit, dont environ 4,47 millions de francs consacr\u00e9s \u00e0 la nouvelle construction. | \u00e0 gauche, la nouvelle construction s\u2019int\u00e8gre aux b\u00e2timents historiques adjacents \u00a9 lando rossmaier architekten ag | plus que les d\u00e9tails architecturaux, c\u2019est surtout l\u2019int\u00e9gration du b\u00e2timent dans l\u2019espace urbain et la rue qui a \u00e9t\u00e9 travaill\u00e9, pour que l\u2019ensemble s\u2019int\u00e8gre bien avec la densit\u00e9 environnante. l\u2019architecte privil\u00e9gie une construction sobre, qui s\u2019ins\u00e8re harmonieusement dans le tissu local gr\u00e2ce \u00e0 des fa\u00e7ades cr\u00e9pies, un socle bien marqu\u00e9, des volets aux couleurs sobres et une toiture en tuiles inclin\u00e9e, tout en revendiquant un aspect contemporain. un d\u00e9tail important est la forme particuli\u00e8re du toit \u00e0 l\u2019angle qui domine la place, r\u00e9v\u00e9lant un espace \u00e0 double hauteur. ce toit constitue un point de rep\u00e8re qui rythme la rue, tout en \u00e9tablissant un lien entre l\u2019int\u00e9rieur du b\u00e2timent et l\u2019espace urbain. la cour int\u00e9rieure, \u00e9galement r\u00e9am\u00e9nag\u00e9e, est accessible au public. | une insertion sobre et coh\u00e9rente dans le tissu urbain \u00a9 lando rossmaier architekten ag | le programme du b\u00e2timent est lui aussi r\u00e9fl\u00e9chi. le rez-de-chauss\u00e9e est d\u00e9di\u00e9 aux commerces, tandis que deux appartements en duplex accueillent 11 jeunes en formation, sous forme de collocation, moyennant un loyer modeste. l\u2019espace est relativement restreint, mais ces logements fonctionnels d\u2019environ 30 m\u00b2 par personne prouvent que petites surfaces ne riment pas forc\u00e9ment avec perte de confort. | deux appartements pour \u00e9tudiants sont cr\u00e9\u00e9s aux \u00e9tages \u00a9 lando rossmaier architekten ag | ce projet illustre la plus-value qu\u2019apporte une proc\u00e9dure concurrentielle \u00e0 la qualit\u00e9 architecturale. au-del\u00e0 d\u2019une int\u00e9gration r\u00e9ussie dans le tissu urbain, le choix d\u2019y loger des \u00e9tudiants renforce la mixit\u00e9 sociale et fonctionnelle du centre-ville, contribuant ainsi \u00e0 sa vitalit\u00e9. recourir \u00e0 ce type de proc\u00e9dure permet non seulement d\u2019aboutir \u00e0 des projets coh\u00e9rents et aboutis, mais aussi de faciliter leur acceptation par la population, comme en t\u00e9moigne l\u2019adoption sans opposition du cr\u00e9dit de construction. | \u00a9 swisstopo | innenentwicklung | liegenschaftspolitik | ortsbilder | kommunale bauprojekte | qualit\u00e4tssichernde verfahren | gemeinde<\/div><\/article><\/section><script>jQuery(jQuery(document).ready(function(){ window.siaBeratung.setAvailableFilters([\"139\",\"146\",\"151\",\"161\",\"189\",\"270\",\"289\",\"141\",\"142\",\"144\",\"147\",\"148\",\"149\",\"165\",\"168\",\"172\",\"284\",\"288\",\"290\",\"152\",\"157\",\"163\",\"167\",\"169\",\"264\",\"279\",\"135\",\"140\",\"143\",\"202\",\"205\",\"272\",\"175\",\"283\",\"138\",\"150\",\"154\",\"160\",\"227\",\"232\",\"233\",\"221\",\"223\",\"217\",\"136\",\"145\",\"164\",\"166\",\"267\",\"268\",\"200\",\"201\",\"193\",\"183\",\"216\",\"266\",\"259\",\"159\",\"204\",\"256\",\"275\",\"155\",\"228\",\"137\",\"212\",\"261\",\"210\",\"235\",\"198\",\"277\",\"247\",\"156\",\"244\",\"258\",\"260\",\"263\",\"265\",\"162\",\"194\",\"274\",\"312\",\"286\",\"213\",\"246\",\"192\",\"206\",\"177\",\"218\",\"197\",\"282\",\"180\",\"245\",\"226\",\"219\",\"241\",\"199\",\"273\",\"191\",\"195\",\"278\",\"224\",\"302\",\"248\",\"237\",\"158\",\"300\",\"222\",\"184\",\"185\",\"188\",\"280\",\"250\",\"310\",\"236\",\"271\",\"281\",\"252\",\"179\",\"225\",\"276\",\"234\",\"307\",\"305\",\"306\",\"239\",\"322\",\"303\",\"173\",\"176\",\"178\",\"182\",\"187\",\"196\",\"174\",\"181\",\"209\",\"304\",\"311\",\"208\",\"240\",\"251\",\"285\",\"257\",\"215\",\"321\",\"207\",\"255\",\"254\",\"186\",\"253\",\"231\",\"242\",\"262\",\"243\"]); }));<\/script><\/div><\/div>","protected":false},"excerpt":{"rendered":"","protected":false},"author":1,"featured_media":0,"parent":0,"menu_order":0,"comment_status":"closed","ping_status":"closed","template":"templates\/agenda-beratung.php","meta":{"_acf_changed":false,"_relevanssi_hide_post":"","_relevanssi_hide_content":"","_relevanssi_pin_for_all":"","_relevanssi_pin_keywords":"","_relevanssi_unpin_keywords":"","_relevanssi_related_keywords":"","_relevanssi_related_include_ids":"","_relevanssi_related_exclude_ids":"","_relevanssi_related_no_append":"","_relevanssi_related_not_related":"","_relevanssi_related_posts":"","_relevanssi_noindex_reason":"","footnotes":""},"class_list":["post-94","page","type-page","status-publish","hentry"],"acf":[],"yoast_head":"<!-- This site is optimized with the Yoast SEO plugin v26.1.1 - https:\/\/yoast.com\/wordpress\/plugins\/seo\/ -->\n<title>Beratung &#8211; Baukultur Schweiz<\/title>\n<meta name=\"robots\" content=\"index, follow, max-snippet:-1, max-image-preview:large, max-video-preview:-1\" \/>\n<link rel=\"canonical\" href=\"https:\/\/baukulturschweiz.ch\/fr\/conseil\/\" \/>\n<meta property=\"og:locale\" content=\"fr_FR\" \/>\n<meta property=\"og:type\" content=\"article\" \/>\n<meta property=\"og:title\" content=\"Beratung &#8211; Baukultur Schweiz\" \/>\n<meta property=\"og:url\" content=\"https:\/\/baukulturschweiz.ch\/fr\/conseil\/\" \/>\n<meta property=\"og:site_name\" content=\"Baukultur Schweiz\" \/>\n<meta property=\"article:modified_time\" content=\"2024-05-08T10:56:54+00:00\" \/>\n<meta name=\"twitter:card\" content=\"summary_large_image\" \/>\n<meta name=\"twitter:label1\" content=\"Dur\u00e9e de lecture estim\u00e9e\" \/>\n\t<meta name=\"twitter:data1\" content=\"1 minute\" \/>\n<script type=\"application\/ld+json\" class=\"yoast-schema-graph\">{\"@context\":\"https:\/\/schema.org\",\"@graph\":[{\"@type\":\"WebPage\",\"@id\":\"https:\/\/baukulturschweiz.ch\/beratung\/\",\"url\":\"https:\/\/baukulturschweiz.ch\/beratung\/\",\"name\":\"Beratung &#8211; Baukultur Schweiz\",\"isPartOf\":{\"@id\":\"https:\/\/baukulturschweiz.ch\/de\/#website\"},\"datePublished\":\"2023-03-24T09:05:34+00:00\",\"dateModified\":\"2024-05-08T10:56:54+00:00\",\"breadcrumb\":{\"@id\":\"https:\/\/baukulturschweiz.ch\/beratung\/#breadcrumb\"},\"inLanguage\":\"fr-FR\",\"potentialAction\":[{\"@type\":\"ReadAction\",\"target\":[\"https:\/\/baukulturschweiz.ch\/beratung\/\"]}]},{\"@type\":\"BreadcrumbList\",\"@id\":\"https:\/\/baukulturschweiz.ch\/beratung\/#breadcrumb\",\"itemListElement\":[{\"@type\":\"ListItem\",\"position\":1,\"name\":\"Startseite\",\"item\":\"https:\/\/baukulturschweiz.ch\/\"},{\"@type\":\"ListItem\",\"position\":2,\"name\":\"Beratung\"}]},{\"@type\":\"WebSite\",\"@id\":\"https:\/\/baukulturschweiz.ch\/de\/#website\",\"url\":\"https:\/\/baukulturschweiz.ch\/de\/\",\"name\":\"Baukultur Schweiz\",\"description\":\"My WordPress Blog\",\"potentialAction\":[{\"@type\":\"SearchAction\",\"target\":{\"@type\":\"EntryPoint\",\"urlTemplate\":\"https:\/\/baukulturschweiz.ch\/de\/?s={search_term_string}\"},\"query-input\":{\"@type\":\"PropertyValueSpecification\",\"valueRequired\":true,\"valueName\":\"search_term_string\"}}],\"inLanguage\":\"fr-FR\"}]}<\/script>\n<!-- \/ Yoast SEO plugin. -->","yoast_head_json":{"title":"Beratung &#8211; Baukultur Schweiz","robots":{"index":"index","follow":"follow","max-snippet":"max-snippet:-1","max-image-preview":"max-image-preview:large","max-video-preview":"max-video-preview:-1"},"canonical":"https:\/\/baukulturschweiz.ch\/fr\/conseil\/","og_locale":"fr_FR","og_type":"article","og_title":"Beratung &#8211; Baukultur Schweiz","og_url":"https:\/\/baukulturschweiz.ch\/fr\/conseil\/","og_site_name":"Baukultur Schweiz","article_modified_time":"2024-05-08T10:56:54+00:00","twitter_card":"summary_large_image","twitter_misc":{"Dur\u00e9e de lecture estim\u00e9e":"1 minute"},"schema":{"@context":"https:\/\/schema.org","@graph":[{"@type":"WebPage","@id":"https:\/\/baukulturschweiz.ch\/beratung\/","url":"https:\/\/baukulturschweiz.ch\/beratung\/","name":"Beratung &#8211; Baukultur Schweiz","isPartOf":{"@id":"https:\/\/baukulturschweiz.ch\/de\/#website"},"datePublished":"2023-03-24T09:05:34+00:00","dateModified":"2024-05-08T10:56:54+00:00","breadcrumb":{"@id":"https:\/\/baukulturschweiz.ch\/beratung\/#breadcrumb"},"inLanguage":"fr-FR","potentialAction":[{"@type":"ReadAction","target":["https:\/\/baukulturschweiz.ch\/beratung\/"]}]},{"@type":"BreadcrumbList","@id":"https:\/\/baukulturschweiz.ch\/beratung\/#breadcrumb","itemListElement":[{"@type":"ListItem","position":1,"name":"Startseite","item":"https:\/\/baukulturschweiz.ch\/"},{"@type":"ListItem","position":2,"name":"Beratung"}]},{"@type":"WebSite","@id":"https:\/\/baukulturschweiz.ch\/de\/#website","url":"https:\/\/baukulturschweiz.ch\/de\/","name":"Culture du b\u00e2ti Suisse","description":"My WordPress Blog","potentialAction":[{"@type":"SearchAction","target":{"@type":"EntryPoint","urlTemplate":"https:\/\/baukulturschweiz.ch\/de\/?s={search_term_string}"},"query-input":{"@type":"PropertyValueSpecification","valueRequired":true,"valueName":"search_term_string"}}],"inLanguage":"fr-FR"}]}},"_links":{"self":[{"href":"https:\/\/baukulturschweiz.ch\/fr\/wp-json\/wp\/v2\/pages\/94","targetHints":{"allow":["GET"]}}],"collection":[{"href":"https:\/\/baukulturschweiz.ch\/fr\/wp-json\/wp\/v2\/pages"}],"about":[{"href":"https:\/\/baukulturschweiz.ch\/fr\/wp-json\/wp\/v2\/types\/page"}],"author":[{"embeddable":true,"href":"https:\/\/baukulturschweiz.ch\/fr\/wp-json\/wp\/v2\/users\/1"}],"replies":[{"embeddable":true,"href":"https:\/\/baukulturschweiz.ch\/fr\/wp-json\/wp\/v2\/comments?post=94"}],"version-history":[{"count":4,"href":"https:\/\/baukulturschweiz.ch\/fr\/wp-json\/wp\/v2\/pages\/94\/revisions"}],"predecessor-version":[{"id":3416,"href":"https:\/\/baukulturschweiz.ch\/fr\/wp-json\/wp\/v2\/pages\/94\/revisions\/3416"}],"wp:attachment":[{"href":"https:\/\/baukulturschweiz.ch\/fr\/wp-json\/wp\/v2\/media?parent=94"}],"curies":[{"name":"wp","href":"https:\/\/api.w.org\/{rel}","templated":true}]}}