{"id":2696,"date":"2023-12-14T16:17:22","date_gmt":"2023-12-14T16:17:22","guid":{"rendered":"https:\/\/baukulturschweiz.ch\/?page_id=2696"},"modified":"2025-12-11T12:15:00","modified_gmt":"2025-12-11T11:15:00","slug":"newsletter-archiv","status":"publish","type":"page","link":"https:\/\/baukulturschweiz.ch\/fr\/newsletter-archiv\/","title":{"rendered":"Newsletter"},"content":{"rendered":"<div data-elementor-type=\"wp-page\" data-elementor-id=\"2696\" class=\"elementor elementor-2696\" data-elementor-post-type=\"page\">\n\t\t\t\t<div class=\"elementor-element elementor-element-53ceeb6 u-sidePadding u-dcwiSection -noTop e-flex e-con-boxed e-con e-parent\" data-id=\"53ceeb6\" data-element_type=\"container\">\n\t\t\t\t\t<div class=\"e-con-inner\">\n\t\t\t\t<div class=\"elementor-element elementor-element-580439c elementor-widget elementor-widget-dcwi-content-block\" data-id=\"580439c\" data-element_type=\"widget\" data-widget_type=\"dcwi-content-block.default\">\n\t\t\t\t<div class=\"elementor-widget-container\">\n\t\t\t\t\t        <div class=\"m-contentBlock -wide u-leadText -borderTop\" data-no-translation>\n                            <div class=\"m-contentBlock__header\">\n                    <h2 class=\"u-noMargin\">Newsletter Culture du b\u00e2ti Suisse 02-2025 : l\u2019innovation commence \u00e0 l\u2019\u00e9cole<\/h2>                <\/div>\n                        <div class=\"m-contentBlock__inner\">\n                <div class=\"m-contentBlock__imageWrapper\"><img fetchpriority=\"high\" decoding=\"async\" width=\"1757\" height=\"1243\" src=\"https:\/\/baukulturschweiz.ch\/wp-content\/uploads\/2025\/12\/Skizze_Schulhaus_Fiona_Postkarten_horizontal_page0_image.png\" class=\"m-contentBlock__image\" alt=\"\" srcset=\"https:\/\/baukulturschweiz.ch\/wp-content\/uploads\/2025\/12\/Skizze_Schulhaus_Fiona_Postkarten_horizontal_page0_image.png 1757w, https:\/\/baukulturschweiz.ch\/wp-content\/uploads\/2025\/12\/Skizze_Schulhaus_Fiona_Postkarten_horizontal_page0_image-300x212.png 300w, https:\/\/baukulturschweiz.ch\/wp-content\/uploads\/2025\/12\/Skizze_Schulhaus_Fiona_Postkarten_horizontal_page0_image-1024x724.png 1024w, https:\/\/baukulturschweiz.ch\/wp-content\/uploads\/2025\/12\/Skizze_Schulhaus_Fiona_Postkarten_horizontal_page0_image-768x543.png 768w, https:\/\/baukulturschweiz.ch\/wp-content\/uploads\/2025\/12\/Skizze_Schulhaus_Fiona_Postkarten_horizontal_page0_image-1536x1087.png 1536w, https:\/\/baukulturschweiz.ch\/wp-content\/uploads\/2025\/12\/Skizze_Schulhaus_Fiona_Postkarten_horizontal_page0_image-18x12.png 18w\" sizes=\"(max-width: 1757px) 100vw, 1757px\" \/>                    <span class=\"m-contentBlock__credit\"> Rencontre annuelle du r\u00e9seau Archijeunes \u00ab Cosmos de l\u2019\u00e9cole \u00bb 2025 (illustration : Fiona Hager, Archijeunes)<\/span>\n                <\/div>                <div class=\"m-contentBlock__content\">\n                    <p><span data-offset-key=\"1g5n9-0-0\">L\u2019approche de la fin de l\u2019ann\u00e9e invite \u00e0 jeter un coup d\u2019\u0153il r\u00e9trospectif, mais aussi \u00e0 se tourner vers l\u2019avenir. Comment r\u00e9ussirons-nous \u00e0 int\u00e9grer l\u2019innovation dans la culture du b\u00e2ti et \u00e0 r\u00e9aliser les transformations urgentes n\u00e9cessaires pour am\u00e9nager durablement notre cadre de vie\u00a0? Cela commence avec les enfants et les jeunes. D\u00e9couvrez dans l\u2019interview comment le potentiel offert par la r\u00e9novation des b\u00e2timents scolaires \u2013 encore largement inutilis\u00e9 \u2013 peut \u00eatre exploit\u00e9 pour sensibiliser les \u00e9coli\u00e8res et les \u00e9coliers \u00e0 la culture du b\u00e2ti et, de fa\u00e7on plus g\u00e9n\u00e9rale, comment faire davantage conna\u00eetre l\u2019\u00e9ducation \u00e0 la culture du b\u00e2ti. Laissez-vous emmener sur le plus grand \u00e9difice imprim\u00e9 en 3D au monde pr\u00e9sent\u00e9 par ses auteurs ou apprenez-en plus sur la revitalisation low-tech de bains s\u00e9culaires. Ou laissez-vous inspirer par la\u00a0<\/span><span class=\"rte-entity-LINK\"><a href=\"https:\/\/baukulturschweiz.ch\/fr\/dialog\"><span data-offset-key=\"1g5n9-1-0\">question du mois de d\u00e9cembre<\/span><\/a><\/span><span data-offset-key=\"1g5n9-2-0\">\u00a0et d\u00e9couvrez des excursions passionnantes en Sicile ou des expositions et des conf\u00e9rences en Suisse. Peut-\u00eatre aurez-vous envie, \u00e0 votre tour, de soumettre un\u00a0<\/span><span class=\"rte-entity-LINK\"><a href=\"https:\/\/baukulturschweiz.ch\/fr\/case-studies-fuer-alle\/\"><span data-offset-key=\"1g5n9-3-0\">Case Study<\/span><\/a><\/span><span data-offset-key=\"1g5n9-4-0\">\u00a0ou de\u00a0<\/span><span class=\"rte-entity-LINK\"><a href=\"https:\/\/www.linkedin.com\/company\/baukultur-schweiz\"><span data-offset-key=\"1g5n9-5-0\">participer \u00e0 la discussion<\/span><\/a><\/span><span data-offset-key=\"1g5n9-6-0\">\u00a0sur les Cases Studies existants\u00a0? Nous vous souhaitons une bonne fin d\u2019ann\u00e9e, de nouvelles id\u00e9es \u00e0 foison et des discussions int\u00e9ressantes en 2026\u00a0!<\/span><\/p>\n                                            <div class=\"m-contentBlock__links\">\n                                                            <a class=\"-contentBlock -linkBar\"\n                                     target=\"_blank\"                                    href=\"https:\/\/baukulturschweiz.ch\/wp-content\/uploads\/2025\/12\/Baukultur_Schweiz_NL_12-2025_fr.pdf\">\n                                    Download Newsletter (PDF)                                    <svg class=\"svg-inline--fa fa-arrow-right\" aria-hidden=\"true\" focusable=\"false\" data-prefix=\"fal\" data-icon=\"arrow-right\" role=\"img\" xmlns=\"http:\/\/www.w3.org\/2000\/svg\" viewbox=\"0 0 448 512\" data-fa-i2svg=\"\"><path fill=\"currentColor\" d=\"M443.7 266.8l-165.9 176C274.5 446.3 269.1 448 265.5 448c-3.986 0-7.988-1.375-11.16-4.156c-6.773-5.938-7.275-16.06-1.118-22.59L393.9 272H16.59c-9.171 0-16.59-7.155-16.59-15.1S7.421 240 16.59 240h377.3l-140.7-149.3c-6.157-6.531-5.655-16.66 1.118-22.59c6.789-5.906 17.27-5.469 23.45 1.094l165.9 176C449.4 251.3 449.4 260.7 443.7 266.8z\"><\/path><\/svg>                                <\/a>\n                                                    <\/div>\n                                    <\/div>\n            <\/div>\n        <\/div>\n        \t\t\t\t<\/div>\n\t\t\t\t<\/div>\n\t\t\t\t\t<\/div>\n\t\t\t\t<\/div>\n\t\t<div class=\"elementor-element elementor-element-66a40d0 u-sidePadding u-dcwiSection -noTop e-flex e-con-boxed e-con e-parent\" data-id=\"66a40d0\" data-element_type=\"container\">\n\t\t\t\t\t<div class=\"e-con-inner\">\n\t\t\t\t<div class=\"elementor-element elementor-element-1742064 elementor-widget elementor-widget-dcwi-content-block\" data-id=\"1742064\" data-element_type=\"widget\" data-widget_type=\"dcwi-content-block.default\">\n\t\t\t\t<div class=\"elementor-widget-container\">\n\t\t\t\t\t        <div class=\"m-contentBlock -wide u-leadText -borderTop\" data-no-translation>\n                            <div class=\"m-contentBlock__header\">\n                    <h2 class=\"u-noMargin\">Newsletter Culture du b\u00e2ti Suisse 01-2025 : renforcer l\u2019enjeu de la culture du b\u00e2ti dans la recherche, l\u2019enseignement et la pratique<\/h2>                <\/div>\n                        <div class=\"m-contentBlock__inner\">\n                <div class=\"m-contentBlock__imageWrapper\"><img decoding=\"async\" width=\"1920\" height=\"1080\" src=\"https:\/\/baukulturschweiz.ch\/wp-content\/uploads\/2025\/07\/Hoersaalgebaeude-auf-dem-vonRoll-Areal.jpg\" class=\"m-contentBlock__image\" alt=\"\" srcset=\"https:\/\/baukulturschweiz.ch\/wp-content\/uploads\/2025\/07\/Hoersaalgebaeude-auf-dem-vonRoll-Areal.jpg 1920w, https:\/\/baukulturschweiz.ch\/wp-content\/uploads\/2025\/07\/Hoersaalgebaeude-auf-dem-vonRoll-Areal-300x169.jpg 300w, https:\/\/baukulturschweiz.ch\/wp-content\/uploads\/2025\/07\/Hoersaalgebaeude-auf-dem-vonRoll-Areal-1024x576.jpg 1024w, https:\/\/baukulturschweiz.ch\/wp-content\/uploads\/2025\/07\/Hoersaalgebaeude-auf-dem-vonRoll-Areal-768x432.jpg 768w, https:\/\/baukulturschweiz.ch\/wp-content\/uploads\/2025\/07\/Hoersaalgebaeude-auf-dem-vonRoll-Areal-1536x864.jpg 1536w, https:\/\/baukulturschweiz.ch\/wp-content\/uploads\/2025\/07\/Hoersaalgebaeude-auf-dem-vonRoll-Areal-18x10.jpg 18w\" sizes=\"(max-width: 1920px) 100vw, 1920px\" \/>                    <span class=\"m-contentBlock__credit\"> B\u00e2timent des amphith\u00e9\u00e2tres du centre vonRoll \u00a9 Sonja Perren (HEP Berne)<\/span>\n                <\/div>                <div class=\"m-contentBlock__content\">\n                    <p>Le lancement du Programme national de recherche \u00ab Culture du b\u00e2ti \u00bb (PNR 81) mi-mai \u00e0 Thoune a constitu\u00e9 un signal fort en faveur d\u2019un renforcement de l\u2019ancrage de la culture du b\u00e2ti dans la recherche et sur le terrain. Dans le m\u00eame esprit, la plateforme <a href=\"https:\/\/baukulturschweiz.ch\/fr\/\" target=\"_blank\" rel=\"noopener\">culturedubatisuisse.ch<\/a> poursuit l\u2019objectif d\u2019une plus forte int\u00e9gration de la culture du b\u00e2ti dans l\u2019enseignement. Certaines \u00e9coles pionni\u00e8res ont d\u00e9j\u00e0 publi\u00e9 des \u00ab Case Studies pour tous \u00bb, et un large \u00e9ventail de hautes \u00e9coles est actuellement sollicit\u00e9 en vue d\u2019enrichir cette base. D\u00e9couvrez les diff\u00e9rentes perspectives des \u00e9tudiants sur le centre universitaire vonRoll \u00e0 Berne. Nourrissez votre inspiration avec nos <a href=\"https:\/\/baukulturschweiz.ch\/fr\/dialog\/\" target=\"_blank\" rel=\"noopener\">questions du mois<\/a> : l\u2019espace public est-il sous-estim\u00e9 ? Que vaut le Projet de territoire Suisse 2050 ? Qu\u2019est-ce que la beaut\u00e9, qu\u2019est-ce que la fonctionnalit\u00e9 ? Obtenez un aper\u00e7u du PNR 81 du b\u00e2ti avec la pr\u00e9sidente de son comit\u00e9 de direction. Ou soumettez votre propre <a href=\"https:\/\/baukulturschweiz.ch\/fr\/case-studies-fuer-alle\/\" target=\"_blank\" rel=\"noopener\">Case Study<\/a> !<\/p>\n                                            <div class=\"m-contentBlock__links\">\n                                                            <a class=\"-contentBlock -linkBar\"\n                                     target=\"_blank\"                                    href=\"https:\/\/baukulturschweiz.ch\/wp-content\/uploads\/2025\/07\/Baukultur_Schweiz_NL_06-2025_fr57.pdf\">\n                                    Download Newsletter (PDF)                                    <svg class=\"svg-inline--fa fa-arrow-right\" aria-hidden=\"true\" focusable=\"false\" data-prefix=\"fal\" data-icon=\"arrow-right\" role=\"img\" xmlns=\"http:\/\/www.w3.org\/2000\/svg\" viewbox=\"0 0 448 512\" data-fa-i2svg=\"\"><path fill=\"currentColor\" d=\"M443.7 266.8l-165.9 176C274.5 446.3 269.1 448 265.5 448c-3.986 0-7.988-1.375-11.16-4.156c-6.773-5.938-7.275-16.06-1.118-22.59L393.9 272H16.59c-9.171 0-16.59-7.155-16.59-15.1S7.421 240 16.59 240h377.3l-140.7-149.3c-6.157-6.531-5.655-16.66 1.118-22.59c6.789-5.906 17.27-5.469 23.45 1.094l165.9 176C449.4 251.3 449.4 260.7 443.7 266.8z\"><\/path><\/svg>                                <\/a>\n                                                    <\/div>\n                                    <\/div>\n            <\/div>\n        <\/div>\n        \t\t\t\t<\/div>\n\t\t\t\t<\/div>\n\t\t\t\t\t<\/div>\n\t\t\t\t<\/div>\n\t\t<div class=\"elementor-element elementor-element-4cb96ce u-sidePadding u-dcwiSection -noTop e-flex e-con-boxed e-con e-parent\" data-id=\"4cb96ce\" data-element_type=\"container\">\n\t\t\t\t\t<div class=\"e-con-inner\">\n\t\t\t\t<div class=\"elementor-element elementor-element-f9699b3 elementor-widget elementor-widget-dcwi-content-block\" data-id=\"f9699b3\" data-element_type=\"widget\" data-widget_type=\"dcwi-content-block.default\">\n\t\t\t\t<div class=\"elementor-widget-container\">\n\t\t\t\t\t        <div class=\"m-contentBlock -wide u-leadText -borderTop\" data-no-translation>\n                            <div class=\"m-contentBlock__header\">\n                    <h2 class=\"u-noMargin\">Newsletter Culture du b\u00e2ti Suisse 02-2024 : puiser dans l\u2019existant pour l\u2019avenir<\/h2>                <\/div>\n                        <div class=\"m-contentBlock__inner\">\n                <div class=\"m-contentBlock__imageWrapper\"><img decoding=\"async\" width=\"1920\" height=\"1080\" src=\"https:\/\/baukulturschweiz.ch\/wp-content\/uploads\/2024\/12\/02-2024_Beitragsbild_Winterthur.jpg\" class=\"m-contentBlock__image\" alt=\"\" srcset=\"https:\/\/baukulturschweiz.ch\/wp-content\/uploads\/2024\/12\/02-2024_Beitragsbild_Winterthur.jpg 1920w, https:\/\/baukulturschweiz.ch\/wp-content\/uploads\/2024\/12\/02-2024_Beitragsbild_Winterthur-300x169.jpg 300w, https:\/\/baukulturschweiz.ch\/wp-content\/uploads\/2024\/12\/02-2024_Beitragsbild_Winterthur-1024x576.jpg 1024w, https:\/\/baukulturschweiz.ch\/wp-content\/uploads\/2024\/12\/02-2024_Beitragsbild_Winterthur-768x432.jpg 768w, https:\/\/baukulturschweiz.ch\/wp-content\/uploads\/2024\/12\/02-2024_Beitragsbild_Winterthur-1536x864.jpg 1536w, https:\/\/baukulturschweiz.ch\/wp-content\/uploads\/2024\/12\/02-2024_Beitragsbild_Winterthur-18x10.jpg 18w\" sizes=\"(max-width: 1920px) 100vw, 1920px\" \/>                    <span class=\"m-contentBlock__credit\"> Site du Hobelwerk, Winterthour \u00a9 Christian Flierl<\/span>\n                <\/div>                <div class=\"m-contentBlock__content\">\n                    <p><span data-offset-key=\"1g5n9-0-0\">De prime abord, partir de l\u2019existant peut sembler conservateur, voire un peu ennuyant. Des projets actuels comme le <\/span><span class=\"rte-entity-LINK\"><a href=\"https:\/\/prohelvetia.ch\/de\/whats-on\/das-kollektiv-annexe-bespielt-den-schweizer-pavillon-an-der-architekturbiennale-venedig-2025\/\"><span data-offset-key=\"1g5n9-1-0\">Pavil<\/span><\/a><\/span><span class=\"rte-entity-LINK\"><a href=\"https:\/\/prohelvetia.ch\/fr\/whats-on\/le-collectif-annexe-investit-le-pavillon-suisse-a-la-biennale-darchitecture-de-venise-2025\/\"><span data-offset-key=\"1g5n9-2-0\">lon<\/span><\/a><\/span><span class=\"rte-entity-LINK\"><a href=\"https:\/\/prohelvetia.ch\/de\/whats-on\/das-kollektiv-annexe-bespielt-den-schweizer-pavillon-an-der-architekturbiennale-venedig-2025\/\"><span data-offset-key=\"1g5n9-3-0\"> suisse<\/span><\/a><\/span><span data-offset-key=\"1g5n9-4-0\"> \u00e0 la prochaine Biennale d\u2019architecture de Venise ou les <\/span><span class=\"rte-entity-LINK\"><a href=\"https:\/\/baukulturschweiz.ch\/fr\/\"><span data-offset-key=\"1g5n9-5-0\">20 nouveaux Case Studies<\/span><\/a><\/span><span data-offset-key=\"1g5n9-6-0\"> sur le site culturedubatisuisse.ch montrent cependant quelles richesses peuvent \u00eatre puis\u00e9es dans ce qui existe. Car la culture du b\u00e2ti a de nombreux visages et r\u00e9pond \u00e0 de multiples besoins. Plongez dans ces lieux aussi vari\u00e9s que surprenants, entre exp\u00e9rience gustative \u00e0 Broc, atmosph\u00e8re m\u00e9ridionale \u00e0 Morat, fontaine b\u00e9nite \u00e0 Einsiedeln ou encore enjeux climatiques \u00e0 Winterthour. Et laissez-vous inspirer par les passionnantes <\/span><span class=\"rte-entity-LINK\"><a href=\"https:\/\/baukulturschweiz.ch\/fr\/dialog\/\"><span data-offset-key=\"1g5n9-7-0\">questions du mois<\/span><\/a><\/span><span data-offset-key=\"1g5n9-8-0\">\u00a0: les toilettes non genr\u00e9es sont-elles utiles\u00a0? Inventaire f\u00e9d\u00e9ral des sites construits d\u2019importance nationale \u00e0 prot\u00e9ger en Suisse (ISOS)\u00a0: mal\u00e9diction ou b\u00e9n\u00e9diction\u00a0? Que pouvons-nous esp\u00e9rer pour 2025\u00a0? Enfin, d\u00e9couvrez d\u00e9j\u00e0 un pan de la Biennale internationale d\u2019architecture de Venise en 2025 avec une architecte de l\u2019\u00e9quipe du projet pour le Pavillon suisse. Pour bien vivre dans un cadre de vie bien con\u00e7u\u00a0!<\/span><\/p>\n                                            <div class=\"m-contentBlock__links\">\n                                                            <a class=\"-contentBlock -linkBar\"\n                                                                        href=\"https:\/\/baukulturschweiz.ch\/wp-content\/uploads\/2024\/12\/Baukultur_Schweiz_NL_02-2024_fr.pdf\">\n                                    Download Newsletter (PDF)                                    <svg class=\"svg-inline--fa fa-arrow-right\" aria-hidden=\"true\" focusable=\"false\" data-prefix=\"fal\" data-icon=\"arrow-right\" role=\"img\" xmlns=\"http:\/\/www.w3.org\/2000\/svg\" viewbox=\"0 0 448 512\" data-fa-i2svg=\"\"><path fill=\"currentColor\" d=\"M443.7 266.8l-165.9 176C274.5 446.3 269.1 448 265.5 448c-3.986 0-7.988-1.375-11.16-4.156c-6.773-5.938-7.275-16.06-1.118-22.59L393.9 272H16.59c-9.171 0-16.59-7.155-16.59-15.1S7.421 240 16.59 240h377.3l-140.7-149.3c-6.157-6.531-5.655-16.66 1.118-22.59c6.789-5.906 17.27-5.469 23.45 1.094l165.9 176C449.4 251.3 449.4 260.7 443.7 266.8z\"><\/path><\/svg>                                <\/a>\n                                                    <\/div>\n                                    <\/div>\n            <\/div>\n        <\/div>\n        \t\t\t\t<\/div>\n\t\t\t\t<\/div>\n\t\t\t\t\t<\/div>\n\t\t\t\t<\/div>\n\t\t<div class=\"elementor-element elementor-element-288f07e u-sidePadding u-dcwiSection -noTop e-flex e-con-boxed e-con e-parent\" data-id=\"288f07e\" data-element_type=\"container\">\n\t\t\t\t\t<div class=\"e-con-inner\">\n\t\t\t\t<div class=\"elementor-element elementor-element-d946737 elementor-widget elementor-widget-dcwi-content-block\" data-id=\"d946737\" data-element_type=\"widget\" data-widget_type=\"dcwi-content-block.default\">\n\t\t\t\t<div class=\"elementor-widget-container\">\n\t\t\t\t\t        <div class=\"m-contentBlock -wide u-leadText -borderTop\" data-no-translation>\n                            <div class=\"m-contentBlock__header\">\n                    <h2 class=\"u-noMargin\">Newsletter Culture du b\u00e2ti Suisse 01-2024 : les hautes \u00e9coles d\u00e9couvrent les Case Studies pour tous<\/h2>                <\/div>\n                        <div class=\"m-contentBlock__inner\">\n                <div class=\"m-contentBlock__imageWrapper\"><img loading=\"lazy\" decoding=\"async\" width=\"1280\" height=\"734\" src=\"https:\/\/baukulturschweiz.ch\/wp-content\/uploads\/2024\/07\/SIA_Newsletter_06-2024_Preview.jpg\" class=\"m-contentBlock__image\" alt=\"\" srcset=\"https:\/\/baukulturschweiz.ch\/wp-content\/uploads\/2024\/07\/SIA_Newsletter_06-2024_Preview.jpg 1280w, https:\/\/baukulturschweiz.ch\/wp-content\/uploads\/2024\/07\/SIA_Newsletter_06-2024_Preview-300x172.jpg 300w, https:\/\/baukulturschweiz.ch\/wp-content\/uploads\/2024\/07\/SIA_Newsletter_06-2024_Preview-1024x587.jpg 1024w, https:\/\/baukulturschweiz.ch\/wp-content\/uploads\/2024\/07\/SIA_Newsletter_06-2024_Preview-768x440.jpg 768w, https:\/\/baukulturschweiz.ch\/wp-content\/uploads\/2024\/07\/SIA_Newsletter_06-2024_Preview-18x10.jpg 18w\" sizes=\"(max-width: 1280px) 100vw, 1280px\" \/>                    <span class=\"m-contentBlock__credit\"> Atelier Culture du b\u00e2ti Suisse et hautes \u00e9coles \u00e0 Zurich (photo : Jasmine Scheidegger Woods, SIA)<\/span>\n                <\/div>                <div class=\"m-contentBlock__content\">\n                    <p>Les \u00ab\u00a0<a href=\"https:\/\/web.swissnewsletter.ch\/e\/7813fb3ceba283ab\/nl\/-\/testlink\/9113\/876a67536bcb41e6b42f0aa6\/fr\/-\" target=\"_blank\" rel=\"noopener noreferrer\">Case Studies pour tous<\/a>\u00a0\u00bb, lanc\u00e9s en 2023 par Culture du b\u00e2ti Suisse, suscitent un vif int\u00e9r\u00eat aupr\u00e8s des hautes \u00e9coles. Pas moins de 18 nouveaux Case Studies ont d\u00e9j\u00e0 \u00e9t\u00e9 mis en ligne. Ren\u00e9 J\u00e4hne, du p\u00f4le de recherche national \u00ab\u00a0Fabrication num\u00e9rique\u00a0\u00bb h\u00e9berg\u00e9 \u00e0 l\u2019ETH Zurich, a \u00e9t\u00e9 le premier \u00e0 faire le pas avec la\u00a0<a href=\"https:\/\/web.swissnewsletter.ch\/e\/7813fb3ceba283ab\/nl\/-\/testlink\/9107\/876a67536bcb41e6b42f0aa6\/fr\/-\" target=\"_blank\" rel=\"noopener noreferrer\">DFAB House<\/a>, situ\u00e9e sur le site de l\u2019Empa \u00e0 D\u00fcbendorf. Par ailleurs, Boris Sz\u00e9lpal, de la Haute \u00e9cole sp\u00e9cialis\u00e9e bernoise (BFH), et Janine Kern, de la Haute \u00e9cole sp\u00e9cialis\u00e9e du nord-ouest de la Suisse (FHNW), ont demand\u00e9 \u00e0 leurs \u00e9tudiantes et \u00e9tudiants de r\u00e9aliser des Cases Studies.<br \/>D\u00e9but juin, le comit\u00e9 de pilotage de culturedubatisuisse.ch a rencontr\u00e9 les autrices et auteurs des nouveaux Case Studies lors d\u2019un atelier pour un \u00e9change d\u2019exp\u00e9riences. Les crit\u00e8res du\u00a0<a href=\"https:\/\/web.swissnewsletter.ch\/e\/7813fb3ceba283ab\/nl\/-\/testlink\/9114\/876a67536bcb41e6b42f0aa6\/fr\/-\" target=\"_blank\" rel=\"noopener noreferrer\">Syst\u00e8me Davos de qualit\u00e9 pour la culture du b\u00e2ti<\/a>\u00a0ont notamment fait l\u2019objet de discussions passionnantes. Un enseignement central de ces \u00e9changes est que les questions cibl\u00e9es permettent de trouver un langage commun. Si nous avons \u00e9veill\u00e9 votre curiosit\u00e9, d\u00e9couvrez \u00e0 votre tour les nouveaux\u00a0<a href=\"https:\/\/web.swissnewsletter.ch\/e\/7813fb3ceba283ab\/nl\/-\/testlink\/9115\/876a67536bcb41e6b42f0aa6\/fr\/-\" target=\"_blank\" rel=\"noopener noreferrer\">Case Studies<\/a>\u00a0sur le site de Culture du b\u00e2ti Suisse ou soumettez vous aussi\u00a0<a href=\"https:\/\/web.swissnewsletter.ch\/e\/7813fb3ceba283ab\/nl\/-\/testlink\/9113\/876a67536bcb41e6b42f0aa6\/fr\/-\" target=\"_blank\" rel=\"noopener noreferrer\">un Case Study<\/a>\u00a0!<\/p>\n                                            <div class=\"m-contentBlock__links\">\n                                                            <a class=\"-contentBlock -linkBar\"\n                                                                        href=\"https:\/\/baukulturschweiz.ch\/wp-content\/uploads\/2024\/07\/Culture_du_bati_Newsletter_06-24.pdf\">\n                                    Download Newsletter (PDF)                                    <svg class=\"svg-inline--fa fa-arrow-right\" aria-hidden=\"true\" focusable=\"false\" data-prefix=\"fal\" data-icon=\"arrow-right\" role=\"img\" xmlns=\"http:\/\/www.w3.org\/2000\/svg\" viewbox=\"0 0 448 512\" data-fa-i2svg=\"\"><path fill=\"currentColor\" d=\"M443.7 266.8l-165.9 176C274.5 446.3 269.1 448 265.5 448c-3.986 0-7.988-1.375-11.16-4.156c-6.773-5.938-7.275-16.06-1.118-22.59L393.9 272H16.59c-9.171 0-16.59-7.155-16.59-15.1S7.421 240 16.59 240h377.3l-140.7-149.3c-6.157-6.531-5.655-16.66 1.118-22.59c6.789-5.906 17.27-5.469 23.45 1.094l165.9 176C449.4 251.3 449.4 260.7 443.7 266.8z\"><\/path><\/svg>                                <\/a>\n                                                    <\/div>\n                                    <\/div>\n            <\/div>\n        <\/div>\n        \t\t\t\t<\/div>\n\t\t\t\t<\/div>\n\t\t\t\t\t<\/div>\n\t\t\t\t<\/div>\n\t\t<div class=\"elementor-element elementor-element-ff2430d u-sidePadding u-dcwiSection -noTop e-flex e-con-boxed e-con e-parent\" data-id=\"ff2430d\" data-element_type=\"container\">\n\t\t\t\t\t<div class=\"e-con-inner\">\n\t\t\t\t<div class=\"elementor-element elementor-element-cdb89ca elementor-widget elementor-widget-dcwi-content-block\" data-id=\"cdb89ca\" data-element_type=\"widget\" data-widget_type=\"dcwi-content-block.default\">\n\t\t\t\t<div class=\"elementor-widget-container\">\n\t\t\t\t\t        <div class=\"m-contentBlock -wide u-leadText -borderTop\" data-no-translation>\n                            <div class=\"m-contentBlock__header\">\n                    <h2 class=\"u-noMargin\">Newsletter Culture du b\u00e2ti Suisse 02-2023 : Qu\u2019est-ce que No\u00ebl a \u00e0 voir avec la culture du b\u00e2ti ?<\/h2>                <\/div>\n                        <div class=\"m-contentBlock__inner\">\n                <div class=\"m-contentBlock__imageWrapper\"><img loading=\"lazy\" decoding=\"async\" width=\"1920\" height=\"1080\" src=\"https:\/\/baukulturschweiz.ch\/wp-content\/uploads\/2023\/12\/c6960a15-73de-11ee-8ba9-005056b17944.jpeg\" class=\"m-contentBlock__image\" alt=\"\" srcset=\"https:\/\/baukulturschweiz.ch\/wp-content\/uploads\/2023\/12\/c6960a15-73de-11ee-8ba9-005056b17944.jpeg 1920w, https:\/\/baukulturschweiz.ch\/wp-content\/uploads\/2023\/12\/c6960a15-73de-11ee-8ba9-005056b17944-300x169.jpeg 300w, https:\/\/baukulturschweiz.ch\/wp-content\/uploads\/2023\/12\/c6960a15-73de-11ee-8ba9-005056b17944-1024x576.jpeg 1024w, https:\/\/baukulturschweiz.ch\/wp-content\/uploads\/2023\/12\/c6960a15-73de-11ee-8ba9-005056b17944-768x432.jpeg 768w, https:\/\/baukulturschweiz.ch\/wp-content\/uploads\/2023\/12\/c6960a15-73de-11ee-8ba9-005056b17944-1536x864.jpeg 1536w, https:\/\/baukulturschweiz.ch\/wp-content\/uploads\/2023\/12\/c6960a15-73de-11ee-8ba9-005056b17944-18x10.jpeg 18w\" sizes=\"(max-width: 1920px) 100vw, 1920px\" \/>                    <span class=\"m-contentBlock__credit\"> La salle des pas perdus du Palais f\u00e9d\u00e9ral, Berne (\u00a9 Christian Flierl)<\/span>\n                <\/div>                <div class=\"m-contentBlock__content\">\n                    <p>Voil\u00e0 un peu plus d\u2019un an, la Table ronde Culture du b\u00e2ti suisse lan\u00e7ait, avec la Soci\u00e9t\u00e9 suisse des ing\u00e9nieurs et des architectes (SIA) et l\u2019Office f\u00e9d\u00e9ral de la culture, la nouvelle plateforme web <span class=\"rte-entity-LINK\"><a href=\"https:\/\/baukulturschweiz.ch\/fr\"><span data-offset-key=\"1g5n9-1-0\">culturedubatisuisse.ch<\/span><\/a><\/span><span data-offset-key=\"1g5n9-2-0\">. Depuis juillet dernier, la plateforme propose \u00e9galement une <\/span><span class=\"rte-entity-LINK\"><a href=\"https:\/\/baukulturschweiz.ch\/fr\/beratung\"><span data-offset-key=\"1g5n9-3-0\">offre de conseil pour les communes et les villes<\/span><\/a><\/span><span data-offset-key=\"1g5n9-4-0\">. Autre nouveaut\u00e9, les \u00ab\u00a0<\/span><span class=\"rte-entity-LINK\"><a href=\"https:\/\/baukulturschweiz.ch\/fr\/case-studies-fuer-alle\"><span data-offset-key=\"1g5n9-5-0\">Case Studies pour tous<\/span><\/a><\/span><span data-offset-key=\"1g5n9-6-0\">\u00a0\u00bb invitent d\u00e9sormais \u00e0 partager avec d\u2019autres internautes ce que l\u2019on trouve r\u00e9ussi et ce que l\u2019on estime moins r\u00e9ussi. Mettez en ligne une vid\u00e9o en plan fixe d\u2019une demi-minute et choisissez huit questions pour d\u00e9crire un lieu que vous trouvez important.\u00a0<\/span><span data-offset-key=\"7e8bu-0-0\">Si vous avez toujours voulu savoir ce que la culture du b\u00e2ti a \u00e0 voir avec No\u00ebl, jetez un coup d\u2019\u0153il \u00e0 la nouvelle rubrique \u00ab\u00a0<\/span><span class=\"rte-entity-LINK\"><a href=\"https:\/\/baukulturschweiz.ch\/fr\/dialog\/\"><span data-offset-key=\"7e8bu-1-0\">Dialogue<\/span><\/a><\/span><span data-offset-key=\"7e8bu-2-0\">\u00a0\u00bb. Participez \u00e0 la discussion sur le <\/span><span class=\"rte-entity-LINK\"><a href=\"https:\/\/www.linkedin.com\/company\/baukultur-schweiz\"><span data-offset-key=\"7e8bu-3-0\">canal LinkedIn<\/span><\/a><\/span><span data-offset-key=\"7e8bu-4-0\"> de \u00ab\u00a0Culture du b\u00e2ti Suisse\u00a0\u00bb ou sur vos propres canaux. Et si vous voulez simplement d\u00e9couvrir de nouveaux lieux passionnants, consultez sans attendre les <\/span><span class=\"rte-entity-LINK\"><a href=\"https:\/\/baukulturschweiz.ch\/fr\"><span data-offset-key=\"7e8bu-5-0\">20 nouveaux Cases Studies.<\/span><\/a><\/span><\/p>\n                                            <div class=\"m-contentBlock__links\">\n                                                            <a class=\"-contentBlock -linkBar\"\n                                                                        href=\"https:\/\/baukulturschweiz.ch\/wp-content\/uploads\/2023\/12\/Culture_du_bati_Newsletter_02-23-1.pdf\">\n                                    Download Newsletter (PDF)                                    <svg class=\"svg-inline--fa fa-arrow-right\" aria-hidden=\"true\" focusable=\"false\" data-prefix=\"fal\" data-icon=\"arrow-right\" role=\"img\" xmlns=\"http:\/\/www.w3.org\/2000\/svg\" viewbox=\"0 0 448 512\" data-fa-i2svg=\"\"><path fill=\"currentColor\" d=\"M443.7 266.8l-165.9 176C274.5 446.3 269.1 448 265.5 448c-3.986 0-7.988-1.375-11.16-4.156c-6.773-5.938-7.275-16.06-1.118-22.59L393.9 272H16.59c-9.171 0-16.59-7.155-16.59-15.1S7.421 240 16.59 240h377.3l-140.7-149.3c-6.157-6.531-5.655-16.66 1.118-22.59c6.789-5.906 17.27-5.469 23.45 1.094l165.9 176C449.4 251.3 449.4 260.7 443.7 266.8z\"><\/path><\/svg>                                <\/a>\n                                                    <\/div>\n                                    <\/div>\n            <\/div>\n        <\/div>\n        \t\t\t\t<\/div>\n\t\t\t\t<\/div>\n\t\t\t\t\t<\/div>\n\t\t\t\t<\/div>\n\t\t<div class=\"elementor-element elementor-element-d785d9e u-sidePadding u-dcwiSection -noTop e-flex e-con-boxed e-con e-parent\" data-id=\"d785d9e\" data-element_type=\"container\">\n\t\t\t\t\t<div class=\"e-con-inner\">\n\t\t\t\t<div class=\"elementor-element elementor-element-becd93f elementor-widget elementor-widget-dcwi-content-block\" data-id=\"becd93f\" data-element_type=\"widget\" data-widget_type=\"dcwi-content-block.default\">\n\t\t\t\t<div class=\"elementor-widget-container\">\n\t\t\t\t\t        <div class=\"m-contentBlock -wide u-leadText -borderTop\" data-no-translation>\n                            <div class=\"m-contentBlock__header\">\n                    <h2 class=\"u-noMargin\">Newsletter culture du b\u00e2ti Suisse 01-2023 : Les communes sur le front de la culture du b\u00e2ti<\/h2>                <\/div>\n                        <div class=\"m-contentBlock__inner\">\n                <div class=\"m-contentBlock__imageWrapper\"><img loading=\"lazy\" decoding=\"async\" width=\"1000\" height=\"590\" src=\"https:\/\/baukulturschweiz.ch\/wp-content\/uploads\/2023\/12\/78557512-ef41-11ed-a4df-005056b17944.jpeg\" class=\"m-contentBlock__image\" alt=\"\" srcset=\"https:\/\/baukulturschweiz.ch\/wp-content\/uploads\/2023\/12\/78557512-ef41-11ed-a4df-005056b17944.jpeg 1000w, https:\/\/baukulturschweiz.ch\/wp-content\/uploads\/2023\/12\/78557512-ef41-11ed-a4df-005056b17944-300x177.jpeg 300w, https:\/\/baukulturschweiz.ch\/wp-content\/uploads\/2023\/12\/78557512-ef41-11ed-a4df-005056b17944-768x453.jpeg 768w, https:\/\/baukulturschweiz.ch\/wp-content\/uploads\/2023\/12\/78557512-ef41-11ed-a4df-005056b17944-18x12.jpeg 18w\" sizes=\"(max-width: 1000px) 100vw, 1000px\" \/>                    <span class=\"m-contentBlock__credit\"> Outils de planification et processus (Illustration : \u00a9 OFC \/ Illustration dora formica)<\/span>\n                <\/div>                <div class=\"m-contentBlock__content\">\n                    <p>Les villes et les communes sont au centre de la culture du b\u00e2ti\u2009: elles font les lois, conseillent les ma\u00eetres d\u2019ouvrage priv\u00e9s, d\u00e9livrent des permis de construire et \u00e9laborent des plans d\u2019am\u00e9nagement. Sans compter qu\u2019elles assument aussi le r\u00f4le de ma\u00eetre de l\u2019ouvrage et qu\u2019elles doivent \u00e0 ce titre faire preuve d\u2019exemplarit\u00e9. Or les petites et moyennes communes doivent souvent composer avec des moyens limit\u00e9s ou des comp\u00e9tences parfois lacunaires. Pour rem\u00e9dier \u00e0 la situation, l\u2019Office f\u00e9d\u00e9ral de la culture (OFC) a donc d\u00e9cid\u00e9 de mettre en place une offre de conseil \u00e0 leur intention\u2009sur le site <span class=\"rte-entity-LINK\"><a href=\"https:\/\/culturedubatisuisse.ch\/\"><span data-offset-key=\"1g5n9-1-0\">culturedubatisuisse.ch<\/span><\/a><\/span><span data-offset-key=\"1g5n9-2-0\">. C\u2019est par le dialogue que la culture du b\u00e2ti \u00e9merge. C\u2019est pourquoi une rencontre nationale sur l\u2019am\u00e9nagement des espaces de vie dans les communes et les villes a \u00e9t\u00e9 organis\u00e9e pour engager une r\u00e9flexion sur la meilleure mani\u00e8re de viser plus de qualit\u00e9 sur le plan communal \u2013 que ce soit en ce qui a trait \u00e0 la construction, \u00e0 la conception ou encore \u00e0 l\u2019investissement. Au niveau r\u00e9gional, les conseils consultatifs d\u2019am\u00e9nagement facilitent le dialogue pour favoriser une culture du b\u00e2ti exigeante, mais il existe d\u2019autres voies pour r\u00e9aliser cet objectif. \u00c0 nous de soutenir celles et ceux qui, dans les communes et les villes, contribuent \u00e0 fa\u00e7onner notre cadre de vie \u00e0 toutes et tous.<\/span><\/p>\n                                            <div class=\"m-contentBlock__links\">\n                                                            <a class=\"\"\n                                                                        href=\"https:\/\/baukulturschweiz.ch\/wp-content\/uploads\/2023\/12\/Culture_du_bati_Newsletter_01-23.pdf\">\n                                    Download Newsletter (PDF)                                                                    <\/a>\n                                                    <\/div>\n                                    <\/div>\n            <\/div>\n        <\/div>\n        \t\t\t\t<\/div>\n\t\t\t\t<\/div>\n\t\t\t\t\t<\/div>\n\t\t\t\t<\/div>\n\t\t<div class=\"elementor-element elementor-element-56722bb u-sidePadding u-dcwiSection -noTop e-flex e-con-boxed e-con e-parent\" data-id=\"56722bb\" data-element_type=\"container\">\n\t\t\t\t\t<div class=\"e-con-inner\">\n\t\t\t\t<div class=\"elementor-element elementor-element-c1f893f elementor-widget elementor-widget-dcwi-content-block\" data-id=\"c1f893f\" data-element_type=\"widget\" data-widget_type=\"dcwi-content-block.default\">\n\t\t\t\t<div class=\"elementor-widget-container\">\n\t\t\t\t\t        <div class=\"m-contentBlock -wide u-leadText -borderTop\" data-no-translation>\n                            <div class=\"m-contentBlock__header\">\n                    <h2 class=\"u-noMargin\">Newsletter Culture du b\u00e2ti suisse 01-2022 : Comment voulons-nous vivre ?<\/h2>                <\/div>\n                        <div class=\"m-contentBlock__inner\">\n                <div class=\"m-contentBlock__imageWrapper\"><img loading=\"lazy\" decoding=\"async\" width=\"1200\" height=\"675\" src=\"https:\/\/baukulturschweiz.ch\/wp-content\/uploads\/2023\/12\/d35816a1-7181-11ed-bf7a-005056b17944.jpeg\" class=\"m-contentBlock__image\" alt=\"\" srcset=\"https:\/\/baukulturschweiz.ch\/wp-content\/uploads\/2023\/12\/d35816a1-7181-11ed-bf7a-005056b17944.jpeg 1200w, https:\/\/baukulturschweiz.ch\/wp-content\/uploads\/2023\/12\/d35816a1-7181-11ed-bf7a-005056b17944-300x169.jpeg 300w, https:\/\/baukulturschweiz.ch\/wp-content\/uploads\/2023\/12\/d35816a1-7181-11ed-bf7a-005056b17944-1024x576.jpeg 1024w, https:\/\/baukulturschweiz.ch\/wp-content\/uploads\/2023\/12\/d35816a1-7181-11ed-bf7a-005056b17944-768x432.jpeg 768w, https:\/\/baukulturschweiz.ch\/wp-content\/uploads\/2023\/12\/d35816a1-7181-11ed-bf7a-005056b17944-18x10.jpeg 18w\" sizes=\"(max-width: 1200px) 100vw, 1200px\" \/>                    <span class=\"m-contentBlock__credit\"> Comit\u00e9 de pilotage de \u00ab Culture du b\u00e2ti Suisse \u00bb : Regula Steinmann (Patrimoine suisse), Claudia Schwalfenberg (SIA), Yvonne Radecker (Material-Archiv), Patrick Schoeck-Ritschard (Patrimoine suisse), Nina Mekacher (OFC) et Daniel Klos (SIA) (photo: Mike Denz)<\/span>\n                <\/div>                <div class=\"m-contentBlock__content\">\n                    <p>Comment voulons-nous vivre\u00a0? La crise actuelle nous interpelle tous\u00a0: comment concilier la promotion des \u00e9nergies renouvelables et la promotion de la biodiversit\u00e9\u00a0? Comment satisfaire nos besoins en mati\u00e8re de logement sans accro\u00eetre encore plus le mitage du territoire\u00a0? La <span class=\"rte-entity-LINK\"><a href=\"https:\/\/baukulturschweiz.ch\/fr\/bk;nav\/casestudies\/rundertisch\"><span data-offset-key=\"1g5n9-1-0\">Table ronde Culture du b\u00e2ti suisse<\/span><\/a><\/span><span data-offset-key=\"1g5n9-2-0\"> s\u2019engage depuis 2010 pour un am\u00e9nagement de qualit\u00e9 de notre cadre de vie. En publiant son<\/span> <span class=\"rte-entity-LINK\"><a href=\"https:\/\/www.sia.ch\/fileadmin\/content\/download\/1105_Positionspapier_Baukultur_fr_web.pdf\"><span data-offset-key=\"1g5n9-3-0\">manifeste relatif \u00e0 la culture du b\u00e2ti<\/span><\/a><\/span><span data-offset-key=\"1g5n9-4-0\">, elle a jet\u00e9 les bases pour la culture du b\u00e2ti en tant que nouveau secteur de la politique en Suisse. Avec la nouvelle plateforme web <\/span><span class=\"rte-entity-LINK\"><a href=\"https:\/\/baukulturschweiz.ch\/fr\/bk\/casestudies\"><span data-offset-key=\"1g5n9-5-0\">Culture du b\u00e2ti Suisse<\/span><\/a><\/span><span data-offset-key=\"1g5n9-6-0\">, la Table ronde veut d\u00e9sormais stimuler le d\u00e9bat sur le cadre de vie am\u00e9nag\u00e9. Pr\u00e8s de 40\u00a0<\/span><span class=\"rte-entity-LINK\"><a href=\"https:\/\/baukulturschweiz.ch\/fr\/bk;nav\/casestudies\/rundertisch\"><span data-offset-key=\"1g5n9-7-0\">institutions<\/span><\/a><\/span><span data-offset-key=\"1g5n9-8-0\"> nationales r\u00e9put\u00e9es sont associ\u00e9es \u00e0 la Table ronde. Un comit\u00e9 de pilotage compos\u00e9 de personnalit\u00e9s de la <\/span><span class=\"rte-entity-LINK\"><a href=\"https:\/\/baukulturschweiz.ch\/fr\/bk;nav\/casestudies\/akteure--runder-tisch--sia\"><span data-offset-key=\"1g5n9-9-0\">Soci\u00e9t\u00e9 suisse des ing\u00e9nieurs et des architectes SIA<\/span><\/a><\/span><span data-offset-key=\"1g5n9-10-0\">, de l\u2019<\/span><span class=\"rte-entity-LINK\"><a href=\"https:\/\/baukulturschweiz.ch\/fr\/bk;nav\/casestudies\/akteure--runder-tisch--bak\"><span data-offset-key=\"1g5n9-11-0\">Office f\u00e9d\u00e9ral de la culture (OFC)<\/span><\/a><\/span><span data-offset-key=\"1g5n9-12-0\">, de <\/span><span class=\"rte-entity-LINK\"><a href=\"https:\/\/baukulturschweiz.ch\/fr\/bk;nav\/casestudies\/akteure--runder-tisch--heimatschutz\"><span data-offset-key=\"1g5n9-13-0\">Patrimoine suisse<\/span><\/a><\/span><span data-offset-key=\"1g5n9-14-0\">, de <\/span><span class=\"rte-entity-LINK\"><a href=\"https:\/\/baukulturschweiz.ch\/fr\/bk;nav\/casestudies\/akteure--runder-tisch--material-archiv\"><span data-offset-key=\"1g5n9-15-0\">Material-Archiv<\/span><\/a><\/span><span data-offset-key=\"1g5n9-16-0\"> et du <\/span><span class=\"rte-entity-LINK\"><a href=\"https:\/\/baukulturschweiz.ch\/fr\/bk;nav\/casestudies\/akteure--runder-tisch--sam\"><span data-offset-key=\"1g5n9-17-0\">Mus\u00e9e Suisse d\u2019Architecture (S AM)<\/span><\/a><\/span><span data-offset-key=\"1g5n9-18-0\"> s\u2019active \u00e0 d\u00e9velopper le site culturedubatisuisse.ch. D\u00e9couvrez les passionnantes <\/span><span class=\"rte-entity-LINK\"><a href=\"https:\/\/baukulturschweiz.ch\/fr\/bk\/casestudies\"><span data-offset-key=\"1g5n9-19-0\">Case Studies<\/span><\/a><\/span> sur 20 lieux de Suisse et faites connaissance de la culture du b\u00e2ti en ligne\u00a0!<\/p>\n                                            <div class=\"m-contentBlock__links\">\n                                                            <a class=\"-contentBlock -linkBar\"\n                                                                        href=\"https:\/\/baukulturschweiz.ch\/wp-content\/uploads\/2023\/12\/Culture_du_bati_Newsletter_01-22.pdf\">\n                                    Download Newsletter (PDF)                                    <svg class=\"svg-inline--fa fa-arrow-right\" aria-hidden=\"true\" focusable=\"false\" data-prefix=\"fal\" data-icon=\"arrow-right\" role=\"img\" xmlns=\"http:\/\/www.w3.org\/2000\/svg\" viewbox=\"0 0 448 512\" data-fa-i2svg=\"\"><path fill=\"currentColor\" d=\"M443.7 266.8l-165.9 176C274.5 446.3 269.1 448 265.5 448c-3.986 0-7.988-1.375-11.16-4.156c-6.773-5.938-7.275-16.06-1.118-22.59L393.9 272H16.59c-9.171 0-16.59-7.155-16.59-15.1S7.421 240 16.59 240h377.3l-140.7-149.3c-6.157-6.531-5.655-16.66 1.118-22.59c6.789-5.906 17.27-5.469 23.45 1.094l165.9 176C449.4 251.3 449.4 260.7 443.7 266.8z\"><\/path><\/svg>                                <\/a>\n                                                    <\/div>\n                                    <\/div>\n            <\/div>\n        <\/div>\n        \t\t\t\t<\/div>\n\t\t\t\t<\/div>\n\t\t\t\t\t<\/div>\n\t\t\t\t<\/div>\n\t\t\t\t<\/div>","protected":false},"excerpt":{"rendered":"<p>Newsletter Baukultur Schweiz 02-2025: Innovation beginnt in der Schule Archijeunes Netzwerktagung \u00abKosmos Schulraum\u00bb 2025 (Illustration: Fiona Hager, Archijeunes) Das nahende Jahresende l\u00e4dt zum R\u00fcckblick ein, aber auch zum Blick voraus in die Zukunft. Wie erreichen wir Innovation in der Baukultur und wie die dringend notwendige Transformation zu einer nachhaltigen Gestaltung unseres Lebensraums? Das f\u00e4ngt bei [&hellip;]<\/p>","protected":false},"author":1,"featured_media":0,"parent":0,"menu_order":0,"comment_status":"closed","ping_status":"closed","template":"","meta":{"_acf_changed":false,"_relevanssi_hide_post":"","_relevanssi_hide_content":"","_relevanssi_pin_for_all":"","_relevanssi_pin_keywords":"","_relevanssi_unpin_keywords":"","_relevanssi_related_keywords":"","_relevanssi_related_include_ids":"","_relevanssi_related_exclude_ids":"","_relevanssi_related_no_append":"","_relevanssi_related_not_related":"","_relevanssi_related_posts":"","_relevanssi_noindex_reason":"","footnotes":""},"class_list":["post-2696","page","type-page","status-publish","hentry"],"acf":[],"yoast_head":"<!-- This site is optimized with the Yoast SEO plugin v26.1.1 - https:\/\/yoast.com\/wordpress\/plugins\/seo\/ -->\n<title>Newsletter &#8211; Baukultur Schweiz<\/title>\n<meta name=\"robots\" content=\"index, follow, max-snippet:-1, max-image-preview:large, max-video-preview:-1\" \/>\n<link rel=\"canonical\" href=\"https:\/\/baukulturschweiz.ch\/fr\/newsletter-archiv\/\" \/>\n<meta property=\"og:locale\" content=\"fr_FR\" \/>\n<meta property=\"og:type\" content=\"article\" \/>\n<meta property=\"og:title\" content=\"Newsletter &#8211; Baukultur Schweiz\" \/>\n<meta property=\"og:description\" content=\"Newsletter Baukultur Schweiz 02-2025: Innovation beginnt in der Schule Archijeunes Netzwerktagung \u00abKosmos Schulraum\u00bb 2025 (Illustration: Fiona Hager, Archijeunes) Das nahende Jahresende l\u00e4dt zum R\u00fcckblick ein, aber auch zum Blick voraus in die Zukunft. Wie erreichen wir Innovation in der Baukultur und wie die dringend notwendige Transformation zu einer nachhaltigen Gestaltung unseres Lebensraums? Das f\u00e4ngt bei [&hellip;]\" \/>\n<meta property=\"og:url\" content=\"https:\/\/baukulturschweiz.ch\/fr\/newsletter-archiv\/\" \/>\n<meta property=\"og:site_name\" content=\"Baukultur Schweiz\" \/>\n<meta property=\"article:modified_time\" content=\"2025-12-11T11:15:00+00:00\" \/>\n<meta property=\"og:image\" content=\"https:\/\/baukulturschweiz.ch\/wp-content\/uploads\/2025\/12\/Skizze_Schulhaus_Fiona_Postkarten_horizontal_page0_image.png\" \/>\n<meta name=\"twitter:card\" content=\"summary_large_image\" \/>\n<meta name=\"twitter:label1\" content=\"Dur\u00e9e de lecture estim\u00e9e\" \/>\n\t<meta name=\"twitter:data1\" content=\"8 minutes\" \/>\n<script type=\"application\/ld+json\" class=\"yoast-schema-graph\">{\"@context\":\"https:\/\/schema.org\",\"@graph\":[{\"@type\":\"WebPage\",\"@id\":\"https:\/\/baukulturschweiz.ch\/de\/newsletter-archiv\/\",\"url\":\"https:\/\/baukulturschweiz.ch\/de\/newsletter-archiv\/\",\"name\":\"Newsletter &#8211; Baukultur Schweiz\",\"isPartOf\":{\"@id\":\"https:\/\/baukulturschweiz.ch\/de\/#website\"},\"primaryImageOfPage\":{\"@id\":\"https:\/\/baukulturschweiz.ch\/de\/newsletter-archiv\/#primaryimage\"},\"image\":{\"@id\":\"https:\/\/baukulturschweiz.ch\/de\/newsletter-archiv\/#primaryimage\"},\"thumbnailUrl\":\"https:\/\/baukulturschweiz.ch\/wp-content\/uploads\/2025\/12\/Skizze_Schulhaus_Fiona_Postkarten_horizontal_page0_image.png\",\"datePublished\":\"2023-12-14T16:17:22+00:00\",\"dateModified\":\"2025-12-11T11:15:00+00:00\",\"breadcrumb\":{\"@id\":\"https:\/\/baukulturschweiz.ch\/de\/newsletter-archiv\/#breadcrumb\"},\"inLanguage\":\"fr-FR\",\"potentialAction\":[{\"@type\":\"ReadAction\",\"target\":[\"https:\/\/baukulturschweiz.ch\/de\/newsletter-archiv\/\"]}]},{\"@type\":\"ImageObject\",\"inLanguage\":\"fr-FR\",\"@id\":\"https:\/\/baukulturschweiz.ch\/de\/newsletter-archiv\/#primaryimage\",\"url\":\"https:\/\/baukulturschweiz.ch\/wp-content\/uploads\/2025\/12\/Skizze_Schulhaus_Fiona_Postkarten_horizontal_page0_image.png\",\"contentUrl\":\"https:\/\/baukulturschweiz.ch\/wp-content\/uploads\/2025\/12\/Skizze_Schulhaus_Fiona_Postkarten_horizontal_page0_image.png\"},{\"@type\":\"BreadcrumbList\",\"@id\":\"https:\/\/baukulturschweiz.ch\/de\/newsletter-archiv\/#breadcrumb\",\"itemListElement\":[{\"@type\":\"ListItem\",\"position\":1,\"name\":\"Startseite\",\"item\":\"https:\/\/baukulturschweiz.ch\/\"},{\"@type\":\"ListItem\",\"position\":2,\"name\":\"Newsletter\"}]},{\"@type\":\"WebSite\",\"@id\":\"https:\/\/baukulturschweiz.ch\/de\/#website\",\"url\":\"https:\/\/baukulturschweiz.ch\/de\/\",\"name\":\"Baukultur Schweiz\",\"description\":\"My WordPress Blog\",\"potentialAction\":[{\"@type\":\"SearchAction\",\"target\":{\"@type\":\"EntryPoint\",\"urlTemplate\":\"https:\/\/baukulturschweiz.ch\/de\/?s={search_term_string}\"},\"query-input\":{\"@type\":\"PropertyValueSpecification\",\"valueRequired\":true,\"valueName\":\"search_term_string\"}}],\"inLanguage\":\"fr-FR\"}]}<\/script>\n<!-- \/ Yoast SEO plugin. -->","yoast_head_json":{"title":"Newsletter &#8211; Baukultur Schweiz","robots":{"index":"index","follow":"follow","max-snippet":"max-snippet:-1","max-image-preview":"max-image-preview:large","max-video-preview":"max-video-preview:-1"},"canonical":"https:\/\/baukulturschweiz.ch\/fr\/newsletter-archiv\/","og_locale":"fr_FR","og_type":"article","og_title":"Newsletter &#8211; Baukultur Schweiz","og_description":"Newsletter Baukultur Schweiz 02-2025: Innovation beginnt in der Schule Archijeunes Netzwerktagung \u00abKosmos Schulraum\u00bb 2025 (Illustration: Fiona Hager, Archijeunes) Das nahende Jahresende l\u00e4dt zum R\u00fcckblick ein, aber auch zum Blick voraus in die Zukunft. Wie erreichen wir Innovation in der Baukultur und wie die dringend notwendige Transformation zu einer nachhaltigen Gestaltung unseres Lebensraums? Das f\u00e4ngt bei [&hellip;]","og_url":"https:\/\/baukulturschweiz.ch\/fr\/newsletter-archiv\/","og_site_name":"Baukultur Schweiz","article_modified_time":"2025-12-11T11:15:00+00:00","og_image":[{"url":"https:\/\/baukulturschweiz.ch\/wp-content\/uploads\/2025\/12\/Skizze_Schulhaus_Fiona_Postkarten_horizontal_page0_image.png","type":"","width":"","height":""}],"twitter_card":"summary_large_image","twitter_misc":{"Dur\u00e9e de lecture estim\u00e9e":"8 minutes"},"schema":{"@context":"https:\/\/schema.org","@graph":[{"@type":"WebPage","@id":"https:\/\/baukulturschweiz.ch\/de\/newsletter-archiv\/","url":"https:\/\/baukulturschweiz.ch\/de\/newsletter-archiv\/","name":"Newsletter &#8211; Baukultur Schweiz","isPartOf":{"@id":"https:\/\/baukulturschweiz.ch\/de\/#website"},"primaryImageOfPage":{"@id":"https:\/\/baukulturschweiz.ch\/de\/newsletter-archiv\/#primaryimage"},"image":{"@id":"https:\/\/baukulturschweiz.ch\/de\/newsletter-archiv\/#primaryimage"},"thumbnailUrl":"https:\/\/baukulturschweiz.ch\/wp-content\/uploads\/2025\/12\/Skizze_Schulhaus_Fiona_Postkarten_horizontal_page0_image.png","datePublished":"2023-12-14T16:17:22+00:00","dateModified":"2025-12-11T11:15:00+00:00","breadcrumb":{"@id":"https:\/\/baukulturschweiz.ch\/de\/newsletter-archiv\/#breadcrumb"},"inLanguage":"fr-FR","potentialAction":[{"@type":"ReadAction","target":["https:\/\/baukulturschweiz.ch\/de\/newsletter-archiv\/"]}]},{"@type":"ImageObject","inLanguage":"fr-FR","@id":"https:\/\/baukulturschweiz.ch\/de\/newsletter-archiv\/#primaryimage","url":"https:\/\/baukulturschweiz.ch\/wp-content\/uploads\/2025\/12\/Skizze_Schulhaus_Fiona_Postkarten_horizontal_page0_image.png","contentUrl":"https:\/\/baukulturschweiz.ch\/wp-content\/uploads\/2025\/12\/Skizze_Schulhaus_Fiona_Postkarten_horizontal_page0_image.png"},{"@type":"BreadcrumbList","@id":"https:\/\/baukulturschweiz.ch\/de\/newsletter-archiv\/#breadcrumb","itemListElement":[{"@type":"ListItem","position":1,"name":"Startseite","item":"https:\/\/baukulturschweiz.ch\/"},{"@type":"ListItem","position":2,"name":"Newsletter"}]},{"@type":"WebSite","@id":"https:\/\/baukulturschweiz.ch\/de\/#website","url":"https:\/\/baukulturschweiz.ch\/de\/","name":"Culture du b\u00e2ti Suisse","description":"My WordPress Blog","potentialAction":[{"@type":"SearchAction","target":{"@type":"EntryPoint","urlTemplate":"https:\/\/baukulturschweiz.ch\/de\/?s={search_term_string}"},"query-input":{"@type":"PropertyValueSpecification","valueRequired":true,"valueName":"search_term_string"}}],"inLanguage":"fr-FR"}]}},"_links":{"self":[{"href":"https:\/\/baukulturschweiz.ch\/fr\/wp-json\/wp\/v2\/pages\/2696","targetHints":{"allow":["GET"]}}],"collection":[{"href":"https:\/\/baukulturschweiz.ch\/fr\/wp-json\/wp\/v2\/pages"}],"about":[{"href":"https:\/\/baukulturschweiz.ch\/fr\/wp-json\/wp\/v2\/types\/page"}],"author":[{"embeddable":true,"href":"https:\/\/baukulturschweiz.ch\/fr\/wp-json\/wp\/v2\/users\/1"}],"replies":[{"embeddable":true,"href":"https:\/\/baukulturschweiz.ch\/fr\/wp-json\/wp\/v2\/comments?post=2696"}],"version-history":[{"count":197,"href":"https:\/\/baukulturschweiz.ch\/fr\/wp-json\/wp\/v2\/pages\/2696\/revisions"}],"predecessor-version":[{"id":5601,"href":"https:\/\/baukulturschweiz.ch\/fr\/wp-json\/wp\/v2\/pages\/2696\/revisions\/5601"}],"wp:attachment":[{"href":"https:\/\/baukulturschweiz.ch\/fr\/wp-json\/wp\/v2\/media?parent=2696"}],"curies":[{"name":"wp","href":"https:\/\/api.w.org\/{rel}","templated":true}]}}