{"id":103,"date":"2023-03-27T08:39:58","date_gmt":"2023-03-27T08:39:58","guid":{"rendered":"http:\/\/baukultur.dclabs.ch\/?page_id=103"},"modified":"2025-07-14T11:20:55","modified_gmt":"2025-07-14T09:20:55","slug":"actuel","status":"publish","type":"page","link":"https:\/\/baukulturschweiz.ch\/fr\/actuel\/","title":{"rendered":"Actuel"},"content":{"rendered":"<div data-elementor-type=\"wp-page\" data-elementor-id=\"103\" class=\"elementor elementor-103\" data-elementor-post-type=\"page\">\n\t\t\t\t<!-- dce invisible element f11f1a2 --><!-- dce invisible element 9ae8145 --><!-- dce invisible element fb03686 --><!-- dce invisible element 7c96ebd --><!-- dce invisible element e47a1c1 --><!-- dce invisible element b1f14e9 --><!-- dce invisible element f021d2f --><!-- dce invisible element 671ab8d --><!-- dce invisible element 66d0fb8 --><!-- dce invisible element a3a1322 --><!-- dce invisible element b0dec0f --><div class=\"elementor-element elementor-element-25b9086 e-flex e-con-boxed e-con e-parent\" data-id=\"25b9086\" data-element_type=\"container\">\n\t\t\t\t\t<div class=\"e-con-inner\">\n\t\t\t\t<div class=\"elementor-element elementor-element-a5b75ab elementor-grid-1 elementor-grid-tablet-2 elementor-grid-mobile-1 elementor-widget elementor-widget-loop-grid\" data-id=\"a5b75ab\" data-element_type=\"widget\" data-settings=\"{&quot;template_id&quot;:4446,&quot;columns&quot;:1,&quot;_skin&quot;:&quot;post&quot;,&quot;columns_tablet&quot;:&quot;2&quot;,&quot;columns_mobile&quot;:&quot;1&quot;,&quot;edit_handle_selector&quot;:&quot;[data-elementor-type=\\&quot;loop-item\\&quot;]&quot;,&quot;row_gap&quot;:{&quot;unit&quot;:&quot;px&quot;,&quot;size&quot;:&quot;&quot;,&quot;sizes&quot;:[]},&quot;row_gap_tablet&quot;:{&quot;unit&quot;:&quot;px&quot;,&quot;size&quot;:&quot;&quot;,&quot;sizes&quot;:[]},&quot;row_gap_mobile&quot;:{&quot;unit&quot;:&quot;px&quot;,&quot;size&quot;:&quot;&quot;,&quot;sizes&quot;:[]}}\" data-widget_type=\"loop-grid.post\">\n\t\t\t\t<div class=\"elementor-widget-container\">\n\t\t\t\t\t\t\t<div class=\"elementor-loop-container elementor-grid\" role=\"list\">\n\t\t<style id=\"loop-4446\">.elementor-4446 .elementor-element.elementor-element-31982fe{--display:flex;--flex-direction:column;--container-widget-width:100%;--container-widget-height:initial;--container-widget-flex-grow:0;--container-widget-align-self:initial;--flex-wrap-mobile:wrap;}<\/style>\t\t<div data-elementor-type=\"loop-item\" data-elementor-id=\"4446\" class=\"elementor elementor-4446 e-loop-item e-loop-item-6087 post-6087 post type-post status-publish format-standard hentry category-uncategorized\" data-elementor-post-type=\"elementor_library\" data-custom-edit-handle=\"1\">\n\t\t\t<div class=\"elementor-element elementor-element-31982fe e-flex e-con-boxed e-con e-parent\" data-id=\"31982fe\" data-element_type=\"container\">\n\t\t\t\t\t<div class=\"e-con-inner\">\n\t\t\t\t<div class=\"elementor-element elementor-element-5830eab elementor-widget elementor-widget-theme-post-content\" data-id=\"5830eab\" data-element_type=\"widget\" data-widget_type=\"theme-post-content.default\">\n\t\t\t\t<div class=\"elementor-widget-container\">\n\t\t\t\t\t\t\t<div data-elementor-type=\"wp-post\" data-elementor-id=\"6087\" class=\"elementor elementor-6087\" data-elementor-post-type=\"post\">\n\t\t\t\t<section class=\"elementor-element elementor-element-9b8d724 u-sidePadding u-dcwiSection -noTop e-flex e-con-boxed e-con e-parent\" data-id=\"9b8d724\" data-element_type=\"container\">\n\t\t\t\t\t<div class=\"e-con-inner\">\n\t\t\t\t<div class=\"elementor-element elementor-element-fab9429 elementor-widget elementor-widget-dcwi-content-block\" data-id=\"fab9429\" data-element_type=\"widget\" data-widget_type=\"dcwi-content-block.default\">\n\t\t\t\t<div class=\"elementor-widget-container\">\n\t\t\t\t\t        <div class=\"m-contentBlock -wide u-leadText -borderTop\" data-no-translation>\n                            <div class=\"m-contentBlock__header\">\n                    <h2 class=\"u-noMargin\">Forum de la culture du b\u00e2ti, le 11 Mai 2026<\/h2>                <\/div>\n                        <div class=\"m-contentBlock__inner\">\n                <div class=\"m-contentBlock__imageWrapper\"><img fetchpriority=\"high\" decoding=\"async\" width=\"1280\" height=\"904\" src=\"https:\/\/baukulturschweiz.ch\/wp-content\/uploads\/2026\/03\/1774936805984.jpeg\" class=\"m-contentBlock__image\" alt=\"\" srcset=\"https:\/\/baukulturschweiz.ch\/wp-content\/uploads\/2026\/03\/1774936805984.jpeg 1280w, https:\/\/baukulturschweiz.ch\/wp-content\/uploads\/2026\/03\/1774936805984-300x212.jpeg 300w, https:\/\/baukulturschweiz.ch\/wp-content\/uploads\/2026\/03\/1774936805984-1024x723.jpeg 1024w, https:\/\/baukulturschweiz.ch\/wp-content\/uploads\/2026\/03\/1774936805984-768x542.jpeg 768w, https:\/\/baukulturschweiz.ch\/wp-content\/uploads\/2026\/03\/1774936805984-18x12.jpeg 18w\" sizes=\"(max-width: 1280px) 100vw, 1280px\" \/>                    <span class=\"m-contentBlock__credit\">\u00a9 OFC<\/span>\n                <\/div>                <div class=\"m-contentBlock__content\">\n                    <p>Qu\u2019est-ce qu\u2019un lieu o\u00f9 il fait bon vivre ? Voil\u00e0 la question \u00e0 laquelle nous tenterons de r\u00e9pondre lors de cette \u00e9dition. La manifestation se d\u00e9roulera en trois langues (allemand \/ fran\u00e7ais \/ italien). Elle se tiendra au Centre Paul Klee \u00e0 Berne et durera toute la journ\u00e9e. La participation est gratuite, mais le nombre de places est limit\u00e9.<\/p>\n<p>Plus d'informations <a href=\"https:\/\/www.bak.admin.ch\/bak\/fr\/home\/baukultur\/dialog\/forum-baukultur-einladung.html\" target=\"_blank\" rel=\"noopener\">ici<\/a>.<\/p>\n                                    <\/div>\n            <\/div>\n        <\/div>\n        \t\t\t\t<\/div>\n\t\t\t\t<\/div>\n\t\t\t\t\t<\/div>\n\t\t\t\t<\/section>\n\t\t\t\t<\/div>\n\t\t\t\t\t\t<\/div>\n\t\t\t\t<\/div>\n\t\t\t\t\t<\/div>\n\t\t\t\t<\/div>\n\t\t\t\t<\/div>\n\t\t\t\t<div data-elementor-type=\"loop-item\" data-elementor-id=\"4446\" class=\"elementor elementor-4446 e-loop-item e-loop-item-6041 post-6041 post type-post status-publish format-standard hentry category-uncategorized\" data-elementor-post-type=\"elementor_library\" data-custom-edit-handle=\"1\">\n\t\t\t<div class=\"elementor-element elementor-element-31982fe e-flex e-con-boxed e-con e-parent\" data-id=\"31982fe\" data-element_type=\"container\">\n\t\t\t\t\t<div class=\"e-con-inner\">\n\t\t\t\t<div class=\"elementor-element elementor-element-5830eab elementor-widget elementor-widget-theme-post-content\" data-id=\"5830eab\" data-element_type=\"widget\" data-widget_type=\"theme-post-content.default\">\n\t\t\t\t<div class=\"elementor-widget-container\">\n\t\t\t\t\t\t\t<div data-elementor-type=\"wp-post\" data-elementor-id=\"6041\" class=\"elementor elementor-6041\" data-elementor-post-type=\"post\">\n\t\t\t\t<section class=\"elementor-element elementor-element-9b8d724 u-sidePadding u-dcwiSection -noTop e-flex e-con-boxed e-con e-parent\" data-id=\"9b8d724\" data-element_type=\"container\">\n\t\t\t\t\t<div class=\"e-con-inner\">\n\t\t\t\t<div class=\"elementor-element elementor-element-fab9429 elementor-widget elementor-widget-dcwi-content-block\" data-id=\"fab9429\" data-element_type=\"widget\" data-widget_type=\"dcwi-content-block.default\">\n\t\t\t\t<div class=\"elementor-widget-container\">\n\t\t\t\t\t        <div class=\"m-contentBlock -wide u-leadText -borderTop\" data-no-translation>\n                            <div class=\"m-contentBlock__header\">\n                    <h2 class=\"u-noMargin\">Table ronde sur le message sur la culture 2029 et au-del\u00e0<\/h2>                <\/div>\n                        <div class=\"m-contentBlock__inner\">\n                <div class=\"m-contentBlock__imageWrapper\"><img decoding=\"async\" width=\"2880\" height=\"1620\" src=\"https:\/\/baukulturschweiz.ch\/wp-content\/uploads\/2020\/03\/RTB-2026-c-Daniel-Klos-SIA-scaled.jpg\" class=\"m-contentBlock__image\" alt=\"\" srcset=\"https:\/\/baukulturschweiz.ch\/wp-content\/uploads\/2020\/03\/RTB-2026-c-Daniel-Klos-SIA-scaled.jpg 2880w, https:\/\/baukulturschweiz.ch\/wp-content\/uploads\/2020\/03\/RTB-2026-c-Daniel-Klos-SIA-300x169.jpg 300w, https:\/\/baukulturschweiz.ch\/wp-content\/uploads\/2020\/03\/RTB-2026-c-Daniel-Klos-SIA-1024x576.jpg 1024w, https:\/\/baukulturschweiz.ch\/wp-content\/uploads\/2020\/03\/RTB-2026-c-Daniel-Klos-SIA-768x432.jpg 768w, https:\/\/baukulturschweiz.ch\/wp-content\/uploads\/2020\/03\/RTB-2026-c-Daniel-Klos-SIA-1536x864.jpg 1536w, https:\/\/baukulturschweiz.ch\/wp-content\/uploads\/2020\/03\/RTB-2026-c-Daniel-Klos-SIA-2048x1152.jpg 2048w, https:\/\/baukulturschweiz.ch\/wp-content\/uploads\/2020\/03\/RTB-2026-c-Daniel-Klos-SIA-18x10.jpg 18w\" sizes=\"(max-width: 2880px) 100vw, 2880px\" \/>                    <span class=\"m-contentBlock__credit\">\u00a9 Daniel Klos, SIA<\/span>\n                <\/div>                <div class=\"m-contentBlock__content\">\n                    <p>La Table ronde Culture du b\u00e2ti Suisse s'est r\u00e9unie le 25 mars 2026 \u00e0 Zurich pour discuter de la proc\u00e9dure relative au message sur la culture 2029 et au-del\u00e0. Anne Pfeil, de l'Office f\u00e9d\u00e9ral de la culture, a pr\u00e9sent\u00e9 la proc\u00e9dure.<\/p>\n                                    <\/div>\n            <\/div>\n        <\/div>\n        \t\t\t\t<\/div>\n\t\t\t\t<\/div>\n\t\t\t\t<div class=\"elementor-element elementor-element-32ec7f7 elementor-widget elementor-widget-dcwi-prev-widget-toggle\" data-id=\"32ec7f7\" data-element_type=\"widget\" data-widget_type=\"dcwi-prev-widget-toggle.default\">\n\t\t\t\t<div class=\"elementor-widget-container\">\n\t\t\t\t\t        <div class=\"a-link__wrapper -icon\"  data-no-translate>\n            <span tabindex=\"0\"\n                  class=\"a-link -icon do-togglePrevWidget -toggleNext\">\n                <span class=\"a-link__label\">en savoir plus<\/span>\n                <svg class=\"svg-inline--fa fa-chevron-down a-link__icon\" aria-hidden=\"true\" focusable=\"false\" data-prefix=\"fal\"\n                     data-icon=\"chevron-down\" role=\"img\" xmlns=\"http:\/\/www.w3.org\/2000\/svg\" viewbox=\"0 0 448 512\" data-fa-i2svg=\"\"><path\n                            fill=\"currentColor\"\n                            d=\"M4.251 181.1C7.392 177.7 11.69 175.1 16 175.1c3.891 0 7.781 1.406 10.86 4.25l197.1 181.1l197.1-181.1c6.5-6 16.64-5.625 22.61 .9062c6 6.5 5.594 16.59-.8906 22.59l-208 192c-6.156 5.688-15.56 5.688-21.72 0l-208-192C-1.343 197.7-1.749 187.6 4.251 181.1z\"><\/path><\/svg>\n            <\/span>\n        <\/div>\n        \t\t\t\t<\/div>\n\t\t\t\t<\/div>\n\t\t\t\t<div class=\"elementor-element elementor-element-e600744 u-leadText a-toggleableWidget elementor-widget elementor-widget-dcwi-text-block\" data-id=\"e600744\" data-element_type=\"widget\" data-widget_type=\"dcwi-text-block.default\">\n\t\t\t\t<div class=\"elementor-widget-container\">\n\t\t\t\t\t<div class=\"m-textBlock\" data-no-translation><p>La table ronde, qui s\u2019est r\u00e9unie cette fois-ci \u00e0 l\u2019Office des b\u00e2timents de la ville de Zurich, a \u00e9galement discut\u00e9 de l\u2019\u00e9tat d\u2019avancement du Programme national de recherche \u00ab Culture du b\u00e2ti \u00bb, du d\u00e9veloppement de culturedubatisuisse.ch, du concours comme patrimoine culturel vivant, ainsi que des dossiers politiques actuels et des activit\u00e9s des membres. Une visite guid\u00e9e de l\u2019Amtshaus Walche a cl\u00f4tur\u00e9 la r\u00e9union.<\/p>\n <\/div>\t\t\t\t<\/div>\n\t\t\t\t<\/div>\n\t\t\t\t\t<\/div>\n\t\t\t\t<\/section>\n\t\t\t\t<\/div>\n\t\t\t\t\t\t<\/div>\n\t\t\t\t<\/div>\n\t\t\t\t\t<\/div>\n\t\t\t\t<\/div>\n\t\t\t\t<\/div>\n\t\t\t\t<div data-elementor-type=\"loop-item\" data-elementor-id=\"4446\" class=\"elementor elementor-4446 e-loop-item e-loop-item-6022 post-6022 post type-post status-publish format-standard hentry category-uncategorized\" data-elementor-post-type=\"elementor_library\" data-custom-edit-handle=\"1\">\n\t\t\t<div class=\"elementor-element elementor-element-31982fe e-flex e-con-boxed e-con e-parent\" data-id=\"31982fe\" data-element_type=\"container\">\n\t\t\t\t\t<div class=\"e-con-inner\">\n\t\t\t\t<div class=\"elementor-element elementor-element-5830eab elementor-widget elementor-widget-theme-post-content\" data-id=\"5830eab\" data-element_type=\"widget\" data-widget_type=\"theme-post-content.default\">\n\t\t\t\t<div class=\"elementor-widget-container\">\n\t\t\t\t\t\t\t<div data-elementor-type=\"wp-post\" data-elementor-id=\"6022\" class=\"elementor elementor-6022\" data-elementor-post-type=\"post\">\n\t\t\t\t<section class=\"elementor-element elementor-element-9b8d724 u-sidePadding u-dcwiSection -noTop e-flex e-con-boxed e-con e-parent\" data-id=\"9b8d724\" data-element_type=\"container\">\n\t\t\t\t\t<div class=\"e-con-inner\">\n\t\t\t\t<div class=\"elementor-element elementor-element-fab9429 elementor-widget elementor-widget-dcwi-content-block\" data-id=\"fab9429\" data-element_type=\"widget\" data-widget_type=\"dcwi-content-block.default\">\n\t\t\t\t<div class=\"elementor-widget-container\">\n\t\t\t\t\t        <div class=\"m-contentBlock -wide u-leadText -borderTop\" data-no-translation>\n                            <div class=\"m-contentBlock__header\">\n                    <h2 class=\"u-noMargin\">Prix Meret Oppenheim 2026 d\u00e9cern\u00e9 \u00e0 Tilla Theus<\/h2>                <\/div>\n                        <div class=\"m-contentBlock__inner\">\n                <div class=\"m-contentBlock__imageWrapper\"><img decoding=\"async\" width=\"1024\" height=\"682\" src=\"https:\/\/baukulturschweiz.ch\/wp-content\/uploads\/2026\/03\/004_Tilla-Theus_cLukas-Lienhard_2-218.png\" class=\"m-contentBlock__image\" alt=\"\" srcset=\"https:\/\/baukulturschweiz.ch\/wp-content\/uploads\/2026\/03\/004_Tilla-Theus_cLukas-Lienhard_2-218.png 1024w, https:\/\/baukulturschweiz.ch\/wp-content\/uploads\/2026\/03\/004_Tilla-Theus_cLukas-Lienhard_2-218-300x200.png 300w, https:\/\/baukulturschweiz.ch\/wp-content\/uploads\/2026\/03\/004_Tilla-Theus_cLukas-Lienhard_2-218-768x512.png 768w, https:\/\/baukulturschweiz.ch\/wp-content\/uploads\/2026\/03\/004_Tilla-Theus_cLukas-Lienhard_2-218-18x12.png 18w\" sizes=\"(max-width: 1024px) 100vw, 1024px\" \/>                    <span class=\"m-contentBlock__credit\">\u00a9 Lukas Lienhard<\/span>\n                <\/div>                <div class=\"m-contentBlock__content\">\n                    <p>Toutes nos f\u00e9licitations \u00e0 Tilla Theus ! Cette pionni\u00e8re et figure cl\u00e9 du postmodernisme suisse a marqu\u00e9 l'histoire de l'architecture du pays par son \u0153uvre unique.<\/p>\n                                    <\/div>\n            <\/div>\n        <\/div>\n        \t\t\t\t<\/div>\n\t\t\t\t<\/div>\n\t\t\t\t<div class=\"elementor-element elementor-element-32ec7f7 elementor-widget elementor-widget-dcwi-prev-widget-toggle\" data-id=\"32ec7f7\" data-element_type=\"widget\" data-widget_type=\"dcwi-prev-widget-toggle.default\">\n\t\t\t\t<div class=\"elementor-widget-container\">\n\t\t\t\t\t        <div class=\"a-link__wrapper -icon\"  data-no-translate>\n            <span tabindex=\"0\"\n                  class=\"a-link -icon do-togglePrevWidget -toggleNext\">\n                <span class=\"a-link__label\">en savoir plus<\/span>\n                <svg class=\"svg-inline--fa fa-chevron-down a-link__icon\" aria-hidden=\"true\" focusable=\"false\" data-prefix=\"fal\"\n                     data-icon=\"chevron-down\" role=\"img\" xmlns=\"http:\/\/www.w3.org\/2000\/svg\" viewbox=\"0 0 448 512\" data-fa-i2svg=\"\"><path\n                            fill=\"currentColor\"\n                            d=\"M4.251 181.1C7.392 177.7 11.69 175.1 16 175.1c3.891 0 7.781 1.406 10.86 4.25l197.1 181.1l197.1-181.1c6.5-6 16.64-5.625 22.61 .9062c6 6.5 5.594 16.59-.8906 22.59l-208 192c-6.156 5.688-15.56 5.688-21.72 0l-208-192C-1.343 197.7-1.749 187.6 4.251 181.1z\"><\/path><\/svg>\n            <\/span>\n        <\/div>\n        \t\t\t\t<\/div>\n\t\t\t\t<\/div>\n\t\t\t\t<div class=\"elementor-element elementor-element-e600744 u-leadText a-toggleableWidget elementor-widget elementor-widget-dcwi-text-block\" data-id=\"e600744\" data-element_type=\"widget\" data-widget_type=\"dcwi-text-block.default\">\n\t\t\t\t<div class=\"elementor-widget-container\">\n\t\t\t\t\t<div class=\"m-textBlock\" data-no-translation><p>Elle est la premi\u00e8re architecte \u00e0 recevoir \u00e0 titre individuel le Prix Meret Oppenheim. La Commission f\u00e9d\u00e9rale d'art rend hommage \u00e0 son travail exemplaire dans la gestion du patrimoine b\u00e2ti historique et la r\u00e9novation de b\u00e2timents existants. Dans le contexte d'une architecture durable et respectueuse des ressources, de telles approches sont aujourd'hui particuli\u00e8rement pertinentes. La c\u00e9r\u00e9monie de remise des prix aura lieu le 15 juin 2026 \u00e0 B\u00e2le.<\/p>\n<p>Pour plus d'informations : p<a href=\"https:\/\/www.schweizerkulturpreise.ch\/fr\/tilla-theus-fr\" target=\"_blank\" rel=\"noopener\">rix suisses de la culture<\/a><\/p>\n <\/div>\t\t\t\t<\/div>\n\t\t\t\t<\/div>\n\t\t\t\t\t<\/div>\n\t\t\t\t<\/section>\n\t\t\t\t<\/div>\n\t\t\t\t\t\t<\/div>\n\t\t\t\t<\/div>\n\t\t\t\t\t<\/div>\n\t\t\t\t<\/div>\n\t\t\t\t<\/div>\n\t\t\t\t<div data-elementor-type=\"loop-item\" data-elementor-id=\"4446\" class=\"elementor elementor-4446 e-loop-item e-loop-item-4529 post-4529 post type-post status-publish format-standard hentry category-uncategorized\" data-elementor-post-type=\"elementor_library\" data-custom-edit-handle=\"1\">\n\t\t\t<div class=\"elementor-element elementor-element-31982fe e-flex e-con-boxed e-con e-parent\" data-id=\"31982fe\" data-element_type=\"container\">\n\t\t\t\t\t<div class=\"e-con-inner\">\n\t\t\t\t<div class=\"elementor-element elementor-element-5830eab elementor-widget elementor-widget-theme-post-content\" data-id=\"5830eab\" data-element_type=\"widget\" data-widget_type=\"theme-post-content.default\">\n\t\t\t\t<div class=\"elementor-widget-container\">\n\t\t\t\t\t\t\t<div data-elementor-type=\"wp-post\" data-elementor-id=\"4529\" class=\"elementor elementor-4529\" data-elementor-post-type=\"post\">\n\t\t\t\t<section class=\"elementor-element elementor-element-316f55b u-sidePadding u-dcwiSection -noTop e-con-full e-flex e-con e-parent\" data-id=\"316f55b\" data-element_type=\"container\">\n\t\t\t\t<div class=\"elementor-element elementor-element-7628ed6 elementor-widget elementor-widget-dcwi-content-block\" data-id=\"7628ed6\" data-element_type=\"widget\" data-widget_type=\"dcwi-content-block.default\">\n\t\t\t\t<div class=\"elementor-widget-container\">\n\t\t\t\t\t        <div class=\"m-contentBlock -wide u-leadText -borderTop\" data-no-translation>\n                            <div class=\"m-contentBlock__header\">\n                    <h2 class=\"u-noMargin\">Table ronde sur le PNR \u00ab Culture du b\u00e2ti \u00bb<\/h2>                <\/div>\n                        <div class=\"m-contentBlock__inner\">\n                <div class=\"m-contentBlock__imageWrapper\"><img loading=\"lazy\" decoding=\"async\" width=\"2880\" height=\"1331\" src=\"https:\/\/baukulturschweiz.ch\/wp-content\/uploads\/2025\/03\/RTB-2025-ZAZ-c-SIA-scaled.jpg\" class=\"m-contentBlock__image\" alt=\"\" srcset=\"https:\/\/baukulturschweiz.ch\/wp-content\/uploads\/2025\/03\/RTB-2025-ZAZ-c-SIA-scaled.jpg 2880w, https:\/\/baukulturschweiz.ch\/wp-content\/uploads\/2025\/03\/RTB-2025-ZAZ-c-SIA-300x139.jpg 300w, https:\/\/baukulturschweiz.ch\/wp-content\/uploads\/2025\/03\/RTB-2025-ZAZ-c-SIA-1024x473.jpg 1024w, https:\/\/baukulturschweiz.ch\/wp-content\/uploads\/2025\/03\/RTB-2025-ZAZ-c-SIA-768x355.jpg 768w, https:\/\/baukulturschweiz.ch\/wp-content\/uploads\/2025\/03\/RTB-2025-ZAZ-c-SIA-1536x710.jpg 1536w, https:\/\/baukulturschweiz.ch\/wp-content\/uploads\/2025\/03\/RTB-2025-ZAZ-c-SIA-2048x946.jpg 2048w, https:\/\/baukulturschweiz.ch\/wp-content\/uploads\/2025\/03\/RTB-2025-ZAZ-c-SIA-18x8.jpg 18w\" sizes=\"auto, (max-width: 2880px) 100vw, 2880px\" \/>                    <span class=\"m-contentBlock__credit\">\u00a9 Daniel Klos, SIA<\/span>\n                <\/div>                <div class=\"m-contentBlock__content\">\n                    <p>La Table ronde Culture du b\u00e2ti Suisse s\u2019est r\u00e9unie le 18 mars 2025 pour parler du programme national de recherche (PNR) \u00ab Culture du b\u00e2ti \u00bb. Paola Vigan\u00f2, pr\u00e9sidente du comit\u00e9 de direction du PNR, a pr\u00e9sent\u00e9 le programme conjointement avec Caspar Sch\u00e4rer et Boris Buzek. La Table ronde, accueillie par Archijeunes, a par ailleurs discut\u00e9 du d\u00e9veloppement de la plateforme culturedubatisuisse.ch, du syst\u00e8me des concours en tant que patrimoine vivant et des activit\u00e9s et affaires politiques courantes de ses membres. La rencontre s\u2019est termin\u00e9e sur une visite guid\u00e9e de l\u2019exposition \u00ab I LOVE CHALETS \u00bb au ZAZ Bellerive.<\/p>\n                                    <\/div>\n            <\/div>\n        <\/div>\n        \t\t\t\t<\/div>\n\t\t\t\t<\/div>\n\t\t\t\t<\/section>\n\t\t\t\t<\/div>\n\t\t\t\t\t\t<\/div>\n\t\t\t\t<\/div>\n\t\t\t\t\t<\/div>\n\t\t\t\t<\/div>\n\t\t\t\t<\/div>\n\t\t\t\t<div data-elementor-type=\"loop-item\" data-elementor-id=\"4446\" class=\"elementor elementor-4446 e-loop-item e-loop-item-4513 post-4513 post type-post status-publish format-standard hentry category-uncategorized\" data-elementor-post-type=\"elementor_library\" data-custom-edit-handle=\"1\">\n\t\t\t<div class=\"elementor-element elementor-element-31982fe e-flex e-con-boxed e-con e-parent\" data-id=\"31982fe\" data-element_type=\"container\">\n\t\t\t\t\t<div class=\"e-con-inner\">\n\t\t\t\t<div class=\"elementor-element elementor-element-5830eab elementor-widget elementor-widget-theme-post-content\" data-id=\"5830eab\" data-element_type=\"widget\" data-widget_type=\"theme-post-content.default\">\n\t\t\t\t<div class=\"elementor-widget-container\">\n\t\t\t\t\t\t\t<div data-elementor-type=\"wp-post\" data-elementor-id=\"4513\" class=\"elementor elementor-4513\" data-elementor-post-type=\"post\">\n\t\t\t\t<div class=\"elementor-element elementor-element-1e7b902 u-sidePadding u-dcwiSection -noTop e-flex e-con-boxed e-con e-parent\" data-id=\"1e7b902\" data-element_type=\"container\">\n\t\t\t\t\t<div class=\"e-con-inner\">\n\t\t\t\t<div class=\"elementor-element elementor-element-c62b9bf elementor-widget elementor-widget-dcwi-content-block\" data-id=\"c62b9bf\" data-element_type=\"widget\" data-widget_type=\"dcwi-content-block.default\">\n\t\t\t\t<div class=\"elementor-widget-container\">\n\t\t\t\t\t        <div class=\"m-contentBlock -wide u-leadText -borderTop\" data-no-translation>\n                            <div class=\"m-contentBlock__header\">\n                    <h2 class=\"u-noMargin\">Case Studies pour les \u00e9l\u00e8ves<\/h2>                <\/div>\n                        <div class=\"m-contentBlock__inner\">\n                <div class=\"m-contentBlock__imageWrapper\"><img loading=\"lazy\" decoding=\"async\" width=\"2000\" height=\"1500\" src=\"https:\/\/baukulturschweiz.ch\/wp-content\/uploads\/2024\/06\/Aktuelles_CaseStudiesfuerSchuelerinnen-Foto-Lea-Weniger-PH-Schwyz.jpg\" class=\"m-contentBlock__image\" alt=\"\" srcset=\"https:\/\/baukulturschweiz.ch\/wp-content\/uploads\/2024\/06\/Aktuelles_CaseStudiesfuerSchuelerinnen-Foto-Lea-Weniger-PH-Schwyz.jpg 2000w, https:\/\/baukulturschweiz.ch\/wp-content\/uploads\/2024\/06\/Aktuelles_CaseStudiesfuerSchuelerinnen-Foto-Lea-Weniger-PH-Schwyz-300x225.jpg 300w, https:\/\/baukulturschweiz.ch\/wp-content\/uploads\/2024\/06\/Aktuelles_CaseStudiesfuerSchuelerinnen-Foto-Lea-Weniger-PH-Schwyz-1024x768.jpg 1024w, https:\/\/baukulturschweiz.ch\/wp-content\/uploads\/2024\/06\/Aktuelles_CaseStudiesfuerSchuelerinnen-Foto-Lea-Weniger-PH-Schwyz-768x576.jpg 768w, https:\/\/baukulturschweiz.ch\/wp-content\/uploads\/2024\/06\/Aktuelles_CaseStudiesfuerSchuelerinnen-Foto-Lea-Weniger-PH-Schwyz-1536x1152.jpg 1536w, https:\/\/baukulturschweiz.ch\/wp-content\/uploads\/2024\/06\/Aktuelles_CaseStudiesfuerSchuelerinnen-Foto-Lea-Weniger-PH-Schwyz-16x12.jpg 16w\" sizes=\"auto, (max-width: 2000px) 100vw, 2000px\" \/>                    <span class=\"m-contentBlock__credit\"> Formulaire issu du test avec les \u00e9l\u00e8ves (photo: Lea Weniger, PHSZ)<\/span>\n                <\/div>                <div class=\"m-contentBlock__content\">\n                    <p>\u00abParlons de lieux en Suisse. Quel lieu te tient \u00e0 c\u0153ur? Dans quel lieu te manque-t-il quelque chose?\u00bb. C\u2019est ce que contient la nouvelle offre \u00ab<a href=\"https:\/\/baukulturschweiz.ch\/fr\/case-studies-fuer-alle\/\" target=\"_blank\" rel=\"noopener\">Case Studies pour les \u00e9l\u00e8ves<\/a>\u00bb. Ainsi, <a href=\"https:\/\/baukulturschweiz.ch\/fr\" target=\"_blank\" rel=\"noopener\">culturedubatisuisse.ch<\/a> ouvre ses portes \u00e0 un autre public cible: les enfants et les adolescents. Ce nouvel outil a \u00e9t\u00e9 cr\u00e9\u00e9 en coop\u00e9ration avec Lea Weniger de la Haute \u00e9cole p\u00e9dagogique de Schwyz (PHSZ), afin d\u2019introduire les Case Studies sur la culture du b\u00e2ti suisse dans les \u00e9coles d\u2019enseignement g\u00e9n\u00e9ral. Il est d\u00e8s \u00e0 pr\u00e9sent \u00e0 la disposition de toutes les personnes int\u00e9ress\u00e9es.<\/p>\n                                    <\/div>\n            <\/div>\n        <\/div>\n        \t\t\t\t<\/div>\n\t\t\t\t<\/div>\n\t\t\t\t\t<\/div>\n\t\t\t\t<\/div>\n\t\t\t\t<\/div>\n\t\t\t\t\t\t<\/div>\n\t\t\t\t<\/div>\n\t\t\t\t\t<\/div>\n\t\t\t\t<\/div>\n\t\t\t\t<\/div>\n\t\t\t\t<div data-elementor-type=\"loop-item\" data-elementor-id=\"4446\" class=\"elementor elementor-4446 e-loop-item e-loop-item-4505 post-4505 post type-post status-publish format-standard hentry category-uncategorized\" data-elementor-post-type=\"elementor_library\" data-custom-edit-handle=\"1\">\n\t\t\t<div class=\"elementor-element elementor-element-31982fe e-flex e-con-boxed e-con e-parent\" data-id=\"31982fe\" data-element_type=\"container\">\n\t\t\t\t\t<div class=\"e-con-inner\">\n\t\t\t\t<div class=\"elementor-element elementor-element-5830eab elementor-widget elementor-widget-theme-post-content\" data-id=\"5830eab\" data-element_type=\"widget\" data-widget_type=\"theme-post-content.default\">\n\t\t\t\t<div class=\"elementor-widget-container\">\n\t\t\t\t\t\t\t<div data-elementor-type=\"wp-post\" data-elementor-id=\"4505\" class=\"elementor elementor-4505\" data-elementor-post-type=\"post\">\n\t\t\t\t<section class=\"elementor-element elementor-element-f21b299 u-sidePadding u-dcwiSection -noTop e-flex e-con-boxed e-con e-parent\" data-id=\"f21b299\" data-element_type=\"container\">\n\t\t\t\t\t<div class=\"e-con-inner\">\n\t\t\t\t<div class=\"elementor-element elementor-element-4a40a3c elementor-widget elementor-widget-dcwi-content-block\" data-id=\"4a40a3c\" data-element_type=\"widget\" data-widget_type=\"dcwi-content-block.default\">\n\t\t\t\t<div class=\"elementor-widget-container\">\n\t\t\t\t\t        <div class=\"m-contentBlock -wide u-leadText -borderTop\" data-no-translation>\n                            <div class=\"m-contentBlock__header\">\n                    <h2 class=\"u-noMargin\">Table ronde sur la p\u00e9nurie de main-d'\u0153uvre qualifi\u00e9e et les concours<\/h2>                <\/div>\n                        <div class=\"m-contentBlock__inner\">\n                <div class=\"m-contentBlock__imageWrapper\"><img loading=\"lazy\" decoding=\"async\" width=\"2880\" height=\"1620\" src=\"https:\/\/baukulturschweiz.ch\/wp-content\/uploads\/2024\/03\/240319-RTB-Zuerich_sw-scaled.jpg\" class=\"m-contentBlock__image\" alt=\"\" srcset=\"https:\/\/baukulturschweiz.ch\/wp-content\/uploads\/2024\/03\/240319-RTB-Zuerich_sw-scaled.jpg 2880w, https:\/\/baukulturschweiz.ch\/wp-content\/uploads\/2024\/03\/240319-RTB-Zuerich_sw-300x169.jpg 300w, https:\/\/baukulturschweiz.ch\/wp-content\/uploads\/2024\/03\/240319-RTB-Zuerich_sw-1024x576.jpg 1024w, https:\/\/baukulturschweiz.ch\/wp-content\/uploads\/2024\/03\/240319-RTB-Zuerich_sw-768x432.jpg 768w, https:\/\/baukulturschweiz.ch\/wp-content\/uploads\/2024\/03\/240319-RTB-Zuerich_sw-1536x864.jpg 1536w, https:\/\/baukulturschweiz.ch\/wp-content\/uploads\/2024\/03\/240319-RTB-Zuerich_sw-2048x1152.jpg 2048w, https:\/\/baukulturschweiz.ch\/wp-content\/uploads\/2024\/03\/240319-RTB-Zuerich_sw-18x10.jpg 18w\" sizes=\"auto, (max-width: 2880px) 100vw, 2880px\" \/>                    <span class=\"m-contentBlock__credit\">\u00a9 Daniel Klos, SIA<\/span>\n                <\/div>                <div class=\"m-contentBlock__content\">\n                    <p>La Table ronde Culture du b\u00e2ti Suisse a discut\u00e9 le 19 mars 2024 \u00e0 Zurich de la mani\u00e8re dont des profils professionnels modernes, des conditions de travail attrayantes ainsi que des offres de formation dans les \u00e9coles et les hautes \u00e9coles permettent de lutter contre la p\u00e9nurie de personnel qualifi\u00e9. Oliver Martin, responsable de la section Culture du b\u00e2ti \u00e0 l'Office f\u00e9d\u00e9ral de la culture, a pr\u00e9sent\u00e9 le nouveau plan d'action Culture du b\u00e2ti, l'\u00e9tat d'avancement du message culture 2025-28 et les champs d'action actuels de la Davos Baukultur Alliance. La table ronde, qui \u00e9tait cette fois-ci l'h\u00f4te de constructionsuisse, a en outre discut\u00e9 de la poursuite de la mise en place de culturedubatisuisse.ch et du concours en tant que patrimoine culturel vivant. Une visite guid\u00e9e de l'aile sud de la gare centrale de Zurich par les CFF a compl\u00e9t\u00e9 la rencontre.<\/p>\n                                    <\/div>\n            <\/div>\n        <\/div>\n        \t\t\t\t<\/div>\n\t\t\t\t<\/div>\n\t\t\t\t\t<\/div>\n\t\t\t\t<\/section>\n\t\t\t\t<\/div>\n\t\t\t\t\t\t<\/div>\n\t\t\t\t<\/div>\n\t\t\t\t\t<\/div>\n\t\t\t\t<\/div>\n\t\t\t\t<\/div>\n\t\t\t\t<div data-elementor-type=\"loop-item\" data-elementor-id=\"4446\" class=\"elementor elementor-4446 e-loop-item e-loop-item-4497 post-4497 post type-post status-publish format-standard hentry category-uncategorized\" data-elementor-post-type=\"elementor_library\" data-custom-edit-handle=\"1\">\n\t\t\t<div class=\"elementor-element elementor-element-31982fe e-flex e-con-boxed e-con e-parent\" data-id=\"31982fe\" data-element_type=\"container\">\n\t\t\t\t\t<div class=\"e-con-inner\">\n\t\t\t\t<div class=\"elementor-element elementor-element-5830eab elementor-widget elementor-widget-theme-post-content\" data-id=\"5830eab\" data-element_type=\"widget\" data-widget_type=\"theme-post-content.default\">\n\t\t\t\t<div class=\"elementor-widget-container\">\n\t\t\t\t\t\t\t<div data-elementor-type=\"wp-post\" data-elementor-id=\"4497\" class=\"elementor elementor-4497\" data-elementor-post-type=\"post\">\n\t\t\t\t<section class=\"elementor-element elementor-element-24df6cf u-sidePadding u-dcwiSection -noTop e-flex e-con-boxed e-con e-parent\" data-id=\"24df6cf\" data-element_type=\"container\">\n\t\t\t\t\t<div class=\"e-con-inner\">\n\t\t\t\t<div class=\"elementor-element elementor-element-360ef7c elementor-widget elementor-widget-dcwi-content-block\" data-id=\"360ef7c\" data-element_type=\"widget\" data-widget_type=\"dcwi-content-block.default\">\n\t\t\t\t<div class=\"elementor-widget-container\">\n\t\t\t\t\t        <div class=\"m-contentBlock  u-leadText -borderTop\" data-no-translation>\n                            <div class=\"m-contentBlock__header\">\n                    <h2 class=\"u-noMargin\">Message sur la culture 2025\u20132028: Oui \u00e0 la durabilit\u00e9 gr\u00e2ce \u00e0 la culture du b\u00e2ti<\/h2>                <\/div>\n                        <div class=\"m-contentBlock__inner\">\n                <div class=\"m-contentBlock__imageWrapper\"><img loading=\"lazy\" decoding=\"async\" width=\"738\" height=\"1000\" src=\"https:\/\/baukulturschweiz.ch\/wp-content\/uploads\/2023\/07\/2023-07-07-173447-mm-kulturbotschaft-titelblatt-fr.png\" class=\"m-contentBlock__image\" alt=\"\" srcset=\"https:\/\/baukulturschweiz.ch\/wp-content\/uploads\/2023\/07\/2023-07-07-173447-mm-kulturbotschaft-titelblatt-fr.png 738w, https:\/\/baukulturschweiz.ch\/wp-content\/uploads\/2023\/07\/2023-07-07-173447-mm-kulturbotschaft-titelblatt-fr-221x300.png 221w, https:\/\/baukulturschweiz.ch\/wp-content\/uploads\/2023\/07\/2023-07-07-173447-mm-kulturbotschaft-titelblatt-fr-9x12.png 9w\" sizes=\"auto, (max-width: 738px) 100vw, 738px\" \/><\/div>                <div class=\"m-contentBlock__content\">\n                    <p>Les principales organisations de la culture du b\u00e2ti saluent le projet relatif au message culture 2025-2028. Une culture du b\u00e2ti de qualit\u00e9 est la cl\u00e9 d\u2019une conception durable du cadre de vie. Il est donc urgent et juste de l\u2019encourager et de l\u2019inscrire dans la loi.<\/p>\n<p>Les organisations suivantes soutiennent cette position de base\u00a0:<\/p>\n<ul>\n<li>Archijeunes<\/li>\n<li>F\u00e9d\u00e9ration des Architectes Suisses BSA-FAS<\/li>\n<li>F\u00e9d\u00e9ration Suisse des Architectes Paysagistes FSAP<\/li>\n<li>Espace Suisse<\/li>\n<li>F\u00e9d\u00e9ration suisse des urbanistes FSU<\/li>\n<li>Material-Archiv<\/li>\n<li>Centre national d\u2019information sur le patrimoine culturel NIKE<\/li>\n<li>S AM Le Mus\u00e9e Suisse d\u2019Architecture<\/li>\n<li>Patrimoine suisse<\/li>\n<li>Fondation suisse pour l\u2019architecture paysag\u00e8re FAP<\/li>\n<li>Soci\u00e9t\u00e9 suisse des ing\u00e9nieurs et des architectes SIA<\/li>\n<li>Fondation Sotto Voce<\/li>\n<\/ul>\n                                            <div class=\"m-contentBlock__links\">\n                                                            <a class=\"-contentBlock -linkBar\"\n                                     target=\"_blank\"                                    href=\"https:\/\/baukulturschweiz.ch\/wp-content\/uploads\/2023\/07\/2023-07-07-173209-message-sur-la-culture-2025-2028-oui-a-la-durabilite-grace-a-la-culture-du-bati.pdf\">\n                                     Message sur la culture 2025\u20132028 : Oui \u00e0 la durabilit\u00e9 gr\u00e2ce \u00e0 la culture du b\u00e2ti                                     <svg class=\"svg-inline--fa fa-arrow-right\" aria-hidden=\"true\" focusable=\"false\" data-prefix=\"fal\" data-icon=\"arrow-right\" role=\"img\" xmlns=\"http:\/\/www.w3.org\/2000\/svg\" viewbox=\"0 0 448 512\" data-fa-i2svg=\"\"><path fill=\"currentColor\" d=\"M443.7 266.8l-165.9 176C274.5 446.3 269.1 448 265.5 448c-3.986 0-7.988-1.375-11.16-4.156c-6.773-5.938-7.275-16.06-1.118-22.59L393.9 272H16.59c-9.171 0-16.59-7.155-16.59-15.1S7.421 240 16.59 240h377.3l-140.7-149.3c-6.157-6.531-5.655-16.66 1.118-22.59c6.789-5.906 17.27-5.469 23.45 1.094l165.9 176C449.4 251.3 449.4 260.7 443.7 266.8z\"><\/path><\/svg>                                <\/a>\n                                                    <\/div>\n                                    <\/div>\n            <\/div>\n        <\/div>\n        \t\t\t\t<\/div>\n\t\t\t\t<\/div>\n\t\t\t\t\t<\/div>\n\t\t\t\t<\/section>\n\t\t\t\t<\/div>\n\t\t\t\t\t\t<\/div>\n\t\t\t\t<\/div>\n\t\t\t\t\t<\/div>\n\t\t\t\t<\/div>\n\t\t\t\t<\/div>\n\t\t\t\t<div data-elementor-type=\"loop-item\" data-elementor-id=\"4446\" class=\"elementor elementor-4446 e-loop-item e-loop-item-4489 post-4489 post type-post status-publish format-standard hentry category-uncategorized\" data-elementor-post-type=\"elementor_library\" data-custom-edit-handle=\"1\">\n\t\t\t<div class=\"elementor-element elementor-element-31982fe e-flex e-con-boxed e-con e-parent\" data-id=\"31982fe\" data-element_type=\"container\">\n\t\t\t\t\t<div class=\"e-con-inner\">\n\t\t\t\t<div class=\"elementor-element elementor-element-5830eab elementor-widget elementor-widget-theme-post-content\" data-id=\"5830eab\" data-element_type=\"widget\" data-widget_type=\"theme-post-content.default\">\n\t\t\t\t<div class=\"elementor-widget-container\">\n\t\t\t\t\t\t\t<div data-elementor-type=\"wp-post\" data-elementor-id=\"4489\" class=\"elementor elementor-4489\" data-elementor-post-type=\"post\">\n\t\t\t\t<section class=\"elementor-element elementor-element-9b8d724 u-sidePadding u-dcwiSection -noTop e-flex e-con-boxed e-con e-parent\" data-id=\"9b8d724\" data-element_type=\"container\">\n\t\t\t\t\t<div class=\"e-con-inner\">\n\t\t\t\t<div class=\"elementor-element elementor-element-fab9429 elementor-widget elementor-widget-dcwi-content-block\" data-id=\"fab9429\" data-element_type=\"widget\" data-widget_type=\"dcwi-content-block.default\">\n\t\t\t\t<div class=\"elementor-widget-container\">\n\t\t\t\t\t        <div class=\"m-contentBlock -wide u-leadText -borderTop\" data-no-translation>\n                            <div class=\"m-contentBlock__header\">\n                    <h2 class=\"u-noMargin\">Nouvelle offre de conseil<\/h2>                <\/div>\n                        <div class=\"m-contentBlock__inner\">\n                <div class=\"m-contentBlock__imageWrapper\"><img loading=\"lazy\" decoding=\"async\" width=\"1000\" height=\"590\" src=\"https:\/\/baukulturschweiz.ch\/wp-content\/uploads\/2023\/06\/2023-06-01-082808-c-bak-illustration-dora-formica.jpg\" class=\"m-contentBlock__image\" alt=\"\" srcset=\"https:\/\/baukulturschweiz.ch\/wp-content\/uploads\/2023\/06\/2023-06-01-082808-c-bak-illustration-dora-formica.jpg 1000w, https:\/\/baukulturschweiz.ch\/wp-content\/uploads\/2023\/06\/2023-06-01-082808-c-bak-illustration-dora-formica-300x177.jpg 300w, https:\/\/baukulturschweiz.ch\/wp-content\/uploads\/2023\/06\/2023-06-01-082808-c-bak-illustration-dora-formica-768x453.jpg 768w, https:\/\/baukulturschweiz.ch\/wp-content\/uploads\/2023\/06\/2023-06-01-082808-c-bak-illustration-dora-formica-18x12.jpg 18w\" sizes=\"auto, (max-width: 1000px) 100vw, 1000px\" \/>                    <span class=\"m-contentBlock__credit\">\u00a9 FOC, Illustration dora formica<\/span>\n                <\/div>                <div class=\"m-contentBlock__content\">\n                    <p>Le nouveau module de conseil prochainement propos\u00e9 sur la plateforme web de l\u2019Office f\u00e9d\u00e9ral de la culture \u00ab Culture du b\u00e2ti Suisse \u00bb regroupe des offres de conseil disponibles dans toute la Suisse.<\/p>\n                                    <\/div>\n            <\/div>\n        <\/div>\n        \t\t\t\t<\/div>\n\t\t\t\t<\/div>\n\t\t\t\t<div class=\"elementor-element elementor-element-32ec7f7 elementor-widget elementor-widget-dcwi-prev-widget-toggle\" data-id=\"32ec7f7\" data-element_type=\"widget\" data-widget_type=\"dcwi-prev-widget-toggle.default\">\n\t\t\t\t<div class=\"elementor-widget-container\">\n\t\t\t\t\t        <div class=\"a-link__wrapper -icon\"  data-no-translate>\n            <span tabindex=\"0\"\n                  class=\"a-link -icon do-togglePrevWidget -toggleNext\">\n                <span class=\"a-link__label\">en savoir plus<\/span>\n                <svg class=\"svg-inline--fa fa-chevron-down a-link__icon\" aria-hidden=\"true\" focusable=\"false\" data-prefix=\"fal\"\n                     data-icon=\"chevron-down\" role=\"img\" xmlns=\"http:\/\/www.w3.org\/2000\/svg\" viewbox=\"0 0 448 512\" data-fa-i2svg=\"\"><path\n                            fill=\"currentColor\"\n                            d=\"M4.251 181.1C7.392 177.7 11.69 175.1 16 175.1c3.891 0 7.781 1.406 10.86 4.25l197.1 181.1l197.1-181.1c6.5-6 16.64-5.625 22.61 .9062c6 6.5 5.594 16.59-.8906 22.59l-208 192c-6.156 5.688-15.56 5.688-21.72 0l-208-192C-1.343 197.7-1.749 187.6 4.251 181.1z\"><\/path><\/svg>\n            <\/span>\n        <\/div>\n        \t\t\t\t<\/div>\n\t\t\t\t<\/div>\n\t\t\t\t<div class=\"elementor-element elementor-element-e600744 u-leadText a-toggleableWidget elementor-widget elementor-widget-dcwi-text-block\" data-id=\"e600744\" data-element_type=\"widget\" data-widget_type=\"dcwi-text-block.default\">\n\t\t\t\t<div class=\"elementor-widget-container\">\n\t\t\t\t\t<div class=\"m-textBlock\" data-no-translation><p>Sur baukulturberatung.ch, les villes et communes trouveront des aides pratiques et des guides, ainsi que des exemples concrets. Ces ressources, qui couvrent des th\u00e9matiques tant patrimoniales que techniques, leur permettront de s\u2019informer et, pourquoi pas, de trouver l\u2019inspiration.<\/p>\n <\/div>\t\t\t\t<\/div>\n\t\t\t\t<\/div>\n\t\t\t\t\t<\/div>\n\t\t\t\t<\/section>\n\t\t\t\t<\/div>\n\t\t\t\t\t\t<\/div>\n\t\t\t\t<\/div>\n\t\t\t\t\t<\/div>\n\t\t\t\t<\/div>\n\t\t\t\t<\/div>\n\t\t\t\t<div data-elementor-type=\"loop-item\" data-elementor-id=\"4446\" class=\"elementor elementor-4446 e-loop-item e-loop-item-4481 post-4481 post type-post status-publish format-standard hentry category-uncategorized\" data-elementor-post-type=\"elementor_library\" data-custom-edit-handle=\"1\">\n\t\t\t<div class=\"elementor-element elementor-element-31982fe e-flex e-con-boxed e-con e-parent\" data-id=\"31982fe\" data-element_type=\"container\">\n\t\t\t\t\t<div class=\"e-con-inner\">\n\t\t\t\t<div class=\"elementor-element elementor-element-5830eab elementor-widget elementor-widget-theme-post-content\" data-id=\"5830eab\" data-element_type=\"widget\" data-widget_type=\"theme-post-content.default\">\n\t\t\t\t<div class=\"elementor-widget-container\">\n\t\t\t\t\t\t\t<div data-elementor-type=\"wp-post\" data-elementor-id=\"4481\" class=\"elementor elementor-4481\" data-elementor-post-type=\"post\">\n\t\t\t\t<section class=\"elementor-element elementor-element-746d6c2 u-sidePadding u-dcwiSection -noTop e-flex e-con-boxed e-con e-parent\" data-id=\"746d6c2\" data-element_type=\"container\">\n\t\t\t\t\t<div class=\"e-con-inner\">\n\t\t\t\t<div class=\"elementor-element elementor-element-e35b5ac elementor-widget elementor-widget-dcwi-content-block\" data-id=\"e35b5ac\" data-element_type=\"widget\" data-widget_type=\"dcwi-content-block.default\">\n\t\t\t\t<div class=\"elementor-widget-container\">\n\t\t\t\t\t        <div class=\"m-contentBlock -wide u-leadText -borderTop\" data-no-translation>\n                            <div class=\"m-contentBlock__header\">\n                    <h2 class=\"u-noMargin\">R\u00e9union de lancement de l'Alliance de Davos pour la culture du b\u00e2ti<\/h2>                <\/div>\n                        <div class=\"m-contentBlock__inner\">\n                <div class=\"m-contentBlock__imageWrapper\"><img loading=\"lazy\" decoding=\"async\" width=\"1280\" height=\"720\" src=\"https:\/\/baukulturschweiz.ch\/wp-content\/uploads\/2023\/06\/2023-05-25-100550-christian-benimana-mg-0772.jpg\" class=\"m-contentBlock__image\" alt=\"\" srcset=\"https:\/\/baukulturschweiz.ch\/wp-content\/uploads\/2023\/06\/2023-05-25-100550-christian-benimana-mg-0772.jpg 1280w, https:\/\/baukulturschweiz.ch\/wp-content\/uploads\/2023\/06\/2023-05-25-100550-christian-benimana-mg-0772-300x169.jpg 300w, https:\/\/baukulturschweiz.ch\/wp-content\/uploads\/2023\/06\/2023-05-25-100550-christian-benimana-mg-0772-1024x576.jpg 1024w, https:\/\/baukulturschweiz.ch\/wp-content\/uploads\/2023\/06\/2023-05-25-100550-christian-benimana-mg-0772-768x432.jpg 768w, https:\/\/baukulturschweiz.ch\/wp-content\/uploads\/2023\/06\/2023-05-25-100550-christian-benimana-mg-0772-18x10.jpg 18w\" sizes=\"auto, (max-width: 1280px) 100vw, 1280px\" \/>                    <span class=\"m-contentBlock__credit\">\u00a9 Christian Benimana, MASS Design Group<\/span>\n                <\/div>                <div class=\"m-contentBlock__content\">\n                    <p>L'Office f\u00e9d\u00e9ral suisse de la culture, l'UNESCO et le Forum \u00e9conomique mondial ont invit\u00e9 \u00e0 l'\u00e9v\u00e9nement inaugural de l'Alliance de Davos pour la culture du b\u00e2ti \u00e0 la Biennale d\u2019architecture 2023 \u00e0 Venise.<\/p>\n                                    <\/div>\n            <\/div>\n        <\/div>\n        \t\t\t\t<\/div>\n\t\t\t\t<\/div>\n\t\t\t\t<div class=\"elementor-element elementor-element-215e40a u-leadText elementor-widget elementor-widget-dcwi-prev-widget-toggle\" data-id=\"215e40a\" data-element_type=\"widget\" data-widget_type=\"dcwi-prev-widget-toggle.default\">\n\t\t\t\t<div class=\"elementor-widget-container\">\n\t\t\t\t\t        <div class=\"a-link__wrapper -icon\"  data-no-translate>\n            <span tabindex=\"0\"\n                  class=\"a-link -icon do-togglePrevWidget -toggleNext\">\n                <span class=\"a-link__label\">en savoir plus<\/span>\n                <svg class=\"svg-inline--fa fa-chevron-down a-link__icon\" aria-hidden=\"true\" focusable=\"false\" data-prefix=\"fal\"\n                     data-icon=\"chevron-down\" role=\"img\" xmlns=\"http:\/\/www.w3.org\/2000\/svg\" viewbox=\"0 0 448 512\" data-fa-i2svg=\"\"><path\n                            fill=\"currentColor\"\n                            d=\"M4.251 181.1C7.392 177.7 11.69 175.1 16 175.1c3.891 0 7.781 1.406 10.86 4.25l197.1 181.1l197.1-181.1c6.5-6 16.64-5.625 22.61 .9062c6 6.5 5.594 16.59-.8906 22.59l-208 192c-6.156 5.688-15.56 5.688-21.72 0l-208-192C-1.343 197.7-1.749 187.6 4.251 181.1z\"><\/path><\/svg>\n            <\/span>\n        <\/div>\n        \t\t\t\t<\/div>\n\t\t\t\t<\/div>\n\t\t\t\t<div class=\"elementor-element elementor-element-9f074ac u-leadText a-toggleableWidget elementor-widget elementor-widget-dcwi-text-block\" data-id=\"9f074ac\" data-element_type=\"widget\" data-widget_type=\"dcwi-text-block.default\">\n\t\t\t\t<div class=\"elementor-widget-container\">\n\t\t\t\t\t<div class=\"m-textBlock\" data-no-translation><p>Les 19 et 20 mai, les membres de l\u2019Alliance ont particip\u00e9 \u00e0 une r\u00e9union pr\u00e9sid\u00e9e par Alain Berset, Pr\u00e9sident de la Conf\u00e9d\u00e9ration Suisse, pour d\u00e9battre de la mani\u00e8re dont des dirigeants de gouvernements, d\u2019entreprises et de la soci\u00e9t\u00e9 civile peuvent travailler ensemble pour planifier, construire et g\u00e9rer des lieux de qualit\u00e9 tout en accordant la priorit\u00e9 \u00e0 l'accessibilit\u00e9 financi\u00e8re<\/p>\n <\/div>\t\t\t\t<\/div>\n\t\t\t\t<\/div>\n\t\t\t\t\t<\/div>\n\t\t\t\t<\/section>\n\t\t\t\t<\/div>\n\t\t\t\t\t\t<\/div>\n\t\t\t\t<\/div>\n\t\t\t\t\t<\/div>\n\t\t\t\t<\/div>\n\t\t\t\t<\/div>\n\t\t\t\t<div data-elementor-type=\"loop-item\" data-elementor-id=\"4446\" class=\"elementor elementor-4446 e-loop-item e-loop-item-4472 post-4472 post type-post status-publish format-standard hentry category-uncategorized\" data-elementor-post-type=\"elementor_library\" data-custom-edit-handle=\"1\">\n\t\t\t<div class=\"elementor-element elementor-element-31982fe e-flex e-con-boxed e-con e-parent\" data-id=\"31982fe\" data-element_type=\"container\">\n\t\t\t\t\t<div class=\"e-con-inner\">\n\t\t\t\t<div class=\"elementor-element elementor-element-5830eab elementor-widget elementor-widget-theme-post-content\" data-id=\"5830eab\" data-element_type=\"widget\" data-widget_type=\"theme-post-content.default\">\n\t\t\t\t<div class=\"elementor-widget-container\">\n\t\t\t\t\t\t\t<div data-elementor-type=\"wp-post\" data-elementor-id=\"4472\" class=\"elementor elementor-4472\" data-elementor-post-type=\"post\">\n\t\t\t\t<section class=\"elementor-element elementor-element-35013e2 u-sidePadding u-dcwiSection -noTop e-flex e-con-boxed e-con e-parent\" data-id=\"35013e2\" data-element_type=\"container\">\n\t\t\t\t\t<div class=\"e-con-inner\">\n\t\t\t\t<div class=\"elementor-element elementor-element-1b4aa6d elementor-widget elementor-widget-dcwi-content-block\" data-id=\"1b4aa6d\" data-element_type=\"widget\" data-widget_type=\"dcwi-content-block.default\">\n\t\t\t\t<div class=\"elementor-widget-container\">\n\t\t\t\t\t        <div class=\"m-contentBlock -wide u-leadText -borderTop\" data-no-translation>\n                            <div class=\"m-contentBlock__header\">\n                    <h2 class=\"u-noMargin\">Parlons bruit !<\/h2>                <\/div>\n                        <div class=\"m-contentBlock__inner\">\n                <div class=\"m-contentBlock__imageWrapper\"><img loading=\"lazy\" decoding=\"async\" width=\"1800\" height=\"1013\" src=\"https:\/\/baukulturschweiz.ch\/wp-content\/uploads\/2023\/05\/2023-03-15-131248-20230314-142317-l.jpg\" class=\"m-contentBlock__image\" alt=\"\" srcset=\"https:\/\/baukulturschweiz.ch\/wp-content\/uploads\/2023\/05\/2023-03-15-131248-20230314-142317-l.jpg 1800w, https:\/\/baukulturschweiz.ch\/wp-content\/uploads\/2023\/05\/2023-03-15-131248-20230314-142317-l-300x169.jpg 300w, https:\/\/baukulturschweiz.ch\/wp-content\/uploads\/2023\/05\/2023-03-15-131248-20230314-142317-l-1024x576.jpg 1024w, https:\/\/baukulturschweiz.ch\/wp-content\/uploads\/2023\/05\/2023-03-15-131248-20230314-142317-l-768x432.jpg 768w, https:\/\/baukulturschweiz.ch\/wp-content\/uploads\/2023\/05\/2023-03-15-131248-20230314-142317-l-1536x864.jpg 1536w, https:\/\/baukulturschweiz.ch\/wp-content\/uploads\/2023\/05\/2023-03-15-131248-20230314-142317-l-18x10.jpg 18w\" sizes=\"auto, (max-width: 1800px) 100vw, 1800px\" \/>                    <span class=\"m-contentBlock__credit\">\u00a9 Daniel Klos, SIA<\/span>\n                <\/div>                <div class=\"m-contentBlock__content\">\n                    <p>Le 15 mars 2023, la Table ronde Culture du b\u00e2ti Suisse s\u2019est r\u00e9unie \u00e0 Berne pour d\u00e9battre de la question du bruit dans le contexte du d\u00e9veloppement urbain. Monika Litscher, vice-directrice de l\u2019Union des villes suisses, a plaid\u00e9 pour une r\u00e9duction du bruit \u00e0 sa source.<\/p>\n                                    <\/div>\n            <\/div>\n        <\/div>\n        \t\t\t\t<\/div>\n\t\t\t\t<\/div>\n\t\t\t\t<div class=\"elementor-element elementor-element-8d6d045 u-leadText elementor-widget elementor-widget-dcwi-prev-widget-toggle\" data-id=\"8d6d045\" data-element_type=\"widget\" data-widget_type=\"dcwi-prev-widget-toggle.default\">\n\t\t\t\t<div class=\"elementor-widget-container\">\n\t\t\t\t\t        <div class=\"a-link__wrapper -icon\"  data-no-translate>\n            <span tabindex=\"0\"\n                  class=\"a-link -icon do-togglePrevWidget -toggleNext\">\n                <span class=\"a-link__label\">en savoir plus<\/span>\n                <svg class=\"svg-inline--fa fa-chevron-down a-link__icon\" aria-hidden=\"true\" focusable=\"false\" data-prefix=\"fal\"\n                     data-icon=\"chevron-down\" role=\"img\" xmlns=\"http:\/\/www.w3.org\/2000\/svg\" viewbox=\"0 0 448 512\" data-fa-i2svg=\"\"><path\n                            fill=\"currentColor\"\n                            d=\"M4.251 181.1C7.392 177.7 11.69 175.1 16 175.1c3.891 0 7.781 1.406 10.86 4.25l197.1 181.1l197.1-181.1c6.5-6 16.64-5.625 22.61 .9062c6 6.5 5.594 16.59-.8906 22.59l-208 192c-6.156 5.688-15.56 5.688-21.72 0l-208-192C-1.343 197.7-1.749 187.6 4.251 181.1z\"><\/path><\/svg>\n            <\/span>\n        <\/div>\n        \t\t\t\t<\/div>\n\t\t\t\t<\/div>\n\t\t\t\t<div class=\"elementor-element elementor-element-0866ebc u-leadText a-toggleableWidget elementor-widget elementor-widget-dcwi-text-block\" data-id=\"0866ebc\" data-element_type=\"widget\" data-widget_type=\"dcwi-text-block.default\">\n\t\t\t\t<div class=\"elementor-widget-container\">\n\t\t\t\t\t<div class=\"m-textBlock\" data-no-translation><p>Caspar Sch\u00e4rer, secr\u00e9taire g\u00e9n\u00e9ral de la F\u00e9d\u00e9ration des architectes suisses, a avanc\u00e9 qu\u2019il ne doit pas \u00eatre instrumentalis\u00e9 comme moyen de recours et de blocage \u00e0 l\u2019encontre d\u2019une densification urbaine de qualit\u00e9. Damian Jerjen, directeur d\u2019EspaceSuisse a quant \u00e0 lui attir\u00e9 l\u2019attention sur les diff\u00e9rences culturelles entre la Romandie et la Suisse al\u00e9manique dans le traitement du bruit.<\/p>\n<p>La Table ronde s\u2019est \u00e9galement entretenue au sujet de l\u2019Alliance de Davos pour la culture du b\u00e2ti, du prochain Message culture, du nouveau plan d\u2019action en mati\u00e8re de culture du b\u00e2ti, de l\u2019ancrage l\u00e9gal de la culture du b\u00e2ti, de la Campagne climat et culture du b\u00e2ti ainsi que des Journ\u00e9es europ\u00e9ennes du patrimoine 2023 qui seront consacr\u00e9es \u00e0 la question du r\u00e9emploi et du recyclage.<\/p>\n <\/div>\t\t\t\t<\/div>\n\t\t\t\t<\/div>\n\t\t\t\t\t<\/div>\n\t\t\t\t<\/section>\n\t\t\t\t<\/div>\n\t\t\t\t\t\t<\/div>\n\t\t\t\t<\/div>\n\t\t\t\t\t<\/div>\n\t\t\t\t<\/div>\n\t\t\t\t<\/div>\n\t\t\t\t<\/div>\n\t\t\n\t\t\t\t\t\t<\/div>\n\t\t\t\t<\/div>\n\t\t\t\t\t<\/div>\n\t\t\t\t<\/div>\n\t\t\t\t<\/div>","protected":false},"excerpt":{"rendered":"<p>Runder Tisch zum NFP Baukultur Der Runde Tisch Baukultur Schweiz diskutierte am 18. M\u00e4rz 2025 in Z\u00fcrich das Nationale Forschungsprogramm (NFP) Baukultur. Paola Vigan\u00f2, Pr\u00e4sidentin der Leitungsgruppe des NFP, stellte zusammen mit Caspar Sch\u00e4rer und Boris Buzek das Programm vor. Der Runde Tisch, der dieses Mal bei Archijeunes zu Gast war, diskutierte ausserdem die Weiterentwicklung [&hellip;]<\/p>","protected":false},"author":1,"featured_media":0,"parent":0,"menu_order":0,"comment_status":"closed","ping_status":"closed","template":"","meta":{"_acf_changed":false,"_relevanssi_hide_post":"","_relevanssi_hide_content":"","_relevanssi_pin_for_all":"","_relevanssi_pin_keywords":"","_relevanssi_unpin_keywords":"","_relevanssi_related_keywords":"","_relevanssi_related_include_ids":"","_relevanssi_related_exclude_ids":"","_relevanssi_related_no_append":"","_relevanssi_related_not_related":"","_relevanssi_related_posts":"","_relevanssi_noindex_reason":"","footnotes":""},"class_list":["post-103","page","type-page","status-publish","hentry"],"acf":[],"yoast_head":"<!-- This site is optimized with the Yoast SEO plugin v26.1.1 - https:\/\/yoast.com\/wordpress\/plugins\/seo\/ -->\n<title>Aktuelles &#8211; Baukultur Schweiz<\/title>\n<meta name=\"robots\" content=\"index, follow, max-snippet:-1, max-image-preview:large, max-video-preview:-1\" \/>\n<link rel=\"canonical\" href=\"https:\/\/baukulturschweiz.ch\/fr\/actuel\/\" \/>\n<meta property=\"og:locale\" content=\"fr_FR\" \/>\n<meta property=\"og:type\" content=\"article\" \/>\n<meta property=\"og:title\" content=\"Aktuelles &#8211; Baukultur Schweiz\" \/>\n<meta property=\"og:description\" content=\"Runder Tisch zum NFP Baukultur Der Runde Tisch Baukultur Schweiz diskutierte am 18. M\u00e4rz 2025 in Z\u00fcrich das Nationale Forschungsprogramm (NFP) Baukultur. Paola Vigan\u00f2, Pr\u00e4sidentin der Leitungsgruppe des NFP, stellte zusammen mit Caspar Sch\u00e4rer und Boris Buzek das Programm vor. Der Runde Tisch, der dieses Mal bei Archijeunes zu Gast war, diskutierte ausserdem die Weiterentwicklung [&hellip;]\" \/>\n<meta property=\"og:url\" content=\"https:\/\/baukulturschweiz.ch\/fr\/actuel\/\" \/>\n<meta property=\"og:site_name\" content=\"Baukultur Schweiz\" \/>\n<meta property=\"article:modified_time\" content=\"2025-07-14T09:20:55+00:00\" \/>\n<meta property=\"og:image\" content=\"https:\/\/baukulturschweiz.ch\/wp-content\/uploads\/2025\/03\/RTB-2025-ZAZ-c-SIA-scaled.jpg\" \/>\n<meta name=\"twitter:card\" content=\"summary_large_image\" \/>\n<meta name=\"twitter:label1\" content=\"Dur\u00e9e de lecture estim\u00e9e\" \/>\n\t<meta name=\"twitter:data1\" content=\"28 minutes\" \/>\n<script type=\"application\/ld+json\" class=\"yoast-schema-graph\">{\"@context\":\"https:\/\/schema.org\",\"@graph\":[{\"@type\":\"WebPage\",\"@id\":\"https:\/\/baukulturschweiz.ch\/de\/aktuelles\/\",\"url\":\"https:\/\/baukulturschweiz.ch\/de\/aktuelles\/\",\"name\":\"Aktuelles &#8211; Baukultur Schweiz\",\"isPartOf\":{\"@id\":\"https:\/\/baukulturschweiz.ch\/de\/#website\"},\"primaryImageOfPage\":{\"@id\":\"https:\/\/baukulturschweiz.ch\/de\/aktuelles\/#primaryimage\"},\"image\":{\"@id\":\"https:\/\/baukulturschweiz.ch\/de\/aktuelles\/#primaryimage\"},\"thumbnailUrl\":\"https:\/\/baukulturschweiz.ch\/wp-content\/uploads\/2025\/03\/RTB-2025-ZAZ-c-SIA-scaled.jpg\",\"datePublished\":\"2023-03-27T08:39:58+00:00\",\"dateModified\":\"2025-07-14T09:20:55+00:00\",\"breadcrumb\":{\"@id\":\"https:\/\/baukulturschweiz.ch\/de\/aktuelles\/#breadcrumb\"},\"inLanguage\":\"fr-FR\",\"potentialAction\":[{\"@type\":\"ReadAction\",\"target\":[\"https:\/\/baukulturschweiz.ch\/de\/aktuelles\/\"]}]},{\"@type\":\"ImageObject\",\"inLanguage\":\"fr-FR\",\"@id\":\"https:\/\/baukulturschweiz.ch\/de\/aktuelles\/#primaryimage\",\"url\":\"https:\/\/baukulturschweiz.ch\/wp-content\/uploads\/2025\/03\/RTB-2025-ZAZ-c-SIA-scaled.jpg\",\"contentUrl\":\"https:\/\/baukulturschweiz.ch\/wp-content\/uploads\/2025\/03\/RTB-2025-ZAZ-c-SIA-scaled.jpg\"},{\"@type\":\"BreadcrumbList\",\"@id\":\"https:\/\/baukulturschweiz.ch\/de\/aktuelles\/#breadcrumb\",\"itemListElement\":[{\"@type\":\"ListItem\",\"position\":1,\"name\":\"Startseite\",\"item\":\"https:\/\/baukulturschweiz.ch\/\"},{\"@type\":\"ListItem\",\"position\":2,\"name\":\"Aktuelles\"}]},{\"@type\":\"WebSite\",\"@id\":\"https:\/\/baukulturschweiz.ch\/de\/#website\",\"url\":\"https:\/\/baukulturschweiz.ch\/de\/\",\"name\":\"Baukultur Schweiz\",\"description\":\"My WordPress Blog\",\"potentialAction\":[{\"@type\":\"SearchAction\",\"target\":{\"@type\":\"EntryPoint\",\"urlTemplate\":\"https:\/\/baukulturschweiz.ch\/de\/?s={search_term_string}\"},\"query-input\":{\"@type\":\"PropertyValueSpecification\",\"valueRequired\":true,\"valueName\":\"search_term_string\"}}],\"inLanguage\":\"fr-FR\"}]}<\/script>\n<!-- \/ Yoast SEO plugin. -->","yoast_head_json":{"title":"Aktuelles &#8211; Baukultur Schweiz","robots":{"index":"index","follow":"follow","max-snippet":"max-snippet:-1","max-image-preview":"max-image-preview:large","max-video-preview":"max-video-preview:-1"},"canonical":"https:\/\/baukulturschweiz.ch\/fr\/actuel\/","og_locale":"fr_FR","og_type":"article","og_title":"Aktuelles &#8211; Baukultur Schweiz","og_description":"Runder Tisch zum NFP Baukultur Der Runde Tisch Baukultur Schweiz diskutierte am 18. M\u00e4rz 2025 in Z\u00fcrich das Nationale Forschungsprogramm (NFP) Baukultur. Paola Vigan\u00f2, Pr\u00e4sidentin der Leitungsgruppe des NFP, stellte zusammen mit Caspar Sch\u00e4rer und Boris Buzek das Programm vor. Der Runde Tisch, der dieses Mal bei Archijeunes zu Gast war, diskutierte ausserdem die Weiterentwicklung [&hellip;]","og_url":"https:\/\/baukulturschweiz.ch\/fr\/actuel\/","og_site_name":"Baukultur Schweiz","article_modified_time":"2025-07-14T09:20:55+00:00","og_image":[{"url":"https:\/\/baukulturschweiz.ch\/wp-content\/uploads\/2025\/03\/RTB-2025-ZAZ-c-SIA-scaled.jpg","type":"","width":"","height":""}],"twitter_card":"summary_large_image","twitter_misc":{"Dur\u00e9e de lecture estim\u00e9e":"28 minutes"},"schema":{"@context":"https:\/\/schema.org","@graph":[{"@type":"WebPage","@id":"https:\/\/baukulturschweiz.ch\/de\/aktuelles\/","url":"https:\/\/baukulturschweiz.ch\/de\/aktuelles\/","name":"Aktuelles &#8211; Baukultur Schweiz","isPartOf":{"@id":"https:\/\/baukulturschweiz.ch\/de\/#website"},"primaryImageOfPage":{"@id":"https:\/\/baukulturschweiz.ch\/de\/aktuelles\/#primaryimage"},"image":{"@id":"https:\/\/baukulturschweiz.ch\/de\/aktuelles\/#primaryimage"},"thumbnailUrl":"https:\/\/baukulturschweiz.ch\/wp-content\/uploads\/2025\/03\/RTB-2025-ZAZ-c-SIA-scaled.jpg","datePublished":"2023-03-27T08:39:58+00:00","dateModified":"2025-07-14T09:20:55+00:00","breadcrumb":{"@id":"https:\/\/baukulturschweiz.ch\/de\/aktuelles\/#breadcrumb"},"inLanguage":"fr-FR","potentialAction":[{"@type":"ReadAction","target":["https:\/\/baukulturschweiz.ch\/de\/aktuelles\/"]}]},{"@type":"ImageObject","inLanguage":"fr-FR","@id":"https:\/\/baukulturschweiz.ch\/de\/aktuelles\/#primaryimage","url":"https:\/\/baukulturschweiz.ch\/wp-content\/uploads\/2025\/03\/RTB-2025-ZAZ-c-SIA-scaled.jpg","contentUrl":"https:\/\/baukulturschweiz.ch\/wp-content\/uploads\/2025\/03\/RTB-2025-ZAZ-c-SIA-scaled.jpg"},{"@type":"BreadcrumbList","@id":"https:\/\/baukulturschweiz.ch\/de\/aktuelles\/#breadcrumb","itemListElement":[{"@type":"ListItem","position":1,"name":"Startseite","item":"https:\/\/baukulturschweiz.ch\/"},{"@type":"ListItem","position":2,"name":"Aktuelles"}]},{"@type":"WebSite","@id":"https:\/\/baukulturschweiz.ch\/de\/#website","url":"https:\/\/baukulturschweiz.ch\/de\/","name":"Culture du b\u00e2ti Suisse","description":"My WordPress Blog","potentialAction":[{"@type":"SearchAction","target":{"@type":"EntryPoint","urlTemplate":"https:\/\/baukulturschweiz.ch\/de\/?s={search_term_string}"},"query-input":{"@type":"PropertyValueSpecification","valueRequired":true,"valueName":"search_term_string"}}],"inLanguage":"fr-FR"}]}},"_links":{"self":[{"href":"https:\/\/baukulturschweiz.ch\/fr\/wp-json\/wp\/v2\/pages\/103","targetHints":{"allow":["GET"]}}],"collection":[{"href":"https:\/\/baukulturschweiz.ch\/fr\/wp-json\/wp\/v2\/pages"}],"about":[{"href":"https:\/\/baukulturschweiz.ch\/fr\/wp-json\/wp\/v2\/types\/page"}],"author":[{"embeddable":true,"href":"https:\/\/baukulturschweiz.ch\/fr\/wp-json\/wp\/v2\/users\/1"}],"replies":[{"embeddable":true,"href":"https:\/\/baukulturschweiz.ch\/fr\/wp-json\/wp\/v2\/comments?post=103"}],"version-history":[{"count":391,"href":"https:\/\/baukulturschweiz.ch\/fr\/wp-json\/wp\/v2\/pages\/103\/revisions"}],"predecessor-version":[{"id":5125,"href":"https:\/\/baukulturschweiz.ch\/fr\/wp-json\/wp\/v2\/pages\/103\/revisions\/5125"}],"wp:attachment":[{"href":"https:\/\/baukulturschweiz.ch\/fr\/wp-json\/wp\/v2\/media?parent=103"}],"curies":[{"name":"wp","href":"https:\/\/api.w.org\/{rel}","templated":true}]}}