{"id":101,"date":"2023-03-27T08:39:44","date_gmt":"2023-03-27T08:39:44","guid":{"rendered":"http:\/\/baukultur.dclabs.ch\/?page_id=101"},"modified":"2025-05-28T14:06:23","modified_gmt":"2025-05-28T12:06:23","slug":"what-is-baukultur","status":"publish","type":"page","link":"https:\/\/baukulturschweiz.ch\/en\/what-is-baukultur\/","title":{"rendered":"What is Baukultur?"},"content":{"rendered":"<div data-elementor-type=\"wp-page\" data-elementor-id=\"101\" class=\"elementor elementor-101\" data-elementor-post-type=\"page\">\n\t\t\t\t<div class=\"elementor-element elementor-element-33019f0 u-sidePadding e-flex e-con-boxed e-con e-parent\" data-id=\"33019f0\" data-element_type=\"container\">\n\t\t\t\t\t<div class=\"e-con-inner\">\n\t\t\t\t<div class=\"elementor-element elementor-element-5fb73a3 u-leadText elementor-widget elementor-widget-dcwi-text-block\" data-id=\"5fb73a3\" data-element_type=\"widget\" data-widget_type=\"dcwi-text-block.default\">\n\t\t\t\t<div class=\"elementor-widget-container\">\n\t\t\t\t\t<div class=\"m-textBlock\" data-no-translation><p>The designed living environment surrounds us wherever we may currently be. Hence, high-quality Baukultur is important for a good life.<\/p>\n<p>Baukultur sees the entire designed living environment as a coherent whole,<\/p>\n<ul>\n<li>from existing buildings to contemporary design,<\/li>\n<li>from small handcrafted details to buildings and open spaces to large-scale infrastructures, and<\/li>\n<li>from the planning process through construction and operation to reuse.<\/li>\n<\/ul>\n<p>What is and is not high-quality Baukultur is always open to discussion. In Switzerland and in Europe, there are many initiatives to improve the quality of our designed living environment.<\/p>\n <\/div>\t\t\t\t<\/div>\n\t\t\t\t<\/div>\n\t\t\t\t<div class=\"elementor-element elementor-element-1561ccd u-dcwiSection -noBottom elementor-widget elementor-widget-dcwi-content-block\" data-id=\"1561ccd\" data-element_type=\"widget\" data-widget_type=\"dcwi-content-block.default\">\n\t\t\t\t<div class=\"elementor-widget-container\">\n\t\t\t\t\t        <div class=\"m-contentBlock   -borderTop\" data-no-translation>\n                        <div class=\"m-contentBlock__inner\">\n                <div class=\"m-contentBlock__imageWrapper\"><img fetchpriority=\"high\" decoding=\"async\" width=\"1000\" height=\"707\" src=\"https:\/\/baukulturschweiz.ch\/wp-content\/uploads\/2023\/06\/2022-07-07-153709-manifesto-on-baukultur-cover-quer-bw.png\" class=\"m-contentBlock__image\" alt=\"\" srcset=\"https:\/\/baukulturschweiz.ch\/wp-content\/uploads\/2023\/06\/2022-07-07-153709-manifesto-on-baukultur-cover-quer-bw.png 1000w, https:\/\/baukulturschweiz.ch\/wp-content\/uploads\/2023\/06\/2022-07-07-153709-manifesto-on-baukultur-cover-quer-bw-300x212.png 300w, https:\/\/baukulturschweiz.ch\/wp-content\/uploads\/2023\/06\/2022-07-07-153709-manifesto-on-baukultur-cover-quer-bw-768x543.png 768w, https:\/\/baukulturschweiz.ch\/wp-content\/uploads\/2023\/06\/2022-07-07-153709-manifesto-on-baukultur-cover-quer-bw-18x12.png 18w\" sizes=\"(max-width: 1000px) 100vw, 1000px\" \/><\/div>                <div class=\"m-contentBlock__content\">\n                    <p>The Swiss Baukultur Round Table first published its <strong>Manifesto on Baukultur<\/strong> in 2011. The Manifesto is a fundamental document for a holistic understanding of Baukultur. It served as the initial spark for the new cultural and political field of Baukultur in Switzerland.<\/p>\n                                            <div class=\"m-contentBlock__links\">\n                                                            <a class=\"-contentBlock -linkBar\"\n                                     target=\"_blank\"                                    href=\"https:\/\/baukulturschweiz.ch\/wp-content\/uploads\/2023\/06\/2022-07-07-153618-manifesto-on-baukultur.pdf\">\n                                    open pdf                                    <svg class=\"svg-inline--fa fa-arrow-right\" aria-hidden=\"true\" focusable=\"false\" data-prefix=\"fal\" data-icon=\"arrow-right\" role=\"img\" xmlns=\"http:\/\/www.w3.org\/2000\/svg\" viewbox=\"0 0 448 512\" data-fa-i2svg=\"\"><path fill=\"currentColor\" d=\"M443.7 266.8l-165.9 176C274.5 446.3 269.1 448 265.5 448c-3.986 0-7.988-1.375-11.16-4.156c-6.773-5.938-7.275-16.06-1.118-22.59L393.9 272H16.59c-9.171 0-16.59-7.155-16.59-15.1S7.421 240 16.59 240h377.3l-140.7-149.3c-6.157-6.531-5.655-16.66 1.118-22.59c6.789-5.906 17.27-5.469 23.45 1.094l165.9 176C449.4 251.3 449.4 260.7 443.7 266.8z\"><\/path><\/svg>                                <\/a>\n                                                    <\/div>\n                                    <\/div>\n            <\/div>\n        <\/div>\n        \t\t\t\t<\/div>\n\t\t\t\t<\/div>\n\t\t\t\t<div class=\"elementor-element elementor-element-0804153 u-dcwiSection -noBottom elementor-widget elementor-widget-dcwi-content-block\" data-id=\"0804153\" data-element_type=\"widget\" data-widget_type=\"dcwi-content-block.default\">\n\t\t\t\t<div class=\"elementor-widget-container\">\n\t\t\t\t\t        <div class=\"m-contentBlock   -borderTop\" data-no-translation>\n                        <div class=\"m-contentBlock__inner\">\n                <div class=\"m-contentBlock__imageWrapper\"><img decoding=\"async\" width=\"705\" height=\"1000\" src=\"https:\/\/baukulturschweiz.ch\/wp-content\/uploads\/2023\/06\/2022-06-22-162510-davos-declaration-cover-bw.png\" class=\"m-contentBlock__image\" alt=\"Davos\" srcset=\"https:\/\/baukulturschweiz.ch\/wp-content\/uploads\/2023\/06\/2022-06-22-162510-davos-declaration-cover-bw.png 705w, https:\/\/baukulturschweiz.ch\/wp-content\/uploads\/2023\/06\/2022-06-22-162510-davos-declaration-cover-bw-212x300.png 212w, https:\/\/baukulturschweiz.ch\/wp-content\/uploads\/2023\/06\/2022-06-22-162510-davos-declaration-cover-bw-8x12.png 8w\" sizes=\"(max-width: 705px) 100vw, 705px\" \/><\/div>                <div class=\"m-contentBlock__content\">\n                    <p>By initiating the <strong>Davos Declaration,<\/strong> Switzerland assumed a leading role in the European discourse on Baukultur. The declaration adopted by the European Ministers of Culture in 2018 reminds us that building is culture and creates space for culture.<\/p>\n                                            <div class=\"m-contentBlock__links\">\n                                                            <a class=\"-contentBlock -linkBar\"\n                                     target=\"_blank\"                                    href=\"https:\/\/baukulturschweiz.ch\/wp-content\/uploads\/2023\/06\/2022-06-22-162749-davos-declaration.pdf\">\n                                     open pdf                                     <svg class=\"svg-inline--fa fa-arrow-right\" aria-hidden=\"true\" focusable=\"false\" data-prefix=\"fal\" data-icon=\"arrow-right\" role=\"img\" xmlns=\"http:\/\/www.w3.org\/2000\/svg\" viewbox=\"0 0 448 512\" data-fa-i2svg=\"\"><path fill=\"currentColor\" d=\"M443.7 266.8l-165.9 176C274.5 446.3 269.1 448 265.5 448c-3.986 0-7.988-1.375-11.16-4.156c-6.773-5.938-7.275-16.06-1.118-22.59L393.9 272H16.59c-9.171 0-16.59-7.155-16.59-15.1S7.421 240 16.59 240h377.3l-140.7-149.3c-6.157-6.531-5.655-16.66 1.118-22.59c6.789-5.906 17.27-5.469 23.45 1.094l165.9 176C449.4 251.3 449.4 260.7 443.7 266.8z\"><\/path><\/svg>                                <\/a>\n                                                    <\/div>\n                                    <\/div>\n            <\/div>\n        <\/div>\n        \t\t\t\t<\/div>\n\t\t\t\t<\/div>\n\t\t\t\t<div class=\"elementor-element elementor-element-f49fb75 u-dcwiSection -noBottom elementor-widget elementor-widget-dcwi-content-block\" data-id=\"f49fb75\" data-element_type=\"widget\" data-widget_type=\"dcwi-content-block.default\">\n\t\t\t\t<div class=\"elementor-widget-container\">\n\t\t\t\t\t        <div class=\"m-contentBlock   -borderTop\" data-no-translation>\n                        <div class=\"m-contentBlock__inner\">\n                <div class=\"m-contentBlock__imageWrapper\"><img decoding=\"async\" width=\"707\" height=\"1000\" src=\"https:\/\/baukulturschweiz.ch\/wp-content\/uploads\/2023\/06\/2022-06-22-163747-baukultur-policy-the-key-facts-cover-bw.png\" class=\"m-contentBlock__image\" alt=\"\" srcset=\"https:\/\/baukulturschweiz.ch\/wp-content\/uploads\/2023\/06\/2022-06-22-163747-baukultur-policy-the-key-facts-cover-bw.png 707w, https:\/\/baukulturschweiz.ch\/wp-content\/uploads\/2023\/06\/2022-06-22-163747-baukultur-policy-the-key-facts-cover-bw-212x300.png 212w, https:\/\/baukulturschweiz.ch\/wp-content\/uploads\/2023\/06\/2022-06-22-163747-baukultur-policy-the-key-facts-cover-bw-8x12.png 8w\" sizes=\"(max-width: 707px) 100vw, 707px\" \/><\/div>                <div class=\"m-contentBlock__content\">\n                    <p>At the national level, in 2020 the Swiss Federal Council ratified the <strong>Interdepartmental Strategy for the Promotion of Baukultur.<\/strong> The strategy consolidates the federal government\u2019s Baukultur activities for the first time and aims to sustainably promote high-quality Baukultur.<\/p>\n                                            <div class=\"m-contentBlock__links\">\n                                                            <a class=\"-contentBlock -linkBar\"\n                                     target=\"_blank\"                                    href=\"https:\/\/baukulturschweiz.ch\/wp-content\/uploads\/2023\/06\/2022-06-22-164111-baukultur-policy-the-key-facts.pdf\">\n                                     open pdf                                     <svg class=\"svg-inline--fa fa-arrow-right\" aria-hidden=\"true\" focusable=\"false\" data-prefix=\"fal\" data-icon=\"arrow-right\" role=\"img\" xmlns=\"http:\/\/www.w3.org\/2000\/svg\" viewbox=\"0 0 448 512\" data-fa-i2svg=\"\"><path fill=\"currentColor\" d=\"M443.7 266.8l-165.9 176C274.5 446.3 269.1 448 265.5 448c-3.986 0-7.988-1.375-11.16-4.156c-6.773-5.938-7.275-16.06-1.118-22.59L393.9 272H16.59c-9.171 0-16.59-7.155-16.59-15.1S7.421 240 16.59 240h377.3l-140.7-149.3c-6.157-6.531-5.655-16.66 1.118-22.59c6.789-5.906 17.27-5.469 23.45 1.094l165.9 176C449.4 251.3 449.4 260.7 443.7 266.8z\"><\/path><\/svg>                                <\/a>\n                                                    <\/div>\n                                    <\/div>\n            <\/div>\n        <\/div>\n        \t\t\t\t<\/div>\n\t\t\t\t<\/div>\n\t\t\t\t<div class=\"elementor-element elementor-element-3362e12 u-dcwiSection -noBottom elementor-widget elementor-widget-dcwi-content-block\" data-id=\"3362e12\" data-element_type=\"widget\" data-widget_type=\"dcwi-content-block.default\">\n\t\t\t\t<div class=\"elementor-widget-container\">\n\t\t\t\t\t        <div class=\"m-contentBlock   -borderTop\" data-no-translation>\n                        <div class=\"m-contentBlock__inner\">\n                <div class=\"m-contentBlock__imageWrapper\"><img loading=\"lazy\" decoding=\"async\" width=\"778\" height=\"1000\" src=\"https:\/\/baukulturschweiz.ch\/wp-content\/uploads\/2023\/06\/2022-06-22-164534-the-davos-baukultur-quality-system-cover-bw.png\" class=\"m-contentBlock__image\" alt=\"\" srcset=\"https:\/\/baukulturschweiz.ch\/wp-content\/uploads\/2023\/06\/2022-06-22-164534-the-davos-baukultur-quality-system-cover-bw.png 778w, https:\/\/baukulturschweiz.ch\/wp-content\/uploads\/2023\/06\/2022-06-22-164534-the-davos-baukultur-quality-system-cover-bw-233x300.png 233w, https:\/\/baukulturschweiz.ch\/wp-content\/uploads\/2023\/06\/2022-06-22-164534-the-davos-baukultur-quality-system-cover-bw-768x987.png 768w, https:\/\/baukulturschweiz.ch\/wp-content\/uploads\/2023\/06\/2022-06-22-164534-the-davos-baukultur-quality-system-cover-bw-9x12.png 9w\" sizes=\"(max-width: 778px) 100vw, 778px\" \/><\/div>                <div class=\"m-contentBlock__content\">\n                    <p>Since 2021, the<strong> Davos Baukultur Quality System<\/strong> has for the first time provided an assessment method for high-quality Baukultur, placing social, cultural and emotional criteria on equal footing with more common technical, environmental and economic criteria. The eight criteria of governance, functionality, environment, economy, diversity, context, sense of place and beauty establish the basis for the \u201cBaukultur Switzerland\u201d web platform\u2019s \u201cCase Studies\u201d module.<\/p>\n                                            <div class=\"m-contentBlock__links\">\n                                                            <a class=\"-contentBlock -linkBar\"\n                                     target=\"_blank\"                                    href=\"https:\/\/baukulturschweiz.ch\/wp-content\/uploads\/2023\/06\/2022-06-22-164855-the-davos-baukultur-quality-system.pdf\">\n                                    open pdf                                    <svg class=\"svg-inline--fa fa-arrow-right\" aria-hidden=\"true\" focusable=\"false\" data-prefix=\"fal\" data-icon=\"arrow-right\" role=\"img\" xmlns=\"http:\/\/www.w3.org\/2000\/svg\" viewbox=\"0 0 448 512\" data-fa-i2svg=\"\"><path fill=\"currentColor\" d=\"M443.7 266.8l-165.9 176C274.5 446.3 269.1 448 265.5 448c-3.986 0-7.988-1.375-11.16-4.156c-6.773-5.938-7.275-16.06-1.118-22.59L393.9 272H16.59c-9.171 0-16.59-7.155-16.59-15.1S7.421 240 16.59 240h377.3l-140.7-149.3c-6.157-6.531-5.655-16.66 1.118-22.59c6.789-5.906 17.27-5.469 23.45 1.094l165.9 176C449.4 251.3 449.4 260.7 443.7 266.8z\"><\/path><\/svg>                                <\/a>\n                                                    <\/div>\n                                    <\/div>\n            <\/div>\n        <\/div>\n        \t\t\t\t<\/div>\n\t\t\t\t<\/div>\n\t\t\t\t<div class=\"elementor-element elementor-element-03275e7 u-dcwiSection -noBottom elementor-widget elementor-widget-dcwi-content-block\" data-id=\"03275e7\" data-element_type=\"widget\" data-widget_type=\"dcwi-content-block.default\">\n\t\t\t\t<div class=\"elementor-widget-container\">\n\t\t\t\t\t        <div class=\"m-contentBlock   -borderTop\" data-no-translation>\n                        <div class=\"m-contentBlock__inner\">\n                <div class=\"m-contentBlock__imageWrapper\"><img loading=\"lazy\" decoding=\"async\" width=\"708\" height=\"1000\" src=\"https:\/\/baukulturschweiz.ch\/wp-content\/uploads\/2023\/06\/2022-06-22-165159-council-conclusions-cover-bw.png\" class=\"m-contentBlock__image\" alt=\"\" srcset=\"https:\/\/baukulturschweiz.ch\/wp-content\/uploads\/2023\/06\/2022-06-22-165159-council-conclusions-cover-bw.png 708w, https:\/\/baukulturschweiz.ch\/wp-content\/uploads\/2023\/06\/2022-06-22-165159-council-conclusions-cover-bw-212x300.png 212w, https:\/\/baukulturschweiz.ch\/wp-content\/uploads\/2023\/06\/2022-06-22-165159-council-conclusions-cover-bw-8x12.png 8w\" sizes=\"(max-width: 708px) 100vw, 708px\" \/><\/div>                <div class=\"m-contentBlock__content\">\n                    <p>In 2021, the Council of the European Union adopted the <strong>\u201cCouncil conclusions on culture, high-quality architecture and built environment as key elements of the New European Bauhaus\u201d.<\/strong> In it, the EU Council explicitly supports the eight quality criteria defined in the Davos Baukultur Quality System.<\/p>\n                                            <div class=\"m-contentBlock__links\">\n                                                            <a class=\"-contentBlock -linkBar\"\n                                     target=\"_blank\"                                    href=\"https:\/\/baukulturschweiz.ch\/wp-content\/uploads\/2023\/06\/2022-06-22-165425-council-conclusions.pdf\">\n                                     open pdf                                    <svg class=\"svg-inline--fa fa-arrow-right\" aria-hidden=\"true\" focusable=\"false\" data-prefix=\"fal\" data-icon=\"arrow-right\" role=\"img\" xmlns=\"http:\/\/www.w3.org\/2000\/svg\" viewbox=\"0 0 448 512\" data-fa-i2svg=\"\"><path fill=\"currentColor\" d=\"M443.7 266.8l-165.9 176C274.5 446.3 269.1 448 265.5 448c-3.986 0-7.988-1.375-11.16-4.156c-6.773-5.938-7.275-16.06-1.118-22.59L393.9 272H16.59c-9.171 0-16.59-7.155-16.59-15.1S7.421 240 16.59 240h377.3l-140.7-149.3c-6.157-6.531-5.655-16.66 1.118-22.59c6.789-5.906 17.27-5.469 23.45 1.094l165.9 176C449.4 251.3 449.4 260.7 443.7 266.8z\"><\/path><\/svg>                                <\/a>\n                                                    <\/div>\n                                    <\/div>\n            <\/div>\n        <\/div>\n        \t\t\t\t<\/div>\n\t\t\t\t<\/div>\n\t\t\t\t<div class=\"elementor-element elementor-element-a3080dc u-dcwiSection -noBottom elementor-widget elementor-widget-dcwi-content-block\" data-id=\"a3080dc\" data-element_type=\"widget\" data-widget_type=\"dcwi-content-block.default\">\n\t\t\t\t<div class=\"elementor-widget-container\">\n\t\t\t\t\t        <div class=\"m-contentBlock   -borderTop\" data-no-translation>\n                        <div class=\"m-contentBlock__inner\">\n                <div class=\"m-contentBlock__imageWrapper\"><img loading=\"lazy\" decoding=\"async\" width=\"600\" height=\"849\" src=\"https:\/\/baukulturschweiz.ch\/wp-content\/uploads\/2023\/11\/2023-01-23-090624-20230115-alliance-founding-act-en_small.png\" class=\"m-contentBlock__image\" alt=\"\" srcset=\"https:\/\/baukulturschweiz.ch\/wp-content\/uploads\/2023\/11\/2023-01-23-090624-20230115-alliance-founding-act-en_small.png 600w, https:\/\/baukulturschweiz.ch\/wp-content\/uploads\/2023\/11\/2023-01-23-090624-20230115-alliance-founding-act-en_small-212x300.png 212w, https:\/\/baukulturschweiz.ch\/wp-content\/uploads\/2023\/11\/2023-01-23-090624-20230115-alliance-founding-act-en_small-8x12.png 8w\" sizes=\"(max-width: 600px) 100vw, 600px\" \/><\/div>                <div class=\"m-contentBlock__content\">\n                    <p><strong>The Davos Baukultur Alliance,<\/strong> founded in 2023, advocates at the global level for a quality-oriented approach to the design, construction and management of buildings, infrastructure, public spaces and landscapes. Many partners play a role in the Alliance, including national governments, international organisations, businesses and civil society actors. The Alliance bases its efforts on the goals, values and principles of the Davos Declaration and the Davos Baukultur Quality System.<\/p>\n                                            <div class=\"m-contentBlock__links\">\n                                                            <a class=\"-contentBlock -linkBar\"\n                                     target=\"_blank\"                                    href=\"https:\/\/baukulturschweiz.ch\/wp-content\/uploads\/2023\/11\/2023-01-23-090624-20230115-alliance-founding-act-en.pdf\">\n                                    open pdf (English version)                                    <svg class=\"svg-inline--fa fa-arrow-right\" aria-hidden=\"true\" focusable=\"false\" data-prefix=\"fal\" data-icon=\"arrow-right\" role=\"img\" xmlns=\"http:\/\/www.w3.org\/2000\/svg\" viewbox=\"0 0 448 512\" data-fa-i2svg=\"\"><path fill=\"currentColor\" d=\"M443.7 266.8l-165.9 176C274.5 446.3 269.1 448 265.5 448c-3.986 0-7.988-1.375-11.16-4.156c-6.773-5.938-7.275-16.06-1.118-22.59L393.9 272H16.59c-9.171 0-16.59-7.155-16.59-15.1S7.421 240 16.59 240h377.3l-140.7-149.3c-6.157-6.531-5.655-16.66 1.118-22.59c6.789-5.906 17.27-5.469 23.45 1.094l165.9 176C449.4 251.3 449.4 260.7 443.7 266.8z\"><\/path><\/svg>                                <\/a>\n                                                            <a class=\"-contentBlock -linkBar\"\n                                     target=\"_blank\"                                    href=\"https:\/\/baukulturschweiz.ch\/wp-content\/uploads\/2023\/11\/2023-01-23-090659-20230115-alliance-founding-act-fr.pdf\">\n                                    open pdf (version fran\u00e7aise)                                     <svg class=\"svg-inline--fa fa-arrow-right\" aria-hidden=\"true\" focusable=\"false\" data-prefix=\"fal\" data-icon=\"arrow-right\" role=\"img\" xmlns=\"http:\/\/www.w3.org\/2000\/svg\" viewbox=\"0 0 448 512\" data-fa-i2svg=\"\"><path fill=\"currentColor\" d=\"M443.7 266.8l-165.9 176C274.5 446.3 269.1 448 265.5 448c-3.986 0-7.988-1.375-11.16-4.156c-6.773-5.938-7.275-16.06-1.118-22.59L393.9 272H16.59c-9.171 0-16.59-7.155-16.59-15.1S7.421 240 16.59 240h377.3l-140.7-149.3c-6.157-6.531-5.655-16.66 1.118-22.59c6.789-5.906 17.27-5.469 23.45 1.094l165.9 176C449.4 251.3 449.4 260.7 443.7 266.8z\"><\/path><\/svg>                                <\/a>\n                                                    <\/div>\n                                    <\/div>\n            <\/div>\n        <\/div>\n        \t\t\t\t<\/div>\n\t\t\t\t<\/div>\n\t\t\t\t<div class=\"elementor-element elementor-element-e1dc012 u-dcwiSection -noBottom elementor-widget elementor-widget-dcwi-content-block\" data-id=\"e1dc012\" data-element_type=\"widget\" data-widget_type=\"dcwi-content-block.default\">\n\t\t\t\t<div class=\"elementor-widget-container\">\n\t\t\t\t\t        <div class=\"m-contentBlock   -borderTop\" data-no-translation>\n                        <div class=\"m-contentBlock__inner\">\n                <div class=\"m-contentBlock__imageWrapper\"><img loading=\"lazy\" decoding=\"async\" width=\"794\" height=\"1123\" src=\"https:\/\/baukulturschweiz.ch\/wp-content\/uploads\/2024\/03\/Strategie-Baukultur-Aktionsplan-2024\u20132027_Cover.png\" class=\"m-contentBlock__image\" alt=\"\" srcset=\"https:\/\/baukulturschweiz.ch\/wp-content\/uploads\/2024\/03\/Strategie-Baukultur-Aktionsplan-2024\u20132027_Cover.png 794w, https:\/\/baukulturschweiz.ch\/wp-content\/uploads\/2024\/03\/Strategie-Baukultur-Aktionsplan-2024\u20132027_Cover-212x300.png 212w, https:\/\/baukulturschweiz.ch\/wp-content\/uploads\/2024\/03\/Strategie-Baukultur-Aktionsplan-2024\u20132027_Cover-724x1024.png 724w, https:\/\/baukulturschweiz.ch\/wp-content\/uploads\/2024\/03\/Strategie-Baukultur-Aktionsplan-2024\u20132027_Cover-768x1086.png 768w, https:\/\/baukulturschweiz.ch\/wp-content\/uploads\/2024\/03\/Strategie-Baukultur-Aktionsplan-2024\u20132027_Cover-8x12.png 8w\" sizes=\"(max-width: 794px) 100vw, 794px\" \/><\/div>                <div class=\"m-contentBlock__content\">\n                    <p>The Baukultur Strategy pools the activities of the central Federal Administration in the field of Baukultur. <strong>The 2024-2027 Action Plan<\/strong> sets out ten objectives and the corresponding measures for the promotion of Baukultur in the 2024 to 2027 legislative period. (pdf in German)<\/p>\n                                            <div class=\"m-contentBlock__links\">\n                                                            <a class=\"-contentBlock -linkBar\"\n                                     target=\"_blank\"                                    href=\"https:\/\/baukulturschweiz.ch\/wp-content\/uploads\/2024\/03\/Strategie-Baukultur-Aktionsplan-2024%E2%80%932027.pdf\">\n                                     open pdf                                     <svg class=\"svg-inline--fa fa-arrow-right\" aria-hidden=\"true\" focusable=\"false\" data-prefix=\"fal\" data-icon=\"arrow-right\" role=\"img\" xmlns=\"http:\/\/www.w3.org\/2000\/svg\" viewbox=\"0 0 448 512\" data-fa-i2svg=\"\"><path fill=\"currentColor\" d=\"M443.7 266.8l-165.9 176C274.5 446.3 269.1 448 265.5 448c-3.986 0-7.988-1.375-11.16-4.156c-6.773-5.938-7.275-16.06-1.118-22.59L393.9 272H16.59c-9.171 0-16.59-7.155-16.59-15.1S7.421 240 16.59 240h377.3l-140.7-149.3c-6.157-6.531-5.655-16.66 1.118-22.59c6.789-5.906 17.27-5.469 23.45 1.094l165.9 176C449.4 251.3 449.4 260.7 443.7 266.8z\"><\/path><\/svg>                                <\/a>\n                                                    <\/div>\n                                    <\/div>\n            <\/div>\n        <\/div>\n        \t\t\t\t<\/div>\n\t\t\t\t<\/div>\n\t\t\t\t\t<\/div>\n\t\t\t\t<\/div>\n\t\t\t\t<\/div>","protected":false},"excerpt":{"rendered":"<p>Der gestaltete Lebensraum umgibt uns, wo immer wir uns gerade befinden. Eine hohe Baukultur ist deshalb wichtig f\u00fcr ein gutes Leben. Baukultur versteht den gesamten gestalteten Lebensraum als eine Einheit: vom Bestand bis zur zeitgen\u00f6ssischen Gestaltung, vom kleinen Handwerksdetail \u00fcber Geb\u00e4ude und Freir\u00e4ume bis zu grossmassst\u00e4blichen Infrastrukturen, vom Planungsprozess \u00fcber Bau und Betrieb bis hin [&hellip;]<\/p>","protected":false},"author":1,"featured_media":0,"parent":0,"menu_order":0,"comment_status":"closed","ping_status":"closed","template":"","meta":{"_acf_changed":false,"_relevanssi_hide_post":"","_relevanssi_hide_content":"","_relevanssi_pin_for_all":"","_relevanssi_pin_keywords":"","_relevanssi_unpin_keywords":"","_relevanssi_related_keywords":"","_relevanssi_related_include_ids":"","_relevanssi_related_exclude_ids":"","_relevanssi_related_no_append":"","_relevanssi_related_not_related":"","_relevanssi_related_posts":"","_relevanssi_noindex_reason":"","footnotes":""},"class_list":["post-101","page","type-page","status-publish","hentry"],"acf":[],"yoast_head":"<!-- This site is optimized with the Yoast SEO plugin v26.1.1 - https:\/\/yoast.com\/wordpress\/plugins\/seo\/ -->\n<title>Was ist Baukultur? &#8211; Baukultur Schweiz<\/title>\n<meta name=\"robots\" content=\"index, follow, max-snippet:-1, max-image-preview:large, max-video-preview:-1\" \/>\n<link rel=\"canonical\" href=\"https:\/\/baukulturschweiz.ch\/en\/what-is-baukultur\/\" \/>\n<meta property=\"og:locale\" content=\"en_GB\" \/>\n<meta property=\"og:type\" content=\"article\" \/>\n<meta property=\"og:title\" content=\"Was ist Baukultur? &#8211; Baukultur Schweiz\" \/>\n<meta property=\"og:description\" content=\"Der gestaltete Lebensraum umgibt uns, wo immer wir uns gerade befinden. Eine hohe Baukultur ist deshalb wichtig f\u00fcr ein gutes Leben. Baukultur versteht den gesamten gestalteten Lebensraum als eine Einheit: vom Bestand bis zur zeitgen\u00f6ssischen Gestaltung, vom kleinen Handwerksdetail \u00fcber Geb\u00e4ude und Freir\u00e4ume bis zu grossmassst\u00e4blichen Infrastrukturen, vom Planungsprozess \u00fcber Bau und Betrieb bis hin [&hellip;]\" \/>\n<meta property=\"og:url\" content=\"https:\/\/baukulturschweiz.ch\/en\/what-is-baukultur\/\" \/>\n<meta property=\"og:site_name\" content=\"Baukultur Schweiz\" \/>\n<meta property=\"article:modified_time\" content=\"2025-05-28T12:06:23+00:00\" \/>\n<meta property=\"og:image\" content=\"https:\/\/baukulturschweiz.ch\/wp-content\/uploads\/2023\/06\/2022-06-22-161327-manifest-zur-baukultur-cover-quer-bw.png\" \/>\n<meta name=\"twitter:card\" content=\"summary_large_image\" \/>\n<meta name=\"twitter:label1\" content=\"Estimated reading time\" \/>\n\t<meta name=\"twitter:data1\" content=\"4 minutes\" \/>\n<script type=\"application\/ld+json\" class=\"yoast-schema-graph\">{\"@context\":\"https:\/\/schema.org\",\"@graph\":[{\"@type\":\"WebPage\",\"@id\":\"https:\/\/baukulturschweiz.ch\/was-ist-baukultur\/\",\"url\":\"https:\/\/baukulturschweiz.ch\/was-ist-baukultur\/\",\"name\":\"Was ist Baukultur? &#8211; Baukultur Schweiz\",\"isPartOf\":{\"@id\":\"https:\/\/baukulturschweiz.ch\/de\/#website\"},\"primaryImageOfPage\":{\"@id\":\"https:\/\/baukulturschweiz.ch\/was-ist-baukultur\/#primaryimage\"},\"image\":{\"@id\":\"https:\/\/baukulturschweiz.ch\/was-ist-baukultur\/#primaryimage\"},\"thumbnailUrl\":\"https:\/\/baukulturschweiz.ch\/wp-content\/uploads\/2023\/06\/2022-06-22-161327-manifest-zur-baukultur-cover-quer-bw.png\",\"datePublished\":\"2023-03-27T08:39:44+00:00\",\"dateModified\":\"2025-05-28T12:06:23+00:00\",\"breadcrumb\":{\"@id\":\"https:\/\/baukulturschweiz.ch\/was-ist-baukultur\/#breadcrumb\"},\"inLanguage\":\"en-GB\",\"potentialAction\":[{\"@type\":\"ReadAction\",\"target\":[\"https:\/\/baukulturschweiz.ch\/was-ist-baukultur\/\"]}]},{\"@type\":\"ImageObject\",\"inLanguage\":\"en-GB\",\"@id\":\"https:\/\/baukulturschweiz.ch\/was-ist-baukultur\/#primaryimage\",\"url\":\"https:\/\/baukulturschweiz.ch\/wp-content\/uploads\/2023\/06\/2022-06-22-161327-manifest-zur-baukultur-cover-quer-bw.png\",\"contentUrl\":\"https:\/\/baukulturschweiz.ch\/wp-content\/uploads\/2023\/06\/2022-06-22-161327-manifest-zur-baukultur-cover-quer-bw.png\"},{\"@type\":\"BreadcrumbList\",\"@id\":\"https:\/\/baukulturschweiz.ch\/was-ist-baukultur\/#breadcrumb\",\"itemListElement\":[{\"@type\":\"ListItem\",\"position\":1,\"name\":\"Startseite\",\"item\":\"https:\/\/baukulturschweiz.ch\/\"},{\"@type\":\"ListItem\",\"position\":2,\"name\":\"Was ist Baukultur?\"}]},{\"@type\":\"WebSite\",\"@id\":\"https:\/\/baukulturschweiz.ch\/de\/#website\",\"url\":\"https:\/\/baukulturschweiz.ch\/de\/\",\"name\":\"Baukultur Schweiz\",\"description\":\"My WordPress Blog\",\"potentialAction\":[{\"@type\":\"SearchAction\",\"target\":{\"@type\":\"EntryPoint\",\"urlTemplate\":\"https:\/\/baukulturschweiz.ch\/de\/?s={search_term_string}\"},\"query-input\":{\"@type\":\"PropertyValueSpecification\",\"valueRequired\":true,\"valueName\":\"search_term_string\"}}],\"inLanguage\":\"en-GB\"}]}<\/script>\n<!-- \/ Yoast SEO plugin. -->","yoast_head_json":{"title":"Was ist Baukultur? &#8211; Baukultur Schweiz","robots":{"index":"index","follow":"follow","max-snippet":"max-snippet:-1","max-image-preview":"max-image-preview:large","max-video-preview":"max-video-preview:-1"},"canonical":"https:\/\/baukulturschweiz.ch\/en\/what-is-baukultur\/","og_locale":"en_GB","og_type":"article","og_title":"Was ist Baukultur? &#8211; Baukultur Schweiz","og_description":"Der gestaltete Lebensraum umgibt uns, wo immer wir uns gerade befinden. Eine hohe Baukultur ist deshalb wichtig f\u00fcr ein gutes Leben. Baukultur versteht den gesamten gestalteten Lebensraum als eine Einheit: vom Bestand bis zur zeitgen\u00f6ssischen Gestaltung, vom kleinen Handwerksdetail \u00fcber Geb\u00e4ude und Freir\u00e4ume bis zu grossmassst\u00e4blichen Infrastrukturen, vom Planungsprozess \u00fcber Bau und Betrieb bis hin [&hellip;]","og_url":"https:\/\/baukulturschweiz.ch\/en\/what-is-baukultur\/","og_site_name":"Baukultur Schweiz","article_modified_time":"2025-05-28T12:06:23+00:00","og_image":[{"url":"https:\/\/baukulturschweiz.ch\/wp-content\/uploads\/2023\/06\/2022-06-22-161327-manifest-zur-baukultur-cover-quer-bw.png","type":"","width":"","height":""}],"twitter_card":"summary_large_image","twitter_misc":{"Estimated reading time":"4 minutes"},"schema":{"@context":"https:\/\/schema.org","@graph":[{"@type":"WebPage","@id":"https:\/\/baukulturschweiz.ch\/was-ist-baukultur\/","url":"https:\/\/baukulturschweiz.ch\/was-ist-baukultur\/","name":"Was ist Baukultur? &#8211; Baukultur Schweiz","isPartOf":{"@id":"https:\/\/baukulturschweiz.ch\/de\/#website"},"primaryImageOfPage":{"@id":"https:\/\/baukulturschweiz.ch\/was-ist-baukultur\/#primaryimage"},"image":{"@id":"https:\/\/baukulturschweiz.ch\/was-ist-baukultur\/#primaryimage"},"thumbnailUrl":"https:\/\/baukulturschweiz.ch\/wp-content\/uploads\/2023\/06\/2022-06-22-161327-manifest-zur-baukultur-cover-quer-bw.png","datePublished":"2023-03-27T08:39:44+00:00","dateModified":"2025-05-28T12:06:23+00:00","breadcrumb":{"@id":"https:\/\/baukulturschweiz.ch\/was-ist-baukultur\/#breadcrumb"},"inLanguage":"en-GB","potentialAction":[{"@type":"ReadAction","target":["https:\/\/baukulturschweiz.ch\/was-ist-baukultur\/"]}]},{"@type":"ImageObject","inLanguage":"en-GB","@id":"https:\/\/baukulturschweiz.ch\/was-ist-baukultur\/#primaryimage","url":"https:\/\/baukulturschweiz.ch\/wp-content\/uploads\/2023\/06\/2022-06-22-161327-manifest-zur-baukultur-cover-quer-bw.png","contentUrl":"https:\/\/baukulturschweiz.ch\/wp-content\/uploads\/2023\/06\/2022-06-22-161327-manifest-zur-baukultur-cover-quer-bw.png"},{"@type":"BreadcrumbList","@id":"https:\/\/baukulturschweiz.ch\/was-ist-baukultur\/#breadcrumb","itemListElement":[{"@type":"ListItem","position":1,"name":"Startseite","item":"https:\/\/baukulturschweiz.ch\/"},{"@type":"ListItem","position":2,"name":"Was ist Baukultur?"}]},{"@type":"WebSite","@id":"https:\/\/baukulturschweiz.ch\/de\/#website","url":"https:\/\/baukulturschweiz.ch\/de\/","name":"Baukultur Switzerland","description":"My WordPress Blog","potentialAction":[{"@type":"SearchAction","target":{"@type":"EntryPoint","urlTemplate":"https:\/\/baukulturschweiz.ch\/de\/?s={search_term_string}"},"query-input":{"@type":"PropertyValueSpecification","valueRequired":true,"valueName":"search_term_string"}}],"inLanguage":"en-GB"}]}},"_links":{"self":[{"href":"https:\/\/baukulturschweiz.ch\/en\/wp-json\/wp\/v2\/pages\/101","targetHints":{"allow":["GET"]}}],"collection":[{"href":"https:\/\/baukulturschweiz.ch\/en\/wp-json\/wp\/v2\/pages"}],"about":[{"href":"https:\/\/baukulturschweiz.ch\/en\/wp-json\/wp\/v2\/types\/page"}],"author":[{"embeddable":true,"href":"https:\/\/baukulturschweiz.ch\/en\/wp-json\/wp\/v2\/users\/1"}],"replies":[{"embeddable":true,"href":"https:\/\/baukulturschweiz.ch\/en\/wp-json\/wp\/v2\/comments?post=101"}],"version-history":[{"count":174,"href":"https:\/\/baukulturschweiz.ch\/en\/wp-json\/wp\/v2\/pages\/101\/revisions"}],"predecessor-version":[{"id":4798,"href":"https:\/\/baukulturschweiz.ch\/en\/wp-json\/wp\/v2\/pages\/101\/revisions\/4798"}],"wp:attachment":[{"href":"https:\/\/baukulturschweiz.ch\/en\/wp-json\/wp\/v2\/media?parent=101"}],"curies":[{"name":"wp","href":"https:\/\/api.w.org\/{rel}","templated":true}]}}