{"id":92,"date":"2023-03-24T09:05:25","date_gmt":"2023-03-24T09:05:25","guid":{"rendered":"http:\/\/baukultur.dclabs.ch\/?page_id=92"},"modified":"2025-10-16T18:45:46","modified_gmt":"2025-10-16T16:45:46","slug":"dialog","status":"publish","type":"page","link":"https:\/\/baukulturschweiz.ch\/de\/dialog\/","title":{"rendered":"Dialog"},"content":{"rendered":"\t\t<div data-elementor-type=\"wp-page\" data-elementor-id=\"92\" class=\"elementor elementor-92\" data-elementor-post-type=\"page\">\n\t\t\t\t<div class=\"elementor-element elementor-element-7b6fdfd3 e-con-full e-flex e-con e-parent\" data-id=\"7b6fdfd3\" data-element_type=\"container\">\n\t\t\t\t<div class=\"elementor-element elementor-element-1db0bc1e elementor-widget elementor-widget-heading\" data-id=\"1db0bc1e\" data-element_type=\"widget\" data-widget_type=\"heading.default\">\n\t\t\t\t<div class=\"elementor-widget-container\">\n\t\t\t\t\t<h1 class=\"elementor-heading-title elementor-size-default\">Dialog<\/h1>\t\t\t\t<\/div>\n\t\t\t\t<\/div>\n\t\t\t\t<\/div>\n\t\t<div class=\"elementor-element elementor-element-33db15cc e-con-full e-flex e-con e-parent\" data-id=\"33db15cc\" data-element_type=\"container\">\n\t\t\t\t<div class=\"elementor-element elementor-element-7207fd0 u-leadText elementor-widget__width-initial elementor-widget elementor-widget-text-editor\" data-id=\"7207fd0\" data-element_type=\"widget\" data-widget_type=\"text-editor.default\">\n\t\t\t\t<div class=\"elementor-widget-container\">\n\t\t\t\t\t\t\t\t\t<p>Wie wollen wir leben? Wie l\u00f6sen wir dr\u00e4ngende gesellschaftliche Herausforderungen? Der Dialog zur Baukultur in der Schweiz ist vielseitig und anspruchsvoll \u2013 und findet auf unterschiedlichen Kan\u00e4len statt. Die Plattform Baukultur Schweiz macht den Dialog sichtbar. Welche Ideen, Projekte oder politische Vorhaben geben aktuell zu reden? Lassen Sie sich von der Frage des Monats inspirieren und diskutieren Sie \u00fcber dem LinkedIn-Kanal von Baukultur Schweiz oder ihre eigenen Kan\u00e4le mit.<\/p>\t\t\t\t\t\t\t\t<\/div>\n\t\t\t\t<\/div>\n\t\t\t\t<\/div>\n\t\t<div class=\"elementor-element elementor-element-6c3e5eb8 e-con-full e-flex e-con e-parent\" data-id=\"6c3e5eb8\" data-element_type=\"container\">\n\t\t\t\t<div class=\"elementor-element elementor-element-6e86d31 m-dialogTabs e-n-tabs-mobile elementor-widget elementor-widget-n-tabs\" data-id=\"6e86d31\" data-element_type=\"widget\" data-settings=\"{&quot;horizontal_scroll&quot;:&quot;disable&quot;}\" data-widget_type=\"nested-tabs.default\">\n\t\t\t\t<div class=\"elementor-widget-container\">\n\t\t\t\t\t\t\t<div class=\"e-n-tabs\" data-widget-number=\"115895601\" aria-label=\"Tabs. Open items with Enter or Space, close with Escape and navigate using the Arrow keys.\">\n\t\t\t<div class=\"e-n-tabs-heading\" role=\"tablist\">\n\t\t\t\t\t<button id=\"e-n-tab-title-1158956011\" class=\"e-n-tab-title\" aria-selected=\"true\" data-tab-index=\"1\" role=\"tab\" tabindex=\"0\" aria-controls=\"e-n-tab-content-1158956011\" style=\"--n-tabs-title-order: 1;\">\n\t\t\t\t\t\t<span class=\"e-n-tab-title-text\">\n\t\t\t\tFrage des Monats\t\t\t<\/span>\n\t\t<\/button>\n\t\t\t\t<button id=\"e-n-tab-title-1158956012\" class=\"e-n-tab-title\" aria-selected=\"false\" data-tab-index=\"2\" role=\"tab\" tabindex=\"-1\" aria-controls=\"e-n-tab-content-1158956012\" style=\"--n-tabs-title-order: 2;\">\n\t\t\t\t\t\t<span class=\"e-n-tab-title-text\">\n\t\t\t\tSocial Media\t\t\t<\/span>\n\t\t<\/button>\n\t\t\t\t\t<\/div>\n\t\t\t<div class=\"e-n-tabs-content\">\n\t\t\t\t<div id=\"e-n-tab-content-1158956011\" role=\"tabpanel\" aria-labelledby=\"e-n-tab-title-1158956011\" data-tab-index=\"1\" style=\"--n-tabs-title-order: 1;\" class=\"e-active elementor-element elementor-element-920fc89 e-con-full e-flex e-con e-child\" data-id=\"920fc89\" data-element_type=\"container\">\n\t\t\t\t<div class=\"elementor-element elementor-element-2550ca8 elementor-hidden-mobile elementor-widget elementor-widget-heading\" data-id=\"2550ca8\" data-element_type=\"widget\" data-widget_type=\"heading.default\">\n\t\t\t\t<div class=\"elementor-widget-container\">\n\t\t\t\t\t<h4 class=\"elementor-heading-title elementor-size-default\">Frage des Monats<\/h4>\t\t\t\t<\/div>\n\t\t\t\t<\/div>\n\t\t\t\t<div class=\"elementor-element elementor-element-b20355 elementor-widget elementor-widget-shortcode\" data-id=\"b20355\" data-element_type=\"widget\" data-widget_type=\"shortcode.default\">\n\t\t\t\t<div class=\"elementor-widget-container\">\n\t\t\t\t\t\t\t<div class=\"elementor-shortcode\"><div class=\"sia-frage-des-monats-grid\"><div class=\"sia-frage-des-monats-wrapper\"><div class=\"sia-frage-des-monats-q active\" data-id=\"5933\"><h1>Warum ist Untertagbau wichtig?<\/h1><div class=\"sia-frage-des-monats-answer active\"><div class=\"img sia-fragedesmonats-lazy-bg\" style=\"background-image:url(https:\/\/baukulturschweiz.ch\/wp-content\/uploads\/2026\/04\/Jade-Senn-scaled-e1774277480480-768x768.jpg);\"><\/div><p>Der Untertagbau ist ein wesentlicher Zweig des Bauingenieurwesens, da er die Gesellschaft nicht nur wirtschaftlich, energetisch und kulturell antreibt; er verbindet uns auch, indem er nat\u00fcrliche und k\u00fcnstliche Hindernisse \u00fcberwindet. Unterirdische Infrastrukturen sind von kritischer Bedeutung. Sie beherbergen hochleistungsf\u00e4hige Transportsysteme, die neue Mobilit\u00e4tswege und Achsen der Energieversorgung erschliessen. Sie bieten auch ein grosses Potenzial als Speicherr\u00e4ume, die uns ganz neue Freiheiten er\u00f6ffnen k\u00f6nnen.<\/p><p>Jade Senn<br \/>Bauingenieurin EPFL, Gruppenleiterin Unterirdische Bauwerke Westschweiz bei WSP Ing\u00e9nieurs Conseils<\/p><\/div><\/div><\/div><div class=\"sia-frage-des-monats-wrapper\"><div class=\"sia-frage-des-monats-q active\" data-id=\"5933\"><h1>Warum ist Untertagbau wichtig?<\/h1><div class=\"sia-frage-des-monats-answer active\"><div class=\"img sia-fragedesmonats-lazy-bg\" style=\"background-image:url(https:\/\/baukulturschweiz.ch\/wp-content\/uploads\/2026\/04\/Davide-Fabbri-e1774277421191-768x768.jpg);\"><\/div><p>Untertagbau wird oft negativ wahrgenommen, da die Bauarbeiten Auswirkungen haben (Emissionen, Entsorgung von Aushubmaterial, Energiebedarf, m\u00f6gliche Umweltrisiken) und sie zwangsl\u00e4ufig eine negative CO2-Bilanz aufweisen (unterirdische Bauwerke k\u00f6nnen keine \u201eNetto-Null\u201c erreichen). Vor dem Hintergrund zunehmender Urbanisierung und Mobilit\u00e4t sowie knapper verf\u00fcgbarer Fl\u00e4chen sind Untertagbauwerke jedoch eine sehr wirksame Antwort und erm\u00f6glichen innovative L\u00f6sungen, die sich positiv auf die soziale und wirtschaftliche Entwicklung der Orte und Regionen auswirken, in denen sie realisiert werden.<\/p><p>Davide Fabbri<br \/>Pr\u00e4sident der Fachgruppe f\u00fcr Untertagbau FGU<\/p><\/div><\/div><\/div><div class=\"sia-frage-des-monats-wrapper\"><div class=\"sia-frage-des-monats-q active\" data-id=\"5926\"><h1>Brandschutz&shy;vorschriften versch\u00e4rfen?<\/h1><div class=\"sia-frage-des-monats-answer active\"><div class=\"img sia-fragedesmonats-lazy-bg\" style=\"background-image:url(https:\/\/baukulturschweiz.ch\/wp-content\/uploads\/2026\/02\/Jean-Francois-Steiert-\u00a9-Pierre-Yves-Massot-scaled-e1771922604652-768x768.jpg);\"><\/div><p>Das Beispiel des Kantons Wallis mit einem der strengsten Gesetze der Schweiz zeigt, dass die Herausforderungen nicht prim\u00e4r bei der Strenge der technischen Normen liegen, sondern vor allem bei deren Umsetzung: Kontrollen m\u00fcssen mit ausreichenden Kompetenzen und mit der notwendigen Unabh\u00e4ngigkeit durchgef\u00fchrt werden, m\u00f6glicherweise mit landesweiten Mindestanforderungen. Wir sollten unsere begrenzten Ressourcen dabei risikoorientiert einsetzen: das kann mehr Strenge bei Orten mit hohen Risiken bringen, aber auch weniger Kontrollen und mehr Selbstverantwortung, wo das Risiko gering ist.<\/p><p>Jean-Fran\u00e7ois Steiert<br \/>Staatsrat, Direktion f\u00fcr Raumentwicklung, Infrastruktur, Mobilit\u00e4t und Umwelt RIMU, Kanton Freiburg<\/p><\/div><\/div><\/div><div class=\"sia-frage-des-monats-wrapper\"><div class=\"sia-frage-des-monats-q active\" data-id=\"5926\"><h1>Brandschutz&shy;vorschriften versch\u00e4rfen?<\/h1><div class=\"sia-frage-des-monats-answer active\"><div class=\"img sia-fragedesmonats-lazy-bg\" style=\"background-image:url(https:\/\/baukulturschweiz.ch\/wp-content\/uploads\/2026\/02\/Hans-Wicki-scaled-e1771922679414-768x768.jpg);\"><\/div><p>Die Erkenntnisse aus der tragischen Brandkatastrophe m\u00fcssen in die laufende Revision einfliessen. Aber ohne die Arbeit der letzten Jahre f\u00fcr einen umsetzbaren, finanzierbaren und technisch aktuellen Brandschutz zu gef\u00e4hrden.<\/p><p>Hans Wicki<br \/>St\u00e4nderat, Pr\u00e4sident von Bauenschweiz<\/p><\/div><\/div><\/div><div class=\"sia-frage-des-monats-wrapper\"><div class=\"sia-frage-des-monats-q active\" data-id=\"5694\"><h1>Abreissen oder nicht?<\/h1><div class=\"sia-frage-des-monats-answer active\"><div class=\"img sia-fragedesmonats-lazy-bg\" style=\"background-image:url(https:\/\/baukulturschweiz.ch\/wp-content\/uploads\/2026\/02\/Lisa-Mazzone-scaled-e1768308068523-768x941.jpg);\"><\/div><p>Angesichts der klimatischen Herausforderungen und zum Schutz unserer nat\u00fcrlichen Ressourcen sollte der Abriss bestehender Geb\u00e4ude grunds\u00e4tzlich vermieden werden. Durch eine Renovation k\u00f6nnen heute m\u00f6glichst viele Bauteile wiederverwendet und eine qualit\u00e4tvolle Innenentwicklung erreicht werden. Das Beispiel der Berner Wohnbaugenossenschaft Warmb\u00e4chli, die aus dem ehemaligen Lagerhaus von Chocolat Tobler entstanden ist, zeigt dies. Um jedoch Kulturland und Landschaft zu erhalten, ist die im revidierten Raumplanungsgesetzes (RPG 2) eingef\u00fchrte Abbruchpr\u00e4mie f\u00fcr Geb\u00e4ude ausserhalb von Bauzonen ein guter Ansatz. <\/p><p>Lisa Mazzone<br \/>Pr\u00e4sidentin der Gr\u00fcnen Schweiz<\/p><\/div><\/div><\/div><div class=\"sia-frage-des-monats-wrapper\"><div class=\"sia-frage-des-monats-q active\" data-id=\"5694\"><h1>Abreissen oder nicht?<\/h1><div class=\"sia-frage-des-monats-answer active\"><div class=\"img sia-fragedesmonats-lazy-bg\" style=\"background-image:url(https:\/\/baukulturschweiz.ch\/wp-content\/uploads\/2026\/02\/Stefan-Kurath-scaled-e1768308337283-768x768.jpg);\"><\/div><p>Nicht abreissen! Wir m\u00fcssen dringend an besseren Rahmenbedingungen arbeiten. Die Bauordnung ist anzupassen, dass das Weiterbauen in der Regelbauweise wirtschaftlich wird. Immobilien d\u00fcrfen nicht weiter als Betongold betrachtet werden. Ausnahmen bei Normen m\u00fcssen m\u00f6glich sein. Die Gesellschaft muss sich auf Experimente einlassen. Denkmalpflege und Heimatschutz m\u00fcssen \u00fcber sich hinauswachsen. Gleichzeitig m\u00fcssen wir uns eingestehen, dass st\u00e4dtebauliche Korrekturen manchmal notwendig sind, um Mehrwerte f\u00fcr Folgegenerationen zu schaffen. Dringend m\u00fcssen wir zu einer \u00abBaukultur mit Bestand\u00bb finden.<\/p><p>Stefan Kurath <br \/>Professor am Institut Urban Landscape der ZHAW<\/p><\/div><\/div><\/div><div class=\"sia-frage-des-monats-wrapper\"><div class=\"sia-frage-des-monats-q active\" data-id=\"5609\"><h1>Was heisst Genius loci?<\/h1><div class=\"sia-frage-des-monats-answer active\"><div class=\"img sia-fragedesmonats-lazy-bg\" style=\"background-image:url(https:\/\/baukulturschweiz.ch\/wp-content\/uploads\/2025\/02\/Adrienne-Gret-Regamey-e1738318040469.jpg);\"><\/div><p>Genius loci erfasst die besonderen Eigenschaften eines Ortes, die sowohl die menschliche Erfahrung pr\u00e4gen als auch von ihr gepr\u00e4gt werden. Der Genius loci gewinnt an Bedeutung, wenn Menschen aufgrund physischer, kultureller und sinnlicher Eigenschaften emotionale, funktionale und identit\u00e4tsstiftende Bindungen zu einem Ort entwickeln. Der Genius loci entfaltet sich durch das kontinuierliche Zusammenspiel von inh\u00e4renten Ortseigenschaften und der Art, wie Menschen den Ort erleben, auf ihn reagieren und ihm mit der Zeit eine Bedeutung beimessen.<\/p><p>Adrienne Gr\u00eat-Regamey<br \/>Professorin in Landschaftsplanung, ETH Z\u00fcrich, Lehrstuhl f\u00fcr die Planung von Landschaften und Umweltsystemen<\/p><\/div><\/div><\/div><div class=\"sia-frage-des-monats-wrapper\"><div class=\"sia-frage-des-monats-q active\" data-id=\"5609\"><h1>Was heisst Genius loci?<\/h1><div class=\"sia-frage-des-monats-answer active\"><div class=\"img sia-fragedesmonats-lazy-bg\" style=\"background-image:url(https:\/\/baukulturschweiz.ch\/wp-content\/uploads\/2026\/01\/Flurina-Wartmann_crop-768x768.jpg);\"><\/div><p>Der Begriff Genius loci bezeichnete in der r\u00f6mischen Antike die Schutzgottheit eines Ortes. Heute verstehen wir darunter den besonderen Charakter, der einem Ort seine eigene Identit\u00e4t verleiht. Der Genius loci ist eng verwandt mit dem englischen Konzept des 'sense of place' in der Humangeografie, jenem Ortssinn, der aus dem Zusammenspiel zwischen der nat\u00fcrlichen und gebauten Umwelt und dem pers\u00f6nlichen Empfinden von Menschen entsteht. Gibt es Orte, wo Sie sich direkt wohlf\u00fchlen, die nicht austauschbar sind, sondern einen ganz eigenen Charakter haben? Dann wohnt denen sicher ein guter Ortsgeist inne!<\/p><p>Flurina Wartmann<br \/>Senior Lecturer \/ Associate Professor in Geography and Environment, Universit\u00e4t Aberdeen, Vereinigtes K\u00f6nigreich<\/p><\/div><\/div><\/div><div class=\"sia-frage-des-monats-wrapper\"><div class=\"sia-frage-des-monats-q active\" data-id=\"5467\"><h1>Ihr Baukultur-Tipp f\u00fcr den Winter?<\/h1><div class=\"sia-frage-des-monats-answer active\"><div class=\"img sia-fragedesmonats-lazy-bg\" style=\"background-image:url(https:\/\/baukulturschweiz.ch\/wp-content\/uploads\/2025\/11\/Valentina-DAvenia-768x768.jpg);\"><\/div><p>Nutzen Sie den Winter, um Ausstellungen zu besuchen und spannende Vortr\u00e4ge zu h\u00f6ren \u2013 alle im Dezember und Januar: Clara und Philippe Simay (FR) sowie Xu Tiantian (CN) werden im Pavillon Sicli \u00fcber ihre Arbeit sprechen. Die Stadtgalerie Chur pr\u00e4sentiert Architecture of Memory, eine Ausstellung mit rund sechzig Zeichnungen von Schweizer Architekten, die nach ihren Erinnerungen entstanden sind. Last but not least zeigt die SAY 2025\/26, kuratiert von Andreas Ruby und Yuma Shinohara, im i2a in Lugano dreissig herausragende Schweizer Projekte, die es zu entdecken gilt. Nicht verpassen!<\/p><p>Valentina D\u2019Avenia<br \/>Fachspezialistin Visuelle K\u00fcnste, Pro Helvetia<\/p><\/div><\/div><\/div><div class=\"sia-frage-des-monats-wrapper\"><div class=\"sia-frage-des-monats-q active\" data-id=\"5467\"><h1>Ihr Baukultur-Tipp f\u00fcr den Winter?<\/h1><div class=\"sia-frage-des-monats-answer active\"><div class=\"img sia-fragedesmonats-lazy-bg\" style=\"background-image:url(https:\/\/baukulturschweiz.ch\/wp-content\/uploads\/2025\/11\/Muck-Petzet-\u00a9-Gerhardt-Kellermann-768x768.jpg);\"><\/div><p>Im Winter mal ganz in den S\u00fcden: Sizilien! Die Insel ist per Zug und F\u00e4hre erreichbar und bietet mit dem \u201enon-finito\" einen beeindruckenden Beitrag zur Architekturdiskussion. Alterazioni Video und Fosbury Architecture erkl\u00e4rten das \u201aUnfertige\u2018 zum bedeutendsten Architekturstil Italiens der letzten 50 Jahre. Gut erleben l\u00e4sst sich das in Giarre bei Catania, der \u201eHauptstadt\" des Unfertigen, mit Polo-Stadium und Theater. Auch in Catania selbst zerf\u00e4llt das nie fertiggestellte Olympiadorf von Kenzo Tange bereits wieder. Das Unfertige als Qualit\u00e4t und Potenzial: Hier ist es harsche Realit\u00e4t.<\/p><p>Muck Petzet<br \/>Professor, USI-ARC, IAST (Institut f\u00fcr nachhaltige Architektur und Technologie)<\/p><\/div><\/div><\/div><div class=\"sia-frage-des-monats-wrapper\"><div class=\"sia-frage-des-monats-q active\" data-id=\"5391\"><h1>Was hat Baukultur mit Service public zu tun?<\/h1><div class=\"sia-frage-des-monats-answer active\"><div class=\"img sia-fragedesmonats-lazy-bg\" style=\"background-image:url(https:\/\/baukulturschweiz.ch\/wp-content\/uploads\/2025\/11\/Thomas-Egger-768x858.jpg);\"><\/div><p>Die Grundversorgung ist im Umbruch. Oft denkmalgesch\u00fctzte Bahnhofsgeb\u00e4ude, Postb\u00fcros und andere Infrastrukturbauten verlieren ihren urspr\u00fcnglichen Verwendungszweck. Dadurch ergeben sich aber auch Chancen f\u00fcr neue Nutzungen und eine Aufwertung der meist im Ortskern angesiedelten Geb\u00e4ude und deren Umgebung. Deshalb ist es wichtig, bei Transformationsprozessen in l\u00e4ndlichen Gemeinden die Baukultur und Leistungen des Service public gemeinsam weiterzuentwickeln. Hier setzt das Projekt COBASI im Rahmen des Nationalen Forschungsprojekts (NFP) Baukultur an und liefert ortsangepasste L\u00f6sungsans\u00e4tze.<\/p><p>Thomas Egger<br \/>Direktor Schweizerische Arbeitsgemeinschaft f\u00fcr die Berggebiete SAB<\/p><\/div><\/div><\/div><div class=\"sia-frage-des-monats-wrapper\"><div class=\"sia-frage-des-monats-q active\" data-id=\"5391\"><h1>Was hat Baukultur mit Service public zu tun?<\/h1><div class=\"sia-frage-des-monats-answer active\"><div class=\"img sia-fragedesmonats-lazy-bg\" style=\"background-image:url(https:\/\/baukulturschweiz.ch\/wp-content\/uploads\/2025\/11\/Serena-Vanbutsele-768x768.jpg);\"><\/div><p>In l\u00e4ndlichen Gebieten mit weniger als 10.000 Einwohnern finden sich viele aktuelle Projekte mit Einrichtungen des Service public, die aufgrund ihrer architektonischen Qualit\u00e4t in der Umgestaltung bestehender Geb\u00e4ude mit Preisen und Publikationen bedacht wurden. Sie beherbergen Mehrzweckhallen, Kulturzentren, Generationen- oder Nachbarschaftszentren oder Markthallen. Solche Mehrfachnutzungen erfordern grosse R\u00e4ume mit wenigen spezifischen Verwendungszwecken, was r\u00e4umliche Einschr\u00e4nkungen reduziert und Flexibilit\u00e4t bei der Raumaufteilung f\u00f6rdert.<\/p><p>S\u00e9r\u00e9na Vanbutsele<br \/>Professorin f\u00fcr Architektur und St\u00e4dtebau an der HEIA-FR, Institut TRANSFORM<\/p><\/div><\/div><\/div><div class=\"sia-frage-des-monats-wrapper\"><div class=\"sia-frage-des-monats-q active\" data-id=\"5248\"><h1>Was bringt Partizipation?<\/h1><div class=\"sia-frage-des-monats-answer active\"><div class=\"img sia-fragedesmonats-lazy-bg\" style=\"background-image:url(https:\/\/baukulturschweiz.ch\/wp-content\/uploads\/2025\/10\/Regula_Luescher-Foto__c__Daniel_Kunzfeld-scaled-e1759138265531-768x768.jpeg);\"><\/div><p>Beteiligung schafft Mehrwert. In Nachbarschaften steckt wertvolles Wissen vor Ort \u2013 dieses bereichert Projekte und muss gezielt zur Programmierung genutzt werden. Sinn und Zweck von Beteiligung ist das gegenseitige Lernen, nicht das Schaffen von Akzeptanz. Daf\u00fcr braucht es transparente Entscheidungswege: Alle m\u00fcssen wissen, wer was wann entscheidet und wo Mitwirkung endet. Beteiligung ist kein Garant f\u00fcr Erfolg \u2013 doch fehlende Beteiligung ist der sichere Weg zum Scheitern. Gute Beteiligungskultur ist Prozess- und damit Baukultur.<\/p><p>Regula L\u00fcscher<br \/>Die Stadtmacherin, ehemalige Senatsbaudirektorin\/Staatssekret\u00e4rin von Berlin<\/p><\/div><\/div><\/div><div class=\"sia-frage-des-monats-wrapper\"><div class=\"sia-frage-des-monats-q active\" data-id=\"5248\"><h1>Was bringt Partizipation?<\/h1><div class=\"sia-frage-des-monats-answer active\"><div class=\"img sia-fragedesmonats-lazy-bg\" style=\"background-image:url(https:\/\/baukulturschweiz.ch\/wp-content\/uploads\/2025\/10\/CG_P_002-scaled-e1759137965156-768x768.jpg);\"><\/div><p>Partizipation bietet zahlreiche Vorteile: Sie erm\u00f6glicht, Bauprojekte nach tats\u00e4chlichen Bed\u00fcrfnissen der Bewohnenden auszurichten und tr\u00e4gt so zur Qualit\u00e4tssteigerung bei. Der Einbezug der Bev\u00f6lkerung in die Entscheidungsfindung schafft Akzeptanz und vermindert Einsprachen oder Blockaden. Partizipation spielt auch eine wesentliche demokratische Rolle, indem sie das Vertrauen zwischen Institutionen und Bev\u00f6lkerung st\u00e4rkt. Ausserdem f\u00f6rdert sie ein besseres Verst\u00e4ndnis f\u00fcr urbane, \u00f6kologische und finanzielle Herausforderungen und damit auch gemeinschaftliches Engagement und Verantwortungsbewusstsein.<\/p><p>Christophe Gnaegi<br \/>Architekt und Stadtplaner FSU, gesch\u00e4ftsf\u00fchrender Gesellschafter, TRIBU architecture<\/p><\/div><\/div><\/div><div class=\"sia-frage-des-monats-wrapper\"><div class=\"sia-frage-des-monats-q active\" data-id=\"5039\"><h1>Wessen Erbe z\u00e4hlt?<\/h1><div class=\"sia-frage-des-monats-answer active\"><div class=\"img sia-fragedesmonats-lazy-bg\" style=\"background-image:url(https:\/\/baukulturschweiz.ch\/wp-content\/uploads\/2025\/09\/Silke_Langenberg_2023_F0A0334-scaled-e1750173001685-768x965.jpg);\"><\/div><p>Jeder Mensch hat ein Anrecht auf die Erhaltung des kulturellen Erbes. Dieses Interesse der Mehrheit (zu der selbstverst\u00e4ndlich auch Minderheiten geh\u00f6ren) ist h\u00f6her zu gewichten als Partikularinteressen. Wichtiger als die Frage, wessen Erbe z\u00e4hlt, erscheint mir aber die Frage, wessen Erbe wahrgenommen wird. Die Meinungen dar\u00fcber, was als Kulturerbe wichtig zu erhalten ist, sind vielf\u00e4ltig. Das muss sich auch in den Inventaren und als Denkmal gesch\u00fctzten Objekten widerspiegeln.<\/p><p>Silke Langenberg<br \/>Professorin f\u00fcr Konstruktionserbe und Denkmalpflege an der ETH Z\u00fcrich<\/p><\/div><\/div><\/div><div class=\"sia-frage-des-monats-wrapper\"><div class=\"sia-frage-des-monats-q active\" data-id=\"5039\"><h1>Wessen Erbe z\u00e4hlt?<\/h1><div class=\"sia-frage-des-monats-answer active\"><div class=\"img sia-fragedesmonats-lazy-bg\" style=\"background-image:url(https:\/\/baukulturschweiz.ch\/wp-content\/uploads\/2025\/09\/Foto-Oliver-Gassner-scaled-e1752488236483-768x768.jpg);\"><\/div><p>Aus Sicht der Bauwerkserhaltung z\u00e4hlt das Erbe dort, wo Bauwerke nicht nur funktional, sondern auch als Tr\u00e4ger baukultureller, bautechnischer, architektonischer und wirtschaftlicher Werte verstanden werden. Der Erhalt betrifft nicht allein denkmalgesch\u00fctzte Objekte, sondern alle Bauwerke, deren Sicherheit, Gebrauchstauglichkeit, Funktionst\u00fcchtigkeit und baukulturelle Bedeutung im Lebenszyklus bewahrt werden sollen. Jedes Bauwerk ist Ausdruck seiner Zeit \u2013 sein Erbe z\u00e4hlt, wenn es durch fachgerechte Erhaltungsplanung und -massnahmen in Substanz und Sinnhaftigkeit weiterbestehen kann.<\/p><p>Oliver Gassner<br \/>Pr\u00e4sident SIA-Fachgruppe f\u00fcr die Erhaltung von Bauwerken (FEB)<\/p><\/div><\/div><\/div><div class=\"sia-frage-des-monats-wrapper\"><div class=\"sia-frage-des-monats-q active\" data-id=\"5037\"><h1>Geh\u00f6rt Baukultur zur nationalen Identit\u00e4t?<\/h1><div class=\"sia-frage-des-monats-answer active\"><div class=\"img sia-fragedesmonats-lazy-bg\" style=\"background-image:url(https:\/\/baukulturschweiz.ch\/wp-content\/uploads\/2025\/08\/Romana-Heuberger-scaled-e1752151070419-768x768.jpg);\"><\/div><p>Baukultur schafft Identit\u00e4t, Lebensqualit\u00e4t und Akzeptanz f\u00fcr Verdichtung. Sie ist regional gepr\u00e4gt; Engadin, Z\u00fcrich, Neuch\u00e2tel oder das Tessin unterscheiden sich sichtbar. Doch in j\u00fcngster Vergangenheit entstanden vielerorts gesichtslose Bauten \u2013 austauschbar und ohne Ortsbezug. Mag sein, dass diese Entwicklung das Bed\u00fcrfnis nach sch\u00fctzenden, qualit\u00e4tssichernden Vorgaben gest\u00e4rkt hat. Heute wird der Schutz der Vergangenheit jedoch zu h\u00e4ufig missbraucht, um Neuerungen zu verhindern. Baukultur muss einen Weg finden, um den qualit\u00e4tsvollen Wandel ohne zus\u00e4tzliche Regulierungen zu erm\u00f6glichen.<\/p><p>Romana Heuberger<br \/>Wissenschaftliche Mitarbeiterin, Schweizerischer Baumeisterverband<\/p><\/div><\/div><\/div><div class=\"sia-frage-des-monats-wrapper\"><div class=\"sia-frage-des-monats-q active\" data-id=\"5037\"><h1>Geh\u00f6rt Baukultur zur nationalen Identit\u00e4t?<\/h1><div class=\"sia-frage-des-monats-answer active\"><div class=\"img sia-fragedesmonats-lazy-bg\" style=\"background-image:url(https:\/\/baukulturschweiz.ch\/wp-content\/uploads\/2025\/08\/SBB_SALOME-MALL_20241218_233-768x1112.jpg);\"><\/div><p>Auf jeden Fall! F\u00fcr mich ist Baukultur untrennbar mit der schweizerischen Identit\u00e4t verbunden. Sie verk\u00f6rpert unsere Tradition von Qualit\u00e4t, Pr\u00e4zision und Gemeinsinn. Bei der SBB zeigt sich das besonders am bahnkulturellen Erbe: Es zeugt von der verbindenden Kraft unserer Infrastruktur und bleibt doch nicht statisch. Gemeinsam mit St\u00e4dten und Gemeinden entwickeln wir es weiter \u2013 zu lebendigen Quartieren rund um die Verkehrsknotenpunkte, die das Zusammenleben und -wirken st\u00e4rken.<\/p><p>Salom\u00e9 Mall<br \/>Mitglied der Gesch\u00e4ftsleitung SBB Immobilien, Leiterin Development<\/p><\/div><\/div><\/div><div class=\"sia-frage-des-monats-wrapper\"><div class=\"sia-frage-des-monats-q active\" data-id=\"5014\"><h1>Was heisst Funktio&shy;nalit\u00e4t?<\/h1><div class=\"sia-frage-des-monats-answer active\"><div class=\"img sia-fragedesmonats-lazy-bg\" style=\"background-image:url(https:\/\/baukulturschweiz.ch\/wp-content\/uploads\/2025\/06\/PortraitED-Kopie2-768x871.jpg);\"><\/div><p>Funktionalit\u00e4t ist ein wesentlicher Bestandteil der Baukultur, da sie sicherstellt, dass Geb\u00e4ude den Bed\u00fcrfnissen der Nutzer entsprechend geplant sind. Baukultur umfasst jedoch mehr als nur Funktionalit\u00e4t; sie widerspiegelt auch die kulturellen, \u00e4sthetischen und historischen Werte einer Region. Ein harmonisches Zusammenspiel von Funktionalit\u00e4t und kulturellen Aspekten schafft Architektur, die nicht nur zweckm\u00e4\u00dfig, sondern auch identit\u00e4tsstiftend ist.<\/p><p>Erol Doguoglu<br \/>Architekt und Kantonsbaumeister St.Gallen<\/p><\/div><\/div><\/div><div class=\"sia-frage-des-monats-wrapper\"><div class=\"sia-frage-des-monats-q active\" data-id=\"5014\"><h1>Was heisst Funktio&shy;nalit\u00e4t?<\/h1><div class=\"sia-frage-des-monats-answer active\"><div class=\"img sia-fragedesmonats-lazy-bg\" style=\"background-image:url(https:\/\/baukulturschweiz.ch\/wp-content\/uploads\/2025\/06\/EB_Portrait01_Sept19-768x807.jpg);\"><\/div><p>Funktionalit\u00e4t von Br\u00fccken besteht im Verm\u00f6gen, definierte Verkehrslasten innerhalb eines bestimmten Raumprofils sicher zu tragen. F\u00fcr Br\u00fccken ist die Erf\u00fcllung dieser Funktionalit\u00e4t grundlegend. Sie allein f\u00fchrt jedoch nicht zu Baukultur. Br\u00fccken m\u00fcssen immer auch wirtschaftlich und \u00e4sthetisch von hoher Qualit\u00e4t sein, bei einem m\u00f6glichst geringen Ressourcenverbrauch. Bei der Erhaltung von Br\u00fccken wird Baukultur von der allgemeinen Baupraxis bestenfalls als Herausforderung gesehen. Br\u00fccken m\u00fcssen als Baukultur verstanden werden, um sie auf einem qualitativ hohen Niveau erhalten zu k\u00f6nnen.<\/p><p>Eugen Br\u00fchwiler<br \/>Emeritierter Professor an der EPFL (ETH Lausanne)<\/p><\/div><\/div><\/div><div class=\"sia-frage-des-monats-wrapper\"><div class=\"sia-frage-des-monats-q active\" data-id=\"4240\"><h1>Sind \u00f6ffentliche R\u00e4ume untersch\u00e4tzt?<\/h1><div class=\"sia-frage-des-monats-answer active\"><div class=\"img sia-fragedesmonats-lazy-bg\" style=\"background-image:url(https:\/\/baukulturschweiz.ch\/wp-content\/uploads\/2025\/05\/Claudia-Schwalfenberg-scaled-e1746449394527-768x768.jpg);\"><\/div><p>Der \u00f6ffentliche Raum l\u00e4sst sich gar nicht \u00fcbersch\u00e4tzen: Die Mediterranisierung des Lebensstils lockt die Menschen ins Freie. Die soziale Ausdifferenzierung und die Verdichtung der St\u00e4dte rufen nach Begegnungsm\u00f6glichkeiten. Und die Digitalisierung verst\u00e4rkt das Bed\u00fcrfnis nach Selbstvergewisserung in der physischen Welt. \u00d6ffentliche Wohnzimmer und gut gestaltete Freir\u00e4ume sind deshalb wichtiger denn je. Und sie haben eine lange Tradition. Wege, in die Geschichte und Gegenwart Schweizer Pl\u00e4tze einzutauchen, gibt es viele. Einer ist die Swiss Squares App, die auf eine Reise zu 175 Pl\u00e4tzen f\u00fchrt.<\/p><p>Claudia Schwalfenberg<br \/>Leiterin Fachbereich Kernthemen, Verantwortliche Baukultur, Schweizerischer Ingenieur- und Architektenverein SIA<\/p><\/div><\/div><\/div><div class=\"sia-frage-des-monats-wrapper\"><div class=\"sia-frage-des-monats-q active\" data-id=\"4240\"><h1>Sind \u00f6ffentliche R\u00e4ume untersch\u00e4tzt?<\/h1><div class=\"sia-frage-des-monats-answer active\"><div class=\"img sia-fragedesmonats-lazy-bg\" style=\"background-image:url(https:\/\/baukulturschweiz.ch\/wp-content\/uploads\/2025\/05\/Sibylla-Amstutz-Portrait-Fotograf-Urs-Bigler-e1746449491463-768x768.jpg);\"><\/div><p>Jein - es kommt auf die Art und Lage des \u00f6ffentlichen Raums sowie auf die Interessen der Zielgruppen an. Die \u00f6ffentlichen R\u00e4ume in den Innenst\u00e4dten, wie zum Beispiel in Luzern, werden sehr gepflegt, dienen unterschiedlichen Aktivit\u00e4ten und sind Teil des Stadtmarketings. In den st\u00e4dtischen Quartieren fehlt es jedoch oft an Aufenthaltsqualit\u00e4t. Dabei braucht es nicht grosse Pl\u00e4tze: schon kleine \u00abPocket Parks\u00bb mit Sitzgelegenheiten ohne Konsumationszwang, k\u00f6nnen viel bewirken und tragen zum Quartierleben bei. <\/p><p>Sibylla Amstutz<br \/>Leiterin Forschung Innenarchitektur HSLU, Vorstand Berufsvereinigung Schweizer Innenarchitekt:innen (VSI.ASAI.)<\/p><\/div><\/div><\/div><div class=\"sia-frage-des-monats-wrapper\"><div class=\"sia-frage-des-monats-q active\" data-id=\"4188\"><h1>Entlastungs&shy;paket: ja oder nein?<\/h1><div class=\"sia-frage-des-monats-answer active\"><div class=\"img sia-fragedesmonats-lazy-bg\" style=\"background-image:url(https:\/\/baukulturschweiz.ch\/wp-content\/uploads\/2025\/05\/sebastian_steiner_2025_20633-768x511.jpg);\"><\/div><p>Nein, in der aktuellen Form nicht. Das Entlastungspaket 27 trifft den Bereich Baukultur \u00fcberproportional und verlagert die Finanzierungslast auf die Kantone. Die K\u00fcrzung um 12 Millionen Franken, fast 10 Prozent des in der Kulturbotschaft vorgesehenen Betrags, hat gravierende Folgen f\u00fcr den Erhalt historischer Baudenkm\u00e4ler und arch\u00e4ologischer St\u00e4tten. Der vorgesehene R\u00fcckzug des Bundes aus der Aus- und Weiterbildung von Fachkr\u00e4ften und der Finanzierung von Zivildiensteins\u00e4tzen schw\u00e4cht die Bau- und Bodendenkmalpflege zus\u00e4tzlich.<\/p><p>Sebastian Steiner<br \/>Gesch\u00e4ftsf\u00fchrer Netzwerk Kulturerbe Schweiz (vormals NIKE)<\/p><\/div><\/div><\/div><div class=\"sia-frage-des-monats-wrapper\"><div class=\"sia-frage-des-monats-q active\" data-id=\"4188\"><h1>Entlastungs&shy;paket: ja oder nein?<\/h1><div class=\"sia-frage-des-monats-answer active\"><div class=\"img sia-fragedesmonats-lazy-bg\" style=\"background-image:url(https:\/\/baukulturschweiz.ch\/wp-content\/uploads\/2025\/04\/Stefan-Kunz_44_klein-768x768.jpg);\"><\/div><p>Der provisorische Rechnungsabschluss des Bundes zeigt: Das bef\u00fcrchtete Defizit von 2,6 Milliarden Franken hat sich in Luft aufgel\u00f6st. Vor diesem Hintergrund und im Wissen um die zunehmende Klimaerhitzung und das akute Artensterben mutet der geplante Kahlschlag befremdlich an. Rund ein Viertel der geplanten K\u00fcrzungen betreffen die Bereiche Natur- und Klimaschutz sowie \u00f6ffentlicher Verkehr. Aus dem Sparpaket wird so ein Ignoranzpaket, das kommenden Generationen enorme Folgekosten aufb\u00fcrdet. Eine intakte Natur ist unsere Lebensversicherung. S\u00e4gen wir nicht am Ast, auf dem wir sitzen. <\/p><p>Stefan Kunz<br \/>Abteilungsleiter Politik und Internationales, Mitglied der Gesch\u00e4ftsleitung Pro Natura<\/p><\/div><\/div><\/div><div class=\"sia-frage-des-monats-wrapper\"><div class=\"sia-frage-des-monats-q active\" data-id=\"4090\"><h1>Was taugt das Raumkonzept 2050?<\/h1><div class=\"sia-frage-des-monats-answer active\"><div class=\"img sia-fragedesmonats-lazy-bg\" style=\"background-image:url(https:\/\/baukulturschweiz.ch\/wp-content\/uploads\/2025\/04\/Francesca_Pedrina-002_web-768x768.jpg);\"><\/div><p>Das Raumkonzept Schweiz wurde von allen Staatsebenen gemeinsam als Orientierungshilfe f\u00fcr eine gute Raumentwicklung unter Ber\u00fccksichtigung der Vielfalt erarbeitet. Die Fassung von 2012 muss im Hinblick auf klimatische Herausforderungen, Biodiversit\u00e4tsverlust, Bev\u00f6lkerungswachstum und Energieversorgung aktualisiert werden. Unter Beibehaltung der klaren und pragmatischen Struktur m\u00fcssen st\u00e4rkere Strategien, neue Priorit\u00e4ten und landesweite Handlungsfelder definiert werden. Schutz und Steigerung der nat\u00fcrlichen Lebensgrundlagen erfordern eine Neugewichtung der Gesamtinteressen, damit Siedlungen entstehen k\u00f6nnen, die die Umwelt schonen und sozial vertr\u00e4glich sind.<\/p><p>Francesca Pedrina<br \/>Co-Pr\u00e4sidentin FSU<\/p><\/div><\/div><\/div><div class=\"sia-frage-des-monats-wrapper\"><div class=\"sia-frage-des-monats-q active\" data-id=\"4090\"><h1>Was taugt das Raumkonzept 2050?<\/h1><div class=\"sia-frage-des-monats-answer active\"><div class=\"img sia-fragedesmonats-lazy-bg\" style=\"background-image:url(https:\/\/baukulturschweiz.ch\/wp-content\/uploads\/2025\/03\/Schneider_Andreas_2023_01-768x768.jpg);\"><\/div><p>Ich bin entt\u00e4uscht. Nicht nur hat der Entwurf gegen\u00fcber der 2012er-Fassung an konkreter Anwendbarkeit verloren. Sondern er setzt sich auch nicht wirklich mit wesentlichen Zukunftsherausforderungen wie z.B. NettoNull2050 auseinander, welche die Raumentwicklung der Schweiz pr\u00e4gen werden. Mal davon abgesehen, dass das Jahr 2050 f\u00fcr eine ernstzunehmende nationale Raumentwicklungsstrategie viel zu kurz gedacht ist; jede nationale Infrastrukturplanung denkt da schon deutlich dar\u00fcber hinaus!<\/p><p>Andreas Schneider<br \/>Professor f\u00fcr Raumentwicklung, OST Ostschweizer Fachhochschule<\/p><\/div><\/div><\/div><div class=\"sia-frage-des-monats-wrapper\"><div class=\"sia-frage-des-monats-q active\" data-id=\"3940\"><h1>Wie wichtig ist Form in der Landschafts&shy;architektur?<\/h1><div class=\"sia-frage-des-monats-answer active\"><div class=\"img sia-fragedesmonats-lazy-bg\" style=\"background-image:url(https:\/\/baukulturschweiz.ch\/wp-content\/uploads\/2025\/03\/Jan-Forster-scaled-e1738855616847-768x768.jpg);\"><\/div><p>Von gezackten Blattr\u00e4ndern in k\u00fchlen Regionen \u00fcber Tropfspitzen im Regenwald bis zu dickh\u00e4utigen W\u00fcstenbl\u00e4ttern: Die Natur zeigt, wie Form stets der Funktion folgt. Diese Gestaltungsstrategie spiegelt sich in der Landschaftsarchitektur wider. Die Form entsteht aus kontextuellen Anforderungen - sie schafft klimaresiliente Oasen, f\u00f6rdert Biodiversit\u00e4t und generiert urbane R\u00fcckzugsr\u00e4ume. Zu 100 Jahren BSLA wird deutlich: Wie in der Evolution hat sich die Landschaftsarchitektur zu einem Werkzeug entwickelt, das nicht prim\u00e4r \u00e4sthetischen Prinzipien folgt, sondern lebenswichtige Funktionen integriert.<\/p><p>Jan Forster<br \/>Gr\u00fcnder und Gesch\u00e4fts&shy;f\u00fchrer Forster Paysages AG, Vorstandsmitglied und Kassier BSLA<\/p><\/div><\/div><\/div><div class=\"sia-frage-des-monats-wrapper\"><div class=\"sia-frage-des-monats-q active\" data-id=\"3940\"><h1>Wie wichtig ist Form in der Landschafts&shy;architektur?<\/h1><div class=\"sia-frage-des-monats-answer active\"><div class=\"img sia-fragedesmonats-lazy-bg\" style=\"background-image:url(https:\/\/baukulturschweiz.ch\/wp-content\/uploads\/2025\/03\/Sonja-Mueller-e1738855551103-768x768.jpg);\"><\/div><p>Gewiss k\u00f6nnte man die konzeptionelle Grundidee f\u00fcr die Gestaltung eines Landschaftsraums \u00abformlos\u00bb, ohne Reflexion \u00fcber die gew\u00e4hlten Formen entwickeln. Doch der Kontext zwingt uns, nach Strukturen zu suchen, die in die Gestaltung einfliessen, ihr einen formalen Ausdruck geben. Dieser Ausdruck, die Form, entscheidet dar\u00fcber, ob die Gestaltung eines Raums in seinem spezifischen Kontext gelingt: Formen schaffen Ordnung, wecken Emotionen und geben Orientierung. Sie pr\u00e4gen die Wahrnehmung von Massstab, Proportion und Materialit\u00e4t. F\u00fcr eine gelungene Landschaftsarchitektur ist Form daher essenziell.<\/p><p>Sonja M\u00fcller<br \/>Landschafts&shy;architektin FH BSLA, Partnerin META Landschafts&shy;architektur<\/p><\/div><\/div><\/div><div class=\"sia-frage-des-monats-wrapper\"><div class=\"sia-frage-des-monats-q active\" data-id=\"3936\"><h1>Was erhoffen Sie sich vom NFP Baukultur?<\/h1><div class=\"sia-frage-des-monats-answer active\"><div class=\"img sia-fragedesmonats-lazy-bg\" style=\"background-image:url(https:\/\/baukulturschweiz.ch\/wp-content\/uploads\/2025\/02\/Nina-Mekacher-768x633.jpg);\"><\/div><p>Vom Nationalen Forschungsprogramm \u00abBaukultur\u00bb verspreche ich mir nachhaltige Antworten auf aktuelle Herausforderungen: Das Programm st\u00f6sst die wissenschaftliche Auseinandersetzung mit dem Konzept \u00abBaukultur\u00bb an und hilft, dieses im theoretischen Diskurs zu verankern. Im Rahmen der Forschungsprojekte entstehen handlungsorientierte neue L\u00f6sungen, welche die Baukultur der Schweiz konkret verbessern werden. Schliesslich wirkt das Programm in die Breite, indem es Disziplinen, Fachwelt und Menschen vernetzt, im gemeinsamen Streben nach Qualit\u00e4t vereint und wesentliche Impulse f\u00fcr die Zukunft setzt.<\/p><p>Nina Mekacher<br \/>Fachbereichsleiterin Konservierung und Restaurierung, Hochschule der K\u00fcnste Bern<\/p><\/div><\/div><\/div><div class=\"sia-frage-des-monats-wrapper\"><div class=\"sia-frage-des-monats-q active\" data-id=\"3936\"><h1>Was erhoffen Sie sich vom NFP Baukultur?<\/h1><div class=\"sia-frage-des-monats-answer active\"><div class=\"img sia-fragedesmonats-lazy-bg\" style=\"background-image:url(https:\/\/baukulturschweiz.ch\/wp-content\/uploads\/2025\/02\/Adrienne-Gret-Regamey-e1738318040469.jpg);\"><\/div><p>Das Nationale Forschungsprogramm 81 \u00abBaukultur\u00bb sollte nicht nur ein Motor f\u00fcr wissenschaftliche Innovationen sein, sondern auch als Katalysator dienen f\u00fcr gesellschaftlichen Wandel. Es bietet eine einzigartige Gelegenheit, die gebaute und gestaltete Umwelt als kulturelles und soziales Gut zu betrachten, das Identit\u00e4t pr\u00e4gt. Ziel ist es, L\u00f6sungsans\u00e4tze zu entwickeln, mit denen baukulturelle Qualit\u00e4ten geschaffen werden und die als Vorbild dienen k\u00f6nnen. Dies erfordert die Verstetigung der Ans\u00e4tze und die Institutionalisierung eines Netzwerkes zwischen Forschung, Praxis und Verwaltung.<\/p><p>Adrienne Gr\u00eat-Regamey<br \/>Professorin in Landschaftsplanung, ETH Z\u00fcrich, Lehrstuhl f\u00fcr die Planung von Landschaften und Umweltsystemen<\/p><\/div><\/div><\/div><div class=\"sia-frage-des-monats-wrapper\"><div class=\"sia-frage-des-monats-q active\" data-id=\"3908\"><h1>Was heisst Sch\u00f6nheit?<\/h1><div class=\"sia-frage-des-monats-answer active\"><div class=\"img sia-fragedesmonats-lazy-bg\" style=\"background-image:url(https:\/\/baukulturschweiz.ch\/wp-content\/uploads\/2025\/01\/HVV_102-e1734359041878-768x768.jpg);\"><\/div><p>Sch\u00f6nheit ist relativ. Sch\u00f6nheit w\u00e4chst, geht verloren, fasziniert und lebt nur unter Menschen. Sie umgibt uns \u00fcberall, wo wir gehen, schauen, zuh\u00f6ren, riechen, tasten und f\u00fchlen. Sch\u00f6nheit tut gut. Sie zu erkennen will gelernt sein. Erst mein Studium der Architektur \u00f6ffnete mir die Augen f\u00fcr die verborgene Sch\u00f6nheit z.B. einer Industriebrache aus Beton. Dieser geschulte Blick bleibt vielen Menschen vorenthalten. Sch\u00f6n w\u00e4re, wenn es uns Architekten gelingen k\u00f6nnte, mehr Augen zu \u00f6ffnen.<\/p><p>Helen van Vemde<br \/>Gr\u00fcnderin und Stiftungsrats&shy;pr\u00e4sidentin, Sotto Voce Fondation<\/p><\/div><\/div><\/div><div class=\"sia-frage-des-monats-wrapper\"><div class=\"sia-frage-des-monats-q active\" data-id=\"3908\"><h1>Was heisst Sch\u00f6nheit?<\/h1><div class=\"sia-frage-des-monats-answer active\"><div class=\"img sia-fragedesmonats-lazy-bg\" style=\"background-image:url(https:\/\/baukulturschweiz.ch\/wp-content\/uploads\/2025\/01\/EPFL-People-Aprea--e1734358949789-768x768.jpg);\"><\/div><p>\u00abDie Sch\u00f6nheit ist nur ein Versprechen des Gl\u00fccks\u00bb, schrieb Stendhal, der damit die klassischen Kanons infrage stellte und sp\u00e4ter von Nietzsche und Adorno aufgegriffen wurde. Von der Literatur zur Philosophie, von der Kunst bis zur Baukultur l\u00e4dt diese Idee ein, physische und spirituelle Orte zu schaffen, um das Gl\u00fcck durch die \u00e4sthetische Dimension der individuellen Subjektivit\u00e4t zu f\u00f6rdern. Nach Jahrzehnten von Verboten bekr\u00e4ftigt die Baukultur die Suche nach Sch\u00f6nheit und antwortet auf das zeitgen\u00f6ssische Bed\u00fcrfnis nach einem Versprechen des Gl\u00fccks und R\u00e4umen, um es zu verwirklichen.<\/p><p>Salvatore Aprea<br \/>Direktor, Archives de la construction moderne, Eidgen\u00f6ssische Technische Hochschule Lausanne<\/p><\/div><\/div><\/div><div class=\"sia-frage-des-monats-wrapper\"><div class=\"sia-frage-des-monats-q active\" data-id=\"3796\"><h1>Was hoffen Sie f\u00fcr 2025 f\u00fcr die Baukultur?<\/h1><div class=\"sia-frage-des-monats-answer active\"><div class=\"img sia-fragedesmonats-lazy-bg\" style=\"background-image:url(https:\/\/baukulturschweiz.ch\/wp-content\/uploads\/2024\/12\/Beat-Aeberhard_crop-e1731937931344-768x768.jpg);\"><\/div><p>F\u00fcr 2025 erhoffe ich mir, dass wir das Verst\u00e4ndnis f\u00fcr die Pflege und Weiterentwicklung einer hohen Baukultur breiter verankern k\u00f6nnen. Gegen hohe Baukultur ist per se niemand. Und doch muss sie stets ausgehandelt und gegen\u00fcber anderen Anspr\u00fcchen verteidigt werden. In Basel suchen wir seit 2018 mit dem \u00abForum St\u00e4dtebau Basel 2050\u00bb den breiten Austausch mit der Bev\u00f6lkerung und thematisieren Baukultur in verschiedenen Formaten. Ich w\u00fcnsche mir, dass es uns durch Dialog, Kooperation und Aushandlung gelingt, 2025 beispielsweise die notwendige Solaroffensive mit den Anliegen guter Gestaltung in Einklang zu bringen.<\/p><p>Beat Aeberhard<br \/>Kantonsbaumeister Basel-Stadt<\/p><\/div><\/div><\/div><div class=\"sia-frage-des-monats-wrapper\"><div class=\"sia-frage-des-monats-q active\" data-id=\"3796\"><h1>Was hoffen Sie f\u00fcr 2025 f\u00fcr die Baukultur?<\/h1><div class=\"sia-frage-des-monats-answer active\"><div class=\"img sia-fragedesmonats-lazy-bg\" style=\"background-image:url(https:\/\/baukulturschweiz.ch\/wp-content\/uploads\/2024\/12\/FranzenBarbaraPortrait6982-002-e1731938053427-768x768.jpg);\"><\/div><p>Baukultur ist f\u00fcr mich das Verbindende aus der Geschichte mit den Planungen f\u00fcr das Morgen. F\u00fcr 2025 hoffe ich, dass ein sorgf\u00e4ltiger Umgang mit dem baukulturellen Erbe, das unsere St\u00e4dte und D\u00f6rfer pr\u00e4gt, eine Br\u00fccke zu schlagen vermag f\u00fcr das Entwickeln neuer Ideen oder gar Visionen f\u00fcr das Leben und Zusammenleben der Menschen. Dabei sind in Wert gesetzte Baudenkm\u00e4ler und Ortsbilder nicht nur Heimat, sondern Ausgangspunkt und Quelle f\u00fcr Inspiration.<\/p><p>Barbara Franzen<br \/>Gesch\u00e4ftsf\u00fchrerin KSD, Konferenz Schweizer Denkmalpflegerinnen und Denkmalpfleger<\/p><\/div><\/div><\/div><div class=\"sia-frage-des-monats-wrapper\"><div class=\"sia-frage-des-monats-q active\" data-id=\"3771\"><h1>Ist das ISOS Fluch oder Segen?<\/h1><div class=\"sia-frage-des-monats-answer active\"><div class=\"img sia-fragedesmonats-lazy-bg\" style=\"background-image:url(https:\/\/baukulturschweiz.ch\/wp-content\/uploads\/2024\/10\/ClaudiaHametner_MG_0085_Ausschnitt-e1729585244446-768x806.jpg);\"><\/div><p>Den Schutz des baukulturellen Erbes (ISOS), eine qualit\u00e4tsvolle Innenentwicklung (RPG) und die Energieanforderungen vor Ort unter einen Hut zu bringen, bereitet den Schweizer Gemeinden Kopfzerbrechen. Historische Geb\u00e4ude zu sanieren und gleichzeitig zu verdichten, um der Agglomeration entgegenzuwirken, schadet oft dem Ortsbild. Das ISOS erf\u00fcllt eine zentrale Aufgabe, n\u00e4mlich zu verhindern, dass irreversible Sch\u00e4den begangen werden. Obwohl das wichtig ist, m\u00fcssen die Gemeindeexekutiven den n\u00f6tigen Spielraum haben, um ihre Orte weiterzuentwickeln, damit das ISOS nicht zu einem \u00abPostkarteneffekt\u00bb f\u00fchrt.<\/p><p>Claudia Kratochvil-Hametner<br \/>Direktorin Schweizerischer Gemeindeverband<\/p><\/div><\/div><\/div><div class=\"sia-frage-des-monats-wrapper\"><div class=\"sia-frage-des-monats-q active\" data-id=\"3771\"><h1>Ist das ISOS Fluch oder Segen?<\/h1><div class=\"sia-frage-des-monats-answer active\"><div class=\"img sia-fragedesmonats-lazy-bg\" style=\"background-image:url(https:\/\/baukulturschweiz.ch\/wp-content\/uploads\/2024\/10\/David-Vuillaume-2024-e1729585212220-768x636.png);\"><\/div><p>F\u00fcr mich ist ein Inventar wie das ISOS in erster Linie eine Liste von Orten, die man geniessen und sich zu eigen machen kann. Die Entwicklung von bebauten R\u00e4umen unter Ber\u00fccksichtigung der Substanz, der Struktur oder zumindest des Charakters ihrer Umgebung tr\u00e4gt wesentlich zur Identifikation der Bev\u00f6lkerung mit ihrem Lebensraum bei. Das ISOS ist in diesem Sinne eine Garantie f\u00fcr Qualit\u00e4t. Nat\u00fcrlich bin ich nicht naiv und weiss, dass das ISOS auch ein umk\u00e4mpftes Feld ist, aber ich habe wenig Verst\u00e4ndnis f\u00fcr diejenigen, die das ISOS als Hauptbremse f\u00fcr die Entwicklung des Bauwesens betrachten und darin eine \u00fcberfl\u00fcssige Einmischung von Bundesbern in lokale Angelegenheiten sehen.<\/p><p>David Vuillaume<br \/>Gesch\u00e4ftsf\u00fchrer Schweizer Heimatschutz<\/p><\/div><\/div><\/div><div class=\"sia-frage-des-monats-wrapper\"><div class=\"sia-frage-des-monats-q active\" data-id=\"3673\"><h1>Ihr Baukultur-Tipp f\u00fcr den Herbst?<\/h1><div class=\"sia-frage-des-monats-answer active\"><div class=\"img sia-fragedesmonats-lazy-bg\" style=\"background-image:url(https:\/\/baukulturschweiz.ch\/wp-content\/uploads\/2024\/09\/Peter_Staub_FdM_Okt24-scaled-e1727691239366-768x743.jpg);\"><\/div><p>Baukultur ist ein von Menschen gestalteter, zukunftsweisender Prozess. Wie dieser sich entwickelt, zeigen die Arbeiten des SIA Masterpreises auf, welcher in Zusammenarbeit mit dem Architekturrat der Schweiz dieses Jahr zum dritten Mal vergeben wird. Die 33 nominierten Studierendenprojekte der Schweizer Hochschulen widerspiegeln aktuelle Fragestellungen aus Lehre und Forschung, welche heute den akademischen Diskurs und in nicht allzu ferner Zukunft die realisierte Baukultur pr\u00e4gen werden. Sie sind vom 7. Oktober bis zur Preisverleihung am 17. Oktober 2024 an der ZHAW in Winterthur zu sehen.<\/p><p>Peter Staub<br \/>Direktor Berner Fachhochschule - Architektur, Holz und Bau<\/p><\/div><\/div><\/div><div class=\"sia-frage-des-monats-wrapper\"><div class=\"sia-frage-des-monats-q active\" data-id=\"3673\"><h1>Ihr Baukultur-Tipp f\u00fcr den Herbst?<\/h1><div class=\"sia-frage-des-monats-answer active\"><div class=\"img sia-fragedesmonats-lazy-bg\" style=\"background-image:url(https:\/\/baukulturschweiz.ch\/wp-content\/uploads\/2024\/09\/Nicole_Bauermeister_FdM_Okt24-768x914.jpg);\"><\/div><p>Mein Ratschlag: die Anf\u00e4nge der Baukultur in einem zeitgen\u00f6ssischen Rahmen zu entdecken. Das Lat\u00e9nium am Ufer des Neuenburgersees zeigt arch\u00e4ologische Zeugnisse, die die Baukultur in unseren Klimazonen ank\u00fcndigen. Das Museum beleuchtet, wie die Menschen der Umwelt ihren Stempel aufgedr\u00fcckt haben, um besser in ihr leben zu k\u00f6nnen. In jenen fernen Tagen haben unsere Vorfahren ihre Feuerstellen mit Steinmauern gesch\u00fctzt, Megalithen errichtet und Pfahlbausiedlungen gebaut - allesamt faszinierende Vorboten der Architektur, wie wir sie heute kennen.<\/p><p>Nicole Bauermeister<br \/>Direktorin Gesellschaft f\u00fcr Schweizerische Kunstgeschichte<\/p><\/div><\/div><\/div><div class=\"sia-frage-des-monats-wrapper\"><div class=\"sia-frage-des-monats-q active\" data-id=\"3660\"><h1>Ist die Schweiz hindernis&shy;frei genug?<\/h1><div class=\"sia-frage-des-monats-answer active\"><div class=\"img sia-fragedesmonats-lazy-bg\" style=\"background-image:url(https:\/\/baukulturschweiz.ch\/wp-content\/uploads\/2024\/08\/EvaSchmidt-Personen_29_Portraits_neu_changeamble_-_Markus_Daeppen-768x768.jpg);\"><\/div><p>Nein, es gibt noch viel zu tun. Dem entscheidenden Qualit\u00e4tsmerkmal, dass gebaute Lebensr\u00e4ume f\u00fcr Menschen in allen Lebenslagen und in jedem Alter gut zug\u00e4nglich und vielf\u00e4ltig nutzbar sind, wird nicht gen\u00fcgend Gewicht beigemessen. Die hindernisfreie Bauweise ist Teil einer ganzheitlichen, zeitgem\u00e4ssen Baukultur. Sie f\u00fchrt zu einer sp\u00fcrbaren Wertsteigerung und zu mehr Lebensqualit\u00e4t f\u00fcr alle. Der \u201eanpassbare Wohnungsbau\u201d ist ein Beispiel daf\u00fcr: Vorausschauend geplant passen sich die Wohnungen den Bed\u00fcrfnissen jeder und jedes Einzelnen an. Braucht es \u00fcberzeugendere Argumente?<\/p><p>Eva Schmidt<br \/>Leiterin Schweizer Fachstelle f\u00fcr hindernisfreie Architektur<\/p><\/div><\/div><\/div><div class=\"sia-frage-des-monats-wrapper\"><div class=\"sia-frage-des-monats-q active\" data-id=\"3660\"><h1>Ist die Schweiz hindernis&shy;frei genug?<\/h1><div class=\"sia-frage-des-monats-answer active\"><div class=\"img sia-fragedesmonats-lazy-bg\" style=\"background-image:url(https:\/\/baukulturschweiz.ch\/wp-content\/uploads\/2024\/08\/Wiebke-Roesler-Haefliger_profilbild-unify01.jpg);\"><\/div><p>Bei Geb\u00e4uden im Besitz der Stadt Z\u00fcrich haben wir es in der Hand, das hindernisfreie Bauen als Aspekt der sozialen Nachhaltigkeit genauso zu gewichten wie die Aspekte \u00d6kologie und Wirtschaftlichkeit. Von der fr\u00fchen Planungsphase \u00fcber das Baubewilligungsverfahren bis zur Ausf\u00fchrung ist das hindernisfreie Bauen integrativer Bestandteil unserer Bauvorhaben. Schliesslich will Z\u00fcrich auch f\u00fcr Menschen mit einer Beeintr\u00e4chtigung eine lebenswerte Stadt sein und so einen Beitrag an eine hindernisfreie Schweiz leisten.<\/p><p>Wiebke R\u00f6sler H\u00e4fliger<br \/>Direktorin Amt f\u00fcr Hochbauten, Stadt Z\u00fcrich<\/p><\/div><\/div><\/div><div class=\"sia-frage-des-monats-wrapper\"><div class=\"sia-frage-des-monats-q active\" data-id=\"3606\"><h1>Sind gender&shy;neutrale Toiletten sinnvoll?<\/h1><div class=\"sia-frage-des-monats-answer active\"><div class=\"img sia-fragedesmonats-lazy-bg\" style=\"background-image:url(https:\/\/baukulturschweiz.ch\/wp-content\/uploads\/2024\/07\/Alexa-Bodammer.jpg);\"><\/div><p>Toiletten sind ein existenzielles, die Menschenw\u00fcrde betreffendes Thema, auch wenn es gar selten in den Diskurs zur Baukultur vordringt. Klos sind f\u00fcr sich genommen genderneutral, alle brauchen sie gleich dringend. Aber es gibt historisch mehr \u00f6ffentliche Toiletten f\u00fcr M\u00e4nner. Hier beginnt die ungerechte Behandlung von Menschen. Es braucht mehr Toiletten f\u00fcr alle Menschen jedweden Geschlechts und m\u00f6glichst gleich viele f\u00fcr alle. Das ist nur fair. Genderneutrale Toiletten sind eine L\u00f6sung zum Problem.<\/p><p>Alexa Bodammer<br \/>Dozentin und Projektleiterin Hochschule Luzern<\/p><\/div><\/div><\/div><div class=\"sia-frage-des-monats-wrapper\"><div class=\"sia-frage-des-monats-q active\" data-id=\"3606\"><h1>Sind gender&shy;neutrale Toiletten sinnvoll?<\/h1><div class=\"sia-frage-des-monats-answer active\"><div class=\"img sia-fragedesmonats-lazy-bg\" style=\"background-image:url(https:\/\/baukulturschweiz.ch\/wp-content\/uploads\/2024\/07\/Portrait-Andreas-Ruby-\u00a9Wilma-Leskowitsch.jpg-scaled-e1720706679150-768x816.jpeg);\"><\/div><p>Ja. Bei mir zu Hause gibt es ja auch nur eine Toilette f\u00fcr alle, und ich habe das noch nie als ein Problem empfunden. In unserem B\u00fcro ist es genauso. Es spricht deswegen aus meiner Sicht nichts dagegen, das auch ganz grunds\u00e4tzlich so handzuhaben. Eine Toilette f\u00fcr alle macht uns sensibel f\u00fcr unsere Unterschiede; eine f\u00fcr jede Spielart von Identit\u00e4t grenzt uns voneinander ab. Der Verzicht auf unn\u00f6tige Differenzierung st\u00e4rkt Inklusion.<\/p><p>Andreas Ruby<br \/>Direktor S AM<\/p><\/div><\/div><\/div><div class=\"sia-frage-des-monats-wrapper\"><div class=\"sia-frage-des-monats-q active\" data-id=\"3499\"><h1>Wieso ist Baukultur wichtig f\u00fcr Kinder?<\/h1><div class=\"sia-frage-des-monats-answer active\"><div class=\"img sia-fragedesmonats-lazy-bg\" style=\"background-image:url(https:\/\/baukulturschweiz.ch\/wp-content\/uploads\/2024\/06\/LaurentAudergon_FdM_Juli24-768x1064.jpg);\"><\/div><p>Unser Umgang mit der gebauten Umwelt wirft Fragen auf. Auch Kinder m\u00fcssen ihre Umwelt analysieren, verstehen und in Erwartungen umsetzen. Sie erleben R\u00e4ume aus ihrer pers\u00f6nlichen Perspektive, definieren subjektive Raumqualit\u00e4ten und formulieren daraus Bed\u00fcrfnisse. All dies konnten wir bei unserem Collagenwettbewerb zum Thema \u00abIntelligente Umgestaltung meines Quartiers dank Stahlbau\u00bb in der Sekundarschule Bulle beobachten. Diese Sensibilisierung ist eine Gemeinschaftsaufgabe, Kinder geh\u00f6ren unbedingt dazu!<\/p><p>Laurent Audergon<br \/>Gesch\u00e4ftsf\u00fchrer SZS, Baukulturdelegierter der SIA-Berufsgruppe Ingenieurbau<\/p><\/div><\/div><\/div><div class=\"sia-frage-des-monats-wrapper\"><div class=\"sia-frage-des-monats-q active\" data-id=\"3499\"><h1>Wieso ist Baukultur wichtig f\u00fcr Kinder?<\/h1><div class=\"sia-frage-des-monats-answer active\"><div class=\"img sia-fragedesmonats-lazy-bg\" style=\"background-image:url(https:\/\/baukulturschweiz.ch\/wp-content\/uploads\/2024\/06\/BarbaraWindholz_FdM_Juli24-768x512.jpg);\"><\/div><p>Baukulturelle Bildung ist der Schl\u00fcssel zu lebensnahen Lernerfahrungen. Sie weckt die Neugier von Kindern und Jugendlichen, sich in ihrer Lebenswelt durch gut gestaltete R\u00e4ume mit \u00c4sthetik, Funktionalit\u00e4t und Nachhaltigkeit und der darin stattfindenden sozialen Interaktion auseinanderzusetzen. Baukulturelle Bildung f\u00f6rdert in kreativer und partizipativer Teamarbeit das Bewusstsein von Teilhabe und Verantwortung.<\/p><p>Barbara Windholz<br \/>Vorstand Konferenz Bildschulen Schweiz, Pr\u00e4sidium LABforKids<\/p><\/div><\/div><\/div><div class=\"sia-frage-des-monats-wrapper\"><div class=\"sia-frage-des-monats-q active\" data-id=\"3358\"><h1>Was unterscheidet Architektur und Innen&shy;architektur?<\/h1><div class=\"sia-frage-des-monats-answer active\"><div class=\"img sia-fragedesmonats-lazy-bg\" style=\"background-image:url(https:\/\/baukulturschweiz.ch\/wp-content\/uploads\/2024\/05\/Stefan_Graf_FrageDesMonats_Juni24-768x768.jpg);\"><\/div><p>Architektur konzentriert sich auf die r\u00e4umliche Gestaltung und Konstruktion von Geb\u00e4uden im gr\u00f6\u00dferen Kontext. Innenarchitektur hingegen legt den Fokus auf die Gestaltung und Nutzung von Innenr\u00e4umen. Architektur und Innenarchitektur sind von entscheidender Bedeutung f\u00fcr die Gesamtwirkung und Funktionalit\u00e4t eines Geb\u00e4udes. Beide Disziplinen bedingen sich gegenseitig, m\u00fcssen sich erg\u00e4nzen, ineinander verschmelzen oder auch mal konterkarieren. Sie m\u00fcssen quasi eine Liebesbeziehung eingehen. Nur so entstehen ganzheitlich gedachte und baukulturell herausragende Bauwerke.<\/p><p>Stefan Graf<br \/>Partner Bauart Architekten und Planer<\/p><\/div><\/div><\/div><div class=\"sia-frage-des-monats-wrapper\"><div class=\"sia-frage-des-monats-q active\" data-id=\"3358\"><h1>Was unterscheidet Architektur und Innen&shy;architektur?<\/h1><div class=\"sia-frage-des-monats-answer active\"><div class=\"img sia-fragedesmonats-lazy-bg\" style=\"background-image:url(https:\/\/baukulturschweiz.ch\/wp-content\/uploads\/2024\/05\/Remo_Derungs_FrageDesMonats_Juni24-768x1152.jpg);\"><\/div><p>Oftmals liegt der Unterschied im Massstab. Wenn die Architektur grossmassst\u00e4blich beginnt und sich in die Tiefe der R\u00e4ume vorarbeitet, startet die Innenarchitektur kleinmassst\u00e4blich. Sie geht vom Menschen und seinen Bed\u00fcrfnissen aus und befasst sich weiter mit der Gestaltung von R\u00e4umen. Dies unter Ber\u00fccksichtigung \u00e4sthetischer, funktionaler, struktureller und technischer Aspekte und des kulturellen, sozialen, \u00f6konomischen und \u00f6kologischen Umfelds der Benutzer und Benutzerinnen. Von innen nach aussen und von aussen nach innen, wie Peter Zumthor seine sorgf\u00e4ltige Arbeitsweise treffend beschreibt.<\/p><p>Remo Derungs<br \/>Pr\u00e4sident VSI.ASAI.<\/p><\/div><\/div><\/div><div class=\"sia-frage-des-monats-wrapper\"><div class=\"sia-frage-des-monats-q active\" data-id=\"3250\"><h1>Wie inspiriert die Kunst&shy;biennale die Baukultur?<\/h1><div class=\"sia-frage-des-monats-answer active\"><div class=\"img sia-fragedesmonats-lazy-bg\" style=\"background-image:url(https:\/\/baukulturschweiz.ch\/wp-content\/uploads\/2024\/04\/Adrien-Jutard-768x914.jpg);\"><\/div><p>Baukultur muss Vielfalt als Bestandteil der kulturellen Identit\u00e4t erm\u00f6glichen. Die Biennale von Venedig, die 2024 unter dem Motto \u00abForeigners everywhere\u00bb stattfindet, hat den weltweit auftretenden Zustand des Fremdseins oder Sich-Fremd-F\u00fchlens zum Thema. Sie validiert damit den kulturellen Wert, diesem Zustand oder Gef\u00fchl Ausdruck zu verleihen. Die Baukultur kann sich in Venedig von den bildenden K\u00fcnsten inspirieren lassen, die eine der gr\u00f6ssten Herausforderungen der heutigen Zeit ernst zu nehmen scheinen: eine Gesellschaft zu bilden, die Integration mit Individualit\u00e4t vereinen kann ...<\/p><p>Adrien Jutard<br \/>Mitglied des Zentralvorstands von visarte.ch<\/p><\/div><\/div><\/div><div class=\"sia-frage-des-monats-wrapper\"><div class=\"sia-frage-des-monats-q active\" data-id=\"3250\"><h1>Wie inspiriert die Kunst&shy;biennale die Baukultur?<\/h1><div class=\"sia-frage-des-monats-answer active\"><div class=\"img sia-fragedesmonats-lazy-bg\" style=\"background-image:url(https:\/\/baukulturschweiz.ch\/wp-content\/uploads\/2024\/04\/Victoria-Easton-c-Photo-Lukas-Wassmann-768x768.jpeg);\"><\/div><p>Bei den letzten Ausgaben der Biennale wurden unter anderem K\u00fcnstler:innen vorgestellt, die abseits des Rampenlichts wirkten. Diese Entscheidung hat es dem internationalen Publikum erm\u00f6glicht, im Rahmen eines der weltgr\u00f6ssten Kulturtreffen bedeutende Entdeckungen zu machen. Baukultur lebt nicht nur von den Werken bekannter Autor:innen, sondern auch von einer Vielzahl weniger bekannter, jedoch allgegenw\u00e4rtiger Positionen. Die Strategie der Biennale regt dazu an, diese grundlegenden Qualit\u00e4ten der gebauten Umwelt jenseits grosser Gesten zu erkennen.<\/p><p>Victoria Easton<br \/>Mitglied der Eidgen\u00f6ssischen Kunstkommission und Partnerin bei Christ &amp; Gantenbein<\/p><\/div><\/div><\/div><div class=\"sia-frage-des-monats-wrapper\"><div class=\"sia-frage-des-monats-q active\" data-id=\"3131\"><h1>Wie l\u00f6sen wir den Wohnungs&shy;mangel?<\/h1><div class=\"sia-frage-des-monats-answer active\"><div class=\"img sia-fragedesmonats-lazy-bg\" style=\"background-image:url(https:\/\/baukulturschweiz.ch\/wp-content\/uploads\/2024\/02\/KarinBuehrer_08-scaled-e1708953015298-768x768.jpg);\"><\/div><p>Bauen erm\u00f6glichen \u2013 Blockaden l\u00f6sen: Die sichtbaren Schlangen vor Wohnungsbesichtigungen sind auch eine Folge des unsichtbaren monatelangen Wartens der Bauherren auf Baubewilligungen, weiter verz\u00f6gert durch missbr\u00e4uchliche Einsprachen. Knappe Bauzonen richtig ausnutzen: Je h\u00f6her die Ausn\u00fctzungsziffer und je tiefer die Grenzabstandsnormen, desto mehr Wohnraum kann verdichtetes Bauen auf dem knappen Bauland schaffen. Eine Flexibilisierung der Zonenpl\u00e4ne hilft zus\u00e4tzlich. L\u00f6sen wir gemeinsam die Blockaden beim Wohnungsbau. Denn finden k\u00f6nnen wir alle nur die passenden Wohnungen, die (um-)gebaut sind.<\/p><p>Karin B\u00fchrer<br \/>Gesch\u00e4ftsf\u00fchrerin Entwicklung Schweiz<\/p><\/div><\/div><\/div><div class=\"sia-frage-des-monats-wrapper\"><div class=\"sia-frage-des-monats-q active\" data-id=\"3131\"><h1>Wie l\u00f6sen wir den Wohnungs&shy;mangel?<\/h1><div class=\"sia-frage-des-monats-answer active\"><div class=\"img sia-fragedesmonats-lazy-bg\" style=\"background-image:url(https:\/\/baukulturschweiz.ch\/wp-content\/uploads\/2024\/02\/DamianJerjen_0720_27-scaled-e1708953104730-768x768.jpg);\"><\/div><p>Nur gemeinsam, Investoren, Planer und Beh\u00f6rden. Die Raumplanung kann mit ihren Instrumenten einen wichtigen Beitrag zu einer qualit\u00e4tsvollen Innenentwicklung und damit zu bedarfsgerechtem Wohnraum leisten. Erfolgreich sind dabei Gemeinden, die aktiv und vorausschauend handeln und die betroffenen Akteure fr\u00fchzeitig miteinbeziehen. Und: \u00dcberall dort, wo aufgezeigt werden kann, dass mit Verdichtung Qualit\u00e4ten bewahrt, Defizite behoben und Mehrwerte geschaffen werden, wird Verdichtung auch akzeptiert.<\/p><p>Damian Jerjen<br \/>Direktor EspaceSuisse<\/p><\/div><\/div><\/div><div class=\"sia-frage-des-monats-wrapper\"><div class=\"sia-frage-des-monats-q active\" data-id=\"3128\"><h1>Sollte Baukultur gesetzlich verankert werden?<\/h1><div class=\"sia-frage-des-monats-answer active\"><div class=\"img sia-fragedesmonats-lazy-bg\" style=\"background-image:url(https:\/\/baukulturschweiz.ch\/wp-content\/uploads\/2024\/02\/Oliver-Martin-BAK-gr-e1708952496830-768x768.jpg);\"><\/div><p>Unserem gebauten Lebensraum mangelt es zunehmend an Qualit\u00e4t \u2013 diese kann nur durch st\u00e4rkere Abstimmung der Sektoralpolitiken, bessere Zusammenarbeit der Beteiligten und gemeinsame baukulturelle Ziele erreicht werden. Effizient werden wir dabei nur mit klaren rechtlichen Vorgaben. Das schafft keine teuren zus\u00e4tzlichen Regeln, sondern f\u00fchrt zu besserem Planen und Bauen. Die gesetzliche Grundlage f\u00fcr eine hohe Baukultur ist darum so n\u00f6tig wie dringend.<\/p><p>Oliver Martin<br \/>Leiter Sektion Baukultur, Bundesamt f\u00fcr Kultur<\/p><\/div><\/div><\/div><div class=\"sia-frage-des-monats-wrapper\"><div class=\"sia-frage-des-monats-q active\" data-id=\"3128\"><h1>Sollte Baukultur gesetzlich verankert werden?<\/h1><div class=\"sia-frage-des-monats-answer active\"><div class=\"img sia-fragedesmonats-lazy-bg\" style=\"background-image:url(https:\/\/baukulturschweiz.ch\/wp-content\/uploads\/2024\/02\/Eveline-Althaus-scaled-e1708952655500-768x768.jpg);\"><\/div><p>Ja, die gesetzliche Verankerung eines ganzheitlichen Verst\u00e4ndnisses von Baukultur im Natur- und Heimatschutzgesetz ist wichtig. Dr\u00e4ngende gesellschaftliche Herausforderungen wie den Wohnungsmangel, den Klimawandel oder die Ressourcenknappheit l\u00f6sen wir nur mit einer ganzheitlichen Baukultur. Ihre gesetzliche Verankerung erm\u00f6glicht dem Bund, die Baukultur zu f\u00f6rdern. Das kommt nicht zuletzt der baukulturellen Bildung von Kindern und Jugendlichen zugute: Nur wer kompetent urteilen kann, kann sich qualifiziert in die Gestaltung unseres Lebensraums einbringen.<\/p><p>Eveline Althaus<br \/>Gesch\u00e4ftsf\u00fchrerin Archijeunes<\/p><\/div><\/div><\/div><div class=\"sia-frage-des-monats-wrapper\"><div class=\"sia-frage-des-monats-q active\" data-id=\"3069\"><h1>Welchen Beitrag leisten Archive zur Baukultur?<\/h1><div class=\"sia-frage-des-monats-answer active\"><div class=\"img sia-fragedesmonats-lazy-bg\" style=\"background-image:url(https:\/\/baukulturschweiz.ch\/wp-content\/uploads\/2024\/01\/Navone-IMG_0024_quadratisch-768x768.jpg);\"><\/div><p>Die \u00abArchivi del progetto\u00bb (Projektarchive, d.h. umfassende Archive f\u00fcr Architektur, aber auch Ingenieurwesen, St\u00e4dtebau, Landschaftsplanung oder Design) leisten einen Beitrag zur Baukultur haupts\u00e4chlich durch die Aufwertung und wissenschaftliche Verbreitung, die sie auf Basis ihrer Best\u00e4nde aktiv f\u00f6rdern, und durch die notwendige Verbindung zwischen Archivierung und wissenschaftlicher Recherche, die wir nicht als zwei getrennte Vorg\u00e4nge betrachten sollten, sondern als ein und denselben Akt.<\/p><p>Nicola Navone<br \/>Vizedirektor Archivio del Moderno, USI<\/p><\/div><\/div><\/div><div class=\"sia-frage-des-monats-wrapper\"><div class=\"sia-frage-des-monats-q active\" data-id=\"3069\"><h1>Welchen Beitrag leisten Archive zur Baukultur?<\/h1><div class=\"sia-frage-des-monats-answer active\"><div class=\"img sia-fragedesmonats-lazy-bg\" style=\"background-image:url(https:\/\/baukulturschweiz.ch\/wp-content\/uploads\/2024\/01\/2023-Yvonne-Radecker-01_quadratisch-768x768.png);\"><\/div><p>Wenn wir \u00fcber Archive als Ged\u00e4chtniseinrichtungen sprechen und \u00abBaukultur\u00bb die Merkmale dessen meint, was und wie wir Lebens- und Arbeitsr\u00e4ume gestalten, w\u00e4re mir wichtig: Wer die Zukunft besser bauen m\u00f6chte, muss die Vergangenheit verstehen und die Gegenwart beurteilen k\u00f6nnen. Daf\u00fcr braucht es unter anderem Archive, die verl\u00e4ssliche Informationen liefern und Wissen vermitteln k\u00f6nnen, bestenfalls dynamisch. (Foto: Bettina Matthiessen)<\/p><p>Yvonne Radecker<br \/>Gesch\u00e4ftsleiterin Material-Archiv<\/p><\/div><\/div><\/div><div class=\"sia-frage-des-monats-wrapper\"><div class=\"sia-frage-des-monats-q active\" data-id=\"2738\"><h1>Ist die Swissbau ein Hort der Baukultur?<\/h1><div class=\"sia-frage-des-monats-answer active\"><div class=\"img sia-fragedesmonats-lazy-bg\" style=\"background-image:url(https:\/\/baukulturschweiz.ch\/wp-content\/uploads\/2023\/12\/CristinaSchaffner_Bauenschweiz_gross_farbig-scaled-e1703146818569-768x768.jpg);\"><\/div><p>Das Swissbau-Programm widerspiegelt folgende Ausgangslage: Die Bauwirtschaft steht vor grossen Ver\u00e4nderungen und ist aufgefordert, aktuelle Herausforderungen wie Ressourcen- und Klimaziele, Kreislaufwirtschaft und die Innenentwicklung weiter anzupacken. Bei all diesen Themen gibt es eine Verkn\u00fcpfung zu den acht Kriterien des \u00abDavos Qualit\u00e4tssystems f\u00fcr Baukultur\u00bb. So gesehen ist die Swissbau ein Hort der Baukultur.<\/p><p>Cristina Schaffner<br \/>Direktorin Bauenschweiz<\/p><\/div><\/div><\/div><div class=\"sia-frage-des-monats-wrapper\"><div class=\"sia-frage-des-monats-q active\" data-id=\"2738\"><h1>Ist die Swissbau ein Hort der Baukultur?<\/h1><div class=\"sia-frage-des-monats-answer active\"><div class=\"img sia-fragedesmonats-lazy-bg\" style=\"background-image:url(https:\/\/baukulturschweiz.ch\/wp-content\/uploads\/2023\/12\/IMG_PeterWullschleger_Farbe-scaled-e1703146851543-768x768.jpeg);\"><\/div><p>Baukultur ist lebendige Kultur. Der Austausch zwischen den verschiedenen Akteuren und verschiedenen Disziplinen der gebauten Umwelt ist von zentraler Bedeutung. Die weitsichtige Planung unseres Lebensraumes und eine hohe Landschaftsqualit\u00e4t geh\u00f6ren ebenso zur Baukultur wie die sorgf\u00e4ltige Projektierung und Umsetzung einzelner Projekte. Von der Raumplanerin, der Landschaftsarchitektin, dem Architekten, der Bauunternehmerin, dem Maurer - alle treffen sich an der Swissbau, informieren sich \u00fcber den Stand der Technik und debattieren die Herausforderungen der Zukunft. In dem Sinn ist die Swissbau zweifellos ein Hort, ein Ort, ja ein Teil der Baukultur.<\/p><p>Peter Wullschleger<br \/>Gesch\u00e4ftsf\u00fchrer des BSLA von 1995 bis 2023<\/p><\/div><\/div><\/div><div class=\"sia-frage-des-monats-wrapper\"><div class=\"sia-frage-des-monats-q active\" data-id=\"2529\"><h1>Was hat Weihnachten mit Baukultur zu tun?<\/h1><div class=\"sia-frage-des-monats-answer active\"><div class=\"img sia-fragedesmonats-lazy-bg\" style=\"background-image:url(https:\/\/baukulturschweiz.ch\/wp-content\/uploads\/2023\/11\/Caspar-Schaerer-e1700558384371-768x768.jpg);\"><\/div><p>Im Winter, in der dunklen Jahreszeit, und ganz besonders um Weihnachten, verbringen wir mehr Zeit im Inneren der H\u00e4user. Umso wichtiger ist nun f\u00fcr uns die gute Qualit\u00e4t der R\u00e4ume in den Wohnungen, aber auch in allen anderen R\u00e4umen, in denen wir uns aufhalten. Gleichzeitig erstrahlen an einigen Orten die \u00f6ffentlichen R\u00e4ume in festlicher Beleuchtung und wir sind ganz gerne dort. Es mag kalt sein, aber wir f\u00fchlen trotzdem W\u00e4rme und Geborgenheit.<\/p><p>Caspar Sch\u00e4rer<br \/>Generalsekret\u00e4r BSA-FAS<\/p><\/div><\/div><\/div><div class=\"sia-frage-des-monats-wrapper\"><div class=\"sia-frage-des-monats-q active\" data-id=\"2529\"><h1>Was hat Weihnachten mit Baukultur zu tun?<\/h1><div class=\"sia-frage-des-monats-answer active\"><div class=\"img sia-fragedesmonats-lazy-bg\" style=\"background-image:url(https:\/\/baukulturschweiz.ch\/wp-content\/uploads\/2023\/11\/Monika-Litscher-1-scaled-e1700558468851-768x768.jpg);\"><\/div><p>An Weihnachten steht das Gemeinsame, das Famili\u00e4re im Zentrum. Auch Baukultur gelingt nur, wenn sie von verschiedenen Akteurinnen gestaltet und kollektiv gelebt wird. Durchdrungen sind Fest und Kultur von Wirtschaftlichkeit. Es gilt damit verantwortungsvoll, kreativ und nachhaltig umzugehen. Orientierung k\u00f6nnen dabei strukturierende Elemente bieten, sie lassen sich zu Weihnachten und in einer baukulturellen Praxis an die jeweiligen Kontexte anpassen und im Sinne einer gelebten Tradition stetig erneuern und pflegen.<\/p><p>Monika Litscher<br \/>Vizedirektorin Schweizerischer St\u00e4dteverband<\/p><\/div><\/div><\/div><\/div><\/div>\n\t\t\t\t\t\t<\/div>\n\t\t\t\t<\/div>\n\t\t\t\t<\/div>\n\t\t<div id=\"e-n-tab-content-1158956012\" role=\"tabpanel\" aria-labelledby=\"e-n-tab-title-1158956012\" data-tab-index=\"2\" style=\"--n-tabs-title-order: 2;\" class=\" elementor-element elementor-element-b3983c5 e-con-full e-flex e-con e-child\" data-id=\"b3983c5\" data-element_type=\"container\">\n\t\t\t\t<div class=\"elementor-element elementor-element-f1eb7d3 elementor-hidden-mobile elementor-widget elementor-widget-heading\" data-id=\"f1eb7d3\" data-element_type=\"widget\" data-widget_type=\"heading.default\">\n\t\t\t\t<div class=\"elementor-widget-container\">\n\t\t\t\t\t<h4 class=\"elementor-heading-title elementor-size-default\">Social Media<\/h4>\t\t\t\t<\/div>\n\t\t\t\t<\/div>\n\t\t\t\t<div class=\"elementor-element elementor-element-2305c901 elementor-widget elementor-widget-html\" data-id=\"2305c901\" data-element_type=\"widget\" data-no-translation=\"\" data-widget_type=\"html.default\">\n\t\t\t\t<div class=\"elementor-widget-container\">\n\t\t\t\t\t<div id=\"flockler-embed-18bf73bd24a0526b00399849798d616c\"><\/div>\n<script src=\"https:\/\/plugins.flockler.com\/embed\/18bf715d940045f1a3f31f80980b8e22\/18bf73bd24a0526b00399849798d616c\" async><\/script>\t\t\t\t<\/div>\n\t\t\t\t<\/div>\n\t\t\t\t<div class=\"elementor-element elementor-element-5bb750dc elementor-widget elementor-widget-html\" data-id=\"5bb750dc\" data-element_type=\"widget\" data-no-translation=\"\" data-widget_type=\"html.default\">\n\t\t\t\t<div class=\"elementor-widget-container\">\n\t\t\t\t\t<style>.elementor-element-5bb750dc{display:none !important}<\/style>\t\t\t\t<\/div>\n\t\t\t\t<\/div>\n\t\t\t\t<div class=\"elementor-element elementor-element-3d4c02d2 elementor-widget elementor-widget-html\" data-id=\"3d4c02d2\" data-element_type=\"widget\" data-no-translation=\"\" data-widget_type=\"html.default\">\n\t\t\t\t<div class=\"elementor-widget-container\">\n\t\t\t\t\t<style>.elementor-element-3d4c02d2{display:none !important}<\/style>\t\t\t\t<\/div>\n\t\t\t\t<\/div>\n\t\t\t\t<div class=\"elementor-element elementor-element-25a8242a elementor-widget elementor-widget-html\" data-id=\"25a8242a\" data-element_type=\"widget\" data-no-translation=\"\" data-widget_type=\"html.default\">\n\t\t\t\t<div class=\"elementor-widget-container\">\n\t\t\t\t\t<style>.elementor-element-25a8242a{display:none !important}<\/style>\t\t\t\t<\/div>\n\t\t\t\t<\/div>\n\t\t\t\t<\/div>\n\t\t\t\t\t<\/div>\n\t\t<\/div>\n\t\t\t\t\t\t<\/div>\n\t\t\t\t<\/div>\n\t\t\t\t<\/div>\n\t\t\t\t<\/div>\n\t\t","protected":false},"excerpt":{"rendered":"<p>Dialog Wie wollen wir leben? Wie l\u00f6sen wir dr\u00e4ngende gesellschaftliche Herausforderungen? Der Dialog zur Baukultur in der Schweiz ist vielseitig und anspruchsvoll \u2013 und findet auf unterschiedlichen Kan\u00e4len statt. Die Plattform Baukultur Schweiz macht den Dialog sichtbar. Welche Ideen, Projekte oder politische Vorhaben geben aktuell zu reden? Lassen Sie sich von der Frage des Monats [&hellip;]<\/p>\n","protected":false},"author":1,"featured_media":0,"parent":0,"menu_order":0,"comment_status":"closed","ping_status":"closed","template":"templates\/no-menu-boxed.php","meta":{"_acf_changed":false,"_relevanssi_hide_post":"","_relevanssi_hide_content":"","_relevanssi_pin_for_all":"","_relevanssi_pin_keywords":"hochparterre","_relevanssi_unpin_keywords":"","_relevanssi_related_keywords":"","_relevanssi_related_include_ids":"","_relevanssi_related_exclude_ids":"","_relevanssi_related_no_append":"","_relevanssi_related_not_related":"","_relevanssi_related_posts":"","_relevanssi_noindex_reason":"","footnotes":""},"class_list":["post-92","page","type-page","status-publish","hentry"],"acf":[],"yoast_head":"<!-- This site is optimized with the Yoast SEO plugin v26.1.1 - https:\/\/yoast.com\/wordpress\/plugins\/seo\/ -->\n<title>Dialog zur Baukultur mitgestalten: Kommunikation und Architektur<\/title>\n<meta name=\"description\" content=\"Architektur durch Kommunikation f\u00f6rdern und Fragen zur Baukultur auf LinkedIn diskutieren. Jetzt mitreden und unseren Lebensraum gestalten.\" \/>\n<meta name=\"robots\" content=\"index, follow, max-snippet:-1, max-image-preview:large, max-video-preview:-1\" \/>\n<link rel=\"canonical\" href=\"https:\/\/baukulturschweiz.ch\/de\/dialog\/\" \/>\n<meta property=\"og:locale\" content=\"de_DE\" \/>\n<meta property=\"og:type\" content=\"article\" \/>\n<meta property=\"og:title\" content=\"Dialog zur Baukultur mitgestalten: Kommunikation und Architektur\" \/>\n<meta property=\"og:description\" content=\"Architektur durch Kommunikation f\u00f6rdern und Fragen zur Baukultur auf LinkedIn diskutieren. Jetzt mitreden und unseren Lebensraum gestalten.\" \/>\n<meta property=\"og:url\" content=\"https:\/\/baukulturschweiz.ch\/de\/dialog\/\" \/>\n<meta property=\"og:site_name\" content=\"Baukultur Schweiz\" \/>\n<meta property=\"article:modified_time\" content=\"2025-10-16T16:45:46+00:00\" \/>\n<meta name=\"twitter:card\" content=\"summary_large_image\" \/>\n<meta name=\"twitter:label1\" content=\"Gesch\u00e4tzte Lesezeit\" \/>\n\t<meta name=\"twitter:data1\" content=\"23\u00a0Minuten\" \/>\n<script type=\"application\/ld+json\" class=\"yoast-schema-graph\">{\"@context\":\"https:\/\/schema.org\",\"@graph\":[{\"@type\":\"WebPage\",\"@id\":\"https:\/\/baukulturschweiz.ch\/dialog\/\",\"url\":\"https:\/\/baukulturschweiz.ch\/dialog\/\",\"name\":\"Dialog zur Baukultur mitgestalten: Kommunikation und Architektur\",\"isPartOf\":{\"@id\":\"https:\/\/baukulturschweiz.ch\/de\/#website\"},\"datePublished\":\"2023-03-24T09:05:25+00:00\",\"dateModified\":\"2025-10-16T16:45:46+00:00\",\"description\":\"Architektur durch Kommunikation f\u00f6rdern und Fragen zur Baukultur auf LinkedIn diskutieren. Jetzt mitreden und unseren Lebensraum gestalten.\",\"breadcrumb\":{\"@id\":\"https:\/\/baukulturschweiz.ch\/dialog\/#breadcrumb\"},\"inLanguage\":\"de\",\"potentialAction\":[{\"@type\":\"ReadAction\",\"target\":[\"https:\/\/baukulturschweiz.ch\/dialog\/\"]}]},{\"@type\":\"BreadcrumbList\",\"@id\":\"https:\/\/baukulturschweiz.ch\/dialog\/#breadcrumb\",\"itemListElement\":[{\"@type\":\"ListItem\",\"position\":1,\"name\":\"Startseite\",\"item\":\"https:\/\/baukulturschweiz.ch\/\"},{\"@type\":\"ListItem\",\"position\":2,\"name\":\"Dialog\"}]},{\"@type\":\"WebSite\",\"@id\":\"https:\/\/baukulturschweiz.ch\/de\/#website\",\"url\":\"https:\/\/baukulturschweiz.ch\/de\/\",\"name\":\"Baukultur Schweiz\",\"description\":\"My WordPress Blog\",\"potentialAction\":[{\"@type\":\"SearchAction\",\"target\":{\"@type\":\"EntryPoint\",\"urlTemplate\":\"https:\/\/baukulturschweiz.ch\/de\/?s={search_term_string}\"},\"query-input\":{\"@type\":\"PropertyValueSpecification\",\"valueRequired\":true,\"valueName\":\"search_term_string\"}}],\"inLanguage\":\"de\"}]}<\/script>\n<!-- \/ Yoast SEO plugin. -->","yoast_head_json":{"title":"Dialog zur Baukultur mitgestalten: Kommunikation und Architektur","description":"Architektur durch Kommunikation f\u00f6rdern und Fragen zur Baukultur auf LinkedIn diskutieren. Jetzt mitreden und unseren Lebensraum gestalten.","robots":{"index":"index","follow":"follow","max-snippet":"max-snippet:-1","max-image-preview":"max-image-preview:large","max-video-preview":"max-video-preview:-1"},"canonical":"https:\/\/baukulturschweiz.ch\/de\/dialog\/","og_locale":"de_DE","og_type":"article","og_title":"Dialog zur Baukultur mitgestalten: Kommunikation und Architektur","og_description":"Architektur durch Kommunikation f\u00f6rdern und Fragen zur Baukultur auf LinkedIn diskutieren. Jetzt mitreden und unseren Lebensraum gestalten.","og_url":"https:\/\/baukulturschweiz.ch\/de\/dialog\/","og_site_name":"Baukultur Schweiz","article_modified_time":"2025-10-16T16:45:46+00:00","twitter_card":"summary_large_image","twitter_misc":{"Gesch\u00e4tzte Lesezeit":"23\u00a0Minuten"},"schema":{"@context":"https:\/\/schema.org","@graph":[{"@type":"WebPage","@id":"https:\/\/baukulturschweiz.ch\/dialog\/","url":"https:\/\/baukulturschweiz.ch\/dialog\/","name":"Dialog zur Baukultur mitgestalten: Kommunikation und Architektur","isPartOf":{"@id":"https:\/\/baukulturschweiz.ch\/de\/#website"},"datePublished":"2023-03-24T09:05:25+00:00","dateModified":"2025-10-16T16:45:46+00:00","description":"Architektur durch Kommunikation f\u00f6rdern und Fragen zur Baukultur auf LinkedIn diskutieren. Jetzt mitreden und unseren Lebensraum gestalten.","breadcrumb":{"@id":"https:\/\/baukulturschweiz.ch\/dialog\/#breadcrumb"},"inLanguage":"de","potentialAction":[{"@type":"ReadAction","target":["https:\/\/baukulturschweiz.ch\/dialog\/"]}]},{"@type":"BreadcrumbList","@id":"https:\/\/baukulturschweiz.ch\/dialog\/#breadcrumb","itemListElement":[{"@type":"ListItem","position":1,"name":"Startseite","item":"https:\/\/baukulturschweiz.ch\/"},{"@type":"ListItem","position":2,"name":"Dialog"}]},{"@type":"WebSite","@id":"https:\/\/baukulturschweiz.ch\/de\/#website","url":"https:\/\/baukulturschweiz.ch\/de\/","name":"Baukultur Schweiz","description":"My WordPress Blog","potentialAction":[{"@type":"SearchAction","target":{"@type":"EntryPoint","urlTemplate":"https:\/\/baukulturschweiz.ch\/de\/?s={search_term_string}"},"query-input":{"@type":"PropertyValueSpecification","valueRequired":true,"valueName":"search_term_string"}}],"inLanguage":"de"}]}},"_links":{"self":[{"href":"https:\/\/baukulturschweiz.ch\/de\/wp-json\/wp\/v2\/pages\/92","targetHints":{"allow":["GET"]}}],"collection":[{"href":"https:\/\/baukulturschweiz.ch\/de\/wp-json\/wp\/v2\/pages"}],"about":[{"href":"https:\/\/baukulturschweiz.ch\/de\/wp-json\/wp\/v2\/types\/page"}],"author":[{"embeddable":true,"href":"https:\/\/baukulturschweiz.ch\/de\/wp-json\/wp\/v2\/users\/1"}],"replies":[{"embeddable":true,"href":"https:\/\/baukulturschweiz.ch\/de\/wp-json\/wp\/v2\/comments?post=92"}],"version-history":[{"count":39,"href":"https:\/\/baukulturschweiz.ch\/de\/wp-json\/wp\/v2\/pages\/92\/revisions"}],"predecessor-version":[{"id":5365,"href":"https:\/\/baukulturschweiz.ch\/de\/wp-json\/wp\/v2\/pages\/92\/revisions\/5365"}],"wp:attachment":[{"href":"https:\/\/baukulturschweiz.ch\/de\/wp-json\/wp\/v2\/media?parent=92"}],"curies":[{"name":"wp","href":"https:\/\/api.w.org\/{rel}","templated":true}]}}