{"id":2696,"date":"2023-12-14T16:17:22","date_gmt":"2023-12-14T16:17:22","guid":{"rendered":"https:\/\/baukulturschweiz.ch\/?page_id=2696"},"modified":"2025-12-11T12:15:00","modified_gmt":"2025-12-11T11:15:00","slug":"newsletter-archiv","status":"publish","type":"page","link":"https:\/\/baukulturschweiz.ch\/de\/newsletter-archiv\/","title":{"rendered":"Newsletter"},"content":{"rendered":"\t\t<div data-elementor-type=\"wp-page\" data-elementor-id=\"2696\" class=\"elementor elementor-2696\" data-elementor-post-type=\"page\">\n\t\t\t\t<div class=\"elementor-element elementor-element-53ceeb6 u-sidePadding u-dcwiSection -noTop e-flex e-con-boxed e-con e-parent\" data-id=\"53ceeb6\" data-element_type=\"container\">\n\t\t\t\t\t<div class=\"e-con-inner\">\n\t\t\t\t<div class=\"elementor-element elementor-element-580439c elementor-widget elementor-widget-dcwi-content-block\" data-id=\"580439c\" data-element_type=\"widget\" data-widget_type=\"dcwi-content-block.default\">\n\t\t\t\t<div class=\"elementor-widget-container\">\n\t\t\t\t\t        <div class=\"m-contentBlock -wide u-leadText -borderTop \" data-no-translation>\n                            <div class=\"m-contentBlock__header\">\n                    <h2 class=\"u-noMargin\">Newsletter Baukultur Schweiz 02-2025: Innovation beginnt in der Schule<\/h2>                <\/div>\n                        <div class=\"m-contentBlock__inner\">\n                <div class=\"m-contentBlock__imageWrapper \"><img fetchpriority=\"high\" decoding=\"async\" width=\"1757\" height=\"1243\" src=\"https:\/\/baukulturschweiz.ch\/wp-content\/uploads\/2025\/12\/Skizze_Schulhaus_Fiona_Postkarten_horizontal_page0_image.png\" class=\"m-contentBlock__image\" alt=\"\" srcset=\"https:\/\/baukulturschweiz.ch\/wp-content\/uploads\/2025\/12\/Skizze_Schulhaus_Fiona_Postkarten_horizontal_page0_image.png 1757w, https:\/\/baukulturschweiz.ch\/wp-content\/uploads\/2025\/12\/Skizze_Schulhaus_Fiona_Postkarten_horizontal_page0_image-300x212.png 300w, https:\/\/baukulturschweiz.ch\/wp-content\/uploads\/2025\/12\/Skizze_Schulhaus_Fiona_Postkarten_horizontal_page0_image-1024x724.png 1024w, https:\/\/baukulturschweiz.ch\/wp-content\/uploads\/2025\/12\/Skizze_Schulhaus_Fiona_Postkarten_horizontal_page0_image-768x543.png 768w, https:\/\/baukulturschweiz.ch\/wp-content\/uploads\/2025\/12\/Skizze_Schulhaus_Fiona_Postkarten_horizontal_page0_image-1536x1087.png 1536w, https:\/\/baukulturschweiz.ch\/wp-content\/uploads\/2025\/12\/Skizze_Schulhaus_Fiona_Postkarten_horizontal_page0_image-18x12.png 18w\" sizes=\"(max-width: 1757px) 100vw, 1757px\" \/>                    <span class=\"m-contentBlock__credit\"> Archijeunes Netzwerktagung \u00abKosmos Schulraum\u00bb 2025 (Illustration: Fiona Hager, Archijeunes)<\/span>\n                <\/div>                <div class=\"m-contentBlock__content\">\n                    <p><span data-offset-key=\"1g5n9-0-0\">Das nahende Jahresende l\u00e4dt zum R\u00fcckblick ein, aber auch zum Blick voraus in die Zukunft. Wie erreichen wir Innovation in der Baukultur und wie die dringend notwendige Transformation zu einer nachhaltigen Gestaltung unseres Lebensraums? Das f\u00e4ngt bei Kindern und Jugendlichen an. Erfahren Sie im Interview, wie sich das vielerorts brach liegende Potenzial von Schulhaussanierungen nutzen l\u00e4sst, um Sch\u00fclerinnen und Sch\u00fcler f\u00fcr Baukultur zu sensibilisieren und wie sich generell ein Fenster zur baukulturellen Bildung \u00f6ffnen l\u00e4sst. Lassen sie sich ausserdem aus der Perspektive der Macher zum h\u00f6chsten 3D-gedruckten Geb\u00e4ude der Welt oder zur Revitalisierung eines jahrhundertealten Bades mit Low-Tech entf\u00fchren. Oder lassen Sie sich von der\u00a0<\/span><span class=\"rte-entity-LINK\"><a href=\"https:\/\/baukulturschweiz.ch\/de\/dialog\/\"><span data-offset-key=\"1g5n9-1-0\">Frage des Monats Dezember<\/span><\/a><\/span><span data-offset-key=\"1g5n9-2-0\">\u00a0zu spannenden Ausfl\u00fcgen nach Sizilien oder zu Ausstellungen und Vortr\u00e4gen in der Schweiz inspirieren. Vielleicht animiert Sie das, selbst eine eigene\u00a0<\/span><span class=\"rte-entity-LINK\"><a href=\"https:\/\/baukulturschweiz.ch\/de\/case-studies-fuer-alle\/\"><span data-offset-key=\"1g5n9-3-0\">Case Study<\/span><\/a><\/span><span data-offset-key=\"1g5n9-4-0\">\u00a0einzugeben oder vorhandene Case Studies zu\u00a0<\/span><span class=\"rte-entity-LINK\"><a href=\"https:\/\/www.linkedin.com\/company\/baukultur-schweiz\"><span data-offset-key=\"1g5n9-5-0\">debattieren<\/span><\/a><\/span><span data-offset-key=\"1g5n9-6-0\">? Auf einen guten Jahresausklang, viele neue Ideen und spannende Diskussionen im neuen Jahr!<\/span><\/p>\n                                            <div class=\"m-contentBlock__links\">\n                                                            <a class=\"-contentBlock -linkBar\"\n                                     target=\"_blank\"                                    href=\"https:\/\/baukulturschweiz.ch\/wp-content\/uploads\/2025\/12\/Baukultur_Schweiz_NL_12-2025_de.pdf\">\n                                    Download Newsletter (PDF)                                    <svg class=\"svg-inline--fa fa-arrow-right\" aria-hidden=\"true\" focusable=\"false\" data-prefix=\"fal\" data-icon=\"arrow-right\" role=\"img\" xmlns=\"http:\/\/www.w3.org\/2000\/svg\" viewBox=\"0 0 448 512\" data-fa-i2svg=\"\"><path fill=\"currentColor\" d=\"M443.7 266.8l-165.9 176C274.5 446.3 269.1 448 265.5 448c-3.986 0-7.988-1.375-11.16-4.156c-6.773-5.938-7.275-16.06-1.118-22.59L393.9 272H16.59c-9.171 0-16.59-7.155-16.59-15.1S7.421 240 16.59 240h377.3l-140.7-149.3c-6.157-6.531-5.655-16.66 1.118-22.59c6.789-5.906 17.27-5.469 23.45 1.094l165.9 176C449.4 251.3 449.4 260.7 443.7 266.8z\"><\/path><\/svg>                                <\/a>\n                                                    <\/div>\n                                    <\/div>\n            <\/div>\n        <\/div>\n        \t\t\t\t<\/div>\n\t\t\t\t<\/div>\n\t\t\t\t\t<\/div>\n\t\t\t\t<\/div>\n\t\t<div class=\"elementor-element elementor-element-66a40d0 u-sidePadding u-dcwiSection -noTop e-flex e-con-boxed e-con e-parent\" data-id=\"66a40d0\" data-element_type=\"container\">\n\t\t\t\t\t<div class=\"e-con-inner\">\n\t\t\t\t<div class=\"elementor-element elementor-element-1742064 elementor-widget elementor-widget-dcwi-content-block\" data-id=\"1742064\" data-element_type=\"widget\" data-widget_type=\"dcwi-content-block.default\">\n\t\t\t\t<div class=\"elementor-widget-container\">\n\t\t\t\t\t        <div class=\"m-contentBlock -wide u-leadText -borderTop \" data-no-translation>\n                            <div class=\"m-contentBlock__header\">\n                    <h2 class=\"u-noMargin\">Newsletter Baukultur Schweiz 01-2025: Baukultur in Forschung, Lehre und Praxis bringen<\/h2>                <\/div>\n                        <div class=\"m-contentBlock__inner\">\n                <div class=\"m-contentBlock__imageWrapper \"><img decoding=\"async\" width=\"1920\" height=\"1080\" src=\"https:\/\/baukulturschweiz.ch\/wp-content\/uploads\/2025\/07\/Hoersaalgebaeude-auf-dem-vonRoll-Areal.jpg\" class=\"m-contentBlock__image\" alt=\"\" srcset=\"https:\/\/baukulturschweiz.ch\/wp-content\/uploads\/2025\/07\/Hoersaalgebaeude-auf-dem-vonRoll-Areal.jpg 1920w, https:\/\/baukulturschweiz.ch\/wp-content\/uploads\/2025\/07\/Hoersaalgebaeude-auf-dem-vonRoll-Areal-300x169.jpg 300w, https:\/\/baukulturschweiz.ch\/wp-content\/uploads\/2025\/07\/Hoersaalgebaeude-auf-dem-vonRoll-Areal-1024x576.jpg 1024w, https:\/\/baukulturschweiz.ch\/wp-content\/uploads\/2025\/07\/Hoersaalgebaeude-auf-dem-vonRoll-Areal-768x432.jpg 768w, https:\/\/baukulturschweiz.ch\/wp-content\/uploads\/2025\/07\/Hoersaalgebaeude-auf-dem-vonRoll-Areal-1536x864.jpg 1536w, https:\/\/baukulturschweiz.ch\/wp-content\/uploads\/2025\/07\/Hoersaalgebaeude-auf-dem-vonRoll-Areal-18x10.jpg 18w\" sizes=\"(max-width: 1920px) 100vw, 1920px\" \/>                    <span class=\"m-contentBlock__credit\"> H\u00f6rsaalgeb\u00e4ude auf dem vonRoll-Areal \u00a9 Sonja Perren (PH Bern)<\/span>\n                <\/div>                <div class=\"m-contentBlock__content\">\n                    <p>Der Start des Nationalen Forschungsprogramms (NFP) Baukultur Mitte Mai in Thun war ein starkes Zeichen, Baukultur k\u00fcnftig st\u00e4rker in Forschung und Praxis zu verankern. Ein Ziel von <span class=\"rte-entity-LINK\"><a href=\"https:\/\/baukulturschweiz.ch\/de\/\" target=\"_blank\" rel=\"noopener\"><span data-offset-key=\"1g5n9-1-0\">baukulturschweiz.ch<\/span><\/a><\/span><span data-offset-key=\"1g5n9-2-0\"> ist es, Baukultur auch st\u00e4rker in die Lehre zu bringen. Nachdem Pionierhochschulen bereits erste Case Studies f\u00fcr alle ver\u00f6ffentlicht haben, l\u00e4uft aktuell eine breite Ansprache weiterer Hochschulen. Entdecken Sie verschiedene Perspektiven von Studierenden auf das Hochschulzentrum vonRoll in Bern. Lassen Sie sich von spannenden <\/span><span class=\"rte-entity-LINK\"><a href=\"https:\/\/baukulturschweiz.ch\/de\/dialog\/\" target=\"_blank\" rel=\"noopener\"><span data-offset-key=\"1g5n9-3-0\">Fragen des Monats<\/span><\/a><\/span><span data-offset-key=\"1g5n9-4-0\"> inspirieren: Ist der \u00f6ffentliche Raum untersch\u00e4tzt, was taugt das Raumkonzept 2050, was ist Sch\u00f6nheit und was Funktionalit\u00e4t? Gewinnen Sie mit der Pr\u00e4sidentin der Leitungsgruppe einen Einblick in das NFP Baukultur. Oder reichen Sie selbst eine <\/span><span class=\"rte-entity-LINK\"><a href=\"https:\/\/baukulturschweiz.ch\/de\/case-studies-fuer-alle\/\" target=\"_blank\" rel=\"noopener\"><span data-offset-key=\"1g5n9-5-0\">Case Study<\/span><\/a><\/span><span data-offset-key=\"1g5n9-6-0\"> ein!<\/span><\/p>\n                                            <div class=\"m-contentBlock__links\">\n                                                            <a class=\"-contentBlock -linkBar\"\n                                     target=\"_blank\"                                    href=\"https:\/\/baukulturschweiz.ch\/wp-content\/uploads\/2025\/07\/Baukultur_Schweiz_NL_06-2025_de18.pdf\">\n                                    Download Newsletter (PDF)                                    <svg class=\"svg-inline--fa fa-arrow-right\" aria-hidden=\"true\" focusable=\"false\" data-prefix=\"fal\" data-icon=\"arrow-right\" role=\"img\" xmlns=\"http:\/\/www.w3.org\/2000\/svg\" viewBox=\"0 0 448 512\" data-fa-i2svg=\"\"><path fill=\"currentColor\" d=\"M443.7 266.8l-165.9 176C274.5 446.3 269.1 448 265.5 448c-3.986 0-7.988-1.375-11.16-4.156c-6.773-5.938-7.275-16.06-1.118-22.59L393.9 272H16.59c-9.171 0-16.59-7.155-16.59-15.1S7.421 240 16.59 240h377.3l-140.7-149.3c-6.157-6.531-5.655-16.66 1.118-22.59c6.789-5.906 17.27-5.469 23.45 1.094l165.9 176C449.4 251.3 449.4 260.7 443.7 266.8z\"><\/path><\/svg>                                <\/a>\n                                                    <\/div>\n                                    <\/div>\n            <\/div>\n        <\/div>\n        \t\t\t\t<\/div>\n\t\t\t\t<\/div>\n\t\t\t\t\t<\/div>\n\t\t\t\t<\/div>\n\t\t<div class=\"elementor-element elementor-element-4cb96ce u-sidePadding u-dcwiSection -noTop e-flex e-con-boxed e-con e-parent\" data-id=\"4cb96ce\" data-element_type=\"container\">\n\t\t\t\t\t<div class=\"e-con-inner\">\n\t\t\t\t<div class=\"elementor-element elementor-element-f9699b3 elementor-widget elementor-widget-dcwi-content-block\" data-id=\"f9699b3\" data-element_type=\"widget\" data-widget_type=\"dcwi-content-block.default\">\n\t\t\t\t<div class=\"elementor-widget-container\">\n\t\t\t\t\t        <div class=\"m-contentBlock -wide u-leadText -borderTop \" data-no-translation>\n                            <div class=\"m-contentBlock__header\">\n                    <h2 class=\"u-noMargin\">Newsletter Baukultur Schweiz 02-2024: aus dem Vorhandenen f\u00fcr die Zukunft sch\u00f6pfen<\/h2>                <\/div>\n                        <div class=\"m-contentBlock__inner\">\n                <div class=\"m-contentBlock__imageWrapper \"><img decoding=\"async\" width=\"1920\" height=\"1080\" src=\"https:\/\/baukulturschweiz.ch\/wp-content\/uploads\/2024\/12\/02-2024_Beitragsbild_Winterthur.jpg\" class=\"m-contentBlock__image\" alt=\"\" srcset=\"https:\/\/baukulturschweiz.ch\/wp-content\/uploads\/2024\/12\/02-2024_Beitragsbild_Winterthur.jpg 1920w, https:\/\/baukulturschweiz.ch\/wp-content\/uploads\/2024\/12\/02-2024_Beitragsbild_Winterthur-300x169.jpg 300w, https:\/\/baukulturschweiz.ch\/wp-content\/uploads\/2024\/12\/02-2024_Beitragsbild_Winterthur-1024x576.jpg 1024w, https:\/\/baukulturschweiz.ch\/wp-content\/uploads\/2024\/12\/02-2024_Beitragsbild_Winterthur-768x432.jpg 768w, https:\/\/baukulturschweiz.ch\/wp-content\/uploads\/2024\/12\/02-2024_Beitragsbild_Winterthur-1536x864.jpg 1536w, https:\/\/baukulturschweiz.ch\/wp-content\/uploads\/2024\/12\/02-2024_Beitragsbild_Winterthur-18x10.jpg 18w\" sizes=\"(max-width: 1920px) 100vw, 1920px\" \/>                    <span class=\"m-contentBlock__credit\"> Hobelwerk-Areal, Winterthur \u00a9 Christian Flierl<\/span>\n                <\/div>                <div class=\"m-contentBlock__content\">\n                    <p><span data-offset-key=\"1g5n9-0-0\">Von dem auszugehen, was vorhanden ist, klingt erst einmal konservativ, vielleicht sogar ein bisschen langweilig. Welche F\u00fclle sich daraus sch\u00f6pfen l\u00e4sst, zeigen aktuelle Projekte wie der\u00a0<\/span><span class=\"rte-entity-LINK\"><a href=\"https:\/\/prohelvetia.ch\/de\/whats-on\/das-kollektiv-annexe-bespielt-den-schweizer-pavillon-an-der-architekturbiennale-venedig-2025\/\"><span data-offset-key=\"1g5n9-1-0\">Schweizer Pavillon<\/span><\/a><\/span><span data-offset-key=\"1g5n9-2-0\"> an der kommenden Architekturbiennale oder <\/span><span class=\"rte-entity-LINK\"><a href=\"https:\/\/baukulturschweiz.ch\/de\/\"><span data-offset-key=\"1g5n9-3-0\">20 neue Case Studies<\/span><\/a><\/span><span data-offset-key=\"1g5n9-4-0\"> auf baukulturschweiz.ch. Baukultur hat viele Gesichter und erf\u00fcllt viele Bed\u00fcrfnisse. Tauchen Sie ein in einen Schokoladenparcours f\u00fcr die Massen, s\u00fcdliches Flair in der Altstadt, gesegnetes Trinkwasser oder klimabewusstes Planen und Bauen. Und lassen Sie sich von spannenden <\/span><span class=\"rte-entity-LINK\"><a href=\"https:\/\/baukulturschweiz.ch\/de\/dialog\/\"><span data-offset-key=\"1g5n9-5-0\">Fragen des Monats<\/span><\/a><\/span><span data-offset-key=\"1g5n9-6-0\"> inspirieren: Sind genderneutrale Toiletten sinnvoll, ist das Bundesinventar sch\u00fctzenswerter Ortsbilder (ISOS) Fluch oder Segen, und was k\u00f6nnen wir f\u00fcr 2025 hoffen? Lassen Sie sich von den Macherinnen des Schweizer Pavillons ausserdem schon jetzt an die Architekturbiennale Venedig 2025 entf\u00fchren. Auf ein gutes Leben in einem gut gestalteten Lebensraum!<\/span><\/p>\n                                            <div class=\"m-contentBlock__links\">\n                                                            <a class=\"-contentBlock -linkBar\"\n                                     target=\"_blank\"                                    href=\"https:\/\/baukulturschweiz.ch\/wp-content\/uploads\/2024\/12\/Baukultur_Schweiz_NL_02-2024_de.pdf\">\n                                    Download Newsletter (PDF)                                    <svg class=\"svg-inline--fa fa-arrow-right\" aria-hidden=\"true\" focusable=\"false\" data-prefix=\"fal\" data-icon=\"arrow-right\" role=\"img\" xmlns=\"http:\/\/www.w3.org\/2000\/svg\" viewBox=\"0 0 448 512\" data-fa-i2svg=\"\"><path fill=\"currentColor\" d=\"M443.7 266.8l-165.9 176C274.5 446.3 269.1 448 265.5 448c-3.986 0-7.988-1.375-11.16-4.156c-6.773-5.938-7.275-16.06-1.118-22.59L393.9 272H16.59c-9.171 0-16.59-7.155-16.59-15.1S7.421 240 16.59 240h377.3l-140.7-149.3c-6.157-6.531-5.655-16.66 1.118-22.59c6.789-5.906 17.27-5.469 23.45 1.094l165.9 176C449.4 251.3 449.4 260.7 443.7 266.8z\"><\/path><\/svg>                                <\/a>\n                                                    <\/div>\n                                    <\/div>\n            <\/div>\n        <\/div>\n        \t\t\t\t<\/div>\n\t\t\t\t<\/div>\n\t\t\t\t\t<\/div>\n\t\t\t\t<\/div>\n\t\t<div class=\"elementor-element elementor-element-288f07e u-sidePadding u-dcwiSection -noTop e-flex e-con-boxed e-con e-parent\" data-id=\"288f07e\" data-element_type=\"container\">\n\t\t\t\t\t<div class=\"e-con-inner\">\n\t\t\t\t<div class=\"elementor-element elementor-element-d946737 elementor-widget elementor-widget-dcwi-content-block\" data-id=\"d946737\" data-element_type=\"widget\" data-widget_type=\"dcwi-content-block.default\">\n\t\t\t\t<div class=\"elementor-widget-container\">\n\t\t\t\t\t        <div class=\"m-contentBlock -wide u-leadText -borderTop \" data-no-translation>\n                            <div class=\"m-contentBlock__header\">\n                    <h2 class=\"u-noMargin\">Newsletter Baukultur Schweiz 01-2024: Hochschulen entdecken Case Studies f\u00fcr alle<\/h2>                <\/div>\n                        <div class=\"m-contentBlock__inner\">\n                <div class=\"m-contentBlock__imageWrapper \"><img loading=\"lazy\" decoding=\"async\" width=\"1280\" height=\"734\" src=\"https:\/\/baukulturschweiz.ch\/wp-content\/uploads\/2024\/07\/SIA_Newsletter_06-2024_Preview.jpg\" class=\"m-contentBlock__image\" alt=\"\" srcset=\"https:\/\/baukulturschweiz.ch\/wp-content\/uploads\/2024\/07\/SIA_Newsletter_06-2024_Preview.jpg 1280w, https:\/\/baukulturschweiz.ch\/wp-content\/uploads\/2024\/07\/SIA_Newsletter_06-2024_Preview-300x172.jpg 300w, https:\/\/baukulturschweiz.ch\/wp-content\/uploads\/2024\/07\/SIA_Newsletter_06-2024_Preview-1024x587.jpg 1024w, https:\/\/baukulturschweiz.ch\/wp-content\/uploads\/2024\/07\/SIA_Newsletter_06-2024_Preview-768x440.jpg 768w, https:\/\/baukulturschweiz.ch\/wp-content\/uploads\/2024\/07\/SIA_Newsletter_06-2024_Preview-18x10.jpg 18w\" sizes=\"(max-width: 1280px) 100vw, 1280px\" \/>                    <span class=\"m-contentBlock__credit\"> Workshop Baukultur Schweiz und Hochschulen, Z\u00fcrich (Foto: Jasmine Scheidegger Woods, SIA)<\/span>\n                <\/div>                <div class=\"m-contentBlock__content\">\n                    <p>Die im Dezember 2023 von Baukultur Schweiz lancierten\u00a0<a href=\"https:\/\/web.swissnewsletter.ch\/e\/7813fb3ceba283ab\/nl\/-\/testlink\/9094\/876a67536bcb41e6b42f0aa6\/de\/-\" target=\"_blank\" rel=\"noopener noreferrer\">Case Studies f\u00fcr alle<\/a>\u00a0stossen bei Hochschulen auf reges Interesse. Bereits 18 neue Case Studies sind zusammengekommen. Den Anfang machte Ren\u00e9 J\u00e4hne vom Nationalen Forschungsschwerpunkt (NFS) Digitale Fabrikation der ETH Z\u00fcrich zum\u00a0<a href=\"https:\/\/web.swissnewsletter.ch\/e\/7813fb3ceba283ab\/nl\/-\/testlink\/9096\/876a67536bcb41e6b42f0aa6\/de\/-\" target=\"_blank\" rel=\"noopener noreferrer\">DFAB HOUSE, NEST, der Empa D\u00fcbendorf<\/a>. Ausserdem liessen Boris Sz\u00e9lpal von der Berner Fachhochschule (BFH) und Janine Kern von der Fachhochschule Nordwestschweiz (FHNW) ihre Studierenden Case Studies erarbeiten.<br \/>Anfang Juni traf sich die Kerngruppe von baukulturschweiz.ch mit den Autorinnen und Autoren der neuen Case Studies zu einem Workshop, um Erfahrungen auszutauschen. Insbesondere der Austausch \u00fcber die\u00a0<a href=\"https:\/\/web.swissnewsletter.ch\/e\/7813fb3ceba283ab\/nl\/-\/testlink\/9097\/876a67536bcb41e6b42f0aa6\/de\/-\" target=\"_blank\" rel=\"noopener noreferrer\">Kriterien des Davos Qualit\u00e4tssystems f\u00fcr Baukultur<\/a>\u00a0erwies sich als spannend. Ein zentrales Learning lautet: Durch gezieltes Fragen l\u00e4sst sich zu einer gemeinsamen Sprache finden. Neugierig? Entdecken auch Sie die neuen\u00a0<a href=\"https:\/\/web.swissnewsletter.ch\/e\/7813fb3ceba283ab\/nl\/-\/testlink\/9090\/876a67536bcb41e6b42f0aa6\/de\/-\" target=\"_blank\" rel=\"noopener noreferrer\">Case Studies<\/a>\u00a0auf Baukultur Schweiz, oder\u00a0<a href=\"https:\/\/web.swissnewsletter.ch\/e\/7813fb3ceba283ab\/nl\/-\/testlink\/9098\/876a67536bcb41e6b42f0aa6\/de\/-\" target=\"_blank\" rel=\"noopener noreferrer\">reichen Sie selbst einen Case ein<\/a>!<\/p>\n                                            <div class=\"m-contentBlock__links\">\n                                                            <a class=\"-contentBlock -linkBar\"\n                                     target=\"_blank\"                                    href=\"https:\/\/baukulturschweiz.ch\/wp-content\/uploads\/2024\/07\/Baukultur_Schweiz_Newsletter_06-24.pdf\">\n                                    Download Newsletter (PDF)                                    <svg class=\"svg-inline--fa fa-arrow-right\" aria-hidden=\"true\" focusable=\"false\" data-prefix=\"fal\" data-icon=\"arrow-right\" role=\"img\" xmlns=\"http:\/\/www.w3.org\/2000\/svg\" viewBox=\"0 0 448 512\" data-fa-i2svg=\"\"><path fill=\"currentColor\" d=\"M443.7 266.8l-165.9 176C274.5 446.3 269.1 448 265.5 448c-3.986 0-7.988-1.375-11.16-4.156c-6.773-5.938-7.275-16.06-1.118-22.59L393.9 272H16.59c-9.171 0-16.59-7.155-16.59-15.1S7.421 240 16.59 240h377.3l-140.7-149.3c-6.157-6.531-5.655-16.66 1.118-22.59c6.789-5.906 17.27-5.469 23.45 1.094l165.9 176C449.4 251.3 449.4 260.7 443.7 266.8z\"><\/path><\/svg>                                <\/a>\n                                                    <\/div>\n                                    <\/div>\n            <\/div>\n        <\/div>\n        \t\t\t\t<\/div>\n\t\t\t\t<\/div>\n\t\t\t\t\t<\/div>\n\t\t\t\t<\/div>\n\t\t<div class=\"elementor-element elementor-element-ff2430d u-sidePadding u-dcwiSection -noTop e-flex e-con-boxed e-con e-parent\" data-id=\"ff2430d\" data-element_type=\"container\">\n\t\t\t\t\t<div class=\"e-con-inner\">\n\t\t\t\t<div class=\"elementor-element elementor-element-cdb89ca elementor-widget elementor-widget-dcwi-content-block\" data-id=\"cdb89ca\" data-element_type=\"widget\" data-widget_type=\"dcwi-content-block.default\">\n\t\t\t\t<div class=\"elementor-widget-container\">\n\t\t\t\t\t        <div class=\"m-contentBlock -wide u-leadText -borderTop \" data-no-translation>\n                            <div class=\"m-contentBlock__header\">\n                    <h2 class=\"u-noMargin\">Newsletter Baukultur Schweiz 02-2023: Was hat Weihnachten mit Baukultur zu tun?<\/h2>                <\/div>\n                        <div class=\"m-contentBlock__inner\">\n                <div class=\"m-contentBlock__imageWrapper \"><img loading=\"lazy\" decoding=\"async\" width=\"1920\" height=\"1080\" src=\"https:\/\/baukulturschweiz.ch\/wp-content\/uploads\/2023\/12\/c6960a15-73de-11ee-8ba9-005056b17944.jpeg\" class=\"m-contentBlock__image\" alt=\"\" srcset=\"https:\/\/baukulturschweiz.ch\/wp-content\/uploads\/2023\/12\/c6960a15-73de-11ee-8ba9-005056b17944.jpeg 1920w, https:\/\/baukulturschweiz.ch\/wp-content\/uploads\/2023\/12\/c6960a15-73de-11ee-8ba9-005056b17944-300x169.jpeg 300w, https:\/\/baukulturschweiz.ch\/wp-content\/uploads\/2023\/12\/c6960a15-73de-11ee-8ba9-005056b17944-1024x576.jpeg 1024w, https:\/\/baukulturschweiz.ch\/wp-content\/uploads\/2023\/12\/c6960a15-73de-11ee-8ba9-005056b17944-768x432.jpeg 768w, https:\/\/baukulturschweiz.ch\/wp-content\/uploads\/2023\/12\/c6960a15-73de-11ee-8ba9-005056b17944-1536x864.jpeg 1536w, https:\/\/baukulturschweiz.ch\/wp-content\/uploads\/2023\/12\/c6960a15-73de-11ee-8ba9-005056b17944-18x10.jpeg 18w\" sizes=\"(max-width: 1920px) 100vw, 1920px\" \/>                    <span class=\"m-contentBlock__credit\"> Wandelhalle im Bundeshaus, Bern (\u00a9 Christian Flierl)<\/span>\n                <\/div>                <div class=\"m-contentBlock__content\">\n                    <p><span data-offset-key=\"1g5n9-0-0\">Vor gut einem Jahr hat der Runde Tisch Baukultur Schweiz zusammen mit dem SIA und dem Bundesamt f\u00fcr Kultur die neue Webplattform <\/span><span class=\"rte-entity-LINK\"><a href=\"https:\/\/baukulturschweiz.ch\/de\"><span data-offset-key=\"1g5n9-1-0\">baukulturschweiz.ch<\/span><\/a><\/span><span data-offset-key=\"1g5n9-2-0\"> lanciert. Diesen Juli kam ein <\/span><span class=\"rte-entity-LINK\"><a href=\"https:\/\/baukulturschweiz.ch\/de\/beratung\"><span data-offset-key=\"1g5n9-3-0\">Beratungsangebot f\u00fcr Gemeinden und St\u00e4dte<\/span><\/a><\/span><span data-offset-key=\"1g5n9-4-0\"> hinzu. Jetzt folgt der n\u00e4chste Schritt: <\/span><span class=\"rte-entity-LINK\"><a href=\"https:\/\/baukulturschweiz.ch\/case-studies-fuer-alle\"><span data-offset-key=\"1g5n9-5-0\">Case Studies f\u00fcr alle<\/span><\/a><\/span><span data-offset-key=\"1g5n9-6-0\"> laden dazu ein, mit anderen zu teilen, was gelungen und was weniger gelungen ist. Laden Sie ein halbmin\u00fctiges Standvideo hoch, und w\u00e4hlen Sie acht Fragen aus, um einen Ort zu beschreiben, der Ihnen wichtig ist. Wenn Sie schon immer wissen wollten, was Weihnachten mit Baukultur zu tun hat, werfen Sie einen Blick in das neue Modul <\/span><span class=\"rte-entity-LINK\"><a href=\"https:\/\/baukulturschweiz.ch\/de\/dialog\/\"><span data-offset-key=\"1g5n9-7-0\">Dialog<\/span><\/a><\/span><span data-offset-key=\"1g5n9-8-0\">. Diskutieren Sie \u00fcber den <\/span><span class=\"rte-entity-LINK\"><a href=\"https:\/\/www.linkedin.com\/company\/baukultur-schweiz\"><span data-offset-key=\"1g5n9-9-0\">LinkedIn-Kanal<\/span><\/a><\/span><span data-offset-key=\"1g5n9-10-0\"> von Baukultur Schweiz oder Ihre eigenen Kan\u00e4le mit. Und wenn Sie einfach nur weitere spannende Orte entdecken m\u00f6chten, schauen Sie sich die neusten <\/span><span class=\"rte-entity-LINK\"><a href=\"https:\/\/baukulturschweiz.ch\/de\"><span data-offset-key=\"1g5n9-11-0\">20 Case Studies<\/span><\/a><\/span><span data-offset-key=\"1g5n9-12-0\"> an.<\/span><\/p>\n                                            <div class=\"m-contentBlock__links\">\n                                                            <a class=\"-contentBlock -linkBar\"\n                                     target=\"_blank\"                                    href=\"https:\/\/baukulturschweiz.ch\/wp-content\/uploads\/2023\/12\/Baukultur_Schweiz_Newsletter_02-23-1.pdf\">\n                                    Download Newsletter (PDF)                                    <svg class=\"svg-inline--fa fa-arrow-right\" aria-hidden=\"true\" focusable=\"false\" data-prefix=\"fal\" data-icon=\"arrow-right\" role=\"img\" xmlns=\"http:\/\/www.w3.org\/2000\/svg\" viewBox=\"0 0 448 512\" data-fa-i2svg=\"\"><path fill=\"currentColor\" d=\"M443.7 266.8l-165.9 176C274.5 446.3 269.1 448 265.5 448c-3.986 0-7.988-1.375-11.16-4.156c-6.773-5.938-7.275-16.06-1.118-22.59L393.9 272H16.59c-9.171 0-16.59-7.155-16.59-15.1S7.421 240 16.59 240h377.3l-140.7-149.3c-6.157-6.531-5.655-16.66 1.118-22.59c6.789-5.906 17.27-5.469 23.45 1.094l165.9 176C449.4 251.3 449.4 260.7 443.7 266.8z\"><\/path><\/svg>                                <\/a>\n                                                    <\/div>\n                                    <\/div>\n            <\/div>\n        <\/div>\n        \t\t\t\t<\/div>\n\t\t\t\t<\/div>\n\t\t\t\t\t<\/div>\n\t\t\t\t<\/div>\n\t\t<div class=\"elementor-element elementor-element-d785d9e u-sidePadding u-dcwiSection -noTop e-flex e-con-boxed e-con e-parent\" data-id=\"d785d9e\" data-element_type=\"container\">\n\t\t\t\t\t<div class=\"e-con-inner\">\n\t\t\t\t<div class=\"elementor-element elementor-element-becd93f elementor-widget elementor-widget-dcwi-content-block\" data-id=\"becd93f\" data-element_type=\"widget\" data-widget_type=\"dcwi-content-block.default\">\n\t\t\t\t<div class=\"elementor-widget-container\">\n\t\t\t\t\t        <div class=\"m-contentBlock -wide u-leadText -borderTop \" data-no-translation>\n                            <div class=\"m-contentBlock__header\">\n                    <h2 class=\"u-noMargin\">Newsletter Baukultur Schweiz 01-2023: Gemeinden und St\u00e4dte st\u00e4rken<\/h2>                <\/div>\n                        <div class=\"m-contentBlock__inner\">\n                <div class=\"m-contentBlock__imageWrapper \"><img loading=\"lazy\" decoding=\"async\" width=\"1000\" height=\"590\" src=\"https:\/\/baukulturschweiz.ch\/wp-content\/uploads\/2023\/12\/78557512-ef41-11ed-a4df-005056b17944.jpeg\" class=\"m-contentBlock__image\" alt=\"\" srcset=\"https:\/\/baukulturschweiz.ch\/wp-content\/uploads\/2023\/12\/78557512-ef41-11ed-a4df-005056b17944.jpeg 1000w, https:\/\/baukulturschweiz.ch\/wp-content\/uploads\/2023\/12\/78557512-ef41-11ed-a4df-005056b17944-300x177.jpeg 300w, https:\/\/baukulturschweiz.ch\/wp-content\/uploads\/2023\/12\/78557512-ef41-11ed-a4df-005056b17944-768x453.jpeg 768w, https:\/\/baukulturschweiz.ch\/wp-content\/uploads\/2023\/12\/78557512-ef41-11ed-a4df-005056b17944-18x12.jpeg 18w\" sizes=\"(max-width: 1000px) 100vw, 1000px\" \/>                    <span class=\"m-contentBlock__credit\"> Planungsinstrumente und Bauprozesse (Illustration: \u00a9 BAK \/ Illustration dora formica)<\/span>\n                <\/div>                <div class=\"m-contentBlock__content\">\n                    <p>\u00a0Baukultur entsteht in Gemeinden und St\u00e4dten. Sie machen Gesetze, beraten private Bauherren, erteilen Baubewilligungen, planen und treten selbst als Bauherrinnen mit Vorbildfunktion auf. Gerade bei kleineren und mittleren Gemeinden sind die Ressourcen jedoch h\u00e4ufig gering oder es mangelt an den erforderlichen Fachkompetenzen. Das Bundesamt f\u00fcr Kultur (BAK) hat deshalb ein neues Beratungsangebot f\u00fcr Gemeinden und St\u00e4dte auf <span class=\"rte-entity-LINK\"><a href=\"https:\/\/baukulturschweiz.ch\/\"><span data-offset-key=\"1g5n9-1-0\">baukulturschweiz.ch<\/span><\/a><\/span><span data-offset-key=\"1g5n9-2-0\"> lanciert. Baukultur entsteht wesentlich im Dialog. Eine aktuelle Tagung geht deshalb der Frage nach, wie es gelingt, auf kommunaler Ebene beim Bauen, Planen und Investieren mehr Qualit\u00e4t zu erzielen. Ein bew\u00e4hrtes Dialoginstrument auf regionaler Ebene sind unter anderem Gestaltungsbeir\u00e4te. Viele Wege f\u00fchren zu einer hohen Baukultur. Unterst\u00fctzen wir all jene Menschen, die in Gemeinden und St\u00e4dten den Lebensraum von uns allen mitgestalten!<\/span><\/p>\n                                            <div class=\"m-contentBlock__links\">\n                                                            <a class=\"-contentBlock -linkBar\"\n                                     target=\"_blank\"                                    href=\"https:\/\/baukulturschweiz.ch\/wp-content\/uploads\/2023\/12\/Baukultur_Schweiz_Newsletter_01-23.pdf\">\n                                    Download Newsletter (PDF)                                    <svg class=\"svg-inline--fa fa-arrow-right\" aria-hidden=\"true\" focusable=\"false\" data-prefix=\"fal\" data-icon=\"arrow-right\" role=\"img\" xmlns=\"http:\/\/www.w3.org\/2000\/svg\" viewBox=\"0 0 448 512\" data-fa-i2svg=\"\"><path fill=\"currentColor\" d=\"M443.7 266.8l-165.9 176C274.5 446.3 269.1 448 265.5 448c-3.986 0-7.988-1.375-11.16-4.156c-6.773-5.938-7.275-16.06-1.118-22.59L393.9 272H16.59c-9.171 0-16.59-7.155-16.59-15.1S7.421 240 16.59 240h377.3l-140.7-149.3c-6.157-6.531-5.655-16.66 1.118-22.59c6.789-5.906 17.27-5.469 23.45 1.094l165.9 176C449.4 251.3 449.4 260.7 443.7 266.8z\"><\/path><\/svg>                                <\/a>\n                                                    <\/div>\n                                    <\/div>\n            <\/div>\n        <\/div>\n        \t\t\t\t<\/div>\n\t\t\t\t<\/div>\n\t\t\t\t\t<\/div>\n\t\t\t\t<\/div>\n\t\t<div class=\"elementor-element elementor-element-56722bb u-sidePadding u-dcwiSection -noTop e-flex e-con-boxed e-con e-parent\" data-id=\"56722bb\" data-element_type=\"container\">\n\t\t\t\t\t<div class=\"e-con-inner\">\n\t\t\t\t<div class=\"elementor-element elementor-element-c1f893f elementor-widget elementor-widget-dcwi-content-block\" data-id=\"c1f893f\" data-element_type=\"widget\" data-widget_type=\"dcwi-content-block.default\">\n\t\t\t\t<div class=\"elementor-widget-container\">\n\t\t\t\t\t        <div class=\"m-contentBlock -wide u-leadText -borderTop \" data-no-translation>\n                            <div class=\"m-contentBlock__header\">\n                    <h2 class=\"u-noMargin\">Newsletter Baukultur Schweiz 01-2022: Wie wollen wir leben?<\/h2>                <\/div>\n                        <div class=\"m-contentBlock__inner\">\n                <div class=\"m-contentBlock__imageWrapper \"><img loading=\"lazy\" decoding=\"async\" width=\"1200\" height=\"675\" src=\"https:\/\/baukulturschweiz.ch\/wp-content\/uploads\/2023\/12\/d35816a1-7181-11ed-bf7a-005056b17944.jpeg\" class=\"m-contentBlock__image\" alt=\"\" srcset=\"https:\/\/baukulturschweiz.ch\/wp-content\/uploads\/2023\/12\/d35816a1-7181-11ed-bf7a-005056b17944.jpeg 1200w, https:\/\/baukulturschweiz.ch\/wp-content\/uploads\/2023\/12\/d35816a1-7181-11ed-bf7a-005056b17944-300x169.jpeg 300w, https:\/\/baukulturschweiz.ch\/wp-content\/uploads\/2023\/12\/d35816a1-7181-11ed-bf7a-005056b17944-1024x576.jpeg 1024w, https:\/\/baukulturschweiz.ch\/wp-content\/uploads\/2023\/12\/d35816a1-7181-11ed-bf7a-005056b17944-768x432.jpeg 768w, https:\/\/baukulturschweiz.ch\/wp-content\/uploads\/2023\/12\/d35816a1-7181-11ed-bf7a-005056b17944-18x10.jpeg 18w\" sizes=\"(max-width: 1200px) 100vw, 1200px\" \/>                    <span class=\"m-contentBlock__credit\"> Kerngruppe von \u00abBaukultur Schweiz\u00bb: Regula Steinmann (SHS), Claudia Schwalfenberg (SIA), Yvonne Radecker (Material-Archiv), Patrick Schoeck-Ritschard (SHS), Nina Mekacher (BAK) und Daniel Klos (SIA) (Foto: Mike Denz)<\/span>\n                <\/div>                <div class=\"m-contentBlock__content\">\n                    <p><span data-offset-key=\"1g5n9-0-0\">Wie wollen wir leben? Die gegenw\u00e4rtige Krise fordert uns alle: Wie l\u00e4sst sich die F\u00f6rderung erneuerbarer Energien mit der F\u00f6rderung der Biodiversit\u00e4t verbinden? Wie befriedigen wir unsere Wohnbed\u00fcrfnisse, ohne der Zersiedlung weiter Vorschub zu leisten? Der <\/span><span class=\"rte-entity-LINK\"><a href=\"https:\/\/baukulturschweiz.ch\/de\/bk;nav\/casestudies\/rundertisch\"><span data-offset-key=\"1g5n9-1-0\">Runde Tisch Baukultur Schweiz<\/span><\/a><\/span><span data-offset-key=\"1g5n9-2-0\"> setzt sich seit 2010 f\u00fcr einen gut gestalteten Lebensraum ein. Mit dem <\/span><span class=\"rte-entity-LINK\"><a href=\"https:\/\/baukultur--production--storage.s3.amazonaws.com\/baukultur\/2022-06-22-161845--manifest-zur-baukultur.pdf\"><span data-offset-key=\"1g5n9-3-0\">Manifest zur Baukultur<\/span><\/a><\/span><span data-offset-key=\"1g5n9-4-0\"> legte er den Grundstein f\u00fcr das neue Politikfeld Baukultur in der Schweiz. Mit der neuen Webplattform <\/span><span class=\"rte-entity-LINK\"><a href=\"https:\/\/baukulturschweiz.ch\/de\/bk\/casestudies\"><span data-offset-key=\"1g5n9-5-0\">baukulturschweiz.ch<\/span><\/a><\/span><span data-offset-key=\"1g5n9-6-0\"> f\u00f6rdert der Runde Tisch nun das Gespr\u00e4ch \u00fcber den gestalteten Lebensraum. Rund 40 namhafte nationale <\/span><span class=\"rte-entity-LINK\"><a href=\"https:\/\/baukulturschweiz.ch\/de\/bk;nav\/casestudies\/rundertisch\"><span data-offset-key=\"1g5n9-7-0\">Institutionen<\/span><\/a><\/span><span data-offset-key=\"1g5n9-8-0\"> wirken beim Runden Tisch mit. Eine Kerngruppe aus <\/span><span class=\"rte-entity-LINK\"><a href=\"https:\/\/baukulturschweiz.ch\/de\/bk;nav\/casestudies\/akteure--runder-tisch--sia\"><span data-offset-key=\"1g5n9-9-0\">Schweizerischem Ingenieur- und Architektenverein SIA<\/span><\/a><\/span><span data-offset-key=\"1g5n9-10-0\">, <\/span><span class=\"rte-entity-LINK\"><a href=\"https:\/\/baukulturschweiz.ch\/de\/bk;nav\/casestudies\/akteure--runder-tisch--bak\"><span data-offset-key=\"1g5n9-11-0\">Bundesamt f\u00fcr Kultur (BAK)<\/span><\/a><\/span><span data-offset-key=\"1g5n9-12-0\">, <\/span><span class=\"rte-entity-LINK\"><a href=\"https:\/\/baukulturschweiz.ch\/de\/bk;nav\/casestudies\/akteure--runder-tisch--heimatschutz\"><span data-offset-key=\"1g5n9-13-0\">Schweizer Heimatschutz (SHS)<\/span><\/a><\/span><span data-offset-key=\"1g5n9-14-0\">, <\/span><span class=\"rte-entity-LINK\"><a href=\"https:\/\/baukulturschweiz.ch\/de\/bk;nav\/casestudies\/akteure--runder-tisch--material-archiv\"><span data-offset-key=\"1g5n9-15-0\">Material-Archiv<\/span><\/a><\/span><span data-offset-key=\"1g5n9-16-0\"> und <\/span><span class=\"rte-entity-LINK\"><a href=\"https:\/\/baukulturschweiz.ch\/de\/bk;nav\/casestudies\/akteure--runder-tisch--sam\"><span data-offset-key=\"1g5n9-17-0\">Schweizerischem Architekturmuseum (S AM)<\/span><\/a><\/span><span data-offset-key=\"1g5n9-18-0\"> treibt den Aufbau von baukulturschweiz.ch voran. Entdecken Sie spannende <\/span><span class=\"rte-entity-LINK\"><a href=\"https:\/\/baukulturschweiz.ch\/de\/bk\/casestudies\"><span data-offset-key=\"1g5n9-19-0\">Case Studies<\/span><\/a><\/span><span data-offset-key=\"1g5n9-20-0\"> zu 20 Schweizer Orten und erleben Sie Baukultur online!<\/span><\/p>\n                                            <div class=\"m-contentBlock__links\">\n                                                            <a class=\"-contentBlock -linkBar\"\n                                     target=\"_blank\"                                    href=\"https:\/\/baukulturschweiz.ch\/wp-content\/uploads\/2023\/12\/Baukultur_Schweiz_Newsletter_01-22.pdf\">\n                                    Download Newsletter (PDF)                                    <svg class=\"svg-inline--fa fa-arrow-right\" aria-hidden=\"true\" focusable=\"false\" data-prefix=\"fal\" data-icon=\"arrow-right\" role=\"img\" xmlns=\"http:\/\/www.w3.org\/2000\/svg\" viewBox=\"0 0 448 512\" data-fa-i2svg=\"\"><path fill=\"currentColor\" d=\"M443.7 266.8l-165.9 176C274.5 446.3 269.1 448 265.5 448c-3.986 0-7.988-1.375-11.16-4.156c-6.773-5.938-7.275-16.06-1.118-22.59L393.9 272H16.59c-9.171 0-16.59-7.155-16.59-15.1S7.421 240 16.59 240h377.3l-140.7-149.3c-6.157-6.531-5.655-16.66 1.118-22.59c6.789-5.906 17.27-5.469 23.45 1.094l165.9 176C449.4 251.3 449.4 260.7 443.7 266.8z\"><\/path><\/svg>                                <\/a>\n                                                    <\/div>\n                                    <\/div>\n            <\/div>\n        <\/div>\n        \t\t\t\t<\/div>\n\t\t\t\t<\/div>\n\t\t\t\t\t<\/div>\n\t\t\t\t<\/div>\n\t\t\t\t<\/div>\n\t\t","protected":false},"excerpt":{"rendered":"<p>Newsletter Baukultur Schweiz 02-2025: Innovation beginnt in der Schule Archijeunes Netzwerktagung \u00abKosmos Schulraum\u00bb 2025 (Illustration: Fiona Hager, Archijeunes) Das nahende Jahresende l\u00e4dt zum R\u00fcckblick ein, aber auch zum Blick voraus in die Zukunft. Wie erreichen wir Innovation in der Baukultur und wie die dringend notwendige Transformation zu einer nachhaltigen Gestaltung unseres Lebensraums? Das f\u00e4ngt bei [&hellip;]<\/p>\n","protected":false},"author":1,"featured_media":0,"parent":0,"menu_order":0,"comment_status":"closed","ping_status":"closed","template":"","meta":{"_acf_changed":false,"_relevanssi_hide_post":"","_relevanssi_hide_content":"","_relevanssi_pin_for_all":"","_relevanssi_pin_keywords":"","_relevanssi_unpin_keywords":"","_relevanssi_related_keywords":"","_relevanssi_related_include_ids":"","_relevanssi_related_exclude_ids":"","_relevanssi_related_no_append":"","_relevanssi_related_not_related":"","_relevanssi_related_posts":"","_relevanssi_noindex_reason":"","footnotes":""},"class_list":["post-2696","page","type-page","status-publish","hentry"],"acf":[],"yoast_head":"<!-- This site is optimized with the Yoast SEO plugin v26.1.1 - https:\/\/yoast.com\/wordpress\/plugins\/seo\/ -->\n<title>Newsletter &#8211; Baukultur Schweiz<\/title>\n<meta name=\"robots\" content=\"index, follow, max-snippet:-1, max-image-preview:large, max-video-preview:-1\" \/>\n<link rel=\"canonical\" href=\"https:\/\/baukulturschweiz.ch\/de\/newsletter-archiv\/\" \/>\n<meta property=\"og:locale\" content=\"de_DE\" \/>\n<meta property=\"og:type\" content=\"article\" \/>\n<meta property=\"og:title\" content=\"Newsletter &#8211; Baukultur Schweiz\" \/>\n<meta property=\"og:description\" content=\"Newsletter Baukultur Schweiz 02-2025: Innovation beginnt in der Schule Archijeunes Netzwerktagung \u00abKosmos Schulraum\u00bb 2025 (Illustration: Fiona Hager, Archijeunes) Das nahende Jahresende l\u00e4dt zum R\u00fcckblick ein, aber auch zum Blick voraus in die Zukunft. Wie erreichen wir Innovation in der Baukultur und wie die dringend notwendige Transformation zu einer nachhaltigen Gestaltung unseres Lebensraums? Das f\u00e4ngt bei [&hellip;]\" \/>\n<meta property=\"og:url\" content=\"https:\/\/baukulturschweiz.ch\/de\/newsletter-archiv\/\" \/>\n<meta property=\"og:site_name\" content=\"Baukultur Schweiz\" \/>\n<meta property=\"article:modified_time\" content=\"2025-12-11T11:15:00+00:00\" \/>\n<meta property=\"og:image\" content=\"https:\/\/baukulturschweiz.ch\/wp-content\/uploads\/2025\/12\/Skizze_Schulhaus_Fiona_Postkarten_horizontal_page0_image.png\" \/>\n<meta name=\"twitter:card\" content=\"summary_large_image\" \/>\n<meta name=\"twitter:label1\" content=\"Gesch\u00e4tzte Lesezeit\" \/>\n\t<meta name=\"twitter:data1\" content=\"8\u00a0Minuten\" \/>\n<script type=\"application\/ld+json\" class=\"yoast-schema-graph\">{\"@context\":\"https:\/\/schema.org\",\"@graph\":[{\"@type\":\"WebPage\",\"@id\":\"https:\/\/baukulturschweiz.ch\/de\/newsletter-archiv\/\",\"url\":\"https:\/\/baukulturschweiz.ch\/de\/newsletter-archiv\/\",\"name\":\"Newsletter &#8211; Baukultur Schweiz\",\"isPartOf\":{\"@id\":\"https:\/\/baukulturschweiz.ch\/de\/#website\"},\"primaryImageOfPage\":{\"@id\":\"https:\/\/baukulturschweiz.ch\/de\/newsletter-archiv\/#primaryimage\"},\"image\":{\"@id\":\"https:\/\/baukulturschweiz.ch\/de\/newsletter-archiv\/#primaryimage\"},\"thumbnailUrl\":\"https:\/\/baukulturschweiz.ch\/wp-content\/uploads\/2025\/12\/Skizze_Schulhaus_Fiona_Postkarten_horizontal_page0_image.png\",\"datePublished\":\"2023-12-14T16:17:22+00:00\",\"dateModified\":\"2025-12-11T11:15:00+00:00\",\"breadcrumb\":{\"@id\":\"https:\/\/baukulturschweiz.ch\/de\/newsletter-archiv\/#breadcrumb\"},\"inLanguage\":\"de\",\"potentialAction\":[{\"@type\":\"ReadAction\",\"target\":[\"https:\/\/baukulturschweiz.ch\/de\/newsletter-archiv\/\"]}]},{\"@type\":\"ImageObject\",\"inLanguage\":\"de\",\"@id\":\"https:\/\/baukulturschweiz.ch\/de\/newsletter-archiv\/#primaryimage\",\"url\":\"https:\/\/baukulturschweiz.ch\/wp-content\/uploads\/2025\/12\/Skizze_Schulhaus_Fiona_Postkarten_horizontal_page0_image.png\",\"contentUrl\":\"https:\/\/baukulturschweiz.ch\/wp-content\/uploads\/2025\/12\/Skizze_Schulhaus_Fiona_Postkarten_horizontal_page0_image.png\"},{\"@type\":\"BreadcrumbList\",\"@id\":\"https:\/\/baukulturschweiz.ch\/de\/newsletter-archiv\/#breadcrumb\",\"itemListElement\":[{\"@type\":\"ListItem\",\"position\":1,\"name\":\"Startseite\",\"item\":\"https:\/\/baukulturschweiz.ch\/\"},{\"@type\":\"ListItem\",\"position\":2,\"name\":\"Newsletter\"}]},{\"@type\":\"WebSite\",\"@id\":\"https:\/\/baukulturschweiz.ch\/de\/#website\",\"url\":\"https:\/\/baukulturschweiz.ch\/de\/\",\"name\":\"Baukultur Schweiz\",\"description\":\"My WordPress Blog\",\"potentialAction\":[{\"@type\":\"SearchAction\",\"target\":{\"@type\":\"EntryPoint\",\"urlTemplate\":\"https:\/\/baukulturschweiz.ch\/de\/?s={search_term_string}\"},\"query-input\":{\"@type\":\"PropertyValueSpecification\",\"valueRequired\":true,\"valueName\":\"search_term_string\"}}],\"inLanguage\":\"de\"}]}<\/script>\n<!-- \/ Yoast SEO plugin. -->","yoast_head_json":{"title":"Newsletter &#8211; Baukultur Schweiz","robots":{"index":"index","follow":"follow","max-snippet":"max-snippet:-1","max-image-preview":"max-image-preview:large","max-video-preview":"max-video-preview:-1"},"canonical":"https:\/\/baukulturschweiz.ch\/de\/newsletter-archiv\/","og_locale":"de_DE","og_type":"article","og_title":"Newsletter &#8211; Baukultur Schweiz","og_description":"Newsletter Baukultur Schweiz 02-2025: Innovation beginnt in der Schule Archijeunes Netzwerktagung \u00abKosmos Schulraum\u00bb 2025 (Illustration: Fiona Hager, Archijeunes) Das nahende Jahresende l\u00e4dt zum R\u00fcckblick ein, aber auch zum Blick voraus in die Zukunft. Wie erreichen wir Innovation in der Baukultur und wie die dringend notwendige Transformation zu einer nachhaltigen Gestaltung unseres Lebensraums? Das f\u00e4ngt bei [&hellip;]","og_url":"https:\/\/baukulturschweiz.ch\/de\/newsletter-archiv\/","og_site_name":"Baukultur Schweiz","article_modified_time":"2025-12-11T11:15:00+00:00","og_image":[{"url":"https:\/\/baukulturschweiz.ch\/wp-content\/uploads\/2025\/12\/Skizze_Schulhaus_Fiona_Postkarten_horizontal_page0_image.png","type":"","width":"","height":""}],"twitter_card":"summary_large_image","twitter_misc":{"Gesch\u00e4tzte Lesezeit":"8\u00a0Minuten"},"schema":{"@context":"https:\/\/schema.org","@graph":[{"@type":"WebPage","@id":"https:\/\/baukulturschweiz.ch\/de\/newsletter-archiv\/","url":"https:\/\/baukulturschweiz.ch\/de\/newsletter-archiv\/","name":"Newsletter &#8211; Baukultur Schweiz","isPartOf":{"@id":"https:\/\/baukulturschweiz.ch\/de\/#website"},"primaryImageOfPage":{"@id":"https:\/\/baukulturschweiz.ch\/de\/newsletter-archiv\/#primaryimage"},"image":{"@id":"https:\/\/baukulturschweiz.ch\/de\/newsletter-archiv\/#primaryimage"},"thumbnailUrl":"https:\/\/baukulturschweiz.ch\/wp-content\/uploads\/2025\/12\/Skizze_Schulhaus_Fiona_Postkarten_horizontal_page0_image.png","datePublished":"2023-12-14T16:17:22+00:00","dateModified":"2025-12-11T11:15:00+00:00","breadcrumb":{"@id":"https:\/\/baukulturschweiz.ch\/de\/newsletter-archiv\/#breadcrumb"},"inLanguage":"de","potentialAction":[{"@type":"ReadAction","target":["https:\/\/baukulturschweiz.ch\/de\/newsletter-archiv\/"]}]},{"@type":"ImageObject","inLanguage":"de","@id":"https:\/\/baukulturschweiz.ch\/de\/newsletter-archiv\/#primaryimage","url":"https:\/\/baukulturschweiz.ch\/wp-content\/uploads\/2025\/12\/Skizze_Schulhaus_Fiona_Postkarten_horizontal_page0_image.png","contentUrl":"https:\/\/baukulturschweiz.ch\/wp-content\/uploads\/2025\/12\/Skizze_Schulhaus_Fiona_Postkarten_horizontal_page0_image.png"},{"@type":"BreadcrumbList","@id":"https:\/\/baukulturschweiz.ch\/de\/newsletter-archiv\/#breadcrumb","itemListElement":[{"@type":"ListItem","position":1,"name":"Startseite","item":"https:\/\/baukulturschweiz.ch\/"},{"@type":"ListItem","position":2,"name":"Newsletter"}]},{"@type":"WebSite","@id":"https:\/\/baukulturschweiz.ch\/de\/#website","url":"https:\/\/baukulturschweiz.ch\/de\/","name":"Baukultur Schweiz","description":"My WordPress Blog","potentialAction":[{"@type":"SearchAction","target":{"@type":"EntryPoint","urlTemplate":"https:\/\/baukulturschweiz.ch\/de\/?s={search_term_string}"},"query-input":{"@type":"PropertyValueSpecification","valueRequired":true,"valueName":"search_term_string"}}],"inLanguage":"de"}]}},"_links":{"self":[{"href":"https:\/\/baukulturschweiz.ch\/de\/wp-json\/wp\/v2\/pages\/2696","targetHints":{"allow":["GET"]}}],"collection":[{"href":"https:\/\/baukulturschweiz.ch\/de\/wp-json\/wp\/v2\/pages"}],"about":[{"href":"https:\/\/baukulturschweiz.ch\/de\/wp-json\/wp\/v2\/types\/page"}],"author":[{"embeddable":true,"href":"https:\/\/baukulturschweiz.ch\/de\/wp-json\/wp\/v2\/users\/1"}],"replies":[{"embeddable":true,"href":"https:\/\/baukulturschweiz.ch\/de\/wp-json\/wp\/v2\/comments?post=2696"}],"version-history":[{"count":197,"href":"https:\/\/baukulturschweiz.ch\/de\/wp-json\/wp\/v2\/pages\/2696\/revisions"}],"predecessor-version":[{"id":5601,"href":"https:\/\/baukulturschweiz.ch\/de\/wp-json\/wp\/v2\/pages\/2696\/revisions\/5601"}],"wp:attachment":[{"href":"https:\/\/baukulturschweiz.ch\/de\/wp-json\/wp\/v2\/media?parent=2696"}],"curies":[{"name":"wp","href":"https:\/\/api.w.org\/{rel}","templated":true}]}}