{"id":103,"date":"2023-03-27T08:39:58","date_gmt":"2023-03-27T08:39:58","guid":{"rendered":"http:\/\/baukultur.dclabs.ch\/?page_id=103"},"modified":"2025-07-14T11:20:55","modified_gmt":"2025-07-14T09:20:55","slug":"aktuelles","status":"publish","type":"page","link":"https:\/\/baukulturschweiz.ch\/de\/aktuelles\/","title":{"rendered":"Aktuelles"},"content":{"rendered":"\t\t<div data-elementor-type=\"wp-page\" data-elementor-id=\"103\" class=\"elementor elementor-103\" data-elementor-post-type=\"page\">\n\t\t\t\t<!-- dce invisible element f11f1a2 --><!-- dce invisible element 9ae8145 --><!-- dce invisible element fb03686 --><!-- dce invisible element 7c96ebd --><!-- dce invisible element e47a1c1 --><!-- dce invisible element b1f14e9 --><!-- dce invisible element f021d2f --><!-- dce invisible element 671ab8d --><!-- dce invisible element 66d0fb8 --><!-- dce invisible element a3a1322 --><!-- dce invisible element b0dec0f --><div class=\"elementor-element elementor-element-25b9086 e-flex e-con-boxed e-con e-parent\" data-id=\"25b9086\" data-element_type=\"container\">\n\t\t\t\t\t<div class=\"e-con-inner\">\n\t\t\t\t<div class=\"elementor-element elementor-element-a5b75ab elementor-grid-1 elementor-grid-tablet-2 elementor-grid-mobile-1 elementor-widget elementor-widget-loop-grid\" data-id=\"a5b75ab\" data-element_type=\"widget\" data-settings=\"{&quot;template_id&quot;:4446,&quot;columns&quot;:1,&quot;_skin&quot;:&quot;post&quot;,&quot;columns_tablet&quot;:&quot;2&quot;,&quot;columns_mobile&quot;:&quot;1&quot;,&quot;edit_handle_selector&quot;:&quot;[data-elementor-type=\\&quot;loop-item\\&quot;]&quot;,&quot;row_gap&quot;:{&quot;unit&quot;:&quot;px&quot;,&quot;size&quot;:&quot;&quot;,&quot;sizes&quot;:[]},&quot;row_gap_tablet&quot;:{&quot;unit&quot;:&quot;px&quot;,&quot;size&quot;:&quot;&quot;,&quot;sizes&quot;:[]},&quot;row_gap_mobile&quot;:{&quot;unit&quot;:&quot;px&quot;,&quot;size&quot;:&quot;&quot;,&quot;sizes&quot;:[]}}\" data-widget_type=\"loop-grid.post\">\n\t\t\t\t<div class=\"elementor-widget-container\">\n\t\t\t\t\t\t\t<div class=\"elementor-loop-container elementor-grid\" role=\"list\">\n\t\t<style id=\"loop-4446\">.elementor-4446 .elementor-element.elementor-element-31982fe{--display:flex;--flex-direction:column;--container-widget-width:100%;--container-widget-height:initial;--container-widget-flex-grow:0;--container-widget-align-self:initial;--flex-wrap-mobile:wrap;}<\/style>\t\t<div data-elementor-type=\"loop-item\" data-elementor-id=\"4446\" class=\"elementor elementor-4446 e-loop-item e-loop-item-6087 post-6087 post type-post status-publish format-standard hentry category-uncategorized\" data-elementor-post-type=\"elementor_library\" data-custom-edit-handle=\"1\">\n\t\t\t<div class=\"elementor-element elementor-element-31982fe e-flex e-con-boxed e-con e-parent\" data-id=\"31982fe\" data-element_type=\"container\">\n\t\t\t\t\t<div class=\"e-con-inner\">\n\t\t\t\t<div class=\"elementor-element elementor-element-5830eab elementor-widget elementor-widget-theme-post-content\" data-id=\"5830eab\" data-element_type=\"widget\" data-widget_type=\"theme-post-content.default\">\n\t\t\t\t<div class=\"elementor-widget-container\">\n\t\t\t\t\t\t\t<div data-elementor-type=\"wp-post\" data-elementor-id=\"6087\" class=\"elementor elementor-6087\" data-elementor-post-type=\"post\">\n\t\t\t\t<section class=\"elementor-element elementor-element-9b8d724 u-sidePadding u-dcwiSection -noTop e-flex e-con-boxed e-con e-parent\" data-id=\"9b8d724\" data-element_type=\"container\">\n\t\t\t\t\t<div class=\"e-con-inner\">\n\t\t\t\t<div class=\"elementor-element elementor-element-fab9429 elementor-widget elementor-widget-dcwi-content-block\" data-id=\"fab9429\" data-element_type=\"widget\" data-widget_type=\"dcwi-content-block.default\">\n\t\t\t\t<div class=\"elementor-widget-container\">\n\t\t\t\t\t        <div class=\"m-contentBlock -wide u-leadText -borderTop \" data-no-translation>\n                            <div class=\"m-contentBlock__header\">\n                    <h2 class=\"u-noMargin\">Forum Baukultur am 11. Mai 2026<\/h2>                <\/div>\n                        <div class=\"m-contentBlock__inner\">\n                <div class=\"m-contentBlock__imageWrapper \"><img fetchpriority=\"high\" fetchpriority=\"high\" decoding=\"async\" width=\"1280\" height=\"904\" src=\"https:\/\/baukulturschweiz.ch\/wp-content\/uploads\/2026\/03\/1774936805984.jpeg\" class=\"m-contentBlock__image\" alt=\"\" srcset=\"https:\/\/baukulturschweiz.ch\/wp-content\/uploads\/2026\/03\/1774936805984.jpeg 1280w, https:\/\/baukulturschweiz.ch\/wp-content\/uploads\/2026\/03\/1774936805984-300x212.jpeg 300w, https:\/\/baukulturschweiz.ch\/wp-content\/uploads\/2026\/03\/1774936805984-1024x723.jpeg 1024w, https:\/\/baukulturschweiz.ch\/wp-content\/uploads\/2026\/03\/1774936805984-768x542.jpeg 768w, https:\/\/baukulturschweiz.ch\/wp-content\/uploads\/2026\/03\/1774936805984-18x12.jpeg 18w\" sizes=\"(max-width: 1280px) 100vw, 1280px\" \/>                    <span class=\"m-contentBlock__credit\">\u00a9 BAK<\/span>\n                <\/div>                <div class=\"m-contentBlock__content\">\n                    <p>Das diesj\u00e4hrige Forum Baukultur widmet sich der Frage, was Orte lebenswert macht. Die Veranstaltung ist dreisprachig (D\/F\/I) und findet ganztags im Zentrum Paul Klee in Bern statt. Die Teilnahme ist kostenlos, die Platzzahl begrenzt.<\/p>\n<p>Weitere Informationen <a href=\"https:\/\/www.bak.admin.ch\/bak\/de\/home\/baukultur\/dialog\/forum-baukultur-einladung.html\" target=\"_blank\" rel=\"noopener\">hier<\/a>.<\/p>\n                                    <\/div>\n            <\/div>\n        <\/div>\n        \t\t\t\t<\/div>\n\t\t\t\t<\/div>\n\t\t\t\t\t<\/div>\n\t\t\t\t<\/section>\n\t\t\t\t<\/div>\n\t\t\t\t\t\t<\/div>\n\t\t\t\t<\/div>\n\t\t\t\t\t<\/div>\n\t\t\t\t<\/div>\n\t\t\t\t<\/div>\n\t\t\t\t<div data-elementor-type=\"loop-item\" data-elementor-id=\"4446\" class=\"elementor elementor-4446 e-loop-item e-loop-item-6041 post-6041 post type-post status-publish format-standard hentry category-uncategorized\" data-elementor-post-type=\"elementor_library\" data-custom-edit-handle=\"1\">\n\t\t\t<div class=\"elementor-element elementor-element-31982fe e-flex e-con-boxed e-con e-parent\" data-id=\"31982fe\" data-element_type=\"container\">\n\t\t\t\t\t<div class=\"e-con-inner\">\n\t\t\t\t<div class=\"elementor-element elementor-element-5830eab elementor-widget elementor-widget-theme-post-content\" data-id=\"5830eab\" data-element_type=\"widget\" data-widget_type=\"theme-post-content.default\">\n\t\t\t\t<div class=\"elementor-widget-container\">\n\t\t\t\t\t\t\t<div data-elementor-type=\"wp-post\" data-elementor-id=\"6041\" class=\"elementor elementor-6041\" data-elementor-post-type=\"post\">\n\t\t\t\t<section class=\"elementor-element elementor-element-9b8d724 u-sidePadding u-dcwiSection -noTop e-flex e-con-boxed e-con e-parent\" data-id=\"9b8d724\" data-element_type=\"container\">\n\t\t\t\t\t<div class=\"e-con-inner\">\n\t\t\t\t<div class=\"elementor-element elementor-element-fab9429 elementor-widget elementor-widget-dcwi-content-block\" data-id=\"fab9429\" data-element_type=\"widget\" data-widget_type=\"dcwi-content-block.default\">\n\t\t\t\t<div class=\"elementor-widget-container\">\n\t\t\t\t\t        <div class=\"m-contentBlock -wide u-leadText -borderTop \" data-no-translation>\n                            <div class=\"m-contentBlock__header\">\n                    <h2 class=\"u-noMargin\">Runder Tisch zur Kulturbotschaft 2029ff<\/h2>                <\/div>\n                        <div class=\"m-contentBlock__inner\">\n                <div class=\"m-contentBlock__imageWrapper \"><img decoding=\"async\" width=\"2880\" height=\"1620\" src=\"https:\/\/baukulturschweiz.ch\/wp-content\/uploads\/2020\/03\/RTB-2026-c-Daniel-Klos-SIA-scaled.jpg\" class=\"m-contentBlock__image\" alt=\"\" srcset=\"https:\/\/baukulturschweiz.ch\/wp-content\/uploads\/2020\/03\/RTB-2026-c-Daniel-Klos-SIA-scaled.jpg 2880w, https:\/\/baukulturschweiz.ch\/wp-content\/uploads\/2020\/03\/RTB-2026-c-Daniel-Klos-SIA-300x169.jpg 300w, https:\/\/baukulturschweiz.ch\/wp-content\/uploads\/2020\/03\/RTB-2026-c-Daniel-Klos-SIA-1024x576.jpg 1024w, https:\/\/baukulturschweiz.ch\/wp-content\/uploads\/2020\/03\/RTB-2026-c-Daniel-Klos-SIA-768x432.jpg 768w, https:\/\/baukulturschweiz.ch\/wp-content\/uploads\/2020\/03\/RTB-2026-c-Daniel-Klos-SIA-1536x864.jpg 1536w, https:\/\/baukulturschweiz.ch\/wp-content\/uploads\/2020\/03\/RTB-2026-c-Daniel-Klos-SIA-2048x1152.jpg 2048w, https:\/\/baukulturschweiz.ch\/wp-content\/uploads\/2020\/03\/RTB-2026-c-Daniel-Klos-SIA-18x10.jpg 18w\" sizes=\"(max-width: 2880px) 100vw, 2880px\" \/>                    <span class=\"m-contentBlock__credit\">\u00a9 Daniel Klos, SIA<\/span>\n                <\/div>                <div class=\"m-contentBlock__content\">\n                    <p>Der Runde Tisch Baukultur Schweiz diskutierte am 25. M\u00e4rz 2026 in Z\u00fcrich das Vorgehen zur Kulturbotschaft 2029ff. Anne Pfeil vom Bundesamt f\u00fcr Kultur stellte das Prozedere vor.<\/p>\n                                    <\/div>\n            <\/div>\n        <\/div>\n        \t\t\t\t<\/div>\n\t\t\t\t<\/div>\n\t\t\t\t<div class=\"elementor-element elementor-element-32ec7f7 elementor-widget elementor-widget-dcwi-prev-widget-toggle\" data-id=\"32ec7f7\" data-element_type=\"widget\" data-widget_type=\"dcwi-prev-widget-toggle.default\">\n\t\t\t\t<div class=\"elementor-widget-container\">\n\t\t\t\t\t        <div class=\"a-link__wrapper -icon \"  data-no-translate>\n            <span tabindex=\"0\"\n                  class=\"a-link -icon do-togglePrevWidget -toggleNext \">\n                <span class=\"a-link__label\">mehr lesen<\/span>\n                <svg class=\"svg-inline--fa fa-chevron-down a-link__icon\" aria-hidden=\"true\" focusable=\"false\" data-prefix=\"fal\"\n                     data-icon=\"chevron-down\" role=\"img\" xmlns=\"http:\/\/www.w3.org\/2000\/svg\" viewBox=\"0 0 448 512\" data-fa-i2svg=\"\"><path\n                            fill=\"currentColor\"\n                            d=\"M4.251 181.1C7.392 177.7 11.69 175.1 16 175.1c3.891 0 7.781 1.406 10.86 4.25l197.1 181.1l197.1-181.1c6.5-6 16.64-5.625 22.61 .9062c6 6.5 5.594 16.59-.8906 22.59l-208 192c-6.156 5.688-15.56 5.688-21.72 0l-208-192C-1.343 197.7-1.749 187.6 4.251 181.1z\"><\/path><\/svg>\n            <\/span>\n        <\/div>\n        \t\t\t\t<\/div>\n\t\t\t\t<\/div>\n\t\t\t\t<div class=\"elementor-element elementor-element-e600744 u-leadText a-toggleableWidget elementor-widget elementor-widget-dcwi-text-block\" data-id=\"e600744\" data-element_type=\"widget\" data-widget_type=\"dcwi-text-block.default\">\n\t\t\t\t<div class=\"elementor-widget-container\">\n\t\t\t\t\t<div class=\"m-textBlock\" data-no-translation><p>Der Runde Tisch, der dieses Mal beim Amt f\u00fcr Hochbauten der Stadt Z\u00fcrich zu Gast war, diskutierte ausserdem den aktuellen Stand des Nationalen Forschungsprogramms Baukultur, die Weiterentwicklung von baukulturschweiz.ch, den Planungswettbewerb als lebendiges Kulturerbe sowie aktuelle politische Gesch\u00e4fte und Aktivit\u00e4ten der Mitglieder. Eine F\u00fchrung durch das Amtshaus Walche rundete die Zusammenkunft ab.<\/p>\n <\/div>\t\t\t\t<\/div>\n\t\t\t\t<\/div>\n\t\t\t\t\t<\/div>\n\t\t\t\t<\/section>\n\t\t\t\t<\/div>\n\t\t\t\t\t\t<\/div>\n\t\t\t\t<\/div>\n\t\t\t\t\t<\/div>\n\t\t\t\t<\/div>\n\t\t\t\t<\/div>\n\t\t\t\t<div data-elementor-type=\"loop-item\" data-elementor-id=\"4446\" class=\"elementor elementor-4446 e-loop-item e-loop-item-6022 post-6022 post type-post status-publish format-standard hentry category-uncategorized\" data-elementor-post-type=\"elementor_library\" data-custom-edit-handle=\"1\">\n\t\t\t<div class=\"elementor-element elementor-element-31982fe e-flex e-con-boxed e-con e-parent\" data-id=\"31982fe\" data-element_type=\"container\">\n\t\t\t\t\t<div class=\"e-con-inner\">\n\t\t\t\t<div class=\"elementor-element elementor-element-5830eab elementor-widget elementor-widget-theme-post-content\" data-id=\"5830eab\" data-element_type=\"widget\" data-widget_type=\"theme-post-content.default\">\n\t\t\t\t<div class=\"elementor-widget-container\">\n\t\t\t\t\t\t\t<div data-elementor-type=\"wp-post\" data-elementor-id=\"6022\" class=\"elementor elementor-6022\" data-elementor-post-type=\"post\">\n\t\t\t\t<section class=\"elementor-element elementor-element-9b8d724 u-sidePadding u-dcwiSection -noTop e-flex e-con-boxed e-con e-parent\" data-id=\"9b8d724\" data-element_type=\"container\">\n\t\t\t\t\t<div class=\"e-con-inner\">\n\t\t\t\t<div class=\"elementor-element elementor-element-fab9429 elementor-widget elementor-widget-dcwi-content-block\" data-id=\"fab9429\" data-element_type=\"widget\" data-widget_type=\"dcwi-content-block.default\">\n\t\t\t\t<div class=\"elementor-widget-container\">\n\t\t\t\t\t        <div class=\"m-contentBlock -wide u-leadText -borderTop \" data-no-translation>\n                            <div class=\"m-contentBlock__header\">\n                    <h2 class=\"u-noMargin\">Prix Meret Oppenheim 2026 f\u00fcr Tilla Theus<\/h2>                <\/div>\n                        <div class=\"m-contentBlock__inner\">\n                <div class=\"m-contentBlock__imageWrapper \"><img decoding=\"async\" width=\"1024\" height=\"682\" src=\"https:\/\/baukulturschweiz.ch\/wp-content\/uploads\/2026\/03\/004_Tilla-Theus_cLukas-Lienhard_2-218.png\" class=\"m-contentBlock__image\" alt=\"\" srcset=\"https:\/\/baukulturschweiz.ch\/wp-content\/uploads\/2026\/03\/004_Tilla-Theus_cLukas-Lienhard_2-218.png 1024w, https:\/\/baukulturschweiz.ch\/wp-content\/uploads\/2026\/03\/004_Tilla-Theus_cLukas-Lienhard_2-218-300x200.png 300w, https:\/\/baukulturschweiz.ch\/wp-content\/uploads\/2026\/03\/004_Tilla-Theus_cLukas-Lienhard_2-218-768x512.png 768w, https:\/\/baukulturschweiz.ch\/wp-content\/uploads\/2026\/03\/004_Tilla-Theus_cLukas-Lienhard_2-218-18x12.png 18w\" sizes=\"(max-width: 1024px) 100vw, 1024px\" \/>                    <span class=\"m-contentBlock__credit\">\u00a9 Lukas Lienhard<\/span>\n                <\/div>                <div class=\"m-contentBlock__content\">\n                    <p>Herzlichen Gl\u00fcckwunsch an Tilla Theus! Die Pionierin und Schl\u00fcsselfigur der Schweizer Postmoderne hat die Architekturgeschichte des Landes mit ihrem einzigartigen Werk gepr\u00e4gt.<\/p>\n                                    <\/div>\n            <\/div>\n        <\/div>\n        \t\t\t\t<\/div>\n\t\t\t\t<\/div>\n\t\t\t\t<div class=\"elementor-element elementor-element-32ec7f7 elementor-widget elementor-widget-dcwi-prev-widget-toggle\" data-id=\"32ec7f7\" data-element_type=\"widget\" data-widget_type=\"dcwi-prev-widget-toggle.default\">\n\t\t\t\t<div class=\"elementor-widget-container\">\n\t\t\t\t\t        <div class=\"a-link__wrapper -icon \"  data-no-translate>\n            <span tabindex=\"0\"\n                  class=\"a-link -icon do-togglePrevWidget -toggleNext \">\n                <span class=\"a-link__label\">mehr lesen<\/span>\n                <svg class=\"svg-inline--fa fa-chevron-down a-link__icon\" aria-hidden=\"true\" focusable=\"false\" data-prefix=\"fal\"\n                     data-icon=\"chevron-down\" role=\"img\" xmlns=\"http:\/\/www.w3.org\/2000\/svg\" viewBox=\"0 0 448 512\" data-fa-i2svg=\"\"><path\n                            fill=\"currentColor\"\n                            d=\"M4.251 181.1C7.392 177.7 11.69 175.1 16 175.1c3.891 0 7.781 1.406 10.86 4.25l197.1 181.1l197.1-181.1c6.5-6 16.64-5.625 22.61 .9062c6 6.5 5.594 16.59-.8906 22.59l-208 192c-6.156 5.688-15.56 5.688-21.72 0l-208-192C-1.343 197.7-1.749 187.6 4.251 181.1z\"><\/path><\/svg>\n            <\/span>\n        <\/div>\n        \t\t\t\t<\/div>\n\t\t\t\t<\/div>\n\t\t\t\t<div class=\"elementor-element elementor-element-e600744 u-leadText a-toggleableWidget elementor-widget elementor-widget-dcwi-text-block\" data-id=\"e600744\" data-element_type=\"widget\" data-widget_type=\"dcwi-text-block.default\">\n\t\t\t\t<div class=\"elementor-widget-container\">\n\t\t\t\t\t<div class=\"m-textBlock\" data-no-translation><p>Sie ist die erste Architektin, die allein mit dem Prix Meret Oppenheim ausgezeichnet wird. Die Eidgen\u00f6ssische Kunstkommission w\u00fcrdigt ihre vorbildliche Arbeit im Umgang mit historischer Bausubstanz und beim Bauen im Bestand. Im Kontext einer nachhaltigen und ressourcenschonenden Architektur sind solche Ans\u00e4tze heute besonders relevant. Die Preisverleihung findet am 15. Juni 2026 in Basel statt.<\/p>\n<p>Weitere Informationen: <a href=\"https:\/\/www.schweizerkulturpreise.ch\/de\/tilla-theus-de\" target=\"_blank\" rel=\"noopener\">Schweizer Kulturpreise<\/a><\/p>\n <\/div>\t\t\t\t<\/div>\n\t\t\t\t<\/div>\n\t\t\t\t\t<\/div>\n\t\t\t\t<\/section>\n\t\t\t\t<\/div>\n\t\t\t\t\t\t<\/div>\n\t\t\t\t<\/div>\n\t\t\t\t\t<\/div>\n\t\t\t\t<\/div>\n\t\t\t\t<\/div>\n\t\t\t\t<div data-elementor-type=\"loop-item\" data-elementor-id=\"4446\" class=\"elementor elementor-4446 e-loop-item e-loop-item-4529 post-4529 post type-post status-publish format-standard hentry category-uncategorized\" data-elementor-post-type=\"elementor_library\" data-custom-edit-handle=\"1\">\n\t\t\t<div class=\"elementor-element elementor-element-31982fe e-flex e-con-boxed e-con e-parent\" data-id=\"31982fe\" data-element_type=\"container\">\n\t\t\t\t\t<div class=\"e-con-inner\">\n\t\t\t\t<div class=\"elementor-element elementor-element-5830eab elementor-widget elementor-widget-theme-post-content\" data-id=\"5830eab\" data-element_type=\"widget\" data-widget_type=\"theme-post-content.default\">\n\t\t\t\t<div class=\"elementor-widget-container\">\n\t\t\t\t\t\t\t<div data-elementor-type=\"wp-post\" data-elementor-id=\"4529\" class=\"elementor elementor-4529\" data-elementor-post-type=\"post\">\n\t\t\t\t<section class=\"elementor-element elementor-element-316f55b u-sidePadding u-dcwiSection -noTop e-con-full e-flex e-con e-parent\" data-id=\"316f55b\" data-element_type=\"container\">\n\t\t\t\t<div class=\"elementor-element elementor-element-7628ed6 elementor-widget elementor-widget-dcwi-content-block\" data-id=\"7628ed6\" data-element_type=\"widget\" data-widget_type=\"dcwi-content-block.default\">\n\t\t\t\t<div class=\"elementor-widget-container\">\n\t\t\t\t\t        <div class=\"m-contentBlock -wide u-leadText -borderTop \" data-no-translation>\n                            <div class=\"m-contentBlock__header\">\n                    <h2 class=\"u-noMargin\">Runder Tisch zum NFP Baukultur<\/h2>                <\/div>\n                        <div class=\"m-contentBlock__inner\">\n                <div class=\"m-contentBlock__imageWrapper \"><img loading=\"lazy\" loading=\"lazy\" decoding=\"async\" width=\"2880\" height=\"1331\" src=\"https:\/\/baukulturschweiz.ch\/wp-content\/uploads\/2025\/03\/RTB-2025-ZAZ-c-SIA-scaled.jpg\" class=\"m-contentBlock__image\" alt=\"\" srcset=\"https:\/\/baukulturschweiz.ch\/wp-content\/uploads\/2025\/03\/RTB-2025-ZAZ-c-SIA-scaled.jpg 2880w, https:\/\/baukulturschweiz.ch\/wp-content\/uploads\/2025\/03\/RTB-2025-ZAZ-c-SIA-300x139.jpg 300w, https:\/\/baukulturschweiz.ch\/wp-content\/uploads\/2025\/03\/RTB-2025-ZAZ-c-SIA-1024x473.jpg 1024w, https:\/\/baukulturschweiz.ch\/wp-content\/uploads\/2025\/03\/RTB-2025-ZAZ-c-SIA-768x355.jpg 768w, https:\/\/baukulturschweiz.ch\/wp-content\/uploads\/2025\/03\/RTB-2025-ZAZ-c-SIA-1536x710.jpg 1536w, https:\/\/baukulturschweiz.ch\/wp-content\/uploads\/2025\/03\/RTB-2025-ZAZ-c-SIA-2048x946.jpg 2048w, https:\/\/baukulturschweiz.ch\/wp-content\/uploads\/2025\/03\/RTB-2025-ZAZ-c-SIA-18x8.jpg 18w\" sizes=\"auto, (max-width: 2880px) 100vw, 2880px\" \/>                    <span class=\"m-contentBlock__credit\">\u00a9 Daniel Klos, SIA<\/span>\n                <\/div>                <div class=\"m-contentBlock__content\">\n                    <p>Der Runde Tisch Baukultur Schweiz diskutierte am 18. M\u00e4rz 2025 in Z\u00fcrich das Nationale Forschungsprogramm (NFP) Baukultur. Paola Vigan\u00f2, Pr\u00e4sidentin der Leitungsgruppe des NFP, stellte zusammen mit Caspar Sch\u00e4rer und Boris Buzek das Programm vor. Der Runde Tisch, der dieses Mal bei Archijeunes zu Gast war, diskutierte ausserdem die Weiterentwicklung von baukulturschweiz.ch, das Wettbewerbswesen als lebendiges Kulturerbe sowie aktuelle politische Gesch\u00e4fte und Aktivit\u00e4ten der Mitglieder. Eine F\u00fchrung durch die Ausstellung \u00abI LOVE CHALETS\u00bb im ZAZ Bellerive rundete die Zusammenkunft ab.<\/p>\n                                    <\/div>\n            <\/div>\n        <\/div>\n        \t\t\t\t<\/div>\n\t\t\t\t<\/div>\n\t\t\t\t<\/section>\n\t\t\t\t<\/div>\n\t\t\t\t\t\t<\/div>\n\t\t\t\t<\/div>\n\t\t\t\t\t<\/div>\n\t\t\t\t<\/div>\n\t\t\t\t<\/div>\n\t\t\t\t<div data-elementor-type=\"loop-item\" data-elementor-id=\"4446\" class=\"elementor elementor-4446 e-loop-item e-loop-item-4513 post-4513 post type-post status-publish format-standard hentry category-uncategorized\" data-elementor-post-type=\"elementor_library\" data-custom-edit-handle=\"1\">\n\t\t\t<div class=\"elementor-element elementor-element-31982fe e-flex e-con-boxed e-con e-parent\" data-id=\"31982fe\" data-element_type=\"container\">\n\t\t\t\t\t<div class=\"e-con-inner\">\n\t\t\t\t<div class=\"elementor-element elementor-element-5830eab elementor-widget elementor-widget-theme-post-content\" data-id=\"5830eab\" data-element_type=\"widget\" data-widget_type=\"theme-post-content.default\">\n\t\t\t\t<div class=\"elementor-widget-container\">\n\t\t\t\t\t\t\t<div data-elementor-type=\"wp-post\" data-elementor-id=\"4513\" class=\"elementor elementor-4513\" data-elementor-post-type=\"post\">\n\t\t\t\t<div class=\"elementor-element elementor-element-1e7b902 u-sidePadding u-dcwiSection -noTop e-flex e-con-boxed e-con e-parent\" data-id=\"1e7b902\" data-element_type=\"container\">\n\t\t\t\t\t<div class=\"e-con-inner\">\n\t\t\t\t<div class=\"elementor-element elementor-element-c62b9bf elementor-widget elementor-widget-dcwi-content-block\" data-id=\"c62b9bf\" data-element_type=\"widget\" data-widget_type=\"dcwi-content-block.default\">\n\t\t\t\t<div class=\"elementor-widget-container\">\n\t\t\t\t\t        <div class=\"m-contentBlock -wide u-leadText -borderTop \" data-no-translation>\n                            <div class=\"m-contentBlock__header\">\n                    <h2 class=\"u-noMargin\">Case Studies f\u00fcr Sch\u00fclerinnen und Sch\u00fcler<\/h2>                <\/div>\n                        <div class=\"m-contentBlock__inner\">\n                <div class=\"m-contentBlock__imageWrapper \"><img loading=\"lazy\" loading=\"lazy\" decoding=\"async\" width=\"2000\" height=\"1500\" src=\"https:\/\/baukulturschweiz.ch\/wp-content\/uploads\/2024\/06\/Aktuelles_CaseStudiesfuerSchuelerinnen-Foto-Lea-Weniger-PH-Schwyz.jpg\" class=\"m-contentBlock__image\" alt=\"\" srcset=\"https:\/\/baukulturschweiz.ch\/wp-content\/uploads\/2024\/06\/Aktuelles_CaseStudiesfuerSchuelerinnen-Foto-Lea-Weniger-PH-Schwyz.jpg 2000w, https:\/\/baukulturschweiz.ch\/wp-content\/uploads\/2024\/06\/Aktuelles_CaseStudiesfuerSchuelerinnen-Foto-Lea-Weniger-PH-Schwyz-300x225.jpg 300w, https:\/\/baukulturschweiz.ch\/wp-content\/uploads\/2024\/06\/Aktuelles_CaseStudiesfuerSchuelerinnen-Foto-Lea-Weniger-PH-Schwyz-1024x768.jpg 1024w, https:\/\/baukulturschweiz.ch\/wp-content\/uploads\/2024\/06\/Aktuelles_CaseStudiesfuerSchuelerinnen-Foto-Lea-Weniger-PH-Schwyz-768x576.jpg 768w, https:\/\/baukulturschweiz.ch\/wp-content\/uploads\/2024\/06\/Aktuelles_CaseStudiesfuerSchuelerinnen-Foto-Lea-Weniger-PH-Schwyz-1536x1152.jpg 1536w, https:\/\/baukulturschweiz.ch\/wp-content\/uploads\/2024\/06\/Aktuelles_CaseStudiesfuerSchuelerinnen-Foto-Lea-Weniger-PH-Schwyz-16x12.jpg 16w\" sizes=\"auto, (max-width: 2000px) 100vw, 2000px\" \/>                    <span class=\"m-contentBlock__credit\"> Formular aus dem Testlauf mit Sch\u00fclerinnen und Sch\u00fclern (Foto: Lea Weniger, PHSZ)<\/span>\n                <\/div>                <div class=\"m-contentBlock__content\">\n                    <p>\u00abLass uns \u00fcber Orte in der Schweiz sprechen. Welcher Ort ist f\u00fcr dich wichtig? An welchem Ort fehlt dir etwas?\u00bb. So klingt es im neuen Angebot \u00ab<a href=\"https:\/\/baukulturschweiz.ch\/de\/case-studies-fuer-alle\/\" target=\"_blank\" rel=\"noopener\">Case Studies f\u00fcr Sch\u00fclerinnen und Sch\u00fcler<\/a>\u00bb. Damit \u00f6ffnet sich <a href=\"https:\/\/baukulturschweiz.ch\/de\" target=\"_blank\" rel=\"noopener\">baukulturschweiz.ch<\/a> einem weiteren Zielpublikum: Kindern und Jugendlichen. Das neue Tool entstand in Kooperation mit Lea Weniger von der P\u00e4dagogischen Hochschule Schwyz (PHSZ), um die Case Studies zur Schweizer Baukultur auch an allgemeinbildenden Schulen zu etablieren. Es steht ab sofort allen Interessierten zur Verf\u00fcgung.<\/p>\n                                    <\/div>\n            <\/div>\n        <\/div>\n        \t\t\t\t<\/div>\n\t\t\t\t<\/div>\n\t\t\t\t\t<\/div>\n\t\t\t\t<\/div>\n\t\t\t\t<\/div>\n\t\t\t\t\t\t<\/div>\n\t\t\t\t<\/div>\n\t\t\t\t\t<\/div>\n\t\t\t\t<\/div>\n\t\t\t\t<\/div>\n\t\t\t\t<div data-elementor-type=\"loop-item\" data-elementor-id=\"4446\" class=\"elementor elementor-4446 e-loop-item e-loop-item-4505 post-4505 post type-post status-publish format-standard hentry category-uncategorized\" data-elementor-post-type=\"elementor_library\" data-custom-edit-handle=\"1\">\n\t\t\t<div class=\"elementor-element elementor-element-31982fe e-flex e-con-boxed e-con e-parent\" data-id=\"31982fe\" data-element_type=\"container\">\n\t\t\t\t\t<div class=\"e-con-inner\">\n\t\t\t\t<div class=\"elementor-element elementor-element-5830eab elementor-widget elementor-widget-theme-post-content\" data-id=\"5830eab\" data-element_type=\"widget\" data-widget_type=\"theme-post-content.default\">\n\t\t\t\t<div class=\"elementor-widget-container\">\n\t\t\t\t\t\t\t<div data-elementor-type=\"wp-post\" data-elementor-id=\"4505\" class=\"elementor elementor-4505\" data-elementor-post-type=\"post\">\n\t\t\t\t<section class=\"elementor-element elementor-element-f21b299 u-sidePadding u-dcwiSection -noTop e-flex e-con-boxed e-con e-parent\" data-id=\"f21b299\" data-element_type=\"container\">\n\t\t\t\t\t<div class=\"e-con-inner\">\n\t\t\t\t<div class=\"elementor-element elementor-element-4a40a3c elementor-widget elementor-widget-dcwi-content-block\" data-id=\"4a40a3c\" data-element_type=\"widget\" data-widget_type=\"dcwi-content-block.default\">\n\t\t\t\t<div class=\"elementor-widget-container\">\n\t\t\t\t\t        <div class=\"m-contentBlock -wide u-leadText -borderTop \" data-no-translation>\n                            <div class=\"m-contentBlock__header\">\n                    <h2 class=\"u-noMargin\">Runder Tisch zu Fachkr\u00e4ftemangel und Wettbewerbswesen<\/h2>                <\/div>\n                        <div class=\"m-contentBlock__inner\">\n                <div class=\"m-contentBlock__imageWrapper \"><img loading=\"lazy\" loading=\"lazy\" decoding=\"async\" width=\"2880\" height=\"1620\" src=\"https:\/\/baukulturschweiz.ch\/wp-content\/uploads\/2024\/03\/240319-RTB-Zuerich_sw-scaled.jpg\" class=\"m-contentBlock__image\" alt=\"\" srcset=\"https:\/\/baukulturschweiz.ch\/wp-content\/uploads\/2024\/03\/240319-RTB-Zuerich_sw-scaled.jpg 2880w, https:\/\/baukulturschweiz.ch\/wp-content\/uploads\/2024\/03\/240319-RTB-Zuerich_sw-300x169.jpg 300w, https:\/\/baukulturschweiz.ch\/wp-content\/uploads\/2024\/03\/240319-RTB-Zuerich_sw-1024x576.jpg 1024w, https:\/\/baukulturschweiz.ch\/wp-content\/uploads\/2024\/03\/240319-RTB-Zuerich_sw-768x432.jpg 768w, https:\/\/baukulturschweiz.ch\/wp-content\/uploads\/2024\/03\/240319-RTB-Zuerich_sw-1536x864.jpg 1536w, https:\/\/baukulturschweiz.ch\/wp-content\/uploads\/2024\/03\/240319-RTB-Zuerich_sw-2048x1152.jpg 2048w, https:\/\/baukulturschweiz.ch\/wp-content\/uploads\/2024\/03\/240319-RTB-Zuerich_sw-18x10.jpg 18w\" sizes=\"auto, (max-width: 2880px) 100vw, 2880px\" \/>                    <span class=\"m-contentBlock__credit\">\u00a9 Daniel Klos, SIA<\/span>\n                <\/div>                <div class=\"m-contentBlock__content\">\n                    <p>Der Runde Tisch Baukultur Schweiz diskutierte am 19. M\u00e4rz 2024 in Z\u00fcrich, wie zeitgem\u00e4sse Berufsbilder, attraktive Arbeitsbedingungen sowie Bildungsangebote in Schulen und Hochschulen dem Fachkr\u00e4ftemangel entgegenwirken. Oliver Martin, Leiter der Sektion Baukultur im Bundesamt f\u00fcr Kultur, pr\u00e4sentierte den neuen Aktionsplan Baukultur, den Stand der Kulturbotschaft 2025-28 und die aktuellen Handlungsfelder der Davos Baukultur Alliance. Der Runde Tisch, der dieses Mal bei bauenschweiz zu Gast war, diskutierte ausserdem den weiteren Aufbau von baukulturschweiz.ch und das Wettbewerbswesen als lebendiges Kulturerbe. Eine F\u00fchrung der SBB zum S\u00fcdtrakt HB Z\u00fcrich rundete die Zusammenkunft ab.<\/p>\n                                    <\/div>\n            <\/div>\n        <\/div>\n        \t\t\t\t<\/div>\n\t\t\t\t<\/div>\n\t\t\t\t\t<\/div>\n\t\t\t\t<\/section>\n\t\t\t\t<\/div>\n\t\t\t\t\t\t<\/div>\n\t\t\t\t<\/div>\n\t\t\t\t\t<\/div>\n\t\t\t\t<\/div>\n\t\t\t\t<\/div>\n\t\t\t\t<div data-elementor-type=\"loop-item\" data-elementor-id=\"4446\" class=\"elementor elementor-4446 e-loop-item e-loop-item-4497 post-4497 post type-post status-publish format-standard hentry category-uncategorized\" data-elementor-post-type=\"elementor_library\" data-custom-edit-handle=\"1\">\n\t\t\t<div class=\"elementor-element elementor-element-31982fe e-flex e-con-boxed e-con e-parent\" data-id=\"31982fe\" data-element_type=\"container\">\n\t\t\t\t\t<div class=\"e-con-inner\">\n\t\t\t\t<div class=\"elementor-element elementor-element-5830eab elementor-widget elementor-widget-theme-post-content\" data-id=\"5830eab\" data-element_type=\"widget\" data-widget_type=\"theme-post-content.default\">\n\t\t\t\t<div class=\"elementor-widget-container\">\n\t\t\t\t\t\t\t<div data-elementor-type=\"wp-post\" data-elementor-id=\"4497\" class=\"elementor elementor-4497\" data-elementor-post-type=\"post\">\n\t\t\t\t<section class=\"elementor-element elementor-element-24df6cf u-sidePadding u-dcwiSection -noTop e-flex e-con-boxed e-con e-parent\" data-id=\"24df6cf\" data-element_type=\"container\">\n\t\t\t\t\t<div class=\"e-con-inner\">\n\t\t\t\t<div class=\"elementor-element elementor-element-360ef7c elementor-widget elementor-widget-dcwi-content-block\" data-id=\"360ef7c\" data-element_type=\"widget\" data-widget_type=\"dcwi-content-block.default\">\n\t\t\t\t<div class=\"elementor-widget-container\">\n\t\t\t\t\t        <div class=\"m-contentBlock  u-leadText -borderTop \" data-no-translation>\n                            <div class=\"m-contentBlock__header\">\n                    <h2 class=\"u-noMargin\">Kulturbotschaft 2025\u201328: Ja zur Nachhaltigkeit durch Baukultur<\/h2>                <\/div>\n                        <div class=\"m-contentBlock__inner\">\n                <div class=\"m-contentBlock__imageWrapper \"><img loading=\"lazy\" loading=\"lazy\" decoding=\"async\" width=\"719\" height=\"1000\" src=\"https:\/\/baukulturschweiz.ch\/wp-content\/uploads\/2023\/07\/2023-07-05-111316-mm-kulturbotschaft-titelblatt.png\" class=\"m-contentBlock__image\" alt=\"\" srcset=\"https:\/\/baukulturschweiz.ch\/wp-content\/uploads\/2023\/07\/2023-07-05-111316-mm-kulturbotschaft-titelblatt.png 719w, https:\/\/baukulturschweiz.ch\/wp-content\/uploads\/2023\/07\/2023-07-05-111316-mm-kulturbotschaft-titelblatt-216x300.png 216w, https:\/\/baukulturschweiz.ch\/wp-content\/uploads\/2023\/07\/2023-07-05-111316-mm-kulturbotschaft-titelblatt-9x12.png 9w\" sizes=\"auto, (max-width: 719px) 100vw, 719px\" \/><\/div>                <div class=\"m-contentBlock__content\">\n                    <p>Die f\u00fchrenden Organisationen im Bereich der Baukultur begr\u00fcssen den vorliegenden Entwurf zur Kulturbotschaft 2025-28. Eine hohe Baukultur ist der Schl\u00fcssel zur nachhaltigen Gestaltung des Lebensraums. Ihre F\u00f6rderung und gesetzliche Verankerung sind deshalb dringend und richtig.<\/p>\n<p>Folgende Organisationen tragen die Grundposition:<\/p>\n<ul>\n<li>Archijeunes<\/li>\n<li>Bund Schweizer Architektinnen und Architekten BSA-FAS<\/li>\n<li>Bund Schweizer Landschaftsarchitekten und Landschaftsarchitektinnen BSLA<\/li>\n<li>Espace Suisse<\/li>\n<li>Fachverband Schweizer Raumplanerinnen und Raumplaner FSU<\/li>\n<li>Material-Archiv<\/li>\n<li>Nationale Informationsstelle zum Kulturerbe NIKE<\/li>\n<li>S AM Schweizerisches Architekturmuseum<\/li>\n<li>Schweizer Heimatschutz<\/li>\n<li>Schweizerische Stiftung f\u00fcr Landschaftsarchitektur SLA<\/li>\n<li>Schweizerischer Ingenieur- und Architektenverein SIA<\/li>\n<li>Stiftung Sotto Voce<\/li>\n<\/ul>\n                                            <div class=\"m-contentBlock__links\">\n                                                            <a class=\"-contentBlock -linkBar\"\n                                     target=\"_blank\"                                    href=\"\/wp-content\/uploads\/2023\/07\/2023-07-07-173200-kulturbotschaft-2025-28-nachhaltig-dank-baukultur-230710.pdf\">\n                                    Kulturbotschaft 2025\u201328:&nbsp;Ja zur Nachhaltigkeit durch Baukultur                                    <svg class=\"svg-inline--fa fa-arrow-right\" aria-hidden=\"true\" focusable=\"false\" data-prefix=\"fal\" data-icon=\"arrow-right\" role=\"img\" xmlns=\"http:\/\/www.w3.org\/2000\/svg\" viewBox=\"0 0 448 512\" data-fa-i2svg=\"\"><path fill=\"currentColor\" d=\"M443.7 266.8l-165.9 176C274.5 446.3 269.1 448 265.5 448c-3.986 0-7.988-1.375-11.16-4.156c-6.773-5.938-7.275-16.06-1.118-22.59L393.9 272H16.59c-9.171 0-16.59-7.155-16.59-15.1S7.421 240 16.59 240h377.3l-140.7-149.3c-6.157-6.531-5.655-16.66 1.118-22.59c6.789-5.906 17.27-5.469 23.45 1.094l165.9 176C449.4 251.3 449.4 260.7 443.7 266.8z\"><\/path><\/svg>                                <\/a>\n                                                    <\/div>\n                                    <\/div>\n            <\/div>\n        <\/div>\n        \t\t\t\t<\/div>\n\t\t\t\t<\/div>\n\t\t\t\t\t<\/div>\n\t\t\t\t<\/section>\n\t\t\t\t<\/div>\n\t\t\t\t\t\t<\/div>\n\t\t\t\t<\/div>\n\t\t\t\t\t<\/div>\n\t\t\t\t<\/div>\n\t\t\t\t<\/div>\n\t\t\t\t<div data-elementor-type=\"loop-item\" data-elementor-id=\"4446\" class=\"elementor elementor-4446 e-loop-item e-loop-item-4489 post-4489 post type-post status-publish format-standard hentry category-uncategorized\" data-elementor-post-type=\"elementor_library\" data-custom-edit-handle=\"1\">\n\t\t\t<div class=\"elementor-element elementor-element-31982fe e-flex e-con-boxed e-con e-parent\" data-id=\"31982fe\" data-element_type=\"container\">\n\t\t\t\t\t<div class=\"e-con-inner\">\n\t\t\t\t<div class=\"elementor-element elementor-element-5830eab elementor-widget elementor-widget-theme-post-content\" data-id=\"5830eab\" data-element_type=\"widget\" data-widget_type=\"theme-post-content.default\">\n\t\t\t\t<div class=\"elementor-widget-container\">\n\t\t\t\t\t\t\t<div data-elementor-type=\"wp-post\" data-elementor-id=\"4489\" class=\"elementor elementor-4489\" data-elementor-post-type=\"post\">\n\t\t\t\t<section class=\"elementor-element elementor-element-9b8d724 u-sidePadding u-dcwiSection -noTop e-flex e-con-boxed e-con e-parent\" data-id=\"9b8d724\" data-element_type=\"container\">\n\t\t\t\t\t<div class=\"e-con-inner\">\n\t\t\t\t<div class=\"elementor-element elementor-element-fab9429 elementor-widget elementor-widget-dcwi-content-block\" data-id=\"fab9429\" data-element_type=\"widget\" data-widget_type=\"dcwi-content-block.default\">\n\t\t\t\t<div class=\"elementor-widget-container\">\n\t\t\t\t\t        <div class=\"m-contentBlock -wide u-leadText -borderTop \" data-no-translation>\n                            <div class=\"m-contentBlock__header\">\n                    <h2 class=\"u-noMargin\">Neues Beratungsangebot<\/h2>                <\/div>\n                        <div class=\"m-contentBlock__inner\">\n                <div class=\"m-contentBlock__imageWrapper \"><img loading=\"lazy\" loading=\"lazy\" decoding=\"async\" width=\"1000\" height=\"590\" src=\"https:\/\/baukulturschweiz.ch\/wp-content\/uploads\/2023\/06\/2023-06-01-082808-c-bak-illustration-dora-formica.jpg\" class=\"m-contentBlock__image\" alt=\"\" srcset=\"https:\/\/baukulturschweiz.ch\/wp-content\/uploads\/2023\/06\/2023-06-01-082808-c-bak-illustration-dora-formica.jpg 1000w, https:\/\/baukulturschweiz.ch\/wp-content\/uploads\/2023\/06\/2023-06-01-082808-c-bak-illustration-dora-formica-300x177.jpg 300w, https:\/\/baukulturschweiz.ch\/wp-content\/uploads\/2023\/06\/2023-06-01-082808-c-bak-illustration-dora-formica-768x453.jpg 768w, https:\/\/baukulturschweiz.ch\/wp-content\/uploads\/2023\/06\/2023-06-01-082808-c-bak-illustration-dora-formica-18x12.jpg 18w\" sizes=\"auto, (max-width: 1000px) 100vw, 1000px\" \/>                    <span class=\"m-contentBlock__credit\">\u00a9 BAK, Illustration dora formica<\/span>\n                <\/div>                <div class=\"m-contentBlock__content\">\n                    <p>Das neue Modul Beratung des Bundesamts f\u00fcr Kultur auf der Webplattform \u00abBaukultur Schweiz\u00bb b\u00fcndelt baukulturelle Beratungsangebote aus der ganzen Schweiz.<\/p>\n                                    <\/div>\n            <\/div>\n        <\/div>\n        \t\t\t\t<\/div>\n\t\t\t\t<\/div>\n\t\t\t\t<div class=\"elementor-element elementor-element-32ec7f7 elementor-widget elementor-widget-dcwi-prev-widget-toggle\" data-id=\"32ec7f7\" data-element_type=\"widget\" data-widget_type=\"dcwi-prev-widget-toggle.default\">\n\t\t\t\t<div class=\"elementor-widget-container\">\n\t\t\t\t\t        <div class=\"a-link__wrapper -icon \"  data-no-translate>\n            <span tabindex=\"0\"\n                  class=\"a-link -icon do-togglePrevWidget -toggleNext \">\n                <span class=\"a-link__label\">mehr lesen<\/span>\n                <svg class=\"svg-inline--fa fa-chevron-down a-link__icon\" aria-hidden=\"true\" focusable=\"false\" data-prefix=\"fal\"\n                     data-icon=\"chevron-down\" role=\"img\" xmlns=\"http:\/\/www.w3.org\/2000\/svg\" viewBox=\"0 0 448 512\" data-fa-i2svg=\"\"><path\n                            fill=\"currentColor\"\n                            d=\"M4.251 181.1C7.392 177.7 11.69 175.1 16 175.1c3.891 0 7.781 1.406 10.86 4.25l197.1 181.1l197.1-181.1c6.5-6 16.64-5.625 22.61 .9062c6 6.5 5.594 16.59-.8906 22.59l-208 192c-6.156 5.688-15.56 5.688-21.72 0l-208-192C-1.343 197.7-1.749 187.6 4.251 181.1z\"><\/path><\/svg>\n            <\/span>\n        <\/div>\n        \t\t\t\t<\/div>\n\t\t\t\t<\/div>\n\t\t\t\t<div class=\"elementor-element elementor-element-e600744 u-leadText a-toggleableWidget elementor-widget elementor-widget-dcwi-text-block\" data-id=\"e600744\" data-element_type=\"widget\" data-widget_type=\"dcwi-text-block.default\">\n\t\t\t\t<div class=\"elementor-widget-container\">\n\t\t\t\t\t<div class=\"m-textBlock\" data-no-translation><p>Von der Weiterbildung zum Thema Ortsbildschutz bis zum passenden Planungsinstrument f\u00fcr den Arbeitsalltag \u2013 auf baukulturberatung.ch finden St\u00e4dte und Gemeinden neben Arbeitshilfen und Leitf\u00e4den Inspiration und konkrete Beispiele aus der Praxis.<\/p>\n <\/div>\t\t\t\t<\/div>\n\t\t\t\t<\/div>\n\t\t\t\t\t<\/div>\n\t\t\t\t<\/section>\n\t\t\t\t<\/div>\n\t\t\t\t\t\t<\/div>\n\t\t\t\t<\/div>\n\t\t\t\t\t<\/div>\n\t\t\t\t<\/div>\n\t\t\t\t<\/div>\n\t\t\t\t<div data-elementor-type=\"loop-item\" data-elementor-id=\"4446\" class=\"elementor elementor-4446 e-loop-item e-loop-item-4481 post-4481 post type-post status-publish format-standard hentry category-uncategorized\" data-elementor-post-type=\"elementor_library\" data-custom-edit-handle=\"1\">\n\t\t\t<div class=\"elementor-element elementor-element-31982fe e-flex e-con-boxed e-con e-parent\" data-id=\"31982fe\" data-element_type=\"container\">\n\t\t\t\t\t<div class=\"e-con-inner\">\n\t\t\t\t<div class=\"elementor-element elementor-element-5830eab elementor-widget elementor-widget-theme-post-content\" data-id=\"5830eab\" data-element_type=\"widget\" data-widget_type=\"theme-post-content.default\">\n\t\t\t\t<div class=\"elementor-widget-container\">\n\t\t\t\t\t\t\t<div data-elementor-type=\"wp-post\" data-elementor-id=\"4481\" class=\"elementor elementor-4481\" data-elementor-post-type=\"post\">\n\t\t\t\t<section class=\"elementor-element elementor-element-746d6c2 u-sidePadding u-dcwiSection -noTop e-flex e-con-boxed e-con e-parent\" data-id=\"746d6c2\" data-element_type=\"container\">\n\t\t\t\t\t<div class=\"e-con-inner\">\n\t\t\t\t<div class=\"elementor-element elementor-element-e35b5ac elementor-widget elementor-widget-dcwi-content-block\" data-id=\"e35b5ac\" data-element_type=\"widget\" data-widget_type=\"dcwi-content-block.default\">\n\t\t\t\t<div class=\"elementor-widget-container\">\n\t\t\t\t\t        <div class=\"m-contentBlock -wide u-leadText -borderTop \" data-no-translation>\n                            <div class=\"m-contentBlock__header\">\n                    <h2 class=\"u-noMargin\">Kick-off-Meeting der Davos Baukultur Allianz<\/h2>                <\/div>\n                        <div class=\"m-contentBlock__inner\">\n                <div class=\"m-contentBlock__imageWrapper \"><img loading=\"lazy\" loading=\"lazy\" decoding=\"async\" width=\"1280\" height=\"720\" src=\"https:\/\/baukulturschweiz.ch\/wp-content\/uploads\/2023\/06\/2023-05-25-100550-christian-benimana-mg-0772.jpg\" class=\"m-contentBlock__image\" alt=\"\" srcset=\"https:\/\/baukulturschweiz.ch\/wp-content\/uploads\/2023\/06\/2023-05-25-100550-christian-benimana-mg-0772.jpg 1280w, https:\/\/baukulturschweiz.ch\/wp-content\/uploads\/2023\/06\/2023-05-25-100550-christian-benimana-mg-0772-300x169.jpg 300w, https:\/\/baukulturschweiz.ch\/wp-content\/uploads\/2023\/06\/2023-05-25-100550-christian-benimana-mg-0772-1024x576.jpg 1024w, https:\/\/baukulturschweiz.ch\/wp-content\/uploads\/2023\/06\/2023-05-25-100550-christian-benimana-mg-0772-768x432.jpg 768w, https:\/\/baukulturschweiz.ch\/wp-content\/uploads\/2023\/06\/2023-05-25-100550-christian-benimana-mg-0772-18x10.jpg 18w\" sizes=\"auto, (max-width: 1280px) 100vw, 1280px\" \/>                    <span class=\"m-contentBlock__credit\">\u00a9 Christian Benimana, MASS Design Group<\/span>\n                <\/div>                <div class=\"m-contentBlock__content\">\n                    <p>Das Schweizer Bundesamt f\u00fcr Kultur, die UNESCO und das World Economic Forum luden im Rahmen der Architekturbiennale 2023 in Venedig zum Kick-off-Meeting der Davos Baukultur Allianz ein.<\/p>\n                                    <\/div>\n            <\/div>\n        <\/div>\n        \t\t\t\t<\/div>\n\t\t\t\t<\/div>\n\t\t\t\t<div class=\"elementor-element elementor-element-215e40a u-leadText elementor-widget elementor-widget-dcwi-prev-widget-toggle\" data-id=\"215e40a\" data-element_type=\"widget\" data-widget_type=\"dcwi-prev-widget-toggle.default\">\n\t\t\t\t<div class=\"elementor-widget-container\">\n\t\t\t\t\t        <div class=\"a-link__wrapper -icon \"  data-no-translate>\n            <span tabindex=\"0\"\n                  class=\"a-link -icon do-togglePrevWidget -toggleNext \">\n                <span class=\"a-link__label\">mehr lesen<\/span>\n                <svg class=\"svg-inline--fa fa-chevron-down a-link__icon\" aria-hidden=\"true\" focusable=\"false\" data-prefix=\"fal\"\n                     data-icon=\"chevron-down\" role=\"img\" xmlns=\"http:\/\/www.w3.org\/2000\/svg\" viewBox=\"0 0 448 512\" data-fa-i2svg=\"\"><path\n                            fill=\"currentColor\"\n                            d=\"M4.251 181.1C7.392 177.7 11.69 175.1 16 175.1c3.891 0 7.781 1.406 10.86 4.25l197.1 181.1l197.1-181.1c6.5-6 16.64-5.625 22.61 .9062c6 6.5 5.594 16.59-.8906 22.59l-208 192c-6.156 5.688-15.56 5.688-21.72 0l-208-192C-1.343 197.7-1.749 187.6 4.251 181.1z\"><\/path><\/svg>\n            <\/span>\n        <\/div>\n        \t\t\t\t<\/div>\n\t\t\t\t<\/div>\n\t\t\t\t<div class=\"elementor-element elementor-element-9f074ac u-leadText a-toggleableWidget elementor-widget elementor-widget-dcwi-text-block\" data-id=\"9f074ac\" data-element_type=\"widget\" data-widget_type=\"dcwi-text-block.default\">\n\t\t\t\t<div class=\"elementor-widget-container\">\n\t\t\t\t\t<div class=\"m-textBlock\" data-no-translation><p>Unter dem Vorsitz des Schweizer Bundespr\u00e4sidenten Alain Berset diskutierten Mitglieder der Allianz am 19. und 20. Mai, wie Regierungen, Wirtschaft und Zivilgesellschaft zusammenarbeiten k\u00f6nnen, um Orte mit hoher baukultureller Qualit\u00e4t zu planen, zu bauen und zu betreiben \u2012 mit besonderem Fokus auf deren Erschwinglichkeit.<\/p>\n <\/div>\t\t\t\t<\/div>\n\t\t\t\t<\/div>\n\t\t\t\t\t<\/div>\n\t\t\t\t<\/section>\n\t\t\t\t<\/div>\n\t\t\t\t\t\t<\/div>\n\t\t\t\t<\/div>\n\t\t\t\t\t<\/div>\n\t\t\t\t<\/div>\n\t\t\t\t<\/div>\n\t\t\t\t<div data-elementor-type=\"loop-item\" data-elementor-id=\"4446\" class=\"elementor elementor-4446 e-loop-item e-loop-item-4472 post-4472 post type-post status-publish format-standard hentry category-uncategorized\" data-elementor-post-type=\"elementor_library\" data-custom-edit-handle=\"1\">\n\t\t\t<div class=\"elementor-element elementor-element-31982fe e-flex e-con-boxed e-con e-parent\" data-id=\"31982fe\" data-element_type=\"container\">\n\t\t\t\t\t<div class=\"e-con-inner\">\n\t\t\t\t<div class=\"elementor-element elementor-element-5830eab elementor-widget elementor-widget-theme-post-content\" data-id=\"5830eab\" data-element_type=\"widget\" data-widget_type=\"theme-post-content.default\">\n\t\t\t\t<div class=\"elementor-widget-container\">\n\t\t\t\t\t\t\t<div data-elementor-type=\"wp-post\" data-elementor-id=\"4472\" class=\"elementor elementor-4472\" data-elementor-post-type=\"post\">\n\t\t\t\t<section class=\"elementor-element elementor-element-35013e2 u-sidePadding u-dcwiSection -noTop e-flex e-con-boxed e-con e-parent\" data-id=\"35013e2\" data-element_type=\"container\">\n\t\t\t\t\t<div class=\"e-con-inner\">\n\t\t\t\t<div class=\"elementor-element elementor-element-1b4aa6d elementor-widget elementor-widget-dcwi-content-block\" data-id=\"1b4aa6d\" data-element_type=\"widget\" data-widget_type=\"dcwi-content-block.default\">\n\t\t\t\t<div class=\"elementor-widget-container\">\n\t\t\t\t\t        <div class=\"m-contentBlock -wide u-leadText -borderTop \" data-no-translation>\n                            <div class=\"m-contentBlock__header\">\n                    <h2 class=\"u-noMargin\">Runder Tisch zu L\u00e4rm und Baukultur<\/h2>                <\/div>\n                        <div class=\"m-contentBlock__inner\">\n                <div class=\"m-contentBlock__imageWrapper \"><img loading=\"lazy\" loading=\"lazy\" decoding=\"async\" width=\"1800\" height=\"1013\" src=\"https:\/\/baukulturschweiz.ch\/wp-content\/uploads\/2023\/05\/2023-03-15-131248-20230314-142317-l.jpg\" class=\"m-contentBlock__image\" alt=\"\" srcset=\"https:\/\/baukulturschweiz.ch\/wp-content\/uploads\/2023\/05\/2023-03-15-131248-20230314-142317-l.jpg 1800w, https:\/\/baukulturschweiz.ch\/wp-content\/uploads\/2023\/05\/2023-03-15-131248-20230314-142317-l-300x169.jpg 300w, https:\/\/baukulturschweiz.ch\/wp-content\/uploads\/2023\/05\/2023-03-15-131248-20230314-142317-l-1024x576.jpg 1024w, https:\/\/baukulturschweiz.ch\/wp-content\/uploads\/2023\/05\/2023-03-15-131248-20230314-142317-l-768x432.jpg 768w, https:\/\/baukulturschweiz.ch\/wp-content\/uploads\/2023\/05\/2023-03-15-131248-20230314-142317-l-1536x864.jpg 1536w, https:\/\/baukulturschweiz.ch\/wp-content\/uploads\/2023\/05\/2023-03-15-131248-20230314-142317-l-18x10.jpg 18w\" sizes=\"auto, (max-width: 1800px) 100vw, 1800px\" \/>                    <span class=\"m-contentBlock__credit\">\u00a9 Daniel Klos, SIA<\/span>\n                <\/div>                <div class=\"m-contentBlock__content\">\n                    <p>Der Runde Tisch Baukultur Schweiz diskutierte am 15. M\u00e4rz 2023 in Bern, wie L\u00e4rm und Stadtentwicklung zusammengehen. Monika Litscher, Vizedirektorin des St\u00e4dteverbands, nannte als erste Priorit\u00e4t, den L\u00e4rm an der Quelle zu reduzieren.<\/p>\n                                    <\/div>\n            <\/div>\n        <\/div>\n        \t\t\t\t<\/div>\n\t\t\t\t<\/div>\n\t\t\t\t<div class=\"elementor-element elementor-element-8d6d045 u-leadText elementor-widget elementor-widget-dcwi-prev-widget-toggle\" data-id=\"8d6d045\" data-element_type=\"widget\" data-widget_type=\"dcwi-prev-widget-toggle.default\">\n\t\t\t\t<div class=\"elementor-widget-container\">\n\t\t\t\t\t        <div class=\"a-link__wrapper -icon \"  data-no-translate>\n            <span tabindex=\"0\"\n                  class=\"a-link -icon do-togglePrevWidget -toggleNext \">\n                <span class=\"a-link__label\">mehr lesen<\/span>\n                <svg class=\"svg-inline--fa fa-chevron-down a-link__icon\" aria-hidden=\"true\" focusable=\"false\" data-prefix=\"fal\"\n                     data-icon=\"chevron-down\" role=\"img\" xmlns=\"http:\/\/www.w3.org\/2000\/svg\" viewBox=\"0 0 448 512\" data-fa-i2svg=\"\"><path\n                            fill=\"currentColor\"\n                            d=\"M4.251 181.1C7.392 177.7 11.69 175.1 16 175.1c3.891 0 7.781 1.406 10.86 4.25l197.1 181.1l197.1-181.1c6.5-6 16.64-5.625 22.61 .9062c6 6.5 5.594 16.59-.8906 22.59l-208 192c-6.156 5.688-15.56 5.688-21.72 0l-208-192C-1.343 197.7-1.749 187.6 4.251 181.1z\"><\/path><\/svg>\n            <\/span>\n        <\/div>\n        \t\t\t\t<\/div>\n\t\t\t\t<\/div>\n\t\t\t\t<div class=\"elementor-element elementor-element-0866ebc u-leadText a-toggleableWidget elementor-widget elementor-widget-dcwi-text-block\" data-id=\"0866ebc\" data-element_type=\"widget\" data-widget_type=\"dcwi-text-block.default\">\n\t\t\t\t<div class=\"elementor-widget-container\">\n\t\t\t\t\t<div class=\"m-textBlock\" data-no-translation><p>Caspar Sch\u00e4rer, Generalsekret\u00e4r des Bundes Schweizer Architektinnen und Architekten, wies darauf hin, dass L\u00e4rm nicht als Rekurs- und Blockademittel gegen eine qualit\u00e4tsvolle Innenentwicklung missbraucht werden d\u00fcrfte. Damian Jerjen, Direktor von EspaceSuisse, machte auf Unterschiede bei der L\u00e4rmbek\u00e4mpfung in der West- und Deutschschweiz aufmerksam.<\/p>\n<p>Weitere Themen des Runden Tischs waren die Davos Baukultur Alliance, die n\u00e4chste Kulturbotschaft, der neue Aktionsplan Baukultur, die gesetzliche Verankerung von Baukultur, die Klimaoffensive Baukultur sowie die Denkmaltage 2023, die im September zu Entdeckungen in der ganzen Schweiz einladen, dieses Jahr unter dem Motto \u00abReparieren und Wiederverwenden\u00bb.<\/p>\n <\/div>\t\t\t\t<\/div>\n\t\t\t\t<\/div>\n\t\t\t\t\t<\/div>\n\t\t\t\t<\/section>\n\t\t\t\t<\/div>\n\t\t\t\t\t\t<\/div>\n\t\t\t\t<\/div>\n\t\t\t\t\t<\/div>\n\t\t\t\t<\/div>\n\t\t\t\t<\/div>\n\t\t\t\t<\/div>\n\t\t\n\t\t\t\t\t\t<\/div>\n\t\t\t\t<\/div>\n\t\t\t\t\t<\/div>\n\t\t\t\t<\/div>\n\t\t\t\t<\/div>\n\t\t","protected":false},"excerpt":{"rendered":"<p>Runder Tisch zum NFP Baukultur Der Runde Tisch Baukultur Schweiz diskutierte am 18. M\u00e4rz 2025 in Z\u00fcrich das Nationale Forschungsprogramm (NFP) Baukultur. Paola Vigan\u00f2, Pr\u00e4sidentin der Leitungsgruppe des NFP, stellte zusammen mit Caspar Sch\u00e4rer und Boris Buzek das Programm vor. Der Runde Tisch, der dieses Mal bei Archijeunes zu Gast war, diskutierte ausserdem die Weiterentwicklung [&hellip;]<\/p>\n","protected":false},"author":1,"featured_media":0,"parent":0,"menu_order":0,"comment_status":"closed","ping_status":"closed","template":"","meta":{"_acf_changed":false,"_relevanssi_hide_post":"","_relevanssi_hide_content":"","_relevanssi_pin_for_all":"","_relevanssi_pin_keywords":"","_relevanssi_unpin_keywords":"","_relevanssi_related_keywords":"","_relevanssi_related_include_ids":"","_relevanssi_related_exclude_ids":"","_relevanssi_related_no_append":"","_relevanssi_related_not_related":"","_relevanssi_related_posts":"","_relevanssi_noindex_reason":"","footnotes":""},"class_list":["post-103","page","type-page","status-publish","hentry"],"acf":[],"yoast_head":"<!-- This site is optimized with the Yoast SEO plugin v26.1.1 - https:\/\/yoast.com\/wordpress\/plugins\/seo\/ -->\n<title>Aktuelles &#8211; Baukultur Schweiz<\/title>\n<meta name=\"robots\" content=\"index, follow, max-snippet:-1, max-image-preview:large, max-video-preview:-1\" \/>\n<link rel=\"canonical\" href=\"https:\/\/baukulturschweiz.ch\/de\/aktuelles\/\" \/>\n<meta property=\"og:locale\" content=\"de_DE\" \/>\n<meta property=\"og:type\" content=\"article\" \/>\n<meta property=\"og:title\" content=\"Aktuelles &#8211; Baukultur Schweiz\" \/>\n<meta property=\"og:description\" content=\"Runder Tisch zum NFP Baukultur Der Runde Tisch Baukultur Schweiz diskutierte am 18. M\u00e4rz 2025 in Z\u00fcrich das Nationale Forschungsprogramm (NFP) Baukultur. Paola Vigan\u00f2, Pr\u00e4sidentin der Leitungsgruppe des NFP, stellte zusammen mit Caspar Sch\u00e4rer und Boris Buzek das Programm vor. Der Runde Tisch, der dieses Mal bei Archijeunes zu Gast war, diskutierte ausserdem die Weiterentwicklung [&hellip;]\" \/>\n<meta property=\"og:url\" content=\"https:\/\/baukulturschweiz.ch\/de\/aktuelles\/\" \/>\n<meta property=\"og:site_name\" content=\"Baukultur Schweiz\" \/>\n<meta property=\"article:modified_time\" content=\"2025-07-14T09:20:55+00:00\" \/>\n<meta property=\"og:image\" content=\"https:\/\/baukulturschweiz.ch\/wp-content\/uploads\/2025\/03\/RTB-2025-ZAZ-c-SIA-scaled.jpg\" \/>\n<meta name=\"twitter:card\" content=\"summary_large_image\" \/>\n<meta name=\"twitter:label1\" content=\"Gesch\u00e4tzte Lesezeit\" \/>\n\t<meta name=\"twitter:data1\" content=\"28\u00a0Minuten\" \/>\n<script type=\"application\/ld+json\" class=\"yoast-schema-graph\">{\"@context\":\"https:\/\/schema.org\",\"@graph\":[{\"@type\":\"WebPage\",\"@id\":\"https:\/\/baukulturschweiz.ch\/de\/aktuelles\/\",\"url\":\"https:\/\/baukulturschweiz.ch\/de\/aktuelles\/\",\"name\":\"Aktuelles &#8211; Baukultur Schweiz\",\"isPartOf\":{\"@id\":\"https:\/\/baukulturschweiz.ch\/de\/#website\"},\"primaryImageOfPage\":{\"@id\":\"https:\/\/baukulturschweiz.ch\/de\/aktuelles\/#primaryimage\"},\"image\":{\"@id\":\"https:\/\/baukulturschweiz.ch\/de\/aktuelles\/#primaryimage\"},\"thumbnailUrl\":\"https:\/\/baukulturschweiz.ch\/wp-content\/uploads\/2025\/03\/RTB-2025-ZAZ-c-SIA-scaled.jpg\",\"datePublished\":\"2023-03-27T08:39:58+00:00\",\"dateModified\":\"2025-07-14T09:20:55+00:00\",\"breadcrumb\":{\"@id\":\"https:\/\/baukulturschweiz.ch\/de\/aktuelles\/#breadcrumb\"},\"inLanguage\":\"de\",\"potentialAction\":[{\"@type\":\"ReadAction\",\"target\":[\"https:\/\/baukulturschweiz.ch\/de\/aktuelles\/\"]}]},{\"@type\":\"ImageObject\",\"inLanguage\":\"de\",\"@id\":\"https:\/\/baukulturschweiz.ch\/de\/aktuelles\/#primaryimage\",\"url\":\"https:\/\/baukulturschweiz.ch\/wp-content\/uploads\/2025\/03\/RTB-2025-ZAZ-c-SIA-scaled.jpg\",\"contentUrl\":\"https:\/\/baukulturschweiz.ch\/wp-content\/uploads\/2025\/03\/RTB-2025-ZAZ-c-SIA-scaled.jpg\"},{\"@type\":\"BreadcrumbList\",\"@id\":\"https:\/\/baukulturschweiz.ch\/de\/aktuelles\/#breadcrumb\",\"itemListElement\":[{\"@type\":\"ListItem\",\"position\":1,\"name\":\"Startseite\",\"item\":\"https:\/\/baukulturschweiz.ch\/\"},{\"@type\":\"ListItem\",\"position\":2,\"name\":\"Aktuelles\"}]},{\"@type\":\"WebSite\",\"@id\":\"https:\/\/baukulturschweiz.ch\/de\/#website\",\"url\":\"https:\/\/baukulturschweiz.ch\/de\/\",\"name\":\"Baukultur Schweiz\",\"description\":\"My WordPress Blog\",\"potentialAction\":[{\"@type\":\"SearchAction\",\"target\":{\"@type\":\"EntryPoint\",\"urlTemplate\":\"https:\/\/baukulturschweiz.ch\/de\/?s={search_term_string}\"},\"query-input\":{\"@type\":\"PropertyValueSpecification\",\"valueRequired\":true,\"valueName\":\"search_term_string\"}}],\"inLanguage\":\"de\"}]}<\/script>\n<!-- \/ Yoast SEO plugin. -->","yoast_head_json":{"title":"Aktuelles &#8211; Baukultur Schweiz","robots":{"index":"index","follow":"follow","max-snippet":"max-snippet:-1","max-image-preview":"max-image-preview:large","max-video-preview":"max-video-preview:-1"},"canonical":"https:\/\/baukulturschweiz.ch\/de\/aktuelles\/","og_locale":"de_DE","og_type":"article","og_title":"Aktuelles &#8211; Baukultur Schweiz","og_description":"Runder Tisch zum NFP Baukultur Der Runde Tisch Baukultur Schweiz diskutierte am 18. M\u00e4rz 2025 in Z\u00fcrich das Nationale Forschungsprogramm (NFP) Baukultur. Paola Vigan\u00f2, Pr\u00e4sidentin der Leitungsgruppe des NFP, stellte zusammen mit Caspar Sch\u00e4rer und Boris Buzek das Programm vor. Der Runde Tisch, der dieses Mal bei Archijeunes zu Gast war, diskutierte ausserdem die Weiterentwicklung [&hellip;]","og_url":"https:\/\/baukulturschweiz.ch\/de\/aktuelles\/","og_site_name":"Baukultur Schweiz","article_modified_time":"2025-07-14T09:20:55+00:00","og_image":[{"url":"https:\/\/baukulturschweiz.ch\/wp-content\/uploads\/2025\/03\/RTB-2025-ZAZ-c-SIA-scaled.jpg","type":"","width":"","height":""}],"twitter_card":"summary_large_image","twitter_misc":{"Gesch\u00e4tzte Lesezeit":"28\u00a0Minuten"},"schema":{"@context":"https:\/\/schema.org","@graph":[{"@type":"WebPage","@id":"https:\/\/baukulturschweiz.ch\/de\/aktuelles\/","url":"https:\/\/baukulturschweiz.ch\/de\/aktuelles\/","name":"Aktuelles &#8211; Baukultur Schweiz","isPartOf":{"@id":"https:\/\/baukulturschweiz.ch\/de\/#website"},"primaryImageOfPage":{"@id":"https:\/\/baukulturschweiz.ch\/de\/aktuelles\/#primaryimage"},"image":{"@id":"https:\/\/baukulturschweiz.ch\/de\/aktuelles\/#primaryimage"},"thumbnailUrl":"https:\/\/baukulturschweiz.ch\/wp-content\/uploads\/2025\/03\/RTB-2025-ZAZ-c-SIA-scaled.jpg","datePublished":"2023-03-27T08:39:58+00:00","dateModified":"2025-07-14T09:20:55+00:00","breadcrumb":{"@id":"https:\/\/baukulturschweiz.ch\/de\/aktuelles\/#breadcrumb"},"inLanguage":"de","potentialAction":[{"@type":"ReadAction","target":["https:\/\/baukulturschweiz.ch\/de\/aktuelles\/"]}]},{"@type":"ImageObject","inLanguage":"de","@id":"https:\/\/baukulturschweiz.ch\/de\/aktuelles\/#primaryimage","url":"https:\/\/baukulturschweiz.ch\/wp-content\/uploads\/2025\/03\/RTB-2025-ZAZ-c-SIA-scaled.jpg","contentUrl":"https:\/\/baukulturschweiz.ch\/wp-content\/uploads\/2025\/03\/RTB-2025-ZAZ-c-SIA-scaled.jpg"},{"@type":"BreadcrumbList","@id":"https:\/\/baukulturschweiz.ch\/de\/aktuelles\/#breadcrumb","itemListElement":[{"@type":"ListItem","position":1,"name":"Startseite","item":"https:\/\/baukulturschweiz.ch\/"},{"@type":"ListItem","position":2,"name":"Aktuelles"}]},{"@type":"WebSite","@id":"https:\/\/baukulturschweiz.ch\/de\/#website","url":"https:\/\/baukulturschweiz.ch\/de\/","name":"Baukultur Schweiz","description":"My WordPress Blog","potentialAction":[{"@type":"SearchAction","target":{"@type":"EntryPoint","urlTemplate":"https:\/\/baukulturschweiz.ch\/de\/?s={search_term_string}"},"query-input":{"@type":"PropertyValueSpecification","valueRequired":true,"valueName":"search_term_string"}}],"inLanguage":"de"}]}},"_links":{"self":[{"href":"https:\/\/baukulturschweiz.ch\/de\/wp-json\/wp\/v2\/pages\/103","targetHints":{"allow":["GET"]}}],"collection":[{"href":"https:\/\/baukulturschweiz.ch\/de\/wp-json\/wp\/v2\/pages"}],"about":[{"href":"https:\/\/baukulturschweiz.ch\/de\/wp-json\/wp\/v2\/types\/page"}],"author":[{"embeddable":true,"href":"https:\/\/baukulturschweiz.ch\/de\/wp-json\/wp\/v2\/users\/1"}],"replies":[{"embeddable":true,"href":"https:\/\/baukulturschweiz.ch\/de\/wp-json\/wp\/v2\/comments?post=103"}],"version-history":[{"count":391,"href":"https:\/\/baukulturschweiz.ch\/de\/wp-json\/wp\/v2\/pages\/103\/revisions"}],"predecessor-version":[{"id":5125,"href":"https:\/\/baukulturschweiz.ch\/de\/wp-json\/wp\/v2\/pages\/103\/revisions\/5125"}],"wp:attachment":[{"href":"https:\/\/baukulturschweiz.ch\/de\/wp-json\/wp\/v2\/media?parent=103"}],"curies":[{"name":"wp","href":"https:\/\/api.w.org\/{rel}","templated":true}]}}